{"id":1415,"date":"2010-07-08T09:24:14","date_gmt":"2010-07-08T09:24:14","guid":{"rendered":"http:\/\/www.humanium.org\/fr\/"},"modified":"2017-10-04T07:30:27","modified_gmt":"2017-10-04T07:30:27","slug":"convention-protection-enfants-et-adoption-internationale","status":"publish","type":"page","link":"https:\/\/www.humanium.org\/fr\/autres\/convention-protection-enfants-et-adoption-internationale\/","title":{"rendered":"Convention sur la protection des enfants et la coop\u00e9ration en mati\u00e8re d&rsquo;adoption internationale &#8211; 1993 &#8211; Texte int\u00e9gral"},"content":{"rendered":"<h2 style=\"text-align: left;\"><span style=\"color: #800000;\"><a href=\"https:\/\/www.humanium.org\/fr\/wp-content\/uploads\/Convention-protection-enfants-et-adoption-internationale.odt\" target=\"_blank\"><img loading=\"lazy\" decoding=\"async\" class=\"alignright size-full wp-image-972\" title=\"ODT\" src=\"https:\/\/www.humanium.org\/fr\/wp-content\/uploads\/logo-odt.gif\" alt=\"\" width=\"28\" height=\"24\" \/><\/a><a href=\"https:\/\/www.humanium.org\/fr\/wp-content\/uploads\/Convention-protection-enfants-et-adoption-internationale.docx\" target=\"_blank\"><img loading=\"lazy\" decoding=\"async\" class=\"alignright size-full wp-image-974\" title=\"WORD\" src=\"https:\/\/www.humanium.org\/fr\/wp-content\/uploads\/logo-word.gif\" alt=\"\" width=\"24\" height=\"24\" \/><\/a><a href=\"https:\/\/www.humanium.org\/fr\/wp-content\/uploads\/Convention-protection-enfants-et-adoption-internationale.pdf\" target=\"_blank\"><img loading=\"lazy\" decoding=\"async\" class=\"alignright size-full wp-image-973\" title=\"PDF\" src=\"https:\/\/www.humanium.org\/fr\/wp-content\/uploads\/logo-pdf.gif\" alt=\"\" width=\"24\" height=\"24\" \/><\/a>Convention sur la protection des enfants et la coop\u00e9ration en mati\u00e8re d&rsquo;adoption internationale <\/span><\/h2>\n<h3 style=\"text-align: left;\"><span style=\"color: #800000;\">29 mai 1993 (texte int\u00e9gral)<br \/>\n<\/span><\/h3>\n<h3><span style=\"color: #800000;\"><strong><span style=\"color: #003366;\">Pr\u00e9ambule<\/span><\/strong><br \/>\n<\/span><\/h3>\n<p style=\"text-align: left;\">Les Etats signataires de la pr\u00e9sente Convention,<\/p>\n<p style=\"text-align: left;\">Reconnaissant que, pour l&rsquo;\u00e9panouissement harmonieux de sa personnalit\u00e9, l&rsquo;enfant doit grandir dans un milieu familial, dans un climat de bonheur, d&rsquo;amour et de compr\u00e9hension,<\/p>\n<p style=\"text-align: left;\">Rappelant que chaque Etat devrait prendre, par priorit\u00e9, des mesures appropri\u00e9es pour permettre le maintien de l&rsquo;enfant dans sa famille d&rsquo;origine,<\/p>\n<p style=\"text-align: left;\">Reconnaissant que l&rsquo;adoption internationale peut pr\u00e9senter l&rsquo;avantage de donner une famille permanente \u00e0 l&rsquo;enfant pour lequel une famille appropri\u00e9e ne peut \u00eatre trouv\u00e9e dans son Etat d&rsquo;origine,<\/p>\n<p style=\"text-align: left;\">Convaincus de la n\u00e9cessit\u00e9 de pr\u00e9voir des mesures pour garantir que les adoptions internationales aient lieu dans l&rsquo;int\u00e9r\u00eat sup\u00e9rieur de l&rsquo;enfant et le respect de ses droits fondamentaux, ainsi que pour pr\u00e9venir l&rsquo;enl\u00e8vement, la vente ou la traite d&rsquo;enfants,<\/p>\n<p style=\"text-align: left;\">D\u00e9sirant \u00e9tablir \u00e0 cet effet des dispositions communes qui tiennent compte des principes reconnus par les instruments internationaux, notamment par la Convention des Nations Unies sur les droits de l&rsquo;enfant, du 20 novembre 1989, et par la D\u00e9claration des Nations Unies sur les principes sociaux et juridiques applicables \u00e0 la protection et au bien-\u00eatre des enfants, envisag\u00e9s surtout sous l&rsquo;angle des pratiques en mati\u00e8re d&rsquo;adoption et de placement familial sur les plans national et international (R\u00e9solution de l&rsquo;Assembl\u00e9e g\u00e9n\u00e9rale 41\/85, du 3 d\u00e9cembre 1986),<\/p>\n<p style=\"text-align: left;\">Sont convenus des dispositions suivantes :<\/p>\n<h2 style=\"text-align: left;\"><span style=\"color: #003366;\"><strong>Chapitre i &#8211; champ d&rsquo;application de la convention<\/strong><\/span><\/h2>\n<h3 style=\"text-align: left;\"><span style=\"color: #003366;\"><strong>Article premier<\/strong><\/span><\/h3>\n<p style=\"text-align: left;\">La pr\u00e9sente Convention a pour objet :<\/p>\n<p style=\"text-align: left;\">a) d&rsquo;\u00e9tablir des garanties pour que les adoptions internationales aient lieu dans l&rsquo;int\u00e9r\u00eat sup\u00e9rieur de l&rsquo;enfant et dans le respect des droits fondamentaux qui lui sont reconnus en droit international ;<\/p>\n<p style=\"text-align: left;\">b) d&rsquo;instaurer un syst\u00e8me de coop\u00e9ration entre les Etats contractants pour assurer le respect de ces garanties et pr\u00e9venir ainsi l&rsquo;enl\u00e8vement, la vente ou la traite d&rsquo;enfants ;<\/p>\n<p style=\"text-align: left;\">c) d&rsquo;assurer la reconnaissance dans les Etats contractants des adoptions r\u00e9alis\u00e9es selon la Convention.<\/p>\n<h3 style=\"text-align: left;\"><span style=\"color: #003366;\"><strong>Article 2<\/strong><\/span><\/h3>\n<p style=\"text-align: left;\">1. La Convention s&rsquo;applique lorsqu&rsquo;un enfant r\u00e9sidant habituellement dans un Etat contractant (\u00ab l&rsquo;Etat d&rsquo;origine \u00bb) a \u00e9t\u00e9, est ou doit \u00eatre d\u00e9plac\u00e9 vers un autre Etat contractant (\u00ab l&rsquo;Etat d&rsquo;accueil \u00bb), soit apr\u00e8s son adoption dans l&rsquo;Etat d&rsquo;origine par des \u00e9poux ou une personne r\u00e9sidant habituellement dans l&rsquo;Etat d&rsquo;accueil, soit en vue d&rsquo;une telle adoption dans l&rsquo;Etat d&rsquo;accueil ou dans l&rsquo;Etat d&rsquo;origine.<\/p>\n<p style=\"text-align: left;\">2. La Convention ne vise que les adoptions \u00e9tablissant un lien de filiation.<\/p>\n<h3 style=\"text-align: left;\"><span style=\"color: #003366;\"><strong>Article 3<\/strong><\/span><\/h3>\n<p style=\"text-align: left;\">La Convention cesse de s&rsquo;appliquer si les acceptations vis\u00e9es \u00e0 l&rsquo;article 17, lettre c), n&rsquo;ont pas \u00e9t\u00e9 donn\u00e9es avant que l&rsquo;enfant n&rsquo;ait atteint l&rsquo;\u00e2ge de dix-huit ans.<\/p>\n<h2 style=\"text-align: left;\"><span style=\"color: #003366;\"><strong>Chapitre ii &#8211; conditions des adoptions internationales<\/strong><\/span><\/h2>\n<h3 style=\"text-align: left;\"><span style=\"color: #003366;\"><strong>Article 4<\/strong><\/span><\/h3>\n<p style=\"text-align: left;\">Les adoptions vis\u00e9es par la Convention ne peuvent avoir lieu que si les autorit\u00e9s comp\u00e9tentes de l&rsquo;Etat d&rsquo;origine :<\/p>\n<p style=\"text-align: left;\">a) ont \u00e9tabli que l&rsquo;enfant est adoptable ;<\/p>\n<p style=\"text-align: left;\">b) ont constat\u00e9, apr\u00e8s avoir d\u00fbment examin\u00e9 les possibilit\u00e9s de placement de l&rsquo;enfant dans son Etat d&rsquo;origine, qu&rsquo;une adoption internationale r\u00e9pond \u00e0 l&rsquo;int\u00e9r\u00eat sup\u00e9rieur de l&rsquo;enfant ;<\/p>\n<p style=\"text-align: left;\">c) se sont assur\u00e9es<\/p>\n<p style=\"text-align: left;\">1) que les personnes, institutions et autorit\u00e9s dont le consentement est requis pour l&rsquo;adoption ont \u00e9t\u00e9 entour\u00e9es des conseils n\u00e9cessaires et d\u00fbment inform\u00e9es sur les cons\u00e9quences de leur consentement, en particulier sur le maintien ou la rupture, en raison d&rsquo;une adoption, des liens de droit entre l&rsquo;enfant et sa famille d&rsquo;origine,<\/p>\n<p style=\"text-align: left;\">2) que celles-ci ont donn\u00e9 librement leur consentement dans les formes l\u00e9gales requises, et que ce consentement a \u00e9t\u00e9 donn\u00e9 ou constat\u00e9 par \u00e9crit,<\/p>\n<p style=\"text-align: left;\">3) que les consentements n&rsquo;ont pas \u00e9t\u00e9 obtenus moyennant paiement ou contrepartie d&rsquo;aucune sorte et qu&rsquo;ils n&rsquo;ont pas \u00e9t\u00e9 retir\u00e9s, et<\/p>\n<p style=\"text-align: left;\">4) que le consentement de la m\u00e8re, s&rsquo;il est requis, n&rsquo;a \u00e9t\u00e9 donn\u00e9 qu&rsquo;apr\u00e8s la naissance de l&rsquo;enfant ; et<\/p>\n<p style=\"text-align: left;\">d) se sont assur\u00e9es, eu \u00e9gard \u00e0 l&rsquo;\u00e2ge et \u00e0 la maturit\u00e9 de l&rsquo;enfant,<\/p>\n<p style=\"text-align: left;\">1) que celui-ci a \u00e9t\u00e9 entour\u00e9 de conseils et d\u00fbment inform\u00e9 sur les cons\u00e9quences de l&rsquo;adoption et de son consentement \u00e0 l&rsquo;adoption, si celui-ci est requis,<\/p>\n<p style=\"text-align: left;\">2) que les souhaits et avis de l&rsquo;enfant ont \u00e9t\u00e9 pris en consid\u00e9ration,<\/p>\n<p style=\"text-align: left;\">3) que le consentement de l&rsquo;enfant \u00e0 l&rsquo;adoption, lorsqu&rsquo;il est requis, a \u00e9t\u00e9 donn\u00e9 librement, dans les formes l\u00e9gales requises, et que son consentement a \u00e9t\u00e9 donn\u00e9 ou constat\u00e9 par \u00e9crit, et<\/p>\n<p style=\"text-align: left;\">4) que ce consentement n&rsquo;a pas \u00e9t\u00e9 obtenu moyennant paiement ou contrepartie d&rsquo;aucune sorte.<\/p>\n<h3 style=\"text-align: left;\"><span style=\"color: #003366;\"><strong>Article 5<\/strong><\/span><\/h3>\n<p style=\"text-align: left;\">Les adoptions vis\u00e9es par la Convention ne peuvent avoir lieu que si les autorit\u00e9s comp\u00e9tentes de l&rsquo;Etat d&rsquo;accueil :<\/p>\n<p style=\"text-align: left;\">a) ont constat\u00e9 que les futurs parents adoptifs sont qualifi\u00e9s et aptes \u00e0 adopter ;<\/p>\n<p style=\"text-align: left;\">b) se sont assur\u00e9es que les futurs parents adoptifs ont \u00e9t\u00e9 entour\u00e9s des conseils n\u00e9cessaires ; et<\/p>\n<p style=\"text-align: left;\">c) ont constat\u00e9 que l&rsquo;enfant est ou sera autoris\u00e9 \u00e0 entrer et \u00e0 s\u00e9journer de fa\u00e7on permanente dans cet Etat.<\/p>\n<h2 style=\"text-align: left;\"><span style=\"color: #003366;\"><strong>Chapitre iii &#8211; autorit\u00e9s centrales et organismes agr\u00e9\u00e9s<\/strong><\/span><\/h2>\n<h3 style=\"text-align: left;\"><span style=\"color: #003366;\"><strong>Article 6<\/strong><\/span><\/h3>\n<p style=\"text-align: left;\">1. Chaque Etat contractant d\u00e9signe une Autorit\u00e9 centrale charg\u00e9e de satisfaire aux obligations qui lui sont impos\u00e9es par la Convention.<\/p>\n<p style=\"text-align: left;\">2. Un Etat f\u00e9d\u00e9ral, un Etat dans lequel plusieurs syst\u00e8mes de droit sont en vigueur ou un Etat ayant des unit\u00e9s territoriales autonomes est libre de d\u00e9signer plus d&rsquo;une Autorit\u00e9 centrale et de sp\u00e9cifier l&rsquo;\u00e9tendue territoriale ou personnelle de leurs fonctions. L&rsquo;Etat qui fait usage de cette facult\u00e9 d\u00e9signe l&rsquo;Autorit\u00e9 centrale \u00e0 laquelle toute communication peut \u00eatre adress\u00e9e en vue de sa transmission \u00e0 l&rsquo;Autorit\u00e9 centrale comp\u00e9tente au sein de cet Etat.<\/p>\n<h3 style=\"text-align: left;\"><span style=\"color: #003366;\"><strong>Article 7<\/strong><\/span><\/h3>\n<p style=\"text-align: left;\">1. Les Autorit\u00e9s centrales doivent coop\u00e9rer entre elles et promouvoir une collaboration entre les autorit\u00e9s comp\u00e9tentes de leurs Etats pour assurer la protection des enfants et r\u00e9aliser les autres objectifs de la Convention.<\/p>\n<p style=\"text-align: left;\">2. Elles prennent directement toutes mesures appropri\u00e9es pour :<\/p>\n<p style=\"text-align: left;\">a) fournir des informations sur la l\u00e9gislation de leurs Etats en mati\u00e8re d&rsquo;adoption et d&rsquo;autres informations g\u00e9n\u00e9rales, telles que des statistiques et formules types ;<\/p>\n<p style=\"text-align: left;\">b) s&rsquo;informer mutuellement sur le fonctionnement de la Convention et, dans la mesure du possible, lever les obstacles \u00e0 son application.<\/p>\n<h3 style=\"text-align: left;\"><span style=\"color: #003366;\"><strong>Article 8<\/strong><\/span><\/h3>\n<p style=\"text-align: left;\">Les Autorit\u00e9s centrales prennent, soit directement, soit avec le concours d&rsquo;autorit\u00e9s publiques, toutes mesures appropri\u00e9es pour pr\u00e9venir les gains mat\u00e9riels indus \u00e0 l&rsquo;occasion d&rsquo;une adoption et emp\u00eacher toute pratique contraire aux objectifs de la Convention.<\/p>\n<h3 style=\"text-align: left;\"><span style=\"color: #003366;\"><strong>Article 9<\/strong><\/span><\/h3>\n<p style=\"text-align: left;\">Les Autorit\u00e9s centrales prennent, soit directement, soit avec le concours d&rsquo;autorit\u00e9s publiques ou d&rsquo;organismes d\u00fbment agr\u00e9\u00e9s dans leur Etat, toutes mesures appropri\u00e9es, notamment pour :<\/p>\n<p style=\"text-align: left;\">a) rassembler, conserver et \u00e9changer des informations relatives \u00e0 la situation de l&rsquo;enfant et des futurs parents adoptifs, dans la mesure n\u00e9cessaire \u00e0 la r\u00e9alisation de l&rsquo;adoption ;<\/p>\n<p style=\"text-align: left;\">b) faciliter, suivre et activer la proc\u00e9dure en vue de l&rsquo;adoption ;<\/p>\n<p style=\"text-align: left;\">c) promouvoir dans leurs Etats le d\u00e9veloppement de services de conseils pour l&rsquo;adoption et pour le suivi de l&rsquo;adoption ;<\/p>\n<p style=\"text-align: left;\">d) \u00e9changer des rapports g\u00e9n\u00e9raux d&rsquo;\u00e9valuation sur les exp\u00e9riences en mati\u00e8re d&rsquo;adoption internationale ;<\/p>\n<p style=\"text-align: left;\">e) r\u00e9pondre, dans la mesure permise par la loi de leur Etat, aux demandes motiv\u00e9es d&rsquo;informations sur une situation particuli\u00e8re d&rsquo;adoption formul\u00e9es par d&rsquo;autres Autorit\u00e9s centrales ou par des autorit\u00e9s publiques.<\/p>\n<h3 style=\"text-align: left;\"><span style=\"color: #003366;\"><strong>Article 10<\/strong><\/span><\/h3>\n<p style=\"text-align: left;\">Peuvent seuls b\u00e9n\u00e9ficier de l&rsquo;agr\u00e9ment et le conserver les organismes qui d\u00e9montrent leur aptitude \u00e0 remplir correctement les missions qui pourraient leur \u00eatre confi\u00e9es.<\/p>\n<h3 style=\"text-align: left;\"><span style=\"color: #003366;\"><strong>Article 11<\/strong><\/span><\/h3>\n<p style=\"text-align: left;\">Un organisme agr\u00e9\u00e9 doit :<\/p>\n<p style=\"text-align: left;\">a) poursuivre uniquement des buts non lucratifs dans les conditions et limites fix\u00e9es par les autorit\u00e9s comp\u00e9tentes de l&rsquo;Etat d&rsquo;agr\u00e9ment ;<\/p>\n<p style=\"text-align: left;\">b) \u00eatre dirig\u00e9 et g\u00e9r\u00e9 par des personnes qualifi\u00e9es par leur int\u00e9grit\u00e9 morale et leur formation ou exp\u00e9rience pour agir dans le domaine de l&rsquo;adoption internationale ; et<\/p>\n<p style=\"text-align: left;\">c) \u00eatre soumis \u00e0 la surveillance d&rsquo;autorit\u00e9s comp\u00e9tentes de cet Etat pour sa composition, son fonctionnement et sa situation financi\u00e8re.<\/p>\n<h3 style=\"text-align: left;\"><span style=\"color: #003366;\"><strong>Article 12<\/strong><\/span><\/h3>\n<p style=\"text-align: left;\">Un organisme agr\u00e9\u00e9 dans un Etat contractant ne pourra agir dans un autre Etat contractant que si les autorit\u00e9s comp\u00e9tentes des deux Etats l&rsquo;ont autoris\u00e9<\/p>\n<h3 style=\"text-align: left;\"><span style=\"color: #003366;\"><strong>Article 13<\/strong><\/span><\/h3>\n<p style=\"text-align: left;\">La d\u00e9signation des Autorit\u00e9s centrales et, le cas \u00e9ch\u00e9ant, l&rsquo;\u00e9tendue de leurs fonctions, ainsi que le nom et l&rsquo;adresse des organismes agr\u00e9\u00e9s, sont communiqu\u00e9s par chaque Etat contractant au Bureau Permanent de la Conf\u00e9rence de La Haye de droit international priv\u00e9.<\/p>\n<h2 style=\"text-align: left;\"><span style=\"color: #003366;\"><strong>Chapitre iv &#8211; conditions proc\u00e9durales de l&rsquo;adoption internationale<\/strong><\/span><\/h2>\n<h3 style=\"text-align: left;\"><span style=\"color: #003366;\"><strong>Article 14<\/strong><\/span><\/h3>\n<p style=\"text-align: left;\">Les personnes r\u00e9sidant habituellement dans un Etat contractant, qui d\u00e9sirent adopter un enfant dont la r\u00e9sidence habituelle est situ\u00e9e dans un autre Etat contractant, doivent s&rsquo;adresser \u00e0 l&rsquo;Autorit\u00e9 centrale de l&rsquo;Etat de leur r\u00e9sidence habituelle.<\/p>\n<h3 style=\"text-align: left;\"><span style=\"color: #003366;\"><strong>Article 15<\/strong><\/span><\/h3>\n<p style=\"text-align: left;\">1. Si l&rsquo;Autorit\u00e9 centrale de l&rsquo;Etat d&rsquo;accueil consid\u00e8re que les requ\u00e9rants sont qualifi\u00e9s et aptes \u00e0 adopter, elle \u00e9tablit un rapport contenant des renseignements sur leur identit\u00e9, leur capacit\u00e9 l\u00e9gale et leur aptitude \u00e0 adopter, leur situation personnelle, familiale et m\u00e9dicale, leur milieu social, les motifs qui les animent, leur aptitude \u00e0 assumer une adoption internationale, ainsi que sur les enfants qu&rsquo;ils seraient aptes \u00e0 prendre en charge.<\/p>\n<p style=\"text-align: left;\">2. Elle transmet le rapport \u00e0 l&rsquo;Autorit\u00e9 centrale de l&rsquo;Etat d&rsquo;origine.<\/p>\n<h3 style=\"text-align: left;\"><span style=\"color: #003366;\"><strong>Article 16<\/strong><\/span><\/h3>\n<p style=\"text-align: left;\">1. Si l&rsquo;Autorit\u00e9 centrale de l&rsquo;Etat d&rsquo;origine consid\u00e8re que l&rsquo;enfant est adoptable,<\/p>\n<p style=\"text-align: left;\">a) elle \u00e9tablit un rapport contenant des renseignements sur l&rsquo;identit\u00e9 de l&rsquo;enfant, son adoptabilit\u00e9, son milieu social, son \u00e9volution personnelle et familiale, son pass\u00e9 m\u00e9dical et celui de sa famille, ainsi que sur ses besoins particuliers ;<\/p>\n<p style=\"text-align: left;\">b) elle tient d\u00fbment compte des conditions d&rsquo;\u00e9ducation de l&rsquo;enfant, ainsi que de son origine ethnique, religieuse et culturelle ;<\/p>\n<p style=\"text-align: left;\">c) elle s&rsquo;assure que les consentements vis\u00e9s \u00e0 l&rsquo;article 4 ont \u00e9t\u00e9 obtenus ; et<\/p>\n<p style=\"text-align: left;\">d) elle constate, en se fondant notamment sur les rapports concernant l&rsquo;enfant et les futurs parents adoptifs, que le placement envisag\u00e9 est dans l&rsquo;int\u00e9r\u00eat sup\u00e9rieur de l&rsquo;enfant.<\/p>\n<p style=\"text-align: left;\">2. Elle transmet \u00e0 l&rsquo;Autorit\u00e9 centrale de l&rsquo;Etat d&rsquo;accueil son rapport sur l&rsquo;enfant, la preuve des consentements requis et les motifs de son constat sur le placement, en veillant \u00e0 ne pas r\u00e9v\u00e9ler l&rsquo;identit\u00e9 de la m\u00e8re et du p\u00e8re, si, dans l&rsquo;Etat d&rsquo;origine, cette identit\u00e9 ne peut pas \u00eatre divulgu\u00e9e.<\/p>\n<h3 style=\"text-align: left;\"><span style=\"color: #003366;\"><strong>Article 17<\/strong><\/span><\/h3>\n<p style=\"text-align: left;\">Toute d\u00e9cision de confier un enfant \u00e0 des futurs parents adoptifs ne peut \u00eatre prise dans l&rsquo;Etat d&rsquo;origine que<\/p>\n<p style=\"text-align: left;\">a) si l&rsquo;Autorit\u00e9 centrale de cet Etat s&rsquo;est assur\u00e9e de l&rsquo;accord des futurs parents adoptifs ;<\/p>\n<p style=\"text-align: left;\">b) si l&rsquo;Autorit\u00e9 centrale de l&rsquo;Etat d&rsquo;accueil a approuv\u00e9 cette d\u00e9cision, lorsque la loi de cet Etat ou l&rsquo;Autorit\u00e9 centrale de l&rsquo;Etat d&rsquo;origine le requiert ;<\/p>\n<p style=\"text-align: left;\">c) si les Autorit\u00e9s centrales des deux Etats ont accept\u00e9 que la proc\u00e9dure en vue de l&rsquo;adoption se poursuive ; et<\/p>\n<p style=\"text-align: left;\">d) s&rsquo;il a \u00e9t\u00e9 constat\u00e9 conform\u00e9ment \u00e0 l&rsquo;article 5 que les futurs parents adoptifs sont qualifi\u00e9s et aptes \u00e0 adopter et que l&rsquo;enfant est ou sera autoris\u00e9 \u00e0 entrer et \u00e0 s\u00e9journer de fa\u00e7on permanente dans l&rsquo;Etat d&rsquo;accueil.<\/p>\n<h3 style=\"text-align: left;\"><span style=\"color: #003366;\"><strong>Article 18<\/strong><\/span><\/h3>\n<p style=\"text-align: left;\">Les Autorit\u00e9s centrales des deux Etats prennent toutes mesures utiles pour que l&rsquo;enfant re\u00e7oive l&rsquo;autorisation de sortie de l&rsquo;Etat d&rsquo;origine, ainsi que celle d&rsquo;entr\u00e9e et de s\u00e9jour permanent dans l&rsquo;Etat d&rsquo;accueil.<\/p>\n<h3 style=\"text-align: left;\"><span style=\"color: #003366;\"><strong>Article 19<\/strong><\/span><\/h3>\n<p style=\"text-align: left;\">1. Le d\u00e9placement de l&rsquo;enfant vers l&rsquo;Etat d&rsquo;accueil ne peut avoir lieu que si les conditions de l&rsquo;article 17 ont \u00e9t\u00e9 remplies.<\/p>\n<p style=\"text-align: left;\">2. Les Autorit\u00e9s centrales des deux Etats veillent \u00e0 ce que ce d\u00e9placement s&rsquo;effectue en toute s\u00e9curit\u00e9, dans des conditions appropri\u00e9es et, si possible, en compagnie des parents adoptifs ou des futurs parents adoptifs.<\/p>\n<p style=\"text-align: left;\">3. Si ce d\u00e9placement n&rsquo;a pas lieu, les rapports vis\u00e9s aux articles 15 et 16 sont renvoy\u00e9s aux autorit\u00e9s exp\u00e9ditrices.<\/p>\n<h3 style=\"text-align: left;\"><span style=\"color: #003366;\"><strong>Article 20<\/strong><\/span><\/h3>\n<p style=\"text-align: left;\">Les Autorit\u00e9s centrales se tiennent inform\u00e9es sur la proc\u00e9dure d&rsquo;adoption et les mesures prises pour la mener \u00e0 terme, ainsi que sur le d\u00e9roulement de la p\u00e9riode probatoire, lorsque celle-ci est requise.<\/p>\n<h3 style=\"text-align: left;\"><span style=\"color: #003366;\"><strong>Article 21<\/strong><\/span><\/h3>\n<p style=\"text-align: left;\">1. Lorsque l&rsquo;adoption doit avoir lieu apr\u00e8s le d\u00e9placement de l&rsquo;enfant dans l&rsquo;Etat d&rsquo;accueil et que l&rsquo;Autorit\u00e9 centrale de cet Etat consid\u00e8re que le maintien de l&rsquo;enfant dans la famille d&rsquo;accueil n&rsquo;est plus de son int\u00e9r\u00eat sup\u00e9rieur, cette Autorit\u00e9 prend les mesures utiles \u00e0 la protection de l&rsquo;enfant, en vue notamment :<\/p>\n<p style=\"text-align: left;\">a) de retirer l&rsquo;enfant aux personnes qui d\u00e9siraient l&rsquo;adopter et d&rsquo;en prendre soin provisoirement ;<\/p>\n<p style=\"text-align: left;\">b) en consultation avec l&rsquo;Autorit\u00e9 centrale de l&rsquo;Etat d&rsquo;origine, d&rsquo;assurer sans d\u00e9lai un nouveau placement de l&rsquo;enfant en vue de son adoption ou, \u00e0 d\u00e9faut, une prise en charge alternative durable ; une adoption ne peut avoir lieu que si l&rsquo;Autorit\u00e9 centrale de l&rsquo;Etat d&rsquo;origine a \u00e9t\u00e9 d\u00fbment inform\u00e9e sur les nouveaux parents adoptifs ;<\/p>\n<p style=\"text-align: left;\">c) en dernier ressort, d&rsquo;assurer le retour de l&rsquo;enfant, si son int\u00e9r\u00eat l&rsquo;exige.<\/p>\n<p style=\"text-align: left;\">2. Eu \u00e9gard notamment \u00e0 l&rsquo;\u00e2ge et \u00e0 la maturit\u00e9 de l&rsquo;enfant, celui-ci sera consult\u00e9 et, le cas \u00e9ch\u00e9ant, son consentement obtenu sur les mesures \u00e0 prendre conform\u00e9ment au pr\u00e9sent article.<\/p>\n<h3 style=\"text-align: left;\"><span style=\"color: #003366;\"><strong>Article 22<\/strong><\/span><\/h3>\n<p style=\"text-align: left;\">1. Les fonctions conf\u00e9r\u00e9es \u00e0 l&rsquo;Autorit\u00e9 centrale par le pr\u00e9sent chapitre peuvent \u00eatre exerc\u00e9es par des autorit\u00e9s publiques ou par des organismes agr\u00e9\u00e9s conform\u00e9ment au chapitre III, dans la mesure pr\u00e9vue par la loi de son Etat.<\/p>\n<p style=\"text-align: left;\">2. Un Etat contractant peut d\u00e9clarer aupr\u00e8s du d\u00e9positaire de la Convention que les fonctions conf\u00e9r\u00e9es \u00e0 l&rsquo;Autorit\u00e9 centrale par les articles 15 \u00e0 21 peuvent aussi \u00eatre exerc\u00e9es dans cet Etat, dans la mesure pr\u00e9vue par la loi et sous le contr\u00f4le des autorit\u00e9s comp\u00e9tentes de cet Etat, par des organismes ou personnes qui :<\/p>\n<p style=\"text-align: left;\">a) remplissent les conditions de moralit\u00e9, de comp\u00e9tence professionnelle, d&rsquo;exp\u00e9rience et de responsabilit\u00e9 requises par cet Etat ; et<\/p>\n<p style=\"text-align: left;\">b) sont qualifi\u00e9es par leur int\u00e9grit\u00e9 morale et leur formation ou exp\u00e9rience pour agir dans le domaine de l&rsquo;adoption internationale.<\/p>\n<p style=\"text-align: left;\">3. L&rsquo;Etat contractant qui fait la d\u00e9claration vis\u00e9e au paragraphe 2 informe r\u00e9guli\u00e8rement le Bureau Permanent de la Conf\u00e9rence de La Haye de droit international priv\u00e9 des noms et adresses de ces organismes et personnes.<\/p>\n<p style=\"text-align: left;\">4. Un Etat contractant peut d\u00e9clarer aupr\u00e8s du d\u00e9positaire de la Convention que les adoptions d&rsquo;enfants dont la r\u00e9sidence habituelle est situ\u00e9e sur son territoire ne peuvent avoir lieu que si les fonctions conf\u00e9r\u00e9es aux Autorit\u00e9s centrales sont exerc\u00e9es conform\u00e9ment au paragraphe premier.<\/p>\n<p style=\"text-align: left;\">5. Nonobstant toute d\u00e9claration effectu\u00e9e conform\u00e9ment au paragraphe 2, les rapports pr\u00e9vus aux articles 15 et 16 sont, dans tous les cas, \u00e9tablis sous la responsabilit\u00e9 de l&rsquo;Autorit\u00e9 centrale ou d&rsquo;autres autorit\u00e9s ou organismes, conform\u00e9ment au paragraphe premier.<\/p>\n<h2 style=\"text-align: left;\"><span style=\"color: #003366;\"><strong>chapitre v &#8211; reconnaissance et effets de l&rsquo;adoption<\/strong><\/span><\/h2>\n<h3 style=\"text-align: left;\"><span style=\"color: #003366;\"><strong>Article 23<\/strong><\/span><\/h3>\n<p style=\"text-align: left;\">1. Une adoption certifi\u00e9e conforme \u00e0 la Convention par l&rsquo;autorit\u00e9 comp\u00e9tente de l&rsquo;Etat contractant o\u00f9 elle a eu lieu est reconnue de plein droit dans les autres Etats contractants. Le certificat indique quand et par qui les acceptations vis\u00e9es \u00e0 l&rsquo;article 17, lettre c), ont \u00e9t\u00e9 donn\u00e9es.<\/p>\n<p style=\"text-align: left;\">2. Tout Etat contractant, au moment de la signature, de la ratification, de l&rsquo;acceptation, de l&rsquo;approbation ou de l&rsquo;adh\u00e9sion, notifiera au d\u00e9positaire de la Convention l&rsquo;identit\u00e9 et les fonctions de l&rsquo;autorit\u00e9 ou des autorit\u00e9s qui, dans cet Etat, sont comp\u00e9tentes pour d\u00e9livrer le certificat. Il lui notifiera aussi toute modification dans la d\u00e9signation de ces autorit\u00e9s.<\/p>\n<h3 style=\"text-align: left;\"><span style=\"color: #003366;\"><strong>Article 24<\/strong><\/span><\/h3>\n<p style=\"text-align: left;\">La reconnaissance d&rsquo;une adoption ne peut \u00eatre refus\u00e9e dans un Etat contractant que si l&rsquo;adoption est manifestement contraire \u00e0 son ordre public, compte tenu de l&rsquo;int\u00e9r\u00eat sup\u00e9rieur de l&rsquo;enfant.<\/p>\n<h3 style=\"text-align: left;\"><span style=\"color: #003366;\"><strong>Article 25<\/strong><\/span><\/h3>\n<p style=\"text-align: left;\">Tout Etat contractant peut d\u00e9clarer au d\u00e9positaire de la Convention qu&rsquo;il ne sera pas tenu de reconna\u00eetre en vertu de celle-ci les adoptions faites conform\u00e9ment \u00e0 un accord conclu en application de l&rsquo;article 39, paragraphe 2.<\/p>\n<h3 style=\"text-align: left;\"><span style=\"color: #003366;\"><strong>Article 26<\/strong><\/span><\/h3>\n<p style=\"text-align: left;\">1. La reconnaissance de l&rsquo;adoption comporte celle<\/p>\n<p style=\"text-align: left;\">a) du lien de filiation entre l&rsquo;enfant et ses parents adoptifs ;<\/p>\n<p style=\"text-align: left;\">b) de la responsabilit\u00e9 parentale des parents adoptifs \u00e0 l&rsquo;\u00e9gard de l&rsquo;enfant ;<\/p>\n<p style=\"text-align: left;\">c) de la rupture du lien pr\u00e9existant de filiation entre l&rsquo;enfant et sa m\u00e8re et son p\u00e8re, si l&rsquo;adoption produit cet effet dans l&rsquo;Etat contractant o\u00f9 elle a eu lieu.<\/p>\n<p style=\"text-align: left;\">2. Si l&rsquo;adoption a pour effet de rompre le lien pr\u00e9existant de filiation, l&rsquo;enfant jouit, dans l&rsquo;Etat d&rsquo;accueil et dans tout autre Etat contractant o\u00f9 l&rsquo;adoption est reconnue, des droits \u00e9quivalents \u00e0 ceux r\u00e9sultant d&rsquo;une adoption produisant cet effet dans chacun de ces Etats.<\/p>\n<p style=\"text-align: left;\">3. Les paragraphes pr\u00e9c\u00e9dents ne portent pas atteinte \u00e0 l&rsquo;application de toute disposition plus favorable \u00e0 l&rsquo;enfant, en vigueur dans l&rsquo;Etat contractant qui reconna\u00eet l&rsquo;adoption.<\/p>\n<h3 style=\"text-align: left;\"><span style=\"color: #003366;\"><strong>Article 27<\/strong><\/span><\/h3>\n<p style=\"text-align: left;\">1. Lorsqu&rsquo;une adoption faite dans l&rsquo;Etat d&rsquo;origine n&rsquo;a pas pour effet de rompre le lien pr\u00e9existant de filiation, elle peut, dans l&rsquo;Etat d&rsquo;accueil qui reconna\u00eet l&rsquo;adoption conform\u00e9ment \u00e0 la Convention, \u00eatre convertie en une adoption produisant cet effet,<\/p>\n<p style=\"text-align: left;\">a) si le droit de l&rsquo;Etat d&rsquo;accueil le permet ; et<\/p>\n<p style=\"text-align: left;\">b) si les consentements vis\u00e9s \u00e0 l&rsquo;article 4, lettres c) et d), ont \u00e9t\u00e9 ou sont donn\u00e9s en vue d&rsquo;une telle adoption.<\/p>\n<p style=\"text-align: left;\">2. L&rsquo;article 23 s&rsquo;applique \u00e0 la d\u00e9cision de conversion.<\/p>\n<h2 style=\"text-align: left;\"><span style=\"color: #003366;\"><strong>Chapitre vi &#8211; dispositions g\u00e9n\u00e9rales<\/strong><\/span><\/h2>\n<h3 style=\"text-align: left;\"><span style=\"color: #003366;\"><strong>Article 28<\/strong><\/span><\/h3>\n<p style=\"text-align: left;\">La Convention ne d\u00e9roge pas aux lois de l&rsquo;Etat d&rsquo;origine qui requi\u00e8rent que l&rsquo;adoption d&rsquo;un enfant r\u00e9sidant habituellement dans cet Etat doive avoir lieu dans cet Etat ou qui interdisent le placement de l&rsquo;enfant dans l&rsquo;Etat d&rsquo;accueil ou son d\u00e9placement vers cet Etat avant son adoption.<\/p>\n<h3 style=\"text-align: left;\"><span style=\"color: #003366;\"><strong>Article 29<\/strong><\/span><\/h3>\n<p style=\"text-align: left;\">Aucun contact entre les futurs parents adoptifs et les parents de l&rsquo;enfant ou toute autre personne qui a la garde de celui-ci ne peut avoir lieu tant que les dispositions de l&rsquo;article 4, lettres a) \u00e0 c), et de l&rsquo;article 5, lettre a), n&rsquo;ont pas \u00e9t\u00e9 respect\u00e9es, sauf si l&rsquo;adoption a lieu entre membres d&rsquo;une m\u00eame famille ou si les conditions fix\u00e9es par l&rsquo;autorit\u00e9 comp\u00e9tente de l&rsquo;Etat d&rsquo;origine sont remplies.<\/p>\n<h3 style=\"text-align: left;\"><span style=\"color: #003366;\"><strong>Article 30<\/strong><\/span><\/h3>\n<p style=\"text-align: left;\">1. Les autorit\u00e9s comp\u00e9tentes d&rsquo;un Etat contractant veillent \u00e0 conserver les informations qu&rsquo;elles d\u00e9tiennent sur les origines de l&rsquo;enfant, notamment celles relatives \u00e0 l&rsquo;identit\u00e9 de sa m\u00e8re et de son p\u00e8re, ainsi que les donn\u00e9es sur le pass\u00e9 m\u00e9dical de l&rsquo;enfant et de sa famille.<\/p>\n<p style=\"text-align: left;\">2. Elles assurent l&rsquo;acc\u00e8s de l&rsquo;enfant ou de son repr\u00e9sentant \u00e0 ces informations, avec les conseils appropri\u00e9s, dans la mesure permise par la loi de leur Etat.<\/p>\n<h3 style=\"text-align: left;\"><span style=\"color: #003366;\"><strong>Article 31<\/strong><\/span><\/h3>\n<p style=\"text-align: left;\">Sous r\u00e9serve de l&rsquo;article 30, les donn\u00e9es personnelles rassembl\u00e9es ou transmises conform\u00e9ment \u00e0 la Convention, en particulier celles vis\u00e9es aux articles 15 et 16, ne peuvent \u00eatre utilis\u00e9es \u00e0 d&rsquo;autres fins que celles pour lesquelles elles ont \u00e9t\u00e9 rassembl\u00e9es ou transmises.<\/p>\n<h3 style=\"text-align: left;\"><span style=\"color: #003366;\"><strong>Article 32<\/strong><\/span><\/h3>\n<p style=\"text-align: left;\">1. Nul ne peut tirer un gain mat\u00e9riel indu en raison d&rsquo;une intervention \u00e0 l&rsquo;occasion d&rsquo;une adoption internationale.<\/p>\n<p style=\"text-align: left;\">2. Seuls peuvent \u00eatre demand\u00e9s et pay\u00e9s les frais et d\u00e9penses, y compris les honoraires raisonnables des personnes qui sont intervenues dans l&rsquo;adoption.<\/p>\n<p style=\"text-align: left;\">3. Les dirigeants, administrateurs et employ\u00e9s d&rsquo;organismes intervenant dans une adoption ne peuvent recevoir une r\u00e9mun\u00e9ration disproportionn\u00e9e par rapport aux services rendus.<\/p>\n<h3 style=\"text-align: left;\"><span style=\"color: #003366;\"><strong>Article 33<\/strong><\/span><\/h3>\n<p style=\"text-align: left;\">Toute autorit\u00e9 comp\u00e9tente qui constate qu&rsquo;une des dispositions de la Convention a \u00e9t\u00e9 m\u00e9connue ou risque manifestement de l&rsquo;\u00eatre en informe aussit\u00f4t l&rsquo;Autorit\u00e9 centrale de l&rsquo;Etat dont elle rel\u00e8ve. Cette Autorit\u00e9 centrale a la responsabilit\u00e9 de veiller \u00e0 ce que les mesures utiles soient prises.<\/p>\n<h3 style=\"text-align: left;\"><span style=\"color: #003366;\"><strong>Article 34<\/strong><\/span><\/h3>\n<p style=\"text-align: left;\">Si l&rsquo;autorit\u00e9 comp\u00e9tente de l&rsquo;Etat destinataire d&rsquo;un document le requiert, une traduction certifi\u00e9e conforme doit \u00eatre produite. Sauf dispense, les frais de traduction sont \u00e0 la charge des futurs parents adoptifs.<\/p>\n<h3 style=\"text-align: left;\"><span style=\"color: #003366;\"><strong>Article 35<\/strong><\/span><\/h3>\n<p style=\"text-align: left;\">Les autorit\u00e9s comp\u00e9tentes des Etats contractants agissent rapidement dans les proc\u00e9dures d&rsquo;adoption.<\/p>\n<h3 style=\"text-align: left;\"><strong><span style=\"color: #000080;\">Article 36<\/span><\/strong><\/h3>\n<p style=\"text-align: left;\">Au regard d&rsquo;un Etat qui conna\u00eet, en mati\u00e8re d&rsquo;adoption, deux ou plusieurs syst\u00e8mes de droit applicables dans des unit\u00e9s territoriales diff\u00e9rentes :<\/p>\n<p style=\"text-align: left;\">a) toute r\u00e9f\u00e9rence \u00e0 la r\u00e9sidence habituelle dans cet Etat vise la r\u00e9sidence habituelle dans une unit\u00e9 territoriale de cet Etat ;<\/p>\n<p style=\"text-align: left;\">b) toute r\u00e9f\u00e9rence \u00e0 la loi de cet Etat vise la loi en vigueur dans l&rsquo;unit\u00e9 territoriale concern\u00e9e ;<\/p>\n<p style=\"text-align: left;\">c) toute r\u00e9f\u00e9rence aux autorit\u00e9s comp\u00e9tentes ou aux autorit\u00e9s publiques de cet Etat vise les autorit\u00e9s habilit\u00e9es \u00e0 agir dans l&rsquo;unit\u00e9 territoriale concern\u00e9e ;<\/p>\n<p style=\"text-align: left;\">d) toute r\u00e9f\u00e9rence aux organismes agr\u00e9\u00e9s de cet Etat vise les organismes agr\u00e9\u00e9s dans l&rsquo;unit\u00e9 territoriale concern\u00e9e.<\/p>\n<h3 style=\"text-align: left;\"><span style=\"color: #003366;\"><strong>Article 37<\/strong><\/span><\/h3>\n<p style=\"text-align: left;\">Au regard d&rsquo;un Etat qui conna\u00eet, en mati\u00e8re d&rsquo;adoption, deux ou plusieurs syst\u00e8mes de droit applicables \u00e0 des cat\u00e9gories diff\u00e9rentes de personnes, toute r\u00e9f\u00e9rence \u00e0 la loi de cet Etat vise le syst\u00e8me de droit d\u00e9sign\u00e9 par le droit de celui-ci.<\/p>\n<h3 style=\"text-align: left;\"><span style=\"color: #003366;\"><strong>Article 38<\/strong><\/span><\/h3>\n<p style=\"text-align: left;\">Un Etat dans lequel diff\u00e9rentes unit\u00e9s territoriales ont leurs propres r\u00e8gles de droit en mati\u00e8re d&rsquo;adoption ne sera pas tenu d&rsquo;appliquer la Convention lorsqu&rsquo;un Etat dont le <span style=\"color: #003366;\">syst\u00e8me de droit est unifi\u00e9 ne serait pas tenu de l&rsquo;appliquer.<\/span><\/p>\n<h3 style=\"text-align: left;\"><span style=\"color: #003366;\"><strong>Article 39<\/strong><\/span><\/h3>\n<p style=\"text-align: left;\">1. La Convention ne d\u00e9roge pas aux instruments internationaux auxquels des Etats contractants sont Parties et qui contiennent des dispositions sur les mati\u00e8res r\u00e9gl\u00e9es par la pr\u00e9sente Convention, \u00e0 moins qu&rsquo;une d\u00e9claration contraire ne soit faite par les Etats li\u00e9s par de tels instruments.<\/p>\n<p style=\"text-align: left;\">2. Tout Etat contractant pourra conclure avec un ou plusieurs autres Etats contractants des accords en vue de favoriser l&rsquo;application de la Convention dans leurs rapports r\u00e9ciproques. Ces accords ne pourront d\u00e9roger qu&rsquo;aux dispositions des articles 14 \u00e0 16 et 18 \u00e0 21. Les Etats qui auront conclu de tels accords en transmettront une copie au d\u00e9positaire de la Convention.<\/p>\n<h3 style=\"text-align: left;\"><span style=\"color: #003366;\"><strong>Article 40<\/strong><\/span><\/h3>\n<p style=\"text-align: left;\">Aucune r\u00e9serve \u00e0 la Convention n&rsquo;est admise.<\/p>\n<h3 style=\"text-align: left;\"><span style=\"color: #003366;\"><strong>Article 41<\/strong><\/span><\/h3>\n<p style=\"text-align: left;\">La Convention s&rsquo;applique chaque fois qu&rsquo;une demande vis\u00e9e \u00e0 l&rsquo;article 14 a \u00e9t\u00e9 re\u00e7ue apr\u00e8s l&rsquo;entr\u00e9e en vigueur de la Convention dans l&rsquo;Etat d&rsquo;accueil et l&rsquo;Etat d&rsquo;origine.<\/p>\n<h3 style=\"text-align: left;\"><span style=\"color: #003366;\"><strong>Article 42<\/strong><\/span><\/h3>\n<p style=\"text-align: left;\">Le Secr\u00e9taire g\u00e9n\u00e9ral de la Conf\u00e9rence de La Haye de droit international priv\u00e9 convoque p\u00e9riodiquement une Commission sp\u00e9ciale afin d&rsquo;examiner le fonctionnement pratique de la Convention.<\/p>\n<h2 style=\"text-align: left;\"><strong><span style=\"color: #003366;\">Chapitre vii &#8211; clauses finales<\/span><\/strong><\/h2>\n<h3 style=\"text-align: left;\"><strong><span style=\"color: #003366;\">Article 43<\/span><\/strong><\/h3>\n<p style=\"text-align: left;\">1. La Convention est ouverte \u00e0 la signature des Etats qui \u00e9taient Membres de la Conf\u00e9rence de La Haye de droit international priv\u00e9 lors de sa Dix-septi\u00e8me session et des autres Etats qui ont particip\u00e9 \u00e0 cette Session.<\/p>\n<p style=\"text-align: left;\">2. Elle sera ratifi\u00e9e, accept\u00e9e ou approuv\u00e9e et les instruments de ratification, d&rsquo;acceptation ou d&rsquo;approbation seront d\u00e9pos\u00e9s aupr\u00e8s du Minist\u00e8re des Affaires Etrang\u00e8res du Royaume des Pays-Bas, d\u00e9positaire de la Convention.<\/p>\n<h3 style=\"text-align: left;\"><span style=\"color: #003366;\"><strong>Article 44<\/strong><\/span><\/h3>\n<p style=\"text-align: left;\">1. Tout autre Etat pourra adh\u00e9rer \u00e0 la Convention apr\u00e8s son entr\u00e9e en vigueur en vertu de l&rsquo;article 46, paragraphe 1.<\/p>\n<p style=\"text-align: left;\">2. L&rsquo;instrument d&rsquo;adh\u00e9sion sera d\u00e9pos\u00e9 aupr\u00e8s du d\u00e9positaire.<\/p>\n<p style=\"text-align: left;\">3. L&rsquo;adh\u00e9sion n&rsquo;aura d&rsquo;effet que dans les rapports entre l&rsquo;Etat adh\u00e9rant et les Etats contractants qui n&rsquo;auront pas \u00e9lev\u00e9 d&rsquo;objection \u00e0 son encontre dans les six mois apr\u00e8s la r\u00e9ception de la notification pr\u00e9vue \u00e0 l&rsquo;article 48, lettre b). Une telle objection pourra \u00e9galement \u00eatre \u00e9lev\u00e9e par tout Etat au moment d&rsquo;une ratification, acceptation ou approbation de la Convention, ult\u00e9rieure \u00e0 l&rsquo;adh\u00e9sion. Ces objections seront notifi\u00e9es au d\u00e9positaire.<\/p>\n<h3 style=\"text-align: left;\"><span style=\"color: #003366;\"><strong>Article 45<\/strong><\/span><\/h3>\n<p style=\"text-align: left;\">1. Un Etat qui comprend deux ou plusieurs unit\u00e9s territoriales dans lesquelles des syst\u00e8mes de droit diff\u00e9rents s&rsquo;appliquent aux mati\u00e8res r\u00e9gies par cette Convention pourra, au moment de la signature, de la ratification, de l&rsquo;acceptation, de l&rsquo;approbation ou de l&rsquo;adh\u00e9sion, d\u00e9clarer que la pr\u00e9sente Convention s&rsquo;appliquera \u00e0 toutes ses unit\u00e9s territoriales ou seulement \u00e0 l&rsquo;une ou \u00e0 plusieurs d&rsquo;entre elles, et pourra \u00e0 tout moment modifier cette d\u00e9claration en faisant une nouvelle d\u00e9claration.<\/p>\n<p style=\"text-align: left;\">2. Ces d\u00e9clarations seront notifi\u00e9es au d\u00e9positaire et indiqueront express\u00e9ment les unit\u00e9s territoriales auxquelles la Convention s&rsquo;applique.<\/p>\n<p style=\"text-align: left;\">3. Si un Etat ne fait pas de d\u00e9claration en vertu du pr\u00e9sent article, la Convention s&rsquo;appliquera \u00e0 l&rsquo;ensemble du territoire de cet Etat.<\/p>\n<h3 style=\"text-align: left;\"><span style=\"color: #003366;\"><strong>Article 46<\/strong><\/span><\/h3>\n<p style=\"text-align: left;\">1. La Convention entrera en vigueur le premier jour du mois suivant l&rsquo;expiration d&rsquo;une p\u00e9riode de trois mois apr\u00e8s le d\u00e9p\u00f4t du troisi\u00e8me instrument de ratification, d&rsquo;acceptation ou d&rsquo;approbation pr\u00e9vu par l&rsquo;article 43.<\/p>\n<p style=\"text-align: left;\">2. Par la suite, la Convention entrera en vigueur :<\/p>\n<p style=\"text-align: left;\">a) pour chaque Etat ratifiant, acceptant ou approuvant post\u00e9rieurement, ou adh\u00e9rant, le premier jour du mois suivant l&rsquo;expiration d&rsquo;une p\u00e9riode de trois mois apr\u00e8s le d\u00e9p\u00f4t de son instrument de ratification, d&rsquo;acceptation, d&rsquo;approbation ou d&rsquo;adh\u00e9sion ;<\/p>\n<p style=\"text-align: left;\">b) pour les unit\u00e9s territoriales auxquelles la Convention a \u00e9t\u00e9 \u00e9tendue conform\u00e9ment \u00e0 l&rsquo;article 45, le premier jour du mois suivant l&rsquo;expiration d&rsquo;une p\u00e9riode de trois mois apr\u00e8s la notification vis\u00e9e dans cet article.<\/p>\n<h3 style=\"text-align: left;\"><span style=\"color: #003366;\"><strong>Article 47<\/strong><\/span><\/h3>\n<p style=\"text-align: left;\">1. Tout Etat Partie \u00e0 la Convention pourra d\u00e9noncer celle-ci par une notification adress\u00e9e par \u00e9crit au d\u00e9positaire.<\/p>\n<p style=\"text-align: left;\">2. La d\u00e9nonciation prendra effet le premier jour du mois suivant l&rsquo;expiration d&rsquo;une p\u00e9riode de douze mois apr\u00e8s la date de r\u00e9ception de la notification par le d\u00e9positaire. Lorsqu&rsquo;une p\u00e9riode plus longue pour la prise d&rsquo;effet de la d\u00e9nonciation est sp\u00e9cifi\u00e9e dans la notification, la d\u00e9nonciation prendra effet \u00e0 l&rsquo;expiration de la p\u00e9riode en question apr\u00e8s la date de r\u00e9ception de la notification.<\/p>\n<h3 style=\"text-align: left;\"><span style=\"color: #003366;\"><strong>Article 48<\/strong><\/span><\/h3>\n<p style=\"text-align: left;\">Le d\u00e9positaire notifiera aux Etats membres de la Conf\u00e9rence de La Haye de droit international priv\u00e9, aux autres Etats qui ont particip\u00e9 \u00e0 la Dix-septi\u00e8me session, ainsi qu&rsquo;aux Etats qui auront adh\u00e9r\u00e9 conform\u00e9ment aux dispositions de l&rsquo;article 44 :<\/p>\n<p style=\"text-align: left;\">a) les signatures, ratifications, acceptations et approbations vis\u00e9es \u00e0 l&rsquo;article 43 ;<\/p>\n<p style=\"text-align: left;\">b) les adh\u00e9sions et les objections aux adh\u00e9sions vis\u00e9es \u00e0 l&rsquo;article 44 ;<\/p>\n<p style=\"text-align: left;\">c) la date \u00e0 laquelle la Convention entrera en vigueur conform\u00e9ment aux dispositions de l&rsquo;article 46 ;<\/p>\n<p style=\"text-align: left;\">d) les d\u00e9clarations et les d\u00e9signations mentionn\u00e9es aux articles 22, 23, 25 et 45 ;<\/p>\n<p style=\"text-align: left;\">e) les accords mentionn\u00e9s \u00e0 l&rsquo;article 39 ;<\/p>\n<p style=\"text-align: left;\">f) les d\u00e9nonciations vis\u00e9es \u00e0 l&rsquo;article 47.<\/p>\n<p style=\"text-align: left;\">En foi de quoi, les soussign\u00e9s, d\u00fbment autoris\u00e9s, ont sign\u00e9 la pr\u00e9sente Convention.<\/p>\n<p style=\"text-align: left;\">Fait \u00e0 La Haye, le 29 mai 1993, en fran\u00e7ais et en anglais, les deux textes faisant \u00e9galement foi, en un seul exemplaire, qui sera d\u00e9pos\u00e9 dans les archives du Gouvernement du Royaume des Pays-Bas et dont une copie certifi\u00e9e conforme sera remise, par la voie diplomatique, \u00e0 chacun des Etats membres de la Conf\u00e9rence de La Haye de droit international priv\u00e9 lors de la Dix-septi\u00e8me session, ainsi qu&rsquo;\u00e0 chacun des autres Etats ayant particip\u00e9 \u00e0 cette Session.<\/p>\n<p><\/p>\n<div id=\"toggle\"><a onclick=\"show_voir_aussi('voir_aussi_box')\" href=\"javascript:show_voir_aussi(id)\"><\/a><\/div>\n<div id=\"voir_aussi_box\" style=\"display: none;\">\n<ul>\n<li><a href=\"https:\/\/www.humanium.org\/fr\/autres-textes\/\">Autres textes relatifs aux Droits de l\u2019Enfant<\/a><\/li>\n<li><a href=\"https:\/\/www.humanium.org\/fr\/normes\/\">Normes de r\u00e9f\u00e9rence des Droits de l\u2019Enfant<\/a><\/li>\n<\/ul>\n<\/div>\n","protected":false},"excerpt":{"rendered":"<p>Convention sur la protection des enfants et la coop\u00e9ration en mati\u00e8re d&rsquo;adoption internationale 29 mai 1993 (texte int\u00e9gral) Pr\u00e9ambule Les Etats signataires de la pr\u00e9sente Convention, Reconnaissant que, pour l&rsquo;\u00e9panouissement harmonieux de sa personnalit\u00e9, l&rsquo;enfant doit grandir dans un milieu familial, dans un climat de bonheur, d&rsquo;amour et de compr\u00e9hension, Rappelant que chaque Etat devrait [&hellip;]<\/p>\n","protected":false},"author":65,"featured_media":0,"parent":166,"menu_order":0,"comment_status":"closed","ping_status":"closed","template":"","meta":{"footnotes":""},"class_list":["post-1415","page","type-page","status-publish","hentry"],"yoast_head":"<!-- This site is optimized with the Yoast SEO plugin v28.3 - https:\/\/yoast.com\/product\/yoast-seo-wordpress\/ -->\n<title>Convention sur la protection des enfants et la coop\u00e9ration en mati\u00e8re d&#039;adoption internationale - 1993 - Texte int\u00e9gral - Humanium<\/title>\n<meta name=\"robots\" content=\"index, follow, max-snippet:-1, max-image-preview:large, max-video-preview:-1\" \/>\n<link rel=\"canonical\" href=\"https:\/\/www.humanium.org\/fr\/autres\/convention-protection-enfants-et-adoption-internationale\/\" \/>\n<meta property=\"og:locale\" content=\"fr_FR\" \/>\n<meta property=\"og:type\" content=\"article\" \/>\n<meta property=\"og:title\" content=\"Convention sur la protection des enfants et la coop\u00e9ration en mati\u00e8re d&#039;adoption internationale - 1993 - Texte int\u00e9gral - Humanium\" \/>\n<meta property=\"og:description\" content=\"Convention sur la protection des enfants et la coop\u00e9ration en mati\u00e8re d&rsquo;adoption internationale 29 mai 1993 (texte int\u00e9gral) Pr\u00e9ambule Les Etats signataires de la pr\u00e9sente Convention, Reconnaissant que, pour l&rsquo;\u00e9panouissement harmonieux de sa personnalit\u00e9, l&rsquo;enfant doit grandir dans un milieu familial, dans un climat de bonheur, d&rsquo;amour et de compr\u00e9hension, Rappelant que chaque Etat devrait [&hellip;]\" \/>\n<meta property=\"og:url\" content=\"https:\/\/www.humanium.org\/fr\/autres\/convention-protection-enfants-et-adoption-internationale\/\" \/>\n<meta property=\"og:site_name\" content=\"Humanium\" \/>\n<meta property=\"article:modified_time\" content=\"2017-10-04T07:30:27+00:00\" \/>\n<meta property=\"og:image\" content=\"https:\/\/www.humanium.org\/fr\/wp-content\/uploads\/logo-odt.gif\" \/>\n<meta name=\"twitter:card\" content=\"summary_large_image\" \/>\n<meta name=\"twitter:label1\" content=\"Dur\u00e9e de lecture estim\u00e9e\" \/>\n\t<meta name=\"twitter:data1\" content=\"22 minutes\" \/>\n<script type=\"application\/ld+json\" class=\"yoast-schema-graph\">{\"@context\":\"https:\\\/\\\/schema.org\",\"@graph\":[{\"@type\":\"WebPage\",\"@id\":\"https:\\\/\\\/www.humanium.org\\\/fr\\\/autres\\\/convention-protection-enfants-et-adoption-internationale\\\/\",\"url\":\"https:\\\/\\\/www.humanium.org\\\/fr\\\/autres\\\/convention-protection-enfants-et-adoption-internationale\\\/\",\"name\":\"Convention sur la protection des enfants et la coop\u00e9ration en mati\u00e8re d'adoption internationale - 1993 - Texte int\u00e9gral - Humanium\",\"isPartOf\":{\"@id\":\"https:\\\/\\\/www.humanium.org\\\/fr\\\/#website\"},\"primaryImageOfPage\":{\"@id\":\"https:\\\/\\\/www.humanium.org\\\/fr\\\/autres\\\/convention-protection-enfants-et-adoption-internationale\\\/#primaryimage\"},\"image\":{\"@id\":\"https:\\\/\\\/www.humanium.org\\\/fr\\\/autres\\\/convention-protection-enfants-et-adoption-internationale\\\/#primaryimage\"},\"thumbnailUrl\":\"https:\\\/\\\/www.humanium.org\\\/fr\\\/wp-content\\\/uploads\\\/logo-odt.gif\",\"datePublished\":\"2010-07-08T09:24:14+00:00\",\"dateModified\":\"2017-10-04T07:30:27+00:00\",\"breadcrumb\":{\"@id\":\"https:\\\/\\\/www.humanium.org\\\/fr\\\/autres\\\/convention-protection-enfants-et-adoption-internationale\\\/#breadcrumb\"},\"inLanguage\":\"fr-FR\",\"potentialAction\":[{\"@type\":\"ReadAction\",\"target\":[\"https:\\\/\\\/www.humanium.org\\\/fr\\\/autres\\\/convention-protection-enfants-et-adoption-internationale\\\/\"]}]},{\"@type\":\"ImageObject\",\"inLanguage\":\"fr-FR\",\"@id\":\"https:\\\/\\\/www.humanium.org\\\/fr\\\/autres\\\/convention-protection-enfants-et-adoption-internationale\\\/#primaryimage\",\"url\":\"https:\\\/\\\/www.humanium.org\\\/fr\\\/wp-content\\\/uploads\\\/logo-odt.gif\",\"contentUrl\":\"https:\\\/\\\/www.humanium.org\\\/fr\\\/wp-content\\\/uploads\\\/logo-odt.gif\"},{\"@type\":\"BreadcrumbList\",\"@id\":\"https:\\\/\\\/www.humanium.org\\\/fr\\\/autres\\\/convention-protection-enfants-et-adoption-internationale\\\/#breadcrumb\",\"itemListElement\":[{\"@type\":\"ListItem\",\"position\":1,\"name\":\"Home\",\"item\":\"https:\\\/\\\/www.humanium.org\\\/fr\\\/\"},{\"@type\":\"ListItem\",\"position\":2,\"name\":\"Autres normes juridiques et textes de r\u00e9f\u00e9rence relatifs aux Droits de l&rsquo;Enfant\",\"item\":\"https:\\\/\\\/www.humanium.org\\\/fr\\\/autres\\\/\"},{\"@type\":\"ListItem\",\"position\":3,\"name\":\"Convention sur la protection des enfants et la coop\u00e9ration en mati\u00e8re d&rsquo;adoption internationale &#8211; 1993 &#8211; Texte int\u00e9gral\"}]},{\"@type\":\"WebSite\",\"@id\":\"https:\\\/\\\/www.humanium.org\\\/fr\\\/#website\",\"url\":\"https:\\\/\\\/www.humanium.org\\\/fr\\\/\",\"name\":\"Humanium\",\"description\":\"Les enfants d\u2019abord !\",\"potentialAction\":[{\"@type\":\"SearchAction\",\"target\":{\"@type\":\"EntryPoint\",\"urlTemplate\":\"https:\\\/\\\/www.humanium.org\\\/fr\\\/?s={search_term_string}\"},\"query-input\":{\"@type\":\"PropertyValueSpecification\",\"valueRequired\":true,\"valueName\":\"search_term_string\"}}],\"inLanguage\":\"fr-FR\"}]}<\/script>\n<!-- \/ Yoast SEO plugin. -->","yoast_head_json":{"title":"Convention sur la protection des enfants et la coop\u00e9ration en mati\u00e8re d'adoption internationale - 1993 - Texte int\u00e9gral - Humanium","robots":{"index":"index","follow":"follow","max-snippet":"max-snippet:-1","max-image-preview":"max-image-preview:large","max-video-preview":"max-video-preview:-1"},"canonical":"https:\/\/www.humanium.org\/fr\/autres\/convention-protection-enfants-et-adoption-internationale\/","og_locale":"fr_FR","og_type":"article","og_title":"Convention sur la protection des enfants et la coop\u00e9ration en mati\u00e8re d'adoption internationale - 1993 - Texte int\u00e9gral - Humanium","og_description":"Convention sur la protection des enfants et la coop\u00e9ration en mati\u00e8re d&rsquo;adoption internationale 29 mai 1993 (texte int\u00e9gral) Pr\u00e9ambule Les Etats signataires de la pr\u00e9sente Convention, Reconnaissant que, pour l&rsquo;\u00e9panouissement harmonieux de sa personnalit\u00e9, l&rsquo;enfant doit grandir dans un milieu familial, dans un climat de bonheur, d&rsquo;amour et de compr\u00e9hension, Rappelant que chaque Etat devrait [&hellip;]","og_url":"https:\/\/www.humanium.org\/fr\/autres\/convention-protection-enfants-et-adoption-internationale\/","og_site_name":"Humanium","article_modified_time":"2017-10-04T07:30:27+00:00","og_image":[{"url":"https:\/\/www.humanium.org\/fr\/wp-content\/uploads\/logo-odt.gif","type":"","width":"","height":""}],"twitter_card":"summary_large_image","twitter_misc":{"Dur\u00e9e de lecture estim\u00e9e":"22 minutes"},"schema":{"@context":"https:\/\/schema.org","@graph":[{"@type":"WebPage","@id":"https:\/\/www.humanium.org\/fr\/autres\/convention-protection-enfants-et-adoption-internationale\/","url":"https:\/\/www.humanium.org\/fr\/autres\/convention-protection-enfants-et-adoption-internationale\/","name":"Convention sur la protection des enfants et la coop\u00e9ration en mati\u00e8re d'adoption internationale - 1993 - Texte int\u00e9gral - Humanium","isPartOf":{"@id":"https:\/\/www.humanium.org\/fr\/#website"},"primaryImageOfPage":{"@id":"https:\/\/www.humanium.org\/fr\/autres\/convention-protection-enfants-et-adoption-internationale\/#primaryimage"},"image":{"@id":"https:\/\/www.humanium.org\/fr\/autres\/convention-protection-enfants-et-adoption-internationale\/#primaryimage"},"thumbnailUrl":"https:\/\/www.humanium.org\/fr\/wp-content\/uploads\/logo-odt.gif","datePublished":"2010-07-08T09:24:14+00:00","dateModified":"2017-10-04T07:30:27+00:00","breadcrumb":{"@id":"https:\/\/www.humanium.org\/fr\/autres\/convention-protection-enfants-et-adoption-internationale\/#breadcrumb"},"inLanguage":"fr-FR","potentialAction":[{"@type":"ReadAction","target":["https:\/\/www.humanium.org\/fr\/autres\/convention-protection-enfants-et-adoption-internationale\/"]}]},{"@type":"ImageObject","inLanguage":"fr-FR","@id":"https:\/\/www.humanium.org\/fr\/autres\/convention-protection-enfants-et-adoption-internationale\/#primaryimage","url":"https:\/\/www.humanium.org\/fr\/wp-content\/uploads\/logo-odt.gif","contentUrl":"https:\/\/www.humanium.org\/fr\/wp-content\/uploads\/logo-odt.gif"},{"@type":"BreadcrumbList","@id":"https:\/\/www.humanium.org\/fr\/autres\/convention-protection-enfants-et-adoption-internationale\/#breadcrumb","itemListElement":[{"@type":"ListItem","position":1,"name":"Home","item":"https:\/\/www.humanium.org\/fr\/"},{"@type":"ListItem","position":2,"name":"Autres normes juridiques et textes de r\u00e9f\u00e9rence relatifs aux Droits de l&rsquo;Enfant","item":"https:\/\/www.humanium.org\/fr\/autres\/"},{"@type":"ListItem","position":3,"name":"Convention sur la protection des enfants et la coop\u00e9ration en mati\u00e8re d&rsquo;adoption internationale &#8211; 1993 &#8211; Texte int\u00e9gral"}]},{"@type":"WebSite","@id":"https:\/\/www.humanium.org\/fr\/#website","url":"https:\/\/www.humanium.org\/fr\/","name":"Humanium","description":"Les enfants d\u2019abord !","potentialAction":[{"@type":"SearchAction","target":{"@type":"EntryPoint","urlTemplate":"https:\/\/www.humanium.org\/fr\/?s={search_term_string}"},"query-input":{"@type":"PropertyValueSpecification","valueRequired":true,"valueName":"search_term_string"}}],"inLanguage":"fr-FR"}]}},"_links":{"self":[{"href":"https:\/\/www.humanium.org\/fr\/wp-json\/wp\/v2\/pages\/1415","targetHints":{"allow":["GET"]}}],"collection":[{"href":"https:\/\/www.humanium.org\/fr\/wp-json\/wp\/v2\/pages"}],"about":[{"href":"https:\/\/www.humanium.org\/fr\/wp-json\/wp\/v2\/types\/page"}],"author":[{"embeddable":true,"href":"https:\/\/www.humanium.org\/fr\/wp-json\/wp\/v2\/users\/65"}],"replies":[{"embeddable":true,"href":"https:\/\/www.humanium.org\/fr\/wp-json\/wp\/v2\/comments?post=1415"}],"version-history":[{"count":3,"href":"https:\/\/www.humanium.org\/fr\/wp-json\/wp\/v2\/pages\/1415\/revisions"}],"predecessor-version":[{"id":41461,"href":"https:\/\/www.humanium.org\/fr\/wp-json\/wp\/v2\/pages\/1415\/revisions\/41461"}],"up":[{"embeddable":true,"href":"https:\/\/www.humanium.org\/fr\/wp-json\/wp\/v2\/pages\/166"}],"wp:attachment":[{"href":"https:\/\/www.humanium.org\/fr\/wp-json\/wp\/v2\/media?parent=1415"}],"curies":[{"name":"wp","href":"https:\/\/api.w.org\/{rel}","templated":true}]}}