{"id":14189,"date":"2011-11-06T18:00:08","date_gmt":"2011-11-06T18:00:08","guid":{"rendered":"http:\/\/www.humanium.org\/fr\/?page_id=14189"},"modified":"2026-08-30T16:03:59","modified_gmt":"2026-08-30T16:03:59","slug":"italie","status":"publish","type":"page","link":"https:\/\/www.humanium.org\/fr\/italie\/","title":{"rendered":"Enfants d&rsquo;Italie"},"content":{"rendered":"\n<h2 class=\"wp-block-heading\"><strong>Concr\u00e9tiser les droits de l\u2019enfant en Italie<\/strong><\/h2>\n\n\n\n<div class=\"wp-block-columns is-layout-flex wp-container-core-columns-is-layout-8f761849 wp-block-columns-is-layout-flex\">\n<div class=\"wp-block-column is-layout-flow wp-block-column-is-layout-flow\"><div class=\"wp-block-image is-style-rounded\">\n<figure class=\"aligncenter size-full is-resized\"><img decoding=\"async\" src=\"https:\/\/www.humanium.org\/en\/wp-content\/uploads\/2026\/08\/shutterstock_1689243850_edited-scaled.jpeg\" alt=\"\" class=\"wp-image-91966\" style=\"object-fit:cover;width:200px;height:200px\"\/><\/figure>\n<\/div><\/div>\n\n\n\n<div class=\"wp-block-column is-layout-flow wp-block-column-is-layout-flow\"><div class=\"wp-block-image is-style-rounded\">\n<figure class=\"aligncenter size-full is-resized\"><img decoding=\"async\" src=\"https:\/\/www.humanium.org\/en\/wp-content\/uploads\/2026\/08\/shutterstock_2415426101_edited-scaled.jpeg\" alt=\"\" class=\"wp-image-91967\" style=\"object-fit:cover;width:200px;height:200px\"\/><\/figure>\n<\/div><\/div>\n<\/div>\n\n\n\n<p class=\"wp-block-paragraph\"><strong><strong>L\u2019Italie dispose d\u2019un cadre solide en mati\u00e8re de protection et de d\u00e9veloppement des enfants, tirant sa l\u00e9gitimit\u00e9 d\u2019un long pass\u00e9 d\u2019institutions nationales efficaces. Le pays a \u00e9galement ratifi\u00e9 tous les cadres juridiques internationaux majeurs pour la protection des droits de l\u2019enfant. Malgr\u00e9 cela, il reste encore des progr\u00e8s \u00e0 faire pour am\u00e9liorer l\u2019assiduit\u00e9 et le rendement <a href=\"https:\/\/www.humanium.org\/fr\/comprendre-droits-enfant\/droit-a-l-education\/%23content\">scolaires<\/a>\u00a0 des enfants, renforcer la r\u00e9silience nationale face \u00e0 l\u2019 <a href=\"Https:\/\/www.humanium.org\/fr\/exploitation\/\">exploitation<\/a> infantile et la <a href=\"https:\/\/www.humanium.org\/fr\/la-maltraitance-des-enfants\/\">maltraitance<\/a>, et prot\u00e9ger les mineurs qui seraient autrement <em>de facto<\/em> <a href=\"https:\/\/www.humanium.org\/fr\/enfants-sans-identite\/\">apatrides<\/a>.<\/strong><\/strong><\/p>\n\n\n\n<iframe src=\"https:\/\/www.google.com\/maps\/embed?pb=!1m18!1m12!1m3!1d6150146.836904989!2d7.426871937622692!3d41.178136989968834!2m3!1f0!2f0!3f0!3m2!1i1024!2i768!4f13.1!3m3!1m2!1s0x12d4fe82448dd203%3A0xe22cf55c24635e6f!2sItaly!5e0!3m2!1sen!2shr!4v1788103685181!5m2!1sen!2shr\" width=\"600\" height=\"450\" style=\"border:0;\" allowfullscreen=\"\" loading=\"lazy\" referrerpolicy=\"strict-origin-when-cross-origin\"><\/iframe>\n\n\n\n<div class=\"wp-block-columns is-layout-flex wp-container-core-columns-is-layout-8f761849 wp-block-columns-is-layout-flex\">\n<div class=\"wp-block-column is-layout-flow wp-block-column-is-layout-flow\">\n<p class=\"wp-block-paragraph\"><strong>Population:<\/strong> 58,9 millions<br><strong>Population \u00e2g\u00e9e de 0 \u00e0 14 ans :<\/strong> 11.9%<\/p>\n<\/div>\n\n\n\n<div class=\"wp-block-column is-layout-flow wp-block-column-is-layout-flow\">\n<p class=\"wp-block-paragraph\"><strong>Esp\u00e9rance de vie:<\/strong> 83,4 ans<br><strong>Taux de mortalit\u00e9 des enfants de moins de 5 ans<\/strong> : 2,8 \u2030<\/p>\n<\/div>\n<\/div>\n\n\n\n<h2 class=\"wp-block-heading\"><strong>L\u2019Italie en bref<\/strong> <strong><\/strong><\/h2>\n\n\n\n<p class=\"wp-block-paragraph\">L\u2019Italie, officiellement connue sous les noms d\u2019<em>Italia<\/em> ou de <em>Repubblica Italiana<\/em>, est un pays d\u2019Europe centrale et m\u00e9ridionale qui se trouve sur une p\u00e9ninsule qui s\u2019\u00e9tend dans la mer M\u00e9diterran\u00e9e. L\u2019Italie partage sa fronti\u00e8re nord avec les Alpes, qui la s\u00e9pare de la <a href=\"https:\/\/www.humanium.org\/fr\/france\/\">France<\/a>, de la <a href=\"https:\/\/www.humanium.org\/fr\/suisse\/\">Suisse<\/a>, de l\u2019<a href=\"https:\/\/www.humanium.org\/fr\/autriche\/\">Autriche<\/a> et de la <a href=\"https:\/\/www.humanium.org\/fr\/slovenie\/\">Slovenie<\/a>. L\u2019Italie est entour\u00e9e de la mer M\u00e9diterran\u00e9e et d\u2019autres mers, dont la mer Adriatique au nord-est, la mer Ionienne au sud-est, la mer Tyrrh\u00e9nienne au sud-ouest et la mer de Ligurie au nord-ouest (Signoretta et al, 2025).<\/p>\n\n\n<div class=\"wp-block-image\">\n<figure class=\"alignleft size-large is-resized\"><img loading=\"lazy\" decoding=\"async\" width=\"1024\" height=\"683\" src=\"https:\/\/www.humanium.org\/fr\/wp-content\/uploads\/2026\/08\/shutterstock_2239747485-1024x683.jpg\" alt=\"\" class=\"wp-image-62893\" style=\"aspect-ratio:1.499330655957162;width:381px;height:auto\" srcset=\"https:\/\/www.humanium.org\/fr\/wp-content\/uploads\/2026\/08\/shutterstock_2239747485-1024x683.jpg 1024w, https:\/\/www.humanium.org\/fr\/wp-content\/uploads\/2026\/08\/shutterstock_2239747485-300x200.jpg 300w, https:\/\/www.humanium.org\/fr\/wp-content\/uploads\/2026\/08\/shutterstock_2239747485-768x512.jpg 768w, https:\/\/www.humanium.org\/fr\/wp-content\/uploads\/2026\/08\/shutterstock_2239747485-1536x1024.jpg 1536w, https:\/\/www.humanium.org\/fr\/wp-content\/uploads\/2026\/08\/shutterstock_2239747485-2048x1365.jpg 2048w, https:\/\/www.humanium.org\/fr\/wp-content\/uploads\/2026\/08\/shutterstock_2239747485-830x553.jpg 830w, https:\/\/www.humanium.org\/fr\/wp-content\/uploads\/2026\/08\/shutterstock_2239747485-230x153.jpg 230w, https:\/\/www.humanium.org\/fr\/wp-content\/uploads\/2026\/08\/shutterstock_2239747485-350x233.jpg 350w, https:\/\/www.humanium.org\/fr\/wp-content\/uploads\/2026\/08\/shutterstock_2239747485-480x320.jpg 480w, https:\/\/www.humanium.org\/fr\/wp-content\/uploads\/2026\/08\/shutterstock_2239747485-272x182.jpg 272w\" sizes=\"auto, (max-width: 1024px) 100vw, 1024px\" \/><\/figure>\n<\/div>\n\n\n<p class=\"wp-block-paragraph\">L\u2019histoire de l\u2019Italie est profond\u00e9ment marqu\u00e9e par son r\u00f4le en tant que centre de l\u2019Empire romain. Rome, la capitale du pays, est l\u2019une des plus vieilles villes au monde et est r\u00e9put\u00e9e pour ses monuments anciens et culturels. Ils refl\u00e8tent son importance historique en tant que centre de l\u2019Empire romain. Parmi les monuments anciens de Rome, citons le Colis\u00e9e, le Panth\u00e9on, la basilique St Pierre, la fontaine de Trevi, le ch\u00e2teau Saint-Ange, l\u2019escalier de la Trinit\u00e9-des-Monts et les mus\u00e9es du Vatican, qui abritent des chefs-d\u2019\u0153uvre de Michel-Ange. Parmi les autres grandes villes en Italie, l\u2019on inclue Milan, le centre de la mode et des affaires, Naples, G\u00eanes, le port maritime historique, Venise, connue pour son r\u00e9seau de canaux, ou encore Pise, qui se distingue par sa c\u00e9l\u00e8bre tour pench\u00e9e et sa c\u00f4te amalfitaine (Signoretta et al, 2025).<\/p>\n\n\n\n<p class=\"wp-block-paragraph\">La g\u00e9ographie physique de l\u2019Italie est tr\u00e8s diversifi\u00e9e et a jou\u00e9 un r\u00f4le important dans la formation de ses mod\u00e8les de peuplement, de son activit\u00e9 \u00e9conomique et des d\u00e9ficits entre ses r\u00e9gions. Le long de la fronti\u00e8re nord, le pays est domin\u00e9 par les Alpes, qui forment une barri\u00e8re naturelle avec le reste de l\u2019Europe et qui incluent certains des plus hauts sommets du continent, tels que le Mont Blanc. Les deux plus grandes \u00eeles d\u2019Italie sont la Sicile et la Sardaigne. La Sicile, la plus grande \u00eele de la M\u00e9diterran\u00e9e, abrite l\u2019un des volcans les plus actifs au monde, l\u2019Etna (Signoretta et al, 2025).<\/p>\n\n\n\n<h2 class=\"wp-block-heading\"><strong>Situation des droits de l\u2019enfant<\/strong><a href=\"#_ftn1\" id=\"_ftnref1\"> [1]<\/a><\/h2>\n\n\n\n<p class=\"wp-block-paragraph\">L\u2019Italie s\u2019est engag\u00e9e \u00e0 respecter de nombreux instruments internationaux pour la protection des droits de l\u2019enfant. En 1991, le gouvernement a ratifi\u00e9 la <a href=\"https:\/\/www.humanium.org\/fr\/convention\/\">Convention relative aux &nbsp;droits de l\u2019enfant (CIDE)<\/a>. L\u2019Italie a \u00e9galement jou\u00e9 un r\u00f4le dans la <a href=\"https:\/\/www.humanium.org\/fr\/autres\/convention-elimination-formes-discrimination-femmes\/\">Convention sur l\u2019\u00e9limination de toutes les formes de discrimination \u00e0 l\u2019\u00e9gard des femmes<\/a>&nbsp;(CEDAW), ratifi\u00e9e en 1985, <a href=\"https:\/\/www.humanium.org\/fr\/autres\/convention-elimination-discrimination-raciale\/\">Convention internationale sur l\u2019\u00e9limination de toutes les formes de discrimination raciale<\/a>, adopt\u00e9e en 1976, et dans le Pacte international relatif aux droits civils et politiques (PIDCP), ent\u00e9rin\u00e9 en 1978.&nbsp;<\/p>\n\n\n\n<p class=\"wp-block-paragraph\">Le gouvernement a adopt\u00e9 le&nbsp;<a href=\"https:\/\/www.humanium.org\/fr\/normes\/protocole-facultatif-cide-enfants-dans-conflits-armes\/\">Protocole facultatif \u00e0 la Convention relative aux droits de l\u2019enfant, concernant l\u2019implication d\u2019enfants dans les conflits arm\u00e9s<\/a>&nbsp;et le &nbsp;<a href=\"https:\/\/www.humanium.org\/fr\/normes\/protocole-facultatif-cide-vente-prostitution-pornographie-enfants\/\">Protocole facultatif concernant la vente d\u2019enfants, la prostitution des enfants et la pornographie mettant en sc\u00e8ne des enfants<\/a>&nbsp;en 2002. Il a \u00e9galement ratifi\u00e9 la <a href=\"https:\/\/www.humanium.org\/fr\/normes\/convention-c182-pires-formes-travail-enfants-1999\/\">Convention sur les Pires Formes de Travail des Enfants<\/a> de l\u2019Organisation Internationale du Travail (OIT) (OIT, n\u00b0 182) en 2000.<\/p>\n\n\n\n<h2 class=\"wp-block-heading\"><strong>R\u00e9pondre aux besoins des enfants<\/strong> <strong><\/strong><\/h2>\n\n\n\n<h3 class=\"wp-block-heading\"><a href=\"https:\/\/www.humanium.org\/fr\/comprendre-droits-enfant\/droit-a-l-education\/%23content\"><strong>Le droit \u00e0 l&rsquo;\u00e9ducation<\/strong><\/a><strong><u><\/u><\/strong><\/h3>\n\n\n<div class=\"wp-block-image\">\n<figure class=\"alignright size-large is-resized\"><img loading=\"lazy\" decoding=\"async\" width=\"1024\" height=\"683\" src=\"https:\/\/www.humanium.org\/fr\/wp-content\/uploads\/2026\/08\/shutterstock_2508288067-1024x683.jpg\" alt=\"\" class=\"wp-image-62894\" style=\"aspect-ratio:1.499330655957162;width:408px;height:auto\" srcset=\"https:\/\/www.humanium.org\/fr\/wp-content\/uploads\/2026\/08\/shutterstock_2508288067-1024x683.jpg 1024w, https:\/\/www.humanium.org\/fr\/wp-content\/uploads\/2026\/08\/shutterstock_2508288067-300x200.jpg 300w, https:\/\/www.humanium.org\/fr\/wp-content\/uploads\/2026\/08\/shutterstock_2508288067-768x512.jpg 768w, https:\/\/www.humanium.org\/fr\/wp-content\/uploads\/2026\/08\/shutterstock_2508288067-1536x1024.jpg 1536w, https:\/\/www.humanium.org\/fr\/wp-content\/uploads\/2026\/08\/shutterstock_2508288067-2048x1365.jpg 2048w, https:\/\/www.humanium.org\/fr\/wp-content\/uploads\/2026\/08\/shutterstock_2508288067-830x553.jpg 830w, https:\/\/www.humanium.org\/fr\/wp-content\/uploads\/2026\/08\/shutterstock_2508288067-230x153.jpg 230w, https:\/\/www.humanium.org\/fr\/wp-content\/uploads\/2026\/08\/shutterstock_2508288067-350x233.jpg 350w, https:\/\/www.humanium.org\/fr\/wp-content\/uploads\/2026\/08\/shutterstock_2508288067-480x320.jpg 480w, https:\/\/www.humanium.org\/fr\/wp-content\/uploads\/2026\/08\/shutterstock_2508288067-272x182.jpg 272w\" sizes=\"auto, (max-width: 1024px) 100vw, 1024px\" \/><\/figure>\n<\/div>\n\n\n<p class=\"wp-block-paragraph\">En Italie, le droit \u00e0 l\u2019\u00e9ducation est r\u00e9glement\u00e9 par le Minist\u00e8re de l\u2019\u00c9ducation et du m\u00e9rite (<em>Ministero dell&rsquo;istruzione e del merito<\/em> \u2013 MIM). Son r\u00f4le principal est de surveiller la politique d\u2019\u00e9ducation nationale, le personnel scolaire, l\u2019assurance qualit\u00e9, les ressources financi\u00e8res et les normes minimales en mati\u00e8re d\u2019\u00e9ducation.<\/p>\n\n\n\n<p class=\"wp-block-paragraph\">Le droit \u00e0 l\u2019\u00e9ducation est constitutionnellement garanti par l\u2019article 34, qui assure l\u2019acc\u00e8s \u00e0 la connaissance pour tous et instaure l\u2019enseignement obligatoire et gratuit. Au niveau local, les autorit\u00e9s sont charg\u00e9es d\u2019entretenir les terrains scolaires et d\u2019assurer le transport des enfants, de l\u2019\u00e9ducation et l\u2019accueil des jeunes enfants (EAJE) \u00e0 l\u2019\u00e9cole secondaire du second degr\u00e9 (Commission europ\u00e9enne, 2024).<\/p>\n\n\n\n<p class=\"wp-block-paragraph\">La structure de l\u2019\u00e9ducation formelle en Italie se compose des \u00e9l\u00e9ments suivants (Commission europ\u00e9enne, 2024) :<\/p>\n\n\n\n<ul class=\"wp-block-list\">\n<li><strong>\u00c9ducation et accueil des jeunes enfants (EAJE)<\/strong>\n<ul class=\"wp-block-list\">\n<li>Les services p\u00e9dagogiques pour les enfants (Servizi educative per l\u2019infanzia) \u2014 pour les enfants \u00e2g\u00e9s de 0 \u00e0 3 ans. Toutefois, ce n\u2019est pas obligatoire. Ces services sont g\u00e9r\u00e9s par les municipalit\u00e9s et des prestataires priv\u00e9s, o\u00f9 l\u2019objectif principal est la garde d\u2019enfants en bas \u00e2ge, la socialisation et les comp\u00e9tences fondamentales du d\u00e9veloppement.<\/li>\n\n\n\n<li>La cr\u00e8che et la maternelle (Scuola dell\u2019infanzi) \u2014 pour les enfants \u00e2g\u00e9s de 3 \u00e0 6 ans. Ce n\u2019est pas obligatoire, mais environ 90 % des enfants les fr\u00e9quentent. Gratuit dans les \u00e9tablissements publics ; toutefois, une somme modique est factur\u00e9e pour les repas et les activit\u00e9s scolaires. Cette \u00e9tape de l\u2019enseignement pr\u00e9pare les enfants \u00e0 l\u2019\u00e9cole primaire par le biais d\u2019un apprentissage ludique.<\/li>\n<\/ul>\n<\/li>\n\n\n\n<li><strong>L\u2019\u00e9cole primaire (Scuola primaria)<\/strong> \u2014 pour les enfants \u00e2g\u00e9s de 6 \u00e0 11 ans. Obligatoire et gratuit.<\/li>\n\n\n\n<li><strong>L\u2019enseignement secondaire<\/strong>\n<ul class=\"wp-block-list\">\n<li>Le premier cycle de l\u2019enseignement secondaire (Scuola secondaria di primo grado) \u2014 pour les enfants \u00e2g\u00e9s de 11 \u00e0 14 ans. C\u2019est obligatoire, et pour progresser jusqu\u2019au second cycle de l\u2019enseignement secondaire , les \u00e9l\u00e8ves doivent passer un examen national (Esame di terza media).<\/li>\n\n\n\n<li> Le second cycle de l\u2019enseignement secondaire (Scuola secondaria di secondo grado) \u2014 pour les enfants \u00e2g\u00e9s de 14 \u00e0 19 ans. Seulement obligatoire jusqu\u2019\u00e0 l\u2019\u00e2ge de 16 ans. D\u00e8s que les \u00e9l\u00e8ves atteignent cet \u00e2ge, ils peuvent choisir parmi 3 parcours acad\u00e9miques, qui durent 5 ans. Ces parcours incluent : (1) les lyc\u00e9es (liceo), (2) les instituts techniques (istituti tecnici), (3) les instituts professionnels (isituti professionali).<\/li>\n<\/ul>\n<\/li>\n<\/ul>\n\n\n\n<p class=\"wp-block-paragraph\">Malgr\u00e9 un cadre \u00e9ducatif apparemment solide, l\u2019Italie a l\u2019un des taux d\u2019abandon scolaire les plus \u00e9lev\u00e9s d\u2019Europe, et les \u00e9l\u00e8ves italiens ont les taux de r\u00e9ussite scolaire les plus bas du continent. En 2023, des analyses du centre d\u2019\u00e9tudes de la <em>Fondazione Articolo<\/em> 49 ont r\u00e9v\u00e9l\u00e9 que les taux d\u2019abandon scolaire en Italie \u00e9taient de 10,5 %, d\u00e9passant l\u2019objectif de 9 % de l\u2019Union europ\u00e9enne (UE). Les taux les plus \u00e9lev\u00e9s d\u2019abandon scolaire ont \u00e9t\u00e9 observ\u00e9s en Sardaigne, avec un taux de 17,3 %, concernant environ 1 \u00e9l\u00e8ve sur 5 (Global education time, 2025).<\/p>\n\n\n\n<p class=\"wp-block-paragraph\">Des donn\u00e9es r\u00e9centes de l\u2019Institut national de statistique italien (<em>Instituto nazionale di statistica<\/em>) indiquent que les taux d\u2019abandon scolaire pour les gar\u00e7ons sont plus \u00e9lev\u00e9s, avec un taux de 13,1 %, par rapport \u00e0 7,6 % de filles, avec des taux d\u2019abandon \u00e9lev\u00e9s pour les gar\u00e7ons &nbsp;en Sardaigne (23,4 %). Il y a des in\u00e9galit\u00e9s r\u00e9gionales en mati\u00e8re d\u2019\u00e9ducation. En effet, les r\u00e9gions du nord de l\u2019Italie obtiennent de meilleurs r\u00e9sultats scolaires que les \u00e9l\u00e8ves dans le sud. Ces in\u00e9galit\u00e9s sont souvent attribu\u00e9es \u00e0 l\u2019acc\u00e8s in\u00e9gal \u00e0 l\u2019\u00e9ducation et aux formations (Commission europ\u00e9enne, 2025).<\/p>\n\n\n\n<h3 class=\"wp-block-heading\"><a href=\"https:\/\/www.humanium.org\/fr\/comprendre-droits-enfant\/droit-a-la-sante\/\"><strong>Le droit \u00e0 la sant\u00e9<\/strong><\/a> <strong><\/strong><strong><\/strong><\/h3>\n\n\n\n<p class=\"wp-block-paragraph\">Le syst\u00e8me de sant\u00e9 national en Italie, institu\u00e9 en 1978, est connu sous le nom de <em>Servizio Sanitario Nazionale<\/em> (SNN). Les services de sant\u00e9 sont financ\u00e9s par des fonds publics et couvrent tous les citoyens et les r\u00e9sidents \u00e9trangers en situation r\u00e9guli\u00e8re. Les enfants b\u00e9n\u00e9ficient de dispositions sp\u00e9cifiques destin\u00e9es \u00e0 r\u00e9duire les barri\u00e8res financi\u00e8res et d\u2019acc\u00e8s, telles que les soins dentaires pour les mineurs jusqu\u2019\u00e0 l\u2019\u00e2ge de 16 ans.<\/p>\n\n\n\n<p class=\"wp-block-paragraph\">Il y a une dispense de participation aux frais &nbsp;pour les enfants de moins de 6 ans, ind\u00e9pendamment du niveau de revenu, et pour les mineurs plus \u00e2g\u00e9s issus de m\u00e9nages \u00e0 plus faibles revenus. Cela signifie que les services ambulatoires courants, les soins pr\u00e9ventifs et les consultations sp\u00e9cialis\u00e9es sont gratuits ou peu chers.<\/p>\n\n\n\n<p class=\"wp-block-paragraph\">Tous les enfants doivent \u00eatre inscrits aupr\u00e8s d\u2019un m\u00e9decin g\u00e9n\u00e9raliste, qui soutient leur prise en charge depuis la naissance jusqu\u2019\u00e0 l\u2019adolescence. Bien qu\u2019il arrive que des familles doivent encore payer des frais pour certains services ambulatoires et m\u00e9dicaments qui ne sont pas compl\u00e8tement couverts par le SNN, ces prix sont plafonn\u00e9s par la l\u00e9gislation nationale et les enfants sont souvent exon\u00e9r\u00e9s (Tikkanen, 2020).<\/p>\n\n\n\n<p class=\"wp-block-paragraph\">Depuis 1998, tous les immigrants sans papiers ont pu acc\u00e9der \u00e0 des services m\u00e9dicaux urgents et indispensables. Bien que les enfants migrants et r\u00e9fugi\u00e9s aient l\u00e9galement acc\u00e8s aux soins fondamentaux et d\u2019urgence, les barri\u00e8res socio-\u00e9conomiques limitent leur acc\u00e8s aux soins courants. Le SNN fonctionne comme un syst\u00e8me public d\u00e9centralis\u00e9, qui comprend le minist\u00e8re de la Sant\u00e9 et d\u2019autres organismes et \u00e9tablissements nationaux (Tikkanen, 2020).&nbsp;<\/p>\n\n\n\n<h3 class=\"wp-block-heading\"><a href=\"https:\/\/www.humanium.org\/fr\/comprendre-droits-enfant\/droit-a-l-eau\/\"><strong>Le droit \u00e0 une eau potable et \u00e0 un assainissement s\u00fbr<\/strong><\/a><\/h3>\n\n\n\n<p class=\"wp-block-paragraph\">Selon le Programme commun OMS\/UNICEF de suivi de l\u2019approvisionnement en eau, de l\u2019assainissement et de l\u2019hygi\u00e8ne, 99 % des \u00e9coles en Italie ont acc\u00e8s \u00e0 des services de base en approvisionnement en eau (UNICEF, 2024).<\/p>\n\n\n\n<p class=\"wp-block-paragraph\">L\u2019Italie donne \u00e9galement la priorit\u00e9 \u00e0 une eau potable et \u00e0 un assainissement s\u00fbr &nbsp;dans le cadre de ses efforts en mati\u00e8re de coop\u00e9ration internationale au d\u00e9veloppement. En 2022, le gouvernement italien, avec le soutien des Nations Unies, s\u2019est engag\u00e9 \u00e0 verser 2,5 millions d\u2019euros \u00e0 Homs, en Syrie. Cette contribution servira \u00e0 aider les enfants et les familles \u00e0 avoir acc\u00e8s \u00e0 une eau propre, \u00e0 une irrigation ad\u00e9quate et \u00e0 des installations de stockage d\u2019eau, \u00e0 r\u00e9adapter les puits, les stations de pompage et d\u2019\u00e9puration ainsi qu\u2019\u00e0 accro\u00eetre la sensibilisation sur la <a href=\"https:\/\/www.humanium.org\/fr\/linfluence-de-la-precarite-menstruelle-sur-les-droits-des-filles-et-des-femmes-dans-le-monde\/\">sant\u00e9 menstruelle<\/a> et sur l\u2019acc\u00e8s aux produits hygi\u00e9niques (UNICEF R\u00e9publique arabe syrienne, 2022). En 2024, en partenariat avec UNICEF Libye, l\u2019agence italienne pour la coop\u00e9ration et le d\u00e9veloppement (AICS) a contribu\u00e9 \u00e0 hauteur de 3 millions d\u2019euros pour l\u2019am\u00e9lioration des services d\u2019approvisionnement en eau et d\u2019assainissement r\u00e9silients au changement climatique \u00e0 travers la <a href=\"https:\/\/www.humanium.org\/fr\/libye\/\">Libye<\/a>. Le projet est cens\u00e9 b\u00e9n\u00e9ficier \u00e0 environ 1 million de personnes, dont 70 000 enfants en Libye (UNICEF Libye, 2024).<\/p>\n\n\n\n<h3 class=\"wp-block-heading\"><strong>Le droit \u00e0 l\u2019identit\u00e9<\/strong><\/h3>\n\n\n\n<p class=\"wp-block-paragraph\">En Italie, le droit des enfants \u00e0 l\u2019identit\u00e9 est consacr\u00e9 et prot\u00e9g\u00e9 par le droit constitutionnel et civil, ainsi que par les droits humains internationaux. Au niveau national, la Constitution italienne, particuli\u00e8rement les articles 2 et 30, garantit des droits inali\u00e9nables et accorde une protection particuli\u00e8re aux enfants et aux relations familiales, tandis que le Code civil r\u00e9gule l\u2019enregistrement des naissances, la filiation et la responsabilit\u00e9 parentale.<\/p>\n\n\n<div class=\"wp-block-image\">\n<figure class=\"alignleft size-large is-resized\"><img loading=\"lazy\" decoding=\"async\" width=\"1024\" height=\"683\" src=\"https:\/\/www.humanium.org\/fr\/wp-content\/uploads\/2026\/08\/shutterstock_2313729387-1024x683.jpg\" alt=\"\" class=\"wp-image-62895\" style=\"aspect-ratio:1.499330655957162;width:393px;height:auto\" srcset=\"https:\/\/www.humanium.org\/fr\/wp-content\/uploads\/2026\/08\/shutterstock_2313729387-1024x683.jpg 1024w, https:\/\/www.humanium.org\/fr\/wp-content\/uploads\/2026\/08\/shutterstock_2313729387-300x200.jpg 300w, https:\/\/www.humanium.org\/fr\/wp-content\/uploads\/2026\/08\/shutterstock_2313729387-768x512.jpg 768w, https:\/\/www.humanium.org\/fr\/wp-content\/uploads\/2026\/08\/shutterstock_2313729387-830x553.jpg 830w, https:\/\/www.humanium.org\/fr\/wp-content\/uploads\/2026\/08\/shutterstock_2313729387-1536x1024.jpg 1536w, https:\/\/www.humanium.org\/fr\/wp-content\/uploads\/2026\/08\/shutterstock_2313729387-230x153.jpg 230w, https:\/\/www.humanium.org\/fr\/wp-content\/uploads\/2026\/08\/shutterstock_2313729387-2048x1365.jpg 2048w, https:\/\/www.humanium.org\/fr\/wp-content\/uploads\/2026\/08\/shutterstock_2313729387-272x182.jpg 272w, https:\/\/www.humanium.org\/fr\/wp-content\/uploads\/2026\/08\/shutterstock_2313729387-350x233.jpg 350w, https:\/\/www.humanium.org\/fr\/wp-content\/uploads\/2026\/08\/shutterstock_2313729387-480x320.jpg 480w\" sizes=\"auto, (max-width: 1024px) 100vw, 1024px\" \/><\/figure>\n<\/div>\n\n\n<p class=\"wp-block-paragraph\">L\u2019enregistrement des naissances est obligatoire pour tous les enfants n\u00e9s en Italie, incluant ceux n\u00e9s de parents migrants ou sans-papiers. Cette proc\u00e9dure assure l\u2019acc\u00e8s aux soins de sant\u00e9, \u00e0 l\u2019\u00e9ducation et \u00e0 d\u2019autres services essentiels. Un enfant doit \u00eatre inscrit au bureau d\u2019enregistrement (<em>ufficio di stato civile<\/em>) sous 10 jours apr\u00e8s la naissance, dans la ville o\u00f9 il est n\u00e9 ou o\u00f9 la famille r\u00e9side. Deux types de certificats de naissance sont d\u00e9livr\u00e9s en Italie : (1) <em>Certificato di nascita<\/em> (le certificat de naissance) et (2) <em>Copia integrale atti di nascita<\/em> (les actes de naissance) (HM Passport Office, 2025).<\/p>\n\n\n\n<p class=\"wp-block-paragraph\">En vertu de la loi n\u00b0 91\/1992, le cadre de citoyennet\u00e9 de l\u2019Italie repose principalement sur le <em>jus sanguinis<\/em> (acqu\u00e9rir la citoyennet\u00e9 par filiation). Bien que la nationalit\u00e9 repose sur le <em>jus sanguinis<\/em>, le fait de ne pas avoir la citoyennet\u00e9 italienne n\u2019emp\u00eache pas un enfant d\u2019\u00eatre inscrit \u00e0 la naissance ou d\u2019avoir acc\u00e8s \u00e0 des droits fondamentaux. Toutefois, les enfants n\u00e9s de parents \u00e9trangers, les apatrides ou ceux n\u00e9s d\u2019immigrants ill\u00e9gaux font face \u00e0 des difficult\u00e9s pratiques (HM Passport Office, 2025).<\/p>\n\n\n\n<h2 class=\"wp-block-heading\"><strong>Facteurs de risque \u2013&gt; D\u00e9fis sp\u00e9cifiques au pays<\/strong> <\/h2>\n\n\n\n<h3 class=\"wp-block-heading\"><a href=\"https:\/\/www.humanium.org\/fr\/pauvrete\/\"><strong>La pauvret\u00e9<\/strong><\/a> <strong><\/strong><strong><\/strong><\/h3>\n\n\n\n<p class=\"wp-block-paragraph\">Selon l\u2019Institut national de statistique (ISTAT), en 2022, environ 13,4 % des enfants vivaient dans une pauvret\u00e9 absolue, le taux le plus \u00e9lev\u00e9 constat\u00e9 depuis 2005, et 23,5 % d\u2019entre eux vivaient dans une pauvret\u00e9 relative (EuroChild, 2023). En outre, en 2024, 27,1 % des enfants sont expos\u00e9s \u00e0 la pauvret\u00e9 et \u00e0 l\u2019exclusion sociale. Bien que ce chiffre soit \u00e9lev\u00e9, le pourcentage d\u2019enfants vivant dans la pauvret\u00e9 a baiss\u00e9 \u00e0 28,9 % en 2020, 29,7 % en 2021, 28,5 % en 2022 et 27,1 % en 2023 (Eurostat, 2025).<\/p>\n\n\n\n<p class=\"wp-block-paragraph\">Depuis la pand\u00e9mie de COVID-19, certains enfants ont v\u00e9cu la pauvret\u00e9 \u00e9ducative, ce qui signifie qu\u2019ils manquaient d\u2019espace d\u00e9di\u00e9 chez eux pour \u00e9tudier, n\u2019avaient pas acc\u00e8s \u00e0 des appareils num\u00e9riques ou n\u2019avaient pas de connexion Internet fiable.&nbsp; En 2021, une \u00e9tude men\u00e9e par ActionAid a r\u00e9v\u00e9l\u00e9 qu\u2019environ 6 millions de personnes en Italie ont connu la <a href=\"https:\/\/www.humanium.org\/fr\/limpact-du-covid-19-sur-lacces-des-enfants-a-la-nourriture-au-royaume-uni\/\">pauvret\u00e9 alimentaire<\/a>, dont 200 000 enfants \u00e2g\u00e9s de moins de 16 ans et 12 % de mineurs \u00e2g\u00e9s de 16 ans et plus (ActionAid, 2023).<\/p>\n\n\n\n<h3 class=\"wp-block-heading\"><a href=\"https:\/\/www.humanium.org\/fr\/la-maltraitance-des-enfants\/\"><strong>La maltraitance des enfants<\/strong><\/a> <strong>et<\/strong> <a href=\"Https:\/\/www.humanium.org\/fr\/exploitation\/\"><strong>l\u2019exploitation sexuelle<\/strong><\/a> <strong><\/strong><strong><\/strong><\/h3>\n\n\n\n<p class=\"wp-block-paragraph\">En Italie, la maltraitance des enfants et l\u2019exploitation sexuelle repr\u00e9sentent un probl\u00e8me grave et r\u00e9pandu. Bien que l\u2019Italie ait ratifi\u00e9 des normes internationales pertinentes, telles que la Convention de Lanzarote, et ait adopt\u00e9 des plans nationaux pour emp\u00eacher les agressions sexuelles et l\u2019exploitation des enfants et lutter contre ces fl\u00e9aux, des donn\u00e9es disponibles indiquent qu\u2019il reste des enfants sans protection et que de nombreux cas ne sont pas d\u00e9nonc\u00e9s ou identifi\u00e9s.<\/p>\n\n\n\n<p class=\"wp-block-paragraph\">En 2021, le minist\u00e8re de l\u2019Int\u00e9rieur italien a indiqu\u00e9 qu\u2019un total de 2 285 cas de crimes commis sur des enfants avaient \u00e9t\u00e9 signal\u00e9s, dont 681 \u00e9taient des cas de violence sexuelle, 624 des cas de sollicitation de personnes mineures, 589 des cas de violence sexuelle aggrav\u00e9e et 391 des cas d\u2019actes sexuels avec des enfants.<\/p>\n\n\n\n<p class=\"wp-block-paragraph\">En outre, ces statistiques continuent d\u2019\u00eatre corrobor\u00e9es par des donn\u00e9es obtenues par deux op\u00e9rateurs de service majeurs entre 2022 et 2023. (1) <em>Telefono Azzurro, Linea di Ascolto e Consulenza<\/em> (\u00c9coute et Conseil) assistance t\u00e9l\u00e9phonique 1.96.96 et (2) <em>Servizio Emergenza Infanzia<\/em> ligne d\u2019urgence (114 Service d\u2019urgence pour enfants) (promus par le D\u00e9partement des Politiques Familiales). Ces services enregistrent des situations dommageables qui impliquent des enfants, incluant des agressions sexuelles sur des mineurs en ligne et en personne (ECPAT, 2024).<\/p>\n\n\n\n<p class=\"wp-block-paragraph\"><em>Telefono Azzurro, Linea di Ascolto e Consulenza<\/em> a r\u00e9pondu \u00e0 46 cas d\u2019agressions sexuelles en personne en 2022, dans lesquels 54 enfants \u00e9taient des victimes (88 %), 10 % \u00e9taient impliqu\u00e9s en tant que t\u00e9moins et 2 % \u00e9taient coupables. De plus, 73 % de ces enfants \u00e9taient des filles, 25 % des gar\u00e7ons et 2 % s\u2019identifiaient comme non binaires. Parmi ces cas, 20 % des enfants impliqu\u00e9s avaient moins de 10 ans, 43 % d\u2019entre eux avaient entre 11 et 14 ans et 37 % avaient entre 15 et 18 ans. En 2023, <em>Telefono Azzurro, Linea di Ascolto e Consulenza<\/em> a r\u00e9pondu \u00e0 12 cas d\u2019agressions sexuelles en personne trait\u00e9s par la ligne d\u2019assistance. De m\u00eame, en 2022, <em>Servizio Emergenza Infanzia<\/em> a trait\u00e9 138 cas d\u2019agressions sexuelles en personne, impliquant 180 enfants en tant que victimes (90 %), 9 % en tant que coupables et 1 % en tant que t\u00e9moins (ECPAT, 2024).<\/p>\n\n\n\n<p class=\"wp-block-paragraph\"><em>Save the Children<\/em> a signal\u00e9 que de nombreuses filles qui \u00e9taient sexuellement exploit\u00e9es dans le cadre de trafics \u00e9taient d\u2019origine nig\u00e9riane. De plus en plus de jeunes femmes provenant de C\u00f4te d\u2019Ivoire et d\u2019Europe de l\u2019Est, particuli\u00e8rement la Bulgarie, l\u2019Albanie et la Roumanie, sont \u00e9galement victimes de ce ph\u00e9nom\u00e8ne. Des filles seules \u00e2g\u00e9es de 14 \u00e0 17 ans originaires de C\u00f4te d\u2019Ivoire ont \u00e9t\u00e9 intercept\u00e9es \u00e0 la fronti\u00e8re franco-italienne, l\u2019Italie \u00e9tant leur point de transit. La plupart des donn\u00e9es recueillies sur l\u2019exploitation sexuelle des enfants dans la prostitution concernent majoritairement des migrants mineurs ou r\u00e9fugi\u00e9s, les informations sur les ressortissants italiens \u00e9tant limit\u00e9es (ECPAT, 2024).&nbsp;<\/p>\n\n\n\n<p class=\"wp-block-paragraph\">Les donn\u00e9es recueillies par le minist\u00e8re de l\u2019Int\u00e9rieur italien indiquent qu\u2019en 2020, 495 gar\u00e7ons \u00e9taient victimes d\u2019agressions sexuelles et d\u2019exploitation, par rapport \u00e0 2 202 victimes f\u00e9minines. M\u00eame si le nombre de victimes masculines est nettement inf\u00e9rieur \u00e0 celui des filles, la recherche indique qu\u2019il y a un manque de services et de compr\u00e9hension parmi les prestataires de services. Entre 2018 et 2020, le minist\u00e8re de l\u2019Int\u00e9rieur italien a indiqu\u00e9 une augmentation progressive du nombre de jeunes gar\u00e7ons faisant appel au soutien de num\u00e9ros d\u2019urgence. Il a comptabilis\u00e9 668 gar\u00e7ons en 2018, 834 en 2019 et 887 en 2020. La plupart des donn\u00e9es disponibles sur l\u2019exploitation sexuelle de gar\u00e7ons concernent des jeunes hommes r\u00e9fugi\u00e9s migrants qui traversent la route m\u00e9diterran\u00e9enne centrale pour arriver en Europe (ECPAT, 2024).<\/p>\n\n\n\n<h3 class=\"wp-block-heading\"><strong>Les agressions sexuelles sur les enfants dans l\u2019\u00c9glise catholique<\/strong><strong><\/strong><\/h3>\n\n\n\n<p class=\"wp-block-paragraph\">En 2014, le pape Fran\u00e7ois a cr\u00e9\u00e9 la Commission pontificale pour la protection des mineurs. Cette commission a \u00e9t\u00e9 cr\u00e9\u00e9e pour conseiller le pape Fran\u00e7ois sur la protection des mineurs contre des agressions sexuelles dans l\u2019\u00c9glise catholique, proposant des bonnes pratiques, soutenant les victimes et travaillant \u00e0 la sauvegarde et \u00e0 la promotion de r\u00e9formes syst\u00e9miques.<\/p>\n\n\n\n<p class=\"wp-block-paragraph\">Depuis sa cr\u00e9ation, la Commission a produit deux rapports. Toutefois, ils n\u2019exposent pas clairement des cas d\u2019agressions dans l\u2019\u00c9glise, mais mettent plut\u00f4t en lumi\u00e8re le changement, qui passe du silence et du secret aux r\u00e9parations, aux r\u00e9formes structurelles et \u00e0 l\u2019am\u00e9lioration de la protection de l\u2019enfance \u00e0 travers les dioc\u00e8ses (Commission pontificale pour la protection des mineurs, 2024).&nbsp;<\/p>\n\n\n<div class=\"wp-block-image\">\n<figure class=\"alignright size-large is-resized\"><img loading=\"lazy\" decoding=\"async\" width=\"1024\" height=\"683\" src=\"https:\/\/www.humanium.org\/fr\/wp-content\/uploads\/2026\/08\/shutterstock_2634456533-1024x683.jpg\" alt=\"\" class=\"wp-image-62896\" style=\"aspect-ratio:1.499330655957162;width:399px;height:auto\" srcset=\"https:\/\/www.humanium.org\/fr\/wp-content\/uploads\/2026\/08\/shutterstock_2634456533-1024x683.jpg 1024w, https:\/\/www.humanium.org\/fr\/wp-content\/uploads\/2026\/08\/shutterstock_2634456533-300x200.jpg 300w, https:\/\/www.humanium.org\/fr\/wp-content\/uploads\/2026\/08\/shutterstock_2634456533-768x512.jpg 768w, https:\/\/www.humanium.org\/fr\/wp-content\/uploads\/2026\/08\/shutterstock_2634456533-1536x1024.jpg 1536w, https:\/\/www.humanium.org\/fr\/wp-content\/uploads\/2026\/08\/shutterstock_2634456533-2048x1365.jpg 2048w, https:\/\/www.humanium.org\/fr\/wp-content\/uploads\/2026\/08\/shutterstock_2634456533-830x553.jpg 830w, https:\/\/www.humanium.org\/fr\/wp-content\/uploads\/2026\/08\/shutterstock_2634456533-230x153.jpg 230w, https:\/\/www.humanium.org\/fr\/wp-content\/uploads\/2026\/08\/shutterstock_2634456533-350x233.jpg 350w, https:\/\/www.humanium.org\/fr\/wp-content\/uploads\/2026\/08\/shutterstock_2634456533-480x320.jpg 480w, https:\/\/www.humanium.org\/fr\/wp-content\/uploads\/2026\/08\/shutterstock_2634456533-272x182.jpg 272w\" sizes=\"auto, (max-width: 1024px) 100vw, 1024px\" \/><\/figure>\n<\/div>\n\n\n<p class=\"wp-block-paragraph\">En 2024, <em>Rete l\u2019Abuso,<\/em><a href=\"#_ftn2\" id=\"_ftnref2\"><em><strong>[2]<\/strong><\/em><\/a> <em><\/em>Ie plus grand groupe italien de victimes d\u2019abus commis par le clerg\u00e9, a publi\u00e9 un rapport indiquant qu\u2019environ 4 400 personnes avaient \u00e9t\u00e9 agress\u00e9es au sein de l\u2019\u00c9glise catholique en Italie. Dans ce rapport, il a \u00e9t\u00e9 mis en \u00e9vidence que sur 1 250 cas pr\u00e9sum\u00e9s d\u2019abus, dont certains comprenaient plusieurs victimes, 1 106 cas \u00e9taient pr\u00e9tendument commis par des pr\u00eatres, et le reste par des religieuses, des professeurs de religion, des \u00e9ducateurs et des scouts (Armellini, 2025).<\/p>\n\n\n\n<p class=\"wp-block-paragraph\">En novembre 2022, la Conf\u00e9rence \u00e9piscopale italienne a publi\u00e9 un rapport sur les cas d\u2019abus sexuels sur enfants commis par le clerg\u00e9 de l\u2019\u00c9glise catholique en Italie. Selon le rapport, entre 2020 et 2021, 89 victimes ont signal\u00e9 des cas d\u2019abus sexuels pr\u00e9sum\u00e9s, dont 37,1 % des victimes avaient entre 15 et 18 ans et 31,5 % avaient entre 10 et 14 ans (ECPAT, 2024). Ces donn\u00e9es proviennent de centres d\u2019\u00e9coute cr\u00e9\u00e9s par des dioc\u00e8ses \u00e0 travers l\u2019Italie en 2019. Ces centres ont \u00e9t\u00e9 sp\u00e9cialement cr\u00e9\u00e9s pour recevoir des plaintes d\u2019abus sexuels commis par l\u2019\u00c9glise catholique. Ce rapport est l\u2019une des toutes premi\u00e8res enqu\u00eates men\u00e9es sur les abus, et il a r\u00e9v\u00e9l\u00e9 que 68 accusations avaient \u00e9t\u00e9 d\u00e9pos\u00e9es contre les auteurs pr\u00e9sum\u00e9s d\u2019abus (Giuffrida, 2022).<\/p>\n\n\n\n<h3 class=\"wp-block-heading\"><strong>P\u00e9dophilie en ligne<\/strong> <strong><\/strong><\/h3>\n\n\n\n<p class=\"wp-block-paragraph\">Les agressions sexuelles et l\u2019exploitation des enfants repr\u00e9sentent une pr\u00e9occupation croissante et alarmante en Italie. Les donn\u00e9es recueillies par l\u2019Institut national de statistique italien en 2022 ont signal\u00e9 que 97,9 % des enfants \u00e2g\u00e9s de 15 \u00e0 17 ans \u00e9taient des internautes, dont 92,8 % avaient quotidiennement acc\u00e8s \u00e0 Internet. En outre, en 2022, <em>Telefono Azzurro, Linea di Ascolto e Consulenza<\/em> a enregistr\u00e9 27 cas d\u2019abus sexuels en ligne, parmi lesquels 29 enfants qui \u00e9taient impliqu\u00e9s en tant que coupables (abus entre pairs), 55,6 % d\u2019entre eux \u00e9tant des victimes f\u00e9minines, 40,7 % \u00e9tant des gar\u00e7ons et 3,7 % s\u2019identifiant comme non binaires.<\/p>\n\n\n\n<p class=\"wp-block-paragraph\">De m\u00eame, <em>Servizio Emergenza Infanzia<\/em> a enregistr\u00e9 &nbsp;64 cas d\u2019abus sexuels en ligne en 2022, dont 90 % de ces cas impliquaient des enfants, 58 % d\u2019entre eux \u00e9tant des filles, 42 % des gar\u00e7ons. Ces cas impliquaient de jeunes enfants. En effet, 16 % d\u2019entre eux impliquaient des mineurs de moins de 10 ans, 36 % \u00e9taient \u00e2g\u00e9s de 11 \u00e0 14 ans et 48 % avaient entre 15 et 18 ans (ECPAT, 2024).<\/p>\n\n\n\n<p class=\"wp-block-paragraph\">Gr\u00e2ce \u00e0 <em>Servizio Emergenza Infanzia et Telefono Azzurro, Linea di Ascolto e Consulenza<\/em>, les autorit\u00e9s italiennes ont pu identifier les probl\u00e8mes principaux relatifs aux abus en ligne envers les enfants, incluant notamment le sexting, les sollicitations sexuelles d\u2019enfants en ligne, le contenu p\u00e9dopornographique, le harc\u00e8lement sexuel et l\u2019extorsion sexuelle.<\/p>\n\n\n\n<p class=\"wp-block-paragraph\">En 2020, la police postale italienne a men\u00e9 une enqu\u00eate dans 53 provinces et 18 r\u00e9gions italiennes, ce qui a men\u00e9 \u00e0 l\u2019identification de 432 utilisateurs qui faisaient partie de groupes de discussion en ligne sur WhatsApp et Telegram, o\u00f9 du contenu p\u00e9dopornographique \u00e9tait \u00e9chang\u00e9. En outre, en 2022, la police postale italienne et le centre national de lutte contre la pornographie infantile en ligne ont enqu\u00eat\u00e9 sur 4 542 cas d\u2019exploitation sexuelle en ligne et de sollicitations d\u2019enfants. Cette enqu\u00eate a &nbsp;entra\u00een\u00e9&nbsp; l\u2019arrestation de 149 personnes (ECPAT, 2024).<\/p>\n\n\n\n<h3 class=\"wp-block-heading\"><strong>Les enfants pr\u00e9sentant des handicaps<\/strong><strong><\/strong><\/h3>\n\n\n\n<p class=\"wp-block-paragraph\">Les enfants pr\u00e9sentant des handicaps se heurtent \u00e0 des obstacles en ce qui concerne l\u2019acc\u00e8s aux soins de sant\u00e9 et aux services de soutien, ces d\u00e9fis \u00e9tant aggrav\u00e9s par les d\u00e9ficits entre les r\u00e9gions opposant le nord et le sud de l\u2019Italie. Selon la recherche men\u00e9e par <em>Instituto Catteneo<\/em> en collaboration avec UNICEF Italie et le programme de l\u2019Union europ\u00e9enne pour la sant\u00e9, les h\u00f4pitaux en Italie manquent d\u2019acc\u00e8s personnalis\u00e9 et d\u2019infrastructures pour les personnes pr\u00e9sentant des handicaps, la situation \u00e9tant particuli\u00e8rement critique dans les r\u00e9gions du sud. L\u2019\u00e9tude indiquait que 6,5 % des cliniques dans le sud proposaient des parcours de sant\u00e9 sp\u00e9cifiques aux personnes pr\u00e9sentant des handicaps, contre 29 % des cliniques dans le nord (UNICEF, 2022).<\/p>\n\n\n\n<p class=\"wp-block-paragraph\">La recherche men\u00e9e par le <em>Serafico Institute of Assisi<\/em> souligne que 36,7 % des h\u00f4pitaux ne disposent pas d\u2019infrastructures physiques accessibles, que 49,8 % d\u2019entre eux n\u2019ont pas de programmes sp\u00e9cifiques pour les personnes pr\u00e9sentant des handicaps, particuli\u00e8rement pour les maladies rares, et que 63 % des personnes devaient souvent sortir de leur r\u00e9gion afin d\u2019acc\u00e9der aux traitements n\u00e9cessaires ou pour les visites de routine. Parmi les autres in\u00e9galit\u00e9s, figuraient les barri\u00e8res culturelles et la stigmatisation sociale, la r\u00e9partition in\u00e9gale de personnel form\u00e9 et des acc\u00e8s vari\u00e9s \u00e0 l\u2019intervention rapide et aux services de r\u00e9adaptation (ANSA, 2022).<\/p>\n\n\n\n<h3 class=\"wp-block-heading\"><strong>Les enfants d\u00e9plac\u00e9s<\/strong><strong><\/strong><\/h3>\n\n\n<div class=\"wp-block-image\">\n<figure class=\"alignleft size-large is-resized\"><img loading=\"lazy\" decoding=\"async\" width=\"1024\" height=\"683\" src=\"https:\/\/www.humanium.org\/fr\/wp-content\/uploads\/2026\/08\/shutterstock_2356047899-1024x683.jpg\" alt=\"\" class=\"wp-image-62897\" style=\"aspect-ratio:1.499330655957162;width:403px;height:auto\" srcset=\"https:\/\/www.humanium.org\/fr\/wp-content\/uploads\/2026\/08\/shutterstock_2356047899-1024x683.jpg 1024w, https:\/\/www.humanium.org\/fr\/wp-content\/uploads\/2026\/08\/shutterstock_2356047899-300x200.jpg 300w, https:\/\/www.humanium.org\/fr\/wp-content\/uploads\/2026\/08\/shutterstock_2356047899-767x511.jpg 767w, https:\/\/www.humanium.org\/fr\/wp-content\/uploads\/2026\/08\/shutterstock_2356047899-1536x1024.jpg 1536w, https:\/\/www.humanium.org\/fr\/wp-content\/uploads\/2026\/08\/shutterstock_2356047899-2048x1365.jpg 2048w, https:\/\/www.humanium.org\/fr\/wp-content\/uploads\/2026\/08\/shutterstock_2356047899-830x553.jpg 830w, https:\/\/www.humanium.org\/fr\/wp-content\/uploads\/2026\/08\/shutterstock_2356047899-230x153.jpg 230w, https:\/\/www.humanium.org\/fr\/wp-content\/uploads\/2026\/08\/shutterstock_2356047899-350x233.jpg 350w, https:\/\/www.humanium.org\/fr\/wp-content\/uploads\/2026\/08\/shutterstock_2356047899-479x319.jpg 479w, https:\/\/www.humanium.org\/fr\/wp-content\/uploads\/2026\/08\/shutterstock_2356047899-272x182.jpg 272w\" sizes=\"auto, (max-width: 1024px) 100vw, 1024px\" \/><\/figure>\n<\/div>\n\n\n<p class=\"wp-block-paragraph\">Selon l\u2019Institut national de statistique italien, en janvier 2023, il y avait environ 5 millions de r\u00e9sidents \u00e9trangers en Italie, dont 157 652 \u00e9taient arriv\u00e9s par la mer. Parmi eux, 17 319 \u00e9taient des enfants migrants non accompagn\u00e9s. En d\u00e9cembre 2023, les donn\u00e9es recueillies par le minist\u00e8re du Travail et des Politiques sociales de l\u2019Italie indiquaient qu\u2019il y avait 23 226 enfants non accompagn\u00e9s en Italie, dont 88,4 % \u00e9taient des gar\u00e7ons et 11,6 % \u00e9taient des filles.<\/p>\n\n\n\n<p class=\"wp-block-paragraph\">Une grande majorit\u00e9 de ces enfants \u00e9taient d\u2019origine \u00e9gyptienne (20,1 %), les autres \u00e9tant majoritairement ukrainiens, tunisiens et gambiens. L\u2019Italie accueille une population nombreuse de r\u00e9fugi\u00e9s et de migrants issus de pays tels que le Pakistan, le Soudan, la Guin\u00e9e, la C\u00f4te d\u2019Ivoire, le Nig\u00e9ria et la Tunisie. S ouvent, les r\u00e9fugi\u00e9s, les migrants, les mineurs non accompagn\u00e9s et les enfants roms sont vuln\u00e9rables \u00e0 l\u2019exploitation, au risque de trafic, au travail forc\u00e9 et\/ou \u00e0 la mendicit\u00e9 (ECPAT, 2024).&nbsp;&nbsp;<\/p>\n\n\n\n<h3 class=\"wp-block-heading\"><strong>Les droits de l\u2019enfant<\/strong> <a href=\"https:\/\/www.humanium.org\/fr\/droits-de-lenfant-et-la-maternite-de-substitution\/\"><strong>maternit\u00e9 de substitution<\/strong><\/a><strong><\/strong><\/h3>\n\n\n\n<p class=\"wp-block-paragraph\">En Italie, les conventions en mati\u00e8re de <a href=\"https:\/\/www.humanium.org\/fr\/quel-respect-des-droits-de-lenfant-pour-la-gestation-pour-autrui\/\">maternit\u00e9 de substitution<\/a>&nbsp; r\u00e9v\u00e8lent une importante disparit\u00e9 entre les principes juridiques et leur mise en \u0153uvre. La loi sur la nationalit\u00e9 italienne repose sur le <em>jus sanguinis<\/em> ; les autorit\u00e9s italiennes refusent ou retardent donc la transcription de certificats de naissance \u00e9trangers pour les enfants dont la naissance intervient dans le cadre d\u2019une convention de maternit\u00e9 de substitution, ce qui pourrait les emp\u00eacher d\u2019avoir des parents l\u00e9galement reconnus par la loi italienne.<\/p>\n\n\n\n<p class=\"wp-block-paragraph\">Lorsque le pays de naissance n\u2019accorde pas la nationalit\u00e9 via le&nbsp; <em>jus soli<\/em> et que la citoyennet\u00e9 italienne repose sur le <em>jus sanguinis<\/em>, les enfants se retrouvent de facto apatrides pendant une tr\u00e8s longue p\u00e9riode, m\u00eame s\u2019ils ont un lien \u00e9vident et, dans certains cas, un lien biologique avec un parent italien.<\/p>\n\n\n\n<p class=\"wp-block-paragraph\">Le 16 octobre 2024, l\u2019Italie a adopt\u00e9 une loi interdisant aux couples de se rendre \u00e0 l\u2019\u00e9tranger pour recourir \u00e0 une &nbsp;gestation pour autrui (GPA) internationale. Cette loi \u00e9rige d\u00e9sormais en infraction p\u00e9nale le fait de recourir \u00e0 une m\u00e8re porteuse \u00e0 l\u2019\u00e9tranger. Les peines peuvent aller jusqu\u2019\u00e0 une amende de 1 million d\u2019euros et une peine de prison de 2 ans. Le refus de citoyennet\u00e9 pour les enfants n\u00e9s dans le cadre d\u2019une maternit\u00e9 de substitution a \u00e9t\u00e9 pr\u00e9sent\u00e9 dans l\u2019article 8 de la Constitution europ\u00e9enne des droits de l\u2019homme (CEDH).<\/p>\n\n\n\n<p class=\"wp-block-paragraph\">Dans les cas de jurisprudence de <em>Paradiso and Campanelli v Italy<\/em>, les parents d\u2019intention ne sont pas parvenus \u00e0 contester la d\u00e9cision des autorit\u00e9s italiennes sur le retrait de leur fille \u00e2g\u00e9e de neuf mois, n\u00e9e par le biais d\u2019un contrat de maternit\u00e9 de substitution gestationnelle \u00e0 <a href=\"https:\/\/www.humanium.org\/fr\/russie\/\">Moscou<\/a> en 2011. Les parents d\u2019intention avaient ramen\u00e9 leur enfant en Italie et demandaient la reconnaissance du certificat de naissance russe sur le plan juridique ; toutefois, les autorit\u00e9s italiennes l\u2019ont refus\u00e9 en se basant sur le fait que les parents d\u2019intention ne partageaient pas de lien biologique avec l\u2019enfant.<\/p>\n\n\n\n<p class=\"wp-block-paragraph\">Le tribunal italien en a conclu qu\u2019il n\u2019y avait aucune relation parent-enfant l\u00e9galement reconnue d\u2019apr\u00e8s la loi du pays et a ordonn\u00e9 que leur fille leur soit retir\u00e9e, puis plac\u00e9e . Le refus d\u2019enregistrer le certificat de naissance a \u00e9t\u00e9 respect\u00e9 pour des motifs d\u2019int\u00e9r\u00eat public, et un nouveau certificat de naissance a \u00e9t\u00e9 d\u00e9livr\u00e9, indiquant les parents comme inconnus (CRIN, 2015).<\/p>\n\n\n\n<p class=\"wp-block-paragraph\">Ce cas de jurisprudence d\u00e9montre que la procr\u00e9ation m\u00e9dicalement assist\u00e9e seule, sans liens biologiques ou l\u00e9galement reconnus, est insuffisante, selon la loi italienne, pour faire des demandes de nationalit\u00e9. Ce cas prouve qu\u2019en l\u2019absence de filiation l\u00e9galement reconnue, les enfants ne peuvent pas s\u2019appuyer sur l\u2019article 8 de la Convention europ\u00e9enne des droits de l\u2019homme (CEDH) pour forcer l\u2019acc\u00e8s \u00e0 la nationalit\u00e9 par le biais de parents d\u2019intention italiens (CRIN, 2015).<\/p>\n\n\n\n<p class=\"wp-block-paragraph\"><strong><em>\u00c9crit par Vanessa Cezarita Cordeiro<\/em> <\/strong><\/p>\n\n\n\n<p class=\"wp-block-paragraph\"><em><strong>Relu en interne par Aditi Partha<\/strong><\/em><\/p>\n\n\n\n<p class=\"wp-block-paragraph\"><em><strong>Traduit par Violaine Glatt<\/strong><\/em><\/p>\n\n\n\n<p class=\"wp-block-paragraph\"><em><strong>R\u00e9vis\u00e9 par Vianney Placide Oyono<\/strong><\/em><\/p>\n\n\n\n<p class=\"wp-block-paragraph\"><em><strong>Derni\u00e8re mise \u00e0 jour le 17&nbsp;d\u00e9cembre&nbsp;2025<\/strong><\/em><\/p>\n\n\n\n<h4 class=\"wp-block-heading\"><strong>Bibliographie:<\/strong> <strong><\/strong><\/h4>\n\n\n\n<p class=\"has-small-font-size wp-block-paragraph\">ActionAid. (2023, October 12). \u201cThere are 6 million people suffering from food poverty.\u201d Retrieved from ActionAid, accessed on 1 December 2025.<\/p>\n\n\n\n<p class=\"has-small-font-size wp-block-paragraph\">ANSA. (2022, December 1). <a href=\"https:\/\/www.ansa.it\/canale_saluteebenessere\/notizie\/sanita\/2022\/12\/01\/disabilita-italia-resta-indietro-nellaccessibilita-a-cure_7b934648-1fde-4f84-9c43-0f4230709539.html?utm_source\">\u201cItaly lags behind in accessibility to disability care.\u201d<\/a> Retrieved from ANSA, accessed on 11 December 2025.<\/p>\n\n\n\n<p class=\"has-small-font-size wp-block-paragraph\">Armellini, A. (2025, October 24). <a href=\"https:\/\/www.reuters.com\/world\/almost-4400-people-abused-by-priests-italy-victims-group-alleges-2025-10-24\/\">\u201cAlmost 4,400 people abused by priests in Italy, victims\u2019 group alleges.\u201d<\/a> Retrieved from Reuters, accessed on 8 December 2025.<\/p>\n\n\n\n<p class=\"has-small-font-size wp-block-paragraph\">Committee on the Rights of the Child. (2019, February 28). <a href=\"https:\/\/docs.un.org\/en\/CRC\/C\/ITA\/CO\/5-6\">\u201cConcluding observations on the combined fifth and sixth periodic reports of Italy.\u201d<\/a> Retrieved from United Nations Committee on the Rights of the Child, accessed on 4 December 2025.<\/p>\n\n\n\n<p class=\"has-small-font-size wp-block-paragraph\">Child Rights International Network. (2015, January 27). <a href=\"https:\/\/archive.crin.org\/en\/library\/legal-database\/paradiso-and-campanelli-v-italy.html\">\u201c<em>Paradiso and Campanelli v Italy.\u201d<\/em><\/a> <em><\/em>Retrieved from CRIN, accessed on 16 December 2025.<\/p>\n\n\n\n<p class=\"has-small-font-size wp-block-paragraph\">ECPAT. (2024, January). <a href=\"https:\/\/ecpat.org\/wp-content\/uploads\/2024\/02\/Joint-Country-Overview_Italy_12February2024.pdf\">\u201cCountry overview ending child sexual abuse and exploitation: state-of-play in light of the Lanzarote Convention Italy.\u201d<\/a> Retrieved from ECPAT Italy, accessed on 7 December 2025.<\/p>\n\n\n\n<p class=\"has-small-font-size wp-block-paragraph\">Eurochild. (2023). <a href=\"https:\/\/eurochild.org\/uploads\/2023\/01\/Italy_Invisible-children-Eurochild-2022-report-on-children-in-need-across-Europe.pdf\">\u201cCountry profile 2022 Italy.\u201d<\/a> Retrieved from Eurochild, accessed on 4 December 2025.<\/p>\n\n\n\n<p class=\"has-small-font-size wp-block-paragraph\">European Commission. (2024, October 1). <a href=\"https:\/\/eurydice.eacea.ec.europa.eu\/eurypedia\/italy\/overview\">\u201cEurydice Italy.\u201d<\/a> Retrieved from European Commission, accessed on 1 December 2025.<\/p>\n\n\n\n<p class=\"has-small-font-size wp-block-paragraph\">European Commission. (2025, June 24). <a href=\"https:\/\/national-policies.eacea.ec.europa.eu\/youthwiki\/chapters\/italy\/61-general-context#:~:text=Recent%20data%20from%20ISTAT%20(2023,access%20to%20education%20and%20training.\">\u201cEducation and training.\u201d<\/a> Retrieved from European Commission, accessed on 1 December 2025.<\/p>\n\n\n\n<p class=\"has-small-font-size wp-block-paragraph\">Eurostat. (2025, November 14). <a href=\"https:\/\/ec.europa.eu\/eurostat\/databrowser\/view\/tepsr_lm412\/default\/table?lang=en\">\u201cChildren (aged less than 18) at risk of poverty or social exclusion.\u201d<\/a> Retrieved from Eurostat, accessed on 4 December 2025.<\/p>\n\n\n\n<p class=\"has-small-font-size wp-block-paragraph\">Giuffrida, A. (2022, November 17). <a href=\"https:\/\/www.theguardian.com\/world\/2022\/nov\/17\/italy-church-report-into-sexual-abuses-a-joke-say-victims-groups\">\u201cItaly church report into sexual abuses a \u2018joke\u2019 say victims\u2019 groups.\u201d<\/a> Retrieved from The Guardian, accessed on 8 December 2025.<\/p>\n\n\n\n<p class=\"has-small-font-size wp-block-paragraph\">Global Education Time. (2025, July 22). <a href=\"https:\/\/www.globaleducationtime.eu\/early-school-leaving-in-italy-what-role-for-gce\/#:~:text=22%20July%202025,difficulties%20in%20reaching%20the%20schools.\">\u201cEarly school leaving in Italy:<\/a> <a href=\"https:\/\/www.globaleducationtime.eu\/early-school-leaving-in-italy-what-role-for-gce\/#:~:text=22%20July%202025,difficulties%20in%20reaching%20the%20schools.\">What role for GCE?\u201d<\/a> Retrieved from Global Education Time, accessed on 1 December 2025.<\/p>\n\n\n\n<p class=\"has-small-font-size wp-block-paragraph\">HM Passport Office. (2025, October 28). <a href=\"https:\/\/www.gov.uk\/government\/publications\/italy-knowledge-base-profile\/italy-knowledge-base-profile#:~:text=Passport%20Office%20purposes.-,Birth%20certificates,Nascita'%20(Acts%20of%20Birth)\">\u201cItaly: knowledge base profile.\u201d<\/a> Retrieved from HM Passport Office, accessed on 8 December 2025.<\/p>\n\n\n\n<p class=\"has-small-font-size wp-block-paragraph\">Pontifical Commission for the Protection of Minors. (2024, October). <a href=\"https:\/\/www.tutelaminorum.org\/wp-content\/uploads\/2024\/10\/English-AR-Digital-Version-2024-1.pdf.pagespeed.ce.CQaxFo87EK.pdf\">\u201cAnnual report on church policies and procedures for safeguarding.\u201d<\/a> Retrieved from Pontifical Commission for the Protection of Minors, accessed on 8 October 2025.<\/p>\n\n\n\n<p class=\"has-small-font-size wp-block-paragraph\">Signoretta, P. Marino, J., Berengo, M., Di Palma, G. (2025, December 3). <a href=\"https:\/\/www.britannica.com\/place\/Italy\/Land\">\u201cItaly.\u201d<\/a> Retrieved from Encyclopaedia Britannica, accessed on 3 December 2025.<\/p>\n\n\n\n<p class=\"has-small-font-size wp-block-paragraph\">Tikkanen, R., Osborn, R., Mossialos, E., Djordjevic, A., Whatron, G. (2020, June 5). <a href=\"https:\/\/www.commonwealthfund.org\/international-health-policy-center\/countries\/italy#:~:text=Universal%20coverage%20is%20provided%20through,appointed%20by%20the%20regional%20governor.\">\u201cInternational health care systems profiles \u2013 Italy.\u201d<\/a> Retrieved from The Commonwealth Fund, accessed on 1 December 2025.<\/p>\n\n\n\n<p class=\"has-small-font-size wp-block-paragraph\">UNICEF Libya. (2024, August 13). <a href=\"https:\/\/reliefweb.int\/report\/libya\/italy-contributes-eu3-million-enhance-climate-resilient-wash-services-libya-enar\">\u201cItaly contributes \u20ac3 million to Enhance Climate-Resilient WASH Services in Libya.\u201d<\/a> Retrieved from ReliefWeb, accessed on 11 December 2025.<\/p>\n\n\n\n<p class=\"has-small-font-size wp-block-paragraph\">UNICEF Syrian Arab Republic. (2022, July 26). <a href=\"https:\/\/www.unicef.org\/syria\/press-releases\/italy-contributes-25-million-support-vulnerable-communities-homs-enhanced-access\">\u201cItaly contributes \u20ac2.5 million to support vulnerable communities in Homs with enhanced access to safe water, sanitation services and livelihoods.\u201d<\/a> Retrieved from UNICEF Syrian Arab Republic, accessed on 11 December 2025.<\/p>\n\n\n\n<p class=\"has-small-font-size wp-block-paragraph\">UNICEF., Instituto Cattaneo., Health Programme of the European Union. (2022, June 15). <a href=\"https:\/\/www.unicef.org\/eca\/media\/23051\/file\/Deep%20Dive%20Italy%20-%20Main%20Report%20EN.pdf\">\u201cDeep dive child guarantee \u2013 analysis of politics, programmes, budgets addressing child poverty and social exclusion in Italy.\u201d<\/a> Retrieved from UNICEF, accessed on 1 December 2025.<\/p>\n\n\n\n<p class=\"has-small-font-size wp-block-paragraph\">UNICEF., WHO. (2024). <a href=\"https:\/\/data.unicef.org\/resources\/jmp-wash-in-schools-2024\/#:~:text=Immunization-,Progress%20on%20drinking%20water%2C%20sanitation%20and%20hygiene%20in%20schools%202015,Special%20focus%20on%20menstrual%20health&amp;amp;text=The%20WHO\/UNICEF%20Joint%20Monitoring,will%20have%20no%20hygiene%20service.\">\u201cProgress on drinking water, sanitation and hygiene in schools 2015-2023: special focus on menstrual health.\u201d<\/a> Retrieved from UNICEF, accessed on 13 December 2025.<\/p>\n\n\n\n<hr class=\"wp-block-separator has-alpha-channel-opacity\"\/>\n\n\n\n<p class=\"has-small-font-size wp-block-paragraph\"><a href=\"#_ftnref1\" id=\"_ftn1\">[1]<\/a> Cet article ne pr\u00e9tend en aucun cas donner un aper\u00e7u complet ou repr\u00e9sentatif des droits des enfants en Italie ; en effet, l\u2019un des nombreux d\u00e9fis r\u00e9side dans le manque d\u2019informations actualis\u00e9es sur les mineurs dans le pays, dont la plupart sont peu fiables, non repr\u00e9sentatives, d\u00e9su\u00e8tes ou simplement inexistantes.<\/p>\n\n\n\n<p class=\"has-small-font-size wp-block-paragraph\"><a href=\"#_ftnref2\" id=\"_ftn2\">[2]<\/a> Il n\u2019y a pas de statistiques officielles sur le nombre de victimes et nous manquons de donn\u00e9es fiables. La Commission est explicite sur le fait qu\u2019il ne s\u2019agit pas d\u2019un audit sur l\u2019incidence des abus, car les donn\u00e9es recueillies restent in\u00e9gales. La plupart des donn\u00e9es sont donc recueillies par des organismes caritatifs ind\u00e9pendants qui travaillent en \u00e9troite collaboration avec les victimes, Rete l\u2019Abuso \u00e9tant l\u2019un des plus grands groupes.<\/p>\n\n\n\n<p class=\"wp-block-paragraph\"><\/p>\n","protected":false},"excerpt":{"rendered":"<p>Concr\u00e9tiser les droits de l\u2019enfant en Italie L\u2019Italie dispose d\u2019un cadre solide en mati\u00e8re de protection et de d\u00e9veloppement des enfants, tirant sa l\u00e9gitimit\u00e9 d\u2019un long pass\u00e9 d\u2019institutions nationales efficaces. Le pays a \u00e9galement ratifi\u00e9 tous les cadres juridiques internationaux majeurs pour la protection des droits de l\u2019enfant. Malgr\u00e9 cela, il reste encore des progr\u00e8s [&hellip;]<\/p>\n","protected":false},"author":65,"featured_media":0,"parent":0,"menu_order":0,"comment_status":"closed","ping_status":"closed","template":"","meta":{"footnotes":""},"class_list":["post-14189","page","type-page","status-publish","hentry"],"yoast_head":"<!-- This site is optimized with the Yoast SEO plugin v28.3 - https:\/\/yoast.com\/product\/yoast-seo-wordpress\/ -->\n<title>Enfants d&#039;Italie - Humanium<\/title>\n<meta name=\"description\" content=\"L&#039;Italie, subit une crise \u00e9conomique et sociale difficile. Le pays a encore des progr\u00e8s \u00e0 faire en mati\u00e8re des Droits de l&#039;Homme.\" \/>\n<meta name=\"robots\" content=\"index, follow, max-snippet:-1, max-image-preview:large, max-video-preview:-1\" \/>\n<link rel=\"canonical\" href=\"https:\/\/www.humanium.org\/fr\/italie\/\" \/>\n<meta property=\"og:locale\" content=\"fr_FR\" \/>\n<meta property=\"og:type\" content=\"article\" \/>\n<meta property=\"og:title\" content=\"Enfants d&#039;Italie - Humanium\" \/>\n<meta property=\"og:description\" content=\"L&#039;Italie, subit une crise \u00e9conomique et sociale difficile. Le pays a encore des progr\u00e8s \u00e0 faire en mati\u00e8re des Droits de l&#039;Homme.\" \/>\n<meta property=\"og:url\" content=\"https:\/\/www.humanium.org\/fr\/italie\/\" \/>\n<meta property=\"og:site_name\" content=\"Humanium\" \/>\n<meta property=\"article:modified_time\" content=\"2026-08-30T16:03:59+00:00\" \/>\n<meta name=\"twitter:card\" content=\"summary_large_image\" \/>\n<meta name=\"twitter:label1\" content=\"Dur\u00e9e de lecture estim\u00e9e\" \/>\n\t<meta name=\"twitter:data1\" content=\"27 minutes\" \/>\n<script type=\"application\/ld+json\" class=\"yoast-schema-graph\">{\"@context\":\"https:\\\/\\\/schema.org\",\"@graph\":[{\"@type\":\"WebPage\",\"@id\":\"https:\\\/\\\/www.humanium.org\\\/fr\\\/italie\\\/\",\"url\":\"https:\\\/\\\/www.humanium.org\\\/fr\\\/italie\\\/\",\"name\":\"Enfants d'Italie - Humanium\",\"isPartOf\":{\"@id\":\"https:\\\/\\\/www.humanium.org\\\/fr\\\/#website\"},\"primaryImageOfPage\":{\"@id\":\"https:\\\/\\\/www.humanium.org\\\/fr\\\/italie\\\/#primaryimage\"},\"image\":{\"@id\":\"https:\\\/\\\/www.humanium.org\\\/fr\\\/italie\\\/#primaryimage\"},\"thumbnailUrl\":\"https:\\\/\\\/www.humanium.org\\\/en\\\/wp-content\\\/uploads\\\/2026\\\/08\\\/shutterstock_1689243850_edited-scaled.jpeg\",\"datePublished\":\"2011-11-06T18:00:08+00:00\",\"dateModified\":\"2026-08-30T16:03:59+00:00\",\"description\":\"L'Italie, subit une crise \u00e9conomique et sociale difficile. Le pays a encore des progr\u00e8s \u00e0 faire en mati\u00e8re des Droits de l'Homme.\",\"breadcrumb\":{\"@id\":\"https:\\\/\\\/www.humanium.org\\\/fr\\\/italie\\\/#breadcrumb\"},\"inLanguage\":\"fr-FR\",\"potentialAction\":[{\"@type\":\"ReadAction\",\"target\":[\"https:\\\/\\\/www.humanium.org\\\/fr\\\/italie\\\/\"]}]},{\"@type\":\"ImageObject\",\"inLanguage\":\"fr-FR\",\"@id\":\"https:\\\/\\\/www.humanium.org\\\/fr\\\/italie\\\/#primaryimage\",\"url\":\"https:\\\/\\\/www.humanium.org\\\/en\\\/wp-content\\\/uploads\\\/2026\\\/08\\\/shutterstock_1689243850_edited-scaled.jpeg\",\"contentUrl\":\"https:\\\/\\\/www.humanium.org\\\/en\\\/wp-content\\\/uploads\\\/2026\\\/08\\\/shutterstock_1689243850_edited-scaled.jpeg\"},{\"@type\":\"BreadcrumbList\",\"@id\":\"https:\\\/\\\/www.humanium.org\\\/fr\\\/italie\\\/#breadcrumb\",\"itemListElement\":[{\"@type\":\"ListItem\",\"position\":1,\"name\":\"Home\",\"item\":\"https:\\\/\\\/www.humanium.org\\\/fr\\\/\"},{\"@type\":\"ListItem\",\"position\":2,\"name\":\"Enfants d&rsquo;Italie\"}]},{\"@type\":\"WebSite\",\"@id\":\"https:\\\/\\\/www.humanium.org\\\/fr\\\/#website\",\"url\":\"https:\\\/\\\/www.humanium.org\\\/fr\\\/\",\"name\":\"Humanium\",\"description\":\"Les enfants d\u2019abord !\",\"potentialAction\":[{\"@type\":\"SearchAction\",\"target\":{\"@type\":\"EntryPoint\",\"urlTemplate\":\"https:\\\/\\\/www.humanium.org\\\/fr\\\/?s={search_term_string}\"},\"query-input\":{\"@type\":\"PropertyValueSpecification\",\"valueRequired\":true,\"valueName\":\"search_term_string\"}}],\"inLanguage\":\"fr-FR\"}]}<\/script>\n<!-- \/ Yoast SEO plugin. -->","yoast_head_json":{"title":"Enfants d'Italie - Humanium","description":"L'Italie, subit une crise \u00e9conomique et sociale difficile. Le pays a encore des progr\u00e8s \u00e0 faire en mati\u00e8re des Droits de l'Homme.","robots":{"index":"index","follow":"follow","max-snippet":"max-snippet:-1","max-image-preview":"max-image-preview:large","max-video-preview":"max-video-preview:-1"},"canonical":"https:\/\/www.humanium.org\/fr\/italie\/","og_locale":"fr_FR","og_type":"article","og_title":"Enfants d'Italie - Humanium","og_description":"L'Italie, subit une crise \u00e9conomique et sociale difficile. Le pays a encore des progr\u00e8s \u00e0 faire en mati\u00e8re des Droits de l'Homme.","og_url":"https:\/\/www.humanium.org\/fr\/italie\/","og_site_name":"Humanium","article_modified_time":"2026-08-30T16:03:59+00:00","twitter_card":"summary_large_image","twitter_misc":{"Dur\u00e9e de lecture estim\u00e9e":"27 minutes"},"schema":{"@context":"https:\/\/schema.org","@graph":[{"@type":"WebPage","@id":"https:\/\/www.humanium.org\/fr\/italie\/","url":"https:\/\/www.humanium.org\/fr\/italie\/","name":"Enfants d'Italie - Humanium","isPartOf":{"@id":"https:\/\/www.humanium.org\/fr\/#website"},"primaryImageOfPage":{"@id":"https:\/\/www.humanium.org\/fr\/italie\/#primaryimage"},"image":{"@id":"https:\/\/www.humanium.org\/fr\/italie\/#primaryimage"},"thumbnailUrl":"https:\/\/www.humanium.org\/en\/wp-content\/uploads\/2026\/08\/shutterstock_1689243850_edited-scaled.jpeg","datePublished":"2011-11-06T18:00:08+00:00","dateModified":"2026-08-30T16:03:59+00:00","description":"L'Italie, subit une crise \u00e9conomique et sociale difficile. Le pays a encore des progr\u00e8s \u00e0 faire en mati\u00e8re des Droits de l'Homme.","breadcrumb":{"@id":"https:\/\/www.humanium.org\/fr\/italie\/#breadcrumb"},"inLanguage":"fr-FR","potentialAction":[{"@type":"ReadAction","target":["https:\/\/www.humanium.org\/fr\/italie\/"]}]},{"@type":"ImageObject","inLanguage":"fr-FR","@id":"https:\/\/www.humanium.org\/fr\/italie\/#primaryimage","url":"https:\/\/www.humanium.org\/en\/wp-content\/uploads\/2026\/08\/shutterstock_1689243850_edited-scaled.jpeg","contentUrl":"https:\/\/www.humanium.org\/en\/wp-content\/uploads\/2026\/08\/shutterstock_1689243850_edited-scaled.jpeg"},{"@type":"BreadcrumbList","@id":"https:\/\/www.humanium.org\/fr\/italie\/#breadcrumb","itemListElement":[{"@type":"ListItem","position":1,"name":"Home","item":"https:\/\/www.humanium.org\/fr\/"},{"@type":"ListItem","position":2,"name":"Enfants d&rsquo;Italie"}]},{"@type":"WebSite","@id":"https:\/\/www.humanium.org\/fr\/#website","url":"https:\/\/www.humanium.org\/fr\/","name":"Humanium","description":"Les enfants d\u2019abord !","potentialAction":[{"@type":"SearchAction","target":{"@type":"EntryPoint","urlTemplate":"https:\/\/www.humanium.org\/fr\/?s={search_term_string}"},"query-input":{"@type":"PropertyValueSpecification","valueRequired":true,"valueName":"search_term_string"}}],"inLanguage":"fr-FR"}]}},"_links":{"self":[{"href":"https:\/\/www.humanium.org\/fr\/wp-json\/wp\/v2\/pages\/14189","targetHints":{"allow":["GET"]}}],"collection":[{"href":"https:\/\/www.humanium.org\/fr\/wp-json\/wp\/v2\/pages"}],"about":[{"href":"https:\/\/www.humanium.org\/fr\/wp-json\/wp\/v2\/types\/page"}],"author":[{"embeddable":true,"href":"https:\/\/www.humanium.org\/fr\/wp-json\/wp\/v2\/users\/65"}],"replies":[{"embeddable":true,"href":"https:\/\/www.humanium.org\/fr\/wp-json\/wp\/v2\/comments?post=14189"}],"version-history":[{"count":8,"href":"https:\/\/www.humanium.org\/fr\/wp-json\/wp\/v2\/pages\/14189\/revisions"}],"predecessor-version":[{"id":62900,"href":"https:\/\/www.humanium.org\/fr\/wp-json\/wp\/v2\/pages\/14189\/revisions\/62900"}],"wp:attachment":[{"href":"https:\/\/www.humanium.org\/fr\/wp-json\/wp\/v2\/media?parent=14189"}],"curies":[{"name":"wp","href":"https:\/\/api.w.org\/{rel}","templated":true}]}}