{"id":14368,"date":"2011-09-26T13:40:30","date_gmt":"2011-09-26T13:40:30","guid":{"rendered":"http:\/\/www.humanium.org\/fr\/?page_id=14368"},"modified":"2025-12-05T15:03:32","modified_gmt":"2025-12-05T15:03:32","slug":"enfant-et-sida","status":"publish","type":"page","link":"https:\/\/www.humanium.org\/fr\/enfant-et-sida\/","title":{"rendered":"Enfants atteints du VIH\/SIDA"},"content":{"rendered":"\n<p class=\"wp-block-paragraph\"><strong>Le virus de l\u2019immunod\u00e9ficience humaine (VIH) qui, dans sa forme la plus grave, devient le syndrome d\u2019immunod\u00e9ficience acquise (SIDA) affecte 39\u00a0millions de personnes \u00e0 travers le monde (UNICEF, 2023). Parmi elles, 2,58 millions sont des jeunes de moins de 19 ans (UNICEF, 2019). Cependant, outre les d\u00e9fis m\u00e9dicaux et les absences parentales, le VIH peut \u00e9galement \u00eatre un \u00e9l\u00e9ment d\u00e9clencheur de plusieurs probl\u00e8mes chez les enfants, notamment en perp\u00e9tuant les pr\u00e9jug\u00e9s culturels associ\u00e9s \u00e0 cette infection. On peut citer la <\/strong><a href=\"https:\/\/www.humanium.org\/fr\/pauvrete\/\"><strong>pauvret\u00e9<\/strong><\/a><strong>, la perte d\u2019opportunit\u00e9s et la <\/strong><a href=\"https:\/\/www.humanium.org\/fr\/discriminations\/\"><strong>discrimination<\/strong><\/a><strong>.\u00a0<\/strong><\/p>\n\n\n\n<figure class=\"wp-block-image size-large\"><img loading=\"lazy\" decoding=\"async\" width=\"1024\" height=\"683\" src=\"https:\/\/www.humanium.org\/fr\/wp-content\/uploads\/2024\/11\/shutterstock_758190052-1024x683.jpg\" alt=\"\" class=\"wp-image-57728\" srcset=\"https:\/\/www.humanium.org\/fr\/wp-content\/uploads\/2024\/11\/shutterstock_758190052-1024x683.jpg 1024w, https:\/\/www.humanium.org\/fr\/wp-content\/uploads\/2024\/11\/shutterstock_758190052-300x200.jpg 300w, https:\/\/www.humanium.org\/fr\/wp-content\/uploads\/2024\/11\/shutterstock_758190052-768x512.jpg 768w, https:\/\/www.humanium.org\/fr\/wp-content\/uploads\/2024\/11\/shutterstock_758190052-1536x1024.jpg 1536w, https:\/\/www.humanium.org\/fr\/wp-content\/uploads\/2024\/11\/shutterstock_758190052-2048x1365.jpg 2048w, https:\/\/www.humanium.org\/fr\/wp-content\/uploads\/2024\/11\/shutterstock_758190052-830x553.jpg 830w, https:\/\/www.humanium.org\/fr\/wp-content\/uploads\/2024\/11\/shutterstock_758190052-230x153.jpg 230w, https:\/\/www.humanium.org\/fr\/wp-content\/uploads\/2024\/11\/shutterstock_758190052-350x233.jpg 350w, https:\/\/www.humanium.org\/fr\/wp-content\/uploads\/2024\/11\/shutterstock_758190052-480x320.jpg 480w, https:\/\/www.humanium.org\/fr\/wp-content\/uploads\/2024\/11\/shutterstock_758190052-272x182.jpg 272w\" sizes=\"auto, (max-width: 1024px) 100vw, 1024px\" \/><\/figure>\n\n\n\n<h2 class=\"wp-block-heading\"><strong><strong>D\u00e9finition du VIH\/SIDA<\/strong><\/strong><\/h2>\n\n\n\n<p class=\"wp-block-paragraph\">Le VIH est un virus qui s\u2019attaque au syst\u00e8me immunitaire de l\u2019organisme. Ce virus proviendrait d\u2019une sous-esp\u00e8ce de chimpanz\u00e9s que l\u2019on retrouve en Afrique centrale. Bien que le VIH soit incurable, lorsque des soins m\u00e9dicaux appropri\u00e9s sont dispens\u00e9s, il devient possible de le contr\u00f4ler et de le g\u00e9rer\u2009; ce qui permet de vivre longtemps et en bonne sant\u00e9 (Centres pour le contr\u00f4le et la pr\u00e9vention des maladies, 2022).&nbsp;<\/p>\n\n\n\n<p class=\"wp-block-paragraph\">Cependant, si le VIH n&rsquo;est pas trait\u00e9 de mani\u00e8re ad\u00e9quate, il peut \u00e9voluer vers le SIDA, qui est le troisi\u00e8me et le plus avanc\u00e9 stade du VIH. Les personnes qui souffrent du SIDA ont un syst\u00e8me immunitaire tr\u00e8s affaibli, ce qui les rend vuln\u00e9rables \u00e0 d\u2019autres maladies&nbsp;: le plus souvent des infections opportunistes (Centres pour le contr\u00f4le et la pr\u00e9vention des maladies, 2022).&nbsp;<\/p>\n\n\n\n<p class=\"wp-block-paragraph\">Les am\u00e9liorations globales en mati\u00e8re de soins de sant\u00e9 et de l\u2019accessibilit\u00e9 aux services de sant\u00e9 ont contribu\u00e9 de mani\u00e8re consid\u00e9rable \u00e0 diminuer le taux de mortalit\u00e9 des patients diagnostiqu\u00e9s comme ayant le SIDA. En 2022, le nombre de morts \u00e9tait estim\u00e9 \u00e0 630\u2009000, soit 51&nbsp;% de tous les patients atteints de SIDA au cours de cette ann\u00e9e-l\u00e0 (UNAIDS, 2023). En 2004, environ 70&nbsp;% de toutes les personnes atteintes de SIDA en sont d\u00e9c\u00e9d\u00e9es (UNAIDS, 2023).&nbsp;<\/p>\n\n\n\n<h2 class=\"wp-block-heading\"><strong>Transmission, pr\u00e9vention, sympt\u00f4mes et gestion<\/strong><\/h2>\n\n\n\n<p class=\"wp-block-paragraph\">Le VIH se transmet par contact direct avec, ou par l\u2019\u00e9change, de fluides corporels (Together We Can, 2023). Par cons\u00e9quent, le seul moyen s\u00fbr et efficace de ne pas contracter le virus consiste \u00e0 \u00e9viter d\u2019\u00e9changer des fluides corporels avec une personne atteinte de cette maladie. <\/p>\n\n\n\n<p class=\"wp-block-paragraph\">Des m\u00e9dicaments existent pour r\u00e9duire le risque de contracter le virus en cas de contact avec les fluides corporels d&rsquo;une personne s\u00e9ropositive (on parle ici de prophylaxie pr\u00e9-exposition), mais cela ne saurait garantir une protection contre une \u00e9ventuelle infection (National Health Service UK, 2023).<\/p>\n\n\n\n<p class=\"wp-block-paragraph\">Les patients ayant re\u00e7u un diagnostic d&rsquo;infection par le VIH peuvent r\u00e9duire leur risque de contracter des infections opportunistes en prenant quelques mesures pr\u00e9ventives, comme prendre des <a href=\"https:\/\/www.humanium.org\/fr\/comprendre-droits-enfant\/droit-a-la-sante\/#https:\/\/www.humanium.org\/fr\/comprendre-droits-enfant\/droit-a-la-sante\/\">m\u00e9dicaments<\/a>, des vaccins, r\u00e9duire leur exposition aux <a href=\"https:\/\/www.humanium.org\/fr\/sexualite-des-adolescents\/\">maladies sexuellement transmissibles<\/a> ou transmises par fluides corporels, et am\u00e9liorer de mani\u00e8re g\u00e9n\u00e9rale leurs pratiques sanitaires (Centres pour le contr\u00f4le et la pr\u00e9vention des maladies, 2022).&nbsp;<\/p>\n\n\n\n<p class=\"wp-block-paragraph\">Toutes les personnes infect\u00e9es par le VIH ne pr\u00e9sentent pas de sympt\u00f4mes, ce qui rend le d\u00e9pistage extr\u00eamement important. Les personnes qui en pr\u00e9sentent manifestent souvent, quelques semaines apr\u00e8s avoir \u00e9t\u00e9 infect\u00e9s, des sympt\u00f4mes semblables \u00e0 ceux de la grippe et ces sympt\u00f4mes peuvent persister plusieurs semaines (Centers for Disease Control and Prevention, 2022).&nbsp;<\/p>\n\n\n\n<p class=\"wp-block-paragraph\">Par contre, les personnes atteintes du SIDA peuvent pr\u00e9senter un ensemble de sympt\u00f4mes d\u00e9pendant des infections qu\u2019elles contractent, en raison de leur syst\u00e8me immunitaire affaibli. Ces sympt\u00f4mes peuvent aller d&rsquo;infections visibles (infections fongiques et des affections cutan\u00e9es), \u00e0 plusieurs formes de cancer (Centers for Disease Control and Prevention, 2022). Le nombre de sympt\u00f4mes possibles est large et est li\u00e9 au type d\u2019infections contract\u00e9es.&nbsp;<\/p>\n\n\n\n<p class=\"wp-block-paragraph\">\u00c9tant donn\u00e9 que le VIH est incurable, il est primordial pour les personnes infect\u00e9es par ce virus de contr\u00f4ler la progression de leur infection, et d\u2019\u00e9viter toute autre potentielle infection. Tr\u00e8s souvent, les personnes atteintes de VIH sont encourag\u00e9es \u00e0 faire des analyses de sang et de prendre des m\u00e9dicaments antir\u00e9troviraux (traitement antir\u00e9troviral, ART) dont le but est de stopper la r\u00e9plication du virus dans l\u2019organisme (NHS, 2023). Une combinaison de ces m\u00e9dicaments est souvent prescrite \u00e0 diff\u00e9rentes doses, compte tenu de la propension du virus \u00e0 s\u2019adapter rapidement et \u00e0 devenir r\u00e9sistant aux traitements (NHS, 2023).&nbsp;<\/p>\n\n\n\n<h2 class=\"wp-block-heading\"><strong>Pr\u00e9valence mondiale des enfants vivant avec le VIH\/SIDA<\/strong><\/h2>\n\n\n\n<p class=\"wp-block-paragraph\">L\u2019ampleur mondiale du VIH\/SIDA, ainsi que les pr\u00e9jug\u00e9s relatifs au virus, rendent difficiles l\u2019estimation de son \u00e9tendue et de sa pr\u00e9valence r\u00e9elle. Les recherches actuelles concernant les enfants se concentrent davantage sur quelques r\u00e9gions o\u00f9 les taux d\u2019infection sont les plus \u00e9lev\u00e9s.&nbsp;<\/p>\n\n\n\n<h3 class=\"wp-block-heading\">Afrique&nbsp;<\/h3>\n\n\n<div class=\"wp-block-image\">\n<figure class=\"alignleft size-large is-resized\"><img loading=\"lazy\" decoding=\"async\" width=\"1024\" height=\"685\" src=\"https:\/\/www.humanium.org\/fr\/wp-content\/uploads\/2024\/11\/shutterstock_225930988-1024x685.jpg\" alt=\"\" class=\"wp-image-57730\" style=\"width:340px;height:auto\" srcset=\"https:\/\/www.humanium.org\/fr\/wp-content\/uploads\/2024\/11\/shutterstock_225930988-1024x685.jpg 1024w, https:\/\/www.humanium.org\/fr\/wp-content\/uploads\/2024\/11\/shutterstock_225930988-300x201.jpg 300w, https:\/\/www.humanium.org\/fr\/wp-content\/uploads\/2024\/11\/shutterstock_225930988-768x514.jpg 768w, https:\/\/www.humanium.org\/fr\/wp-content\/uploads\/2024\/11\/shutterstock_225930988-1536x1028.jpg 1536w, https:\/\/www.humanium.org\/fr\/wp-content\/uploads\/2024\/11\/shutterstock_225930988-2048x1371.jpg 2048w, https:\/\/www.humanium.org\/fr\/wp-content\/uploads\/2024\/11\/shutterstock_225930988-830x556.jpg 830w, https:\/\/www.humanium.org\/fr\/wp-content\/uploads\/2024\/11\/shutterstock_225930988-230x154.jpg 230w, https:\/\/www.humanium.org\/fr\/wp-content\/uploads\/2024\/11\/shutterstock_225930988-350x234.jpg 350w, https:\/\/www.humanium.org\/fr\/wp-content\/uploads\/2024\/11\/shutterstock_225930988-480x321.jpg 480w, https:\/\/www.humanium.org\/fr\/wp-content\/uploads\/2024\/11\/shutterstock_225930988-272x182.jpg 272w\" sizes=\"auto, (max-width: 1024px) 100vw, 1024px\" \/><\/figure>\n<\/div>\n\n\n<p class=\"wp-block-paragraph\">Les donn\u00e9es r\u00e9centes fournies par le Fond des Nations Unies pour l\u2019enfance (UNICEF) font \u00e9tat d\u2019un nombre important d\u2019enfants atteints du VIH en Afrique. Selon des recherches effectu\u00e9es en 2019, 90&nbsp;% de tous les enfants atteints de VIH dans le monde se retrouvaient en Afrique subsaharienne (UNICEF, 2019). Cette information est confirm\u00e9e par les donn\u00e9es post-pand\u00e9mies de 2020, selon lesquelles 89&nbsp;% des nouvelles infections chez les enfants, et 88&nbsp;% des infections confirm\u00e9es chez les enfants et les adolescents avaient eu lieu en Afrique subsaharienne (UNICEF).<\/p>\n\n\n\n<p class=\"wp-block-paragraph\">Malgr\u00e9 les progr\u00e8s effectu\u00e9s dans le cadre du traitement fourni aux <a href=\"https:\/\/www.humanium.org\/fr\/sexualite-des-adolescents\/\">femmes enceintes<\/a> atteintes du VIH \u00e0 travers le continent, les enfants rencontrent toujours des difficult\u00e9s pour b\u00e9n\u00e9ficier de l\u2019assistance m\u00e9dicale dont ils ont besoin. Entre 2011 et 2018, le nombre de femmes b\u00e9n\u00e9ficiant d&rsquo;un traitement antir\u00e9troviral a quadrupl\u00e9, alors que sur la m\u00eame p\u00e9riode, le nombre d\u2019enfants recevant des antir\u00e9troviraux a \u00e0 peine doubl\u00e9 (UNICEF, 2019). <\/p>\n\n\n\n<p class=\"wp-block-paragraph\">\u00c0 peine la moiti\u00e9 des enfants \u00e2g\u00e9s de 0 \u00e0 14&nbsp;ans vivant avec le VIH sur le continent re\u00e7oit un traitement (UNICEF, 2019). Ce chiffre tombe \u00e0 28&nbsp;% pour les enfants qui se trouvent en Afrique centrale et en Afrique de l\u2019Ouest (UNICEF, 2019). Environ 80&nbsp;% des nouvelles infections enregistr\u00e9es chez les adolescent\u00b7es en 2019 concernaient des filles (UNICEF, 2019).&nbsp;<\/p>\n\n\n\n<h3 class=\"wp-block-heading\">R\u00e9gion Asie de l\u2019Est et Pacifique&nbsp;<\/h3>\n\n\n\n<p class=\"wp-block-paragraph\">En 2018, l\u2019UNICEF a affirm\u00e9 que pr\u00e8s de 100\u2009000&nbsp;enfants, en Asie et dans le Pacifique, \u00e9taient infect\u00e9\u00b7es par le VIH (UNICEF, nd). Le d\u00e9fi dans cette r\u00e9gion est particuli\u00e8rement important \u00e9tant donn\u00e9 la pr\u00e9sence d\u2019enfants de moins de 5&nbsp;ans d\u00e9j\u00e0 infect\u00e9s par le virus. 68&nbsp;% de ces enfants ont contract\u00e9 le virus lors de la grossesse ou de l\u2019accouchement (UNICEF, n.d). Environ 75&nbsp;% de tous les d\u00e9c\u00e8s d\u2019enfants et d\u2019adolescents li\u00e9s au SIDA dans cette r\u00e9gion surviennent avant l\u2019\u00e2ge de 5&nbsp;ans (UNICEF, 2018). <\/p>\n\n\n\n<p class=\"wp-block-paragraph\">De 2010 \u00e0 2017, le nombre de nouvelles infections chez les enfants et les adolescents est rest\u00e9 constant, sans que soient enregistr\u00e9s ni progr\u00e8s significatif dans la r\u00e9duction de la transmission ni signes d&rsquo;augmentation des taux de contraction (UNICEF, 2018). 68&nbsp;% des enfants de ces r\u00e9gions sont sous traitement antir\u00e9troviral. Cependant, moins de 30&nbsp;% des infections par le VIH chez les nourrissons sont diagnostiqu\u00e9es (UNICEF, 2018).<\/p>\n\n\n\n<h3 class=\"wp-block-heading\">Autres r\u00e9gions affect\u00e9es<\/h3>\n\n\n\n<p class=\"wp-block-paragraph\">En dehors de l\u2019Afrique, de l\u2019Asie de l\u2019Est et du Pacifique, seulement quelques pays comptent plus d\u2019un millier d\u2019enfants vivant actuellement avec le VIH, soit sept pays en Am\u00e9rique latine, deux pays en Asie centrale et un pays en Europe de l\u2019Ouest (UNICEF, 2018). Ces statistiques refl\u00e8tent l\u2019ampleur de la recherche sur le VIH dans les pays concern\u00e9s, plut\u00f4t qu\u2019une projection concr\u00e8te des cas actifs.&nbsp;<\/p>\n\n\n\n<p class=\"wp-block-paragraph\">En dehors de l\u2019Afrique subsaharienne, l\u2019Am\u00e9rique latine et les Cara\u00efbes enregistrent le taux d\u2019incidence le plus \u00e9lev\u00e9 en ce qui concerne les adolescents (UNICEF, 2018). Le nombre annuel des nouvelles infections chez les adolescents est rest\u00e9 inchang\u00e9 depuis 2010 (UNICEF, 2018). <\/p>\n\n\n\n<p class=\"wp-block-paragraph\">En 2017, plus de 60&nbsp;% des nouvelles infections chez les enfants de cette r\u00e9gion (\u00e2g\u00e9s de 0 \u00e0 9&nbsp;ans) se sont produites pendant la grossesse (UNICEF, 2018). Au cours de la m\u00eame ann\u00e9e, 60&nbsp;% de toutes les nouvelles infections chez les adolescents concernaient les gar\u00e7ons. De 2010 \u00e0 2017, le nombre de gar\u00e7ons infect\u00e9s a diminu\u00e9 \u00e0 un rythme deux fois plus lent que celui des filles.<\/p>\n\n\n\n<h2 class=\"wp-block-heading\"><strong>Vivre avec le VIH\/SIDA&nbsp;: quel impact\u2009?&nbsp;<\/strong><\/h2>\n\n\n\n<p class=\"wp-block-paragraph\">Au-del\u00e0 des risques li\u00e9s \u00e0 la sant\u00e9, le VIH peut engendrer plusieurs autres d\u00e9fis directs et indirects pour les enfants.&nbsp;<\/p>\n\n\n\n<h3 class=\"wp-block-heading\"><a href=\"https:\/\/www.humanium.org\/fr\/famille-droits-enfant\/#https:\/\/www.humanium.org\/fr\/famille-droits-enfant\/\">Bouleversement au sein de la famille<\/a><em>, <\/em><a href=\"https:\/\/www.humanium.org\/fr\/litinerance-jeunes-etats-unis\/\">itin\u00e9rance<\/a> et <a href=\"https:\/\/www.humanium.org\/fr\/orphelins\/\">orphelins<\/a><\/h3>\n\n\n\n<p class=\"wp-block-paragraph\">Vers la fin de l\u2019ann\u00e9e&nbsp;2022, pr\u00e8s de 14&nbsp;millions d\u2019enfants \u00e2g\u00e9s de moins de 18&nbsp;ans avaient perdu un ou deux parents \u00e0 cause du SIDA (UNICEF, 2023). Cette statistique ne prend pas en compte les parents adoptifs ou tout autre membre de la famille charg\u00e9 de s\u2019occuper des enfants. Plus de 13&nbsp;millions d\u2019enfants \u00e2g\u00e9s de 0 \u00e0 17&nbsp;ans sont devenus <a href=\"https:\/\/www.humanium.org\/fr\/orphelins\/\">orphelins<\/a> \u00e0 cause du SIDA, dont 80&nbsp;% en Afrique Subsaharienne (Stoner et al, 2019). Estim\u00e9 \u00e0 18&nbsp;millions en 2010, ce nombre n\u2019a cess\u00e9 de diminuer, illustrant ainsi les progr\u00e8s g\u00e9n\u00e9raux r\u00e9alis\u00e9s dans le cadre de la lutte contre ce virus (Our World in Data, 2023).<\/p>\n\n\n\n<p class=\"wp-block-paragraph\">Des \u00e9tudes men\u00e9es dans divers domaines ont permis de d\u00e9montrer l\u2019ensemble des d\u00e9fis auxquels font face ces enfants orphelins. Ceux d\u2019entre ces enfants qui ont acc\u00e8s aux services de sant\u00e9 ont tr\u00e8s souvent besoin d\u2019un soutien individualis\u00e9, rarement fourni dans les institutions (Hope and Homes for Children, 2023). Cela peut conduire \u00e0 des situations de n\u00e9gligence qui exposent ces enfants \u00e0 la <a href=\"https:\/\/www.humanium.org\/fr\/la-maltraitance-des-enfants\/\">violence physique<\/a> et \u00e9motionnelle (Hope and Homes for Children, 2023).&nbsp;<\/p>\n\n\n\n<p class=\"wp-block-paragraph\">Des \u00e9tudes de cas sp\u00e9cifiques \u00e0 certains pays ont \u00e9galement \u00e9tabli un rapport entre le statut d&rsquo;<a href=\"https:\/\/www.humanium.org\/fr\/orphelins\/\">orphelin<\/a> et les cons\u00e9quences \u00e0 long terme sur la sant\u00e9 et l&rsquo;\u00e9ducation (Beegle et al, 2010). Sans r\u00e9seaux de soutien ad\u00e9quats et permanents, les enfants ont du mal \u00e0 acc\u00e9der aux services essentiels et \u00e0 progresser dans leur <a href=\"https:\/\/www.humanium.org\/fr\/comprendre-droits-enfant\/droit-a-l-education\/\">\u00e9ducation<\/a>. Des recherches r\u00e9centes ont \u00e9galement mis en lumi\u00e8re les impacts psychologiques importants et perturbateurs li\u00e9s au fait d&rsquo;\u00eatre orphelin sur le d\u00e9veloppement des enfants.&nbsp;<\/p>\n\n\n\n<p class=\"wp-block-paragraph\">Une \u00e9tude r\u00e9alis\u00e9e en 2023 sur les cons\u00e9quences li\u00e9es au fait d&rsquo;\u00eatre orphelin en <a href=\"https:\/\/www.humanium.org\/fr\/ethiopie\/\">\u00c9thiopie<\/a> a mis en lumi\u00e8re l&rsquo;existence d&rsquo;une anxi\u00e9t\u00e9 constante \u2014 en plus de la d\u00e9pression et du stress habituels \u2014 chez les enfants orphelins dans le sud-ouest du pays (Yosef et al, 2023). D&rsquo;une mani\u00e8re g\u00e9n\u00e9rale, la s\u00e9ropositivit\u00e9 des enfants ou des personnes qui s&rsquo;occupent d\u2019eux affecte consid\u00e9rablement leur bien-\u00eatre psychologique, leur d\u00e9veloppement, ainsi que leurs chances d&rsquo;acc\u00e9der \u00e0 des services essentiels au fur et \u00e0 mesure qu&rsquo;ils grandissent.&nbsp;<\/p>\n\n\n\n<h3 class=\"wp-block-heading\"><a href=\"https:\/\/www.humanium.org\/fr\/discriminations\/\">Discrimination<\/a><\/h3>\n\n\n\n<p class=\"wp-block-paragraph\">En raison des pr\u00e9jug\u00e9s et de la d\u00e9sinformation qui r\u00e8gnent dans la soci\u00e9t\u00e9, les enfants vivant avec le VIH sont susceptibles d&rsquo;\u00eatre victimes de <a href=\"https:\/\/www.humanium.org\/fr\/discriminations\/\">discrimination<\/a> et de formes plus larges de harc\u00e8lement (Conway, 2015). De nombreuses soci\u00e9t\u00e9s continuent de souffrir de croyances d\u00e9su\u00e8tes encore largement r\u00e9pandues, selon lesquelles les infections par le VIH sont li\u00e9es \u00e0 des pratiques immorales et \u00e0 un manque d&rsquo;hygi\u00e8ne, ou que le virus peut \u00eatre transmis autrement que par les fluides corporels.&nbsp;<\/p>\n\n\n\n<p class=\"wp-block-paragraph\">Cette situation entra\u00eene deux cat\u00e9gories de risques. Premi\u00e8rement, les enfants atteints du VIH sont souvent maltrait\u00e9s et harcel\u00e9s par leurs pairs ou rejet\u00e9s par les personnes qui s&rsquo;occupent d&rsquo;eux, ce qui accro\u00eet le risque de pr\u00e9judices physiques et <a href=\"https:\/\/www.humanium.org\/fr\/le-bien-etre-mental-des-enfants\/\">psychologiques<\/a> (Conway, 2015). Deuxi\u00e8mement, suite au point ci-dessus mentionn\u00e9, les enfants sont peu enclins \u00e0 partager des informations relatives \u00e0 leur s\u00e9ropositivit\u00e9, par crainte de mauvais traitements et de pers\u00e9cutions (Conway, 2015). Cela les emp\u00eacheaux services de sant\u00e9 mentale et physique qui pourraient les soutenir dans leur diagnostique.&nbsp;<\/p>\n\n\n\n<h3 class=\"wp-block-heading\"><a href=\"https:\/\/www.humanium.org\/fr\/pauvrete\/\">Pauvret\u00e9<\/a><em>&nbsp;<\/em><\/h3>\n\n\n\n<p class=\"wp-block-paragraph\">La <a href=\"https:\/\/www.humanium.org\/fr\/pauvrete\/\">pauvret\u00e9<\/a> peut \u00eatre \u00e0 la fois un \u00e9l\u00e9ment favorisant la transmission du VIH, mais \u00e9galement en \u00eatre la cons\u00e9quence. Les communaut\u00e9s pauvres ayant un acc\u00e8s limit\u00e9 \u00e0 l&rsquo;information sont les plus susceptibles de d\u00e9velopper des comportements \u00e0 risque pour leur sant\u00e9, notamment la consommation abusive de drogues, et les rapports sexuels non prot\u00e9g\u00e9s (American Psychological Association, 2022). Cela peut affecter les enfants directement \u2014 s&rsquo;ils se livrent \u00e0 des pratiques plus risqu\u00e9es \u2014 ou indirectement en augmentant le nombre de m\u00e8res susceptibles de contracter le virus.&nbsp;<\/p>\n\n\n\n<p class=\"wp-block-paragraph\">Apr\u00e8s un diagnostic de VIH, les enfants sont plus enclins \u00e0 tomber dans la pauvret\u00e9 en raison des effets du virus. Les malades sont plus susceptibles d&rsquo;\u00eatre mis \u00e0 l&rsquo;\u00e9cart de la soci\u00e9t\u00e9, de devenir orphelins ou de voir leurs possibilit\u00e9s d&rsquo;\u00e9ducation et de travail restreintes (Conway, 2015). En outre, les traitements antir\u00e9troviraux et les autres services de soutien sont g\u00e9n\u00e9ralement co\u00fbteux, ce qui exerce une pression financi\u00e8re sur les malades et leurs familles et peut cr\u00e9er et favoriser des cycles de <a href=\"https:\/\/www.humanium.org\/fr\/pauvrete\/\">pauvret\u00e9<\/a> (Ijumba, 2011).&nbsp;<\/p>\n\n\n\n<h3 class=\"wp-block-heading\">L\u2019impact sur l\u2019\u00e9ducation<\/h3>\n\n\n\n<p class=\"wp-block-paragraph\">Des recherches sp\u00e9cifiques par \u00e9tudes de cas en Afrique subsaharienne ont montr\u00e9 que les enfants qui abandonnent d\u00e9finitivement leurs <a href=\"https:\/\/www.humanium.org\/fr\/comprendre-droits-enfant\/droit-a-l-education\/\">\u00e9tudes<\/a> sont les plus expos\u00e9s au risque de contracter le VIH (Stoner et al, 2017). Ce ph\u00e9nom\u00e8ne est \u00e9troitement li\u00e9 \u00e0 la relation entre la pauvret\u00e9 et les pratiques dangereuses en mati\u00e8re de sant\u00e9, qui peuvent accro\u00eetre le risque de transmission du VIH (American Psychological Association, 2022). Un diagnostic de VIH chez les enfants peut \u00e9galement conduire \u00e0 l\u2019\u00e9chec scolaire et \u00e0 de moins bons r\u00e9sultats sur le plan acad\u00e9mique.&nbsp;<\/p>\n\n\n\n<p class=\"wp-block-paragraph\">Des \u00e9tudes transnationales de premier plan men\u00e9es en Afrique de l&rsquo;Est et australe ont mis en \u00e9vidence les multiples fa\u00e7ons dont les gouvernements ne parviennent pas \u00e0 soutenir les enfants souffrant du VIH une fois qu\u2019ils abandonnent leurs \u00e9tudes ou essaient de les reprendre apr\u00e8s une interruption (Human Rights Watch, 2005).&nbsp;<\/p>\n\n\n\n<p class=\"wp-block-paragraph\">Dans le monde entier, les enfants vivant avec le VIH sont confront\u00e9s \u00e0 des risques croissants d&rsquo;absence ou d&rsquo;abandon scolaire parce qu&rsquo;ils sont malades, <a href=\"https:\/\/www.humanium.org\/fr\/orphelins\/\">orphelins<\/a> ou que leurs parents sont malades (Zinyemba et al, 2019). Pour les enfants qui vont jusqu&rsquo;au bout de leur scolarit\u00e9, les interruptions continues au niveau de la disponibilit\u00e9 \u00e0 travailler et la stigmatisation sociale peuvent gravement affecter les possibilit\u00e9s d&#8217;emploi et r\u00e9duire la probabilit\u00e9 que les enfants souffrant du VIH puissent mener une vie prosp\u00e8re d&rsquo;un point de vue financier.&nbsp;<\/p>\n\n\n\n<h2 class=\"wp-block-heading\"><strong>Strat\u00e9gies de lutte contre le VIH pour le bien-\u00eatre des enfants<\/strong><\/h2>\n\n\n\n<figure class=\"wp-block-image size-large\"><img loading=\"lazy\" decoding=\"async\" width=\"1024\" height=\"683\" src=\"https:\/\/www.humanium.org\/fr\/wp-content\/uploads\/2024\/11\/shutterstock_734440240-1024x683.jpg\" alt=\"\" class=\"wp-image-57729\" srcset=\"https:\/\/www.humanium.org\/fr\/wp-content\/uploads\/2024\/11\/shutterstock_734440240-1024x683.jpg 1024w, https:\/\/www.humanium.org\/fr\/wp-content\/uploads\/2024\/11\/shutterstock_734440240-300x200.jpg 300w, https:\/\/www.humanium.org\/fr\/wp-content\/uploads\/2024\/11\/shutterstock_734440240-768x512.jpg 768w, https:\/\/www.humanium.org\/fr\/wp-content\/uploads\/2024\/11\/shutterstock_734440240-1536x1024.jpg 1536w, https:\/\/www.humanium.org\/fr\/wp-content\/uploads\/2024\/11\/shutterstock_734440240-2048x1365.jpg 2048w, https:\/\/www.humanium.org\/fr\/wp-content\/uploads\/2024\/11\/shutterstock_734440240-830x553.jpg 830w, https:\/\/www.humanium.org\/fr\/wp-content\/uploads\/2024\/11\/shutterstock_734440240-230x153.jpg 230w, https:\/\/www.humanium.org\/fr\/wp-content\/uploads\/2024\/11\/shutterstock_734440240-350x233.jpg 350w, https:\/\/www.humanium.org\/fr\/wp-content\/uploads\/2024\/11\/shutterstock_734440240-480x320.jpg 480w, https:\/\/www.humanium.org\/fr\/wp-content\/uploads\/2024\/11\/shutterstock_734440240-272x182.jpg 272w\" sizes=\"auto, (max-width: 1024px) 100vw, 1024px\" \/><\/figure>\n\n\n\n<p class=\"wp-block-paragraph\">En raison de la multitude de risques et de pr\u00e9judices auxquels sont confront\u00e9s les enfants infect\u00e9s par le VIH ou les enfants dont les membres de la famille sont s\u00e9ropositifs, les gouvernements et les organisations non gouvernementales (ONG) s&rsquo;efforcent de lutter contre ce virus \u00e0 travers diff\u00e9rents moyens. Ces r\u00e9ponses se d\u00e9clinent en plusieurs cat\u00e9gories (The Children&rsquo;s Society, 2023)&nbsp;:<\/p>\n\n\n\n<ol class=\"wp-block-list\">\n<li>Sant\u00e9 physique&nbsp;: Les gouvernements et les organisations telles que l&rsquo;ONUSIDA et l&rsquo;UNICEF s&rsquo;efforcent d&rsquo;augmenter le nombre de tests de d\u00e9pistage du VIH chez les enfants, de sensibiliser aux risques en mati\u00e8re de sant\u00e9 physique, relativement \u00e0 la consommation de substances et aux rapports sexuels non prot\u00e9g\u00e9s, et de chercher \u00e0 \u00e9largir l&rsquo;acc\u00e8s aux traitements antir\u00e9troviraux et \u00e0 d&rsquo;autres formes de traitement.&nbsp;<\/li>\n\n\n\n<li>Sant\u00e9 mentale&nbsp;: Les gouvernements et les organisations de soutien augmentent les services de soutien \u00e0 la sant\u00e9 mentale accessibles aux enfants atteints du VIH. Cela passe par une formation renforc\u00e9e de toutes les personnes qui sont en contact direct avec des enfants s\u00e9ropositifs. Les \u00e9ducateurs, les m\u00e9decins, les th\u00e9rapeutes, les travailleurs sociaux et les personnes en charge des enfants, entre autres, doivent tous \u00eatre sensibilis\u00e9s aux risques li\u00e9s \u00e0 l&rsquo;infection par le VIH chez les enfants. Les enfants ont \u00e9galement besoin d&rsquo;aide pour faire face au harc\u00e8lement et aux mauvais traitements qu&rsquo;ils risquent de subir \u00e0 la suite d&rsquo;un d\u00e9pistage positif au VIH.&nbsp;<\/li>\n\n\n\n<li>Accro\u00eetre la sensibilisation&nbsp;: les enfants sont dans une position intrins\u00e8quement vuln\u00e9rables\u2009; il est donc essentiel de diffuser des informations actuelles sur la pr\u00e9valence du VIH, sa transmission, sa gravit\u00e9 et aux cons\u00e9quences d&rsquo;une infection, afin de favoriser une culture de protection et de d\u00e9construire les stigmates archa\u00efques. Cela peut se faire \u00e0 grande \u00e9chelle ou au sein de communaut\u00e9s locales. La Journ\u00e9e mondiale de lutte contre le sida illustre la mani\u00e8re dont les gouvernements peuvent, \u00e0 l&rsquo;\u00e9chelle mondiale, sensibiliser le public \u00e0 ce virus. De m\u00eame, les campagnes scolaires et communautaires men\u00e9es par des acteurs locaux du changement peuvent contribuer \u00e0 normaliser le VIH et \u00e0 r\u00e9affirmer la n\u00e9cessit\u00e9 d&rsquo;\u00eatre vigilant et de prendre soin de soi.&nbsp;<\/li>\n<\/ol>\n\n\n\n<p class=\"wp-block-paragraph\"><em><strong>\u00c9crit par Vanessa Cezarita Cordeiro<\/strong><\/em><\/p>\n\n\n\n<p class=\"wp-block-paragraph\"><em><strong>Relu en interne par Aditi Partha<\/strong><\/em><\/p>\n\n\n\n<p class=\"wp-block-paragraph\"><em><strong>Traduit par&nbsp;Vianney Placide Oyono<\/strong><\/em><\/p>\n\n\n\n<p class=\"wp-block-paragraph\"><em><strong>Relu par J-Christophe Brunet<\/strong><\/em><\/p>\n\n\n\n<p class=\"wp-block-paragraph\"><em><strong>Derni\u00e8re mise \u00e0 jour le 5 novembre 2023<\/strong><\/em><\/p>\n\n\n\n<h4 class=\"wp-block-heading\"><strong>R\u00e9f\u00e9rences:&nbsp;<\/strong><\/h4>\n\n\n\n<p class=\"has-small-font-size wp-block-paragraph\">American Psychological Association. (2022, April). <a href=\"https:\/\/www.apa.org\/pi\/ses\/resources\/publications\/hiv-aids\" target=\"_blank\" rel=\"noreferrer noopener\">\u201cHIV\/AIDS and socioeconomic status.\u201d<\/a> Retrieved from American Psychological Association, accessed on 5 November 2023.&nbsp;<\/p>\n\n\n\n<p class=\"has-small-font-size wp-block-paragraph\">Beegle, K., De Weerdt, J., &amp; Dercon, S. (2010, February). <a href=\"https:\/\/www.ncbi.nlm.nih.gov\/pmc\/articles\/PMC3000004\/\" target=\"_blank\" rel=\"noreferrer noopener\">\u201cOrphanhood and human capital destruction: is there persistence into adulthood?\u201d<\/a> Volume 47, issue 1. Retrieved from PubMed Central, accessed on 5 November 2023.&nbsp;<\/p>\n\n\n\n<p class=\"has-small-font-size wp-block-paragraph\">Centers for Disease Control and Prevention. (2022, June 30). \u201cAbout HIV.\u201d Retrieved from Centers for Disease Control and Prevention, accessed on 31 October 2023.&nbsp;<\/p>\n\n\n\n<p class=\"has-small-font-size wp-block-paragraph\">Conway, M. (2015). \u201cHIV in schools: A good practice guide to supporting children living with and affected by HIV.\u201d Retrieved from National Children\u2019s Bureau, accessed on 3 November 2023.&nbsp;&nbsp;<\/p>\n\n\n\n<p class=\"has-small-font-size wp-block-paragraph\">Hope and Homes for Children. (2023.) <a href=\"https:\/\/www.hopeandhomes.org\/why-it-matters\/how-orphanages-harm-children\/#:~:text=Evidence%20shows%20that%20the%20delivery,%2C%20physical%2C%20and%20sexual%20abuse\">\u201cWhy it matters: How orphanages harm children.\u201d<\/a> Retrieved from Hope and Homes for Children, accessed on 5 November 2023.&nbsp;<\/p>\n\n\n\n<p class=\"has-small-font-size wp-block-paragraph\">Human Rights Watch. (2005, October 10). \u201c<a href=\"https:\/\/www.hrw.org\/news\/2005\/10\/10\/africa-neglect-aids-orphans-fuels-school-drop-out\" target=\"_blank\" rel=\"noreferrer noopener\">Africa: Neglect of AIDS orphans fuels school drop-out.\u201d<\/a> Retrieved from Human Rights Watch, accessed on 1 November 2023.&nbsp;<\/p>\n\n\n\n<p class=\"has-small-font-size wp-block-paragraph\">Ijumba, N. (2011). <a href=\"https:\/\/www.un.org\/en\/chronicle\/article\/impact-hivaids-education-and-poverty\" target=\"_blank\" rel=\"noreferrer noopener\">\u201cImpact of HIV\/AIDS on education and poverty.\u201d<\/a> Retrieved from United Nations Chronicle, accessed on 2 November 2023.&nbsp;<\/p>\n\n\n\n<p class=\"has-small-font-size wp-block-paragraph\">NHS. (2021, April 22). <a href=\"https:\/\/www.nhs.uk\/conditions\/hiv-and-aids\/prevention\/#:~:text=HIV%20prevention%20medicine&amp;text=PrEP%20is%20available%20for%20some,and%20are%20exposed%20to%20HIV\" target=\"_blank\" rel=\"noreferrer noopener\">\u201cPrevention HIV and AIDS.\u201d<\/a> Retrieved from NHS, accessed on 2 November 2023.&nbsp;<\/p>\n\n\n\n<p class=\"has-small-font-size wp-block-paragraph\">NHS. (2021, April 22). <a href=\"https:\/\/www.nhs.uk\/conditions\/hiv-and-aids\/treatment\/#:~:text=Antiretroviral%20drugs,quickly%20adapt%20and%20become%20resistant\" target=\"_blank\" rel=\"noreferrer noopener\">\u201cTreatment HIV and AIDS.\u201d<\/a> Retrieved from NHS, accessed on 2 November 2023.&nbsp;<\/p>\n\n\n\n<p class=\"has-small-font-size wp-block-paragraph\">Our World in Data. (2023). <a href=\"https:\/\/ourworldindata.org\/grapher\/number-of-children-orphaned-from-aids\" target=\"_blank\" rel=\"noreferrer noopener\">\u201cChildren orphaned due to AIDS deaths, 1990 to 2022.\u201d<\/a> Retrieved from Our World in Data, accessed on 5 November 2023.&nbsp;<\/p>\n\n\n\n<p class=\"has-small-font-size wp-block-paragraph\">Stoner, M., Pettifor, A., Edwards, J., Aiello, A., Halpern, C., Julien, A., Selin, A., Twine, R., Hughes, J., Wang, J., Agyei, Y., Gomez-Olive, X., Wagner, R., MacPhail, C., &amp; Kahn, K. (2017, September 24). <a href=\"https:\/\/pubmed.ncbi.nlm.nih.gov\/28692544\/\" target=\"_blank\" rel=\"noreferrer noopener\">\u201cThe effect of school attendance and school dropout on incident HIV and HSV-2 among young women in rural South Africa enrolled in HPTN 068.\u201d<\/a> Retrieved from National Library of Medicine, National Center for Biotechnology Information, accessed on 5 November 2023.&nbsp;<\/p>\n\n\n\n<p class=\"has-small-font-size wp-block-paragraph\">Thapar, R., Singha, M., Kumar, N., Mithra, P., Unnikrishnan, B., Holla, R., Kulkarni, V., Darshan, B., &amp; Kumar, A. (2019). \u201cClinico-epdimiological profile of children orphaned due to AIDS residing in care giving institutions in coastal south India.\u201d Retrieved from PubMed Central, accessed on 5 November 2023.&nbsp;<\/p>\n\n\n\n<p class=\"has-small-font-size wp-block-paragraph\">The Children\u2019s Society. (2023). <a href=\"https:\/\/www.childrenssociety.org.uk\/information\/professionals\/young-carers\/families-affected-by-HIV\" target=\"_blank\" rel=\"noreferrer noopener\">\u201cFamilies affected by HIV.\u201d<\/a> Retrieved from The Children\u2019s Society, accessed on 6 November 2023.&nbsp;<\/p>\n\n\n\n<p class=\"has-small-font-size wp-block-paragraph\">Together We Can. (2020, October 31). <a href=\"https:\/\/www.tht.org.uk\/hiv-and-sexual-health\/about-hiv\/how-hiv-transmitted#:~:text=HIV%20is%20passed%20on%20through,by%20spitting%2C%20sneezing%20or%20coughing\" target=\"_blank\" rel=\"noreferrer noopener\">\u201cHow HIV is transmitted.\u201d<\/a> Retrieved from Together We Can, accessed on 31 October 2023.&nbsp;<\/p>\n\n\n\n<p class=\"has-small-font-size wp-block-paragraph\">UNAIDS. (2023, August 31). <a href=\"https:\/\/www.unaids.org\/en\/resources\/fact-sheet#:~:text=AIDS%2Drelated%20deaths%20have%20been,1.8%20million%5D%20people%20in%202010\" target=\"_blank\" rel=\"noreferrer noopener\">\u201cGlobal HIV &amp; AIDS statistics \u2013 fact sheet.\u201d<\/a> Retrieved from UNAIDS, accessed on 31 October 2023.&nbsp;<\/p>\n\n\n\n<p class=\"has-small-font-size wp-block-paragraph\">UNICEF East Asia and Pacific. (2021, December 1). <a href=\"https:\/\/www.unicef.org\/eap\/press-releases\/child-was-infected-hiv-every-two-minutes-2020-unicef\">\u201cA prolonged COVID-19 pandemic is deepening the inequalities that have long <\/a><a href=\"https:\/\/www.unicef.org\/eap\/press-releases\/child-was-infected-hiv-every-two-minutes-2020-unicef\" target=\"_blank\" rel=\"noreferrer noopener\">driven<\/a><a href=\"https:\/\/www.unicef.org\/eap\/press-releases\/child-was-infected-hiv-every-two-minutes-2020-unicef\"> the HIV epidemic, UNICEF warns ahead of world AIDS day.\u201d<\/a> Retrieved from UNICEF East Asia and Pacific, accessed on 2 November 2023.&nbsp;<\/p>\n\n\n\n<p class=\"has-small-font-size wp-block-paragraph\">UNICEF East Asia and Pacific. (n,d). <a href=\"https:\/\/www.unicef.org\/eap\/what-we-do\/hiv-aids\" target=\"_blank\" rel=\"noreferrer noopener\">\u201cHIV\/AIDS for every child, end AIDS.\u201d<\/a> Retrieved from UNICEF East Asia and Pacific, accessed on 2 November 2023.&nbsp;<\/p>\n\n\n\n<p class=\"has-small-font-size wp-block-paragraph\">UNICEF. (2018, December). \u201cChildren, HIV and AIDS regional snapshot: Latin America and the Caribbean.\u201d Retrieved from UNICEF, accessed on 2 November 2023.&nbsp;<\/p>\n\n\n\n<p class=\"has-small-font-size wp-block-paragraph\">UNICEF. (2019, November 26). <a href=\"https:\/\/data.unicef.org\/resources\/children-hiv-and-aids-global-and-regional-snapshots-2019\/\" target=\"_blank\" rel=\"noreferrer noopener\">\u201cChildren, HIV and AIDS.\u201d<\/a> Retrieved from UNICEF Data, accessed on 1 November 2023.&nbsp;<\/p>\n\n\n\n<p class=\"has-small-font-size wp-block-paragraph\">UNICEF. (2023, July). <a href=\"https:\/\/data.unicef.org\/topic\/hivaids\/global-regional-trends\/\" target=\"_blank\" rel=\"noreferrer noopener\">\u201cGlobal and regional trends.\u201d<\/a> Retrieved from UNICEF Data, accessed on 1 November 2023.&nbsp;<\/p>\n\n\n\n<p class=\"has-small-font-size wp-block-paragraph\">World Health Organization. (2023). <a href=\"https:\/\/www.who.int\/data\/gho\/data\/themes\/hiv-aids#:~:text=Globally%2C%2039.0%20million%20%5B33.1%E2%80%93,considerably%20between%20countries%20and%20regions\" target=\"_blank\" rel=\"noreferrer noopener\">\u201cGlobal health observatory.\u201d<\/a> Retrieved from World Health Organization, accessed on 31 October 2023.&nbsp;<\/p>\n\n\n\n<p class=\"has-small-font-size wp-block-paragraph\">Yosef, T., Assefa, T., &amp; Zinabie, H. (2023, April 4). <a href=\"https:\/\/www.sciencedirect.com\/science\/article\/pii\/S2405844023025082\" target=\"_blank\" rel=\"noreferrer noopener\">\u201cPsychological impacts of orphanhood in Southwest Ethiopia.\u201d<\/a> Volume 9, issue 4. Retrieved from Science Direct, accessed on 5 November 2023.&nbsp;<\/p>\n\n\n\n<p class=\"has-small-font-size wp-block-paragraph\">Zinyemba, T., Pavlova, M., &amp; Groot, W. (2019, November 22). <a href=\"https:\/\/onlinelibrary.wiley.com\/doi\/full\/10.1111\/joes.12345\">\u201cEffects of HIV\/AIDS on children\u2019s education attainment: A systemic literature<\/a><a href=\"https:\/\/onlinelibrary.wiley.com\/doi\/full\/10.1111\/joes.12345\" target=\"_blank\" rel=\"noreferrer noopener\"> <\/a><a href=\"https:\/\/onlinelibrary.wiley.com\/doi\/full\/10.1111\/joes.12345\">review.\u201d<\/a> Retrieved from Journal of Economic Surveys, accessed on 1 November 2023.&nbsp;<\/p>\n","protected":false},"excerpt":{"rendered":"<p>Le virus de l\u2019immunod\u00e9ficience humaine (VIH) qui, dans sa forme la plus grave, devient le syndrome d\u2019immunod\u00e9ficience acquise (SIDA) affecte 39\u00a0millions de personnes \u00e0 travers le monde (UNICEF, 2023). Parmi elles, 2,58 millions sont des jeunes de moins de 19 ans (UNICEF, 2019). Cependant, outre les d\u00e9fis m\u00e9dicaux et les absences parentales, le VIH peut [&hellip;]<\/p>\n","protected":false},"author":65,"featured_media":57728,"parent":0,"menu_order":0,"comment_status":"closed","ping_status":"closed","template":"","meta":{"footnotes":""},"class_list":["post-14368","page","type-page","status-publish","has-post-thumbnail","hentry"],"yoast_head":"<!-- This site is optimized with the Yoast SEO plugin v28.3 - https:\/\/yoast.com\/product\/yoast-seo-wordpress\/ -->\n<title>Enfants atteints du VIH\/SIDA - Humanium<\/title>\n<meta name=\"description\" content=\"Le VIH et son stade le plus grave, le sida, touchent 2,58 millions d&#039;enfants de moins de 19 ans.\" \/>\n<meta name=\"robots\" content=\"index, follow, max-snippet:-1, max-image-preview:large, max-video-preview:-1\" \/>\n<link rel=\"canonical\" href=\"https:\/\/www.humanium.org\/fr\/enfant-et-sida\/\" \/>\n<meta property=\"og:locale\" content=\"fr_FR\" \/>\n<meta property=\"og:type\" content=\"article\" \/>\n<meta property=\"og:title\" content=\"Enfants atteints du VIH\/SIDA - Humanium\" \/>\n<meta property=\"og:description\" content=\"Le VIH et son stade le plus grave, le sida, touchent 2,58 millions d&#039;enfants de moins de 19 ans.\" \/>\n<meta property=\"og:url\" content=\"https:\/\/www.humanium.org\/fr\/enfant-et-sida\/\" \/>\n<meta property=\"og:site_name\" content=\"Humanium\" \/>\n<meta property=\"article:modified_time\" content=\"2025-12-05T15:03:32+00:00\" \/>\n<meta property=\"og:image\" content=\"https:\/\/www.humanium.org\/fr\/wp-content\/uploads\/2024\/11\/shutterstock_758190052-scaled.jpg\" \/>\n\t<meta property=\"og:image:width\" content=\"2560\" \/>\n\t<meta property=\"og:image:height\" content=\"1707\" \/>\n\t<meta property=\"og:image:type\" content=\"image\/jpeg\" \/>\n<meta name=\"twitter:card\" content=\"summary_large_image\" \/>\n<meta name=\"twitter:label1\" content=\"Dur\u00e9e de lecture estim\u00e9e\" \/>\n\t<meta name=\"twitter:data1\" content=\"18 minutes\" \/>\n<script type=\"application\/ld+json\" class=\"yoast-schema-graph\">{\"@context\":\"https:\\\/\\\/schema.org\",\"@graph\":[{\"@type\":\"WebPage\",\"@id\":\"https:\\\/\\\/www.humanium.org\\\/fr\\\/enfant-et-sida\\\/\",\"url\":\"https:\\\/\\\/www.humanium.org\\\/fr\\\/enfant-et-sida\\\/\",\"name\":\"Enfants atteints du VIH\\\/SIDA - Humanium\",\"isPartOf\":{\"@id\":\"https:\\\/\\\/www.humanium.org\\\/fr\\\/#website\"},\"primaryImageOfPage\":{\"@id\":\"https:\\\/\\\/www.humanium.org\\\/fr\\\/enfant-et-sida\\\/#primaryimage\"},\"image\":{\"@id\":\"https:\\\/\\\/www.humanium.org\\\/fr\\\/enfant-et-sida\\\/#primaryimage\"},\"thumbnailUrl\":\"https:\\\/\\\/www.humanium.org\\\/fr\\\/wp-content\\\/uploads\\\/2024\\\/11\\\/shutterstock_758190052-scaled.jpg\",\"datePublished\":\"2011-09-26T13:40:30+00:00\",\"dateModified\":\"2025-12-05T15:03:32+00:00\",\"description\":\"Le VIH et son stade le plus grave, le sida, touchent 2,58 millions d'enfants de moins de 19 ans.\",\"breadcrumb\":{\"@id\":\"https:\\\/\\\/www.humanium.org\\\/fr\\\/enfant-et-sida\\\/#breadcrumb\"},\"inLanguage\":\"fr-FR\",\"potentialAction\":[{\"@type\":\"ReadAction\",\"target\":[\"https:\\\/\\\/www.humanium.org\\\/fr\\\/enfant-et-sida\\\/\"]}]},{\"@type\":\"ImageObject\",\"inLanguage\":\"fr-FR\",\"@id\":\"https:\\\/\\\/www.humanium.org\\\/fr\\\/enfant-et-sida\\\/#primaryimage\",\"url\":\"https:\\\/\\\/www.humanium.org\\\/fr\\\/wp-content\\\/uploads\\\/2024\\\/11\\\/shutterstock_758190052-scaled.jpg\",\"contentUrl\":\"https:\\\/\\\/www.humanium.org\\\/fr\\\/wp-content\\\/uploads\\\/2024\\\/11\\\/shutterstock_758190052-scaled.jpg\",\"width\":2560,\"height\":1707},{\"@type\":\"BreadcrumbList\",\"@id\":\"https:\\\/\\\/www.humanium.org\\\/fr\\\/enfant-et-sida\\\/#breadcrumb\",\"itemListElement\":[{\"@type\":\"ListItem\",\"position\":1,\"name\":\"Home\",\"item\":\"https:\\\/\\\/www.humanium.org\\\/fr\\\/\"},{\"@type\":\"ListItem\",\"position\":2,\"name\":\"Enfants atteints du VIH\\\/SIDA\"}]},{\"@type\":\"WebSite\",\"@id\":\"https:\\\/\\\/www.humanium.org\\\/fr\\\/#website\",\"url\":\"https:\\\/\\\/www.humanium.org\\\/fr\\\/\",\"name\":\"Humanium\",\"description\":\"Les enfants d\u2019abord !\",\"potentialAction\":[{\"@type\":\"SearchAction\",\"target\":{\"@type\":\"EntryPoint\",\"urlTemplate\":\"https:\\\/\\\/www.humanium.org\\\/fr\\\/?s={search_term_string}\"},\"query-input\":{\"@type\":\"PropertyValueSpecification\",\"valueRequired\":true,\"valueName\":\"search_term_string\"}}],\"inLanguage\":\"fr-FR\"}]}<\/script>\n<!-- \/ Yoast SEO plugin. -->","yoast_head_json":{"title":"Enfants atteints du VIH\/SIDA - Humanium","description":"Le VIH et son stade le plus grave, le sida, touchent 2,58 millions d'enfants de moins de 19 ans.","robots":{"index":"index","follow":"follow","max-snippet":"max-snippet:-1","max-image-preview":"max-image-preview:large","max-video-preview":"max-video-preview:-1"},"canonical":"https:\/\/www.humanium.org\/fr\/enfant-et-sida\/","og_locale":"fr_FR","og_type":"article","og_title":"Enfants atteints du VIH\/SIDA - Humanium","og_description":"Le VIH et son stade le plus grave, le sida, touchent 2,58 millions d'enfants de moins de 19 ans.","og_url":"https:\/\/www.humanium.org\/fr\/enfant-et-sida\/","og_site_name":"Humanium","article_modified_time":"2025-12-05T15:03:32+00:00","og_image":[{"width":2560,"height":1707,"url":"https:\/\/www.humanium.org\/fr\/wp-content\/uploads\/2024\/11\/shutterstock_758190052-scaled.jpg","type":"image\/jpeg"}],"twitter_card":"summary_large_image","twitter_misc":{"Dur\u00e9e de lecture estim\u00e9e":"18 minutes"},"schema":{"@context":"https:\/\/schema.org","@graph":[{"@type":"WebPage","@id":"https:\/\/www.humanium.org\/fr\/enfant-et-sida\/","url":"https:\/\/www.humanium.org\/fr\/enfant-et-sida\/","name":"Enfants atteints du VIH\/SIDA - Humanium","isPartOf":{"@id":"https:\/\/www.humanium.org\/fr\/#website"},"primaryImageOfPage":{"@id":"https:\/\/www.humanium.org\/fr\/enfant-et-sida\/#primaryimage"},"image":{"@id":"https:\/\/www.humanium.org\/fr\/enfant-et-sida\/#primaryimage"},"thumbnailUrl":"https:\/\/www.humanium.org\/fr\/wp-content\/uploads\/2024\/11\/shutterstock_758190052-scaled.jpg","datePublished":"2011-09-26T13:40:30+00:00","dateModified":"2025-12-05T15:03:32+00:00","description":"Le VIH et son stade le plus grave, le sida, touchent 2,58 millions d'enfants de moins de 19 ans.","breadcrumb":{"@id":"https:\/\/www.humanium.org\/fr\/enfant-et-sida\/#breadcrumb"},"inLanguage":"fr-FR","potentialAction":[{"@type":"ReadAction","target":["https:\/\/www.humanium.org\/fr\/enfant-et-sida\/"]}]},{"@type":"ImageObject","inLanguage":"fr-FR","@id":"https:\/\/www.humanium.org\/fr\/enfant-et-sida\/#primaryimage","url":"https:\/\/www.humanium.org\/fr\/wp-content\/uploads\/2024\/11\/shutterstock_758190052-scaled.jpg","contentUrl":"https:\/\/www.humanium.org\/fr\/wp-content\/uploads\/2024\/11\/shutterstock_758190052-scaled.jpg","width":2560,"height":1707},{"@type":"BreadcrumbList","@id":"https:\/\/www.humanium.org\/fr\/enfant-et-sida\/#breadcrumb","itemListElement":[{"@type":"ListItem","position":1,"name":"Home","item":"https:\/\/www.humanium.org\/fr\/"},{"@type":"ListItem","position":2,"name":"Enfants atteints du VIH\/SIDA"}]},{"@type":"WebSite","@id":"https:\/\/www.humanium.org\/fr\/#website","url":"https:\/\/www.humanium.org\/fr\/","name":"Humanium","description":"Les enfants d\u2019abord !","potentialAction":[{"@type":"SearchAction","target":{"@type":"EntryPoint","urlTemplate":"https:\/\/www.humanium.org\/fr\/?s={search_term_string}"},"query-input":{"@type":"PropertyValueSpecification","valueRequired":true,"valueName":"search_term_string"}}],"inLanguage":"fr-FR"}]}},"_links":{"self":[{"href":"https:\/\/www.humanium.org\/fr\/wp-json\/wp\/v2\/pages\/14368","targetHints":{"allow":["GET"]}}],"collection":[{"href":"https:\/\/www.humanium.org\/fr\/wp-json\/wp\/v2\/pages"}],"about":[{"href":"https:\/\/www.humanium.org\/fr\/wp-json\/wp\/v2\/types\/page"}],"author":[{"embeddable":true,"href":"https:\/\/www.humanium.org\/fr\/wp-json\/wp\/v2\/users\/65"}],"replies":[{"embeddable":true,"href":"https:\/\/www.humanium.org\/fr\/wp-json\/wp\/v2\/comments?post=14368"}],"version-history":[{"count":15,"href":"https:\/\/www.humanium.org\/fr\/wp-json\/wp\/v2\/pages\/14368\/revisions"}],"predecessor-version":[{"id":60141,"href":"https:\/\/www.humanium.org\/fr\/wp-json\/wp\/v2\/pages\/14368\/revisions\/60141"}],"wp:featuredmedia":[{"embeddable":true,"href":"https:\/\/www.humanium.org\/fr\/wp-json\/wp\/v2\/media\/57728"}],"wp:attachment":[{"href":"https:\/\/www.humanium.org\/fr\/wp-json\/wp\/v2\/media?parent=14368"}],"curies":[{"name":"wp","href":"https:\/\/api.w.org\/{rel}","templated":true}]}}