{"id":15001,"date":"2011-11-29T18:25:44","date_gmt":"2011-11-29T18:25:44","guid":{"rendered":"http:\/\/www.humanium.org\/fr\/?page_id=15001"},"modified":"2025-12-05T15:04:54","modified_gmt":"2025-12-05T15:04:54","slug":"pakistan","status":"publish","type":"page","link":"https:\/\/www.humanium.org\/fr\/pakistan\/","title":{"rendered":"Enfants du Pakistan"},"content":{"rendered":"\n<h2 class=\"wp-block-heading\">Concr\u00e9tiser les droits de l\u2019enfant au Pakistan<\/h2>\n\n\n\n<div class=\"wp-block-columns is-layout-flex wp-container-core-columns-is-layout-8f761849 wp-block-columns-is-layout-flex\">\n<div class=\"wp-block-column is-layout-flow wp-block-column-is-layout-flow\">\n<figure class=\"wp-block-image size-large is-style-circle-mask\"><img loading=\"lazy\" decoding=\"async\" width=\"1024\" height=\"683\" src=\"https:\/\/www.humanium.org\/fr\/wp-content\/uploads\/2020\/01\/shutterstock_467496458-1024x683-1.jpg\" alt=\"\" class=\"wp-image-46265\" srcset=\"https:\/\/www.humanium.org\/fr\/wp-content\/uploads\/2020\/01\/shutterstock_467496458-1024x683-1.jpg 1024w, https:\/\/www.humanium.org\/fr\/wp-content\/uploads\/2020\/01\/shutterstock_467496458-1024x683-1-300x200.jpg 300w, https:\/\/www.humanium.org\/fr\/wp-content\/uploads\/2020\/01\/shutterstock_467496458-1024x683-1-768x512.jpg 768w, https:\/\/www.humanium.org\/fr\/wp-content\/uploads\/2020\/01\/shutterstock_467496458-1024x683-1-830x554.jpg 830w, https:\/\/www.humanium.org\/fr\/wp-content\/uploads\/2020\/01\/shutterstock_467496458-1024x683-1-230x153.jpg 230w, https:\/\/www.humanium.org\/fr\/wp-content\/uploads\/2020\/01\/shutterstock_467496458-1024x683-1-350x233.jpg 350w, https:\/\/www.humanium.org\/fr\/wp-content\/uploads\/2020\/01\/shutterstock_467496458-1024x683-1-480x320.jpg 480w, https:\/\/www.humanium.org\/fr\/wp-content\/uploads\/2020\/01\/shutterstock_467496458-1024x683-1-272x182.jpg 272w\" sizes=\"auto, (max-width: 1024px) 100vw, 1024px\" \/><\/figure>\n<\/div>\n\n\n\n<div class=\"wp-block-column is-layout-flow wp-block-column-is-layout-flow\">\n<figure class=\"wp-block-image size-large is-style-circle-mask\"><img loading=\"lazy\" decoding=\"async\" width=\"1024\" height=\"683\" src=\"https:\/\/www.humanium.org\/fr\/wp-content\/uploads\/2020\/01\/shutterstock_657509047-2-1024x683-1.jpg\" alt=\"\" class=\"wp-image-46266\" srcset=\"https:\/\/www.humanium.org\/fr\/wp-content\/uploads\/2020\/01\/shutterstock_657509047-2-1024x683-1.jpg 1024w, https:\/\/www.humanium.org\/fr\/wp-content\/uploads\/2020\/01\/shutterstock_657509047-2-1024x683-1-300x200.jpg 300w, https:\/\/www.humanium.org\/fr\/wp-content\/uploads\/2020\/01\/shutterstock_657509047-2-1024x683-1-768x512.jpg 768w, https:\/\/www.humanium.org\/fr\/wp-content\/uploads\/2020\/01\/shutterstock_657509047-2-1024x683-1-830x554.jpg 830w, https:\/\/www.humanium.org\/fr\/wp-content\/uploads\/2020\/01\/shutterstock_657509047-2-1024x683-1-230x153.jpg 230w, https:\/\/www.humanium.org\/fr\/wp-content\/uploads\/2020\/01\/shutterstock_657509047-2-1024x683-1-350x233.jpg 350w, https:\/\/www.humanium.org\/fr\/wp-content\/uploads\/2020\/01\/shutterstock_657509047-2-1024x683-1-480x320.jpg 480w, https:\/\/www.humanium.org\/fr\/wp-content\/uploads\/2020\/01\/shutterstock_657509047-2-1024x683-1-272x182.jpg 272w\" sizes=\"auto, (max-width: 1024px) 100vw, 1024px\" \/><\/figure>\n<\/div>\n<\/div>\n\n\n\n<p class=\"wp-block-paragraph\"><strong>Le Pakistan compte plus de 80 millions d&rsquo;enfants et peine \u00e0 r\u00e9pondre \u00e0 leurs besoins. Les enfants au Pakistan sont vuln\u00e9rables \u00e0 diff\u00e9rents d\u00e9fis du d\u00e9veloppement qui affectent leur sauvegarde, notamment la qualit\u00e9 de l&rsquo;\u00e9ducation, la pr\u00e9vention contre l&rsquo;exploitation sexuelle des enfants, la traite des enfants, le mariage pr\u00e9coce et le travail infantil.<\/strong><\/p>\n\n\n\n<iframe loading=\"lazy\" src=\"https:\/\/www.google.com\/maps\/embed?pb=!1m18!1m12!1m3!1d7055530.195350634!2d64.84754713609983!3d30.291695735286176!2m3!1f0!2f0!3f0!3m2!1i1024!2i768!4f13.1!3m3!1m2!1s0x38db52d2f8fd751f%3A0x46b7a1f7e614925c!2sPakistan!5e0!3m2!1sfr!2sch!4v1580483268158!5m2!1sfr!2sch\" style=\"border:0;\" allowfullscreen=\"\" width=\"100%\" height=\"500\" frameborder=\"0\"><\/iframe>\n\n\n\n<div class=\"wp-block-columns is-layout-flex wp-container-core-columns-is-layout-8f761849 wp-block-columns-is-layout-flex\">\n<div class=\"wp-block-column is-layout-flow wp-block-column-is-layout-flow\">\n<p class=\"wp-block-paragraph\"><strong>Population:<\/strong> 204 millions<br><strong>Pop. de 0-14 ans :<\/strong>  34 % <\/p>\n<\/div>\n\n\n\n<div class=\"wp-block-column is-layout-flow wp-block-column-is-layout-flow\">\n<p class=\"wp-block-paragraph\"> <strong>Esp\u00e9rance de vie :<\/strong> 66,6 ans<br><strong> Mortalit\u00e9 des &#8211; de 5 ans :<\/strong>&nbsp;66 \u2030 <\/p>\n<\/div>\n<\/div>\n\n\n\n<h2 class=\"wp-block-heading\">Le Pakistan en un coup d\u2019oeil<\/h2>\n\n\n\n<p class=\"wp-block-paragraph\">Le Pakistan est un pays d\u2019Asie du Sud avec un littoral longeant la mer d\u2019Arabie et le golfe d\u2019Oman. Il est entour\u00e9 par l\u2019Afghanistan et l\u2019Iran \u00e0 l\u2019ouest, la Chine au nord et l\u2019Inde \u00e0 l\u2019est. La population du Pakistan a consid\u00e9rablement augment\u00e9 au fil des ans et repr\u00e9sente 2,65 % de la population mondiale globale, soit environ 204 millions de personnes en 2019. Les jeunes, \u00e2g\u00e9s de 0 \u00e0 24 ans, repr\u00e9sentent 52,50 % de la population du Pakistan. <\/p>\n\n\n\n<p class=\"wp-block-paragraph\">Cr\u00e9\u00e9 lors de la partition de <a href=\"https:\/\/www.humanium.org\/en\/india\/\">l\u2019Inde<\/a> en 1947, le Pakistan demeure une d\u00e9mocratie relativement instable, menac\u00e9e par une violence sectaire et terroriste, ayant fait face \u00e0 la fois \u00e0 des bouleversements politiques nationaux et \u00e0 des confrontations r\u00e9gionales. <\/p>\n\n\n\n<p class=\"wp-block-paragraph\">L\u2019adoption pr\u00e9coce du socialisme comme objectif \u00e9conomique et les prises de pouvoir militaire r\u00e9currentes du gouvernement donnent l\u2019impression que le Pakistan est instable. Cependant, apr\u00e8s que la R\u00e9publique Islamique du Pakistan ait annonc\u00e9 son ind\u00e9pendance en 1947, le pays s\u2019est consid\u00e9rablement am\u00e9lior\u00e9 dans de nombreux domaines tels que les services de sant\u00e9, l\u2019\u00e9ducation, l\u2019esp\u00e9rance de vie, l\u2019alphab\u00e9tisation et le taux de mortalit\u00e9 infantile. <\/p>\n\n\n\n<p class=\"wp-block-paragraph\">Le Pakistan est toujours confront\u00e9 \u00e0 certains d\u00e9fis en mati\u00e8re de d\u00e9veloppement, et cela a une incidence sur la protection des enfants, notamment: la qualit\u00e9 de l\u2019\u00e9ducation, la pr\u00e9vention de l\u2019exploitation sexuelle des enfants, le trafic d\u2019enfants, le mariage et le travail. Malgr\u00e9 tout, l\u2019application totale des droits des enfants demande encore beaucoup de temps et d\u2019efforts.<\/p>\n\n\n\n<h2 class=\"wp-block-heading\">Statut des droits des enfants<\/h2>\n\n\n\n<p class=\"wp-block-paragraph\">Le Pakistan compte plus de 80 millions d\u2019enfants et peine \u00e0 subvenir \u00e0 leurs besoins. Il est donc crucial que les r\u00e9formes et les mesures politiques d\u00e9fendent efficacement les droits des enfants. Seuls 20,88% des enfants vivent dans les zones urbaines et ont acc\u00e8s \u00e0 leurs droits fondamentaux. <\/p>\n\n\n\n<p class=\"wp-block-paragraph\">De plus, 24% de la population pakistanaise vit sous le seuil de la pauvret\u00e9 qui touche principalement les zones rurales. Dans le pays, l\u2019\u00e9tat des march\u00e9s mondiaux exacerbe une r\u00e9alit\u00e9 \u00e9conomique d\u00e9j\u00e0 tr\u00e8s difficile. Ainsi, le reste des enfants vivant dans les zones rurales est g\u00e9n\u00e9ralement priv\u00e9 de certaines ressources telles que l\u2019eau potable et la nourriture, l\u2019\u00e9ducation et les services de sant\u00e9. <\/p>\n\n\n<div class=\"wp-block-image\">\n<figure class=\"alignleft size-large\"><img loading=\"lazy\" decoding=\"async\" width=\"280\" height=\"200\" src=\"https:\/\/www.humanium.org\/fr\/wp-content\/uploads\/2020\/01\/pauvrete-nb77-noretouch-flickr.jpg\" alt=\"\" class=\"wp-image-46254\" srcset=\"https:\/\/www.humanium.org\/fr\/wp-content\/uploads\/2020\/01\/pauvrete-nb77-noretouch-flickr.jpg 280w, https:\/\/www.humanium.org\/fr\/wp-content\/uploads\/2020\/01\/pauvrete-nb77-noretouch-flickr-230x164.jpg 230w\" sizes=\"auto, (max-width: 280px) 100vw, 280px\" \/><\/figure>\n<\/div>\n\n\n<p class=\"wp-block-paragraph\">Le 12 novembre 1990, le Pakistan a promulgu\u00e9 la <a href=\"https:\/\/www.humanium.org\/fr\/convention\/\"><strong>Convention Relative aux Droits des Enfants<\/strong><\/a> \u00e9mettant une r\u00e9serve sur la traduction de ses termes en suivant les principes des lois et des valeurs islamiques. Ceci fut une concr\u00e9tisation notoire des droits des enfants. Cependant, 7 ans apr\u00e8s, en 1997, le Pakistan a d\u00e9cid\u00e9 de retirer sa r\u00e9serve. En 2009, le <a href=\"https:\/\/www.humanium.org\/fr\/genese-comite-droits-enfant\/\"><strong>Comit\u00e9 des Droits des Enfants<\/strong><\/a> s&rsquo;est f\u00e9licit\u00e9 de l&rsquo;engagement pris par le Pakistan d&rsquo;accro\u00eetre l&rsquo;allocation des ressources pour les enfants. Le Comit\u00e9 s&rsquo;est toutefois dit pr\u00e9occup\u00e9 par les allocations budg\u00e9taires particuli\u00e8rement modestes pour les enfants, qui ont discr\u00e9dit\u00e9 les perspectives<br> initiales du Pakistan. <\/p>\n\n\n\n<p class=\"wp-block-paragraph\">De plus, le Comit\u00e9 a demand\u00e9 au Pakistan d\u2019entreprendre un suivi budg\u00e9taire du point de vue des droits des enfants. Suite \u00e0 cette initiative, les droits des enfants sont devenus un sujet de pr\u00e9occupation. Bien que des mesures aient \u00e9t\u00e9 prises pour am\u00e9liorer les conditions de vie des enfants, il existe encore beaucoup de droits et de besoins \u00e0 explorer. Compte tenu de la proportion d&rsquo;enfants et de la croissance d\u00e9mographique annuelle au Pakistan, il est imp\u00e9ratif que les droits de ces nouveau-n\u00e9s et de ces enfants soient prot\u00e9g\u00e9s.<\/p>\n\n\n\n<h2 class=\"wp-block-heading\"><strong>Protection sociale adapt\u00e9e aux enfants<\/strong><\/h2>\n\n\n\n<p class=\"wp-block-paragraph\">La protection sociale est essentielle pour pr\u00e9venir et r\u00e9duire la pr\u00e9carit\u00e9 des enfants et des familles, pour rem\u00e9dier aux in\u00e9galit\u00e9s et pour concr\u00e9tiser les droits des enfants. De plus, il est essentiel que les programmes de protection sociale r\u00e9pondent \u00e0 la vuln\u00e9rabilit\u00e9 des enfants en optimisant les effets positifs sur eux et en minimisant les cons\u00e9quences potentiellement n\u00e9gatives. Le Pakistan est confront\u00e9 \u00e0 d&rsquo;immenses d\u00e9fis en termes de r\u00e9duction de la pauvret\u00e9, parce le pays n\u2019a pas acc\u00e8s \u00e0 bon nombre de moyens humains, d&rsquo;infrastructures de base et qu&rsquo;il a un acc\u00e8s restreint ou inexistant aux services sociaux essentiels. <\/p>\n\n\n\n<p class=\"wp-block-paragraph\">Toutefois, surtout si la protection sociale adapt\u00e9e aux enfants est mise en \u0153uvre correctement, elle a la capacit\u00e9 \u00e0 s\u2019attaquer \u00e0 la pr\u00e9carit\u00e9 chronique, \u00e0 l\u2019exclusion sociale et aux chocs externes qui peuvent affecter de fa\u00e7on irr\u00e9versible les enfants. Une des principales causes de mortalit\u00e9 est la malnutrition et elle commence tout juste \u00e0 \u00eatre abord\u00e9e. Les programmes de protection sociale participent maintenant \u00e0 la strat\u00e9gie de r\u00e9duction de la pauvret\u00e9 mise en place par le gouvernement, parall\u00e8lement aux programmes de protection sociale et le d\u00e9veloppement des ressources humaines, qui mettent l\u2019accent sur la sant\u00e9 et l\u2019alimentation des enfants. <\/p>\n\n\n\n<p class=\"wp-block-paragraph\">Par exemple, <strong>le Projet National de Protection Sociale ax\u00e9 sur les R\u00e9sultats <\/strong>pour le Pakistan, cr\u00e9\u00e9 en mars 2017 par le gouvernement, est un programme visant \u00e0 renforcer les syst\u00e8mes de protection sociale pour les personnes qui vivent dans la pr\u00e9carit\u00e9 et \u00e0 am\u00e9liorer leur acc\u00e8s aux services compl\u00e9mentaires. <\/p>\n\n\n\n<p class=\"wp-block-paragraph\">Un autre programme appel\u00e9 <strong>BISP, Benazir Income Support Programme<\/strong>, soutenu par des donateurs et des chercheurs locaux, vise \u00e0 aider les femmes dans les familles d\u00e9munies. Ce programme a eu un impact sur le transfert d\u2019argent, sur l\u2019alimentation et la nutrition des m\u00e9nages, qui a r\u00e9solu 80% du probl\u00e8me de malnutrition concernant de nombreux enfants au Pakistan. Malgr\u00e9 cela, de des enfants et familles continuent de se heurter \u00e0 des obstacles pour acc\u00e9der aux services sociaux de base. <\/p>\n\n\n\n<p class=\"wp-block-paragraph\">Bien que certaines formes et politiques de protection sociale au Pakistan soient sensibles \u00e0 la situation des enfants, elles sont encore insuffisantes pour r\u00e9pondre aux besoins des enfants. Par cons\u00e9quent, il est important que les politiques, les lois et les r\u00e8glements tiennent compte du point de vue des enfants, des jeunes et de leurs fournisseurs de soins, afin que les droits des enfants soient respect\u00e9s.<\/p>\n\n\n\n<h2 class=\"wp-block-heading\"><strong>R\u00e9pondre aux\nbesoins des enfants<\/strong><\/h2>\n\n\n\n<h3 class=\"wp-block-heading\"><a href=\"https:\/\/www.humanium.org\/fr\/comprendre-droits-enfant\/droit-a-la-sante\/\"><strong>Droit \u00e0 la sant\u00e9<\/strong><\/a> <\/h3>\n\n\n\n<p class=\"wp-block-paragraph\">Au Pakistan, le droit de l\u2019enfant \u00e0 la sant\u00e9 est menac\u00e9 d\u00e8s son plus jeune \u00e2ge. Environ un enfant sur six meurt avant l\u2019\u00e2ge de cinq ans. Ces d\u00e9c\u00e8s sont habituellement caus\u00e9s par la malnutrition ou le manque d\u2019acc\u00e8s \u00e0 l\u2019eau potable et aux approvisionnements. Chaque jour, environ 1100 enfants pakistanais meurent de diarrh\u00e9es et de maladies li\u00e9es \u00e0 l\u2019eau, \u00e0 l\u2019assainissement et \u00e0 l\u2019hygi\u00e8ne. Un autre facteur provoquant la mort pr\u00e9matur\u00e9e d&rsquo;enfants pakistanais est leur \u00e9tat nutritionnel. <\/p>\n\n\n<div class=\"wp-block-image\">\n<figure class=\"alignright size-large\"><img loading=\"lazy\" decoding=\"async\" width=\"260\" height=\"200\" src=\"https:\/\/www.humanium.org\/fr\/wp-content\/uploads\/2020\/01\/conflits-dfid-uk-department-for-international-development-flickr.jpg\" alt=\"\" class=\"wp-image-46255\" srcset=\"https:\/\/www.humanium.org\/fr\/wp-content\/uploads\/2020\/01\/conflits-dfid-uk-department-for-international-development-flickr.jpg 260w, https:\/\/www.humanium.org\/fr\/wp-content\/uploads\/2020\/01\/conflits-dfid-uk-department-for-international-development-flickr-230x177.jpg 230w\" sizes=\"auto, (max-width: 260px) 100vw, 260px\" \/><\/figure>\n<\/div>\n\n\n<p class=\"wp-block-paragraph\">Il est \u00e0 noter que cette situation est extr\u00eamement grave au Pakistan, \u00e0 cause du retard de croissance et du gaspillage largement r\u00e9pandus dans le pays : 30% des enfants souffrent d\u2019insuffisance pond\u00e9rale, plus de 50% souffrent de retard de croissance et environ 9% d\u2019\u00e9maciation. L\u2019acc\u00e8s aux soins est un d\u00e9fi dans la plupart des r\u00e9gions rurales o\u00f9 de nombreuses familles n&rsquo;ont pas les moyens de s&rsquo;offrir des soins de sant\u00e9 de base, aggravant les conditions dans lesquelles vivent les enfants. En outre, les catastrophes naturelles r\u00e9currentes ont un impact substantiel sur la sant\u00e9 de la population ainsi que sur les infrastructures. <\/p>\n\n\n\n<p class=\"wp-block-paragraph\">De plus, avec 11 millions d\u2019enfants effectuant des t\u00e2ches domestiques et travaillant dans l\u2019agriculture, et beaucoup d\u2019autres travaillant dans l\u2019industrie textile, le travail des enfants joue un r\u00f4le important sur la sant\u00e9. Ils travaillent dans des espaces tr\u00e8s exigus et dans des lieux dangeureux \u00e0 leur sant\u00e9. Il n\u2019est donc pas rare pour eux de souffrir de probl\u00e8mes respiratoires et visuels, ou m\u00eame de d\u00e9formations de leur colonne vert\u00e9brale.<\/p>\n\n\n\n<h3 class=\"wp-block-heading\"><a href=\"https:\/\/www.humanium.org\/fr\/comprendre-droits-enfant\/droit-a-l-education\/\"><strong>Droit \u00e0 l\u2019\u00e9ducation<\/strong><\/a><\/h3>\n\n\n\n<p class=\"wp-block-paragraph\">L\u2019\u00e9ducation au Pakistan s\u2019am\u00e9liore, mais elle n\u2019est pas encore suffisamment avanc\u00e9e. Avec 23 millions d\u2019enfants n&rsquo;ayant pas d&rsquo;acc\u00e8s \u00e0 l&rsquo;\u00e9cole, seuls 71 % des enfants fr\u00e9quentent l\u2019\u00e9cole primaire au Pakistan. Le gouvernement ne consacre que 1,8% de son budget national \u00e0 l\u2019\u00e9ducation, ce qui est sans aucun doute insuffisant compte tenu de l\u2019urgence. Les difficult\u00e9s de l\u2019\u00e9ducation publique sont nombreuses : contraintes \u00e9conomiques, b\u00e2timents d\u00e9labr\u00e9s ou m\u00eame dangereux, absence de toilettes, chaises, tables, crises humanitaires r\u00e9currentes, etc. <\/p>\n\n\n<div class=\"wp-block-image\">\n<figure class=\"alignleft size-large\"><img loading=\"lazy\" decoding=\"async\" width=\"241\" height=\"200\" src=\"https:\/\/www.humanium.org\/fr\/wp-content\/uploads\/2020\/01\/education-srizki-flickr.jpg\" alt=\"\" class=\"wp-image-46256\" srcset=\"https:\/\/www.humanium.org\/fr\/wp-content\/uploads\/2020\/01\/education-srizki-flickr.jpg 241w, https:\/\/www.humanium.org\/fr\/wp-content\/uploads\/2020\/01\/education-srizki-flickr-230x191.jpg 230w\" sizes=\"auto, (max-width: 241px) 100vw, 241px\" \/><\/figure>\n<\/div>\n\n\n<p class=\"wp-block-paragraph\">Par ailleurs, les enseignants sont largement sous-qualifi\u00e9s, et il n\u2019est pas rare pour les enfants de quitter l\u2019\u00e9cole sans savoir lire ou \u00e9crire. C\u2019est le cas de pr\u00e8s de la moiti\u00e9 des enfants scolaris\u00e9s au Pakistan. En outre, les r\u00e9fugi\u00e9s afghans au Pakistan sont invisibles en vertu de la loi pakistanaise et sont donc priv\u00e9s d\u2019\u00e9cole et doivent travailler pour survivre. Avec 45 % de la population compos\u00e9e de personnes de moins de 20 ans, le risque, \u00e0 ce moment-l\u00e0, est de se retourner contre la soci\u00e9t\u00e9. Cela peut aussi se manifester par une radicalisation des pens\u00e9es.<\/p>\n\n\n\n<h3 class=\"wp-block-heading\"><a href=\"https:\/\/www.humanium.org\/fr\/comprendre-droits-enfant\/droit-a-l-identite\/\"><strong>Droit \u00e0 l\u2019identit\u00e9<\/strong><\/a> <\/h3>\n\n\n<div class=\"wp-block-image\">\n<figure class=\"alignright size-large\"><img loading=\"lazy\" decoding=\"async\" width=\"234\" height=\"200\" src=\"https:\/\/www.humanium.org\/fr\/wp-content\/uploads\/2020\/01\/sante-dfid-Uk-department-for-international-development-flickr.jpg\" alt=\"\" class=\"wp-image-46257\" srcset=\"https:\/\/www.humanium.org\/fr\/wp-content\/uploads\/2020\/01\/sante-dfid-Uk-department-for-international-development-flickr.jpg 234w, https:\/\/www.humanium.org\/fr\/wp-content\/uploads\/2020\/01\/sante-dfid-Uk-department-for-international-development-flickr-230x197.jpg 230w\" sizes=\"auto, (max-width: 234px) 100vw, 234px\" \/><\/figure>\n<\/div>\n\n\n<p class=\"wp-block-paragraph\">Au Pakistan, il existe beaucoup d\u2019enfants \u00ab <em>invisibles <\/em>\u00bb, des enfants qui ne sont pas reconnus par la loi pakistanaise parce que leur naissance n\u2019est pas d\u00e9clar\u00e9e. Environ 70% des naissances ne sont pas officiellement d\u00e9clar\u00e9es aux autorit\u00e9s publiques pakistanaises. L\u2019absence de r\u00e9glementation sur les naissances et la raret\u00e9 des informations sur la n\u00e9cessit\u00e9 d\u2019enregistrer les enfants sont les plus grands obstacles \u00e0 la r\u00e9alisation d\u2019un registre complet des naissances. Il est n\u00e9cessaire d\u2019informer le grand public des probl\u00e8mes que cela peut engendrer, tels que l\u2019absence d\u2019identit\u00e9 officielle, de nationalit\u00e9 ou m\u00eame le non-respect des droits et des besoins des enfants. <\/p>\n\n\n\n<p class=\"wp-block-paragraph\"><a href=\"https:\/\/www.humanium.org\/fr\/comprendre-droits-enfant\/droit-a-l-identite\/\">La d\u00e9claration de naissance<\/a> est un droit fondamental puisqu\u2019il fournit \u00e0 l\u2019enfant un nom, une filiation, une nationalit\u00e9 et un \u00e2ge. Il repr\u00e9sente aussi une preuve d\u2019identit\u00e9, un signe d\u2019existence aux yeux de la soci\u00e9t\u00e9, leur fournissant automatiquement la protection du gouvernement contre le traffic et le travail forc\u00e9.<\/p>\n\n\n\n<h2 class=\"wp-block-heading\"><strong>Facteurs de risque &#8211; D\u00e9fis sp\u00e9cifiques \u00e0 chaque pays<\/strong><\/h2>\n\n\n\n<h3 class=\"wp-block-heading\"><strong><a href=\"https:\/\/www.humanium.org\/fr\/pauvrete\/\">Pauvret\u00e9<\/a>, <a href=\"https:\/\/www.humanium.org\/fr\/comprendre-droits-enfant\/droit-a-l-alimentation\/\">malnutrition<\/a> et <a href=\"https:\/\/www.humanium.org\/fr\/comprendre-droits-enfant\/droit-a-l-eau\/\">acc\u00e8s \u00e0 l\u2019eau potable<\/a><\/strong><\/h3>\n\n\n\n<p class=\"wp-block-paragraph\">Une alimentation suffisante et un approvisionnement ad\u00e9quat en eau sont essentiels \u00e0 la croissance de l\u2019enfant, et l\u2019absence de ces \u00e9l\u00e9ments peut avoir une incidence directe sur sa sant\u00e9. De plus, si une m\u00e8re (ou future m\u00e8re) souffre d\u2019une mauvaise alimentation, elle peut affecter de fa\u00e7on significative le b\u00e9b\u00e9 dans l&rsquo;ut\u00e9rus ou l&rsquo;enfant qui est allait\u00e9. Certains des probl\u00e8mes les plus fr\u00e9quents responsables de la mortalit\u00e9 infantile sont la malnutrition et le manque d&rsquo;acc\u00e8s \u00e0 de l\u2019eau potable et eau courante. <\/p>\n\n\n<div class=\"wp-block-image\">\n<figure class=\"alignleft size-large\"><img loading=\"lazy\" decoding=\"async\" width=\"291\" height=\"200\" src=\"https:\/\/www.humanium.org\/fr\/wp-content\/uploads\/2020\/01\/deplaces-mdmission-flickr.jpg\" alt=\"\" class=\"wp-image-46258\" srcset=\"https:\/\/www.humanium.org\/fr\/wp-content\/uploads\/2020\/01\/deplaces-mdmission-flickr.jpg 291w, https:\/\/www.humanium.org\/fr\/wp-content\/uploads\/2020\/01\/deplaces-mdmission-flickr-230x158.jpg 230w\" sizes=\"auto, (max-width: 291px) 100vw, 291px\" \/><\/figure>\n<\/div>\n\n\n<p class=\"wp-block-paragraph\">Selon le <strong>FMI, le Fonds Mon\u00e9taire International<\/strong>, le Pakistan est au troisi\u00e8me rang vconcernant l&rsquo;importante p\u00e9nurie en eau potable, et cette insuffisance a un impact substantiel sur la population. Chaque jour, environ 1100 enfants pakistanais meurent de diarrh\u00e9es et de maladies li\u00e9es \u00e0 la qualit\u00e9 ou \u00e0 la quantit\u00e9 d\u2019eau. En raison de la malnutrition, actuellement au Pakistan, 30% des enfants sont en insuffisance pond\u00e9rale, plus de 50% souffrent de retard de croissance et environ 9% d\u2019\u00e9maciation. Avec 24% de la population vivant sous le seuil de la pauvret\u00e9, la pr\u00e9carit\u00e9 est l\u2019une des principales causes de souffrance pour de nombreuses personnes au Pakistan, et cela engendre de nombreux probl\u00e8mes qui peuvent pr\u00e9senter des risques importants pour la population, en particulier les enfants.<\/p>\n\n\n\n<h3 class=\"wp-block-heading\"><strong>Le statut\nsocio\u00e9conomique et ses effets sur les enfants<\/strong><\/h3>\n\n\n\n<p class=\"wp-block-paragraph\">Le revenu annuel de la majorit\u00e9 des citoyens pakistanais a \u00e9t\u00e9 et est encore tr\u00e8s insuffisant compar\u00e9 \u00e0 de nombreux pays. Le RNB, Revenu National Brut, par habitant au Pakistan en 2017 \u00e9tait de 1600 dollars, et le taux de croissance annuel du produit int\u00e9rieur brut par habitant de 2001 \u00e0 2018 \u00e9tait de 5,4 %. Bien que ce pourcentage ait augment\u00e9 au fil des ann\u00e9es, il est encore bas et peut engendrer des probl\u00e8mes pour les g\u00e9n\u00e9rations futures. <\/p>\n\n\n\n<p class=\"wp-block-paragraph\">En outre, en ce qui concerne les d\u00e9penses du gouvernement, en 2018 le gouvernement n\u2019a attribu\u00e9 que 3 % de son budget aux services de sant\u00e9 et 3 % \u00e0 l\u2019\u00e9ducation. Dans l\u2019ensemble, compte tenu du statut socio\u00e9conomique des individus et du soutien inad\u00e9quat que le gouvernement fournit au d\u00e9veloppement des enfants, tant sur le plan mental que physique, les enfants naissent dans un syst\u00e8me avec ses propres risques.<\/p>\n\n\n\n<h3 class=\"wp-block-heading\"><strong><a href=\"https:\/\/www.humanium.org\/fr\/mariage-enfants\/\">Mariage d\u2019enfants<\/a> et violations de la loi<\/strong> <\/h3>\n\n\n\n<p class=\"wp-block-paragraph\">Les inondations de 2010 ont eu un impact tr\u00e8s n\u00e9gatif sur la population au Pakistan et en particulier sur les familles qui vivaient d\u00e9j\u00e0 dans la pr\u00e9carit\u00e9. Les lois concernant le mariage des enfants avaient d\u00e9j\u00e0 \u00e9t\u00e9 enfreintes mais apr\u00e8s la crise, il est devenu de plus en plus fr\u00e9quent de marier les filles de moins de 16 ans et les gar\u00e7ons de moins de 18 ans. Cela est principalement imputable au taux accru de pauvret\u00e9 et au fait que les familles ne peuvent plus s\u2019occuper de leurs enfants. <\/p>\n\n\n<div class=\"wp-block-image\">\n<figure class=\"alignright size-large is-resized\"><img loading=\"lazy\" decoding=\"async\" width=\"500\" height=\"314\" src=\"https:\/\/www.humanium.org\/fr\/wp-content\/uploads\/2020\/01\/shutterstock_1184622646.jpg\" alt=\"\" class=\"wp-image-46259\" style=\"width:284px;height:178px\" srcset=\"https:\/\/www.humanium.org\/fr\/wp-content\/uploads\/2020\/01\/shutterstock_1184622646.jpg 500w, https:\/\/www.humanium.org\/fr\/wp-content\/uploads\/2020\/01\/shutterstock_1184622646-300x188.jpg 300w, https:\/\/www.humanium.org\/fr\/wp-content\/uploads\/2020\/01\/shutterstock_1184622646-230x144.jpg 230w, https:\/\/www.humanium.org\/fr\/wp-content\/uploads\/2020\/01\/shutterstock_1184622646-350x220.jpg 350w, https:\/\/www.humanium.org\/fr\/wp-content\/uploads\/2020\/01\/shutterstock_1184622646-480x301.jpg 480w\" sizes=\"auto, (max-width: 500px) 100vw, 500px\" \/><\/figure>\n<\/div>\n\n\n<p class=\"wp-block-paragraph\">Avec davantage de n\u00e9gligence parentale, de ch\u00e2timents corporels, de manque de sensibilisation chez les enfants et la soci\u00e9t\u00e9, et de l\u2019absence de protection juridique des enfants, la \u00ab <strong>Loi sur la Limitation du Mariage des Enfants<\/strong> \u00bb est ignor\u00e9e par le gouvernement et les familles. On constate \u00e9galement que certains facteurs propres \u00e0 chaque pays sont les coutumes traditionnelles, les normes sexuelles, les pratiques familiales et les niveaux de scolarisation. <\/p>\n\n\n\n<p class=\"wp-block-paragraph\">Une proportion importante, en fait 32 %, des mariages au Pakistan, sont des mariages d\u2019enfants. Par exemple, dans les zones rurales, on peut parfois m\u00eame observer une coutume appel\u00e9e \u00ab Mariages Vani \u00bb, qui consiste \u00e0 donner sa fille en mariage pour r\u00e9gler un diff\u00e9rend ou une dette entre deux partis. \u00ab L\u2019offenseur \u00bb offre l\u2019une de ses filles en compensation d\u2019un tort caus\u00e9. Ces mariages mettent en danger la sant\u00e9 des jeunes filles qui, de ce fait, encourent le risque de violence conjugale, de servitude et de viols, intensifiant le trafic d\u2019enfants.<\/p>\n\n\n\n<p class=\"wp-block-paragraph\"><strong><em>R\u00e9dig\u00e9 par : Yagmur Ozturk<\/em><\/strong><\/p>\n\n\n\n<p class=\"wp-block-paragraph\"><strong><em>Traduit par : Dominique JAENSCH<\/em><\/strong><\/p>\n\n\n\n<p class=\"wp-block-paragraph\"><strong><em>Relu par&nbsp;: Marion Brasseur-Ordaz<\/em><\/strong><\/p>\n\n\n\n<p class=\"wp-block-paragraph\"><strong>Derni\u00e8re mise \u00e0 jour le 29 novembre 2019<\/strong> <\/p>\n\n\n\n<h3 class=\"wp-block-heading\">R\u00e9f\u00e9rences:<\/h3>\n\n\n\n<p class=\"has-small-font-size wp-block-paragraph\"><a href=\"https:\/\/www.ohchr.org\/Documents\/Issues\/Children\/TowardsInvestment\/InstituteforSocialJusticePakistan.pdf\" target=\"_blank\" rel=\"noreferrer noopener\" aria-label=\" (opens in a new tab)\">The Institute for Social Justice (ISJ) Pakistan. (n.d.). Investment in the rights of the child in Pakistan<\/a>. <\/p>\n\n\n\n<p class=\"has-small-font-size wp-block-paragraph\"><a href=\"https:\/\/www.unicef.org\/pakistan\/media\/596\/file\/Situation%20Analysis%20of%20Children%20in%20Pakistan.pdf\" target=\"_blank\" rel=\"noreferrer noopener\" aria-label=\" (opens in a new tab)\">UNICEF. (2017). Situation Analysis of Children in Pakistan<\/a>.<\/p>\n\n\n\n<p class=\"has-small-font-size wp-block-paragraph\"><a href=\"https:\/\/resourcecentre.savethechildren.net\/node\/9506\/pdf\/uncrc20alternative20report20pakistan20final20june2030202015.pdf\" target=\"_blank\" rel=\"noreferrer noopener\" aria-label=\" (opens in a new tab)\">Child Rights Movement. (2015). Implementing Child Rights in Pakistan: Alternative Report for the UN CRC.<\/a><\/p>\n\n\n\n<p class=\"has-small-font-size wp-block-paragraph\"><a href=\"http:\/\/www.mohtasib.gov.pk\/images\/pdfs\/SOCP.pdf\" target=\"_blank\" rel=\"noreferrer noopener\" aria-label=\" (opens in a new tab)\">Shujaat, Q., &amp; Mirza, K. (2015). The State of Children in Pakistan<\/a>.<\/p>\n\n\n\n<p class=\"has-small-font-size wp-block-paragraph\"><a href=\"https:\/\/www.hrw.org\/world-report\/2019\/country-chapters\/pakistan\" target=\"_blank\" rel=\"noreferrer noopener\" aria-label=\" (opens in a new tab)\">Roth, K. (2019, January 17). World Report 2019: Rights Trends in Pakistan<\/a>. <\/p>\n\n\n\n<p class=\"has-small-font-size wp-block-paragraph\">Pakistan &#8211; United Nations Office of the Special Representative of the Secretary-General for Children and Armed Conflict. (n.d.). <\/p>\n\n\n\n<p class=\"has-small-font-size wp-block-paragraph\"><a href=\"https:\/\/data.unicef.org\/country\/pak\/\" target=\"_blank\" rel=\"noreferrer noopener\" aria-label=\" (opens in a new tab)\">Pakistan (PAK) &#8211; Demographics, Health &amp; Infant Mortality. (n.d.)<\/a>.<\/p>\n\n\n\n<p class=\"has-small-font-size wp-block-paragraph\"><a href=\"https:\/\/www.girlsnotbrides.org\/the-side-of-pakistan-you-dont-see\/\" target=\"_blank\" rel=\"noreferrer noopener\" aria-label=\" (opens in a new tab)\">Girls Not Brides. (2019, August 16). The side of Pakistan you don&rsquo;t see<\/a>.<\/p>\n\n\n\n<p class=\"has-small-font-size wp-block-paragraph\"><a href=\"https:\/\/www.worldbank.org\/en\/country\/pakistan\/brief\/social-protection-in-pakistan\" target=\"_blank\" rel=\"noreferrer noopener\" aria-label=\" (opens in a new tab)\">The World Bank. (n.d.). Social Protection in Pakistan<\/a>.<\/p>\n\n\n\n<p class=\"has-small-font-size wp-block-paragraph\"><a href=\"https:\/\/www.wfp.org\/countries\/pakistan\" target=\"_blank\" rel=\"noreferrer noopener\" aria-label=\" (opens in a new tab)\">World Food Programme. (n.d.). Pakistan.<\/a><\/p>\n","protected":false},"excerpt":{"rendered":"<p>Concr\u00e9tiser les droits de l\u2019enfant au Pakistan Le Pakistan compte plus de 80 millions d&rsquo;enfants et peine \u00e0 r\u00e9pondre \u00e0 leurs besoins. Les enfants au Pakistan sont vuln\u00e9rables \u00e0 diff\u00e9rents d\u00e9fis du d\u00e9veloppement qui affectent leur sauvegarde, notamment la qualit\u00e9 de l&rsquo;\u00e9ducation, la pr\u00e9vention contre l&rsquo;exploitation sexuelle des enfants, la traite des enfants, le mariage [&hellip;]<\/p>\n","protected":false},"author":65,"featured_media":0,"parent":0,"menu_order":0,"comment_status":"closed","ping_status":"closed","template":"","meta":{"footnotes":""},"class_list":["post-15001","page","type-page","status-publish","hentry"],"yoast_head":"<!-- This site is optimized with the Yoast SEO plugin v28.3 - https:\/\/yoast.com\/product\/yoast-seo-wordpress\/ -->\n<title>Enfants du Pakistan - Humanium<\/title>\n<meta name=\"description\" content=\"Le Pakistan compte plus de 80 millions d&#039;enfants et peine \u00e0 r\u00e9pondre \u00e0 leurs besoins. Les enfants au Pakistan sont vuln\u00e9rables \u00e0 diff\u00e9rents d\u00e9fis du d\u00e9veloppement qui affectent leur sauvegarde, notamment la qualit\u00e9 de l&#039;\u00e9ducation, la pr\u00e9vention contre l&#039;exploitation sexuelle des enfants, la traite des enfants, le mariage pr\u00e9coce et le travail infantil.\" \/>\n<meta name=\"robots\" content=\"index, follow, max-snippet:-1, max-image-preview:large, max-video-preview:-1\" \/>\n<link rel=\"canonical\" href=\"https:\/\/www.humanium.org\/fr\/pakistan\/\" \/>\n<meta property=\"og:locale\" content=\"fr_FR\" \/>\n<meta property=\"og:type\" content=\"article\" \/>\n<meta property=\"og:title\" content=\"Enfants du Pakistan - Humanium\" \/>\n<meta property=\"og:description\" content=\"Le Pakistan compte plus de 80 millions d&#039;enfants et peine \u00e0 r\u00e9pondre \u00e0 leurs besoins. Les enfants au Pakistan sont vuln\u00e9rables \u00e0 diff\u00e9rents d\u00e9fis du d\u00e9veloppement qui affectent leur sauvegarde, notamment la qualit\u00e9 de l&#039;\u00e9ducation, la pr\u00e9vention contre l&#039;exploitation sexuelle des enfants, la traite des enfants, le mariage pr\u00e9coce et le travail infantil.\" \/>\n<meta property=\"og:url\" content=\"https:\/\/www.humanium.org\/fr\/pakistan\/\" \/>\n<meta property=\"og:site_name\" content=\"Humanium\" \/>\n<meta property=\"article:modified_time\" content=\"2025-12-05T15:04:54+00:00\" \/>\n<meta property=\"og:image\" content=\"https:\/\/www.humanium.org\/fr\/wp-content\/uploads\/2020\/01\/shutterstock_467496458-1024x683-1.jpg\" \/>\n\t<meta property=\"og:image:width\" content=\"1024\" \/>\n\t<meta property=\"og:image:height\" content=\"683\" \/>\n\t<meta property=\"og:image:type\" content=\"image\/jpeg\" \/>\n<meta name=\"twitter:card\" content=\"summary_large_image\" \/>\n<meta name=\"twitter:label1\" content=\"Dur\u00e9e de lecture estim\u00e9e\" \/>\n\t<meta name=\"twitter:data1\" content=\"14 minutes\" \/>\n<script type=\"application\/ld+json\" class=\"yoast-schema-graph\">{\"@context\":\"https:\\\/\\\/schema.org\",\"@graph\":[{\"@type\":\"WebPage\",\"@id\":\"https:\\\/\\\/www.humanium.org\\\/fr\\\/pakistan\\\/\",\"url\":\"https:\\\/\\\/www.humanium.org\\\/fr\\\/pakistan\\\/\",\"name\":\"Enfants du Pakistan - Humanium\",\"isPartOf\":{\"@id\":\"https:\\\/\\\/www.humanium.org\\\/fr\\\/#website\"},\"primaryImageOfPage\":{\"@id\":\"https:\\\/\\\/www.humanium.org\\\/fr\\\/pakistan\\\/#primaryimage\"},\"image\":{\"@id\":\"https:\\\/\\\/www.humanium.org\\\/fr\\\/pakistan\\\/#primaryimage\"},\"thumbnailUrl\":\"https:\\\/\\\/www.humanium.org\\\/fr\\\/wp-content\\\/uploads\\\/2020\\\/01\\\/shutterstock_467496458-1024x683-1.jpg\",\"datePublished\":\"2011-11-29T18:25:44+00:00\",\"dateModified\":\"2025-12-05T15:04:54+00:00\",\"description\":\"Le Pakistan compte plus de 80 millions d'enfants et peine \u00e0 r\u00e9pondre \u00e0 leurs besoins. Les enfants au Pakistan sont vuln\u00e9rables \u00e0 diff\u00e9rents d\u00e9fis du d\u00e9veloppement qui affectent leur sauvegarde, notamment la qualit\u00e9 de l'\u00e9ducation, la pr\u00e9vention contre l'exploitation sexuelle des enfants, la traite des enfants, le mariage pr\u00e9coce et le travail infantil.\",\"breadcrumb\":{\"@id\":\"https:\\\/\\\/www.humanium.org\\\/fr\\\/pakistan\\\/#breadcrumb\"},\"inLanguage\":\"fr-FR\",\"potentialAction\":[{\"@type\":\"ReadAction\",\"target\":[\"https:\\\/\\\/www.humanium.org\\\/fr\\\/pakistan\\\/\"]}]},{\"@type\":\"ImageObject\",\"inLanguage\":\"fr-FR\",\"@id\":\"https:\\\/\\\/www.humanium.org\\\/fr\\\/pakistan\\\/#primaryimage\",\"url\":\"https:\\\/\\\/www.humanium.org\\\/fr\\\/wp-content\\\/uploads\\\/2020\\\/01\\\/shutterstock_467496458-1024x683-1.jpg\",\"contentUrl\":\"https:\\\/\\\/www.humanium.org\\\/fr\\\/wp-content\\\/uploads\\\/2020\\\/01\\\/shutterstock_467496458-1024x683-1.jpg\",\"width\":1024,\"height\":683},{\"@type\":\"BreadcrumbList\",\"@id\":\"https:\\\/\\\/www.humanium.org\\\/fr\\\/pakistan\\\/#breadcrumb\",\"itemListElement\":[{\"@type\":\"ListItem\",\"position\":1,\"name\":\"Home\",\"item\":\"https:\\\/\\\/www.humanium.org\\\/fr\\\/\"},{\"@type\":\"ListItem\",\"position\":2,\"name\":\"Enfants du Pakistan\"}]},{\"@type\":\"WebSite\",\"@id\":\"https:\\\/\\\/www.humanium.org\\\/fr\\\/#website\",\"url\":\"https:\\\/\\\/www.humanium.org\\\/fr\\\/\",\"name\":\"Humanium\",\"description\":\"Les enfants d\u2019abord !\",\"potentialAction\":[{\"@type\":\"SearchAction\",\"target\":{\"@type\":\"EntryPoint\",\"urlTemplate\":\"https:\\\/\\\/www.humanium.org\\\/fr\\\/?s={search_term_string}\"},\"query-input\":{\"@type\":\"PropertyValueSpecification\",\"valueRequired\":true,\"valueName\":\"search_term_string\"}}],\"inLanguage\":\"fr-FR\"}]}<\/script>\n<!-- \/ Yoast SEO plugin. -->","yoast_head_json":{"title":"Enfants du Pakistan - Humanium","description":"Le Pakistan compte plus de 80 millions d'enfants et peine \u00e0 r\u00e9pondre \u00e0 leurs besoins. Les enfants au Pakistan sont vuln\u00e9rables \u00e0 diff\u00e9rents d\u00e9fis du d\u00e9veloppement qui affectent leur sauvegarde, notamment la qualit\u00e9 de l'\u00e9ducation, la pr\u00e9vention contre l'exploitation sexuelle des enfants, la traite des enfants, le mariage pr\u00e9coce et le travail infantil.","robots":{"index":"index","follow":"follow","max-snippet":"max-snippet:-1","max-image-preview":"max-image-preview:large","max-video-preview":"max-video-preview:-1"},"canonical":"https:\/\/www.humanium.org\/fr\/pakistan\/","og_locale":"fr_FR","og_type":"article","og_title":"Enfants du Pakistan - Humanium","og_description":"Le Pakistan compte plus de 80 millions d'enfants et peine \u00e0 r\u00e9pondre \u00e0 leurs besoins. Les enfants au Pakistan sont vuln\u00e9rables \u00e0 diff\u00e9rents d\u00e9fis du d\u00e9veloppement qui affectent leur sauvegarde, notamment la qualit\u00e9 de l'\u00e9ducation, la pr\u00e9vention contre l'exploitation sexuelle des enfants, la traite des enfants, le mariage pr\u00e9coce et le travail infantil.","og_url":"https:\/\/www.humanium.org\/fr\/pakistan\/","og_site_name":"Humanium","article_modified_time":"2025-12-05T15:04:54+00:00","og_image":[{"width":1024,"height":683,"url":"https:\/\/www.humanium.org\/fr\/wp-content\/uploads\/2020\/01\/shutterstock_467496458-1024x683-1.jpg","type":"image\/jpeg"}],"twitter_card":"summary_large_image","twitter_misc":{"Dur\u00e9e de lecture estim\u00e9e":"14 minutes"},"schema":{"@context":"https:\/\/schema.org","@graph":[{"@type":"WebPage","@id":"https:\/\/www.humanium.org\/fr\/pakistan\/","url":"https:\/\/www.humanium.org\/fr\/pakistan\/","name":"Enfants du Pakistan - Humanium","isPartOf":{"@id":"https:\/\/www.humanium.org\/fr\/#website"},"primaryImageOfPage":{"@id":"https:\/\/www.humanium.org\/fr\/pakistan\/#primaryimage"},"image":{"@id":"https:\/\/www.humanium.org\/fr\/pakistan\/#primaryimage"},"thumbnailUrl":"https:\/\/www.humanium.org\/fr\/wp-content\/uploads\/2020\/01\/shutterstock_467496458-1024x683-1.jpg","datePublished":"2011-11-29T18:25:44+00:00","dateModified":"2025-12-05T15:04:54+00:00","description":"Le Pakistan compte plus de 80 millions d'enfants et peine \u00e0 r\u00e9pondre \u00e0 leurs besoins. Les enfants au Pakistan sont vuln\u00e9rables \u00e0 diff\u00e9rents d\u00e9fis du d\u00e9veloppement qui affectent leur sauvegarde, notamment la qualit\u00e9 de l'\u00e9ducation, la pr\u00e9vention contre l'exploitation sexuelle des enfants, la traite des enfants, le mariage pr\u00e9coce et le travail infantil.","breadcrumb":{"@id":"https:\/\/www.humanium.org\/fr\/pakistan\/#breadcrumb"},"inLanguage":"fr-FR","potentialAction":[{"@type":"ReadAction","target":["https:\/\/www.humanium.org\/fr\/pakistan\/"]}]},{"@type":"ImageObject","inLanguage":"fr-FR","@id":"https:\/\/www.humanium.org\/fr\/pakistan\/#primaryimage","url":"https:\/\/www.humanium.org\/fr\/wp-content\/uploads\/2020\/01\/shutterstock_467496458-1024x683-1.jpg","contentUrl":"https:\/\/www.humanium.org\/fr\/wp-content\/uploads\/2020\/01\/shutterstock_467496458-1024x683-1.jpg","width":1024,"height":683},{"@type":"BreadcrumbList","@id":"https:\/\/www.humanium.org\/fr\/pakistan\/#breadcrumb","itemListElement":[{"@type":"ListItem","position":1,"name":"Home","item":"https:\/\/www.humanium.org\/fr\/"},{"@type":"ListItem","position":2,"name":"Enfants du Pakistan"}]},{"@type":"WebSite","@id":"https:\/\/www.humanium.org\/fr\/#website","url":"https:\/\/www.humanium.org\/fr\/","name":"Humanium","description":"Les enfants d\u2019abord !","potentialAction":[{"@type":"SearchAction","target":{"@type":"EntryPoint","urlTemplate":"https:\/\/www.humanium.org\/fr\/?s={search_term_string}"},"query-input":{"@type":"PropertyValueSpecification","valueRequired":true,"valueName":"search_term_string"}}],"inLanguage":"fr-FR"}]}},"_links":{"self":[{"href":"https:\/\/www.humanium.org\/fr\/wp-json\/wp\/v2\/pages\/15001","targetHints":{"allow":["GET"]}}],"collection":[{"href":"https:\/\/www.humanium.org\/fr\/wp-json\/wp\/v2\/pages"}],"about":[{"href":"https:\/\/www.humanium.org\/fr\/wp-json\/wp\/v2\/types\/page"}],"author":[{"embeddable":true,"href":"https:\/\/www.humanium.org\/fr\/wp-json\/wp\/v2\/users\/65"}],"replies":[{"embeddable":true,"href":"https:\/\/www.humanium.org\/fr\/wp-json\/wp\/v2\/comments?post=15001"}],"version-history":[{"count":38,"href":"https:\/\/www.humanium.org\/fr\/wp-json\/wp\/v2\/pages\/15001\/revisions"}],"predecessor-version":[{"id":60153,"href":"https:\/\/www.humanium.org\/fr\/wp-json\/wp\/v2\/pages\/15001\/revisions\/60153"}],"wp:attachment":[{"href":"https:\/\/www.humanium.org\/fr\/wp-json\/wp\/v2\/media?parent=15001"}],"curies":[{"name":"wp","href":"https:\/\/api.w.org\/{rel}","templated":true}]}}