{"id":15013,"date":"2012-03-26T12:26:43","date_gmt":"2012-03-26T12:26:43","guid":{"rendered":"http:\/\/www.humanium.org\/fr\/?page_id=15013"},"modified":"2025-12-10T02:42:46","modified_gmt":"2025-12-10T02:42:46","slug":"libye","status":"publish","type":"page","link":"https:\/\/www.humanium.org\/fr\/libye\/","title":{"rendered":"Enfants de Libye"},"content":{"rendered":"<h1>Enfants de Libye<\/h1>\n<h2>Concr\u00e9tiser les droits de l&rsquo;enfant en Libye<\/h2>\n<p style=\"text-align: center;\"><img loading=\"lazy\" decoding=\"async\" class=\"alignnone wp-image-15074\" title=\"Fillette libyenne \u00a9 Cheo 70 (flickr)\" src=\"https:\/\/www.humanium.org\/fr\/wp-content\/uploads\/2011\/09\/fillite-libyienne-cheosoixantedix-flickr-no-retouch.jpg\" alt=\"\" width=\"263\" height=\"162\" \/>\u00a0<img loading=\"lazy\" decoding=\"async\" class=\"alignnone size-full wp-image-18474\" title=\"Gar\u00e7on libyen \u00a9 Aljazeera English (flickr)\" src=\"https:\/\/www.humanium.org\/fr\/wp-content\/uploads\/2012\/02\/garcon-aljazeeraenglish-flickr.jpg\" alt=\"\" width=\"245\" height=\"163\" \/><\/p>\n<p>Depuis la fin de la dictature de Mouammar Kadhafi, la Libye est en proie \u00e0 de nombreuses instabilit\u00e9s.\u00a0 Ayant r\u00e9gn\u00e9 pendant plus de 41 ans au pouvoir, le Colonnel Kadhafi fut l&rsquo;initiateur d&rsquo;avanc\u00e9es majeures pour le pays en mati\u00e8re d&rsquo;\u00e9ducation ou de sant\u00e9 notamment. Mais ses violations r\u00e9p\u00e9t\u00e9es des droits de l&rsquo;homme et des libert\u00e9s les plus fondamentales auront donn\u00e9es raison au peuple en s&rsquo;engageant dans la r\u00e9volution.<\/p>\n<table style=\"height: 38px;\" width=\"298\">\n<tbody style=\"background: none repeat scroll 0% 0% #f2f2f2;\">\n<tr>\n<td>\n<div style=\"float: left;\">\n<p style=\"margin-bottom: 20px;\"><strong>Population :<\/strong> 6,7 millions<br \/>\n<strong>Pop. de 0 \u00e0 14 ans :<\/strong>\u00a032,8%<\/p>\n<\/div>\n<div style=\"float: right; width: 59%;\">\n<p style=\"margin-bottom: 20px;\"><strong>Esp\u00e9rance de vie :<\/strong> 75,3 ans<br \/>\n<strong>Mortalit\u00e9 des moins de 5 ans :<\/strong> 11%<\/p>\n<\/div>\n<\/td>\n<\/tr>\n<\/tbody>\n<\/table>\n<h3>Principaux probl\u00e8mes rencontr\u00e9s par les enfants en Libye:<\/h3>\n<p><strong><a href=\"https:\/\/www.humanium.org\/fr\/enfants-pauvres\/\">Pauvret\u00e9<\/a><\/strong><\/p>\n<p>La Libye est l&rsquo;un des pays les plus riches d&rsquo;Afrique. C&rsquo;est gr\u00e2ce \u00e0 ses ressources premi\u00e8res et notamment au p\u00e9trole que l&rsquo;\u00e9conomie du pays se porte bien. Pourtant, tous les libyens n&rsquo;ont pas acc\u00e8s aux richesses et de nombreuses in\u00e9galit\u00e9s subsistent. Aujourd&rsquo;hui, environ un tiers des libyens vivent en dessous du <a href=\"https:\/\/www.humanium.org\/fr\/enfants-pauvres\/\">seuil de pauvret\u00e9<\/a>.<\/p>\n<p><strong><a href=\"https:\/\/www.humanium.org\/fr\/comprendre-droits-enfant\/droit-a-l-education\/\">\u00c9ducation<\/a><\/strong><\/p>\n<p><img loading=\"lazy\" decoding=\"async\" class=\"alignright wp-image-18475\" title=\"L'\u00e9ducation est gratuite pour tous les enfants \u00a9 Rafa (flickr)\" src=\"https:\/\/www.humanium.org\/fr\/wp-content\/uploads\/2012\/02\/education-rafa-flickr.jpg\" alt=\"\" width=\"197\" height=\"149\" \/>Avant l&rsquo;ind\u00e9pendance de la Libye en 1951, la population libyenne \u00e9tait en majorit\u00e9 analphab\u00e8te. Par la suite, l&rsquo;<a href=\"https:\/\/www.humanium.org\/fr\/comprendre-droits-enfant\/droit-a-l-education\/\">enseignement primaire<\/a> est devenu obligatoire et gratuit. Ainsi, dans les ann\u00e9es 90, plus de 80% des jeunes \u00e2g\u00e9s entre 12 et 17 ans scolaris\u00e9s \u00e9taient scolaris\u00e9s.<\/p>\n<p>En outre, les jeunes \u00e9tudiants peuvent entreprendre des \u00e9tudes \u00e0 l&rsquo;\u00e9tranger au frais du gouvernement libyen. Ils re\u00e7oivent l&rsquo;\u00e9quivalent d&rsquo;environ 1600 euros de bourse par mois.<\/p>\n<p>Suite \u00e0 la r\u00e9volution populaire contre le r\u00e9gime libyen, plus de 61 165 \u00e9l\u00e8ves et quelque 36 000 \u00e9tudiants n&rsquo;ont pas pu termin\u00e9 leur ann\u00e9e scolaire. Les bombardements ont d\u00e9truit plus d&rsquo;une quinzaine d&rsquo;\u00e9coles et d&rsquo;autres ont d\u00fb \u00eatre ferm\u00e9es.<\/p>\n<p><strong><a href=\"https:\/\/www.humanium.org\/fr\/comprendre-droits-enfant\/droit-a-la-sante\/\">Sant\u00e9<\/a><\/strong><\/p>\n<p><img loading=\"lazy\" decoding=\"async\" class=\"alignright wp-image-18480\" title=\"La r\u00e9volution libyenne a terriblement limit\u00e9 l'acc\u00e8s aux soins \u00a9 Brq (flickr)\" src=\"https:\/\/www.humanium.org\/fr\/wp-content\/uploads\/2012\/02\/enfant-maman-brq-flickr.jpg\" alt=\"\" width=\"209\" height=\"139\" \/>Les libyens ont un acc\u00e8s aux soins gratuit. Les h\u00f4pitaux sont les plus \u00e9quip\u00e9s au monde. Mais dans les ann\u00e9es 90, l&rsquo;Organisation des Nations Unies a \u00e9mis des sanctions \u00e0 l&rsquo;encontre du gouvernement libyen accus\u00e9 d&rsquo;avoir perp\u00e9tr\u00e9 des attentats contre des avions de la compagnie fran\u00e7aise UTA et de compagnie am\u00e9ricaine la Pan Am.<\/p>\n<p>Ces sanctions ont eu des cons\u00e9quences n\u00e9fastes sur l&rsquo;acc\u00e8s \u00e0 l&rsquo;alimentation, aux m\u00e9dicaments et aux vaccins.<\/p>\n<p>En 2011, la r\u00e9volution libyenne a eu des r\u00e9percussions sur la<a href=\"https:\/\/www.humanium.org\/fr\/comprendre-droits-enfant\/droit-a-la-sante\/\"> sant\u00e9 des enfants<\/a>. Le pays a manqu\u00e9 de m\u00e9dicaments pour soigner les nourrissons et les femmes enceintes. De nombreux enfants ont subi des traumatismes psychologiques en assistant \u00e0 des sc\u00e8nes insoutenables comme la perte de leurs proches. De nombreux enfants ont aussi \u00e9t\u00e9 s\u00e9par\u00e9s de leurs parents pour se r\u00e9fugier aux fronti\u00e8res du pays.<\/p>\n<p><a href=\"https:\/\/www.humanium.org\/fr\/justice\/\"><strong>Justice des mineurs<\/strong><\/a><\/p>\n<p>De nombreuses jeunes filles sont <a href=\"https:\/\/www.humanium.org\/fr\/enfants-detenus\/\">d\u00e9tenues<\/a> dans des centres de r\u00e9adaptation sociale car elles sont soup\u00e7onn\u00e9es d&rsquo;avoir transgress\u00e9 les valeurs morales de la soci\u00e9t\u00e9 libyenne. Il peut s&rsquo;agir par exemple, d&rsquo;avoir eu des rapports sexuels avant le mariage, ce qui est formellement interdit par la loi. Ces fillettes sont d\u00e9tenues pour une dur\u00e9e ind\u00e9finie et sans r\u00e9vision judiciaire.<\/p>\n<p>Pire encore, des jeunes filles se trouvent dans ces \u00e9tablissements au seul motif qu&rsquo;elles ont \u00e9t\u00e9 viol\u00e9es. Ainsi, la victime d&rsquo;un <a href=\"https:\/\/www.humanium.org\/fr\/exploitation-sexuelle-enfants\/\">viol <\/a>n&rsquo;a pas int\u00e9r\u00eat \u00e0 saisir la justice puisqu&rsquo;elle pourrait \u00eatre elle-m\u00eame poursuivie et d\u00e9tenue dans ces centres de r\u00e9adaptation sociale.<\/p>\n<p><strong>Enfants de minorit\u00e9s<\/strong><\/p>\n<p><img loading=\"lazy\" decoding=\"async\" class=\"alignright size-full wp-image-18477\" title=\"Les minorit\u00e9s sont souvent victimes de discrimination \u00a9 Albert Gonzalez Farran UN photos (flickr)\" src=\"https:\/\/www.humanium.org\/fr\/wp-content\/uploads\/2012\/02\/pauvrete-albert-gonzalez-farran-un-photos.jpg\" alt=\"\" width=\"260\" height=\"173\" \/>La Libye abrite de nombreuses minorit\u00e9s parmi lesquelles on trouve les Berb\u00e8res (Amazighs) et les Toubous. Dans les ann\u00e9es 1970, des milliers de touaregs (peuple nomade du Sahara) ont migr\u00e9 vers la Libye en raison de la s\u00e9cheresse catastrophique qui frappait la r\u00e9gion.<\/p>\n<p>Ces peuples autochtones sont souvent victimes de discrimination par les autorit\u00e9s libyennes. Les langues amazighes et berb\u00e8re ne sont pas prises en consid\u00e9ration et il est interdit de les employer dans des lieux publics. Tout le syst\u00e8me \u00e9ducatif repose sur l&rsquo;arabe et les enfants de minorit\u00e9s sont dans l&rsquo;obligation d&rsquo;apprendre cette langue. On peut cependant observer qu&rsquo;en pratique, la langue berb\u00e8re est encore utilis\u00e9e comme langue premi\u00e8re dans de nombreuses villes.<\/p>\n<p>Les Toubous sont aussi largement discrimin\u00e9s. En d\u00e9cembre 2007, le gouvernement libyen a retir\u00e9 la nationalit\u00e9 libyenne aux Toubous, estimant qu&rsquo;ils \u00e9taient tchadiens et non libyens. Le gouvernement a d&rsquo;ailleurs \u00e9tabli de nombreuses lois interdisant aux Toubous l&rsquo;acc\u00e8s au syst\u00e8me \u00e9ducatif et aux soins.<\/p>\n<p>Aujourd&rsquo;hui, avec la fin de la dictature de Kadhafi, ces peuples autochtones esp\u00e8rent une reconnaissance de leur culture et de leur langue et veulent pr\u00e9tendre aux m\u00eames droits que les libyens.<\/p>\n<p><strong><a href=\"https:\/\/www.humanium.org\/fr\/enfants-dans-la-guerre\/\">Enfants victimes de conflits arm\u00e9s<\/a><\/strong><\/p>\n<p><img loading=\"lazy\" decoding=\"async\" class=\"alignright size-full wp-image-18478\" title=\"La r\u00e9volution libyenne a tu\u00e9 de nombreux enfants libyens \u00a9 Internews Network (Flickr)\" src=\"https:\/\/www.humanium.org\/fr\/wp-content\/uploads\/2012\/02\/groupe-enfantguerre-internews-network-flickr.jpg\" alt=\"\" width=\"250\" height=\"162\" \/>La r\u00e9volution libyenne de 2011 a eu des r\u00e9percussions n\u00e9fastes sur le bien-\u00eatre des enfants libyens. Ils ont \u00e9t\u00e9 bless\u00e9s ou tu\u00e9s au cours d&rsquo;affrontements et ont \u00e9t\u00e9 victimes des bombardements de puissances \u00e9trang\u00e8res.<\/p>\n<p>De nombreuses armes circulaient dans les villes et furent ramass\u00e9es par les enfants pour s&rsquo;en servir comme troph\u00e9es ou pour les revendre.<\/p>\n<p>La manipulation des armes est pourtant dangereuse. Ainsi, on a recens\u00e9 dans le pays de nombreuses explosions accidentelles de grenades d\u00e9clench\u00e9es par des enfants.<\/p>\n<p><strong><a href=\"https:\/\/www.humanium.org\/fr\/trafic-enfants\/\">Trafic d&rsquo;enfants<\/a><\/strong><\/p>\n<p>La Libye est un pays de transit pour la traite des personnes vers l&rsquo;Europe. De nombreuses femmes et fillettes en provenance d&rsquo;Afrique subsaharienne passent par la Libye pour regagner ensuite les pays europ\u00e9ens. Elles sont, dans la plupart des cas, victimes <a href=\"https:\/\/www.humanium.org\/fr\/exploitation-sexuelle-enfants\/\">d&rsquo;exploitation sexuelle \u00e0 des fins commerciales<\/a> ou employ\u00e9es comme domestiques par des occidentaux.<\/p>\n<p>Le gouvernement libyen n&rsquo;a pas encore pris de mesures visibles pour limiter ce trafic.<\/p>\n","protected":false},"excerpt":{"rendered":"<p>Enfants de Libye Concr\u00e9tiser les droits de l&rsquo;enfant en Libye \u00a0 Depuis la fin de la dictature de Mouammar Kadhafi, la Libye est en proie \u00e0 de nombreuses instabilit\u00e9s.\u00a0 Ayant r\u00e9gn\u00e9 pendant plus de 41 ans au pouvoir, le Colonnel Kadhafi fut l&rsquo;initiateur d&rsquo;avanc\u00e9es majeures pour le pays en mati\u00e8re d&rsquo;\u00e9ducation ou de sant\u00e9 notamment. [&hellip;]<\/p>\n","protected":false},"author":65,"featured_media":0,"parent":0,"menu_order":0,"comment_status":"closed","ping_status":"closed","template":"","meta":{"footnotes":""},"class_list":["post-15013","page","type-page","status-publish","hentry"],"yoast_head":"<!-- This site is optimized with the Yoast SEO plugin v28.3 - https:\/\/yoast.com\/product\/yoast-seo-wordpress\/ -->\n<title>Enfants de Libye - Humanium<\/title>\n<meta name=\"description\" content=\"Pendant la dictature, des progr\u00e8s ont \u00e9t\u00e9 observ\u00e9s en Libye. Mais les violations r\u00e9p\u00e9t\u00e9es des droits de l&#039;homme ont conduit \u00e0 une r\u00e9volution.\" \/>\n<meta name=\"robots\" content=\"index, follow, max-snippet:-1, max-image-preview:large, max-video-preview:-1\" \/>\n<link rel=\"canonical\" href=\"https:\/\/www.humanium.org\/fr\/libye\/\" \/>\n<meta property=\"og:locale\" content=\"fr_FR\" \/>\n<meta property=\"og:type\" content=\"article\" \/>\n<meta property=\"og:title\" content=\"Enfants de Libye - Humanium\" \/>\n<meta property=\"og:description\" content=\"Pendant la dictature, des progr\u00e8s ont \u00e9t\u00e9 observ\u00e9s en Libye. Mais les violations r\u00e9p\u00e9t\u00e9es des droits de l&#039;homme ont conduit \u00e0 une r\u00e9volution.\" \/>\n<meta property=\"og:url\" content=\"https:\/\/www.humanium.org\/fr\/libye\/\" \/>\n<meta property=\"og:site_name\" content=\"Humanium\" \/>\n<meta property=\"article:modified_time\" content=\"2025-12-10T02:42:46+00:00\" \/>\n<meta name=\"twitter:card\" content=\"summary_large_image\" \/>\n<meta name=\"twitter:label1\" content=\"Dur\u00e9e de lecture estim\u00e9e\" \/>\n\t<meta name=\"twitter:data1\" content=\"6 minutes\" \/>\n<script type=\"application\/ld+json\" class=\"yoast-schema-graph\">{\"@context\":\"https:\\\/\\\/schema.org\",\"@graph\":[{\"@type\":\"WebPage\",\"@id\":\"https:\\\/\\\/www.humanium.org\\\/fr\\\/libye\\\/\",\"url\":\"https:\\\/\\\/www.humanium.org\\\/fr\\\/libye\\\/\",\"name\":\"Enfants de Libye - Humanium\",\"isPartOf\":{\"@id\":\"https:\\\/\\\/www.humanium.org\\\/fr\\\/#website\"},\"primaryImageOfPage\":{\"@id\":\"https:\\\/\\\/www.humanium.org\\\/fr\\\/libye\\\/#primaryimage\"},\"image\":{\"@id\":\"https:\\\/\\\/www.humanium.org\\\/fr\\\/libye\\\/#primaryimage\"},\"thumbnailUrl\":\"https:\\\/\\\/www.humanium.org\\\/fr\\\/wp-content\\\/uploads\\\/2011\\\/09\\\/fillite-libyienne-cheosoixantedix-flickr-no-retouch.jpg\",\"datePublished\":\"2012-03-26T12:26:43+00:00\",\"dateModified\":\"2025-12-10T02:42:46+00:00\",\"description\":\"Pendant la dictature, des progr\u00e8s ont \u00e9t\u00e9 observ\u00e9s en Libye. Mais les violations r\u00e9p\u00e9t\u00e9es des droits de l'homme ont conduit \u00e0 une r\u00e9volution.\",\"breadcrumb\":{\"@id\":\"https:\\\/\\\/www.humanium.org\\\/fr\\\/libye\\\/#breadcrumb\"},\"inLanguage\":\"fr-FR\",\"potentialAction\":[{\"@type\":\"ReadAction\",\"target\":[\"https:\\\/\\\/www.humanium.org\\\/fr\\\/libye\\\/\"]}]},{\"@type\":\"ImageObject\",\"inLanguage\":\"fr-FR\",\"@id\":\"https:\\\/\\\/www.humanium.org\\\/fr\\\/libye\\\/#primaryimage\",\"url\":\"https:\\\/\\\/www.humanium.org\\\/fr\\\/wp-content\\\/uploads\\\/2011\\\/09\\\/fillite-libyienne-cheosoixantedix-flickr-no-retouch.jpg\",\"contentUrl\":\"https:\\\/\\\/www.humanium.org\\\/fr\\\/wp-content\\\/uploads\\\/2011\\\/09\\\/fillite-libyienne-cheosoixantedix-flickr-no-retouch.jpg\"},{\"@type\":\"BreadcrumbList\",\"@id\":\"https:\\\/\\\/www.humanium.org\\\/fr\\\/libye\\\/#breadcrumb\",\"itemListElement\":[{\"@type\":\"ListItem\",\"position\":1,\"name\":\"Home\",\"item\":\"https:\\\/\\\/www.humanium.org\\\/fr\\\/\"},{\"@type\":\"ListItem\",\"position\":2,\"name\":\"Enfants de Libye\"}]},{\"@type\":\"WebSite\",\"@id\":\"https:\\\/\\\/www.humanium.org\\\/fr\\\/#website\",\"url\":\"https:\\\/\\\/www.humanium.org\\\/fr\\\/\",\"name\":\"Humanium\",\"description\":\"Les enfants d\u2019abord !\",\"potentialAction\":[{\"@type\":\"SearchAction\",\"target\":{\"@type\":\"EntryPoint\",\"urlTemplate\":\"https:\\\/\\\/www.humanium.org\\\/fr\\\/?s={search_term_string}\"},\"query-input\":{\"@type\":\"PropertyValueSpecification\",\"valueRequired\":true,\"valueName\":\"search_term_string\"}}],\"inLanguage\":\"fr-FR\"}]}<\/script>\n<!-- \/ Yoast SEO plugin. -->","yoast_head_json":{"title":"Enfants de Libye - Humanium","description":"Pendant la dictature, des progr\u00e8s ont \u00e9t\u00e9 observ\u00e9s en Libye. Mais les violations r\u00e9p\u00e9t\u00e9es des droits de l'homme ont conduit \u00e0 une r\u00e9volution.","robots":{"index":"index","follow":"follow","max-snippet":"max-snippet:-1","max-image-preview":"max-image-preview:large","max-video-preview":"max-video-preview:-1"},"canonical":"https:\/\/www.humanium.org\/fr\/libye\/","og_locale":"fr_FR","og_type":"article","og_title":"Enfants de Libye - Humanium","og_description":"Pendant la dictature, des progr\u00e8s ont \u00e9t\u00e9 observ\u00e9s en Libye. Mais les violations r\u00e9p\u00e9t\u00e9es des droits de l'homme ont conduit \u00e0 une r\u00e9volution.","og_url":"https:\/\/www.humanium.org\/fr\/libye\/","og_site_name":"Humanium","article_modified_time":"2025-12-10T02:42:46+00:00","twitter_card":"summary_large_image","twitter_misc":{"Dur\u00e9e de lecture estim\u00e9e":"6 minutes"},"schema":{"@context":"https:\/\/schema.org","@graph":[{"@type":"WebPage","@id":"https:\/\/www.humanium.org\/fr\/libye\/","url":"https:\/\/www.humanium.org\/fr\/libye\/","name":"Enfants de Libye - Humanium","isPartOf":{"@id":"https:\/\/www.humanium.org\/fr\/#website"},"primaryImageOfPage":{"@id":"https:\/\/www.humanium.org\/fr\/libye\/#primaryimage"},"image":{"@id":"https:\/\/www.humanium.org\/fr\/libye\/#primaryimage"},"thumbnailUrl":"https:\/\/www.humanium.org\/fr\/wp-content\/uploads\/2011\/09\/fillite-libyienne-cheosoixantedix-flickr-no-retouch.jpg","datePublished":"2012-03-26T12:26:43+00:00","dateModified":"2025-12-10T02:42:46+00:00","description":"Pendant la dictature, des progr\u00e8s ont \u00e9t\u00e9 observ\u00e9s en Libye. Mais les violations r\u00e9p\u00e9t\u00e9es des droits de l'homme ont conduit \u00e0 une r\u00e9volution.","breadcrumb":{"@id":"https:\/\/www.humanium.org\/fr\/libye\/#breadcrumb"},"inLanguage":"fr-FR","potentialAction":[{"@type":"ReadAction","target":["https:\/\/www.humanium.org\/fr\/libye\/"]}]},{"@type":"ImageObject","inLanguage":"fr-FR","@id":"https:\/\/www.humanium.org\/fr\/libye\/#primaryimage","url":"https:\/\/www.humanium.org\/fr\/wp-content\/uploads\/2011\/09\/fillite-libyienne-cheosoixantedix-flickr-no-retouch.jpg","contentUrl":"https:\/\/www.humanium.org\/fr\/wp-content\/uploads\/2011\/09\/fillite-libyienne-cheosoixantedix-flickr-no-retouch.jpg"},{"@type":"BreadcrumbList","@id":"https:\/\/www.humanium.org\/fr\/libye\/#breadcrumb","itemListElement":[{"@type":"ListItem","position":1,"name":"Home","item":"https:\/\/www.humanium.org\/fr\/"},{"@type":"ListItem","position":2,"name":"Enfants de Libye"}]},{"@type":"WebSite","@id":"https:\/\/www.humanium.org\/fr\/#website","url":"https:\/\/www.humanium.org\/fr\/","name":"Humanium","description":"Les enfants d\u2019abord !","potentialAction":[{"@type":"SearchAction","target":{"@type":"EntryPoint","urlTemplate":"https:\/\/www.humanium.org\/fr\/?s={search_term_string}"},"query-input":{"@type":"PropertyValueSpecification","valueRequired":true,"valueName":"search_term_string"}}],"inLanguage":"fr-FR"}]}},"_links":{"self":[{"href":"https:\/\/www.humanium.org\/fr\/wp-json\/wp\/v2\/pages\/15013","targetHints":{"allow":["GET"]}}],"collection":[{"href":"https:\/\/www.humanium.org\/fr\/wp-json\/wp\/v2\/pages"}],"about":[{"href":"https:\/\/www.humanium.org\/fr\/wp-json\/wp\/v2\/types\/page"}],"author":[{"embeddable":true,"href":"https:\/\/www.humanium.org\/fr\/wp-json\/wp\/v2\/users\/65"}],"replies":[{"embeddable":true,"href":"https:\/\/www.humanium.org\/fr\/wp-json\/wp\/v2\/comments?post=15013"}],"version-history":[{"count":8,"href":"https:\/\/www.humanium.org\/fr\/wp-json\/wp\/v2\/pages\/15013\/revisions"}],"predecessor-version":[{"id":60934,"href":"https:\/\/www.humanium.org\/fr\/wp-json\/wp\/v2\/pages\/15013\/revisions\/60934"}],"wp:attachment":[{"href":"https:\/\/www.humanium.org\/fr\/wp-json\/wp\/v2\/media?parent=15013"}],"curies":[{"name":"wp","href":"https:\/\/api.w.org\/{rel}","templated":true}]}}