{"id":18583,"date":"2012-03-12T09:45:40","date_gmt":"2012-03-12T09:45:40","guid":{"rendered":"http:\/\/www.humanium.org\/fr\/?page_id=18583"},"modified":"2025-12-10T02:59:34","modified_gmt":"2025-12-10T02:59:34","slug":"suicide-enfants","status":"publish","type":"page","link":"https:\/\/www.humanium.org\/fr\/suicide-enfants\/","title":{"rendered":"Le suicide chez les enfants et les adolescents"},"content":{"rendered":"\n<p class=\"wp-block-paragraph\"><strong>Ces derni\u00e8res ann\u00e9es, il y a eu une augmentation alarmante et drastique de tentatives de suicide d\u2019enfants et d\u2019adolescents dans le monde. Les pressions sociales et \u00e9conomiques, la pand\u00e9mie du COVID-19, les conditions de sant\u00e9 physique et mentale\u00a0; l\u2019exp\u00e9rience d\u2019agression, de violence ou de traumatisme familial, l\u2019environnement scolaire, et les orientations sexuelles font partie de certains facteurs qui poussent les enfants et les adolescents \u00e0 se suicider ou \u00e0 avoir des pens\u00e9es suicidaires.<\/strong><\/p>\n\n\n\n<figure class=\"wp-block-image size-large\"><img loading=\"lazy\" decoding=\"async\" width=\"1024\" height=\"683\" src=\"https:\/\/www.humanium.org\/fr\/wp-content\/uploads\/2024\/11\/shutterstock_662071522-1024x683.jpg\" alt=\"\" class=\"wp-image-57842\" srcset=\"https:\/\/www.humanium.org\/fr\/wp-content\/uploads\/2024\/11\/shutterstock_662071522-1024x683.jpg 1024w, https:\/\/www.humanium.org\/fr\/wp-content\/uploads\/2024\/11\/shutterstock_662071522-300x200.jpg 300w, https:\/\/www.humanium.org\/fr\/wp-content\/uploads\/2024\/11\/shutterstock_662071522-768x512.jpg 768w, https:\/\/www.humanium.org\/fr\/wp-content\/uploads\/2024\/11\/shutterstock_662071522-1536x1024.jpg 1536w, https:\/\/www.humanium.org\/fr\/wp-content\/uploads\/2024\/11\/shutterstock_662071522-2048x1365.jpg 2048w, https:\/\/www.humanium.org\/fr\/wp-content\/uploads\/2024\/11\/shutterstock_662071522-830x553.jpg 830w, https:\/\/www.humanium.org\/fr\/wp-content\/uploads\/2024\/11\/shutterstock_662071522-230x153.jpg 230w, https:\/\/www.humanium.org\/fr\/wp-content\/uploads\/2024\/11\/shutterstock_662071522-350x233.jpg 350w, https:\/\/www.humanium.org\/fr\/wp-content\/uploads\/2024\/11\/shutterstock_662071522-480x320.jpg 480w, https:\/\/www.humanium.org\/fr\/wp-content\/uploads\/2024\/11\/shutterstock_662071522-272x182.jpg 272w\" sizes=\"auto, (max-width: 1024px) 100vw, 1024px\" \/><\/figure>\n\n\n\n<h2 class=\"wp-block-heading\">D\u00e9finir le suicide<\/h2>\n\n\n\n<p class=\"wp-block-paragraph\">Le suicide est une mort caus\u00e9e par \u00ab&nbsp;un geste auto-dirig\u00e9 et un comportement dangereux avec l\u2019intention de mourir&nbsp;\u00bb (Nationwide Children\u2019s, n.d). Une tentative de suicide comporte les m\u00eames crit\u00e8res qui m\u00e8nent \u00e0 une blessure non-mortelle plut\u00f4t qu\u2019\u00e0 la mort (Nationwide Children\u2019s, n.d). Avant d\u2019essayer de se suicider, les jeunes peuvent avoir des pens\u00e9es li\u00e9es \u00e0 ce sujet, ou ont d\u00e9j\u00e0 envisag\u00e9 de se suicider. Quand c\u2019est le cas, cela fait allusion \u00e0 des id\u00e9es suicidaires (John Hopkins Medicine, n.d).<\/p>\n\n\n\n<h2 class=\"wp-block-heading\">La pr\u00e9valence mondiale et les \u00e9volutions<\/h2>\n\n\n\n<p class=\"wp-block-paragraph\">L\u2019Organisation Mondiale de la Sant\u00e9 (OMS) estime que dans le monde il y a plus de 700\u00a0000 suicides par an (WHO, 2023). Cela est s\u00fbrement une donn\u00e9e approximative qui est caus\u00e9e par la qualit\u00e9 variable de recherche de taux de suicide dans le monde.<\/p>\n\n\n\n<p class=\"wp-block-paragraph\">Seulement 80 des Etats membres des Nations Unies obtiennent des donn\u00e9es d\u2019immatriculation qui peuvent \u00eatre utilis\u00e9es pour faire des \u00e9valuations de la fr\u00e9quence de suicide (WHO, 2023). Suite \u00e0 l\u2019obtention de donn\u00e9es clairsem\u00e9es, des cas non signal\u00e9s chroniques et des erreurs de classement des d\u00e9c\u00e8s caus\u00e9s par un suicide, toutes les statistiques li\u00e9es au suicide doivent \u00eatre d\u00e9pos\u00e9es sous r\u00e9serves (WHO, 2023).<\/p>\n\n\n\n<p class=\"wp-block-paragraph\">Le suicide est particuli\u00e8rement pr\u00e9pond\u00e9rant chez les populations les plus jeunes. C\u2019est la deuxi\u00e8me cause principale de d\u00e9c\u00e8s des <a href=\"https:\/\/www.humanium.org\/fr\/les-droits-de-l-enfant\/\">enfants<\/a> \u00e2g\u00e9s de 10 \u00e0 14 ans (Cammarata, 2023). C\u2019est \u00e9galement la quatri\u00e8me cause principale de d\u00e9c\u00e8s des personnes \u00e2g\u00e9es de 15 \u00e0 29 ans (World Health Organization, 2023). Pour les personnes \u00e2g\u00e9es de 15 \u00e0 24 ans, c\u2019est la troisi\u00e8me cause principale de d\u00e9c\u00e8s (John Hopkins Medicine, n.d). Le suicide est majoritairement pr\u00e9pond\u00e9rant chez les adolescents plus \u00e2g\u00e9s que chez les adolescents moins \u00e2g\u00e9es (Lovero, Santos et. al., n.d).<\/p>\n\n\n\n<p class=\"wp-block-paragraph\">Les gar\u00e7ons sont pratiquement quatre fois plus \u00e0 risque de mourir d\u2019un suicide que les filles, m\u00eame si les filles sont plus \u00e0 risque de commettre une tentative de suicide (John Hopkins Medicine, n.d). Des donn\u00e9es existantes renvoient \u00e9galement \u00e0 une d\u00e9clin mondial progressif de l\u2019\u00e8re du suicide depuis les ann\u00e9es 1900 (Solomon, 2022). <\/p>\n\n\n\n<p class=\"wp-block-paragraph\">En termes de pr\u00e9sence g\u00e9ographique, les taux de suicide par population sont \u00e9lev\u00e9s dans les pays \u00e0 revenus faibles ou moyens (LMICs), avec les taux les plus \u00e9lev\u00e9s observ\u00e9s au <a href=\"https:\/\/www.humanium.org\/fr\/lesotho\/\">Lesotho<\/a>, en <a href=\"https:\/\/www.humanium.org\/fr\/guyana\/\">Guyane<\/a> et en <a href=\"https:\/\/www.humanium.org\/fr\/swaziland\/\">Eswatini<\/a> (World Population Review, 2023). Les <a href=\"https:\/\/www.humanium.org\/fr\/etats-unis\/\">Etats-Unis d\u2019Am\u00e9rique<\/a> abrite le taux de suicide le plus \u00e9lev\u00e9 pour 100\u00a0000 personnes parmi les pays ayant les revenus les plus \u00e9lev\u00e9s\u00a0; parmi les personnes de moins de 25 ans, 1 femme sur 5 et 1 homme sur 10 ont rencontr\u00e9 un \u00e9pisode de diagnostic \u00e0 la clinique suite \u00e0 une <a href=\"https:\/\/www.humanium.org\/fr\/une-pandemie-au-sommet-dune-pandemie-la-crise-croissante-de-la-sante-mentale-chez-les-adolescents-aux-etats-unis\/\">d\u00e9pression<\/a> majeure (Prinstein, 2022).<\/p>\n\n\n\n<h2 class=\"wp-block-heading\">Les facteurs de risques<\/h2>\n\n\n\n<p class=\"wp-block-paragraph\">De multiple facteurs de risque peuvent augmenter la possibilit\u00e9 qu\u2019une jeune personne commette, ou tente de commettre un suicider. Les facteurs principaux regroupent&nbsp;:<\/p>\n\n\n\n<h3 class=\"wp-block-heading\">Les conditions de sant\u00e9 physique et <a href=\"https:\/\/www.humanium.org\/fr\/une-pandemie-au-sommet-dune-pandemie-la-crise-croissante-de-la-sante-mentale-chez-les-adolescents-aux-etats-unis\/\">mentale&nbsp;<\/a><\/h3>\n\n\n<div class=\"wp-block-image\">\n<figure class=\"alignleft size-large is-resized\"><img loading=\"lazy\" decoding=\"async\" width=\"1024\" height=\"683\" src=\"https:\/\/www.humanium.org\/fr\/wp-content\/uploads\/2024\/11\/shutterstock_2170756605-1024x683.jpg\" alt=\"\" class=\"wp-image-57840\" style=\"width:366px;height:auto\" srcset=\"https:\/\/www.humanium.org\/fr\/wp-content\/uploads\/2024\/11\/shutterstock_2170756605-1024x683.jpg 1024w, https:\/\/www.humanium.org\/fr\/wp-content\/uploads\/2024\/11\/shutterstock_2170756605-300x200.jpg 300w, https:\/\/www.humanium.org\/fr\/wp-content\/uploads\/2024\/11\/shutterstock_2170756605-768x512.jpg 768w, https:\/\/www.humanium.org\/fr\/wp-content\/uploads\/2024\/11\/shutterstock_2170756605-1536x1024.jpg 1536w, https:\/\/www.humanium.org\/fr\/wp-content\/uploads\/2024\/11\/shutterstock_2170756605-2048x1366.jpg 2048w, https:\/\/www.humanium.org\/fr\/wp-content\/uploads\/2024\/11\/shutterstock_2170756605-830x553.jpg 830w, https:\/\/www.humanium.org\/fr\/wp-content\/uploads\/2024\/11\/shutterstock_2170756605-230x153.jpg 230w, https:\/\/www.humanium.org\/fr\/wp-content\/uploads\/2024\/11\/shutterstock_2170756605-350x233.jpg 350w, https:\/\/www.humanium.org\/fr\/wp-content\/uploads\/2024\/11\/shutterstock_2170756605-480x320.jpg 480w, https:\/\/www.humanium.org\/fr\/wp-content\/uploads\/2024\/11\/shutterstock_2170756605-272x182.jpg 272w\" sizes=\"auto, (max-width: 1024px) 100vw, 1024px\" \/><\/figure>\n<\/div>\n\n\n<p class=\"wp-block-paragraph\">Les jeunes personnes souffrant de difficult\u00e9s physiques et <a href=\"https:\/\/www.humanium.org\/fr\/une-pandemie-au-sommet-dune-pandemie-la-crise-croissante-de-la-sante-mentale-chez-les-adolescents-aux-etats-unis\/\">mentales<\/a> font face \u00e0 un risque \u00e9lev\u00e9 de troubles psychologique et de suicide. On estime que 95% des personnes qui meurent suite \u00e0 un suicide ont un trouble psychologique au moment de leur d\u00e9c\u00e8s (Cammarata, 2023). Des \u00e9tudes effectu\u00e9es au <a href=\"https:\/\/www.humanium.org\/fr\/royaume-uni\/\">Royaume-Uni<\/a> en 2016 ont d\u00e9montr\u00e9 que plus de 35% d\u2019enfants et des jeunes personnes qui ont commis un suicide ont cherch\u00e9 \u00e0 obtenir une assistance m\u00e9dicale pour une condition de sant\u00e9 physique avant leur mort (University of Manchester, 2016).<\/p>\n\n\n\n<p class=\"wp-block-paragraph\">Pr\u00e8s de la moiti\u00e9 des jeunes de 11 \u00e0 16 ans avec un trouble de la sant\u00e9 mentale au <a href=\"https:\/\/www.humanium.org\/fr\/royaume-uni\/\">Royaume-Uni<\/a> se sont automutil\u00e9s ou ont tent\u00e9 de se suicider (Royal College of Pediatrics and Health, 2021). La pr\u00e9valence des difficult\u00e9s au niveau de la sant\u00e9 physique et mentale augmente la probabilit\u00e9 d\u2019apparition de troubles psychologiques et rend les jeunes personnes plus susceptibles \u00e0 la maltraitance, au <a href=\"https:\/\/www.humanium.org\/fr\/harcelement-scolaire\/\">harc\u00e8lement<\/a> et aux <a href=\"https:\/\/www.humanium.org\/fr\/la-maltraitance-des-enfants\/\">agressions<\/a>. Le risque est \u00e9lev\u00e9 pour les personnes souffrant de conditions physiques et mentales sur le long terme ou chronique, comme de s\u00e9rieux troubles psychiatriques ou le <a href=\"https:\/\/www.humanium.org\/fr\/enfant-et-sida\/#:~:text=Les%20enfants%20contamin%C3%A9s%20par%20le%20VIH&amp;text=Selon%20ONU%20SIDA%2C%20370%20000,ans%20sont%20contamin%C3%A9es%20par%20minute.\">VIH<\/a> (Lovero, Santos et. al., 2023).<\/p>\n\n\n\n<h3 class=\"wp-block-heading\">Le statut socio\u00e9conomique<\/h3>\n\n\n\n<p class=\"wp-block-paragraph\">Plus de 70% des suicides dans le monde se produisent dans les pays qui sont consid\u00e9r\u00e9es comme des pays \u00e0 revenus faibles ou moyens (WHO, 2023). Des estimations indiquent que ce chiffre augmente de 90% pour les d\u00e9c\u00e8s d\u2019adolescents par suicide (Lovero, Santos et. al., 2023). Un manque de ressources limite la disponibilit\u00e9 et l\u2019accessibilit\u00e9 aux <a href=\"https:\/\/www.humanium.org\/fr\/comprendre-droits-enfant\/droit-a-la-sante\/\">services de sant\u00e9<\/a>, ce qui suscite un sentiment de d\u00e9sespoir \u00e0 travers la privation de nourriture ainsi que d\u2019autres services, et peut \u00eatre li\u00e9 \u00e0 des taux \u00e9lev\u00e9s de suicide&nbsp; (Lovero, Santors et. al., 2023)<\/p>\n\n\n\n<h3 class=\"wp-block-heading\">Facteurs culturels<\/h3>\n\n\n\n<p class=\"wp-block-paragraph\">Les normes culturelles, les pratiques, les valeurs et les attentes peuvent mener \u00e0 l\u2019augmentation du taux de suicide des jeunes en engendrant un environnement anxiog\u00e8ne. Pae exemple, la <a href=\"https:\/\/www.humanium.org\/fr\/coree-du-sud\/\">Cor\u00e9e du Sud<\/a> poss\u00e8de le quatri\u00e8me taux de suicide le plus \u00e9lev\u00e9 au monde et, particuli\u00e8rement, un taux de suicide remarquablement \u00e9lev\u00e9 chez les \u00e9tudiants associ\u00e9s \u00e0 la pression acad\u00e9mique et le d\u00e9shonneur que les d\u00e9faillances de l\u2019alcool peuvent apporter dans les familles (World Population Review, 2023).<\/p>\n\n\n\n<h3 class=\"wp-block-heading\">La maltraitance, la violence et la n\u00e9gligence<\/h3>\n\n\n\n<p class=\"wp-block-paragraph\">La maltraitance des enfants et des jeunes personnes peut leur causer des troubles psychologiques et, dans les cas les plus extr\u00eames, un suicide. Pr\u00e8s de 20% de tous les suicides au <a href=\"https:\/\/www.humanium.org\/fr\/royaume-uni\/\">Royaume-Uni<\/a> ont \u00e9t\u00e9 li\u00e9s aux abus et \u00e0 la n\u00e9gligence (University of Manchester, 2016). A travers le monde, la maltraitance et la n\u00e9gligence sont identifi\u00e9es comme les principaux facteurs de risque de suicide des adolescents&nbsp; (Lovero, Santos et. al., 2023).<\/p>\n\n\n\n<h3 class=\"wp-block-heading\">L\u2019acc\u00e8s aux armes \u00e0 feu<\/h3>\n\n\n\n<p class=\"wp-block-paragraph\">Dans les pays o\u00f9 les armes \u00e0 feu sont plus accessibles, la disponibilit\u00e9 d\u2019armes est un facteur de risque cl\u00e9 pour les suicides concernant les jeunes personnes. Aux <a href=\"https:\/\/www.humanium.org\/fr\/etats-unis\/\">Etats-Unis<\/a>, pr\u00e8s de 60% de tous les suicides sont commis avec une arme (Cammarata, 2023). Ce chiffre demeure au-dessus de 50% pour le suicide de jeunes personnes (John Hokins Medicine, n.d).<\/p>\n\n\n\n<h3 class=\"wp-block-heading\">Le traumatisme familial, le deuil et des ant\u00e9c\u00e9dents suicidaires&nbsp;<\/h3>\n\n\n\n<p class=\"wp-block-paragraph\">Il a \u00e9t\u00e9 d\u00e9montr\u00e9 que les taux de suicide des jeunes augmentent chez les enfants issues de familles ayant des ant\u00e9c\u00e9dents li\u00e9s \u00e0 la d\u00e9pression ou au suicide (Cammarata, 2023). Les jeunes personnes ayant souffert d\u2019une perte importante sont \u00e9galement vuln\u00e9rables \u00e0 l\u2019apparition d\u2019id\u00e9es suicidaires. Pr\u00e8s d\u2019un quart des tentatives de suicide au <a href=\"https:\/\/www.humanium.org\/fr\/royaume-uni\/\">Royaume-Uni<\/a> ont \u00e9t\u00e9 li\u00e9es \u00e0 un deuil (University of Manchester, 2016). <\/p>\n\n\n\n<p class=\"wp-block-paragraph\">Au sein des pays \u00e0 revenus faibles ou moyens, les exp\u00e9riences ind\u00e9sirables de l\u2019enfance, les relations fragiles et les conflits familiaux ont \u00e9t\u00e9 identifi\u00e9s comme les principaux facteurs socio-economiques augmentant le risque de suicide chez les jeunes (Lovero, Santos et. al., 2023).<\/p>\n\n\n\n<h3 class=\"wp-block-heading\">L\u2019identit\u00e9 de genre et l\u2019orientation sexuelle&nbsp;<\/h3>\n\n\n\n<p class=\"wp-block-paragraph\">Les enfants et les jeunes personnes qui s\u2019identifient dans une minorit\u00e9 sexuelle au sein m\u00eame de leur communaut\u00e9 risque une ali\u00e9nation et de la maltraitance qui peuvent mener \u00e0 un risque \u00e9lev\u00e9 de suicide (Cammarata, 2023). <\/p>\n\n\n\n<p class=\"wp-block-paragraph\">Dans une \u00e9tude men\u00e9e par l\u2019association \u00ab\u00a0Just Like Us\u00a0\u00bb entre D\u00e9cembre 2020 et Janvier 2021, 2 934 <a href=\"https:\/\/www.humanium.org\/fr\/discriminations\/enfants-lgbtq\/\">adolescents de la communaut\u00e9 LGBTQIA+<\/a> et des jeunes entre 11 et 18 ans ont \u00e9t\u00e9 interrog\u00e9s, et cette \u00e9tude a r\u00e9v\u00e9l\u00e9 que 68% d\u2019entre eux ont eu des pens\u00e9es suicidaires. Elle a \u00e9galement r\u00e9v\u00e9l\u00e9 que 74% des adolescentes qui s\u2019identifient comme lesbienne et 77% des adolescents qui s\u2019identifient comme transgenre \u00e9taient plus susceptibles de commettre des tentatives suicidaires (Storer, 2021).<\/p>\n\n\n\n<p class=\"wp-block-paragraph\">En plus de cela, cette \u00e9tude a d\u00e9termin\u00e9 que pr\u00e8s d\u2019un tiers d\u2019adolescents de la communaut\u00e9 LGBTQIA+ se sont mutil\u00e9s, par rapport \u00e0 9% d\u2019adolescents ne faisant pas partie de la communaut\u00e9 LGBTQIA+. Parmi les adolescents noirs <a href=\"https:\/\/www.humanium.org\/fr\/discriminations\/enfants-lgbtq\/\">de la communaut\u00e9 LGBTQIA+<\/a>, 89% d\u2019entre eux ont eu des pens\u00e9es suicidaires par rapport \u00e0 67% d\u2019adolescents blancs de la communaut\u00e9 LGBTQIA+. <\/p>\n\n\n\n<p class=\"wp-block-paragraph\">Les adolescents issues de la communaut\u00e9 LGBTQIA+ affirme ne pas se sentir en s\u00e9curit\u00e9 dans les \u00e9coles \u00e0 cause de comportements homophobes, de comportements transphobes et d\u2019agressions verbales de la part des professeurs et d\u2019autres \u00e9l\u00e8ves ce qui provoque une d\u00e9pression et une augmentation des pens\u00e9es suicidaires (Storer, 2021).\u00a0\u00a0<\/p>\n\n\n\n<h3 class=\"wp-block-heading\">La pression scolaire et le harc\u00e8lement<\/h3>\n\n\n\n<p class=\"wp-block-paragraph\">Les jeunes personne qui font face \u00e0 la pression scolaire ou la maltraitance \u00e0 l\u2019\u00e9cole sont expos\u00e9es \u00e0 un risque \u00e9lev\u00e9 de suicide. Plus d\u2019un quart des jeunes personnes qui ont commis un suicide au Royaume-Uni en 2016 \u00e9taient en p\u00e9riode d\u2019examens ou recevaient les r\u00e9sultats de ceux-ci au moment de leur d\u00e9c\u00e8s (University of Manchester, 2016).<\/p>\n\n\n\n<p class=\"wp-block-paragraph\">Des formes extr\u00eames d\u2019harc\u00e8lement peuvent provoquer des difficult\u00e9s au niveau de la sant\u00e9 mentale et poussent les jeunes personnes \u00e0 se suicider. Au Royaume-Uni, 22% des tentatives de suicide parmi les jeunes personnes peuvent \u00eatre li\u00e9es aux cas de <a href=\"https:\/\/www.humanium.org\/fr\/harcelement-scolaire\/\">harc\u00e8lement<\/a> (University of Manchester, 2016).<\/p>\n\n\n\n<h2 class=\"wp-block-heading\">Les indicateurs de risque suicidaire<\/h2>\n\n\n\n<p class=\"wp-block-paragraph\">Les enfants et les jeunes personnes manifestent souvent des tendances similaires quand ils pensent \u00e0 se suicider. Ces signes alarmants peuvent aider les familles, les tuteurs et les institutions comp\u00e9tentes\u00e0 identifier et \u00e0 r\u00e9duire les risques de suicide. Ces indicateurs peuvent plus ou moins \u00eatre regroup\u00e9s dans diff\u00e9rentes cat\u00e9gories&nbsp;:<\/p>\n\n\n\n<ol class=\"wp-block-list\">\n<li>L\u2019expression suicidaire&nbsp;: les jeunes personnes qui pensent \u00e0 se suicider manifestent souvent cette intention \u00e0 travers leurs actions. Cela peut \u00eatre observ\u00e9 par des lettres d\u2019adieu et des images, ou des phrases verbales qui laissent entendre ou indiquent qu\u2019ils ne comptent pas vivre plus longtemps (John Hopkins Medicine, n.d). Dans des cas plus \u00e9vidents, les tendances suicidaires peuvent aussi se manifester par la mutilation (Rodway, Tham et. al., 2022). L\u2019expression suicidaire peut aussi \u00eatre plus discr\u00e8te. En 2016, le <a href=\"https:\/\/www.humanium.org\/fr\/royaume-uni\/\">Royaume-Uni<\/a> a identifi\u00e9 l\u2019usage d\u2019internet li\u00e9 au suicide dans plus d\u2019un quart d\u2019enfants et de jeunes personnes morts d\u2019un suicide&nbsp; (University of Manchester, 2016).<\/li>\n\n\n\n<li>Les changements radicaux de comportement&nbsp;:&nbsp; les enfants et les jeunes qui pensent \u00e0 se suicider vont souvent manifester des changements importants au niveau de leur comportement par des actions contraires \u00e0 la normale. Cela peut inclure des changements d\u2019habitudes alimentaires et d\u2019habitudes au niveau du sommeil, au niveau des activit\u00e9s et des loisirs, et au niveau de l\u2019apparence physique (John Hopkins Medicine, n.d). Dans les cas les plus \u00e9vidents, les enfants et les adolescents manifesteront des comportements de type impulsif ou dangereux et peuvent avoir du mal \u00e0 contr\u00f4ler leurs \u00e9motions (New York State Department of Health, n.d).<\/li>\n\n\n\n<li>La tendance au d\u00e9sint\u00e9r\u00eat&nbsp;: les adolescents qui pensent \u00e0 se suicider s\u2019\u00e9loignent souvent de leurs communaut\u00e9s alors que leur \u00e9tat mental et \u00e9motionnel les am\u00e8ne \u00e0 se sentir d\u00e9tach\u00e9s de la vie quotidienne. Cet \u00e9loignement peut prendre plusieurs formes. Dans des cas moins \u00e9vidents, cela peut inclure de faibles r\u00e9sultats, un \u00e9loignement des amis et de la famille, et un manque de r\u00e9ponses aux compliments (John Hokins Medicine, n.d). Dans des cas plus extr\u00eames, cela peut impliquer la perte d\u2019un bien personnel et des probl\u00e8mes de concentration (John Hopokins Medicine, n.d).<\/li>\n\n\n\n<li><a href=\"https:\/\/www.humanium.org\/fr\/enfants-dependances\/#:~:text=La%20d%C3%A9veloppement%20physique%20et%20psychique,cons%C3%A9quences%20peuvent%20m%C3%AAme%20%C3%AAtre%20mortelles.\">L\u2019usage d\u00e9tourn\u00e9 de substances&nbsp;<\/a>: l\u2019abus de drogues et d\u2019autres substances peuvent \u00eatre un indicateur majeur du d\u00e9sespoir et la fuite des jeunes, ainsi qu\u2019un indicateur de tendances suicidaires possibles. La d\u00e9pendance aux drogues et \u00e0 l\u2019alcool peut \u00eatre un \u00e9l\u00e9ment conducteur et indicateur de risque de suicide (New York State Department of Health, n.d).<\/li>\n<\/ol>\n\n\n\n<h2 class=\"wp-block-heading\">Des r\u00e9ponses dans le monde<\/h2>\n\n\n\n<p class=\"wp-block-paragraph\">Afin de r\u00e9duire de mani\u00e8re syst\u00e9matique, les pays et r\u00e9gions du monde ont besoin de lutter contre ce ph\u00e9nom\u00e8ne sous plusieurs angles compl\u00e9mentaires. Ceux-ci comportent&nbsp;:<\/p>\n\n\n\n<figure class=\"wp-block-image size-large\"><img loading=\"lazy\" decoding=\"async\" width=\"1024\" height=\"683\" src=\"https:\/\/www.humanium.org\/fr\/wp-content\/uploads\/2024\/11\/shutterstock_2209483491-1024x683.jpg\" alt=\"\" class=\"wp-image-57841\" srcset=\"https:\/\/www.humanium.org\/fr\/wp-content\/uploads\/2024\/11\/shutterstock_2209483491-1024x683.jpg 1024w, https:\/\/www.humanium.org\/fr\/wp-content\/uploads\/2024\/11\/shutterstock_2209483491-300x200.jpg 300w, https:\/\/www.humanium.org\/fr\/wp-content\/uploads\/2024\/11\/shutterstock_2209483491-768x512.jpg 768w, https:\/\/www.humanium.org\/fr\/wp-content\/uploads\/2024\/11\/shutterstock_2209483491-1536x1024.jpg 1536w, https:\/\/www.humanium.org\/fr\/wp-content\/uploads\/2024\/11\/shutterstock_2209483491-2048x1365.jpg 2048w, https:\/\/www.humanium.org\/fr\/wp-content\/uploads\/2024\/11\/shutterstock_2209483491-830x553.jpg 830w, https:\/\/www.humanium.org\/fr\/wp-content\/uploads\/2024\/11\/shutterstock_2209483491-230x153.jpg 230w, https:\/\/www.humanium.org\/fr\/wp-content\/uploads\/2024\/11\/shutterstock_2209483491-350x233.jpg 350w, https:\/\/www.humanium.org\/fr\/wp-content\/uploads\/2024\/11\/shutterstock_2209483491-480x320.jpg 480w, https:\/\/www.humanium.org\/fr\/wp-content\/uploads\/2024\/11\/shutterstock_2209483491-272x182.jpg 272w\" sizes=\"auto, (max-width: 1024px) 100vw, 1024px\" \/><\/figure>\n\n\n\n<ol class=\"wp-block-list\">\n<li>La recherche&nbsp;: des recherches plus approfondies sont n\u00e9cessaires afin de comprendre&nbsp; le suicide des jeunes aux \u00e9chelles nationales et internationales. Cette recherche peut aider \u00e0 informer les pays sur la mani\u00e8re d\u2019approcher les sp\u00e9cificit\u00e9s de leurs difficult\u00e9s li\u00e9es \u00e0 des facteurs socio-\u00e9conomiques et culturels.<\/li>\n\n\n\n<li>La sensibilisation et l\u2019\u00e9ducation&nbsp;: \u00e0 l\u2019\u00e9chelle mondiale, des opportunit\u00e9s doivent \u00eatre saisies pour sensibiliser les personnes \u00e0 la pr\u00e9valence du suicide des jeunes. La journ\u00e9e mondiale de la pr\u00e9vention du suicide est un exemple de la mani\u00e8re dont les pays peuvent partager leurs exp\u00e9riences et les le\u00e7ons apprises afin de soutenir l\u2019\u00e9change de bonnes pratiques (WHO, 2023). A l\u2019\u00e9chelle nationale, les populations ont besoin d\u2019\u00eatre \u00e9duqu\u00e9es sur la pr\u00e9valence, les risques et les indicateurs du suicide infantile afin d\u2019aider \u00e0 lutter contre ce ph\u00e9nom\u00e8ne.<\/li>\n\n\n\n<li>Les strat\u00e9gies de pr\u00e9vention \u00e0 l\u2019\u00e9chelle nationale&nbsp;: des recherches conduites par l\u2019OMS en 2013 ont d\u00e9montr\u00e9 des d\u00e9s\u00e9quilibres importants et terme de capacit\u00e9 \u00e0 l\u2019\u00e9chelle nationale \u00e0 soutenir les jeunes qui ont des tendances suicidaires. Sur les 157 pays interrog\u00e9s sur la pr\u00e9vention du suicide, seulement 90 pays ont r\u00e9pondu et pr\u00e8s d\u2019un quart des plans d\u2019actions disposaient pour lutter contre le suicide (WHO, 2014). L\u2019absence de strat\u00e9gies \u00e0 l\u2019\u00e9chelle nationale limite la capacit\u00e9 des pays \u00e0 b\u00e9n\u00e9ficier d\u2019une r\u00e9ponse compr\u00e9hensive et coh\u00e9sive aux risques du suicide (WHO, 2014). Cela donne \u00e9galement la possibilit\u00e9 \u00e0 des secteurs en particulier qui \u00e9chappent \u00e0 leur responsabilit\u00e9 pour leur r\u00f4le dans l\u2019augmentation du risque de suicide chez les enfants, comme dans l\u2019industrie du jeu vid\u00e9o, dans les entreprises technologiques et les organisations m\u00e9diatiques (The US Surgeon General\u2019s Advisory, 2021).&nbsp;&nbsp;<\/li>\n\n\n\n<li>La formation et le renforcement des capacit\u00e9s&nbsp;: des secteurs particuliers et individuels en termes de responsabilit\u00e9s envers les enfants n\u00e9cessitent une formation sp\u00e9cialis\u00e9e afin d\u2019aider \u00e0 prot\u00e9ger les enfants et les adolescents suicidaires. Celle-ci comprend des parents et des tuteurs, des professeurs, ainsi que des professionnels de sant\u00e9. Si les personnes qui ont interagi avec les enfants au quotidien ne sont pas form\u00e9es pour identifier les tendances suicidaires, elles risquent de manquer des points cl\u00e9s.<\/li>\n\n\n\n<li>Des assistances t\u00e9l\u00e9phoniques et des syst\u00e8mes de protection sociale disponibles&nbsp;: Les enfants et adolescents qui pensent \u00e0 se suicider ont besoin d\u2019un r\u00e9seau de service pour les aider \u00e0 surmonter les obstacles pos\u00e9s par leur sant\u00e9 mentale&nbsp;. Ces services comportent des assistances t\u00e9l\u00e9phoniques et des lignes directes, des s\u00e9jours \u00e0 l\u2019h\u00f4pital et des \u00e9quipements, des opportunit\u00e9s d\u2019aller en th\u00e9rapie et des groupes de discussions. Il est crucial pour les enfants et les adolescents d\u2019avoir de nombreuses opportunit\u00e9s et des d\u00e9bouch\u00e9s pour parler et \u00eatre entendus.<\/li>\n<\/ol>\n\n\n\n<p class=\"wp-block-paragraph\"><em><strong>\u00c9crit par Vanessa Cezarita Cordeiro<\/strong><\/em><\/p>\n\n\n\n<p class=\"wp-block-paragraph\"><em><strong>Relu en interne par Aditi Partha<\/strong><\/em><\/p>\n\n\n\n<p class=\"wp-block-paragraph\"><em><strong>Traduit par Ruthy Gbogbu<\/strong><\/em><\/p>\n\n\n\n<p class=\"wp-block-paragraph\"><em><strong>Relu en interne par Jeanne-Marie Quashie<\/strong><\/em><\/p>\n\n\n\n<p class=\"wp-block-paragraph\"><em><strong>Derni\u00e8re mise \u00e0 jour le 20 novembre 2023<\/strong><\/em><\/p>\n\n\n\n<h4 class=\"wp-block-heading\"><strong>References:&nbsp;<\/strong><\/h4>\n\n\n\n<p class=\"has-small-font-size wp-block-paragraph\">Appleby, L., Kapur, N., Shaw, J., Turnball, P., Windfuhr, K., Ibrahim, S., Rodway, C., &amp; Tham, S.. (2016, May). <a href=\"https:\/\/documents.manchester.ac.uk\/display.aspx?DocID=37568\" target=\"_blank\" rel=\"noreferrer noopener\">\u201cSuicide by children and young people in England: National confidential inquiry into suicide and homicide by people with mental illness.\u201d<\/a> Retrieved from The University of Manchester, accessed on 17 November 2023.&nbsp;<\/p>\n\n\n\n<p class=\"has-small-font-size wp-block-paragraph\">Cammarata, C. (2023, April). <a href=\"https:\/\/kidshealth.org\/en\/parents\/suicide.html#a_About_Teen_Suicide\" target=\"_blank\" rel=\"noreferrer noopener\">\u201cAbout teen suicide.\u201d<\/a> Retrieved from Psychology Behavioral Health at Nemours Children\u2019s Health, accessed on 17 November 2023.&nbsp;<\/p>\n\n\n\n<p class=\"has-small-font-size wp-block-paragraph\">Johns Hopkins Medicine. (2023). <a href=\"https:\/\/www.hopkinsmedicine.org\/health\/conditions-and-diseases\/teen-suicide\" target=\"_blank\" rel=\"noreferrer noopener\">\u201cTeen suicide.<\/a>\u201d Retrieved from Johns Hopkins Medicine, accessed on 18 November 2023.<\/p>\n\n\n\n<p class=\"has-small-font-size wp-block-paragraph\">Lovero, K., Dos Santos, P., Come, A., Wainberg, M., &amp; Oquendo, M. (2023, May 13). <a href=\"https:\/\/www.ncbi.nlm.nih.gov\/pmc\/articles\/PMC10182355\/\" target=\"_blank\" rel=\"noreferrer noopener\">\u201cSuicide in global mental health.\u201d<\/a> Vol 25(6). Retrived from National Library of Medicine National Center for Biotechnology Information, accessed on 17 November 2023.&nbsp;<\/p>\n\n\n\n<p class=\"has-small-font-size wp-block-paragraph\">Nationwide Children\u2019s. (2023). <a href=\"https:\/\/www.nationwidechildrens.org\/conditions\/suicidal-behaviors\" target=\"_blank\" rel=\"noreferrer noopener\">\u201cSuicidal behaviors.\u201d<\/a> Retrieved from Nationwide Children\u2019s, accessed on 16 November 2023.&nbsp;&nbsp;<\/p>\n\n\n\n<p class=\"has-small-font-size wp-block-paragraph\">New York State Department of Health. (n,d). <a href=\"https:\/\/www.health.ny.gov\/prevention\/injury_prevention\/children\/fact_sheets\/10-19_years\/suicide_prevention_10-19_years.htm\" target=\"_blank\" rel=\"noreferrer noopener\">\u201cSuicide prevention, children\u2019s ages 10 to 19 years.\u201d<\/a> Retrieved from New York State Department of Health, accessed on 17 November 2023.&nbsp;<\/p>\n\n\n\n<p class=\"has-small-font-size wp-block-paragraph\">Prinstein, M. (2022, February 7). <a href=\"https:\/\/www.apa.org\/news\/press\/op-eds\/youth-mental-health-crisis\" target=\"_blank\" rel=\"noreferrer noopener\">\u201cUS youth are in mental health crisis \u2013 we must invest in their care.\u201d<\/a> Retrieved from American Psychological Association, accessed on 16 November 2023.&nbsp;<\/p>\n\n\n\n<p class=\"has-small-font-size wp-block-paragraph\">Rodway, C., Tham, S., Turnball, P., Kapur, N., &amp; Appleby, L. (2020, October 1). <a href=\"https:\/\/www.sciencedirect.com\/science\/article\/abs\/pii\/S0165032720324666\" target=\"_blank\" rel=\"noreferrer noopener\">\u201cSuicide in children and young people: can it happen without warning.\u201d Vol<\/a> 275. Retrieved from Journal of Affective Disorders, accessed on 16 November 2023.&nbsp;<\/p>\n\n\n\n<p class=\"has-small-font-size wp-block-paragraph\">Royal College of Paediatrics and Child Health. (2021). <a href=\"https:\/\/stateofchildhealth.rcpch.ac.uk\/evidence\/mental-health\/suicide\/\" target=\"_blank\" rel=\"noreferrer noopener\">\u201cSuicide.\u201d<\/a> Retrieved from Royal College of Paediatrics and Child Health, accessed on 18 November 2023.&nbsp;<\/p>\n\n\n\n<p class=\"has-small-font-size wp-block-paragraph\">Solomon, A. (2022, April 4). <a href=\"https:\/\/www.newyorker.com\/magazine\/2022\/04\/11\/the-mystifying-rise-of-child-suicide\" target=\"_blank\" rel=\"noreferrer noopener\">\u201cThe mystifying rise of child suicide, a family tragedy sheds light on a burgeoning mental-health emergency.\u201d<\/a> Retrieved from The New Yorker, accessed on 18 November 2023.&nbsp;<\/p>\n\n\n\n<p class=\"has-small-font-size wp-block-paragraph\">Storer, R. (2021, May 17). <a href=\"https:\/\/www.theguardian.com\/society\/2021\/may\/17\/lgbt-youths-twice-as-likely-to-contemplate-suicide-survey-finds\" target=\"_blank\" rel=\"noreferrer noopener\">\u201cLGBT+ youths twice as likely to contemplate suicide, survey finds.\u201d<\/a> Retrieved from The Guardian, accessed on 7 January 2024.&nbsp;<\/p>\n\n\n\n<p class=\"has-small-font-size wp-block-paragraph\">The U.S Surgeon General\u2019s Advisory. (2021). <a href=\"https:\/\/www.hhs.gov\/sites\/default\/files\/surgeon-general-youth-mental-health-advisory.pdf\" target=\"_blank\" rel=\"noreferrer noopener\">\u201cProtecting youth mental health.\u201d<\/a> Retrieved from the U.S Surgeon General\u2019s Advisory, accessed on 17 November 2023.&nbsp;<\/p>\n\n\n\n<p class=\"has-small-font-size wp-block-paragraph\">World Health Organization. (2014). <a href=\"https:\/\/iris.who.int\/bitstream\/handle\/10665\/131056\/9789241564779_eng.pdf?sequence=1\" target=\"_blank\" rel=\"noreferrer noopener\">\u201cPreventing suicide: a global imperative.\u201d<\/a> Retrieved from World Health Organization, accessed on 16 November 2023.&nbsp;<\/p>\n\n\n\n<p class=\"has-small-font-size wp-block-paragraph\">World Health Organization. (2023, August 28). <a href=\"https:\/\/www.who.int\/news-room\/fact-sheets\/detail\/suicide\" target=\"_blank\" rel=\"noreferrer noopener\">\u201cSuicide.\u201d<\/a> Retrieved from World Health Organization, accessed on 17 November 2023.&nbsp;<\/p>\n\n\n\n<p class=\"has-small-font-size wp-block-paragraph\">World Health Organization. (n,d). \u201cWorld suicide prevention day 2023: creating hope through action.\u201d Retrieved from World Health Organization, accessed on 18 November 2023.&nbsp;<\/p>\n\n\n\n<p class=\"has-small-font-size wp-block-paragraph\">World population review. (2023). <a href=\"https:\/\/worldpopulationreview.com\/country-rankings\/suicide-rate-by-country\">\u201cSuicide rate by <\/a><a href=\"https:\/\/worldpopulationreview.com\/country-rankings\/suicide-rate-by-country\" target=\"_blank\" rel=\"noreferrer noopener\">country<\/a><a href=\"https:\/\/worldpopulationreview.com\/country-rankings\/suicide-rate-by-country\"> 2023.\u201d<\/a> Retrieved from World population review, accessed on 18 November 2023.<\/p>\n","protected":false},"excerpt":{"rendered":"<p>Ces derni\u00e8res ann\u00e9es, il y a eu une augmentation alarmante et drastique de tentatives de suicide d\u2019enfants et d\u2019adolescents dans le monde. Les pressions sociales et \u00e9conomiques, la pand\u00e9mie du COVID-19, les conditions de sant\u00e9 physique et mentale\u00a0; l\u2019exp\u00e9rience d\u2019agression, de violence ou de traumatisme familial, l\u2019environnement scolaire, et les orientations sexuelles font partie de [&hellip;]<\/p>\n","protected":false},"author":65,"featured_media":57842,"parent":0,"menu_order":0,"comment_status":"closed","ping_status":"closed","template":"","meta":{"footnotes":""},"class_list":["post-18583","page","type-page","status-publish","has-post-thumbnail","hentry"],"yoast_head":"<!-- This site is optimized with the Yoast SEO plugin v28.3 - https:\/\/yoast.com\/product\/yoast-seo-wordpress\/ -->\n<title>Le suicide chez les enfants et les adolescents - Humanium<\/title>\n<meta name=\"description\" content=\"Ces derni\u00e8res ann\u00e9es, il y a eu une augmentation alarmante et drastique de tentatives de suicide d\u2019enfants et d\u2019adolescents dans le monde.\" \/>\n<meta name=\"robots\" content=\"index, follow, max-snippet:-1, max-image-preview:large, max-video-preview:-1\" \/>\n<link rel=\"canonical\" href=\"https:\/\/www.humanium.org\/fr\/suicide-enfants\/\" \/>\n<meta property=\"og:locale\" content=\"fr_FR\" \/>\n<meta property=\"og:type\" content=\"article\" \/>\n<meta property=\"og:title\" content=\"Le suicide chez les enfants et les adolescents - Humanium\" \/>\n<meta property=\"og:description\" content=\"Ces derni\u00e8res ann\u00e9es, il y a eu une augmentation alarmante et drastique de tentatives de suicide d\u2019enfants et d\u2019adolescents dans le monde.\" \/>\n<meta property=\"og:url\" content=\"https:\/\/www.humanium.org\/fr\/suicide-enfants\/\" \/>\n<meta property=\"og:site_name\" content=\"Humanium\" \/>\n<meta property=\"article:modified_time\" content=\"2025-12-10T02:59:34+00:00\" \/>\n<meta property=\"og:image\" content=\"https:\/\/www.humanium.org\/fr\/wp-content\/uploads\/2024\/11\/shutterstock_662071522-scaled.jpg\" \/>\n\t<meta property=\"og:image:width\" content=\"2560\" \/>\n\t<meta property=\"og:image:height\" content=\"1707\" \/>\n\t<meta property=\"og:image:type\" content=\"image\/jpeg\" \/>\n<meta name=\"twitter:card\" content=\"summary_large_image\" \/>\n<meta name=\"twitter:label1\" content=\"Dur\u00e9e de lecture estim\u00e9e\" \/>\n\t<meta name=\"twitter:data1\" content=\"16 minutes\" \/>\n<script type=\"application\/ld+json\" class=\"yoast-schema-graph\">{\"@context\":\"https:\\\/\\\/schema.org\",\"@graph\":[{\"@type\":\"WebPage\",\"@id\":\"https:\\\/\\\/www.humanium.org\\\/fr\\\/suicide-enfants\\\/\",\"url\":\"https:\\\/\\\/www.humanium.org\\\/fr\\\/suicide-enfants\\\/\",\"name\":\"Le suicide chez les enfants et les adolescents - Humanium\",\"isPartOf\":{\"@id\":\"https:\\\/\\\/www.humanium.org\\\/fr\\\/#website\"},\"primaryImageOfPage\":{\"@id\":\"https:\\\/\\\/www.humanium.org\\\/fr\\\/suicide-enfants\\\/#primaryimage\"},\"image\":{\"@id\":\"https:\\\/\\\/www.humanium.org\\\/fr\\\/suicide-enfants\\\/#primaryimage\"},\"thumbnailUrl\":\"https:\\\/\\\/www.humanium.org\\\/fr\\\/wp-content\\\/uploads\\\/2024\\\/11\\\/shutterstock_662071522-scaled.jpg\",\"datePublished\":\"2012-03-12T09:45:40+00:00\",\"dateModified\":\"2025-12-10T02:59:34+00:00\",\"description\":\"Ces derni\u00e8res ann\u00e9es, il y a eu une augmentation alarmante et drastique de tentatives de suicide d\u2019enfants et d\u2019adolescents dans le monde.\",\"breadcrumb\":{\"@id\":\"https:\\\/\\\/www.humanium.org\\\/fr\\\/suicide-enfants\\\/#breadcrumb\"},\"inLanguage\":\"fr-FR\",\"potentialAction\":[{\"@type\":\"ReadAction\",\"target\":[\"https:\\\/\\\/www.humanium.org\\\/fr\\\/suicide-enfants\\\/\"]}]},{\"@type\":\"ImageObject\",\"inLanguage\":\"fr-FR\",\"@id\":\"https:\\\/\\\/www.humanium.org\\\/fr\\\/suicide-enfants\\\/#primaryimage\",\"url\":\"https:\\\/\\\/www.humanium.org\\\/fr\\\/wp-content\\\/uploads\\\/2024\\\/11\\\/shutterstock_662071522-scaled.jpg\",\"contentUrl\":\"https:\\\/\\\/www.humanium.org\\\/fr\\\/wp-content\\\/uploads\\\/2024\\\/11\\\/shutterstock_662071522-scaled.jpg\",\"width\":2560,\"height\":1707},{\"@type\":\"BreadcrumbList\",\"@id\":\"https:\\\/\\\/www.humanium.org\\\/fr\\\/suicide-enfants\\\/#breadcrumb\",\"itemListElement\":[{\"@type\":\"ListItem\",\"position\":1,\"name\":\"Home\",\"item\":\"https:\\\/\\\/www.humanium.org\\\/fr\\\/\"},{\"@type\":\"ListItem\",\"position\":2,\"name\":\"Le suicide chez les enfants et les adolescents\"}]},{\"@type\":\"WebSite\",\"@id\":\"https:\\\/\\\/www.humanium.org\\\/fr\\\/#website\",\"url\":\"https:\\\/\\\/www.humanium.org\\\/fr\\\/\",\"name\":\"Humanium\",\"description\":\"Les enfants d\u2019abord !\",\"potentialAction\":[{\"@type\":\"SearchAction\",\"target\":{\"@type\":\"EntryPoint\",\"urlTemplate\":\"https:\\\/\\\/www.humanium.org\\\/fr\\\/?s={search_term_string}\"},\"query-input\":{\"@type\":\"PropertyValueSpecification\",\"valueRequired\":true,\"valueName\":\"search_term_string\"}}],\"inLanguage\":\"fr-FR\"}]}<\/script>\n<!-- \/ Yoast SEO plugin. -->","yoast_head_json":{"title":"Le suicide chez les enfants et les adolescents - Humanium","description":"Ces derni\u00e8res ann\u00e9es, il y a eu une augmentation alarmante et drastique de tentatives de suicide d\u2019enfants et d\u2019adolescents dans le monde.","robots":{"index":"index","follow":"follow","max-snippet":"max-snippet:-1","max-image-preview":"max-image-preview:large","max-video-preview":"max-video-preview:-1"},"canonical":"https:\/\/www.humanium.org\/fr\/suicide-enfants\/","og_locale":"fr_FR","og_type":"article","og_title":"Le suicide chez les enfants et les adolescents - Humanium","og_description":"Ces derni\u00e8res ann\u00e9es, il y a eu une augmentation alarmante et drastique de tentatives de suicide d\u2019enfants et d\u2019adolescents dans le monde.","og_url":"https:\/\/www.humanium.org\/fr\/suicide-enfants\/","og_site_name":"Humanium","article_modified_time":"2025-12-10T02:59:34+00:00","og_image":[{"width":2560,"height":1707,"url":"https:\/\/www.humanium.org\/fr\/wp-content\/uploads\/2024\/11\/shutterstock_662071522-scaled.jpg","type":"image\/jpeg"}],"twitter_card":"summary_large_image","twitter_misc":{"Dur\u00e9e de lecture estim\u00e9e":"16 minutes"},"schema":{"@context":"https:\/\/schema.org","@graph":[{"@type":"WebPage","@id":"https:\/\/www.humanium.org\/fr\/suicide-enfants\/","url":"https:\/\/www.humanium.org\/fr\/suicide-enfants\/","name":"Le suicide chez les enfants et les adolescents - Humanium","isPartOf":{"@id":"https:\/\/www.humanium.org\/fr\/#website"},"primaryImageOfPage":{"@id":"https:\/\/www.humanium.org\/fr\/suicide-enfants\/#primaryimage"},"image":{"@id":"https:\/\/www.humanium.org\/fr\/suicide-enfants\/#primaryimage"},"thumbnailUrl":"https:\/\/www.humanium.org\/fr\/wp-content\/uploads\/2024\/11\/shutterstock_662071522-scaled.jpg","datePublished":"2012-03-12T09:45:40+00:00","dateModified":"2025-12-10T02:59:34+00:00","description":"Ces derni\u00e8res ann\u00e9es, il y a eu une augmentation alarmante et drastique de tentatives de suicide d\u2019enfants et d\u2019adolescents dans le monde.","breadcrumb":{"@id":"https:\/\/www.humanium.org\/fr\/suicide-enfants\/#breadcrumb"},"inLanguage":"fr-FR","potentialAction":[{"@type":"ReadAction","target":["https:\/\/www.humanium.org\/fr\/suicide-enfants\/"]}]},{"@type":"ImageObject","inLanguage":"fr-FR","@id":"https:\/\/www.humanium.org\/fr\/suicide-enfants\/#primaryimage","url":"https:\/\/www.humanium.org\/fr\/wp-content\/uploads\/2024\/11\/shutterstock_662071522-scaled.jpg","contentUrl":"https:\/\/www.humanium.org\/fr\/wp-content\/uploads\/2024\/11\/shutterstock_662071522-scaled.jpg","width":2560,"height":1707},{"@type":"BreadcrumbList","@id":"https:\/\/www.humanium.org\/fr\/suicide-enfants\/#breadcrumb","itemListElement":[{"@type":"ListItem","position":1,"name":"Home","item":"https:\/\/www.humanium.org\/fr\/"},{"@type":"ListItem","position":2,"name":"Le suicide chez les enfants et les adolescents"}]},{"@type":"WebSite","@id":"https:\/\/www.humanium.org\/fr\/#website","url":"https:\/\/www.humanium.org\/fr\/","name":"Humanium","description":"Les enfants d\u2019abord !","potentialAction":[{"@type":"SearchAction","target":{"@type":"EntryPoint","urlTemplate":"https:\/\/www.humanium.org\/fr\/?s={search_term_string}"},"query-input":{"@type":"PropertyValueSpecification","valueRequired":true,"valueName":"search_term_string"}}],"inLanguage":"fr-FR"}]}},"_links":{"self":[{"href":"https:\/\/www.humanium.org\/fr\/wp-json\/wp\/v2\/pages\/18583","targetHints":{"allow":["GET"]}}],"collection":[{"href":"https:\/\/www.humanium.org\/fr\/wp-json\/wp\/v2\/pages"}],"about":[{"href":"https:\/\/www.humanium.org\/fr\/wp-json\/wp\/v2\/types\/page"}],"author":[{"embeddable":true,"href":"https:\/\/www.humanium.org\/fr\/wp-json\/wp\/v2\/users\/65"}],"replies":[{"embeddable":true,"href":"https:\/\/www.humanium.org\/fr\/wp-json\/wp\/v2\/comments?post=18583"}],"version-history":[{"count":10,"href":"https:\/\/www.humanium.org\/fr\/wp-json\/wp\/v2\/pages\/18583\/revisions"}],"predecessor-version":[{"id":61421,"href":"https:\/\/www.humanium.org\/fr\/wp-json\/wp\/v2\/pages\/18583\/revisions\/61421"}],"wp:featuredmedia":[{"embeddable":true,"href":"https:\/\/www.humanium.org\/fr\/wp-json\/wp\/v2\/media\/57842"}],"wp:attachment":[{"href":"https:\/\/www.humanium.org\/fr\/wp-json\/wp\/v2\/media?parent=18583"}],"curies":[{"name":"wp","href":"https:\/\/api.w.org\/{rel}","templated":true}]}}