{"id":18623,"date":"2012-03-30T15:11:30","date_gmt":"2012-03-30T15:11:30","guid":{"rendered":"http:\/\/www.humanium.org\/fr\/?page_id=18623"},"modified":"2026-08-30T19:14:49","modified_gmt":"2026-08-30T19:14:49","slug":"liechtenstein","status":"publish","type":"page","link":"https:\/\/www.humanium.org\/fr\/liechtenstein\/","title":{"rendered":"Enfants du Liechtenstein"},"content":{"rendered":"\n<h2 class=\"wp-block-heading\"><strong>Concr\u00e9tiser les droits de l\u2019enfant au Liechtenstein<\/strong><\/h2>\n\n\n\n<div class=\"wp-block-columns is-layout-flex wp-container-core-columns-is-layout-8f761849 wp-block-columns-is-layout-flex\">\n<div class=\"wp-block-column is-layout-flow wp-block-column-is-layout-flow\"><div class=\"wp-block-image is-style-rounded\">\n<figure class=\"aligncenter size-full is-resized\"><img decoding=\"async\" src=\"https:\/\/www.humanium.org\/en\/wp-content\/uploads\/2026\/08\/shutterstock_2476382897_edited-scaled.jpeg\" alt=\"\" class=\"wp-image-91990\" style=\"object-fit:cover;width:200px;height:200px\"\/><\/figure>\n<\/div><\/div>\n\n\n\n<div class=\"wp-block-column is-layout-flow wp-block-column-is-layout-flow\"><div class=\"wp-block-image is-style-rounded\">\n<figure class=\"aligncenter size-full is-resized\"><img decoding=\"async\" src=\"https:\/\/www.humanium.org\/en\/wp-content\/uploads\/2026\/08\/shutterstock_2736525983_edited-scaled.jpeg\" alt=\"\" class=\"wp-image-91991\" style=\"object-fit:cover;width:200px;height:200px\"\/><\/figure>\n<\/div><\/div>\n<\/div>\n\n\n\n<p class=\"wp-block-paragraph\"><strong><strong><strong><strong>Le Liechtenstein figure parmi les pays le plus riche de l\u2019Europe et la plupart des enfants y grandissent en pouvant acc\u00e9der aux services d\u2019\u00e9ducation, de sant\u00e9 et d\u2019assistance sociale. La loi nationale garantit que les enfants puissent b\u00e9n\u00e9ficier d\u2019une \u00e9ducation obligatoire, d\u2019un syst\u00e8me de sant\u00e9 public et d\u2019une protection juridique garantie par le droit national. Cependant, certains enfants sont expos\u00e9s \u00e0 la violence, \u00e0 une d\u00e9tresse mentale et \u00e0 une incertitude juridique li\u00e9e \u00e0 l\u2019asile et \u00e0 la<\/strong> <a href=\"https:\/\/www.humanium.org\/fr\/migration-infantile\/#:~:text=Au%20moins%20200.000%20enfants%20non,Children's%20Fund%20UNICEF%2C%202017).\"><strong>migration<\/strong><\/a><strong>,<\/strong> <strong>mettant en lumi\u00e8re des secteurs o\u00f9 la protection des enfants pourrait \u00eatre renforc\u00e9e.<\/strong><\/strong><\/strong><\/strong><\/p>\n\n\n\n<iframe src=\"https:\/\/www.google.com\/maps\/embed?pb=!1m18!1m12!1m3!1d173626.24207302876!2d9.388880265554644!3d47.15961643509075!2m3!1f0!2f0!3f0!3m2!1i1024!2i768!4f13.1!3m3!1m2!1s0x479b31441d472ffd%3A0x60eab536dd5ab189!2sLiechtenstein!5e0!3m2!1sen!2shr!4v1788115458461!5m2!1sen!2shr\" width=\"600\" height=\"450\" style=\"border:0;\" allowfullscreen=\"\" loading=\"lazy\" referrerpolicy=\"strict-origin-when-cross-origin\"><\/iframe>\n\n\n\n<div class=\"wp-block-columns is-layout-flex wp-container-core-columns-is-layout-8f761849 wp-block-columns-is-layout-flex\">\n<div class=\"wp-block-column is-layout-flow wp-block-column-is-layout-flow\">\n<p class=\"wp-block-paragraph\"><strong>Population:<\/strong> 40 245<br><strong>Population entre 0 et 14 ans:<\/strong> 14%<\/p>\n<\/div>\n\n\n\n<div class=\"wp-block-column is-layout-flow wp-block-column-is-layout-flow\">\n<p class=\"wp-block-paragraph\"><strong>Esp\u00e9rance de vie:<\/strong> 84,7 ans<br><strong>Mortalit\u00e9 infantile des moins de 5 ans:<\/strong> 5.4\u2030<\/p>\n<\/div>\n<\/div>\n\n\n\n<h2 class=\"wp-block-heading\"><strong>Un aper\u00e7u du Liechtenstein<\/strong><\/h2>\n\n\n<div class=\"wp-block-image\">\n<figure class=\"alignleft size-large is-resized\"><img loading=\"lazy\" decoding=\"async\" width=\"1024\" height=\"683\" src=\"https:\/\/www.humanium.org\/fr\/wp-content\/uploads\/2026\/08\/shutterstock_2672530081-1024x683.jpg\" alt=\"\" class=\"wp-image-62912\" style=\"aspect-ratio:1.499330655957162;width:410px;height:auto\" srcset=\"https:\/\/www.humanium.org\/fr\/wp-content\/uploads\/2026\/08\/shutterstock_2672530081-1024x683.jpg 1024w, https:\/\/www.humanium.org\/fr\/wp-content\/uploads\/2026\/08\/shutterstock_2672530081-300x200.jpg 300w, https:\/\/www.humanium.org\/fr\/wp-content\/uploads\/2026\/08\/shutterstock_2672530081-768x512.jpg 768w, https:\/\/www.humanium.org\/fr\/wp-content\/uploads\/2026\/08\/shutterstock_2672530081-1536x1024.jpg 1536w, https:\/\/www.humanium.org\/fr\/wp-content\/uploads\/2026\/08\/shutterstock_2672530081-2048x1365.jpg 2048w, https:\/\/www.humanium.org\/fr\/wp-content\/uploads\/2026\/08\/shutterstock_2672530081-830x553.jpg 830w, https:\/\/www.humanium.org\/fr\/wp-content\/uploads\/2026\/08\/shutterstock_2672530081-230x153.jpg 230w, https:\/\/www.humanium.org\/fr\/wp-content\/uploads\/2026\/08\/shutterstock_2672530081-350x233.jpg 350w, https:\/\/www.humanium.org\/fr\/wp-content\/uploads\/2026\/08\/shutterstock_2672530081-480x320.jpg 480w, https:\/\/www.humanium.org\/fr\/wp-content\/uploads\/2026\/08\/shutterstock_2672530081-272x182.jpg 272w\" sizes=\"auto, (max-width: 1024px) 100vw, 1024px\" \/><\/figure>\n<\/div>\n\n\n<p class=\"wp-block-paragraph\">Le Liechtenstein <em>(Fuerstentum Liechtenstein)<\/em> est un petit pays de l\u2019Europe de l\u2019ouest situ\u00e9 entre la <a href=\"https:\/\/www.humanium.org\/fr\/suisse\/\">Suisse<\/a> et l\u2019<a href=\"https:\/\/www.humanium.org\/fr\/autriche\/\">Autriche<\/a>. Avec une population d\u2019un peu plus de 40 000 personnes, le centre politique et administratif du pays est Vaduz. La gouvernance du pays est gouvern\u00e9 sous la forme d\u2019une monarchie constitutionnelle avec un prince h\u00e9r\u00e9ditaire comme chef d\u2019\u00c9tat et un parlement \u00e9lu qui repr\u00e9sente le peuple (Britannica, 2025).<\/p>\n\n\n\n<p class=\"wp-block-paragraph\">Les ressources naturelles \u00e9tant limit\u00e9es, le pays d\u00e9pend de l\u2019importation pour la plupart des mati\u00e8res premi\u00e8res. Son \u00e9conomie est soutenue par l\u2019industrie manufacturi\u00e8re \u00e0 petite \u00e9chelle, les services financiers et le tourisme, avec des liens \u00e9conomiques \u00e9troitsavec la Suisse. La devise nationale est le franc suisse et le pays maintient une union douani\u00e8re avec la Suisse (Britannica, 2025).<\/p>\n\n\n\n<p class=\"wp-block-paragraph\">La religion joue un r\u00f4le important dans la vie publique au Liechtenstein. La Constitution&nbsp; garantit la libert\u00e9 religieuse tout en d\u00e9signant le catolicismee romain comme religion d\u2019\u00c9tat. La majorit\u00e9 de la population se d\u00e9clare catholique, suivie par des communaut\u00e9s protestantes et musulmanes plus petites, ainsi que par des personnes sans affiliation religieuse (U.S. Department of State, 2022).<\/p>\n\n\n\n<h2 class=\"wp-block-heading\"><strong>Statut des droits de l\u2019enfant <a href=\"#_ftn1\" id=\"_ftnref1\"><strong>[1]<\/strong><\/a><\/strong><\/h2>\n\n\n\n<p class=\"wp-block-paragraph\">Les enfants liechtensteinois b\u00e9n\u00e9ficient des m\u00eames droits que les adultes, ainsi que de protections sp\u00e9cifiques li\u00e9es \u00e0 leur \u00e2ge et leur vuln\u00e9rabilit\u00e9. Les protections comprennent le droit de grandir dans un environnement s\u00e9curis\u00e9 et sain, de se d\u00e9velopper correctement et d\u2019\u00eatre entendus dans les decisions les concernant. Ces principes sont \u00e9num\u00e9r\u00e9s dans <a href=\"https:\/\/www.humanium.org\/fr\/definition\/\">La Convention relative aux Droits de l\u2019Enfant<\/a> ratifi\u00e9e par Le Liechtenstein en 1995 (Association for Human Rights in Liechtenstein (VMR), n.d.).<\/p>\n\n\n\n<p class=\"wp-block-paragraph\">Outre la Convention (CDE), le pays a ratifi\u00e9 le <a href=\"https:\/\/www.humanium.org\/fr\/normes\/protocole-facultatif-cide-enfants-dans-conflits-armes\/convention-droits-enfant-dans-les-conflits-armes\/\">Protocole facultatif \u00e0 la Convention relative aux droits de l\u2019enfant, concernant l\u2019implication d\u2019enfants dans les conflits arm\u00e9s<\/a> en 2005 et le <a href=\"https:\/\/www.humanium.org\/fr\/normes\/protocole-facultatif-cide-vente-prostitution-pornographie-enfants\/\">Protocole facultatif \u00e0 la Convention relative aux Droits de l\u2019Enfant, concernant la vente d\u2019enfants, la prostitution des enfants et la pornographie mettant en sc\u00e8ne des enfants<\/a> en 2013. Le Liechtenstein a aussi accept\u00e9 le Protocole facultatif relatif \u00e0 la proc\u00e9dure de pr\u00e9sentation de communications en 2017, permettant ainsi la soumission de plaintes individuelles au niveau international (OHCHR, n.d.).<\/p>\n\n\n\n<p class=\"wp-block-paragraph\">La loi nationale d\u00e9taille \u00e9galement les droits de l\u2019enfant. La Loi sur les enfants et les jeunes, qui d\u00e9finit comment les enfants doivent \u00eatre prot\u00e9g\u00e9s et soutenus par la soci\u00e9t\u00e9, et impliqu\u00e9s dans cette derni\u00e8re, fait express\u00e9ment r\u00e9f\u00e9rence \u00e0 la CDE. Le Bureau des services sociaux est responsable de la mise en \u0153uvre de ces droits, et surveille des secteurs comme les services d\u2019assistance sociale pour les enfants et la jeunesse, la protection de l\u2019enfance et le soutien aux familles (Liechtenstein National Administration, n.d.).<\/p>\n\n\n\n<p class=\"wp-block-paragraph\">Au niveau national, le Conseil consultatif sur les enfants et la jeunesse repr\u00e9sente les int\u00e9r\u00eats des enfants et des jeunes et doit \u00eatre consult\u00e9 sur les d\u00e9cisions politiques les concernant. En plus, le Bureau de l\u2019Ombudsman pour les enfants et les jeunes agit comme organe de surveillance ind\u00e9pendant, comme bureau de contact confidentiel et re\u00e7oit les plaintes (Liechtenstein National Administration, n.d.).<\/p>\n\n\n\n<h2 class=\"wp-block-heading\"><strong>R\u00e9pondre aux besoins des enfants<\/strong><\/h2>\n\n\n\n<h3 class=\"wp-block-heading\"><a href=\"https:\/\/www.humanium.org\/fr\/comprendre-droits-enfant\/droit-a-l-education\/\"><strong>Le droit \u00e0 l\u2019\u00e9ducation<\/strong><\/a><\/h3>\n\n\n\n<p class=\"wp-block-paragraph\">Le syst\u00e8me \u00e9ducatif au Liechtenstein est fortement influenc\u00e9 par les syst\u00e8mes scolaires des pays germanophones et surtout par celui de la Suisse. La scolarit\u00e9 est gratuite et obligatoire pour les enfants \u00e2g\u00e9s de 6 \u00e0 15 ans et l\u2019enseignement est assur\u00e9 en allemand. La plupart des enfants vont \u00e0 l\u2019\u00e9cole maternelle \u00e0 partir de 4 ans avant de commencer les 5 ann\u00e9es d\u2019\u00e9ducation primaire (Liechtenstein National Administration, n.d.).<\/p>\n\n\n\n<p class=\"wp-block-paragraph\">L\u2019enseignement secondaire, divis\u00e9 en trois pistes scolaires, dure quatre ans. Les pistes sont:<\/p>\n\n\n\n<ol class=\"wp-block-list\">\n<li>Premier cycle du secondaire (Oberschule)<\/li>\n\n\n\n<li>Cycle interm\u00e9diaire du secondaire (Realschule)<\/li>\n\n\n\n<li>Cycle sup\u00e9rieur du secondaire (Gymnasium)<\/li>\n<\/ol>\n\n\n\n<p class=\"wp-block-paragraph\">L\u2019enseignement g\u00e9n\u00e9ral est dispens\u00e9e par le <em>Gymnasium<\/em> qui aboutit sur le <em>Matura<\/em> et donne acc\u00e8s \u00e0 l\u2019enseignement sup\u00e9rieur. L\u2019enseignement professionnel suit un cursus double qui combine une formation pratique dans des entreprises avec un enseignement en classe. Les apprentissages ont lieu au Liechtenstein mais la formation scolaire&nbsp; est g\u00e9n\u00e9ralement suivie en Suisse (AACRAO EDGE, n.d.).<\/p>\n\n\n\n<p class=\"wp-block-paragraph\">Le Liechtenstein soutient un acc\u00e8s \u00e9gal \u00e0 l\u2019\u00e9ducation en accompagnant t\u00f4t l\u2019apprentissage linguistique, en proposant des services \u00e9ducatifs sp\u00e9ciaux, et en fournissant une aide cibl\u00e9e aux enfants dont la premi\u00e8re langue n\u2019est pas l\u2019allemand (Liechtenstein National Administration, n.d.).<\/p>\n\n\n\n<h3 class=\"wp-block-heading\"><a href=\"https:\/\/www.humanium.org\/fr\/comprendre-droits-enfant\/droit-a-la-sante\/\">Le droit \u00e0 la sant\u00e9<\/a><\/h3>\n\n\n\n<p class=\"wp-block-paragraph\">Les enfants du Liechtenstein acc\u00e8dent aux services de sant\u00e9 via le syst\u00e8me d\u2019assurance publique du pays. Les soins m\u00e9dicaux sont assur\u00e9s par le Bureau de la sant\u00e9 publique qui est responsable des services de sant\u00e9 et de la couverture m\u00e9dicale de la population. Les enfants peuvent consulter des m\u00e9decins qui travaillent pour le syst\u00e8me de sant\u00e9 publique, et les consultations sont couvertes par l\u2019assurance, de sorte que les familles ne paient pas directement les soins m\u00e9dicaux de base (European Commission, n.d.).<\/p>\n\n\n\n<p class=\"wp-block-paragraph\">Les soins hospitaliers sont prodigu\u00e9s par le seul h\u00f4pital du pays. Les admissions sont g\u00e9n\u00e9ralement approuv\u00e9es par le Bureau de la sant\u00e9 publique, \u00e0 l\u2019exception des urgences. Des services m\u00e9dicaux d\u2019urgences sont disponibles dans tout le pays et le transport aux \u00e9tablissements de sant\u00e9 agr\u00e9\u00e9s est couvert. Les m\u00e9dicaments approuv\u00e9s par le syst\u00e8me de sant\u00e9 publique sont fournis gratuitement (European Commission, n.d.).<\/p>\n\n\n\n<p class=\"wp-block-paragraph\">Afin de garantir l\u2019acc\u00e8s aux services de sant\u00e9, le Liechtenstein collabore aussi \u00e9troitement avec les pays voisins. Gr\u00e2ce \u00e0 sa participation au syst\u00e8me de la Carte europ\u00e9enne d\u2019assurance maladie, les personnes assur\u00e9es, y compris les enfants, peuvent b\u00e9n\u00e9ficier de soins m\u00e9dicaux n\u00e9cessaires lorsqu\u2019elles se rendent temporairement dans d\u2019autres pays europ\u00e9ens selon les m\u00eames conditions que les r\u00e9sidents de ces pays (European Commission, n.d.).<\/p>\n\n\n\n<h3 class=\"wp-block-heading\"><a href=\"https:\/\/www.humanium.org\/fr\/comprendre-droits-enfant\/droit-a-l-identite\/\">Le droit \u00e0 l&rsquo;identit\u00e9<\/a><\/h3>\n\n\n\n<p class=\"wp-block-paragraph\">Chaque enfant liechtensteinois a droit \u00e0 une identit\u00e9 juridique, ce qui comprend la nationalit\u00e9 et la reconnaissance officielle par la loi. La nationalit\u00e9 est accord\u00e9e automatiquement \u00e0 la naissance aux enfants dont un parent est citoyen du Liechtenstein. <a href=\"https:\/\/www.humanium.org\/fr\/ladoption-dun-enfant\/\">Les enfants adopt\u00e9s<\/a> deviennent imm\u00e9diatement citoyens du pays lors de l\u2019adoption si l\u2019enfant a moins de 10 ans (Liechtenstein National Administration, n.d; Consortium for Street Children, n.d.).<\/p>\n\n\n<div class=\"wp-block-image\">\n<figure class=\"alignright size-large is-resized\"><img loading=\"lazy\" decoding=\"async\" width=\"1024\" height=\"683\" src=\"https:\/\/www.humanium.org\/fr\/wp-content\/uploads\/2026\/08\/shutterstock_2193099013-1024x683.jpg\" alt=\"\" class=\"wp-image-62913\" style=\"aspect-ratio:1.499330655957162;width:391px;height:auto\" srcset=\"https:\/\/www.humanium.org\/fr\/wp-content\/uploads\/2026\/08\/shutterstock_2193099013-1024x683.jpg 1024w, https:\/\/www.humanium.org\/fr\/wp-content\/uploads\/2026\/08\/shutterstock_2193099013-300x200.jpg 300w, https:\/\/www.humanium.org\/fr\/wp-content\/uploads\/2026\/08\/shutterstock_2193099013-768x512.jpg 768w, https:\/\/www.humanium.org\/fr\/wp-content\/uploads\/2026\/08\/shutterstock_2193099013-1536x1024.jpg 1536w, https:\/\/www.humanium.org\/fr\/wp-content\/uploads\/2026\/08\/shutterstock_2193099013-2048x1365.jpg 2048w, https:\/\/www.humanium.org\/fr\/wp-content\/uploads\/2026\/08\/shutterstock_2193099013-829x553.jpg 829w, https:\/\/www.humanium.org\/fr\/wp-content\/uploads\/2026\/08\/shutterstock_2193099013-230x153.jpg 230w, https:\/\/www.humanium.org\/fr\/wp-content\/uploads\/2026\/08\/shutterstock_2193099013-350x233.jpg 350w, https:\/\/www.humanium.org\/fr\/wp-content\/uploads\/2026\/08\/shutterstock_2193099013-480x320.jpg 480w, https:\/\/www.humanium.org\/fr\/wp-content\/uploads\/2026\/08\/shutterstock_2193099013-272x182.jpg 272w\" sizes=\"auto, (max-width: 1024px) 100vw, 1024px\" \/><\/figure>\n<\/div>\n\n\n<p class=\"wp-block-paragraph\">Les lois du pays pr\u00e9viennent <a href=\"https:\/\/www.humanium.org\/fr\/enfants-sans-identite\/\">l&rsquo;apatridie<\/a>. Il existe une pr\u00e9somption de citoyennet\u00e9 par rapport aux enfants dans le pays dont les parents ne peuvent pas \u00eatre identifi\u00e9s (UNHCR Liechtenstein, n.d.). Pour les enfants apatrides n\u00e9s dans le pays, la loi pr\u00e9voit une voie vers la citoyennet\u00e9&nbsp;: ils peuvent en faire la demande apr\u00e8s au moins cinq ans de r\u00e9sidence pourvu qu\u2019ils aient moins de 21 ans et qu\u2019ils soient apatrides depuis la naissance (UNHCR Liechtenstein, n.d.).<\/p>\n\n\n\n<p class=\"wp-block-paragraph\">Dans d\u2019autres cas, des enfants qui ont v\u00e9cu au Liechtenstein pour une p\u00e9riode prolong\u00e9e peuvent aussi demander la nationalit\u00e9 apr\u00e8s 30 ans de r\u00e9sidence. Cependant, les ann\u00e9es v\u00e9cues dans le pays avant l\u2019\u00e2ge de 20 ans comptent double pour remplir ce crit\u00e8re. Ce qui voudrait dire qu\u2019un enfant qui a v\u00e9cu au Liechtenstein depuis sa naissance pourrait demander la nationalit\u00e9 \u00e0 15 ans (SovSpot, 2022).<\/p>\n\n\n\n<p class=\"wp-block-paragraph\">Il s\u2019agit de dispositions importantes parce ce que les non-citoyens ne peuvent pas acc\u00e9der aux services \u00e9ducatifs et de sant\u00e9 de la m\u00eame mani\u00e8re que les citoyens, et ne b\u00e9n\u00e9ficient pas de la m\u00eame protection de la loi. Ils peuvent se retrouver dans l\u2019impossibilit\u00e9 d\u2019obtenir des documents d\u2019identit\u00e9 comme les actes de naissance ou les passeports, les laissant potentiellement dans une situation o\u00f9 ils risquent l\u2019exploitation, ne pas pouvoir voyager ou prouver qui ils sont.<\/p>\n\n\n\n<h3 class=\"wp-block-heading\"><strong>Facteurs de risques \u2192 Les d\u00e9fis sp\u00e9cifiques du pays<\/strong><\/h3>\n\n\n\n<h3 class=\"wp-block-heading\"><a href=\"https:\/\/www.humanium.org\/fr\/la-maltraitance-des-enfants\/\"><strong>La maltraitance infantile<\/strong><\/a><\/h3>\n\n\n\n<p class=\"wp-block-paragraph\">En 2024, la police a re\u00e7u 195 signalements concernant la violence domestique ou des conflits familiaux graves. En se basant sur la d\u00e9finition actuelle de la violence domestique, 51 cas ont \u00e9t\u00e9 officiellement enregistr\u00e9s (Association for Human Rights in Liechtenstein (VMR), 2024b).<\/p>\n\n\n\n<p class=\"wp-block-paragraph\">En 2024, le refuge pour femmes du Liechtenstein a h\u00e9berg\u00e9 19 femmes et 23 enfants, une augmentation par rapport aux 17 femmes et 15 enfants de l\u2019ann\u00e9e pr\u00e9c\u00e9dente. Le nombre total de jours d\u2019occupation a aussi fortement augment\u00e9, ce qui indique une demande accrue pour les services d\u2019h\u00e9bergement (Association for Human Rights in Liechtenstein (VMR), 2024b).<\/p>\n\n\n\n<p class=\"wp-block-paragraph\">Les services d\u2019aide aux victimes ont signal\u00e9 56 nouveaux cas de conseil en 2024, incluant des situations de violence domestique et de violences sexuelles contre des mineurs. Bien que ces chiffres puissent para\u00eetre faibles, les experts estiment que de nombreux cas ne sont pas signal\u00e9s en raison de la peur, de la honte ou de la d\u00e9pendance envers l\u2019auteur des faits (Association for Human Rights in Liechtenstein (VMR), 2024b).<\/p>\n\n\n\n<p class=\"wp-block-paragraph\">Le Liechtenstein a renforc\u00e9 la protection juridique des enfants contre les abus sexuels en modifiant le Code P\u00e9nal. Les modifications sont entr\u00e9es en vigueur au 1<sup>er<\/sup> mars 2023. Les r\u00e9formes ont prolong\u00e9 les peines minimales obligatoires&nbsp;: la peine minimale pour abus sexuel des mineurs a \u00e9t\u00e9 \u00e9lev\u00e9e d\u2019un \u00e0 deux ans.<\/p>\n\n\n\n<p class=\"wp-block-paragraph\">Pour les cas d\u2019abus sexuel graves, les tribunaux ne peuvent plus accorder la suspension de peine, obligeant ainsi les d\u00e9linquants \u00e0 purger des peines d\u2019emprisonnement. Les sanctions relatives au mat\u00e9riel p\u00e9dopornographique ont aussi \u00e9t\u00e9 renforc\u00e9es par les amendements&nbsp;: la sanction pour la possession est jusqu\u2019\u00e0 trois ans de prison tandis que la production ou la distribution encourent des peines de prison pouvant aller jusqu\u2019\u00e0 quinze ans (Association for Human Rights in Liechtenstein (VMR), 2024c).<\/p>\n\n\n\n<h3 class=\"wp-block-heading\"><a href=\"https:\/\/www.humanium.org\/fr\/enfants-deplaces\/\"><strong>Les enfants d\u00e9plac\u00e9s<\/strong><\/a><\/h3>\n\n\n\n<p class=\"wp-block-paragraph\">Le nombre de demandes d\u2019asile soumises aux autorit\u00e9s du Liechtenstein tous les ans est minime, y compris les demandes concernant des enfants. Selon les derni\u00e8res donn\u00e9es disponibles, 50 demandes d\u2019asile ont \u00e9t\u00e9 enregistr\u00e9es en 2024. Les principaux pays d\u2019origine ces derni\u00e8res ann\u00e9es comprennent&nbsp; <a href=\"https:\/\/www.humanium.org\/fr\/irak\/\">l&rsquo;Irak<\/a>, <a href=\"https:\/\/www.humanium.org\/fr\/albanie\/\">l&rsquo;Albanie<\/a> et <a href=\"https:\/\/www.humanium.org\/fr\/somalie\/\">la Somalie<\/a> (World Data, 2025).<\/p>\n\n\n\n<p class=\"wp-block-paragraph\"><a href=\"https:\/\/www.humanium.org\/fr\/enfants-deplaces\/\">Les demandeurs d&rsquo;asile<\/a>, y compris les enfants, sont d\u2019abord h\u00e9berg\u00e9s dans des centres d\u2019accueil mandat\u00e9s par l\u2019\u00c9tat et g\u00e9r\u00e9es par le Conseil des r\u00e9fugi\u00e9s du Liechtenstein. Des conseils juridiques gratuits sont fournis \u00e0 tous les demandeurs d\u2019asile \u00e0 la suite d\u2019une d\u00e9cision de premi\u00e8re instance en application de la loi nationale sur l\u2019asile (UNHCR, 2018).<\/p>\n\n\n\n<p class=\"wp-block-paragraph\">M\u00eame si les lois sur l\u2019immigration autorisent la d\u00e9tention administrative des enfants \u00e2g\u00e9s de 15 \u00e0 18 ans pour une p\u00e9riode maximale de trois mois, en r\u00e9alit\u00e9, selon les rapports officiels, aucune personne de moins de 18 ans n\u2019a jamais \u00e9t\u00e9 plac\u00e9e en d\u00e9tention administrative (UNHCR, 2018).<\/p>\n\n\n\n<p class=\"wp-block-paragraph\">Un droit d\u2019entr\u00e9e provisoire est accord\u00e9 \u00e0 certaines familles demandeuses d\u2019asile au Liechtenstein, un statut temporaire octroy\u00e9 lorsque l\u2019\u00e9loignement n\u2019est pas possible mais que le statut de r\u00e9fugi\u00e9 n\u2019est pas reconnu. Les enfants de parents b\u00e9n\u00e9ficiaires de ce statut grandissent souvent dans un climat d\u2019incertitude juridique. Selon le Haut-Commissariat des Nations unies pour les r\u00e9fugi\u00e9s, le droit d\u2019entr\u00e9e provisoire doit faire l\u2019objet d\u2019un renouvellement annuel et les droits accord\u00e9s sont plus restreints que ceux accord\u00e9s aux r\u00e9fugi\u00e9s reconnus, particuli\u00e8rement par rapport \u00e0 la r\u00e9unification familiale et les prestations sociales (UNHCR, 2018).<\/p>\n\n\n\n<h3 class=\"wp-block-heading\"><a href=\"https:\/\/www.humanium.org\/fr\/suicide-enfants\/\"><strong>Le suicide chez les enfants<\/strong><\/a><\/h3>\n\n\n\n<p class=\"wp-block-paragraph\">Le suicide chez les jeunes est une pr\u00e9occupation majeure au Liechtenstein. Une \u00e9tude en 2021, effectu\u00e9e par Unisant\u00e9 et command\u00e9e par UNICEF Suisse et Liechtenstein, a interrog\u00e9 1 097 jeunes \u00e2g\u00e9s entre 14 et 19 ans. Les r\u00e9sultats \u00e9taient alarmants&nbsp;: 37% des interrog\u00e9s ont signal\u00e9 des probl\u00e8mes de sant\u00e9 mentale, parmi eux presque la moiti\u00e9 a eu des pens\u00e9es suicidaires et un sur onze a fait une tentative de suicide (UNICEF Switzerland and Liechtenstein, 2021).<\/p>\n\n\n\n<p class=\"wp-block-paragraph\">A travers <a href=\"https:\/\/www.humanium.org\/fr\/europe-caucase\/\">l&rsquo;Europe<\/a>, le suicide est la deuxi\u00e8me cause de mortalit\u00e9 chez les jeunes entre 15 et 19 ans, apr\u00e8s les accidents de la route (Eurostat, 2025). L\u2019\u00e9tude Unisant\u00e9 a identifi\u00e9&nbsp;plusieurs facteurs de risque li\u00e9s aux id\u00e9es suicidaires et aux tentatives, notamment les exp\u00e9riences n\u00e9gatives v\u00e9cues durant l\u2019enfance, les difficult\u00e9s familiales et le manque de soutien social. Sept jeunes sur dix avaient v\u00e9cu au moins une exp\u00e9rience n\u00e9gative durant l\u2019enfance, le harc\u00e8lement scolaire \u00e9tant la plus fr\u00e9quente. Environ un tiers de jeunes gens a dit qu\u2019ils ne parlent de leurs probl\u00e8mes avec personne et moins de la moiti\u00e9 sollicite de l\u2019aide professionnelle (UNICEF Switzerland and Liechtenstein, 2021).<\/p>\n\n\n\n<p class=\"wp-block-paragraph\">Une \u00e9tude plus r\u00e9cente par Heiniger et al. (2025) confirme que les probl\u00e8mes de sant\u00e9 mentale persistent au-del\u00e0 de <a href=\"https:\/\/www.humanium.org\/fr\/la-sante-mentale-des-enfants-durant-la-pandemie-une-realite-troublante\/\">l\u2019\u00e9poque de la pand\u00e9mie<\/a>. L\u2019\u00e9tude a relev\u00e9 des niveaux importants de d\u00e9pression et d\u2019anxi\u00e9t\u00e9 li\u00e9s \u00e0 des v\u00e9cus n\u00e9gatifs pendant l\u2019enfance, une mauvaise sant\u00e9 physique et un soutien social limit\u00e9 (Heiniger et al., 2025).<\/p>\n\n\n\n<p class=\"wp-block-paragraph\">En r\u00e9ponse, le gouvernement du Liechtenstein a publi\u00e9 un concept global en mati\u00e8re de de psychiatrie en 2024. Le concept int\u00e8gre des mesures pour les enfants et les adolescents comme l\u2019expansion des services de sant\u00e9 mentale en consultation externe, l\u2019am\u00e9lioration de la coop\u00e9ration avec les fournisseurs \u00e9trangers et le renforcement des programmes de pr\u00e9vention et de d\u00e9tection pr\u00e9coce (VMR, 2023).<\/p>\n\n\n\n<h3 class=\"wp-block-heading\"><a href=\"https:\/\/www.humanium.org\/fr\/justice\/\"><strong>La justice des enfants<\/strong><\/a><\/h3>\n\n\n<div class=\"wp-block-image\">\n<figure class=\"alignleft size-large is-resized\"><img loading=\"lazy\" decoding=\"async\" width=\"1024\" height=\"683\" src=\"https:\/\/www.humanium.org\/fr\/wp-content\/uploads\/2026\/08\/shutterstock_421689463-1024x683.jpg\" alt=\"\" class=\"wp-image-62914\" style=\"aspect-ratio:1.499330655957162;width:389px;height:auto\" srcset=\"https:\/\/www.humanium.org\/fr\/wp-content\/uploads\/2026\/08\/shutterstock_421689463-1024x683.jpg 1024w, https:\/\/www.humanium.org\/fr\/wp-content\/uploads\/2026\/08\/shutterstock_421689463-300x200.jpg 300w, https:\/\/www.humanium.org\/fr\/wp-content\/uploads\/2026\/08\/shutterstock_421689463-767x511.jpg 767w, https:\/\/www.humanium.org\/fr\/wp-content\/uploads\/2026\/08\/shutterstock_421689463-1536x1024.jpg 1536w, https:\/\/www.humanium.org\/fr\/wp-content\/uploads\/2026\/08\/shutterstock_421689463-2048x1365.jpg 2048w, https:\/\/www.humanium.org\/fr\/wp-content\/uploads\/2026\/08\/shutterstock_421689463-830x553.jpg 830w, https:\/\/www.humanium.org\/fr\/wp-content\/uploads\/2026\/08\/shutterstock_421689463-230x153.jpg 230w, https:\/\/www.humanium.org\/fr\/wp-content\/uploads\/2026\/08\/shutterstock_421689463-479x319.jpg 479w, https:\/\/www.humanium.org\/fr\/wp-content\/uploads\/2026\/08\/shutterstock_421689463-350x233.jpg 350w, https:\/\/www.humanium.org\/fr\/wp-content\/uploads\/2026\/08\/shutterstock_421689463-272x182.jpg 272w\" sizes=\"auto, (max-width: 1024px) 100vw, 1024px\" \/><\/figure>\n<\/div>\n\n\n<p class=\"wp-block-paragraph\">Au Liechtenstein, le niveau de crimes commis par des enfants reste relativement bas et les mesures privatives de libert\u00e9 concernant des mineurs sont rares. En 2024, la police nationale a enqu\u00eat\u00e9 sur 45 suspects mineurs, pour la plupart pour des affaires de l\u00e9sions corporelles, de menaces et de dommages mat\u00e9riels, avec une proportion notable de suspects sous l\u2019\u00e2ge de la responsabilit\u00e9 p\u00e9nale (Association for Human Rights in Liechtenstein (VMR), 2024a).<\/p>\n\n\n\n<p class=\"wp-block-paragraph\">Selon l\u2019administration p\u00e9nitentiaire, le Liechtenstein n\u2019est pas actuellement en mesure de garantir des conditions de d\u00e9tention qui respectent les droits des enfants, y compris par rapport \u00e0 la d\u00e9tention provisoire, ayant pour cons\u00e9quence le recours \u00e0 la d\u00e9tention \u00e0 l\u2019\u00e9tranger, principalement sur la base d\u2019un accord avec <a href=\"https:\/\/www.humanium.org\/fr\/autriche\/\">l&rsquo;Autriche<\/a> (Association for Human Rights in Liechtenstein (VMR), 2024a).<\/p>\n\n\n\n<p class=\"wp-block-paragraph\">Pour les enfants d\u00e9tenus \u00e0 l\u2019\u00e9tranger rester en contact avec la famille et leurs r\u00e9seaux sociaux est plus difficile. L\u2019absence d\u2019installations appropri\u00e9es pour les jeunes, et un acc\u00e8s limit\u00e9 \u00e0 un soutien th\u00e9rapeutique, aggravent la situation (Association for Human Rights in Liechtenstein (VMR), 2024a; OMCT, 2024).<\/p>\n\n\n\n<p class=\"wp-block-paragraph\">Selon la l\u00e9gislation sur l\u2019immigration, la d\u00e9tention des jeunes de 15 ans ou plus est juridiquement possible mais aucune d\u00e9tention de ce type n\u2019a \u00e9t\u00e9 appliqu\u00e9e&nbsp; en 2024. N\u00e9anmoins, cette disposition est identifi\u00e9e comme \u00e9tant incompatible avec la Convention des droits de l\u2019enfant et il n\u2019y a pas encore eu d\u2019adoption d\u2019amendement l\u00e9gislatif pour r\u00e9pondre au probl\u00e8me (Association for Human Rights in Liechtenstein (VMR), 2024a).<\/p>\n\n\n\n<p class=\"wp-block-paragraph\"><em><strong>\u00c9crit par Lidija Misic<\/strong><\/em><\/p>\n\n\n\n<p class=\"wp-block-paragraph\"><em><strong>Traduit par Victoria Ma\u00eetre Headdon<\/strong><\/em><\/p>\n\n\n\n<p class=\"wp-block-paragraph\"><em><strong>Relu par Line Goddi<\/strong><\/em><\/p>\n\n\n\n<p class=\"wp-block-paragraph\"><em><strong>Derni\u00e8re mise \u00e0 jour le 24 d\u00e9cembre 2025<\/strong><\/em><\/p>\n\n\n\n<h4 class=\"wp-block-heading\"><strong>R\u00e9f\u00e9rences:<\/strong><\/h4>\n\n\n\n<p class=\"has-small-font-size wp-block-paragraph\">AACRAO EDGE (n.d.), Liechtenstein. Retrieved from AACRAO EDGE at <a href=\"https:\/\/www.aacrao.org\/edge\/country\/liechtenstein\">https:\/\/www.aacrao.org\/edge\/country\/liechtenstein<\/a>, accessed on December 17, 2025.<\/p>\n\n\n\n<p class=\"has-small-font-size wp-block-paragraph\">Association for Human Rights in Liechtenstein (VMR), (2023), Mental health. Retrieved from VMR at <a href=\"https:\/\/www.menschenrechte.li\/en\/monitoring-report-2024\/children-s-rights\/mental-health\">https:\/\/www.menschenrechte.li\/en\/monitoring-report-2024\/children-s-rights\/mental-health<\/a>, accessed on December 21, 2025.<\/p>\n\n\n\n<p class=\"has-small-font-size wp-block-paragraph\">Association for Human Rights in Liechtenstein (VMR) (2024a), Juvenile crime and juvenile detention. Retrieved from VMR at <a href=\"https:\/\/www.menschenrechte.li\/en\/monitoring-report-2024\/children-s-rights\/juvenile-delinquency-and-juvenile-detention\">https:\/\/www.menschenrechte.li\/en\/monitoring-report-2024\/children-s-rights\/juvenile-delinquency-and-juvenile-detention<\/a> on December 19, 2025.<\/p>\n\n\n\n<p class=\"has-small-font-size wp-block-paragraph\">Association for Human Rights in Liechtenstein (VMR) (2024b), Domestic and gender-based violence. Retrieved from VMR at <a href=\"https:\/\/www.menschenrechte.li\/en\/monitoring-report-2024\/equality-between-women-and-men\/domestic-and-gender-based-violence\">https:\/\/www.menschenrechte.li\/en\/monitoring-report-2024\/equality-between-women-and-men\/domestic-and-gender-based-violence<\/a>, accessed on December 21, 2025.<\/p>\n\n\n\n<p class=\"has-small-font-size wp-block-paragraph\">Association for Human Rights in Liechtenstein (VMR), (2024c), Protection from sexual abuse and violence. Retrieved from VMR at <a href=\"https:\/\/www.menschenrechte.li\/en\/monitoring-report-2024\/children-s-rights\/protection-from-sexual-abuse-and-violence\">https:\/\/www.menschenrechte.li\/en\/monitoring-report-2024\/children-s-rights\/protection-from-sexual-abuse-and-violence<\/a>, accessed on December 21, 2025.<br>Association for Human Rights in Liechtenstein (VMR), (n.d.), Children and Youth. Retrieved from VMR at <a href=\"https:\/\/www.menschenrechte.li\/en\/human-rights\/children-and-youth\">https:\/\/www.menschenrechte.li\/en\/human-rights\/children-and-youth<\/a>, accessed on December 17, 2025.<\/p>\n\n\n\n<p class=\"has-small-font-size wp-block-paragraph\">Britannica (2025), Liechtenstein. Retrieved from Britannica Encyclopedia at https:\/\/www.britannica.com\/place\/Liechtenstein, accessed on December 17, 2025.<\/p>\n\n\n\n<p class=\"has-small-font-size wp-block-paragraph\">Consortium for Street Children (2022), Liechtenstein. Retrieved from Consortium for Street Children at <a href=\"https:\/\/www.streetchildren.org\/legal-atlas\/map\/liechtenstein\/legal-identity\/can-a-child-apply-for-citizenship\/\">https:\/\/www.streetchildren.org\/legal-atlas\/map\/liechtenstein\/legal-identity\/can-a-child-apply-for-citizenship\/<\/a>, accessed on December 17, 2025.<\/p>\n\n\n\n<p class=\"has-small-font-size wp-block-paragraph\">Heiniger C. et al. (2025), Prevalence and factors associated with depression and anxiety in young people in Switzerland and Liechtenstein in the post pandemic context. Retrieved from Springer Nature at <a href=\"https:\/\/link.springer.com\/article\/10.1007\/s44202-025-00416-6\">https:\/\/link.springer.com\/article\/10.1007\/s44202-025-00416-6<\/a>, accessed on December 21, 2025.<br>European Commission (n.d.), Liechtenstein &#8211; European Health Insurance Card. Retrieved from European Commission at <a href=\"https:\/\/employment-social-affairs.ec.europa.eu\/policies-and-activities\/moving-working-europe\/eu-social-security-coordination\/european-health-insurance-card\/how-use-card\/liechtenstein-european-health-insurance-card_en\">https:\/\/employment-social-affairs.ec.europa.eu\/policies-and-activities\/moving-working-europe\/eu-social-security-coordination\/european-health-insurance-card\/how-use-card\/liechtenstein-european-health-insurance-card_en<\/a>, accessed on December 17, 2025.<\/p>\n\n\n\n<p class=\"has-small-font-size wp-block-paragraph\">Eurostat (2025), 1 in 6 deaths of young people due to suicide in 2022. Retrieved from Eurostat at <a href=\"https:\/\/ec.europa.eu\/eurostat\/web\/products-eurostat-news\/w\/edn-20250910-1\">https:\/\/ec.europa.eu\/eurostat\/web\/products-eurostat-news\/w\/edn-20250910-1<\/a>, accessed on December 23, 2025.<br>Liechtenstein National Administration (2025), Children&rsquo;s rights. Retrieved from the Liechtenstein National Administration at <a href=\"https:\/\/www.llv.li\/en\/national-administration\/office-of-social-services\/children-and-adolescents\/children-s-rights\">https:\/\/www.llv.li\/en\/national-administration\/office-of-social-services\/children-and-adolescents\/children-s-rights<\/a>, accessed on December 17, 2025.<br>Liechtenstein National Administration (n.d.), Education \/ School types. Retrieved from the Liechtenstein National Administration at <a href=\"https:\/\/www.llv.li\/en\/national-administration\/office-of-education\/educational-areas\/education-schools\">https:\/\/www.llv.li\/en\/national-administration\/office-of-education\/educational-areas\/education-schools<\/a>, accessed on December 17, 2025.<\/p>\n\n\n\n<p class=\"has-small-font-size wp-block-paragraph\">Liechtenstein National Administration (n.d.), Naturalization.&nbsp; Retrieved from the Liechtenstein National Administration at <a href=\"https:\/\/www.llv.li\/en\/individuals\/migration-and-integration\/naturalization\">https:\/\/www.llv.li\/en\/individuals\/migration-and-integration\/naturalization<\/a>, accessed on December 17, 2025.<\/p>\n\n\n\n<p class=\"has-small-font-size wp-block-paragraph\">OHCHR (2010), Committee on the Rights of the Child examines report of Liechtenstein on children in armed conflict. Retrieved from OHCHR at <a href=\"https:\/\/www.ohchr.org\/en\/press-releases\/2010\/01\/committee-rights-child-examines-report-liechtenstein-children-armed-conflict\">https:\/\/www.ohchr.org\/en\/press-releases\/2010\/01\/committee-rights-child-examines-report-liechtenstein-children-armed-conflict<\/a>, accessed on December 19, 2025.<\/p>\n\n\n\n<p class=\"has-small-font-size wp-block-paragraph\">OHCHR (n.d.), Ratification Status for Liechtenstein. Retrieved from UN Human Rights Treaty Bodies at <a href=\"https:\/\/tbinternet.ohchr.org\/_layouts\/15\/TreatyBodyExternal\/Treaty.aspx?CountryID=100&amp;amp;Lang=en\">https:\/\/tbinternet.ohchr.org\/_layouts\/15\/TreatyBodyExternal\/Treaty.aspx?CountryID=100&amp;amp;Lang=en<\/a>, accessed on December 17, 2025.<br>OMCT (2024), Liechtenstein: Concerns raised about the lack of appropriate detention facilities. Retrieved from OMCT at <a href=\"https:\/\/www.omct.org\/en\/resources\/news\/liechtenstein-concerns-raised-about-the-lack-of-appropriate-detention-facilities\">https:\/\/www.omct.org\/en\/resources\/news\/liechtenstein-concerns-raised-about-the-lack-of-appropriate-detention-facilities<\/a>, accessed on December 19, 2025.<\/p>\n\n\n\n<p class=\"has-small-font-size wp-block-paragraph\">SovSpot (2022), Liechtenstein citizenship by descent. Retrieved from SovSpot at <a href=\"https:\/\/www.sovspot.com\/blog\/liechtenstein-citizenship-by-descent\/\">https:\/\/www.sovspot.com\/blog\/liechtenstein-citizenship-by-descent\/<\/a>, accessed on December 24, 2025.<\/p>\n\n\n\n<p class=\"has-small-font-size wp-block-paragraph\">UN (2025), 11. b Optional Protocol to the Convention on the Rights of the Child on the involvement of children in armed conflict. Retrieved from UN at <a href=\"https:\/\/treaties.un.org\/Pages\/ViewDetails.aspx?src=TREATY&amp;mtdsg_no=IV-11-b&amp;chapter=4&amp;clang=_en\">https:\/\/treaties.un.org\/Pages\/ViewDetails.aspx?src=TREATY&amp;mtdsg_no=IV-11-b&amp;chapter=4&amp;clang=_en<\/a>, accessed on December 19, 2025.<\/p>\n\n\n\n<p class=\"has-small-font-size wp-block-paragraph\">UNHCR (2018), UNHCR Submission for the Universal Periodic Review &#8211; Liechtenstein &#8211; UPR 29th Session (2018). Retrieved from UNHCR at <a href=\"https:\/\/www.refworld.org\/policy\/upr\/unhcr\/2018\/en\/120802\">https:\/\/www.refworld.org\/policy\/upr\/unhcr\/2018\/en\/120802<\/a>, accessed on December 19, 2025.<\/p>\n\n\n\n<p class=\"has-small-font-size wp-block-paragraph\">UNHCR Liechtenstein (n.d.), Liechtenstein: Statelessness. Retrieved from UNHCR Liechtenstein at <a href=\"https:\/\/help.unhcr.org\/liechtenstein\/statelessness\/\">https:\/\/help.unhcr.org\/liechtenstein\/statelessness\/<\/a>, accessed on December 24, 2025.<\/p>\n\n\n\n<p class=\"has-small-font-size wp-block-paragraph\">UNICEF Switzerland and Liechtenstein (2021), Youth Mental Health: Study on the situation in Switzerland and Liechtenstein. Retrieved from UNICEF at <a href=\"https:\/\/www.unicef.ch\/en\/our-work\/switzerland-liechtenstein\/mental-health\">https:\/\/www.unicef.ch\/en\/our-work\/switzerland-liechtenstein\/mental-health<\/a>, accessed on December 21, 2025.<br>U.S. Department of State (2022), 2022 Report on International Religious Freedom: Liechtenstein. Retrieved from the U.S. Department of State at <a href=\"https:\/\/www.state.gov\/reports\/2022-report-on-international-religious-freedom\/liechtenstein\">https:\/\/www.state.gov\/reports\/2022-report-on-international-religious-freedom\/liechtenstein<\/a>, accessed on December 17, 2025.<\/p>\n\n\n\n<p class=\"has-small-font-size wp-block-paragraph\">World Data (2025), Asylum applications and refugees in Liechtenstein. Retrieved from World Data at <a href=\"https:\/\/www.worlddata.info\/europe\/liechtenstein\/asylum.php\">https:\/\/www.worlddata.info\/europe\/liechtenstein\/asylum.php<\/a>, accessed on December 23, 2025.<\/p>\n\n\n\n<hr class=\"wp-block-separator has-alpha-channel-opacity\"\/>\n\n\n\n<p class=\"has-small-font-size wp-block-paragraph\"><a href=\"#_ftnref1\" id=\"_ftn1\">[1]<\/a> Cet article ne pr\u00e9tend aucunement donner un aper\u00e7u complet ou repr\u00e9sentatif des droits de l\u2019enfant au Liechtenstein ; en effet, l\u2019un des nombreux d\u00e9fis r\u00e9side dans le manque d\u2019informations actualis\u00e9es sur les enfants au Liechtenstein, dont une grande partie est peu fiable, non repr\u00e9sentative, obsol\u00e8te ou tout simplement inexistante.<\/p>\n\n\n\n<p class=\"wp-block-paragraph\"><\/p>\n","protected":false},"excerpt":{"rendered":"<p>Concr\u00e9tiser les droits de l\u2019enfant au Liechtenstein Le Liechtenstein figure parmi les pays le plus riche de l\u2019Europe et la plupart des enfants y grandissent en pouvant acc\u00e9der aux services d\u2019\u00e9ducation, de sant\u00e9 et d\u2019assistance sociale. La loi nationale garantit que les enfants puissent b\u00e9n\u00e9ficier d\u2019une \u00e9ducation obligatoire, d\u2019un syst\u00e8me de sant\u00e9 public et d\u2019une [&hellip;]<\/p>\n","protected":false},"author":65,"featured_media":0,"parent":0,"menu_order":0,"comment_status":"closed","ping_status":"closed","template":"","meta":{"footnotes":""},"class_list":["post-18623","page","type-page","status-publish","hentry"],"yoast_head":"<!-- This site is optimized with the Yoast SEO plugin v28.3 - https:\/\/yoast.com\/product\/yoast-seo-wordpress\/ -->\n<title>Enfants du Liechtenstein - Humanium<\/title>\n<meta name=\"description\" content=\"Le Liechtenstein n&#039;a pas grand-chose \u00e0 se reprocher en mati\u00e8re de protection des droits de l&#039;enfant.Cependant, quelques am\u00e9liorations sont encore possibles.\" \/>\n<meta name=\"robots\" content=\"index, follow, max-snippet:-1, max-image-preview:large, max-video-preview:-1\" \/>\n<link rel=\"canonical\" href=\"https:\/\/www.humanium.org\/fr\/liechtenstein\/\" \/>\n<meta property=\"og:locale\" content=\"fr_FR\" \/>\n<meta property=\"og:type\" content=\"article\" \/>\n<meta property=\"og:title\" content=\"Enfants du Liechtenstein - Humanium\" \/>\n<meta property=\"og:description\" content=\"Le Liechtenstein n&#039;a pas grand-chose \u00e0 se reprocher en mati\u00e8re de protection des droits de l&#039;enfant.Cependant, quelques am\u00e9liorations sont encore possibles.\" \/>\n<meta property=\"og:url\" content=\"https:\/\/www.humanium.org\/fr\/liechtenstein\/\" \/>\n<meta property=\"og:site_name\" content=\"Humanium\" \/>\n<meta property=\"article:modified_time\" content=\"2026-08-30T19:14:49+00:00\" \/>\n<meta name=\"twitter:card\" content=\"summary_large_image\" \/>\n<meta name=\"twitter:label1\" content=\"Dur\u00e9e de lecture estim\u00e9e\" \/>\n\t<meta name=\"twitter:data1\" content=\"17 minutes\" \/>\n<script type=\"application\/ld+json\" class=\"yoast-schema-graph\">{\"@context\":\"https:\\\/\\\/schema.org\",\"@graph\":[{\"@type\":\"WebPage\",\"@id\":\"https:\\\/\\\/www.humanium.org\\\/fr\\\/liechtenstein\\\/\",\"url\":\"https:\\\/\\\/www.humanium.org\\\/fr\\\/liechtenstein\\\/\",\"name\":\"Enfants du Liechtenstein - Humanium\",\"isPartOf\":{\"@id\":\"https:\\\/\\\/www.humanium.org\\\/fr\\\/#website\"},\"primaryImageOfPage\":{\"@id\":\"https:\\\/\\\/www.humanium.org\\\/fr\\\/liechtenstein\\\/#primaryimage\"},\"image\":{\"@id\":\"https:\\\/\\\/www.humanium.org\\\/fr\\\/liechtenstein\\\/#primaryimage\"},\"thumbnailUrl\":\"https:\\\/\\\/www.humanium.org\\\/en\\\/wp-content\\\/uploads\\\/2026\\\/08\\\/shutterstock_2476382897_edited-scaled.jpeg\",\"datePublished\":\"2012-03-30T15:11:30+00:00\",\"dateModified\":\"2026-08-30T19:14:49+00:00\",\"description\":\"Le Liechtenstein n'a pas grand-chose \u00e0 se reprocher en mati\u00e8re de protection des droits de l'enfant.Cependant, quelques am\u00e9liorations sont encore possibles.\",\"breadcrumb\":{\"@id\":\"https:\\\/\\\/www.humanium.org\\\/fr\\\/liechtenstein\\\/#breadcrumb\"},\"inLanguage\":\"fr-FR\",\"potentialAction\":[{\"@type\":\"ReadAction\",\"target\":[\"https:\\\/\\\/www.humanium.org\\\/fr\\\/liechtenstein\\\/\"]}]},{\"@type\":\"ImageObject\",\"inLanguage\":\"fr-FR\",\"@id\":\"https:\\\/\\\/www.humanium.org\\\/fr\\\/liechtenstein\\\/#primaryimage\",\"url\":\"https:\\\/\\\/www.humanium.org\\\/en\\\/wp-content\\\/uploads\\\/2026\\\/08\\\/shutterstock_2476382897_edited-scaled.jpeg\",\"contentUrl\":\"https:\\\/\\\/www.humanium.org\\\/en\\\/wp-content\\\/uploads\\\/2026\\\/08\\\/shutterstock_2476382897_edited-scaled.jpeg\"},{\"@type\":\"BreadcrumbList\",\"@id\":\"https:\\\/\\\/www.humanium.org\\\/fr\\\/liechtenstein\\\/#breadcrumb\",\"itemListElement\":[{\"@type\":\"ListItem\",\"position\":1,\"name\":\"Home\",\"item\":\"https:\\\/\\\/www.humanium.org\\\/fr\\\/\"},{\"@type\":\"ListItem\",\"position\":2,\"name\":\"Enfants du Liechtenstein\"}]},{\"@type\":\"WebSite\",\"@id\":\"https:\\\/\\\/www.humanium.org\\\/fr\\\/#website\",\"url\":\"https:\\\/\\\/www.humanium.org\\\/fr\\\/\",\"name\":\"Humanium\",\"description\":\"Les enfants d\u2019abord !\",\"potentialAction\":[{\"@type\":\"SearchAction\",\"target\":{\"@type\":\"EntryPoint\",\"urlTemplate\":\"https:\\\/\\\/www.humanium.org\\\/fr\\\/?s={search_term_string}\"},\"query-input\":{\"@type\":\"PropertyValueSpecification\",\"valueRequired\":true,\"valueName\":\"search_term_string\"}}],\"inLanguage\":\"fr-FR\"}]}<\/script>\n<!-- \/ Yoast SEO plugin. -->","yoast_head_json":{"title":"Enfants du Liechtenstein - Humanium","description":"Le Liechtenstein n'a pas grand-chose \u00e0 se reprocher en mati\u00e8re de protection des droits de l'enfant.Cependant, quelques am\u00e9liorations sont encore possibles.","robots":{"index":"index","follow":"follow","max-snippet":"max-snippet:-1","max-image-preview":"max-image-preview:large","max-video-preview":"max-video-preview:-1"},"canonical":"https:\/\/www.humanium.org\/fr\/liechtenstein\/","og_locale":"fr_FR","og_type":"article","og_title":"Enfants du Liechtenstein - Humanium","og_description":"Le Liechtenstein n'a pas grand-chose \u00e0 se reprocher en mati\u00e8re de protection des droits de l'enfant.Cependant, quelques am\u00e9liorations sont encore possibles.","og_url":"https:\/\/www.humanium.org\/fr\/liechtenstein\/","og_site_name":"Humanium","article_modified_time":"2026-08-30T19:14:49+00:00","twitter_card":"summary_large_image","twitter_misc":{"Dur\u00e9e de lecture estim\u00e9e":"17 minutes"},"schema":{"@context":"https:\/\/schema.org","@graph":[{"@type":"WebPage","@id":"https:\/\/www.humanium.org\/fr\/liechtenstein\/","url":"https:\/\/www.humanium.org\/fr\/liechtenstein\/","name":"Enfants du Liechtenstein - Humanium","isPartOf":{"@id":"https:\/\/www.humanium.org\/fr\/#website"},"primaryImageOfPage":{"@id":"https:\/\/www.humanium.org\/fr\/liechtenstein\/#primaryimage"},"image":{"@id":"https:\/\/www.humanium.org\/fr\/liechtenstein\/#primaryimage"},"thumbnailUrl":"https:\/\/www.humanium.org\/en\/wp-content\/uploads\/2026\/08\/shutterstock_2476382897_edited-scaled.jpeg","datePublished":"2012-03-30T15:11:30+00:00","dateModified":"2026-08-30T19:14:49+00:00","description":"Le Liechtenstein n'a pas grand-chose \u00e0 se reprocher en mati\u00e8re de protection des droits de l'enfant.Cependant, quelques am\u00e9liorations sont encore possibles.","breadcrumb":{"@id":"https:\/\/www.humanium.org\/fr\/liechtenstein\/#breadcrumb"},"inLanguage":"fr-FR","potentialAction":[{"@type":"ReadAction","target":["https:\/\/www.humanium.org\/fr\/liechtenstein\/"]}]},{"@type":"ImageObject","inLanguage":"fr-FR","@id":"https:\/\/www.humanium.org\/fr\/liechtenstein\/#primaryimage","url":"https:\/\/www.humanium.org\/en\/wp-content\/uploads\/2026\/08\/shutterstock_2476382897_edited-scaled.jpeg","contentUrl":"https:\/\/www.humanium.org\/en\/wp-content\/uploads\/2026\/08\/shutterstock_2476382897_edited-scaled.jpeg"},{"@type":"BreadcrumbList","@id":"https:\/\/www.humanium.org\/fr\/liechtenstein\/#breadcrumb","itemListElement":[{"@type":"ListItem","position":1,"name":"Home","item":"https:\/\/www.humanium.org\/fr\/"},{"@type":"ListItem","position":2,"name":"Enfants du Liechtenstein"}]},{"@type":"WebSite","@id":"https:\/\/www.humanium.org\/fr\/#website","url":"https:\/\/www.humanium.org\/fr\/","name":"Humanium","description":"Les enfants d\u2019abord !","potentialAction":[{"@type":"SearchAction","target":{"@type":"EntryPoint","urlTemplate":"https:\/\/www.humanium.org\/fr\/?s={search_term_string}"},"query-input":{"@type":"PropertyValueSpecification","valueRequired":true,"valueName":"search_term_string"}}],"inLanguage":"fr-FR"}]}},"_links":{"self":[{"href":"https:\/\/www.humanium.org\/fr\/wp-json\/wp\/v2\/pages\/18623","targetHints":{"allow":["GET"]}}],"collection":[{"href":"https:\/\/www.humanium.org\/fr\/wp-json\/wp\/v2\/pages"}],"about":[{"href":"https:\/\/www.humanium.org\/fr\/wp-json\/wp\/v2\/types\/page"}],"author":[{"embeddable":true,"href":"https:\/\/www.humanium.org\/fr\/wp-json\/wp\/v2\/users\/65"}],"replies":[{"embeddable":true,"href":"https:\/\/www.humanium.org\/fr\/wp-json\/wp\/v2\/comments?post=18623"}],"version-history":[{"count":10,"href":"https:\/\/www.humanium.org\/fr\/wp-json\/wp\/v2\/pages\/18623\/revisions"}],"predecessor-version":[{"id":62919,"href":"https:\/\/www.humanium.org\/fr\/wp-json\/wp\/v2\/pages\/18623\/revisions\/62919"}],"wp:attachment":[{"href":"https:\/\/www.humanium.org\/fr\/wp-json\/wp\/v2\/media?parent=18623"}],"curies":[{"name":"wp","href":"https:\/\/api.w.org\/{rel}","templated":true}]}}