{"id":18718,"date":"2012-04-19T08:25:39","date_gmt":"2012-04-19T08:25:39","guid":{"rendered":"http:\/\/www.humanium.org\/fr\/?page_id=18718"},"modified":"2026-08-30T14:00:14","modified_gmt":"2026-08-30T14:00:14","slug":"grece","status":"publish","type":"page","link":"https:\/\/www.humanium.org\/fr\/grece\/","title":{"rendered":"Enfants de Gr\u00e8ce"},"content":{"rendered":"\n<h2 class=\"wp-block-heading\"><strong>Concr\u00e9tiser les droits de l\u2019enfant en Gr\u00e8ce<\/strong><\/h2>\n\n\n\n<div class=\"wp-block-columns is-layout-flex wp-container-core-columns-is-layout-8f761849 wp-block-columns-is-layout-flex\">\n<div class=\"wp-block-column is-layout-flow wp-block-column-is-layout-flow\"><div class=\"wp-block-image is-style-rounded\">\n<figure class=\"aligncenter size-full is-resized\"><img decoding=\"async\" src=\"https:\/\/www.humanium.org\/en\/wp-content\/uploads\/2026\/08\/shutterstock_2698826903_edited-scaled.jpeg\" alt=\"\" class=\"wp-image-91937\" style=\"object-fit:cover;width:200px;height:200px\"\/><\/figure>\n<\/div><\/div>\n\n\n\n<div class=\"wp-block-column is-layout-flow wp-block-column-is-layout-flow\"><div class=\"wp-block-image is-style-rounded\">\n<figure class=\"aligncenter size-full is-resized\"><img decoding=\"async\" src=\"https:\/\/www.humanium.org\/en\/wp-content\/uploads\/2026\/08\/shutterstock_1077359414_edited-scaled.jpeg\" alt=\"\" class=\"wp-image-91938\" style=\"object-fit:cover;width:200px;height:200px\"\/><\/figure>\n<\/div><\/div>\n<\/div>\n\n\n\n<p class=\"wp-block-paragraph\"><strong><strong>Les droits de l\u2019enfant en Gr\u00e8ce couvrent un large \u00e9ventail de questions refl\u00e9tant \u00e0 la fois des progr\u00e8s sociaux et des d\u00e9fis actuels. Bien que le pays ait accompli des progr\u00e8s significatifs pour s&rsquo;aligner sur les cadres juridiques internationaux, tels que la <a href=\"https:\/\/www.humanium.org\/fr\/convention\/\">Convention des Nations Unies relative aux droits de l\u2019enfant<\/a>, de nombreux enfants en Gr\u00e8ce continuent de faire face \u00e0 des obstacles. L\u2019augmentation des taux d\u2019ob\u00e9sit\u00e9 infantile met en \u00e9vidence les pr\u00e9occupations li\u00e9es \u00e0 la nutrition et \u00e0 l\u2019acc\u00e8s \u00e0 des modes de vie sains, tandis que l\u2019exposition croissante aux <a href=\"https:\/\/www.humanium.org\/fr\/les-risques-pour-les-enfants-qui-surfent-sur-internet\/#:~:text=En%20naviguant%20sur%20Internet%2C%20des,suicide%20(UNICEF%2C%202023).\">risques en ligne<\/a> souligne l\u2019urgence de renforcer les m\u00e9canismes de protection num\u00e9rique et d\u2019encourager l\u2019\u00e9ducation num\u00e9rique. De m\u00eame, la <a href=\"https:\/\/www.humanium.org\/fr\/pauvrete\/\">pauvret\u00e9<\/a> demeure un probl\u00e8me persistant qui affecte l\u2019acc\u00e8s aux soins de sant\u00e9, \u00e0 l\u2019\u00e9ducation et \u00e0 l\u2019\u00e9galit\u00e9 des chances.<\/strong><\/strong><\/p>\n\n\n\n<iframe src=\"https:\/\/www.google.com\/maps\/embed?pb=!1m18!1m12!1m3!1d6435737.722568307!2d19.03734259030348!3d38.036598358736526!2m3!1f0!2f0!3f0!3m2!1i1024!2i768!4f13.1!3m3!1m2!1s0x135b4ac711716c63%3A0x363a1775dc9a2d1d!2sGreece!5e0!3m2!1sen!2shr!4v1788096890494!5m2!1sen!2shr\" width=\"600\" height=\"450\" style=\"border:0;\" allowfullscreen=\"\" loading=\"lazy\" referrerpolicy=\"strict-origin-when-cross-origin\"><\/iframe>\n\n\n\n<div class=\"wp-block-columns is-layout-flex wp-container-core-columns-is-layout-8f761849 wp-block-columns-is-layout-flex\">\n<div class=\"wp-block-column is-layout-flow wp-block-column-is-layout-flow\">\n<p class=\"wp-block-paragraph\"><strong>Population:<\/strong> 10,39 millions<br><strong>Population \u00e2g\u00e9e de 0 \u00e0 14 ans:<\/strong> 13,2 %<\/p>\n<\/div>\n\n\n\n<div class=\"wp-block-column is-layout-flow wp-block-column-is-layout-flow\">\n<p class=\"wp-block-paragraph\"><strong>Esp\u00e9rance de vie:<\/strong> 81,54 ans<br><strong>Taux de mortalit\u00e9 des moins de 5 ans:<\/strong> 3,7 \u2030<\/p>\n<\/div>\n<\/div>\n\n\n\n<h2 class=\"wp-block-heading\"><strong>La Gr\u00e8ce en bref<\/strong><\/h2>\n\n\n\n<p class=\"wp-block-paragraph\">La Gr\u00e8ce, officiellement appel\u00e9e la R\u00e9publique hell\u00e9nique (\u0395\u03bb\u03bb\u03b7\u03bd\u03b9\u03ba\u03ae \u0394\u03b7\u03bc\u03bf\u03ba\u03c1\u03b1\u03c4\u03af\u03b1), est situ\u00e9 \u00e0 l\u2019extr\u00e9mit\u00e9 sud de la p\u00e9ninsule balkanique. Elle partage des fronti\u00e8res terrestres avec l\u2019<a href=\"https:\/\/www.humanium.org\/fr\/albanie\/\">Albanie<\/a> au nord-ouest, la <a href=\"https:\/\/www.humanium.org\/fr\/bulgarie\/\">Bulgarie<\/a> et la <a href=\"https:\/\/www.humanium.org\/fr\/macedoine\/\">Mac\u00e9doine du Nord<\/a> au nord et la <a href=\"https:\/\/www.humanium.org\/fr\/turquie\/\">Turquie<\/a> \u00e0 l\u2019est. Ath\u00e8nes, la plus grande ville du pays et sa capitale, est \u00e9galement l&rsquo;une des plus anciennes villes du monde, avec une histoire document\u00e9e entre le XIe et le VIIe mill\u00e9naire avant notre \u00e8re (avant l\u2019\u00e8re commune). En raison de sa situation g\u00e9ographique et de son h\u00e9ritage historique, la Gr\u00e8ce est consid\u00e9r\u00e9e comme europ\u00e9enne, balkanique et m\u00e9diterran\u00e9enne (Danforth et al., 2025).<\/p>\n\n\n\n<p class=\"wp-block-paragraph\">Le pays compte plus de 2 000 \u00eeles, dont 170 sont habit\u00e9es. Les six principales \u00eeles sont : Corfou, Paxo\u00ed (Paxos), Lefk\u00e1da (Leucas), Ith\u00e1ki (Ithaque), Kefalon\u00eda (C\u00e9phalonie) et Z\u00e1kynthos (Zacynthos). La mer \u00c9g\u00e9e se trouve \u00e0 l\u2019est, la mer Ionienne \u00e0 l&rsquo;ouest et la mer de Cr\u00e8te ainsi que la mer M\u00e9diterran\u00e9e au sud. La Gr\u00e8ce poss\u00e8de un paysage unique, avec une grande vari\u00e9t\u00e9 de mers, de montagnes, de plaines, de promontoires rocheux, d\u2019arcs insulaires et d\u2019archipels (Danforth et al., 2025).<\/p>\n\n\n<div class=\"wp-block-image\">\n<figure class=\"alignleft size-large is-resized\"><img loading=\"lazy\" decoding=\"async\" width=\"1024\" height=\"711\" src=\"https:\/\/www.humanium.org\/fr\/wp-content\/uploads\/2026\/08\/shutterstock_2449500577-1024x711.jpg\" alt=\"\" class=\"wp-image-62874\" style=\"aspect-ratio:1.4402443271626437;width:341px;height:auto\" srcset=\"https:\/\/www.humanium.org\/fr\/wp-content\/uploads\/2026\/08\/shutterstock_2449500577-1024x711.jpg 1024w, https:\/\/www.humanium.org\/fr\/wp-content\/uploads\/2026\/08\/shutterstock_2449500577-300x208.jpg 300w, https:\/\/www.humanium.org\/fr\/wp-content\/uploads\/2026\/08\/shutterstock_2449500577-768x533.jpg 768w, https:\/\/www.humanium.org\/fr\/wp-content\/uploads\/2026\/08\/shutterstock_2449500577-1536x1066.jpg 1536w, https:\/\/www.humanium.org\/fr\/wp-content\/uploads\/2026\/08\/shutterstock_2449500577-2048x1421.jpg 2048w, https:\/\/www.humanium.org\/fr\/wp-content\/uploads\/2026\/08\/shutterstock_2449500577-830x576.jpg 830w, https:\/\/www.humanium.org\/fr\/wp-content\/uploads\/2026\/08\/shutterstock_2449500577-229x159.jpg 229w, https:\/\/www.humanium.org\/fr\/wp-content\/uploads\/2026\/08\/shutterstock_2449500577-349x242.jpg 349w, https:\/\/www.humanium.org\/fr\/wp-content\/uploads\/2026\/08\/shutterstock_2449500577-480x333.jpg 480w\" sizes=\"auto, (max-width: 1024px) 100vw, 1024px\" \/><\/figure>\n<\/div>\n\n\n<p class=\"wp-block-paragraph\">Depuis 2015, la Gr\u00e8ce est l\u2019un des principaux pays d\u2019accueil des <a href=\"https:\/\/www.humanium.org\/fr\/enfants-deplaces\/\">demandeurs d\u2019asile<\/a>, des migrants et des r\u00e9fugi\u00e9s, avec une augmentation notable des arriv\u00e9es par voie maritime \u00e0 partir de la mi-2019. Cette situation exerce une pression importante sur les syst\u00e8mes \u00e9conomiques et sociaux grecs et complique l\u2019acc\u00e8s effectif aux droits fondamentaux, notamment pour les enfants demandeurs d\u2019asile et r\u00e9fugi\u00e9s (Amnesty International, 2020). Selon le minist\u00e8re de la Migration et de l\u2019Asile, entre janvier et novembre 2023, 41 161 r\u00e9fugi\u00e9s et migrants sont arriv\u00e9s en Gr\u00e8ce. La majorit\u00e9 d\u2019entre eux sont arriv\u00e9s par voie maritime (34 621), principalement en provenance de <a href=\"https:\/\/www.humanium.org\/fr\/syrie\/\">Syrie<\/a> (26 %), de l\u2019<a href=\"https:\/\/www.humanium.org\/fr\/palestine\/\">\u00c9tat de Palestine<\/a> (18 %) et d\u2019<a href=\"https:\/\/www.humanium.org\/fr\/afghanistan\/\">Afghanistan<\/a> (17 %). L&rsquo;UNICEF a estim\u00e9 qu\u2019en octobre 2023, il y avait 25 000 enfants r\u00e9fugi\u00e9s et migrants en Gr\u00e8ce, dont environ 7 000 provenaient d\u2019<a href=\"https:\/\/www.humanium.org\/fr\/ukraine\/\">Ukraine<\/a> (UNICEF, 2023).&nbsp;<\/p>\n\n\n\n<h2 class=\"wp-block-heading\"><strong>Situation des droits de l\u2019enfant <a href=\"#_ftn1\" id=\"_ftnref1\"><strong>[1]<\/strong><\/a><\/strong><\/h2>\n\n\n\n<p class=\"wp-block-paragraph\">La Gr\u00e8ce s&rsquo;est engag\u00e9e \u00e0 respecter plusieurs instruments internationaux relatifs \u00e0 la protection des <a href=\"https:\/\/www.humanium.org\/fr\/droits-enfant\/\">droits de l\u2019enfant<\/a>. En 1993, le gouvernement a ratifi\u00e9 la <a href=\"https:\/\/www.humanium.org\/fr\/convention\/\">Convention relative aux droits de l\u2019enfant (CDE)<\/a>. La Gr\u00e8ce fait \u00e9galement partie \u00e0 d\u2019autres instruments internationaux relatifs aux droits de l\u2019homme, notamment la <a href=\"https:\/\/www.humanium.org\/fr\/autres\/convention-elimination-formes-discrimination-femmes\/\">Convention sur l\u2019\u00e9limination de toutes les formes de discrimination \u00e0 l\u2019\u00e9gard des femmes (CEDEF)<\/a> ratifi\u00e9e en 1983, la <a href=\"https:\/\/www.humanium.org\/fr\/autres\/convention-elimination-discrimination-raciale\/\">Convention internationale sur l\u2019\u00e9limination de toutes les formes de discrimination raciale<\/a> ratifi\u00e9e en 1970 et le Pacte international relatif aux droits civils et politiques ratifi\u00e9 en 1997.&nbsp;<\/p>\n\n\n\n<p class=\"wp-block-paragraph\">Le gouvernement a ratifi\u00e9 le <a href=\"https:\/\/www.humanium.org\/fr\/normes\/protocole-facultatif-cide-enfants-dans-conflits-armes\/convention-droits-enfant-dans-les-conflits-armes\/\">Protocole facultatif \u00e0 la Convention relative aux droits de l\u2019enfant concernant l\u2019implication d\u2019enfants dans les conflits arm\u00e9s<\/a> en 2003 et celui concernant la <a href=\"https:\/\/www.humanium.org\/fr\/normes\/protocole-facultatif-cide-vente-prostitution-pornographie-enfants\/\">vente d\u2019enfants, la prostitution des enfants et la pornographie mettant en sc\u00e8ne des enfants<\/a> en 2008. Le gouvernement a \u00e9galement ratifi\u00e9 la <a href=\"https:\/\/www.humanium.org\/fr\/normes\/convention-c182-pires-formes-travail-enfants-1999\/\">Convention n\u00b0 182 de l\u2019Organisation internationale du travail (OIT) sur les pires formes de travail des enfants<\/a> en 2001.<\/p>\n\n\n\n<h2 class=\"wp-block-heading\"><strong>R\u00e9pondre aux besoins des enfants<\/strong><\/h2>\n\n\n\n<h3 class=\"wp-block-heading\"><a href=\"https:\/\/www.humanium.org\/fr\/comprendre-droits-enfant\/droit-a-l-education\/\"><strong>Droit \u00e0 l\u2019\u00e9ducation<\/strong><\/a><strong><\/strong><\/h3>\n\n\n<div class=\"wp-block-image\">\n<figure class=\"alignright size-large is-resized\"><img loading=\"lazy\" decoding=\"async\" width=\"1024\" height=\"683\" src=\"https:\/\/www.humanium.org\/fr\/wp-content\/uploads\/2026\/08\/shutterstock_473651419-1024x683.jpg\" alt=\"\" class=\"wp-image-62875\" style=\"aspect-ratio:1.499330655957162;width:356px;height:auto\" srcset=\"https:\/\/www.humanium.org\/fr\/wp-content\/uploads\/2026\/08\/shutterstock_473651419-1024x683.jpg 1024w, https:\/\/www.humanium.org\/fr\/wp-content\/uploads\/2026\/08\/shutterstock_473651419-300x200.jpg 300w, https:\/\/www.humanium.org\/fr\/wp-content\/uploads\/2026\/08\/shutterstock_473651419-768x512.jpg 768w, https:\/\/www.humanium.org\/fr\/wp-content\/uploads\/2026\/08\/shutterstock_473651419-1536x1024.jpg 1536w, https:\/\/www.humanium.org\/fr\/wp-content\/uploads\/2026\/08\/shutterstock_473651419-2048x1365.jpg 2048w, https:\/\/www.humanium.org\/fr\/wp-content\/uploads\/2026\/08\/shutterstock_473651419-830x553.jpg 830w, https:\/\/www.humanium.org\/fr\/wp-content\/uploads\/2026\/08\/shutterstock_473651419-230x153.jpg 230w, https:\/\/www.humanium.org\/fr\/wp-content\/uploads\/2026\/08\/shutterstock_473651419-350x233.jpg 350w, https:\/\/www.humanium.org\/fr\/wp-content\/uploads\/2026\/08\/shutterstock_473651419-480x320.jpg 480w, https:\/\/www.humanium.org\/fr\/wp-content\/uploads\/2026\/08\/shutterstock_473651419-272x182.jpg 272w\" sizes=\"auto, (max-width: 1024px) 100vw, 1024px\" \/><\/figure>\n<\/div>\n\n\n<p class=\"wp-block-paragraph\">Le syst\u00e8me \u00e9ducatif grec est centralis\u00e9 et plac\u00e9 sous la responsabilit\u00e9 du minist\u00e8re de l\u2019\u00c9ducation, des Affaires religieuses et des Sports. L\u2019article 16 de la Constitution grecque garantit \u00e0 tous une \u00e9ducation gratuite, publique et obligatoire pendant neuf ans.<\/p>\n\n\n\n<p class=\"wp-block-paragraph\">La structure de l\u2019enseignement formel en Gr\u00e8ce comprend (Commission europ\u00e9enne, 2025) :<\/p>\n\n\n\n<ul class=\"wp-block-list\">\n<li>L\u2019enseignement pr\u00e9scolaire (\u03a0\u03c1\u03bf\u03c3\u03c7\u03bf\u03bb\u03b9\u03ba\u03ae \u0395\u03ba\u03c0\u03b1\u03af\u03b4\u03b5\u03c5\u03c3\u03b7) (4-6 ans ; obligatoire \u00e0 partir de 4 ans).<\/li>\n\n\n\n<li>L\u2019enseignement primaire (\u0394\u03b7\u03bc\u03bf\u03c4\u03b9\u03ba\u03cc \u03a3\u03c7\u03bf\u03bb\u03b5\u03af\u03bf) (6-12 ans).<\/li>\n\n\n\n<li>L\u2019enseignement secondaire (\u0394\u03b5\u03c5\u03c4\u03b5\u03c1\u03bf\u03b2\u03ac\u03b8\u03bc\u03b9\u03b1 \u0395\u03ba\u03c0\u03b1\u03af\u03b4\u03b5\u03c5\u03c3\u03b7) (12-18 ans).<\/li>\n<\/ul>\n\n\n\n<h3 class=\"wp-block-heading\"><a href=\"https:\/\/www.humanium.org\/fr\/comprendre-droits-enfant\/droit-a-la-sante\/\"><strong>Droit \u00e0 la sant\u00e9<\/strong><\/a><strong><\/strong><\/h3>\n\n\n\n<p class=\"wp-block-paragraph\">En Gr\u00e8ce, les soins de sant\u00e9 sont r\u00e9glement\u00e9s par le minist\u00e8re de la Sant\u00e9. L&rsquo;Organisation nationale pour la prestation des services de sant\u00e9 (Ethnikos Organismos Parochis Ypiresion Ygeias &#8211; EOPPY), cr\u00e9\u00e9e en 2012, constitue la caisse nationale d\u2019assurance maladie.<\/p>\n\n\n\n<p class=\"wp-block-paragraph\">Tous les enfants en Gr\u00e8ce sont couverts par l\u2019assurance EOPPY de leurs parents ou tuteurs, qui comprend des soins de sant\u00e9 gratuits ou subventionn\u00e9s, l\u2019acc\u00e8s aux h\u00f4pitaux, aux tests m\u00e9dicaux et diagnostiques, aux vaccinations et au remboursement partiel ou total des m\u00e9dicaments et des dispositifs m\u00e9dicaux (Commission europ\u00e9enne, 2023).<\/p>\n\n\n\n<p class=\"wp-block-paragraph\">Selon un rapport r\u00e9alis\u00e9 par l\u2019Organisation de coop\u00e9ration et de d\u00e9veloppement \u00e9conomiques (OCDE) en 2024, la Gr\u00e8ce affiche les taux les plus \u00e9lev\u00e9s d\u2019Europe en mati\u00e8re de besoins m\u00e9dicaux non satisfaits en raison d\u2019obstacles financiers&nbsp;: 11,6 % des personnes de plus de 16 ans d\u00e9clarent ne pas avoir acc\u00e8s aux soins n\u00e9cessaires, contre une moyenne de 2,4 % dans l\u2019Union europ\u00e9enne.<\/p>\n\n\n\n<p class=\"wp-block-paragraph\">La Gr\u00e8ce est confront\u00e9e aux obstacles financiers les plus importants en mati\u00e8re d\u2019acc\u00e8s aux soins de sant\u00e9. Environ 23 % des Grecs ayant les revenus les plus faibles d\u00e9clarent ne pas pouvoir acc\u00e9der aux soins pour des raisons financi\u00e8res (Kowalenko, 2024). Le co\u00fbt des soins de sant\u00e9 et les faibles revenus restent les principaux obstacles \u00e0 l\u2019acc\u00e8s des enfants et des familles aux services m\u00e9dicaux. En outre, dans tout le pays, en particulier dans les r\u00e9gions recul\u00e9es, tous les services m\u00e9dicaux ne sont pas accessibles aux enfants, notamment aux enfants handicap\u00e9s, aux enfants roms, aux enfants des rues et aux enfants r\u00e9fugi\u00e9s et migrants.<\/p>\n\n\n\n<p class=\"wp-block-paragraph\">La Gr\u00e8ce pr\u00e9sente \u00e9galement l\u2019un des taux d\u2019ob\u00e9sit\u00e9 infantile les plus \u00e9lev\u00e9s d\u2019Europe, ce qui constitue un probl\u00e8me majeur de sant\u00e9 publique. Environ un tiers des enfants grecs sont en surpoids ou ob\u00e8ses, tous \u00e2ges confondus. En novembre 2023, en collaboration avec l\u2019UNICEF, le minist\u00e8re de la Sant\u00e9 a lanc\u00e9 le Programme national de lutte contre l\u2019ob\u00e9sit\u00e9 infantile (2022-2026). Il s&rsquo;agit de l\u2019un des plus importants programmes (36 millions d\u2019euros) de lutte contre l\u2019ob\u00e9sit\u00e9 chez les enfants \u00e2g\u00e9s de 2 \u00e0 14 ans, dont l\u2019objectif est de r\u00e9duire la pr\u00e9valence de 37,1 % en 2019 \u00e0 24,5 % en 2025 (UNICEF, 2023).<\/p>\n\n\n\n<p class=\"wp-block-paragraph\">Le Plan d\u2019action national contre l\u2019ob\u00e9sit\u00e9 infantile a mis en \u0153uvre des interventions cibl\u00e9es dans les \u00e9coles et les centres m\u00e9dicaux et communautaires. L\u2019objectif principal du plan d\u2019action \u00e9tait d\u2019int\u00e9grer des programmes d\u2019\u00e9ducation nutritionnelle dans les programmes scolaires, des cours de cuisine saine et des activit\u00e9s physiques organis\u00e9es pour les enfants. En outre, il pr\u00e9voyait \u00e9galement un d\u00e9pistage gratuit et pr\u00e9coce de l\u2019ob\u00e9sit\u00e9 avec le soutien de di\u00e9t\u00e9ticiens, de psychologues, d\u2019endocrinologues et de p\u00e9diatres agr\u00e9\u00e9s. Avant la mise en \u0153uvre du plan d\u2019action, en 2022, le gouvernement a lanc\u00e9 l\u2019initiative \u00ab Greek Pledge \u00bb, qui encourage les entreprises du secteur agroalimentaire \u00e0 am\u00e9liorer leurs m\u00e9thodes de publicit\u00e9 aupr\u00e8s des enfants de moins de 13 ans (Cousins, 2025).&nbsp;<\/p>\n\n\n\n<h3 class=\"wp-block-heading\"><a href=\"https:\/\/www.humanium.org\/fr\/comprendre-droits-enfant\/droit-a-l-eau\/\"><strong>Droit \u00e0 l\u2019eau potable et \u00e0 l\u2019assainissement<\/strong><\/a><strong><\/strong><\/h3>\n\n\n\n<p class=\"wp-block-paragraph\">Une \u00e9tude r\u00e9alis\u00e9e en Gr\u00e8ce en 2021 a r\u00e9v\u00e9l\u00e9 que 78 % des m\u00e9nages avec enfants avaient acc\u00e8s \u00e0 l\u2019eau courante, 66,6 % \u00e0 l\u2019eau chaude et 79,2 % \u00e0 un syst\u00e8me d\u2019\u00e9gouts. Environ un tiers des \u00e9coles disposaient de toilettes ext\u00e9rieures avec une eau de mauvaise qualit\u00e9. De m\u00eame, en 2021, les enfants roms (12 216 enfants), vivant principalement dans des campements en Attique, en Gr\u00e8ce centrale et dans le P\u00e9loponn\u00e8se, manquaient d\u2019infrastructures de base, telles que des tentes, des conteneurs, et d\u2019infrastructures sanitaires \u00e9l\u00e9mentaires, telles que l\u2019acc\u00e8s \u00e0 l\u2019eau, la construction de routes ou l\u2019\u00e9lectricit\u00e9 (UNICEF, 2022).<\/p>\n\n\n\n<h3 class=\"wp-block-heading\"><a href=\"https:\/\/www.humanium.org\/fr\/comprendre-droits-enfant\/droit-a-l-identite\/\"><strong>Droit \u00e0 l\u2019identit\u00e9<\/strong><\/a><strong><\/strong><\/h3>\n\n\n\n<p class=\"wp-block-paragraph\">En vertu de l\u2019article 20(1) de la loi 344\/1976, un enfant doit \u00eatre enregistr\u00e9 dans les 10 jours suivant sa naissance au bureau d\u2019\u00e9tat civil de la commune o\u00f9 il est n\u00e9. Une taxe de 60 euros est appliqu\u00e9e en cas d\u2019enregistrement tardif, lorsque la d\u00e9claration intervient apr\u00e8s 90 jours (Asylum Information Database, 2025).<\/p>\n\n\n\n<p class=\"wp-block-paragraph\">Selon l\u2019UNICEF Gr\u00e8ce, environ 10 % des enfants roms ne sont pas enregistr\u00e9s \u00e0 la naissance. En outre, 3,3 % des <a href=\"https:\/\/www.humanium.org\/fr\/la-discrimination-des-enfants-roms-dans-leducation\/\">Roms<\/a> rencontrent des difficult\u00e9s \u00e0 acc\u00e9der aux syst\u00e8mes d\u2019enregistrement civil tels que les cartes d&rsquo;identit\u00e9 et les actes de naissance. Ce ph\u00e9nom\u00e8ne est particuli\u00e8rement r\u00e9pandu en Gr\u00e8ce centrale (9,8 %), dans les \u00eeles de la mer \u00c9g\u00e9e m\u00e9ridionale (6,2 %) et dans les \u00eeles Ioniennes (6,8 %) (UNICEF, 2021).<\/p>\n\n\n\n<h2 class=\"wp-block-heading\"><strong>Facteurs de risque<\/strong> <strong>\u2013><\/strong> <strong>D\u00e9fis sp\u00e9cifiques au pays<\/strong><\/h2>\n\n\n\n<h3 class=\"wp-block-heading\"><a href=\"https:\/\/www.humanium.org\/fr\/pauvrete\/\"><strong>Pauvret\u00e9<\/strong><\/a><strong><\/strong><\/h3>\n\n\n\n<p class=\"wp-block-paragraph\">La pauvret\u00e9 infantile reste \u00e9lev\u00e9e en Gr\u00e8ce. En 2023, environ 480 000 enfants (28 %) vivaient dans la pauvret\u00e9. Les enfants les plus touch\u00e9s sont les enfants de migrants et de r\u00e9fugi\u00e9s, les enfants issus de familles nombreuses ou de familles monoparentales, les enfants roms, les enfants vivant dans des m\u00e9nages \u00e0 revenu unique ou dont les parents\/tuteurs sont au ch\u00f4mage, et les enfants incarc\u00e9r\u00e9s (Eurochild, 2024).<\/p>\n\n\n\n<p class=\"wp-block-paragraph\">L\u2019Union europ\u00e9enne (UE) a investi 5,3 milliards d\u2019euros dans le Fonds social europ\u00e9en+ (FSE+) en Gr\u00e8ce. Ce fonds a \u00e9t\u00e9 con\u00e7u pour promouvoir l\u2019emploi, l\u2019\u00e9ducation, les comp\u00e9tences, et l\u2019inclusion sociale ainsi que lutter contre les in\u00e9galit\u00e9s et la pauvret\u00e9, pour la p\u00e9riode 2021-2027. En Gr\u00e8ce, le FSE+ est mis en \u0153uvre par le biais du programme national pour les ressources humaines et la coh\u00e9sion sociale et de 13 programmes r\u00e9gionaux (Eurochild, 2024).<\/p>\n\n\n\n<p class=\"wp-block-paragraph\">De m\u00eame, le programme europ\u00e9en \u00ab Garantie pour l\u2019enfance \u00bb, une initiative de l&rsquo;Union europ\u00e9enne lanc\u00e9e en 2021, vise \u00e0 pr\u00e9venir et \u00e0 lutter contre la pauvret\u00e9 infantile en garantissant aux enfants l&rsquo;acc\u00e8s \u00e0 des services essentiels tels que : l\u2019\u00e9ducation gratuite (qui comprend les activit\u00e9s scolaires et un repas sain par jour), les soins de sant\u00e9 gratuits, un logement ad\u00e9quat, l\u2019acc\u00e8s \u00e0 une alimentation saine et l\u2019\u00e9ducation pr\u00e9scolaire gratuite (Commission europ\u00e9enne, s.d.). Le gouvernement grec a notamment align\u00e9 son plan d\u2019action national 2022 sur le FSE+, en donnant la priorit\u00e9 \u00e0 la r\u00e9duction de la pauvret\u00e9 infantile, \u00e0 l\u2019extension des services \u00e0 la petite enfance, \u00e0 l\u2019am\u00e9lioration de l\u2019acc\u00e8s aux soins de sant\u00e9 et \u00e0 l\u2019\u00e9ducation et, enfin, \u00e0 l\u2019aide aux enfants handicap\u00e9s (Eurochild, 2024).<\/p>\n\n\n\n<h3 class=\"wp-block-heading\"><a href=\"https:\/\/www.humanium.org\/fr\/enfants-deplaces\/\"><strong>Enfants d\u00e9plac\u00e9s<\/strong><\/a> &nbsp;<\/h3>\n\n\n\n<p class=\"wp-block-paragraph\">Les mineurs non accompagn\u00e9s, les enfants demandeurs d\u2019asile et les enfants r\u00e9fugi\u00e9s restent l\u2019un des groupes les plus vuln\u00e9rables en Gr\u00e8ce, o\u00f9 des milliers d\u2019enfants arrivent dans des conditions dangereuses. Ces enfants sont expos\u00e9s \u00e0 la d\u00e9tention, \u00e0 des conditions de vie inad\u00e9quates, \u00e0 la violence et \u00e0 l\u2019exploitation.<\/p>\n\n\n\n<p class=\"wp-block-paragraph\">Selon l\u2019UNICEF Gr\u00e8ce, depuis janvier 2024, 51 620 r\u00e9fugi\u00e9s et migrants sont arriv\u00e9s en Gr\u00e8ce, dont 30,4 % d\u2019enfants. En juin 2024, on estimait \u00e0 27 000 le nombre d\u2019enfants r\u00e9fugi\u00e9s et migrants (41 % de filles et 59 % de gar\u00e7ons) (UNICEF, 2024).<\/p>\n\n\n<div class=\"wp-block-image\">\n<figure class=\"alignleft size-large is-resized\"><img loading=\"lazy\" decoding=\"async\" width=\"1024\" height=\"683\" src=\"https:\/\/www.humanium.org\/fr\/wp-content\/uploads\/2026\/08\/shutterstock_1495032035-1024x683.jpg\" alt=\"\" class=\"wp-image-62876\" style=\"aspect-ratio:1.499330655957162;width:374px;height:auto\" srcset=\"https:\/\/www.humanium.org\/fr\/wp-content\/uploads\/2026\/08\/shutterstock_1495032035-1024x683.jpg 1024w, https:\/\/www.humanium.org\/fr\/wp-content\/uploads\/2026\/08\/shutterstock_1495032035-300x200.jpg 300w, https:\/\/www.humanium.org\/fr\/wp-content\/uploads\/2026\/08\/shutterstock_1495032035-768x512.jpg 768w, https:\/\/www.humanium.org\/fr\/wp-content\/uploads\/2026\/08\/shutterstock_1495032035-1536x1024.jpg 1536w, https:\/\/www.humanium.org\/fr\/wp-content\/uploads\/2026\/08\/shutterstock_1495032035-830x553.jpg 830w, https:\/\/www.humanium.org\/fr\/wp-content\/uploads\/2026\/08\/shutterstock_1495032035-2048x1365.jpg 2048w, https:\/\/www.humanium.org\/fr\/wp-content\/uploads\/2026\/08\/shutterstock_1495032035-230x153.jpg 230w, https:\/\/www.humanium.org\/fr\/wp-content\/uploads\/2026\/08\/shutterstock_1495032035-350x233.jpg 350w, https:\/\/www.humanium.org\/fr\/wp-content\/uploads\/2026\/08\/shutterstock_1495032035-480x320.jpg 480w, https:\/\/www.humanium.org\/fr\/wp-content\/uploads\/2026\/08\/shutterstock_1495032035-272x182.jpg 272w\" sizes=\"auto, (max-width: 1024px) 100vw, 1024px\" \/><\/figure>\n<\/div>\n\n\n<p class=\"wp-block-paragraph\">Entre 2021 et 2023, environ 3 123 mineurs non accompagn\u00e9s ont \u00e9t\u00e9 h\u00e9berg\u00e9s dans des \u00ab zones de s\u00e9curit\u00e9 \u00bb au sein des centres d\u2019acc\u00e8s contr\u00f4l\u00e9 ferm\u00e9s (CCAC) sur les \u00eeles de Kos (804 mineurs), Chios (1 006), Leros (418) et Samos (895) (D\u00e9partement f\u00e9d\u00e9ral des affaires \u00e9trang\u00e8res, s.d.). Ces zones de s\u00e9curit\u00e9 ont \u00e9t\u00e9 con\u00e7ues pour offrir un abri temporaire et une protection aux enfants arrivant sans parents ni tuteurs l\u00e9gaux, mais dans la pratique, beaucoup d\u2019entre elles ont fonctionn\u00e9 dans des conditions de surpopulation et d\u2019ins\u00e9curit\u00e9, ressemblant \u00e0 des centres de d\u00e9tention.<\/p>\n\n\n\n<p class=\"wp-block-paragraph\">Le refuge devait offrir protection et h\u00e9bergement temporaire ainsi qu\u2019un acc\u00e8s aux services essentiels permettant l\u2019organisation du regroupement familial, de la tutelle et de la relocalisation vers un h\u00e9bergement \u00e0 long terme. Cependant, les enfants vivant dans ces zones \u00e9taient soumis \u00e0 des conditions de vie s&rsquo;apparentant \u00e0 la d\u00e9tention, \u00e0 la surpopulation, \u00e0 des s\u00e9jours excessivement longs, \u00e0 l\u2019impossibilit\u00e9 d\u2019acc\u00e9der \u00e0 des services essentiels tels que les <a href=\"https:\/\/www.humanium.org\/fr\/comprendre-droits-enfant\/droit-a-la-sante\/\">soins de sant\u00e9<\/a> et l\u2019<a href=\"https:\/\/www.humanium.org\/fr\/comprendre-droits-enfant\/droit-a-l-education\/\">\u00e9ducation<\/a>, \u00e0 des conditions d\u2019hygi\u00e8ne inad\u00e9quates et \u00e0 l\u2019exposition \u00e0 la <a href=\"https:\/\/www.humanium.org\/fr\/violences\/\">violence<\/a> et au harc\u00e8lement (Gebe et al., 2025).<\/p>\n\n\n\n<p class=\"wp-block-paragraph\">Les CCAC ressemblent \u00e0 des centres de d\u00e9tention, avec des r\u00e8gles strictes, une surveillance, de hautes cl\u00f4tures barbel\u00e9es et une pr\u00e9sence polici\u00e8re excessive. Les mineurs non accompagn\u00e9s vivant dans les zones de s\u00e9curit\u00e9 ne sont pas autoris\u00e9s \u00e0 en sortir sans \u00eatre accompagn\u00e9s d\u2019un fonctionnaire. Malgr\u00e9 cette pr\u00e9sence polici\u00e8re importante, le gouvernement grec nie que ces enfants soient d\u00e9tenus. Les mineurs non accompagn\u00e9s sont cens\u00e9s rester dans les zones de s\u00e9curit\u00e9 le moins longtemps possible. Cependant, en raison de retards dans la d\u00e9signation de tuteurs l\u00e9gaux, ils finissent souvent par y rester pendant de longues p\u00e9riodes (Gebe et al., 2025). &nbsp;<\/p>\n\n\n\n<p class=\"wp-block-paragraph\">\u00c0 l\u2019origine, les zones de s\u00e9curit\u00e9 \u00e9taient con\u00e7ues pour accueillir un maximum de 70 enfants. Cependant, selon un rapport d\u2019Equal Rights, les zones de s\u00e9curit\u00e9 \u00e9taient surpeupl\u00e9es, accueillant jusqu&rsquo;\u00e0 450 mineurs non accompagn\u00e9s \u00e0 la fois. La surpopulation ne laisse aucune place \u00e0 l\u2019intimit\u00e9 et les gar\u00e7ons et les filles sont h\u00e9berg\u00e9s dans le m\u00eame espace. Lorsque les zones s\u00fbres atteignent leur capacit\u00e9 maximale, les enfants peuvent se retrouver sans lit pour dormir, et disposent d\u2019un acc\u00e8s limit\u00e9 \u00e0 la nourriture et \u00e0 l\u2019eau, tout en vivant dans des conditions insalubres, mettant en danger leur <a href=\"https:\/\/www.humanium.org\/fr\/comprendre-droits-enfant\/droit-a-la-sante\/\">sant\u00e9 mentale et physique<\/a> (Gebe et al., 2025).<\/p>\n\n\n\n<h3 class=\"wp-block-heading\"><strong>Violence et<\/strong> <a href=\"https:\/\/www.humanium.org\/fr\/exploitation\/\"><strong>exploitation<\/strong><\/a> <strong>\u00e0 l\u2019encontre des enfants d\u00e9plac\u00e9s<\/strong><\/h3>\n\n\n\n<p class=\"wp-block-paragraph\">Les mineurs non accompagn\u00e9s, les enfants demandeurs d\u2019asile et les enfants r\u00e9fugi\u00e9s vivant dans des zones s\u00e9curis\u00e9es sont souvent expos\u00e9s \u00e0 la violence, aux abus et \u00e0 la n\u00e9gligence de la part du personnel, des forces de l\u2019ordre et, parfois, d\u2019autres adultes ou mineurs vivant dans les CCAC. Les auteurs et les cas de violence sont nombreux et vari\u00e9s. Des entretiens cibl\u00e9s men\u00e9s aupr\u00e8s d\u2019enfants r\u00e9sidant dans des \u00ab zones s\u00e9curis\u00e9es \u00bb au cours des 12 derniers mois ont r\u00e9v\u00e9l\u00e9 quelques cas de violence perp\u00e9tr\u00e9e par la police, ainsi que des violences fr\u00e9quentes commises par d\u2019autres enfants et le personnel r\u00e9sidant dans les CCAC (Gebe et al., 2025).<\/p>\n\n\n\n<p class=\"wp-block-paragraph\">Il a \u00e9t\u00e9 d\u00e9montr\u00e9 que ces violences se combinaient avec d\u2019autres types de crimes, notamment le trafic et la consommation de drogues illicites, le vol, les abus sexuels et l\u2019exploitation sexuelle. Dans une affaire notable survenue en 2024 dans le camp de Malakasa, un <a href=\"https:\/\/www.humanium.org\/fr\/egypte\/\">mineur \u00e9gyptien<\/a> non accompagn\u00e9 de 16 ans a d\u00e9clar\u00e9 avoir \u00e9t\u00e9 victime d\u2019<a href=\"https:\/\/www.humanium.org\/fr\/la-maltraitance-des-enfants\/\">abus<\/a> sexuels et de tortures de la part de six hommes \u00e9gyptiens (Ekathimerini, 2024). L\u2019environnement des CCAC se caract\u00e9rise g\u00e9n\u00e9ralement par une violence interpersonnelle end\u00e9mique entre les enfants, avec peu ou pas de m\u00e9canismes de responsabilit\u00e9 fonctionnels pour r\u00e9parer les pr\u00e9judices pass\u00e9s ou dissuader ceux \u00e0 venir (Gebe et al., 2025).<\/p>\n\n\n\n<p class=\"wp-block-paragraph\"><em><strong>R\u00e9dig\u00e9 par Vanessa Cezarita Cordeiro<\/strong><\/em><\/p>\n\n\n\n<p class=\"wp-block-paragraph\"><em><strong>Traduit par Or Salama<\/strong><\/em><\/p>\n\n\n\n<p class=\"wp-block-paragraph\"><em><strong>Relu par Aditi Partha<\/strong><\/em><\/p>\n\n\n\n<p class=\"wp-block-paragraph\"><em><strong>Derni\u00e8re mise \u00e0 jour le 26 octobre 2025<\/strong><\/em><\/p>\n\n\n\n<h4 class=\"wp-block-heading\"><strong>R\u00e9f\u00e9rences :<\/strong><\/h4>\n\n\n\n<p class=\"has-small-font-size wp-block-paragraph\">Amnesty International. (2020, February 12). <a href=\"https:\/\/www.amnesty.org\/en\/documents\/eur25\/1801\/2020\/en\/\">\u201cMigrant Children and asylum-seekers still denied healthcare.\u201d<\/a> Retrieved from Amnesty International, accessed on 13 September 2025.<\/p>\n\n\n\n<p class=\"has-small-font-size wp-block-paragraph\">Asylum Information Database. (2025, September 15). <a href=\"https:\/\/asylumineurope.org\/reports\/country\/greece\/content-international-protection\/status-and-residence\/civil-registration\/?utm_source=chatgpt.com\">\u201cCivil registration Greece.\u201d<\/a> Retrieved from Asylum Information Database, accessed 24 September 2025.<\/p>\n\n\n\n<p class=\"has-small-font-size wp-block-paragraph\">Better Internet for Kids. (2025, June 23). <a href=\"https:\/\/better-internet-for-kids.europa.eu\/en\/news\/childrens-online-habits-greece-2025-nationwide-survey-explores-challenges-implementing-digital?utm_source=chatgpt.com\">\u201cChildren\u2019s online habits in Greece: 2025 nationwide survey explores challenges in implementing the Digital Services Act (DSA).\u201d<\/a> Retrieved from European Union, accessed on 25 October 2025.<\/p>\n\n\n\n<p class=\"has-small-font-size wp-block-paragraph\">Cousins, S. (2025, July 25). <a href=\"https:\/\/www.medscape.com\/viewarticle\/heres-how-greece-tackling-its-childhood-obesity-epidemic-2025a1000jpe\">\u201cHere\u2019s how Greece is tackling its childhood obesity epidemic.\u201d<\/a> Retrieved from Medscape, accessed on 25 October 2025.<\/p>\n\n\n\n<p class=\"has-small-font-size wp-block-paragraph\">Danforth, L., Haldon Frederick, J., Smith Delano, C., Bowman, J., Clogg Mowbray Ralph, R. (2025, September 12). <a href=\"https:\/\/www.britannica.com\/place\/Greece\">\u201cGreece.\u201d<\/a> Retrieved from Encyclopedia Britannica, accessed 10 September 2025.<\/p>\n\n\n\n<p class=\"has-small-font-size wp-block-paragraph\">Directorate-General for Migration and Home Affairs. (2024, July 23). <a href=\"https:\/\/home-affairs.ec.europa.eu\/news\/over-25000-migrant-children-greece-benefited-all-children-education-programme-2024-07-23_en#:~:text=The%20%E2%80%9CAll%20Children%20in%20Education,inclusive%20and%20supportive%20learning%20environment.\">\u201cOver 25,000 migrant children in Greece benefited from \u2018All children in Education\u2019 programme.\u201d<\/a> Retrieved from European Union, accessed on 11 September 2025.<\/p>\n\n\n\n<p class=\"has-small-font-size wp-block-paragraph\">Ekathimerini. (2024, December 11). <a href=\"https:\/\/www.ekathimerini.com\/news\/1255993\/teenager-alleges-torture-and-sexual-abuse-at-malakasa-refugee-camp\/\">\u201cTeenager alleges torture and sexual abuse at Malakasa refugee camp.\u201d<\/a> Retrieved from Ekathimerini, accessed on 23 September 2025.<\/p>\n\n\n\n<p class=\"has-small-font-size wp-block-paragraph\">Eurochild. (2024). <a href=\"https:\/\/eurochild.org\/uploads\/2024\/11\/Eurochild-Flagship-Report-Childrens-Realities-in-Europe.pdf\">\u201cChildren\u2019s realities in Europe: progress and gaps. Eurochild 2024 report on children in need across Europe.\u201d<\/a> Retrieved from Eurochild, accessed on 21 October 2025.<\/p>\n\n\n\n<p class=\"has-small-font-size wp-block-paragraph\">European Commission. (n.d.). <a href=\"https:\/\/employment-social-affairs.ec.europa.eu\/policies-and-activities\/social-protection-social-inclusion\/addressing-poverty-and-supporting-social-inclusion\/investing-children\/european-child-guarantee_en\">\u201cEuropean Child Guarantee.\u201d<\/a> Retrieved from European Commission, accessed on 21 October 2025.<\/p>\n\n\n\n<p class=\"has-small-font-size wp-block-paragraph\">European Commission. (2023, September). <a href=\"https:\/\/www.oecd.org\/content\/dam\/oecd\/en\/publications\/reports\/2023\/12\/greece-country-health-profile-2023_0d70aae7\/dd530c3e-en.pdf?utm_source=chatgpt.com\">\u201cState of Health in the EU: Greece\u2014country health profile 2023.\u201d<\/a> Retrieved from Organization for Economic Co-operation and Development, accessed on 17 October 2025.<\/p>\n\n\n\n<p class=\"has-small-font-size wp-block-paragraph\">European Commission. (2025, June 30). <a href=\"https:\/\/eurydice.eacea.ec.europa.eu\/eurypedia\/greece\/overview?utm_source=chatgpt.com\">\u201cEurydice Greece.\u201d<\/a> Retrieved from European Commission, accessed on 10 September 2025.<\/p>\n\n\n\n<p class=\"has-small-font-size wp-block-paragraph\">Federal Department of Foreign Affairs. (n.d.). <a href=\"https:\/\/www.eda.admin.ch\/countries\/greece\/en\/home\/schweizer-beitrag\/second-swiss-contribution\/projekte\/Safe_Areas_for_Unaccompanied_Migrant_Children.html?utm_source=chatgpt.com\">\u201cSafe areas for unaccompanied migrant children (Samos, Leros, Chios and Kos Islands).\u201d<\/a> Retrieved from Federal Department of Foreign Affairs, accessed on 24 September 2025.<\/p>\n\n\n\n<p class=\"has-small-font-size wp-block-paragraph\">Gebe, S., Kessler, J. (2025, June 10). <a href=\"https:\/\/equal-rights.org\/articles\/149\">\u201cReport on the safe areas of the closed controlled access centers on Kos and Leros \u2013 2025.\u201d<\/a> Retrieved from Equal Rights Beyond Borders, accessed on 23 September 2025.<\/p>\n\n\n\n<p class=\"has-small-font-size wp-block-paragraph\">Giannopoulos, B. (2025, October). \u201c<a href=\"https:\/\/greekcitytimes.com\/2025\/09\/29\/greece-social-media-ban-minors-october\/#:~:text=Starting%20October%202025%2C%20access%20to,sites%2C%20according%20to%20government%20sources.\">Greece to automatically block social media access for children under 15 from October.<\/a>\u201d Retrieved from Greek City Times, accessed on 21 October 2025.<\/p>\n\n\n\n<p class=\"has-small-font-size wp-block-paragraph\">Hellenic Republic Ministry of Migration and Asylum. (2024, December 1). <a href=\"https:\/\/migration.gov.gr\/wp-content\/uploads\/2024\/12\/SGVP_Statistics-December_EN.pdf\">\u201cSituation update: unaccompanied minors (UAM) in Greece.\u201d<\/a> Retrieved from Hellenic Republic Ministry of Migration and Asylum, accessed on 23 September 2025.<\/p>\n\n\n\n<p class=\"has-small-font-size wp-block-paragraph\">Human Rights Watch. (2008, December 22). <a href=\"https:\/\/www.hrw.org\/report\/2008\/12\/22\/left-survive\/systematic-failure-protect-unaccompanied-migrant-children-greece?utm_source=chatgpt.com\">\u201cLeft to survive \u2013 systemic failure to protect unaccompanied migrant children in Greece.\u201d<\/a> Retrieved from Human Rights Watch, accessed on 24 September 2025.<\/p>\n\n\n\n<p class=\"has-small-font-size wp-block-paragraph\">Human Rights Watch. (2019, December 18). <a href=\"https:\/\/www.hrw.org\/news\/2019\/12\/18\/greece-unaccompanied-children-risk\">\u201cGreece: unaccompanied children at risk \u2013 arriving alone in island camp, they face insecurity, neglect.\u201d<\/a> Retrieved from Human Rights Watch, accessed on 24 September 2025.<\/p>\n\n\n\n<p class=\"has-small-font-size wp-block-paragraph\">Human Rights Watch. (2021, July 29). <a href=\"https:\/\/www.hrw.org\/news\/2021\/07\/29\/greece-stop-denying-refugee-children-education\">\u201cGreece: stop denying refugee children an education.\u201d<\/a> Retrieved from Human Rights Watch, accessed on 11 September 2025.<\/p>\n\n\n\n<p class=\"has-small-font-size wp-block-paragraph\">Jalbout, M. (2020, April). <a href=\"https:\/\/s3.amazonaws.com\/theirworld-site-resources\/FINAL-RefugeeEducation-Report-050520-1.pdf\">\u201cFinding solutions to Greece\u2019s refugee education crisis.\u201d<\/a> Retrieved from Theirworld Report, accessed on 11 September 2025.<\/p>\n\n\n\n<p class=\"has-small-font-size wp-block-paragraph\">Kowalenko, C. (2024, December 17). <a href=\"https:\/\/greekcitytimes.com\/2024\/12\/17\/greece-medical-needs\/\">\u201cGreece tops EU in unmet medical needs due to high costs\u201d.<\/a> Retrieved from Greek City Times, accessed on 17 October 2025.<\/p>\n\n\n\n<p class=\"has-small-font-size wp-block-paragraph\">Legal Centre Lesvos. (2024, July 2). <a href=\"https:\/\/legalcentrelesvos.org\/2024\/07\/02\/as-heat-wave-hits-greece-lesvos-ccac-residents-are-denied-access-to-clean-water-and-food\/?utm_source=chatgpt.com\">\u201cAs heat wave hits Greece, Lesvos CCAC residents continue to be denied access to clean water and food.\u201d<\/a> Retrieved from Legal Centre Lesvos, accessed on 17 September 2025.<\/p>\n\n\n\n<p class=\"has-small-font-size wp-block-paragraph\">Legal Centre Lesvos. (2025, February 25). <a href=\"https:\/\/reliefweb.int\/report\/greece\/lesvos-situation-report-quarterly-developments-and-updates-october-december-2024?utm_source=chatgpt.com\">\u201cLesvos situation report: quarterly developments and updates, October-December 2024.\u201d<\/a> Retrieved from Reliefweb, accessed on 22 September 2025.<\/p>\n\n\n\n<p class=\"has-small-font-size wp-block-paragraph\">UNICEF. (2021). <a href=\"https:\/\/www.unicef.org\/greece\/en\/state-childrens-rights\/participation-and-civil-rights\/birth-registration-and-identity?utm_source=chatgpt.com\">\u201cBirth registration and identity in Greece.\u201d<\/a> Retrieved from UNICEF Greece, accessed 24 September 2025.<\/p>\n\n\n\n<p class=\"has-small-font-size wp-block-paragraph\">UNICEF. (2022, June). <a href=\"https:\/\/www.unicef.org\/greece\/en\/state-childrens-rights\/poverty-and-adequate-standards-living\/wash?utm_source=chatgpt.com\">\u201cWater and sanitation in Greece.\u201d<\/a> Retrieved from UNICEF, accessed on 15 September 2025.<\/p>\n\n\n\n<p class=\"has-small-font-size wp-block-paragraph\">UNICEF. (2023). <a href=\"https:\/\/www.unicef.org\/media\/152026\/file\/Greece-2023-COAR.pdf\">\u201cCountry office annual report 2023.\u201d<\/a> Retrieved from UNICEF Greece, accessed on 13 September 2025.<\/p>\n\n\n\n<p class=\"has-small-font-size wp-block-paragraph\">UNICEF Greece. (2024). <a href=\"https:\/\/open.unicef.org\/download-pdf?country-name=Greece&amp;year=2024#:~:text=Greece%20scored%2059.3%20out%20of,sea%20(44%2C498)%5B9%5D.\">\u201cAnnual report 2024.\u201d<\/a> Retrieved from UNICEF Greece, accessed 24 September 2025.<\/p>\n\n\n\n<p class=\"has-small-font-size wp-block-paragraph\">World Health Organization. (2024). <a href=\"https:\/\/cdn.who.int\/media\/docs\/librariesprovider2\/country-profiles\/impact\/2024-country-profiles\/health-impact-2024-gre.pdf?sfvrsn=6c3c2a0a_5&amp;download=true#:~:text=Page%201,opportunities%20in%20schools%20and%20communities.\">\u201cChildhood obesity: a national crisis and response.\u201d<\/a> Retrieved from World Health Organization, accessed on 15 September 2025.<\/p>\n\n\n\n<hr class=\"wp-block-separator has-alpha-channel-opacity\"\/>\n\n\n\n<p class=\"has-small-font-size wp-block-paragraph\"><a href=\"#_ftnref1\" id=\"_ftn1\">[1]<\/a> Cet article ne pr\u00e9tend en aucun cas donner un aper\u00e7u complet ou repr\u00e9sentatif des droits des enfants en Gr\u00e8ce ; en effet, l\u2019un des nombreux d\u00e9fis \u00e0 relever est le manque d\u2019informations actualis\u00e9es sur les enfants en Gr\u00e8ce, dont la plupart sont peu fiables, non repr\u00e9sentatives, obsol\u00e8tes ou tout simplement inexistantes.<\/p>\n\n\n\n<p class=\"wp-block-paragraph\"><\/p>\n","protected":false},"excerpt":{"rendered":"<p>Concr\u00e9tiser les droits de l\u2019enfant en Gr\u00e8ce Les droits de l\u2019enfant en Gr\u00e8ce couvrent un large \u00e9ventail de questions refl\u00e9tant \u00e0 la fois des progr\u00e8s sociaux et des d\u00e9fis actuels. Bien que le pays ait accompli des progr\u00e8s significatifs pour s&rsquo;aligner sur les cadres juridiques internationaux, tels que la Convention des Nations Unies relative aux [&hellip;]<\/p>\n","protected":false},"author":65,"featured_media":0,"parent":0,"menu_order":0,"comment_status":"closed","ping_status":"closed","template":"","meta":{"footnotes":""},"class_list":["post-18718","page","type-page","status-publish","hentry"],"yoast_head":"<!-- This site is optimized with the Yoast SEO plugin v28.3 - https:\/\/yoast.com\/product\/yoast-seo-wordpress\/ -->\n<title>Enfants de Gr\u00e8ce - Humanium<\/title>\n<meta name=\"description\" content=\"Depuis que la crise a frapp\u00e9 la Gr\u00e8ce, les grecs, en particulier les enfants, souffrent de la d\u00e9gradation de leurs conditions de vie.\" \/>\n<meta name=\"robots\" content=\"index, follow, max-snippet:-1, max-image-preview:large, max-video-preview:-1\" \/>\n<link rel=\"canonical\" href=\"https:\/\/www.humanium.org\/fr\/grece\/\" \/>\n<meta property=\"og:locale\" content=\"fr_FR\" \/>\n<meta property=\"og:type\" content=\"article\" \/>\n<meta property=\"og:title\" content=\"Enfants de Gr\u00e8ce - Humanium\" \/>\n<meta property=\"og:description\" content=\"Depuis que la crise a frapp\u00e9 la Gr\u00e8ce, les grecs, en particulier les enfants, souffrent de la d\u00e9gradation de leurs conditions de vie.\" \/>\n<meta property=\"og:url\" content=\"https:\/\/www.humanium.org\/fr\/grece\/\" \/>\n<meta property=\"og:site_name\" content=\"Humanium\" \/>\n<meta property=\"article:modified_time\" content=\"2026-08-30T14:00:14+00:00\" \/>\n<meta name=\"twitter:card\" content=\"summary_large_image\" \/>\n<meta name=\"twitter:label1\" content=\"Dur\u00e9e de lecture estim\u00e9e\" \/>\n\t<meta name=\"twitter:data1\" content=\"18 minutes\" \/>\n<script type=\"application\/ld+json\" class=\"yoast-schema-graph\">{\"@context\":\"https:\\\/\\\/schema.org\",\"@graph\":[{\"@type\":\"WebPage\",\"@id\":\"https:\\\/\\\/www.humanium.org\\\/fr\\\/grece\\\/\",\"url\":\"https:\\\/\\\/www.humanium.org\\\/fr\\\/grece\\\/\",\"name\":\"Enfants de Gr\u00e8ce - Humanium\",\"isPartOf\":{\"@id\":\"https:\\\/\\\/www.humanium.org\\\/fr\\\/#website\"},\"primaryImageOfPage\":{\"@id\":\"https:\\\/\\\/www.humanium.org\\\/fr\\\/grece\\\/#primaryimage\"},\"image\":{\"@id\":\"https:\\\/\\\/www.humanium.org\\\/fr\\\/grece\\\/#primaryimage\"},\"thumbnailUrl\":\"https:\\\/\\\/www.humanium.org\\\/en\\\/wp-content\\\/uploads\\\/2026\\\/08\\\/shutterstock_2698826903_edited-scaled.jpeg\",\"datePublished\":\"2012-04-19T08:25:39+00:00\",\"dateModified\":\"2026-08-30T14:00:14+00:00\",\"description\":\"Depuis que la crise a frapp\u00e9 la Gr\u00e8ce, les grecs, en particulier les enfants, souffrent de la d\u00e9gradation de leurs conditions de vie.\",\"breadcrumb\":{\"@id\":\"https:\\\/\\\/www.humanium.org\\\/fr\\\/grece\\\/#breadcrumb\"},\"inLanguage\":\"fr-FR\",\"potentialAction\":[{\"@type\":\"ReadAction\",\"target\":[\"https:\\\/\\\/www.humanium.org\\\/fr\\\/grece\\\/\"]}]},{\"@type\":\"ImageObject\",\"inLanguage\":\"fr-FR\",\"@id\":\"https:\\\/\\\/www.humanium.org\\\/fr\\\/grece\\\/#primaryimage\",\"url\":\"https:\\\/\\\/www.humanium.org\\\/en\\\/wp-content\\\/uploads\\\/2026\\\/08\\\/shutterstock_2698826903_edited-scaled.jpeg\",\"contentUrl\":\"https:\\\/\\\/www.humanium.org\\\/en\\\/wp-content\\\/uploads\\\/2026\\\/08\\\/shutterstock_2698826903_edited-scaled.jpeg\"},{\"@type\":\"BreadcrumbList\",\"@id\":\"https:\\\/\\\/www.humanium.org\\\/fr\\\/grece\\\/#breadcrumb\",\"itemListElement\":[{\"@type\":\"ListItem\",\"position\":1,\"name\":\"Home\",\"item\":\"https:\\\/\\\/www.humanium.org\\\/fr\\\/\"},{\"@type\":\"ListItem\",\"position\":2,\"name\":\"Enfants de Gr\u00e8ce\"}]},{\"@type\":\"WebSite\",\"@id\":\"https:\\\/\\\/www.humanium.org\\\/fr\\\/#website\",\"url\":\"https:\\\/\\\/www.humanium.org\\\/fr\\\/\",\"name\":\"Humanium\",\"description\":\"Les enfants d\u2019abord !\",\"potentialAction\":[{\"@type\":\"SearchAction\",\"target\":{\"@type\":\"EntryPoint\",\"urlTemplate\":\"https:\\\/\\\/www.humanium.org\\\/fr\\\/?s={search_term_string}\"},\"query-input\":{\"@type\":\"PropertyValueSpecification\",\"valueRequired\":true,\"valueName\":\"search_term_string\"}}],\"inLanguage\":\"fr-FR\"}]}<\/script>\n<!-- \/ Yoast SEO plugin. -->","yoast_head_json":{"title":"Enfants de Gr\u00e8ce - Humanium","description":"Depuis que la crise a frapp\u00e9 la Gr\u00e8ce, les grecs, en particulier les enfants, souffrent de la d\u00e9gradation de leurs conditions de vie.","robots":{"index":"index","follow":"follow","max-snippet":"max-snippet:-1","max-image-preview":"max-image-preview:large","max-video-preview":"max-video-preview:-1"},"canonical":"https:\/\/www.humanium.org\/fr\/grece\/","og_locale":"fr_FR","og_type":"article","og_title":"Enfants de Gr\u00e8ce - Humanium","og_description":"Depuis que la crise a frapp\u00e9 la Gr\u00e8ce, les grecs, en particulier les enfants, souffrent de la d\u00e9gradation de leurs conditions de vie.","og_url":"https:\/\/www.humanium.org\/fr\/grece\/","og_site_name":"Humanium","article_modified_time":"2026-08-30T14:00:14+00:00","twitter_card":"summary_large_image","twitter_misc":{"Dur\u00e9e de lecture estim\u00e9e":"18 minutes"},"schema":{"@context":"https:\/\/schema.org","@graph":[{"@type":"WebPage","@id":"https:\/\/www.humanium.org\/fr\/grece\/","url":"https:\/\/www.humanium.org\/fr\/grece\/","name":"Enfants de Gr\u00e8ce - Humanium","isPartOf":{"@id":"https:\/\/www.humanium.org\/fr\/#website"},"primaryImageOfPage":{"@id":"https:\/\/www.humanium.org\/fr\/grece\/#primaryimage"},"image":{"@id":"https:\/\/www.humanium.org\/fr\/grece\/#primaryimage"},"thumbnailUrl":"https:\/\/www.humanium.org\/en\/wp-content\/uploads\/2026\/08\/shutterstock_2698826903_edited-scaled.jpeg","datePublished":"2012-04-19T08:25:39+00:00","dateModified":"2026-08-30T14:00:14+00:00","description":"Depuis que la crise a frapp\u00e9 la Gr\u00e8ce, les grecs, en particulier les enfants, souffrent de la d\u00e9gradation de leurs conditions de vie.","breadcrumb":{"@id":"https:\/\/www.humanium.org\/fr\/grece\/#breadcrumb"},"inLanguage":"fr-FR","potentialAction":[{"@type":"ReadAction","target":["https:\/\/www.humanium.org\/fr\/grece\/"]}]},{"@type":"ImageObject","inLanguage":"fr-FR","@id":"https:\/\/www.humanium.org\/fr\/grece\/#primaryimage","url":"https:\/\/www.humanium.org\/en\/wp-content\/uploads\/2026\/08\/shutterstock_2698826903_edited-scaled.jpeg","contentUrl":"https:\/\/www.humanium.org\/en\/wp-content\/uploads\/2026\/08\/shutterstock_2698826903_edited-scaled.jpeg"},{"@type":"BreadcrumbList","@id":"https:\/\/www.humanium.org\/fr\/grece\/#breadcrumb","itemListElement":[{"@type":"ListItem","position":1,"name":"Home","item":"https:\/\/www.humanium.org\/fr\/"},{"@type":"ListItem","position":2,"name":"Enfants de Gr\u00e8ce"}]},{"@type":"WebSite","@id":"https:\/\/www.humanium.org\/fr\/#website","url":"https:\/\/www.humanium.org\/fr\/","name":"Humanium","description":"Les enfants d\u2019abord !","potentialAction":[{"@type":"SearchAction","target":{"@type":"EntryPoint","urlTemplate":"https:\/\/www.humanium.org\/fr\/?s={search_term_string}"},"query-input":{"@type":"PropertyValueSpecification","valueRequired":true,"valueName":"search_term_string"}}],"inLanguage":"fr-FR"}]}},"_links":{"self":[{"href":"https:\/\/www.humanium.org\/fr\/wp-json\/wp\/v2\/pages\/18718","targetHints":{"allow":["GET"]}}],"collection":[{"href":"https:\/\/www.humanium.org\/fr\/wp-json\/wp\/v2\/pages"}],"about":[{"href":"https:\/\/www.humanium.org\/fr\/wp-json\/wp\/v2\/types\/page"}],"author":[{"embeddable":true,"href":"https:\/\/www.humanium.org\/fr\/wp-json\/wp\/v2\/users\/65"}],"replies":[{"embeddable":true,"href":"https:\/\/www.humanium.org\/fr\/wp-json\/wp\/v2\/comments?post=18718"}],"version-history":[{"count":9,"href":"https:\/\/www.humanium.org\/fr\/wp-json\/wp\/v2\/pages\/18718\/revisions"}],"predecessor-version":[{"id":62877,"href":"https:\/\/www.humanium.org\/fr\/wp-json\/wp\/v2\/pages\/18718\/revisions\/62877"}],"wp:attachment":[{"href":"https:\/\/www.humanium.org\/fr\/wp-json\/wp\/v2\/media?parent=18718"}],"curies":[{"name":"wp","href":"https:\/\/api.w.org\/{rel}","templated":true}]}}