{"id":18785,"date":"2012-05-22T13:18:27","date_gmt":"2012-05-22T13:18:27","guid":{"rendered":"http:\/\/www.humanium.org\/fr\/?page_id=18785"},"modified":"2025-12-05T15:05:46","modified_gmt":"2025-12-05T15:05:46","slug":"justice-juvenile","status":"publish","type":"page","link":"https:\/\/www.humanium.org\/fr\/justice-juvenile\/","title":{"rendered":"Justice pour mineurs"},"content":{"rendered":"\n<p class=\"wp-block-paragraph\"><strong>Avec entre 1,3 et 1,5 million d\u2019enfants d\u00e9tenus chaque ann\u00e9e, <strong>les \u00e9checs des syst\u00e8mes de justice pour mineurs sont malheureusement \u00e9vidents<\/strong>. Les \u00c9tats doivent appliquer rigoureusement les principes de la justice pour mineurs afin de <\/strong><a href=\"https:\/\/www.humanium.org\/fr\/droit-a-la-protection\/\"><strong>prot\u00e9ger <\/strong><\/a><strong>les enfants des conditions de d\u00e9tention <\/strong><a href=\"https:\/\/www.humanium.org\/fr\/violences\/\"><strong>violentes<\/strong><\/a><strong> et n\u00e9fastes qui affectent leur bien-\u00eatre physique et mental. Donner la priorit\u00e9 \u00e0 l\u2019int\u00e9r\u00eat sup\u00e9rieur de l\u2019enfant implique de collecter des donn\u00e9es fiables sur ses besoins et de mettre en \u0153uvre des approches r\u00e9paratrices.<\/strong><\/p>\n\n\n\n<figure class=\"wp-block-image size-large\"><img loading=\"lazy\" decoding=\"async\" width=\"1024\" height=\"683\" src=\"https:\/\/www.humanium.org\/fr\/wp-content\/uploads\/2025\/01\/shutterstock_2434644861-1024x683.jpg\" alt=\"\" class=\"wp-image-58016\" srcset=\"https:\/\/www.humanium.org\/fr\/wp-content\/uploads\/2025\/01\/shutterstock_2434644861-1024x683.jpg 1024w, https:\/\/www.humanium.org\/fr\/wp-content\/uploads\/2025\/01\/shutterstock_2434644861-300x200.jpg 300w, https:\/\/www.humanium.org\/fr\/wp-content\/uploads\/2025\/01\/shutterstock_2434644861-768x512.jpg 768w, https:\/\/www.humanium.org\/fr\/wp-content\/uploads\/2025\/01\/shutterstock_2434644861-1536x1024.jpg 1536w, https:\/\/www.humanium.org\/fr\/wp-content\/uploads\/2025\/01\/shutterstock_2434644861-2048x1365.jpg 2048w, https:\/\/www.humanium.org\/fr\/wp-content\/uploads\/2025\/01\/shutterstock_2434644861-830x553.jpg 830w, https:\/\/www.humanium.org\/fr\/wp-content\/uploads\/2025\/01\/shutterstock_2434644861-230x153.jpg 230w, https:\/\/www.humanium.org\/fr\/wp-content\/uploads\/2025\/01\/shutterstock_2434644861-350x233.jpg 350w, https:\/\/www.humanium.org\/fr\/wp-content\/uploads\/2025\/01\/shutterstock_2434644861-480x320.jpg 480w, https:\/\/www.humanium.org\/fr\/wp-content\/uploads\/2025\/01\/shutterstock_2434644861-272x182.jpg 272w\" sizes=\"auto, (max-width: 1024px) 100vw, 1024px\" \/><\/figure>\n\n\n\n<h2 class=\"wp-block-heading\"><strong>D\u00e9finition de la justice pour mineurs<\/strong><\/h2>\n\n\n\n<p class=\"wp-block-paragraph\">Les mineurs sont consid\u00e9r\u00e9s comme des personnes \u00ab qui n\u2019ont pas atteint leur pleine maturit\u00e9 ou leur d\u00e9veloppement \u00bb, une d\u00e9finition qui comprend au minimum les enfants jusqu\u2019\u00e0 l\u2019\u00e2ge de 18 ans, mais qui s\u2019\u00e9tend parfois jusqu\u2019\u00e0 l\u2019\u00e2ge de 21 ans (UNICEF, 2010). Ces enfants peuvent se voir expos\u00e9s \u00e0 la loi et au syst\u00e8me judiciaire soit en tant que victimes et t\u00e9moins, soit en tant qu\u2019enfants accus\u00e9s ou reconnus coupables de crimes (HCDH et enfants, 2019). <\/p>\n\n\n\n<p class=\"wp-block-paragraph\">\u00c0 ce titre, leurs dossiers sont trait\u00e9s par un syst\u00e8me de justice pour mineurs. Le processus de justice pour mineurs fonctionne selon le principe que \u00ab les jeunes sont fondamentalement diff\u00e9rents des adultes, tant en termes de niveau de responsabilit\u00e9 que de potentiel de r\u00e9habilitation \u00bb. (Youth Gov, s.d.).<\/p>\n\n\n\n<p class=\"wp-block-paragraph\">Par cons\u00e9quent, les proc\u00e9dures sp\u00e9cialis\u00e9es pour les mineurs vont des tribunaux sp\u00e9cialis\u00e9s, qui se concentrent sur les besoins et la r\u00e9int\u00e9gration sociale des jeunes d\u00e9linquants, aux proc\u00e9dures sp\u00e9cifiques \u00e0 l&rsquo;\u00e2ge, aux services sociaux visant \u00e0 soutenir et \u00e0 r\u00e9habiliter, aux travaux communautaires pour \u00e9viter une implication plus profonde dans le syst\u00e8me judiciaire et aux mesures visant \u00e0 maintenir la confidentialit\u00e9 des dossiers, afin de prot\u00e9ger l&rsquo;avenir des jeunes. Le syst\u00e8me de justice pour mineurs cherche \u00e0 \u00e9viter l&rsquo;incarc\u00e9ration des enfants autant que possible, et \u00e0 promouvoir leur r\u00e9insertion dans la soci\u00e9t\u00e9 en tant que membres constructifs (Youth Gov, s.d.).<\/p>\n\n\n\n<h2 class=\"wp-block-heading\"><strong>Principes de la justice pour mineurs<\/strong><\/h2>\n\n\n\n<p class=\"wp-block-paragraph\">Les enfants b\u00e9n\u00e9ficient d\u2019une \u00ab protection et de droits fondamentaux garantis par plusieurs instruments internationaux et r\u00e9gionaux relatifs \u00e0 la justice pour mineurs \u00bb (UNICEF, 2021). Les enfants peuvent \u00eatre confront\u00e9s \u00e0 la loi en tant que t\u00e9moins ou victimes ou en conflit avec la loi en tant qu\u2019accus\u00e9s ou reconnus coupables d\u2019une infraction p\u00e9nale. Les droits de ces enfants sont garantis, entre autres, par<a href=\"https:\/\/www.humanium.org\/fr\/les-principes-directeurs-de-la-convention-relative-aux-droits-de-lenfant\/\"> la Convention relative aux droits de l\u2019enfant.<\/a><\/p>\n\n\n\n<p class=\"wp-block-paragraph\">Les principes cl\u00e9s d\u00e9finis par le Comit\u00e9 des droits de l\u2019enfant pour diriger la justice pour mineurs comprennent :<\/p>\n\n\n\n<ul class=\"wp-block-list\">\n<li><strong>Non-discrimination<\/strong> : les \u00c9tats parties doivent prendre toutes les mesures n\u00e9cessaires pour garantir le traitement \u00e9gal de tout enfant en conflit avec la loi<\/li>\n\n\n\n<li><strong>Int\u00e9r\u00eat sup\u00e9rieur de l\u2019enfant :<\/strong> lors de la prise de chaque d\u00e9cision dans le cadre de l\u2019administration de la justice pour mineurs, l\u2019int\u00e9r\u00eat sup\u00e9rieur de l\u2019enfant doit \u00eatre la consid\u00e9ration primordiale ;<\/li>\n\n\n\n<li><strong>Pr\u00e9vention de la d\u00e9linquance<\/strong> : les \u00c9tats parties doivent \u00e9laborer des politiques et des programmes nationaux efficaces pour la pr\u00e9vention de la d\u00e9linquance juv\u00e9nile ;<\/li>\n\n\n\n<li><strong>Droit d\u2019\u00eatre entendu<\/strong> : les enfants ont le droit d\u2019exprimer librement leur opinion sur toutes les questions les concernant, \u00e0 chaque \u00e9tape du processus de justice pour mineurs ;<\/li>\n\n\n\n<li><strong>Dignit\u00e9 et valeur<\/strong> : Les enfants ont un droit inh\u00e9rent \u00e0 la dignit\u00e9 et \u00e0 la valeur, qui doivent \u00eatre respect\u00e9s et prot\u00e9g\u00e9s tout au long du processus de prise en charge de l\u2019enfant (Comit\u00e9 des droits de l\u2019enfant des Nations Unies, 2007).<\/li>\n<\/ul>\n\n\n\n<p class=\"wp-block-paragraph\">&nbsp;En r\u00e8gle g\u00e9n\u00e9rale, une politique doit aborder les \u00e9l\u00e9ments suivants : \u00ab la pr\u00e9vention de la d\u00e9linquance juv\u00e9nile ; les interventions sans recours \u00e0 des proc\u00e9dures judiciaires ; l\u2019\u00e2ge minimum de la responsabilit\u00e9 p\u00e9nale et les limites sup\u00e9rieures d\u2019\u00e2ge impos\u00e9es sur la justice pour mineurs ; les garanties d\u2019un proc\u00e8s \u00e9quitable \u00bb (Comit\u00e9 des droits de l\u2019enfant des Nations Unies, 2007).<\/p>\n\n\n\n<h2 class=\"wp-block-heading\"><strong>Proc\u00e9dures de justice pour mineurs<\/strong><\/h2>\n\n\n\n<p class=\"wp-block-paragraph\">Les proc\u00e9dures de traitement des affaires de justice pour mineurs sont con\u00e7ues pour respecter les droits et les besoins sp\u00e9cifiques des jeunes et, \u00e0 ce titre, les proc\u00e9dures suivantes sont mises en place :<\/p>\n\n\n\n<p class=\"wp-block-paragraph\"><strong>\u2022 Vie priv\u00e9e :<\/strong> le droit de l\u2019enfant \u00e0 la vie priv\u00e9e doit \u00eatre respect\u00e9 \u00e0 toutes les \u00e9tapes du processus judiciaire.<\/p>\n\n\n\n<p class=\"wp-block-paragraph\"><strong>\u2022 Notification <\/strong>: lorsqu\u2019un enfant est appr\u00e9hend\u00e9, ses parents ou tuteurs doivent \u00eatre imm\u00e9diatement inform\u00e9s.<\/p>\n\n\n\n<p class=\"wp-block-paragraph\"><strong>\u2022 \u00c9viter les proc\u00e8s officiels : <\/strong>le cas \u00e9ch\u00e9ant, les autorit\u00e9s doivent traiter les affaires sans recourir \u00e0 des proc\u00e9dures judiciaires officielles.<\/p>\n\n\n\n<p class=\"wp-block-paragraph\"><strong>\u2022 Formation sp\u00e9cialis\u00e9e : <\/strong>les forces de l\u2019ordre et les autres personnes charg\u00e9es des affaires de mineurs doivent recevoir une formation appropri\u00e9e pour traiter les jeunes d\u00e9linquants de mani\u00e8re appropri\u00e9e.<\/p>\n\n\n\n<p class=\"wp-block-paragraph\"><strong>\u2022 D\u00e9tention en dernier recours :<\/strong> la d\u00e9tention provisoire ne doit \u00eatre utilis\u00e9e qu&rsquo;en dernier recours.<\/p>\n\n\n\n<p class=\"wp-block-paragraph\"><strong>\u2022 Mesures alternatives :<\/strong> une s\u00e9rie de mesures doit \u00eatre envisag\u00e9e pour minimiser le recours au placement en institution.<\/p>\n\n\n\n<p class=\"wp-block-paragraph\"><strong>\u2022 Soins en institution :<\/strong> si le placement en institution est n\u00e9cessaire, les mineurs doivent recevoir des soins comprenant une \u00e9ducation et une formation professionnelle pour les aider \u00e0 mener une vie constructive et productive apr\u00e8s la d\u00e9tention (Assembl\u00e9e g\u00e9n\u00e9rale des Nations Unies, R\u00e8gles de Beijing, 1985).<\/p>\n\n\n\n<p class=\"wp-block-paragraph\">Au <a href=\"https:\/\/www.humanium.org\/fr\/canada\/\">Canada,<\/a> par exemple, les mesures alternatives pour les mineurs peuvent \u00eatre : la pr\u00e9sentation d\u2019excuses par \u00e9crit ou en personne avec la victime&nbsp;; des travaux communautaires pour un organisme \u00e0 but non lucratif&nbsp;; ou une participation \u00e0 des programmes \u00e9ducatifs en lien avec le pr\u00e9judice commis (Juristat, 1999).<\/p>\n\n\n\n<h2 class=\"wp-block-heading\"><strong>D\u00e9faillances du syst\u00e8me de justice pour mineurs et donn\u00e9es insuffisantes<\/strong><\/h2>\n\n\n<div class=\"wp-block-image\">\n<figure class=\"alignleft size-large is-resized\"><img loading=\"lazy\" decoding=\"async\" width=\"1024\" height=\"719\" src=\"https:\/\/www.humanium.org\/fr\/wp-content\/uploads\/2025\/01\/shutterstock_496216513-1024x719.jpg\" alt=\"\" class=\"wp-image-58015\" style=\"width:356px;height:auto\" srcset=\"https:\/\/www.humanium.org\/fr\/wp-content\/uploads\/2025\/01\/shutterstock_496216513-1024x719.jpg 1024w, https:\/\/www.humanium.org\/fr\/wp-content\/uploads\/2025\/01\/shutterstock_496216513-300x211.jpg 300w, https:\/\/www.humanium.org\/fr\/wp-content\/uploads\/2025\/01\/shutterstock_496216513-768x540.jpg 768w, https:\/\/www.humanium.org\/fr\/wp-content\/uploads\/2025\/01\/shutterstock_496216513-1536x1079.jpg 1536w, https:\/\/www.humanium.org\/fr\/wp-content\/uploads\/2025\/01\/shutterstock_496216513-2048x1439.jpg 2048w, https:\/\/www.humanium.org\/fr\/wp-content\/uploads\/2025\/01\/shutterstock_496216513-830x583.jpg 830w, https:\/\/www.humanium.org\/fr\/wp-content\/uploads\/2025\/01\/shutterstock_496216513-230x162.jpg 230w, https:\/\/www.humanium.org\/fr\/wp-content\/uploads\/2025\/01\/shutterstock_496216513-350x246.jpg 350w, https:\/\/www.humanium.org\/fr\/wp-content\/uploads\/2025\/01\/shutterstock_496216513-480x337.jpg 480w\" sizes=\"auto, (max-width: 1024px) 100vw, 1024px\" \/><\/figure>\n<\/div>\n\n\n<p class=\"wp-block-paragraph\">Malgr\u00e9 les directives internationales et les politiques nationales en mati\u00e8re de justice pour mineurs, de nombreuses d\u00e9faillances dans les droits des enfants restent perceptibles, et doivent \u00eatre soulign\u00e9es dans cette section. Tout d\u2019abord, la d\u00e9faillance la plus inqui\u00e9tante est le fait que les enfants en contact ou en conflit avec la loi ne soient souvent pas conscients de leurs droits et\/ou ne soient pas en mesure de les revendiquer (HCDH et enfants, 2019).&nbsp;De plus, la<a href=\"https:\/\/www.humanium.org\/fr\/violences\/\"> violence <\/a>inflig\u00e9e aux enfants reste r\u00e9pandue \u00e0 toutes les \u00e9tapes de la privation de libert\u00e9 dans le syst\u00e8me judiciaire. <\/p>\n\n\n\n<p class=\"wp-block-paragraph\">Il en va de m\u00eame pour les <a href=\"https:\/\/www.humanium.org\/fr\/enfants-deplaces\/\">enfants migrants<\/a>, dont environ 330 000 sont d\u00e9tenus chaque ann\u00e9e pour des raisons li\u00e9es \u00e0 la migration. Les enfants d\u00e9tenus \u00e0 la suite d\u2019un <a href=\"https:\/\/www.humanium.org\/fr\/enfants-dans-la-guerre\/\">conflit arm\u00e9 <\/a>demeurent \u00e9galement dans un cycle perp\u00e9tuel de violence (Assembl\u00e9e g\u00e9n\u00e9rale des Nations Unies, 2019).<\/p>\n\n\n\n<p class=\"wp-block-paragraph\">Une autre pr\u00e9occupation est que les enfants d\u00e9tenus sont plac\u00e9s dans des centres de d\u00e9tention caract\u00e9ris\u00e9s par une surpopulation et des niveaux importants de maltraitance, de n\u00e9gligence et de violence, ainsi qu\u2019un manque de normes d\u2019hygi\u00e8ne, d\u2019air, de lumi\u00e8re naturelle, d\u2019intimit\u00e9, de soins de<a href=\"https:\/\/www.humanium.org\/fr\/comprendre-droits-enfant\/droit-a-la-sante\/\"> sant\u00e9 ad\u00e9quats<\/a>, d\u2019opportunit\u00e9s r\u00e9cr\u00e9atives et \u00e9ducatives, et d\u2019installations sensibles au genre (Assembl\u00e9e g\u00e9n\u00e9rale des Nations Unies, 2019). De nombreux enfants sont victimes de chantage, de harc\u00e8lement, de violence sexuelle et de viol pendant leur d\u00e9tention, comme ce fut le cas pour de nombreuses jeunes filles d\u00e9tenues dans les prisons pour mineurs de Los Angeles (The Guardian, 2023).<\/p>\n\n\n\n<p class=\"wp-block-paragraph\">La collecte de donn\u00e9es factuelles permettrait d\u2019assurer le suivi, d\u2019identifier les enfants d\u2019un pays donn\u00e9 qui seraient touch\u00e9s, et de demander des comptes au pouvoir judiciaire et \u00e0 l\u2019\u00c9tat pour les dommages caus\u00e9s et leur impact sur le bien-\u00eatre des enfants. Malheureusement, l\u2019impact d\u00e9vastateur de la d\u00e9tention et de l\u2019incarc\u00e9ration sur le d\u00e9veloppement physique, \u00e9motionnel et mental des enfants, ainsi que le nombre r\u00e9el d\u2019enfants en contact ou en conflit avec la loi, restent inconnus ou incomplets dans les syst\u00e8mes administratifs de donn\u00e9es.<\/p>\n\n\n\n<p class=\"wp-block-paragraph\">En l\u2019absence de telles donn\u00e9es, il est impossible de comprendre dans quelle mesure les enfants sont expos\u00e9s \u00e0 diff\u00e9rents r\u00e9gimes de d\u00e9tention, ni de surveiller et d\u2019\u00e9valuer efficacement l\u2019impact des politiques et programmes correspondants sur le bien-\u00eatre des enfants (UNICEF, 2021).<\/p>\n\n\n\n<h2 class=\"wp-block-heading\"><strong>Une \u00e9volution n\u00e9cessaire vers la justice r\u00e9paratrice&nbsp;<\/strong><\/h2>\n\n\n\n<p class=\"wp-block-paragraph\">Une approche r\u00e9paratrice est particuli\u00e8rement adapt\u00e9e aux enfants en contact ou en conflit avec la loi. Ce terme d\u00e9signe une approche \u00ab visant \u00e0 rem\u00e9dier au pr\u00e9judice ou au risque de pr\u00e9judice en associant toutes les personnes concern\u00e9es \u00e0 une compr\u00e9hension commune et \u00e0 un accord sur la mani\u00e8re dont le pr\u00e9judice ou l\u2019acte r\u00e9pr\u00e9hensible peut \u00eatre r\u00e9par\u00e9 et la justice rendue \u00bb (European Forum For Restorative Justice, 2024).&nbsp;<\/p>\n\n\n\n<p class=\"wp-block-paragraph\">Les enfants devraient tirer des enseignements de ce processus sans \u00eatre soumis \u00e0 la s\u00e9v\u00e9rit\u00e9 d\u2019une prison pour adultes, en modifiant leurs d\u00e9cisions et leur parcours de vie \u00e0 l\u2019avenir, et sans avoir \u00e0 faire face au syst\u00e8me de justice pour mineurs ou au syst\u00e8me de justice p\u00e9nale (Youth Gov, s.d. ; Terre des hommes, 2020).&nbsp;<\/p>\n\n\n\n<p class=\"wp-block-paragraph\">Chaque ann\u00e9e, au moins 410 000 enfants sont d\u00e9tenus dans des centres de d\u00e9tention provisoire et des prisons. Cela indique que la d\u00e9tention dans le cadre de l\u2019administration de la justice est largement surutilis\u00e9e (Assembl\u00e9e g\u00e9n\u00e9rale des Nations Unies, 2019). En outre, il existe des preuves accablantes qui d\u00e9montrent que l\u2019incarc\u00e9ration est une strat\u00e9gie inefficace pour d\u00e9tourner les mineurs de la d\u00e9linquance et que les taux \u00e9lev\u00e9s d\u2019incarc\u00e9ration des mineurs n\u2019am\u00e9liorent pas la s\u00e9curit\u00e9 publique (The Sentencing Project, 2023).&nbsp;<\/p>\n\n\n\n<p class=\"wp-block-paragraph\">En effet, la justice r\u00e9paratrice peut emp\u00eacher les mineurs de commettre d\u2019autres. \u00c0 titre d\u2019exemple, sur 600 m\u00e9diations organis\u00e9es au niveau municipal o\u00f9 des mineurs ont particip\u00e9, seulement 20 ont eu des cas de r\u00e9cidive (SAGE Journals, 2019).<\/p>\n\n\n\n<h2 class=\"wp-block-heading\"><strong>Un long chemin vers la gu\u00e9rison pour les enfants<\/strong><\/h2>\n\n\n\n<p class=\"wp-block-paragraph\">La protection des int\u00e9r\u00eats sup\u00e9rieurs de l\u2019enfant sugg\u00e8re que les objectifs traditionnels de la justice p\u00e9nale, tels que la r\u00e9pression et la r\u00e9tribution, doivent c\u00e9der la place aux objectifs de r\u00e9adaptation et de justice r\u00e9paratrice dans le traitement des enfants en contact ou en conflit avec la loi (UNICEF, 2021). Un syst\u00e8me int\u00e9gr\u00e9 de soins est n\u00e9cessaire pour r\u00e9pondre aux besoins de <a href=\"https:\/\/www.humanium.org\/fr\/comprendre-droits-enfant\/droit-a-la-sante\/\">sant\u00e9 mentale<\/a> et connexes des mineurs en contact ou en conflit avec la loi, par le biais de services et de soutien communautaires complets (Resource Center Partnership, 2013).<\/p>\n\n\n\n<p class=\"wp-block-paragraph\">Les avocats de la d\u00e9fense des mineurs et les organisations internationales de d\u00e9fense des droits de l\u2019enfant constituent un bouclier essentiel contre l\u2019injustice, et agissent comme un contrepoids crucial dans un syst\u00e8me qui peut conduire \u00e0 des r\u00e9sultats n\u00e9fastes pour les enfants. <\/p>\n\n\n\n<p class=\"wp-block-paragraph\">Il devrait don prendre un r\u00f4le plus important, afin que les enfants dans le syst\u00e8me de justice pour mineurs re\u00e7oivent le soutien et la supervision n\u00e9cessaires (Resource Center Partnership, 2013). \u00c0 titre d\u2019exemple, le syst\u00e8me de justice pour mineurs de la<a href=\"https:\/\/www.humanium.org\/fr\/belgique\/\"> Belgique <\/a>a \u00e9t\u00e9 reconnu comme l\u2019un des meilleurs au monde et se distingue par la mise \u00e0 disposition d\u2019avocats pour mineurs gratuits (The Bulletin, 2016).<\/p>\n\n\n\n<figure class=\"wp-block-image size-large\"><img loading=\"lazy\" decoding=\"async\" width=\"1024\" height=\"683\" src=\"https:\/\/www.humanium.org\/fr\/wp-content\/uploads\/2025\/01\/shutterstock_502687819-1024x683.jpg\" alt=\"\" class=\"wp-image-58013\" srcset=\"https:\/\/www.humanium.org\/fr\/wp-content\/uploads\/2025\/01\/shutterstock_502687819-1024x683.jpg 1024w, https:\/\/www.humanium.org\/fr\/wp-content\/uploads\/2025\/01\/shutterstock_502687819-300x200.jpg 300w, https:\/\/www.humanium.org\/fr\/wp-content\/uploads\/2025\/01\/shutterstock_502687819-768x513.jpg 768w, https:\/\/www.humanium.org\/fr\/wp-content\/uploads\/2025\/01\/shutterstock_502687819-1536x1025.jpg 1536w, https:\/\/www.humanium.org\/fr\/wp-content\/uploads\/2025\/01\/shutterstock_502687819-2048x1367.jpg 2048w, https:\/\/www.humanium.org\/fr\/wp-content\/uploads\/2025\/01\/shutterstock_502687819-830x554.jpg 830w, https:\/\/www.humanium.org\/fr\/wp-content\/uploads\/2025\/01\/shutterstock_502687819-230x154.jpg 230w, https:\/\/www.humanium.org\/fr\/wp-content\/uploads\/2025\/01\/shutterstock_502687819-350x234.jpg 350w, https:\/\/www.humanium.org\/fr\/wp-content\/uploads\/2025\/01\/shutterstock_502687819-480x320.jpg 480w, https:\/\/www.humanium.org\/fr\/wp-content\/uploads\/2025\/01\/shutterstock_502687819-272x182.jpg 272w\" sizes=\"auto, (max-width: 1024px) 100vw, 1024px\" \/><\/figure>\n\n\n\n<p class=\"wp-block-paragraph\">En effet, les \u00c9tats parties devraient promouvoir et impliquer pleinement les enfants et les parents, les dirigeants communautaires et d\u2019autres acteurs cl\u00e9s tels que les ONG, les services de probation et les travailleurs sociaux dans l\u2019\u00e9laboration et la mise en \u0153uvre de programmes de pr\u00e9vention (Comit\u00e9 des droits de l\u2019enfant des Nations Unies, 2007).<\/p>\n\n\n\n<p class=\"wp-block-paragraph\">\u00c0 cette fin, les \u00c9tats doivent avant tout identifier les causes profondes de la privation de libert\u00e9 des enfants et investir des ressources importantes pour lutter contre les in\u00e9galit\u00e9s et apporter un soutien aux familles, afin de leur donner les moyens de favoriser le d\u00e9veloppement physique, mental, moral et social de leurs enfants, y compris des <a href=\"https:\/\/www.humanium.org\/fr\/enfants-handicapes\/\">enfants handicap\u00e9s<\/a> (Assembl\u00e9e g\u00e9n\u00e9rale des Nations Unies, 2019).<\/p>\n\n\n\n<p class=\"wp-block-paragraph\"><em><strong>R\u00e9dig\u00e9 par Mo\u00efra Phu\u00f6ng Van de Po\u00ebl<\/strong><\/em><\/p>\n\n\n\n<p class=\"wp-block-paragraph\"><em><strong>Relecture interne par Aditi Partha<\/strong><\/em><\/p>\n\n\n\n<p class=\"wp-block-paragraph\"><em><strong>Traduite par Vandana Koonjal<\/strong><\/em><\/p>\n\n\n\n<p class=\"wp-block-paragraph\"><em><strong>R\u00e9vis\u00e9 par Alex Macpherson<\/strong><\/em><\/p>\n\n\n\n<p class=\"wp-block-paragraph\"><em><strong>Derni\u00e8re mise \u00e0 jour le 13 mai 2024<\/strong><\/em><\/p>\n\n\n\n<h4 class=\"wp-block-heading\"><strong>Bibliographie:<\/strong><\/h4>\n\n\n\n<p class=\"has-small-font-size wp-block-paragraph\">Britannica (2024, March 6). Juvenile justice. Retrieved from Britannica at <a href=\"https:\/\/www.britannica.com\/topic\/juvenile-justice\" target=\"_blank\" rel=\"noreferrer noopener\">https:\/\/www.britannica.com\/topic\/juvenile-justice<\/a>, accessed in March 2024.<\/p>\n\n\n\n<p class=\"has-small-font-size wp-block-paragraph\">European Forum For Restorative Justice (2024). What is restorative justice?. Retrieved from European Forum For Restorative Justice at <a href=\"https:\/\/www.euforumrj.org\/en\/restorative-justice-and-child-justice#:~:text=Restorative%20justice%20is%20a%20communication,all%20matters%20that%20concern%20them\" target=\"_blank\" rel=\"noreferrer noopener\">https:\/\/www.euforumrj.org\/en\/restorative-justice-and-child-justice#:~:text=Restorative%20justice%20is%20a%20communication,all%20matters%20that%20concern%20them<\/a>, accessed in March 2024.<\/p>\n\n\n\n<p class=\"has-small-font-size wp-block-paragraph\">Juristat (1999, June). Alternative measures for Youth in Canada. Retrieved from Juristat at <a href=\"https:\/\/www150.statcan.gc.ca\/n1\/pub\/85-002-x\/85-002-x1999008-eng.pdf\" target=\"_blank\" rel=\"noreferrer noopener\">https:\/\/www150.statcan.gc.ca\/n1\/pub\/85-002-x\/85-002-x1999008-eng.pdf<\/a>, accessed in May 2024.<\/p>\n\n\n\n<p class=\"has-small-font-size wp-block-paragraph\">OHCHR and children (2019). Children and the justice system. Retrieved from OHCHR and children at <a href=\"https:\/\/www.ohchr.org\/en\/children\/children-and-justice-system#:~:text=Children%20can%20come%20into%20contact,position%20to%20claim%20their%20rights\">https:\/\/www.ohchr.<\/a><a href=\"https:\/\/www.ohchr.org\/en\/children\/children-and-justice-system#:~:text=Children%20can%20come%20into%20contact,position%20to%20claim%20their%20rights\" target=\"_blank\" rel=\"noreferrer noopener\">org<\/a><a href=\"https:\/\/www.ohchr.org\/en\/children\/children-and-justice-system#:~:text=Children%20can%20come%20into%20contact,position%20to%20claim%20their%20rights\">\/en\/children\/children-and-justice-system#:~:text=Children%20can%20come%20into%20contact,position%20to%20claim%20their%20rights<\/a>, accessed in March 2024.<\/p>\n\n\n\n<p class=\"has-small-font-size wp-block-paragraph\">Resource Center Partnership (2013). Problems and Solutions in Juvenile Justice<em>.<\/em> Retrieved from Resource Center Partnership at https:\/\/www.juvjustice.org\/sites\/default\/files\/resource-files\/FINAL%20RCP%20Problems%20%20Solutions_08%2013%2013.pdf, accessed in March 2024.<\/p>\n\n\n\n<p class=\"has-small-font-size wp-block-paragraph\">SAGE Journals (2019, January). A path to peace: A comparative study of practitioners\u2019 views of juvenile restorative justice in Chile, England, Italy, and Sweden. Retrieved at SAGE Journals at <a href=\"https:\/\/journals.sagepub.com\/doi\/epub\/10.1177\/0020872817725136\">https:\/\/journals.sagepub.<\/a><a href=\"https:\/\/journals.sagepub.com\/doi\/epub\/10.1177\/0020872817725136\" target=\"_blank\" rel=\"noreferrer noopener\">com<\/a><a href=\"https:\/\/journals.sagepub.com\/doi\/epub\/10.1177\/0020872817725136\">\/doi\/epub\/10.1177\/0020872817725136<\/a>, accessed in May 2024.<\/p>\n\n\n\n<p class=\"has-small-font-size wp-block-paragraph\">Terre des Hommes (2020, December 10). European Research report on the application of restorative justice in cases involving child victims<em>.<\/em> Retrieved from Terre des Hommes at <a href=\"https:\/\/tdh-europe.org\/en\/i-restore-european-research-report-application-restorative-justice-cases-involving-child-victims\" target=\"_blank\" rel=\"noreferrer noopener\">https:\/\/tdh-europe.org\/en\/i-restore-european-research-report-application-restorative-justice-cases-involving-child-victims<\/a>, accessed in March 2024.<\/p>\n\n\n\n<p class=\"has-small-font-size wp-block-paragraph\">The Bulletin (2016, February 16). Belgium tops list of world&rsquo;s best juvenile justice systems. Retrieved from The Bulletin at <a href=\"https:\/\/www.thebulletin.be\/belgium-tops-list-worlds-best-juvenile-justice-systems\" target=\"_blank\" rel=\"noreferrer noopener\">https:\/\/www.thebulletin.be\/belgium-tops-list-worlds-best-juvenile-justice-systems<\/a>, accessed in May 2024.<\/p>\n\n\n\n<p class=\"has-small-font-size wp-block-paragraph\">The Guardian (2023, January 23). Survivors recount rampant abuse at Los Angeles\u2019 juvenile jails: \u2018Helpless, hopeless, lost and lonely\u2019. Retrieved from The Guardian at <a href=\"https:\/\/www.theguardian.com\/us-news\/2023\/jan\/23\/california-los-angeles-juvenile-center-abuse-survivors\" target=\"_blank\" rel=\"noreferrer noopener\">https:\/\/www.theguardian.com\/us-news\/2023\/jan\/23\/california-los-angeles-juvenile-center-abuse-survivors<\/a>, accessed in May 2024.<\/p>\n\n\n\n<p class=\"has-small-font-size wp-block-paragraph\">The Sentencing Project (2023, March 1). Why Youth Incarceration Fails: An Updated Review of the Evidence. Retrieved from The Sentencing Project at&nbsp; <a href=\"https:\/\/www.sentencingproject.org\/reports\/why-youth-incarceration-fails-an-updated-review-of-the-evidence\/\" target=\"_blank\" rel=\"noreferrer noopener\">https:\/\/www.sentencingproject.org\/reports\/why-youth-incarceration-fails-an-updated-review-of-the-evidence\/<\/a>, accessed in March 2024.<\/p>\n\n\n\n<p class=\"has-small-font-size wp-block-paragraph\">UN Committee on the Rights of the Child (2007, April 25). Genegal Comment No. 10 &#8211; Children\u2019s rights in juvenile justice<em>.<\/em> Retrieved from UN Committee on the Rights of the Child at https:\/\/docstore.ohchr.org\/SelfServices\/FilesHandler.ashx?enc=6QkG1d%2FPPRiCAqhKb7yhsqIkirKQZLK2M58RF%2F5F0vEZN%2Bo3pfhJYL%2B%2Fo2i7llJgP6EjqSGKnB2CPSr6g7ed2E3KHJE5N00u2eV6314J5DpG8DXl6G%2FXWR2nJhyAX63P, accessed in March 2024.<\/p>\n\n\n\n<p class=\"has-small-font-size wp-block-paragraph\">UN General Assembly (1985, November 29). Standard Minimum Rules for the Administration of Juvenile Justice (The Beijing Rules). Retrieved from UN General Assembly at <a href=\"https:\/\/www.ohchr.org\/en\/instruments-mechanisms\/instruments\/united-nations-standard-minimum-rules-administration-juvenile\" target=\"_blank\" rel=\"noreferrer noopener\">https:\/\/www.ohchr.org\/en\/instruments-mechanisms\/instruments\/united-nations-standard-minimum-rules-administration-juvenile<\/a>, accessed in May 2024.<\/p>\n\n\n\n<p class=\"has-small-font-size wp-block-paragraph\">UN General Assembly (2019, July 11). Global study on children deprived of liberty<em>.<\/em> Retrieved&nbsp; from UN General Assembly at <a href=\"https:\/\/www.ohchr.org\/en\/treaty-bodies\/crc\/united-nations-global-study-children-deprived-liberty\" target=\"_blank\" rel=\"noreferrer noopener\">https:\/\/www.ohchr.org\/en\/treaty-bodies\/crc\/united-nations-global-study-children-deprived-liberty<\/a>, accessed in March 2024.<\/p>\n\n\n\n<p class=\"has-small-font-size wp-block-paragraph\">UNICEF (2010). Justice for children manual. Retrieved from UNICEF at <a href=\"https:\/\/www.unicef.org\/northmacedonia\/media\/2881\/file\/MK_JusticeChildrenManual_2010_EN.pdf\" target=\"_blank\" rel=\"noreferrer noopener\">https:\/\/www.unicef.org\/northmacedonia\/media\/2881\/file\/MK_JusticeChildrenManual_2010_EN.pdf<\/a>, accessed in May 2024.&nbsp;<\/p>\n\n\n\n<p class=\"has-small-font-size wp-block-paragraph\">UNICEF (2021, March 22). Achieving justice for children<em>.<\/em> Retrieved from UNICEF at <a href=\"https:\/\/data.unicef.org\/resources\/achieving-justice-for-children\/\">https:\/\/data.unicef.org\/<\/a><a href=\"https:\/\/data.unicef.org\/resources\/achieving-justice-for-children\/\" target=\"_blank\" rel=\"noreferrer noopener\">resources<\/a><a href=\"https:\/\/data.unicef.org\/resources\/achieving-justice-for-children\/\">\/achieving-justice-for-children\/<\/a>, accessed in March 2024.<\/p>\n\n\n\n<p class=\"has-small-font-size wp-block-paragraph\">UNICEF (2021, November 14). Estimating the number of children deprived of liberty in the administration of justice. Retrieved from UNICEF at <a href=\"https:\/\/data.unicef.org\/resources\/children-in-detention-report\/\" target=\"_blank\" rel=\"noreferrer noopener\">https:\/\/data.unicef.org\/resources\/children-in-detention-report\/<\/a>, accessed in March 2024.<\/p>\n\n\n\n<p class=\"has-small-font-size wp-block-paragraph\">UNICEF (2023, June). Justice for children. Retrieved from UNICEF at <a href=\"https:\/\/data.unicef.org\/topic\/child-protection\/justice-for-children\/\" target=\"_blank\" rel=\"noreferrer noopener\">https:\/\/data.unicef.org\/topic\/child-protection\/justice-for-children\/<\/a>, accessed in March 2024.<\/p>\n\n\n\n<p class=\"has-small-font-size wp-block-paragraph\">Youth Gov (n.d.). Juvenile Justice. Retrieved from Youth Gov at <a href=\"https:\/\/youth.gov\/youth-topics\/juvenile-justice\" target=\"_blank\" rel=\"noreferrer noopener\">https:\/\/youth.gov\/youth-topics\/juvenile-justice<\/a>, accessed in March 2024.<\/p>\n","protected":false},"excerpt":{"rendered":"<p>Avec entre 1,3 et 1,5 million d\u2019enfants d\u00e9tenus chaque ann\u00e9e, les \u00e9checs des syst\u00e8mes de justice pour mineurs sont malheureusement \u00e9vidents. Les \u00c9tats doivent appliquer rigoureusement les principes de la justice pour mineurs afin de prot\u00e9ger les enfants des conditions de d\u00e9tention violentes et n\u00e9fastes qui affectent leur bien-\u00eatre physique et mental. Donner la priorit\u00e9 [&hellip;]<\/p>\n","protected":false},"author":65,"featured_media":58016,"parent":0,"menu_order":4,"comment_status":"closed","ping_status":"closed","template":"","meta":{"footnotes":""},"class_list":["post-18785","page","type-page","status-publish","has-post-thumbnail","hentry"],"yoast_head":"<!-- This site is optimized with the Yoast SEO plugin v28.3 - https:\/\/yoast.com\/product\/yoast-seo-wordpress\/ -->\n<title>Justice pour mineurs - Humanium<\/title>\n<meta name=\"description\" content=\"Les \u00e9checs des syst\u00e8mes de justice pour mineurs sont malheureusement \u00e9vidents, avec entre 1,3 et 1,5 million d\u2019enfants d\u00e9tenus chaque ann\u00e9e.\" \/>\n<meta name=\"robots\" content=\"index, follow, max-snippet:-1, max-image-preview:large, max-video-preview:-1\" \/>\n<link rel=\"canonical\" href=\"https:\/\/www.humanium.org\/fr\/justice-juvenile\/\" \/>\n<meta property=\"og:locale\" content=\"fr_FR\" \/>\n<meta property=\"og:type\" content=\"article\" \/>\n<meta property=\"og:title\" content=\"Justice pour mineurs - Humanium\" \/>\n<meta property=\"og:description\" content=\"Les \u00e9checs des syst\u00e8mes de justice pour mineurs sont malheureusement \u00e9vidents, avec entre 1,3 et 1,5 million d\u2019enfants d\u00e9tenus chaque ann\u00e9e.\" \/>\n<meta property=\"og:url\" content=\"https:\/\/www.humanium.org\/fr\/justice-juvenile\/\" \/>\n<meta property=\"og:site_name\" content=\"Humanium\" \/>\n<meta property=\"article:modified_time\" content=\"2025-12-05T15:05:46+00:00\" \/>\n<meta property=\"og:image\" content=\"https:\/\/www.humanium.org\/fr\/wp-content\/uploads\/2025\/01\/shutterstock_2434644861-scaled.jpg\" \/>\n\t<meta property=\"og:image:width\" content=\"2560\" \/>\n\t<meta property=\"og:image:height\" content=\"1707\" \/>\n\t<meta property=\"og:image:type\" content=\"image\/jpeg\" \/>\n<meta name=\"twitter:card\" content=\"summary_large_image\" \/>\n<meta name=\"twitter:label1\" content=\"Dur\u00e9e de lecture estim\u00e9e\" \/>\n\t<meta name=\"twitter:data1\" content=\"1 minute\" \/>\n<script type=\"application\/ld+json\" class=\"yoast-schema-graph\">{\"@context\":\"https:\\\/\\\/schema.org\",\"@graph\":[{\"@type\":\"WebPage\",\"@id\":\"https:\\\/\\\/www.humanium.org\\\/fr\\\/justice-juvenile\\\/\",\"url\":\"https:\\\/\\\/www.humanium.org\\\/fr\\\/justice-juvenile\\\/\",\"name\":\"Justice pour mineurs - Humanium\",\"isPartOf\":{\"@id\":\"https:\\\/\\\/www.humanium.org\\\/fr\\\/#website\"},\"primaryImageOfPage\":{\"@id\":\"https:\\\/\\\/www.humanium.org\\\/fr\\\/justice-juvenile\\\/#primaryimage\"},\"image\":{\"@id\":\"https:\\\/\\\/www.humanium.org\\\/fr\\\/justice-juvenile\\\/#primaryimage\"},\"thumbnailUrl\":\"https:\\\/\\\/www.humanium.org\\\/fr\\\/wp-content\\\/uploads\\\/2025\\\/01\\\/shutterstock_2434644861-scaled.jpg\",\"datePublished\":\"2012-05-22T13:18:27+00:00\",\"dateModified\":\"2025-12-05T15:05:46+00:00\",\"description\":\"Les \u00e9checs des syst\u00e8mes de justice pour mineurs sont malheureusement \u00e9vidents, avec entre 1,3 et 1,5 million d\u2019enfants d\u00e9tenus chaque ann\u00e9e.\",\"breadcrumb\":{\"@id\":\"https:\\\/\\\/www.humanium.org\\\/fr\\\/justice-juvenile\\\/#breadcrumb\"},\"inLanguage\":\"fr-FR\",\"potentialAction\":[{\"@type\":\"ReadAction\",\"target\":[\"https:\\\/\\\/www.humanium.org\\\/fr\\\/justice-juvenile\\\/\"]}]},{\"@type\":\"ImageObject\",\"inLanguage\":\"fr-FR\",\"@id\":\"https:\\\/\\\/www.humanium.org\\\/fr\\\/justice-juvenile\\\/#primaryimage\",\"url\":\"https:\\\/\\\/www.humanium.org\\\/fr\\\/wp-content\\\/uploads\\\/2025\\\/01\\\/shutterstock_2434644861-scaled.jpg\",\"contentUrl\":\"https:\\\/\\\/www.humanium.org\\\/fr\\\/wp-content\\\/uploads\\\/2025\\\/01\\\/shutterstock_2434644861-scaled.jpg\",\"width\":2560,\"height\":1707},{\"@type\":\"BreadcrumbList\",\"@id\":\"https:\\\/\\\/www.humanium.org\\\/fr\\\/justice-juvenile\\\/#breadcrumb\",\"itemListElement\":[{\"@type\":\"ListItem\",\"position\":1,\"name\":\"Home\",\"item\":\"https:\\\/\\\/www.humanium.org\\\/fr\\\/\"},{\"@type\":\"ListItem\",\"position\":2,\"name\":\"Justice pour mineurs\"}]},{\"@type\":\"WebSite\",\"@id\":\"https:\\\/\\\/www.humanium.org\\\/fr\\\/#website\",\"url\":\"https:\\\/\\\/www.humanium.org\\\/fr\\\/\",\"name\":\"Humanium\",\"description\":\"Les enfants d\u2019abord !\",\"potentialAction\":[{\"@type\":\"SearchAction\",\"target\":{\"@type\":\"EntryPoint\",\"urlTemplate\":\"https:\\\/\\\/www.humanium.org\\\/fr\\\/?s={search_term_string}\"},\"query-input\":{\"@type\":\"PropertyValueSpecification\",\"valueRequired\":true,\"valueName\":\"search_term_string\"}}],\"inLanguage\":\"fr-FR\"}]}<\/script>\n<!-- \/ Yoast SEO plugin. -->","yoast_head_json":{"title":"Justice pour mineurs - Humanium","description":"Les \u00e9checs des syst\u00e8mes de justice pour mineurs sont malheureusement \u00e9vidents, avec entre 1,3 et 1,5 million d\u2019enfants d\u00e9tenus chaque ann\u00e9e.","robots":{"index":"index","follow":"follow","max-snippet":"max-snippet:-1","max-image-preview":"max-image-preview:large","max-video-preview":"max-video-preview:-1"},"canonical":"https:\/\/www.humanium.org\/fr\/justice-juvenile\/","og_locale":"fr_FR","og_type":"article","og_title":"Justice pour mineurs - Humanium","og_description":"Les \u00e9checs des syst\u00e8mes de justice pour mineurs sont malheureusement \u00e9vidents, avec entre 1,3 et 1,5 million d\u2019enfants d\u00e9tenus chaque ann\u00e9e.","og_url":"https:\/\/www.humanium.org\/fr\/justice-juvenile\/","og_site_name":"Humanium","article_modified_time":"2025-12-05T15:05:46+00:00","og_image":[{"width":2560,"height":1707,"url":"https:\/\/www.humanium.org\/fr\/wp-content\/uploads\/2025\/01\/shutterstock_2434644861-scaled.jpg","type":"image\/jpeg"}],"twitter_card":"summary_large_image","twitter_misc":{"Dur\u00e9e de lecture estim\u00e9e":"1 minute"},"schema":{"@context":"https:\/\/schema.org","@graph":[{"@type":"WebPage","@id":"https:\/\/www.humanium.org\/fr\/justice-juvenile\/","url":"https:\/\/www.humanium.org\/fr\/justice-juvenile\/","name":"Justice pour mineurs - Humanium","isPartOf":{"@id":"https:\/\/www.humanium.org\/fr\/#website"},"primaryImageOfPage":{"@id":"https:\/\/www.humanium.org\/fr\/justice-juvenile\/#primaryimage"},"image":{"@id":"https:\/\/www.humanium.org\/fr\/justice-juvenile\/#primaryimage"},"thumbnailUrl":"https:\/\/www.humanium.org\/fr\/wp-content\/uploads\/2025\/01\/shutterstock_2434644861-scaled.jpg","datePublished":"2012-05-22T13:18:27+00:00","dateModified":"2025-12-05T15:05:46+00:00","description":"Les \u00e9checs des syst\u00e8mes de justice pour mineurs sont malheureusement \u00e9vidents, avec entre 1,3 et 1,5 million d\u2019enfants d\u00e9tenus chaque ann\u00e9e.","breadcrumb":{"@id":"https:\/\/www.humanium.org\/fr\/justice-juvenile\/#breadcrumb"},"inLanguage":"fr-FR","potentialAction":[{"@type":"ReadAction","target":["https:\/\/www.humanium.org\/fr\/justice-juvenile\/"]}]},{"@type":"ImageObject","inLanguage":"fr-FR","@id":"https:\/\/www.humanium.org\/fr\/justice-juvenile\/#primaryimage","url":"https:\/\/www.humanium.org\/fr\/wp-content\/uploads\/2025\/01\/shutterstock_2434644861-scaled.jpg","contentUrl":"https:\/\/www.humanium.org\/fr\/wp-content\/uploads\/2025\/01\/shutterstock_2434644861-scaled.jpg","width":2560,"height":1707},{"@type":"BreadcrumbList","@id":"https:\/\/www.humanium.org\/fr\/justice-juvenile\/#breadcrumb","itemListElement":[{"@type":"ListItem","position":1,"name":"Home","item":"https:\/\/www.humanium.org\/fr\/"},{"@type":"ListItem","position":2,"name":"Justice pour mineurs"}]},{"@type":"WebSite","@id":"https:\/\/www.humanium.org\/fr\/#website","url":"https:\/\/www.humanium.org\/fr\/","name":"Humanium","description":"Les enfants d\u2019abord !","potentialAction":[{"@type":"SearchAction","target":{"@type":"EntryPoint","urlTemplate":"https:\/\/www.humanium.org\/fr\/?s={search_term_string}"},"query-input":{"@type":"PropertyValueSpecification","valueRequired":true,"valueName":"search_term_string"}}],"inLanguage":"fr-FR"}]}},"_links":{"self":[{"href":"https:\/\/www.humanium.org\/fr\/wp-json\/wp\/v2\/pages\/18785","targetHints":{"allow":["GET"]}}],"collection":[{"href":"https:\/\/www.humanium.org\/fr\/wp-json\/wp\/v2\/pages"}],"about":[{"href":"https:\/\/www.humanium.org\/fr\/wp-json\/wp\/v2\/types\/page"}],"author":[{"embeddable":true,"href":"https:\/\/www.humanium.org\/fr\/wp-json\/wp\/v2\/users\/65"}],"replies":[{"embeddable":true,"href":"https:\/\/www.humanium.org\/fr\/wp-json\/wp\/v2\/comments?post=18785"}],"version-history":[{"count":11,"href":"https:\/\/www.humanium.org\/fr\/wp-json\/wp\/v2\/pages\/18785\/revisions"}],"predecessor-version":[{"id":60165,"href":"https:\/\/www.humanium.org\/fr\/wp-json\/wp\/v2\/pages\/18785\/revisions\/60165"}],"wp:featuredmedia":[{"embeddable":true,"href":"https:\/\/www.humanium.org\/fr\/wp-json\/wp\/v2\/media\/58016"}],"wp:attachment":[{"href":"https:\/\/www.humanium.org\/fr\/wp-json\/wp\/v2\/media?parent=18785"}],"curies":[{"name":"wp","href":"https:\/\/api.w.org\/{rel}","templated":true}]}}