{"id":19123,"date":"2012-03-20T09:38:24","date_gmt":"2012-03-20T09:38:24","guid":{"rendered":"http:\/\/www.humanium.org\/fr\/?page_id=19123"},"modified":"2026-01-25T12:23:09","modified_gmt":"2026-01-25T12:23:09","slug":"finlande","status":"publish","type":"page","link":"https:\/\/www.humanium.org\/fr\/finlande\/","title":{"rendered":"Enfants de Finlande"},"content":{"rendered":"\n<h2 class=\"wp-block-heading\">La r\u00e9alisation des droits de l\u2019enfant en Finlande<\/h2>\n\n\n\n<div class=\"wp-block-columns is-layout-flex wp-container-core-columns-is-layout-8f761849 wp-block-columns-is-layout-flex\">\n<div class=\"wp-block-column is-layout-flow wp-block-column-is-layout-flow\"><div class=\"wp-block-image is-style-rounded\">\n<figure class=\"aligncenter size-full is-resized\"><img loading=\"lazy\" decoding=\"async\" width=\"334\" height=\"334\" src=\"https:\/\/www.humanium.org\/fr\/wp-content\/uploads\/2026\/01\/shutterstock_210167752_edited.jpeg\" alt=\"\" class=\"wp-image-61736\" style=\"object-fit:cover;width:200px;height:200px\" srcset=\"https:\/\/www.humanium.org\/fr\/wp-content\/uploads\/2026\/01\/shutterstock_210167752_edited.jpeg 334w, https:\/\/www.humanium.org\/fr\/wp-content\/uploads\/2026\/01\/shutterstock_210167752_edited-300x300.jpeg 300w, https:\/\/www.humanium.org\/fr\/wp-content\/uploads\/2026\/01\/shutterstock_210167752_edited-150x150.jpeg 150w, https:\/\/www.humanium.org\/fr\/wp-content\/uploads\/2026\/01\/shutterstock_210167752_edited-230x230.jpeg 230w\" sizes=\"auto, (max-width: 334px) 100vw, 334px\" \/><\/figure>\n<\/div><\/div>\n\n\n\n<div class=\"wp-block-column is-layout-flow wp-block-column-is-layout-flow\"><div class=\"wp-block-image is-style-rounded\">\n<figure class=\"aligncenter size-full is-resized\"><img loading=\"lazy\" decoding=\"async\" width=\"334\" height=\"334\" src=\"https:\/\/www.humanium.org\/fr\/wp-content\/uploads\/2026\/01\/shutterstock_1937742640_edited.jpeg\" alt=\"\" class=\"wp-image-61737\" style=\"object-fit:cover;width:200px;height:200px\" srcset=\"https:\/\/www.humanium.org\/fr\/wp-content\/uploads\/2026\/01\/shutterstock_1937742640_edited.jpeg 334w, https:\/\/www.humanium.org\/fr\/wp-content\/uploads\/2026\/01\/shutterstock_1937742640_edited-300x300.jpeg 300w, https:\/\/www.humanium.org\/fr\/wp-content\/uploads\/2026\/01\/shutterstock_1937742640_edited-150x150.jpeg 150w, https:\/\/www.humanium.org\/fr\/wp-content\/uploads\/2026\/01\/shutterstock_1937742640_edited-230x230.jpeg 230w\" sizes=\"auto, (max-width: 334px) 100vw, 334px\" \/><\/figure>\n<\/div><\/div>\n<\/div>\n\n\n\n<p class=\"wp-block-paragraph\"><strong>Bien que la Finlande soit reconnue sur le plan international pour son faible niveau d&rsquo;in\u00e9galit\u00e9s, son taux d&#8217;emploi \u00e9lev\u00e9, son syst\u00e8me \u00e9ducatif performant et son niveau de vie globalement \u00e9lev\u00e9, les enfants, en particulier ceux issus de minorit\u00e9s, continuent de se heurter \u00e0 d&rsquo;importants obstacles \u00e0 l&rsquo;exercice de leurs droits. Des probl\u00e8mes tels que la discrimination, la pauvret\u00e9, la maltraitance, et les troubles de sant\u00e9 mentale persistent et nuisent au bien-\u00eatre de nombreux enfants.<\/strong><\/p>\n\n\n\n<iframe src=\"https:\/\/www.google.com\/maps\/embed?pb=!1m18!1m12!1m3!1d7056373.785922406!2d15.381408399133091!3d64.41904528602964!2m3!1f0!2f0!3f0!3m2!1i1024!2i768!4f13.1!3m3!1m2!1s0x4681cadf4b32f6dd%3A0x146d63c75a810!2sFinland!5e0!3m2!1sen!2shr!4v1769336798657!5m2!1sen!2shr\" width=\"600\" height=\"450\" style=\"border:0;\" allowfullscreen=\"\" loading=\"lazy\" referrerpolicy=\"no-referrer-when-downgrade\"><\/iframe>\n\n\n\n<div class=\"wp-block-columns is-layout-flex wp-container-core-columns-is-layout-8f761849 wp-block-columns-is-layout-flex\">\n<div class=\"wp-block-column is-layout-flow wp-block-column-is-layout-flow\">\n<p class=\"wp-block-paragraph\"><strong>Population:<\/strong> 5,6 million<strong><br>Pop. ages 0-14:<\/strong> 16.6 %<\/p>\n<\/div>\n\n\n\n<div class=\"wp-block-column is-layout-flow wp-block-column-is-layout-flow\">\n<p class=\"wp-block-paragraph\"><strong>Life expectancy:<\/strong> 82,78<strong><br>Under-5 mortality rate:<\/strong>&nbsp;1.34 \u2030<\/p>\n<\/div>\n<\/div>\n\n\n\n<h2 class=\"wp-block-heading\"><strong>Aper\u00e7u de la Finlande<\/strong><strong><\/strong><\/h2>\n\n\n\n<p class=\"wp-block-paragraph\">La Finlande est un pays d&rsquo;Europe du Nord. Elle figure parmi les pays les plus septentrionaux du monde et compte parmi les pays les plus isol\u00e9s g\u00e9ographiquement.&nbsp; Elle constitue une fronti\u00e8re symbolique entre l&rsquo;Europe de l\u2019Ouest et l&rsquo;Europe de l\u2019Est. La Finlande a acc\u00e9d\u00e9 \u00e0 l&rsquo;ind\u00e9pendance le 6 d\u00e9cembre 1917 et est officiellement bilingue, le finnois et le su\u00e9dois \u00e9tant ses deux langues nationales. Pr\u00e8s de neuf dixi\u00e8mes de la population parlent finnois.<\/p>\n\n\n\n<p class=\"wp-block-paragraph\">La Finlande est bord\u00e9e au nord par la Norv\u00e8ge, \u00e0 l&rsquo;est&nbsp; par la Russie, au sud par le golfe de Finlande, au sud-ouest par le golfe de Botnie et au nord-ouest par la Su\u00e8de. Son territoire comprend \u00e9galement l&rsquo;archipel autonome des \u00eeles \u00c5land.<\/p>\n\n\n\n<p class=\"wp-block-paragraph\">Le nord du pays conna\u00eet un climat rigoureux, ce qui explique la forte concentration de la population dans le sud.&nbsp; Environ un cinqui\u00e8me des Finlandais vivent \u00e0 Helsinki et dans ses environs, la plus grande ville du pays (Britannica, 2025).<\/p>\n\n\n\n<h2 class=\"wp-block-heading\"><strong>Situation des droits de l\u2019enfant <\/strong><a id=\"_ftnref1\" href=\"#_ftn1\"><sup>[1]<\/sup><\/a><\/h2>\n\n\n<div class=\"wp-block-image\">\n<figure class=\"alignright size-large is-resized\"><img loading=\"lazy\" decoding=\"async\" width=\"1024\" height=\"683\" src=\"https:\/\/www.humanium.org\/fr\/wp-content\/uploads\/2026\/01\/shutterstock_2261403825-1-1024x683.jpg\" alt=\"\" class=\"wp-image-61724\" style=\"aspect-ratio:1.4993078479395165;width:330px;height:auto\" srcset=\"https:\/\/www.humanium.org\/fr\/wp-content\/uploads\/2026\/01\/shutterstock_2261403825-1-1024x683.jpg 1024w, https:\/\/www.humanium.org\/fr\/wp-content\/uploads\/2026\/01\/shutterstock_2261403825-1-300x200.jpg 300w, https:\/\/www.humanium.org\/fr\/wp-content\/uploads\/2026\/01\/shutterstock_2261403825-1-768x512.jpg 768w, https:\/\/www.humanium.org\/fr\/wp-content\/uploads\/2026\/01\/shutterstock_2261403825-1-1536x1024.jpg 1536w, https:\/\/www.humanium.org\/fr\/wp-content\/uploads\/2026\/01\/shutterstock_2261403825-1-2048x1365.jpg 2048w, https:\/\/www.humanium.org\/fr\/wp-content\/uploads\/2026\/01\/shutterstock_2261403825-1-830x553.jpg 830w, https:\/\/www.humanium.org\/fr\/wp-content\/uploads\/2026\/01\/shutterstock_2261403825-1-230x153.jpg 230w, https:\/\/www.humanium.org\/fr\/wp-content\/uploads\/2026\/01\/shutterstock_2261403825-1-350x233.jpg 350w, https:\/\/www.humanium.org\/fr\/wp-content\/uploads\/2026\/01\/shutterstock_2261403825-1-480x320.jpg 480w, https:\/\/www.humanium.org\/fr\/wp-content\/uploads\/2026\/01\/shutterstock_2261403825-1-272x182.jpg 272w\" sizes=\"auto, (max-width: 1024px) 100vw, 1024px\" \/><\/figure>\n<\/div>\n\n\n<p class=\"wp-block-paragraph\">Apr\u00e8s son ind\u00e9pendance, la Finlande a adh\u00e9r\u00e9 aux Nations Unies en 1955 (Britannica, 2025). Elle a par cons\u00e9quent ratifi\u00e9 la <a href=\"https:\/\/www.humanium.org\/fr\/convention\/\">Convention relative aux droits de l\u2019enfant<\/a> le 20 juin 1991, le <a href=\"https:\/\/www.humanium.org\/fr\/normes\/protocole-facultatif-cide-enfants-dans-conflits-armes\/\">Protocole facultatif \u00e0 la Convention relative aux droits de l\u2019enfant concernant l\u2019implication d\u2019enfants dans les conflits arm\u00e9s<\/a> le 10 avril 2002, et le Protocole facultatif \u00e0 la Convention relative aux droits de l&rsquo;enfant, concernant la vente d&rsquo;enfants, la prostitution des enfants et la pornographie mettant en sc\u00e8ne des enfants le 1er juin 2002 (Organes conventionnels des Nations Unies relatifs aux droits de l\u2019homme, s.d.).<\/p>\n\n\n\n<p class=\"wp-block-paragraph\">La Finlande a \u00e9galement ratifi\u00e9 d&rsquo;autres instruments internationaux relatifs aux droits de l&rsquo;homme, notamment &nbsp;le <a href=\"https:\/\/www.humanium.org\/en\/1966-international-covenant\/civil-political-rights\/\">Pacte international relatif aux droits civils et politiques<\/a> du 19 ao\u00fbt 1975, le <a href=\"https:\/\/www.humanium.org\/en\/international-covenant-on-economic-social-and-cultural-rights\/\">Pacte international relatif aux droits \u00e9conomiques, sociaux et culturels<\/a> du 14 juillet 1970 et la <a href=\"https:\/\/www.humanium.org\/en\/convention-on-the-elimination-of-all-forms-of-discrimination-against-women\/\">Convention sur l&rsquo;\u00e9limination de toutes les formes de discrimination \u00e0 l&rsquo;\u00e9gard des femmes<\/a> du 4 d\u00e9cembre 1975 (Organes conventionnels des Nations Unies relatifs aux droits de l&rsquo;homme, s.d.).<\/p>\n\n\n\n<p class=\"wp-block-paragraph\">La Finlande est devenue membre de l&rsquo;Union europ\u00e9enne (UE) le 1er janvier 1995. Depuis lors, elle s&rsquo;est engag\u00e9e \u00e0 respecter les droits de l&rsquo;enfant au sein de l&rsquo;UE, notamment la strat\u00e9gie de l&rsquo;UE relative aux droits de l&rsquo;enfant et les droits de l&rsquo;enfant consacr\u00e9s par le trait\u00e9 sur l&rsquo;Union europ\u00e9enne et par la Commission europ\u00e9enne.<\/p>\n\n\n\n<h2 class=\"wp-block-heading\"><strong>R\u00e9pondre aux besoins des enfants en Finlande<\/strong><\/h2>\n\n\n\n<h3 class=\"wp-block-heading\">Droit \u00e0 l&rsquo;\u00e9ducation<\/h3>\n\n\n\n<p class=\"wp-block-paragraph\">Le syst\u00e8me \u00e9ducatif finlandais est connu pour sa qualit\u00e9, son \u00e9quit\u00e9 et son caract\u00e8re <a href=\"https:\/\/www.humanium.org\/fr\/le-systeme-scolaire-finlandais-centre-sur-lenfant-une-reference-internationale-en-matiere-de-reussite-educative\/\">innovant<\/a>. L&rsquo;\u00e9ducation y est gratuite, de la petite enfance jusqu&rsquo;\u00e0 l&rsquo;enseignement sup\u00e9rieur. Avant l&rsquo;entr\u00e9e \u00e0 l&rsquo;\u00e9cole, les parents peuvent inscrire leurs enfants en cr\u00e8che ou en maternelle, o\u00f9 l&rsquo;accent est mis sur les loisirs et les activit\u00e9s sociales. L&rsquo;\u00e9ducation est obligatoire pour les enfants de 7 \u00e0 16 ans.&nbsp; La l\u00e9gislation garantit \u00e0 tous les enfants les m\u00eames chances d&rsquo;apprendre durant cette p\u00e9riode (Info Finland, 2024).<\/p>\n\n\n\n<p class=\"wp-block-paragraph\">\u00c0 l&rsquo;issue de leur scolarit\u00e9 primaire, les \u00e9l\u00e8ves ont le choix entre un enseignement g\u00e9n\u00e9ral (lukio) et un enseignement professionnel (ammattioppilaitos), chacun de ces deux cursus \u00e9tant d\u00e9fini pour une dur\u00e9e de trois ans. Cette \u00e9tape pr\u00e9pare les \u00e9l\u00e8ves \u00e0 l&rsquo;enseignement sup\u00e9rieur ou au march\u00e9 du travail, en leur fournissant les comp\u00e9tences et les connaissances dont ils ont besoin pour r\u00e9ussir dans leurs \u00e9tudes ou carri\u00e8res futures.<\/p>\n\n\n\n<p class=\"wp-block-paragraph\">La Finlande compte 17 universit\u00e9s et 27 hautes \u00e9coles sp\u00e9cialis\u00e9es proposant un large \u00e9ventail de programmes d&rsquo;enseignement sup\u00e9rieur. L&rsquo;acc\u00e8s \u00e0 l&rsquo;enseignement sup\u00e9rieur est largement facilit\u00e9 par sa gratuit\u00e9. Le syst\u00e8me \u00e9ducatif finlandais met l&rsquo;accent sur l&rsquo;\u00e9galit\u00e9 des chances pour tous les \u00e9l\u00e8ves, ind\u00e9pendamment de leur situation socio-\u00e9conomique. Il est con\u00e7u de cette mani\u00e8re pour offrir un environnement d&rsquo;apprentissage complet et inclusif \u00e0 tous les enfants. <\/p>\n\n\n\n<p class=\"wp-block-paragraph\">\u00c9tant donn\u00e9 que l&rsquo;\u00e9ducation est financ\u00e9e par les imp\u00f4ts, elle reste abordable pour les familles finlandaises. Les enseignants finlandais sont des professionnels hautement qualifi\u00e9s, souvent titulaires d&rsquo;un master, et le syst\u00e8me \u00e9ducatif finlandais est consid\u00e9r\u00e9 comme l&rsquo;un des meilleurs au monde. (OCHR, s.d.; Future Policy, 2021).<\/p>\n\n\n\n<p class=\"wp-block-paragraph\">Les enfants b\u00e9n\u00e9ficient des jeux et des activit\u00e9s en plein air, ce qui contribue \u00e0 leur bien-\u00eatre, une priorit\u00e9 du syst\u00e8me \u00e9ducatif finlandais. L&rsquo;am\u00e9lioration des r\u00e9sultats scolaires est consid\u00e9r\u00e9e comme le fruit de cette approche globale.<\/p>\n\n\n\n<p class=\"wp-block-paragraph\">Le syst\u00e8me \u00e9ducatif finlandais est reconnu pour son engagement \u00e0 fournir un enseignement de haute qualit\u00e9 et son attention port\u00e9e au bien-\u00eatre des \u00e9l\u00e8ves. Cet engagement envers le bien-\u00eatre et l&rsquo;\u00e9ducation des enfants a permis \u00e0 la Finlande d&rsquo;acqu\u00e9rir la r\u00e9putation d&rsquo;\u00eatre l&rsquo;un des mod\u00e8les \u00e9ducatifs les plus respect\u00e9s d&rsquo;Europe (Forum \u00e9conomique mondial, 2025).<strong><\/strong><\/p>\n\n\n\n<h3 class=\"wp-block-heading\"><a href=\"https:\/\/www.humanium.org\/fr\/comprendre-droits-enfant\/droit-a-la-sante\/\">Droit \u00e0 la sant\u00e9<\/a><\/h3>\n\n\n\n<p class=\"wp-block-paragraph\">Le syst\u00e8me de sant\u00e9 finlandais est complet et inclusif, garantissant l&rsquo;\u00e9galit\u00e9 d&rsquo;acc\u00e8s aux soins pour tous. Quel que soit leur revenu, les r\u00e9sidents permanents en Finlande ont droit \u00e0 des soins de sant\u00e9 publics abordables. Ces services sont dispens\u00e9s par les centres de sant\u00e9 municipaux et les h\u00f4pitaux de district. Toute personne en Finlande, quelle que soit sa nationalit\u00e9 ou son statut de r\u00e9sident, devrait avoir acc\u00e8s aux soins m\u00e9dicaux d&rsquo;urgence. Cependant, dans la pratique, l&rsquo;acc\u00e8s aux soins pour les enfants sans papiers peut \u00eatre limit\u00e9 par des obstacles administratifs. (Info Finland, 2025 ; Minist\u00e8re des Affaires sociales, s.d.).<\/p>\n\n\n\n<p class=\"wp-block-paragraph\">Pour b\u00e9n\u00e9ficier de soins de sant\u00e9 abordables en Finlande, il peut \u00eatre n\u00e9cessaire de pr\u00e9senter un justificatif d&rsquo;\u00e9ligibilit\u00e9 aux soins m\u00e9dicaux, tels que la carte europ\u00e9enne d&rsquo;assurance maladie (CEAM) ou un document d\u00e9livr\u00e9 par Kela (l&rsquo;organisme finlandais de s\u00e9curit\u00e9 sociale). Si une personne est affili\u00e9e \u00e0 l&rsquo;assurance <a href=\"https:\/\/www.humanium.org\/fr\/comprendre-droits-enfant\/droit-a-la-sante\/\">maladie<\/a> nationale finlandaise, Kela peut \u00e9galement prendre en charge une partie des frais de sant\u00e9 engag\u00e9s dans des cliniques priv\u00e9es. Ainsi, le droit \u00e0 des soins de qualit\u00e9, respectueux de la vie priv\u00e9e et \u00e0 une information claire sur les options de traitement est un droit fondamental dont jouissent actuellement les patients en Finlande (Kela Finland, 2025 ; EU Healthcare, 2024).<\/p>\n\n\n\n<h3 class=\"wp-block-heading\"><a href=\"https:\/\/www.humanium.org\/fr\/comprendre-droits-enfant\/protection\/\">Droit \u00e0 la protection<\/a><\/h3>\n\n\n\n<p class=\"wp-block-paragraph\">Un ensemble de droits fondamentaux et de droits humains assure la protection juridique des enfants en Finlande.&nbsp; Il incombe aux autorit\u00e9s publiques de garantir et de promouvoir ces droits (Centre des droits de l&rsquo;homme, s.d.). Le droit \u00e0 la protection est fermement ancr\u00e9 dans la Constitution finlandaise et le droit international relatif aux droits de l&rsquo;homme.<\/p>\n\n\n<div class=\"wp-block-image\">\n<figure class=\"alignleft size-large is-resized\"><img loading=\"lazy\" decoding=\"async\" width=\"1024\" height=\"576\" src=\"https:\/\/www.humanium.org\/fr\/wp-content\/uploads\/2026\/01\/shutterstock_2610552077-1536x864-1-1024x576.jpg\" alt=\"\" class=\"wp-image-61725\" style=\"width:358px;height:auto\" srcset=\"https:\/\/www.humanium.org\/fr\/wp-content\/uploads\/2026\/01\/shutterstock_2610552077-1536x864-1-1024x576.jpg 1024w, https:\/\/www.humanium.org\/fr\/wp-content\/uploads\/2026\/01\/shutterstock_2610552077-1536x864-1-300x169.jpg 300w, https:\/\/www.humanium.org\/fr\/wp-content\/uploads\/2026\/01\/shutterstock_2610552077-1536x864-1-768x432.jpg 768w, https:\/\/www.humanium.org\/fr\/wp-content\/uploads\/2026\/01\/shutterstock_2610552077-1536x864-1-830x467.jpg 830w, https:\/\/www.humanium.org\/fr\/wp-content\/uploads\/2026\/01\/shutterstock_2610552077-1536x864-1-230x129.jpg 230w, https:\/\/www.humanium.org\/fr\/wp-content\/uploads\/2026\/01\/shutterstock_2610552077-1536x864-1-350x197.jpg 350w, https:\/\/www.humanium.org\/fr\/wp-content\/uploads\/2026\/01\/shutterstock_2610552077-1536x864-1-480x270.jpg 480w, https:\/\/www.humanium.org\/fr\/wp-content\/uploads\/2026\/01\/shutterstock_2610552077-1536x864-1.jpg 1536w\" sizes=\"auto, (max-width: 1024px) 100vw, 1024px\" \/><\/figure>\n<\/div>\n\n\n<p class=\"wp-block-paragraph\">La Constitution finlandaise prot\u00e8ge plusieurs droits civils, notamment le droit \u00e0 l&rsquo;\u00e9galit\u00e9 devant la loi, le droit \u00e0 la vie, \u00e0 la libert\u00e9 d&rsquo;expression et \u00e0 la libert\u00e9 de la presse, \u00e0 la libert\u00e9 de <a href=\"https:\/\/www.humanium.org\/fr\/enfants-religions\/\">religion<\/a>, le droit au respect de la vie priv\u00e9e et \u00e0 la libert\u00e9 de circulation. Elle prot\u00e8ge \u00e9galement les droits culturels, garantissant \u00e0 toute personne en Finlande le droit d&rsquo;utiliser sa langue maternelle et d&rsquo;\u00eatre scolaris\u00e9e dans cette langue. De plus, la Constitution prot\u00e8ge contre la torture et les traitements inhumains et consacre le droit \u00e0 un proc\u00e8s \u00e9quitable. <\/p>\n\n\n\n<p class=\"wp-block-paragraph\">Elle garantit \u00e9galement les droits sociaux, notamment l&rsquo;acc\u00e8s au logement, aux soins de sant\u00e9, \u00e0 l&rsquo;\u00e9ducation, \u00e0 la culture et \u00e0 la s\u00e9curit\u00e9 sociale pour toutes les personnes qui r\u00e9sident en Finlande (Guide USCIS, s.d.).<\/p>\n\n\n\n<p class=\"wp-block-paragraph\">La Finlande accorde une grande importance \u00e0 la protection des droits de l&rsquo;enfant et veille \u00e0 ce que chaque enfant soit prot\u00e9g\u00e9 et pris en charge. Chaque enfant a droit \u00e0 une enfance heureuse et en s\u00e9curit\u00e9. De m\u00eame, tous les enfants ont le droit de grandir,&nbsp; de poursuivre leurs \u00e9tudes, ainsi que de participer \u00e0 des activit\u00e9s r\u00e9cr\u00e9atives et \u00e0 la vie sociale (Lastensuojelu, 2022; Info Finland, 2025).<\/p>\n\n\n\n<p class=\"wp-block-paragraph\">Plusieurs entit\u00e9s sont responsables de la l\u00e9gislation relative \u00e0 la protection de l&rsquo;enfance en Finlande. Le minist\u00e8re des Affaires sociales et de la Sant\u00e9 est charg\u00e9 de l&rsquo;\u00e9laboration des lois visant \u00e0 <a href=\"https:\/\/www.humanium.org\/fr\/comprendre-droits-enfant\/protection\/\">prot\u00e9ger<\/a> les enfants et de la d\u00e9finition des orientations g\u00e9n\u00e9rales des services de soutien aux enfants. Par ailleurs, le M\u00e9diateur parlementaire (Eduskunnan oikeusasiamies) et le M\u00e9diateur pour les enfants (lapsiasivaltuutettu) veillent au respect des droits de l&rsquo;enfant (Minist\u00e8re des Affaires sociales et de la Sant\u00e9, s.d. ; Info Finland, 2025).<\/p>\n\n\n\n<h2 class=\"wp-block-heading\"><strong>Facteur de risque \u2013&gt; D\u00e9fis sp\u00e9cifiques au pays<\/strong><strong><\/strong><\/h2>\n\n\n\n<h3 class=\"wp-block-heading\">Maltraitance infantile<\/h3>\n\n\n\n<p class=\"wp-block-paragraph\">Malgr\u00e9 l\u2019environnement favorable que la Finlande s\u2019efforce de cr\u00e9er pour les enfants, ces derniers restent confront\u00e9s \u00e0 diverses formes de <a href=\"https:\/\/www.humanium.org\/fr\/la-maltraitance-des-enfants\/\">maltraitance<\/a>. Celle-ci commence souvent par le harc\u00e8lement scolaire et le cyberharc\u00e8lement, g\u00e9n\u00e9ralement \u00e0 l\u2019\u00e9cole. \u00c0 titre d\u2019exemple, en 2025, 8 % des enfants finlandais \u00e9taient victimes de cyberharc\u00e8lement (Centre de recherche sur le cyberharc\u00e8lement, 2022).<\/p>\n\n\n\n<p class=\"wp-block-paragraph\">De plus, les enfants sont confront\u00e9s \u00e0 des violences physiques et sexuelles. Selon une enqu\u00eate de 2019, environ 13 % des <a href=\"https:\/\/www.humanium.org\/fr\/droits-des-filles\/\">filles<\/a> et 8 % des gar\u00e7ons ont d\u00e9clar\u00e9 avoir subi des violences physiques de la part d&rsquo;adultes qui avaient \u00e9t\u00e9 charg\u00e9s de prendre soin d\u2019eux, ceci notamment \u00e0 travers des bousculades, des secouements et des coups. Les violences plus graves, comme des coups de pied ou les coups port\u00e9s \u00e0 l\u2019aide d\u2019objets, \u00e9taient moins fr\u00e9quentes, mais ont tout de m\u00eame \u00e9t\u00e9 signal\u00e9es par environ 3 % des personnes interrog\u00e9es. &nbsp;<\/p>\n\n\n\n<p class=\"wp-block-paragraph\">En outre, environ 6 % des filles et 2 % des gar\u00e7ons ont r\u00e9v\u00e9l\u00e9 avoir eu des relations sexuelles avec des adultes, incluant des attouchements, l&rsquo;exposition \u00e0 la pornographie ou des rapports sexuels. La plupart des cas concernaient des personnes de plus de 14 ans, et les violences intrafamiliales \u00e9taient rares (HUS, 2025).<\/p>\n\n\n\n<p class=\"wp-block-paragraph\">En 2023, une \u00e9tude a r\u00e9v\u00e9l\u00e9 une augmentation du nombre d\u2019abus et d&rsquo;exploitation <a href=\"https:\/\/www.humanium.org\/fr\/exploitation-sexuelle-enfants\/\">sexuels<\/a> en Finlande. En effet, \u00ab entre 2 660 et 3 210 enfants victimes de crimes sexuels ont \u00e9t\u00e9 signal\u00e9s \u00e0 la police en 2020 et 2021 respectivement \u00bb (Conseil de l\u2019Europe, 2023). Ces cas incluaient des abus sexuels, des abus sexuels aggrav\u00e9s et des viols aggrav\u00e9s. Par ailleurs, les enfants finlandais sont \u00e9galement victimes de harc\u00e8lement sexuel.<\/p>\n\n\n\n<p class=\"wp-block-paragraph\">Au fil des d\u00e9cennies, les taux de maltraitance ont l\u00e9g\u00e8rement diminu\u00e9, la Finlande ayant \u00e9galement mis en \u0153uvre des r\u00e9formes et des politiques dans son syst\u00e8me de protection sociale qui privil\u00e9gient les droits et la s\u00e9curit\u00e9 des enfants, et qui sont centr\u00e9es sur les besoins des enfants (HUS, 2025 ; Oxford Academy, 2011 ; Conseil de l\u2019Europe, 2023).<\/p>\n\n\n\n<h3 class=\"wp-block-heading\">Pauvret\u00e9 infantile<\/h3>\n\n\n\n<p class=\"wp-block-paragraph\">Bien que la Finlande ait g\u00e9n\u00e9ralement affich\u00e9 de faibles taux de <a href=\"https:\/\/www.humanium.org\/fr\/enfants-pauvres\/\">pauvret\u00e9<\/a> infantile, les r\u00e9centes r\u00e9formes politiques suscitent de vives inqui\u00e9tudes. La r\u00e9duction des allocations familiales, des aides au logement et des allocations ch\u00f4mage a accentu\u00e9 les difficult\u00e9s financi\u00e8res, portant ainsi \u00e0 17 000 le nombre d\u2019enfants vivant dans des m\u00e9nages \u00e0 faibles revenus pour la seule ann\u00e9e de 2024 (Helsinki Times, 2025).<\/p>\n\n\n\n<p class=\"wp-block-paragraph\">Depuis 2023, les familles vuln\u00e9rables subissent les cons\u00e9quences des coupes budg\u00e9taires dans la s\u00e9curit\u00e9 sociale, ce qui a des r\u00e9percussions \u00e9conomiques importantes, notamment pour les familles monoparentales. De fait, les enfants vivant dans un foyer monoparental sont plus susceptibles de conna\u00eetre la pauvret\u00e9 que ceux vivant dans des familles biparentales. <\/p>\n\n\n\n<p class=\"wp-block-paragraph\">Parmi les autres facteurs de risque figurent le statut de migrant, une famille nombreuse et le fait d\u2019avoir des aidants familiaux en situation de handicap. La strat\u00e9gie finlandaise visant \u00e0 r\u00e9duire le risque de pauvret\u00e9 pour 100 000 personnes d&rsquo;ici 2030 \u2013 dont un tiers est constitu\u00e9 d&rsquo;enfants \u2013 semble aujourd&rsquo;hui compromise face \u00e0 ces indicateurs pr\u00e9occupants (Helsinki Times, 2023 ; Euro Child, 2025).<\/p>\n\n\n\n<h3 class=\"wp-block-heading\">Enfants porteurs d\u2019un handicap<\/h3>\n\n\n<div class=\"wp-block-image\">\n<figure class=\"alignright size-full is-resized\"><img loading=\"lazy\" decoding=\"async\" width=\"1000\" height=\"667\" src=\"https:\/\/www.humanium.org\/fr\/wp-content\/uploads\/2026\/01\/shutterstock_2447258091.jpg\" alt=\"\" class=\"wp-image-61727\" style=\"aspect-ratio:1.4992888417882142;width:366px;height:auto\" srcset=\"https:\/\/www.humanium.org\/fr\/wp-content\/uploads\/2026\/01\/shutterstock_2447258091.jpg 1000w, https:\/\/www.humanium.org\/fr\/wp-content\/uploads\/2026\/01\/shutterstock_2447258091-300x200.jpg 300w, https:\/\/www.humanium.org\/fr\/wp-content\/uploads\/2026\/01\/shutterstock_2447258091-768x512.jpg 768w, https:\/\/www.humanium.org\/fr\/wp-content\/uploads\/2026\/01\/shutterstock_2447258091-830x554.jpg 830w, https:\/\/www.humanium.org\/fr\/wp-content\/uploads\/2026\/01\/shutterstock_2447258091-230x153.jpg 230w, https:\/\/www.humanium.org\/fr\/wp-content\/uploads\/2026\/01\/shutterstock_2447258091-350x233.jpg 350w, https:\/\/www.humanium.org\/fr\/wp-content\/uploads\/2026\/01\/shutterstock_2447258091-480x320.jpg 480w, https:\/\/www.humanium.org\/fr\/wp-content\/uploads\/2026\/01\/shutterstock_2447258091-272x182.jpg 272w\" sizes=\"auto, (max-width: 1000px) 100vw, 1000px\" \/><\/figure>\n<\/div>\n\n\n<p class=\"wp-block-paragraph\">Conform\u00e9ment au syst\u00e8me de protection sociale finlandais, les <a href=\"https:\/\/www.humanium.org\/fr\/enfants-handicapes\/\">enfants porteurs d\u2019un handicap<\/a> et leurs familles b\u00e9n\u00e9ficient d&rsquo;un soutien. Les besoins \u00e9ducatifs particuliers sont int\u00e9gr\u00e9s au syst\u00e8me scolaire ordinaire. Un dispositif d&rsquo;\u00e9ducation et d&rsquo;accueil de la petite enfance (EAJE) a \u00e9t\u00e9 mis en place afin de promouvoir l&rsquo;\u00e9galit\u00e9 des chances entre les enfants et de pr\u00e9venir l&rsquo;exclusion sociale. \u00c0 cette fin, des enseignants sp\u00e9cialis\u00e9s en EAJE sont int\u00e9gr\u00e9s aux \u00e9coles (Agence europ\u00e9enne pour l&rsquo;\u00e9ducation inclusive et les besoins sp\u00e9ciaux, 2020).<\/p>\n\n\n\n<p class=\"wp-block-paragraph\">Aujourd&rsquo;hui encore, des probl\u00e8mes persistent et les enfants handicap\u00e9s sont confront\u00e9s \u00e0 divers d\u00e9fis. Premi\u00e8rement, la l\u00e9gislation finlandaise ne pr\u00e9voit pas de protection sp\u00e9cifique pour les filles handicap\u00e9es. Deuxi\u00e8mement, le <a href=\"https:\/\/www.humanium.org\/fr\/la-maltraitance-des-enfants\/\">harc\u00e8lement scolaire<\/a> demeure un probl\u00e8me courant pour ces enfants. Troisi\u00e8mement, \u00e0 l&rsquo;\u00e9cole, les services qui leur sont propos\u00e9s (traduction, assistance, am\u00e9nagements sp\u00e9cifiques, inclusion dans le syst\u00e8me scolaire ordinaire) sont limit\u00e9s et ne sont pas accessibles \u00e0 tous les enfants qui en ont besoin (Parlement europ\u00e9en, 2013).<\/p>\n\n\n\n<h3 class=\"wp-block-heading\">Discrimination<\/h3>\n\n\n\n<p class=\"wp-block-paragraph\">En Finlande, les enfants issus de minorit\u00e9s et de l&rsquo;immigration continuent de subir une <a href=\"https:\/\/www.humanium.org\/fr\/droit-non-discrimination\/\">discrimination<\/a>, persistante qui se manifeste par des crimes haineux, des injures et diverses formes de harc\u00e8lement. Les <a href=\"https:\/\/www.humanium.org\/fr\/droits-des-filles\/\">filles<\/a> appartenant \u00e0 des minorit\u00e9s religieuses sont particuli\u00e8rement touch\u00e9es et sont souvent victimes de questions indiscr\u00e8tes et de st\u00e9r\u00e9otypes culturels (OCHR, s.d.).(OCHR, n.d.).<\/p>\n\n\n\n<p class=\"wp-block-paragraph\">Selon plusieurs organisations de d\u00e9fense des droits humains, les \u00e9l\u00e8ves issus de minorit\u00e9s sont d\u00e9savantag\u00e9s de mani\u00e8re disproportionn\u00e9e au sein du syst\u00e8me \u00e9ducatif et seraient susceptibles d&rsquo;abandonner leurs <a href=\"https:\/\/www.humanium.org\/fr\/comprendre-droits-enfant\/droit-a-l-education\/%23content\">\u00e9tudes<\/a>. L&rsquo;acc\u00e8s limit\u00e9 \u00e0 des ressources p\u00e9dagogiques adapt\u00e9es \u00e0 leur culture et \u00e0 un enseignement dans leur langue maternelle compromet davantage leur r\u00e9ussite scolaire (OCHR, s.d.).<\/p>\n\n\n\n<p class=\"wp-block-paragraph\">Bien que la Finlande ait mis en place des cadres d&rsquo;\u00e9galit\u00e9 dans les \u00e9coles et les services publics, leur application reste in\u00e9gale selon les r\u00e9gions. C&rsquo;est pourquoi la loi sur la non-discrimination exige que chaque municipalit\u00e9, \u00e9cole et \u00e9tablissement d&rsquo;enseignement \u00e9tablisse et suive des strat\u00e9gies globales visant \u00e0 garantir et \u00e0 promouvoir l&rsquo;\u00e9quit\u00e9 dans tous les aspects de son fonctionnement (Info Finland, 2025 ; Commission europ\u00e9enne, 2025).<\/p>\n\n\n\n<h3 class=\"wp-block-heading\">Enfants d\u00e9plac\u00e9s<\/h3>\n\n\n\n<p class=\"wp-block-paragraph\">Les mineurs non accompagn\u00e9s, particuli\u00e8rement vuln\u00e9rables, b\u00e9n\u00e9ficient d&rsquo;une aide personnalis\u00e9e comprenant l&rsquo;h\u00e9bergement, la scolarisation et un soutien psychologique. Les centres d&rsquo;accueil \u2013 tels que les foyers de groupe ou les unit\u00e9s de soutien sp\u00e9cialis\u00e9es \u2013 permettent \u00e0 la plupart des enfants d&rsquo;acc\u00e9der aux soins de sant\u00e9, \u00e0 l\u2019\u00e9ducation et aux services sociaux (Minist\u00e8re des Affaires sociales et de la Sant\u00e9, 2018). Malgr\u00e9 la protection juridique et les services essentiels offerts par la Finlande aux enfants r\u00e9fugi\u00e9s et demandeurs d&rsquo;asile, des difficult\u00e9s persistent.<\/p>\n\n\n\n<p class=\"wp-block-paragraph\">De nombreux <a href=\"https:\/\/www.humanium.org\/fr\/enfants-deplaces\/\">enfants d\u00e9plac\u00e9s<\/a>, notamment ceux \u00e2g\u00e9s de plus de 16 ans, subissent une d\u00e9tention prolong\u00e9e, parfois dans des centres o\u00f9 se trouvent \u00e9galement des adultes. En raison de la rigueur des r\u00e8gles en mati\u00e8re d&rsquo;asile, de nombreux demandeurs sont rejet\u00e9s ou expuls\u00e9s avant m\u00eame que leur dossier ne soit examin\u00e9 en d\u00e9tail.<\/p>\n\n\n\n<p class=\"wp-block-paragraph\">Suite aux r\u00e9centes modifications apport\u00e9es \u00e0 la loi relative aux &nbsp;\u00e9trangers, entr\u00e9es en vigueur en mai 2025, la Finlande a allong\u00e9 la dur\u00e9e maximale de d\u00e9tention des ressortissants \u00e9trangers, y compris les enfants migrants. Par ailleurs, la Finlande a mis en \u0153uvre une politique de r\u00e9sidence dirig\u00e9e pour les mineurs non accompagn\u00e9s \u00e2g\u00e9s de 15 \u00e0 17 ans. Bien que cette mesure ne soit pas officiellement qualifi\u00e9e de d\u00e9tention, elle restreint consid\u00e9rablement leur libert\u00e9 de circulation et peut porter atteinte \u00e0 leur droit \u00e0 l&rsquo;\u00e9ducation (Info Finland, 2025 ; Service finlandais de l&rsquo;immigration, 2025 ; Helsinki Times, 2025).<\/p>\n\n\n\n<h3 class=\"wp-block-heading\">Droits des filles<\/h3>\n\n\n<div class=\"wp-block-image\">\n<figure class=\"alignleft size-large is-resized\"><img loading=\"lazy\" decoding=\"async\" width=\"1024\" height=\"683\" src=\"https:\/\/www.humanium.org\/fr\/wp-content\/uploads\/2026\/01\/shutterstock_1693434175-1024x683.jpg\" alt=\"\" class=\"wp-image-61728\" style=\"aspect-ratio:1.499330655957162;width:337px;height:auto\" srcset=\"https:\/\/www.humanium.org\/fr\/wp-content\/uploads\/2026\/01\/shutterstock_1693434175-1024x683.jpg 1024w, https:\/\/www.humanium.org\/fr\/wp-content\/uploads\/2026\/01\/shutterstock_1693434175-300x200.jpg 300w, https:\/\/www.humanium.org\/fr\/wp-content\/uploads\/2026\/01\/shutterstock_1693434175-768x512.jpg 768w, https:\/\/www.humanium.org\/fr\/wp-content\/uploads\/2026\/01\/shutterstock_1693434175-1536x1024.jpg 1536w, https:\/\/www.humanium.org\/fr\/wp-content\/uploads\/2026\/01\/shutterstock_1693434175-2048x1365.jpg 2048w, https:\/\/www.humanium.org\/fr\/wp-content\/uploads\/2026\/01\/shutterstock_1693434175-830x553.jpg 830w, https:\/\/www.humanium.org\/fr\/wp-content\/uploads\/2026\/01\/shutterstock_1693434175-230x153.jpg 230w, https:\/\/www.humanium.org\/fr\/wp-content\/uploads\/2026\/01\/shutterstock_1693434175-350x233.jpg 350w, https:\/\/www.humanium.org\/fr\/wp-content\/uploads\/2026\/01\/shutterstock_1693434175-480x320.jpg 480w, https:\/\/www.humanium.org\/fr\/wp-content\/uploads\/2026\/01\/shutterstock_1693434175-272x182.jpg 272w\" sizes=\"auto, (max-width: 1024px) 100vw, 1024px\" \/><\/figure>\n<\/div>\n\n\n<p class=\"wp-block-paragraph\">La promotion des <a href=\"https:\/\/www.humanium.org\/fr\/droits-des-filles\/\">droits des filles<\/a> demeure une priorit\u00e9 de la politique de d\u00e9veloppement de la Finlande. Les actions constantes men\u00e9es par la Finlande en faveur de l\u2019\u00e9galit\u00e9 des sexes ont permis aux filles de gagner en autonomie et d\u2019acc\u00e9der plus facilement \u00e0 une \u00e9ducation primaire et secondaire inclusive et qui tient compte des questions de genre, aux services de sant\u00e9 et de participer aux activit\u00e9s \u00e9conomiques et \u00e0 la prise de d\u00e9cision concernant leurs moyens de subsistance (Projet Borgen, 2020).<\/p>\n\n\n\n<p class=\"wp-block-paragraph\">Bien que les efforts du gouvernement finlandais aient permis des progr\u00e8s significatifs en mati\u00e8re de droits des filles, ces derni\u00e8res continuent d&rsquo;\u00eatre victimes de violences sexuelles et physiques en Finlande. De plus, les femmes immigr\u00e9es sont touch\u00e9es de mani\u00e8re disproportionn\u00e9e, car elles sont \u00e9galement victimes de racisme et de harc\u00e8lement (Yle News, 2019). Depuis lors,\u00a0\u00a0 la Finlande a mis en \u0153uvre un Plan d&rsquo;action en faveur de l&rsquo;\u00e9galit\u00e9 des sexes (2020-2023) et un Plan d&rsquo;action pour la lutte contre les violences faites aux femmes (2022-2025).\u00a0 Malgr\u00e9 ces r\u00e9formes, certains groupes de personnes restent \u00e0 la tra\u00eene, notamment les femmes handicap\u00e9es issues de minorit\u00e9s ethniques, <a href=\"https:\/\/www.humanium.org\/fr\/discriminations\/enfants-lgbtq\/\">sexuelles<\/a> et de <a href=\"https:\/\/www.humanium.org\/fr\/droits-des-filles\/\">genre<\/a> (Points de vue de la soci\u00e9t\u00e9 civile, 2025).<\/p>\n\n\n\n<h3 class=\"wp-block-heading\">Suicide chez les enfants<\/h3>\n\n\n\n<p class=\"wp-block-paragraph\">En Finlande, on estime \u00e0 90 000 le nombre d\u2019enfants de moins de 13 ans souffrant de troubles de sant\u00e9 mentale, dont certains pr\u00e9sentent des probl\u00e8mes graves, comme des id\u00e9es <a href=\"https:\/\/www.humanium.org\/fr\/suicide-enfants\/\">suicidaires<\/a>. Des facteurs tels que le stress parental, l\u2019utilisation excessive des r\u00e9seaux sociaux et des rythmes de vie effr\u00e9n\u00e9s peuvent nuire au bien-\u00eatre \u00e9motionnel des enfants (Yle News, 2018; The Borgen Project, 2021).<\/p>\n\n\n\n<p class=\"wp-block-paragraph\">Bien que les services de <a href=\"https:\/\/www.humanium.org\/fr\/comprendre-droits-enfant\/droit-a-la-sante\/\">sant\u00e9<\/a> mentale soient financ\u00e9s par l\u2019\u00c9tat et int\u00e9gr\u00e9s aux syst\u00e8mes de sant\u00e9 dans le milieu scolaire, une p\u00e9nurie importante de th\u00e9rapeutes qualifi\u00e9s \u2013 notamment en dehors des grands centres urbains \u2013 entra\u00eene de longs d\u00e9lais d\u2019attente pour les traitements. La Strat\u00e9gie finlandaise pour la sant\u00e9 mentale 2020-2030 vise \u00e0 rem\u00e9dier \u00e0 ces probl\u00e8mes en favorisant l\u2019intervention pr\u00e9coce, en am\u00e9liorant les connaissances en sant\u00e9 mentale et en promouvant des soins inclusifs (Minist\u00e8re des Affaires sociales et de la Sant\u00e9, s.d. ; Institut finlandais de la sant\u00e9 et du bien-\u00eatre, 2024).<\/p>\n\n\n\n<h3 class=\"wp-block-heading\">Enfants et d\u00e9pendances<\/h3>\n\n\n\n<p class=\"wp-block-paragraph\">En Finlande, la <a href=\"https:\/\/www.humanium.org\/fr\/enfants-dependances\/\">consommation abusive d\u2019alcool<\/a> a des r\u00e9percussions \u00e0 la fois directes\u2013 par une exposition pr\u00e9coce \u2013 et indirectes sur les enfants, \u00e0 travers la d\u00e9pendance de leurs parents \u00e0 des substances psychoactives. Environ 89 000 mineurs, soit 8,7&nbsp;% de la population des enfants, ont au moins un parent biologique aux prises avec un grave probl\u00e8me de toxicomanie, principalement li\u00e9 \u00e0 l\u2019alcool (R\u00e9seau nordique des politiques en mati\u00e8re d\u2019alcool et de drogues, 2024 ; Institut finlandais de la sant\u00e9 et du bien-\u00eatre, 2024).<\/p>\n\n\n\n<p class=\"wp-block-paragraph\">En Finlande, la consommation d&rsquo;alcool chez les adolescents d\u00e9passe la moyenne europ\u00e9enne, souvent dans le but pr\u00e9cis de s&rsquo;enivrer. Ce qui est alarmant est que, nombre d&rsquo;entre eux semblent sous-estimer les cons\u00e9quences de l&rsquo;alcoolisation massive sur la sant\u00e9. Bien que la Finlande ait mis en place des mesures de pr\u00e9vention telles que la th\u00e9rapie familiale et des programmes scolaires, de nombreux enfants restent non identifi\u00e9s par les services sociaux, notamment dans les foyers o\u00f9 la consommation de substances psychoactives est \u00e9galement dissimul\u00e9e.<\/p>\n\n\n\n<h3 class=\"wp-block-heading\">Probl\u00e8mes environnementaux<\/h3>\n\n\n\n<p class=\"wp-block-paragraph\">Les \u00e9missions de gaz \u00e0 effet de serre continuent de poser des d\u00e9fis <a href=\"https:\/\/www.humanium.org\/en\/focus-on\/environment\/environmental-rights\/\">environnementaux<\/a> en Finlande, l&rsquo;utilisation de la tourbe et du charbon demeurant des facteurs cl\u00e9s. Ces pr\u00e9occupations environnementales affectent la sant\u00e9, le d\u00e9veloppement et le bien-\u00eatre \u00e0 long terme des enfants. La <a href=\"https:\/\/www.humanium.org\/fr\/focus\/environnement\/urgence-climatique\/\">pollution<\/a> atmosph\u00e9rique, due au trafic urbain et \u00e0 la production d&rsquo;\u00e9nergie, persiste, et m\u00eame une exposition minimale peut nuire aux fonctions cognitives et aux performances scolaires des enfants (Child Rights International Network, 2023 ; USCIS Guide, s.d.). La Finlande s&rsquo;est fix\u00e9 un objectif ambitieux : atteindre la neutralit\u00e9 carbone d&rsquo;ici 2035, gr\u00e2ce \u00e0 des investissements importants dans les \u00e9nergies renouvelables et le nucl\u00e9aire (Forum \u00e9conomique mondial, 2023).<\/p>\n\n\n\n<p class=\"wp-block-paragraph\"><em><strong>\u00c9crit par Mo\u00efra Phu\u00f6ng Van de Po\u00ebl<\/strong><\/em><\/p>\n\n\n\n<p class=\"wp-block-paragraph\"><em><strong>Traduit par Nelly Misenga<\/strong><\/em><\/p>\n\n\n\n<p class=\"wp-block-paragraph\"><em><strong>R\u00e9vis\u00e9 par Vianney Placide Oyono<\/strong><\/em><\/p>\n\n\n\n<p class=\"wp-block-paragraph\"><em><strong>Derni\u00e8rement mis \u00e0 jour le 31 juillet 2025<\/strong><\/em><\/p>\n\n\n\n<h4 class=\"wp-block-heading\"><strong>Bibliographie :<\/strong><strong><\/strong><\/h4>\n\n\n\n<p class=\"has-small-font-size wp-block-paragraph\">Britannica (2025, July 15). Finland. Retrieved from Britannica at <a href=\"https:\/\/www.britannica.com\/place\/Finland\">https:\/\/www.britannica.com\/place\/Finland<\/a>, accessed in July 2025.<\/p>\n\n\n\n<p class=\"has-small-font-size wp-block-paragraph\">Child Rights International Network (2023, August). Children\u2019s access to justice for environmental rights. Retrieved from Child Rights International Network at <a href=\"https:\/\/static1.squarespace.com\/static\/5afadb22e17ba3eddf90c02f\/t\/64edc30e590e3b30607b205d\/1693303584383\/Childrens-Access-to-Justice-for-Environmental-Rights-Report-Finland.pdf\">https:\/\/static1.squarespace.com\/static\/5afadb22e17ba3eddf90c02f\/t\/64edc30e590e3b30607b205d\/1693303584383\/Childrens-Access-to-Justice-for-Environmental-Rights-Report-Finland.pdf<\/a>, accessed in July 2025.<\/p>\n\n\n\n<p class=\"has-small-font-size wp-block-paragraph\">Council of Europe (2023, April 13). Despite Finland\u2019s high standards for protecting children against sexual violence and guaranteeing their well-being, some gaps remain. Retrieved from Council of Europe at <a href=\"https:\/\/www.coe.int\/en\/web\/children\/-\/launch-of-the-joint-country-overview-for-finland-ending-child-sexual-exploitation-and-abuse\">https:\/\/www.coe.int\/en\/web\/children\/-\/launch-of-the-joint-country-overview-for-finland-ending-child-sexual-exploitation-and-abuse<\/a>, accessed in July 2025.<\/p>\n\n\n\n<p class=\"has-small-font-size wp-block-paragraph\">Cyberbullying Research Center (2022, June 15). Cyberbullying and Associated Factors in Member Countries of the European Union: A Systematic Review and Meta-Analysis of Studies with Representative Population Samples. Retried from Cyberbullying Research Center at <a href=\"https:\/\/www.mdpi.com\/1660-4601\/19\/12\/7364\">https:\/\/www.mdpi.com\/1660-4601\/19\/12\/7364<\/a>, accessed in July 2025.<\/p>\n\n\n\n<p class=\"has-small-font-size wp-block-paragraph\">EU Commission (2025, June 17). Initiatives promoting social inclusion and raising awareness. Retrieved from EU Commission at <a href=\"https:\/\/national-policies.eacea.ec.europa.eu\/youthwiki\/chapters\/finland\/45-initiatives-promoting-social-inclusion-and-raising-awareness\">https:\/\/national-policies.eacea.ec.europa.eu\/youthwiki\/chapters\/finland\/45-initiatives-promoting-social-inclusion-and-raising-awareness<\/a>, accessed in July 2025.<\/p>\n\n\n\n<p class=\"has-small-font-size wp-block-paragraph\">EU Healthcare (2024, December 17). Proving your right to treatment in Finland. Retrieved from EU Healthcare at <a href=\"https:\/\/www.eu-healthcare.fi\/healthcare-in-finland\/using-health-services-in-finland\/proving-your-right-to-treatment-in-finland\/?form=MG0AV3\">https:\/\/www.eu-healthcare.fi\/healthcare-in-finland\/using-health-services-in-finland\/proving-your-right-to-treatment-in-finland\/?form=MG0AV3<\/a>, accessed in July 2025.<\/p>\n\n\n\n<p class=\"has-small-font-size wp-block-paragraph\">Euro Child (2025, June 17). Child poverty on the rise in Finland. Retrieved from Euro Child at <a href=\"https:\/\/eurochild.org\/news\/child-poverty-on-the-rise-in-finland\/?form=MG0AV3\">https:\/\/eurochild.org\/news\/child-poverty-on-the-rise-in-finland\/?form=MG0AV3<\/a>, accessed in July 2025.<\/p>\n\n\n\n<p class=\"has-small-font-size wp-block-paragraph\">European Agency for Special Needs and Inclusive Education (2020, March 24). Country information for Finland &#8211; Systems of support and specialist provision. Retrieved from European Agency for Special Needs and Inclusive Education at <a href=\"https:\/\/www.european-agency.org\/country-information\/finland\/systems-of-support-and-specialist-provision\">https:\/\/www.european-agency.org\/country-information\/finland\/systems-of-support-and-specialist-provision<\/a>, accessed in July 2025.<\/p>\n\n\n\n<p class=\"has-small-font-size wp-block-paragraph\">European Parliament (2013). Country Report on Finland for the Study on Member States\u2019 Policies for Children with Disabilities. Retrieved from European Parliament at <a href=\"https:\/\/www.europarl.europa.eu\/RegData\/etudes\/etudes\/join\/2013\/474420\/IPOL-LIBE_ET(2013)474420_EN.pdf#:~:text=Based%20on%20literature%20on%20the%20situation%20and%20rights,policy%20framework%20to%20guarantee%20accessibility%20should%20be%20established\">https:\/\/www.europarl.europa.eu\/RegData\/etudes\/etudes\/join\/2013\/474420\/IPOL-LIBE_ET(2013)474420_EN.pdf<\/a>, accessed in July 2025.<\/p>\n\n\n\n<p class=\"has-small-font-size wp-block-paragraph\">Finnish Immigration Service (2025, May 6). Entry ban and maximum detention period extended, more detailed provisions given on the right to reside in Finland after a decision on removal from the country. Retrieved from Finnish Immigration Service at <a href=\"https:\/\/migri.fi\/en\/-\/entry-ban-and-maximum-detention-period-extended-more-detailed-provisions-given-on-the-right-to-reside-in-finland-after-a-decision-on-removal-from-the-country?form=MG0AV3\">https:\/\/migri.fi\/en\/-\/entry-ban-and-maximum-detention-period-extended-more-detailed-provisions-given-on-the-right-to-reside-in-finland-after-a-decision-on-removal-from-the-country?form=MG0AV3<\/a>, accessed in July 2025.<\/p>\n\n\n\n<p class=\"has-small-font-size wp-block-paragraph\">Finnish Institute for Health and Welfare (2024, March 8). Children and young people\u2019s mental health. Retrieved from Finnish Institute for Health and Welfare at <a href=\"https:\/\/thl.fi\/en\/research-and-development\/research-and-projects\/national-mental-health-strategy-2020-2030\/children-and-young-people-s-mental-health?form=MG0AV3\">https:\/\/thl.fi\/en\/research-and-development\/research-and-projects\/national-mental-health-strategy-2020-2030\/children-and-young-people-s-mental-health?form=MG0AV3<\/a>, accessed in July 2025.<\/p>\n\n\n\n<p class=\"has-small-font-size wp-block-paragraph\">Finnish Institute for Health and Welfare (2024, May 28). 89,000 children in Finland have a biological parent with a serious substance abuse problem. Retrieved from <a href=\"https:\/\/thl.fi\/en\/-\/89-000-children-in-finland-have-a-biological-parent-with-a-serious-substance-abuse-problem?languageId=en_US&amp;form=MG0AV3\">https:\/\/thl.fi\/en\/-\/89-000-children-in-finland-have-a-biological-parent-with-a-serious-substance-abuse-problem?languageId=en_US&amp;form=MG0AV3<\/a>, accessed in July 2025.<\/p>\n\n\n\n<p class=\"has-small-font-size wp-block-paragraph\">Future Policy (2021). Finland\u2019s Basic Education Act &amp; General Education Policy. Retrieved from Future Policy at <a href=\"https:\/\/www.futurepolicy.org\/rightsofchildren\/finlands-basic-education-act\/#:~:text=Education%20has%20been%20a%20national,studying%20and%20in%20school%20life\">https:\/\/www.futurepolicy.org\/rightsofchildren\/finlands-basic-education-act\/#<\/a>, accessed in July 2025.<\/p>\n\n\n\n<p class=\"has-small-font-size wp-block-paragraph\">Helsinki Times (2023, December 6). Finland ranks poorly in UNICEF child poverty comparison. Retrieved from Helsinki Times at <a href=\"https:\/\/www.helsinkitimes.fi\/world-int\/24565-finland-ranks-poorly-in-unicef-child-poverty-comparison.html?form=MG0AV3\">https:\/\/www.helsinkitimes.fi\/world-int\/24565-finland-ranks-poorly-in-unicef-child-poverty-comparison.html?form=MG0AV3<\/a>, accessed in July 2025.<\/p>\n\n\n\n<p class=\"has-small-font-size wp-block-paragraph\">Helsinki Times (2025, May 6). Finland tightens immigration rules with longer entry bans and detention. Retrieved from Helsinki Times at <a href=\"https:\/\/www.helsinkitimes.fi\/finland\/finland-news\/domestic\/26800-finland-tightens-immigration-rules-with-longer-entry-bans-and-detention.html\">https:\/\/www.helsinkitimes.fi\/finland\/finland-news\/domestic\/26800-finland-tightens-immigration-rules-with-longer-entry-bans-and-detention.html<\/a>, accessed in July 2025.<\/p>\n\n\n\n<p class=\"has-small-font-size wp-block-paragraph\">Helsinki Times (2025, May 16). One in ten Finnish children face material deprivation as poverty surges. Retrieved from Helsinki Times at <a href=\"https:\/\/www.helsinkitimes.fi\/finland\/finland-news\/domestic\/26871-one-in-ten-finnish-children-face-material-deprivation-as-poverty-surges.html\">https:\/\/www.helsinkitimes.fi\/finland\/finland-news\/domestic\/26871-one-in-ten-finnish-children-face-material-deprivation-as-poverty-surges.html<\/a>, accessed in July 2025.<\/p>\n\n\n\n<p class=\"has-small-font-size wp-block-paragraph\">Human Rights Centre (n.d.). Fundamental and Human Rights in Finland. Retrieved from Human Rights Centre at <a href=\"https:\/\/www.humanrightscentre.fi\/human-rights\/fundamental-and-human-rights-in-\/\">https:\/\/www.humanrightscentre.fi\/human-rights\/fundamental-and-human-rights-in-\/<\/a>, accessed in July 2025.<\/p>\n\n\n\n<p class=\"has-small-font-size wp-block-paragraph\">HUS (2025). Child abuse. Retrieved from HUS at <a href=\"https:\/\/www.hus.fi\/en\/patient\/treatments-and-examinations\/children-and-adolescents\/child-abuse?form=MG0AV3\">https:\/\/www.hus.fi\/en\/patient\/treatments-and-examinations\/children-and-adolescents\/child-abuse?form=MG0AV3<\/a>, accessed in July 2025.<\/p>\n\n\n\n<p class=\"has-small-font-size wp-block-paragraph\">Info Finland (2024, December 16). The Finnish education system. Retrieved from Info Finland at <a href=\"https:\/\/www.infofinland.fi\/en\/education\/the-finnish-education-system\">https:\/\/www.infofinland.fi\/en\/education\/the-finnish-education-system<\/a>, accessed in July 2025.<\/p>\n\n\n\n<p class=\"has-small-font-size wp-block-paragraph\">Info Finland (2025, March 3). Asylum in Finland. Retrieved from Info Finland at <a href=\"https:\/\/www.infofinland.fi\/moving-to-finland\/non-eu-citizens\/asylum-in-finland?form=MG0AV3\">https:\/\/www.infofinland.fi\/moving-to-finland\/non-eu-citizens\/asylum-in-finland?form=MG0AV3<\/a>, accessed in July 2025.<\/p>\n\n\n\n<p class=\"has-small-font-size wp-block-paragraph\">Info Finland (2025, April 22). Health services in Finland. Retrieved from Info Finland at <a href=\"https:\/\/www.infofinland.fi\/health\/health-services-in-finland?form=MG0AV3\">https:\/\/www.infofinland.fi\/health\/health-services-in-finland?form=MG0AV3<\/a>, accessed in July 2025.<\/p>\n\n\n\n<p class=\"has-small-font-size wp-block-paragraph\">Info Finland (2025, March 25). Children\u2019s and youths\u2019 rights and obligations. Retrieved from Info Finland at <a href=\"https:\/\/www.infofinland.fi\/family\/children\/childrens-and-youths-rights-and-obligations?form=MG0AV3\">https:\/\/www.infofinland.fi\/family\/children\/childrens-and-youths-rights-and-obligations?form=MG0AV3<\/a>, accessed in July 2025.<\/p>\n\n\n\n<p class=\"has-small-font-size wp-block-paragraph\">Info Finland (2025, June 26). Equality and non-discrimination. Retrieved from Info Finland at <a href=\"https:\/\/www.infofinland.fi\/information-about-finland\/equality-and-non-discrimination?form=MG0AV3\">https:\/\/www.infofinland.fi\/information-about-finland\/equality-and-non-discrimination?form=MG0AV3<\/a>, accessed in July 2025.<\/p>\n\n\n\n<p class=\"has-small-font-size wp-block-paragraph\">Kela Finland (2025, March 19). Entitlement to medical care in Finland. Retrieved from Kela Finland at <a href=\"https:\/\/www.kela.fi\/medical-care-entitlement-finland?form=MG0AV3\">https:\/\/www.kela.fi\/medical-care-entitlement-finland?form=MG0AV3<\/a>, accessed in July 2025.<\/p>\n\n\n\n<p class=\"has-small-font-size wp-block-paragraph\">Lastensuojelu (2022). The rights of the child. Retrieved from Lastensuojelu at <a href=\"https:\/\/www.lastensuojelu.info\/en\/parenthood-and-relationship\/the-rights-of-the-child\/?form=MG0AV3\">https:\/\/www.lastensuojelu.info\/en\/parenthood-and-relationship\/the-rights-of-the-child\/?form=MG0AV3<\/a>, accessed in July 2025.<\/p>\n\n\n\n<p class=\"has-small-font-size wp-block-paragraph\">Ministry of Social Affairs and Health (2018, March 6). All children who are in Finland are protected, including children seeking asylum. Retrieved from Ministry of Social Affairs and Health at <a href=\"https:\/\/stm.fi\/en\/-\/suomessa-suojellaan-kaikkia-lapsia-myos-turvapaikanhakijoita?form=MG0AV3\">https:\/\/stm.fi\/en\/-\/suomessa-suojellaan-kaikkia-lapsia-myos-turvapaikanhakijoita?form=MG0AV3<\/a>, accessed in July 2025.<\/p>\n\n\n\n<p class=\"has-small-font-size wp-block-paragraph\">Ministry of Social Affairs and Health (n.d.). School health care. Retrieved from Ministry of Social Affairs and Health at <a href=\"https:\/\/stm.fi\/en\/school-health-care?form=MG0AV3\">https:\/\/stm.fi\/en\/school-health-care?form=MG0AV3<\/a>, accessed in July 2025.<\/p>\n\n\n\n<p class=\"has-small-font-size wp-block-paragraph\">Ministry of Foreign Affairs (n.d.). The status and rights of clients and patients. Retrieved from Ministry of Foreign Affairs at <a href=\"https:\/\/stm.fi\/en\/client-and-patient-rights?form=MG0AV3\">https:\/\/stm.fi\/en\/client-and-patient-rights?form=MG0AV3<\/a>, accessed in July 2025.<\/p>\n\n\n\n<p class=\"has-small-font-size wp-block-paragraph\">Ministry of Social Affairs and Health (n.d.). Child welfare. Retrieved from Ministry of Social Affairs and Health at <a href=\"https:\/\/stm.fi\/en\/social-services\/child-welfare?form=MG0AV3\">https:\/\/stm.fi\/en\/social-services\/child-welfare?form=MG0AV3<\/a>, accessed in July 2025.<\/p>\n\n\n\n<p class=\"has-small-font-size wp-block-paragraph\">Nordic Alcohol and Drug Policy Network (2024, May 28). In Finland, 89,000 minors have or have had a biological parent with a severe substance abuse problem. Retrieved from Nordic Alcohol and Drug Policy Network at <a href=\"https:\/\/www.nordicalcohol.org\/post\/in-finland-89-000-minors-have-or-have-had-a-biological-parent-with-a-severe-substance-abuse-problem?form=MG0AV3\">https:\/\/www.nordicalcohol.org\/post\/in-finland-89-000-minors-have-or-have-had-a-biological-parent-with-a-severe-substance-abuse-problem?form=MG0AV3<\/a>, accessed in July 2025.<\/p>\n\n\n\n<p class=\"has-small-font-size wp-block-paragraph\">OCHR (n.d.). Finland. Retrieved from OCHR at <a href=\"https:\/\/www.ohchr.org\/sites\/default\/files\/Documents\/Issues\/Women\/WRGS\/EveryGirl\/Finland.pdf\">https:\/\/www.ohchr.org\/sites\/default\/files\/Documents\/Issues\/Women\/WRGS\/EveryGirl\/Finland.pdf<\/a>, accessed in July 2025.<\/p>\n\n\n\n<p class=\"has-small-font-size wp-block-paragraph\">Oxford Academy (2011). Combatting Child Abuse in Finland: From Family to Child-centered Orientation. Retrieved from Oxford Academy at <a href=\"https:\/\/academic.oup.com\/book\/42637\/chapter-abstract\/358126538?redirectedFrom=fulltext\">https:\/\/academic.oup.com\/book\/42637\/chapter-abstract\/358126538?redirectedFrom=fulltext<\/a>, accessed in July 2025.<\/p>\n\n\n\n<p class=\"has-small-font-size wp-block-paragraph\">The Borgen Project (2020, October 6). The progress of women\u2019s rights in Finland. Retrieved from The Borgen Project at <a href=\"https:\/\/borgenproject.org\/womens-rights-in-finland\/\">https:\/\/borgenproject.org\/womens-rights-in-finland\/<\/a>, accessed in July 2025.<\/p>\n\n\n\n<p class=\"has-small-font-size wp-block-paragraph\">The Borgen Project (2021, June 1). Mental health in Finland: the world\u2019s happiest country. Retrieved from The Borgen Project at <a href=\"https:\/\/borgenproject.org\/mental-health-in-finland\/?form=MG0AV3\">https:\/\/borgenproject.org\/mental-health-in-finland\/?form=MG0AV3<\/a>, accessed in July 2025.<\/p>\n\n\n\n<p class=\"has-small-font-size wp-block-paragraph\">USCIS Guide (n.d.). Climate Change and Environmental Issues in Finland. Retrieved from USCIS Guide at <a href=\"https:\/\/www.uscisguide.com\/information\/climate-change-and-environmental-issues-in-finland\/\">https:\/\/www.uscisguide.com\/information\/climate-change-and-environmental-issues-in-finland\/<\/a>, accessed in July 2025.<\/p>\n\n\n\n<p class=\"has-small-font-size wp-block-paragraph\">USCIS Guide (n.d.). Legal Rights and Protections in Finland. Retrieved from USCIS Guide at <a href=\"https:\/\/www.uscisguide.com\/international\/legal-rights-and-protections-in-finland\/?form=MG0AV3\">https:\/\/www.uscisguide.com\/international\/legal-rights-and-protections-in-finland\/?form=MG0AV3<\/a>, accessed in July 2025.<\/p>\n\n\n\n<p class=\"has-small-font-size wp-block-paragraph\">United Nations Human Rights Treaty Bodies (n.d.). View the ratification status by country or by treaty &#8211; Finland. Retrieved from United Nations Human Rights Treaty Bodies at <a href=\"https:\/\/tbinternet.ohchr.org\/_layouts\/15\/TreatyBodyExternal\/Treaty.aspx?CountryID=11&amp;Lang=EN\">tbinternet.ohchr.org\/_layouts\/15\/TreatyBodyExternal\/Treaty.aspx?CountryID=11&amp;Lang=EN<\/a>, accessed in July 2025.<\/p>\n\n\n\n<p class=\"has-small-font-size wp-block-paragraph\">Views of Civil Society (2025). Voluntary National Review of 2025 of Finland. Retrieved from Views of Civil Society at <a href=\"https:\/\/fingo.fi\/wp-content\/uploads\/2025\/04\/2025_VNR_Finland-2025_Fingos-civil-society-report_online-version.pdf\">https:\/\/fingo.fi\/wp-content\/uploads\/2025\/04\/2025_VNR_Finland-2025_Fingos-civil-society-report_online-version.pdf<\/a>, accessed in July 2025.<\/p>\n\n\n\n<p class=\"has-small-font-size wp-block-paragraph\">World Economic Forum (2023, June 1). Finland is on track to meet some of the world&rsquo;s most ambitious carbon neutrality targets. Retrieved from World Economic Forum at <a href=\"https:\/\/www.weforum.org\/stories\/2023\/06\/finland-carbon-neutral-2035-goals\/?form=MG0AV3\">https:\/\/www.weforum.org\/stories\/2023\/06\/finland-carbon-neutral-2035-goals\/?form=MG0AV3<\/a>, accessed in July 2025.<\/p>\n\n\n\n<p class=\"has-small-font-size wp-block-paragraph\">World Economic Forum (2025). 10 reasons why Finland&rsquo;s education system is the best in the world. Retrieved from World Economic Forum at <a href=\"https:\/\/www.weforum.org\/stories\/2018\/09\/10-reasons-why-finlands-education-system-is-the-best-in-the-world\/#:~:text=Make%20the%20basics%20a%20priority,Individualised%20guidance\">https:\/\/www.weforum.org\/stories\/2018\/09\/10-reasons-why-finlands-education-system-is-the-best-in-the-world\/#:~:text=Make%20the%20basics%20a%20priority,Individualised%20guidance<\/a>, accessed in July 2025.<\/p>\n\n\n\n<p class=\"has-small-font-size wp-block-paragraph\">Yle News (2018, November 28). Children in Finland increasingly treated for mental health issues. Retrieved from Yle at <a href=\"https:\/\/yle.fi\/a\/3-10529653?form=MG0AV3\">https:\/\/yle.fi\/a\/3-10529653?form=MG0AV3<\/a>, accessed in July 2025. <\/p>\n\n\n\n<p class=\"has-small-font-size wp-block-paragraph\">Yle News (2019, October 3). Report: Women and girls in Finland still face violence, poverty, harassment. Retrieved from Yle News at <a href=\"https:\/\/yle.fi\/a\/3-11004056#:~:text=In%20a%20report%20published%20on%20Thursday%20(in%20Finnish),,poverty,%20racism%20and%20precarious%20labour%20contracts,%20among%20others\">https:\/\/yle.fi\/a\/3-11004056#<\/a>, accessed in July 2025.<\/p>\n\n\n\n<hr class=\"wp-block-separator has-alpha-channel-opacity\"\/>\n\n\n\n<p class=\"has-small-font-size wp-block-paragraph\"><a href=\"#_ftnref1\" id=\"_ftn1\"><sup>[1]<\/sup><\/a><em> Cet article ne pr\u00e9tend aucunement donner un aper\u00e7u complet ou repr\u00e9sentatif des droits de l\u2019enfant en Finlande ; en effet, l\u2019un des nombreux d\u00e9fis r\u00e9side dans le manque d\u2019informations actualis\u00e9es sur les enfants finlandais, dont une grande partie est peu fiable, non repr\u00e9sentative, obsol\u00e8te ou tout simplement inexistante.<\/em><em><\/em><\/p>\n","protected":false},"excerpt":{"rendered":"<p>La r\u00e9alisation des droits de l\u2019enfant en Finlande Bien que la Finlande soit reconnue sur le plan international pour son faible niveau d&rsquo;in\u00e9galit\u00e9s, son taux d&#8217;emploi \u00e9lev\u00e9, son syst\u00e8me \u00e9ducatif performant et son niveau de vie globalement \u00e9lev\u00e9, les enfants, en particulier ceux issus de minorit\u00e9s, continuent de se heurter \u00e0 d&rsquo;importants obstacles \u00e0 l&rsquo;exercice [&hellip;]<\/p>\n","protected":false},"author":65,"featured_media":61738,"parent":0,"menu_order":0,"comment_status":"closed","ping_status":"closed","template":"","meta":{"footnotes":""},"class_list":["post-19123","page","type-page","status-publish","has-post-thumbnail","hentry"],"yoast_head":"<!-- This site is optimized with the Yoast SEO plugin v28.3 - https:\/\/yoast.com\/product\/yoast-seo-wordpress\/ -->\n<title>Enfants de Finlande - Humanium<\/title>\n<meta name=\"description\" content=\"Des probl\u00e8mes tels que la discrimination, la pauvret\u00e9, la maltraitance persistent et nuisent au bien-\u00eatre de nombreux enfants en Finlande.\" \/>\n<meta name=\"robots\" content=\"index, follow, max-snippet:-1, max-image-preview:large, max-video-preview:-1\" \/>\n<link rel=\"canonical\" href=\"https:\/\/www.humanium.org\/fr\/finlande\/\" \/>\n<meta property=\"og:locale\" content=\"fr_FR\" \/>\n<meta property=\"og:type\" content=\"article\" \/>\n<meta property=\"og:title\" content=\"Enfants de Finlande - Humanium\" \/>\n<meta property=\"og:description\" content=\"Des probl\u00e8mes tels que la discrimination, la pauvret\u00e9, la maltraitance persistent et nuisent au bien-\u00eatre de nombreux enfants en Finlande.\" \/>\n<meta property=\"og:url\" content=\"https:\/\/www.humanium.org\/fr\/finlande\/\" \/>\n<meta property=\"og:site_name\" content=\"Humanium\" \/>\n<meta property=\"article:modified_time\" content=\"2026-01-25T12:23:09+00:00\" \/>\n<meta property=\"og:image\" content=\"https:\/\/www.humanium.org\/fr\/wp-content\/uploads\/2026\/01\/shutterstock_1937742640-scaled.jpg\" \/>\n\t<meta property=\"og:image:width\" content=\"2560\" \/>\n\t<meta property=\"og:image:height\" content=\"1707\" \/>\n\t<meta property=\"og:image:type\" content=\"image\/jpeg\" \/>\n<meta name=\"twitter:card\" content=\"summary_large_image\" \/>\n<meta name=\"twitter:label1\" content=\"Dur\u00e9e de lecture estim\u00e9e\" \/>\n\t<meta name=\"twitter:data1\" content=\"23 minutes\" \/>\n<script type=\"application\/ld+json\" class=\"yoast-schema-graph\">{\"@context\":\"https:\\\/\\\/schema.org\",\"@graph\":[{\"@type\":\"WebPage\",\"@id\":\"https:\\\/\\\/www.humanium.org\\\/fr\\\/finlande\\\/\",\"url\":\"https:\\\/\\\/www.humanium.org\\\/fr\\\/finlande\\\/\",\"name\":\"Enfants de Finlande - Humanium\",\"isPartOf\":{\"@id\":\"https:\\\/\\\/www.humanium.org\\\/fr\\\/#website\"},\"primaryImageOfPage\":{\"@id\":\"https:\\\/\\\/www.humanium.org\\\/fr\\\/finlande\\\/#primaryimage\"},\"image\":{\"@id\":\"https:\\\/\\\/www.humanium.org\\\/fr\\\/finlande\\\/#primaryimage\"},\"thumbnailUrl\":\"https:\\\/\\\/www.humanium.org\\\/fr\\\/wp-content\\\/uploads\\\/2026\\\/01\\\/shutterstock_1937742640-scaled.jpg\",\"datePublished\":\"2012-03-20T09:38:24+00:00\",\"dateModified\":\"2026-01-25T12:23:09+00:00\",\"description\":\"Des probl\u00e8mes tels que la discrimination, la pauvret\u00e9, la maltraitance persistent et nuisent au bien-\u00eatre de nombreux enfants en Finlande.\",\"breadcrumb\":{\"@id\":\"https:\\\/\\\/www.humanium.org\\\/fr\\\/finlande\\\/#breadcrumb\"},\"inLanguage\":\"fr-FR\",\"potentialAction\":[{\"@type\":\"ReadAction\",\"target\":[\"https:\\\/\\\/www.humanium.org\\\/fr\\\/finlande\\\/\"]}]},{\"@type\":\"ImageObject\",\"inLanguage\":\"fr-FR\",\"@id\":\"https:\\\/\\\/www.humanium.org\\\/fr\\\/finlande\\\/#primaryimage\",\"url\":\"https:\\\/\\\/www.humanium.org\\\/fr\\\/wp-content\\\/uploads\\\/2026\\\/01\\\/shutterstock_1937742640-scaled.jpg\",\"contentUrl\":\"https:\\\/\\\/www.humanium.org\\\/fr\\\/wp-content\\\/uploads\\\/2026\\\/01\\\/shutterstock_1937742640-scaled.jpg\",\"width\":2560,\"height\":1707},{\"@type\":\"BreadcrumbList\",\"@id\":\"https:\\\/\\\/www.humanium.org\\\/fr\\\/finlande\\\/#breadcrumb\",\"itemListElement\":[{\"@type\":\"ListItem\",\"position\":1,\"name\":\"Home\",\"item\":\"https:\\\/\\\/www.humanium.org\\\/fr\\\/\"},{\"@type\":\"ListItem\",\"position\":2,\"name\":\"Enfants de Finlande\"}]},{\"@type\":\"WebSite\",\"@id\":\"https:\\\/\\\/www.humanium.org\\\/fr\\\/#website\",\"url\":\"https:\\\/\\\/www.humanium.org\\\/fr\\\/\",\"name\":\"Humanium\",\"description\":\"Les enfants d\u2019abord !\",\"potentialAction\":[{\"@type\":\"SearchAction\",\"target\":{\"@type\":\"EntryPoint\",\"urlTemplate\":\"https:\\\/\\\/www.humanium.org\\\/fr\\\/?s={search_term_string}\"},\"query-input\":{\"@type\":\"PropertyValueSpecification\",\"valueRequired\":true,\"valueName\":\"search_term_string\"}}],\"inLanguage\":\"fr-FR\"}]}<\/script>\n<!-- \/ Yoast SEO plugin. -->","yoast_head_json":{"title":"Enfants de Finlande - Humanium","description":"Des probl\u00e8mes tels que la discrimination, la pauvret\u00e9, la maltraitance persistent et nuisent au bien-\u00eatre de nombreux enfants en Finlande.","robots":{"index":"index","follow":"follow","max-snippet":"max-snippet:-1","max-image-preview":"max-image-preview:large","max-video-preview":"max-video-preview:-1"},"canonical":"https:\/\/www.humanium.org\/fr\/finlande\/","og_locale":"fr_FR","og_type":"article","og_title":"Enfants de Finlande - Humanium","og_description":"Des probl\u00e8mes tels que la discrimination, la pauvret\u00e9, la maltraitance persistent et nuisent au bien-\u00eatre de nombreux enfants en Finlande.","og_url":"https:\/\/www.humanium.org\/fr\/finlande\/","og_site_name":"Humanium","article_modified_time":"2026-01-25T12:23:09+00:00","og_image":[{"width":2560,"height":1707,"url":"https:\/\/www.humanium.org\/fr\/wp-content\/uploads\/2026\/01\/shutterstock_1937742640-scaled.jpg","type":"image\/jpeg"}],"twitter_card":"summary_large_image","twitter_misc":{"Dur\u00e9e de lecture estim\u00e9e":"23 minutes"},"schema":{"@context":"https:\/\/schema.org","@graph":[{"@type":"WebPage","@id":"https:\/\/www.humanium.org\/fr\/finlande\/","url":"https:\/\/www.humanium.org\/fr\/finlande\/","name":"Enfants de Finlande - Humanium","isPartOf":{"@id":"https:\/\/www.humanium.org\/fr\/#website"},"primaryImageOfPage":{"@id":"https:\/\/www.humanium.org\/fr\/finlande\/#primaryimage"},"image":{"@id":"https:\/\/www.humanium.org\/fr\/finlande\/#primaryimage"},"thumbnailUrl":"https:\/\/www.humanium.org\/fr\/wp-content\/uploads\/2026\/01\/shutterstock_1937742640-scaled.jpg","datePublished":"2012-03-20T09:38:24+00:00","dateModified":"2026-01-25T12:23:09+00:00","description":"Des probl\u00e8mes tels que la discrimination, la pauvret\u00e9, la maltraitance persistent et nuisent au bien-\u00eatre de nombreux enfants en Finlande.","breadcrumb":{"@id":"https:\/\/www.humanium.org\/fr\/finlande\/#breadcrumb"},"inLanguage":"fr-FR","potentialAction":[{"@type":"ReadAction","target":["https:\/\/www.humanium.org\/fr\/finlande\/"]}]},{"@type":"ImageObject","inLanguage":"fr-FR","@id":"https:\/\/www.humanium.org\/fr\/finlande\/#primaryimage","url":"https:\/\/www.humanium.org\/fr\/wp-content\/uploads\/2026\/01\/shutterstock_1937742640-scaled.jpg","contentUrl":"https:\/\/www.humanium.org\/fr\/wp-content\/uploads\/2026\/01\/shutterstock_1937742640-scaled.jpg","width":2560,"height":1707},{"@type":"BreadcrumbList","@id":"https:\/\/www.humanium.org\/fr\/finlande\/#breadcrumb","itemListElement":[{"@type":"ListItem","position":1,"name":"Home","item":"https:\/\/www.humanium.org\/fr\/"},{"@type":"ListItem","position":2,"name":"Enfants de Finlande"}]},{"@type":"WebSite","@id":"https:\/\/www.humanium.org\/fr\/#website","url":"https:\/\/www.humanium.org\/fr\/","name":"Humanium","description":"Les enfants d\u2019abord !","potentialAction":[{"@type":"SearchAction","target":{"@type":"EntryPoint","urlTemplate":"https:\/\/www.humanium.org\/fr\/?s={search_term_string}"},"query-input":{"@type":"PropertyValueSpecification","valueRequired":true,"valueName":"search_term_string"}}],"inLanguage":"fr-FR"}]}},"_links":{"self":[{"href":"https:\/\/www.humanium.org\/fr\/wp-json\/wp\/v2\/pages\/19123","targetHints":{"allow":["GET"]}}],"collection":[{"href":"https:\/\/www.humanium.org\/fr\/wp-json\/wp\/v2\/pages"}],"about":[{"href":"https:\/\/www.humanium.org\/fr\/wp-json\/wp\/v2\/types\/page"}],"author":[{"embeddable":true,"href":"https:\/\/www.humanium.org\/fr\/wp-json\/wp\/v2\/users\/65"}],"replies":[{"embeddable":true,"href":"https:\/\/www.humanium.org\/fr\/wp-json\/wp\/v2\/comments?post=19123"}],"version-history":[{"count":23,"href":"https:\/\/www.humanium.org\/fr\/wp-json\/wp\/v2\/pages\/19123\/revisions"}],"predecessor-version":[{"id":61747,"href":"https:\/\/www.humanium.org\/fr\/wp-json\/wp\/v2\/pages\/19123\/revisions\/61747"}],"wp:featuredmedia":[{"embeddable":true,"href":"https:\/\/www.humanium.org\/fr\/wp-json\/wp\/v2\/media\/61738"}],"wp:attachment":[{"href":"https:\/\/www.humanium.org\/fr\/wp-json\/wp\/v2\/media?parent=19123"}],"curies":[{"name":"wp","href":"https:\/\/api.w.org\/{rel}","templated":true}]}}