{"id":19457,"date":"2010-07-01T13:31:31","date_gmt":"2010-07-01T13:31:31","guid":{"rendered":"http:\/\/www.humanium.org\/fr\/"},"modified":"2026-08-20T17:23:29","modified_gmt":"2026-08-20T17:23:29","slug":"droit-a-l-alimentation-3","status":"publish","type":"page","link":"https:\/\/www.humanium.org\/fr\/droit-a-l-alimentation-3\/","title":{"rendered":"Droit \u00e0 l&rsquo;Alimentation dans le Monde : Situation du droit \u00e0 l&rsquo;alimentation des enfants dans le monde"},"content":{"rendered":"<h1>Droit \u00e0 l&rsquo;Alimentation dans le Monde<\/h1>\n<h2>Situation du droit \u00e0 l&rsquo;alimentation des enfants dans le monde<\/h2>\n<p><strong>Le droit \u00e0 l\u2019alimentation des enfants est reconnu par l\u2019ensemble des normes internationales relatives aux droits de l\u2019homme et aux droits de l\u2019enfant. Pourtant aujourd\u2019hui, des millions d\u2019enfants \u00e0 travers le monde souffrent de sous-alimentation ou de malnutrition.<\/strong><\/p>\n<h3>Causes de l&rsquo;ins\u00e9curit\u00e9 alimentaire dans le monde<\/h3>\n<p>L\u2019ins\u00e9curit\u00e9 alimentaire dans le monde est le r\u00e9sultat de plusieurs facteurs.<\/p>\n<h4>Pauvret\u00e9 et ins\u00e9curit\u00e9 alimentaire<\/h4>\n<p><img loading=\"lazy\" decoding=\"async\" class=\"size-full wp-image-4608 alignright\" title=\"Les enfants sont les premi\u00e8res victimes des p\u00e9nuries alimentaires - \u00a9 IRIN\/A.Emam\" alt=\"\" src=\"https:\/\/www.humanium.org\/fr\/wp-content\/uploads\/IRIN-amr-emam.jpg\" width=\"167\" height=\"255\" \/>Tout d\u2019abord, la pauvret\u00e9, qui est \u00e0 la fois une cause et une cons\u00e9quence de la malnutrition et de la sous-alimentation dans le monde. Les personnes vivant dans la pauvret\u00e9 n\u2019ont souvent pas acc\u00e8s \u00e0 la nourriture disponible, car ils n&rsquo;ont pas des moyens financiers n\u00e9cessaires ou n\u2019ont pas la possibilit\u00e9 de produire leur propre nourriture.<\/p>\n<p>Enfin, la malnutrition des enfants est aussi imputable \u00e0 un manque d\u2019information des populations sur les besoins journaliers essentiels pour le d\u00e9veloppement physique et intellectuel des enfants.<\/p>\n<h4>P\u00e9nuries alimentaires li\u00e9es aux instabilit\u00e9s climatiques et politiques<\/h4>\n<p><img loading=\"lazy\" decoding=\"async\" class=\"size-full wp-image-4603 alignleft\" title=\"L'ins\u00e9curit\u00e9 alimentaire est souvent le r\u00e9sultat de situations de crise - \u00a9 IRIN\" alt=\"\" src=\"https:\/\/www.humanium.org\/fr\/wp-content\/uploads\/IRIN-food.jpg\" width=\"253\" height=\"193\" \/>Les p\u00e9nuries alimentaires sont \u00e9galement une autre cause majeure de la faim dans le monde. Les populations se retrouvent face \u00e0 un d\u00e9ficit alimentaire.<\/p>\n<p>Ce sont les \u00e9v\u00e9nements climatiques exceptionnels (s\u00e9cheresses, incendies, inondations\u2026), les conflits et les guerres, qui sont g\u00e9n\u00e9ralement \u00e0 l\u2019origine des ruptures de stock ou d\u2019acheminement de nourriture.<\/p>\n<p>Cependant, ces facteurs engendrent des p\u00e9nuries alimentaires et des situations de famine seulement dans les pays marqu\u00e9s par une grande pauvret\u00e9, qui n\u2019ont pas les moyens financiers pour se relever de ces d\u00e9sastres.<\/p>\n<h3>\u00c9tat des lieux du droit \u00e0 l\u2019alimentation dans le monde<\/h3>\n<p>Aujourd\u2019hui, plus d\u2019un milliard de personnes sont expos\u00e9es aux probl\u00e8mes de sous-alimentation dans le monde. Parmi elles, 800 millions souffrent de malnutrition.<\/p>\n<h4>Les enfants sont les premi\u00e8res victimes de la pauvret\u00e9 et de l\u2019ins\u00e9curit\u00e9 alimentaire<\/h4>\n<p><img loading=\"lazy\" decoding=\"async\" class=\"size-full wp-image-4611 alignright\" title=\"Certaines r\u00e9gions de l'Afrique sont plus touch\u00e9es que d'autres par l'ins\u00e9curit\u00e9 alimentaire - \u00a9 UNESCO\/R.Dominique\" alt=\"\" src=\"https:\/\/www.humanium.org\/fr\/wp-content\/uploads\/UNESCO-R-Dominique-2.jpg\" width=\"272\" height=\"176\" \/><\/p>\n<p>Dans les pays en d\u00e9veloppement, 146 millions d&rsquo;enfants \u00e2g\u00e9s de moins de 5 ans ont un poids tr\u00e8s inf\u00e9rieur \u00e0 la normale. C\u2019est donc un enfant sur quatre dans le monde qui est atteint de malnutrition chronique ou aig\u00fce.<\/p>\n<p>L\u2019Afrique subsaharienne, l\u2019Asie du Sud-est, l\u2019Asie de l\u2019Est et le Pacifique sont les r\u00e9gions les plus touch\u00e9es par l&rsquo;ins\u00e9curit\u00e9 alimentaire. La <a title=\"Mortalit\u00e9 infantile\" href=\"https:\/\/www.humanium.org\/fr\/mortalite-infantile\/\">mortalit\u00e9 infantile<\/a> y atteint des sommets, notamment dans la r\u00e9gion du Sahel, o\u00f9 60 % des d\u00e9c\u00e8s d\u2019enfants \u00e2g\u00e9s de moins de 5 ans sont directement li\u00e9s \u00e0 la malnutrition.<\/p>\n<h4>La gravit\u00e9 des carences alimentaires sur les enfants<\/h4>\n<p>Les carences en micronutriments tuent et handicapent chaque ann\u00e9e des millions d\u2019enfants : plus de 500 000 enfants perdent la vue \u00e0 cause d\u2019une carence en vitamine A, et 40 \u00e0 60 % des enfants dans les pays en d\u00e9veloppement sont victimes d\u2019un retard mental \u00e0 cause d\u2019une carence en fer. Fragilis\u00e9s par les carences nutritives, ces enfants sont plus expos\u00e9s aux infections et aux maladies.<\/p>\n<p>Aussi, plus de 5 millions d\u2019enfants meurent chaque ann\u00e9e suite \u00e0 la malnutrition combin\u00e9e \u00e0 des maladies \u00e9vitables (pneumonie, diarrh\u00e9e, paludisme, rougeole). C\u2019est 1 enfant qui meure toute les 6 secondes.<\/p>\n<p>M\u00eame si des progr\u00e8s consid\u00e9rables ont \u00e9t\u00e9 r\u00e9alis\u00e9s durant ces derni\u00e8res d\u00e9cennies pour am\u00e9liorer la s\u00e9curit\u00e9 alimentaire mondiale, trop de personnes souffrent encore de la faim et de la malnutrition.<\/p>\n<div id=\"toggle\"><a onclick=\"show_voir_aussi('voir_aussi_box')\" href=\"javascript:show_voir_aussi(id)\"><\/a><\/div>\n<div id=\"voir_aussi_box\" style=\"display: none;\">\n<ul>\n<li><a href=\"https:\/\/www.humanium.org\/fr\/comprendre-droits-enfant\/droit-a-l-alimentation\/\" target=\"_self\" rel=\"noopener noreferrer\">Comprendre le droit \u00e0 l&rsquo;alimentation<\/a><\/li>\n<li>Les probl\u00e8mes li\u00e9s \u00e0 la malnutrition<\/li>\n<li>La r\u00e9partition in\u00e9gale des ressources : la crise alimentaire expliqu\u00e9e<\/li>\n<\/ul>\n<\/div>\n<p><\/p>\n<div><strong>Article:<\/strong><\/p>\n<ul>\n<li>Priya Shetty, \u00ab\u00a0Les d\u00e9fis pos\u00e9s par la malnutrition: faits et chiffres\u00a0\u00bb, 20 Janvier 2010, SciDev.net Le r\u00e9seau sciences et d\u00e9veloppement.<\/li>\n<\/ul>\n<p><strong>Publications:<\/strong><\/p>\n<ul>\n<li>UNICEF, La malnutrition des Enfants;<\/li>\n<li><a href=\"https:\/\/www.humanium.org\/fr\/wp-content\/uploads\/UNICEF-situation-enfant-monde-2009.pdf\" target=\"_blank\" rel=\"noopener noreferrer\">UNICEF, La situation des enfants dans le monde, 2009<\/a> ;<\/li>\n<li><a href=\"http:\/\/www.hrea.org\/?doc_id=840\" target=\"_blank\" rel=\"noopener noreferrer\">Human Rights Education Associates, Guide d&rsquo;apprentissage: L&rsquo;alimentation et l&rsquo;eau.<\/a><\/li>\n<\/ul>\n<p><strong>Rapports:<\/strong><\/p>\n<ul>\n<li><a href=\"http:\/\/hdr.undp.org\/en\/2013-report\" target=\"_blank\" rel=\"noopener noreferrer\">PNUD, Rapport mondial sur le d\u00e9veloppement humain, 2009<\/a> ;<\/li>\n<li>PNUD, Rapport sur le d\u00e9veloppement humain, 2007-2008.<\/li>\n<\/ul>\n<\/div>\n<p><\/p>\n<div id=\"toggle\"><a onclick=\"show_plus_loin('plus_loin_box')\" href=\"javascript:show_plus_loin(id)\"><\/a><\/div>\n<div id=\"plus_loin_box\" style=\"display: none;\">\n<ul>\n<li>HCDH, Rapporteur Sp\u00e9cial des Nations Unies pour le Droit \u00e0 l&rsquo;Alimentation ;<\/li>\n<li>Olivier De Schutter, Rapporteur Sp\u00e9cial des Nations Unies pour le Droit \u00e0 l\u2019Alimentation ;<\/li>\n<li>Organisation des Nations Unies pour l&rsquo;Alimentation et l&rsquo;Agriculture;<\/li>\n<li>Louise Potterton, \u00ab\u00a0Combattre la Malnutrition\u00a0\u00bb, Groupe International Sp\u00e9cial sur la malnutrition ;<\/li>\n<li>Rapport 2013 de l&rsquo;UNICEF, \u00ab\u00a0Am\u00e9liorer la nutrition de l&rsquo;enfant\u00a0\u00bb;<\/li>\n<li>AIDH, Le droit \u00e0 l&rsquo;alimentation.<\/li>\n<\/ul>\n<\/div>\n","protected":false},"excerpt":{"rendered":"<p>Droit \u00e0 l&rsquo;Alimentation dans le Monde Situation du droit \u00e0 l&rsquo;alimentation des enfants dans le monde Le droit \u00e0 l\u2019alimentation des enfants est reconnu par l\u2019ensemble des normes internationales relatives aux droits de l\u2019homme et aux droits de l\u2019enfant. Pourtant aujourd\u2019hui, des millions d\u2019enfants \u00e0 travers le monde souffrent de sous-alimentation ou de malnutrition. Causes [&hellip;]<\/p>\n","protected":false},"author":65,"featured_media":0,"parent":0,"menu_order":3,"comment_status":"closed","ping_status":"closed","template":"","meta":{"footnotes":""},"class_list":["post-19457","page","type-page","status-publish","hentry"],"yoast_head":"<!-- This site is optimized with the Yoast SEO plugin v28.3 - https:\/\/yoast.com\/product\/yoast-seo-wordpress\/ -->\n<title>Droit \u00e0 l&#039;Alimentation dans le Monde : Situation du droit \u00e0 l&#039;alimentation des enfants dans le monde - Humanium<\/title>\n<meta name=\"robots\" content=\"index, follow, max-snippet:-1, max-image-preview:large, max-video-preview:-1\" \/>\n<link rel=\"canonical\" href=\"https:\/\/www.humanium.org\/fr\/droit-a-l-alimentation-3\/\" \/>\n<meta property=\"og:locale\" content=\"fr_FR\" \/>\n<meta property=\"og:type\" content=\"article\" \/>\n<meta property=\"og:title\" content=\"Droit \u00e0 l&#039;Alimentation dans le Monde : Situation du droit \u00e0 l&#039;alimentation des enfants dans le monde - Humanium\" \/>\n<meta property=\"og:description\" content=\"Droit \u00e0 l&rsquo;Alimentation dans le Monde Situation du droit \u00e0 l&rsquo;alimentation des enfants dans le monde Le droit \u00e0 l\u2019alimentation des enfants est reconnu par l\u2019ensemble des normes internationales relatives aux droits de l\u2019homme et aux droits de l\u2019enfant. Pourtant aujourd\u2019hui, des millions d\u2019enfants \u00e0 travers le monde souffrent de sous-alimentation ou de malnutrition. Causes [&hellip;]\" \/>\n<meta property=\"og:url\" content=\"https:\/\/www.humanium.org\/fr\/droit-a-l-alimentation-3\/\" \/>\n<meta property=\"og:site_name\" content=\"Humanium\" \/>\n<meta property=\"article:modified_time\" content=\"2026-08-20T17:23:29+00:00\" \/>\n<meta name=\"twitter:card\" content=\"summary_large_image\" \/>\n<meta name=\"twitter:label1\" content=\"Dur\u00e9e de lecture estim\u00e9e\" \/>\n\t<meta name=\"twitter:data1\" content=\"4 minutes\" \/>\n<script type=\"application\/ld+json\" class=\"yoast-schema-graph\">{\"@context\":\"https:\\\/\\\/schema.org\",\"@graph\":[{\"@type\":\"WebPage\",\"@id\":\"https:\\\/\\\/www.humanium.org\\\/fr\\\/droit-a-l-alimentation-3\\\/\",\"url\":\"https:\\\/\\\/www.humanium.org\\\/fr\\\/droit-a-l-alimentation-3\\\/\",\"name\":\"Droit \u00e0 l'Alimentation dans le Monde : Situation du droit \u00e0 l'alimentation des enfants dans le monde - Humanium\",\"isPartOf\":{\"@id\":\"https:\\\/\\\/www.humanium.org\\\/fr\\\/#website\"},\"primaryImageOfPage\":{\"@id\":\"https:\\\/\\\/www.humanium.org\\\/fr\\\/droit-a-l-alimentation-3\\\/#primaryimage\"},\"image\":{\"@id\":\"https:\\\/\\\/www.humanium.org\\\/fr\\\/droit-a-l-alimentation-3\\\/#primaryimage\"},\"thumbnailUrl\":\"https:\\\/\\\/www.humanium.org\\\/fr\\\/wp-content\\\/uploads\\\/IRIN-amr-emam.jpg\",\"datePublished\":\"2010-07-01T13:31:31+00:00\",\"dateModified\":\"2026-08-20T17:23:29+00:00\",\"breadcrumb\":{\"@id\":\"https:\\\/\\\/www.humanium.org\\\/fr\\\/droit-a-l-alimentation-3\\\/#breadcrumb\"},\"inLanguage\":\"fr-FR\",\"potentialAction\":[{\"@type\":\"ReadAction\",\"target\":[\"https:\\\/\\\/www.humanium.org\\\/fr\\\/droit-a-l-alimentation-3\\\/\"]}]},{\"@type\":\"ImageObject\",\"inLanguage\":\"fr-FR\",\"@id\":\"https:\\\/\\\/www.humanium.org\\\/fr\\\/droit-a-l-alimentation-3\\\/#primaryimage\",\"url\":\"https:\\\/\\\/www.humanium.org\\\/fr\\\/wp-content\\\/uploads\\\/IRIN-amr-emam.jpg\",\"contentUrl\":\"https:\\\/\\\/www.humanium.org\\\/fr\\\/wp-content\\\/uploads\\\/IRIN-amr-emam.jpg\"},{\"@type\":\"BreadcrumbList\",\"@id\":\"https:\\\/\\\/www.humanium.org\\\/fr\\\/droit-a-l-alimentation-3\\\/#breadcrumb\",\"itemListElement\":[{\"@type\":\"ListItem\",\"position\":1,\"name\":\"Home\",\"item\":\"https:\\\/\\\/www.humanium.org\\\/fr\\\/\"},{\"@type\":\"ListItem\",\"position\":2,\"name\":\"Droit \u00e0 l&rsquo;Alimentation dans le Monde : Situation du droit \u00e0 l&rsquo;alimentation des enfants dans le monde\"}]},{\"@type\":\"WebSite\",\"@id\":\"https:\\\/\\\/www.humanium.org\\\/fr\\\/#website\",\"url\":\"https:\\\/\\\/www.humanium.org\\\/fr\\\/\",\"name\":\"Humanium\",\"description\":\"Les enfants d\u2019abord !\",\"potentialAction\":[{\"@type\":\"SearchAction\",\"target\":{\"@type\":\"EntryPoint\",\"urlTemplate\":\"https:\\\/\\\/www.humanium.org\\\/fr\\\/?s={search_term_string}\"},\"query-input\":{\"@type\":\"PropertyValueSpecification\",\"valueRequired\":true,\"valueName\":\"search_term_string\"}}],\"inLanguage\":\"fr-FR\"}]}<\/script>\n<!-- \/ Yoast SEO plugin. -->","yoast_head_json":{"title":"Droit \u00e0 l'Alimentation dans le Monde : Situation du droit \u00e0 l'alimentation des enfants dans le monde - Humanium","robots":{"index":"index","follow":"follow","max-snippet":"max-snippet:-1","max-image-preview":"max-image-preview:large","max-video-preview":"max-video-preview:-1"},"canonical":"https:\/\/www.humanium.org\/fr\/droit-a-l-alimentation-3\/","og_locale":"fr_FR","og_type":"article","og_title":"Droit \u00e0 l'Alimentation dans le Monde : Situation du droit \u00e0 l'alimentation des enfants dans le monde - Humanium","og_description":"Droit \u00e0 l&rsquo;Alimentation dans le Monde Situation du droit \u00e0 l&rsquo;alimentation des enfants dans le monde Le droit \u00e0 l\u2019alimentation des enfants est reconnu par l\u2019ensemble des normes internationales relatives aux droits de l\u2019homme et aux droits de l\u2019enfant. Pourtant aujourd\u2019hui, des millions d\u2019enfants \u00e0 travers le monde souffrent de sous-alimentation ou de malnutrition. Causes [&hellip;]","og_url":"https:\/\/www.humanium.org\/fr\/droit-a-l-alimentation-3\/","og_site_name":"Humanium","article_modified_time":"2026-08-20T17:23:29+00:00","twitter_card":"summary_large_image","twitter_misc":{"Dur\u00e9e de lecture estim\u00e9e":"4 minutes"},"schema":{"@context":"https:\/\/schema.org","@graph":[{"@type":"WebPage","@id":"https:\/\/www.humanium.org\/fr\/droit-a-l-alimentation-3\/","url":"https:\/\/www.humanium.org\/fr\/droit-a-l-alimentation-3\/","name":"Droit \u00e0 l'Alimentation dans le Monde : Situation du droit \u00e0 l'alimentation des enfants dans le monde - Humanium","isPartOf":{"@id":"https:\/\/www.humanium.org\/fr\/#website"},"primaryImageOfPage":{"@id":"https:\/\/www.humanium.org\/fr\/droit-a-l-alimentation-3\/#primaryimage"},"image":{"@id":"https:\/\/www.humanium.org\/fr\/droit-a-l-alimentation-3\/#primaryimage"},"thumbnailUrl":"https:\/\/www.humanium.org\/fr\/wp-content\/uploads\/IRIN-amr-emam.jpg","datePublished":"2010-07-01T13:31:31+00:00","dateModified":"2026-08-20T17:23:29+00:00","breadcrumb":{"@id":"https:\/\/www.humanium.org\/fr\/droit-a-l-alimentation-3\/#breadcrumb"},"inLanguage":"fr-FR","potentialAction":[{"@type":"ReadAction","target":["https:\/\/www.humanium.org\/fr\/droit-a-l-alimentation-3\/"]}]},{"@type":"ImageObject","inLanguage":"fr-FR","@id":"https:\/\/www.humanium.org\/fr\/droit-a-l-alimentation-3\/#primaryimage","url":"https:\/\/www.humanium.org\/fr\/wp-content\/uploads\/IRIN-amr-emam.jpg","contentUrl":"https:\/\/www.humanium.org\/fr\/wp-content\/uploads\/IRIN-amr-emam.jpg"},{"@type":"BreadcrumbList","@id":"https:\/\/www.humanium.org\/fr\/droit-a-l-alimentation-3\/#breadcrumb","itemListElement":[{"@type":"ListItem","position":1,"name":"Home","item":"https:\/\/www.humanium.org\/fr\/"},{"@type":"ListItem","position":2,"name":"Droit \u00e0 l&rsquo;Alimentation dans le Monde : Situation du droit \u00e0 l&rsquo;alimentation des enfants dans le monde"}]},{"@type":"WebSite","@id":"https:\/\/www.humanium.org\/fr\/#website","url":"https:\/\/www.humanium.org\/fr\/","name":"Humanium","description":"Les enfants d\u2019abord !","potentialAction":[{"@type":"SearchAction","target":{"@type":"EntryPoint","urlTemplate":"https:\/\/www.humanium.org\/fr\/?s={search_term_string}"},"query-input":{"@type":"PropertyValueSpecification","valueRequired":true,"valueName":"search_term_string"}}],"inLanguage":"fr-FR"}]}},"_links":{"self":[{"href":"https:\/\/www.humanium.org\/fr\/wp-json\/wp\/v2\/pages\/19457","targetHints":{"allow":["GET"]}}],"collection":[{"href":"https:\/\/www.humanium.org\/fr\/wp-json\/wp\/v2\/pages"}],"about":[{"href":"https:\/\/www.humanium.org\/fr\/wp-json\/wp\/v2\/types\/page"}],"author":[{"embeddable":true,"href":"https:\/\/www.humanium.org\/fr\/wp-json\/wp\/v2\/users\/65"}],"replies":[{"embeddable":true,"href":"https:\/\/www.humanium.org\/fr\/wp-json\/wp\/v2\/comments?post=19457"}],"version-history":[{"count":15,"href":"https:\/\/www.humanium.org\/fr\/wp-json\/wp\/v2\/pages\/19457\/revisions"}],"predecessor-version":[{"id":62144,"href":"https:\/\/www.humanium.org\/fr\/wp-json\/wp\/v2\/pages\/19457\/revisions\/62144"}],"wp:attachment":[{"href":"https:\/\/www.humanium.org\/fr\/wp-json\/wp\/v2\/media?parent=19457"}],"curies":[{"name":"wp","href":"https:\/\/api.w.org\/{rel}","templated":true}]}}