{"id":19465,"date":"2010-07-08T12:58:17","date_gmt":"2010-07-08T12:58:17","guid":{"rendered":"http:\/\/www.humanium.org\/fr\/"},"modified":"2017-10-04T07:30:28","modified_gmt":"2017-10-04T07:30:28","slug":"declaration-de-pekin-1995","status":"publish","type":"page","link":"https:\/\/www.humanium.org\/fr\/autres\/declaration-de-pekin-1995\/","title":{"rendered":"D\u00e9claration de P\u00e9kin sur la promotion des femmes et des filles en Asie &#8211; 1995 &#8211; Texte int\u00e9gral"},"content":{"rendered":"<h2><span style=\"color: #800000;\"><a href=\"https:\/\/www.humanium.org\/fr\/wp-content\/uploads\/declaration-pekin.odt\" target=\"_blank\"><img loading=\"lazy\" decoding=\"async\" class=\"alignright size-full wp-image-972\" title=\"ODT\" alt=\"\" src=\"https:\/\/www.humanium.org\/fr\/wp-content\/uploads\/logo-odt.gif\" width=\"28\" height=\"24\" \/><\/a><a href=\"https:\/\/www.humanium.org\/fr\/wp-content\/uploads\/declaration-pekin.docx\" target=\"_blank\"><img loading=\"lazy\" decoding=\"async\" class=\"alignright size-full wp-image-974\" title=\"WORD\" alt=\"\" src=\"https:\/\/www.humanium.org\/fr\/wp-content\/uploads\/logo-word.gif\" width=\"24\" height=\"24\" \/><\/a><a href=\"https:\/\/www.humanium.org\/fr\/wp-content\/uploads\/declaration-pekin.pdf\" target=\"_blank\"><img loading=\"lazy\" decoding=\"async\" class=\"alignright size-full wp-image-973\" title=\"PDF\" alt=\"\" src=\"https:\/\/www.humanium.org\/fr\/wp-content\/uploads\/logo-pdf.gif\" width=\"24\" height=\"24\" \/><\/a>D\u00e9claration de P\u00e9kin sur la promotion des femmes et des filles en Asie<br \/>\n<\/span><\/h2>\n<h3><span style=\"color: #800000;\"><span style=\"color: #800000;\">15 Septembre 1995 (texte int\u00e9gral)<\/span><br \/>\n<\/span><\/h3>\n<h3 style=\"text-align: left;\"><span style=\"color: #000080;\">Conf\u00e9rence internationale sur les femmes<\/span><\/h3>\n<p style=\"text-align: left;\">Nous, gouvernements participant \u00e0 la quatri\u00e8me Conf\u00e9rence mondiale sur les femmes, r\u00e9unis \u00e0 Beijing (P\u00e9kin) en septembre 1995, ann\u00e9e du cinquanti\u00e8me anniversaire de la fondation de l\u2019Organisation des Nations Unies, r\u00e9solus \u00e0 faire progresser les objectifs d\u2019\u00e9galit\u00e9, de d\u00e9veloppement et de paix pour toutes les femmes dans le monde entier, dans l\u2019int\u00e9r\u00eat de l\u2019humanit\u00e9 tout enti\u00e8re,<\/p>\n<p style=\"text-align: left;\">Prenant note de la voix de toutes les femmes dans le monde entier et tenant compte de la diversit\u00e9 des femmes, de leurs r\u00f4les et de leurs conditions de vie, rendant hommage aux femmes qui ont ouvert la voie, et inspir\u00e9s par l\u2019esp\u00e9rance incarn\u00e9e dans les jeunes du monde entier,<\/p>\n<p style=\"text-align: left;\">Constatons que la condition de la femme s\u2019est am\u00e9lior\u00e9e dans certains domaines importants au cours de la derni\u00e8re d\u00e9cennie mais que les progr\u00e8s ont \u00e9t\u00e9 in\u00e9gaux, que les in\u00e9galit\u00e9s entre hommes et femmes persistent et que d\u2019importants obstacles subsistent, ce qui a de graves cons\u00e9quences pour le bien-\u00eatre de l\u2019humanit\u00e9 tout enti\u00e8re,<\/p>\n<p style=\"text-align: left;\">Constatons \u00e9galement que cette situation est exacerb\u00e9e par l\u2019accroissement de la pauvret\u00e9 qui affecte la vie de la plus grande partie de la population mondiale, en particulier des femmes et des enfants, et dont les origines sont d\u2019ordre tant national qu\u2019international,<\/p>\n<p style=\"text-align: left;\">Nous consacrons sans r\u00e9serve \u00e0 l\u2019\u00e9limination de ces contraintes et obstacles afin de promouvoir encore le progr\u00e8s et l\u2019accroissement du pouvoir d\u2019action des femmes dans le monde entier, et convenons que cela exige que des mesures soient prises d\u2019urgence dans un esprit de d\u00e9termination, d\u2019espoir de coop\u00e9ration et de solidarit\u00e9 qui nous portera dans le si\u00e8cle prochain.<\/p>\n<h3 style=\"text-align: left;\"><strong><span style=\"color: #000080;\">Nous r\u00e9affirmons notre engagement de :<\/span><\/strong><\/h3>\n<p style=\"text-align: left;\">R\u00e9aliser l\u2019\u00e9galit\u00e9 des droits et la dignit\u00e9 intrins\u00e8que des hommes et des femmes et atteindre les autres objectifs et adh\u00e9rer aux principes consacr\u00e9s dans la Charte des Nations Unies, la D\u00e9claration universelle des droits de l\u2019homme et les autres instruments internationaux relatifs aux droits de l\u2019homme, en particulier la Convention sur l\u2019\u00e9limination de toutes les formes de discrimination \u00e0 l\u2019\u00e9gard des femmes et la Convention relative aux droits de l\u2019enfant ainsi que la D\u00e9claration sur l\u2019\u00e9limination de la violence \u00e0 l\u2019\u00e9gard des femmes et la D\u00e9claration sur le droit au d\u00e9veloppement ;<\/p>\n<p style=\"text-align: left;\">Garantir la pleine r\u00e9alisation des droits fondamentaux des femmes et des petites filles, en tant que partie inali\u00e9nable, int\u00e9grante et indivisible de tous les droits de la personne humaine et de toutes les libert\u00e9s fondamentales ;<\/p>\n<p style=\"text-align: left;\">Faire fond sur le consensus et les progr\u00e8s r\u00e9alis\u00e9s lors des conf\u00e9rences et sommets pr\u00e9c\u00e9dents des Nations unies consacr\u00e9s aux femmes (Nairobi, 1985), aux enfants (New York, 1990), \u00e0 l\u2019environnement et au d\u00e9veloppement (Rio de Janeiro, 1992), aux droits de l\u2019homme (Vienne, 1993), \u00e0 la population et au d\u00e9veloppement (Le Caire, 1994) et au d\u00e9veloppement social (Copenhague, 1995), en vue d\u2019assurer l\u2019\u00e9galit\u00e9, le d\u00e9veloppement et la paix ;<\/p>\n<p style=\"text-align: left;\">Appliquer pleinement et efficacement les Strat\u00e9gies prospectives d\u2019action de Nairobi pour la promotion de la femme ;<\/p>\n<p style=\"text-align: left;\">Assurer le renforcement du pouvoir d\u2019action des femmes et leur promotion, y compris le droit \u00e0 la libert\u00e9 de pens\u00e9e, de conscience, de religion et de conviction, contribuant ainsi \u00e0 r\u00e9pondre aux besoins moraux, \u00e9thiques, spirituels et intellectuels des hommes et des femmes, et aux niveaux individuel et collectif, leur garantissant ainsi la possibilit\u00e9 de r\u00e9aliser pleinement leur potentiel au sein de la soci\u00e9t\u00e9 et de r\u00e9gler leur vie selon leurs aspirations.<\/p>\n<h3 style=\"text-align: left;\"><strong><span style=\"color: #000080;\">Nous sommes convaincus que :<\/span><\/strong><\/h3>\n<p style=\"text-align: left;\">Le renforcement du pouvoir d\u2019action des femmes et leur pleine participation sur un pied d\u2019\u00e9galit\u00e9 \u00e0 tous les domaines de la vie sociale, y compris aux prises de d\u00e9cisions et leur acc\u00e8s au pouvoir, sont des conditions essentielles \u00e0 l\u2019\u00e9galit\u00e9, au d\u00e9veloppement et \u00e0 la paix ;<\/p>\n<p style=\"text-align: left;\">Les droits des femmes sont des droits fondamentaux de la personne ;<\/p>\n<p style=\"text-align: left;\">L\u2019\u00e9galit\u00e9 des droits, des chances et de l\u2019acc\u00e8s aux ressources, le partage \u00e9gal des responsabilit\u00e9s familiales et un partenariat harmonieux entre les femmes et les hommes sont essentiels \u00e0 leur bien-\u00eatre et \u00e0 celui de leurs familles ainsi qu\u2019\u00e0 l\u2019affermissement de la d\u00e9mocratie ;<\/p>\n<p style=\"text-align: left;\">La participation des femmes au d\u00e9veloppement \u00e9conomique et social, l\u2019\u00e9galit\u00e9 des chances et la pleine participation, sur un pied d\u2019\u00e9galit\u00e9, des femmes et des hommes, en tant qu\u2019agents et b\u00e9n\u00e9ficiaires d\u2019un d\u00e9veloppement durable au service de l\u2019individu sont des conditions essentielles \u00e0 l\u2019\u00e9limination de la pauvret\u00e9 au moyen d\u2019une croissance \u00e9conomique soutenue, du d\u00e9veloppement social, de la protection de l\u2019environnement et de la justice sociale ;<\/p>\n<p style=\"text-align: left;\">La reconnaissance et la r\u00e9affirmation expresses du droit de toutes les femmes \u00e0 la ma\u00eetrise de tous les aspects de leur sant\u00e9, en particulier leur f\u00e9condit\u00e9, sont un \u00e9l\u00e9ment essentiel du renforcement de leur pouvoir d\u2019action ;<\/p>\n<p style=\"text-align: left;\">L\u2019instauration de la paix, aux niveaux local, national, r\u00e9gional et mondial, est possible et elle est indissociable de la promotion des femmes, car celles-ci sont un moteur essentiel des initiatives, du r\u00e8glement des conflits et de la promotion d\u2019une paix durable \u00e0 tous les niveaux ;<\/p>\n<p style=\"text-align: left;\">Il est essentiel d\u2019\u00e9laborer, de mettre en oeuvre et de surveiller, \u00e0 tous les niveaux, avec la pleine participation des femmes, des politiques et programmes, y compris des politiques et des programmes de d\u00e9veloppement, qui soient \u00e9galitaires, efficaces, efficients et synergiques et qui puissent favoriser le renforcement du pouvoir d\u2019action des femmes et leurs promotion ;<\/p>\n<p style=\"text-align: left;\">La participation et la contribution de tous les protagonistes de la soci\u00e9t\u00e9 civile, en particulier les groupes et r\u00e9seaux de femmes et les autres organisations non gouvernementales et organisations communautaires, dans le strict respect de leur autonomie, en coop\u00e9ration avec les gouvernements, rev\u00eatent une grande importance pour l\u2019application et le suivi effectifs du Programme d\u2019action ;<\/p>\n<p style=\"text-align: left;\">La mise en oeuvre du Programme d\u2019action exige l\u2019engagement des gouvernements et de la communaut\u00e9 internationale. En prenant des engagements, aux niveaux national et international, y compris lors de la Conf\u00e9rence, les gouvernements et la communaut\u00e9 internationale reconnaissent la n\u00e9cessit\u00e9 d\u2019agir imm\u00e9diatement pour donner plus de pouvoir aux femmes et assurer leur promotion. .<\/p>\n<h3 style=\"text-align: left;\"><strong><span style=\"color: #000080;\">Nous sommes r\u00e9solus \u00e0 :<\/span><\/strong><\/h3>\n<p style=\"text-align: left;\">Redoubler d\u2019efforts et multiplier les actions visant \u00e0 atteindre d\u2019ici la fin du si\u00e8cle les objectifs des Strat\u00e9gies prospectives d\u2019action de Nairobi pour la promotion de la femme ;<\/p>\n<p style=\"text-align: left;\">Veiller \u00e0 ce que les femmes et les petites filles jouissent pleinement de tous les droits de la personne humaine et de toutes les libert\u00e9s fondamentales, et prendre des mesures efficaces contre les violations de ces droits et libert\u00e9s ;<\/p>\n<p style=\"text-align: left;\">Prendre toutes les mesures voulues pour \u00e9liminer toutes les formes de discrimination \u00e0 l\u2019\u00e9gard des femmes et des petites filles ainsi que les obstacles \u00e0 l\u2019\u00e9galit\u00e9 des sexes et \u00e0 la promotion des femmes et du renforcement de leur pouvoir d\u2019action ;<\/p>\n<p style=\"text-align: left;\">Encourager les hommes \u00e0 participer pleinement \u00e0 toute action favorisant l\u2019\u00e9galit\u00e9 ;<\/p>\n<p style=\"text-align: left;\">Promouvoir l\u2019ind\u00e9pendance \u00e9conomique des femmes, notamment par l\u2019emploi, et \u00e9liminer le fardeau de plus en plus lourd que la pauvret\u00e9 continue de faire peser sur les femmes, en s\u2019attaquant aux causes structurelles de la pauvret\u00e9 par des changements de structures \u00e9conomiques assurant \u00e0 toutes les femmes, notamment aux rurales, l\u2019\u00e9galit\u00e9 d\u2019acc\u00e8s, en tant qu\u2019agents essentiels du d\u00e9veloppement, aux ressources productives, aux possibilit\u00e9s de promotion et aux services publics ;<\/p>\n<p style=\"text-align: left;\">Promouvoir un d\u00e9veloppement durable au service de l\u2019individu, notamment une croissance \u00e9conomique soutenue, en d\u00e9veloppant l\u2019\u00e9ducation de base, l\u2019\u00e9ducation permanente, l\u2019alphab\u00e9tisation et la formation ainsi que les soins de sant\u00e9 primaires \u00e0 l\u2019intention des femmes et des petites filles ;<\/p>\n<p style=\"text-align: left;\">Prendre des mesures concr\u00e8tes en faveur de la paix pour la promotion de la femme et, tenant compte du r\u00f4le de premier plan des femmes dans le mouvement pacifiste, oeuvrer activement \u00e0 la r\u00e9alisation d\u2019un d\u00e9sarmement g\u00e9n\u00e9ral et complet, sous un contr\u00f4le international rigoureux et efficace, et appuyer les n\u00e9gociations en vue de la conclusion imm\u00e9diate d\u2019un trait\u00e9 universel et effectivement v\u00e9rifiable au plan multilat\u00e9ral d\u2019interdiction compl\u00e8te des essais nucl\u00e9aires qui favorisera le d\u00e9sarmement nucl\u00e9aire et la pr\u00e9vention de la prolif\u00e9ration des armes nucl\u00e9aires sous tous ses aspects ;<\/p>\n<p style=\"text-align: left;\">Pr\u00e9venir et \u00e9liminer toutes les formes de violence \u00e0 l\u2019\u00e9gard des femmes et des filles ;<\/p>\n<p style=\"text-align: left;\">Assurer l\u2019\u00e9galit\u00e9 d\u2019acc\u00e8s \u00e0 l\u2019\u00e9ducation et aux soins de sant\u00e9, ainsi qu\u2019un traitement \u00e9gal des femmes et des hommes, et am\u00e9liorer la sant\u00e9 en mati\u00e8re de sexualit\u00e9 et de procr\u00e9ation ainsi que l\u2019\u00e9ducation des femmes ;<\/p>\n<p style=\"text-align: left;\">Promouvoir et prot\u00e9ger tous les droits fondamentaux des femmes et des filles ;<\/p>\n<p style=\"text-align: left;\">Redoubler d\u2019efforts pour que toutes les femmes et les filles que de multiples obstacles, tenant \u00e0 des facteurs tels que race, \u00e2ge, langue, origine ethnique, culture, religion, incapacit\u00e9s ou appartenance \u00e0 une population autochtone, privent de tout pouvoir et de toute possibilit\u00e9 de progr\u00e8s puissent jouir \u00e0 \u00e9galit\u00e9 de tous les droits de la personne humaine et de toutes les libert\u00e9s fondamentales ;<\/p>\n<p style=\"text-align: left;\">Faire respecter le droit international, notamment le droit humanitaire, afin de prot\u00e9ger les femmes et les petites filles en particulier ;<\/p>\n<p style=\"text-align: left;\">Cr\u00e9er les conditions qui permettent aux petites filles et aux femmes de tous \u00e2ges de r\u00e9aliser tout leur potentiel, veiller \u00e0 ce qu\u2019elles participent pleinement et \u00e0 \u00e9galit\u00e9 \u00e0 l\u2019\u00e9dification d\u2019un monde meilleur pour tous et leur confier un r\u00f4le accru dans le processus de d\u00e9veloppement.<\/p>\n<h3 style=\"text-align: left;\"><strong><span style=\"color: #000080;\">Nous sommes r\u00e9solus \u00e0 :<\/span><\/strong><\/h3>\n<p style=\"text-align: left;\">Assurer l\u2019acc\u00e8s des femmes, dans des conditions d\u2019\u00e9galit\u00e9, aux ressources \u00e9conomiques, notamment \u00e0 la terre, au cr\u00e9dit, \u00e0 la science et \u00e0 la technique, \u00e0 la formation professionnelle, \u00e0 l\u2019information, \u00e0 la communication et aux march\u00e9s, en tant que moyen de favoriser la promotion des femmes et des filles et le renforcement de leur pouvoir d\u2019action, y compris en leur donnant les moyens de tirer parti de ces ressources, notamment gr\u00e2ce \u00e0 la coop\u00e9ration internationale ; .<\/p>\n<p style=\"text-align: left;\">Assurer le succ\u00e8s du Programme d\u2019action, ce qui exigera une volont\u00e9 r\u00e9solue des gouvernements, des organisations internationales et des institutions \u00e0 tous les niveaux. Nous sommes profond\u00e9ment convaincus que le d\u00e9veloppement \u00e9conomique, le d\u00e9veloppement social et la protection de l\u2019environnement sont des \u00e9l\u00e9ments interd\u00e9pendants et synergiques du d\u00e9veloppement durable, dans lequel s\u2019inscrivent nos efforts visant \u00e0 am\u00e9liorer la qualit\u00e9 de vie pour tous. Un d\u00e9veloppement social \u00e9quitable, qui permette aux pauvres, en particulier aux femmes vivant dans la pauvret\u00e9, d\u2019utiliser de mani\u00e8re viable les ressources naturelles, est une assise n\u00e9cessaire pour le d\u00e9veloppement durable. Nous reconnaissons \u00e9galement qu\u2019une croissance \u00e9conomique large et soutenue, dans le contexte du d\u00e9veloppement durable, est n\u00e9cessaire pour \u00e9tayer le d\u00e9veloppement social et la justice sociale. La r\u00e9ussite du Programme d\u2019action exigera \u00e9galement la mobilisation de ressources suffisantes, aux \u00e9chelons national et international, ainsi que l\u2019affectation aux pays en d\u00e9veloppement par tous les m\u00e9canismes de financement existants, tant multilat\u00e9raux que bilat\u00e9raux et priv\u00e9s, de ressources nouvelles et additionnelles pour la promotion de la femme ; des financements pour renforcer la capacit\u00e9 des institutions nationales, sous-r\u00e9gionales, r\u00e9gionales et internationales ; un engagement en faveur de l\u2019\u00e9galit\u00e9 des droits, de l\u2019\u00e9galit\u00e9 des responsabilit\u00e9s, de l\u2019\u00e9galit\u00e9 des chances et de la participation \u00e9gale des femmes et des hommes \u00e0 tous les organismes et \u00e0 tous les processus de prise de d\u00e9cisions nationaux, r\u00e9gionaux et internationaux ; la cr\u00e9ation ou le renforcement, \u00e0 tous les niveaux, de m\u00e9canismes de vigilance responsables devant toutes les femmes dans le monde entier ;<\/p>\n<p style=\"text-align: left;\">Assurer \u00e9galement le succ\u00e8s du Programme d\u2019action dans les pays en transition ; \u00e0 cet effet, la coop\u00e9ration et l\u2019assistance internationales resteront n\u00e9cessaires ;<\/p>\n<p style=\"text-align: left;\">En tant que gouvernements, nous adoptons le Programme d\u2019action \u00e9nonc\u00e9 ci-apr\u00e8s et nous nous engageons \u00e0 le traduire dans les faits, en veillant \u00e0 ce que le souci d\u2019\u00e9quit\u00e9 entre les sexes impr\u00e8gne toutes nos politiques et tous nos programmes. Nous demandons instamment aux organismes des Nations unies, aux institutions financi\u00e8res r\u00e9gionales et internationales, aux autres institutions r\u00e9gionales et internationales comp\u00e9tentes et \u00e0 tous les hommes et toutes les femmes, ainsi qu\u2019aux organisations non gouvernementales, dans le strict respect de leur autonomie, et \u00e0 tous les secteurs de la soci\u00e9t\u00e9 civile, de souscrire r\u00e9solument et sans restriction au Programme d\u2019action et de participer \u00e0 sa r\u00e9alisation en coop\u00e9ration avec les gouvernements.<\/p>\n<p><\/p>\n<div id=\"toggle\"><a onclick=\"show_voir_aussi('voir_aussi_box')\" href=\"javascript:show_voir_aussi(id)\"><\/a><\/div>\n<div id=\"voir_aussi_box\" style=\"display: none;\">\n<ul>\n<li><a href=\"https:\/\/www.humanium.org\/fr\/autres-textes\/\">Autres textes relatifs aux Droits de l\u2019Enfant<\/a><\/li>\n<li><a href=\"https:\/\/www.humanium.org\/fr\/normes\/\">Normes de r\u00e9f\u00e9rence des Droits de l\u2019Enfant<\/a><\/li>\n<\/ul>\n<\/div>\n","protected":false},"excerpt":{"rendered":"<p>D\u00e9claration de P\u00e9kin sur la promotion des femmes et des filles en Asie 15 Septembre 1995 (texte int\u00e9gral) Conf\u00e9rence internationale sur les femmes Nous, gouvernements participant \u00e0 la quatri\u00e8me Conf\u00e9rence mondiale sur les femmes, r\u00e9unis \u00e0 Beijing (P\u00e9kin) en septembre 1995, ann\u00e9e du cinquanti\u00e8me anniversaire de la fondation de l\u2019Organisation des Nations Unies, r\u00e9solus \u00e0 [&hellip;]<\/p>\n","protected":false},"author":65,"featured_media":0,"parent":166,"menu_order":0,"comment_status":"closed","ping_status":"closed","template":"","meta":{"footnotes":""},"class_list":["post-19465","page","type-page","status-publish","hentry"],"yoast_head":"<!-- This site is optimized with the Yoast SEO plugin v28.3 - https:\/\/yoast.com\/product\/yoast-seo-wordpress\/ -->\n<title>D\u00e9claration de P\u00e9kin sur la promotion des femmes et des filles en Asie - 1995 - Texte int\u00e9gral - Humanium<\/title>\n<meta name=\"robots\" content=\"index, follow, max-snippet:-1, max-image-preview:large, max-video-preview:-1\" \/>\n<link rel=\"canonical\" href=\"https:\/\/www.humanium.org\/fr\/autres\/declaration-de-pekin-1995\/\" \/>\n<meta property=\"og:locale\" content=\"fr_FR\" \/>\n<meta property=\"og:type\" content=\"article\" \/>\n<meta property=\"og:title\" content=\"D\u00e9claration de P\u00e9kin sur la promotion des femmes et des filles en Asie - 1995 - Texte int\u00e9gral - Humanium\" \/>\n<meta property=\"og:description\" content=\"D\u00e9claration de P\u00e9kin sur la promotion des femmes et des filles en Asie 15 Septembre 1995 (texte int\u00e9gral) Conf\u00e9rence internationale sur les femmes Nous, gouvernements participant \u00e0 la quatri\u00e8me Conf\u00e9rence mondiale sur les femmes, r\u00e9unis \u00e0 Beijing (P\u00e9kin) en septembre 1995, ann\u00e9e du cinquanti\u00e8me anniversaire de la fondation de l\u2019Organisation des Nations Unies, r\u00e9solus \u00e0 [&hellip;]\" \/>\n<meta property=\"og:url\" content=\"https:\/\/www.humanium.org\/fr\/autres\/declaration-de-pekin-1995\/\" \/>\n<meta property=\"og:site_name\" content=\"Humanium\" \/>\n<meta property=\"article:modified_time\" content=\"2017-10-04T07:30:28+00:00\" \/>\n<meta property=\"og:image\" content=\"https:\/\/www.humanium.org\/fr\/wp-content\/uploads\/logo-odt.gif\" \/>\n<meta name=\"twitter:card\" content=\"summary_large_image\" \/>\n<meta name=\"twitter:label1\" content=\"Dur\u00e9e de lecture estim\u00e9e\" \/>\n\t<meta name=\"twitter:data1\" content=\"11 minutes\" \/>\n<script type=\"application\/ld+json\" class=\"yoast-schema-graph\">{\"@context\":\"https:\\\/\\\/schema.org\",\"@graph\":[{\"@type\":\"WebPage\",\"@id\":\"https:\\\/\\\/www.humanium.org\\\/fr\\\/autres\\\/declaration-de-pekin-1995\\\/\",\"url\":\"https:\\\/\\\/www.humanium.org\\\/fr\\\/autres\\\/declaration-de-pekin-1995\\\/\",\"name\":\"D\u00e9claration de P\u00e9kin sur la promotion des femmes et des filles en Asie - 1995 - Texte int\u00e9gral - Humanium\",\"isPartOf\":{\"@id\":\"https:\\\/\\\/www.humanium.org\\\/fr\\\/#website\"},\"primaryImageOfPage\":{\"@id\":\"https:\\\/\\\/www.humanium.org\\\/fr\\\/autres\\\/declaration-de-pekin-1995\\\/#primaryimage\"},\"image\":{\"@id\":\"https:\\\/\\\/www.humanium.org\\\/fr\\\/autres\\\/declaration-de-pekin-1995\\\/#primaryimage\"},\"thumbnailUrl\":\"https:\\\/\\\/www.humanium.org\\\/fr\\\/wp-content\\\/uploads\\\/logo-odt.gif\",\"datePublished\":\"2010-07-08T12:58:17+00:00\",\"dateModified\":\"2017-10-04T07:30:28+00:00\",\"breadcrumb\":{\"@id\":\"https:\\\/\\\/www.humanium.org\\\/fr\\\/autres\\\/declaration-de-pekin-1995\\\/#breadcrumb\"},\"inLanguage\":\"fr-FR\",\"potentialAction\":[{\"@type\":\"ReadAction\",\"target\":[\"https:\\\/\\\/www.humanium.org\\\/fr\\\/autres\\\/declaration-de-pekin-1995\\\/\"]}]},{\"@type\":\"ImageObject\",\"inLanguage\":\"fr-FR\",\"@id\":\"https:\\\/\\\/www.humanium.org\\\/fr\\\/autres\\\/declaration-de-pekin-1995\\\/#primaryimage\",\"url\":\"https:\\\/\\\/www.humanium.org\\\/fr\\\/wp-content\\\/uploads\\\/logo-odt.gif\",\"contentUrl\":\"https:\\\/\\\/www.humanium.org\\\/fr\\\/wp-content\\\/uploads\\\/logo-odt.gif\"},{\"@type\":\"BreadcrumbList\",\"@id\":\"https:\\\/\\\/www.humanium.org\\\/fr\\\/autres\\\/declaration-de-pekin-1995\\\/#breadcrumb\",\"itemListElement\":[{\"@type\":\"ListItem\",\"position\":1,\"name\":\"Home\",\"item\":\"https:\\\/\\\/www.humanium.org\\\/fr\\\/\"},{\"@type\":\"ListItem\",\"position\":2,\"name\":\"Autres normes juridiques et textes de r\u00e9f\u00e9rence relatifs aux Droits de l&rsquo;Enfant\",\"item\":\"https:\\\/\\\/www.humanium.org\\\/fr\\\/autres\\\/\"},{\"@type\":\"ListItem\",\"position\":3,\"name\":\"D\u00e9claration de P\u00e9kin sur la promotion des femmes et des filles en Asie &#8211; 1995 &#8211; Texte int\u00e9gral\"}]},{\"@type\":\"WebSite\",\"@id\":\"https:\\\/\\\/www.humanium.org\\\/fr\\\/#website\",\"url\":\"https:\\\/\\\/www.humanium.org\\\/fr\\\/\",\"name\":\"Humanium\",\"description\":\"Les enfants d\u2019abord !\",\"potentialAction\":[{\"@type\":\"SearchAction\",\"target\":{\"@type\":\"EntryPoint\",\"urlTemplate\":\"https:\\\/\\\/www.humanium.org\\\/fr\\\/?s={search_term_string}\"},\"query-input\":{\"@type\":\"PropertyValueSpecification\",\"valueRequired\":true,\"valueName\":\"search_term_string\"}}],\"inLanguage\":\"fr-FR\"}]}<\/script>\n<!-- \/ Yoast SEO plugin. -->","yoast_head_json":{"title":"D\u00e9claration de P\u00e9kin sur la promotion des femmes et des filles en Asie - 1995 - Texte int\u00e9gral - Humanium","robots":{"index":"index","follow":"follow","max-snippet":"max-snippet:-1","max-image-preview":"max-image-preview:large","max-video-preview":"max-video-preview:-1"},"canonical":"https:\/\/www.humanium.org\/fr\/autres\/declaration-de-pekin-1995\/","og_locale":"fr_FR","og_type":"article","og_title":"D\u00e9claration de P\u00e9kin sur la promotion des femmes et des filles en Asie - 1995 - Texte int\u00e9gral - Humanium","og_description":"D\u00e9claration de P\u00e9kin sur la promotion des femmes et des filles en Asie 15 Septembre 1995 (texte int\u00e9gral) Conf\u00e9rence internationale sur les femmes Nous, gouvernements participant \u00e0 la quatri\u00e8me Conf\u00e9rence mondiale sur les femmes, r\u00e9unis \u00e0 Beijing (P\u00e9kin) en septembre 1995, ann\u00e9e du cinquanti\u00e8me anniversaire de la fondation de l\u2019Organisation des Nations Unies, r\u00e9solus \u00e0 [&hellip;]","og_url":"https:\/\/www.humanium.org\/fr\/autres\/declaration-de-pekin-1995\/","og_site_name":"Humanium","article_modified_time":"2017-10-04T07:30:28+00:00","og_image":[{"url":"https:\/\/www.humanium.org\/fr\/wp-content\/uploads\/logo-odt.gif","type":"","width":"","height":""}],"twitter_card":"summary_large_image","twitter_misc":{"Dur\u00e9e de lecture estim\u00e9e":"11 minutes"},"schema":{"@context":"https:\/\/schema.org","@graph":[{"@type":"WebPage","@id":"https:\/\/www.humanium.org\/fr\/autres\/declaration-de-pekin-1995\/","url":"https:\/\/www.humanium.org\/fr\/autres\/declaration-de-pekin-1995\/","name":"D\u00e9claration de P\u00e9kin sur la promotion des femmes et des filles en Asie - 1995 - Texte int\u00e9gral - Humanium","isPartOf":{"@id":"https:\/\/www.humanium.org\/fr\/#website"},"primaryImageOfPage":{"@id":"https:\/\/www.humanium.org\/fr\/autres\/declaration-de-pekin-1995\/#primaryimage"},"image":{"@id":"https:\/\/www.humanium.org\/fr\/autres\/declaration-de-pekin-1995\/#primaryimage"},"thumbnailUrl":"https:\/\/www.humanium.org\/fr\/wp-content\/uploads\/logo-odt.gif","datePublished":"2010-07-08T12:58:17+00:00","dateModified":"2017-10-04T07:30:28+00:00","breadcrumb":{"@id":"https:\/\/www.humanium.org\/fr\/autres\/declaration-de-pekin-1995\/#breadcrumb"},"inLanguage":"fr-FR","potentialAction":[{"@type":"ReadAction","target":["https:\/\/www.humanium.org\/fr\/autres\/declaration-de-pekin-1995\/"]}]},{"@type":"ImageObject","inLanguage":"fr-FR","@id":"https:\/\/www.humanium.org\/fr\/autres\/declaration-de-pekin-1995\/#primaryimage","url":"https:\/\/www.humanium.org\/fr\/wp-content\/uploads\/logo-odt.gif","contentUrl":"https:\/\/www.humanium.org\/fr\/wp-content\/uploads\/logo-odt.gif"},{"@type":"BreadcrumbList","@id":"https:\/\/www.humanium.org\/fr\/autres\/declaration-de-pekin-1995\/#breadcrumb","itemListElement":[{"@type":"ListItem","position":1,"name":"Home","item":"https:\/\/www.humanium.org\/fr\/"},{"@type":"ListItem","position":2,"name":"Autres normes juridiques et textes de r\u00e9f\u00e9rence relatifs aux Droits de l&rsquo;Enfant","item":"https:\/\/www.humanium.org\/fr\/autres\/"},{"@type":"ListItem","position":3,"name":"D\u00e9claration de P\u00e9kin sur la promotion des femmes et des filles en Asie &#8211; 1995 &#8211; Texte int\u00e9gral"}]},{"@type":"WebSite","@id":"https:\/\/www.humanium.org\/fr\/#website","url":"https:\/\/www.humanium.org\/fr\/","name":"Humanium","description":"Les enfants d\u2019abord !","potentialAction":[{"@type":"SearchAction","target":{"@type":"EntryPoint","urlTemplate":"https:\/\/www.humanium.org\/fr\/?s={search_term_string}"},"query-input":{"@type":"PropertyValueSpecification","valueRequired":true,"valueName":"search_term_string"}}],"inLanguage":"fr-FR"}]}},"_links":{"self":[{"href":"https:\/\/www.humanium.org\/fr\/wp-json\/wp\/v2\/pages\/19465","targetHints":{"allow":["GET"]}}],"collection":[{"href":"https:\/\/www.humanium.org\/fr\/wp-json\/wp\/v2\/pages"}],"about":[{"href":"https:\/\/www.humanium.org\/fr\/wp-json\/wp\/v2\/types\/page"}],"author":[{"embeddable":true,"href":"https:\/\/www.humanium.org\/fr\/wp-json\/wp\/v2\/users\/65"}],"replies":[{"embeddable":true,"href":"https:\/\/www.humanium.org\/fr\/wp-json\/wp\/v2\/comments?post=19465"}],"version-history":[{"count":2,"href":"https:\/\/www.humanium.org\/fr\/wp-json\/wp\/v2\/pages\/19465\/revisions"}],"predecessor-version":[{"id":41476,"href":"https:\/\/www.humanium.org\/fr\/wp-json\/wp\/v2\/pages\/19465\/revisions\/41476"}],"up":[{"embeddable":true,"href":"https:\/\/www.humanium.org\/fr\/wp-json\/wp\/v2\/pages\/166"}],"wp:attachment":[{"href":"https:\/\/www.humanium.org\/fr\/wp-json\/wp\/v2\/media?parent=19465"}],"curies":[{"name":"wp","href":"https:\/\/api.w.org\/{rel}","templated":true}]}}