{"id":19466,"date":"2010-07-12T08:27:54","date_gmt":"2010-07-12T08:27:54","guid":{"rendered":"http:\/\/www.humanium.org\/fr\/"},"modified":"2017-10-04T07:30:29","modified_gmt":"2017-10-04T07:30:29","slug":"protocole-1-conventions-geneve-sur-la-protection-des-victimes-des-conflits-armes-internationaux","status":"publish","type":"page","link":"https:\/\/www.humanium.org\/fr\/autres\/protocole-1-conventions-geneve-sur-la-protection-des-victimes-des-conflits-armes-internationaux\/","title":{"rendered":"Protocole additionnel aux Conventions de Gen\u00e8ve du 12 ao\u00fbt 1949 relatif \u00e0 la protection des victimes des conflits arm\u00e9s internationaux (Protocole I) &#8211; 1977 &#8211; S\u00e9lection d&rsquo;articles relatifs \u00e0 la protection des enfants"},"content":{"rendered":"<h2><span style=\"color: #800000;\"><a href=\"https:\/\/www.humanium.org\/fr\/wp-content\/uploads\/protocole-1-aux-conventions-de-geneve.odt\"><img loading=\"lazy\" decoding=\"async\" class=\"alignright size-full wp-image-972\" title=\"ODT\" src=\"https:\/\/www.humanium.org\/fr\/wp-content\/uploads\/logo-odt.gif\" alt=\"\" width=\"28\" height=\"24\" \/><\/a><a href=\"https:\/\/www.humanium.org\/fr\/wp-content\/uploads\/protocole-1-aux-conventions-de-geneve.docx\" target=\"_blank\" rel=\"noopener\"><img loading=\"lazy\" decoding=\"async\" class=\"alignright size-full wp-image-974\" title=\"WORD\" src=\"https:\/\/www.humanium.org\/fr\/wp-content\/uploads\/logo-word.gif\" alt=\"\" width=\"24\" height=\"24\" \/><\/a><a href=\"https:\/\/www.humanium.org\/fr\/wp-content\/uploads\/protocole-1-aux-conventions-de-geneve.pdf\" target=\"_blank\" rel=\"noopener\"><img loading=\"lazy\" decoding=\"async\" class=\"alignright size-full wp-image-973\" title=\"PDF\" src=\"https:\/\/www.humanium.org\/fr\/wp-content\/uploads\/logo-pdf.gif\" alt=\"\" width=\"24\" height=\"24\" \/><\/a>Protocole additionnel, aux Conventions de Gen\u00e8ve, relatif \u00e0 la protection des victimes des conflits arm\u00e9s internationaux (Protocole I)<\/span><\/h2>\n<h3><span style=\"color: #800000;\">8 Juin 1977<br \/>\n<\/span><\/h3>\n<h3><span style=\"color: #800000;\"><span style=\"color: #800000;\">Articles concernant la protection des enfants<\/span><br \/>\n<\/span><\/h3>\n<h3 style=\"text-align: left;\"><strong><span style=\"color: #003366;\">Titre IV : Population civile<\/span><\/strong><\/h3>\n<h3 style=\"text-align: left;\"><strong><span style=\"color: #003366;\">Section III &#8211; Traitement des personnes au pouvoir d&rsquo;une Partie au conflit Chapitre I &#8211; Champ d&rsquo;application et protection des personnes et des biens<\/span><\/strong><\/h3>\n<h3 style=\"text-align: left;\"><strong><span style=\"color: #003366;\">Article 74 &#8211; Regroupement des familles dispers\u00e9es<\/span><\/strong><\/h3>\n<p style=\"text-align: left;\">Les Hautes Parties contractantes et les Parties au conflit faciliteront dans toute la mesure du possible le regroupement des familles dispers\u00e9es en raison de conflits arm\u00e9s et encourageront notamment l&rsquo;action des organisations humanitaires qui se consacrent \u00e0 cette t\u00e2che conform\u00e9ment aux dispositions des Conventions et du pr\u00e9sent Protocole et conform\u00e9ment \u00e0 leurs r\u00e8gles de s\u00e9curit\u00e9 respectives.<\/p>\n<h3 style=\"text-align: left;\"><span style=\"color: #003366;\"><strong>Article 75 &#8211; Garanties fondamentales<\/strong><\/span><\/h3>\n<p style=\"text-align: left;\">1. Dans la mesure o\u00f9 elles sont affect\u00e9es par une situation vis\u00e9e \u00e0 l&rsquo;article premier du pr\u00e9sent Protocole, les personnes qui sont au pouvoir d&rsquo;une Partie au conflit et qui ne b\u00e9n\u00e9ficient pas d&rsquo;un traitement plus favorable en vertu des Conventions et du pr\u00e9sent Protocole seront trait\u00e9es avec humanit\u00e9 en toutes circonstances et b\u00e9n\u00e9ficieront au moins des protections pr\u00e9vues par le pr\u00e9sent article sans aucune distinction de caract\u00e8re d\u00e9favorable fond\u00e9e sur la race, la couleur, le sexe, la langue, la religion ou la croyance, les opinions politiques ou autres, l&rsquo;origine nationale ou sociale, la fortune, la naissance ou une autre situation, ou tout autre crit\u00e8re analogue. Chacune des Parties respectera la personne, l&rsquo;honneur, les convictions et les pratiques religieuses de toutes ces personnes.<\/p>\n<p style=\"text-align: left;\">2. Sont et demeureront prohib\u00e9s en tout temps et en tout lieu les actes suivants, qu&rsquo;ils soient commis par des agents civils ou militaires :<\/p>\n<p style=\"text-align: left;\">a) les atteintes port\u00e9es \u00e0 la vie, \u00e0 la sant\u00e9 et au bien-\u00eatre physique ou mental des personnes, notamment :<\/p>\n<p style=\"text-align: left;\">i) le meurtre ;<\/p>\n<p style=\"text-align: left;\">ii) la torture sous toutes ses formes, qu&rsquo;elle soit physique ou mentale ;<\/p>\n<p style=\"text-align: left;\">iii) les peines corporelles ; et<\/p>\n<p style=\"text-align: left;\">iv) les mutilations ;<\/p>\n<p style=\"text-align: left;\">b) les atteintes \u00e0 la dignit\u00e9 de la personne, notamment les traitements humiliants et d\u00e9gradants, la prostitution forc\u00e9e et toute forme d&rsquo;attentat \u00e0 la pudeur ;<\/p>\n<p style=\"text-align: left;\">c) la prise d&rsquo;otages ;<\/p>\n<p style=\"text-align: left;\">d) les peines collectives ; et<\/p>\n<p style=\"text-align: left;\">e) la menace de commettre l&rsquo;un quelconque des actes pr\u00e9cit\u00e9s.<\/p>\n<p style=\"text-align: left;\">3. Toute personne arr\u00eat\u00e9e, d\u00e9tenue ou intern\u00e9e pour des actes en relation avec le conflit arm\u00e9 sera inform\u00e9e sans retard, dans une langue qu&rsquo;elle comprend, des raisons pour lesquelles ces mesures ont \u00e9t\u00e9 prises. Sauf en cas d&rsquo;arrestation ou de d\u00e9tention du chef d&rsquo;une infraction p\u00e9nale, cette personne sera lib\u00e9r\u00e9e dans les plus brefs d\u00e9lais possibles et, en tout cas, d\u00e8s que les circonstances justifiant l&rsquo;arrestation, la d\u00e9tention ou l&rsquo;internement auront cess\u00e9 d&rsquo;exister.<\/p>\n<p style=\"text-align: left;\">4. Aucune condamnation ne sera prononc\u00e9e ni aucune peine ex\u00e9cut\u00e9e \u00e0 l&rsquo;encontre d&rsquo;une personne reconnue coupable d&rsquo;une infraction p\u00e9nale commise en relation avec le conflit arm\u00e9 si ce n&rsquo;est en vertu d&rsquo;un jugement pr\u00e9alable rendu par un tribunal impartial et r\u00e9guli\u00e8rement constitu\u00e9, qui se conforme aux principes g\u00e9n\u00e9ralement reconnus d&rsquo;une proc\u00e9dure judiciaire r\u00e9guli\u00e8re comprenant les garanties suivantes :<\/p>\n<p style=\"text-align: left;\">a) la proc\u00e9dure disposera que tout pr\u00e9venu doit \u00eatre inform\u00e9 sans d\u00e9lai des d\u00e9tails de l&rsquo;infraction qui lui est imput\u00e9e et assurera au pr\u00e9venu avant et pendant son proc\u00e8s tous les droits et moyens n\u00e9cessaires \u00e0 sa d\u00e9fense ;<\/p>\n<p style=\"text-align: left;\">b) nul ne peut \u00eatre puni pour une infraction si ce n&rsquo;est sur la base d&rsquo;une responsabilit\u00e9 p\u00e9nale individuelle ;<\/p>\n<p style=\"text-align: left;\">c) nul ne sera accus\u00e9 ou condamn\u00e9 pour des actions ou omissions qui ne constituaient pas un acte d\u00e9lictueux d&rsquo;apr\u00e8s le droit national ou international qui lui \u00e9tait applicable au moment o\u00f9 elles ont \u00e9t\u00e9 commises. De m\u00eame, il ne sera inflig\u00e9 aucune peine plus forte que celle qui \u00e9tait applicable au moment o\u00f9 l&rsquo;infraction a \u00e9t\u00e9 commise. Si, post\u00e9rieurement \u00e0 cette infraction, la loi pr\u00e9voit l&rsquo;application d&rsquo;une peine plus l\u00e9g\u00e8re, le d\u00e9linquant doit en b\u00e9n\u00e9ficier ;<\/p>\n<p style=\"text-align: left;\">d) toute personne accus\u00e9e d&rsquo;une infraction est pr\u00e9sum\u00e9e innocente jusqu&rsquo;\u00e0 ce que sa culpabilit\u00e9 ait \u00e9t\u00e9 l\u00e9galement \u00e9tablie ;<\/p>\n<p style=\"text-align: left;\">e) toute personne accus\u00e9e d&rsquo;une infraction a le droit d&rsquo;\u00eatre jug\u00e9e en sa pr\u00e9sence ;<\/p>\n<p style=\"text-align: left;\">f) nul ne peut \u00eatre forc\u00e9 de t\u00e9moigner contre lui-m\u00eame ou de s&rsquo;avouer coupable ;<\/p>\n<p style=\"text-align: left;\">g) toute personne accus\u00e9e d&rsquo;une infraction a le droit d&rsquo;interroger ou de faire interroger les t\u00e9moins \u00e0 charge et d&rsquo;obtenir la comparution et l&rsquo;interrogatoire des t\u00e9moins \u00e0 d\u00e9charge dans les m\u00eames conditions que les t\u00e9moins \u00e0 charge ;<\/p>\n<p style=\"text-align: left;\">h) aucune personne ne peut \u00eatre poursuivie ou punie par la m\u00eame Partie pour une infraction ayant d\u00e9j\u00e0 fait l&rsquo;objet d&rsquo;un jugement d\u00e9finitif d&rsquo;acquittement ou de condamnation rendu conform\u00e9ment au m\u00eame droit et \u00e0 la m\u00eame proc\u00e9dure judiciaire ;<\/p>\n<p style=\"text-align: left;\">i) toute personne accus\u00e9e d&rsquo;une infraction a droit \u00e0 ce que le jugement soit rendu publiquement ;<\/p>\n<p style=\"text-align: left;\">j) toute personne condamn\u00e9e sera inform\u00e9e, au moment de sa condamnation, de ses droits de recours judiciaires et autres ainsi que des d\u00e9lais dans lesquels ils doivent \u00eatre exerc\u00e9s.<\/p>\n<p style=\"text-align: left;\">5. Les femmes priv\u00e9es de libert\u00e9 pour des motifs en relation avec le conflit arm\u00e9 seront gard\u00e9es dans des locaux s\u00e9par\u00e9s de ceux des hommes. Elles seront plac\u00e9es sous la surveillance imm\u00e9diate de femmes.<\/p>\n<p style=\"text-align: left;\">Toutefois, si des familles sont arr\u00eat\u00e9es, d\u00e9tenues ou intern\u00e9es, l&rsquo;unit\u00e9 de ces familles sera pr\u00e9serv\u00e9e autant que possible pour leur logement.<\/p>\n<p style=\"text-align: left;\">6. Les personnes arr\u00eat\u00e9es, d\u00e9tenues ou intern\u00e9es pour des motifs en relation avec le conflit arm\u00e9 b\u00e9n\u00e9ficieront des protections accord\u00e9es par le pr\u00e9sent article jusqu&rsquo;\u00e0 leur lib\u00e9ration d\u00e9finitive, leur rapatriement ou leur \u00e9tablissement, m\u00eame apr\u00e8s la fin du conflit arm\u00e9.<\/p>\n<p style=\"text-align: left;\">7. Pour que ne subsiste aucun doute en ce qui concerne la poursuite et le jugement des personnes accus\u00e9es de crimes de guerre ou de crimes contre l&rsquo;humanit\u00e9, les principes suivants seront appliqu\u00e9s :<\/p>\n<p style=\"text-align: left;\">a) les personnes qui sont accus\u00e9es de tels crimes devraient \u00eatre d\u00e9f\u00e9r\u00e9es aux fins de poursuite et de jugement conform\u00e9ment aux r\u00e8gles du droit international applicable ; et<\/p>\n<p style=\"text-align: left;\">b) toute personne qui ne b\u00e9n\u00e9ficie pas d&rsquo;un traitement plus favorable en vertu des Conventions ou du pr\u00e9sent Protocole se verra accorder le traitement pr\u00e9vu par le pr\u00e9sent article, que les crimes dont elle est accus\u00e9e constituent ou non des infractions graves aux Conventions ou au pr\u00e9sent Protocole.<\/p>\n<p style=\"text-align: left;\">8. Aucune disposition du pr\u00e9sent article ne peut \u00eatre interpr\u00e9t\u00e9e comme limitant ou portant atteinte \u00e0 toute autre disposition plus favorable accordant, en vertu des r\u00e8gles du droit international applicable, une plus grande protection aux personnes couvertes par le paragraphe 1.<\/p>\n<h3 style=\"text-align: left;\"><strong><span style=\"color: #003366;\">Article 76 &#8211; Protection des femmes<\/span><\/strong><\/h3>\n<p style=\"text-align: left;\">1. Les femmes doivent faire l&rsquo;objet d&rsquo;un respect particulier et seront prot\u00e9g\u00e9es, notamment contre le viol, la contrainte \u00e0 la prostitution et toute autre forme d&rsquo;attentat \u00e0 la pudeur.<\/p>\n<p style=\"text-align: left;\">2. Les cas des femmes enceintes et des m\u00e8res d&rsquo;enfants en bas \u00e2ge d\u00e9pendant d&rsquo;elles qui sont arr\u00eat\u00e9es, d\u00e9tenues ou intern\u00e9es pour des raisons li\u00e9es au conflit arm\u00e9 seront examin\u00e9s en priorit\u00e9 absolue.<\/p>\n<p style=\"text-align: left;\">3. Dans toute la mesure du possible, les Parties au conflit s&rsquo;efforceront d&rsquo;\u00e9viter que la peine de mort soit prononc\u00e9e contre les femmes enceintes ou les m\u00e8res d&rsquo;enfants en bas \u00e2ge d\u00e9pendant d&rsquo;elles pour une infraction commise en relation avec le conflit arm\u00e9. Une condamnation \u00e0 mort contre ces femmes pour une telle infraction ne sera pas ex\u00e9cut\u00e9e.<\/p>\n<h3 style=\"text-align: left;\"><strong><span style=\"color: #003366;\">Article 77 &#8211; Protection des enfants<\/span><\/strong><\/h3>\n<p style=\"text-align: left;\">1. Les enfants doivent faire l&rsquo;objet d&rsquo;un respect particulier et doivent \u00eatre prot\u00e9g\u00e9s contre toute forme d&rsquo;attentat \u00e0 la pudeur. Les Parties au conflit leur apporteront les soins et l&rsquo;aide dont ils ont besoin du fait de leur \u00e2ge ou pour toute autre raison.<\/p>\n<p style=\"text-align: left;\">2. Les Parties au conflit prendront toutes les mesures possibles dans la pratique pour que les enfants de moins de quinze ans ne participent pas directement aux hostilit\u00e9s, notamment en s&rsquo;abstenant de les recruter dans leurs forces arm\u00e9es. Lorsqu&rsquo;elles incorporent des personnes de plus de quinze ans mais de moins de dix-huit ans, les Parties au conflit s&rsquo;efforceront de donner la priorit\u00e9 aux plus \u00e2g\u00e9es.<\/p>\n<p style=\"text-align: left;\">3. Si, dans des cas exceptionnels et malgr\u00e9 les dispositions du paragraphe 2, des enfants qui n&rsquo;ont pas quinze ans r\u00e9volus participent directement aux hostilit\u00e9s et tombent au pouvoir d&rsquo;une Partie adverse, ils continueront \u00e0 b\u00e9n\u00e9ficier de la protection sp\u00e9ciale accord\u00e9e par le pr\u00e9sent article, qu&rsquo;il soient ou non prisonniers de guerre.<\/p>\n<p style=\"text-align: left;\">4. S&rsquo;ils sont arr\u00eat\u00e9s, d\u00e9tenus ou intern\u00e9s pour des raisons li\u00e9es au conflit arm\u00e9, les enfants seront gard\u00e9s dans des locaux s\u00e9par\u00e9s de ceux des adultes, sauf dans le cas de familles log\u00e9es en tant qu&rsquo;unit\u00e9s familiales comme le pr\u00e9voit le paragraphe 5 de l&rsquo;article 75 .<\/p>\n<p style=\"text-align: left;\">5. Une condamnation \u00e0 mort pour une infraction li\u00e9e au conflit arm\u00e9 ne sera pas ex\u00e9cut\u00e9e contre les personnes qui n&rsquo;avaient pas dix-huit ans au moment de l&rsquo;infraction.<\/p>\n<h3 style=\"text-align: left;\"><strong><span style=\"color: #003366;\">Article 78 &#8211; Evacuation des enfants<\/span><\/strong><\/h3>\n<p style=\"text-align: left;\">1. Aucune Partie au conflit ne doit proc\u00e9der \u00e0 l&rsquo;\u00e9vacuation, vers un pays \u00e9tranger, d&rsquo;enfants autres que ses propres ressortissants, \u00e0 moins qu&rsquo;il ne s&rsquo;agisse d&rsquo;une \u00e9vacuation temporaire rendue n\u00e9cessaire par des raisons imp\u00e9rieuses tenant \u00e0 la sant\u00e9 ou \u00e0 un traitement m\u00e9dical des enfants ou, sauf dans un territoire occup\u00e9, \u00e0 leur s\u00e9curit\u00e9. Lorsqu&rsquo;on peut atteindre les parents ou les tuteurs, leur consentement \u00e9crit \u00e0 cette \u00e9vacuation est n\u00e9cessaire. Si on ne peut pas les atteindre, l&rsquo;\u00e9vacuation ne peut se faire qu&rsquo;avec le consentement \u00e9crit des personnes \u00e0 qui la loi ou la coutume attribue principalement la garde des enfants. La Puissance protectrice contr\u00f4lera toute \u00e9vacuation de cette nature, d&rsquo;entente avec les Parties int\u00e9ress\u00e9es, c&rsquo;est-\u00e0-dire la Partie qui proc\u00e8de \u00e0 l&rsquo;\u00e9vacuation, la Partie qui re\u00e7oit les enfants et toute Partie dont les ressortissants sont \u00e9vacu\u00e9s. Dans tous les cas, toutes les Parties au conflit prendront toutes les pr\u00e9cautions possibles dans la pratique pour \u00e9viter de compromettre l&rsquo;\u00e9vacuation.<\/p>\n<p style=\"text-align: left;\">2. Lorsqu&rsquo;il est proc\u00e9d\u00e9 \u00e0 une \u00e9vacuation dans les conditions du paragraphe 1, l&rsquo;\u00e9ducation de chaque enfant \u00e9vacu\u00e9, y compris son \u00e9ducation religieuse et morale telle que la d\u00e9sirent ses parents, devra \u00eatre assur\u00e9e d&rsquo;une fa\u00e7on aussi continue que possible.<\/p>\n<p style=\"text-align: left;\">3. Afin de faciliter le retour dans leur famille et dans leur pays des enfants \u00e9vacu\u00e9s conform\u00e9ment aux dispositions du pr\u00e9sent article, les autorit\u00e9s de la Partie qui a proc\u00e9d\u00e9 \u00e0 l&rsquo;\u00e9vacuation et, lorsqu&rsquo;il conviendra, les autorit\u00e9s du pays d&rsquo;accueil, \u00e9tabliront, pour chaque enfant, une fiche accompagn\u00e9e de photographies qu&rsquo;elles feront parvenir \u00e0 l&rsquo;Agence centrale de recherches du Comit\u00e9 international de la Croix-Rouge. Cette fiche portera, chaque fois que cela sera possible et ne risquera pas de porter pr\u00e9judice \u00e0 l&rsquo;enfant, les renseignements suivants :<\/p>\n<p style=\"text-align: left;\">a) le(s) nom(s) de l&rsquo;enfant ;<\/p>\n<p style=\"text-align: left;\">b) le(s) pr\u00e9nom(s) de l&rsquo;enfant ;<\/p>\n<p style=\"text-align: left;\">c) le sexe de l&rsquo;enfant ;<\/p>\n<p style=\"text-align: left;\">d) le lieu et la date de naissance (ou, si cette date n&rsquo;est pas connue, l&rsquo;\u00e2ge approximatif) ;<\/p>\n<p style=\"text-align: left;\">e) les nom et pr\u00e9nom du p\u00e8re ;<\/p>\n<p style=\"text-align: left;\">f) les nom et pr\u00e9nom de la m\u00e8re et \u00e9ventuellement son nom de jeune fille ;<\/p>\n<p style=\"text-align: left;\">g) les proches parents de l&rsquo;enfant ;<\/p>\n<p style=\"text-align: left;\">h) la nationalit\u00e9 de l&rsquo;enfant ;<\/p>\n<p style=\"text-align: left;\">i) la langue maternelle de l&rsquo;enfant et toute autre langue qu&rsquo;il parle ;<\/p>\n<p style=\"text-align: left;\">j) l&rsquo;adresse de la famille de l&rsquo;enfant ;<\/p>\n<p style=\"text-align: left;\">k) tout num\u00e9ro d&rsquo;identification donn\u00e9 \u00e0 l&rsquo;enfant ;<\/p>\n<p style=\"text-align: left;\">l) l&rsquo;\u00e9tat de sant\u00e9 de l&rsquo;enfant ;<\/p>\n<p style=\"text-align: left;\">m) le groupe sanguin de l&rsquo;enfant ;<\/p>\n<p style=\"text-align: left;\">n) d&rsquo;\u00e9ventuels signes particuliers ;<\/p>\n<p style=\"text-align: left;\">o) la date et le lieu o\u00f9 l&rsquo;enfant a \u00e9t\u00e9 trouv\u00e9 ;<\/p>\n<p style=\"text-align: left;\">p) la date \u00e0 laquelle et le lieu o\u00f9 l&rsquo;enfant a quitt\u00e9 son pays ;<\/p>\n<p style=\"text-align: left;\">q) \u00e9ventuellement la religion de l&rsquo;enfant ;<\/p>\n<p style=\"text-align: left;\">r) l&rsquo;adresse actuelle de l&rsquo;enfant dans le pays d&rsquo;accueil ;<\/p>\n<p style=\"text-align: left;\">s) si l&rsquo;enfant meurt avant son retour, la date, le lieu et les circonstances de sa mort et le lieu de sa s\u00e9pulture.<\/p>\n<p>&nbsp;<\/p>\n<div id=\"toggle\"><a><\/a><\/div>\n<div id=\"voir_aussi_box\" style=\"display: none;\">\n<ul>\n<li><a href=\"https:\/\/www.humanium.org\/fr\/autres-textes\/\">Autres textes relatifs aux Droits de l\u2019Enfant<\/a><\/li>\n<li><a href=\"https:\/\/www.humanium.org\/fr\/normes\/\">Normes de r\u00e9f\u00e9rence des Droits de l\u2019Enfant<\/a><\/li>\n<\/ul>\n<\/div>\n","protected":false},"excerpt":{"rendered":"<p>Protocole additionnel, aux Conventions de Gen\u00e8ve, relatif \u00e0 la protection des victimes des conflits arm\u00e9s internationaux (Protocole I) 8 Juin 1977 Articles concernant la protection des enfants Titre IV : Population civile Section III &#8211; Traitement des personnes au pouvoir d&rsquo;une Partie au conflit Chapitre I &#8211; Champ d&rsquo;application et protection des personnes et des [&hellip;]<\/p>\n","protected":false},"author":65,"featured_media":0,"parent":166,"menu_order":0,"comment_status":"closed","ping_status":"closed","template":"","meta":{"footnotes":""},"class_list":["post-19466","page","type-page","status-publish","hentry"],"yoast_head":"<!-- This site is optimized with the Yoast SEO plugin v28.3 - https:\/\/yoast.com\/product\/yoast-seo-wordpress\/ -->\n<title>Protocole additionnel aux Conventions de Gen\u00e8ve du 12 ao\u00fbt 1949 relatif \u00e0 la protection des victimes des conflits arm\u00e9s internationaux (Protocole I) - 1977 - S\u00e9lection d&#039;articles relatifs \u00e0 la protection des enfants - Humanium<\/title>\n<meta name=\"robots\" content=\"index, follow, max-snippet:-1, max-image-preview:large, max-video-preview:-1\" \/>\n<link rel=\"canonical\" href=\"https:\/\/www.humanium.org\/fr\/autres\/protocole-1-conventions-geneve-sur-la-protection-des-victimes-des-conflits-armes-internationaux\/\" \/>\n<meta property=\"og:locale\" content=\"fr_FR\" \/>\n<meta property=\"og:type\" content=\"article\" \/>\n<meta property=\"og:title\" content=\"Protocole additionnel aux Conventions de Gen\u00e8ve du 12 ao\u00fbt 1949 relatif \u00e0 la protection des victimes des conflits arm\u00e9s internationaux (Protocole I) - 1977 - S\u00e9lection d&#039;articles relatifs \u00e0 la protection des enfants - Humanium\" \/>\n<meta property=\"og:description\" content=\"Protocole additionnel, aux Conventions de Gen\u00e8ve, relatif \u00e0 la protection des victimes des conflits arm\u00e9s internationaux (Protocole I) 8 Juin 1977 Articles concernant la protection des enfants Titre IV : Population civile Section III &#8211; Traitement des personnes au pouvoir d&rsquo;une Partie au conflit Chapitre I &#8211; Champ d&rsquo;application et protection des personnes et des [&hellip;]\" \/>\n<meta property=\"og:url\" content=\"https:\/\/www.humanium.org\/fr\/autres\/protocole-1-conventions-geneve-sur-la-protection-des-victimes-des-conflits-armes-internationaux\/\" \/>\n<meta property=\"og:site_name\" content=\"Humanium\" \/>\n<meta property=\"article:modified_time\" content=\"2017-10-04T07:30:29+00:00\" \/>\n<meta property=\"og:image\" content=\"https:\/\/www.humanium.org\/fr\/wp-content\/uploads\/logo-odt.gif\" \/>\n<meta name=\"twitter:card\" content=\"summary_large_image\" \/>\n<meta name=\"twitter:label1\" content=\"Dur\u00e9e de lecture estim\u00e9e\" \/>\n\t<meta name=\"twitter:data1\" content=\"10 minutes\" \/>\n<script type=\"application\/ld+json\" class=\"yoast-schema-graph\">{\"@context\":\"https:\\\/\\\/schema.org\",\"@graph\":[{\"@type\":\"WebPage\",\"@id\":\"https:\\\/\\\/www.humanium.org\\\/fr\\\/autres\\\/protocole-1-conventions-geneve-sur-la-protection-des-victimes-des-conflits-armes-internationaux\\\/\",\"url\":\"https:\\\/\\\/www.humanium.org\\\/fr\\\/autres\\\/protocole-1-conventions-geneve-sur-la-protection-des-victimes-des-conflits-armes-internationaux\\\/\",\"name\":\"Protocole additionnel aux Conventions de Gen\u00e8ve du 12 ao\u00fbt 1949 relatif \u00e0 la protection des victimes des conflits arm\u00e9s internationaux (Protocole I) - 1977 - S\u00e9lection d'articles relatifs \u00e0 la protection des enfants - Humanium\",\"isPartOf\":{\"@id\":\"https:\\\/\\\/www.humanium.org\\\/fr\\\/#website\"},\"primaryImageOfPage\":{\"@id\":\"https:\\\/\\\/www.humanium.org\\\/fr\\\/autres\\\/protocole-1-conventions-geneve-sur-la-protection-des-victimes-des-conflits-armes-internationaux\\\/#primaryimage\"},\"image\":{\"@id\":\"https:\\\/\\\/www.humanium.org\\\/fr\\\/autres\\\/protocole-1-conventions-geneve-sur-la-protection-des-victimes-des-conflits-armes-internationaux\\\/#primaryimage\"},\"thumbnailUrl\":\"https:\\\/\\\/www.humanium.org\\\/fr\\\/wp-content\\\/uploads\\\/logo-odt.gif\",\"datePublished\":\"2010-07-12T08:27:54+00:00\",\"dateModified\":\"2017-10-04T07:30:29+00:00\",\"breadcrumb\":{\"@id\":\"https:\\\/\\\/www.humanium.org\\\/fr\\\/autres\\\/protocole-1-conventions-geneve-sur-la-protection-des-victimes-des-conflits-armes-internationaux\\\/#breadcrumb\"},\"inLanguage\":\"fr-FR\",\"potentialAction\":[{\"@type\":\"ReadAction\",\"target\":[\"https:\\\/\\\/www.humanium.org\\\/fr\\\/autres\\\/protocole-1-conventions-geneve-sur-la-protection-des-victimes-des-conflits-armes-internationaux\\\/\"]}]},{\"@type\":\"ImageObject\",\"inLanguage\":\"fr-FR\",\"@id\":\"https:\\\/\\\/www.humanium.org\\\/fr\\\/autres\\\/protocole-1-conventions-geneve-sur-la-protection-des-victimes-des-conflits-armes-internationaux\\\/#primaryimage\",\"url\":\"https:\\\/\\\/www.humanium.org\\\/fr\\\/wp-content\\\/uploads\\\/logo-odt.gif\",\"contentUrl\":\"https:\\\/\\\/www.humanium.org\\\/fr\\\/wp-content\\\/uploads\\\/logo-odt.gif\"},{\"@type\":\"BreadcrumbList\",\"@id\":\"https:\\\/\\\/www.humanium.org\\\/fr\\\/autres\\\/protocole-1-conventions-geneve-sur-la-protection-des-victimes-des-conflits-armes-internationaux\\\/#breadcrumb\",\"itemListElement\":[{\"@type\":\"ListItem\",\"position\":1,\"name\":\"Home\",\"item\":\"https:\\\/\\\/www.humanium.org\\\/fr\\\/\"},{\"@type\":\"ListItem\",\"position\":2,\"name\":\"Autres normes juridiques et textes de r\u00e9f\u00e9rence relatifs aux Droits de l&rsquo;Enfant\",\"item\":\"https:\\\/\\\/www.humanium.org\\\/fr\\\/autres\\\/\"},{\"@type\":\"ListItem\",\"position\":3,\"name\":\"Protocole additionnel aux Conventions de Gen\u00e8ve du 12 ao\u00fbt 1949 relatif \u00e0 la protection des victimes des conflits arm\u00e9s internationaux (Protocole I) &#8211; 1977 &#8211; S\u00e9lection d&rsquo;articles relatifs \u00e0 la protection des enfants\"}]},{\"@type\":\"WebSite\",\"@id\":\"https:\\\/\\\/www.humanium.org\\\/fr\\\/#website\",\"url\":\"https:\\\/\\\/www.humanium.org\\\/fr\\\/\",\"name\":\"Humanium\",\"description\":\"Les enfants d\u2019abord !\",\"potentialAction\":[{\"@type\":\"SearchAction\",\"target\":{\"@type\":\"EntryPoint\",\"urlTemplate\":\"https:\\\/\\\/www.humanium.org\\\/fr\\\/?s={search_term_string}\"},\"query-input\":{\"@type\":\"PropertyValueSpecification\",\"valueRequired\":true,\"valueName\":\"search_term_string\"}}],\"inLanguage\":\"fr-FR\"}]}<\/script>\n<!-- \/ Yoast SEO plugin. -->","yoast_head_json":{"title":"Protocole additionnel aux Conventions de Gen\u00e8ve du 12 ao\u00fbt 1949 relatif \u00e0 la protection des victimes des conflits arm\u00e9s internationaux (Protocole I) - 1977 - S\u00e9lection d'articles relatifs \u00e0 la protection des enfants - Humanium","robots":{"index":"index","follow":"follow","max-snippet":"max-snippet:-1","max-image-preview":"max-image-preview:large","max-video-preview":"max-video-preview:-1"},"canonical":"https:\/\/www.humanium.org\/fr\/autres\/protocole-1-conventions-geneve-sur-la-protection-des-victimes-des-conflits-armes-internationaux\/","og_locale":"fr_FR","og_type":"article","og_title":"Protocole additionnel aux Conventions de Gen\u00e8ve du 12 ao\u00fbt 1949 relatif \u00e0 la protection des victimes des conflits arm\u00e9s internationaux (Protocole I) - 1977 - S\u00e9lection d'articles relatifs \u00e0 la protection des enfants - Humanium","og_description":"Protocole additionnel, aux Conventions de Gen\u00e8ve, relatif \u00e0 la protection des victimes des conflits arm\u00e9s internationaux (Protocole I) 8 Juin 1977 Articles concernant la protection des enfants Titre IV : Population civile Section III &#8211; Traitement des personnes au pouvoir d&rsquo;une Partie au conflit Chapitre I &#8211; Champ d&rsquo;application et protection des personnes et des [&hellip;]","og_url":"https:\/\/www.humanium.org\/fr\/autres\/protocole-1-conventions-geneve-sur-la-protection-des-victimes-des-conflits-armes-internationaux\/","og_site_name":"Humanium","article_modified_time":"2017-10-04T07:30:29+00:00","og_image":[{"url":"https:\/\/www.humanium.org\/fr\/wp-content\/uploads\/logo-odt.gif","type":"","width":"","height":""}],"twitter_card":"summary_large_image","twitter_misc":{"Dur\u00e9e de lecture estim\u00e9e":"10 minutes"},"schema":{"@context":"https:\/\/schema.org","@graph":[{"@type":"WebPage","@id":"https:\/\/www.humanium.org\/fr\/autres\/protocole-1-conventions-geneve-sur-la-protection-des-victimes-des-conflits-armes-internationaux\/","url":"https:\/\/www.humanium.org\/fr\/autres\/protocole-1-conventions-geneve-sur-la-protection-des-victimes-des-conflits-armes-internationaux\/","name":"Protocole additionnel aux Conventions de Gen\u00e8ve du 12 ao\u00fbt 1949 relatif \u00e0 la protection des victimes des conflits arm\u00e9s internationaux (Protocole I) - 1977 - S\u00e9lection d'articles relatifs \u00e0 la protection des enfants - Humanium","isPartOf":{"@id":"https:\/\/www.humanium.org\/fr\/#website"},"primaryImageOfPage":{"@id":"https:\/\/www.humanium.org\/fr\/autres\/protocole-1-conventions-geneve-sur-la-protection-des-victimes-des-conflits-armes-internationaux\/#primaryimage"},"image":{"@id":"https:\/\/www.humanium.org\/fr\/autres\/protocole-1-conventions-geneve-sur-la-protection-des-victimes-des-conflits-armes-internationaux\/#primaryimage"},"thumbnailUrl":"https:\/\/www.humanium.org\/fr\/wp-content\/uploads\/logo-odt.gif","datePublished":"2010-07-12T08:27:54+00:00","dateModified":"2017-10-04T07:30:29+00:00","breadcrumb":{"@id":"https:\/\/www.humanium.org\/fr\/autres\/protocole-1-conventions-geneve-sur-la-protection-des-victimes-des-conflits-armes-internationaux\/#breadcrumb"},"inLanguage":"fr-FR","potentialAction":[{"@type":"ReadAction","target":["https:\/\/www.humanium.org\/fr\/autres\/protocole-1-conventions-geneve-sur-la-protection-des-victimes-des-conflits-armes-internationaux\/"]}]},{"@type":"ImageObject","inLanguage":"fr-FR","@id":"https:\/\/www.humanium.org\/fr\/autres\/protocole-1-conventions-geneve-sur-la-protection-des-victimes-des-conflits-armes-internationaux\/#primaryimage","url":"https:\/\/www.humanium.org\/fr\/wp-content\/uploads\/logo-odt.gif","contentUrl":"https:\/\/www.humanium.org\/fr\/wp-content\/uploads\/logo-odt.gif"},{"@type":"BreadcrumbList","@id":"https:\/\/www.humanium.org\/fr\/autres\/protocole-1-conventions-geneve-sur-la-protection-des-victimes-des-conflits-armes-internationaux\/#breadcrumb","itemListElement":[{"@type":"ListItem","position":1,"name":"Home","item":"https:\/\/www.humanium.org\/fr\/"},{"@type":"ListItem","position":2,"name":"Autres normes juridiques et textes de r\u00e9f\u00e9rence relatifs aux Droits de l&rsquo;Enfant","item":"https:\/\/www.humanium.org\/fr\/autres\/"},{"@type":"ListItem","position":3,"name":"Protocole additionnel aux Conventions de Gen\u00e8ve du 12 ao\u00fbt 1949 relatif \u00e0 la protection des victimes des conflits arm\u00e9s internationaux (Protocole I) &#8211; 1977 &#8211; S\u00e9lection d&rsquo;articles relatifs \u00e0 la protection des enfants"}]},{"@type":"WebSite","@id":"https:\/\/www.humanium.org\/fr\/#website","url":"https:\/\/www.humanium.org\/fr\/","name":"Humanium","description":"Les enfants d\u2019abord !","potentialAction":[{"@type":"SearchAction","target":{"@type":"EntryPoint","urlTemplate":"https:\/\/www.humanium.org\/fr\/?s={search_term_string}"},"query-input":{"@type":"PropertyValueSpecification","valueRequired":true,"valueName":"search_term_string"}}],"inLanguage":"fr-FR"}]}},"_links":{"self":[{"href":"https:\/\/www.humanium.org\/fr\/wp-json\/wp\/v2\/pages\/19466","targetHints":{"allow":["GET"]}}],"collection":[{"href":"https:\/\/www.humanium.org\/fr\/wp-json\/wp\/v2\/pages"}],"about":[{"href":"https:\/\/www.humanium.org\/fr\/wp-json\/wp\/v2\/types\/page"}],"author":[{"embeddable":true,"href":"https:\/\/www.humanium.org\/fr\/wp-json\/wp\/v2\/users\/65"}],"replies":[{"embeddable":true,"href":"https:\/\/www.humanium.org\/fr\/wp-json\/wp\/v2\/comments?post=19466"}],"version-history":[{"count":4,"href":"https:\/\/www.humanium.org\/fr\/wp-json\/wp\/v2\/pages\/19466\/revisions"}],"predecessor-version":[{"id":41509,"href":"https:\/\/www.humanium.org\/fr\/wp-json\/wp\/v2\/pages\/19466\/revisions\/41509"}],"up":[{"embeddable":true,"href":"https:\/\/www.humanium.org\/fr\/wp-json\/wp\/v2\/pages\/166"}],"wp:attachment":[{"href":"https:\/\/www.humanium.org\/fr\/wp-json\/wp\/v2\/media?parent=19466"}],"curies":[{"name":"wp","href":"https:\/\/api.w.org\/{rel}","templated":true}]}}