{"id":20106,"date":"2012-08-17T16:15:24","date_gmt":"2012-08-17T16:15:24","guid":{"rendered":"http:\/\/www.humanium.org\/fr\/?page_id=20106"},"modified":"2026-01-17T14:33:14","modified_gmt":"2026-01-17T14:33:14","slug":"bosnie-herzegovine","status":"publish","type":"page","link":"https:\/\/www.humanium.org\/fr\/bosnie-herzegovine\/","title":{"rendered":"Enfants de Bosnie-Herz\u00e9govine"},"content":{"rendered":"\n<h2 class=\"wp-block-heading\"><strong>Comprendre le droit des enfants en Bosnie-Herz\u00e9govine<\/strong><\/h2>\n\n\n\n<div class=\"wp-block-columns is-layout-flex wp-container-core-columns-is-layout-8f761849 wp-block-columns-is-layout-flex\">\n<div class=\"wp-block-column is-layout-flow wp-block-column-is-layout-flow\"><div class=\"wp-block-image is-style-rounded\">\n<figure class=\"aligncenter size-large is-resized\"><img loading=\"lazy\" decoding=\"async\" width=\"1024\" height=\"1024\" src=\"https:\/\/www.humanium.org\/fr\/wp-content\/uploads\/2026\/01\/shutterstock_1881973018_edited-1024x1024.jpeg\" alt=\"\" class=\"wp-image-61593\" style=\"object-fit:cover;width:200px;height:200px\" srcset=\"https:\/\/www.humanium.org\/fr\/wp-content\/uploads\/2026\/01\/shutterstock_1881973018_edited-1024x1024.jpeg 1024w, https:\/\/www.humanium.org\/fr\/wp-content\/uploads\/2026\/01\/shutterstock_1881973018_edited-300x300.jpeg 300w, https:\/\/www.humanium.org\/fr\/wp-content\/uploads\/2026\/01\/shutterstock_1881973018_edited-150x150.jpeg 150w, https:\/\/www.humanium.org\/fr\/wp-content\/uploads\/2026\/01\/shutterstock_1881973018_edited-768x768.jpeg 768w, https:\/\/www.humanium.org\/fr\/wp-content\/uploads\/2026\/01\/shutterstock_1881973018_edited-1536x1536.jpeg 1536w, https:\/\/www.humanium.org\/fr\/wp-content\/uploads\/2026\/01\/shutterstock_1881973018_edited-2048x2048.jpeg 2048w, https:\/\/www.humanium.org\/fr\/wp-content\/uploads\/2026\/01\/shutterstock_1881973018_edited-830x830.jpeg 830w, https:\/\/www.humanium.org\/fr\/wp-content\/uploads\/2026\/01\/shutterstock_1881973018_edited-230x230.jpeg 230w, https:\/\/www.humanium.org\/fr\/wp-content\/uploads\/2026\/01\/shutterstock_1881973018_edited-350x350.jpeg 350w, https:\/\/www.humanium.org\/fr\/wp-content\/uploads\/2026\/01\/shutterstock_1881973018_edited-480x480.jpeg 480w\" sizes=\"auto, (max-width: 1024px) 100vw, 1024px\" \/><\/figure>\n<\/div><\/div>\n\n\n\n<div class=\"wp-block-column is-layout-flow wp-block-column-is-layout-flow\"><div class=\"wp-block-image is-style-rounded\">\n<figure class=\"aligncenter size-large is-resized\"><img loading=\"lazy\" decoding=\"async\" width=\"1024\" height=\"1024\" src=\"https:\/\/www.humanium.org\/fr\/wp-content\/uploads\/2026\/01\/shutterstock_1464118778_edited-1024x1024.jpeg\" alt=\"\" class=\"wp-image-61594\" style=\"object-fit:cover;width:200px;height:200px\" srcset=\"https:\/\/www.humanium.org\/fr\/wp-content\/uploads\/2026\/01\/shutterstock_1464118778_edited-1024x1024.jpeg 1024w, https:\/\/www.humanium.org\/fr\/wp-content\/uploads\/2026\/01\/shutterstock_1464118778_edited-300x300.jpeg 300w, https:\/\/www.humanium.org\/fr\/wp-content\/uploads\/2026\/01\/shutterstock_1464118778_edited-150x150.jpeg 150w, https:\/\/www.humanium.org\/fr\/wp-content\/uploads\/2026\/01\/shutterstock_1464118778_edited-768x768.jpeg 768w, https:\/\/www.humanium.org\/fr\/wp-content\/uploads\/2026\/01\/shutterstock_1464118778_edited-1536x1536.jpeg 1536w, https:\/\/www.humanium.org\/fr\/wp-content\/uploads\/2026\/01\/shutterstock_1464118778_edited-2048x2048.jpeg 2048w, https:\/\/www.humanium.org\/fr\/wp-content\/uploads\/2026\/01\/shutterstock_1464118778_edited-830x830.jpeg 830w, https:\/\/www.humanium.org\/fr\/wp-content\/uploads\/2026\/01\/shutterstock_1464118778_edited-230x230.jpeg 230w, https:\/\/www.humanium.org\/fr\/wp-content\/uploads\/2026\/01\/shutterstock_1464118778_edited-350x350.jpeg 350w, https:\/\/www.humanium.org\/fr\/wp-content\/uploads\/2026\/01\/shutterstock_1464118778_edited-480x480.jpeg 480w\" sizes=\"auto, (max-width: 1024px) 100vw, 1024px\" \/><\/figure>\n<\/div><\/div>\n<\/div>\n\n\n\n<p class=\"wp-block-paragraph\">Le d\u00e9veloppement socio-politique en Bosnie-Herz\u00e9govine et sa capacit\u00e9 \u00e0 prot\u00e9ger les droits des enfants sont \u00e9troitement li\u00e9s \u00e0 son histoire r\u00e9cente. La dissolution de la R\u00e9publique f\u00e9d\u00e9rayive socialiste de Yougoslavie ainsi que la d\u00e9claration d\u2019ind\u00e9pendance de la Bosnie-Herz\u00e9govine (BiH) dans les ann\u00e9es&nbsp;1990 ont \u00e9t\u00e9 marqu\u00e9es par une violente guerre et un g\u00e9nocide. Malgr\u00e9 les efforts entrepris pour harmoniser la l\u00e9gislation nationale avec les normes internationales, les <a href=\"https:\/\/www.humanium.org\/fr\/enfants-des-minorites\/\">enfants issus de minorit\u00e9s<\/a> en BiH continuent de faire face \u00e0 des difficult\u00e9s dans la r\u00e9alisation de leurs droits, particuli\u00e8rement dans les domaines de l\u2019<a href=\"https:\/\/www.humanium.org\/fr\/comprendre-droits-enfant\/droit-a-l-education\/\">\u00e9ducation<\/a>, du bien-\u00eatre et des services publics au sens large.<\/p>\n\n\n\n<iframe src=\"https:\/\/www.google.com\/maps\/embed?pb=!1m18!1m12!1m3!1d1471724.8259751776!2d16.357128172595573!3d43.90839684171517!2m3!1f0!2f0!3f0!3m2!1i1024!2i768!4f13.1!3m3!1m2!1s0x134ba215c737a9d7%3A0x6df7e20343b7e90c!2sBosnia%20and%20Herzegovina!5e0!3m2!1sen!2sfr!4v1768398442617!5m2!1sen!2sfr\" width=\"600\" height=\"450\" style=\"border:0;\" allowfullscreen=\"\" loading=\"lazy\" referrerpolicy=\"no-referrer-when-downgrade\"><\/iframe>\n\n\n\n<div class=\"wp-block-columns is-layout-flex wp-container-core-columns-is-layout-8f761849 wp-block-columns-is-layout-flex\">\n<div class=\"wp-block-column is-layout-flow wp-block-column-is-layout-flow\">\n<p class=\"wp-block-paragraph\"><strong>Population&nbsp;:<\/strong> 3,185&nbsp;millions<\/p>\n\n\n\n<p class=\"wp-block-paragraph\"><strong>Population \u00e2g\u00e9e de 0 \u00e0 14&nbsp;ans&nbsp;:<\/strong> 13,22&nbsp;%<\/p>\n<\/div>\n\n\n\n<div class=\"wp-block-column is-layout-flow wp-block-column-is-layout-flow\">\n<p class=\"wp-block-paragraph\"><strong>Esp\u00e9rance de vie&nbsp;:<\/strong> 75,29&nbsp;ans<\/p>\n\n\n\n<p class=\"wp-block-paragraph\"><strong>Taux de mortalit\u00e9 d\u2019enfants \u00e2g\u00e9s de moins de 5&nbsp;ans&nbsp;:<\/strong> 6&nbsp;\u2030<\/p>\n<\/div>\n<\/div>\n\n\n\n<h2 class=\"wp-block-heading\"><strong>Aper\u00e7u de la Bosnie-Herz\u00e9govine<\/strong><\/h2>\n\n\n\n<p class=\"wp-block-paragraph\">La Bosnie-Herz\u00e9govine (<em>Bosna i Hercegovina <\/em>or \u0411\u043e\u0441\u043d\u0430 \u0438 \u0425\u0435\u0440\u0446\u0435\u0433\u043e\u0432\u0438\u043d\u0430) est un pays situ\u00e9 dans la p\u00e9ninsule balkanique, en l\u2019Europe du Sud-Est. Elle partage des fronti\u00e8res avec la <a href=\"https:\/\/www.humanium.org\/fr\/serbie\/\">Serbie<\/a> \u00e0 l\u2019est, le <a href=\"https:\/\/www.humanium.org\/fr\/montenegro\/\">Mont\u00e9n\u00e9gro<\/a> au sud-est et la <a href=\"https:\/\/www.humanium.org\/fr\/croatie\/\">Croatie<\/a> au nord et au sud-ouest. La r\u00e9gion de Bosnie occupe la partie nord et centrale du pays, tandis que l\u2019Herz\u00e9govine se trouve au sud et au sud-ouest (Malcolm et al, 2025).<\/p>\n\n\n\n<p class=\"wp-block-paragraph\">Ces r\u00e9gions sont g\u00e9n\u00e9ralement caract\u00e9ris\u00e9es par deux entit\u00e9s distinctes, \u00e9tablies en 1995 via les accords de Dayton&nbsp;: la Republika Srpska (aussi appel\u00e9e R\u00e9publique serbe de Bosnie), qui occupe le nord et le nord-est, et la F\u00e9d\u00e9ration de Bosnie-Herz\u00e9govine. Chacune dispose d\u2019une autonomie propre, avec sa constitution, son syst\u00e8me judiciaire et sa l\u00e9gislature (Malcolm et al, 2025). Le district de Br\u010dko, une unit\u00e9 administrative autonome, se situe dans la partie nord-est de son territoire, et fonctionne sous une souverainet\u00e9 partag\u00e9e.<\/p>\n\n\n\n<p class=\"wp-block-paragraph\">La Bosnie-Herz\u00e9govine na\u00eet de la r\u00e9publique f\u00e9d\u00e9rative socialiste de Yougoslavie&nbsp;: une f\u00e9d\u00e9ration mise en place en 1943 et comprenant six r\u00e9publiques&nbsp;: la Serbie, le Mont\u00e9n\u00e9gro, la Mac\u00e9doine, la Slov\u00e9nie, la Croatie et la Bosnie-Herz\u00e9govine. La Bosnie d\u00e9clare son ind\u00e9pendance de la f\u00e9d\u00e9ration en 1992. Pourtant, les Serbes de Bosnie s\u2019opposent \u00e0 cette initiative et lancent une campagne militaire pour \u00ab\u2009nettoyer\u2009\u00bb le pays (United States Holocaust Memorial Museum, 2013).<\/p>\n\n\n\n<p class=\"wp-block-paragraph\">Le conflit qui suit, d\u2019une dur\u00e9e de trois ans (1992 \u2013 1995), fait environ 100&nbsp;000&nbsp;morts, jusqu\u2019\u00e0 50&nbsp;000&nbsp;cas de viols signal\u00e9s et plus de 2&nbsp;millions de d\u00e9plac\u00e9s. Les accords de Dayton qui suivent institutionnalisent un \u00e9tat profond\u00e9ment divis\u00e9 sur des lignes ethniques et religieuses, avec notamment des dispositions l\u00e9gales permettant la destitution de responsables publics dans l\u2019int\u00e9r\u00eat de la paix (Malcolm et al, 2025).<\/p>\n\n\n\n<h2 class=\"wp-block-heading\"><strong>Le statut des droits des enfants<\/strong> <strong><u><a href=\"#_ftn1\"><sup><strong><u><sup>[1]<\/sup><\/u><\/strong><\/sup><\/a><\/u><\/strong><\/h2>\n\n\n<div class=\"wp-block-image\">\n<figure class=\"alignleft size-large is-resized\"><img loading=\"lazy\" decoding=\"async\" width=\"1024\" height=\"683\" src=\"https:\/\/www.humanium.org\/fr\/wp-content\/uploads\/2026\/01\/shutterstock_1581890017-1024x683.jpg\" alt=\"\" class=\"wp-image-61595\" style=\"aspect-ratio:1.4993160054719563;width:312px;height:auto\" srcset=\"https:\/\/www.humanium.org\/fr\/wp-content\/uploads\/2026\/01\/shutterstock_1581890017-1024x683.jpg 1024w, https:\/\/www.humanium.org\/fr\/wp-content\/uploads\/2026\/01\/shutterstock_1581890017-300x200.jpg 300w, https:\/\/www.humanium.org\/fr\/wp-content\/uploads\/2026\/01\/shutterstock_1581890017-768x512.jpg 768w, https:\/\/www.humanium.org\/fr\/wp-content\/uploads\/2026\/01\/shutterstock_1581890017-1536x1024.jpg 1536w, https:\/\/www.humanium.org\/fr\/wp-content\/uploads\/2026\/01\/shutterstock_1581890017-2048x1365.jpg 2048w, https:\/\/www.humanium.org\/fr\/wp-content\/uploads\/2026\/01\/shutterstock_1581890017-830x553.jpg 830w, https:\/\/www.humanium.org\/fr\/wp-content\/uploads\/2026\/01\/shutterstock_1581890017-230x153.jpg 230w, https:\/\/www.humanium.org\/fr\/wp-content\/uploads\/2026\/01\/shutterstock_1581890017-350x233.jpg 350w, https:\/\/www.humanium.org\/fr\/wp-content\/uploads\/2026\/01\/shutterstock_1581890017-480x320.jpg 480w, https:\/\/www.humanium.org\/fr\/wp-content\/uploads\/2026\/01\/shutterstock_1581890017-272x182.jpg 272w\" sizes=\"auto, (max-width: 1024px) 100vw, 1024px\" \/><\/figure>\n<\/div>\n\n\n<p class=\"wp-block-paragraph\">La Bosnie-Herz\u00e9govine s\u2019est engag\u00e9e en faveur de nombreux instruments internationaux pour la protection des droits des enfants. En 1993, le gouvernement a ratifi\u00e9 la Convention relative aux droits de l\u2019enfant (CRC). La Bosnie-Herz\u00e9govine est \u00e9galement partie \u00e0 d\u2019autres trait\u00e9s internationaux relatifs aux droits de l\u2019Homme, \u00e9galement ratifi\u00e9s en 1993, comme la <a href=\"https:\/\/www.humanium.org\/fr\/autres\/convention-elimination-formes-discrimination-femmes\/\">Convention sur l&rsquo;\u00e9limination de toutes les formes de discrimination \u00e0 l&rsquo;\u00e9gard des femmes<\/a> (CEDAW), la <a href=\"https:\/\/www.humanium.org\/fr\/autres\/convention-elimination-discrimination-raciale\/\">Convention internationale sur l&rsquo;\u00e9limination de toutes les formes de discrimination raciale<\/a>, et le Pacte international relatif aux droits civils et politiques.<\/p>\n\n\n\n<p class=\"wp-block-paragraph\">En outre, le gouvernement a ratifi\u00e9 le <a href=\"https:\/\/www.humanium.org\/fr\/convention\/protocole-3\/\">Protocole facultatif \u00e0 la Convention relative aux droits de l&rsquo;enfant concernant l&rsquo;implication d&rsquo;enfants dans les conflits arm\u00e9s<\/a> en 2003 et le <a href=\"https:\/\/www.humanium.org\/fr\/normes\/protocole-facultatif-cide-enfants-dans-conflits-armes\/#:~:text=Le%20Protocole%20est%20adopt%C3%A9%20le,vigueur%20le%2012%20f%C3%A9vrier%202002.\">Protocole facultatif \u00e0 la Convention relative aux droits de l&rsquo;enfant, concernant la vente d&rsquo;enfants, la prostitution des enfants et la pornographie mettant en sc\u00e8ne des enfants<\/a> en 2002. Le pays a \u00e9galement ratifi\u00e9 la Convention n\u00b0&nbsp;182 de l\u2019Organisation internationale du travail (1999) sur les <a href=\"https:\/\/www.humanium.org\/fr\/normes\/convention-c182-pires-formes-travail-enfants-1999\/\">pires formes de travail des enfants<\/a> en 2000.<\/p>\n\n\n\n<h2 class=\"wp-block-heading\"><strong>R\u00e9pondre aux besoins des enfants<\/strong><\/h2>\n\n\n\n<h3 class=\"wp-block-heading\"><strong>Le droit \u00e0 l\u2019\u00e9ducation<\/strong><\/h3>\n\n\n<div class=\"wp-block-image\">\n<figure class=\"alignright size-large is-resized\"><img loading=\"lazy\" decoding=\"async\" width=\"1024\" height=\"683\" src=\"https:\/\/www.humanium.org\/fr\/wp-content\/uploads\/2026\/01\/shutterstock_2668559127-1024x683.jpg\" alt=\"\" class=\"wp-image-61601\" style=\"aspect-ratio:1.4993160054719563;width:308px;height:auto\" srcset=\"https:\/\/www.humanium.org\/fr\/wp-content\/uploads\/2026\/01\/shutterstock_2668559127-1024x683.jpg 1024w, https:\/\/www.humanium.org\/fr\/wp-content\/uploads\/2026\/01\/shutterstock_2668559127-300x200.jpg 300w, https:\/\/www.humanium.org\/fr\/wp-content\/uploads\/2026\/01\/shutterstock_2668559127-768x512.jpg 768w, https:\/\/www.humanium.org\/fr\/wp-content\/uploads\/2026\/01\/shutterstock_2668559127-1536x1024.jpg 1536w, https:\/\/www.humanium.org\/fr\/wp-content\/uploads\/2026\/01\/shutterstock_2668559127-2048x1365.jpg 2048w, https:\/\/www.humanium.org\/fr\/wp-content\/uploads\/2026\/01\/shutterstock_2668559127-830x553.jpg 830w, https:\/\/www.humanium.org\/fr\/wp-content\/uploads\/2026\/01\/shutterstock_2668559127-230x153.jpg 230w, https:\/\/www.humanium.org\/fr\/wp-content\/uploads\/2026\/01\/shutterstock_2668559127-350x233.jpg 350w, https:\/\/www.humanium.org\/fr\/wp-content\/uploads\/2026\/01\/shutterstock_2668559127-480x320.jpg 480w, https:\/\/www.humanium.org\/fr\/wp-content\/uploads\/2026\/01\/shutterstock_2668559127-272x182.jpg 272w\" sizes=\"auto, (max-width: 1024px) 100vw, 1024px\" \/><\/figure>\n<\/div>\n\n\n<p class=\"wp-block-paragraph\">En Bosnie-Herz\u00e9govine, le secteur de l\u2019<a href=\"https:\/\/www.humanium.org\/fr\/comprendre-droits-enfant\/droit-a-l-education\/\">\u00e9ducation<\/a> refl\u00e8te la complexit\u00e9 du syst\u00e8me constitutionnel du pays. Il est administr\u00e9 par 12&nbsp;instances distinctes&nbsp;: le ministre de l\u2019\u00c9ducation et de la Culture de la Republika Srpska (<em>Ministarstvo prosvjete i culture Republike Srpske), <\/em>10&nbsp;minist\u00e8res cantonaux de l\u2019\u00c9ducation dans la F\u00e9d\u00e9ration de Bosnie-Herz\u00e9govine et le D\u00e9partement de l\u2019\u00c9ducation du gouvernement du district de Br\u010dko (<em>Odjeljenje za obrazovanje u Vladi Br\u010dko Distrikta<\/em>) (European Commission, 2024).<\/p>\n\n\n\n<p class=\"wp-block-paragraph\">Les \u00e9tapes du syst\u00e8me <a href=\"https:\/\/www.humanium.org\/fr\/comprendre-droits-enfant\/droit-a-l-education\/\">\u00e9ducatif<\/a> en Bosnie-Herz\u00e9govine se compose de&nbsp;(European Commission, 2024)&nbsp;:<\/p>\n\n\n\n<ol class=\"wp-block-list\">\n<li>L\u2019\u00e9ducation pr\u00e9scolaire (Pred\u0161kolsko obrazovanje i vaspitanje), destin\u00e9e aux enfants d\u00e8s l\u2019\u00e2ge de 6&nbsp;mois jusqu\u2019au d\u00e9but de l\u2019\u00e9ducation primaire. Elle comprend la cr\u00e8che (pour les enfants \u00e2g\u00e9s de 6&nbsp;mois \u00e0 3&nbsp;ans), la maternelle (pour les enfants \u00e2g\u00e9s de 3 \u00e0 6&nbsp;ans) ainsi qu\u2019un programme pr\u00e9paratoire pr\u00e9scolaire.<\/li>\n\n\n\n<li>L\u2019enseignement primaire (<em>Osnovno obrazovanje<\/em>) est une \u00e9ducation obligatoire et se divise en trois cycles. L\u2019\u00e9ducation primaire publique est gratuite et d\u00e9bute d\u00e8s l\u2019\u00e2ge de 6&nbsp;ans. Les cycles comprennent&nbsp;:<\/li>\n<\/ol>\n\n\n\n<ol class=\"wp-block-list\">\n<li>Premier cycle&nbsp;: de la 1re \u00e0 la 3e&nbsp;ann\u00e9e scolaire<\/li>\n\n\n\n<li>Deuxi\u00e8me cycle&nbsp;: de la 4e \u00e0 la 6e&nbsp;ann\u00e9e scolaire<\/li>\n\n\n\n<li>Troisi\u00e8me cycle&nbsp;: de la 7e \u00e0 la 9e&nbsp;ann\u00e9e scolaire<\/li>\n\n\n\n<li>L\u2019\u00e9ducation secondaire (<em>Srednje obrazovanje<\/em>) dure quatre ans et commence \u00e0 l\u2019\u00e2ge de 15&nbsp;ans. Il existe plusieurs types d\u2019\u00e9tablissements secondaires&nbsp;: les lyc\u00e9es g\u00e9n\u00e9raux, les \u00e9coles professionnelles, et les \u00e9coles d\u2019art.<\/li>\n<\/ol>\n\n\n\n<p class=\"wp-block-paragraph\">Malgr\u00e9 un syst\u00e8me structur\u00e9, l\u2019acc\u00e8s \u00e0 l\u2019\u00e9ducation reste difficile pour les familles en situation de vuln\u00e9rabilit\u00e9. Les donn\u00e9es collect\u00e9es par l\u2019UNICEF en Bosnie-Herz\u00e9govine pour l\u2019ann\u00e9e scolaire 2018\/2019 indiquent que le pays poss\u00e8de l\u2019un des taux de scolarisation pr\u00e9scolaire les plus bas d\u2019Europe, avec seulement 25&nbsp;% d\u2019enfants inscrits. <\/p>\n\n\n\n<p class=\"wp-block-paragraph\">Parmi eux, seul 0,5&nbsp;% venaient des zones rurales, et seuls 2&nbsp;% \u00e9taient issus de familles o\u00f9 les deux parents \u00e9taient sans emploi. Les <a href=\"https:\/\/www.humanium.org\/fr\/la-discrimination-des-enfants-roms-dans-leducation\/\">enfants roms<\/a> poss\u00e8dent les taux de scolarisation les plus bas, avec la pauvret\u00e9, les pr\u00e9jug\u00e9s et la discrimination \u00e9tant identifi\u00e9s comme les principaux obstacles (UNICEF, 2020).<\/p>\n\n\n\n<h3 class=\"wp-block-heading\"><a href=\"https:\/\/www.humanium.org\/fr\/droit-a-la-sante-2\/\"><strong>Le droit \u00e0 la sant\u00e9<\/strong><\/a><\/h3>\n\n\n\n<p class=\"wp-block-paragraph\">Dans la f\u00e9d\u00e9ration de Bosnie-Herz\u00e9govine, le <a href=\"https:\/\/www.humanium.org\/fr\/droit-a-la-sante-2\/\">syst\u00e8me de sant\u00e9<\/a> est d\u00e9centralis\u00e9, tandis qu\u2019en Republika Srpska et dans le district de Br\u010dko, il est plus centralis\u00e9. Bien que la Bosnie-Herz\u00e9govine garantisse un acc\u00e8s universel aux soins de sant\u00e9 de base ind\u00e9pendamment du revenu, l\u2019accessibilit\u00e9 et la qualit\u00e9 varient consid\u00e9rablement, en particulier pour les groupes vuln\u00e9rables, comme la communaut\u00e9 rom (UNICEF, 2020).<\/p>\n\n\n\n<p class=\"wp-block-paragraph\">Selon les donn\u00e9es collect\u00e9es par l\u2019Enqu\u00eate par grappes \u00e0 indicateurs multiples de l\u2019UNICEF (MICS) en 2011-2012, le taux de <a href=\"https:\/\/www.humanium.org\/fr\/comprendre-droits-enfant\/droit-a-la-sante\/\">vaccination<\/a> contre la tuberculose (BCG \u2014 Bacillus Calmette-Gu\u00e9rin), la dipht\u00e9rie, la coqueluche et le t\u00e9tanos (DTC), la polio et la rougeole, les oreillons, et la rub\u00e9ole (ROR) en Bosnie-Herz\u00e9govine \u00e9tait de 68&nbsp;% pour l\u2019ensemble des enfants et 4&nbsp;% pour les enfants roms. Ce faible taux de vaccination parmi les enfants roms a \u00e9t\u00e9 associ\u00e9 \u00e0 un manque d\u2019assurance sant\u00e9, \u00e0 des difficult\u00e9s d\u2019acc\u00e8s aux services de sant\u00e9, et \u00e0 une profonde m\u00e9fiance entre la communaut\u00e9 rom et les professionnels de sant\u00e9.<\/p>\n\n\n\n<p class=\"wp-block-paragraph\">Plus r\u00e9cemment, les taux de vaccination, en particulier pour la rougeole, les oreillons, et la rub\u00e9ole (ROR) ont encore diminu\u00e9, entra\u00eenant des flamb\u00e9es r\u00e9currentes de rougeole dans tout le pays. De plus, la Bosnie-Herz\u00e9govine reste vuln\u00e9rable \u00e0 de possibles \u00e9pid\u00e9mies de polio suite \u00e0 un taux de couverture vaccinale constamment insuffisant (UNICEF, 2020).<\/p>\n\n\n\n<h3 class=\"wp-block-heading\"><a href=\"https:\/\/www.humanium.org\/fr\/situation-monde\/droit-a-l-eau\/\"><strong>Le droit \u00e0 l\u2019eau et \u00e0 l\u2019assainissement<\/strong><\/a><\/h3>\n\n\n\n<p class=\"wp-block-paragraph\">En 2021, la Banque europ\u00e9enne d\u2019investissement (BEI) a sign\u00e9 une subvention de l\u2019Union europ\u00e9enne de 2,1&nbsp;millions d\u2019euros pour am\u00e9liorer les infrastructures d\u2019assainissement et d\u2019eau potable dans les municipalit\u00e9s de Jajce et de Zvornik. Cet investissement a pour but de prot\u00e9ger la population contre la pollution de l\u2019eau et \u00e0 mettre en place des services fiables d\u2019assainissement pour environ 93&nbsp;000&nbsp;habitants des deux municipalit\u00e9s (European Investment Bank, 2021).<\/p>\n\n\n\n<h3 class=\"wp-block-heading\"><a href=\"https:\/\/www.humanium.org\/fr\/enfants-des-minorites\/#:~:text=Les%20enfants%20de%20minorit%C3%A9s%20sont,le%20handicap%20physique%20ou%20mental.\"><strong>Le droit \u00e0 l\u2019identit\u00e9<\/strong><\/a><\/h3>\n\n\n<div class=\"wp-block-image\">\n<figure class=\"alignleft size-large is-resized\"><img loading=\"lazy\" decoding=\"async\" width=\"1024\" height=\"683\" src=\"https:\/\/www.humanium.org\/fr\/wp-content\/uploads\/2026\/01\/shutterstock_1359226082-1024x683.jpg\" alt=\"\" class=\"wp-image-61597\" style=\"aspect-ratio:1.4993160054719563;width:322px;height:auto\" srcset=\"https:\/\/www.humanium.org\/fr\/wp-content\/uploads\/2026\/01\/shutterstock_1359226082-1024x683.jpg 1024w, https:\/\/www.humanium.org\/fr\/wp-content\/uploads\/2026\/01\/shutterstock_1359226082-300x200.jpg 300w, https:\/\/www.humanium.org\/fr\/wp-content\/uploads\/2026\/01\/shutterstock_1359226082-768x512.jpg 768w, https:\/\/www.humanium.org\/fr\/wp-content\/uploads\/2026\/01\/shutterstock_1359226082-1536x1024.jpg 1536w, https:\/\/www.humanium.org\/fr\/wp-content\/uploads\/2026\/01\/shutterstock_1359226082-2048x1365.jpg 2048w, https:\/\/www.humanium.org\/fr\/wp-content\/uploads\/2026\/01\/shutterstock_1359226082-830x553.jpg 830w, https:\/\/www.humanium.org\/fr\/wp-content\/uploads\/2026\/01\/shutterstock_1359226082-230x153.jpg 230w, https:\/\/www.humanium.org\/fr\/wp-content\/uploads\/2026\/01\/shutterstock_1359226082-350x233.jpg 350w, https:\/\/www.humanium.org\/fr\/wp-content\/uploads\/2026\/01\/shutterstock_1359226082-480x320.jpg 480w, https:\/\/www.humanium.org\/fr\/wp-content\/uploads\/2026\/01\/shutterstock_1359226082-272x182.jpg 272w\" sizes=\"auto, (max-width: 1024px) 100vw, 1024px\" \/><\/figure>\n<\/div>\n\n\n<p class=\"wp-block-paragraph\">La position de la Bosnie-Herz\u00e9govine sur l\u2019identit\u00e9 nationale est enracin\u00e9e dans son contexte historique. Les divisions ethniques, en particulier, ayant men\u00e9 au conflit du milieu du XXe&nbsp;si\u00e8cle, se refl\u00e8tent dans les lois sur la citoyennet\u00e9. La Constitution reconna\u00eet trois \u00ab\u2009peuples constitutifs\u2009\u00bb&nbsp;: les Bosniaques, les Croates et les Serbes. Tous les autres groupes ethniques se retrouvent dans la cat\u00e9gorie des \u00ab\u2009autres\u2009\u00bb, qui entra\u00eene leur exclusion des hautes fonctions publiques et de certaines protections juridiques (Sarajlic, 2010).<\/p>\n\n\n\n<p class=\"wp-block-paragraph\">Ces dispositions ne sont pas compatibles avec la Convention europ\u00e9enne des droits de l&rsquo;homme et ses Protocoles ainsi que d\u2019autres normes internationales relatives aux droits de l\u2019Homme. Pourtant, le favoritisme politique envers les groupes ethniques dominants freine les efforts visant \u00e0 r\u00e9duire les in\u00e9galit\u00e9s. Ainsi, tant qu\u2019aucune r\u00e9forme significative n\u2019aura \u00e9t\u00e9 mise en \u0153uvre, les <a href=\"https:\/\/www.humanium.org\/fr\/enfants-des-minorites\/https:\/www.humanium.org\/fr\/enfants-des-minorites\/\">enfants issus de minorit\u00e9s<\/a> en Bosnie-Herz\u00e9govine continueront de se heurter \u00e0 de nombreux obstacles pour obtenir la nationalit\u00e9 et b\u00e9n\u00e9ficier d\u2019une gouvernance \u00e9quitable (Sarajlic, 2010).<\/p>\n\n\n\n<h2 class=\"wp-block-heading\"><strong>Facteurs de risque&nbsp;: d\u00e9fis sp\u00e9cifiques au pays<\/strong><\/h2>\n\n\n\n<h3 class=\"wp-block-heading\"><strong>L\u2019exploitation<\/strong><\/h3>\n\n\n\n<p class=\"wp-block-paragraph\">Les enfants issus des communaut\u00e9s les plus vuln\u00e9rables, dont les <a href=\"https:\/\/www.humanium.org\/fr\/discrimination-enfants-roms-2\/\">enfants roms,<\/a> font face \u00e0 un risque \u00e9lev\u00e9 d\u2019exploitation de la part des trafiquants en raison de leur marginalisation au sein des m\u00e9canismes de citoyennet\u00e9 (UNICEF, 2013). Des groupes de criminalit\u00e9 organis\u00e9e forcent ces enfants vuln\u00e9rables au travail des enfants et \u00e0 la traite transnationale. <\/p>\n\n\n\n<p class=\"wp-block-paragraph\">\u00c0 l\u2019autre extr\u00e9mit\u00e9 du spectre, la Bosnie-Herz\u00e9govine peine \u00e0 obliger les trafiquants \u00e0 r\u00e9pondre de leurs actes criminels. En 2022, l\u2019Organisation internationale du travail a appel\u00e9 la Bosnie-Herz\u00e9govine \u00e0 renforcer ses capacit\u00e9s d\u2019application des lois relatives \u00e0 la traite transnationale, apr\u00e8s que le pays a enregistr\u00e9 moins de cinq condamnations par an au cours des derni\u00e8res ann\u00e9es (International Labour Organization, 2022).<\/p>\n\n\n\n<h3 class=\"wp-block-heading\"><a href=\"https:\/\/www.humanium.org\/fr\/enfants-pauvres\/\"><strong>La pauvret\u00e9<\/strong><\/a><\/h3>\n\n\n<div class=\"wp-block-image\">\n<figure class=\"alignright size-large is-resized\"><img loading=\"lazy\" decoding=\"async\" width=\"1024\" height=\"753\" src=\"https:\/\/www.humanium.org\/fr\/wp-content\/uploads\/2026\/01\/shutterstock_171151172-1024x753.jpg\" alt=\"\" class=\"wp-image-61598\" style=\"aspect-ratio:1.3599069406746802;width:271px;height:auto\" srcset=\"https:\/\/www.humanium.org\/fr\/wp-content\/uploads\/2026\/01\/shutterstock_171151172-1024x753.jpg 1024w, https:\/\/www.humanium.org\/fr\/wp-content\/uploads\/2026\/01\/shutterstock_171151172-300x221.jpg 300w, https:\/\/www.humanium.org\/fr\/wp-content\/uploads\/2026\/01\/shutterstock_171151172-768x565.jpg 768w, https:\/\/www.humanium.org\/fr\/wp-content\/uploads\/2026\/01\/shutterstock_171151172-1536x1129.jpg 1536w, https:\/\/www.humanium.org\/fr\/wp-content\/uploads\/2026\/01\/shutterstock_171151172-2048x1506.jpg 2048w, https:\/\/www.humanium.org\/fr\/wp-content\/uploads\/2026\/01\/shutterstock_171151172-830x610.jpg 830w, https:\/\/www.humanium.org\/fr\/wp-content\/uploads\/2026\/01\/shutterstock_171151172-230x169.jpg 230w, https:\/\/www.humanium.org\/fr\/wp-content\/uploads\/2026\/01\/shutterstock_171151172-350x257.jpg 350w, https:\/\/www.humanium.org\/fr\/wp-content\/uploads\/2026\/01\/shutterstock_171151172-480x353.jpg 480w\" sizes=\"auto, (max-width: 1024px) 100vw, 1024px\" \/><\/figure>\n<\/div>\n\n\n<p class=\"wp-block-paragraph\">D\u2019apr\u00e8s les estimations 30\u00a0% des enfants vivant en Bosnie-Herz\u00e9govine vivent dans la <a href=\"https:\/\/www.humanium.org\/fr\/enfants-pauvres\/\">pauvret\u00e9<\/a> (UNICEF, 2015). Ce manque de ressources s\u2019\u00e9tend \u00e0 d\u2019autres cat\u00e9gories de besoins essentiels\u00a0: 98\u00a0% des enfants de moins de quatre ans n\u2019ont pas acc\u00e8s \u00e0 au moins une cat\u00e9gorie de besoins essentiels (logement, participation sociale, loisirs, ressources \u00e9ducatives, v\u00eatements ou nutrition) (UNICEF, 2015). Dans cette m\u00eame tranche d\u2019\u00e2ge, plus de 30\u00a0% des enfants sont priv\u00e9s d\u2019au moins trois cat\u00e9gories de besoins essentiels. <\/p>\n\n\n\n<p class=\"wp-block-paragraph\">Ces statistiques sont l\u00e9g\u00e8rement inf\u00e9rieures pour les enfants \u00e2g\u00e9s de 5 \u00e0 15\u00a0ans\u2009; pourtant, la situation g\u00e9n\u00e9rale r\u00e9v\u00e8le un nombre consid\u00e9rable d\u2019enfants n\u00e9cessitant \u00e0 la fois un pouvoir d\u2019achat accru et des services sociaux plus accessibles et de meilleure qualit\u00e9 (UNICEF, 2015).<\/p>\n\n\n\n<p class=\"wp-block-paragraph\">Le nombre d\u2019enfants vivant dans la <a href=\"https:\/\/www.humanium.org\/fr\/enfants-pauvres\/\">pauvret\u00e9<\/a> et priv\u00e9s de besoins essentiels est encore plus \u00e9lev\u00e9 au sein de la communaut\u00e9 rom, historiquement le groupe le plus n\u00e9glig\u00e9 du pays. La majorit\u00e9 des enfants roms vivent dans un \u00e9tat de pauvret\u00e9 multidimensionnelle, ce qui met en p\u00e9ril leur sant\u00e9 nutritionnelle et leur croissance (UNICEF, 2012).<\/p>\n\n\n\n<h3 class=\"wp-block-heading\"><a href=\"https:\/\/www.humanium.org\/fr\/discriminations\/\"><strong>La discrimination<\/strong><\/a><\/h3>\n\n\n\n<p class=\"wp-block-paragraph\">Les divisions ethniques enracin\u00e9es dans la cr\u00e9ation de la Bosnie-Herz\u00e9govine ont entretenu des in\u00e9galit\u00e9s pour les enfants dans diff\u00e9rents secteurs. Dans le secteur <a href=\"https:\/\/www.humanium.org\/fr\/comprendre-droits-enfant\/droit-a-l-education\/\">\u00e9ducatif<\/a>, la politique des \u00ab\u2009deux \u00e9coles sous le m\u00eame toit\u2009\u00bb a \u00e9t\u00e9 instaur\u00e9e, et demeure en vigueur, pour unifier la population et \u00e9viter que les syst\u00e8mes d\u2019\u00e9ducation ne soient utilis\u00e9s pour renforcer les divisions sociales. <\/p>\n\n\n\n<p class=\"wp-block-paragraph\">Par cons\u00e9quent, les \u00e9coles s\u2019\u00e9loignent progressivement de pratiques discriminatoires, comme le choix de noms d\u2019\u00e9tablissements en l\u2019honneur de h\u00e9ros de guerre, l\u2019affichage de symboles religieux, la promotion d\u2019un contenu p\u00e9dagogique biais\u00e9 sur le plan ethnique et l\u2019exclusion de certains \u00e9l\u00e8ves (Organization for Security and Co-operation in Europe, 2018).<\/p>\n\n\n\n<p class=\"wp-block-paragraph\">Malgr\u00e9 ce mouvement vers plus d\u2019\u00e9quit\u00e9 dans l\u2019\u00e9ducation, un grand nombre de personnes marqu\u00e9es par des traumatismes continuent d\u2019envoyer leurs enfants dans des \u00e9coles improvis\u00e9es ou priv\u00e9es, dirig\u00e9s par des communaut\u00e9s de voisinages, favorisant certains principes ethniques.<\/p>\n\n\n\n<p class=\"wp-block-paragraph\">Ces environnements sont per\u00e7us comme des lieux plus s\u00fbrs et moins hostiles, mais manquent souvent de m\u00e9canismes robustes ou de facilit\u00e9s. Un exemple de ce ph\u00e9nom\u00e8ne se trouve \u00e0 Usora, o\u00f9 une \u00ab\u2009\u00e9cole sous tente\u2009\u00bb a \u00e9t\u00e9 install\u00e9e au sein d\u2019un complexe scolaire, sp\u00e9cifiquement pour les enfants croates. Ce cas explique la persistance de la s\u00e9gr\u00e9gation ethnique ainsi que la pr\u00e9f\u00e9rence de certaines communaut\u00e9s pour des environnements scolaires s\u00e9par\u00e9s, per\u00e7us comme des lieux plus s\u00fbrs (Organization for Security and Co-operation in Europe, 2018).<\/p>\n\n\n\n<h3 class=\"wp-block-heading\">La j<a href=\"https:\/\/www.humanium.org\/fr\/quest-ce-la-justice\/\"><strong>ustice pour enfants<\/strong><\/a><\/h3>\n\n\n\n<p class=\"wp-block-paragraph\">Les trois r\u00e9gions de Bosnie-Herz\u00e9govine ont adopt\u00e9 une loi sp\u00e9cialis\u00e9e en mati\u00e8re de justice pour mineurs, intitul\u00e9e Loi sur la protection et le traitement des enfants et des mineurs dans les proc\u00e9dures p\u00e9nales. Cette loi a \u00e9t\u00e9 adopt\u00e9e en Republika Srpska en 2011, dans le district de Br\u010dko en 2013, et dans la F\u00e9d\u00e9ration de Bosnie-Herz\u00e9govine, o\u00f9 elle est entr\u00e9e en vigueur en 2014. <\/p>\n\n\n\n<p class=\"wp-block-paragraph\">Ce texte d\u00e9finit explicitement l\u2019\u00e2ge de responsabilit\u00e9 p\u00e9nale, les protections l\u00e9gales, les m\u00e9canismes de diversion ainsi que les programmes de r\u00e9habilitation et de r\u00e9int\u00e9gration, et il est largement conforme aux normes juridiques internationales, notamment \u00e0 la Convention relative aux droits de l\u2019enfant (Council of Europe, 2023).<\/p>\n\n\n\n<p class=\"wp-block-paragraph\">Malgr\u00e9 des encadrements juridiques similaires, des diff\u00e9rences persistent. Par exemple, les ch\u00e2timents corporels au sein du foyer sont interdits dans la Republika Srpska, mais pas dans le district de Br\u010dko. L\u2019application de cette loi en Republika Srpska et dans la f\u00e9d\u00e9ration de Bosnie-Herz\u00e9govine est \u00e9galement in\u00e9gale. <\/p>\n\n\n\n<p class=\"wp-block-paragraph\">Les proc\u00e9dures de <a href=\"https:\/\/www.humanium.org\/fr\/justice-juvenile\/\">justice pour mineurs<\/a> sont appliqu\u00e9es de fa\u00e7on incoh\u00e9rente dans les deux territoires et les mineurs font face \u00e0 un acc\u00e8s incertain aux aides juridiques et \u00e0 la repr\u00e9sentation. Cette situation est largement li\u00e9e au caract\u00e8re d\u00e9centralis\u00e9 de l\u2019administration qui a entra\u00een\u00e9 des lacunes dans les dispositions l\u00e9gales (Council of Europe, 2023).<\/p>\n\n\n\n<p class=\"wp-block-paragraph\"><em><strong>\u00c9crit par Vanessa Cezarita Cordeiro&nbsp;<\/strong><\/em><\/p>\n\n\n\n<p class=\"wp-block-paragraph\"><em><strong>Relu par Aditi Partha<\/strong><\/em><\/p>\n\n\n\n<p class=\"wp-block-paragraph\"><em><strong>Traduit par Ruthy Gbogbu<\/strong><\/em><\/p>\n\n\n\n<p class=\"wp-block-paragraph\"><em><strong>Relu par J-Christophe Brunet<\/strong><\/em><\/p>\n\n\n\n<p class=\"wp-block-paragraph\"><em><strong>Derni\u00e8re modification le 20&nbsp;avril 2025<\/strong><\/em><\/p>\n\n\n\n<h4 class=\"wp-block-heading\"><strong>Bibliographie&nbsp;:<\/strong><\/h4>\n\n\n\n<p class=\"has-small-font-size wp-block-paragraph\">Council of Europe. (2023, March). \u201c<a href=\"https:\/\/rm.coe.int\/factsheet-bosnia-and-herzegovina-the-protection-of-children-against-se\/1680acddea#:~:text=In%20Republika%20Srpska%2C%20there%20is,Budapest%20Convention%20and%20its%20protocols.\">Factsheet \u2013 Bosnia and Herzegovina<\/a>\u201d. Retrieved from Council of Europe, accessed on 30 June 2025.<\/p>\n\n\n\n<p class=\"has-small-font-size wp-block-paragraph\">European Commission. (2024, December 4). <a href=\"https:\/\/eurydice.eacea.ec.europa.eu\/eurypedia\/bosnia-and-herzegovina\/overview\">\u201cKey features of the education system Bosnia and Herzegovina.\u201d<\/a> Retrieved from European Commission, accessed on 28 March 2025.&nbsp;<\/p>\n\n\n\n<p class=\"has-small-font-size wp-block-paragraph\">European Investment Bank. (2021, April 20). <a href=\"https:\/\/www.eib.org\/en\/press\/all\/2021-131-eu-and-the-eib-provide-eur2-1-million-grant-for-improving-water-and-sanitation-systems-in-jajce-and-zvornik-in-bosnia-and-herzegovina#:~:text=The%20aim%20is%20to%20protect%20public%20health,sanitation%20services%20for%20some%2093%20000%20people.&amp;text=To%20date%2C%20the%20EIB%20has%20invested%20%E2%82%AC240,living%20conditions%20for%20people%20across%20the%20country.\">\u201cBosnia and Herzegovina: EU and the EIB provide \u20ac2.1 million grant for improving water and sanitation systems in Jajce and Zvornik.\u201d<\/a> Retrieved from European Investment Bank, accessed on 14 April 2025.&nbsp;<\/p>\n\n\n\n<p class=\"has-small-font-size wp-block-paragraph\">International Labour Organization. (2022). \u201c<a href=\"https:\/\/normlex.ilo.org\/dyn\/nrmlx_en\/f?p=1000:13203:0::NO:13203:P13203_COUNTRY_ID:102704\">Comments adopted by the CEACR: Bosnia and Herzegovina<\/a>.\u201d Retrieved from International Labour Organization, accessed 3 July 2025.<\/p>\n\n\n\n<p class=\"has-small-font-size wp-block-paragraph\">Malcolm, N.R., Lampe, J.R., Pickering, P. (2025, March 27). <a href=\"https:\/\/www.britannica.com\/place\/Bosnia-and-Herzegovina\">\u201cBosnia and Herzegovina.\u201d<\/a> Retrieved from Encyclopedia Britannica, accessed on 24 March 2025.&nbsp;<\/p>\n\n\n\n<p class=\"has-small-font-size wp-block-paragraph\">Organization for Security and Co-operation in Europe. (2018, November). <a href=\"https:\/\/www.osce.org\/files\/f\/documents\/3\/8\/404990.pdf\">\u201cTwo schools under one roof \u2013 the most visible example of discrimination in education in Bosnia and Herzegovina.\u201d<\/a> Retrieved from Organization for Security and Co-operation in Europe Mission to Bosnia and Herzegovina, accessed on 3 April 2025.&nbsp;<\/p>\n\n\n\n<p class=\"has-small-font-size wp-block-paragraph\">Remembering Srebrenica. (n,d). <a href=\"https:\/\/srebrenica.org.uk\/what-happened\/bosnian-war-a-brief-overview\">\u201cBosnian War \u2013 a brief overview.\u201d<\/a> Retrieved from Remembering Srebrenica, accessed on 27 March 2025.&nbsp;<\/p>\n\n\n\n<p class=\"has-small-font-size wp-block-paragraph\">Sarajlic, Eldar. (2010, June). \u201c<a href=\"https:\/\/www.law.ed.ac.uk\/sites\/default\/files\/2020-09\/190_thebosniantriangleethnicitypoliticsandcitizenship%20-%20ACC.pdf\">The Bosnian Triangle: Ethnicity, Politics and Citizenship\u201d<\/a>. Retrieved from Law Education, accessed on 18 April 2025.<\/p>\n\n\n\n<p class=\"has-small-font-size wp-block-paragraph\">UN Committee on the Rights of the Child. (2019, December 5). <a href=\"https:\/\/docstore.ohchr.org\/SelfServices\/FilesHandler.ashx?enc=%2BIEQbYSa%2BGmKEEOlnDSpdFT3OUSjmXWC%2Fck2jLW0OFlTRhC9De9IlJPoyCbfVOz41z6TbSDfi2i5YgxN3APQtw%3D%3D\">\u201cConcluding observation on the combined fifth and sixth periodic reports of Bosnia and Herzegovina.\u201d<\/a> Retrieved from United Nations Committee on the Rights of the Child, accessed on 3 April 2025.&nbsp;<\/p>\n\n\n\n<p class=\"has-small-font-size wp-block-paragraph\">UN Women. (n,d). <a href=\"https:\/\/eca.unwomen.org\/en\/where-we-are\/bosnia-and-herzegovina\/ending-violence-against-women#:~:text=In%20Bosnia%20and%20Herzegovina%20(BiH,individual%20and%20on%20community%20level.\">\u201cEnding violence against women.\u201d<\/a> Retrieved from UN Women Europe and Central Asia, accessed on 3 April 2025.&nbsp;<\/p>\n\n\n\n<p class=\"has-small-font-size wp-block-paragraph\">UNICEF Bosnia and Herzegovina. (2013, February). \u201c<a href=\"https:\/\/www.unicef.org\/bih\/media\/1311\/file\/Bosnia%20and%20Herzegovina:%20Roma%20Survey.pdf\">Monitoring the status of children and women: Multiple Indicator Cluster Survey.<\/a>\u201d Retrieved from UNICEF Bosnia and Herzegovina, accessed 29 June 2025.<\/p>\n\n\n\n<p class=\"has-small-font-size wp-block-paragraph\">UNICEF Bosnia and Herzegovina. (2025, March 7). <a href=\"https:\/\/www.unicef.org\/bih\/en\/press-releases\/gender-based-violence-bosnia-and-herzegovina-silence-endangers-lives#:~:text=Sarajevo%2C%207.3.,women%20seek%20help%20in%20silence.\">\u201cGender-based violence in Bosnia and Herzegovina: the silence that endangers lives.\u201d<\/a> Retrieved from UNICEF Bosnia and Herzegovina, accessed on 3 April 2025.&nbsp;<\/p>\n\n\n\n<p class=\"has-small-font-size wp-block-paragraph\">UNICEF. (2015, April). \u201c<a href=\"https:\/\/www.unicef.org\/bih\/en\/reports\/national-multiple-overlapping-deprivation-analysis\">National Multiple Overlapping Deprivation Analysis<\/a>.\u201d. Retrieved from UNICEF, accessed 1 July 2025.<\/p>\n\n\n\n<p class=\"has-small-font-size wp-block-paragraph\">UNICEF. (2020, March). <a href=\"https:\/\/www.unicef.org\/bih\/media\/4971\/file\/Situation%20Analysis%20of%20Children%20in%20Bosnia%20and%20Herzegovina.pdf\">\u201cSituation analysis of children in Bosnia and Herzegovina.\u201d<\/a> Retrieved from UNICEF, accessed on 28 March 2025.&nbsp;<\/p>\n\n\n\n<p class=\"has-small-font-size wp-block-paragraph\">UNICEF. (2020, March). <a href=\"https:\/\/www.unicef.org\/bih\/media\/4971\/file\/Situation%20Analysis%20of%20Children%20in%20Bosnia%20and%20Herzegovina.pdf\">\u201cSituation analysis of children in Bosnia and Herzegovina.\u201d<\/a> Retrieved from UNICEF, accessed on 28 March 2025.&nbsp;<\/p>\n\n\n\n<p class=\"has-small-font-size wp-block-paragraph\">UNICEF. (2023). \u201c<a href=\"https:\/\/www.unicef.org\/bih\/en\/media\/436\/file\/The%20Status%20of%20Roma%20Children%20and%20Families%20in%20Bosnia%20and%20Herzegovina.pdf\">The status of Roma children and families in Bosnia and Herzegovina.<\/a>\u201d Retrieved from UNICEF, accessed 2 July 2025.<\/p>\n\n\n\n<p class=\"has-small-font-size wp-block-paragraph\">United States Holocaust Memorial Museum. (2013, July). <a href=\"https:\/\/www.ushmm.org\/genocide-prevention\/countries\/bosnia-herzegovina\/1992-1995\">\u201cBosnia and Herzegovina, 1992-1995.\u201d<\/a> Retrieved from United States Holocaust Memorial Museum, accessed on 27 March 2025.&nbsp;<\/p>\n\n\n\n<hr class=\"wp-block-separator has-alpha-channel-opacity\"\/>\n\n\n\n<p class=\"has-small-font-size wp-block-paragraph\"><a href=\"#_ftnref1\">[1]<\/a> Cet article ne pr\u00e9tend en aucun cas donner un rendu entier ou repr\u00e9sentatif des droits des enfants en Bosnie-Herz\u00e9govine\u2009; en effet l\u2019un des plus grands d\u00e9fis est l\u2019insuffisance d\u2019informations actuelles des enfants en Bosnie-Herz\u00e9govine, nombreuses d\u2019entre elles sont peu fiables, peu repr\u00e9sentatives, anciennes, ou tout simplement inexistantes.<\/p>\n","protected":false},"excerpt":{"rendered":"<p>Comprendre le droit des enfants en Bosnie-Herz\u00e9govine Le d\u00e9veloppement socio-politique en Bosnie-Herz\u00e9govine et sa capacit\u00e9 \u00e0 prot\u00e9ger les droits des enfants sont \u00e9troitement li\u00e9s \u00e0 son histoire r\u00e9cente. La dissolution de la R\u00e9publique f\u00e9d\u00e9rayive socialiste de Yougoslavie ainsi que la d\u00e9claration d\u2019ind\u00e9pendance de la Bosnie-Herz\u00e9govine (BiH) dans les ann\u00e9es&nbsp;1990 ont \u00e9t\u00e9 marqu\u00e9es par une violente [&hellip;]<\/p>\n","protected":false},"author":65,"featured_media":61600,"parent":0,"menu_order":0,"comment_status":"closed","ping_status":"closed","template":"","meta":{"footnotes":""},"class_list":["post-20106","page","type-page","status-publish","has-post-thumbnail","hentry"],"yoast_head":"<!-- This site is optimized with the Yoast SEO plugin v28.3 - https:\/\/yoast.com\/product\/yoast-seo-wordpress\/ -->\n<title>Enfants de Bosnie-Herz\u00e9govine - Humanium<\/title>\n<meta name=\"description\" content=\"La pauvret\u00e9 et la discrimination font partie des d\u00e9fis auxquels les enfants de Bosnie-Herz\u00e9govine continuent d&#039;\u00eatre confront\u00e9s.\" \/>\n<meta name=\"robots\" content=\"index, follow, max-snippet:-1, max-image-preview:large, max-video-preview:-1\" \/>\n<link rel=\"canonical\" href=\"https:\/\/www.humanium.org\/fr\/bosnie-herzegovine\/\" \/>\n<meta property=\"og:locale\" content=\"fr_FR\" \/>\n<meta property=\"og:type\" content=\"article\" \/>\n<meta property=\"og:title\" content=\"Enfants de Bosnie-Herz\u00e9govine - Humanium\" \/>\n<meta property=\"og:description\" content=\"La pauvret\u00e9 et la discrimination font partie des d\u00e9fis auxquels les enfants de Bosnie-Herz\u00e9govine continuent d&#039;\u00eatre confront\u00e9s.\" \/>\n<meta property=\"og:url\" content=\"https:\/\/www.humanium.org\/fr\/bosnie-herzegovine\/\" \/>\n<meta property=\"og:site_name\" content=\"Humanium\" \/>\n<meta property=\"article:modified_time\" content=\"2026-01-17T14:33:14+00:00\" \/>\n<meta property=\"og:image\" content=\"https:\/\/www.humanium.org\/fr\/wp-content\/uploads\/2026\/01\/shutterstock_1881973018-scaled.jpg\" \/>\n\t<meta property=\"og:image:width\" content=\"2560\" \/>\n\t<meta property=\"og:image:height\" content=\"1704\" \/>\n\t<meta property=\"og:image:type\" content=\"image\/jpeg\" \/>\n<meta name=\"twitter:card\" content=\"summary_large_image\" \/>\n<meta name=\"twitter:label1\" content=\"Dur\u00e9e de lecture estim\u00e9e\" \/>\n\t<meta name=\"twitter:data1\" content=\"15 minutes\" \/>\n<script type=\"application\/ld+json\" class=\"yoast-schema-graph\">{\"@context\":\"https:\\\/\\\/schema.org\",\"@graph\":[{\"@type\":\"WebPage\",\"@id\":\"https:\\\/\\\/www.humanium.org\\\/fr\\\/bosnie-herzegovine\\\/\",\"url\":\"https:\\\/\\\/www.humanium.org\\\/fr\\\/bosnie-herzegovine\\\/\",\"name\":\"Enfants de Bosnie-Herz\u00e9govine - Humanium\",\"isPartOf\":{\"@id\":\"https:\\\/\\\/www.humanium.org\\\/fr\\\/#website\"},\"primaryImageOfPage\":{\"@id\":\"https:\\\/\\\/www.humanium.org\\\/fr\\\/bosnie-herzegovine\\\/#primaryimage\"},\"image\":{\"@id\":\"https:\\\/\\\/www.humanium.org\\\/fr\\\/bosnie-herzegovine\\\/#primaryimage\"},\"thumbnailUrl\":\"https:\\\/\\\/www.humanium.org\\\/fr\\\/wp-content\\\/uploads\\\/2026\\\/01\\\/shutterstock_1881973018-scaled.jpg\",\"datePublished\":\"2012-08-17T16:15:24+00:00\",\"dateModified\":\"2026-01-17T14:33:14+00:00\",\"description\":\"La pauvret\u00e9 et la discrimination font partie des d\u00e9fis auxquels les enfants de Bosnie-Herz\u00e9govine continuent d'\u00eatre confront\u00e9s.\",\"breadcrumb\":{\"@id\":\"https:\\\/\\\/www.humanium.org\\\/fr\\\/bosnie-herzegovine\\\/#breadcrumb\"},\"inLanguage\":\"fr-FR\",\"potentialAction\":[{\"@type\":\"ReadAction\",\"target\":[\"https:\\\/\\\/www.humanium.org\\\/fr\\\/bosnie-herzegovine\\\/\"]}]},{\"@type\":\"ImageObject\",\"inLanguage\":\"fr-FR\",\"@id\":\"https:\\\/\\\/www.humanium.org\\\/fr\\\/bosnie-herzegovine\\\/#primaryimage\",\"url\":\"https:\\\/\\\/www.humanium.org\\\/fr\\\/wp-content\\\/uploads\\\/2026\\\/01\\\/shutterstock_1881973018-scaled.jpg\",\"contentUrl\":\"https:\\\/\\\/www.humanium.org\\\/fr\\\/wp-content\\\/uploads\\\/2026\\\/01\\\/shutterstock_1881973018-scaled.jpg\",\"width\":2560,\"height\":1704},{\"@type\":\"BreadcrumbList\",\"@id\":\"https:\\\/\\\/www.humanium.org\\\/fr\\\/bosnie-herzegovine\\\/#breadcrumb\",\"itemListElement\":[{\"@type\":\"ListItem\",\"position\":1,\"name\":\"Home\",\"item\":\"https:\\\/\\\/www.humanium.org\\\/fr\\\/\"},{\"@type\":\"ListItem\",\"position\":2,\"name\":\"Enfants de Bosnie-Herz\u00e9govine\"}]},{\"@type\":\"WebSite\",\"@id\":\"https:\\\/\\\/www.humanium.org\\\/fr\\\/#website\",\"url\":\"https:\\\/\\\/www.humanium.org\\\/fr\\\/\",\"name\":\"Humanium\",\"description\":\"Les enfants d\u2019abord !\",\"potentialAction\":[{\"@type\":\"SearchAction\",\"target\":{\"@type\":\"EntryPoint\",\"urlTemplate\":\"https:\\\/\\\/www.humanium.org\\\/fr\\\/?s={search_term_string}\"},\"query-input\":{\"@type\":\"PropertyValueSpecification\",\"valueRequired\":true,\"valueName\":\"search_term_string\"}}],\"inLanguage\":\"fr-FR\"}]}<\/script>\n<!-- \/ Yoast SEO plugin. -->","yoast_head_json":{"title":"Enfants de Bosnie-Herz\u00e9govine - Humanium","description":"La pauvret\u00e9 et la discrimination font partie des d\u00e9fis auxquels les enfants de Bosnie-Herz\u00e9govine continuent d'\u00eatre confront\u00e9s.","robots":{"index":"index","follow":"follow","max-snippet":"max-snippet:-1","max-image-preview":"max-image-preview:large","max-video-preview":"max-video-preview:-1"},"canonical":"https:\/\/www.humanium.org\/fr\/bosnie-herzegovine\/","og_locale":"fr_FR","og_type":"article","og_title":"Enfants de Bosnie-Herz\u00e9govine - Humanium","og_description":"La pauvret\u00e9 et la discrimination font partie des d\u00e9fis auxquels les enfants de Bosnie-Herz\u00e9govine continuent d'\u00eatre confront\u00e9s.","og_url":"https:\/\/www.humanium.org\/fr\/bosnie-herzegovine\/","og_site_name":"Humanium","article_modified_time":"2026-01-17T14:33:14+00:00","og_image":[{"width":2560,"height":1704,"url":"https:\/\/www.humanium.org\/fr\/wp-content\/uploads\/2026\/01\/shutterstock_1881973018-scaled.jpg","type":"image\/jpeg"}],"twitter_card":"summary_large_image","twitter_misc":{"Dur\u00e9e de lecture estim\u00e9e":"15 minutes"},"schema":{"@context":"https:\/\/schema.org","@graph":[{"@type":"WebPage","@id":"https:\/\/www.humanium.org\/fr\/bosnie-herzegovine\/","url":"https:\/\/www.humanium.org\/fr\/bosnie-herzegovine\/","name":"Enfants de Bosnie-Herz\u00e9govine - Humanium","isPartOf":{"@id":"https:\/\/www.humanium.org\/fr\/#website"},"primaryImageOfPage":{"@id":"https:\/\/www.humanium.org\/fr\/bosnie-herzegovine\/#primaryimage"},"image":{"@id":"https:\/\/www.humanium.org\/fr\/bosnie-herzegovine\/#primaryimage"},"thumbnailUrl":"https:\/\/www.humanium.org\/fr\/wp-content\/uploads\/2026\/01\/shutterstock_1881973018-scaled.jpg","datePublished":"2012-08-17T16:15:24+00:00","dateModified":"2026-01-17T14:33:14+00:00","description":"La pauvret\u00e9 et la discrimination font partie des d\u00e9fis auxquels les enfants de Bosnie-Herz\u00e9govine continuent d'\u00eatre confront\u00e9s.","breadcrumb":{"@id":"https:\/\/www.humanium.org\/fr\/bosnie-herzegovine\/#breadcrumb"},"inLanguage":"fr-FR","potentialAction":[{"@type":"ReadAction","target":["https:\/\/www.humanium.org\/fr\/bosnie-herzegovine\/"]}]},{"@type":"ImageObject","inLanguage":"fr-FR","@id":"https:\/\/www.humanium.org\/fr\/bosnie-herzegovine\/#primaryimage","url":"https:\/\/www.humanium.org\/fr\/wp-content\/uploads\/2026\/01\/shutterstock_1881973018-scaled.jpg","contentUrl":"https:\/\/www.humanium.org\/fr\/wp-content\/uploads\/2026\/01\/shutterstock_1881973018-scaled.jpg","width":2560,"height":1704},{"@type":"BreadcrumbList","@id":"https:\/\/www.humanium.org\/fr\/bosnie-herzegovine\/#breadcrumb","itemListElement":[{"@type":"ListItem","position":1,"name":"Home","item":"https:\/\/www.humanium.org\/fr\/"},{"@type":"ListItem","position":2,"name":"Enfants de Bosnie-Herz\u00e9govine"}]},{"@type":"WebSite","@id":"https:\/\/www.humanium.org\/fr\/#website","url":"https:\/\/www.humanium.org\/fr\/","name":"Humanium","description":"Les enfants d\u2019abord !","potentialAction":[{"@type":"SearchAction","target":{"@type":"EntryPoint","urlTemplate":"https:\/\/www.humanium.org\/fr\/?s={search_term_string}"},"query-input":{"@type":"PropertyValueSpecification","valueRequired":true,"valueName":"search_term_string"}}],"inLanguage":"fr-FR"}]}},"_links":{"self":[{"href":"https:\/\/www.humanium.org\/fr\/wp-json\/wp\/v2\/pages\/20106","targetHints":{"allow":["GET"]}}],"collection":[{"href":"https:\/\/www.humanium.org\/fr\/wp-json\/wp\/v2\/pages"}],"about":[{"href":"https:\/\/www.humanium.org\/fr\/wp-json\/wp\/v2\/types\/page"}],"author":[{"embeddable":true,"href":"https:\/\/www.humanium.org\/fr\/wp-json\/wp\/v2\/users\/65"}],"replies":[{"embeddable":true,"href":"https:\/\/www.humanium.org\/fr\/wp-json\/wp\/v2\/comments?post=20106"}],"version-history":[{"count":20,"href":"https:\/\/www.humanium.org\/fr\/wp-json\/wp\/v2\/pages\/20106\/revisions"}],"predecessor-version":[{"id":61626,"href":"https:\/\/www.humanium.org\/fr\/wp-json\/wp\/v2\/pages\/20106\/revisions\/61626"}],"wp:featuredmedia":[{"embeddable":true,"href":"https:\/\/www.humanium.org\/fr\/wp-json\/wp\/v2\/media\/61600"}],"wp:attachment":[{"href":"https:\/\/www.humanium.org\/fr\/wp-json\/wp\/v2\/media?parent=20106"}],"curies":[{"name":"wp","href":"https:\/\/api.w.org\/{rel}","templated":true}]}}