{"id":20339,"date":"2012-06-11T14:58:47","date_gmt":"2012-06-11T14:58:47","guid":{"rendered":"http:\/\/www.humanium.org\/fr\/?page_id=20339"},"modified":"2026-08-30T14:39:31","modified_gmt":"2026-08-30T14:39:31","slug":"kosovo","status":"publish","type":"page","link":"https:\/\/www.humanium.org\/fr\/kosovo\/","title":{"rendered":"Enfants du Kosovo"},"content":{"rendered":"\n<h2 class=\"wp-block-heading\"><strong>Concr\u00e9tiser les droits de l&rsquo;enfant au Kosovo<\/strong><\/h2>\n\n\n\n<div class=\"wp-block-columns is-layout-flex wp-container-core-columns-is-layout-8f761849 wp-block-columns-is-layout-flex\">\n<div class=\"wp-block-column is-layout-flow wp-block-column-is-layout-flow\"><div class=\"wp-block-image is-style-rounded\">\n<figure class=\"aligncenter size-full is-resized\"><img decoding=\"async\" src=\"https:\/\/www.humanium.org\/en\/wp-content\/uploads\/2026\/08\/shutterstock_481936744_edited-scaled.jpeg\" alt=\"\" class=\"wp-image-91946\" style=\"object-fit:cover;width:200px;height:200px\"\/><\/figure>\n<\/div><\/div>\n\n\n\n<div class=\"wp-block-column is-layout-flow wp-block-column-is-layout-flow\"><div class=\"wp-block-image is-style-rounded\">\n<figure class=\"aligncenter size-full is-resized\"><img decoding=\"async\" src=\"https:\/\/www.humanium.org\/en\/wp-content\/uploads\/2026\/08\/shutterstock_2262910693_edited-scaled.jpeg\" alt=\"\" class=\"wp-image-91947\" style=\"object-fit:cover;width:200px;height:200px\"\/><\/figure>\n<\/div><\/div>\n<\/div>\n\n\n\n<p class=\"wp-block-paragraph\"><strong><strong>Au Kosovo, de nombreux enfants ne peuvent toujours pas jouir pleinement de leurs <a href=\"https:\/\/www.humanium.org\/fr\/les-droits-de-l-enfant\/\">droits<\/a> fondamentaux. Bien que la l\u00e9gislation refl\u00e8te les normes internationales, sa mise en \u0153uvre insuffisante et la limitation des ressources laissent de nombreux enfants en situation de vuln\u00e9rabilit\u00e9, notamment chez les Roms, les Ashkalis et les \u00c9gyptiens, mais aussi parmi les enfants handicap\u00e9s ou ceux vivant dans la pauvret\u00e9. Des in\u00e9galit\u00e9s subsistent \u00e9galement en mati\u00e8re d&rsquo;acc\u00e8s \u00e0 l&rsquo;\u00e9ducation et aux soins pour les minorit\u00e9s ethniques et les enfants handicap\u00e9s. La pr\u00e9scolarisation des tout-petits reste faible alors que la violence et le travail des enfants posent toujours des probl\u00e8mes. Bien que le pays ait accompli certains progr\u00e8s, des efforts importants restent n\u00e9cessaires pour garantir une protection \u00e9gale \u00e0 tous les enfants.<\/strong><\/strong><\/p>\n\n\n\n<iframe src=\"https:\/\/www.google.com\/maps\/embed?pb=!1m18!1m12!1m3!1d752305.7303778988!2d20.24268539984878!3d42.5617845499592!2m3!1f0!2f0!3f0!3m2!1i1024!2i768!4f13.1!3m3!1m2!1s0x13537af354bf7df1%3A0xbfffeedfabc31791!2sKosovo!5e0!3m2!1sen!2shr!4v1788098751196!5m2!1sen!2shr\" width=\"600\" height=\"450\" style=\"border:0;\" allowfullscreen=\"\" loading=\"lazy\" referrerpolicy=\"strict-origin-when-cross-origin\"><\/iframe>\n\n\n\n<div class=\"wp-block-columns is-layout-flex wp-container-core-columns-is-layout-8f761849 wp-block-columns-is-layout-flex\">\n<div class=\"wp-block-column is-layout-flow wp-block-column-is-layout-flow\">\n<p class=\"wp-block-paragraph\"><strong>Population:<\/strong> 1,8\u00a0million<br><strong>Pop. \u00e2g\u00e9e de 0 \u00e0 14\u00a0ans:<\/strong> 27\u00a0%<\/p>\n<\/div>\n\n\n\n<div class=\"wp-block-column is-layout-flow wp-block-column-is-layout-flow\">\n<p class=\"wp-block-paragraph\"><strong>Esp\u00e9rance de vie:<\/strong> 76\u00a0ans<br><strong>Taux de mortalit\u00e9 des moins de 5\u00a0ans:<\/strong> 10\u00a0\u2030<\/p>\n<\/div>\n<\/div>\n\n\n\n<h2 class=\"wp-block-heading\"><strong>Bref aper\u00e7u du Kosovo<\/strong><\/h2>\n\n\n\n<p class=\"wp-block-paragraph\">Le Kosovo, officiellement la R\u00e9publique du Kosovo, est un pays enclav\u00e9 situ\u00e9 dans l\u2019ouest des Balkans. Bien qu\u2019ayant proclam\u00e9 son ind\u00e9pendance de la <a href=\"https:\/\/www.humanium.org\/fr\/serbie\/\">Serbie<\/a> en 2008, il ne voit son statut \u00e9tatique reconnu que par quelques nations. Le pays est frontalier du <a href=\"https:\/\/www.humanium.org\/fr\/montenegro\/\">Mont\u00e9n\u00e9gro<\/a> \u00e0 l&rsquo;ouest, de l&rsquo;<a href=\"https:\/\/www.humanium.org\/fr\/albanie\/\">Albanie<\/a> au sud\u00adouest, de la <a href=\"https:\/\/www.humanium.org\/fr\/macedoine\/\">Mac\u00e9doine du Nord<\/a> au sud-est et de la Serbie au nord et \u00e0 l&rsquo;est. La capitale, Pristina, en est le centre politique, culturel et \u00e9conomique.<\/p>\n\n\n<div class=\"wp-block-image\">\n<figure class=\"alignleft size-large is-resized\"><img loading=\"lazy\" decoding=\"async\" width=\"1024\" height=\"684\" src=\"https:\/\/www.humanium.org\/fr\/wp-content\/uploads\/2026\/08\/shutterstock_538175404-1024x684.jpg\" alt=\"\" class=\"wp-image-62879\" style=\"aspect-ratio:1.4971177142220613;width:378px;height:auto\" srcset=\"https:\/\/www.humanium.org\/fr\/wp-content\/uploads\/2026\/08\/shutterstock_538175404-1024x684.jpg 1024w, https:\/\/www.humanium.org\/fr\/wp-content\/uploads\/2026\/08\/shutterstock_538175404-300x200.jpg 300w, https:\/\/www.humanium.org\/fr\/wp-content\/uploads\/2026\/08\/shutterstock_538175404-767x512.jpg 767w, https:\/\/www.humanium.org\/fr\/wp-content\/uploads\/2026\/08\/shutterstock_538175404-1536x1025.jpg 1536w, https:\/\/www.humanium.org\/fr\/wp-content\/uploads\/2026\/08\/shutterstock_538175404-2048x1367.jpg 2048w, https:\/\/www.humanium.org\/fr\/wp-content\/uploads\/2026\/08\/shutterstock_538175404-830x554.jpg 830w, https:\/\/www.humanium.org\/fr\/wp-content\/uploads\/2026\/08\/shutterstock_538175404-229x153.jpg 229w, https:\/\/www.humanium.org\/fr\/wp-content\/uploads\/2026\/08\/shutterstock_538175404-349x233.jpg 349w, https:\/\/www.humanium.org\/fr\/wp-content\/uploads\/2026\/08\/shutterstock_538175404-479x320.jpg 479w, https:\/\/www.humanium.org\/fr\/wp-content\/uploads\/2026\/08\/shutterstock_538175404-272x182.jpg 272w\" sizes=\"auto, (max-width: 1024px) 100vw, 1024px\" \/><\/figure>\n<\/div>\n\n\n<p class=\"wp-block-paragraph\">La population est majoritairement d\u2019origine albanaise bien que le pays abrite \u00e9galement une communaut\u00e9 serbe et d&rsquo;autres minorit\u00e9s. Ses langues officielles sont l&rsquo;albanais et le serbe. Port\u00e9e par de solides traditions dans les domaines de la musique, de l&rsquo;art et de l&rsquo;hospitalit\u00e9, la culture kosovare est le reflet d\u2019influences illyriennes, byzantines, ottomanes et yougoslaves.<\/p>\n\n\n\n<p class=\"wp-block-paragraph\">Le Kosovo est une r\u00e9publique parlementaire, avec un pr\u00e9sident en tant que chef d\u2019\u00c9tat et un premier ministre \u00e0 la t\u00eate du gouvernement. Ses institutions se sont d\u00e9velopp\u00e9es apr\u00e8s le conflit de 1999, sous l&rsquo;\u00e9gide de la Mission d&rsquo;administration int\u00e9rimaire des Nations Unies au Kosovo. Bien que reconnu par une centaine d&rsquo;\u00c9tats membres de l&rsquo;ONU, le pays n\u2019est pas membre de l&rsquo;organisation en raison de l&rsquo;opposition de la Serbie, de la <a href=\"https:\/\/www.humanium.org\/fr\/russie\/\">Russie<\/a>, de la <a href=\"https:\/\/www.humanium.org\/fr\/chine\/\">Chine<\/a> et d&rsquo;autres pays.<\/p>\n\n\n\n<p class=\"wp-block-paragraph\">Apr\u00e8s des d\u00e9cennies de tensions ethniques et la guerre du Kosovo de 1998-1999, le pays a \u00e9t\u00e9 plac\u00e9 sous administration de l\u2019ONU avant de d\u00e9clarer unilat\u00e9ralement son ind\u00e9pendance le 17&nbsp;f\u00e9vrier&nbsp;2008. De nombreuses nations reconnaissent sa souverainet\u00e9 contrairement \u00e0 d&rsquo;autres comme la Serbie et plusieurs \u00c9tats membres de l&rsquo;UE. Le statut international du Kosovo n&rsquo;est donc que partiellement reconnu.<\/p>\n\n\n\n<h2 class=\"wp-block-heading\"><strong>\u00c9tat des droits de l\u2019enfant <a href=\"#_ftn1\" id=\"_ftnref1\"><strong>[1]<\/strong><\/a><\/strong><\/h2>\n\n\n\n<p class=\"wp-block-paragraph\">L&rsquo;approche du Kosovo concernant les <a href=\"https:\/\/www.humanium.org\/fr\/comprendre-droits-enfant\/\">droits de l&rsquo;enfant<\/a> renvoie \u00e0 sa reconstruction apr\u00e8s le conflit et aux r\u00e9formes institutionnelles en cours. N\u2019\u00e9tant pas membre de l&rsquo;ONU, le Kosovo ne figure pas parmi les \u00c9tats parties \u00e0 la <a href=\"https:\/\/www.humanium.org\/fr\/convention\/\">Convention relative aux droits de l&rsquo;enfant (CDE)<\/a> ou \u00e0 la <a href=\"https:\/\/www.humanium.org\/fr\/enfants-touches-par-le-handicap\/\">Convention relative aux droits des personnes handicap\u00e9es (CDPH)<\/a>. Ses institutions ont n\u00e9anmoins choisi d&rsquo;int\u00e9grer ces instruments dans la Constitution et dans les principales lois nationales.<\/p>\n\n\n\n<p class=\"wp-block-paragraph\">La l\u00e9gislation kosovare suit largement les principes de la CDE et s\u2019appuie sur des aspirations \u00e0 une meilleure int\u00e9gration au sein des institutions europ\u00e9ennes et \u00e0 une promotion soutenue \u00e0 l\u2019international. La CDE est int\u00e9gr\u00e9e \u00e0 l\u2019article&nbsp;50 de la Constitution du Kosovo.<\/p>\n\n\n\n<p class=\"wp-block-paragraph\">La Strat\u00e9gie nationale relative aux droits des personnes handicap\u00e9es (SNDPH) en vigueur de 2013 \u00e0 2023 est actuellement en cours de r\u00e9vision. Une nouvelle SNDPH pour 2025-2030 et un plan d&rsquo;action pour 2025-2027 sont en cours d&rsquo;\u00e9laboration par le Bureau pour la bonne gouvernance afin de renforcer les droits et l&rsquo;inclusion des personnes handicap\u00e9es, y&nbsp;compris des enfants et de leurs familles (Leung &amp; Nagavci, 2025).<\/p>\n\n\n\n<p class=\"wp-block-paragraph\">Le Kosovo a align\u00e9 ses lois fondamentales relatives aux enfants sur la CDE et les instruments europ\u00e9ens pertinents en mati\u00e8re de droits humains. La loi n\u00b0&nbsp;06\/L-084 sur la protection de l&rsquo;enfance, adopt\u00e9e en 2019 et entr\u00e9e en vigueur en 2020, codifie la plupart des droits civils, politiques, sociaux et \u00e9conomiques des enfants de moins de 18&nbsp;ans, fournissant ainsi une base l\u00e9gale solide pour la protection de l&rsquo;enfance.<\/p>\n\n\n\n<p class=\"wp-block-paragraph\">Les normes europ\u00e9ennes en mati\u00e8re de droits humains, notamment la Convention europ\u00e9enne des droits de l&rsquo;homme et les instruments du Conseil de l&rsquo;Europe au service de la protection des enfants, font office de guides aupr\u00e8s des tribunaux et des autorit\u00e9s publiques, bien que le Kosovo ne soit pas encore membre du Conseil de l&rsquo;Europe. Souvent, en d\u00e9pit de ces mesures, les <a href=\"https:\/\/www.humanium.org\/fr\/enfants-des-minorites\/\">enfants issus de communaut\u00e9s minoritaires<\/a>, habitant dans des <a href=\"https:\/\/www.humanium.org\/fr\/les-enfants-des-zones-rurales\/\">zones rurales<\/a> ou d\u00e9favoris\u00e9es ou \u00e9tant sans papiers ne b\u00e9n\u00e9ficient pas d&rsquo;une <a href=\"https:\/\/www.humanium.org\/fr\/droit-a-la-protection\/\">protection<\/a> efficace.<\/p>\n\n\n\n<p class=\"wp-block-paragraph\">La Strat\u00e9gie du Conseil de l&rsquo;Europe pour les droits de l&rsquo;enfant (2022-2027) \u00e9l\u00e8ve l&rsquo;utilisation sans risque des technologies et la lutte contre l&rsquo;<a href=\"https:\/\/www.humanium.org\/fr\/exploitation-sexuelle-enfants\/\">exploitation sexuelle des enfants en ligne<\/a> au rang de priorit\u00e9s. Le Kosovo cherche \u00e0 aligner ses politiques sur ces objectifs et collabore avec des partenaires europ\u00e9ens et internationaux afin de renforcer la protection des enfants dans les environnements num\u00e9riques.<\/p>\n\n\n\n<h2 class=\"wp-block-heading\"><strong>R\u00e9pondre aux besoins des enfants<\/strong><\/h2>\n\n\n\n<h3 class=\"wp-block-heading\"><a href=\"https:\/\/www.humanium.org\/fr\/comprendre-droits-enfant\/droit-a-l-education\/\"><strong>Droit \u00e0 l\u2019\u00e9ducation<\/strong><\/a><\/h3>\n\n\n\n<p class=\"wp-block-paragraph\">Le Kosovo garantit un enseignement gratuit et obligatoire pour les enfants \u00e2g\u00e9s de 6 \u00e0 15&nbsp;ans et un enseignement pr\u00e9-primaire doit \u00eatre dispens\u00e9 aux enfants de 5&nbsp;ans en vertu de la loi sur l&rsquo;enseignement pr\u00e9universitaire. Le syst\u00e8me \u00e9ducatif kosovar comprend l&rsquo;enseignement pr\u00e9scolaire (de 0 \u00e0 5&nbsp;ans), l&rsquo;enseignement pr\u00e9-primaire (\u00e0 5&nbsp;ans), l&rsquo;enseignement primaire (de la premi\u00e8re \u00e0 la cinqui\u00e8me ann\u00e9e soit de 6 \u00e0 10&nbsp;ans), l&rsquo;enseignement secondaire de premier cycle (de la sixi\u00e8me \u00e0 la neuvi\u00e8me ann\u00e9e soit de 11 \u00e0 14\/15&nbsp;ans) et l&rsquo;enseignement secondaire de second cycle (de la dixi\u00e8me \u00e0 la douzi\u00e8me ann\u00e9e soit de 15 \u00e0 18&nbsp;ans).<\/p>\n\n\n\n<p class=\"wp-block-paragraph\">En juillet&nbsp;2023, l&rsquo;Assembl\u00e9e a adopt\u00e9 une loi \u00e9labor\u00e9e avec le soutien de l\u2019ONU, rendant obligatoire la fr\u00e9quentation de l\u2019enseignement pr\u00e9-primaire pour tous les enfants de 5&nbsp;ans \u00e0 compter de l&rsquo;ann\u00e9e scolaire 2024\/2025 (Qamili, 2024). Si le taux d\u2019inscription en primaire est \u00e9lev\u00e9 (97,4&nbsp;%), la <a href=\"https:\/\/www.humanium.org\/fr\/le-principe-dinclusion-et-de-participation\/\">participation<\/a> reste faible chez les tout-petits et dans le secondaire. En 2023\/2024, seuls 8,9&nbsp;% des enfants de moins de cinq ans suivaient l\u2019enseignement pr\u00e9scolaire et le taux d\u2019inscription dans le secondaire restait tr\u00e8s bas dans les zones marginalis\u00e9es et rurales.<\/p>\n\n\n<div class=\"wp-block-image\">\n<figure class=\"alignright size-large is-resized\"><img loading=\"lazy\" decoding=\"async\" width=\"1024\" height=\"765\" src=\"https:\/\/www.humanium.org\/fr\/wp-content\/uploads\/2026\/08\/shutterstock_2576080143-1024x765.jpg\" alt=\"\" class=\"wp-image-62880\" style=\"aspect-ratio:1.3386120863524316;width:369px;height:auto\" srcset=\"https:\/\/www.humanium.org\/fr\/wp-content\/uploads\/2026\/08\/shutterstock_2576080143-1024x765.jpg 1024w, https:\/\/www.humanium.org\/fr\/wp-content\/uploads\/2026\/08\/shutterstock_2576080143-300x224.jpg 300w, https:\/\/www.humanium.org\/fr\/wp-content\/uploads\/2026\/08\/shutterstock_2576080143-767x573.jpg 767w, https:\/\/www.humanium.org\/fr\/wp-content\/uploads\/2026\/08\/shutterstock_2576080143-829x619.jpg 829w, https:\/\/www.humanium.org\/fr\/wp-content\/uploads\/2026\/08\/shutterstock_2576080143-1536x1147.jpg 1536w, https:\/\/www.humanium.org\/fr\/wp-content\/uploads\/2026\/08\/shutterstock_2576080143-2048x1530.jpg 2048w, https:\/\/www.humanium.org\/fr\/wp-content\/uploads\/2026\/08\/shutterstock_2576080143-349x261.jpg 349w, https:\/\/www.humanium.org\/fr\/wp-content\/uploads\/2026\/08\/shutterstock_2576080143-229x171.jpg 229w, https:\/\/www.humanium.org\/fr\/wp-content\/uploads\/2026\/08\/shutterstock_2576080143-479x358.jpg 479w\" sizes=\"auto, (max-width: 1024px) 100vw, 1024px\" \/><\/figure>\n<\/div>\n\n\n<p class=\"wp-block-paragraph\">Actuellement, les taux d&rsquo;\u00e9chec dans le cadre de l&rsquo;enseignement de base peuvent atteindre 25&nbsp;% dans certaines r\u00e9gions (Gazzi, sans date&nbsp;; Lumezi, 2025). Le Kosovo affiche \u00e9galement un taux de participation pr\u00e9scolaire plus bas que celui de tous les pays voisins. Seuls 15&nbsp;% des enfants \u00e2g\u00e9s de 3 \u00e0 4&nbsp;ans sont inscrits en pr\u00e9scolaire et ces \u00e9l\u00e8ves sont g\u00e9n\u00e9ralement issus des foyers plus ais\u00e9s (KOMF Kosova, 2024a).<\/p>\n\n\n\n<p class=\"wp-block-paragraph\">De nombreux jeunes enfants ne suivent pas un enseignement pr\u00e9scolaire formel et sont souvent gard\u00e9s \u00e0 la maison. Parmi les enfants \u00e2g\u00e9s de 2 \u00e0 4&nbsp;ans, un sur trois seulement b\u00e9n\u00e9ficie d&rsquo;une stimulation pr\u00e9coce par le biais des histoires, de la lecture ou des jeux (KOMF Kosova, 2024a). Les services de <a href=\"https:\/\/www.humanium.org\/fr\/le-developpement-de-la-petite-enfance-la-fondation-pour-une-societe-durable-et-prospere\/\">d\u00e9veloppement de la petite enfance<\/a> sont parcellaires et essentiellement th\u00e9rapeutiques ou pr\u00e9ventifs. La coordination entre les secteurs de l&rsquo;\u00e9ducation, de la sant\u00e9 et de la protection sociale est limit\u00e9e. C\u2019est la raison pour laquelle les <a href=\"https:\/\/www.humanium.org\/fr\/famille-droits-enfant\/\">familles<\/a> doivent souvent s&rsquo;adresser \u00e0 plusieurs institutions pour \u00eatre aid\u00e9es.<\/p>\n\n\n\n<h3 class=\"wp-block-heading\"><a href=\"https:\/\/www.humanium.org\/fr\/comprendre-droits-enfant\/droit-a-la-sante\/\"><strong>Droit \u00e0 la sant\u00e9<\/strong><\/a><strong><\/strong><\/h3>\n\n\n\n<p class=\"wp-block-paragraph\">Le syst\u00e8me de sant\u00e9 au Kosovo demeure in\u00e9gal et insuffisamment dot\u00e9 en ressources. En 2022, seuls 45&nbsp;% des m\u00e9dicaments essentiels \u00e9taient disponibles dans les \u00e9tablissements de premiers soins et de graves p\u00e9nuries ont eu une incidence sur les pr\u00e9matur\u00e9s et les enfants atteints de maladies rares (KOMF Kosova, 2024a). Les services de pr\u00e9vention et de lutte contre la toxicomanie sont largement inaccessibles et les services de r\u00e9\u00e9ducation et d&rsquo;\u00e9valuation de l\u2019invalidit\u00e9 se concentrent dans les <a href=\"https:\/\/www.humanium.org\/fr\/enfants-dans-les-zones-urbaines\/\">zones urbaines<\/a> laissant peu d&rsquo;options aux familles rurales (Leung &amp; Nagavci, 2025). La <a href=\"https:\/\/www.humanium.org\/fr\/mortalite-infantile\/\">mortalit\u00e9 infantile et juv\u00e9nile<\/a> reste \u00e9lev\u00e9e et sup\u00e9rieure aux moyennes de l&rsquo;UE, \u00e0 14,4&nbsp;d\u00e9c\u00e8s pour 1&nbsp;000&nbsp;naissances en vie en 2022. Elle est principalement due \u00e0 la pr\u00e9maturit\u00e9, aux maladies cong\u00e9nitales et aux infections (KOMF Kosova, 2024a).<\/p>\n\n\n\n<p class=\"wp-block-paragraph\">Les enfants des communaut\u00e9s rurales et marginalis\u00e9es ont \u00e9galement une couverture vaccinale plus faible et un acc\u00e8s r\u00e9duit aux soins pr\u00e9ventifs et aux services de r\u00e9adaptation. Des campagnes de vaccination porte-\u00e0-porte ont ainsi \u00e9t\u00e9 mises en place pour r\u00e9soudre le probl\u00e8me des faibles taux d\u2019immunisation infantile chez les Roms, les Ashkalis et les \u00c9gyptiens (<em>cabinet du Premier ministre<\/em>, 2024). La consommation de <a href=\"https:\/\/www.humanium.org\/fr\/enfants-dependances\/\">drogues<\/a> est \u00e9galement en hausse et l&rsquo;\u00e2ge moyen de l\u2019initiation est tomb\u00e9 \u00e0 16&nbsp;ans. L&rsquo;exposition au tabac, aux narguil\u00e9s, aux cigarettes \u00e9lectroniques et aux boissons \u00e9nergisantes est tr\u00e8s r\u00e9pandue, ce qui illustre la faiblesse de la r\u00e9glementation et de son application (KOMF Kosova, 2024a).<\/p>\n\n\n\n<p class=\"wp-block-paragraph\">Les structures d&rsquo;accueil de la petite enfance suscitent \u00e9galement des inqui\u00e9tudes quant \u00e0 la sant\u00e9 et \u00e0 la s\u00e9curit\u00e9. Les cr\u00e8ches publiques sont trop peu nombreuses et manquent souvent d&rsquo;espace, de ressources et de personnel qualifi\u00e9. Les <a href=\"https:\/\/www.humanium.org\/fr\/la-maltraitance-des-enfants\/\">cas de n\u00e9gligence et de maltraitance physique<\/a> rapport\u00e9s, parfois sans qu\u2019aucune responsabilit\u00e9 ne soit engag\u00e9e, ont sap\u00e9 la confiance vis-\u00e0-vis du syst\u00e8me. Certaines familles optent alors pour des cr\u00e8ches priv\u00e9es co\u00fbteuses ou gardent leurs enfants \u00e0 la maison, ce qui freine leur socialisation et leur d\u00e9veloppement (Bami, 2025).<\/p>\n\n\n\n<h3 class=\"wp-block-heading\"><a href=\"https:\/\/www.humanium.org\/fr\/comprendre-droits-enfant\/droit-a-l-identite\/\"><strong>Droit \u00e0 l&rsquo;identit\u00e9<\/strong><\/a><strong><\/strong><\/h3>\n\n\n\n<p class=\"wp-block-paragraph\">Au Kosovo, les enfants ont droit \u00e0 un nom et une nationalit\u00e9. Ils ont \u00e9galement le droit d\u2019\u00eatre prot\u00e9g\u00e9s contre la <a href=\"https:\/\/www.humanium.org\/fr\/violences\/\">violence<\/a>, l&rsquo;<a href=\"https:\/\/www.humanium.org\/fr\/exploitation\/\">exploitation<\/a> et la <a href=\"https:\/\/www.humanium.org\/fr\/la-maltraitance-des-enfants\/\">maltraitance<\/a>. L&rsquo;enregistrement de la naissance constitue une garantie juridique et des mesures de sauvegarde existent pour pr\u00e9venir l&rsquo;<a href=\"https:\/\/www.humanium.org\/fr\/enfants-sans-identite\/\">apatridie infantile<\/a>. De nombreux enfants issus de communaut\u00e9s minoritaires rencontrent des difficult\u00e9s li\u00e9es \u00e0 des proc\u00e9dures administratives, \u00e0 des d\u00e9placements pass\u00e9s ou \u00e0 la perte de documents relatifs \u00e0 leurs parents (R\u00e9seau europ\u00e9en sur l\u2019apatridie [European Network on Statelessness, ENS], s.d.).<\/p>\n\n\n\n<p class=\"wp-block-paragraph\">Le non-enregistrement d\u2019une naissance est courant, notamment chez les Roms, les Ashkalis et les \u00c9gyptiens. En l\u2019absence d\u2019acte de naissance, les enfants ne peuvent faire valoir aucun autre droit, que ce soit \u00e0 l&rsquo;\u00e9ducation, \u00e0 la sant\u00e9 ou \u00e0 l&rsquo;aide sociale. Les r\u00e9formes de l&rsquo;\u00e9tat civil ont globalement am\u00e9lior\u00e9 l&rsquo;inscription au registre, mais les Roms, les Ashkalis et les \u00c9gyptiens continuent d\u2019\u00eatre plus durement touch\u00e9s que les autres communaut\u00e9s.<\/p>\n\n\n\n<p class=\"wp-block-paragraph\">Le risque d&rsquo;apatridie persiste pour les enfants n\u00e9s de parents sans papiers, d\u00e9plac\u00e9s ou sans domicile fixe&nbsp;les laissant sans statut juridique dans aucun pays (R\u00e9seau europ\u00e9en sur l\u2019apatridie [European Network on Statelessness, ENS], s.d.). Les enfants d&rsquo;origine serbe rencontrent des difficult\u00e9s suppl\u00e9mentaires en l\u2019absence de reconnaissance mutuelle syst\u00e9matique des documents d\u2019\u00e9tat civil par la Serbie et le Kosovo. Ce contexte cr\u00e9e un blocage administratif et limite l&rsquo;acc\u00e8s aux papiers d&rsquo;identit\u00e9, aux services publics et \u00e0 l\u2019engagement social (Kosovo Online, 2025).<\/p>\n\n\n\n<p class=\"wp-block-paragraph\">En 2020, le Kosovo a mis en place une proc\u00e9dure de reconnaissance de l&rsquo;apatridie assortie de mesures de sauvegarde pour pr\u00e9venir l\u2019apatridie infantile qui s\u2019appliquent notamment aux <a href=\"https:\/\/www.humanium.org\/fr\/migration-infantile\/\">mineurs non accompagn\u00e9s<\/a>, aux <a href=\"https:\/\/www.humanium.org\/fr\/ladoption-dun-enfant\/\">enfants adopt\u00e9s<\/a>, aux enfants n\u00e9s \u00e0 l&rsquo;\u00e9tranger de parents kosovars et aux enfants de nationalit\u00e9 ind\u00e9termin\u00e9e (R\u00e9seau europ\u00e9en sur l\u2019apatridie [European Network on Statelessness, ENS], s.d.).<\/p>\n\n\n\n<p class=\"wp-block-paragraph\">En 2025, de nouvelles politiques ont \u00e9t\u00e9 adopt\u00e9es afin de permettre aux enfants disposant d\u2019un acte de naissance d\u00e9livr\u00e9 par la Serbie de s&rsquo;inscrire officiellement au registre d\u2019\u00e9tat civil au Kosovo. Bien qu&rsquo;il s&rsquo;agisse d&rsquo;une avanc\u00e9e positive, le processus d&rsquo;enregistrement en cours est assorti d\u2019une limitation de dur\u00e9e (mission des Nations Unies au Kosovo, 2025).<\/p>\n\n\n\n<h3 class=\"wp-block-heading\"><a href=\"https:\/\/www.humanium.org\/fr\/droit-a-la-protection\/\"><strong>Droit \u00e0 la protection<\/strong><\/a><strong><\/strong><\/h3>\n\n\n\n<p class=\"wp-block-paragraph\">Le Kosovo a mis en place un cadre l\u00e9gal conforme aux normes internationales pour veiller sur les enfants. La loi n\u00b0&nbsp;06\/L-084 sur la protection de l&rsquo;enfance (2020) fournit une base l\u00e9gale visant \u00e0 pr\u00e9venir et traiter les atteintes aux droits de l\u2019enfant. Elle impose \u00e9galement la cr\u00e9ation d&rsquo;\u00e9quipes pluridisciplinaires int\u00e9gr\u00e9es au niveau municipal pour g\u00e9rer les affaires de protection de l&rsquo;enfance.<\/p>\n\n\n\n<p class=\"wp-block-paragraph\">Malgr\u00e9 ce cadre l\u00e9gal, la traite et le travail forc\u00e9 sont toujours des risques encourus par les enfants, et le syst\u00e8me de protection manque de ressources (KOMF Kosova, 2024a). Les cas de maltraitance sont souvent non signal\u00e9s en raison des normes sociales et d\u2019une faible confiance dans les institutions. Souvent, la formation des policiers, procureurs et travailleurs sociaux municipaux n\u2019est pas suffisamment ax\u00e9e sur l\u2019enfant pour traiter les cas complexes de maltraitance. Les services int\u00e9gr\u00e9s pour les victimes sont rares et le <a href=\"https:\/\/www.humanium.org\/fr\/le-placement-denfants-les-enfants-places-en-famille-daccueil\/\">syst\u00e8me de placement en famille d\u2019accueil<\/a> ne parvient pas souvent \u00e0 fournir une protection ad\u00e9quate (UNICEF, 2022).<\/p>\n\n\n\n<h2 class=\"wp-block-heading\"><strong>Facteurs de risque&nbsp;: les d\u00e9fis propres au pays<\/strong><\/h2>\n\n\n\n<h3 class=\"wp-block-heading\"><a href=\"https:\/\/www.humanium.org\/fr\/travail-des-enfants\/\"><strong>Travail des enfants<\/strong><\/a><strong><\/strong><\/h3>\n\n\n\n<p class=\"wp-block-paragraph\">Au Kosovo, les donn\u00e9es fiables sur le travail des enfants sont rares en raison de la nature largement informelle des activit\u00e9s. Selon une enqu\u00eate r\u00e9alis\u00e9e en 2019-2020, 9&nbsp;% des enfants de 5 \u00e0 14&nbsp;ans exer\u00e7aient une forme de travail et nombre d\u2019entre eux allaient \u00e0 l\u2019\u00e9cole tout en travaillant en parall\u00e8le de 7 \u00e0 14&nbsp;ans (d\u00e9partement du Travail des \u00c9tats-Unis, 2024a). La mendicit\u00e9 forc\u00e9e, le <a href=\"https:\/\/www.humanium.org\/fr\/enfants-des-rues\/\">travail dans la rue<\/a> et la vente de petits objets sont les formes d\u2019activit\u00e9 les plus visibles, mais d&rsquo;autres enfants sont charg\u00e9s de <a href=\"https:\/\/www.humanium.org\/fr\/le-travail-des-enfants-dans-lagriculture-une-pratique-dangereuse-mais-courante-dans-le-monde-entier\/\">travaux dangereux dans l\u2019agriculture<\/a>, le ramassage des d\u00e9chets, la construction et l&rsquo;exploitation mini\u00e8re. La d\u00e9tresse \u00e9conomique et l\u2019aide sociale limit\u00e9e poussent souvent les familles \u00e0 compter sur les revenus de leurs enfants.<\/p>\n\n\n<div class=\"wp-block-image\">\n<figure class=\"alignleft size-large is-resized\"><img loading=\"lazy\" decoding=\"async\" width=\"1024\" height=\"683\" src=\"https:\/\/www.humanium.org\/fr\/wp-content\/uploads\/2026\/08\/shutterstock_589235201-1024x683.jpg\" alt=\"\" class=\"wp-image-62881\" style=\"aspect-ratio:1.499330655957162;width:412px;height:auto\" srcset=\"https:\/\/www.humanium.org\/fr\/wp-content\/uploads\/2026\/08\/shutterstock_589235201-1024x683.jpg 1024w, https:\/\/www.humanium.org\/fr\/wp-content\/uploads\/2026\/08\/shutterstock_589235201-300x200.jpg 300w, https:\/\/www.humanium.org\/fr\/wp-content\/uploads\/2026\/08\/shutterstock_589235201-768x512.jpg 768w, https:\/\/www.humanium.org\/fr\/wp-content\/uploads\/2026\/08\/shutterstock_589235201-1536x1024.jpg 1536w, https:\/\/www.humanium.org\/fr\/wp-content\/uploads\/2026\/08\/shutterstock_589235201-2048x1365.jpg 2048w, https:\/\/www.humanium.org\/fr\/wp-content\/uploads\/2026\/08\/shutterstock_589235201-829x553.jpg 829w, https:\/\/www.humanium.org\/fr\/wp-content\/uploads\/2026\/08\/shutterstock_589235201-230x153.jpg 230w, https:\/\/www.humanium.org\/fr\/wp-content\/uploads\/2026\/08\/shutterstock_589235201-350x233.jpg 350w, https:\/\/www.humanium.org\/fr\/wp-content\/uploads\/2026\/08\/shutterstock_589235201-272x182.jpg 272w, https:\/\/www.humanium.org\/fr\/wp-content\/uploads\/2026\/08\/shutterstock_589235201-480x320.jpg 480w\" sizes=\"auto, (max-width: 1024px) 100vw, 1024px\" \/><\/figure>\n<\/div>\n\n\n<p class=\"wp-block-paragraph\">Les enfants issus de foyers \u00e9conomiquement vuln\u00e9rables et de communaut\u00e9s minoritaires, notamment les Roms, les Ashkalis et les \u00c9gyptiens, courent le risque de devoir travailler et d\u2019\u00eatre soumis \u00e0 d&rsquo;autres formes d&rsquo;exploitation \u00e9conomique. Les enfants non scolaris\u00e9s, par exemple en raison de l\u2019absence de documents officiels, sont particuli\u00e8rement vuln\u00e9rables au travail des enfants. &nbsp;<\/p>\n\n\n\n<p class=\"wp-block-paragraph\">Le Kosovo a mis en place un cadre juridique, notamment le Plan d&rsquo;action pour les droits de l&rsquo;enfant (2021-2025), qui interdit le travail infantile et oriente la politique en la mati\u00e8re. De r\u00e9cents amendements l\u00e9gislatifs visent \u00e0 prot\u00e9ger les enfants des travaux dangereux, tels que les activit\u00e9s en discoth\u00e8ques et autres milieux \u00e0 haut risque. Cependant, leur application reste faible et de nombreux enfants continuent de travailler dans des conditions pr\u00e9caires (d\u00e9partement du Travail des \u00c9tats-Unis, 2024a).<\/p>\n\n\n\n<h3 class=\"wp-block-heading\"><a href=\"https:\/\/www.humanium.org\/fr\/trafic-enfants\/\"><strong>Traite des enfants<\/strong><\/a><\/h3>\n\n\n\n<p class=\"wp-block-paragraph\">\u00c0 la fois pays d\u2019origine, de transit et de destination, le Kosovo est \u00e9galement touch\u00e9 par la traite des enfants. Ceux n\u00e9s au sein de familles \u00e9conomiquement d\u00e9favoris\u00e9es sont particuli\u00e8rement vuln\u00e9rables et le trafic implique souvent des mouvements transfrontaliers qui les exposent au travail forc\u00e9 ou \u00e0 l&rsquo;<a href=\"https:\/\/www.humanium.org\/fr\/prostitution-infantile\/\">exploitation sexuelle \u00e0 des fins commerciales<\/a> (d\u00e9partement du Travail des \u00c9tats-Unis, 2024b&nbsp;; d\u00e9partement d&rsquo;\u00c9tat des \u00c9tats-Unis, 2024). Les <a href=\"https:\/\/www.humanium.org\/fr\/droits-des-filles\/\">filles<\/a> sont touch\u00e9es de mani\u00e8re disproportionn\u00e9e. Un rapport publi\u00e9 par le d\u00e9partement d&rsquo;\u00c9tat des \u00c9tats-Unis en 2022 a r\u00e9v\u00e9l\u00e9 que la plupart des victimes identifi\u00e9es \u00e9taient des enfants originaires du Kosovo ou de l&rsquo;Albanie voisine (d\u00e9partement d&rsquo;\u00c9tat des \u00c9tats-Unis, 2025).<\/p>\n\n\n\n<p class=\"wp-block-paragraph\">Contrairement au travail infantile classique, la traite implique coercition, menaces ou duperie et les enfants n\u2019ont que peu voire pas de contr\u00f4le sur leur situation. La formation des autorit\u00e9s, en particulier des premiers intervenants, \u00e0 l\u2019identification des enfants victimes de la traite, contraints \u00e0 la mendicit\u00e9 forc\u00e9e ou <a href=\"https:\/\/www.humanium.org\/fr\/exploitation-sexuelle-enfants\/\">exploit\u00e9s sexuellement<\/a> est souvent insuffisante. En cons\u00e9quence, certaines victimes sont trait\u00e9es \u00e0 tort comme des d\u00e9linquants ou expuls\u00e9es et ne re\u00e7oivent ni protection ni soutien (d\u00e9partement du Travail des \u00c9tats-Unis, 2024b).<\/p>\n\n\n\n<h3 class=\"wp-block-heading\"><a href=\"https:\/\/www.humanium.org\/fr\/la-maltraitance-des-enfants\/\"><strong>Maltraitance des enfants<\/strong><\/a><strong><\/strong><\/h3>\n\n\n\n<p class=\"wp-block-paragraph\">Au Kosovo, la violence est toujours consid\u00e9r\u00e9e comme une forme de discipline. Bien que la loi sur la protection de l&rsquo;enfance impose des programmes de sensibilisation et de parentalit\u00e9 positive, aucune directive officielle n&rsquo;a \u00e9t\u00e9 publi\u00e9e pour appliquer ces mesures. L\u2019aide \u00e0 la parentalit\u00e9 fait largement d\u00e9faut hormis dans le cadre d&rsquo;initiatives limit\u00e9es mises en place par la soci\u00e9t\u00e9 civile (KOMF Kosova, 2024b).<\/p>\n\n\n\n<p class=\"wp-block-paragraph\">L\u2019intimidation verbale, dont rel\u00e8vent les insultes et les moqueries, est la forme d&rsquo;agression la plus courante chez les adolescents. Les gar\u00e7ons sont plus souvent partie prenante dans l\u2019intimidation physique, la cyberattaque, le partage d&rsquo;images non autoris\u00e9es, les remarques inappropri\u00e9es \u00e0 connotation sexuelle et la d\u00e9gradation de biens, ce qui fait \u00e9cho aux normes de genre associant l&rsquo;agressivit\u00e9 \u00e0 la masculinit\u00e9. L\u2019intimidation indirecte, telle que l\u2019exclusion sociale, ne pr\u00e9sente pas de diff\u00e9rence notables entre les gar\u00e7ons et les filles. La victimisation pr\u00e9dispose consid\u00e9rablement \u00e0 la peur d&rsquo;\u00eatre harcel\u00e9 tandis que le genre, l&rsquo;\u00e2ge ou encore la fr\u00e9quence du harc\u00e8lement exercent une influence minime (Millaku et al., 2025).<\/p>\n\n\n\n<p class=\"wp-block-paragraph\">Une \u00e9tude r\u00e9alis\u00e9e par l&rsquo;UNICEF en 2020 a r\u00e9v\u00e9l\u00e9 qu&rsquo;environ 72&nbsp;% des enfants de 1 \u00e0 14&nbsp;ans ont \u00e9t\u00e9 soumis \u00e0 une forme de discipline incluant la violence, notamment des ch\u00e2timents corporels pour 30&nbsp;% d&rsquo;entre eux et des agressions psychologiques pour beaucoup d&rsquo;autres (UNICEF, 2021a). La <a href=\"https:\/\/www.humanium.org\/fr\/la-violence-au-sein-du-foyer-et-ses-consequences-sur-les-enfants\/\">violence au sein du foyer<\/a> et la violence disciplinaire restent socialement tol\u00e9r\u00e9es malgr\u00e9 leurs effets n\u00e9fastes \u00e0 long terme. Le manque d&rsquo;infrastructures et de services de pr\u00e9vention contribue au passage sous silence et laisse les victimes sans soutien (UNICEF, 2022).<\/p>\n\n\n\n<p class=\"wp-block-paragraph\">Le <a href=\"https:\/\/www.humanium.org\/fr\/la-violence-physique-et-virtuelle-dans-les-ecoles-le-harcelement-scolaire-un-probleme-mondial-a-resoudre\/\">harc\u00e8lement scolaire<\/a> constitue \u00e9galement un probl\u00e8me majeur. La maltraitance physique et psychologique (notamment les coups, la <a href=\"https:\/\/www.humanium.org\/fr\/enfants-dependances\/\">consommation de drogues<\/a>, le recours aux armes et le racket) est courante. Les <a href=\"https:\/\/www.humanium.org\/fr\/exploitation-sexuelle-enfants\/\">agressions sexuelles<\/a> sont particuli\u00e8rement pr\u00e9occupantes&nbsp;: un professeur de sport a \u00e9t\u00e9 suspendu pour harc\u00e8lement mais r\u00e9int\u00e9gr\u00e9 ult\u00e9rieurement sur d\u00e9cision du tribunal. D\u00e9but 2023, six cas de harc\u00e8lement sexuel ont \u00e9t\u00e9 signal\u00e9s dans des \u00e9coles, mais un seul a \u00e9t\u00e9 officiellement enregistr\u00e9 aupr\u00e8s du minist\u00e8re de l&rsquo;\u00c9ducation. Les experts soulignent que la violence domestique favorise l\u2019agressivit\u00e9 \u00e0 l&rsquo;\u00e9cole tandis que la faiblesse des r\u00e9ponses institutionnelles et les d\u00e9faillances du <a href=\"https:\/\/www.humanium.org\/fr\/enfants-face-justice\/\">syst\u00e8me judiciaire<\/a> laissent les enfants sans protection (Bami, 2023).<\/p>\n\n\n\n<h3 class=\"wp-block-heading\"><strong>Maltraitance infantile en ligne<\/strong><\/h3>\n\n\n\n<p class=\"wp-block-paragraph\">Au Kosovo, o\u00f9 plus de 90&nbsp;% des jeunes ont acc\u00e8s \u00e0 Internet, un sur trois a d\u00e9clar\u00e9 avoir \u00e9t\u00e9 victime de cyberharc\u00e8lement et, parmi eux, pr\u00e8s d\u2019un sur deux a d\u00e9j\u00e0 manqu\u00e9 l&rsquo;\u00e9cole pour cette raison (UNICEF, 2024a). Pour s\u2019attaquer au probl\u00e8me, l&rsquo;UNICEF Kosovo a lanc\u00e9 une campagne en ligne ax\u00e9e sur la pr\u00e9vention du cyberharc\u00e8lement en partenariat avec l&rsquo;UE et le cabinet du Premier ministre en octobre 2024. Les enfants ont apport\u00e9 leur contribution aux vid\u00e9os de la campagne qui ont \u00e9t\u00e9 visionn\u00e9es plus de 350&nbsp;000&nbsp;fois et ont particip\u00e9 \u00e0 des d\u00e9bats scolaires sur la s\u00e9curit\u00e9 en ligne. L&rsquo;initiative inclut \u00e9galement des s\u00e9ances en direct avec des psychologues et des activit\u00e9s scolaires visant \u00e0 promouvoir des interactions en ligne plus s\u00fbres et plus positives (UNICEF, 2024a).<\/p>\n\n\n\n<p class=\"wp-block-paragraph\">La police kosovare a signal\u00e9 plusieurs cas impliquant des enfants publiant en ligne des contenus li\u00e9s \u00e0 l&rsquo;automutilation et au <a href=\"https:\/\/www.humanium.org\/fr\/suicide-enfants\/\">suicide<\/a>. Les autorit\u00e9s soulignent l&rsquo;importance d&rsquo;un environnement virtuel plus s\u00fbr et encouragent les <a href=\"https:\/\/www.humanium.org\/fr\/famille-droits-enfant\/\">parents<\/a> \u00e0 surveiller les activit\u00e9s de leurs enfants sur Internet et \u00e0 discuter ouvertement des <a href=\"https:\/\/www.humanium.org\/fr\/les-risques-pour-les-enfants-qui-surfent-sur-internet\/\">risques en ligne<\/a> (IndeksOnline, 2025).<\/p>\n\n\n\n<h3 class=\"wp-block-heading\"><a href=\"https:\/\/www.humanium.org\/fr\/pauvrete\/\"><strong>Pauvret\u00e9<\/strong><\/a><strong><\/strong><\/h3>\n\n\n\n<p class=\"wp-block-paragraph\">Au Kosovo, environ 22 \u00e0 23&nbsp;% des enfants vivent dans la pauvret\u00e9, dont 7&nbsp;% d\u2019entre eux dans l&rsquo;extr\u00eame pauvret\u00e9. Parmi les plus touch\u00e9s figurent les enfants des Roms, des Ashkalis et des \u00c9gyptiens, les <a href=\"https:\/\/www.humanium.org\/fr\/enfants-handicapes\/\">enfants handicap\u00e9s<\/a> et ceux issus de foyers ruraux (KOMF Kosova, 2024c). La pauvret\u00e9 infantile est \u00e9troitement li\u00e9e au ch\u00f4mage des parents, aux <a href=\"https:\/\/www.humanium.org\/fr\/famille-droits-enfant\/\">familles monoparentales<\/a>, au faible niveau de formation et \u00e0 l&rsquo;exclusion fond\u00e9e sur le genre, les minorit\u00e9s et les populations rurales \u00e9tant touch\u00e9es plus durement que les autres groupes (UNICEF, 2021b).<\/p>\n\n\n\n<p class=\"wp-block-paragraph\">Environ un enfant sur quatre ne b\u00e9n\u00e9ficie pas de conditions de vie d\u00e9centes, d&rsquo;une <a href=\"https:\/\/www.humanium.org\/fr\/comprendre-droits-enfant\/droit-a-l-alimentation\/\">alimentation ad\u00e9quate<\/a> et d&rsquo;un acc\u00e8s aux services de base (Eurochild, 2025a). De nombreux enfants, en particulier ceux issus de groupes minoritaires ou touch\u00e9s par un handicap, ont un acc\u00e8s limit\u00e9 \u00e0 l&rsquo;\u00e9ducation, aux soins et \u00e0 l&rsquo;aide sociale en raison de l\u2019absence de documents l\u00e9gaux, de probl\u00e8mes li\u00e9s \u00e0 la <a href=\"https:\/\/www.humanium.org\/fr\/enfants-deplaces\/\">migration<\/a>, de difficult\u00e9s linguistiques et de <a href=\"https:\/\/www.humanium.org\/fr\/discriminations\/\">discrimination<\/a>. L&rsquo;instabilit\u00e9 \u00e9conomique, le taux de ch\u00f4mage \u00e9lev\u00e9 chez les jeunes et les bas salaires des familles actives accentuent encore la pauvret\u00e9 des m\u00e9nages (KOMF Kosova, 2024a).<\/p>\n\n\n<div class=\"wp-block-image\">\n<figure class=\"alignright size-large is-resized\"><img loading=\"lazy\" decoding=\"async\" width=\"1024\" height=\"888\" src=\"https:\/\/www.humanium.org\/fr\/wp-content\/uploads\/2026\/08\/shutterstock_92106641-1024x888.jpg\" alt=\"\" class=\"wp-image-62882\" style=\"aspect-ratio:1.1531778888436046;width:349px;height:auto\" srcset=\"https:\/\/www.humanium.org\/fr\/wp-content\/uploads\/2026\/08\/shutterstock_92106641-1024x888.jpg 1024w, https:\/\/www.humanium.org\/fr\/wp-content\/uploads\/2026\/08\/shutterstock_92106641-300x260.jpg 300w, https:\/\/www.humanium.org\/fr\/wp-content\/uploads\/2026\/08\/shutterstock_92106641-768x666.jpg 768w, https:\/\/www.humanium.org\/fr\/wp-content\/uploads\/2026\/08\/shutterstock_92106641-1536x1332.jpg 1536w, https:\/\/www.humanium.org\/fr\/wp-content\/uploads\/2026\/08\/shutterstock_92106641-829x719.jpg 829w, https:\/\/www.humanium.org\/fr\/wp-content\/uploads\/2026\/08\/shutterstock_92106641-2048x1776.jpg 2048w, https:\/\/www.humanium.org\/fr\/wp-content\/uploads\/2026\/08\/shutterstock_92106641-229x199.jpg 229w, https:\/\/www.humanium.org\/fr\/wp-content\/uploads\/2026\/08\/shutterstock_92106641-349x303.jpg 349w, https:\/\/www.humanium.org\/fr\/wp-content\/uploads\/2026\/08\/shutterstock_92106641-480x416.jpg 480w\" sizes=\"auto, (max-width: 1024px) 100vw, 1024px\" \/><\/figure>\n<\/div>\n\n\n<p class=\"wp-block-paragraph\">Les d\u00e9penses publiques consacr\u00e9es \u00e0 la protection sociale restent bien inf\u00e9rieures \u00e0 la moyenne europ\u00e9enne et le caract\u00e8re parcellaire ainsi que le manque de ressources des services sociaux les freinent dans leur progression vers les plus vuln\u00e9rables (The Borgen Project, 2023&nbsp;; UNICEF, 2021c). La pauvret\u00e9 pousse les enfants \u00e0 travailler et les contraint \u00e0 s\u2019impliquer dans la rue en exer\u00e7ant une activit\u00e9 ou en mendiant, ce qui r\u00e9duit leur fr\u00e9quentation scolaire et leurs opportunit\u00e9s de formation. Parmi les enfants vivant dans la rue, 88&nbsp;% citent la pauvret\u00e9 comme principale raison de leur situation et seul un sur quatre va \u00e0 l\u2019\u00e9cole (UNICEF, 2024b).<\/p>\n\n\n\n<p class=\"wp-block-paragraph\">La pr\u00e9carit\u00e9 du logement est \u00e9galement extr\u00eame chez les Roms, les Ashkalis et les \u00c9gyptiens. Chez les Roms, au moins trois enfants sur quatre ne vivent pas dans un logement ad\u00e9quat. Ces communaut\u00e9s connaissent une extr\u00eame pauvret\u00e9, b\u00e9n\u00e9ficient d\u2019un acc\u00e8s limit\u00e9 aux services de base et comptent sur de faibles revenus familiaux. Elles d\u00e9pendent souvent de l&rsquo;aide humanitaire pour couvrir leurs besoins essentiels (Eurochild, 2025b&nbsp;; ReliefWeb, 2024).<\/p>\n\n\n\n<h3 class=\"wp-block-heading\"><a href=\"https:\/\/www.humanium.org\/fr\/enfants-handicapes\/\"><strong>Enfants handicap\u00e9s<\/strong><\/a><\/h3>\n\n\n\n<p class=\"wp-block-paragraph\">Au Kosovo, les enfants handicap\u00e9s sont souvent victimes de stigmatisation et sont exclus de la vie communautaire (UNICEF, 2023). De nombreux b\u00e2timents scolaires sont physiquement inaccessibles et les supports p\u00e9dagogiques adapt\u00e9s sont rares (Belegu Caka, 2025&nbsp;; KOMF Kosova, 2024d). En cons\u00e9quence, le nombre d&rsquo;enfants handicap\u00e9s scolaris\u00e9s dans des \u00e9coles ordinaires est faible. Beaucoup sont inscrits dans des \u00e9coles sp\u00e9cialis\u00e9es ou purement et simplement exclus du syst\u00e8me scolaire (Belegu Caka, 2025).<\/p>\n\n\n\n<p class=\"wp-block-paragraph\">Les services d\u2019assistance sont \u00e9galement limit\u00e9s et parcellaires. Le d\u00e9pistage pr\u00e9coce et l&rsquo;intervention rapide sont souvent inaccessibles en cas de retards de d\u00e9veloppement, ce qui entra\u00eene des diagnostics tardifs et une r\u00e9duction de l&rsquo;efficacit\u00e9 des interventions ult\u00e9rieures. Le minist\u00e8re de l&rsquo;\u00c9ducation s&rsquo;est engag\u00e9 \u00e0 embaucher davantage d&rsquo;auxiliaires p\u00e9dagogiques, mais les effectifs actuels restent insuffisants pour r\u00e9pondre aux besoins de tous les enfants handicap\u00e9s (KOMF Kosova, 2024d).<\/p>\n\n\n\n<p class=\"wp-block-paragraph\">Le diagnostic est pos\u00e9 et les soins sp\u00e9cialis\u00e9s sont dispens\u00e9s principalement \u00e0 Pristina. Les familles vivant dans d\u2019autres r\u00e9gions doivent parcourir de longues distances et sont souvent confront\u00e9es \u00e0 une p\u00e9nurie de dispositifs d\u2019aide (Leung &amp; Nagavci, 2025). La l\u00e9gislation r\u00e9cente sur le soutien mat\u00e9riel aux enfants atteints d&rsquo;un handicap permanent n&rsquo;aide qu&rsquo;un petit nombre d\u2019enfants et \u00e0 des niveaux insuffisants (KOMF Kosova, 2024d). En outre, les filles handicap\u00e9es sont aussi plus expos\u00e9es \u00e0 la violence, ont un acc\u00e8s limit\u00e9 aux <a href=\"https:\/\/www.humanium.org\/fr\/sexualite-des-adolescents\/\">services de sant\u00e9 sexuelle et reproductive<\/a> et sont \u00e9cart\u00e9es des opportunit\u00e9s de formation et d&#8217;emploi (Leung &amp; Nagavci, 2025).<\/p>\n\n\n\n<h3 class=\"wp-block-heading\"><a href=\"https:\/\/www.humanium.org\/fr\/enfants-des-minorites\/\"><strong>Enfants des minorit\u00e9s<\/strong><\/a><strong><\/strong><\/h3>\n\n\n\n<p class=\"wp-block-paragraph\">Les enfants issus de groupes ethniques marginalis\u00e9s au Kosovo, notamment les Roms, les Ashkalis, les \u00c9gyptiens et certaines communaut\u00e9s serbes, rencontrent des difficult\u00e9s li\u00e9es \u00e0 l&rsquo;\u00e9ducation, \u00e0 la sant\u00e9 ou aux services sociaux (Ahmeti, 2022&nbsp;; The Borgen Project, 2023). Ces enfants sont plus durement touch\u00e9s par la pauvret\u00e9 et vivent souvent dans des conditions pr\u00e9caires avec un acc\u00e8s limit\u00e9 \u00e0 l&rsquo;<a href=\"https:\/\/www.humanium.org\/fr\/comprendre-droits-enfant\/droit-a-l-eau\/\">eau potable<\/a>, aux installations sanitaires et aux ressources de base. Beaucoup sont contraints de travailler ou de mendier pour subvenir aux besoins de leur famille.<\/p>\n\n\n\n<p class=\"wp-block-paragraph\">La discrimination ethnique et la marginalisation sociale limitent encore plus leurs opportunit\u00e9s et leur bien-\u00eatre. Les enfants issus des minorit\u00e9s pr\u00e9sentent des taux de mortalit\u00e9 plus \u00e9lev\u00e9s, des r\u00e9sultats scolaires plus faibles et une exclusion persistante malgr\u00e9 des garanties l\u00e9gales et des quotas d&#8217;emploi r\u00e9serv\u00e9s aux minorit\u00e9s. La faible application des mesures en faveur de l&rsquo;\u00e9galit\u00e9, l\u2019abus des quotas et le manque de donn\u00e9es ventil\u00e9es font que les Roms, les Ashkalis et les \u00c9gyptiens sont souvent \u00e9cart\u00e9s des opportunit\u00e9s \u00e9conomiques et sociales, les institutions publiques favorisant d&rsquo;autres groupes ou des candidats issus de la majorit\u00e9 (Zeqiri, 2025).<\/p>\n\n\n\n<p class=\"wp-block-paragraph\">Les enfants serbes sont \u00e9galement touch\u00e9s par l\u2019ins\u00e9curit\u00e9 et les tensions interethniques. Les incidents violents recens\u00e9s suscitent la peur et ont entra\u00een\u00e9 une baisse du taux d\u2019inscription scolaire dans certaines r\u00e9gions (KoSSev, 2024). Les \u00e9coles manquent aussi souvent de ressources n\u00e9cessaires pour proposer un <a href=\"https:\/\/www.humanium.org\/fr\/comprendre-droits-enfant\/droit-a-l-education\/\">enseignement inclusif<\/a> y&nbsp;compris concernant le transport, les supports p\u00e9dagogiques dans les langues minoritaires et le soutien ad\u00e9quat aux enseignants. Les syst\u00e8mes \u00e9ducatifs parall\u00e8les destin\u00e9s \u00e0 certaines communaut\u00e9s, comme les Serbes, limitent encore plus les opportunit\u00e9s d&rsquo;interaction et de compr\u00e9hension interethniques (Grazzi, sans date).<\/p>\n\n\n\n<p class=\"wp-block-paragraph\">Les filles issues des communaut\u00e9s marginalis\u00e9es sont \u00e9galement d\u00e9favoris\u00e9es. Les <a href=\"https:\/\/www.humanium.org\/fr\/mariage-enfants\/\">mariages pr\u00e9coces<\/a> sont tr\u00e8s r\u00e9pandus et plus de 85&nbsp;% de ces unions ne sont pas enregistr\u00e9es, laissant les filles sans aucune protection juridique (Zeqiri, 2025). Cette absence de reconnaissance l\u00e9gale entra\u00eene souvent un \u00e9chec scolaire, un acc\u00e8s limit\u00e9 au march\u00e9 de l&#8217;emploi et une d\u00e9pendance accrue, les d\u00e9cisions \u00e9tant g\u00e9n\u00e9ralement contr\u00f4l\u00e9es par les p\u00e8res ou les familles. Chez les Roms, les Ashkalis et les \u00c9gyptiens, seules 31&nbsp;% des filles terminent l&rsquo;enseignement secondaire de second cycle, un chiffre bien inf\u00e9rieur \u00e0 la moyenne nationale (IndeksOnline, 2022).<\/p>\n\n\n\n<p class=\"wp-block-paragraph\"><em><strong>\u00c9crit par Or Salama<\/strong><\/em><\/p>\n\n\n\n<p class=\"wp-block-paragraph\"><em><strong>Traduit par \u00c9lodie Bonard<\/strong><\/em><\/p>\n\n\n\n<p class=\"wp-block-paragraph\"><em><strong>Relu par Aditi Partha<\/strong><\/em><\/p>\n\n\n\n<p class=\"wp-block-paragraph\"><em><strong>Derni\u00e8re mise \u00e0 jour le 30\u00a0d\u00e9cembre\u00a02025<\/strong><\/em><\/p>\n\n\n\n<h4 class=\"wp-block-heading\"><strong>R\u00e9f\u00e9rences&nbsp;:<\/strong><\/h4>\n\n\n\n<p class=\"has-small-font-size wp-block-paragraph\">Ahmeti, G. (4&nbsp;avril&nbsp;2022)&nbsp;: Poverty within Kosovo\u2019s minority communities forces children out of school. Article paru dans Prishtina Insight et disponible en anglais sur <a href=\"https:\/\/prishtinainsight.com\/poverty-within-kosovos-minority-communities-forces-children-out-of-school-mag\/\">https:\/\/prishtinainsight.com\/poverty-within-kosovos-minority-communities-forces-children-out-of-school-mag\/<\/a> (consult\u00e9 le 11&nbsp;septembre&nbsp;2025).<\/p>\n\n\n\n<p class=\"has-small-font-size wp-block-paragraph\">Bami, X. (16&nbsp;mars&nbsp;2023)&nbsp;: Too Many Children Suffering Abuse in Kosovo Schools, TV Show Hears. Article paru dans Balkan Insight et disponible en anglais sur <a href=\"https:\/\/balkaninsight.com\/2023\/03\/16\/too-many-children-suffering-abuse-in-kosovo-schools-tv-show-hears\/\">https:\/\/balkaninsight.com\/2023\/03\/16\/too-many-children-suffering-abuse-in-kosovo-schools-tv-show-hears\/<\/a> (consult\u00e9 le 14&nbsp;septembre&nbsp;2025).<\/p>\n\n\n\n<p class=\"has-small-font-size wp-block-paragraph\">Bami, X. (15&nbsp;mai&nbsp;2025)&nbsp;: \u2018A lot to work on\u2019: Kosovo parents say kindergartens falling short. Article paru dans Balkan Insight et disponible en anglais sur <a href=\"https:\/\/balkaninsight.com\/2025\/05\/15\/a-lot-to-work-on-kosovo-parents-say-kindergartens-falling-short\/\" target=\"_blank\" rel=\"noopener\">https:\/\/balkaninsight.com\/2025\/05\/15\/a-lot-to-work-on-kosovo-parents-say-kindergartens-falling-short\/<\/a> (consult\u00e9 le 11&nbsp;septembre&nbsp;2025).<\/p>\n\n\n\n<p class=\"has-small-font-size wp-block-paragraph\">Belegu Caka, V. (janvier&nbsp;2025)&nbsp;: Review on the situation of children with disabilities in inclusive education in Kosovo. Dossier paru dans l\u2019Academicus International Scientific Journal et disponible en anglais sur <a href=\"https:\/\/academicus.edu.al\/nr31\/Academicus-MMXXV-31-065-081.pdf\" target=\"_blank\" rel=\"noopener\">https:\/\/academicus.edu.al\/nr31\/Academicus-MMXXV-31-065-081.pdf<\/a> (consult\u00e9 le 11&nbsp;septembre&nbsp;2025).<\/p>\n\n\n\n<p class=\"has-small-font-size wp-block-paragraph\">Cabinet du Premier ministre (2024)&nbsp;: Report on the Implementation of the Strategy for the Advancement of the Rights of Roma and Ashkali Communities in the Republic of Kosovo 2022-2026 and of the Action Plan 2022-2024 for 2023. Dossier disponible en anglais aupr\u00e8s du cabinet du Premier ministre de la r\u00e9publique du Kosovo sur <a href=\"https:\/\/kryeministri.rks-gov.net\/wp-content\/uploads\/2024\/08\/Report-on-the-implementation-of-the-Strategy-for-the-advancement-of-the-rights-of-roma-and-ashkali-communities.pdf\">https:\/\/kryeministri.rks-gov.net\/wp-content\/uploads\/2024\/08\/Report-on-the-implementation-of-the-Strategy-for-the-advancement-of-the-rights-of-roma-and-ashkali-communities.pdf<\/a> (consult\u00e9 le 19&nbsp;d\u00e9cembre&nbsp;2025).<\/p>\n\n\n\n<p class=\"has-small-font-size wp-block-paragraph\">D\u00e9partement d&rsquo;\u00c9tat des \u00c9tats-Unis (2024)&nbsp;: 2024 Trafficking in Persons Report: Kosovo. Dossier disponible en anglais aupr\u00e8s du d\u00e9partement d\u2019\u00c9tat des \u00c9tats-Unis sur <a href=\"https:\/\/2021-2025.state.gov\/reports\/2024-trafficking-in-persons-report\/kosovo\/\">https:\/\/2021-2025.state.gov\/reports\/2024-trafficking-in-persons-report\/kosovo\/<\/a> (consult\u00e9 le 11&nbsp;septembre&nbsp;2025).<\/p>\n\n\n\n<p class=\"has-small-font-size wp-block-paragraph\">D\u00e9partement du Travail des \u00c9tats-Unis (2024a)&nbsp;: Child Labor and Forced Labor Reports. Dossier disponible en anglais aupr\u00e8s du d\u00e9partement du Travail des \u00c9tats-Unis sur <a href=\"https:\/\/www.dol.gov\/agencies\/ilab\/resources\/reports\/child-labor\/kosovo\">https:\/\/www.dol.gov\/agencies\/ilab\/resources\/reports\/child-labor\/kosovo<\/a> (consult\u00e9 le 11&nbsp;septembre&nbsp;2025).<\/p>\n\n\n\n<p class=\"has-small-font-size wp-block-paragraph\">D\u00e9partement du Travail des \u00c9tats-Unis (2024b)&nbsp;: 2023 findings on the worst forms of child labor: Kosovo. Dossier disponible en anglais aupr\u00e8s du d\u00e9partement du Travail des \u00c9tats-Unis sur <a href=\"https:\/\/www.dol.gov\/sites\/dolgov\/files\/ILAB\/child_labor_reports\/tda2023\/Kosovo.pdf\" target=\"_blank\" rel=\"noopener\">https:\/\/www.dol.gov\/sites\/dolgov\/files\/ILAB\/child_labor_reports\/tda2023\/Kosovo.pdf<\/a> (consult\u00e9 le 11&nbsp;septembre&nbsp;2025).<\/p>\n\n\n\n<p class=\"has-small-font-size wp-block-paragraph\">Eurochild (mars&nbsp;2025a)&nbsp;: Child poverty and social exclusion.\u202f Dossier disponible en anglais aupr\u00e8s d\u2019Eurochild sur <a href=\"https:\/\/eurochild.org\/uploads\/2025\/03\/Eurochild-2024-Flagship-Sub-report-on-Child-Poverty-and-Social-Exclusion.pdf\">https:\/\/eurochild.org\/uploads\/2025\/03\/Eurochild-2024-Flagship-Sub-report-on-Child-Poverty-and-Social-Exclusion.pdf<\/a> (consult\u00e9 le 11&nbsp;septembre&nbsp;2025).<\/p>\n\n\n\n<p class=\"has-small-font-size wp-block-paragraph\">Eurochild (avril&nbsp;2025b)&nbsp;: Roma children across Europe. Dossier disponible en anglais aupr\u00e8s d\u2019Eurochild sur <a href=\"https:\/\/eurochild.org\/uploads\/2025\/04\/Eurochild-2024-Flagship-Sub-report-on-Roma-Children-across-Europe.pdf\">https:\/\/eurochild.org\/uploads\/2025\/04\/Eurochild-2024-Flagship-Sub-report-on-Roma-Children-across-Europe.pdf<\/a> (consult\u00e9 le 14&nbsp;septembre&nbsp;2025).<\/p>\n\n\n\n<p class=\"has-small-font-size wp-block-paragraph\">Grazzi, V. (sans date)&nbsp;: Educational challenges in Kosovo. Article paru dans Broken Chalk disponible en anglais sur <a href=\"https:\/\/brokenchalk.org\/educational-challenges-in-kosovo\/\">https:\/\/brokenchalk.org\/educational-challenges-in-kosovo\/<\/a> (consult\u00e9 le 11&nbsp;septembre&nbsp;2025).<\/p>\n\n\n\n<p class=\"has-small-font-size wp-block-paragraph\">IndeksOnline (17&nbsp;avril&nbsp;2022)&nbsp;: Poverty and school dropouts leading to early marriages. Article paru dans IndeksOnline disponible en anglais sur <a href=\"https:\/\/indeksonline.net\/en\/varferia-dhe-braktisja-e-shkkolles-qe-po-cojne-ne-martesa-te-hershme\/\">https:\/\/indeksonline.net\/en\/varferia-dhe-braktisja-e-shkkolles-qe-po-cojne-ne-martesa-te-hershme\/<\/a> (consult\u00e9 le 14&nbsp;septembre&nbsp;2025).<\/p>\n\n\n\n<p class=\"has-small-font-size wp-block-paragraph\">IndeksOnline (29&nbsp;ao\u00fbt&nbsp;2025)&nbsp;: Kosovo Police appeals: Let\u2019s keep children safe on the internet. Article paru dans IndeksOnline disponible en anglais sur <a href=\"https:\/\/indeksonline.net\/en\/policia-e-kosoves-apelon-ti-mbajme-femijet-te-sigurt-ne-internet\/\">https:\/\/indeksonline.net\/en\/policia-e-kosoves-apelon-ti-mbajme-femijet-te-sigurt-ne-internet\/<\/a> (consult\u00e9 le 11&nbsp;septembre&nbsp;2025).<\/p>\n\n\n\n<p class=\"has-small-font-size wp-block-paragraph\">KOMF Kosova (f\u00e9vrier&nbsp;2024a)&nbsp;: Report card. What is&nbsp; Kosovo\u2019s overall score for child care? Dossier disponible en anglais aupr\u00e8s de KOMF Kosova sur <a href=\"https:\/\/komfkosova.org\/wp-content\/uploads\/2024\/03\/Report-Card-2024_English-FINAL.pdf\" target=\"_blank\" rel=\"noopener\">https:\/\/komfkosova.org\/wp-content\/uploads\/2024\/03\/Report-Card-2024_English-FINAL.pdf<\/a> (consult\u00e9 le 11&nbsp;septembre&nbsp;2025).<\/p>\n\n\n\n<p class=\"has-small-font-size wp-block-paragraph\">KOMF Kosova (28&nbsp;mars&nbsp;2024b)&nbsp;: High level of violence against children. Article disponible en anglais aupr\u00e8s de KOMF Kosova sur <a href=\"https:\/\/komfkosova.org\/high-level-of-violence-against-children\/?lang=en\">https:\/\/komfkosova.org\/high-level-of-violence-against-children\/?lang=en<\/a> (consult\u00e9 le 11&nbsp;septembre&nbsp;2025).<\/p>\n\n\n\n<p class=\"has-small-font-size wp-block-paragraph\">KOMF Kosova (15&nbsp;mars&nbsp;2024c)&nbsp;: Kosovo with high levels of children living in Poverty. Article disponible en anglais aupr\u00e8s de KOMF Kosova sur <a href=\"https:\/\/komfkosova.org\/kosovo-with-high-levels-of-children-living-in-poverty\/?lang=en\">https:\/\/komfkosova.org\/kosovo-with-high-levels-of-children-living-in-poverty\/?lang=en<\/a> (consult\u00e9 le 19&nbsp;d\u00e9cembre&nbsp;2025).<\/p>\n\n\n\n<p class=\"has-small-font-size wp-block-paragraph\">KOMF Kosova. (28&nbsp;mars&nbsp;2024d)&nbsp;: Integration and inclusion of children with disabilities remains a challenge for Kosovo. Article disponible en anglais aupr\u00e8s de KOMF Kosova sur <a href=\"https:\/\/komfkosova.org\/integration-and-inclusion-of-children-with-disabilities-remains-a-challenge-for-kosovo\/\">https:\/\/komfkosova.org\/integration-and-inclusion-of-children-with-disabilities-remains-a-challenge-for-kosovo\/<\/a> (consult\u00e9 le 14&nbsp;septembre&nbsp;2025).<\/p>\n\n\n\n<p class=\"has-small-font-size wp-block-paragraph\">Kosovo Online (8&nbsp;mai&nbsp;2025)&nbsp;: Invisible to the system: Problems faced by Serbs with residence in Kosovo in obtaining Kosovo documents. Article paru dans Kosovo Online et disponible en anglais sur <a href=\"https:\/\/www.kosovo-online.com\/en\/news\/analysis\/invisible-system-problems-faced-serbs-residence-kosovo-obtaining-kosovo-documents-8-5\">https:\/\/www.kosovo-online.com\/en\/news\/analysis\/invisible-system-problems-faced-serbs-residence-kosovo-obtaining-kosovo-documents-8-5<\/a> (consult\u00e9 le 14&nbsp;septembre&nbsp;2025).<\/p>\n\n\n\n<p class=\"has-small-font-size wp-block-paragraph\">KoSSev (20&nbsp;novembre&nbsp;2024)&nbsp;: Les luttes de la jeunesse serbe au Kosovo mises en lumi\u00e8re \u00e0 l&rsquo;occasion de la Journ\u00e9e mondiale de l&rsquo;enfance. Article disponible sur le portail KoSSev sur <a href=\"https:\/\/kossev.info\/struggles-of-serb-youth-in-kosovo-highlighted-on-world-childrens-day\/\">https:\/\/kossev.info\/struggles-of-serb-youth-in-kosovo-highlighted-on-world-childrens-day\/<\/a> (consult\u00e9 le 11&nbsp;septembre&nbsp;2025).<\/p>\n\n\n\n<p class=\"has-small-font-size wp-block-paragraph\">Leung, A., &amp; Nagavci, M. (2025)&nbsp;: Situational analysis on the rights of persons with disabilities in Kosovo: Full report. Dossier disponible en anglais aupr\u00e8s de l&rsquo;\u00e9quipe des Nations Unies au Kosovo et du Global Disability Fund sur <a href=\"https:\/\/globaldisabilityfund.org\/new\/wp-content\/uploads\/2025\/05\/sitan-kosovo-full-report.pdf\">https:\/\/globaldisabilityfund.org\/new\/wp-content\/uploads\/2025\/05\/sitan-kosovo-full-report.pdf<\/a> (consult\u00e9 le 13&nbsp;septembre&nbsp;2025)<\/p>\n\n\n\n<p class=\"has-small-font-size wp-block-paragraph\">Lumezi, A. (24&nbsp;janvier&nbsp;2025)&nbsp;: Political parties\u2019 pledges on kindergartens. Article paru dans Kosovo 2.0 disponible en anglais sur <a href=\"https:\/\/kosovotwopointzero.com\/en\/political-parties-pledges-on-kindergartens\/\">https:\/\/kosovotwopointzero.com\/en\/political-parties-pledges-on-kindergartens\/<\/a> (consult\u00e9 le 11&nbsp;septembre&nbsp;2025).<\/p>\n\n\n\n<p class=\"has-small-font-size wp-block-paragraph\">Millaku, J., Tasevska, D., Celcima, D., &amp; Kraja-Bardhi, E. (f\u00e9vrier&nbsp;2025)&nbsp;: Exploring bullying and cyberbullying behaviors among adolescents in Kosovo: Gender differences, victimization, and fear predictors. Article disponible en anglais via ResearchGate sur <a href=\"https:\/\/www.researchgate.net\/publication\/389086468_Exploring_bullying_and_cyberbullying_behaviors_among_adolescents_in_Kosovo_Gender_differences_victimization_and_fear_predictors\">https:\/\/www.researchgate.net\/publication\/389086468_Exploring_bullying_and_cyberbullying_behaviors_among_adolescents_in_Kosovo_Gender_differences_victimization_and_fear_predictors<\/a> (consult\u00e9 le 11&nbsp;septembre&nbsp;2025).<\/p>\n\n\n\n<p class=\"has-small-font-size wp-block-paragraph\">Mission des Nations Unies au Kosovo (MINUK) (7&nbsp;mars&nbsp;2025)&nbsp;: Promoting the right to identity: A path to equal access to civil registration in Kosovo. Article disponible en anglais aupr\u00e8s de la MINUK sur <a href=\"https:\/\/unmik.unmissions.org\/promoting-right-identity-path-equal-access-civil-registration-kosovo-0\">https:\/\/unmik.unmissions.org\/promoting-right-identity-path-equal-access-civil-registration-kosovo-0<\/a> (consult\u00e9 le 14&nbsp;septembre&nbsp;2025).<\/p>\n\n\n\n<p class=\"has-small-font-size wp-block-paragraph\">Qamili, S. (16&nbsp;avril&nbsp;2024)&nbsp;: Early childhood development in Kosovo: A leap forward enacted with the new law. Article disponible aupr\u00e8s de l&rsquo;\u00e9quipe des Nations Unies au Kosovo sur <a href=\"https:\/\/kosovoteam.un.org\/en\/266068-early-childhood-development-kosovo-leap-forward-enacted-new-law\" target=\"_blank\" rel=\"noopener\">https:\/\/kosovoteam.un.org\/en\/266068-early-childhood-development-kosovo-leap-forward-enacted-new-law<\/a> (consult\u00e9 le 11&nbsp;septembre&nbsp;2025).<\/p>\n\n\n\n<p class=\"has-small-font-size wp-block-paragraph\">ReliefWeb (15&nbsp;avril&nbsp;2024)&nbsp;: Breaking barriers: An analytical report on Roma children and women in Kosovo (UNSCR 1244), Montenegro, North Macedonia and Serbia (April 2024). Article publi\u00e9 par ReliefWeb et disponible en anglais sur <a href=\"https:\/\/reliefweb.int\/report\/serbia\/breaking-barriers-analytical-report-roma-children-and-women-kosovo-unscr-1244-montenegro-north-macedonia-and-serbia-april-2024\">https:\/\/reliefweb.int\/report\/serbia\/breaking-barriers-analytical-report-roma-children-and-women-kosovo-unscr-1244-montenegro-north-macedonia-and-serbia-april-2024<\/a> (consult\u00e9 le 14&nbsp;septembre&nbsp;2025).<\/p>\n\n\n\n<p class=\"has-small-font-size wp-block-paragraph\">R\u00e9seau europ\u00e9en sur l\u2019apatridie (European Network on Statelessness, ENS) (sans date)&nbsp;: Kosovo. Extrait de l\u2019index sur l\u2019apatridie (Statelessness Index) disponible en anglais sur <a href=\"https:\/\/index.statelessness.eu\/country\/kosovo\">https:\/\/index.statelessness.eu\/country\/kosovo<\/a> (consult\u00e9 le 13&nbsp;septembre&nbsp;2025).<\/p>\n\n\n\n<p class=\"has-small-font-size wp-block-paragraph\">The Borgen Project (13&nbsp;novembre&nbsp;2023)&nbsp;: 5 facts about child poverty in Kosovo. Article paru dans The Borgen Project et disponible en anglais sur <a href=\"https:\/\/borgenproject.org\/child-poverty-in-kosovo#:~:text=Kosovo%20remains%20one%20of%20the\">https:\/\/borgenproject.org\/child-poverty-in-kosovo#:~:text=Kosovo%20remains%20one%20of%20the<\/a> (consult\u00e9 le 11&nbsp;septembre&nbsp;2025).<\/p>\n\n\n\n<p class=\"has-small-font-size wp-block-paragraph\">UNICEF (17&nbsp;mai&nbsp;2021a)&nbsp;: One case is too many: every child should feel safe and protected at all times. Article disponible en anglais aupr\u00e8s de l\u2019UNICEF sur <a href=\"https:\/\/www.unicef.org\/kosovoprogramme\/press-releases\/one-case-too-many-every-child-should-feel-safe-and-protected-all-times\">https:\/\/www.unicef.org\/kosovoprogramme\/press-releases\/one-case-too-many-every-child-should-feel-safe-and-protected-all-times<\/a> (consult\u00e9 le 14&nbsp;septembre&nbsp;2025).<\/p>\n\n\n\n<p class=\"has-small-font-size wp-block-paragraph\">UNICEF (2021b)&nbsp;: Children in Kosovo. Article disponible en anglais aupr\u00e8s de l\u2019UNICEF sur <a href=\"https:\/\/www.unicef.org\/kosovoprogramme\/children-kosovo\">https:\/\/www.unicef.org\/kosovoprogramme\/children-kosovo<\/a> (consult\u00e9 le 14&nbsp;septembre&nbsp;2025).<\/p>\n\n\n\n<p class=\"has-small-font-size wp-block-paragraph\">UNICEF (2021c)&nbsp;: Influencing policies and budgets for children. Article disponible en anglais aupr\u00e8s de l\u2019UNICEF sur <a href=\"https:\/\/www.unicef.org\/kosovoprogramme\/social-policy\">https:\/\/www.unicef.org\/kosovoprogramme\/social-policy<\/a> (consult\u00e9 le 14&nbsp;septembre&nbsp;2025).<\/p>\n\n\n\n<p class=\"has-small-font-size wp-block-paragraph\">UNICEF (2022)&nbsp;: Protecting children from poverty and violence. Article disponible en anglais aupr\u00e8s de l\u2019UNICEF sur <a href=\"https:\/\/www.unicef.org\/kosovoprogramme\/child-protection\">https:\/\/www.unicef.org\/kosovoprogramme\/child-protection<\/a> (consult\u00e9 le 13&nbsp;septembre&nbsp;2025).<\/p>\n\n\n\n<p class=\"has-small-font-size wp-block-paragraph\">UNICEF (2023)&nbsp;: Untying the knot for children with disabilities. Article disponible en anglais aupr\u00e8s de l\u2019UNICEF sur <a href=\"https:\/\/www.unicef.org\/kosovoprogramme\/untying-knot-children-disabilities\">https:\/\/www.unicef.org\/kosovoprogramme\/untying-knot-children-disabilities<\/a> (consult\u00e9 le 14&nbsp;septembre&nbsp;2025).<\/p>\n\n\n\n<p class=\"has-small-font-size wp-block-paragraph\">UNICEF (2024a)&nbsp;: Think before you share. Article disponible en anglais aupr\u00e8s de l\u2019UNICEF sur <a href=\"https:\/\/www.unicef.org\/kosovoprogramme\/think-you-share\">https:\/\/www.unicef.org\/kosovoprogramme\/think-you-share<\/a> (consult\u00e9 le 14&nbsp;septembre&nbsp;2025).<\/p>\n\n\n\n<p class=\"has-small-font-size wp-block-paragraph\">UNICEF (28&nbsp;f\u00e9vrier&nbsp;2024b): Only 1 in 4 children in street situations is currently attending school, reads new study released by UNICEF and the EU in Kosovo. Article disponible en anglais aupr\u00e8s de l\u2019UNICEF sur <a href=\"https:\/\/www.unicef.org\/kosovoprogramme\/press-releases\/only-1-4-children-street-situations-currently-attending-school-reads-new-study\">https:\/\/www.unicef.org\/kosovoprogramme\/press-releases\/only-1-4-children-street-situations-currently-attending-school-reads-new-study<\/a> (consult\u00e9 le 11&nbsp;septembre&nbsp;2025).<\/p>\n\n\n\n<p class=\"has-small-font-size wp-block-paragraph\">Zeqiri, A. (27&nbsp;juin&nbsp;2025)&nbsp;: Roma, Ashkali, and Egyptian communities in Kosovo face double burden of poverty and discrimination. Article paru dans Prishtina Insight et disponible en anglais sur <a href=\"https:\/\/prishtinainsight.com\/roma-ashkali-and-egyptian-communities-in-kosovo-face-double-burden-of-poverty-and-discrimination-mag\/\">https:\/\/prishtinainsight.com\/roma-ashkali-and-egyptian-communities-in-kosovo-face-double-burden-of-poverty-and-discrimination-mag\/<\/a> (consult\u00e9 le 13&nbsp;septembre&nbsp;2025).<\/p>\n\n\n\n<hr class=\"wp-block-separator has-alpha-channel-opacity\"\/>\n\n\n\n<p class=\"has-small-font-size wp-block-paragraph\"><a href=\"#_ftnref1\" id=\"_ftn1\">[1]<\/a> Cet article ne pr\u00e9tend en aucun cas donner un compte rendu complet ou repr\u00e9sentatif des droits des enfants au Kosovo. En effet, l\u2019un des nombreux d\u00e9fis est l\u2019insuffisance d\u2019informations actualis\u00e9es sur les enfants kosovars, dont une grande partie est peu fiable, non repr\u00e9sentative, obsol\u00e8te ou tout simplement inexistante.&nbsp;<\/p>\n\n\n\n<p class=\"wp-block-paragraph\"><\/p>\n","protected":false},"excerpt":{"rendered":"<p>Concr\u00e9tiser les droits de l&rsquo;enfant au Kosovo Au Kosovo, de nombreux enfants ne peuvent toujours pas jouir pleinement de leurs droits fondamentaux. Bien que la l\u00e9gislation refl\u00e8te les normes internationales, sa mise en \u0153uvre insuffisante et la limitation des ressources laissent de nombreux enfants en situation de vuln\u00e9rabilit\u00e9, notamment chez les Roms, les Ashkalis et [&hellip;]<\/p>\n","protected":false},"author":65,"featured_media":0,"parent":0,"menu_order":0,"comment_status":"closed","ping_status":"closed","template":"","meta":{"footnotes":""},"class_list":["post-20339","page","type-page","status-publish","hentry"],"yoast_head":"<!-- This site is optimized with the Yoast SEO plugin v28.3 - https:\/\/yoast.com\/product\/yoast-seo-wordpress\/ -->\n<title>Enfants du Kosovo - Humanium<\/title>\n<meta name=\"description\" content=\"Le Kosovo est encore marqu\u00e9 par les tensions ethniques, la pauvret\u00e9 et le travail des enfants qui touche principalement les minorit\u00e9s.\" \/>\n<meta name=\"robots\" content=\"index, follow, max-snippet:-1, max-image-preview:large, max-video-preview:-1\" \/>\n<link rel=\"canonical\" href=\"https:\/\/www.humanium.org\/fr\/kosovo\/\" \/>\n<meta property=\"og:locale\" content=\"fr_FR\" \/>\n<meta property=\"og:type\" content=\"article\" \/>\n<meta property=\"og:title\" content=\"Enfants du Kosovo - Humanium\" \/>\n<meta property=\"og:description\" content=\"Le Kosovo est encore marqu\u00e9 par les tensions ethniques, la pauvret\u00e9 et le travail des enfants qui touche principalement les minorit\u00e9s.\" \/>\n<meta property=\"og:url\" content=\"https:\/\/www.humanium.org\/fr\/kosovo\/\" \/>\n<meta property=\"og:site_name\" content=\"Humanium\" \/>\n<meta property=\"article:modified_time\" content=\"2026-08-30T14:39:31+00:00\" \/>\n<meta name=\"twitter:card\" content=\"summary_large_image\" \/>\n<meta name=\"twitter:label1\" content=\"Dur\u00e9e de lecture estim\u00e9e\" \/>\n\t<meta name=\"twitter:data1\" content=\"28 minutes\" \/>\n<script type=\"application\/ld+json\" class=\"yoast-schema-graph\">{\"@context\":\"https:\\\/\\\/schema.org\",\"@graph\":[{\"@type\":\"WebPage\",\"@id\":\"https:\\\/\\\/www.humanium.org\\\/fr\\\/kosovo\\\/\",\"url\":\"https:\\\/\\\/www.humanium.org\\\/fr\\\/kosovo\\\/\",\"name\":\"Enfants du Kosovo - Humanium\",\"isPartOf\":{\"@id\":\"https:\\\/\\\/www.humanium.org\\\/fr\\\/#website\"},\"primaryImageOfPage\":{\"@id\":\"https:\\\/\\\/www.humanium.org\\\/fr\\\/kosovo\\\/#primaryimage\"},\"image\":{\"@id\":\"https:\\\/\\\/www.humanium.org\\\/fr\\\/kosovo\\\/#primaryimage\"},\"thumbnailUrl\":\"https:\\\/\\\/www.humanium.org\\\/en\\\/wp-content\\\/uploads\\\/2026\\\/08\\\/shutterstock_481936744_edited-scaled.jpeg\",\"datePublished\":\"2012-06-11T14:58:47+00:00\",\"dateModified\":\"2026-08-30T14:39:31+00:00\",\"description\":\"Le Kosovo est encore marqu\u00e9 par les tensions ethniques, la pauvret\u00e9 et le travail des enfants qui touche principalement les minorit\u00e9s.\",\"breadcrumb\":{\"@id\":\"https:\\\/\\\/www.humanium.org\\\/fr\\\/kosovo\\\/#breadcrumb\"},\"inLanguage\":\"fr-FR\",\"potentialAction\":[{\"@type\":\"ReadAction\",\"target\":[\"https:\\\/\\\/www.humanium.org\\\/fr\\\/kosovo\\\/\"]}]},{\"@type\":\"ImageObject\",\"inLanguage\":\"fr-FR\",\"@id\":\"https:\\\/\\\/www.humanium.org\\\/fr\\\/kosovo\\\/#primaryimage\",\"url\":\"https:\\\/\\\/www.humanium.org\\\/en\\\/wp-content\\\/uploads\\\/2026\\\/08\\\/shutterstock_481936744_edited-scaled.jpeg\",\"contentUrl\":\"https:\\\/\\\/www.humanium.org\\\/en\\\/wp-content\\\/uploads\\\/2026\\\/08\\\/shutterstock_481936744_edited-scaled.jpeg\"},{\"@type\":\"BreadcrumbList\",\"@id\":\"https:\\\/\\\/www.humanium.org\\\/fr\\\/kosovo\\\/#breadcrumb\",\"itemListElement\":[{\"@type\":\"ListItem\",\"position\":1,\"name\":\"Home\",\"item\":\"https:\\\/\\\/www.humanium.org\\\/fr\\\/\"},{\"@type\":\"ListItem\",\"position\":2,\"name\":\"Enfants du Kosovo\"}]},{\"@type\":\"WebSite\",\"@id\":\"https:\\\/\\\/www.humanium.org\\\/fr\\\/#website\",\"url\":\"https:\\\/\\\/www.humanium.org\\\/fr\\\/\",\"name\":\"Humanium\",\"description\":\"Les enfants d\u2019abord !\",\"potentialAction\":[{\"@type\":\"SearchAction\",\"target\":{\"@type\":\"EntryPoint\",\"urlTemplate\":\"https:\\\/\\\/www.humanium.org\\\/fr\\\/?s={search_term_string}\"},\"query-input\":{\"@type\":\"PropertyValueSpecification\",\"valueRequired\":true,\"valueName\":\"search_term_string\"}}],\"inLanguage\":\"fr-FR\"}]}<\/script>\n<!-- \/ Yoast SEO plugin. -->","yoast_head_json":{"title":"Enfants du Kosovo - Humanium","description":"Le Kosovo est encore marqu\u00e9 par les tensions ethniques, la pauvret\u00e9 et le travail des enfants qui touche principalement les minorit\u00e9s.","robots":{"index":"index","follow":"follow","max-snippet":"max-snippet:-1","max-image-preview":"max-image-preview:large","max-video-preview":"max-video-preview:-1"},"canonical":"https:\/\/www.humanium.org\/fr\/kosovo\/","og_locale":"fr_FR","og_type":"article","og_title":"Enfants du Kosovo - Humanium","og_description":"Le Kosovo est encore marqu\u00e9 par les tensions ethniques, la pauvret\u00e9 et le travail des enfants qui touche principalement les minorit\u00e9s.","og_url":"https:\/\/www.humanium.org\/fr\/kosovo\/","og_site_name":"Humanium","article_modified_time":"2026-08-30T14:39:31+00:00","twitter_card":"summary_large_image","twitter_misc":{"Dur\u00e9e de lecture estim\u00e9e":"28 minutes"},"schema":{"@context":"https:\/\/schema.org","@graph":[{"@type":"WebPage","@id":"https:\/\/www.humanium.org\/fr\/kosovo\/","url":"https:\/\/www.humanium.org\/fr\/kosovo\/","name":"Enfants du Kosovo - Humanium","isPartOf":{"@id":"https:\/\/www.humanium.org\/fr\/#website"},"primaryImageOfPage":{"@id":"https:\/\/www.humanium.org\/fr\/kosovo\/#primaryimage"},"image":{"@id":"https:\/\/www.humanium.org\/fr\/kosovo\/#primaryimage"},"thumbnailUrl":"https:\/\/www.humanium.org\/en\/wp-content\/uploads\/2026\/08\/shutterstock_481936744_edited-scaled.jpeg","datePublished":"2012-06-11T14:58:47+00:00","dateModified":"2026-08-30T14:39:31+00:00","description":"Le Kosovo est encore marqu\u00e9 par les tensions ethniques, la pauvret\u00e9 et le travail des enfants qui touche principalement les minorit\u00e9s.","breadcrumb":{"@id":"https:\/\/www.humanium.org\/fr\/kosovo\/#breadcrumb"},"inLanguage":"fr-FR","potentialAction":[{"@type":"ReadAction","target":["https:\/\/www.humanium.org\/fr\/kosovo\/"]}]},{"@type":"ImageObject","inLanguage":"fr-FR","@id":"https:\/\/www.humanium.org\/fr\/kosovo\/#primaryimage","url":"https:\/\/www.humanium.org\/en\/wp-content\/uploads\/2026\/08\/shutterstock_481936744_edited-scaled.jpeg","contentUrl":"https:\/\/www.humanium.org\/en\/wp-content\/uploads\/2026\/08\/shutterstock_481936744_edited-scaled.jpeg"},{"@type":"BreadcrumbList","@id":"https:\/\/www.humanium.org\/fr\/kosovo\/#breadcrumb","itemListElement":[{"@type":"ListItem","position":1,"name":"Home","item":"https:\/\/www.humanium.org\/fr\/"},{"@type":"ListItem","position":2,"name":"Enfants du Kosovo"}]},{"@type":"WebSite","@id":"https:\/\/www.humanium.org\/fr\/#website","url":"https:\/\/www.humanium.org\/fr\/","name":"Humanium","description":"Les enfants d\u2019abord !","potentialAction":[{"@type":"SearchAction","target":{"@type":"EntryPoint","urlTemplate":"https:\/\/www.humanium.org\/fr\/?s={search_term_string}"},"query-input":{"@type":"PropertyValueSpecification","valueRequired":true,"valueName":"search_term_string"}}],"inLanguage":"fr-FR"}]}},"_links":{"self":[{"href":"https:\/\/www.humanium.org\/fr\/wp-json\/wp\/v2\/pages\/20339","targetHints":{"allow":["GET"]}}],"collection":[{"href":"https:\/\/www.humanium.org\/fr\/wp-json\/wp\/v2\/pages"}],"about":[{"href":"https:\/\/www.humanium.org\/fr\/wp-json\/wp\/v2\/types\/page"}],"author":[{"embeddable":true,"href":"https:\/\/www.humanium.org\/fr\/wp-json\/wp\/v2\/users\/65"}],"replies":[{"embeddable":true,"href":"https:\/\/www.humanium.org\/fr\/wp-json\/wp\/v2\/comments?post=20339"}],"version-history":[{"count":15,"href":"https:\/\/www.humanium.org\/fr\/wp-json\/wp\/v2\/pages\/20339\/revisions"}],"predecessor-version":[{"id":62883,"href":"https:\/\/www.humanium.org\/fr\/wp-json\/wp\/v2\/pages\/20339\/revisions\/62883"}],"wp:attachment":[{"href":"https:\/\/www.humanium.org\/fr\/wp-json\/wp\/v2\/media?parent=20339"}],"curies":[{"name":"wp","href":"https:\/\/api.w.org\/{rel}","templated":true}]}}