{"id":20642,"date":"2012-11-12T16:19:51","date_gmt":"2012-11-12T16:19:51","guid":{"rendered":"http:\/\/www.humanium.org\/fr\/?page_id=20642"},"modified":"2025-12-05T14:54:39","modified_gmt":"2025-12-05T14:54:39","slug":"emirats-arabes-unis","status":"publish","type":"page","link":"https:\/\/www.humanium.org\/fr\/emirats-arabes-unis\/","title":{"rendered":"Enfants des \u00c9mirats arabes unis"},"content":{"rendered":"<h1>Enfants des\u00a0\u00c9mirats arabes unis<\/h1>\n<h2>Concr\u00e9tiser les droits de l&rsquo;enfant aux \u00c9mirats arabes unis<\/h2>\n<p style=\"text-align: center;\"><img loading=\"lazy\" decoding=\"async\" class=\"alignnone size-full wp-image-25009\" title=\"Jeune fille des Emirats arabes unis \u00a9 Julie Quetier (Flickr)\" src=\"https:\/\/www.humanium.org\/fr\/wp-content\/uploads\/2012\/11\/portrait-a-recadrer-julie-quetier-Flickr.jpg\" alt=\"\" width=\"157\" height=\"200\" \/>\u00a0 \u00a0<img loading=\"lazy\" decoding=\"async\" class=\"alignnone size-full wp-image-25010\" title=\"Gar\u00e7on des Emirats arabes unis \u00a9 Julie Quetier (Flickr)\" src=\"https:\/\/www.humanium.org\/fr\/wp-content\/uploads\/2012\/11\/portrait-garcon-julie-quetier-Flickr.gif\" alt=\"\" width=\"118\" height=\"200\" \/><\/p>\n<p>Les \u00c9mirats arabes unis comptent parmi les pays les plus riches du monde, et pourtant, malgr\u00e9 les efforts entrepris, la situation des droits de l&rsquo;enfant et des non-citoyens reste pr\u00e9occupante. La maltraitance et l\u2019acc\u00e8s \u00e0 l\u2019\u00e9ducation notamment pour les filles restent des sujets d\u00e9licats.<\/p>\n<table style=\"height: 38px;\" width=\"298\">\n<tbody style=\"background: #f2f2f2;\">\n<tr>\n<td>\n<div style=\"float: left; width: 100%;\">\n<p style=\"margin-top: 20px;\">\n<\/div>\n<div style=\"float: left;\">\n<p style=\"margin-bottom: 20px;\"><strong>Population :<\/strong>\u00a010,3 millions<br \/>\n<strong>Pop. de 0 \u00e0 14 ans :<\/strong>\u00a020,4 %<\/p>\n<\/div>\n<div style=\"float: right; width: 59%;\">\n<p style=\"margin-bottom: 20px;\"><strong>Esp\u00e9rance de vie :<\/strong> 76,8 ans<br \/>\n<strong>Mortalit\u00e9 des moins de 5 ans :<\/strong>\u00a06 \u2030<\/p>\n<\/div>\n<\/td>\n<\/tr>\n<\/tbody>\n<\/table>\n<h3>Principaux probl\u00e8mes rencontr\u00e9s par les enfants aux \u00c9mirats arabes unis:<\/h3>\n<p><a href=\"https:\/\/www.humanium.org\/fr\/focus\/discriminations\/\"><strong>Discrimination des non-citoyens<\/strong><\/a><\/p>\n<p>Aux \u00c9mirats arabes unis, sur une population totale de plus de 5,3 millions, seulement pr\u00e8s de 825 500 personnes poss\u00e8dent la nationalit\u00e9 \u00e9mirienne. Dans plusieurs rapports les Nations Unies ont not\u00e9 leur pr\u00e9occupations sur le fait que les non-citoyens ont un acc\u00e8s restreint aux droits fondamentaux, notamment en ce qui concerne l\u2019acc\u00e8s aux soins et \u00e0 l\u2019\u00e9ducation.<\/p>\n<p><a href=\"https:\/\/www.humanium.org\/fr\/focus\/isolement-deracinement\/\"><strong>Apatridie et droit \u00e0 la nationalit\u00e9<\/strong><\/a><\/p>\n<p><img loading=\"lazy\" decoding=\"async\" class=\"alignright size-full wp-image-25011\" title=\"\u00a9 Efatima (Flickr)\" src=\"https:\/\/www.humanium.org\/fr\/wp-content\/uploads\/2012\/11\/droit-a-la-nationalite-efatima-flickr.gif\" alt=\"\" width=\"240\" height=\"159\" \/>La filiation paternelle pr\u00e9vaut et seuls les enfants n\u00e9s de p\u00e8re \u00e9mirien peuvent acqu\u00e9rir la nationalit\u00e9 d\u00e8s la naissance. Les femmes \u00e9miriennes mari\u00e9es \u00e0 un \u00e9tranger n\u2019ont en effet pas le droit de transmettre leur nationalit\u00e9. Par cons\u00e9quent, lorsque leurs enfants ne peuvent pas non plus recevoir la nationalit\u00e9 de leur p\u00e8re, ils se retrouvent apatrides et donc vuln\u00e9rables \u00e0 de nombreuses violations de leurs droits.<\/p>\n<p>Depuis le 19 f\u00e9vrier 2012, ces enfants peuvent d\u00e9sormais acqu\u00e9rir la nationalit\u00e9 \u00e9mirati \u00e0 l\u2019\u00e2ge de 18 ans.\u00a0Si cette mesure tend \u00e0 r\u00e9duire les in\u00e9galit\u00e9s de droits entre hommes et femmes, la situation est encore loin d\u2019\u00eatre id\u00e9ale car de nombreux mineurs demeurent sans protection durant toute leur enfance.<\/p>\n<p><a href=\"https:\/\/www.humanium.org\/fr\/comprendre-droits-enfant\/droit-a-l-education\/\"><strong>Droit \u00e0 l\u2019\u00e9ducation<\/strong><\/a><\/p>\n<p><img loading=\"lazy\" decoding=\"async\" class=\"alignright\" title=\"Jeunes filles allant \u00e0 l'\u00e9cole \u00a9 lola cha (Flickr)\" src=\"https:\/\/www.humanium.org\/fr\/wp-content\/uploads\/2012\/11\/jeunes-filles-allant-a-l-ecole-lola-cha-flickr.gif\" alt=\"\" width=\"300\" height=\"224\" \/>D\u2019apr\u00e8s les indications de l\u2019UNICEF, l\u2019ensemble de la population est alphab\u00e9tis\u00e9 et le taux de scolarisation est tr\u00e8s \u00e9lev\u00e9 pour les gar\u00e7ons comme pour les filles. N\u00e9anmoins, les Nations Unies d\u00e9plore que certaines fili\u00e8res d\u2019enseignement soient interdites aux filles.<\/p>\n<p>De plus, les enfants de travailleurs \u00e9trangers sont en grande majorit\u00e9 originaires de pays non arabophone (Inde, Bangladesh \u2026). Face aux difficult\u00e9s pour int\u00e9grer ces enfants dans le syst\u00e8me \u00e9ducatif \u00e9mirati, les pouvoirs publics ont permis la cr\u00e9ation d\u2019\u00e9coles \u00ab\u00a0communautaires\u00a0\u00bb avec un programme diff\u00e9rent dispens\u00e9 dans la langue maternelle des enfants.<\/p>\n<p>Ces \u00e9coles priv\u00e9es permettent certes aux enfants \u00e9trangers de se r\u00e9ins\u00e9rer rapidement lorsqu\u2019il retournent dans leur pays d\u2019origine.\u00a0Cependant, on d\u00e9plore que cette politique \u00e9ducative ne permette pas l\u2019int\u00e9gration des enfants \u00e9trangers dans la soci\u00e9t\u00e9 \u00e9miratie, et refl\u00e8te l\u2019image d\u2019une immigration temporaire et non d\u2019installation, o\u00f9 les non-citoyens sont une cat\u00e9gorie \u00e0 part dans la soci\u00e9t\u00e9 \u00e9mirienne.<\/p>\n<p><a href=\"https:\/\/www.humanium.org\/fr\/travail-des-enfants\/\"><strong>Trafic d\u2019enfants et travail forc\u00e9<\/strong><\/a><\/p>\n<p>Des enfants originaires d\u2019Asie mais aussi du Soudan et de la Mauritanie sont enlev\u00e9s ou vendus par leur famille \u00e0 l\u2019\u00e2ge de 4 ou 5 ans afin d\u2019\u00eatre utilis\u00e9s comme jockey de chameaux (sport tr\u00e8s r\u00e9pandus dans les pays du Golfe). \u00a0Ils sont alors contraints de travailler de longues heures dans des conditions tr\u00e8s p\u00e9nibles, certains enfants sont \u00a0priv\u00e9s de nourriture et d\u2019heure de sommeil pour ralentir leur croissance et leur prise de poids. Ces actes de tortures ont des cons\u00e9quences irr\u00e9versibles sur la sant\u00e9 des enfants, et peuvent parfois entra\u00eener la mort de l\u2019enfant avant l\u2019\u00e2ge de 11 ans.<\/p>\n<p>En 2005, avec le concours de l\u2019UNICEF, les \u00c9mirats ont d\u00e9dommag\u00e9, rapatri\u00e9 et aid\u00e9 les enfants victimes de ce trafic. Cependant les cons\u00e9quences dramatiques de ces pratiques perdurent pour les enfants pr\u00e9c\u00e9demment victimes, qui ne recevront pas toujours les soins adapt\u00e9s dans leurs pays d\u2019origine.<\/p>\n<p><strong><a href=\"https:\/\/www.humanium.org\/fr\/la-maltraitance-des-enfants\/\">Maltraitance<\/a> et <a href=\"https:\/\/www.humanium.org\/fr\/justice\/\">j<\/a><strong><a href=\"https:\/\/www.humanium.org\/fr\/justice\/\">ustice des mineurs<\/a>\u00a0<\/strong><\/strong><\/p>\n<p>Aux \u00c9mirats arabes unis, les ch\u00e2timents corporels sont interdits \u00e0 l\u2019\u00e9cole mais sont autoris\u00e9s dans le cadre familial et peuvent \u00eatre inflig\u00e9s comme sanction p\u00e9nale.<\/p>\n<p>En effet, selon la l\u00e9gislation \u00e9mirienne sur les d\u00e9linquants juv\u00e9niles, une peine de flagellation peut \u00eatre prononc\u00e9e contre un enfant de plus de 16 ans. Cette sanction peut intervenir pour meurtre, coups et blessures ainsi que pour les infractions li\u00e9es \u00e0 l\u2019alcool, le vol ou des relations sexuelles illicites (hors mariage). D\u2019autre part la<em>charia<\/em>\u00a0autorise l\u2019administration\u00a0\u00e0 un jeune enfant de ch\u00e2timents corporels \u00e0 titre de peine judiciaire, l\u2019\u00e2ge de la responsabilit\u00e9 p\u00e9nale \u00e9tant fix\u00e9 \u00e0 l\u2019\u00e2ge de 7 ans et non de 18 comme le pr\u00e9voit le droit international.<\/p>\n<p>Enfin, tr\u00e8s pr\u00e9occupant, Les \u00c9mirats arabes unis appliquent toujours la peine de mort. En 2011, 31 personnes ont \u00e9t\u00e9 condamn\u00e9es \u00e0 cette sentence, et 1 personne ex\u00e9cut\u00e9e. En 2010,\u00a0Amnesty International relevait que 4 personnes avaient \u00e9t\u00e9 condamn\u00e9es \u00e0 mort alors que 3 \u00e9taient mineures au moment des faits, ce qui est strictement interdit par la Convention Internationale des Droits de l\u2019Enfant dont ce pays est partie.<\/p>\n<p><strong><a href=\"https:\/\/www.humanium.org\/fr\/mariage-enfants\/\">Mariage des enfants<\/a>\u00a0<\/strong><\/p>\n<p>Selon les \u00c9mirats l\u2019\u00e2ge l\u00e9gal du mariage est fix\u00e9 \u00e0 18 ans pour tous et l\u2019\u00e2ge moyen du mariage pour les femmes serait de 24 ans.\u00a0Pourtant et malgr\u00e9 le peu de donn\u00e9es pr\u00e9cises et r\u00e9centes, on peut craindre que le mariage d\u2019enfants soit encore largement r\u00e9pandu aux \u00c9mirats arabes unis puisqu\u2019en 2001, l\u2019UNICEF dans son rapport sur le mariage pr\u00e9coce \u00e9valuait que 55% des femmes \u00e2g\u00e9es de moins de 20 ans \u00e9taient d\u00e9j\u00e0 mari\u00e9es.<\/p>\n<p><strong>Environnement<\/strong><\/p>\n<p>Dans ce pays o\u00f9 le p\u00e9trole est quasiment gratuit la consommation est tr\u00e8s \u00e9lev\u00e9e, ce qui a des cons\u00e9quences sur la sant\u00e9 des enfants (saturnisme (empoisonnement au plomb et pollution de l\u2019air). L\u2019\u00c9tat a pris conscience de ce probl\u00e8me et depuis quelques ann\u00e9es investit \u00e9norm\u00e9ment dans les \u00e9nergies renouvelable moins polluantes par exemple l\u2019\u00e9nergie solaire.<\/p>\n<p><img decoding=\"async\" class=\"alignright\" title=\"\u00a9 efatima (flickr)\" src=\"https:\/\/www.humanium.org\/fr\/wp-content\/uploads\/2012\/11\/nombreux-accidents-efatima.gif\" alt=\"\" width=\"250\" \/><strong>S\u00e9curit\u00e9 routi\u00e8re<\/strong><\/p>\n<p>Les \u00c9mirats arabes unis ont l\u2019un des taux de d\u00e9c\u00e8s par accident de la route le plus \u00e9lev\u00e9 au monde.<\/p>\n<p>C\u2019est d\u2019ailleurs\u00a0l\u2019une des premi\u00e8res causes de d\u00e9c\u00e8s des populations \u00e2g\u00e9es de 15 \u00e0 44 ans, puisqu\u2019un million de personnes \u00e9taient tu\u00e9es et plusieurs millions \u00e9taient s\u00e9rieusement bless\u00e9es sur les routes chaque ann\u00e9e.<\/p>\n","protected":false},"excerpt":{"rendered":"<p>Enfants des\u00a0\u00c9mirats arabes unis Concr\u00e9tiser les droits de l&rsquo;enfant aux \u00c9mirats arabes unis \u00a0 \u00a0 Les \u00c9mirats arabes unis comptent parmi les pays les plus riches du monde, et pourtant, malgr\u00e9 les efforts entrepris, la situation des droits de l&rsquo;enfant et des non-citoyens reste pr\u00e9occupante. La maltraitance et l\u2019acc\u00e8s \u00e0 l\u2019\u00e9ducation notamment pour les filles [&hellip;]<\/p>\n","protected":false},"author":65,"featured_media":0,"parent":0,"menu_order":0,"comment_status":"closed","ping_status":"closed","template":"","meta":{"footnotes":""},"class_list":["post-20642","page","type-page","status-publish","hentry"],"yoast_head":"<!-- This site is optimized with the Yoast SEO plugin v28.3 - https:\/\/yoast.com\/product\/yoast-seo-wordpress\/ -->\n<title>Enfants des \u00c9mirats arabes unis - Humanium<\/title>\n<meta name=\"description\" content=\"Malgr\u00e9 les efforts entrepris par les \u00c9mirats arabes unis, la situation des droits de l&#039;enfant et des non-citoyens reste pr\u00e9occupante.\" \/>\n<meta name=\"robots\" content=\"index, follow, max-snippet:-1, max-image-preview:large, max-video-preview:-1\" \/>\n<link rel=\"canonical\" href=\"https:\/\/www.humanium.org\/fr\/emirats-arabes-unis\/\" \/>\n<meta property=\"og:locale\" content=\"fr_FR\" \/>\n<meta property=\"og:type\" content=\"article\" \/>\n<meta property=\"og:title\" content=\"Enfants des \u00c9mirats arabes unis - Humanium\" \/>\n<meta property=\"og:description\" content=\"Malgr\u00e9 les efforts entrepris par les \u00c9mirats arabes unis, la situation des droits de l&#039;enfant et des non-citoyens reste pr\u00e9occupante.\" \/>\n<meta property=\"og:url\" content=\"https:\/\/www.humanium.org\/fr\/emirats-arabes-unis\/\" \/>\n<meta property=\"og:site_name\" content=\"Humanium\" \/>\n<meta property=\"article:modified_time\" content=\"2025-12-05T14:54:39+00:00\" \/>\n<meta name=\"twitter:card\" content=\"summary_large_image\" \/>\n<meta name=\"twitter:label1\" content=\"Dur\u00e9e de lecture estim\u00e9e\" \/>\n\t<meta name=\"twitter:data1\" content=\"7 minutes\" \/>\n<script type=\"application\/ld+json\" class=\"yoast-schema-graph\">{\"@context\":\"https:\\\/\\\/schema.org\",\"@graph\":[{\"@type\":\"WebPage\",\"@id\":\"https:\\\/\\\/www.humanium.org\\\/fr\\\/emirats-arabes-unis\\\/\",\"url\":\"https:\\\/\\\/www.humanium.org\\\/fr\\\/emirats-arabes-unis\\\/\",\"name\":\"Enfants des \u00c9mirats arabes unis - Humanium\",\"isPartOf\":{\"@id\":\"https:\\\/\\\/www.humanium.org\\\/fr\\\/#website\"},\"primaryImageOfPage\":{\"@id\":\"https:\\\/\\\/www.humanium.org\\\/fr\\\/emirats-arabes-unis\\\/#primaryimage\"},\"image\":{\"@id\":\"https:\\\/\\\/www.humanium.org\\\/fr\\\/emirats-arabes-unis\\\/#primaryimage\"},\"thumbnailUrl\":\"https:\\\/\\\/www.humanium.org\\\/fr\\\/wp-content\\\/uploads\\\/2012\\\/11\\\/portrait-a-recadrer-julie-quetier-Flickr.jpg\",\"datePublished\":\"2012-11-12T16:19:51+00:00\",\"dateModified\":\"2025-12-05T14:54:39+00:00\",\"description\":\"Malgr\u00e9 les efforts entrepris par les \u00c9mirats arabes unis, la situation des droits de l'enfant et des non-citoyens reste pr\u00e9occupante.\",\"breadcrumb\":{\"@id\":\"https:\\\/\\\/www.humanium.org\\\/fr\\\/emirats-arabes-unis\\\/#breadcrumb\"},\"inLanguage\":\"fr-FR\",\"potentialAction\":[{\"@type\":\"ReadAction\",\"target\":[\"https:\\\/\\\/www.humanium.org\\\/fr\\\/emirats-arabes-unis\\\/\"]}]},{\"@type\":\"ImageObject\",\"inLanguage\":\"fr-FR\",\"@id\":\"https:\\\/\\\/www.humanium.org\\\/fr\\\/emirats-arabes-unis\\\/#primaryimage\",\"url\":\"https:\\\/\\\/www.humanium.org\\\/fr\\\/wp-content\\\/uploads\\\/2012\\\/11\\\/portrait-a-recadrer-julie-quetier-Flickr.jpg\",\"contentUrl\":\"https:\\\/\\\/www.humanium.org\\\/fr\\\/wp-content\\\/uploads\\\/2012\\\/11\\\/portrait-a-recadrer-julie-quetier-Flickr.jpg\"},{\"@type\":\"BreadcrumbList\",\"@id\":\"https:\\\/\\\/www.humanium.org\\\/fr\\\/emirats-arabes-unis\\\/#breadcrumb\",\"itemListElement\":[{\"@type\":\"ListItem\",\"position\":1,\"name\":\"Home\",\"item\":\"https:\\\/\\\/www.humanium.org\\\/fr\\\/\"},{\"@type\":\"ListItem\",\"position\":2,\"name\":\"Enfants des \u00c9mirats arabes unis\"}]},{\"@type\":\"WebSite\",\"@id\":\"https:\\\/\\\/www.humanium.org\\\/fr\\\/#website\",\"url\":\"https:\\\/\\\/www.humanium.org\\\/fr\\\/\",\"name\":\"Humanium\",\"description\":\"Les enfants d\u2019abord !\",\"potentialAction\":[{\"@type\":\"SearchAction\",\"target\":{\"@type\":\"EntryPoint\",\"urlTemplate\":\"https:\\\/\\\/www.humanium.org\\\/fr\\\/?s={search_term_string}\"},\"query-input\":{\"@type\":\"PropertyValueSpecification\",\"valueRequired\":true,\"valueName\":\"search_term_string\"}}],\"inLanguage\":\"fr-FR\"}]}<\/script>\n<!-- \/ Yoast SEO plugin. -->","yoast_head_json":{"title":"Enfants des \u00c9mirats arabes unis - Humanium","description":"Malgr\u00e9 les efforts entrepris par les \u00c9mirats arabes unis, la situation des droits de l'enfant et des non-citoyens reste pr\u00e9occupante.","robots":{"index":"index","follow":"follow","max-snippet":"max-snippet:-1","max-image-preview":"max-image-preview:large","max-video-preview":"max-video-preview:-1"},"canonical":"https:\/\/www.humanium.org\/fr\/emirats-arabes-unis\/","og_locale":"fr_FR","og_type":"article","og_title":"Enfants des \u00c9mirats arabes unis - Humanium","og_description":"Malgr\u00e9 les efforts entrepris par les \u00c9mirats arabes unis, la situation des droits de l'enfant et des non-citoyens reste pr\u00e9occupante.","og_url":"https:\/\/www.humanium.org\/fr\/emirats-arabes-unis\/","og_site_name":"Humanium","article_modified_time":"2025-12-05T14:54:39+00:00","twitter_card":"summary_large_image","twitter_misc":{"Dur\u00e9e de lecture estim\u00e9e":"7 minutes"},"schema":{"@context":"https:\/\/schema.org","@graph":[{"@type":"WebPage","@id":"https:\/\/www.humanium.org\/fr\/emirats-arabes-unis\/","url":"https:\/\/www.humanium.org\/fr\/emirats-arabes-unis\/","name":"Enfants des \u00c9mirats arabes unis - Humanium","isPartOf":{"@id":"https:\/\/www.humanium.org\/fr\/#website"},"primaryImageOfPage":{"@id":"https:\/\/www.humanium.org\/fr\/emirats-arabes-unis\/#primaryimage"},"image":{"@id":"https:\/\/www.humanium.org\/fr\/emirats-arabes-unis\/#primaryimage"},"thumbnailUrl":"https:\/\/www.humanium.org\/fr\/wp-content\/uploads\/2012\/11\/portrait-a-recadrer-julie-quetier-Flickr.jpg","datePublished":"2012-11-12T16:19:51+00:00","dateModified":"2025-12-05T14:54:39+00:00","description":"Malgr\u00e9 les efforts entrepris par les \u00c9mirats arabes unis, la situation des droits de l'enfant et des non-citoyens reste pr\u00e9occupante.","breadcrumb":{"@id":"https:\/\/www.humanium.org\/fr\/emirats-arabes-unis\/#breadcrumb"},"inLanguage":"fr-FR","potentialAction":[{"@type":"ReadAction","target":["https:\/\/www.humanium.org\/fr\/emirats-arabes-unis\/"]}]},{"@type":"ImageObject","inLanguage":"fr-FR","@id":"https:\/\/www.humanium.org\/fr\/emirats-arabes-unis\/#primaryimage","url":"https:\/\/www.humanium.org\/fr\/wp-content\/uploads\/2012\/11\/portrait-a-recadrer-julie-quetier-Flickr.jpg","contentUrl":"https:\/\/www.humanium.org\/fr\/wp-content\/uploads\/2012\/11\/portrait-a-recadrer-julie-quetier-Flickr.jpg"},{"@type":"BreadcrumbList","@id":"https:\/\/www.humanium.org\/fr\/emirats-arabes-unis\/#breadcrumb","itemListElement":[{"@type":"ListItem","position":1,"name":"Home","item":"https:\/\/www.humanium.org\/fr\/"},{"@type":"ListItem","position":2,"name":"Enfants des \u00c9mirats arabes unis"}]},{"@type":"WebSite","@id":"https:\/\/www.humanium.org\/fr\/#website","url":"https:\/\/www.humanium.org\/fr\/","name":"Humanium","description":"Les enfants d\u2019abord !","potentialAction":[{"@type":"SearchAction","target":{"@type":"EntryPoint","urlTemplate":"https:\/\/www.humanium.org\/fr\/?s={search_term_string}"},"query-input":{"@type":"PropertyValueSpecification","valueRequired":true,"valueName":"search_term_string"}}],"inLanguage":"fr-FR"}]}},"_links":{"self":[{"href":"https:\/\/www.humanium.org\/fr\/wp-json\/wp\/v2\/pages\/20642","targetHints":{"allow":["GET"]}}],"collection":[{"href":"https:\/\/www.humanium.org\/fr\/wp-json\/wp\/v2\/pages"}],"about":[{"href":"https:\/\/www.humanium.org\/fr\/wp-json\/wp\/v2\/types\/page"}],"author":[{"embeddable":true,"href":"https:\/\/www.humanium.org\/fr\/wp-json\/wp\/v2\/users\/65"}],"replies":[{"embeddable":true,"href":"https:\/\/www.humanium.org\/fr\/wp-json\/wp\/v2\/comments?post=20642"}],"version-history":[{"count":6,"href":"https:\/\/www.humanium.org\/fr\/wp-json\/wp\/v2\/pages\/20642\/revisions"}],"predecessor-version":[{"id":60095,"href":"https:\/\/www.humanium.org\/fr\/wp-json\/wp\/v2\/pages\/20642\/revisions\/60095"}],"wp:attachment":[{"href":"https:\/\/www.humanium.org\/fr\/wp-json\/wp\/v2\/media?parent=20642"}],"curies":[{"name":"wp","href":"https:\/\/api.w.org\/{rel}","templated":true}]}}