{"id":2094,"date":"2010-07-21T13:48:15","date_gmt":"2010-07-21T13:48:15","guid":{"rendered":"http:\/\/www.humanium.org\/fr\/"},"modified":"2026-08-20T17:24:45","modified_gmt":"2026-08-20T17:24:45","slug":"enfants-sans-identite","status":"publish","type":"page","link":"https:\/\/www.humanium.org\/fr\/enfants-sans-identite\/","title":{"rendered":"Enfants apatrides et invisibles"},"content":{"rendered":"\n<p class=\"wp-block-paragraph\"><strong>Invisibles. La premi\u00e8re condition dans laquelle les enfants apatrides se retrouvent est l\u2019invisibilit\u00e9. Selon les donn\u00e9es de l\u2019UNICEF, un <a href=\"https:\/\/www.humanium.org\/fr\/droits-enfant\/\">enfant<\/a> sur quatre \u00e2g\u00e9 de moins de 5 ans n\u2019est pas enregistr\u00e9 \u00e0 la naissance. M\u00eame quand ils le sont, il n\u2019y a pas de preuve de l\u2019enregistrement. Environ 237 millions d\u2019enfants \u00e2g\u00e9s de moins de 5 ans \u00e0 travers le monde n\u2019ont actuellement pas d\u2019<a href=\"https:\/\/www.humanium.org\/fr\/comprendre-droits-enfant\/droit-a-l-identite\/\">acte de naissance<\/a> et risquent l\u2019apatridie.<\/strong><\/p>\n\n\n\n<figure class=\"wp-block-image size-large\"><img loading=\"lazy\" decoding=\"async\" width=\"1024\" height=\"683\" src=\"https:\/\/www.humanium.org\/fr\/wp-content\/uploads\/2022\/05\/shutterstock_1664290708-1024x683.jpg\" alt=\"\" class=\"wp-image-52189\" srcset=\"https:\/\/www.humanium.org\/fr\/wp-content\/uploads\/2022\/05\/shutterstock_1664290708-1024x683.jpg 1024w, https:\/\/www.humanium.org\/fr\/wp-content\/uploads\/2022\/05\/shutterstock_1664290708-300x200.jpg 300w, https:\/\/www.humanium.org\/fr\/wp-content\/uploads\/2022\/05\/shutterstock_1664290708-768x512.jpg 768w, https:\/\/www.humanium.org\/fr\/wp-content\/uploads\/2022\/05\/shutterstock_1664290708-1536x1024.jpg 1536w, https:\/\/www.humanium.org\/fr\/wp-content\/uploads\/2022\/05\/shutterstock_1664290708-2048x1365.jpg 2048w, https:\/\/www.humanium.org\/fr\/wp-content\/uploads\/2022\/05\/shutterstock_1664290708-830x553.jpg 830w, https:\/\/www.humanium.org\/fr\/wp-content\/uploads\/2022\/05\/shutterstock_1664290708-230x153.jpg 230w, https:\/\/www.humanium.org\/fr\/wp-content\/uploads\/2022\/05\/shutterstock_1664290708-350x233.jpg 350w, https:\/\/www.humanium.org\/fr\/wp-content\/uploads\/2022\/05\/shutterstock_1664290708-480x320.jpg 480w, https:\/\/www.humanium.org\/fr\/wp-content\/uploads\/2022\/05\/shutterstock_1664290708-272x182.jpg 272w\" sizes=\"auto, (max-width: 1024px) 100vw, 1024px\" \/><\/figure>\n\n\n\n<h2 class=\"wp-block-heading\">Qui est apatride ?<\/h2>\n\n\n\n<p class=\"wp-block-paragraph\">Un <a href=\"https:\/\/www.humanium.org\/fr\/droits-enfant\/\">enfant<\/a> apatride (du grec a-polis \u00ab <em>sans ville <\/em>\u00bb) est un individu qui ne d\u00e9tient la nationalit\u00e9 d\u2019aucun \u00e9tat. La d\u00e9finition juridique internationale d\u2019une personne apatride est \u00ab une personne qu\u2019aucun Etat ne reconnait comme son ressortissant par application de sa l\u00e9gislation\u00bb (HCR, 2021).<\/p>\n\n\n\n<p class=\"wp-block-paragraph\">Cette d\u00e9finition implique qu\u2019aucun \u00e9tat n\u2019a de <a href=\"https:\/\/www.humanium.org\/fr\/droit-a-la-protection\/\">devoir de protection<\/a> envers cet individu.<\/p>\n\n\n\n<p class=\"wp-block-paragraph\">L\u2019apatridie ne d\u00e9pend pas du choix ou de la volont\u00e9 des individus et on peut distinguer l\u2019apatridie <em>de jure<\/em> et l\u2019apatridie <em>de facto<\/em>. En effet, une personne est apatride pour une (ou plusieurs) des raisons suivantes (HCR, 2021) :<\/p>\n\n\n\n<ul class=\"wp-block-list\"><li>Quand un enfant est n\u00e9 de personnes apatrides ou s\u2019il lui est impossible d\u2019h\u00e9riter de la nationalit\u00e9 de ses parents. Par exemple, il y a beaucoup de personnes apatrides dans tous les \u00e9tats qui n\u2019autorisent pas les m\u00e8res \u00e0 transmettre leur nationalit\u00e9 \u00e0 leurs enfants sur un pied d\u2019\u00e9galit\u00e9 avec les p\u00e8res (dans les cas o\u00f9 les p\u00e8res sont inconnus ou d\u00e9c\u00e9d\u00e9s);<\/li><li>Quand l\u2019enfant fait partie d\u2019un groupe social auquel la nationalit\u00e9 est refus\u00e9e pour des raisons de discrimination. En fait, la majorit\u00e9 des populations apatrides connues dans le monde appartiennent \u00e0 des minorit\u00e9s;<\/li><li>Quand un enfant est <a href=\"https:\/\/www.humanium.org\/fr\/autres\/convention-statut-refugies\/\">r\u00e9fugi\u00e9<\/a> \u00e0 la suite d\u2019une guerre ou \u00e0 une occupation militaire;<\/li><li>Pour des raisons bureaucratiques, si l\u2019Etat dont l\u2019enfant \u00e9tait citoyen a \u00e9t\u00e9 dissous et a donn\u00e9 naissance \u00e0 de nouvelles entit\u00e9s nationales ou si les fronti\u00e8res ont chang\u00e9, comme en URSS ou en Yougoslavie;<\/li><li>A cause des incoh\u00e9rences et des lacunes dans les lois sur la nationalit\u00e9 des diff\u00e9rents Etats;<\/li><li>Par perte ou privation de nationalit\u00e9;<\/li><li>Quand il est impossible de prouver un lien avec un Etat sp\u00e9cifique. Ce n\u2019est pas la m\u00eame chose d\u2019\u00eatre sans papiers et d\u2019\u00eatre apatride, mais l\u2019absence de certificat de naissance peut exposer les personnes \u00e0 un risque d\u2019apatridie car un acte de naissance donne la preuve de l\u2019endroit o\u00f9 une personne est n\u00e9e et de ses liens de parent\u00e9 (HCR, 2021).<\/li><\/ul>\n\n\n\n<p class=\"wp-block-paragraph\">Les nombreuses causes qui peuvent pousser une personne \u00e0 l\u2019apatridie signifient \u00e9galement qu\u2019il y a des personnes apatrides <a href=\"https:\/\/www.humanium.org\/fr\/enfants-monde\/\">dans toutes les r\u00e9gions du monde<\/a>. D\u2019apr\u00e8s le HCR, aujourd\u2019hui, les 10 pays ayant le plus de personnes apatrides sont le <a href=\"https:\/\/www.humanium.org\/fr\/bangladesh\/\">Bangladesh<\/a>, la <a href=\"https:\/\/www.humanium.org\/fr\/cote-d-ivoire\/\">C\u00f4te d\u2019Ivoire<\/a>, la <a href=\"https:\/\/www.humanium.org\/fr\/republique-dominicaine\/\">R\u00e9publique Dominicaine<\/a>, l\u2019<a href=\"https:\/\/www.humanium.org\/fr\/irak\/\">Irak<\/a>, le <a href=\"https:\/\/www.humanium.org\/fr\/koweit\/\">Kowe\u00eft<\/a>, le <a href=\"https:\/\/www.humanium.org\/fr\/myanmar\/\">Myanmar<\/a>, la <a href=\"https:\/\/www.humanium.org\/fr\/russie\/\">Russie<\/a>, la <a href=\"https:\/\/www.humanium.org\/fr\/syrie\/\">Syrie<\/a>, la <a href=\"https:\/\/www.humanium.org\/fr\/thailande\/\">Tha\u00eflande<\/a> et le <a href=\"https:\/\/www.humanium.org\/fr\/zimbabwe\/\">Zimbabwe<\/a> (HCR, 2020).<\/p>\n\n\n\n<p class=\"wp-block-paragraph\">C\u2019est pr\u00e9cis\u00e9ment l\u2019absence de nationalit\u00e9 et l\u2019invisibilit\u00e9 juridique qui en r\u00e9sulte qui rendent difficile le recensement des apatrides dans le monde. Le HCR estime le nombre de personnes apatrides \u00e0 au moins 12 millions, dont environ un tiers sont des enfants (UN News, 2018).<\/p>\n\n\n\n<p class=\"wp-block-paragraph\">En outre, le 7 juillet 2021, le HCR, l\u2019Agence des Nations Unies pour les r\u00e9fugi\u00e9s, et le Fonds des Nations Unies pour l\u2019enfance (UNICEF), ont publi\u00e9 un rapport conjoint mettant en \u00e9vidence la <a href=\"https:\/\/www.humanium.org\/fr\/discriminations\/\">discrimination<\/a> qui, dans de nombreux pays, compromet la capacit\u00e9 des femmes \u00e0 enregistrer la naissance de leurs enfants, une situation qui expose ces derniers au risque d\u2019apatridie (UNICEF, 2021).<\/p>\n\n\n\n<p class=\"wp-block-paragraph\">Selon ce rapport, un enfant sur quatre \u00e2g\u00e9 de moins de cinq ans n\u2019a pas \u00e9t\u00e9 enregistr\u00e9 \u00e0 la <a href=\"https:\/\/www.humanium.org\/fr\/comprendre-droits-enfant\/droit-a-l-identite\/\">naissance<\/a>. Et m\u00eame quand ils le sont, ils n\u2019ont pas de preuve de l\u2019enregistrement. Environ 237 millions d\u2019enfants \u00e2g\u00e9s de moins de cinq ans \u00e0 travers le monde n\u2019ont actuellement pas d\u2019acte de naissance et risquent l\u2019apatridie (UNICEF, 2021).<\/p>\n\n\n\n<h2 class=\"wp-block-heading\">Les impacts sur le long terme de l\u2019apatridie<\/h2>\n\n\n\n<p class=\"wp-block-paragraph\">Les enfants apatrides figurent parmi les individus les plus vuln\u00e9rables au monde. \u00catre apatride entra\u00eene de nombreuses cons\u00e9quences.<\/p>\n\n\n\n<p class=\"wp-block-paragraph\">Tout d\u2019abord, les personnes apatrides n\u2019ont pas de papiers. Officiellement, ils n\u2019ont ni devoirs ni <a href=\"https:\/\/www.humanium.org\/fr\/droits-enfant\/\">droits<\/a>. Cela signifie qu\u2019ils n\u2019ont pas de <a href=\"https:\/\/www.humanium.org\/fr\/comprendre-droits-enfant\/protection\/\">protection<\/a> juridique et qu\u2019ils peuvent avoir des difficult\u00e9s \u00e0 acc\u00e9der aux <a href=\"https:\/\/www.humanium.org\/fr\/droits-enfant\/\">droits fondamentaux<\/a> comme <a href=\"https:\/\/www.humanium.org\/fr\/comprendre-droits-enfant\/droit-a-l-education\/\">l\u2019\u00e9ducation<\/a>, <a href=\"https:\/\/www.humanium.org\/fr\/comprendre-droits-enfant\/droit-a-la-sante\/\">les soins de<\/a> sant\u00e9, l\u2019emploi, la participation politique, et la libert\u00e9 de circulation(HCR, 2020). Les personnes apatrides sont aussi particuli\u00e8rement expos\u00e9es aux <a href=\"https:\/\/www.humanium.org\/fr\/discriminations\/\">discrimination<\/a>s, \u00e0 <a href=\"https:\/\/www.humanium.org\/fr\/exploitation\/\">l\u2019exploitation<\/a>, et aux <a href=\"https:\/\/www.humanium.org\/fr\/la-maltraitance-des-enfants\/\">mauvais traitements<\/a>, dont la <a href=\"https:\/\/www.humanium.org\/fr\/enfants-detenus\/\">d\u00e9tention<\/a> arbitraire, le <a href=\"https:\/\/www.humanium.org\/fr\/travail-des-enfants\/\">travail forc\u00e9<\/a>, le trafic d\u2019\u00eatres humains et la <a href=\"https:\/\/www.humanium.org\/fr\/violences\/\">violence<\/a> (HCR, 2020). Ils peuvent conna\u00eetre toute une vie d\u2019obstacles et de d\u00e9ceptions.<\/p>\n\n\n\n<p class=\"wp-block-paragraph\">Dans les pays europ\u00e9ens et aux Etats-Unis, les personnes apatrides peuvent obtenir une d\u00e9claration d\u2019apatridie, ce qui signifie qu\u2019un juge d\u00e9clare une personne apatride et que, par cons\u00e9quent, cet Etat lui conf\u00e8re des <a href=\"https:\/\/www.humanium.org\/fr\/droits-enfant\/\">droits<\/a> en devenant responsable de cette personne, qui devient r\u00e9sident permanent de l\u2019Etat qui l\u2019a d\u00e9clar\u00e9 apatride (R\u00e9seau europ\u00e9en sur l\u2019apatridie, 2021).<\/p>\n\n\n\n<p class=\"wp-block-paragraph\">Mais la plupart des enfants apatrides vivent dans des pays o\u00f9 le cadre juridique ne pr\u00e9voit pas de d\u00e9claration d\u2019apatridie, comme le <a href=\"https:\/\/www.humanium.org\/fr\/pakistan\/\">Pakistan<\/a> et le <a href=\"https:\/\/www.humanium.org\/fr\/bangladesh\/\">Bangladesh<\/a> (D\u00e9partement d\u2019\u00c9tat des Etats-Unis, 2021). C\u2019est l\u2019une des questions les plus importantes pour la communaut\u00e9 internationale : le statut des personnes apatrides, en particulier s\u2019il n\u2019y a pas de d\u00e9claration d\u2019apatridie.<\/p>\n\n\n\n<h2 class=\"wp-block-heading\">Comment pr\u00e9venir l\u2019apatridie<\/h2>\n\n\n\n<figure class=\"wp-block-image size-large\"><img loading=\"lazy\" decoding=\"async\" width=\"1024\" height=\"683\" src=\"https:\/\/www.humanium.org\/fr\/wp-content\/uploads\/2022\/05\/shutterstock_247506607-1024x683.jpg\" alt=\"\" class=\"wp-image-52190\" srcset=\"https:\/\/www.humanium.org\/fr\/wp-content\/uploads\/2022\/05\/shutterstock_247506607-1024x683.jpg 1024w, https:\/\/www.humanium.org\/fr\/wp-content\/uploads\/2022\/05\/shutterstock_247506607-300x200.jpg 300w, https:\/\/www.humanium.org\/fr\/wp-content\/uploads\/2022\/05\/shutterstock_247506607-768x512.jpg 768w, https:\/\/www.humanium.org\/fr\/wp-content\/uploads\/2022\/05\/shutterstock_247506607-1536x1024.jpg 1536w, https:\/\/www.humanium.org\/fr\/wp-content\/uploads\/2022\/05\/shutterstock_247506607-2048x1365.jpg 2048w, https:\/\/www.humanium.org\/fr\/wp-content\/uploads\/2022\/05\/shutterstock_247506607-830x553.jpg 830w, https:\/\/www.humanium.org\/fr\/wp-content\/uploads\/2022\/05\/shutterstock_247506607-230x153.jpg 230w, https:\/\/www.humanium.org\/fr\/wp-content\/uploads\/2022\/05\/shutterstock_247506607-350x233.jpg 350w, https:\/\/www.humanium.org\/fr\/wp-content\/uploads\/2022\/05\/shutterstock_247506607-480x320.jpg 480w, https:\/\/www.humanium.org\/fr\/wp-content\/uploads\/2022\/05\/shutterstock_247506607-272x182.jpg 272w\" sizes=\"auto, (max-width: 1024px) 100vw, 1024px\" \/><\/figure>\n\n\n\n<p class=\"wp-block-paragraph\">Le droit international joue un r\u00f4le important dans la pr\u00e9vention de l\u2019apatridie. L\u2019article 15 de la D\u00e9claration universelle des droits de l\u2019homme stipule que tout individu a <a href=\"https:\/\/www.humanium.org\/fr\/comprendre-droits-enfant\/droit-a-l-identite\/\">le droit \u00e0 une nationalit\u00e9.&nbsp;<\/a><\/p>\n\n\n\n<p class=\"wp-block-paragraph\">La <a>Convention relative aux droits de l\u2019enfant<\/a> des Nations Unies pr\u00e9serve l\u2019<a href=\"https:\/\/www.humanium.org\/fr\/comprendre-droits-enfant\/droit-a-l-identite\/\">identit\u00e9<\/a> de tous les enfants comme le pr\u00e9cise l\u2019article 8 :&nbsp;<\/p>\n\n\n\n<blockquote class=\"wp-block-quote is-layout-flow wp-block-quote-is-layout-flow\"><p>\u00ab Les Etats Partis s\u2019engagent \u00e0 respecter le droit de l\u2019enfant de pr\u00e9server son identit\u00e9, y comprissa nationalit\u00e9,&nbsp; son nom et ses relations <a href=\"https:\/\/www.humanium.org\/fr\/famille-droits-enfant\/\">familiales<\/a>, tels qu\u2019ils sont reconnus par la loi, sans ing\u00e9rence ill\u00e9gale. Si un enfant est ill\u00e9galement priv\u00e9 des \u00e9l\u00e9ments constitutifs de son identit\u00e9 ou de certains d\u2019entre eux, les Etats Partis doivent lui accorder une assistance et une protection appropri\u00e9es, pour que son identit\u00e9 soit r\u00e9tablie aussi rapidement que possible. \u00bb <\/p><cite>&#8211; ONU CDE ,1989<\/cite><\/blockquote>\n\n\n\n<p class=\"wp-block-paragraph\">Les deux principaux instruments normatifs internationaux concernant l\u2019apatridie sont la Convention de 1954 relative au statut des apatrides et la Convention la Convention de 1961 sur la r\u00e9duction des cas d\u2019apatridie qui ont mis en place un m\u00e9canisme de protection internationale pour r\u00e9duire l\u2019invisibilit\u00e9 des personnes apatrides et pour rendre effectifs les <a href=\"https:\/\/www.humanium.org\/fr\/droits-enfant\/\">droits<\/a> aux quels ils peuvent pr\u00e9tendre en tant qu\u2019\u00eatres humains. La raison pour laquelle il existe des conventions internationales est que la communaut\u00e9 internationale incite les Etats \u00e0 r\u00e9soudre le probl\u00e8me de l\u2019apatridie afin que chaque Etat soit responsable des personnes apatrides (HCR, 2021).<\/p>\n\n\n\n<p class=\"wp-block-paragraph\">Selon ces instruments internationaux, aucun enfant ne devrait jamais \u00eatre apatride. En effet, l\u2019article 1 de la Convention de 1961 sur la r\u00e9duction des cas d\u2019apatridie oblige un \u00e9tat contractant \u00e0 accorder sa nationalit\u00e9 \u00e0 l&rsquo;individu n\u00e9 sur son territoire et qui, autrement, serait apatride (United Nations Audiovisual&nbsp; Library of International Law, 2011).<\/p>\n\n\n\n<p class=\"wp-block-paragraph\">Chaque fois qu\u2019il est impossible d\u2019accorder la nationalit\u00e9 \u00e0 un enfant, celui-cirecevra la nationalit\u00e9 de l\u2019Etat o\u00f9 il est n\u00e9. Donc, le <em>jus soli<\/em>, r\u00e8gle qui stipule que la nationalit\u00e9 d\u2019un enfant est d\u00e9termin\u00e9e par son lieu de naissance, sera appliqu\u00e9 chaque fois que l\u2019alternative est l\u2019apatridie, m\u00eame dans les pays o\u00f9 la nationalit\u00e9 est r\u00e9glement\u00e9e par le <em>jus sanguinis<\/em>, r\u00e8gle selon laquelle un <a href=\"https:\/\/www.humanium.org\/fr\/droits-enfant\/\">enfant<\/a> h\u00e9rite de la nationalit\u00e9 de ses parents ou de ses anc\u00eatres (United Nations Audiovisual&nbsp; Library of International Law, 2011).<\/p>\n\n\n\n<p class=\"wp-block-paragraph\">N\u00e9anmoins, en d\u00e9pit de la r\u00e9glementation internationale consid\u00e9rable, le probl\u00e8me de longue date des enfants apatrides continue de repr\u00e9senter une menace importante pour la mise en \u0153uvre effective des <a href=\"https:\/\/www.humanium.org\/fr\/droits-enfant\/\">droits de l\u2019enfant<\/a> dans le monde.<\/p>\n\n\n\n<p class=\"wp-block-paragraph\">Le HCR a identifi\u00e9 les 10 actions qui doivent \u00eatre entreprises pour mettre fin \u00e0 l\u2019apatridie d\u2019ici 10 ans (2014-2024) (HCR, 2017).<\/p>\n\n\n\n<ol class=\"wp-block-list\"><li>Mettre fin aux principales situations actuelles d\u2019apatridie;<\/li><li>Veiller \u00e0 ce qu\u2019aucun enfant ne naisse apatride;<\/li><li>Supprimer la <a href=\"https:\/\/www.humanium.org\/fr\/discriminations\/\">discrimination<\/a> bas\u00e9e sur le genre des lois sur la nationalit\u00e9;<\/li><li>Pr\u00e9venir le refus, la perte ou la privation de nationalit\u00e9 pour des motifs discriminatoires;<\/li><li>Pr\u00e9venir l\u2019apatridie en cas de succession d\u2019Etats;<\/li><li>Accorder un statut de protection aux migrants apatrides et faciliter leur naturalisation;<\/li><li>Veiller \u00e0 l\u2019enregistrement des naissances pour pr\u00e9venir l\u2019apatridie;<\/li><li>D\u00e9livrer des documents relatifs \u00e0 la nationalit\u00e9 aux personnes qui y ont droit;<\/li><li>Adh\u00e9rer aux Conventions des Nations Unies relatives \u00e0 l\u2019apatridie;<\/li><li>Am\u00e9liorer les donn\u00e9es quantitatives et qualitatives relatives aux populations apatrides.<\/li><\/ol>\n\n\n\n<p class=\"wp-block-paragraph\"><strong><em>Ecrit par Frederica Versea<\/em><\/strong><\/p>\n\n\n\n<p class=\"wp-block-paragraph\"><strong><em>Traduit par Clarisse Dehaeck<\/em><\/strong><\/p>\n\n\n\n<p class=\"wp-block-paragraph\"><strong><em>Relu par Victoire Ramos<\/em><\/strong><\/p>\n\n\n\n<p class=\"wp-block-paragraph\"><strong><em>Derni\u00e8re modification le 11 mars 2022<\/em><\/strong><\/p>\n\n\n\n<h4 class=\"wp-block-heading\"><strong>Bibliographie :<\/strong><\/h4>\n\n\n\n<p class=\"has-small-font-size wp-block-paragraph\">European Network on Statelessness. (2021). <em>Statelessness in Europe<\/em>. Taken from European Network on Statelessness: <a href=\"https:\/\/www.statelessness.eu\/issues\" target=\"_blank\" rel=\"noreferrer noopener\">https:\/\/www.statelessness.eu\/issues<\/a>, accessed on March 10, 2022.<\/p>\n\n\n\n<p class=\"has-small-font-size wp-block-paragraph\">U.S. Department of State. (2021). <em>Statelessness BUREAU OF POPULATION, REFUGEES, AND MIGRATION<\/em>. Taken from U.S. Department of State: <a href=\"https:\/\/www.state.gov\/other-policy-issues\/statelessness\/\" target=\"_blank\" rel=\"noreferrer noopener\">https:\/\/www.state.gov\/other-policy-issues\/statelessness\/<\/a>, accessed on March 10, 2022.<\/p>\n\n\n\n<p class=\"has-small-font-size wp-block-paragraph\">UN News. (2018). <em>\u201812 million\u2019 stateless people globally, warns UNHCR chief in call to States for decisive action<\/em>. Taken from UN News &#8211; Global Perspectives on Human Stories: https:\/\/news.un.org\/en\/story\/2018\/11\/1025561, accessed on March 7, 2022.<\/p>\n\n\n\n<p class=\"has-small-font-size wp-block-paragraph\">UNHCR. (2017). <em>Global Action Plan to End Statelessness: 2014-2024<\/em>. Taken from UNHCR: <a href=\"https:\/\/www.unhcr.org\/protection\/statelessness\/54621bf49\/global-action-plan-end-statelessness-2014-2024.html\" target=\"_blank\" rel=\"noreferrer noopener\">https:\/\/www.unhcr.org\/protection\/statelessness\/54621bf49\/global-action-plan-end-statelessness-2014-2024.html<\/a>, accessed on March 7, 2022.<\/p>\n\n\n\n<p class=\"has-small-font-size wp-block-paragraph\">UNHCR. (2020). <em>Stateless Explained<\/em>. Taken from USA for UNHCR: <a href=\"https:\/\/www.unrefugees.org\/news\/statelessness-explained\/\" target=\"_blank\" rel=\"noreferrer noopener\">https:\/\/www.unrefugees.org\/news\/statelessness-explained\/<\/a>, accessed on March 9, 2022.<\/p>\n\n\n\n<p class=\"has-small-font-size wp-block-paragraph\">UNHCR. (2020). <em>Statelessness Around the World<\/em>. Taken from UNHCR &#8211; The UN Refugee Agency: <a href=\"https:\/\/www.unhcr.org\/statelessness-around-the-world.html\" target=\"_blank\" rel=\"noreferrer noopener\">https:\/\/www.unhcr.org\/statelessness-around-the-world.html<\/a>, accessed on March 7, 2022.<\/p>\n\n\n\n<p class=\"has-small-font-size wp-block-paragraph\">UNHCR. (2021). <em>About statelessness<\/em>. Taken from UNHCR: <a href=\"https:\/\/www.unhcr.org\/ibelong\/about-statelessness\/\" target=\"_blank\" rel=\"noreferrer noopener\">https:\/\/www.unhcr.org\/ibelong\/about-statelessness\/<\/a>, accessed on March 9, 2022.<\/p>\n\n\n\n<p class=\"has-small-font-size wp-block-paragraph\">Unicef . (2021). <em>Women in many countries face discrimination in registering births, warn UNHCR and UNICEF<\/em>. Taken from Unicef : <a href=\"https:\/\/www.unicef.org\/press-releases\/women-many-countries-face-discrimination-registering-births-warn-unhcr-and-unicef#:~:text=Today%2C%20one%20in%20four%20children,currently%20without%20a%20birth%20certificate\" target=\"_blank\" rel=\"noreferrer noopener\">https:\/\/www.unicef.org\/press-releases\/women-many-countries-face-discrimination-registering-births-warn-unhcr-and-unicef#:~:text=Today%2C%20one%20in%20four%20children,currently%20without%20a%20birth%20certificate<\/a>., accessed on March 10, 2022.<\/p>\n\n\n\n<p class=\"has-small-font-size wp-block-paragraph\">United Nations Audiovisual Library of International Law. (2011). <em>Convention on the Reduction of Statelessness New York, 30 August 1961<\/em>. Taken from Audiovisual Library of International Law: <a href=\"https:\/\/legal.un.org\/avl\/ha\/crs\/crs.html\" target=\"_blank\" rel=\"noreferrer noopener\">https:\/\/legal.un.org\/avl\/ha\/crs\/crs.html<\/a>, accessed on March 7, 2022.<\/p>\n","protected":false},"excerpt":{"rendered":"<p>Invisibles. La premi\u00e8re condition dans laquelle les enfants apatrides se retrouvent est l\u2019invisibilit\u00e9. Selon les donn\u00e9es de l\u2019UNICEF, un enfant sur quatre \u00e2g\u00e9 de moins de 5 ans n\u2019est pas enregistr\u00e9 \u00e0 la naissance. M\u00eame quand ils le sont, il n\u2019y a pas de preuve de l\u2019enregistrement. Environ 237 millions d\u2019enfants \u00e2g\u00e9s de moins de [&hellip;]<\/p>\n","protected":false},"author":65,"featured_media":52189,"parent":0,"menu_order":0,"comment_status":"closed","ping_status":"closed","template":"","meta":{"footnotes":""},"class_list":["post-2094","page","type-page","status-publish","has-post-thumbnail","hentry"],"yoast_head":"<!-- This site is optimized with the Yoast SEO plugin v28.3 - https:\/\/yoast.com\/product\/yoast-seo-wordpress\/ -->\n<title>Enfants apatrides et invisibles - Humanium<\/title>\n<meta name=\"description\" content=\"Environ 237 millions d\u2019enfants \u00e2g\u00e9s de moins de 5 ans \u00e0 travers le monde n\u2019ont actuellement pas d\u2019acte de naissance et risquent l\u2019apatridie.\" \/>\n<meta name=\"robots\" content=\"index, follow, max-snippet:-1, max-image-preview:large, max-video-preview:-1\" \/>\n<link rel=\"canonical\" href=\"https:\/\/www.humanium.org\/fr\/enfants-sans-identite\/\" \/>\n<meta property=\"og:locale\" content=\"fr_FR\" \/>\n<meta property=\"og:type\" content=\"article\" \/>\n<meta property=\"og:title\" content=\"Enfants apatrides et invisibles - Humanium\" \/>\n<meta property=\"og:description\" content=\"Environ 237 millions d\u2019enfants \u00e2g\u00e9s de moins de 5 ans \u00e0 travers le monde n\u2019ont actuellement pas d\u2019acte de naissance et risquent l\u2019apatridie.\" \/>\n<meta property=\"og:url\" content=\"https:\/\/www.humanium.org\/fr\/enfants-sans-identite\/\" \/>\n<meta property=\"og:site_name\" content=\"Humanium\" \/>\n<meta property=\"article:modified_time\" content=\"2026-08-20T17:24:45+00:00\" \/>\n<meta property=\"og:image\" content=\"https:\/\/www.humanium.org\/fr\/wp-content\/uploads\/2022\/05\/shutterstock_1664290708-scaled.jpg\" \/>\n\t<meta property=\"og:image:width\" content=\"2560\" \/>\n\t<meta property=\"og:image:height\" content=\"1707\" \/>\n\t<meta property=\"og:image:type\" content=\"image\/jpeg\" \/>\n<meta name=\"twitter:card\" content=\"summary_large_image\" \/>\n<script type=\"application\/ld+json\" class=\"yoast-schema-graph\">{\"@context\":\"https:\\\/\\\/schema.org\",\"@graph\":[{\"@type\":\"WebPage\",\"@id\":\"https:\\\/\\\/www.humanium.org\\\/fr\\\/enfants-sans-identite\\\/\",\"url\":\"https:\\\/\\\/www.humanium.org\\\/fr\\\/enfants-sans-identite\\\/\",\"name\":\"Enfants apatrides et invisibles - Humanium\",\"isPartOf\":{\"@id\":\"https:\\\/\\\/www.humanium.org\\\/fr\\\/#website\"},\"primaryImageOfPage\":{\"@id\":\"https:\\\/\\\/www.humanium.org\\\/fr\\\/enfants-sans-identite\\\/#primaryimage\"},\"image\":{\"@id\":\"https:\\\/\\\/www.humanium.org\\\/fr\\\/enfants-sans-identite\\\/#primaryimage\"},\"thumbnailUrl\":\"https:\\\/\\\/www.humanium.org\\\/fr\\\/wp-content\\\/uploads\\\/2022\\\/05\\\/shutterstock_1664290708-scaled.jpg\",\"datePublished\":\"2010-07-21T13:48:15+00:00\",\"dateModified\":\"2026-08-20T17:24:45+00:00\",\"description\":\"Environ 237 millions d\u2019enfants \u00e2g\u00e9s de moins de 5 ans \u00e0 travers le monde n\u2019ont actuellement pas d\u2019acte de naissance et risquent l\u2019apatridie.\",\"breadcrumb\":{\"@id\":\"https:\\\/\\\/www.humanium.org\\\/fr\\\/enfants-sans-identite\\\/#breadcrumb\"},\"inLanguage\":\"fr-FR\",\"potentialAction\":[{\"@type\":\"ReadAction\",\"target\":[\"https:\\\/\\\/www.humanium.org\\\/fr\\\/enfants-sans-identite\\\/\"]}]},{\"@type\":\"ImageObject\",\"inLanguage\":\"fr-FR\",\"@id\":\"https:\\\/\\\/www.humanium.org\\\/fr\\\/enfants-sans-identite\\\/#primaryimage\",\"url\":\"https:\\\/\\\/www.humanium.org\\\/fr\\\/wp-content\\\/uploads\\\/2022\\\/05\\\/shutterstock_1664290708-scaled.jpg\",\"contentUrl\":\"https:\\\/\\\/www.humanium.org\\\/fr\\\/wp-content\\\/uploads\\\/2022\\\/05\\\/shutterstock_1664290708-scaled.jpg\",\"width\":2560,\"height\":1707},{\"@type\":\"BreadcrumbList\",\"@id\":\"https:\\\/\\\/www.humanium.org\\\/fr\\\/enfants-sans-identite\\\/#breadcrumb\",\"itemListElement\":[{\"@type\":\"ListItem\",\"position\":1,\"name\":\"Home\",\"item\":\"https:\\\/\\\/www.humanium.org\\\/fr\\\/\"},{\"@type\":\"ListItem\",\"position\":2,\"name\":\"Enfants apatrides et invisibles\"}]},{\"@type\":\"WebSite\",\"@id\":\"https:\\\/\\\/www.humanium.org\\\/fr\\\/#website\",\"url\":\"https:\\\/\\\/www.humanium.org\\\/fr\\\/\",\"name\":\"Humanium\",\"description\":\"Les enfants d\u2019abord !\",\"potentialAction\":[{\"@type\":\"SearchAction\",\"target\":{\"@type\":\"EntryPoint\",\"urlTemplate\":\"https:\\\/\\\/www.humanium.org\\\/fr\\\/?s={search_term_string}\"},\"query-input\":{\"@type\":\"PropertyValueSpecification\",\"valueRequired\":true,\"valueName\":\"search_term_string\"}}],\"inLanguage\":\"fr-FR\"}]}<\/script>\n<!-- \/ Yoast SEO plugin. -->","yoast_head_json":{"title":"Enfants apatrides et invisibles - Humanium","description":"Environ 237 millions d\u2019enfants \u00e2g\u00e9s de moins de 5 ans \u00e0 travers le monde n\u2019ont actuellement pas d\u2019acte de naissance et risquent l\u2019apatridie.","robots":{"index":"index","follow":"follow","max-snippet":"max-snippet:-1","max-image-preview":"max-image-preview:large","max-video-preview":"max-video-preview:-1"},"canonical":"https:\/\/www.humanium.org\/fr\/enfants-sans-identite\/","og_locale":"fr_FR","og_type":"article","og_title":"Enfants apatrides et invisibles - Humanium","og_description":"Environ 237 millions d\u2019enfants \u00e2g\u00e9s de moins de 5 ans \u00e0 travers le monde n\u2019ont actuellement pas d\u2019acte de naissance et risquent l\u2019apatridie.","og_url":"https:\/\/www.humanium.org\/fr\/enfants-sans-identite\/","og_site_name":"Humanium","article_modified_time":"2026-08-20T17:24:45+00:00","og_image":[{"width":2560,"height":1707,"url":"https:\/\/www.humanium.org\/fr\/wp-content\/uploads\/2022\/05\/shutterstock_1664290708-scaled.jpg","type":"image\/jpeg"}],"twitter_card":"summary_large_image","schema":{"@context":"https:\/\/schema.org","@graph":[{"@type":"WebPage","@id":"https:\/\/www.humanium.org\/fr\/enfants-sans-identite\/","url":"https:\/\/www.humanium.org\/fr\/enfants-sans-identite\/","name":"Enfants apatrides et invisibles - Humanium","isPartOf":{"@id":"https:\/\/www.humanium.org\/fr\/#website"},"primaryImageOfPage":{"@id":"https:\/\/www.humanium.org\/fr\/enfants-sans-identite\/#primaryimage"},"image":{"@id":"https:\/\/www.humanium.org\/fr\/enfants-sans-identite\/#primaryimage"},"thumbnailUrl":"https:\/\/www.humanium.org\/fr\/wp-content\/uploads\/2022\/05\/shutterstock_1664290708-scaled.jpg","datePublished":"2010-07-21T13:48:15+00:00","dateModified":"2026-08-20T17:24:45+00:00","description":"Environ 237 millions d\u2019enfants \u00e2g\u00e9s de moins de 5 ans \u00e0 travers le monde n\u2019ont actuellement pas d\u2019acte de naissance et risquent l\u2019apatridie.","breadcrumb":{"@id":"https:\/\/www.humanium.org\/fr\/enfants-sans-identite\/#breadcrumb"},"inLanguage":"fr-FR","potentialAction":[{"@type":"ReadAction","target":["https:\/\/www.humanium.org\/fr\/enfants-sans-identite\/"]}]},{"@type":"ImageObject","inLanguage":"fr-FR","@id":"https:\/\/www.humanium.org\/fr\/enfants-sans-identite\/#primaryimage","url":"https:\/\/www.humanium.org\/fr\/wp-content\/uploads\/2022\/05\/shutterstock_1664290708-scaled.jpg","contentUrl":"https:\/\/www.humanium.org\/fr\/wp-content\/uploads\/2022\/05\/shutterstock_1664290708-scaled.jpg","width":2560,"height":1707},{"@type":"BreadcrumbList","@id":"https:\/\/www.humanium.org\/fr\/enfants-sans-identite\/#breadcrumb","itemListElement":[{"@type":"ListItem","position":1,"name":"Home","item":"https:\/\/www.humanium.org\/fr\/"},{"@type":"ListItem","position":2,"name":"Enfants apatrides et invisibles"}]},{"@type":"WebSite","@id":"https:\/\/www.humanium.org\/fr\/#website","url":"https:\/\/www.humanium.org\/fr\/","name":"Humanium","description":"Les enfants d\u2019abord !","potentialAction":[{"@type":"SearchAction","target":{"@type":"EntryPoint","urlTemplate":"https:\/\/www.humanium.org\/fr\/?s={search_term_string}"},"query-input":{"@type":"PropertyValueSpecification","valueRequired":true,"valueName":"search_term_string"}}],"inLanguage":"fr-FR"}]}},"_links":{"self":[{"href":"https:\/\/www.humanium.org\/fr\/wp-json\/wp\/v2\/pages\/2094","targetHints":{"allow":["GET"]}}],"collection":[{"href":"https:\/\/www.humanium.org\/fr\/wp-json\/wp\/v2\/pages"}],"about":[{"href":"https:\/\/www.humanium.org\/fr\/wp-json\/wp\/v2\/types\/page"}],"author":[{"embeddable":true,"href":"https:\/\/www.humanium.org\/fr\/wp-json\/wp\/v2\/users\/65"}],"replies":[{"embeddable":true,"href":"https:\/\/www.humanium.org\/fr\/wp-json\/wp\/v2\/comments?post=2094"}],"version-history":[{"count":19,"href":"https:\/\/www.humanium.org\/fr\/wp-json\/wp\/v2\/pages\/2094\/revisions"}],"predecessor-version":[{"id":62233,"href":"https:\/\/www.humanium.org\/fr\/wp-json\/wp\/v2\/pages\/2094\/revisions\/62233"}],"wp:featuredmedia":[{"embeddable":true,"href":"https:\/\/www.humanium.org\/fr\/wp-json\/wp\/v2\/media\/52189"}],"wp:attachment":[{"href":"https:\/\/www.humanium.org\/fr\/wp-json\/wp\/v2\/media?parent=2094"}],"curies":[{"name":"wp","href":"https:\/\/api.w.org\/{rel}","templated":true}]}}