{"id":2112,"date":"2010-07-21T15:05:11","date_gmt":"2010-07-21T15:05:11","guid":{"rendered":"http:\/\/www.humanium.org\/fr\/"},"modified":"2025-12-10T02:58:58","modified_gmt":"2025-12-10T02:58:58","slug":"droit-non-discrimination","status":"publish","type":"page","link":"https:\/\/www.humanium.org\/fr\/droit-non-discrimination\/","title":{"rendered":"Non-discrimination"},"content":{"rendered":"\n<p class=\"wp-block-paragraph\"><strong>Le droit \u00e0 la non-discrimination est un droit \u00e0 la fois complexe et fondamental, qui constitue la cl\u00e9 de vo\u00fbte du processus de mise en \u0153uvre des droits humains. La <\/strong><a href=\"https:\/\/www.humanium.org\/fr\/convention\/\"><strong>Convention internationale des droits de l\u2019enfant<\/strong><\/a><strong> repose sur ces id\u00e9aux. Alors que tous les enfants devraient \u00eatre trait\u00e9s, prot\u00e9g\u00e9s et pris en charge de la m\u00eame mani\u00e8re, il est \u00e0 noter qu\u2019\u00e0 ce jour, de nombreux enfants continuent d\u2019\u00eatre victimes de discrimination.&nbsp;<\/strong><\/p>\n\n\n\n<figure class=\"wp-block-image size-large\"><img loading=\"lazy\" decoding=\"async\" width=\"1024\" height=\"685\" src=\"https:\/\/www.humanium.org\/fr\/wp-content\/uploads\/2024\/02\/shutterstock_1661078926-1024x685.jpg\" alt=\"\" class=\"wp-image-56541\" srcset=\"https:\/\/www.humanium.org\/fr\/wp-content\/uploads\/2024\/02\/shutterstock_1661078926-1024x685.jpg 1024w, https:\/\/www.humanium.org\/fr\/wp-content\/uploads\/2024\/02\/shutterstock_1661078926-300x201.jpg 300w, https:\/\/www.humanium.org\/fr\/wp-content\/uploads\/2024\/02\/shutterstock_1661078926-768x514.jpg 768w, https:\/\/www.humanium.org\/fr\/wp-content\/uploads\/2024\/02\/shutterstock_1661078926-1536x1028.jpg 1536w, https:\/\/www.humanium.org\/fr\/wp-content\/uploads\/2024\/02\/shutterstock_1661078926-2048x1371.jpg 2048w, https:\/\/www.humanium.org\/fr\/wp-content\/uploads\/2024\/02\/shutterstock_1661078926-830x556.jpg 830w, https:\/\/www.humanium.org\/fr\/wp-content\/uploads\/2024\/02\/shutterstock_1661078926-230x154.jpg 230w, https:\/\/www.humanium.org\/fr\/wp-content\/uploads\/2024\/02\/shutterstock_1661078926-350x234.jpg 350w, https:\/\/www.humanium.org\/fr\/wp-content\/uploads\/2024\/02\/shutterstock_1661078926-480x321.jpg 480w, https:\/\/www.humanium.org\/fr\/wp-content\/uploads\/2024\/02\/shutterstock_1661078926-272x182.jpg 272w\" sizes=\"auto, (max-width: 1024px) 100vw, 1024px\" \/><\/figure>\n\n\n\n<h2 class=\"wp-block-heading\"><strong>Qu\u2019est-ce que la \u00ab&nbsp;discrimination&nbsp;\u00bb&nbsp;?<\/strong><\/h2>\n\n\n\n<p class=\"wp-block-paragraph\">La discrimination nait en grande partie du fait de la peur, qui est tr\u00e8s souvent suscit\u00e9e soit par un groupe de personnes qui ont un aspect physique, une langue, un mode de pens\u00e9e, ou un comportement qui leur sont propres, soit par un groupe ethnique qui constitue une menace pour la s\u00e9curit\u00e9 et l\u2019identit\u00e9 culturelle d&rsquo;un autre groupe&nbsp; (Save the Children, 2014).<\/p>\n\n\n\n<p class=\"wp-block-paragraph\">L&rsquo;on peut d\u00e9finir la discrimination de diff\u00e9rentes mani\u00e8res. Selon le Conseil de l\u2019Europe, la discrimination renvoie au traitement in\u00e9galitaire inflig\u00e9 \u00e0 diff\u00e9rentes cat\u00e9gories de personnes, et ce \u00e0 partir du moment o\u00f9 ce traitement ne repose sur aucun crit\u00e8re objectif et raisonnable (Europe, 2023).<\/p>\n\n\n\n<p class=\"wp-block-paragraph\">Le Conseil de l\u2019Europe s\u2019oppose \u00e0 des diff\u00e9rences observ\u00e9es dans certains types de traitement, mais interdit formellement toute diff\u00e9rence de traitement qui ne serait pas fond\u00e9e sur une base objective et raisonnable. Par exemple, une mesure discriminatoire qui s\u2019applique \u00e0 des enfants originaires d\u2019un groupe ethnique donn\u00e9, afin de les emp\u00eacher de b\u00e9n\u00e9ficier entre autres d&rsquo;un acc\u00e8s \u00e0 l\u2019\u00e9ducation, serait interdite.&nbsp;&nbsp;<\/p>\n\n\n\n<p class=\"wp-block-paragraph\">Le Comit\u00e9 des droits de l\u2019homme des Nations Unies d\u00e9finit la discrimination comme \u00ab&nbsp;Toute distinction, exclusion, restriction ou pr\u00e9f\u00e9rence fond\u00e9e notamment sur la race, la couleur, le sexe, la langue, la religion, les opinions politiques ou autres, l\u2019origine nationale ou sociale, la fortune, la naissance ou toute autre situation, et ayant pour effet ou pour but de compromettre ou de d\u00e9truire la reconnaissance, la jouissance ou l\u2019exercice par tous, dans des conditions d\u2019\u00e9galit\u00e9, de l\u2019ensemble des droits de l\u2019homme et des libert\u00e9s fondamentales. \u00bb (UN Human Rights Committee, 1989).&nbsp;<\/p>\n\n\n\n<p class=\"wp-block-paragraph\">Le concept de discrimination comprend trois dimensions cl\u00e9s : (1) le fait de traiter un enfant diff\u00e9remment, (2) lorsque cela a pour but ou pour effet de lui nuire ou de lui porter pr\u00e9judice, et (3) le fait que la diff\u00e9renciation repose sur un motif interdit (Lansdown, 2022). Ainsi, le motif interdit n&rsquo;est pas n\u00e9cessairement l&rsquo;acte de discrimination en lui-m\u00eame, c&rsquo;est-\u00e0-dire le fait de traiter quelqu&rsquo;un diff\u00e9remment. <\/p>\n\n\n\n<p class=\"wp-block-paragraph\">Au contraire, l&rsquo;\u00e9l\u00e9ment interdit est le but poursuivi par l&rsquo;acte discriminatoire, l&rsquo;intention qui sous-tend l&rsquo;acte discriminatoire. L&rsquo;intention interdite est le but ou l&rsquo;effet d&rsquo;annuler ou de compromettre la reconnaissance, la jouissance ou l&rsquo;exercice d\u2019un droit, sur un pied d&rsquo;\u00e9galit\u00e9.&nbsp;<\/p>\n\n\n\n<h2 class=\"wp-block-heading\"><strong>Formes de discrimination<\/strong><\/h2>\n\n\n\n<p class=\"wp-block-paragraph\">La discrimination peut se faire de mani\u00e8re directe ou indirecte. La discrimination directe d\u00e9crit la diff\u00e9rence de traitement sp\u00e9cifique inflig\u00e9 \u00e0 une personne, et ce \u00e0 son d\u00e9savantage, sur la base de ses caract\u00e9ristiques par rapport \u00e0 une autre personne dans la m\u00eame situation. La discrimination indirecte se produit lorsqu&rsquo;un traitement \u00e9gal ou soi-disant neutre affecte diff\u00e9rents groupes de personnes de mani\u00e8re sensiblement diff\u00e9rente.<\/p>\n\n\n\n<p class=\"wp-block-paragraph\">Les actes discriminatoires peuvent viser des enfants ou des groupes d&rsquo;enfants sur la base d&rsquo;un large \u00e9ventail de crit\u00e8res. Les crit\u00e8res les plus courants sont : l&rsquo;identit\u00e9 de genre, <a href=\"https:\/\/www.humanium.org\/fr\/discriminations\/enfants-lgbtq\/\">l\u2019expression du genre<\/a>, le sexe, <a href=\"https:\/\/www.humanium.org\/fr\/discriminations\/enfants-lgbtq\/\">l\u2019orientation sexuelle<\/a>, l&rsquo;appartenance ethnique, la caste, l&rsquo;ascendance h\u00e9r\u00e9ditaire, l&rsquo;\u00e2ge, la classe, le handicap, l&rsquo;\u00e9tat de sant\u00e9, la race, la langue, <a href=\"https:\/\/www.humanium.org\/fr\/enfants-religions\/\">la religion<\/a>, les opinions politiques ou autres, l&rsquo;origine nationale, ethnique ou sociale, la propri\u00e9t\u00e9, <a href=\"https:\/\/www.humanium.org\/fr\/enfants-handicapes\/\">le handicap<\/a>, <a href=\"https:\/\/www.humanium.org\/fr\/enfants-sans-identite\/\">la naissance<\/a> ou tout autre statut.&nbsp;<\/p>\n\n\n\n<p class=\"wp-block-paragraph\">Dans sa tentative de r\u00e9f\u00e9rencer tous les crit\u00e8res sur la base desquels les enfants sont discrimin\u00e9s, le <a href=\"https:\/\/www.humanium.org\/fr\/genese-comite-droits-enfant\/\">Comit\u00e9 des droits de l\u2019enfant des Nations Unies<\/a> a identifi\u00e9 une longue liste de groupes commun\u00e9ment soumis \u00e0 la discrimination, notamment les <a href=\"https:\/\/www.humanium.org\/fr\/droits-des-filles\/\">filles<\/a>, les enfants abandonn\u00e9s, les <a href=\"https:\/\/www.humanium.org\/fr\/enfants-deplaces\/\">enfants<\/a> touch\u00e9s par des catastrophes naturelles, les enfants plac\u00e9s en institution, les enfants issus des minorit\u00e9s ethniques plac\u00e9s dans des structures d&rsquo;accueil alternatives et les enfants touch\u00e9s par le <a href=\"https:\/\/www.humanium.org\/fr\/enfant-et-sida\/\">VIH\/SIDA<\/a>.<\/p>\n\n\n\n<p class=\"wp-block-paragraph\">En ce qui concerne les enfants, les crit\u00e8res de discrimination ne sont pas n\u00e9cessairement appliqu\u00e9s directement \u00e0 l&rsquo;enfant, mais aux parents, aux tuteurs, aux amis ou \u00e0 la famille. C&rsquo;est le cas, par exemple, lorsqu&rsquo;un enfant est discrimin\u00e9 en raison de l&rsquo;orientation sexuelle de ses parents.<\/p>\n\n\n<div class=\"wp-block-image\">\n<figure class=\"alignleft size-large is-resized\"><img loading=\"lazy\" decoding=\"async\" width=\"1024\" height=\"683\" src=\"https:\/\/www.humanium.org\/fr\/wp-content\/uploads\/2024\/02\/shutterstock_1183791571-1024x683.jpg\" alt=\"\" class=\"wp-image-56540\" style=\"width:326px;height:auto\" srcset=\"https:\/\/www.humanium.org\/fr\/wp-content\/uploads\/2024\/02\/shutterstock_1183791571-1024x683.jpg 1024w, https:\/\/www.humanium.org\/fr\/wp-content\/uploads\/2024\/02\/shutterstock_1183791571-300x200.jpg 300w, https:\/\/www.humanium.org\/fr\/wp-content\/uploads\/2024\/02\/shutterstock_1183791571-768x512.jpg 768w, https:\/\/www.humanium.org\/fr\/wp-content\/uploads\/2024\/02\/shutterstock_1183791571-1536x1024.jpg 1536w, https:\/\/www.humanium.org\/fr\/wp-content\/uploads\/2024\/02\/shutterstock_1183791571-2048x1365.jpg 2048w, https:\/\/www.humanium.org\/fr\/wp-content\/uploads\/2024\/02\/shutterstock_1183791571-830x553.jpg 830w, https:\/\/www.humanium.org\/fr\/wp-content\/uploads\/2024\/02\/shutterstock_1183791571-230x153.jpg 230w, https:\/\/www.humanium.org\/fr\/wp-content\/uploads\/2024\/02\/shutterstock_1183791571-350x233.jpg 350w, https:\/\/www.humanium.org\/fr\/wp-content\/uploads\/2024\/02\/shutterstock_1183791571-480x320.jpg 480w, https:\/\/www.humanium.org\/fr\/wp-content\/uploads\/2024\/02\/shutterstock_1183791571-272x182.jpg 272w\" sizes=\"auto, (max-width: 1024px) 100vw, 1024px\" \/><\/figure>\n<\/div>\n\n\n<p class=\"wp-block-paragraph\">Dans diff\u00e9rentes parties du monde, des groupes d&rsquo;enfants peuvent \u00eatre davantage expos\u00e9s \u00e0 la discrimination. Par exemple, en Europe, les enfants <a href=\"https:\/\/www.humanium.org\/fr\/enfants-handicapes\/\">handicap\u00e9s<\/a>, les enfants <a href=\"https:\/\/www.humanium.org\/fr\/discriminations\/enfants-lgbtq\/\">LGBTQ+<\/a> , et les enfants <a href=\"https:\/\/www.humanium.org\/fr\/les-enfants-roms-en-france\/\">roms<\/a> sont particuli\u00e8rement susceptibles d&rsquo;\u00eatre victimes de discrimination (Europe, 2023). Dans d&rsquo;autres r\u00e9gions, les enfants les plus susceptibles d&rsquo;\u00eatre victimes de discrimination sont les <a href=\"https:\/\/www.humanium.org\/fr\/droits-des-filles\/\">filles<\/a>, les enfants issus de communaut\u00e9s religieuses ou de minorit\u00e9s ethniques, les enfants vivant dans des zones rurales, les enfants r\u00e9fugi\u00e9s ou demandeurs d&rsquo;asile, ainsi que les enfants priv\u00e9s de libert\u00e9, etc.&nbsp;<\/p>\n\n\n\n<h2 class=\"wp-block-heading\"><strong>L&rsquo;effet global de la discrimination sur les enfants<\/strong><\/h2>\n\n\n\n<p class=\"wp-block-paragraph\">La discrimination conduit \u00e0 l&rsquo;exclusion et peut avoir un impact consid\u00e9rable sur la soci\u00e9t\u00e9.&nbsp; Les raisons pour lesquelles les enfants sont victimes de discrimination dans leur enfance persistent et demeurent jusqu&rsquo;\u00e0 l&rsquo;\u00e2ge adulte. Ces exclusions et discriminations durables, qui r\u00e9sultent de griefs et d\u2019actes de x\u00e9nophobie, peuvent avoir des cons\u00e9quences d\u00e9vastatrices sur la vie des victimes (Unicef, 2022).<\/p>\n\n\n\n<p class=\"wp-block-paragraph\">Il peut y avoir tout autant de types de cons\u00e9quences de la discrimination qu&rsquo;il y a de mani\u00e8res de pratiquer la discrimination. Les cons\u00e9quences de la discrimination peuvent se manifester sur le long ou le court terme et avoir des implications \u00e0 partir de l&rsquo;\u00e9chelle la plus petite (un individu) jusqu&rsquo;\u00e0 des soci\u00e9t\u00e9s enti\u00e8res.&nbsp;<\/p>\n\n\n\n<p class=\"wp-block-paragraph\">Pour faire plus simple, les impacts de la discrimination sur le plan individuel sont de deux ordres: objectifs et subjectifs. D\u2019une mani\u00e8re objective, la discrimination peut emp\u00eacher ou limiter le droit de jouir de ses droits ou d&rsquo;y avoir acc\u00e8s. Par exemple, il est bien \u00e9tabli qu&rsquo;aux \u00c9tats-Unis, les personnes de couleur re\u00e7oivent un traitement in\u00e9gal lorsqu&rsquo;elles se tournent vers des syst\u00e8mes de soins de sant\u00e9 ou d&rsquo;\u00e9ducation o\u00f9 elles ont plus de difficult\u00e9s \u00e0 b\u00e9n\u00e9ficier d&rsquo;une \u00e9ducation de qualit\u00e9 (Harvard Center, s.d.).&nbsp;<\/p>\n\n\n<div class=\"wp-block-image\">\n<figure class=\"alignright size-large is-resized\"><img loading=\"lazy\" decoding=\"async\" width=\"1024\" height=\"683\" src=\"https:\/\/www.humanium.org\/fr\/wp-content\/uploads\/2024\/02\/shutterstock_719734165-1024x683.jpg\" alt=\"\" class=\"wp-image-56542\" style=\"width:315px;height:auto\" srcset=\"https:\/\/www.humanium.org\/fr\/wp-content\/uploads\/2024\/02\/shutterstock_719734165-1024x683.jpg 1024w, https:\/\/www.humanium.org\/fr\/wp-content\/uploads\/2024\/02\/shutterstock_719734165-300x200.jpg 300w, https:\/\/www.humanium.org\/fr\/wp-content\/uploads\/2024\/02\/shutterstock_719734165-768x512.jpg 768w, https:\/\/www.humanium.org\/fr\/wp-content\/uploads\/2024\/02\/shutterstock_719734165-1536x1024.jpg 1536w, https:\/\/www.humanium.org\/fr\/wp-content\/uploads\/2024\/02\/shutterstock_719734165-2048x1365.jpg 2048w, https:\/\/www.humanium.org\/fr\/wp-content\/uploads\/2024\/02\/shutterstock_719734165-830x553.jpg 830w, https:\/\/www.humanium.org\/fr\/wp-content\/uploads\/2024\/02\/shutterstock_719734165-230x153.jpg 230w, https:\/\/www.humanium.org\/fr\/wp-content\/uploads\/2024\/02\/shutterstock_719734165-350x233.jpg 350w, https:\/\/www.humanium.org\/fr\/wp-content\/uploads\/2024\/02\/shutterstock_719734165-480x320.jpg 480w, https:\/\/www.humanium.org\/fr\/wp-content\/uploads\/2024\/02\/shutterstock_719734165-272x182.jpg 272w\" sizes=\"auto, (max-width: 1024px) 100vw, 1024px\" \/><\/figure>\n<\/div>\n\n\n<p class=\"wp-block-paragraph\">La discrimination peut \u00e9galement contribuer \u00e0 priver les enfants et les jeunes adultes des opportunit\u00e9s qui s&rsquo;offrent \u00e0 eux, en maintenant l&rsquo;\u00e9cart entre les classes sociales. D&rsquo;une mani\u00e8re subjective, le fait d&rsquo;\u00eatre victime de discrimination peut amener les enfants \u00e0 avoir une perception n\u00e9gative de leur appartenance ethnique, de leur race, de leur culture, de leur apparence, de leur sexe ou de leur orientation sexuelle, ou de tout autre trait ou caract\u00e9ristique utilis\u00e9 pour les discriminer.&nbsp;<\/p>\n\n\n\n<p class=\"wp-block-paragraph\">En outre, la recherche a montr\u00e9 que les personnes victimes de discrimination sont plus susceptibles de souffrir de d\u00e9pression, d&rsquo;anxi\u00e9t\u00e9 et d&rsquo;autres probl\u00e8mes de sant\u00e9 mentale (Wellbeing, 2020). La discrimination chez les enfants peut \u00e9galement \u00eatre associ\u00e9e aux brimades, qui affectent le bien-\u00eatre mental et le d\u00e9veloppement de l&rsquo;enfant, et peuvent avoir un impact n\u00e9gatif durable sur sa vie d&rsquo;adulte.<\/p>\n\n\n\n<p class=\"wp-block-paragraph\">La discrimination entra\u00eene \u00e9galement des effets et des cons\u00e9quences \u00e0 une \u00e9chelle plus large et n&rsquo;affecte pas seulement la vie des victimes, mais lorsqu&rsquo;elle s&rsquo;inscrit dans un sch\u00e9ma, elle peut devenir syst\u00e9mique. La discrimination syst\u00e9mique implique les proc\u00e9dures, les routines et la culture organisationnelle de toute organisation qui, souvent sans intention, contribuent \u00e0 des r\u00e9sultats moins favorables pour les groupes minoritaires que pour la majorit\u00e9 de la population, \u00e0 partir des politiques, des programmes, de l&#8217;emploi et des services de l&rsquo;organisation (Council of Europe, Systemic Discrimination, s.d.).<\/p>\n\n\n\n<p class=\"wp-block-paragraph\">Enfin, dans ses formes les plus extr\u00eames, la discrimination peut conduire \u00e0 la violence physique. En raison de leurs origines, de leurs v\u00eatements, de leur orientation sexuelle, de leur sexe, de leur religion, etc., les enfants et les jeunes adultes ont souvent souffert physiquement d&rsquo;actes discriminatoires, souvent qualifi\u00e9s de \u00ab&nbsp;crimes de haine&nbsp;\u00bb. La peur et la col\u00e8re qui gravitent souvent autour de la discrimination, \u00e0 plus grande \u00e9chelle, ont des cons\u00e9quences d\u00e9vastatrices pour des groupes entiers d&rsquo;individus.&nbsp;<\/p>\n\n\n\n<p class=\"wp-block-paragraph\">Dans sa forme la plus extr\u00eame, la discrimination peut \u00eatre li\u00e9e \u00e0 des conflits arm\u00e9s. En effet, les conflits arm\u00e9s sont souvent directement li\u00e9s \u00e0 la haine et \u00e0 une discrimination extraordinaire (la Shoah, le g\u00e9nocide rwandais, le g\u00e9nocide arm\u00e9nien, pour n&rsquo;en citer que quelques-uns).<\/p>\n\n\n\n<h2 class=\"wp-block-heading\"><strong>Le statut universel du droit des enfants \u00e0 la non-discrimination<\/strong><\/h2>\n\n\n\n<p class=\"wp-block-paragraph\">La <a href=\"https:\/\/www.humanium.org\/fr\/convention\/\">Convention relative aux droits de l&rsquo;enfant des Nations unies<\/a> repose sur quatre principes g\u00e9n\u00e9raux : La non-discrimination, l&rsquo;int\u00e9r\u00eat sup\u00e9rieur de l&rsquo;enfant, le droit \u00e0 la vie, \u00e0 la survie et au d\u00e9veloppement, et le droit d&rsquo;\u00eatre entendu. En tant que tel, le droit des enfants \u00e0 la non-discrimination est le premier pilier de la mise en \u0153uvre des droits de tous les enfants.&nbsp;<\/p>\n\n\n\n<p class=\"wp-block-paragraph\">L&rsquo;article 2 de la <a href=\"https:\/\/www.humanium.org\/fr\/convention\/\">CDE<\/a> stipule que : \u00ab&nbsp;1.1. Les Etats parties s\u2019engagent \u00e0 respecter les droits qui sont \u00e9nonc\u00e9s dans la pr\u00e9sente Convention et \u00e0 les garantir \u00e0 tout enfant relevant de leur juridiction, sans distinction aucune, ind\u00e9pendamment de toute consid\u00e9ration de race, de couleur, de sexe, de langue, de religion, d\u2019opinion politique ou autre de l\u2019enfant ou de ses parents ou repr\u00e9sentants l\u00e9gaux, de leur origine nationale, ethnique ou sociale, de leur situation de fortune, de leur incapacit\u00e9, de leur naissance ou de toute autre situation. 2. Les Etats parties prennent toutes les mesures appropri\u00e9es pour que l\u2019enfant soit effectivement prot\u00e9g\u00e9 contre toutes formes de discrimination ou de sanction motiv\u00e9es par la situation juridique, les activit\u00e9s, les opinions d\u00e9clar\u00e9es ou les convictions de ses parents, de ses repr\u00e9sentants l\u00e9gaux ou des membres de sa famille \u00bb (Convention relative aux droits de l&rsquo;enfant, 1989).<\/p>\n\n\n\n<p class=\"wp-block-paragraph\">Par cons\u00e9quent, l&rsquo;article 2 est \u00e0 la fois un droit substantiel et un droit proc\u00e9dural qui doit \u00eatre appliqu\u00e9 pour faire valoir tous les autres droits. Cet article implique plusieurs obligations pour les \u00c9tats parties. Tout d&rsquo;abord, il met en \u00e9vidence l&rsquo;obligation pour les \u00c9tats de \u00ab&nbsp;respecter et garantir&nbsp;\u00bb les droits \u00e9nonc\u00e9s dans la CDE, en imposant aux \u00c9tats de s&rsquo;abstenir de toute action susceptible de limiter ou de compromettre chacun des droits \u00e9nonc\u00e9s dans la Convention (Lansdown, 2022).&nbsp;<\/p>\n\n\n\n<p class=\"wp-block-paragraph\">L&rsquo;expression \u00ab&nbsp;respecter et garantir&nbsp;\u00bb comporte \u00e9galement une composante positive, exigeant des \u00c9tats qu&rsquo;ils prennent toutes les mesures n\u00e9cessaires pour permettre \u00e0 l&rsquo;enfant de jouir de ses droits. Deuxi\u00e8mement, l&rsquo;article 2 s\u2019impose \u00e0 tout enfant \u00ab&nbsp;relevant de leur juridiction&nbsp;\u00bb, quel que soit son statut (citoyen, visiteur, enfant de travailleur migrant, enfant sans papiers, etc.) (Convention relative aux droits de l&rsquo;enfant, 1989).&nbsp;<\/p>\n\n\n\n<h2 class=\"wp-block-heading\"><strong>Cadres de protection contre la discrimination \u00e0 diff\u00e9rents niveaux<\/strong><\/h2>\n\n\n\n<p class=\"wp-block-paragraph\">Au niveau international, certains types de discrimination ont \u00e9t\u00e9 consid\u00e9r\u00e9s comme tellement probl\u00e9matiques et r\u00e9currents que la communaut\u00e9 internationale a d\u00e9velopp\u00e9 des outils internationaux sp\u00e9cifiques pour les combattre, notamment la Convention des Nations unies contre la discrimination dans le domaine de l&rsquo;enseignement (1960), la Convention des Nations unies relative aux droits des personnes handicap\u00e9es (2006), <a href=\"https:\/\/www.humanium.org\/fr\/normes\/convention-elimination-toutes-formes-discrimination-raciale\/\">la Convention internationale sur l&rsquo;\u00e9limination de toutes les formes de discrimination raciale<\/a> (1966), la Convention-cadre pour la protection des minorit\u00e9s nationales (1998).<\/p>\n\n\n\n<p class=\"wp-block-paragraph\">Au niveau r\u00e9gional, le Conseil de l&rsquo;Europe, par le biais de l&rsquo;article 14 de la Convention europ\u00e9enne des droits de l&rsquo;homme, garantit que la jouissance de tous les droits \u00e9nonc\u00e9s dans la Convention doit \u00eatre assur\u00e9e sans discrimination aucune. Ax\u00e9e plus sp\u00e9cifiquement sur les enfants, la strat\u00e9gie du Conseil de l&rsquo;Europe pour les droits de l&rsquo;enfant accorde une attention particuli\u00e8re aux groupes d&rsquo;enfants discrimin\u00e9s et marginalis\u00e9s (Europe, 2023).&nbsp;<\/p>\n\n\n\n<p class=\"wp-block-paragraph\">Plusieurs directives de l&rsquo;UE interdisent la discrimination dans le syst\u00e8me de protection sociale et l&rsquo;acc\u00e8s aux biens et services, ce qui, bien que ne mentionnant pas explicitement les enfants, les concerne toutes (par exemple, la directive 2000\/43\/CE relative \u00e0 l&rsquo;\u00e9galit\u00e9 raciale) (Council of Europe, Handbook on European law relating to the rights of the child, 2022).&nbsp;<\/p>\n\n\n\n<p class=\"wp-block-paragraph\">D&rsquo;autres instruments r\u00e9gionaux contiennent des dispositions similaires prot\u00e9geant directement les enfants contre la discrimination. Par exemple, l&rsquo;article 3 de la Charte africaine des droits et du bien-\u00eatre de l&rsquo;enfant dispose que \u00ab Tout enfant a droit de jouir de tous les droits et libert\u00e9s reconnus et garantis par la pr\u00e9sente Charte, sans distinction de race, de groupe ethnique, de couleur, de sexe, de langue, de religion, d&rsquo;appartenance politique ou autre opinion, d&rsquo;origine nationale et sociale, de fortune, de naissance ou autre statut, et sans distinction du m\u00eame ordre pour ses parents ou son tuteur l\u00e9gal.&nbsp;\u00bb (Charte africaine des droits et du bien-\u00eatre de l&rsquo;enfant, 1990).<\/p>\n\n\n\n<p class=\"wp-block-paragraph\">Au cours des derni\u00e8res d\u00e9cennies, les lois nationales contre la discrimination se sont multipli\u00e9es afin de mettre en \u0153uvre les trait\u00e9s internationaux et r\u00e9gionaux, et de s&rsquo;attaquer \u00e0 des types sp\u00e9cifiques de discrimination. Citons par exemple la loi sud-africaine de 2000 sur la promotion de l&rsquo;\u00e9galit\u00e9 et la pr\u00e9vention des discriminations injustes, ou la loi britannique de 2010 sur l&rsquo;\u00e9galit\u00e9.<\/p>\n\n\n\n<h2 class=\"wp-block-heading\"><strong>Faire respecter efficacement le droit des enfants \u00e0 la non-discrimination \u00e0 l&rsquo;avenir<\/strong><\/h2>\n\n\n<div class=\"wp-block-image\">\n<figure class=\"alignleft size-large is-resized\"><img loading=\"lazy\" decoding=\"async\" width=\"1024\" height=\"636\" src=\"https:\/\/www.humanium.org\/fr\/wp-content\/uploads\/2024\/02\/shutterstock_393626062-1024x636.jpg\" alt=\"\" class=\"wp-image-56543\" style=\"width:301px;height:auto\" srcset=\"https:\/\/www.humanium.org\/fr\/wp-content\/uploads\/2024\/02\/shutterstock_393626062-1024x636.jpg 1024w, https:\/\/www.humanium.org\/fr\/wp-content\/uploads\/2024\/02\/shutterstock_393626062-300x186.jpg 300w, https:\/\/www.humanium.org\/fr\/wp-content\/uploads\/2024\/02\/shutterstock_393626062-768x477.jpg 768w, https:\/\/www.humanium.org\/fr\/wp-content\/uploads\/2024\/02\/shutterstock_393626062-1536x954.jpg 1536w, https:\/\/www.humanium.org\/fr\/wp-content\/uploads\/2024\/02\/shutterstock_393626062-2048x1272.jpg 2048w, https:\/\/www.humanium.org\/fr\/wp-content\/uploads\/2024\/02\/shutterstock_393626062-830x516.jpg 830w, https:\/\/www.humanium.org\/fr\/wp-content\/uploads\/2024\/02\/shutterstock_393626062-230x143.jpg 230w, https:\/\/www.humanium.org\/fr\/wp-content\/uploads\/2024\/02\/shutterstock_393626062-350x217.jpg 350w, https:\/\/www.humanium.org\/fr\/wp-content\/uploads\/2024\/02\/shutterstock_393626062-480x298.jpg 480w\" sizes=\"auto, (max-width: 1024px) 100vw, 1024px\" \/><\/figure>\n<\/div>\n\n\n<p class=\"wp-block-paragraph\">La non-discrimination ne se r\u00e9sume pas \u00e0 une \u00e9galit\u00e9 de traitement, tout comme elle ne signifie pas que tous les types de discrimination sont interdits. En effet, la discrimination positive peut \u00eatre un outil permettant \u00e0 un enfant de participer pleinement et de mani\u00e8re ad\u00e9quate \u00e0 la vie en soci\u00e9t\u00e9. Par exemple, le Conseil de l&rsquo;Europe, lorsqu&rsquo;il promeut l&rsquo;appartenance int\u00e9grale \u00e0 la soci\u00e9t\u00e9 des <a href=\"https:\/\/www.humanium.org\/fr\/enfants-handicapes\/\">enfants handicap\u00e9s<\/a>, encourage les \u00ab&nbsp;programmes d&rsquo;action positive&nbsp;\u00bb conjointement \u00e0 d&rsquo;autres r\u00e9ponses (Council of Europe, 2013).<\/p>\n\n\n\n<p class=\"wp-block-paragraph\">En plus des outils juridiques disponibles, la discrimination est \u00e9galement combattue \u00e0 l&rsquo;aide d&rsquo;outils sociaux et humains. L&rsquo;\u00e9ducation est une composante essentielle de la lutte contre les pratiques et croyances discriminatoires. Dans le m\u00eame ordre d&rsquo;id\u00e9es, les programmes et les campagnes de sensibilisation jouent un r\u00f4le cl\u00e9 en sensibilisant les individus aux luttes et aux difficult\u00e9s auxquelles diff\u00e9rentes personnes peuvent \u00eatre confront\u00e9es.&nbsp;<\/p>\n\n\n\n<p class=\"wp-block-paragraph\">\u00c0 cet \u00e9gard, les jeunes se sont de plus en plus engag\u00e9s dans ces programmes, principalement par le biais des m\u00e9dias sociaux, en s&rsquo;engageant avec des jeunes du monde entier et en partageant leurs histoires. Selon l&rsquo;UNICEF, en moyenne au moins neuf personnes sur dix parmi les jeunes g\u00e9n\u00e9rations reconnaissent qu&rsquo;il est important de traiter les minorit\u00e9s de mani\u00e8re \u00e9gale (Unicef, 2022).<\/p>\n\n\n\n<p class=\"wp-block-paragraph\">Les organisations de la soci\u00e9t\u00e9 civile jouent un r\u00f4le cl\u00e9 dans le cadre de la lutte contre la discrimination et de la collecte de donn\u00e9es.&nbsp;<\/p>\n\n\n\n<p class=\"wp-block-paragraph\">Le travail de la soci\u00e9t\u00e9 civile s&rsquo;articule autour de trois axes :&nbsp;<\/p>\n\n\n\n<p class=\"wp-block-paragraph\">(1) Actions directes sur les violations des droits de l&rsquo;enfant et les manquements au niveau des dispositions ;<\/p>\n\n\n\n<p class=\"wp-block-paragraph\">(2) Renforcer la capacit\u00e9 des responsables \u00e0 remplir leurs obligations (politiques, pratiques et l\u00e9gislation), et ;<\/p>\n\n\n\n<p class=\"wp-block-paragraph\">(3) Renforcer la compr\u00e9hension et la capacit\u00e9 des enfants, de leurs tuteurs et de la soci\u00e9t\u00e9 civile \u00e0 revendiquer leurs droits et \u00e0 demander des comptes aux autres (Save the Children, 2014). Ces organisations sont importantes car elles donnent une voix aux communaut\u00e9s concern\u00e9es (les enfants) et comblent le foss\u00e9 qui les s\u00e9pare des d\u00e9cideurs.<\/p>\n\n\n\n<p class=\"wp-block-paragraph\"><em><strong>R\u00e9dig\u00e9 par L\u00e9a Allix&nbsp;<\/strong><\/em><\/p>\n\n\n\n<p class=\"wp-block-paragraph\"><em><strong>Relecture interne par Aditi Partha<\/strong><\/em><\/p>\n\n\n\n<p class=\"wp-block-paragraph\"><em><strong>Traduit par Vianney Placide Oyono<\/strong><\/em><\/p>\n\n\n\n<p class=\"wp-block-paragraph\"><em><strong>Relu par Victoria Ma\u00eetre Headdon<\/strong><\/em><\/p>\n\n\n\n<p class=\"wp-block-paragraph\"><em><strong>Derni\u00e8re mise \u00e0 jour le 6 juin 2023<\/strong><\/em><\/p>\n\n\n\n<h3 class=\"wp-block-heading\">Bibliographie :<\/h3>\n\n\n\n<p class=\"has-small-font-size wp-block-paragraph\">Council of Europe. (2013, October 16). Recommendation CM\/REC (2013) 2 of the Committee of Ministers to Member States on ensuring full inclusion of children and young persons with disabilities into society. Retrieved from <a href=\"https:\/\/search.coe.int\/cm\/Pages\/result_details.aspx?ObjectID=09000016805c75de\" target=\"_blank\" rel=\"noreferrer noopener\">https:\/\/search.coe.int\/cm\/Pages\/result_details.aspx?ObjectID=09000016805c75de<\/a><\/p>\n\n\n\n<p class=\"has-small-font-size wp-block-paragraph\">Council of Europe. (2022). <em>Handbook on European law relating to the rights of the child.<\/em> Retrieved from <a href=\"https:\/\/fra.europa.eu\/sites\/default\/files\/fra_uploads\/fra-coe-2022-handbook-child-rights_en.pdf\" target=\"_blank\" rel=\"noreferrer noopener\">https:\/\/fra.europa.eu\/sites\/default\/files\/fra_uploads\/fra-coe-2022-handbook-child-rights_en.pdf<\/a><\/p>\n\n\n\n<p class=\"has-small-font-size wp-block-paragraph\">Council of Europe. (n.d.). <em>Systemic Discrimination<\/em>. Retrieved May 10, 2023, from <a href=\"https:\/\/www.coe.int\/en\/web\/interculturalcities\/systemic-discrimination\" target=\"_blank\" rel=\"noreferrer noopener\">https:\/\/www.coe.int\/en\/web\/interculturalcities\/systemic-discrimination<\/a><\/p>\n\n\n\n<p class=\"has-small-font-size wp-block-paragraph\">Europe, C. o. (2023, May 26). <em>Children in vulnerable situations<\/em>. Retrieved from <a href=\"https:\/\/www.coe.int\/en\/web\/children\/anti-discrimination\" target=\"_blank\" rel=\"noreferrer noopener\">https:\/\/www.coe.int\/en\/web\/children\/anti-discrimination<\/a><\/p>\n\n\n\n<p class=\"has-small-font-size wp-block-paragraph\">Harvard Center, o. t. (n.d.). <em>How Racism can affect child developement<\/em>. Retrieved May 12, 2023, from <a href=\"https:\/\/harvardcenter.wpenginepowered.com\/wp-content\/uploads\/2020\/11\/RacismInfographic_2020.pdf\" target=\"_blank\" rel=\"noreferrer noopener\">https:\/\/harvardcenter.wpenginepowered.com\/wp-content\/uploads\/2020\/11\/RacismInfographic_2020.pdf<\/a><\/p>\n\n\n\n<p class=\"has-small-font-size wp-block-paragraph\">Lansdown, G. (2022). Article 2: The Right to Non-Discrimination. <em>Monitoring State complicant with the UN Convention on the Rights of the Child<\/em>, pp. 11-19. Retrieved from <a href=\"https:\/\/link.springer.com\/chapter\/10.1007\/978-3-030-84647-3_2\" target=\"_blank\" rel=\"noreferrer noopener\">https:\/\/link.springer.com\/chapter\/10.1007\/978-3-030-84647-3_2<\/a><\/p>\n\n\n\n<p class=\"has-small-font-size wp-block-paragraph\">Save the Children. (2014). <em>Making it Equal: a guide to non-discrimination.<\/em> Retrieved May 02, 2023, from <a href=\"https:\/\/docs.google.com\/viewerng\/viewer?url=https:\/\/dylbw5db8047o.cloudfront.net\/uploads\/making20it20equal_web.pdf\" target=\"_blank\" rel=\"noreferrer noopener\">https:\/\/docs.google.com\/viewerng\/viewer?url=https:\/\/dylbw5db8047o.cloudfront.net\/uploads\/making20it20equal_web.pdf<\/a><\/p>\n\n\n\n<p class=\"has-small-font-size wp-block-paragraph\">UN Human Rights Committee. (1989, November 21). CCPR General Comment No 18 (1989) non-discrimination, CCPR\/C\/21\/Rev.1\/Add1. Retrieved from <a href=\"https:\/\/digitallibrary.un.org\/record\/84170?ln=en\" target=\"_blank\" rel=\"noreferrer noopener\">https:\/\/digitallibrary.un.org\/record\/84170?ln=en<\/a><\/p>\n\n\n\n<p class=\"has-small-font-size wp-block-paragraph\">Unicef. (2022). <em>Rights Denied- The impact of discrimination on children.<\/em> Retrieved May 21, 2022, from <a href=\"https:\/\/www.unicef.org\/media\/130801\/file\/rights-denied-discrimination-children-EN.pdf\" target=\"_blank\" rel=\"noreferrer noopener\">https:\/\/www.unicef.org\/media\/130801\/file\/rights-denied-discrimination-children-EN.pdf<\/a><\/p>\n\n\n\n<p class=\"has-small-font-size wp-block-paragraph\">Wellbeing, C. a. (2020, July 23). <em>Experience of discrimination<\/em>. Retrieved May 26, 2023, from https:\/\/www.childyouthwellbeing.govt.nz: https:\/\/www.childyouthwellbeing.govt.nz\/measuring-success\/indicators\/experience-discrimination#:~:text=Experiencing%20discrimination%20can%20cause%20children,and%20other%20negative%20health%20outcomes.<\/p>\n","protected":false},"excerpt":{"rendered":"<p>Le droit \u00e0 la non-discrimination est un droit \u00e0 la fois complexe et fondamental, qui constitue la cl\u00e9 de vo\u00fbte du processus de mise en \u0153uvre des droits humains. La Convention internationale des droits de l\u2019enfant repose sur ces id\u00e9aux. Alors que tous les enfants devraient \u00eatre trait\u00e9s, prot\u00e9g\u00e9s et pris en charge de la [&hellip;]<\/p>\n","protected":false},"author":65,"featured_media":56541,"parent":0,"menu_order":0,"comment_status":"closed","ping_status":"closed","template":"","meta":{"footnotes":""},"class_list":["post-2112","page","type-page","status-publish","has-post-thumbnail","hentry"],"yoast_head":"<!-- This site is optimized with the Yoast SEO plugin v28.3 - https:\/\/yoast.com\/product\/yoast-seo-wordpress\/ -->\n<title>Non-discrimination - Humanium<\/title>\n<meta name=\"description\" content=\"Alors que tous les enfants devraient \u00eatre prot\u00e9g\u00e9s et pris en charge de la m\u00eame mani\u00e8re, de nombreux enfants sont actuellement victimes de discrimination.\" \/>\n<meta name=\"robots\" content=\"index, follow, max-snippet:-1, max-image-preview:large, max-video-preview:-1\" \/>\n<link rel=\"canonical\" href=\"https:\/\/www.humanium.org\/fr\/droit-non-discrimination\/\" \/>\n<meta property=\"og:locale\" content=\"fr_FR\" \/>\n<meta property=\"og:type\" content=\"article\" \/>\n<meta property=\"og:title\" content=\"Non-discrimination - Humanium\" \/>\n<meta property=\"og:description\" content=\"Alors que tous les enfants devraient \u00eatre prot\u00e9g\u00e9s et pris en charge de la m\u00eame mani\u00e8re, de nombreux enfants sont actuellement victimes de discrimination.\" \/>\n<meta property=\"og:url\" content=\"https:\/\/www.humanium.org\/fr\/droit-non-discrimination\/\" \/>\n<meta property=\"og:site_name\" content=\"Humanium\" \/>\n<meta property=\"article:modified_time\" content=\"2025-12-10T02:58:58+00:00\" \/>\n<meta property=\"og:image\" content=\"https:\/\/www.humanium.org\/fr\/wp-content\/uploads\/2024\/02\/shutterstock_1661078926-scaled.jpg\" \/>\n\t<meta property=\"og:image:width\" content=\"2560\" \/>\n\t<meta property=\"og:image:height\" content=\"1714\" \/>\n\t<meta property=\"og:image:type\" content=\"image\/jpeg\" \/>\n<meta name=\"twitter:card\" content=\"summary_large_image\" \/>\n<meta name=\"twitter:label1\" content=\"Dur\u00e9e de lecture estim\u00e9e\" \/>\n\t<meta name=\"twitter:data1\" content=\"15 minutes\" \/>\n<script type=\"application\/ld+json\" class=\"yoast-schema-graph\">{\"@context\":\"https:\\\/\\\/schema.org\",\"@graph\":[{\"@type\":\"WebPage\",\"@id\":\"https:\\\/\\\/www.humanium.org\\\/fr\\\/droit-non-discrimination\\\/\",\"url\":\"https:\\\/\\\/www.humanium.org\\\/fr\\\/droit-non-discrimination\\\/\",\"name\":\"Non-discrimination - Humanium\",\"isPartOf\":{\"@id\":\"https:\\\/\\\/www.humanium.org\\\/fr\\\/#website\"},\"primaryImageOfPage\":{\"@id\":\"https:\\\/\\\/www.humanium.org\\\/fr\\\/droit-non-discrimination\\\/#primaryimage\"},\"image\":{\"@id\":\"https:\\\/\\\/www.humanium.org\\\/fr\\\/droit-non-discrimination\\\/#primaryimage\"},\"thumbnailUrl\":\"https:\\\/\\\/www.humanium.org\\\/fr\\\/wp-content\\\/uploads\\\/2024\\\/02\\\/shutterstock_1661078926-scaled.jpg\",\"datePublished\":\"2010-07-21T15:05:11+00:00\",\"dateModified\":\"2025-12-10T02:58:58+00:00\",\"description\":\"Alors que tous les enfants devraient \u00eatre prot\u00e9g\u00e9s et pris en charge de la m\u00eame mani\u00e8re, de nombreux enfants sont actuellement victimes de discrimination.\",\"breadcrumb\":{\"@id\":\"https:\\\/\\\/www.humanium.org\\\/fr\\\/droit-non-discrimination\\\/#breadcrumb\"},\"inLanguage\":\"fr-FR\",\"potentialAction\":[{\"@type\":\"ReadAction\",\"target\":[\"https:\\\/\\\/www.humanium.org\\\/fr\\\/droit-non-discrimination\\\/\"]}]},{\"@type\":\"ImageObject\",\"inLanguage\":\"fr-FR\",\"@id\":\"https:\\\/\\\/www.humanium.org\\\/fr\\\/droit-non-discrimination\\\/#primaryimage\",\"url\":\"https:\\\/\\\/www.humanium.org\\\/fr\\\/wp-content\\\/uploads\\\/2024\\\/02\\\/shutterstock_1661078926-scaled.jpg\",\"contentUrl\":\"https:\\\/\\\/www.humanium.org\\\/fr\\\/wp-content\\\/uploads\\\/2024\\\/02\\\/shutterstock_1661078926-scaled.jpg\",\"width\":2560,\"height\":1714},{\"@type\":\"BreadcrumbList\",\"@id\":\"https:\\\/\\\/www.humanium.org\\\/fr\\\/droit-non-discrimination\\\/#breadcrumb\",\"itemListElement\":[{\"@type\":\"ListItem\",\"position\":1,\"name\":\"Home\",\"item\":\"https:\\\/\\\/www.humanium.org\\\/fr\\\/\"},{\"@type\":\"ListItem\",\"position\":2,\"name\":\"Non-discrimination\"}]},{\"@type\":\"WebSite\",\"@id\":\"https:\\\/\\\/www.humanium.org\\\/fr\\\/#website\",\"url\":\"https:\\\/\\\/www.humanium.org\\\/fr\\\/\",\"name\":\"Humanium\",\"description\":\"Les enfants d\u2019abord !\",\"potentialAction\":[{\"@type\":\"SearchAction\",\"target\":{\"@type\":\"EntryPoint\",\"urlTemplate\":\"https:\\\/\\\/www.humanium.org\\\/fr\\\/?s={search_term_string}\"},\"query-input\":{\"@type\":\"PropertyValueSpecification\",\"valueRequired\":true,\"valueName\":\"search_term_string\"}}],\"inLanguage\":\"fr-FR\"}]}<\/script>\n<!-- \/ Yoast SEO plugin. -->","yoast_head_json":{"title":"Non-discrimination - Humanium","description":"Alors que tous les enfants devraient \u00eatre prot\u00e9g\u00e9s et pris en charge de la m\u00eame mani\u00e8re, de nombreux enfants sont actuellement victimes de discrimination.","robots":{"index":"index","follow":"follow","max-snippet":"max-snippet:-1","max-image-preview":"max-image-preview:large","max-video-preview":"max-video-preview:-1"},"canonical":"https:\/\/www.humanium.org\/fr\/droit-non-discrimination\/","og_locale":"fr_FR","og_type":"article","og_title":"Non-discrimination - Humanium","og_description":"Alors que tous les enfants devraient \u00eatre prot\u00e9g\u00e9s et pris en charge de la m\u00eame mani\u00e8re, de nombreux enfants sont actuellement victimes de discrimination.","og_url":"https:\/\/www.humanium.org\/fr\/droit-non-discrimination\/","og_site_name":"Humanium","article_modified_time":"2025-12-10T02:58:58+00:00","og_image":[{"width":2560,"height":1714,"url":"https:\/\/www.humanium.org\/fr\/wp-content\/uploads\/2024\/02\/shutterstock_1661078926-scaled.jpg","type":"image\/jpeg"}],"twitter_card":"summary_large_image","twitter_misc":{"Dur\u00e9e de lecture estim\u00e9e":"15 minutes"},"schema":{"@context":"https:\/\/schema.org","@graph":[{"@type":"WebPage","@id":"https:\/\/www.humanium.org\/fr\/droit-non-discrimination\/","url":"https:\/\/www.humanium.org\/fr\/droit-non-discrimination\/","name":"Non-discrimination - Humanium","isPartOf":{"@id":"https:\/\/www.humanium.org\/fr\/#website"},"primaryImageOfPage":{"@id":"https:\/\/www.humanium.org\/fr\/droit-non-discrimination\/#primaryimage"},"image":{"@id":"https:\/\/www.humanium.org\/fr\/droit-non-discrimination\/#primaryimage"},"thumbnailUrl":"https:\/\/www.humanium.org\/fr\/wp-content\/uploads\/2024\/02\/shutterstock_1661078926-scaled.jpg","datePublished":"2010-07-21T15:05:11+00:00","dateModified":"2025-12-10T02:58:58+00:00","description":"Alors que tous les enfants devraient \u00eatre prot\u00e9g\u00e9s et pris en charge de la m\u00eame mani\u00e8re, de nombreux enfants sont actuellement victimes de discrimination.","breadcrumb":{"@id":"https:\/\/www.humanium.org\/fr\/droit-non-discrimination\/#breadcrumb"},"inLanguage":"fr-FR","potentialAction":[{"@type":"ReadAction","target":["https:\/\/www.humanium.org\/fr\/droit-non-discrimination\/"]}]},{"@type":"ImageObject","inLanguage":"fr-FR","@id":"https:\/\/www.humanium.org\/fr\/droit-non-discrimination\/#primaryimage","url":"https:\/\/www.humanium.org\/fr\/wp-content\/uploads\/2024\/02\/shutterstock_1661078926-scaled.jpg","contentUrl":"https:\/\/www.humanium.org\/fr\/wp-content\/uploads\/2024\/02\/shutterstock_1661078926-scaled.jpg","width":2560,"height":1714},{"@type":"BreadcrumbList","@id":"https:\/\/www.humanium.org\/fr\/droit-non-discrimination\/#breadcrumb","itemListElement":[{"@type":"ListItem","position":1,"name":"Home","item":"https:\/\/www.humanium.org\/fr\/"},{"@type":"ListItem","position":2,"name":"Non-discrimination"}]},{"@type":"WebSite","@id":"https:\/\/www.humanium.org\/fr\/#website","url":"https:\/\/www.humanium.org\/fr\/","name":"Humanium","description":"Les enfants d\u2019abord !","potentialAction":[{"@type":"SearchAction","target":{"@type":"EntryPoint","urlTemplate":"https:\/\/www.humanium.org\/fr\/?s={search_term_string}"},"query-input":{"@type":"PropertyValueSpecification","valueRequired":true,"valueName":"search_term_string"}}],"inLanguage":"fr-FR"}]}},"_links":{"self":[{"href":"https:\/\/www.humanium.org\/fr\/wp-json\/wp\/v2\/pages\/2112","targetHints":{"allow":["GET"]}}],"collection":[{"href":"https:\/\/www.humanium.org\/fr\/wp-json\/wp\/v2\/pages"}],"about":[{"href":"https:\/\/www.humanium.org\/fr\/wp-json\/wp\/v2\/types\/page"}],"author":[{"embeddable":true,"href":"https:\/\/www.humanium.org\/fr\/wp-json\/wp\/v2\/users\/65"}],"replies":[{"embeddable":true,"href":"https:\/\/www.humanium.org\/fr\/wp-json\/wp\/v2\/comments?post=2112"}],"version-history":[{"count":18,"href":"https:\/\/www.humanium.org\/fr\/wp-json\/wp\/v2\/pages\/2112\/revisions"}],"predecessor-version":[{"id":61409,"href":"https:\/\/www.humanium.org\/fr\/wp-json\/wp\/v2\/pages\/2112\/revisions\/61409"}],"wp:featuredmedia":[{"embeddable":true,"href":"https:\/\/www.humanium.org\/fr\/wp-json\/wp\/v2\/media\/56541"}],"wp:attachment":[{"href":"https:\/\/www.humanium.org\/fr\/wp-json\/wp\/v2\/media?parent=2112"}],"curies":[{"name":"wp","href":"https:\/\/api.w.org\/{rel}","templated":true}]}}