{"id":21400,"date":"2012-07-05T09:56:47","date_gmt":"2012-07-05T09:56:47","guid":{"rendered":"http:\/\/www.humanium.org\/fr\/?page_id=21400"},"modified":"2025-12-10T02:43:22","modified_gmt":"2025-12-10T02:43:22","slug":"paraguay","status":"publish","type":"page","link":"https:\/\/www.humanium.org\/fr\/paraguay\/","title":{"rendered":"Enfants du Paraguay"},"content":{"rendered":"\n<h2 class=\"wp-block-heading\">Concr\u00e9tiser les droits de l&rsquo;enfant au Paraguay<\/h2>\n\n\n\n<div class=\"wp-block-columns is-layout-flex wp-container-core-columns-is-layout-8f761849 wp-block-columns-is-layout-flex\">\n<div class=\"wp-block-column is-layout-flow wp-block-column-is-layout-flow\"><div class=\"wp-block-image is-style-rounded\">\n<figure class=\"aligncenter size-full is-resized\"><img loading=\"lazy\" decoding=\"async\" width=\"400\" height=\"400\" src=\"https:\/\/www.humanium.org\/fr\/wp-content\/uploads\/2023\/06\/Shutterstock_1503601280.jpg\" alt=\"\" class=\"wp-image-55212\" style=\"width:200px;height:200px\" srcset=\"https:\/\/www.humanium.org\/fr\/wp-content\/uploads\/2023\/06\/Shutterstock_1503601280.jpg 400w, https:\/\/www.humanium.org\/fr\/wp-content\/uploads\/2023\/06\/Shutterstock_1503601280-300x300.jpg 300w, https:\/\/www.humanium.org\/fr\/wp-content\/uploads\/2023\/06\/Shutterstock_1503601280-150x150.jpg 150w, https:\/\/www.humanium.org\/fr\/wp-content\/uploads\/2023\/06\/Shutterstock_1503601280-230x230.jpg 230w, https:\/\/www.humanium.org\/fr\/wp-content\/uploads\/2023\/06\/Shutterstock_1503601280-350x350.jpg 350w\" sizes=\"auto, (max-width: 400px) 100vw, 400px\" \/><\/figure>\n<\/div><\/div>\n\n\n\n<div class=\"wp-block-column is-layout-flow wp-block-column-is-layout-flow\"><div class=\"wp-block-image is-style-rounded\">\n<figure class=\"aligncenter size-full is-resized\"><img loading=\"lazy\" decoding=\"async\" width=\"400\" height=\"400\" src=\"https:\/\/www.humanium.org\/fr\/wp-content\/uploads\/2023\/06\/Shutterstock_2181787145-1.jpg\" alt=\"\" class=\"wp-image-55213\" style=\"width:200px;height:200px\" srcset=\"https:\/\/www.humanium.org\/fr\/wp-content\/uploads\/2023\/06\/Shutterstock_2181787145-1.jpg 400w, https:\/\/www.humanium.org\/fr\/wp-content\/uploads\/2023\/06\/Shutterstock_2181787145-1-300x300.jpg 300w, https:\/\/www.humanium.org\/fr\/wp-content\/uploads\/2023\/06\/Shutterstock_2181787145-1-150x150.jpg 150w, https:\/\/www.humanium.org\/fr\/wp-content\/uploads\/2023\/06\/Shutterstock_2181787145-1-230x230.jpg 230w, https:\/\/www.humanium.org\/fr\/wp-content\/uploads\/2023\/06\/Shutterstock_2181787145-1-350x350.jpg 350w\" sizes=\"auto, (max-width: 400px) 100vw, 400px\" \/><\/figure>\n<\/div><\/div>\n<\/div>\n\n\n\n<p class=\"wp-block-paragraph\"><strong>Le Paraguay est un pays enclav\u00e9 situ\u00e9 dans la partie nord de l&rsquo;Am\u00e9rique du Sud. Sur une population de 7,3 millions d&rsquo;habitants, 35 % sont des enfants. Les principaux probl\u00e8mes qui touchent les enfants du Paraguay sont li\u00e9s \u00e0 la pauvret\u00e9 g\u00e9n\u00e9ralis\u00e9e dans le pays, point d&rsquo;entr\u00e9e qui m\u00e8ne \u00e0 plusieurs autres facteurs de risque, tels que le travail des enfants, le tourisme sexuel impliquant des enfants, le mariage d\u2019enfants, l&rsquo;abandon scolaire pr\u00e9coce et la malnutrition.<\/strong><\/p>\n\n\n\n<iframe src=\"https:\/\/www.google.com\/maps\/embed?pb=!1m18!1m12!1m3!1d7500075.602669734!2d-62.94569839311411!3d-23.382924463102196!2m3!1f0!2f0!3f0!3m2!1i1024!2i768!4f13.1!3m3!1m2!1s0x945c083490f13d63%3A0xb3faff611d582ef3!2sParaguay!5e0!3m2!1sen!2spt!4v1687560690173!5m2!1sen!2spt\" width=\"600\" height=\"450\" style=\"border:0;\" allowfullscreen=\"\" loading=\"lazy\" referrerpolicy=\"no-referrer-when-downgrade\"><\/iframe>\n\n\n\n<div class=\"wp-block-columns is-layout-flex wp-container-core-columns-is-layout-8f761849 wp-block-columns-is-layout-flex\">\n<div class=\"wp-block-column is-layout-flow wp-block-column-is-layout-flow\">\n<p class=\"wp-block-paragraph\"><strong>Population :<\/strong>&nbsp;&nbsp;7,3 millions<br><strong>Pop. de 0 \u00e0 14 ans :<\/strong>&nbsp;29 %<\/p>\n<\/div>\n\n\n\n<div class=\"wp-block-column is-layout-flow wp-block-column-is-layout-flow\">\n<p class=\"wp-block-paragraph\"><strong>Esp\u00e9rance de vie :<\/strong>&nbsp;74 ans<br><strong>Mortalit\u00e9 des moins de 5 ans :<\/strong>&nbsp;19 \u2030<\/p>\n<\/div>\n<\/div>\n\n\n\n<h2 class=\"wp-block-heading\"><strong>Le Paraguay en un coup d&rsquo;\u0153il&nbsp;&nbsp;&nbsp;&nbsp;&nbsp;&nbsp;&nbsp;&nbsp;&nbsp;<\/strong><\/h2>\n\n\n\n<p class=\"wp-block-paragraph\">Le Paraguay est un pays enclav\u00e9 situ\u00e9 dans la partie nord de l&rsquo;<a href=\"https:\/\/www.humanium.org\/fr\/ameriques\/\">Am\u00e9rique<\/a> du Sud<a href=\"https:\/\/www.humanium.org\/en\/americas\/\"> <\/a>. Il est voisin de <a href=\"https:\/\/www.humanium.org\/fr\/argentine\/\">l&rsquo;Argentine<\/a> au sud et au sud-ouest, du Br\u00e9sil \u00e0 l&rsquo;est et au nord-est et de la <a href=\"https:\/\/www.humanium.org\/fr\/bolivie\/\">Bolivie<\/a> au nord-ouest. Sur une population estim\u00e9e \u00e0 7,3 millions d&rsquo;habitants, pr\u00e8s de 63 % vivent dans des zones urbaines et 37 % dans des zones rurales (UNICEF, 2021).<\/p>\n\n\n\n<p class=\"wp-block-paragraph\">La proportion de personnes qui vivent dans la <a href=\"https:\/\/www.humanium.org\/fr\/pauvrete\/\">pauvret\u00e9<\/a> est pass\u00e9e de 24 % en 2019 \u00e0 27&nbsp;% en 2020. Les personnes qui vivent en de\u00e7\u00e0 du seuil de <a href=\"https:\/\/www.humanium.org\/fr\/pauvrete\/\">pauvret\u00e9<\/a> repr\u00e9sentaient 0,8&nbsp;% en 2020 (Banque mondiale, 2022). La pauvret\u00e9 rurale reste plus \u00e9lev\u00e9e que la pauvret\u00e9 urbaine (34&nbsp;% contre 23&nbsp;%) (UNICEF, 2021). Selon l&rsquo;Institut national des statistiques (INE, 2020), la pauvret\u00e9 infantile a augment\u00e9 de 33&nbsp;% \u00e0 36&nbsp;% entre 2019 et 2020. <\/p>\n\n\n\n<p class=\"wp-block-paragraph\">En 2020, le gouvernement a prioris\u00e9 des investissements dans les secteurs de la sant\u00e9 et de l&rsquo;\u00e9conomie. Les investissements publics en faveur des enfants repr\u00e9sentaient 4,7&nbsp;% du PIB et la plupart d&rsquo;entre eux \u00e9taient consacr\u00e9s \u00e0 l\u2019 <a href=\"https:\/\/www.humanium.org\/fr\/comprendre-droits-enfant\/droit-a-l-education\/\">\u00e9ducation<\/a> et \u00e0 la<a href=\"https:\/\/www.humanium.org\/en\/health-2\/\"> <\/a>sant\u00e9.<\/p>\n\n\n\n<p class=\"wp-block-paragraph\">Au Paraguay, la population d&rsquo;enfants repr\u00e9sente 35&nbsp;% (2,5&nbsp;millions) et se compose de 667&nbsp;000 enfants \u00e2g\u00e9s de 0 \u00e0 4 ans, 720&nbsp;000 enfants \u00e2g\u00e9s de 5 \u00e0 9 ans, 685&nbsp;000 enfants \u00e2g\u00e9s de 10 \u00e0 14 ans et 438&nbsp;000 enfants \u00e2g\u00e9s de 15 \u00e0 17 ans (INE, 2020).&nbsp;<\/p>\n\n\n\n<p class=\"wp-block-paragraph\">Le Paraguay a une population plus homog\u00e8ne que la plupart des autres pays d&rsquo;Am\u00e9rique du Sud. La plupart des Paraguayens sont d&rsquo;ascendance europ\u00e9enne ou guaranie. La culture guaranie est fortement repr\u00e9sent\u00e9e dans l&rsquo;art populaire et les festivals, et le guarani a \u00e9t\u00e9 d\u00e9sign\u00e9 comme langue officielle du Paraguay dans la constitution du pays en 1992. C&rsquo;est une question de fiert\u00e9 nationale pour les Paraguayens de converser en guarani, qui agit comme un marqueur fort de leur identit\u00e9 (Encyclopedia Britannica, 2022).<\/p>\n\n\n\n<h2 class=\"wp-block-heading\"><strong>\u00c9tat des droits de l&rsquo;enfant <a href=\"#_ftn1\"><strong>[1]<\/strong><\/a><\/strong><\/h2>\n\n\n<div class=\"wp-block-image\">\n<figure class=\"alignleft size-large is-resized\"><img loading=\"lazy\" decoding=\"async\" width=\"1024\" height=\"672\" src=\"https:\/\/www.humanium.org\/fr\/wp-content\/uploads\/2023\/06\/shutterstock_1171893268-1024x672.jpg\" alt=\"\" class=\"wp-image-55215\" style=\"width:303px;height:199px\" srcset=\"https:\/\/www.humanium.org\/fr\/wp-content\/uploads\/2023\/06\/shutterstock_1171893268-1024x672.jpg 1024w, https:\/\/www.humanium.org\/fr\/wp-content\/uploads\/2023\/06\/shutterstock_1171893268-300x197.jpg 300w, https:\/\/www.humanium.org\/fr\/wp-content\/uploads\/2023\/06\/shutterstock_1171893268-768x504.jpg 768w, https:\/\/www.humanium.org\/fr\/wp-content\/uploads\/2023\/06\/shutterstock_1171893268-1536x1008.jpg 1536w, https:\/\/www.humanium.org\/fr\/wp-content\/uploads\/2023\/06\/shutterstock_1171893268-2048x1344.jpg 2048w, https:\/\/www.humanium.org\/fr\/wp-content\/uploads\/2023\/06\/shutterstock_1171893268-830x545.jpg 830w, https:\/\/www.humanium.org\/fr\/wp-content\/uploads\/2023\/06\/shutterstock_1171893268-230x151.jpg 230w, https:\/\/www.humanium.org\/fr\/wp-content\/uploads\/2023\/06\/shutterstock_1171893268-350x230.jpg 350w, https:\/\/www.humanium.org\/fr\/wp-content\/uploads\/2023\/06\/shutterstock_1171893268-480x315.jpg 480w\" sizes=\"auto, (max-width: 1024px) 100vw, 1024px\" \/><\/figure>\n<\/div>\n\n\n<p class=\"wp-block-paragraph\">Le Paraguay est l&rsquo;un des pays les plus pauvres du <a href=\"https:\/\/www.humanium.org\/fr\/ameriques\/\">continent am\u00e9ricain<\/a>. Pr\u00e8s de 40&nbsp;% de la population vit plong\u00e9 dans la<a href=\"https:\/\/www.humanium.org\/en\/poverty\/\"> <\/a><a href=\"https:\/\/www.humanium.org\/fr\/pauvrete\/\">pauvret\u00e9<\/a>. Beaucoup d\u2019entre eux ne disposent pas d&rsquo;installations sanitaires, d&rsquo;<a href=\"https:\/\/www.humanium.org\/fr\/comprendre-droits-enfant\/droit-a-l-eau\/\">eau<\/a> potable<a href=\"https:\/\/www.humanium.org\/en\/water\/\"> <\/a>, d&rsquo;\u00e9lectricit\u00e9 et de logements salubres. Le pays est actuellement class\u00e9 111e selon l&rsquo;indice du d\u00e9veloppement humain (IDH) des Nations unies, un indice qui \u00e9value le d\u00e9veloppement d&rsquo;un pays en fonction de trois indicateurs cl\u00e9s :<a href=\"https:\/\/www.humanium.org\/en\/health-2\/\"> <\/a>la sant\u00e9,<a href=\"https:\/\/www.humanium.org\/en\/poverty\/\"> <\/a>les <a href=\"https:\/\/www.humanium.org\/fr\/pauvrete\/\">revenus<\/a> et<a href=\"https:\/\/www.humanium.org\/en\/right-to-education\/\"> <\/a>l&rsquo;<a href=\"https:\/\/www.humanium.org\/fr\/comprendre-droits-enfant\/droit-a-l-education\/\">\u00e9ducation<\/a> (SOS Children&rsquo;s Villages, 2022).<\/p>\n\n\n\n<p class=\"wp-block-paragraph\">Les enfants souffrent d\u2019un manque d&rsquo;acc\u00e8s aux soins de sant\u00e9, \u00e0 une alimentation ad\u00e9quate, \u00e0 l&rsquo;\u00e9ducation et \u00e0 un abri. Comme indiqu\u00e9 ci-dessus, la pauvret\u00e9 en reste la cause premi\u00e8re. Les personnes qui vivent en de\u00e7\u00e0 du seuil de pauvret\u00e9 repr\u00e9sentent 0,8&nbsp;% de la population en 2020 (Banque mondiale, 2022) et la pauvret\u00e9 rurale continue d&rsquo;\u00eatre plus \u00e9lev\u00e9e que la pauvret\u00e9 urbaine (34&nbsp;% contre 23&nbsp;%) (UNICEF, 2021). La pauvret\u00e9 est \u00e9galement responsable de la perp\u00e9tration de<a href=\"https:\/\/www.humanium.org\/en\/violence\/\"> <\/a><a href=\"https:\/\/www.humanium.org\/fr\/violences\/\">pratiques n\u00e9fastes<\/a>, telles que<a href=\"https:\/\/www.humanium.org\/en\/child-labour\/\"> <\/a><a href=\"https:\/\/www.humanium.org\/fr\/travail-des-enfants\/\">le travail des enfants<\/a>,<a href=\"https:\/\/www.humanium.org\/en\/child-marriage\/\"> <\/a><a href=\"https:\/\/www.humanium.org\/fr\/mariage-enfants\/\">le mariage<\/a> et les grossesses <a href=\"https:\/\/www.humanium.org\/fr\/mariage-enfants\/\">pr\u00e9coces<\/a>, ainsi que la<a href=\"https:\/\/www.humanium.org\/en\/violence\/\"> <\/a><a href=\"https:\/\/www.humanium.org\/fr\/violences\/\">violence<\/a>.<\/p>\n\n\n\n<p class=\"wp-block-paragraph\">Le Paraguay a sign\u00e9 plusieurs trait\u00e9s internationaux qui visent \u00e0 prot\u00e9ger le bien-\u00eatre des enfants et \u00e0 sauvegarder leurs droits. Par exemple, le Paraguay a ratifi\u00e9 la <a href=\"https:\/\/www.humanium.org\/fr\/convention\/\">Convention des droits de l&rsquo;enfant<\/a> en 1990 et a \u00e9galement adopt\u00e9 le <a href=\"https:\/\/www.humanium.org\/fr\/normes\/protocole-facultatif-cide-enfants-dans-conflits-armes\/\">Protocole facultatif concernant l&rsquo;implication d&rsquo;enfants dans les conflits arm\u00e9s<\/a> en 2002 et le <a href=\"https:\/\/www.humanium.org\/fr\/normes\/protocole-facultatif-cide-vente-prostitution-pornographie-enfants\/\">Protocole facultatif concernant la vente d&rsquo;enfants, la prostitution des enfants et la pornographie mettant en sc\u00e8ne des enfants<\/a> en 2003 (OHCHR, 2022).&nbsp;<\/p>\n\n\n\n<p class=\"wp-block-paragraph\">De plus, en 1990, le Paraguay a d\u00e9cid\u00e9 d&rsquo;adopter la Convention contre la torture et autres peines ou traitements cruels, inhumains ou d\u00e9gradants, ainsi que le Protocole facultatif de la Convention contre la torture en 2005 (HCDH, 2022). Enfin, afin de prot\u00e9ger les plus vuln\u00e9rables, notamment les filles et les enfants handicap\u00e9s, le Paraguay a sign\u00e9 en 1987 la Convention sur l&rsquo;abolition de toute forme de discrimination \u00e0 l&rsquo;\u00e9gard des femmes et a adopt\u00e9 en 2008 la Convention relative aux droits des personnes handicap\u00e9es (HCDH, 2022).&nbsp;<\/p>\n\n\n\n<p class=\"wp-block-paragraph\">Malgr\u00e9 quelques am\u00e9liorations g\u00e9n\u00e9rales des conditions de vie des enfants depuis l&rsquo;adoption de la <a href=\"https:\/\/www.humanium.org\/fr\/convention\/\">Convention sur les droits de l&rsquo;enfant<\/a> en 1990, le Paraguay est encore loin d&rsquo;atteindre des am\u00e9liorations significatives en mati\u00e8re de droits et de protection des enfants. <strong>&nbsp;<\/strong><\/p>\n\n\n\n<h2 class=\"wp-block-heading\"><strong>R\u00e9pondre aux besoins des enfants<\/strong><\/h2>\n\n\n\n<h3 class=\"wp-block-heading\"><strong>Droit \u00e0 la sant\u00e9<\/strong><\/h3>\n\n\n\n<p class=\"wp-block-paragraph\">Le taux de mortalit\u00e9 maternelle pour 100 000 habitants est pass\u00e9 de 162 en 2000 \u00e0 68 en 2019, et la <a href=\"https:\/\/www.humanium.org\/fr\/mortalite-infantile\/\">mortalit\u00e9 n\u00e9onatale<\/a><a href=\"https:\/\/www.humanium.org\/en\/infant-mortality\/\"> <\/a>est pass\u00e9e de 10,9 \u00e0 8,4 pour 1 000. Selon le Minist\u00e8re de la sant\u00e9,<a href=\"https:\/\/www.humanium.org\/en\/the-impact-of-the-covid-19-pandemic-on-child-mortality-and-its-collateral-damage\/\"> <\/a><a href=\"https:\/\/www.humanium.org\/fr\/limpact-de-la-pandemie-de-covid-19-sur-la-mortalite-infantile-et-ses-dommages-collateraux\/\">les complications li\u00e9es au COVID-19<\/a> ont caus\u00e9 62&nbsp;% des d\u00e9c\u00e8s maternels au cours du premier semestre de 2021. Seulement la moiti\u00e9 des nouveau-n\u00e9s ont \u00e9t\u00e9 nourris au sein dans l&rsquo;heure qui suit la naissance, et seulement 31&nbsp;% des enfants de moins de 6 mois ont b\u00e9n\u00e9fici\u00e9 d&rsquo;un allaitement exclusif (UNICEF, 2021).<\/p>\n\n\n\n<p class=\"wp-block-paragraph\">En 2020,<a href=\"https:\/\/www.humanium.org\/en\/infant-mortality\/\"> <\/a><a href=\"https:\/\/www.humanium.org\/fr\/mortalite-infantile\/\">l&rsquo;insuffisance pond\u00e9rale chez les enfants de moins de 5 ans<\/a> \u00e9tait de 5,3&nbsp;%, tandis que la maigreur extr\u00eame touchait 5,6&nbsp;% et le retard de croissance 12,7&nbsp;%, avec de plus grandes cons\u00e9quences chez les enfants de sexe masculin et dans les zones rurales. <\/p>\n\n\n<div class=\"wp-block-image\">\n<figure class=\"alignright size-large is-resized\"><img loading=\"lazy\" decoding=\"async\" width=\"1024\" height=\"683\" src=\"https:\/\/www.humanium.org\/fr\/wp-content\/uploads\/2023\/06\/shutterstock_475487914-1024x683.jpg\" alt=\"\" class=\"wp-image-55216\" style=\"width:268px;height:179px\" srcset=\"https:\/\/www.humanium.org\/fr\/wp-content\/uploads\/2023\/06\/shutterstock_475487914-1024x683.jpg 1024w, https:\/\/www.humanium.org\/fr\/wp-content\/uploads\/2023\/06\/shutterstock_475487914-300x200.jpg 300w, https:\/\/www.humanium.org\/fr\/wp-content\/uploads\/2023\/06\/shutterstock_475487914-768x512.jpg 768w, https:\/\/www.humanium.org\/fr\/wp-content\/uploads\/2023\/06\/shutterstock_475487914-1536x1024.jpg 1536w, https:\/\/www.humanium.org\/fr\/wp-content\/uploads\/2023\/06\/shutterstock_475487914-2048x1365.jpg 2048w, https:\/\/www.humanium.org\/fr\/wp-content\/uploads\/2023\/06\/shutterstock_475487914-830x553.jpg 830w, https:\/\/www.humanium.org\/fr\/wp-content\/uploads\/2023\/06\/shutterstock_475487914-230x153.jpg 230w, https:\/\/www.humanium.org\/fr\/wp-content\/uploads\/2023\/06\/shutterstock_475487914-350x233.jpg 350w, https:\/\/www.humanium.org\/fr\/wp-content\/uploads\/2023\/06\/shutterstock_475487914-480x320.jpg 480w, https:\/\/www.humanium.org\/fr\/wp-content\/uploads\/2023\/06\/shutterstock_475487914-272x182.jpg 272w\" sizes=\"auto, (max-width: 1024px) 100vw, 1024px\" \/><\/figure>\n<\/div>\n\n\n<p class=\"wp-block-paragraph\">D&rsquo;autre part, 15 % des enfants \u00e9taient en <a href=\"https:\/\/www.humanium.org\/fr\/comprendre-droits-enfant\/droit-a-l-alimentation\/malnutrition\/\">surpoids <\/a>et l&rsquo;ob\u00e9sit\u00e9 touchait 7,2 % des enfants. Il convient de noter que le taux d&rsquo;ob\u00e9sit\u00e9 \u00e9tait plus \u00e9lev\u00e9 chez les enfants de sexe masculin et les enfants qui vivent dans des zones urbaines (UNICEF, 2021). Selon l&rsquo;Institut national des statistiques (INE, 2020), seulement 22,9&nbsp;% des enfants sont couverts par l&rsquo;assurance maladie et la plupart d&rsquo;entre eux vivent dans des zones urbaines (30&nbsp;%) plut\u00f4t que dans des zones rurales (12&nbsp;%).<\/p>\n\n\n\n<p class=\"wp-block-paragraph\">Dans le monde actuel, la <a href=\"https:\/\/www.humanium.org\/fr\/le-bien-etre-mental-des-enfants\/\">sant\u00e9 mentale<\/a> est, \u00e0 juste titre, une priorit\u00e9, surtout lorsqu&rsquo;il s&rsquo;agit des enfants. En 2020, le taux de suicide chez les enfants, les adolescents et les jeunes (10 \u00e0 24 ans) repr\u00e9sentait 41&nbsp;% du nombre total de suicides (500). Selon le sondage U-Report sur la sant\u00e9 mentale, \u00ab&nbsp;Comment allons-nous ?&nbsp;\u00bb, r\u00e9alis\u00e9 par l&rsquo;UNICEF au Paraguay, 72&nbsp;% des adolescents et des jeunes ont parl\u00e9 de sentiments de tristesse, de solitude, de d\u00e9pression, de frustration et de stress au cours de l&rsquo;ann\u00e9e \u00e9coul\u00e9e ; et 55&nbsp;% des personnes interrog\u00e9es ont indiqu\u00e9 que la sant\u00e9 mentale \u00e9tait une pr\u00e9occupation pour elles (UNICEF, 2021).<\/p>\n\n\n\n<h3 class=\"wp-block-heading\"><strong>Droit \u00e0 l&rsquo;identit\u00e9<\/strong><\/h3>\n\n\n\n<p class=\"wp-block-paragraph\">L&rsquo;enregistrement des naissances reste un d\u00e9fi : on estime \u00e0 144 000 le nombre de naissances, mais seuls les trois quarts ont \u00e9t\u00e9 enregistr\u00e9s par le minist\u00e8re de la sant\u00e9. En 2020, 19&nbsp;% des enfants de moins d&rsquo;un an n&rsquo;\u00e9taient pas enregistr\u00e9s \u00e0 la naissance, et c\u2019est nettement plus pour les populations autochtones, avec un taux de 42&nbsp;% (UNICEF, 2021).<\/p>\n\n\n\n<h3 class=\"wp-block-heading\"><strong>Droit \u00e0 l&rsquo;eau<\/strong><\/h3>\n\n\n\n<p class=\"wp-block-paragraph\">En 2019, environ 88&nbsp;% des m\u00e9nages avaient acc\u00e8s \u00e0 une bonne source d&rsquo;<a href=\"https:\/\/www.humanium.org\/fr\/comprendre-droits-enfant\/droit-a-l-eau\/\">eau<\/a> <a href=\"https:\/\/www.humanium.org\/en\/water\/\">&nbsp;<\/a>par le biais des fournisseurs de r\u00e9seau, et 80&nbsp;%, \u00e0 de l&rsquo;eau potable. 82&nbsp;% avaient acc\u00e8s \u00e0 des infrastructures d&rsquo;assainissement de l\u2019eau, mais seulement 15&nbsp;% avaient acc\u00e8s \u00e0 un syst\u00e8me d\u2019\u00e9gouts et 7,5 % \u00e0 des syst\u00e8mes de traitement des effluents. <\/p>\n\n\n\n<p class=\"wp-block-paragraph\">Ces lacunes en mati\u00e8re d&rsquo;eau, d&rsquo;assainissement et d&rsquo;hygi\u00e8ne (WASH) ont un impact plus important sur les milieux p\u00e9riurbains et ruraux marginalis\u00e9s, comme sur les populations pauvres et mal desservies, les \u00e9tablissements pr\u00e9caires et les populations autochtones. En 2020, le financement public li\u00e9 \u00e0 la protection sociale et \u00e0 l&rsquo;eau, \u00e0 l&rsquo;assainissement et \u00e0 l&rsquo;hygi\u00e8ne (WASH) a \u00e9t\u00e9 consid\u00e9rablement affect\u00e9, avec des baisses de respectivement 11 % et 85 % en 2019 (UNICEF, 2021).<\/p>\n\n\n\n<h3 class=\"wp-block-heading\"><strong>Droit \u00e0 l&rsquo;\u00e9ducation<\/strong><\/h3>\n\n\n\n<p class=\"wp-block-paragraph\">En 2021, sur les 1 546 022 \u00e9tudiants du pays, 46&nbsp;% ont b\u00e9n\u00e9fici\u00e9 de cours en pr\u00e9sentiel, tandis que le reste a suivi <a href=\"https:\/\/www.humanium.org\/fr\/comprendre-droits-enfant\/droit-a-l-education\/\">les cours <\/a>\u00e0 distance par le biais de plateformes web, de radio et de cours hybrides. Le taux de non-scolarisation le plus \u00e9lev\u00e9 correspondait \u00e0 la tranche des enfants de 5 ans (20&nbsp;%) et \u00e0 celle des adolescents (15 \u00e0 17 ans) (17&nbsp;%). En 2021, 243 000 adolescents (13 \u00e0 17 ans) n&rsquo;\u00e9taient pas scolaris\u00e9s et 47 000 enfants (7 \u00e0 15 ans) n&rsquo;avaient pas \u00e9t\u00e9 r\u00e9inscrits \u00e0 l&rsquo;\u00e9cole, ce qui contribue au taux mondial d&rsquo;abandon scolaire de 5&nbsp;% d\u2019ann\u00e9e en ann\u00e9e.&nbsp;<\/p>\n\n\n\n<p class=\"wp-block-paragraph\">Sur plus de 212 000 adolescents non scolaris\u00e9s (15 \u00e0 19 ans), 47&nbsp;% ont d\u00e9clar\u00e9 que le manque de stabilit\u00e9 financi\u00e8re \u00e9tait la raison principale pour laquelle ils n\u2019allaient pas \u00e0 l&rsquo;\u00e9cole. Le taux d&rsquo;analphab\u00e9tisme au Paraguay est de 1,4&nbsp;%. Il est plus \u00e9lev\u00e9 dans les zones rurales (1,9 %) que dans les zones urbaines (1,4 %). Selon le minist\u00e8re de l\u2019\u00c9ducation, 58&nbsp;% des enfants \u00e9taient inscrits dans une \u00e9cole maternelle en 2021, soit une l\u00e9g\u00e8re baisse par rapport aux 60&nbsp;% de l\u2019ann\u00e9e pr\u00e9c\u00e9dente.&nbsp;<\/p>\n\n\n\n<p class=\"wp-block-paragraph\">Le taux de scolarisation \u00e9tait de 75&nbsp;% dans l&rsquo;enseignement primaire, de 60&nbsp;% dans l&rsquo;enseignement secondaire et de seulement 54&nbsp;% dans l&rsquo;enseignement sup\u00e9rieur. Selon l&rsquo;Institut national des statistiques (INE, 2020), 93&nbsp;% des enfants \u00e2g\u00e9s de 5 \u00e0 17 ans \u00e9taient scolaris\u00e9s en 2020&nbsp;: les enfants \u00e2g\u00e9s de 10 \u00e0 14 ans sont les plus scolaris\u00e9s, suivis des enfants \u00e2g\u00e9s de 5 \u00e0 9 ans (95&nbsp;%) et des enfants \u00e2g\u00e9s de 15 \u00e0 17 ans (84&nbsp;%).<\/p>\n\n\n\n<h2 class=\"wp-block-heading\"><strong>Facteurs de risque \u2192 D\u00e9fis sp\u00e9cifiques au pays<\/strong><\/h2>\n\n\n\n<h3 class=\"wp-block-heading\"><a href=\"https:\/\/www.humanium.org\/fr\/exploitation\/\"><strong>Exploitation <\/strong><\/a><strong>des enfants<\/strong><\/h3>\n\n\n\n<p class=\"wp-block-paragraph\">Les donn\u00e9es du minist\u00e8re de l&rsquo;Enfance et de l&rsquo;Adolescence (MINNA) et du minist\u00e8re public indiquent qu&rsquo;il y a eu plus de 10 600 cas de violence contre les enfants en 2020, dont un quart \u00e9taient des cas <a href=\"https:\/\/www.humanium.org\/fr\/exploitation-sexuelle-enfants\/\">de violence sexuelle<\/a>. Au cours du premier semestre de 2021, pr\u00e8s de 1 500 cas signal\u00e9s \u00e9taient li\u00e9s \u00e0 la violence sexuelle, soit un taux d&rsquo;incidence de 59 pour 100 000 enfants et adolescents (UNICEF, 2021).<\/p>\n\n\n\n<p class=\"wp-block-paragraph\">Le tourisme sexuel impliquant des enfants est une autre cat\u00e9gorie de violence qui affecte les enfants paraguayens. Les jeunes filles et gar\u00e7ons souvent sont <a href=\"https:\/\/www.humanium.org\/fr\/trafic-enfants\/\">enlev\u00e9s<\/a> et <a href=\"https:\/\/www.humanium.org\/fr\/exploitation-sexuelle-enfants\/\">exploit\u00e9s<\/a> \u00e0 des fins <a href=\"https:\/\/www.humanium.org\/fr\/exploitation-sexuelle-enfants\/\">sexuelles<\/a>, commerciales ou domestiques. En effet, le Paraguay est un pays d&rsquo;origine, de transit et de destination pour le trafic d&rsquo;enfants avec des fins sexuelles ou de travail, en particulier dans la zone des trois fronti\u00e8res (l\u2019Argentine, le Br\u00e9sil et le Paraguay).<a href=\"https:\/\/www.humanium.org\/en\/child-labour\/\"> <\/a><\/p>\n\n\n\n<p class=\"wp-block-paragraph\">Les <a href=\"https:\/\/www.humanium.org\/fr\/travail-des-enfants\/\">enfants travailleurs domestiques<\/a> sont particuli\u00e8rement vuln\u00e9rables au trafic sexuel. Les enfants et les adolescents des zones rurales sont souvent victimes de la traite vers de plus grandes villes telles qu&rsquo;Asunci\u00f3n ou Ciudad del Este \u00e0 des fins li\u00e9es \u00e0 l&rsquo;exploitation sexuelle commerciale des enfants (ESEC) (ECPAT, 2022).<\/p>\n\n\n\n<h3 class=\"wp-block-heading\"><strong>Pauvret\u00e9<\/strong><\/h3>\n\n\n<div class=\"wp-block-image\">\n<figure class=\"alignleft size-large is-resized\"><img loading=\"lazy\" decoding=\"async\" width=\"1024\" height=\"637\" src=\"https:\/\/www.humanium.org\/fr\/wp-content\/uploads\/2023\/06\/shutterstock_1525552739-1024x637.jpg\" alt=\"\" class=\"wp-image-55217\" style=\"width:293px;height:183px\" srcset=\"https:\/\/www.humanium.org\/fr\/wp-content\/uploads\/2023\/06\/shutterstock_1525552739-1024x637.jpg 1024w, https:\/\/www.humanium.org\/fr\/wp-content\/uploads\/2023\/06\/shutterstock_1525552739-300x187.jpg 300w, https:\/\/www.humanium.org\/fr\/wp-content\/uploads\/2023\/06\/shutterstock_1525552739-768x478.jpg 768w, https:\/\/www.humanium.org\/fr\/wp-content\/uploads\/2023\/06\/shutterstock_1525552739-1536x956.jpg 1536w, https:\/\/www.humanium.org\/fr\/wp-content\/uploads\/2023\/06\/shutterstock_1525552739-2048x1275.jpg 2048w, https:\/\/www.humanium.org\/fr\/wp-content\/uploads\/2023\/06\/shutterstock_1525552739-830x517.jpg 830w, https:\/\/www.humanium.org\/fr\/wp-content\/uploads\/2023\/06\/shutterstock_1525552739-230x143.jpg 230w, https:\/\/www.humanium.org\/fr\/wp-content\/uploads\/2023\/06\/shutterstock_1525552739-350x218.jpg 350w, https:\/\/www.humanium.org\/fr\/wp-content\/uploads\/2023\/06\/shutterstock_1525552739-480x299.jpg 480w\" sizes=\"auto, (max-width: 1024px) 100vw, 1024px\" \/><\/figure>\n<\/div>\n\n\n<p class=\"wp-block-paragraph\">La proportion de personnes qui vivent dans la <a href=\"https:\/\/www.humanium.org\/fr\/pauvrete\/\">pauvret\u00e9<\/a><a href=\"https:\/\/www.humanium.org\/en\/poverty\/\"> <\/a>est pass\u00e9e de 24&nbsp;% en 2019 \u00e0 27&nbsp;% en 2020. Les personnes qui vivent sous le seuil de pauvret\u00e9 repr\u00e9sentaient 0,8&nbsp;% en 2020 (Banque mondiale, 2022). La pauvret\u00e9 rurale reste plus \u00e9lev\u00e9e que la pauvret\u00e9 urbaine (34&nbsp;% contre 23&nbsp;%) (UNICEF, 2021). Selon l&rsquo;Institut national des statistiques (INE, 2020), la pauvret\u00e9 des enfants a augment\u00e9 de 33&nbsp;% \u00e0 36&nbsp;% entre 2019 et 2020.&nbsp;<\/p>\n\n\n\n<p class=\"wp-block-paragraph\">Si l&rsquo;on sait que la pauvret\u00e9 emp\u00eache les enfants de faire valoir tous leurs droits, il faut \u00e9galement tenir compte des cons\u00e9quences qui en d\u00e9coulent, comme le travail des enfants, la violence et les abus. Selon l&rsquo;Institut national des statistiques (INE, 2020), 36&nbsp;% des enfants (911 000 enfants) ont de mauvaises conditions de vie, et 6 % d&rsquo;entre eux vivent dans une pauvret\u00e9 extr\u00eame.<\/p>\n\n\n\n<h3 class=\"wp-block-heading\"><strong>Travail des enfants<\/strong><\/h3>\n\n\n\n<p class=\"wp-block-paragraph\">Au Paraguay, les enfants sont soumis aux pires formes de travail des enfants, notamment \u00e0 la <a href=\"https:\/\/www.humanium.org\/fr\/travail-des-enfants\/\">servitude domestique<\/a>, parfois \u00e0 la suite de la traite des personnes, ainsi qu&rsquo;\u00e0 la servitude dans l&rsquo;\u00e9levage de b\u00e9tail, dans les fermes laiti\u00e8res et dans les usines de charbon de bois (Bureau of International Labor Affairs, 2020). De nombreux jeunes enfants sont soumis au <a href=\"https:\/\/www.humanium.org\/fr\/travail-des-enfants\/\">travail forc\u00e9<\/a>, notamment dans la r\u00e9gion du Chaco. Les enfants pauvres sont victimes de la traite des personnes depuis les zones rurales vers les grandes villes telles qu&rsquo;Asunci\u00f3n ou Ciudad del Este, o\u00f9 ils sont victimes d&rsquo;exploitation sexuelle \u00e0 des fins commerciales et sont trait\u00e9s comme des esclaves des temps modernes.&nbsp;<\/p>\n\n\n<div class=\"wp-block-image\">\n<figure class=\"alignright size-large is-resized\"><img loading=\"lazy\" decoding=\"async\" width=\"1024\" height=\"683\" src=\"https:\/\/www.humanium.org\/fr\/wp-content\/uploads\/2023\/06\/shutterstock_1165833847-1024x683.jpg\" alt=\"\" class=\"wp-image-55218\" style=\"width:283px;height:188px\" srcset=\"https:\/\/www.humanium.org\/fr\/wp-content\/uploads\/2023\/06\/shutterstock_1165833847-1024x683.jpg 1024w, https:\/\/www.humanium.org\/fr\/wp-content\/uploads\/2023\/06\/shutterstock_1165833847-300x200.jpg 300w, https:\/\/www.humanium.org\/fr\/wp-content\/uploads\/2023\/06\/shutterstock_1165833847-768x512.jpg 768w, https:\/\/www.humanium.org\/fr\/wp-content\/uploads\/2023\/06\/shutterstock_1165833847-1536x1024.jpg 1536w, https:\/\/www.humanium.org\/fr\/wp-content\/uploads\/2023\/06\/shutterstock_1165833847-2048x1365.jpg 2048w, https:\/\/www.humanium.org\/fr\/wp-content\/uploads\/2023\/06\/shutterstock_1165833847-830x553.jpg 830w, https:\/\/www.humanium.org\/fr\/wp-content\/uploads\/2023\/06\/shutterstock_1165833847-230x153.jpg 230w, https:\/\/www.humanium.org\/fr\/wp-content\/uploads\/2023\/06\/shutterstock_1165833847-350x233.jpg 350w, https:\/\/www.humanium.org\/fr\/wp-content\/uploads\/2023\/06\/shutterstock_1165833847-480x320.jpg 480w, https:\/\/www.humanium.org\/fr\/wp-content\/uploads\/2023\/06\/shutterstock_1165833847-272x182.jpg 272w\" sizes=\"auto, (max-width: 1024px) 100vw, 1024px\" \/><\/figure>\n<\/div>\n\n\n<p class=\"wp-block-paragraph\">De plus, le peu de financement destin\u00e9 aux organismes charg\u00e9s de l&rsquo;application de la loi et des programmes sociaux a entrav\u00e9 la capacit\u00e9 du gouvernement \u00e0 s&rsquo;attaquer pleinement aux pires formes de travail des enfants, en particulier dans les zones rurales. Les institutions qui g\u00e8rent l\u2019application du droit p\u00e9nal au Paraguay manquent \u00e9galement de ressources pour identifier, enqu\u00eater et s\u2019attaquer au probl\u00e8me du travail des enfants, en particulier dans les r\u00e9gions \u00e9loig\u00e9es (Bureau of International Labor Affairs, 2020).<\/p>\n\n\n\n<h3 class=\"wp-block-heading\"><strong>Enfants des rues<\/strong><\/h3>\n\n\n\n<p class=\"wp-block-paragraph\">De nombreux enfants issus de familles <a href=\"https:\/\/www.humanium.org\/fr\/enfants-pauvres\/\">pauvres<\/a> d\u00e9cident ou sont contraints de quitter leur foyer pour aller <a href=\"https:\/\/www.humanium.org\/fr\/enfants-pauvres\/\">travailler<\/a> et vivre dans la rue. Cette situation<a href=\"https:\/\/www.humanium.org\/en\/separating-families\/\"> <\/a><a href=\"https:\/\/www.humanium.org\/fr\/separation-des-familles\/\">s\u00e9pare les enfants de leur famille<\/a> et emp\u00eache toute communication entre eux. Leur vie est tr\u00e8s difficile et comme ils n&rsquo;ont aucune protection, ils sont des proies faciles pour les trafiquants, qui n&rsquo;h\u00e9sitent pas \u00e0 les forcer \u00e0 se <a href=\"https:\/\/www.humanium.org\/fr\/prostitution-infantile\/\">prostituer<\/a> ou \u00e0 les placer dans des familles o\u00f9 ils sont <a href=\"https:\/\/www.humanium.org\/fr\/exploitation-sexuelle-enfants\/\">exploit\u00e9s<\/a>.&nbsp;<\/p>\n\n\n\n<p class=\"wp-block-paragraph\">Les personnes \u00e0 la t\u00eate des trafics de personnes ciblent sp\u00e9cifiquement les enfants des rues, sachant que sans soutien familial, ils sont tout particuli\u00e8rement vuln\u00e9rables (SOS Children&rsquo;s Villages, 2022). Les enfants des communaut\u00e9s rurales et indig\u00e8nes rencontrent \u00e9galement des difficult\u00e9s pour acc\u00e9der \u00e0 l&rsquo;\u00e9ducation et \u00e0 terminer leurs \u00e9tudes, notamment en raison des barri\u00e8res linguistiques et de l&rsquo;insuffisance d\u2019infrastructures et de personnel dans les \u00e9coles.&nbsp;<\/p>\n\n\n\n<p class=\"wp-block-paragraph\">Toutefois, le gouvernement a renforc\u00e9 les mesures contre le <a href=\"https:\/\/www.humanium.org\/fr\/trafic-enfants\/\">trafic d&rsquo;enfants<\/a>, ce qui a entra\u00een\u00e9 une diminution de cette pratique. Vivre dans la rue augmente le risque pour un enfant de subir des violences ou des pratiques ou emplois nuisibles dans le but de survivre. En vivant dans la rue, l&rsquo;acc\u00e8s \u00e0 la nourriture, \u00e0 l\u2019eau, \u00e0 l\u2019infrastructure sanitaire et \u00e0 la protection devient compliqu\u00e9. Les enfants des rues peuvent \u00eatre impliqu\u00e9s dans de mauvaises situations dans le seul but de survivre.&nbsp;<\/p>\n\n\n\n<h3 class=\"wp-block-heading\"><strong>Mariages d&rsquo;enfants<\/strong><\/h3>\n\n\n\n<p class=\"wp-block-paragraph\">Les enfants paraguayens sont souvent l&rsquo;objet des mariages d&rsquo;enfants. Selon Girlsnotbrides (2020), en 2020, 22&nbsp;% des filles du Paraguay \u00e9taient mari\u00e9es ou en union avant leur 18e anniversaire et 4&nbsp;% \u00e9taient mari\u00e9es ou en union avant l&rsquo;\u00e2ge de 15 ans. Ces mariages peuvent avoir de graves cons\u00e9quences sur la sant\u00e9 des enfants car ils ne sont pas pr\u00e9par\u00e9s psychologiquement et ne comprennent pas toutes les obligations du mariage. De plus, les jeunes filles peuvent tomber enceintes pr\u00e9cocement, ce qui entra\u00eene de graves cons\u00e9quences pour leur sant\u00e9.<\/p>\n\n\n\n<p class=\"wp-block-paragraph\"><em><strong>\u00c9crit par Arianna Braga<\/strong><\/em><\/p>\n\n\n\n<p class=\"wp-block-paragraph\"><em><strong>Relu par Aditi Partha&nbsp;<\/strong><\/em><\/p>\n\n\n\n<p class=\"wp-block-paragraph\"><em><strong>Traduit par \u00c9lisa Lorcy<\/strong><\/em><\/p>\n\n\n\n<p class=\"wp-block-paragraph\"><em><strong>Traduction relue par Kyle Estment<\/strong><\/em><\/p>\n\n\n\n<p class=\"wp-block-paragraph\"><em><strong>Derni\u00e8re mise \u00e0 jour le 29 juillet 2022<\/strong><\/em><\/p>\n\n\n\n<h4 class=\"wp-block-heading\"><strong>R\u00e9f\u00e9rences :<\/strong><\/h4>\n\n\n\n<p class=\"has-small-font-size wp-block-paragraph\">Bureau of International Labor Affairs (2020). Paraguay country profile. Retrieved from: <a href=\"https:\/\/www.dol.gov\/sites\/dolgov\/files\/ILAB\/child_labor_reports\/tda2020\/Paraguay.pdf\" target=\"_blank\" rel=\"noreferrer noopener\">https:\/\/www.dol.gov\/sites\/dolgov\/files\/ILAB\/child_labor_reports\/tda2020\/Paraguay.pdf<\/a>, accessed on 17 August 2022.&nbsp;<\/p>\n\n\n\n<p class=\"has-small-font-size wp-block-paragraph\">ECPAT (2022). Paraguay country page of ECPAT (2022). Retrieved from ECPAT at <a href=\"https:\/\/ecpat.org\/country\/paraguay\/#resources\" target=\"_blank\" rel=\"noreferrer noopener\">https:\/\/ecpat.org\/country\/paraguay\/#resources<\/a>, accessed on 29 July 2022.<\/p>\n\n\n\n<p class=\"has-small-font-size wp-block-paragraph\">Encyclopedia Britannica (2022)., Paraguay. Retrieved from Encyclopedia Britannica at <a href=\"https:\/\/www.britannica.com\/place\/Paraguay\" target=\"_blank\" rel=\"noreferrer noopener\">https:\/\/www.britannica.com\/place\/Paraguay<\/a>, accessed on 29 July 2022.<\/p>\n\n\n\n<p class=\"has-small-font-size wp-block-paragraph\">Girlsnotbrides (2020). Paraguay country profile (2020). Retrieved from Girlsnotbrides at: <a href=\"https:\/\/www.girlsnotbrides.org\/learning-resources\/child-marriage-atlas\/atlas\/paraguay\/\" target=\"_blank\" rel=\"noreferrer noopener\">https:\/\/www.girlsnotbrides.org\/learning-resources\/child-marriage-atlas\/atlas\/paraguay\/<\/a>, accessed on 29 July 2022.<\/p>\n\n\n\n<p class=\"has-small-font-size wp-block-paragraph\">INE (2020). Indicadores de la Ni\u00f1ez y Adolescencia (0 a 17 A\u00f1os) (2020). Retrieved from National Statistics Institute (INE) at: <a href=\"https:\/\/www.ine.gov.py\/publication-single.php?codec=MTY4\" target=\"_blank\" rel=\"noreferrer noopener\">https:\/\/www.ine.gov.py\/publication-single.php?codec=MTY4<\/a>, accessed on 29 July 2022.<\/p>\n\n\n\n<p class=\"has-small-font-size wp-block-paragraph\">OHCHR (2022). UN Treaty Body Database. Retrieved from: <a href=\"https:\/\/tbinternet.ohchr.org\/_layouts\/15\/TreatyBodyExternal\/Treaty.aspx?CountryID=135&amp;Lang=EN\" target=\"_blank\" rel=\"noreferrer noopener\">https:\/\/tbinternet.ohchr.org\/_layouts\/15\/TreatyBodyExternal\/Treaty.aspx?CountryID=135&amp;Lang=EN<\/a>, accessed on 17 August 2022.&nbsp;<\/p>\n\n\n\n<p class=\"has-small-font-size wp-block-paragraph\">SOS Children\u2019s Villages (2022). General information on Paraguay. . Retrieved from SOS Children\u2019s Villages at <a href=\"https:\/\/www.sos-childrensvillages.org\/where-we-help\/americas\/paraguay\" target=\"_blank\" rel=\"noreferrer noopener\">https:\/\/www.sos-childrensvillages.org\/where-we-help\/americas\/paraguay<\/a>, accessed on 29 July 2022.<\/p>\n\n\n\n<p class=\"has-small-font-size wp-block-paragraph\">UNICEF (2021). Country Office Annual Report 2021 \u2013 Paraguay. Retrieved from UNICEF at:&nbsp; <a href=\"https:\/\/www.unicef.org\/media\/116356\/file\/Paraguay-2021-COAR.pdf\" target=\"_blank\" rel=\"noreferrer noopener\">https:\/\/www.unicef.org\/media\/116356\/file\/Paraguay-2021-COAR.pdf<\/a>, accessed on 29 July 2022.<\/p>\n\n\n\n<p class=\"has-small-font-size wp-block-paragraph\">World Bank (2022). Paraguay Overview. Retrieved from World Bank at:&nbsp; <a href=\"https:\/\/www.worldbank.org\/en\/country\/paraguay\/overview\" target=\"_blank\" rel=\"noreferrer noopener\">https:\/\/www.worldbank.org\/en\/country\/paraguay\/overview<\/a>, accessed on 29 July 2022.<\/p>\n\n\n\n<hr class=\"wp-block-separator has-alpha-channel-opacity\"\/>\n\n\n\n<p class=\"has-small-font-size wp-block-paragraph\"><a href=\"#_ftnref1\">[1]<\/a> Cet article ne pr\u00e9tend en aucun cas donner un compte-rendu complet ou repr\u00e9sentatif des droits de l\u2019enfant au Paraguay ; en effet, l\u2019un des nombreux d\u00e9fis est le peu d\u2019informations actualis\u00e9es sur les enfants du Paraguay, dont une grande partie n\u2019est pas faible, n\u2019est pas repr\u00e9sentative, est p\u00e9rim\u00e9e ou simplement inexistante.<\/p>\n","protected":false},"excerpt":{"rendered":"<p>Concr\u00e9tiser les droits de l&rsquo;enfant au Paraguay Le Paraguay est un pays enclav\u00e9 situ\u00e9 dans la partie nord de l&rsquo;Am\u00e9rique du Sud. Sur une population de 7,3 millions d&rsquo;habitants, 35 % sont des enfants. Les principaux probl\u00e8mes qui touchent les enfants du Paraguay sont li\u00e9s \u00e0 la pauvret\u00e9 g\u00e9n\u00e9ralis\u00e9e dans le pays, point d&rsquo;entr\u00e9e qui [&hellip;]<\/p>\n","protected":false},"author":65,"featured_media":0,"parent":0,"menu_order":0,"comment_status":"closed","ping_status":"closed","template":"","meta":{"footnotes":""},"class_list":["post-21400","page","type-page","status-publish","hentry"],"yoast_head":"<!-- This site is optimized with the Yoast SEO plugin v28.3 - https:\/\/yoast.com\/product\/yoast-seo-wordpress\/ -->\n<title>Enfants du Paraguay - Humanium<\/title>\n<meta name=\"description\" content=\"Les principaux probl\u00e8mes qui touchent les enfants au Paraguay sont li\u00e9s \u00e0 la pauvret\u00e9 g\u00e9n\u00e9ralis\u00e9e dans le pays.\" \/>\n<meta name=\"robots\" content=\"index, follow, max-snippet:-1, max-image-preview:large, max-video-preview:-1\" \/>\n<link rel=\"canonical\" href=\"https:\/\/www.humanium.org\/fr\/paraguay\/\" \/>\n<meta property=\"og:locale\" content=\"fr_FR\" \/>\n<meta property=\"og:type\" content=\"article\" \/>\n<meta property=\"og:title\" content=\"Enfants du Paraguay - Humanium\" \/>\n<meta property=\"og:description\" content=\"Les principaux probl\u00e8mes qui touchent les enfants au Paraguay sont li\u00e9s \u00e0 la pauvret\u00e9 g\u00e9n\u00e9ralis\u00e9e dans le pays.\" \/>\n<meta property=\"og:url\" content=\"https:\/\/www.humanium.org\/fr\/paraguay\/\" \/>\n<meta property=\"og:site_name\" content=\"Humanium\" \/>\n<meta property=\"article:modified_time\" content=\"2025-12-10T02:43:22+00:00\" \/>\n<meta property=\"og:image\" content=\"https:\/\/www.humanium.org\/fr\/wp-content\/uploads\/2023\/06\/Shutterstock_1503601280.jpg\" \/>\n\t<meta property=\"og:image:width\" content=\"400\" \/>\n\t<meta property=\"og:image:height\" content=\"400\" \/>\n\t<meta property=\"og:image:type\" content=\"image\/jpeg\" \/>\n<meta name=\"twitter:card\" content=\"summary_large_image\" \/>\n<meta name=\"twitter:label1\" content=\"Dur\u00e9e de lecture estim\u00e9e\" \/>\n\t<meta name=\"twitter:data1\" content=\"16 minutes\" \/>\n<script type=\"application\/ld+json\" class=\"yoast-schema-graph\">{\"@context\":\"https:\\\/\\\/schema.org\",\"@graph\":[{\"@type\":\"WebPage\",\"@id\":\"https:\\\/\\\/www.humanium.org\\\/fr\\\/paraguay\\\/\",\"url\":\"https:\\\/\\\/www.humanium.org\\\/fr\\\/paraguay\\\/\",\"name\":\"Enfants du Paraguay - Humanium\",\"isPartOf\":{\"@id\":\"https:\\\/\\\/www.humanium.org\\\/fr\\\/#website\"},\"primaryImageOfPage\":{\"@id\":\"https:\\\/\\\/www.humanium.org\\\/fr\\\/paraguay\\\/#primaryimage\"},\"image\":{\"@id\":\"https:\\\/\\\/www.humanium.org\\\/fr\\\/paraguay\\\/#primaryimage\"},\"thumbnailUrl\":\"https:\\\/\\\/www.humanium.org\\\/fr\\\/wp-content\\\/uploads\\\/2023\\\/06\\\/Shutterstock_1503601280.jpg\",\"datePublished\":\"2012-07-05T09:56:47+00:00\",\"dateModified\":\"2025-12-10T02:43:22+00:00\",\"description\":\"Les principaux probl\u00e8mes qui touchent les enfants au Paraguay sont li\u00e9s \u00e0 la pauvret\u00e9 g\u00e9n\u00e9ralis\u00e9e dans le pays.\",\"breadcrumb\":{\"@id\":\"https:\\\/\\\/www.humanium.org\\\/fr\\\/paraguay\\\/#breadcrumb\"},\"inLanguage\":\"fr-FR\",\"potentialAction\":[{\"@type\":\"ReadAction\",\"target\":[\"https:\\\/\\\/www.humanium.org\\\/fr\\\/paraguay\\\/\"]}]},{\"@type\":\"ImageObject\",\"inLanguage\":\"fr-FR\",\"@id\":\"https:\\\/\\\/www.humanium.org\\\/fr\\\/paraguay\\\/#primaryimage\",\"url\":\"https:\\\/\\\/www.humanium.org\\\/fr\\\/wp-content\\\/uploads\\\/2023\\\/06\\\/Shutterstock_1503601280.jpg\",\"contentUrl\":\"https:\\\/\\\/www.humanium.org\\\/fr\\\/wp-content\\\/uploads\\\/2023\\\/06\\\/Shutterstock_1503601280.jpg\",\"width\":400,\"height\":400},{\"@type\":\"BreadcrumbList\",\"@id\":\"https:\\\/\\\/www.humanium.org\\\/fr\\\/paraguay\\\/#breadcrumb\",\"itemListElement\":[{\"@type\":\"ListItem\",\"position\":1,\"name\":\"Home\",\"item\":\"https:\\\/\\\/www.humanium.org\\\/fr\\\/\"},{\"@type\":\"ListItem\",\"position\":2,\"name\":\"Enfants du Paraguay\"}]},{\"@type\":\"WebSite\",\"@id\":\"https:\\\/\\\/www.humanium.org\\\/fr\\\/#website\",\"url\":\"https:\\\/\\\/www.humanium.org\\\/fr\\\/\",\"name\":\"Humanium\",\"description\":\"Les enfants d\u2019abord !\",\"potentialAction\":[{\"@type\":\"SearchAction\",\"target\":{\"@type\":\"EntryPoint\",\"urlTemplate\":\"https:\\\/\\\/www.humanium.org\\\/fr\\\/?s={search_term_string}\"},\"query-input\":{\"@type\":\"PropertyValueSpecification\",\"valueRequired\":true,\"valueName\":\"search_term_string\"}}],\"inLanguage\":\"fr-FR\"}]}<\/script>\n<!-- \/ Yoast SEO plugin. -->","yoast_head_json":{"title":"Enfants du Paraguay - Humanium","description":"Les principaux probl\u00e8mes qui touchent les enfants au Paraguay sont li\u00e9s \u00e0 la pauvret\u00e9 g\u00e9n\u00e9ralis\u00e9e dans le pays.","robots":{"index":"index","follow":"follow","max-snippet":"max-snippet:-1","max-image-preview":"max-image-preview:large","max-video-preview":"max-video-preview:-1"},"canonical":"https:\/\/www.humanium.org\/fr\/paraguay\/","og_locale":"fr_FR","og_type":"article","og_title":"Enfants du Paraguay - Humanium","og_description":"Les principaux probl\u00e8mes qui touchent les enfants au Paraguay sont li\u00e9s \u00e0 la pauvret\u00e9 g\u00e9n\u00e9ralis\u00e9e dans le pays.","og_url":"https:\/\/www.humanium.org\/fr\/paraguay\/","og_site_name":"Humanium","article_modified_time":"2025-12-10T02:43:22+00:00","og_image":[{"width":400,"height":400,"url":"https:\/\/www.humanium.org\/fr\/wp-content\/uploads\/2023\/06\/Shutterstock_1503601280.jpg","type":"image\/jpeg"}],"twitter_card":"summary_large_image","twitter_misc":{"Dur\u00e9e de lecture estim\u00e9e":"16 minutes"},"schema":{"@context":"https:\/\/schema.org","@graph":[{"@type":"WebPage","@id":"https:\/\/www.humanium.org\/fr\/paraguay\/","url":"https:\/\/www.humanium.org\/fr\/paraguay\/","name":"Enfants du Paraguay - Humanium","isPartOf":{"@id":"https:\/\/www.humanium.org\/fr\/#website"},"primaryImageOfPage":{"@id":"https:\/\/www.humanium.org\/fr\/paraguay\/#primaryimage"},"image":{"@id":"https:\/\/www.humanium.org\/fr\/paraguay\/#primaryimage"},"thumbnailUrl":"https:\/\/www.humanium.org\/fr\/wp-content\/uploads\/2023\/06\/Shutterstock_1503601280.jpg","datePublished":"2012-07-05T09:56:47+00:00","dateModified":"2025-12-10T02:43:22+00:00","description":"Les principaux probl\u00e8mes qui touchent les enfants au Paraguay sont li\u00e9s \u00e0 la pauvret\u00e9 g\u00e9n\u00e9ralis\u00e9e dans le pays.","breadcrumb":{"@id":"https:\/\/www.humanium.org\/fr\/paraguay\/#breadcrumb"},"inLanguage":"fr-FR","potentialAction":[{"@type":"ReadAction","target":["https:\/\/www.humanium.org\/fr\/paraguay\/"]}]},{"@type":"ImageObject","inLanguage":"fr-FR","@id":"https:\/\/www.humanium.org\/fr\/paraguay\/#primaryimage","url":"https:\/\/www.humanium.org\/fr\/wp-content\/uploads\/2023\/06\/Shutterstock_1503601280.jpg","contentUrl":"https:\/\/www.humanium.org\/fr\/wp-content\/uploads\/2023\/06\/Shutterstock_1503601280.jpg","width":400,"height":400},{"@type":"BreadcrumbList","@id":"https:\/\/www.humanium.org\/fr\/paraguay\/#breadcrumb","itemListElement":[{"@type":"ListItem","position":1,"name":"Home","item":"https:\/\/www.humanium.org\/fr\/"},{"@type":"ListItem","position":2,"name":"Enfants du Paraguay"}]},{"@type":"WebSite","@id":"https:\/\/www.humanium.org\/fr\/#website","url":"https:\/\/www.humanium.org\/fr\/","name":"Humanium","description":"Les enfants d\u2019abord !","potentialAction":[{"@type":"SearchAction","target":{"@type":"EntryPoint","urlTemplate":"https:\/\/www.humanium.org\/fr\/?s={search_term_string}"},"query-input":{"@type":"PropertyValueSpecification","valueRequired":true,"valueName":"search_term_string"}}],"inLanguage":"fr-FR"}]}},"_links":{"self":[{"href":"https:\/\/www.humanium.org\/fr\/wp-json\/wp\/v2\/pages\/21400","targetHints":{"allow":["GET"]}}],"collection":[{"href":"https:\/\/www.humanium.org\/fr\/wp-json\/wp\/v2\/pages"}],"about":[{"href":"https:\/\/www.humanium.org\/fr\/wp-json\/wp\/v2\/types\/page"}],"author":[{"embeddable":true,"href":"https:\/\/www.humanium.org\/fr\/wp-json\/wp\/v2\/users\/65"}],"replies":[{"embeddable":true,"href":"https:\/\/www.humanium.org\/fr\/wp-json\/wp\/v2\/comments?post=21400"}],"version-history":[{"count":15,"href":"https:\/\/www.humanium.org\/fr\/wp-json\/wp\/v2\/pages\/21400\/revisions"}],"predecessor-version":[{"id":61016,"href":"https:\/\/www.humanium.org\/fr\/wp-json\/wp\/v2\/pages\/21400\/revisions\/61016"}],"wp:attachment":[{"href":"https:\/\/www.humanium.org\/fr\/wp-json\/wp\/v2\/media?parent=21400"}],"curies":[{"name":"wp","href":"https:\/\/api.w.org\/{rel}","templated":true}]}}