{"id":21646,"date":"2012-07-09T14:27:28","date_gmt":"2012-07-09T14:27:28","guid":{"rendered":"http:\/\/www.humanium.org\/fr\/?page_id=21646"},"modified":"2025-12-10T02:42:44","modified_gmt":"2025-12-10T02:42:44","slug":"slovaquie","status":"publish","type":"page","link":"https:\/\/www.humanium.org\/fr\/slovaquie\/","title":{"rendered":"Enfants de Slovaquie"},"content":{"rendered":"<h1>Enfants de Slovaquie<\/h1>\n<h2>Concr\u00e9tiser les droits de l&rsquo;enfant en Slovaquie<\/h2>\n<p style=\"text-align: center;\"><img loading=\"lazy\" decoding=\"async\" class=\"alignnone size-full wp-image-21650\" title=\"Jeune fille Slovaquie \u00a9 TonyBracjun (flickr)\" src=\"https:\/\/www.humanium.org\/fr\/wp-content\/uploads\/2012\/07\/Jeunefilleslovaquie-TonyBracjun-flickr1.jpg\" alt=\"\" width=\"150\" height=\"200\" \/>\u00a0<a href=\"https:\/\/www.humanium.org\/fr\/wp-content\/uploads\/2012\/07\/enfant-slovaque-23am.com-flickr.jpg\"><img loading=\"lazy\" decoding=\"async\" class=\"alignnone size-full wp-image-21651\" title=\"enfant Slovaquie \u00a9 23am.com (flickr)\" src=\"https:\/\/www.humanium.org\/fr\/wp-content\/uploads\/2012\/07\/enfant-slovaque-23am.com-flickr.jpg\" alt=\"\" width=\"133\" height=\"200\" \/><\/a><\/p>\n<p>La Slovaquie, depuis sa s\u00e9paration de la R\u00e9publique Tch\u00e8que et son entr\u00e9e dans l&rsquo;Union Europ\u00e9enne en 2004, a fait beaucoup d&rsquo;efforts concernant les <a href=\"https:\/\/www.humanium.org\/fr\/convention\/\">Droits de l&rsquo;Enfant<\/a>. N\u00e9anmoins les minorit\u00e9s vivant dans ce pays semblent n\u00e9glig\u00e9es, et de nombreuses avanc\u00e9es\u00a0s\u2019av\u00e8rent\u00a0n\u00e9cessaires\u00a0dans ce domaine, concernant les enfants.<\/p>\n<table style=\"height: 38px;\" width=\"298\">\n<tbody style=\"background: #f2f2f2;\">\n<tr>\n<td>\n<div style=\"float: left; width: 39%;\">\n<p style=\"margin-bottom: 20px;\"><strong>Population:<\/strong> 5,46 millions <strong>Pop.de 0 \u00e0 14 ans:<\/strong> 15,6 %<\/p>\n<\/div>\n<div style=\"float: right; width: 59%;\">\n<p style=\"margin-bottom: 20px;\"><strong>Esp\u00e9rance de vie:<\/strong> 75,4 ans<br \/>\n<strong>Mortalit\u00e9 des moins de 5 ans:<\/strong>\u00a06 \u2030<\/p>\n<\/div>\n<\/td>\n<\/tr>\n<\/tbody>\n<\/table>\n<h3>Principaux probl\u00e8mes rencontr\u00e9s par les enfants en Slovaquie:<\/h3>\n<p><strong><a href=\"https:\/\/www.humanium.org\/fr\/enfants-pauvres\/\">Pauvret\u00e9<\/a><\/strong><\/p>\n<p><img loading=\"lazy\" decoding=\"async\" class=\"alignright wp-image-21669\" title=\"Enfants pauvres de Slovaquie \u00a9 theadvocayproject (flickr)\" src=\"https:\/\/www.humanium.org\/fr\/wp-content\/uploads\/2012\/07\/enfants-pauvres-slovaquie-theadvocayproject-flickr.jpg\" alt=\"\" width=\"203\" height=\"162\" \/>Dans l&rsquo;ensemble,le niveau de vie des Slovaques est \u00e9lev\u00e9 . Pourtant,\u00a0 la pauvret\u00e9 touche encore les minorit\u00e9s\u00a0r\u00e9sidant dans ce pays et surtout les Roms qui forment plus de 600 communaut\u00e9s et qui vivent dans des conditions tr\u00e8s difficiles. Ils n&rsquo;ont pour la plupart pas d&rsquo;\u00e9lectricit\u00e9, pas d&rsquo;\u00e9gouts ni d&rsquo;eau courante.<\/p>\n<p>Les enfants Roms \u00a0survivent donc dans des conditions d\u00e9sastreuses. Le manque et l&rsquo;absence de bonne alimentation nuisent gravement \u00e0 leur bon d\u00e9veloppement.<\/p>\n<p><strong><a href=\"https:\/\/www.humanium.org\/fr\/la-maltraitance-des-enfants\/\">Maltraitance<\/a><\/strong><\/p>\n<p>En Slovaquie 1 enfant \u00a0de moins de 15 ans sur 100 000 meurt par suite de maltraitance, soit un des chiffres les plus \u00e9lev\u00e9 des pays riches. Mais le <a href=\"https:\/\/www.humanium.org\/fr\/droit-non-discrimination\/\">taux des d\u00e9c\u00e8s d\u2019enfants<\/a> d\u00fb \u00e0 des violences doublerait\u00a0 si on y ajoutait les d\u00e9c\u00e8s de causes ind\u00e9termin\u00e9es.<\/p>\n<p>Ces chiffres s&rsquo;expliquent par le fait que certaines familles consid\u00e8rent encore la violence comme une m\u00e9thode \u00e9ducative, particuli\u00e8rement en zones rurales o\u00f9 les anciennes traditions perdurent.<\/p>\n<p><strong><a href=\"https:\/\/www.humanium.org\/fr\/comprendre-droits-enfant\/droit-a-l-education\/\">\u00c9ducation<\/a><\/strong><\/p>\n<p>99% des petits slovaques ont acc\u00e8s \u00e0 l&rsquo;\u00e9cole. N\u00e9anmoins, les enfants Roms n&rsquo;ont en majorit\u00e9 pas la possibilit\u00e9 d&rsquo;int\u00e9grer des \u00e9coles normales.<\/p>\n<p>En effet, ils subissent une r\u00e9elle <a href=\"https:\/\/www.humanium.org\/fr\/droit-non-discrimination\/\">discrimination<\/a> en \u00e9tant\u00a0 plac\u00e9s dans des \u00e9coles sp\u00e9cialis\u00e9es, normalement destin\u00e9es exclusivement aux jeunes pr\u00e9sentant des <a href=\"https:\/\/www.humanium.org\/fr\/enfants-handicapes\/\">handicaps<\/a> mentaux et \u00a0qui pourtant accueillent \u00a0plus de 80% d&rsquo;enfants Roms qui pour la plupart ne souffrent d&rsquo;aucune pathologie.<\/p>\n<p>Ces \u00e9coles qui les accueillent, offrent un programme d\u2019\u00e9tudes tr\u00e8s simplifi\u00e9. Cela r\u00e9duit \u00a0consid\u00e9rablement les perspectives et possibilit\u00e9s des enfants qui pourront difficilement faire de longues \u00e9tudes et trouver un emploi.<\/p>\n<p>Cela explique que seulement 3 % des enfants Roms terminent l&rsquo;\u00e9cole secondaire et un infime pourcentage (0,3 %) obtient un dipl\u00f4me universitaire.<br \/>\nIl s&rsquo;agit l\u00e0 d&rsquo;une situation de violation du droit fondamental \u00e0 l\u2019\u00e9ducation des enfants Roms dans ce pays.<\/p>\n<p>Par ailleurs, le gouvernement slovaque souhaiterait que les enfants Roms soient plac\u00e9s dans des internats ; ce qui \u00a0nuirait \u00e0 <a href=\"https:\/\/www.humanium.org\/fr\/convention\/\">l&rsquo;int\u00e9r\u00eat sup\u00e9rieur de l&rsquo;enfant<\/a>, qui serait \u00e9loign\u00e9 de sa famille et d\u00e9racin\u00e9 de sa communaut\u00e9.<\/p>\n<p>La Slovaquie a adopt\u00e9 en mai 2008 une nouvelle loi relative aux \u00e9coles qui interdit la <a href=\"https:\/\/www.humanium.org\/fr\/droit-non-discrimination\/\">discrimination <\/a>et la s\u00e9gr\u00e9gation dans le <a href=\"https:\/\/www.humanium.org\/fr\/comprendre-droits-enfant\/droit-a-l-education\/\">syst\u00e8me \u00e9ducatif<\/a>. Malgr\u00e9 cela, le gouvernement n\u2019a toujours pas reconnu l\u2019ampleur du probl\u00e8me ni pris des mesures pour rem\u00e9dier \u00e0 la situation.<\/p>\n<p><strong><a href=\"https:\/\/www.humanium.org\/fr\/trafic-enfants\/\">Trafics des enfants<\/a><\/strong><\/p>\n<p>La\u00a0 l\u00e9gislation de la R\u00e9publique slovaque interdit la traite des enfants. Toutefois,\u00a0 c&rsquo;est un pays d\u2019origine, de transit et, dans une moindre mesure, de destination des enfants victimes de la traite des \u00eatres humains, et notamment de ceux soumis \u00e0 la <a href=\"https:\/\/www.humanium.org\/fr\/prostitution-infantile\/\">prostitution<\/a> et au <a href=\"https:\/\/www.humanium.org\/fr\/travail-des-enfants\/\">travail forc\u00e9<\/a>.<\/p>\n<p>Par ailleurs, les enfants Roms sont contraints de se livrer \u00e0 la mendicit\u00e9. La plupart des victimes signal\u00e9es sont des mineurs tziganes provenant de campements isol\u00e9s, situ\u00e9s dans des zones rurales de la Slovaquie.<\/p>\n<p><strong><a href=\"https:\/\/www.humanium.org\/fr\/travail-des-enfants\/\">Travail des enfants<\/a><\/strong><\/p>\n<p>La l\u00e9gislation interdit le travail forc\u00e9 des enfants, et pr\u00e9cise que ces derniers doivent \u00eatre prot\u00e9g\u00e9s contre toute forme d\u2019exploitation sur leur lieu de travail.<\/p>\n<p>Toutefois, ces pratiques n\u2019ont pas disparu et le <a href=\"https:\/\/www.humanium.org\/fr\/travail-des-enfants\/\">travail des enfants<\/a> principalement sous la forme de la mendicit\u00e9 \u00a0demeure un r\u00e9el probl\u00e8me dans certaines communaut\u00e9s.<\/p>\n<p>En outre, La Slovaquie est un pays de transit pour les enfants qui vont travailler en <a href=\"https:\/\/www.humanium.org\/fr\/allemagne\/\">Allemagne<\/a>, en <a href=\"https:\/\/www.humanium.org\/fr\/autriche\/\">Autriche<\/a> ou dans d&rsquo;autres pays plus d\u00e9velopp\u00e9s de l&rsquo;Union europ\u00e9enne.<\/p>\n<p><strong><a href=\"https:\/\/www.humanium.org\/fr\/comprendre-droits-enfant\/droit-a-la-sante\/\">Sant\u00e9<\/a><\/strong><\/p>\n<p>En ce qui concerne les questions de sanitaires, selon la constitution, toutes les personnes en Slovaquie ont un droit d&rsquo;acc\u00e8s aux services de sant\u00e9 et \u00e0 des soins gratuits.<\/p>\n<p>Les groupes minoritaires ne font en la mati\u00e8re l&rsquo;objet d&rsquo;aucune <a href=\"https:\/\/www.humanium.org\/fr\/droit-non-discrimination\/\">discrimination<\/a>. Mais il est parfois difficile aux enfants vivants en zones rurales ou dans les camps tziganes d&rsquo;avoir acc\u00e8s aux soins, car il n&rsquo;y a tr\u00e8s souvent pas de routes ni de moyens de transports gratuits pour les plus\u00a0<a href=\"https:\/\/www.humanium.org\/fr\/enfants-pauvres\/\">pauvres<\/a>.<\/p>\n<p>La Slovaquie doit \u00e9galement faire face \u00e0 une p\u00e9nurie de m\u00e9decins, surtout dans les campagnes, ce qui emp\u00eache les enfants d&rsquo;avoir un suivi m\u00e9dical r\u00e9gulier et d\u2019\u00eatre pris en charge en cas d&rsquo;urgence.<\/p>\n<p>Les taux de <a href=\"https:\/\/www.humanium.org\/fr\/droit-non-discrimination\/\">mortalit\u00e9 infantile<\/a> se situent \u00e0 9 \u2030 pour les nouveau-n\u00e9s et \u00e0 10 \u2030 pour les enfants de moins de cinq ans.<\/p>\n","protected":false},"excerpt":{"rendered":"<p>Enfants de Slovaquie Concr\u00e9tiser les droits de l&rsquo;enfant en Slovaquie \u00a0 La Slovaquie, depuis sa s\u00e9paration de la R\u00e9publique Tch\u00e8que et son entr\u00e9e dans l&rsquo;Union Europ\u00e9enne en 2004, a fait beaucoup d&rsquo;efforts concernant les Droits de l&rsquo;Enfant. N\u00e9anmoins les minorit\u00e9s vivant dans ce pays semblent n\u00e9glig\u00e9es, et de nombreuses avanc\u00e9es\u00a0s\u2019av\u00e8rent\u00a0n\u00e9cessaires\u00a0dans ce domaine, concernant les enfants. [&hellip;]<\/p>\n","protected":false},"author":65,"featured_media":0,"parent":0,"menu_order":0,"comment_status":"closed","ping_status":"closed","template":"","meta":{"footnotes":""},"class_list":["post-21646","page","type-page","status-publish","hentry"],"yoast_head":"<!-- This site is optimized with the Yoast SEO plugin v28.3 - https:\/\/yoast.com\/product\/yoast-seo-wordpress\/ -->\n<title>Enfants de Slovaquie - Humanium<\/title>\n<meta name=\"description\" content=\"La Slovaquie, a fait beaucoup d&#039;efforts concernant les Droits de l&#039;Enfant. N\u00e9anmoins les minorit\u00e9s vivant dans ce pays semblent n\u00e9glig\u00e9es.\" \/>\n<meta name=\"robots\" content=\"index, follow, max-snippet:-1, max-image-preview:large, max-video-preview:-1\" \/>\n<link rel=\"canonical\" href=\"https:\/\/www.humanium.org\/fr\/slovaquie\/\" \/>\n<meta property=\"og:locale\" content=\"fr_FR\" \/>\n<meta property=\"og:type\" content=\"article\" \/>\n<meta property=\"og:title\" content=\"Enfants de Slovaquie - Humanium\" \/>\n<meta property=\"og:description\" content=\"La Slovaquie, a fait beaucoup d&#039;efforts concernant les Droits de l&#039;Enfant. N\u00e9anmoins les minorit\u00e9s vivant dans ce pays semblent n\u00e9glig\u00e9es.\" \/>\n<meta property=\"og:url\" content=\"https:\/\/www.humanium.org\/fr\/slovaquie\/\" \/>\n<meta property=\"og:site_name\" content=\"Humanium\" \/>\n<meta property=\"article:modified_time\" content=\"2025-12-10T02:42:44+00:00\" \/>\n<meta name=\"twitter:card\" content=\"summary_large_image\" \/>\n<meta name=\"twitter:label1\" content=\"Dur\u00e9e de lecture estim\u00e9e\" \/>\n\t<meta name=\"twitter:data1\" content=\"5 minutes\" \/>\n<script type=\"application\/ld+json\" class=\"yoast-schema-graph\">{\"@context\":\"https:\\\/\\\/schema.org\",\"@graph\":[{\"@type\":\"WebPage\",\"@id\":\"https:\\\/\\\/www.humanium.org\\\/fr\\\/slovaquie\\\/\",\"url\":\"https:\\\/\\\/www.humanium.org\\\/fr\\\/slovaquie\\\/\",\"name\":\"Enfants de Slovaquie - Humanium\",\"isPartOf\":{\"@id\":\"https:\\\/\\\/www.humanium.org\\\/fr\\\/#website\"},\"primaryImageOfPage\":{\"@id\":\"https:\\\/\\\/www.humanium.org\\\/fr\\\/slovaquie\\\/#primaryimage\"},\"image\":{\"@id\":\"https:\\\/\\\/www.humanium.org\\\/fr\\\/slovaquie\\\/#primaryimage\"},\"thumbnailUrl\":\"https:\\\/\\\/www.humanium.org\\\/fr\\\/wp-content\\\/uploads\\\/2012\\\/07\\\/Jeunefilleslovaquie-TonyBracjun-flickr1.jpg\",\"datePublished\":\"2012-07-09T14:27:28+00:00\",\"dateModified\":\"2025-12-10T02:42:44+00:00\",\"description\":\"La Slovaquie, a fait beaucoup d'efforts concernant les Droits de l'Enfant. N\u00e9anmoins les minorit\u00e9s vivant dans ce pays semblent n\u00e9glig\u00e9es.\",\"breadcrumb\":{\"@id\":\"https:\\\/\\\/www.humanium.org\\\/fr\\\/slovaquie\\\/#breadcrumb\"},\"inLanguage\":\"fr-FR\",\"potentialAction\":[{\"@type\":\"ReadAction\",\"target\":[\"https:\\\/\\\/www.humanium.org\\\/fr\\\/slovaquie\\\/\"]}]},{\"@type\":\"ImageObject\",\"inLanguage\":\"fr-FR\",\"@id\":\"https:\\\/\\\/www.humanium.org\\\/fr\\\/slovaquie\\\/#primaryimage\",\"url\":\"https:\\\/\\\/www.humanium.org\\\/fr\\\/wp-content\\\/uploads\\\/2012\\\/07\\\/Jeunefilleslovaquie-TonyBracjun-flickr1.jpg\",\"contentUrl\":\"https:\\\/\\\/www.humanium.org\\\/fr\\\/wp-content\\\/uploads\\\/2012\\\/07\\\/Jeunefilleslovaquie-TonyBracjun-flickr1.jpg\"},{\"@type\":\"BreadcrumbList\",\"@id\":\"https:\\\/\\\/www.humanium.org\\\/fr\\\/slovaquie\\\/#breadcrumb\",\"itemListElement\":[{\"@type\":\"ListItem\",\"position\":1,\"name\":\"Home\",\"item\":\"https:\\\/\\\/www.humanium.org\\\/fr\\\/\"},{\"@type\":\"ListItem\",\"position\":2,\"name\":\"Enfants de Slovaquie\"}]},{\"@type\":\"WebSite\",\"@id\":\"https:\\\/\\\/www.humanium.org\\\/fr\\\/#website\",\"url\":\"https:\\\/\\\/www.humanium.org\\\/fr\\\/\",\"name\":\"Humanium\",\"description\":\"Les enfants d\u2019abord !\",\"potentialAction\":[{\"@type\":\"SearchAction\",\"target\":{\"@type\":\"EntryPoint\",\"urlTemplate\":\"https:\\\/\\\/www.humanium.org\\\/fr\\\/?s={search_term_string}\"},\"query-input\":{\"@type\":\"PropertyValueSpecification\",\"valueRequired\":true,\"valueName\":\"search_term_string\"}}],\"inLanguage\":\"fr-FR\"}]}<\/script>\n<!-- \/ Yoast SEO plugin. -->","yoast_head_json":{"title":"Enfants de Slovaquie - Humanium","description":"La Slovaquie, a fait beaucoup d'efforts concernant les Droits de l'Enfant. N\u00e9anmoins les minorit\u00e9s vivant dans ce pays semblent n\u00e9glig\u00e9es.","robots":{"index":"index","follow":"follow","max-snippet":"max-snippet:-1","max-image-preview":"max-image-preview:large","max-video-preview":"max-video-preview:-1"},"canonical":"https:\/\/www.humanium.org\/fr\/slovaquie\/","og_locale":"fr_FR","og_type":"article","og_title":"Enfants de Slovaquie - Humanium","og_description":"La Slovaquie, a fait beaucoup d'efforts concernant les Droits de l'Enfant. N\u00e9anmoins les minorit\u00e9s vivant dans ce pays semblent n\u00e9glig\u00e9es.","og_url":"https:\/\/www.humanium.org\/fr\/slovaquie\/","og_site_name":"Humanium","article_modified_time":"2025-12-10T02:42:44+00:00","twitter_card":"summary_large_image","twitter_misc":{"Dur\u00e9e de lecture estim\u00e9e":"5 minutes"},"schema":{"@context":"https:\/\/schema.org","@graph":[{"@type":"WebPage","@id":"https:\/\/www.humanium.org\/fr\/slovaquie\/","url":"https:\/\/www.humanium.org\/fr\/slovaquie\/","name":"Enfants de Slovaquie - Humanium","isPartOf":{"@id":"https:\/\/www.humanium.org\/fr\/#website"},"primaryImageOfPage":{"@id":"https:\/\/www.humanium.org\/fr\/slovaquie\/#primaryimage"},"image":{"@id":"https:\/\/www.humanium.org\/fr\/slovaquie\/#primaryimage"},"thumbnailUrl":"https:\/\/www.humanium.org\/fr\/wp-content\/uploads\/2012\/07\/Jeunefilleslovaquie-TonyBracjun-flickr1.jpg","datePublished":"2012-07-09T14:27:28+00:00","dateModified":"2025-12-10T02:42:44+00:00","description":"La Slovaquie, a fait beaucoup d'efforts concernant les Droits de l'Enfant. N\u00e9anmoins les minorit\u00e9s vivant dans ce pays semblent n\u00e9glig\u00e9es.","breadcrumb":{"@id":"https:\/\/www.humanium.org\/fr\/slovaquie\/#breadcrumb"},"inLanguage":"fr-FR","potentialAction":[{"@type":"ReadAction","target":["https:\/\/www.humanium.org\/fr\/slovaquie\/"]}]},{"@type":"ImageObject","inLanguage":"fr-FR","@id":"https:\/\/www.humanium.org\/fr\/slovaquie\/#primaryimage","url":"https:\/\/www.humanium.org\/fr\/wp-content\/uploads\/2012\/07\/Jeunefilleslovaquie-TonyBracjun-flickr1.jpg","contentUrl":"https:\/\/www.humanium.org\/fr\/wp-content\/uploads\/2012\/07\/Jeunefilleslovaquie-TonyBracjun-flickr1.jpg"},{"@type":"BreadcrumbList","@id":"https:\/\/www.humanium.org\/fr\/slovaquie\/#breadcrumb","itemListElement":[{"@type":"ListItem","position":1,"name":"Home","item":"https:\/\/www.humanium.org\/fr\/"},{"@type":"ListItem","position":2,"name":"Enfants de Slovaquie"}]},{"@type":"WebSite","@id":"https:\/\/www.humanium.org\/fr\/#website","url":"https:\/\/www.humanium.org\/fr\/","name":"Humanium","description":"Les enfants d\u2019abord !","potentialAction":[{"@type":"SearchAction","target":{"@type":"EntryPoint","urlTemplate":"https:\/\/www.humanium.org\/fr\/?s={search_term_string}"},"query-input":{"@type":"PropertyValueSpecification","valueRequired":true,"valueName":"search_term_string"}}],"inLanguage":"fr-FR"}]}},"_links":{"self":[{"href":"https:\/\/www.humanium.org\/fr\/wp-json\/wp\/v2\/pages\/21646","targetHints":{"allow":["GET"]}}],"collection":[{"href":"https:\/\/www.humanium.org\/fr\/wp-json\/wp\/v2\/pages"}],"about":[{"href":"https:\/\/www.humanium.org\/fr\/wp-json\/wp\/v2\/types\/page"}],"author":[{"embeddable":true,"href":"https:\/\/www.humanium.org\/fr\/wp-json\/wp\/v2\/users\/65"}],"replies":[{"embeddable":true,"href":"https:\/\/www.humanium.org\/fr\/wp-json\/wp\/v2\/comments?post=21646"}],"version-history":[{"count":9,"href":"https:\/\/www.humanium.org\/fr\/wp-json\/wp\/v2\/pages\/21646\/revisions"}],"predecessor-version":[{"id":60927,"href":"https:\/\/www.humanium.org\/fr\/wp-json\/wp\/v2\/pages\/21646\/revisions\/60927"}],"wp:attachment":[{"href":"https:\/\/www.humanium.org\/fr\/wp-json\/wp\/v2\/media?parent=21646"}],"curies":[{"name":"wp","href":"https:\/\/api.w.org\/{rel}","templated":true}]}}