{"id":21703,"date":"2012-09-19T13:11:32","date_gmt":"2012-09-19T13:11:32","guid":{"rendered":"http:\/\/www.humanium.org\/fr\/?page_id=21703"},"modified":"2025-12-05T14:41:06","modified_gmt":"2025-12-05T14:41:06","slug":"portugal","status":"publish","type":"page","link":"https:\/\/www.humanium.org\/fr\/portugal\/","title":{"rendered":"Enfants du Portugal"},"content":{"rendered":"<h1>Enfants du Portugal<\/h1>\n<h2>Concr\u00e9tiser les droits de l&rsquo;enfant au Portugal<\/h2>\n<p style=\"text-align: center;\"><img loading=\"lazy\" decoding=\"async\" class=\"alignnone size-full wp-image-22065\" title=\"Jeune fille \u00a9 Blazouf (Flickr)\" src=\"https:\/\/www.humanium.org\/fr\/wp-content\/uploads\/2012\/07\/jeune-fille-blazouf.jpg\" alt=\"\" width=\"224\" height=\"200\" \/>\u00a0<img loading=\"lazy\" decoding=\"async\" class=\"alignnome size-full wp-image-21724\" title=\"Jeune gar\u00e7on du Portugal \u00a9 Marionzetta (Flickr)\" src=\"https:\/\/www.humanium.org\/fr\/wp-content\/uploads\/2012\/07\/jeune-garcon-marionzetta.jpg\" alt=\"\" width=\"150\" height=\"200\" \/><\/p>\n<p>La ratification de la <a href=\"https:\/\/www.humanium.org\/fr\/convention\/\">Convention Internationale des Droits de l\u2019Enfant<\/a> par le Portugal,\u00a0a permis d\u2019accorder un plus grand int\u00e9r\u00eat envers les enfants. De plus d&rsquo;importantes ressources ont \u00e9t\u00e9 d\u00e9di\u00e9es aux domaines de l\u2019<a href=\"https:\/\/www.humanium.org\/fr\/comprendre-droits-enfant\/droit-a-l-education\/\">\u00e9ducation<\/a>, de la <a href=\"https:\/\/www.humanium.org\/fr\/comprendre-droits-enfant\/droit-a-la-sante\/\">sant\u00e9<\/a> et de la protection sociale des jeunes. Cependant, le niveau de\u00a0<a href=\"https:\/\/www.humanium.org\/fr\/enfants-pauvres\/\">pauvret\u00e9<\/a> est inqui\u00e9tant, d\u2019autant que la r\u00e9cente crise \u00e9conomique a affect\u00e9 de nombreuses familles provoquant des changements des conditions de vie des leurs enfants.<\/p>\n<table style=\"height: 38px;\" width=\"298\">\n<tbody style=\"background: #f2f2f2;\">\n<tr>\n<td>\n<div style=\"float: left; width: 100%;\">\n<p style=\"margin-top: 20px;\">\n<\/div>\n<div style=\"float: left; width: 39%;\">\n<p style=\"margin-bottom: 20px;\"><strong>Population :<\/strong>\u00a010,6 millions<br \/>\n<strong>Pop. de 0 \u00e0 14 ans :<\/strong>\u00a016,2 %<\/p>\n<\/div>\n<div style=\"float: right; width: 59%;\">\n<p style=\"margin-bottom: 20px;\"><strong>Esp\u00e9rance de vie :<\/strong>\u00a080 ans<br \/>\n<strong>Mortalit\u00e9 des moins de 5 ans :<\/strong>\u00a03 \u2030<\/p>\n<\/div>\n<\/td>\n<\/tr>\n<\/tbody>\n<\/table>\n<h3>Principaux probl\u00e8mes rencontr\u00e9s par les enfants au Portugal :<\/h3>\n<p><strong><a href=\"https:\/\/www.humanium.org\/fr\/enfants-pauvres\/\">Pauvret\u00e9<\/a><\/strong><\/p>\n<p><a href=\"https:\/\/www.humanium.org\/fr\/portugal\/\"><img loading=\"lazy\" decoding=\"async\" class=\"alignright wp-image-22068\" title=\"Enfants pauvres au Portugal \u00a9 Frproart (Flickr)\" src=\"https:\/\/www.humanium.org\/fr\/wp-content\/uploads\/2012\/07\/enfants-portugal-frproart1.jpg\" alt=\"\" width=\"224\" height=\"160\" \/><\/a>Au niveau europ\u00e9en le Portugal se positionne parmi les 8 pays ayant des niveaux de\u00a0<a href=\"https:\/\/www.humanium.org\/fr\/enfants-pauvres\/\">pauvret\u00e9<\/a>\u00a0les plus \u00e9lev\u00e9s chez les enfants. \u00a0Depuis l\u2019ann\u00e9e 2009, la <a href=\"https:\/\/www.humanium.org\/fr\/enfants-pauvres\/\">pauvret\u00e9<\/a> ne cesse d\u2019augmenter au Portugal. 20% des enfants soit un sur cinq, vivent en dessous du seuil de pauvret\u00e9.Leurs parents sont g\u00e9n\u00e9ralement sans emploi ou au ch\u00f4mage.<\/p>\n<p>Parmi ces familles un certain nombre n\u2019ont pas de logement et vivent dans des bidonvilles ou dans dans les rues de Lisbonne et Porto.\u00a0On note \u00e9galement que 3 enfants sur 10 vivent dans la privation. Un des crit\u00e8res de privation est l\u2019absence de 3 repas par jour.<\/p>\n<p><strong><a href=\"https:\/\/www.humanium.org\/fr\/comprendre-droits-enfant\/droit-a-la-sante\/\">Sant\u00e9<\/a><\/strong><\/p>\n<p>Le Portugal a le taux de diagnostique du <a href=\"https:\/\/www.humanium.org\/fr\/enfant-et-sida\/\">VIH\/SIDA<\/a>\u00a0le plus \u00e9lev\u00e9 d&rsquo;Europe Occidental. Bien qu\u2019il existe des campagnes de\u00a0 pr\u00e9vention, des \u00e9tudes mettent en avant le fait que beaucoup de jeunes n\u2019ont pas recours aux pr\u00e9servatifs.<\/p>\n<p><strong><a href=\"https:\/\/www.humanium.org\/fr\/la-maltraitance-des-enfants\/\">Maltraitance<\/a><\/strong><\/p>\n<p>Le Portugal est recens\u00e9 parmi les trois nations ayant les plus haut taux de d\u00e9c\u00e8s d\u2019enfants suite \u00e0 la <a href=\"https:\/\/www.humanium.org\/fr\/la-maltraitance-des-enfants\/\">maltraitance<\/a>. On note que 90% des enfants maltrait\u00e9s ont \u00e9t\u00e9 victimes de violence domestique. Ces violences peuvent avoir de graves cons\u00e9quences sur le d\u00e9veloppement physique ou mental des enfants.<\/p>\n<p><strong><a href=\"https:\/\/www.humanium.org\/fr\/travail-des-enfants\/\">Travail des enfants<\/a><\/strong><\/p>\n<p><img loading=\"lazy\" decoding=\"async\" class=\"alignright wp-image-22069\" title=\"Le travail des enfants est un ph\u00e9nom\u00e8ne toujours pr\u00e9sent \u00a9 Marcdonn (Flickr)\" src=\"https:\/\/www.humanium.org\/fr\/wp-content\/uploads\/2012\/07\/enfants-travail-marcdonn.jpg\" alt=\"\" width=\"240\" height=\"160\" \/>Bien que le Portugal ait lanc\u00e9 une campagne d\u2019\u00e9radication du <a href=\"https:\/\/www.humanium.org\/fr\/travail-des-enfants\/\">travail des enfants<\/a>, ce ph\u00e9nom\u00e8ne est toujours pr\u00e9sent. Les donn\u00e9es officielles montrent une diminution de ce ph\u00e9nom\u00e8ne. Cependant en raison des difficult\u00e9s de contr\u00f4le, il est possible de remettre en question cette baisse.<\/p>\n<p>Alors que la loi interdit le<a href=\"https:\/\/www.humanium.org\/fr\/travail-des-enfants\/\"> travail des enfants<\/a>, des jeunes de moins de 16 ans de communaut\u00e9s roms sont pr\u00e9sents dans les rues pour mendier. Par ailleurs, les enfants du Nord du Portugal sont plus touch\u00e9s que ceux du Sud et travaillent principalement dans la production de textile, de chaussure et les activit\u00e9s de b\u00e2timent. Les enfants travaillant dans la fabrication de chaussures touchent moins de 1 euro par heure. Ces enfants courent le risque d\u2019une d\u00e9scolarisation et d\u2019un manque de qualification. &lsquo;ailleurs, un des effets de la crise est qu\u2019un grand nombre d\u2019enfants d\u00e9serte l\u2019\u00e9cole pour travailler et soutenir leur famille.<\/p>\n<p><strong><a href=\"https:\/\/www.humanium.org\/fr\/droit-non-discrimination\/\">Droit \u00e0 la non-discrimination<\/a><\/strong><\/p>\n<p>Bien que le Portugal ait ratifi\u00e9 la Convention Internationale sur l\u2019\u00e9limination de toutes formes de discrimination raciale, la communaut\u00e9 rom fait l\u2019objet de <a href=\"https:\/\/www.humanium.org\/fr\/droit-non-discrimination\/\">discriminations<\/a>, notamment dans le domaine du logement, de la <a href=\"https:\/\/www.humanium.org\/fr\/comprendre-droits-enfant\/droit-a-la-sante\/\">sant\u00e9<\/a> et de l\u2019<a href=\"https:\/\/www.humanium.org\/fr\/comprendre-droits-enfant\/droit-a-l-education\/\">\u00e9ducation<\/a>. Le Portugal a mis en place des programmes pour reloger les roms vivant dans des conditions pr\u00e9caires, mais ces personnes ont \u00e9t\u00e9 install\u00e9es dans des lieux \u00e9loign\u00e9s des zones urbaines avec des difficult\u00e9s de transport, ce qui a une incidence pour l\u2019acc\u00e8s au service de base n\u00e9cessaires aux enfants. De plus des \u00e9tudes r\u00e9v\u00e8lent que le taux de scolarisation est moins \u00e9lev\u00e9 chez les enfants roms que les non-roms.<\/p>\n<p><strong><a href=\"https:\/\/www.humanium.org\/fr\/trafic-enfants\/\">Trafic d\u2019enfants<\/a><\/strong><\/p>\n<p>De nombreux enfants du Br\u00e9sil, des pays de l\u2019Est et de l\u2019Afrique, Br\u00e9sil sont transport\u00e9s au Portugal. Ils sont utilis\u00e9s dans les secteurs de l\u2019h\u00f4tellerie, de la\u00a0<a href=\"https:\/\/www.humanium.org\/fr\/prostitution-infantile\/\">prostitution<\/a>\u00a0et du travail domestique. Ces enfants sont g\u00e9n\u00e9ralement victimes de<a href=\"https:\/\/www.humanium.org\/fr\/la-maltraitance-des-enfants\/\">\u00a0maltraitance<\/a>\u00a0et d\u2019abus sexuels.<\/p>\n<p><strong>Exploitation sexuelle des enfants<\/strong><\/p>\n<p><img loading=\"lazy\" decoding=\"async\" class=\"alignright wp-image-22070\" title=\"Le trafic d\u2019enfants en vue d\u2019exploitation sexuelle est important au Portugal \u00a9 Hugo brth (Flickr)\" src=\"https:\/\/www.humanium.org\/fr\/wp-content\/uploads\/2012\/07\/exploitationenfant.jpg\" alt=\"\" width=\"230\" height=\"160\" \/><\/p>\n<p>En raison de lacunes dans la l\u00e9gislation, le<a href=\"https:\/\/www.humanium.org\/fr\/trafic-enfants\/\"> trafic d\u2019enfants<\/a>\u00a0en vue d\u2019exploitation sexuelle est important au Portugal. Les jeunes filles sont majoritairement touch\u00e9es par ce probl\u00e8me, elles sont d\u2019autant plus vuln\u00e9rables lorsqu\u2019elles sont issues de familles pauvres.<\/p>\n<p><strong>Environnement<\/strong><\/p>\n<p>Avec ses 5,7 tonnes de CO2 \u00e9mis par habitant et par an, le Portugal n\u2019est pas une r\u00e9f\u00e9rence en mati\u00e8re d\u2019environnement. Les adultes de m\u00eame que les enfants doivent pouvoir \u00e9voluer dans un environnement sain. Ainsi le Portugal, comme beaucoup d\u2019autres, pays n\u2019a pas un cadre favorable pour la sant\u00e9 de ses citoyens et notamment celui des enfants.<\/p>\n","protected":false},"excerpt":{"rendered":"<p>Enfants du Portugal Concr\u00e9tiser les droits de l&rsquo;enfant au Portugal \u00a0 La ratification de la Convention Internationale des Droits de l\u2019Enfant par le Portugal,\u00a0a permis d\u2019accorder un plus grand int\u00e9r\u00eat envers les enfants. De plus d&rsquo;importantes ressources ont \u00e9t\u00e9 d\u00e9di\u00e9es aux domaines de l\u2019\u00e9ducation, de la sant\u00e9 et de la protection sociale des jeunes. Cependant, [&hellip;]<\/p>\n","protected":false},"author":65,"featured_media":0,"parent":0,"menu_order":0,"comment_status":"closed","ping_status":"closed","template":"","meta":{"footnotes":""},"class_list":["post-21703","page","type-page","status-publish","hentry"],"yoast_head":"<!-- This site is optimized with the Yoast SEO plugin v28.3 - https:\/\/yoast.com\/product\/yoast-seo-wordpress\/ -->\n<title>Enfants du Portugal - Humanium<\/title>\n<meta name=\"description\" content=\"Au Portugal le niveau de\u00a0pauvret\u00e9 est inqui\u00e9tant, d\u2019autant que la crise \u00e9conomique a provoqu\u00e9e des changements des conditions de vie des enfants.\" \/>\n<meta name=\"robots\" content=\"index, follow, max-snippet:-1, max-image-preview:large, max-video-preview:-1\" \/>\n<link rel=\"canonical\" href=\"https:\/\/www.humanium.org\/fr\/portugal\/\" \/>\n<meta property=\"og:locale\" content=\"fr_FR\" \/>\n<meta property=\"og:type\" content=\"article\" \/>\n<meta property=\"og:title\" content=\"Enfants du Portugal - Humanium\" \/>\n<meta property=\"og:description\" content=\"Au Portugal le niveau de\u00a0pauvret\u00e9 est inqui\u00e9tant, d\u2019autant que la crise \u00e9conomique a provoqu\u00e9e des changements des conditions de vie des enfants.\" \/>\n<meta property=\"og:url\" content=\"https:\/\/www.humanium.org\/fr\/portugal\/\" \/>\n<meta property=\"og:site_name\" content=\"Humanium\" \/>\n<meta property=\"article:modified_time\" content=\"2025-12-05T14:41:06+00:00\" \/>\n<meta name=\"twitter:card\" content=\"summary_large_image\" \/>\n<meta name=\"twitter:label1\" content=\"Dur\u00e9e de lecture estim\u00e9e\" \/>\n\t<meta name=\"twitter:data1\" content=\"5 minutes\" \/>\n<script type=\"application\/ld+json\" class=\"yoast-schema-graph\">{\"@context\":\"https:\\\/\\\/schema.org\",\"@graph\":[{\"@type\":\"WebPage\",\"@id\":\"https:\\\/\\\/www.humanium.org\\\/fr\\\/portugal\\\/\",\"url\":\"https:\\\/\\\/www.humanium.org\\\/fr\\\/portugal\\\/\",\"name\":\"Enfants du Portugal - Humanium\",\"isPartOf\":{\"@id\":\"https:\\\/\\\/www.humanium.org\\\/fr\\\/#website\"},\"primaryImageOfPage\":{\"@id\":\"https:\\\/\\\/www.humanium.org\\\/fr\\\/portugal\\\/#primaryimage\"},\"image\":{\"@id\":\"https:\\\/\\\/www.humanium.org\\\/fr\\\/portugal\\\/#primaryimage\"},\"thumbnailUrl\":\"https:\\\/\\\/www.humanium.org\\\/fr\\\/wp-content\\\/uploads\\\/2012\\\/07\\\/jeune-fille-blazouf.jpg\",\"datePublished\":\"2012-09-19T13:11:32+00:00\",\"dateModified\":\"2025-12-05T14:41:06+00:00\",\"description\":\"Au Portugal le niveau de\u00a0pauvret\u00e9 est inqui\u00e9tant, d\u2019autant que la crise \u00e9conomique a provoqu\u00e9e des changements des conditions de vie des enfants.\",\"breadcrumb\":{\"@id\":\"https:\\\/\\\/www.humanium.org\\\/fr\\\/portugal\\\/#breadcrumb\"},\"inLanguage\":\"fr-FR\",\"potentialAction\":[{\"@type\":\"ReadAction\",\"target\":[\"https:\\\/\\\/www.humanium.org\\\/fr\\\/portugal\\\/\"]}]},{\"@type\":\"ImageObject\",\"inLanguage\":\"fr-FR\",\"@id\":\"https:\\\/\\\/www.humanium.org\\\/fr\\\/portugal\\\/#primaryimage\",\"url\":\"https:\\\/\\\/www.humanium.org\\\/fr\\\/wp-content\\\/uploads\\\/2012\\\/07\\\/jeune-fille-blazouf.jpg\",\"contentUrl\":\"https:\\\/\\\/www.humanium.org\\\/fr\\\/wp-content\\\/uploads\\\/2012\\\/07\\\/jeune-fille-blazouf.jpg\"},{\"@type\":\"BreadcrumbList\",\"@id\":\"https:\\\/\\\/www.humanium.org\\\/fr\\\/portugal\\\/#breadcrumb\",\"itemListElement\":[{\"@type\":\"ListItem\",\"position\":1,\"name\":\"Home\",\"item\":\"https:\\\/\\\/www.humanium.org\\\/fr\\\/\"},{\"@type\":\"ListItem\",\"position\":2,\"name\":\"Enfants du Portugal\"}]},{\"@type\":\"WebSite\",\"@id\":\"https:\\\/\\\/www.humanium.org\\\/fr\\\/#website\",\"url\":\"https:\\\/\\\/www.humanium.org\\\/fr\\\/\",\"name\":\"Humanium\",\"description\":\"Les enfants d\u2019abord !\",\"potentialAction\":[{\"@type\":\"SearchAction\",\"target\":{\"@type\":\"EntryPoint\",\"urlTemplate\":\"https:\\\/\\\/www.humanium.org\\\/fr\\\/?s={search_term_string}\"},\"query-input\":{\"@type\":\"PropertyValueSpecification\",\"valueRequired\":true,\"valueName\":\"search_term_string\"}}],\"inLanguage\":\"fr-FR\"}]}<\/script>\n<!-- \/ Yoast SEO plugin. -->","yoast_head_json":{"title":"Enfants du Portugal - Humanium","description":"Au Portugal le niveau de\u00a0pauvret\u00e9 est inqui\u00e9tant, d\u2019autant que la crise \u00e9conomique a provoqu\u00e9e des changements des conditions de vie des enfants.","robots":{"index":"index","follow":"follow","max-snippet":"max-snippet:-1","max-image-preview":"max-image-preview:large","max-video-preview":"max-video-preview:-1"},"canonical":"https:\/\/www.humanium.org\/fr\/portugal\/","og_locale":"fr_FR","og_type":"article","og_title":"Enfants du Portugal - Humanium","og_description":"Au Portugal le niveau de\u00a0pauvret\u00e9 est inqui\u00e9tant, d\u2019autant que la crise \u00e9conomique a provoqu\u00e9e des changements des conditions de vie des enfants.","og_url":"https:\/\/www.humanium.org\/fr\/portugal\/","og_site_name":"Humanium","article_modified_time":"2025-12-05T14:41:06+00:00","twitter_card":"summary_large_image","twitter_misc":{"Dur\u00e9e de lecture estim\u00e9e":"5 minutes"},"schema":{"@context":"https:\/\/schema.org","@graph":[{"@type":"WebPage","@id":"https:\/\/www.humanium.org\/fr\/portugal\/","url":"https:\/\/www.humanium.org\/fr\/portugal\/","name":"Enfants du Portugal - Humanium","isPartOf":{"@id":"https:\/\/www.humanium.org\/fr\/#website"},"primaryImageOfPage":{"@id":"https:\/\/www.humanium.org\/fr\/portugal\/#primaryimage"},"image":{"@id":"https:\/\/www.humanium.org\/fr\/portugal\/#primaryimage"},"thumbnailUrl":"https:\/\/www.humanium.org\/fr\/wp-content\/uploads\/2012\/07\/jeune-fille-blazouf.jpg","datePublished":"2012-09-19T13:11:32+00:00","dateModified":"2025-12-05T14:41:06+00:00","description":"Au Portugal le niveau de\u00a0pauvret\u00e9 est inqui\u00e9tant, d\u2019autant que la crise \u00e9conomique a provoqu\u00e9e des changements des conditions de vie des enfants.","breadcrumb":{"@id":"https:\/\/www.humanium.org\/fr\/portugal\/#breadcrumb"},"inLanguage":"fr-FR","potentialAction":[{"@type":"ReadAction","target":["https:\/\/www.humanium.org\/fr\/portugal\/"]}]},{"@type":"ImageObject","inLanguage":"fr-FR","@id":"https:\/\/www.humanium.org\/fr\/portugal\/#primaryimage","url":"https:\/\/www.humanium.org\/fr\/wp-content\/uploads\/2012\/07\/jeune-fille-blazouf.jpg","contentUrl":"https:\/\/www.humanium.org\/fr\/wp-content\/uploads\/2012\/07\/jeune-fille-blazouf.jpg"},{"@type":"BreadcrumbList","@id":"https:\/\/www.humanium.org\/fr\/portugal\/#breadcrumb","itemListElement":[{"@type":"ListItem","position":1,"name":"Home","item":"https:\/\/www.humanium.org\/fr\/"},{"@type":"ListItem","position":2,"name":"Enfants du Portugal"}]},{"@type":"WebSite","@id":"https:\/\/www.humanium.org\/fr\/#website","url":"https:\/\/www.humanium.org\/fr\/","name":"Humanium","description":"Les enfants d\u2019abord !","potentialAction":[{"@type":"SearchAction","target":{"@type":"EntryPoint","urlTemplate":"https:\/\/www.humanium.org\/fr\/?s={search_term_string}"},"query-input":{"@type":"PropertyValueSpecification","valueRequired":true,"valueName":"search_term_string"}}],"inLanguage":"fr-FR"}]}},"_links":{"self":[{"href":"https:\/\/www.humanium.org\/fr\/wp-json\/wp\/v2\/pages\/21703","targetHints":{"allow":["GET"]}}],"collection":[{"href":"https:\/\/www.humanium.org\/fr\/wp-json\/wp\/v2\/pages"}],"about":[{"href":"https:\/\/www.humanium.org\/fr\/wp-json\/wp\/v2\/types\/page"}],"author":[{"embeddable":true,"href":"https:\/\/www.humanium.org\/fr\/wp-json\/wp\/v2\/users\/65"}],"replies":[{"embeddable":true,"href":"https:\/\/www.humanium.org\/fr\/wp-json\/wp\/v2\/comments?post=21703"}],"version-history":[{"count":6,"href":"https:\/\/www.humanium.org\/fr\/wp-json\/wp\/v2\/pages\/21703\/revisions"}],"predecessor-version":[{"id":60038,"href":"https:\/\/www.humanium.org\/fr\/wp-json\/wp\/v2\/pages\/21703\/revisions\/60038"}],"wp:attachment":[{"href":"https:\/\/www.humanium.org\/fr\/wp-json\/wp\/v2\/media?parent=21703"}],"curies":[{"name":"wp","href":"https:\/\/api.w.org\/{rel}","templated":true}]}}