{"id":21773,"date":"2012-08-17T16:06:00","date_gmt":"2012-08-17T16:06:00","guid":{"rendered":"http:\/\/www.humanium.org\/fr\/?page_id=21773"},"modified":"2026-08-30T15:20:59","modified_gmt":"2026-08-30T15:20:59","slug":"islande","status":"publish","type":"page","link":"https:\/\/www.humanium.org\/fr\/islande\/","title":{"rendered":"Enfants d&rsquo;Islande"},"content":{"rendered":"\n<h2 class=\"wp-block-heading\"><strong>Concr\u00e9tiser les droits de l&rsquo;enfant en Islande<\/strong><\/h2>\n\n\n\n<div class=\"wp-block-columns is-layout-flex wp-container-core-columns-is-layout-8f761849 wp-block-columns-is-layout-flex\">\n<div class=\"wp-block-column is-layout-flow wp-block-column-is-layout-flow\"><div class=\"wp-block-image is-style-rounded\">\n<figure class=\"aligncenter size-full is-resized\"><img decoding=\"async\" src=\"https:\/\/www.humanium.org\/en\/wp-content\/uploads\/2026\/08\/shutterstock_2580143527_edited-scaled.jpeg\" alt=\"\" class=\"wp-image-91959\" style=\"object-fit:cover;width:200px;height:200px\"\/><\/figure>\n<\/div><\/div>\n\n\n\n<div class=\"wp-block-column is-layout-flow wp-block-column-is-layout-flow\"><div class=\"wp-block-image is-style-rounded\">\n<figure class=\"aligncenter size-full is-resized\"><img decoding=\"async\" src=\"https:\/\/www.humanium.org\/en\/wp-content\/uploads\/2026\/08\/shutterstock_1529354705_edited-scaled.jpeg\" alt=\"\" class=\"wp-image-91960\" style=\"object-fit:cover;width:200px;height:200px\"\/><\/figure>\n<\/div><\/div>\n<\/div>\n\n\n\n<p class=\"wp-block-paragraph\"><strong><strong>La faible population et l&rsquo;\u00e9conomie \u00e0 revenu \u00e9lev\u00e9 de l&rsquo;Islande permettent aux enfants d&rsquo;avoir largement acc\u00e8s \u00e0 des services de base qui leur garantissent un niveau de vie convenable. Des syst\u00e8mes \u00e9ducatifs, sanitaires et sociaux solides renforcent cet environnement. Le pays a ratifi\u00e9 tous les principaux cadres juridiques internationaux relatifs \u00e0 la protection des droits de l&rsquo;enfant, mais des progr\u00e8s restent \u00e0 faire dans certains domaines pour garantir pleinement ces droits.<\/strong><\/strong><\/p>\n\n\n\n<iframe src=\"https:\/\/www.google.com\/maps\/embed?pb=!1m18!1m12!1m3!1d3482273.937056369!2d-24.519127561285778!3d64.77544426637319!2m3!1f0!2f0!3f0!3m2!1i1024!2i768!4f13.1!3m3!1m2!1s0x48d22b52a3eb6043%3A0x6f8a0434e5c1459a!2sIceland!5e0!3m2!1sen!2shr!4v1788101788835!5m2!1sen!2shr\" width=\"600\" height=\"450\" style=\"border:0;\" allowfullscreen=\"\" loading=\"lazy\" referrerpolicy=\"strict-origin-when-cross-origin\"><\/iframe>\n\n\n\n<div class=\"wp-block-columns is-layout-flex wp-container-core-columns-is-layout-8f761849 wp-block-columns-is-layout-flex\">\n<div class=\"wp-block-column is-layout-flow wp-block-column-is-layout-flow\">\n<p class=\"wp-block-paragraph\"><strong>Population<\/strong> : 389 444 habitants<br><strong>Population \u00e2g\u00e9e de 0 \u00e0 14 ans<\/strong> : 17,76 %<\/p>\n<\/div>\n\n\n\n<div class=\"wp-block-column is-layout-flow wp-block-column-is-layout-flow\">\n<p class=\"wp-block-paragraph\"><strong>Esp\u00e9rance de vie<\/strong> : 82,7 ans<br><strong>Taux de mortalit\u00e9 des moins de 5 ans<\/strong> : 1,9 \u2030<\/p>\n<\/div>\n<\/div>\n\n\n\n<h2 class=\"wp-block-heading\"><strong>L\u2019Islande en bref<\/strong><\/h2>\n\n\n\n<p class=\"wp-block-paragraph\">La R\u00e9publique d&rsquo;Islande (<em>L\u00fddhveldidh \u00cdsland<\/em>) est une petite \u00eele situ\u00e9e dans l&rsquo;oc\u00e9an Atlantique Nord, entre le Groenland et la <a href=\"https:\/\/www.humanium.org\/fr\/norvege\/#:~:text=Les%20enfants%20de%2015%20ans,m%C3%AAmes%20tribunaux%20que%20les%20adultes.&amp;text=Un%20programme%20national%20pour%20la,en%20charge%20de%20ces%20enfants.\">Norv\u00e8ge<\/a>. Comme il s&rsquo;agit d&rsquo;une \u00eele, elle ne partage aucune fronti\u00e8re terrestre avec un autre pays. Elle est plut\u00f4t entour\u00e9e d&rsquo;importantes \u00e9tendues d&rsquo;eau qui d\u00e9finissent sa position g\u00e9ographique. Au nord se trouve la mer du Groenland, tandis que la mer de Norv\u00e8ge borde l&rsquo;\u00eele \u00e0 l&rsquo;est et au nord-est. Le d\u00e9troit du Danemark la s\u00e9pare du Groenland au nord-ouest, et la mer d&rsquo;Irminger se trouve au sud-ouest (Karlsson et al., 2025).&nbsp;<\/p>\n\n\n<div class=\"wp-block-image\">\n<figure class=\"alignleft size-large is-resized\"><img loading=\"lazy\" decoding=\"async\" width=\"1024\" height=\"683\" src=\"https:\/\/www.humanium.org\/fr\/wp-content\/uploads\/2026\/08\/shutterstock_2541716647-1024x683.jpg\" alt=\"\" class=\"wp-image-62885\" style=\"aspect-ratio:1.499330655957162;width:410px;height:auto\" srcset=\"https:\/\/www.humanium.org\/fr\/wp-content\/uploads\/2026\/08\/shutterstock_2541716647-1024x683.jpg 1024w, https:\/\/www.humanium.org\/fr\/wp-content\/uploads\/2026\/08\/shutterstock_2541716647-300x200.jpg 300w, https:\/\/www.humanium.org\/fr\/wp-content\/uploads\/2026\/08\/shutterstock_2541716647-768x512.jpg 768w, https:\/\/www.humanium.org\/fr\/wp-content\/uploads\/2026\/08\/shutterstock_2541716647-1536x1024.jpg 1536w, https:\/\/www.humanium.org\/fr\/wp-content\/uploads\/2026\/08\/shutterstock_2541716647-2048x1365.jpg 2048w, https:\/\/www.humanium.org\/fr\/wp-content\/uploads\/2026\/08\/shutterstock_2541716647-829x553.jpg 829w, https:\/\/www.humanium.org\/fr\/wp-content\/uploads\/2026\/08\/shutterstock_2541716647-230x153.jpg 230w, https:\/\/www.humanium.org\/fr\/wp-content\/uploads\/2026\/08\/shutterstock_2541716647-350x233.jpg 350w, https:\/\/www.humanium.org\/fr\/wp-content\/uploads\/2026\/08\/shutterstock_2541716647-480x320.jpg 480w, https:\/\/www.humanium.org\/fr\/wp-content\/uploads\/2026\/08\/shutterstock_2541716647-272x182.jpg 272w\" sizes=\"auto, (max-width: 1024px) 100vw, 1024px\" \/><\/figure>\n<\/div>\n\n\n<p class=\"wp-block-paragraph\">L&rsquo;Islande se trouve au nord de l\u2019<a href=\"https:\/\/www.humanium.org\/fr\/irlande\/\">Irlande<\/a>, \u00e0 l&rsquo;est du Groenland, \u00e0 l&rsquo;ouest de la Norv\u00e8ge et au nord-ouest du <a href=\"https:\/\/www.humanium.org\/fr\/royaume-uni\/\">Royaume-Uni<\/a>. Bien qu&rsquo;elle soit consid\u00e9r\u00e9e comme un pays nordique et malgr\u00e9 son \u00e9loignement g\u00e9ographique, l&rsquo;Islande est reconnue comme faisant partie de l&rsquo;Europe. Reykjav\u00edk, la capitale et la plus grande ville du pays, se situe sur la p\u00e9ninsule de Seltjarnar, au sud-ouest. Les autres villes sont Akureyri, sur la c\u00f4te nord-centrale, Hafnarfj\u00f6rdhur, sur la c\u00f4te sud-ouest, et Selfoss, dans les plaines du sud (Karlsson et al., 2025).<\/p>\n\n\n\n<p class=\"wp-block-paragraph\">L&rsquo;\u00eele est connue pour ses paysages spectaculaires compos\u00e9s de volcans, de glaciers, de champs g\u00e9othermiques et de c\u00f4tes escarp\u00e9es, tous form\u00e9s par sa position sur la dorsale m\u00e9dio-atlantique. Le littoral islandais s&rsquo;\u00e9tend sur quelque 4 800 kilom\u00e8tres. Environ un dixi\u00e8me de l&rsquo;\u00eele est recouvert de glace provenant des glaciers ainsi que de lave refroidie. L&rsquo;\u00eele compte environ 200 volcans et conna\u00eet une activit\u00e9 volcanique intense depuis 1970 (Karlsson et al., 2025).<\/p>\n\n\n\n<h2 class=\"wp-block-heading\"><strong>Situation des droits de l\u2019enfant <a href=\"#_ftn1\" id=\"_ftnref1\"><strong>[1]<\/strong><\/a><\/strong><\/h2>\n\n\n\n<p class=\"wp-block-paragraph\">L&rsquo;Islande s&rsquo;est engag\u00e9e \u00e0 respecter plusieurs accords internationaux visant \u00e0 prot\u00e9ger les droits de l&rsquo;enfant. En 1992, le gouvernement a ratifi\u00e9 la <a href=\"https:\/\/www.humanium.org\/fr\/convention\/\">Convention relative aux droits de l&rsquo;enfant<\/a> (CIDE). Le pays est \u00e9galement partie \u00e0 la <a href=\"https:\/\/www.humanium.org\/fr\/autres\/convention-elimination-formes-discrimination-femmes\/\">Convention sur l&rsquo;\u00e9limination de toutes les formes de discrimination \u00e0 l&rsquo;\u00e9gard des femmes<\/a> (CEDAW), ratifi\u00e9e en 1985, \u00e0 la <a href=\"https:\/\/www.humanium.org\/fr\/normes\/convention-elimination-toutes-formes-discrimination-raciale\/\">Convention internationale sur l&rsquo;\u00e9limination de toutes les formes de discrimination raciale<\/a>, ratifi\u00e9e en 1967, ainsi qu&rsquo;au Pacte international relatif aux droits civils et politiques (PIDCP), ratifi\u00e9 en 1979.<\/p>\n\n\n\n<p class=\"wp-block-paragraph\">En 2001, il a ratifi\u00e9 le <a href=\"https:\/\/www.humanium.org\/fr\/normes\/protocole-facultatif-cide-enfants-dans-conflits-armes\/\">Protocole facultatif \u00e0 la Convention relative aux droits de l&rsquo;enfant concernant l&rsquo;implication d&rsquo;enfants dans les conflits arm\u00e9s<\/a> et <a href=\"https:\/\/www.humanium.org\/fr\/normes\/protocole-facultatif-cide-vente-prostitution-pornographie-enfants\/\">la vente d&rsquo;enfants, la prostitution des enfants et la pornographie mettant en sc\u00e8ne des enfants<\/a>. Il a \u00e9galement ratifi\u00e9, en 2000, la Convention n\u00b0 182 de l&rsquo;Organisation internationale du travail (OIT) relative \u00e0 l\u2019<a href=\"https:\/\/www.humanium.org\/fr\/normes\/convention-c182-pires-formes-travail-enfants-1999\/\">interdiction des pires formes de travail des enfants<\/a>.<\/p>\n\n\n\n<h2 class=\"wp-block-heading\"><strong>R\u00e9pondre aux besoins des enfants<\/strong><\/h2>\n\n\n\n<h3 class=\"wp-block-heading\"><strong>Droit \u00e0 l&rsquo;\u00e9ducation<\/strong><\/h3>\n\n\n<div class=\"wp-block-image\">\n<figure class=\"alignright size-large is-resized\"><img loading=\"lazy\" decoding=\"async\" width=\"1024\" height=\"683\" src=\"https:\/\/www.humanium.org\/fr\/wp-content\/uploads\/2026\/08\/shutterstock_718152994-1024x683.jpg\" alt=\"\" class=\"wp-image-62886\" style=\"aspect-ratio:1.499330655957162;width:380px;height:auto\" srcset=\"https:\/\/www.humanium.org\/fr\/wp-content\/uploads\/2026\/08\/shutterstock_718152994-1024x683.jpg 1024w, https:\/\/www.humanium.org\/fr\/wp-content\/uploads\/2026\/08\/shutterstock_718152994-300x200.jpg 300w, https:\/\/www.humanium.org\/fr\/wp-content\/uploads\/2026\/08\/shutterstock_718152994-768x512.jpg 768w, https:\/\/www.humanium.org\/fr\/wp-content\/uploads\/2026\/08\/shutterstock_718152994-1536x1024.jpg 1536w, https:\/\/www.humanium.org\/fr\/wp-content\/uploads\/2026\/08\/shutterstock_718152994-829x553.jpg 829w, https:\/\/www.humanium.org\/fr\/wp-content\/uploads\/2026\/08\/shutterstock_718152994-2048x1365.jpg 2048w, https:\/\/www.humanium.org\/fr\/wp-content\/uploads\/2026\/08\/shutterstock_718152994-229x153.jpg 229w, https:\/\/www.humanium.org\/fr\/wp-content\/uploads\/2026\/08\/shutterstock_718152994-350x233.jpg 350w, https:\/\/www.humanium.org\/fr\/wp-content\/uploads\/2026\/08\/shutterstock_718152994-480x320.jpg 480w, https:\/\/www.humanium.org\/fr\/wp-content\/uploads\/2026\/08\/shutterstock_718152994-272x182.jpg 272w\" sizes=\"auto, (max-width: 1024px) 100vw, 1024px\" \/><\/figure>\n<\/div>\n\n\n<p class=\"wp-block-paragraph\">En Islande, le <a href=\"https:\/\/www.humanium.org\/fr\/comprendre-droits-enfant\/droit-a-l-education\/\">droit \u00e0 l&rsquo;\u00e9ducation<\/a> est garanti par la Constitution, en vertu de l&rsquo;article 76, et le <a href=\"https:\/\/www.humanium.org\/fr\/comprendre-droits-enfant\/droit-a-l-education\/\">syst\u00e8me \u00e9ducatif<\/a> est r\u00e9gi par le minist\u00e8re de l&rsquo;\u00c9ducation et de l&rsquo;Enfance (<em>Mennta- og Barnam\u00e1lar\u00e1\u00f0uneyti\u00f0<\/em>). Ce minist\u00e8re supervise l&rsquo;\u00e9ducation nationale, la r\u00e9glementation, les normes relatives aux programmes scolaires et la formation des enseignants.<\/p>\n\n\n\n<p class=\"wp-block-paragraph\">Bien que le minist\u00e8re de l&rsquo;\u00c9ducation soit le principal organe directeur, chaque municipalit\u00e9 est charg\u00e9e de veiller \u00e0 ce que l&rsquo;\u00e9ducation soit gratuite et accessible \u00e0 tous les enfants \u00e2g\u00e9s de 6 \u00e0 16 ans. L&rsquo;Islande fait partie des pays de l&rsquo;Organisation de coop\u00e9ration et de d\u00e9veloppement \u00e9conomiques (OCDE) qui consacrent le plus de fonds \u00e0 l&rsquo;\u00e9ducation en Europe et affiche l&rsquo;un des taux d&rsquo;alphab\u00e9tisation les plus \u00e9lev\u00e9s au monde (Commission europ\u00e9enne, 2025).<\/p>\n\n\n\n<p class=\"wp-block-paragraph\">La structure de l&rsquo;\u00e9ducation formelle en Islande comprend :<\/p>\n\n\n\n<ul class=\"wp-block-list\">\n<li>L&rsquo;enseignement pr\u00e9scolaire (<em>leiksk\u00f3li<\/em>) : il s&rsquo;agit du premier niveau scolaire pour les enfants de 1 \u00e0 6 ans. Bien qu\u2019il ne soit pas obligatoire, environ 95&nbsp;% des enfants de 3 \u00e0 5 ans y sont scolaris\u00e9s. La majeure partie du programme scolaire repose sur l\u2019<a href=\"https:\/\/www.humanium.org\/fr\/article-31-la-necessite-de-jouer-dans-la-vie-des-enfants\/\">apprentissage par le jeu<\/a>, favorisant ainsi le d\u00e9veloppement holistique, la cr\u00e9ativit\u00e9 et l&rsquo;\u00e9galit\u00e9.<\/li>\n\n\n\n<li>L&rsquo;enseignement obligatoire (<em>grunnsk\u00f3li<\/em>) : il comprend l&rsquo;\u00e9cole primaire et le premier cycle du secondaire. Cet enseignement est obligatoire et gratuit pour tous les enfants \u00e2g\u00e9s de 6 \u00e0 16 ans.<\/li>\n\n\n\n<li>L&rsquo;enseignement secondaire sup\u00e9rieur (<em>framhaldssk\u00f3li<\/em>) : il concerne les enfants \u00e2g\u00e9s de 16 \u00e0 20 ans. L&rsquo;\u00e9cole secondaire sup\u00e9rieure pr\u00e9pare \u00e0 l&rsquo;examen d&rsquo;entr\u00e9e \u00e0 l&rsquo;universit\u00e9 (st\u00fadentspr\u00f3f) ou \u00e0 des qualifications professionnelles (Commission europ\u00e9enne, 2025).<\/li>\n<\/ul>\n\n\n\n<h3 class=\"wp-block-heading\"><strong>Droit \u00e0 la sant\u00e9<\/strong><\/h3>\n\n\n\n<p class=\"wp-block-paragraph\">Le minist\u00e8re de la Sant\u00e9 (<em>Heilbrig\u00f0isr\u00e1\u00f0uneyti\u00f0<\/em>) est la principale autorit\u00e9 en mati\u00e8re de sant\u00e9 infantile en Islande. Les enfants islandais b\u00e9n\u00e9ficient d&rsquo;un <a href=\"https:\/\/www.humanium.org\/fr\/comprendre-droits-enfant\/droit-a-la-sante\/\">syst\u00e8me de sant\u00e9<\/a> financ\u00e9 par l&rsquo;\u00c9tat et de services de sant\u00e9 scolaire. Ce syst\u00e8me comprend des examens m\u00e9dicaux gratuits d\u00e8s la naissance et jusqu&rsquo;\u00e0 l&rsquo;\u00e2ge de 18 ans, un acc\u00e8s aux services m\u00e9dicaux g\u00e9n\u00e9raux, aux soins sp\u00e9cialis\u00e9s, aux vaccinations, aux services psychologiques et aux soins dentaires (Commission europ\u00e9enne, 2023).<\/p>\n\n\n\n<p class=\"wp-block-paragraph\">\u00c0 partir de 2023, l&rsquo;assurance maladie prend en charge 69&nbsp;% des frais de soins dentaires g\u00e9n\u00e9raux, ce qui permet aux enfants de moins de 18 ans de b\u00e9n\u00e9ficier d&rsquo;un examen dentaire complet pour 2 500 couronnes islandaises (16,53 euros). Les enfants peuvent consulter un dentiste en s&rsquo;inscrivant aupr\u00e8s d&rsquo;un dentiste de famille (Commission europ\u00e9enne, 2023).<\/p>\n\n\n\n<h3 class=\"wp-block-heading\"><strong>Droit \u00e0 l&rsquo;eau potable et \u00e0 l&rsquo;assainissement<\/strong><strong><\/strong><\/h3>\n\n\n\n<p class=\"wp-block-paragraph\">L&rsquo;Islande ne manque pas d\u2019<a href=\"https:\/\/www.humanium.org\/fr\/comprendre-droits-enfant\/droit-a-l-eau\/\">eau<\/a> potable et fait partie des pays les plus riches en ressources hydriques, o\u00f9 chacun a acc\u00e8s \u00e0 une eau saine et abordable. La qualit\u00e9 de l&rsquo;eau y est r\u00e9guli\u00e8rement contr\u00f4l\u00e9e et des r\u00e8gles strictes s&rsquo;appliquent aux r\u00e9servoirs d&rsquo;eau. Cependant, selon les Nations Unies, l&rsquo;assainissement doit \u00eatre am\u00e9lior\u00e9 dans de nombreuses r\u00e9gions du pays (Cabinet du Premier ministre du gouvernement islandais, 2023).<\/p>\n\n\n\n<p class=\"wp-block-paragraph\">L&rsquo;Islande met l&rsquo;accent sur l&rsquo;acc\u00e8s \u00e0 l&rsquo;eau potable et \u00e0 l&rsquo;assainissement dans ses initiatives de d\u00e9veloppement international. Elle appuie des projets qui cherchent \u00e0 \u00e9tendre l&rsquo;acc\u00e8s \u00e0 l&rsquo;eau potable et \u00e0 am\u00e9liorer les syst\u00e8mes d&rsquo;assainissement dans les pays partenaires, notamment le Malawi, l&rsquo;Ouganda et la Sierra Leone. Elle investit \u00e9galement dans des initiatives qui aident les adolescentes \u00e0 g\u00e9rer leur sant\u00e9 menstruelle, en mettant l&rsquo;accent sur l&rsquo;acc\u00e8s aux produits menstruels et le soutien \u00e9ducatif (Cabinet du Premier ministre du gouvernement islandais, 2023).<\/p>\n\n\n\n<h3 class=\"wp-block-heading\"><strong>Droit \u00e0 l&rsquo;identit\u00e9<\/strong><\/h3>\n\n\n\n<p class=\"wp-block-paragraph\">Conform\u00e9ment \u00e0 l&rsquo;article 7 de la loi sur l&rsquo;enfance, un num\u00e9ro d&rsquo;identification national (<em>kennitala<\/em>) est attribu\u00e9 \u00e0 chaque enfant n\u00e9 en Islande et sa naissance est enregistr\u00e9e \u00e0 l&rsquo;h\u00f4pital par la sage-femme. Tous les enfants doivent \u00eatre enregistr\u00e9s et recevoir un nom dans les six mois suivant leur naissance. La filiation l\u00e9gale est \u00e9galement d\u00e9clar\u00e9e lors de l&rsquo;<a href=\"https:\/\/www.humanium.org\/fr\/comprendre-droits-enfant\/droit-a-l-identite\/\">enregistrement de la naissance<\/a> et les m\u00e8res c\u00e9libataires doivent \u00e9tablir la paternit\u00e9 dans le m\u00eame d\u00e9lai (Island, s.d.).<\/p>\n\n\n\n<p class=\"wp-block-paragraph\">Les coutumes islandaises en mati\u00e8re de noms refl\u00e8tent des racines culturelles profondes li\u00e9es \u00e0 leur pass\u00e9 viking. \u00c0 l&rsquo;\u00e2ge des Vikings, les gens \u00e9taient identifi\u00e9s par leur nom et leur lign\u00e9e, et cette tradition perdure encore aujourd&rsquo;hui (Centre international d&rsquo;\u00e9tudes linguistiques, 2024).<\/p>\n\n\n\n<p class=\"wp-block-paragraph\">Conform\u00e9ment \u00e0 la loi n\u00b0 37\/1991 sur les noms de personne, les noms doivent \u00eatre enregistr\u00e9s aupr\u00e8s du Registre national (<em>\u00dej\u00f3\u00f0skr\u00e1<\/em>). Tous les noms doivent \u00eatre approuv\u00e9s par le Comit\u00e9 des noms personnels (<em>Mannanafnanefnd<\/em>). Pour les noms qui ne figurent pas dans le Registre national, les parents doivent obtenir une autorisation avant de donner un nom \u00e0 leur enfant, afin de s&rsquo;assurer que celui-ci respecte les r\u00e8gles grammaticales et orthographiques islandaises (Centre international d&rsquo;\u00e9tudes linguistiques, 2024).<\/p>\n\n\n\n<p class=\"wp-block-paragraph\">Le <em>Mannanafnanefnd<\/em>, cr\u00e9\u00e9 en 1991, contr\u00f4le et approuve les pr\u00e9noms donn\u00e9s aux nouveau-n\u00e9s. Souvent, les pr\u00e9noms qui ne sont pas conformes aux traditions culturelles et \u00e0 la grammaire islandaises sont rejet\u00e9s, car le <em>Mannanafnanefnd<\/em> vise \u00e0 garantir le maintien du patrimoine culturel et linguistique au sein de la soci\u00e9t\u00e9 (Centre international d&rsquo;\u00e9tudes linguistiques, 2024).<\/p>\n\n\n\n<p class=\"wp-block-paragraph\">Les noms de famille sont soit des patronymes, soit des matronymes, ce qui signifie que le nom de famille d&rsquo;un enfant est tir\u00e9 du pr\u00e9nom de l&rsquo;un de ses parents, g\u00e9n\u00e9ralement son p\u00e8re, mais parfois sa m\u00e8re. En r\u00e8gle g\u00e9n\u00e9rale, le suffixe <em>-son<\/em> est utilis\u00e9 pour les gar\u00e7ons et signifie \u00ab&nbsp;fils de&nbsp;\u00bb, tandis que le suffixe <em>-d\u00f3ttir<\/em> est utilis\u00e9 pour les filles et signifie \u00ab&nbsp;fille de \u00bb (Centre international d&rsquo;\u00e9tudes linguistiques, 2024). Cependant, depuis l&rsquo;adoption de la loi n\u00b0 80\/2019 sur l&rsquo;autonomie de genre, le suffixe neutre <em>-bur<\/em>, signifiant \u00ab&nbsp;enfant de \u00bb, a \u00e9t\u00e9 ajout\u00e9 afin de refl\u00e9ter la diversit\u00e9 des identit\u00e9s de genre.<\/p>\n\n\n\n<p class=\"wp-block-paragraph\">En Islande, il n&rsquo;y a pas de noms de famille fixes. Les noms ne sont traditionnellement pas transmis de g\u00e9n\u00e9ration en g\u00e9n\u00e9ration. Chaque nouvelle g\u00e9n\u00e9ration peut ainsi cr\u00e9er sa propre combinaison de noms du c\u00f4t\u00e9 paternel ou maternel, refl\u00e9tant la relation parent-enfant plut\u00f4t que l&rsquo;identit\u00e9 familiale au sens large (International Center for Language Studies, 2024). Les coutumes en mati\u00e8re de d\u00e9nomination sont strictement r\u00e9glement\u00e9es afin de garantir le <a href=\"https:\/\/www.humanium.org\/fr\/comprendre-droits-enfant\/droit-a-l-identite\/\">droit \u00e0 l&rsquo;identit\u00e9<\/a> de l&rsquo;enfant, en veillant \u00e0 ce que les noms soient enregistr\u00e9s, int\u00e9gr\u00e9s culturellement et reconnus l\u00e9galement.<\/p>\n\n\n\n<p class=\"wp-block-paragraph\">Selon la l\u00e9gislation en vigueur, les enfants n\u00e9s d&rsquo;un parent islandais et d&rsquo;un parent \u00e9tranger ont la possibilit\u00e9 d&rsquo;adopter un nom \u00e9tranger ainsi qu\u2019un nom islandais. Cependant, les enfants \u00e9trangers issus de communaut\u00e9s immigr\u00e9es ont le droit de conserver leur nom d&rsquo;origine, issu de leur propre pays (Trodler, 2021).<\/p>\n\n\n\n<h3 class=\"wp-block-heading\"><strong>Droit \u00e0 la protection<\/strong><\/h3>\n\n\n\n<p class=\"wp-block-paragraph\">En novembre 1998, Bragi Gu\u00f0brandsson a fond\u00e9 la <em>Barnah\u00fas<\/em> (la \u00ab&nbsp;maison des enfants&nbsp;\u00bb). Ce mod\u00e8le joue un r\u00f4le essentiel dans le syst\u00e8me islandais de protection de l&rsquo;enfance. La <em>Barnah\u00fas<\/em> apporte une r\u00e9ponse coh\u00e9rente et centr\u00e9e sur l&rsquo;enfant aux all\u00e9gations d\u2019<a href=\"https:\/\/www.humanium.org\/fr\/la-maltraitance-des-enfants\/\">abus<\/a> sexuels ou physiques commis contre des enfants, ou de violence dont ils ont \u00e9t\u00e9 t\u00e9moins. Son objectif principal est de minimiser les traumatismes et de garantir la conduite d&rsquo;enqu\u00eates efficaces en r\u00e9unissant les principaux organismes concern\u00e9s, tels que la police, les procureurs, les travailleurs sociaux charg\u00e9s de la protection de l&rsquo;enfance, les professionnels de sant\u00e9 et les services de conseil (Fahsing, 2025).<\/p>\n\n\n\n<p class=\"wp-block-paragraph\">Depuis la cr\u00e9ation de la <em>Barnah\u00fas<\/em>, ce mod\u00e8le a \u00e9t\u00e9 adopt\u00e9 dans 28 pays europ\u00e9ens, chacun l&rsquo;adaptant \u00e0 son propre cadre culturel et juridique, tout en conservant au c\u0153ur du mod\u00e8le l&rsquo;importance d&rsquo;une protection centr\u00e9e sur l&rsquo;enfant (Fahsing, 2025).<\/p>\n\n\n\n<h2 class=\"wp-block-heading\"><strong>Facteurs de risque&nbsp;\u2013&gt;<\/strong>&nbsp;<strong>D\u00e9fis sp\u00e9cifiques au pays&nbsp;<\/strong><\/h2>\n\n\n\n<h3 class=\"wp-block-heading\"><a href=\"https:\/\/www.humanium.org\/fr\/pauvrete\/\"><strong>Pauvret\u00e9<\/strong><\/a><strong><\/strong><\/h3>\n\n\n\n<p class=\"wp-block-paragraph\">L&rsquo;Islande dispose d&rsquo;un syst\u00e8me de s\u00e9curit\u00e9 sociale bien d\u00e9velopp\u00e9 et affiche de faibles niveaux d&rsquo;extr\u00eame pauvret\u00e9. Cependant, les in\u00e9galit\u00e9s de revenus touchent encore certaines familles, notamment les familles monoparentales et celles dont les membres sont au ch\u00f4mage de longue dur\u00e9e. Ces in\u00e9galit\u00e9s peuvent avoir des cons\u00e9quences sur l&rsquo;acc\u00e8s des enfants aux activit\u00e9s extrascolaires et aux services de sant\u00e9 mentale, ce qui peut engendrer des situations de vuln\u00e9rabilit\u00e9 dans un environnement par ailleurs stable.<\/p>\n\n\n\n<p class=\"wp-block-paragraph\">Selon les donn\u00e9es recueillies pour l&rsquo;examen national volontaire de 2023, la proportion de personnes en situation de pauvret\u00e9 est pass\u00e9e de 2,5&nbsp;% en 2016 \u00e0 0,8&nbsp;% en 2021. Les indicateurs li\u00e9s au niveau de vie mat\u00e9riel montrent une am\u00e9lioration similaire. En effet, le pourcentage de personnes en situation de privation mat\u00e9rielle est ainsi pass\u00e9 de 6,1&nbsp;% en 2016 \u00e0 3,7&nbsp;% en 2021, et le nombre de m\u00e9nages expos\u00e9s au risque de pauvret\u00e9 a baiss\u00e9, passant de 10,3&nbsp;% en 2017 \u00e0 8,9&nbsp;% en 2021 (Cabinet du Premier ministre du gouvernement islandais, 2023).<\/p>\n\n\n\n<p class=\"wp-block-paragraph\">L&rsquo;examen national volontaire de 2019 a r\u00e9v\u00e9l\u00e9 que 11&nbsp;% des enfants et pr\u00e8s d&rsquo;un quart des familles monoparentales (24,9&nbsp;%) \u00e9taient touch\u00e9s de mani\u00e8re disproportionn\u00e9e et expos\u00e9s au risque de pauvret\u00e9. Bien que ces chiffres restent faibles par rapport aux normes internationales et que l&rsquo;Islande continue de figurer parmi les pays europ\u00e9ens o\u00f9 l&rsquo;\u00e9galit\u00e9 des revenus est la plus \u00e9lev\u00e9e et les niveaux de pauvret\u00e9 les plus bas, ces chiffres refl\u00e8tent la r\u00e9alit\u00e9 actuelle. En effet, certains m\u00e9nages rencontrent des difficult\u00e9s financi\u00e8res (Cabinet du Premier ministre du gouvernement islandais, 2019).<\/p>\n\n\n\n<p class=\"wp-block-paragraph\">Malgr\u00e9 cela, le syst\u00e8me de s\u00e9curit\u00e9 sociale a d\u00e9ploy\u00e9 des efforts consid\u00e9rables pour r\u00e9duire les obstacles \u00e9conomiques li\u00e9s \u00e0 l&rsquo;\u00e9ducation. Environ 99&nbsp;% des enfants ont ainsi acc\u00e8s \u00e0 des supports p\u00e9dagogiques gratuits et \u00e0 une scolarit\u00e9 sans frais.<\/p>\n\n\n\n<h3 class=\"wp-block-heading\"><a href=\"https:\/\/www.humanium.org\/fr\/les-enfants-des-zones-rurales\/\"><strong>Les enfants des zones rurales ou isol\u00e9es<\/strong><\/a><strong><\/strong><\/h3>\n\n\n<div class=\"wp-block-image\">\n<figure class=\"alignleft size-large is-resized\"><img loading=\"lazy\" decoding=\"async\" width=\"1024\" height=\"683\" src=\"https:\/\/www.humanium.org\/fr\/wp-content\/uploads\/2026\/08\/shutterstock_1138008230-1024x683.jpg\" alt=\"\" class=\"wp-image-62887\" style=\"aspect-ratio:1.499330655957162;width:407px;height:auto\" srcset=\"https:\/\/www.humanium.org\/fr\/wp-content\/uploads\/2026\/08\/shutterstock_1138008230-1024x683.jpg 1024w, https:\/\/www.humanium.org\/fr\/wp-content\/uploads\/2026\/08\/shutterstock_1138008230-300x200.jpg 300w, https:\/\/www.humanium.org\/fr\/wp-content\/uploads\/2026\/08\/shutterstock_1138008230-768x512.jpg 768w, https:\/\/www.humanium.org\/fr\/wp-content\/uploads\/2026\/08\/shutterstock_1138008230-1536x1024.jpg 1536w, https:\/\/www.humanium.org\/fr\/wp-content\/uploads\/2026\/08\/shutterstock_1138008230-2048x1365.jpg 2048w, https:\/\/www.humanium.org\/fr\/wp-content\/uploads\/2026\/08\/shutterstock_1138008230-829x553.jpg 829w, https:\/\/www.humanium.org\/fr\/wp-content\/uploads\/2026\/08\/shutterstock_1138008230-230x153.jpg 230w, https:\/\/www.humanium.org\/fr\/wp-content\/uploads\/2026\/08\/shutterstock_1138008230-350x233.jpg 350w, https:\/\/www.humanium.org\/fr\/wp-content\/uploads\/2026\/08\/shutterstock_1138008230-480x320.jpg 480w, https:\/\/www.humanium.org\/fr\/wp-content\/uploads\/2026\/08\/shutterstock_1138008230-272x182.jpg 272w\" sizes=\"auto, (max-width: 1024px) 100vw, 1024px\" \/><\/figure>\n<\/div>\n\n\n<p class=\"wp-block-paragraph\">Si la population islandaise est concentr\u00e9e dans les zones urbaines, certains enfants vivent dans des communaut\u00e9s peu peupl\u00e9es ou isol\u00e9es. Pour ces enfants, les principaux d\u00e9fis concernent la connectivit\u00e9 et l&rsquo;acc\u00e8s, notamment en ce qui concerne l&rsquo;<a href=\"https:\/\/www.humanium.org\/fr\/la-technologie-educative-edtech-et-les-droits-de-lenfant-a-la-vie-privee\/\">\u00e9ducation num\u00e9rique<\/a>. Pendant la pand\u00e9mie de COVID-19, la disparit\u00e9 de la qualit\u00e9 de l&rsquo;acc\u00e8s \u00e0 Internet dans les zones rurales est devenue un probl\u00e8me majeur. Certains m\u00e9nages ont eu du mal \u00e0 maintenir un acc\u00e8s stable \u00e0 Internet pour l&rsquo;enseignement \u00e0 distance. Bien que les efforts nationaux visant \u00e0 \u00e9tendre la couverture haut d\u00e9bit se soient poursuivis ces derni\u00e8res ann\u00e9es, la connectivit\u00e9 num\u00e9rique reste moins constante dans les zones isol\u00e9es, ce qui peut affecter la participation \u00e0 l&rsquo;apprentissage en ligne ou l&rsquo;acc\u00e8s aux ressources <a href=\"https:\/\/www.humanium.org\/fr\/les-consequences-negatives-de-la-fracture-numerique-pour-des-millions-denfants\/\">\u00e9ducatives num\u00e9riques<\/a> (Cabinet du Premier ministre du gouvernement islandais, 2023).<\/p>\n\n\n\n<p class=\"wp-block-paragraph\">Les politiques publiques facilitent g\u00e9n\u00e9ralement l&rsquo;acc\u00e8s physique \u00e0 l\u2019<a href=\"https:\/\/www.humanium.org\/fr\/comprendre-droits-enfant\/droit-a-l-education\/\">\u00e9cole<\/a>. Le gouvernement veille \u00e0 ce que les enfants qui vivent loin d&rsquo;une \u00e9cole puissent s&rsquo;y rendre et en revenir en toute s\u00e9curit\u00e9, gr\u00e2ce aux transports publics, y compris dans les r\u00e9gions peu peupl\u00e9es. Ces mesures contribuent \u00e0 att\u00e9nuer l&rsquo;isolement g\u00e9ographique. Cependant, les horaires de transport limit\u00e9s et les longs trajets peuvent encore constituer un obstacle pour les enfants vivant dans des zones rurales ou isol\u00e9es (Commission europ\u00e9enne, 2023).<\/p>\n\n\n\n<h3 class=\"wp-block-heading\"><a href=\"https:\/\/www.humanium.org\/fr\/enfants-handicapes\/\"><strong>Les enfants porteurs d\u2019un handicap<\/strong><\/a><\/h3>\n\n\n\n<p class=\"wp-block-paragraph\">Les informations sur les difficult\u00e9s sp\u00e9cifiques auxquelles sont confront\u00e9s les <a href=\"https:\/\/www.humanium.org\/fr\/enfants-handicapes\/\">enfants porteurs d&rsquo;un handicap<\/a> en Islande sont relativement limit\u00e9es, principalement parce que le pays a mis en place des protections juridiques solides et des politiques inclusives. En Islande, la l\u00e9gislation interdit de mani\u00e8re explicite toute forme de discrimination fond\u00e9e sur le handicap. Ces mesures se refl\u00e8tent dans le syst\u00e8me \u00e9ducatif, o\u00f9 les enfants handicap\u00e9s ont le droit de fr\u00e9quenter les \u00e9coles locales et de b\u00e9n\u00e9ficier d&rsquo;un soutien adapt\u00e9 \u00e0 leurs besoins sp\u00e9cifiques (Cabinet du Premier ministre du gouvernement islandais, 2023).<\/p>\n\n\n\n<p class=\"wp-block-paragraph\">Outre l\u2019<a href=\"https:\/\/www.humanium.org\/fr\/comprendre-droits-enfant\/droit-a-l-education\/\">enseignement<\/a> g\u00e9n\u00e9ral inclusif, l&rsquo;Islande dispose d&rsquo;\u00e9coles sp\u00e9cialis\u00e9es (appel\u00e9es <em>Klettask\u00f3li<\/em> et <em>Arnarsk\u00f3li<\/em>) destin\u00e9es \u00e0 aider les enfants pr\u00e9sentant des besoins sp\u00e9cifiques en mati\u00e8re d&rsquo;apprentissage ou de d\u00e9veloppement. La coexistence de mod\u00e8les int\u00e9gr\u00e9s et sp\u00e9cialis\u00e9s permet aux familles d&rsquo;acc\u00e9der \u00e0 un soutien sur mesure (Islande, s.d.).<\/p>\n\n\n\n<p class=\"wp-block-paragraph\">De plus, l&rsquo;Islande a pris des mesures pour renforcer la dignit\u00e9 et la visibilit\u00e9 des enfants porteurs d&rsquo;un handicap en supprimant toute terminologie discriminatoire ou obsol\u00e8te de l&rsquo;ensemble de sa l\u00e9gislation. Si ces mesures positives garantissent un niveau de protection \u00e9lev\u00e9, le manque de donn\u00e9es d\u00e9taill\u00e9es rend difficile l&rsquo;\u00e9valuation compl\u00e8te des difficult\u00e9s subtiles ou \u00e9mergentes auxquelles ces enfants sont confront\u00e9s.<\/p>\n\n\n\n<h3 class=\"wp-block-heading\"><a href=\"https:\/\/www.humanium.org\/fr\/justice-juvenile\/\"><strong>Justice pour mineurs<\/strong><\/a><strong><\/strong><\/h3>\n\n\n\n<p class=\"wp-block-paragraph\">Ces derni\u00e8res ann\u00e9es, le recours \u00e0 l&rsquo;isolement cellulaire pour les mineurs en Islande est devenu une question majeure en mati\u00e8re de droits humains, soulev\u00e9e par des organisations internationales et nationales. Bien que l&rsquo;Islande applique des normes strictes en mati\u00e8re de droits de l&rsquo;enfant et ait ratifi\u00e9 ou adh\u00e9r\u00e9 \u00e0 plusieurs trait\u00e9s internationaux et r\u00e9gionaux cl\u00e9s fixant des normes visant \u00e0 pr\u00e9venir et \u00e0 prot\u00e9ger les enfants contre l\u2019<a href=\"https:\/\/www.humanium.org\/fr\/enfants-face-justice\/\">isolement cellulaire<\/a>, elle continue d&rsquo;autoriser cette pratique pour les mineurs de 15 \u00e0 17 ans.<\/p>\n\n\n\n<p class=\"wp-block-paragraph\">Cela se produit dans les centres de d\u00e9tention provisoire. La l\u00e9gislation islandaise autorise toujours l&rsquo;isolement cellulaire pour les mineurs de 15 \u00e0 17&nbsp;ans dans les centres de d\u00e9tention provisoire (Amnesty International, 2023).<\/p>\n\n\n\n<p class=\"wp-block-paragraph\">Selon les conclusions du rapport d&rsquo;Amnesty International de 2023, des mineurs en Islande sont plac\u00e9s en isolement cellulaire pendant pr\u00e8s de 23 heures par jour, souvent sans justification suffisante ni surveillance. Bien que cette pratique soit en contradiction directe avec l&rsquo;article 37(a) de la CIDE, ainsi qu&rsquo;avec l\u2019<a href=\"https:\/\/www.humanium.org\/fr\/regles-internationales-justice-des-enfants\/\">Ensemble de r\u00e8gles minima des Nations Unies pour le traitement des d\u00e9tenus<\/a> (R\u00e8gles Nelson Mandela, 2015) et les <a href=\"https:\/\/www.humanium.org\/fr\/regles-internationales-justice-des-enfants\/\">R\u00e8gles des Nations Unies pour la protection des mineurs priv\u00e9s de libert\u00e9<\/a> (R\u00e8gles de La Havane, 1990), qui interdisent explicitement l&rsquo;isolement cellulaire pour les personnes de moins de 18 ans, le rapport souligne qu&rsquo;entre 2012 et 2021, 825 personnes au total ont \u00e9t\u00e9 plac\u00e9es en isolement cellulaire avant leur proc\u00e8s. Parmi elles, 10 \u00e9taient des enfants \u00e2g\u00e9s de 15 \u00e0 17 ans, et aucune mesure ad\u00e9quate n&rsquo;avait \u00e9t\u00e9 prise pour assurer leur protection (Amnesty International, 2023).<\/p>\n\n\n\n<p class=\"wp-block-paragraph\">Les textes l\u00e9gislatifs nationaux concern\u00e9s sont la Loi n\u00b0 15\/2016 sur l&rsquo;ex\u00e9cution des peines et le Code de proc\u00e9dure p\u00e9nale n\u00b0 88\/2008. En vertu de ces lois, l&rsquo;isolement cellulaire (<em>einangrun<\/em>) est autoris\u00e9 pendant la d\u00e9tention provisoire si un juge estime qu&rsquo;il est n\u00e9cessaire. Cette disposition n&rsquo;interdit pas explicitement son application aux enfants de moins de 18 ans, alors que l&rsquo;\u00e2ge de la responsabilit\u00e9 p\u00e9nale est fix\u00e9 \u00e0 15 ans. Dans la pratique, cela signifie que les mineurs peuvent \u00eatre plac\u00e9s en isolement cellulaire en Islande (Amnesty International, 2023).<\/p>\n\n\n\n<p class=\"wp-block-paragraph\">En 2024, l&rsquo;Ombudsman des enfants en Islande (<em>Umbo\u00f0sma\u00f0ur barna<\/em>) a appel\u00e9 le gouvernement \u00e0 modifier la loi afin d&rsquo;interdire explicitement le recours \u00e0 l&rsquo;isolement cellulaire pour les moins de 18 ans et \u00e0 cr\u00e9er des centres de d\u00e9tention r\u00e9serv\u00e9s aux mineurs (Amnesty International, 2023).<\/p>\n\n\n\n<p class=\"wp-block-paragraph\"><em><strong>R\u00e9dig\u00e9 par Vanessa Cezarita Cordeiro<\/strong><\/em><\/p>\n\n\n\n<p class=\"wp-block-paragraph\"><em><strong>Relu en interne par Aditi Partha<\/strong><\/em><\/p>\n\n\n\n<p class=\"wp-block-paragraph\"><em><strong>Traduit par Victoire Ramos<\/strong><\/em><\/p>\n\n\n\n<p class=\"wp-block-paragraph\"><em><strong>Relu par Or Salama<\/strong><\/em><\/p>\n\n\n\n<p class=\"wp-block-paragraph\"><em><strong>Derni\u00e8re mise \u00e0 jour le 9 novembre 2025<\/strong><\/em><\/p>\n\n\n\n<h4 class=\"wp-block-heading\"><strong>R\u00e9f\u00e9rences :<\/strong><\/h4>\n\n\n\n<p class=\"has-small-font-size wp-block-paragraph\">Amnesty International. (2019, February 19). <a href=\"https:\/\/www.amnesty.org\/en\/documents\/eur28\/9498\/2019\/en\/\"><\/a><a href=\"https:\/\/www.amnesty.org\/en\/documents\/eur28\/9498\/2019\/en\/\">\u201cIceland: No shame in diversity.\u201d<\/a> Retrieved from Amnesty International, accessed on 10 November 2025.<\/p>\n\n\n\n<p class=\"has-small-font-size wp-block-paragraph\">Amnesty International. (2023, January 31). <a href=\"https:\/\/www.amnesty.org\/en\/latest\/news\/2023\/01\/iceland-abusive-use-of-solitary-confinement-must-end-immediately\/\"><\/a><a href=\"https:\/\/www.amnesty.org\/en\/latest\/news\/2023\/01\/iceland-abusive-use-of-solitary-confinement-must-end-immediately\/\">\u201cIceland\u2019s abusive use of solitary confinement must end immediately.\u201d<\/a> Retrieved from Amnesty International, accessed on 5 November 2025.<\/p>\n\n\n\n<p class=\"has-small-font-size wp-block-paragraph\">Amnesty International. (2023). <a href=\"https:\/\/www.amnesty.org\/en\/documents\/eur28\/6373\/2023\/en\/\"><\/a><a href=\"https:\/\/www.amnesty.org\/en\/documents\/eur28\/6373\/2023\/en\/\">\u201cWaking up to nothing \u2013 Harmful and unjustified use of pre-trial solitary confinement in Iceland.\u201d<\/a> Retrieved from Amnesty International, accessed on 5 November 2025.<\/p>\n\n\n\n<p class=\"has-small-font-size wp-block-paragraph\">Barnahus Network. (n,d.). <a href=\"https:\/\/barnahus.eu\/barnahus\/about-barnahus\/\"><\/a><a href=\"https:\/\/barnahus.eu\/barnahus\/about-barnahus\/\">\u201cAbout Barnahus.\u201d<\/a> Retrieved from Barnahus, accessed on 14 November 2025.<\/p>\n\n\n\n<p class=\"has-small-font-size wp-block-paragraph\">Committee on the Rights of the Child. (2020, March 4). <a href=\"https:\/\/docstore.ohchr.org\/SelfServices\/FilesHandler.ashx?enc=Uyik9HndHaYOXNK8joqUpluOCEH1HRCWe9k8ESunzkl0wnBxJHqpbNI0COz0rP89LE837WXxba5B65HfOdKOBg==\"><\/a><a href=\"https:\/\/docstore.ohchr.org\/SelfServices\/FilesHandler.ashx?enc=Uyik9HndHaYOXNK8joqUpluOCEH1HRCWe9k8ESunzkl0wnBxJHqpbNI0COz0rP89LE837WXxba5B65HfOdKOBg==\">\u201cCombined fifth and sixth periodic reports submitted by Iceland under Article 44 of the Convention.\u201d<\/a> Retrieved from United Nations Committee on the Rights of the Child, accessed on 15 November 2025.<\/p>\n\n\n\n<p class=\"has-small-font-size wp-block-paragraph\">European Commission. (2023, September). <a href=\"https:\/\/www.oecd.org\/content\/dam\/oecd\/en\/publications\/reports\/2023\/12\/iceland-country-health-profile-2023_e26a337c\/f2868adb-en.pdf\"><\/a><a href=\"https:\/\/www.oecd.org\/content\/dam\/oecd\/en\/publications\/reports\/2023\/12\/iceland-country-health-profile-2023_e26a337c\/f2868adb-en.pdf\">\u201cState of health in the EU \u2013 Iceland country health profile 2023.\u201d<\/a> Retrieved from European Commission, accessed on 5 November 2025.<\/p>\n\n\n\n<p class=\"has-small-font-size wp-block-paragraph\">European Commission. (2023, November 27). <a href=\"https:\/\/eurydice.eacea.ec.europa.eu\/eurypedia\/iceland\/organisation-single-structure-education#:~:text=Children%2520living%2520in%2520rural%2520areas,Iceland%252C%2520are%2520co%252Deducational.\"><\/a><a href=\"https:\/\/eurydice.eacea.ec.europa.eu\/eurypedia\/iceland\/organisation-single-structure-education#:~:text=Children%2520living%2520in%2520rural%2520areas,Iceland%252C%2520are%2520co%252Deducational.\">\u201cOrganization of single-structure education.\u201d<\/a> Retrieved from European Commission, accessed on 24 November 2025.<\/p>\n\n\n\n<p class=\"has-small-font-size wp-block-paragraph\">European Commission. (2025, January 9). <a href=\"https:\/\/eurydice.eacea.ec.europa.eu\/eurypedia\/iceland\/overview#:~:text=is\/eurydice%252Dupplysinganet-,Key%2520Features%2520of%2520the%2520Education%2520System,the%2520publication%2520of%2520educational%2520material.\"><\/a><a href=\"https:\/\/eurydice.eacea.ec.europa.eu\/eurypedia\/iceland\/overview#:~:text=is\/eurydice%252Dupplysinganet-,Key%2520Features%2520of%2520the%2520Education%2520System,the%2520publication%2520of%2520educational%2520material.\">\u201cKey features of the education system.\u201d<\/a> Retrieved from European Commission, accessed on 3 November 2025.&nbsp;<\/p>\n\n\n\n<p class=\"has-small-font-size wp-block-paragraph\">Fahsing, Dr I., Gu\u00f0brandsson, B. (2025, February 15). <a href=\"https:\/\/davidhorn.com\/resource-hub\/the-birth-of-barnahus-how-iceland-revolutionised-child-protection\/\"><\/a><a href=\"https:\/\/davidhorn.com\/resource-hub\/the-birth-of-barnahus-how-iceland-revolutionised-child-protection\/\">\u201cThe birth of Barnahus: How Iceland revolutionized child protection.\u201d<\/a> Retrieved from Beyond a Reasonable Doubt, accessed on 15 November 2025.<\/p>\n\n\n\n<p class=\"has-small-font-size wp-block-paragraph\">Government of Iceland Prime Minister\u2019s Office. (2019). <a href=\"https:\/\/sustainabledevelopment.un.org\/content\/documents\/23408VNR_Iceland_2019_web_final.pdf\"><\/a><a href=\"https:\/\/sustainabledevelopment.un.org\/content\/documents\/23408VNR_Iceland_2019_web_final.pdf\">\u201cVoluntary National Review Iceland 2019.\u201d<\/a> Retrieved from Government of Iceland Prime Minister\u2019s Office, accessed on 24 November 2025.<\/p>\n\n\n\n<p class=\"has-small-font-size wp-block-paragraph\">Government of Iceland Prime Minister\u2019s Office. (2023). <a href=\"https:\/\/www.heimsmarkmidin.is\/library\/Pdf-skjol\/Iceland's%2520VNR%25202023%2520-%2520final%2520version%25209.6.23.pdf\"><\/a><a href=\"https:\/\/www.heimsmarkmidin.is\/library\/Pdf-skjol\/Iceland's%2520VNR%25202023%2520-%2520final%2520version%25209.6.23.pdf\">\u201cVoluntary National Review Iceland 2023.\u201d<\/a> Retrieved from Government of Iceland Prime Minister\u2019s Office, accessed on 10 November 2025.<\/p>\n\n\n\n<p class=\"has-small-font-size wp-block-paragraph\">International Center for Language Studies. (2024, November 13). <a href=\"https:\/\/www.icls.edu\/blog\/icelandic-naming-system\"><\/a><a href=\"https:\/\/www.icls.edu\/blog\/icelandic-naming-system\">\u201cIcelandic naming system: A unique tradition in modern times.\u201d<\/a> Retrieved from International Center for Language Studies, accessed on 10 November 2025.<\/p>\n\n\n\n<p class=\"has-small-font-size wp-block-paragraph\">\u00cdsland. (n,d.). <a href=\"https:\/\/island.is\/en\/name-giving\/icelandic-naming-convention-surnames\"><\/a><a href=\"https:\/\/island.is\/en\/name-giving\/icelandic-naming-convention-surnames\">\u201cIcelandic naming convention \u2013 surnames.\u201d<\/a> Retrieved from Island.is, accessed on 10 November 2025.<\/p>\n\n\n\n<p class=\"has-small-font-size wp-block-paragraph\">\u00cdsland. (n,d.). <a href=\"https:\/\/island.is\/en\/life-events\/rights-obligations\"><\/a><a href=\"https:\/\/island.is\/en\/life-events\/rights-obligations\">\u201cRights and obligations.\u201d<\/a> Retrieved from Island.is, accessed on 10 November 2025.<\/p>\n\n\n\n<p class=\"has-small-font-size wp-block-paragraph\">\u00cdsland. (n,d.). <a href=\"https:\/\/island.is\/en\/life-events\/children-with-disability\"><\/a><a href=\"https:\/\/island.is\/en\/life-events\/children-with-disability\">\u201cChildren with disabilities.\u201d<\/a> Retrieved from \u00cdsland, accessed on 24 November 2025.<\/p>\n\n\n\n<p class=\"has-small-font-size wp-block-paragraph\">Karlsson, G., Kristinsson, V., Matth\u00edason, B. (2025, November 3). <a href=\"https:\/\/www.britannica.com\/place\/Iceland\"><\/a><a href=\"https:\/\/www.britannica.com\/place\/Iceland\">\u201cIceland.\u201d<\/a> Retrieved from Encyclopedia Britannica, accessed on 3 November 2025.<\/p>\n\n\n\n<p class=\"has-small-font-size wp-block-paragraph\">Trodler, D. (2021, January 19). <a href=\"https:\/\/www.icelandreview.com\/ask-ir\/how-are-immigrants-children-named\/?srsltid=AfmBOoqqTYGffqgbh9NVRibCtNfhOiaFSpJNDEp0DECaJjl0_oEADjlI\"><\/a><a href=\"https:\/\/www.icelandreview.com\/ask-ir\/how-are-immigrants-children-named\/?srsltid=AfmBOoqqTYGffqgbh9NVRibCtNfhOiaFSpJNDEp0DECaJjl0_oEADjlI\">\u201cHow are immigrants\u2019 children named?\u201d<\/a> Retrieved from Iceland Review, accessed on 25 November 2025.<\/p>\n\n\n\n<hr class=\"wp-block-separator has-alpha-channel-opacity\"\/>\n\n\n\n<p class=\"has-small-font-size wp-block-paragraph\"><a href=\"#_ftnref1\" id=\"_ftn1\">[1]<\/a> Cet article ne pr\u00e9tend en aucune mani\u00e8re donner un compte rendu complet et repr\u00e9sentatif des droits de l\u2019enfant en Islande. En effet, l\u2019un des nombreux probl\u00e8mes est le manque d\u2019informations actualis\u00e9es concernant les enfants de ce pays, et une grande partie d\u2019entre elles n\u2019\u00e9tant pas fiable ni repr\u00e9sentative, mais obsol\u00e8te ou simplement inexistante.<\/p>\n\n\n\n<p class=\"wp-block-paragraph\"><\/p>\n","protected":false},"excerpt":{"rendered":"<p>Concr\u00e9tiser les droits de l&rsquo;enfant en Islande La faible population et l&rsquo;\u00e9conomie \u00e0 revenu \u00e9lev\u00e9 de l&rsquo;Islande permettent aux enfants d&rsquo;avoir largement acc\u00e8s \u00e0 des services de base qui leur garantissent un niveau de vie convenable. Des syst\u00e8mes \u00e9ducatifs, sanitaires et sociaux solides renforcent cet environnement. Le pays a ratifi\u00e9 tous les principaux cadres juridiques [&hellip;]<\/p>\n","protected":false},"author":65,"featured_media":0,"parent":0,"menu_order":0,"comment_status":"closed","ping_status":"closed","template":"","meta":{"footnotes":""},"class_list":["post-21773","page","type-page","status-publish","hentry"],"yoast_head":"<!-- This site is optimized with the Yoast SEO plugin v28.3 - https:\/\/yoast.com\/product\/yoast-seo-wordpress\/ -->\n<title>Enfants d&#039;Islande - Humanium<\/title>\n<meta name=\"description\" content=\"Le gouvernement islandais a grandement favoris\u00e9 la protection des droits de l\u2019enfant. Cependant, le pays a encore des efforts \u00e0 faire,\" \/>\n<meta name=\"robots\" content=\"index, follow, max-snippet:-1, max-image-preview:large, max-video-preview:-1\" \/>\n<link rel=\"canonical\" href=\"https:\/\/www.humanium.org\/fr\/islande\/\" \/>\n<meta property=\"og:locale\" content=\"fr_FR\" \/>\n<meta property=\"og:type\" content=\"article\" \/>\n<meta property=\"og:title\" content=\"Enfants d&#039;Islande - Humanium\" \/>\n<meta property=\"og:description\" content=\"Le gouvernement islandais a grandement favoris\u00e9 la protection des droits de l\u2019enfant. Cependant, le pays a encore des efforts \u00e0 faire,\" \/>\n<meta property=\"og:url\" content=\"https:\/\/www.humanium.org\/fr\/islande\/\" \/>\n<meta property=\"og:site_name\" content=\"Humanium\" \/>\n<meta property=\"article:modified_time\" content=\"2026-08-30T15:20:59+00:00\" \/>\n<meta name=\"twitter:card\" content=\"summary_large_image\" \/>\n<meta name=\"twitter:label1\" content=\"Dur\u00e9e de lecture estim\u00e9e\" \/>\n\t<meta name=\"twitter:data1\" content=\"18 minutes\" \/>\n<script type=\"application\/ld+json\" class=\"yoast-schema-graph\">{\"@context\":\"https:\\\/\\\/schema.org\",\"@graph\":[{\"@type\":\"WebPage\",\"@id\":\"https:\\\/\\\/www.humanium.org\\\/fr\\\/islande\\\/\",\"url\":\"https:\\\/\\\/www.humanium.org\\\/fr\\\/islande\\\/\",\"name\":\"Enfants d'Islande - Humanium\",\"isPartOf\":{\"@id\":\"https:\\\/\\\/www.humanium.org\\\/fr\\\/#website\"},\"primaryImageOfPage\":{\"@id\":\"https:\\\/\\\/www.humanium.org\\\/fr\\\/islande\\\/#primaryimage\"},\"image\":{\"@id\":\"https:\\\/\\\/www.humanium.org\\\/fr\\\/islande\\\/#primaryimage\"},\"thumbnailUrl\":\"https:\\\/\\\/www.humanium.org\\\/en\\\/wp-content\\\/uploads\\\/2026\\\/08\\\/shutterstock_2580143527_edited-scaled.jpeg\",\"datePublished\":\"2012-08-17T16:06:00+00:00\",\"dateModified\":\"2026-08-30T15:20:59+00:00\",\"description\":\"Le gouvernement islandais a grandement favoris\u00e9 la protection des droits de l\u2019enfant. Cependant, le pays a encore des efforts \u00e0 faire,\",\"breadcrumb\":{\"@id\":\"https:\\\/\\\/www.humanium.org\\\/fr\\\/islande\\\/#breadcrumb\"},\"inLanguage\":\"fr-FR\",\"potentialAction\":[{\"@type\":\"ReadAction\",\"target\":[\"https:\\\/\\\/www.humanium.org\\\/fr\\\/islande\\\/\"]}]},{\"@type\":\"ImageObject\",\"inLanguage\":\"fr-FR\",\"@id\":\"https:\\\/\\\/www.humanium.org\\\/fr\\\/islande\\\/#primaryimage\",\"url\":\"https:\\\/\\\/www.humanium.org\\\/en\\\/wp-content\\\/uploads\\\/2026\\\/08\\\/shutterstock_2580143527_edited-scaled.jpeg\",\"contentUrl\":\"https:\\\/\\\/www.humanium.org\\\/en\\\/wp-content\\\/uploads\\\/2026\\\/08\\\/shutterstock_2580143527_edited-scaled.jpeg\"},{\"@type\":\"BreadcrumbList\",\"@id\":\"https:\\\/\\\/www.humanium.org\\\/fr\\\/islande\\\/#breadcrumb\",\"itemListElement\":[{\"@type\":\"ListItem\",\"position\":1,\"name\":\"Home\",\"item\":\"https:\\\/\\\/www.humanium.org\\\/fr\\\/\"},{\"@type\":\"ListItem\",\"position\":2,\"name\":\"Enfants d&rsquo;Islande\"}]},{\"@type\":\"WebSite\",\"@id\":\"https:\\\/\\\/www.humanium.org\\\/fr\\\/#website\",\"url\":\"https:\\\/\\\/www.humanium.org\\\/fr\\\/\",\"name\":\"Humanium\",\"description\":\"Les enfants d\u2019abord !\",\"potentialAction\":[{\"@type\":\"SearchAction\",\"target\":{\"@type\":\"EntryPoint\",\"urlTemplate\":\"https:\\\/\\\/www.humanium.org\\\/fr\\\/?s={search_term_string}\"},\"query-input\":{\"@type\":\"PropertyValueSpecification\",\"valueRequired\":true,\"valueName\":\"search_term_string\"}}],\"inLanguage\":\"fr-FR\"}]}<\/script>\n<!-- \/ Yoast SEO plugin. -->","yoast_head_json":{"title":"Enfants d'Islande - Humanium","description":"Le gouvernement islandais a grandement favoris\u00e9 la protection des droits de l\u2019enfant. Cependant, le pays a encore des efforts \u00e0 faire,","robots":{"index":"index","follow":"follow","max-snippet":"max-snippet:-1","max-image-preview":"max-image-preview:large","max-video-preview":"max-video-preview:-1"},"canonical":"https:\/\/www.humanium.org\/fr\/islande\/","og_locale":"fr_FR","og_type":"article","og_title":"Enfants d'Islande - Humanium","og_description":"Le gouvernement islandais a grandement favoris\u00e9 la protection des droits de l\u2019enfant. Cependant, le pays a encore des efforts \u00e0 faire,","og_url":"https:\/\/www.humanium.org\/fr\/islande\/","og_site_name":"Humanium","article_modified_time":"2026-08-30T15:20:59+00:00","twitter_card":"summary_large_image","twitter_misc":{"Dur\u00e9e de lecture estim\u00e9e":"18 minutes"},"schema":{"@context":"https:\/\/schema.org","@graph":[{"@type":"WebPage","@id":"https:\/\/www.humanium.org\/fr\/islande\/","url":"https:\/\/www.humanium.org\/fr\/islande\/","name":"Enfants d'Islande - Humanium","isPartOf":{"@id":"https:\/\/www.humanium.org\/fr\/#website"},"primaryImageOfPage":{"@id":"https:\/\/www.humanium.org\/fr\/islande\/#primaryimage"},"image":{"@id":"https:\/\/www.humanium.org\/fr\/islande\/#primaryimage"},"thumbnailUrl":"https:\/\/www.humanium.org\/en\/wp-content\/uploads\/2026\/08\/shutterstock_2580143527_edited-scaled.jpeg","datePublished":"2012-08-17T16:06:00+00:00","dateModified":"2026-08-30T15:20:59+00:00","description":"Le gouvernement islandais a grandement favoris\u00e9 la protection des droits de l\u2019enfant. Cependant, le pays a encore des efforts \u00e0 faire,","breadcrumb":{"@id":"https:\/\/www.humanium.org\/fr\/islande\/#breadcrumb"},"inLanguage":"fr-FR","potentialAction":[{"@type":"ReadAction","target":["https:\/\/www.humanium.org\/fr\/islande\/"]}]},{"@type":"ImageObject","inLanguage":"fr-FR","@id":"https:\/\/www.humanium.org\/fr\/islande\/#primaryimage","url":"https:\/\/www.humanium.org\/en\/wp-content\/uploads\/2026\/08\/shutterstock_2580143527_edited-scaled.jpeg","contentUrl":"https:\/\/www.humanium.org\/en\/wp-content\/uploads\/2026\/08\/shutterstock_2580143527_edited-scaled.jpeg"},{"@type":"BreadcrumbList","@id":"https:\/\/www.humanium.org\/fr\/islande\/#breadcrumb","itemListElement":[{"@type":"ListItem","position":1,"name":"Home","item":"https:\/\/www.humanium.org\/fr\/"},{"@type":"ListItem","position":2,"name":"Enfants d&rsquo;Islande"}]},{"@type":"WebSite","@id":"https:\/\/www.humanium.org\/fr\/#website","url":"https:\/\/www.humanium.org\/fr\/","name":"Humanium","description":"Les enfants d\u2019abord !","potentialAction":[{"@type":"SearchAction","target":{"@type":"EntryPoint","urlTemplate":"https:\/\/www.humanium.org\/fr\/?s={search_term_string}"},"query-input":{"@type":"PropertyValueSpecification","valueRequired":true,"valueName":"search_term_string"}}],"inLanguage":"fr-FR"}]}},"_links":{"self":[{"href":"https:\/\/www.humanium.org\/fr\/wp-json\/wp\/v2\/pages\/21773","targetHints":{"allow":["GET"]}}],"collection":[{"href":"https:\/\/www.humanium.org\/fr\/wp-json\/wp\/v2\/pages"}],"about":[{"href":"https:\/\/www.humanium.org\/fr\/wp-json\/wp\/v2\/types\/page"}],"author":[{"embeddable":true,"href":"https:\/\/www.humanium.org\/fr\/wp-json\/wp\/v2\/users\/65"}],"replies":[{"embeddable":true,"href":"https:\/\/www.humanium.org\/fr\/wp-json\/wp\/v2\/comments?post=21773"}],"version-history":[{"count":11,"href":"https:\/\/www.humanium.org\/fr\/wp-json\/wp\/v2\/pages\/21773\/revisions"}],"predecessor-version":[{"id":62889,"href":"https:\/\/www.humanium.org\/fr\/wp-json\/wp\/v2\/pages\/21773\/revisions\/62889"}],"wp:attachment":[{"href":"https:\/\/www.humanium.org\/fr\/wp-json\/wp\/v2\/media?parent=21773"}],"curies":[{"name":"wp","href":"https:\/\/api.w.org\/{rel}","templated":true}]}}