{"id":21822,"date":"2013-04-11T08:39:19","date_gmt":"2013-04-11T08:39:19","guid":{"rendered":"http:\/\/www.humanium.org\/fr\/?page_id=21822"},"modified":"2026-02-27T15:17:32","modified_gmt":"2026-02-27T15:17:32","slug":"hongrie","status":"publish","type":"page","link":"https:\/\/www.humanium.org\/fr\/hongrie\/","title":{"rendered":"Enfants de Hongrie"},"content":{"rendered":"\n<h2 class=\"wp-block-heading\">La r\u00e9alisation des droits de l\u2019enfant en Hongrie<\/h2>\n\n\n\n<div class=\"wp-block-columns is-layout-flex wp-container-core-columns-is-layout-8f761849 wp-block-columns-is-layout-flex\">\n<div class=\"wp-block-column is-layout-flow wp-block-column-is-layout-flow\"><div class=\"wp-block-image is-style-rounded\">\n<figure class=\"aligncenter size-full is-resized\"><img decoding=\"async\" src=\"https:\/\/www.humanium.org\/en\/wp-content\/uploads\/2026\/02\/shutterstock_1567480546_edited-1-scaled.jpeg\" alt=\"\" class=\"wp-image-89761\" style=\"object-fit:cover;width:200px;height:200px\"\/><\/figure>\n<\/div><\/div>\n\n\n\n<div class=\"wp-block-column is-layout-flow wp-block-column-is-layout-flow\"><div class=\"wp-block-image is-style-rounded\">\n<figure class=\"aligncenter size-full is-resized\"><img decoding=\"async\" src=\"https:\/\/www.humanium.org\/en\/wp-content\/uploads\/2026\/02\/shutterstock_1578113047_edited-1-scaled.jpeg\" alt=\"\" class=\"wp-image-89762\" style=\"object-fit:cover;width:200px;height:200px\"\/><\/figure>\n<\/div><\/div>\n<\/div>\n\n\n\n<p class=\"wp-block-paragraph\"><strong><strong><strong>En Hongrie, un cadre juridique prot\u00e8ge les <\/strong><a href=\"https:\/\/www.humanium.org\/fr\/droits-enfant\/\"><strong>droits des enfants<\/strong><\/a><strong>, mais il est rarement appliqu\u00e9 dans les faits. Les enfants roms sont souvent sujets \u00e0 des discriminations et la pauvret\u00e9 explique le grand nombre d\u2019entre eux plac\u00e9s en institutions par l\u2019\u00c9tat. L\u2019acc\u00e8s limit\u00e9 \u00e0 une \u00e9ducation pr\u00e9scolaire de qualit\u00e9 et aux services d\u2019accompagnement, coupl\u00e9 aux pr\u00e9jug\u00e9s envers les enfants roms, LGBTIQ+ et les enfants r\u00e9fugi\u00e9s, restreint la r\u00e9alisation de leurs droits. Les politiques cens\u00e9es prot\u00e9ger les enfants sont souvent critiqu\u00e9es pour ne pas s\u2019attaquer aux causes profondes et pour restreindre leurs libert\u00e9s.<\/strong><\/strong><\/strong><\/p>\n\n\n\n<iframe src=\"https:\/\/www.google.com\/maps\/embed?pb=!1m18!1m12!1m3!1d2779328.900317815!2d16.865816358738517!3d47.13457531812633!2m3!1f0!2f0!3f0!3m2!1i1024!2i768!4f13.1!3m3!1m2!1s0x4741837bdf37e4c3%3A0xc4290c1e1010!2sHungary!5e0!3m2!1sen!2shr!4v1772199425284!5m2!1sen!2shr\" width=\"600\" height=\"450\" style=\"border:0;\" allowfullscreen=\"\" loading=\"lazy\" referrerpolicy=\"no-referrer-when-downgrade\"><\/iframe>\n\n\n\n<div class=\"wp-block-columns is-layout-flex wp-container-core-columns-is-layout-8f761849 wp-block-columns-is-layout-flex\">\n<div class=\"wp-block-column is-layout-flow wp-block-column-is-layout-flow\">\n<p class=\"wp-block-paragraph\"><strong>Population <\/strong>: 9,4 millions<br><strong>Population \u00e2g\u00e9e de 0 \u00e0 14 ans<\/strong> : 14.5 %<\/p>\n<\/div>\n\n\n\n<div class=\"wp-block-column is-layout-flow wp-block-column-is-layout-flow\">\n<p class=\"wp-block-paragraph\"><strong>Esp\u00e9rance de vie <\/strong>: 79,5 ans<br><strong>Taux de mortalit\u00e9 en dessous de 5 ans<\/strong> : 4 \u2030<\/p>\n<\/div>\n<\/div>\n\n\n\n<h2 class=\"wp-block-heading\"><strong><strong>La Hongrie en un coup d\u2019\u0153il<\/strong><\/strong><\/h2>\n\n\n\n<p class=\"wp-block-paragraph\">La Hongrie, un pays enclav\u00e9 dans <a href=\"https:\/\/www.humanium.org\/fr\/europe-caucase\/\">l\u2019Europe centrale<\/a>, partage ses fronti\u00e8res avec l\u2019<a href=\"https:\/\/www.humanium.org\/fr\/autriche\/\">Autriche<\/a>, la <a href=\"https:\/\/www.humanium.org\/fr\/slovaquie\/\">Slovaquie<\/a>, l\u2019<a href=\"https:\/\/www.humanium.org\/fr\/ukraine\/\">Ukraine<\/a>, la <a href=\"https:\/\/www.humanium.org\/fr\/roumanie\/\">Roumanie<\/a>, la <a href=\"https:\/\/www.humanium.org\/fr\/serbie\/\">Serbie<\/a>, la <a href=\"https:\/\/www.humanium.org\/fr\/croatie\/\">Croatie<\/a> et la <a href=\"https:\/\/www.humanium.org\/fr\/slovenie\/\">Slov\u00e9nie<\/a>. C\u2019est une r\u00e9publique parlementaire unitaire avec comme capitale Budapest. Sur le plan administratif, la Hongrie est divis\u00e9e en 19&nbsp;comt\u00e9s ainsi que sa ville capitale, Budapest, et des sous-divisions pour faciliter la gouvernance locale. Son syst\u00e8me l\u00e9gal s\u2019inscrit dans la tradition du droit civil.<\/p>\n\n\n<div class=\"wp-block-image\">\n<figure class=\"alignleft size-large is-resized\"><img loading=\"lazy\" decoding=\"async\" width=\"1024\" height=\"683\" src=\"https:\/\/www.humanium.org\/fr\/wp-content\/uploads\/2026\/02\/shutterstock_1617146008-1024x683.jpg\" alt=\"\" class=\"wp-image-61855\" style=\"width:394px;height:auto\" srcset=\"https:\/\/www.humanium.org\/fr\/wp-content\/uploads\/2026\/02\/shutterstock_1617146008-1024x683.jpg 1024w, https:\/\/www.humanium.org\/fr\/wp-content\/uploads\/2026\/02\/shutterstock_1617146008-300x200.jpg 300w, https:\/\/www.humanium.org\/fr\/wp-content\/uploads\/2026\/02\/shutterstock_1617146008-768x512.jpg 768w, https:\/\/www.humanium.org\/fr\/wp-content\/uploads\/2026\/02\/shutterstock_1617146008-1536x1024.jpg 1536w, https:\/\/www.humanium.org\/fr\/wp-content\/uploads\/2026\/02\/shutterstock_1617146008-2048x1365.jpg 2048w, https:\/\/www.humanium.org\/fr\/wp-content\/uploads\/2026\/02\/shutterstock_1617146008-830x553.jpg 830w, https:\/\/www.humanium.org\/fr\/wp-content\/uploads\/2026\/02\/shutterstock_1617146008-230x153.jpg 230w, https:\/\/www.humanium.org\/fr\/wp-content\/uploads\/2026\/02\/shutterstock_1617146008-350x233.jpg 350w, https:\/\/www.humanium.org\/fr\/wp-content\/uploads\/2026\/02\/shutterstock_1617146008-480x320.jpg 480w, https:\/\/www.humanium.org\/fr\/wp-content\/uploads\/2026\/02\/shutterstock_1617146008-272x182.jpg 272w\" sizes=\"auto, (max-width: 1024px) 100vw, 1024px\" \/><\/figure>\n<\/div>\n\n\n<p class=\"wp-block-paragraph\">Depuis son adh\u00e9sion \u00e0 l\u2019Union europ\u00e9enne en 2004, la Hongrie s\u2019est activement impliqu\u00e9e dans les affaires continentales, tout en restant membre d\u2019autres organisations internationales majeures, dont les Nations Unies, le Conseil de l\u2019Europe, l\u2019Organisation pour la s\u00e9curit\u00e9 et la coop\u00e9ration en Europe (OSCE) et l\u2019Organisation du trait\u00e9 d\u2019Atlantique Nord (OTAN). L\u2019int\u00e9gration europ\u00e9enne a fa\u00e7onn\u00e9 ses cadres juridiques, ses politiques \u00e9conomiques et son approche des droits sociaux, particuli\u00e8rement dans des domaines qui concernent les enfants, l\u2019\u00e9ducation et la protection sociale.<\/p>\n\n\n\n<h2 class=\"wp-block-heading\"><strong>Le statut des <\/strong><a href=\"https:\/\/www.humanium.org\/fr\/droits-enfant\/\"><strong>droits de l\u2019enfant<\/strong><\/a><a id=\"_ftnref1\" href=\"#_ftn1\"><strong> [1]<\/strong><\/a><\/h2>\n\n\n\n<p class=\"wp-block-paragraph\">La Hongrie a ratifi\u00e9 la <a href=\"https:\/\/www.humanium.org\/fr\/convention\/\">Convention internationale des droits de l\u2019enfant (CIDE)<\/a> en 1991 et elle a adh\u00e9r\u00e9 \u00e0 ses protocoles facultatifs concernant <a href=\"https:\/\/www.humanium.org\/fr\/normes\/protocole-facultatif-cide-enfants-dans-conflits-armes\/\">l\u2019implication des enfants dans les conflits arm\u00e9s<\/a> (2003) et <a href=\"https:\/\/www.humanium.org\/fr\/normes\/protocole-facultatif-cide-vente-prostitution-pornographie-enfants\/\">la vente d\u2019enfants ,la prostitution d\u2019enfants et la pornographie &nbsp;mettant en sc\u00e8ne des enfants<\/a> (2003). La mise en \u0153uvre de la CIDE forme les fondations des lois et politiques de protection de l\u2019enfance en Hongrie. Le pays a \u00e9galement ratifi\u00e9 en 2008 la Convention relative aux droits des personnes handicap\u00e9es, qui pr\u00e9voit des protections sp\u00e9cifiques pour les enfants en situation de handicap.<\/p>\n\n\n\n<p class=\"wp-block-paragraph\">Le cadre national du pays pour les droits des enfants repose principalement sur la loi sur la protection de l\u2019enfance et des d\u00e9crets suppl\u00e9mentaires du gouvernement. Malgr\u00e9 ces protections juridiques, des organisations de la soci\u00e9t\u00e9 civile et des organisations internationales ont exprim\u00e9 des pr\u00e9occupations quant \u00e0 l\u2019effectivit\u00e9 de leur application. <\/p>\n\n\n\n<p class=\"wp-block-paragraph\">Elles soulignent notamment des lacunes dans la protection des enfants contre les abus, la <a href=\"https:\/\/www.humanium.org\/fr\/la-maltraitance-des-enfants\/\">n\u00e9gligence<\/a> et l\u2019<a href=\"https:\/\/www.humanium.org\/fr\/exploitation\/\">exploitation<\/a> et des difficult\u00e9s persistantes \u00e0 assurer le droit \u00e0 l\u2019\u00e9ducation particuli\u00e8rement pour les enfants roms. Par ailleurs, les d\u00e9fis li\u00e9s \u00e0 la pauvret\u00e9, \u00e0 l\u2019acc\u00e8s in\u00e9gal aux services sociaux et \u00e0 l\u2019exclusion des groupes marginalis\u00e9s restent non r\u00e9solus.<\/p>\n\n\n\n<p class=\"wp-block-paragraph\">Des organisations de la soci\u00e9t\u00e9 civile et internationale, comme les Nations unies et le Conseil de l\u2019Europe, ont soulev\u00e9 des pr\u00e9occupations concernant les r\u00e9centes r\u00e9formes l\u00e9gales et les politiques qui restreignent le r\u00f4le des organisations de d\u00e9fense des droits des enfants dans le d\u00e9bat public. Elles note aussi que l\u2019accent du gouvernement sur les structures familiales traditionnelles risque de laisser de c\u00f4t\u00e9 les enfants les plus vuln\u00e9rables. <\/p>\n\n\n\n<p class=\"wp-block-paragraph\">Enfin ces organisations soulignent le peu d\u2019opportunit\u00e9s offertes aux enfants pour participer aux d\u00e9cisions qui les touchent et appellent \u00e0 la mise en place d\u2019un syst\u00e8me de protection de l\u2019enfance qui soit plus inclusif et qui disposeraient de ressources ad\u00e9quates.<\/p>\n\n\n\n<h2 class=\"wp-block-heading\"><strong>Les besoins des enfants<\/strong><\/h2>\n\n\n\n<h3 class=\"wp-block-heading\"><a href=\"https:\/\/www.humanium.org\/fr\/comprendre-droits-enfant\/droit-a-l-education\/\"><strong>Le droit \u00e0 l\u2019\u00e9ducation<\/strong><\/a><strong><u><\/u><\/strong><\/h3>\n\n\n\n<p class=\"wp-block-paragraph\">L\u2019\u00e9ducation en Hongrie est obligatoire \u00e0 partir de trois ans, \u00e2ge auquel les enfants doivent commencer la maternelle, et ce, jusqu\u2019\u00e0 la fin de l\u2019\u00e9cole secondaire ou jusqu\u2019\u00e0 16&nbsp;ans, selon la premi\u00e8re de ces deux \u00e9ch\u00e9ances. La plupart des enfants sont inscrits dans des \u00e9tablissements publics, bien que le nombre de maternelles g\u00e9r\u00e9es par l\u2019\u00c9glise ait augment\u00e9 constamment (Eurydice, 2025 a\u2009; Eurydice, 2025&nbsp;b).<\/p>\n\n\n\n<p class=\"wp-block-paragraph\">Malgr\u00e9 ce cadre g\u00e9n\u00e9ral, l\u2019acc\u00e8s \u00e0 <a href=\"https:\/\/www.humanium.org\/fr\/le-developpement-de-la-petite-enfance-la-fondation-pour-une-societe-durable-et-prospere\/\">l\u2019\u00e9ducation pr\u00e9coce<\/a> est in\u00e9gal. Les financements nationaux et de l\u2019Union europ\u00e9enne ont permis d\u2019augmenter le nombre de places en cr\u00e8che et en maternelle. Mais l\u2019offre reste in\u00e9gale sp\u00e9cialement dans les <a href=\"https:\/\/www.humanium.org\/fr\/les-enfants-des-zones-rurales\/\">r\u00e9gions rurales<\/a> et moins d\u00e9velopp\u00e9es. <a href=\"https:\/\/www.humanium.org\/fr\/famille-droits-enfant\/\">Les familles<\/a> issues de minorit\u00e9s, les enfants \u00e0 besoins sp\u00e9cifiques et ceux issus de milieux d\u00e9favoris\u00e9s ou avec le statut d\u2019\u00e9tranger, rencontrent souvent des obstacles suppl\u00e9mentaires, qu\u2019il s\u2019agisse de la raret\u00e9 des places disponibles ou de leur co\u00fbt. (Eurydice, 2025 a).<\/p>\n\n\n\n<p class=\"wp-block-paragraph\">Des in\u00e9galit\u00e9s structurelles persistent aussi dans l\u2019ensemble du syst\u00e8me scolaire. Les autorit\u00e9s ont ferm\u00e9 des \u00e9coles g\u00e9r\u00e9es par l\u2019\u00c9glise \u00e9vang\u00e9lique m\u00e9thodiste, qui accueillait principalement des enfants d\u00e9favoris\u00e9s, malgr\u00e9 des d\u00e9cisions de justice contre ces fermetures (Human Right Watch, 2025). Les <a href=\"https:\/\/www.humanium.org\/fr\/la-discrimination-des-enfants-roms-dans-leducation\/\">enfants roms<\/a> sont encore fr\u00e9quemment victimes de s\u00e9gr\u00e9gation, orient\u00e9s vers des classes s\u00e9par\u00e9es ou des \u00e9tablissements souvent bas\u00e9s sur leurs r\u00e9sultats scolaires ou de leurs besoins \u00e9ducatifs sp\u00e9cifiques. Parall\u00e8lement, l\u2019augmentation du nombre d\u2019\u00e9coles religieuses a attir\u00e9 beaucoup d\u2019enfants qui ne sont pas Roms au d\u00e9triment des \u00e9tablissements publics. (Faludy, 2025).<\/p>\n\n\n\n<p class=\"wp-block-paragraph\">Les conditions dans les \u00e9coles publiques se d\u00e9t\u00e9riorent aussi. Environ 40&nbsp;% rapportent des p\u00e9nuries d\u2019enseignants qualifi\u00e9s, tandis que les bas salaires contribuent \u00e0 un taux de turnover \u00e9lev\u00e9. Les \u00e9coles sous-financ\u00e9es d\u00e9pendent parfois de personnel non qualifi\u00e9 pour encadrer les classes, ce qui nuit \u00e0 la qualit\u00e9 de l\u2019\u00e9ducation. Le soutien aux enfants avec des besoins \u00e9ducatifs sp\u00e9cifiques est insuffisant, d\u2019autant que les lignes directrices existantes ne sont plus contraignantes. <\/p>\n\n\n\n<p class=\"wp-block-paragraph\">Entretemps, les \u00e9coles religieuses b\u00e9n\u00e9ficient de financements plus importants et de la possibilit\u00e9 de s\u00e9lectionner les \u00e9tudiants les plus performants, laissant les enfants socialement et \u00e9conomiquement d\u00e9favoris\u00e9s concentr\u00e9s dans les \u00e9coles publiques. M\u00eame les universit\u00e9s qui r\u00e9sistent aux r\u00e9formes gouvernementales subissent des discriminations en mati\u00e8re de financement (Faludy, 2025).<\/p>\n\n\n\n<p class=\"wp-block-paragraph\">Le gouvernement a introduit des strat\u00e9gies pour lutter contre les in\u00e9galit\u00e9s. La Strat\u00e9gie nationale pour la jeunesse (2009-2024) et la Strat\u00e9gie nationale pour l\u2019inclusion sociale \u00e0 l\u2019horizon&nbsp;2030 visent la pauvret\u00e9 infantile, l\u2019exclusion sociale, et l\u2019acc\u00e8s \u00e0 l\u2019\u00e9ducation pour les enfants roms et autres groupes vuln\u00e9rables. Un soutien suppl\u00e9mentaire est fourni aux <a href=\"https:\/\/www.humanium.org\/fr\/enfants-touches-par-le-handicap\/\">&nbsp;enfants en situation de handicap<\/a>, \u00e0 ceux qui ont des difficult\u00e9s d\u2019apprentissage, et aux enfants exceptionnellement dou\u00e9s ou \u00e0 ceux ayant des besoins m\u00e9dicaux au long terme, \u00e0 travers des institutions sp\u00e9cialis\u00e9es et des \u00e9coles inclusives (Commission europ\u00e9enne, 2025 a).<\/p>\n\n\n\n<p class=\"wp-block-paragraph\">Les r\u00e9sultats du Programme pour l\u2019\u00e9valuation internationale des \u00e9tudiants (PISA) en 2022 r\u00e9v\u00e8lent que les \u00e9tudiants de milieux d\u00e9favoris\u00e9s accusent toujours un retard par rapport \u00e0 leurs camarades. Des programmes comme la formation des enseignants, les services communautaires scolaires et l\u2019initiative \u00ab\u2009salle de classe intelligente\u2009\u00bb cherchent \u00e0 promouvoir l\u2019inclusion et r\u00e9duire la fracture num\u00e9rique, en fournissant aux \u00e9tudiants les comp\u00e9tences et ressources dont ils ont besoin pour leur future insertion professionnelle. <\/p>\n\n\n\n<p class=\"wp-block-paragraph\">Bien que la fr\u00e9quentation des \u00e9coles maternelles et de l\u2019enseignement secondaire se soit am\u00e9lior\u00e9e, les enfants roms et d\u00e9savantag\u00e9s restent confront\u00e9s \u00e0 des probl\u00e8mes de d\u00e9crochage scolaire pr\u00e9coce, de s\u00e9gr\u00e9gation et de mobilit\u00e9 limit\u00e9e. D\u2019autres programmes, comme l\u2019augmentation de places en maternelle, le programme Tanoda et les coll\u00e8ges \u00e0 vocation professionnelle pour les Roms, vont dans le bon sens, mais il subsiste encore des in\u00e9galit\u00e9s profondes. (European Commission 2025&nbsp;b).<\/p>\n\n\n\n<h3 class=\"wp-block-heading\"><a href=\"https:\/\/www.humanium.org\/fr\/droit-a-la-protection\/\"><strong>Le droit \u00e0 la protection<\/strong><\/a><strong><u><\/u><\/strong><\/h3>\n\n\n\n<p class=\"wp-block-paragraph\">Ces derni\u00e8res ann\u00e9es la Hongrie a transf\u00e9r\u00e9 de nombreux enfants des structures d\u2019accueil institutionnel vers des familles d\u2019accueil. Cependant, il y a encore une p\u00e9nurie de familles d\u2019accueil pour les enfants \u00e0 besoins sp\u00e9cifiques (Eurochild, 2024\u2009; Hungarian Central Statistical Office, n.d).<\/p>\n\n\n\n<p class=\"wp-block-paragraph\">En plus les <a href=\"https:\/\/www.humanium.org\/fr\/discriminations\/enfants-lgbtq\/\">jeunes LGBTIQ+<\/a> continuent d\u2019\u00eatre socialement et juridiquement d\u00e9savantag\u00e9s, ce qui affecte leur bien-\u00eatre et leur acc\u00e8s aux opportunit\u00e9s. Bien que la loi&nbsp;CXXV de 2003 sur l\u2019\u00e9galit\u00e9 de traitement et la promotion d\u2019opportunit\u00e9s \u00e9gales reconnaisse l\u2019orientation sexuelle et l\u2019identit\u00e9 comme des caract\u00e9ristiques prot\u00e9g\u00e9es, aucune strat\u00e9gie particuli\u00e8re n\u2019existe pour r\u00e9duire les pr\u00e9jug\u00e9s envers les jeunes LGBTIQ+. En cons\u00e9quence, ils sont plus expos\u00e9s \u00e0 la discrimination et l\u00e0 \u2019exclusion sociale, ce qui limite leur capacit\u00e9 \u00e0 participer enti\u00e8rement \u00e0 la vie en soci\u00e9t\u00e9 et de disposer des m\u00eames droits que leurs pairs h\u00e9t\u00e9rosexuels, notamment en mati\u00e8re de vie familiale et d<a href=\"https:\/\/www.humanium.org\/fr\/ladoption-dun-enfant\/\">\u2019adoption<\/a> (European Commission e, 2025&nbsp;b).<\/p>\n\n\n\n<h3 class=\"wp-block-heading\"><a href=\"https:\/\/www.humanium.org\/fr\/comprendre-droits-enfant\/droit-a-la-sante\/\"><strong>Le droit \u00e0 la sant\u00e9<\/strong><\/a><\/h3>\n\n\n\n<p class=\"wp-block-paragraph\">La <a href=\"https:\/\/www.humanium.org\/fr\/la-sante-mentale-des-enfants-durant-la-pandemie-une-realite-troublante\/\">pand\u00e9mie de COVID-19<\/a> a consid\u00e9rablement touch\u00e9 la sant\u00e9, le bien-\u00eatre et le d\u00e9veloppement social des adolescents hongrois. Entre 2018 et 2022, les signalements de probl\u00e8mes de sant\u00e9 multiples se sont accrus, surtout parmi les jeunes \u00e2g\u00e9s de 11 \u00e0 15&nbsp;ans, les jeunes de 13&nbsp;ans \u00e9tant particuli\u00e8rement affect\u00e9s. Les jeunes filles ont connu une hausse plus prononc\u00e9e que les gar\u00e7ons&nbsp;: le pourcentage de filles avec plusieurs troubles de sant\u00e9 est pass\u00e9 de 37,1&nbsp;% \u00e0 62,2&nbsp;%, contre une augmentation de 28,7&nbsp;% \u00e0 39,4&nbsp;% chez les gar\u00e7ons. Les adolescents ont aussi rapport\u00e9 une baisse de leur taux de satisfaction de vie imputable \u00e0 la pand\u00e9mie et aux mesures associ\u00e9es, comme les fermetures d\u2019\u00e9coles et l\u2019isolement social (World Health Organization, 2023).<\/p>\n\n\n\n<h3 class=\"wp-block-heading\"><a href=\"https:\/\/www.humanium.org\/fr\/comprendre-droits-enfant\/droit-aux-libertes\/\"><strong>Le droit \u00e0 la libert\u00e9<\/strong><\/a><\/h3>\n\n\n<div class=\"wp-block-image\">\n<figure class=\"alignright size-large is-resized\"><img loading=\"lazy\" decoding=\"async\" width=\"1024\" height=\"683\" src=\"https:\/\/www.humanium.org\/fr\/wp-content\/uploads\/2026\/02\/shutterstock_2121138167-1024x683.jpg\" alt=\"\" class=\"wp-image-61856\" style=\"aspect-ratio:1.499273607748184;width:405px;height:auto\" srcset=\"https:\/\/www.humanium.org\/fr\/wp-content\/uploads\/2026\/02\/shutterstock_2121138167-1024x683.jpg 1024w, https:\/\/www.humanium.org\/fr\/wp-content\/uploads\/2026\/02\/shutterstock_2121138167-300x200.jpg 300w, https:\/\/www.humanium.org\/fr\/wp-content\/uploads\/2026\/02\/shutterstock_2121138167-768x512.jpg 768w, https:\/\/www.humanium.org\/fr\/wp-content\/uploads\/2026\/02\/shutterstock_2121138167-1536x1024.jpg 1536w, https:\/\/www.humanium.org\/fr\/wp-content\/uploads\/2026\/02\/shutterstock_2121138167-2048x1365.jpg 2048w, https:\/\/www.humanium.org\/fr\/wp-content\/uploads\/2026\/02\/shutterstock_2121138167-830x553.jpg 830w, https:\/\/www.humanium.org\/fr\/wp-content\/uploads\/2026\/02\/shutterstock_2121138167-230x153.jpg 230w, https:\/\/www.humanium.org\/fr\/wp-content\/uploads\/2026\/02\/shutterstock_2121138167-350x233.jpg 350w, https:\/\/www.humanium.org\/fr\/wp-content\/uploads\/2026\/02\/shutterstock_2121138167-480x320.jpg 480w, https:\/\/www.humanium.org\/fr\/wp-content\/uploads\/2026\/02\/shutterstock_2121138167-272x182.jpg 272w\" sizes=\"auto, (max-width: 1024px) 100vw, 1024px\" \/><\/figure>\n<\/div>\n\n\n<p class=\"wp-block-paragraph\">Les enfants hongrois jouissent du droit \u00e0 la libert\u00e9 d\u2019expression, d\u2019association et d\u2019affirmation de leur identit\u00e9, garanti \u00e0 la fois par la l\u00e9gislation nationale et les conventions internationales. Cependant, des changements l\u00e9gislatifs r\u00e9cents, notamment les amendements \u00e0 la loi sur la protection de l\u2019enfance et \u00e0 celle sur l\u2019\u00e9ducation, ont introduit des restrictions sur les discussions relatives aux <a href=\"https:\/\/www.humanium.org\/fr\/le-droit-des-enfants-a-lorientation-sexuelle-lidentite-et-lexpression-du-genre-osigeg\/\">orientations sexuelles et aux identit\u00e9s de genre<\/a> dans les \u00e9coles et les m\u00e9dias publics. Ces changements effectivement r\u00e9duisent la libert\u00e9 d\u2019expression des enfants et leur acc\u00e8s \u00e0 une \u00e9ducation inclusive. Ils ont \u00e9t\u00e9 vivement critiqu\u00e9s par les organisations des droits des enfants et les instances internationales pour le non-respect des engagements de la Hongrie en mati\u00e8re de droits des enfants (De Groot, 2025).<\/p>\n\n\n\n<p class=\"wp-block-paragraph\">Les enfants roms font face \u00e0 des d\u00e9fis suppl\u00e9mentaires. Ils font souvent l\u2019exp\u00e9rience de discriminations et sont fr\u00e9quemment plac\u00e9s dans des \u00e9coles s\u00e9par\u00e9es. Selon des rapports et des d\u00e9cisions judiciaires, beaucoup d\u2019enfants roms sont plus souvent \u00f4t\u00e9s de leurs familles et plac\u00e9s dans des foyers pour jeunes que les autres enfants. La s\u00e9gr\u00e9gation scolaire et la discrimination institutionnelle continuent d\u2019entraver leurs droits \u00e0 la libert\u00e9 et \u00e0 une <a href=\"https:\/\/www.humanium.org\/fr\/le-principe-dinclusion-et-de-participation\/\">participation<\/a> \u00e9gale dans la soci\u00e9t\u00e9. Les enfants roms et ceux vivant dans des institutions voient parfois leur libert\u00e9 restreinte en raison de discriminations, de s\u00e9gr\u00e9gation ou de r\u00e8gles institutionnelles limitant leur expression personnelle et leur autonomie (European Roma Rights Centre, 2025&nbsp;a).<\/p>\n\n\n\n<h2 class=\"wp-block-heading\"><strong>Facteurs de risques <strong><strong>\u2192<\/strong><\/strong><\/strong> <strong>Les d\u00e9fis sp\u00e9cifiques au pays<\/strong><\/h2>\n\n\n\n<h3 class=\"wp-block-heading\"><a href=\"https:\/\/www.humanium.org\/fr\/la-maltraitance-des-enfants\/\"><strong>La maltraitance des enfants<\/strong><\/a><strong><u><\/u><\/strong><\/h3>\n\n\n\n<p class=\"wp-block-paragraph\">Un probl\u00e8me majeur pour les droits des enfants en Hongrie est l\u2019\u00e9chec \u00e0 prot\u00e9ger les enfants des <a href=\"https:\/\/www.humanium.org\/fr\/exploitation-sexuelle-enfants\/\">abus sexuels<\/a> dans les institutions dirig\u00e9es par l\u2019\u00c9tat. Un scandale r\u00e9cent a r\u00e9v\u00e9l\u00e9 que des enfants plac\u00e9s dans ces structures ont \u00e9t\u00e9 abus\u00e9s pendant plusieurs ann\u00e9es, tandis que les autorit\u00e9s ont \u00e9chou\u00e9 \u00e0 pr\u00e9venir ou \u00e0 traiter efficacement ces violations. <\/p>\n\n\n\n<p class=\"wp-block-paragraph\">Le directeur d\u2019une de ces institutions a \u00e9t\u00e9 condamn\u00e9 \u00e0 une peine de prison pour avoir abus\u00e9 d\u2019au moins dix enfants et son adjoint, qui a essay\u00e9 de r\u00e9duire au silence les victimes et de dissimuler les crimes, a \u00e9t\u00e9 pardonn\u00e9 plus tard par la pr\u00e9sidente Katalin Novak. Ce pardon a d\u00e9clench\u00e9 l\u2019indignation g\u00e9n\u00e9rale et entra\u00een\u00e9 la d\u00e9mission de la pr\u00e9sidente et du ministre de la Justice, mettant en lumi\u00e8re les graves d\u00e9faillances du syst\u00e8me de protection de l\u2019enfance en Hongrie (AP news, 2024; Askew, 2024).<\/p>\n\n\n\n<p class=\"wp-block-paragraph\">Les critiques soutiennent que les politiques du gouvernement ont contribu\u00e9 \u00e0 cr\u00e9er un environnement dangereux pour les enfants. En particulier la confusion entre l\u2019homosexualit\u00e9 et la p\u00e9dophilie, et la restriction des droits pour les minorit\u00e9s sexuelles ont \u00e9t\u00e9 d\u00e9nonc\u00e9es pour avoir aliment\u00e9 la stigmatisation et permis que des abus restent impunis, compromettant ainsi la s\u00e9curit\u00e9 et le bien-\u00eatre des enfants (AP news, 2024).<\/p>\n\n\n\n<h3 class=\"wp-block-heading\"><a href=\"https:\/\/www.humanium.org\/fr\/travail-des-enfants\/\">Le travail des enfants<\/a><\/h3>\n\n\n\n<p class=\"wp-block-paragraph\">L\u2019emploi des jeunes en Hongrie est rest\u00e9 assez stable ces derni\u00e8res ann\u00e9es, mais les opportunit\u00e9s d\u00e9pendent souvent de facteurs comme l\u2019\u00e9ducation, l\u2019\u00e2ge, et les origines sociales. Pour la jeunesse rom, l\u2019acc\u00e8s au travail est particuli\u00e8rement difficile. Beaucoup se heurtent \u00e0 des obstacles li\u00e9s \u00e0 un faible niveau de scolarisation et au fait de vivre dans des r\u00e9gions d\u00e9favoris\u00e9es. Par cons\u00e9quent, en 2022, la population de Roms \u00e2g\u00e9s de 15 \u00e0 24&nbsp;ans qui ne sont ni en formation ni en emploi ni en stage \u00e9tait d\u2019environ 42&nbsp;% compar\u00e9e \u00e0 juste 8&nbsp;% pour la population g\u00e9n\u00e9rale (European Commission, 2025&nbsp;b).<\/p>\n\n\n\n<h3 class=\"wp-block-heading\"><a href=\"https:\/\/www.humanium.org\/fr\/pauvrete\/\"><strong>La pauvret\u00e9 des enfants<\/strong><\/a><strong><u><\/u><\/strong><\/h3>\n\n\n\n<p class=\"wp-block-paragraph\">La pauvret\u00e9 et <a href=\"https:\/\/www.humanium.org\/fr\/enfants-pauvres\/\">les conditions de vie pauvres<\/a> sont encore des facteurs majeurs dans les s\u00e9parations familiales et le placement des enfants en institutions. Les familles confront\u00e9es \u00e0 des difficult\u00e9s socio-\u00e9conomiques &#8211; &nbsp;bas revenus, familles monoparentales ou logement inad\u00e9quat &#8211; sont souvent jug\u00e9es plus durement par les autorit\u00e9s de protection de l\u2019enfance. Le retrait de l\u2019enfant est trop souvent vu comme la premi\u00e8re solution plut\u00f4t qu\u2019en dernier recours. <\/p>\n\n\n\n<p class=\"wp-block-paragraph\">Les communaut\u00e9s marginalis\u00e9es sont particuli\u00e8rement touch\u00e9es, car les d\u00e9savantages structurels et l\u2019acc\u00e8s limit\u00e9 aux services d\u2019accompagnementrendent plus difficile pour ces familles de r\u00e9pondre aux attentes des autorit\u00e9s. Cette approche peut renforcer les st\u00e9r\u00e9otypes pr\u00e9judiciables, pr\u00e9sentant les <a href=\"https:\/\/www.humanium.org\/fr\/famille-droits-enfant\/\">parents<\/a> en situation de pauvret\u00e9 comme n\u00e9gligents ou irresponsables, et perp\u00e9tue ainsi les cycles de pr\u00e9carit\u00e9 (Girardini, 2025).<\/p>\n\n\n\n<p class=\"wp-block-paragraph\">En 2024, plus de 1&nbsp;million d\u2019enfants hongrois ont re\u00e7u une forme d\u2019allocation familiale, ce qui refl\u00e8te des besoins sociaux persistants. Ainsi, m\u00eame avec une l\u00e9g\u00e8re hausse du PIB (0,5&nbsp;%) en 2024, les gains du pouvoir d\u2019achat des m\u00e9nages restent in\u00e9gaux, et beaucoup de familles &#8211; particuli\u00e8rement les plus vuln\u00e9rables &#8211; ont encore des difficult\u00e9s \u00e0 acc\u00e9der aux services sociaux (Hungarian Central Statistical Office, n.d).<\/p>\n\n\n\n<p class=\"wp-block-paragraph\">L\u2019incertitude \u00e9conomique, l\u2019inflation \u00e9lev\u00e9e et un acc\u00e8s insuffisant aux soins de sant\u00e9, \u00e0 l\u2019\u00e9ducation et \u00e0 la garde d\u2019enfants cr\u00e9ent des obstacles pour les familles souhaitant avoir des enfants. Les politiques familiales du gouvernement, comme les pr\u00eats, les aides au logement et les exon\u00e9rations d\u2019imp\u00f4t sont souvent s\u00e9lectives, li\u00e9es \u00e0 l\u2019emploi ou disponibles seulement dans certaines r\u00e9gions, laissant beaucoup de personnes exclues. <\/p>\n\n\n\n<p class=\"wp-block-paragraph\">Par cons\u00e9quent, de moins en moins de personnes choisissent d\u2019avoir des enfants, ce qui contribue au d\u00e9clin d\u00e9mographique (Rutai, 2024). Cette tendance pr\u00e9sente des risques indirects pour les <a href=\"https:\/\/www.humanium.org\/fr\/comprendre-droits-enfant\/droit-a-la-vie\/\">droits des enfants \u00e0 un niveau de vie d\u00e9cent,<\/a> <a href=\"https:\/\/www.humanium.org\/fr\/droit-a-la-sante-2\/\">l\u2019acc\u00e8s \u00e0 des soins de sant\u00e9 de qualit\u00e9<\/a>, \u00e0 l\u2019\u00e9ducation et \u00e0 des opportunit\u00e9s de d\u00e9veloppement.<\/p>\n\n\n\n<h3 class=\"wp-block-heading\">La <a href=\"https:\/\/www.humanium.org\/fr\/discriminations\/\">discrimination<\/a><\/h3>\n\n\n\n<p class=\"wp-block-paragraph\">La Cour europ\u00e9enne des droits de l\u2019homme a \u00e0 plusieurs reprises condamn\u00e9 la Hongrie pour avoir \u00f4t\u00e9 des enfants roms de leurs familles sans raison valable, citant souvent la pauvret\u00e9 ou les st\u00e9r\u00e9otypes ethniques plut\u00f4t que de r\u00e9els cas de n\u00e9gligences ou d\u2019abus. En juin 2025, la Cour a consid\u00e9r\u00e9 que les autorit\u00e9s avaient ill\u00e9galement s\u00e9par\u00e9 une m\u00e8re rom de son fils nouveau-n\u00e9. Les enfants roms sont donc bien plus susceptibles de se retrouver dans des foyers institutionnels \u00e0 cause de difficult\u00e9s \u00e9conomiques et de discrimination. Bien qu\u2019ils ne repr\u00e9sentent qu\u2019environ 13&nbsp;% de la population des enfants en Hongrie, ils constituent 58&nbsp;% de ceux plac\u00e9s en \u00e9tablissement public (European Roma Rights Centre, 2025&nbsp;a).<\/p>\n\n\n<div class=\"wp-block-image\">\n<figure class=\"alignleft size-large is-resized\"><img loading=\"lazy\" decoding=\"async\" width=\"1024\" height=\"683\" src=\"https:\/\/www.humanium.org\/fr\/wp-content\/uploads\/2026\/02\/shutterstock_2138279039-1024x683.jpg\" alt=\"\" class=\"wp-image-61857\" style=\"aspect-ratio:1.499330655957162;width:427px;height:auto\" srcset=\"https:\/\/www.humanium.org\/fr\/wp-content\/uploads\/2026\/02\/shutterstock_2138279039-1024x683.jpg 1024w, https:\/\/www.humanium.org\/fr\/wp-content\/uploads\/2026\/02\/shutterstock_2138279039-300x200.jpg 300w, https:\/\/www.humanium.org\/fr\/wp-content\/uploads\/2026\/02\/shutterstock_2138279039-768x512.jpg 768w, https:\/\/www.humanium.org\/fr\/wp-content\/uploads\/2026\/02\/shutterstock_2138279039-1536x1024.jpg 1536w, https:\/\/www.humanium.org\/fr\/wp-content\/uploads\/2026\/02\/shutterstock_2138279039-2048x1365.jpg 2048w, https:\/\/www.humanium.org\/fr\/wp-content\/uploads\/2026\/02\/shutterstock_2138279039-830x553.jpg 830w, https:\/\/www.humanium.org\/fr\/wp-content\/uploads\/2026\/02\/shutterstock_2138279039-230x153.jpg 230w, https:\/\/www.humanium.org\/fr\/wp-content\/uploads\/2026\/02\/shutterstock_2138279039-350x233.jpg 350w, https:\/\/www.humanium.org\/fr\/wp-content\/uploads\/2026\/02\/shutterstock_2138279039-480x320.jpg 480w, https:\/\/www.humanium.org\/fr\/wp-content\/uploads\/2026\/02\/shutterstock_2138279039-272x182.jpg 272w\" sizes=\"auto, (max-width: 1024px) 100vw, 1024px\" \/><\/figure>\n<\/div>\n\n\n<p class=\"wp-block-paragraph\">Ces in\u00e9galit\u00e9s sont visibles aussi dans la vie quotidienne. Dans le quartier de B\u00fcdi \u00e0 Tiszavasvari, les enfants roms doivent souvent parcourir jusqu\u2019\u00e0 sept kilom\u00e8tres pour aller \u00e0 l\u2019\u00e9cole, parfois par un temps difficile, faute d\u2019un manque de transports. Cette situation alourdit leur charge et entrave l\u2019\u00e9galit\u00e9 d\u2019acc\u00e8s \u00e0 l\u2019\u00e9ducation (Centre europ\u00e9en des Droits des Roms, 2025&nbsp;b). La s\u00e9gr\u00e9gation scolaire limite encore plus leurs chances, d\u00e9montrant l\u2019incapacit\u00e9 de la Hongrie \u00e0 r\u00e9soudre ces disparit\u00e9s de fa\u00e7on (Human Right Watch, 2025).<\/p>\n\n\n\n<p class=\"wp-block-paragraph\">La discrimination affecte aussi la <a href=\"https:\/\/www.humanium.org\/fr\/proteger-les-droits-des-enfants-lgbtq-lesbien-gay-bisexuel-transgenre-en-questionnement-2\/\">jeunesse LGBTIQ+.<\/a> En mars 2025, le parlement a promulgu\u00e9 une loi autorisant l\u2019interdiction des marches des fiert\u00e9s et d\u2019autres \u00e9v\u00e8nements LGBTIQ+. La police, par la suite, a interdit des manifestations de fiert\u00e9, en vertu de cette loi, et les tribunaux ont valid\u00e9 ces d\u00e9cisions, instaurant une interdiction de facto. <\/p>\n\n\n\n<p class=\"wp-block-paragraph\">Cette mesure inscrite dans la continuit\u00e9 d\u2019une loi de 2021 qui restreint les repr\u00e9sentations publiques de l\u2019homosexualit\u00e9, de la transition de genre, ou de la diversit\u00e9 de genre, est justifi\u00e9e par le gouvernement sous le pr\u00e9texte de la protection des enfants. Les critiques soutiennent que cette loi vise injustement et stigmatise les personnes LGBTIQ+, suscitant des protestations massives. <\/p>\n\n\n\n<p class=\"wp-block-paragraph\">En pratique, cette loi prive les enfants LGBTIQ+ de visibilit\u00e9 et cr\u00e9e un environnement hostile dans lequel leurs identit\u00e9s sont ni\u00e9es. Au lieu de prot\u00e9ger les jeunes, elle envoie le message que les enfants LGBTIQ+ ou faisant partie de familles arc-en-ciel sont moins l\u00e9gitimes, violant ainsi les principes de base d\u2019\u00e9galit\u00e9 et de <a href=\"https:\/\/www.humanium.org\/fr\/droit-non-discrimination\/\">non-discrimination<\/a> (De Groot, 2025\u2009; Spike&nbsp;2025).<\/p>\n\n\n\n<p class=\"wp-block-paragraph\">Cette loi limite aussi l\u2019acc\u00e8s aux livres, aux films et aux mat\u00e9riaux culturels qui incluent des th\u00e8mes LGBTIQ+ et restreint l\u2019\u00e9ducation sexuelle \u00e0 des intervenants approuv\u00e9s par le gouvernement. Depuis son adoption, les livres dont les th\u00e8mes sont LGBTIQ+ ont \u00e9t\u00e9 retir\u00e9s des rayons ou doivent \u00eatre vendus sous emballage neutre, privant les enfants d\u2019une source fiable d\u2019information sur l\u2019orientation sexuelle et l\u2019identit\u00e9 de genre. Les critiques soulignent que ces restrictions exposent les jeunes \u00e0 des risques accrus (Gomez, 2025). La loi a \u00e9t\u00e9 critiqu\u00e9e pour son amalgame fallacieux entre homosexualit\u00e9 et p\u00e9dophilie, ce qui stigmatise encore plus la jeunesse LGBTIQ+ (O\u2019Sullivan, 2024).<\/p>\n\n\n\n<h3 class=\"wp-block-heading\"><a href=\"https:\/\/www.humanium.org\/fr\/discriminations\/enfants-lgbtq\/\"><strong>La jeunesse LGBTIQ+<\/strong><\/a><strong><u><\/u><\/strong><\/h3>\n\n\n\n<p class=\"wp-block-paragraph\">Les enfants LGBTIQ+ et ceux \u00e9lev\u00e9s au sein de familles diverses font partie de groupes minoritaires dont les droits et les identit\u00e9s sont prot\u00e9g\u00e9s par le droit international. En interdisant les marches des fiert\u00e9s et autres \u00e9v\u00e8nements c\u00e9l\u00e9brant la diversit\u00e9 des identit\u00e9s de genre et des orientations sexuelles, la Hongrie efface leur visibilit\u00e9 et limite leur participation \u00e0 la vie sociale. Ces restrictions accentuent leur isolement et r\u00e9duit les opportunit\u00e9s pour&nbsp; ces enfants de se voir refl\u00e9t\u00e9 positivement dans la soci\u00e9t\u00e9. Loin de prot\u00e9ger leur bien-\u00eatre, les lois de la Hongrie favorisent l\u2019exclusion et la marginalisation, privant les enfants LGBTIQ+ de reconnaissance et sapant leur <a href=\"https:\/\/www.humanium.org\/fr\/comprendre-droits-enfant\/droit-a-l-identite\/\">droit \u00e0 l\u2019identit\u00e9<\/a> et \u00e0 un sentiment d\u2019appartenance (De Groot, 2025).<\/p>\n\n\n\n<h3 class=\"wp-block-heading\"><a href=\"https:\/\/www.humanium.org\/fr\/enfants-deplaces\/\"><strong>Les enfants r\u00e9fugi\u00e9s et migrants<\/strong><\/a><\/h3>\n\n\n\n<p class=\"wp-block-paragraph\">Beaucoup d\u2019enfants r\u00e9fugi\u00e9s &#8211; particuli\u00e8rement les Roms de Transcarpathie en Ukraine \u2013 se sont retrouv\u00e9s sans abris apr\u00e8s qu\u2019un d\u00e9cret gouvernemental ait mis fin \u00e0 l\u2019aide destin\u00e9e aux personnes provenant de r\u00e9gions qui ne sont pas consid\u00e9r\u00e9es comme \u00ab\u2009zones de guerre\u2009\u00bb. <\/p>\n\n\n<div class=\"wp-block-image\">\n<figure class=\"alignright size-large is-resized\"><img loading=\"lazy\" decoding=\"async\" width=\"1024\" height=\"683\" src=\"https:\/\/www.humanium.org\/fr\/wp-content\/uploads\/2026\/02\/shutterstock_2132616529-1024x683.jpg\" alt=\"\" class=\"wp-image-61858\" style=\"aspect-ratio:1.499330655957162;width:416px;height:auto\" srcset=\"https:\/\/www.humanium.org\/fr\/wp-content\/uploads\/2026\/02\/shutterstock_2132616529-1024x683.jpg 1024w, https:\/\/www.humanium.org\/fr\/wp-content\/uploads\/2026\/02\/shutterstock_2132616529-300x200.jpg 300w, https:\/\/www.humanium.org\/fr\/wp-content\/uploads\/2026\/02\/shutterstock_2132616529-768x512.jpg 768w, https:\/\/www.humanium.org\/fr\/wp-content\/uploads\/2026\/02\/shutterstock_2132616529-1536x1024.jpg 1536w, https:\/\/www.humanium.org\/fr\/wp-content\/uploads\/2026\/02\/shutterstock_2132616529-2048x1365.jpg 2048w, https:\/\/www.humanium.org\/fr\/wp-content\/uploads\/2026\/02\/shutterstock_2132616529-830x553.jpg 830w, https:\/\/www.humanium.org\/fr\/wp-content\/uploads\/2026\/02\/shutterstock_2132616529-230x153.jpg 230w, https:\/\/www.humanium.org\/fr\/wp-content\/uploads\/2026\/02\/shutterstock_2132616529-350x233.jpg 350w, https:\/\/www.humanium.org\/fr\/wp-content\/uploads\/2026\/02\/shutterstock_2132616529-480x320.jpg 480w, https:\/\/www.humanium.org\/fr\/wp-content\/uploads\/2026\/02\/shutterstock_2132616529-272x182.jpg 272w\" sizes=\"auto, (max-width: 1024px) 100vw, 1024px\" \/><\/figure>\n<\/div>\n\n\n<p class=\"wp-block-paragraph\">Cette d\u00e9cision a laiss\u00e9 des milliers de personnes <a href=\"https:\/\/www.humanium.org\/fr\/enfants-des-rues\/\">sans-abris<\/a>, affectant directement la s\u00e9curit\u00e9, la sant\u00e9 et le bien-\u00eatre des enfants. \u00c0 la fronti\u00e8re hongroise avec la Serbie, les enfants demandeurs d\u2019asile ont \u00e9t\u00e9 victimes de refoulements ill\u00e9gaux et de d\u00e9tentions dans des conditions difficiles. Entre janvier et ao\u00fbt 2024, le nombre de retours forc\u00e9s a diminu\u00e9 \u00e0 la suite de changements dans la l\u00e9gislation serbe, mais les pratiques ant\u00e9rieures comprenaient des refoulements violents et des d\u00e9tentions dans des zones de transit o\u00f9 les enfants manquaient de nourriture, d\u2019abri et de protection.<\/p>\n\n\n\n<p class=\"wp-block-paragraph\">Les tribunaux ont de fa\u00e7on r\u00e9p\u00e9t\u00e9e estim\u00e9 que la Hongrie \u00e9tait en violation du droit international pour de telles pratiques. La Cour europ\u00e9enne des droits de l\u2019homme a statu\u00e9 en 2017 et 2019 que le pays avait ill\u00e9galement d\u00e9tenu et mal nourri des demandeurs d\u2019asile, dont une enfant de cinq ans (Human Right Watch, 2025). Ces cas montrent \u00e0 quel point les politiques de l\u2019asile sont restrictives et les pratiques aux fronti\u00e8res menacent le droit des enfants r\u00e9fugi\u00e9s et migrants \u00e0 la protection, \u00e0 la s\u00e9curit\u00e9 et \u00e0 un environnement stable.<\/p>\n\n\n\n<h3 class=\"wp-block-heading\"><a href=\"https:\/\/www.humanium.org\/fr\/droits-des-filles\/\"><strong>Les droits des filles<\/strong><\/a><strong><u><\/u><\/strong><\/h3>\n\n\n\n<p class=\"wp-block-paragraph\">Le gouvernement de la Hongrie sous Victor Orban promeut des politiques pronatalistes et des valeurs familiales traditionnelles, ce qui affecte directement les filles. Dans le m\u00eame temps, la hausse de la participation des femmes dans l\u2019\u00e9ducation sup\u00e9rieure pourrait impacter le taux de natalit\u00e9 du pays. Comme plus de femmes vont \u00e0 l\u2019universit\u00e9, elles pourraient \u00eatre moins susceptibles de se marier et d\u2019avoir des enfants (BBC, 2022). Ces messages renforcent les attentes sociales selon lesquelles les filles devraient prioriser la famille et la maternit\u00e9 sur l\u2019\u00e9ducation ou l\u2019engagement professionnel.<\/p>\n\n\n\n<p class=\"wp-block-paragraph\">Les <a href=\"https:\/\/www.humanium.org\/fr\/comprendre-droits-enfant\/droit-a-la-sante\/\">droits reproductifs<\/a> pour les filles sont aussi restreints. Bien que l\u2019avortement soit l\u00e9galement autoris\u00e9 jusqu\u2019\u00e0 12&nbsp;semaines, la proc\u00e9dure inclut des s\u00e9ances de conseil obligatoires, qualifi\u00e9es de d\u00e9gradantes par les critiques et con\u00e7ue pour promouvoir un programme pro-vie. L\u2019acc\u00e8s \u00e0 la contraception et au planning familial est tout aussi limit\u00e9, restreignant les services disponibles de sant\u00e9 reproductive. <\/p>\n\n\n\n<p class=\"wp-block-paragraph\">Ces politiques s\u2019inscrivent dans une strat\u00e9gie gouvernementale plus large qui vise \u00e0 encourager les naissances parmi les Hongrois de souche, renfor\u00e7ant les r\u00f4les traditionnels de genre au sein des syst\u00e8mes \u00e9ducatif et de sant\u00e9, et influen\u00e7ant l\u2019environnement dans lequel les filles grandissent et prennent les d\u00e9cisions concernant leur vie (Population Matters, 2025).<\/p>\n\n\n\n<h3 class=\"wp-block-heading\"><a href=\"https:\/\/www.humanium.org\/fr\/enfants-handicapes\/\"><strong>Les enfants en situation de handicap<\/strong><\/a><strong><u><\/u><\/strong><\/h3>\n\n\n\n<p class=\"wp-block-paragraph\">En l\u2019absence de soutien communautaire ad\u00e9quat, beaucoup d\u2019enfants en situation de handicap sont plac\u00e9s en institutions et les parents souvent se sentent oblig\u00e9s d\u2019y recourir, faute d\u2019une aide \u00e9tatique suffisante. L\u2019acc\u00e8s \u00e0 une \u00e9ducation de qualit\u00e9 et inclusive leur est fr\u00e9quemment refus\u00e9, alors que le syst\u00e8me de tutelle restreint <a href=\"https:\/\/www.humanium.org\/fr\/comprendre-droits-enfant\/droit-aux-libertes\/\">la capacit\u00e9 des enfants \u00e0 prendre des d\u00e9cisions<\/a> et participer pleinement \u00e0 la vie sociale.<\/p>\n\n\n\n<p class=\"wp-block-paragraph\">Le Comit\u00e9 des Nations unies sur le droit des personnes handicap\u00e9es a demand\u00e9 de fa\u00e7on r\u00e9p\u00e9t\u00e9e \u00e0 la Hongrie de mettre fin \u00e0 ces pratiques discriminatoires, d\u2019abolir le r\u00e9gime de tutelle et d\u2019investir dans des services qui permettent aux enfants de vivre dans la communaut\u00e9, dans l\u2019\u00e9galit\u00e9 et l\u2019autonomie. Cependant les progr\u00e8s restent lents&nbsp;: le gouvernement continue de financer des instructions s\u00e9gr\u00e9gatives plut\u00f4t que de garantir aux enfants en situation de handicap une vie digne et un acc\u00e8s au soutien n\u00e9cessaire (Validity Foundation, n.d).<\/p>\n\n\n\n<h3 class=\"wp-block-heading\"><a href=\"https:\/\/www.humanium.org\/fr\/le-placement-denfants-les-enfants-places-en-famille-daccueil\/\"><strong>Les enfants en famille d\u2019accueil<\/strong><\/a><strong><u><\/u><\/strong><\/h3>\n\n\n\n<p class=\"wp-block-paragraph\">En 2024, presque 70&nbsp;000&nbsp;enfants en Hongrie \u00e9taient recens\u00e9s comme \u00e9tant en situation de risque, dont 31fami 000 parmi eux ont \u00e9t\u00e9 pris en charge par la protection de l\u2019enfance &#8211; le chiffre le plus \u00e9lev\u00e9 dans la derni\u00e8re d\u00e9cennie (Hungarian Central Statistical Office., n.d). Bien que le syst\u00e8me \u00e9volue clairement vers le placement en famille d\u2019accueil, impliquant de plus en plus d\u2019organisations religieuses, le nombre d\u2019enfants en attente d\u2019adoption reste \u00e9lev\u00e9&nbsp;: plus de 2 000&nbsp;enfants attendaient une famille en 2024, alors que seulement 1 291 ont \u00e9t\u00e9 confi\u00e9s \u00e0 des parents adoptifs cette m\u00eame ann\u00e9e (Hungarian Central Statistical Office, n.d).<\/p>\n\n\n\n<p class=\"wp-block-paragraph\">Par ailleurs, une tendance se dessine en faveur du placement en famille d\u2019accueil plut\u00f4t qu\u2019en institution. En 2021, par exemple, 14 866&nbsp;enfants vivaient en famille d\u2019accueil, contre 6 175 en institution. Le syst\u00e8me fait \u00e9galement face \u00e0 une p\u00e9nurie de personnel qualifi\u00e9, et le soutien en <a href=\"https:\/\/www.humanium.org\/fr\/le-bien-etre-mental-des-enfants\/\">sant\u00e9 mentale<\/a> est insuffisant, laissant beaucoup d\u2019enfants sans l\u2019aide dont ils ont besoin (Eurochild, 2024).<\/p>\n\n\n\n<p class=\"wp-block-paragraph\"><em><strong>Ecrit par Or Salama<\/strong><\/em><\/p>\n\n\n\n<p class=\"wp-block-paragraph\"><em><strong>Traduit par Louisa Petit Bricard<\/strong><\/em><\/p>\n\n\n\n<p class=\"wp-block-paragraph\"><em><strong>Relu par J-Christophe Brunet<\/strong><\/em><\/p>\n\n\n\n<p class=\"wp-block-paragraph\"><em><strong>Derni\u00e8re mise \u00e0 jour le 23 septembre 2025<\/strong><\/em><\/p>\n\n\n\n<h4 class=\"wp-block-heading\"><strong>Bibliographie:<\/strong><\/h4>\n\n\n\n<p class=\"has-small-font-size wp-block-paragraph\">AP News. (2024, April 26). Orb\u00e1n challenger leads protest calling for child protection after sexual abuse scandal in Hungary.&nbsp;Retrieved from AP News at <a href=\"https:\/\/apnews.com\/article\/orban-challenger-stages-protest-hungary-f9fbdeff70db1060d87c0ce87c8e7ba2\">https:\/\/apnews.com\/article\/orban-challenger-stages-protest-hungary-f9fbdeff70db1060d87c0ce87c8e7ba2<\/a>, accessed on August 17, 2025.<\/p>\n\n\n\n<p class=\"has-small-font-size wp-block-paragraph\">Askew, J. (2024, February 10). Hungary\u2019s president resigns over child sexual abuse scandal. Retrieved from Euronews at <a href=\"https:\/\/www.euronews.com\/2024\/02\/10\/hungarys-president-resigns-over-child-sexual-abuse-scandal\">https:\/\/www.euronews.com\/2024\/02\/10\/hungarys-president-resigns-over-child-sexual-abuse-scandal<\/a>, accessed on August 17, 2025.<\/p>\n\n\n\n<p class=\"has-small-font-size wp-block-paragraph\">BBC. (2022, August 26). Hungarians warning education becoming \u2018too feminine\u2019- report. Retrieved from BBC at <a href=\"https:\/\/www.bbc.com\/news\/world-europe-62686894\">https:\/\/www.bbc.com\/news\/world-europe-62686894<\/a>, accessed on September 21, 2025.<\/p>\n\n\n\n<p class=\"has-small-font-size wp-block-paragraph\">De Groot, D. (2025, April 3). Hungary\u2019s ban on Pride. Retrieved from Epthinktank at <a href=\"https:\/\/epthinktank.eu\/2025\/04\/03\/hungarys-ban-on-pride\/\" target=\"_blank\" rel=\"noreferrer noopener\">https:\/\/epthinktank.eu\/2025\/04\/03\/hungarys-ban-on-pride\/<\/a>, accessed on August 17, 2025.<\/p>\n\n\n\n<p class=\"has-small-font-size wp-block-paragraph\">Eurochild. (2024). The Hungarian Child Guarantee National Action Plan: concerns raised about its feasibility. Retrieved from Eurochild at <a href=\"https:\/\/eurochild.org\/uploads\/2024\/01\/The-Hungarian-Child-Guarantee-National-Action-Plan.pdf\">https:\/\/eurochild.org\/uploads\/2024\/01\/The-Hungarian-Child-Guarantee-National-Action-Plan.pdf<\/a>, accessed on August 17, 2025.<\/p>\n\n\n\n<p class=\"has-small-font-size wp-block-paragraph\">European Commission. (2025a, April 6). Social inclusion through education and training. Youth Wiki: Hungary.&nbsp;Retrieved from the European Commission at <a href=\"https:\/\/national-policies.eacea.ec.europa.eu\/youthwiki\/chapters\/hungary\/66-social-inclusion-through-education-and-training\">https:\/\/national-policies.eacea.ec.europa.eu\/youthwiki\/chapters\/hungary\/66-social-inclusion-through-education-and-training<\/a>, accessed on August 17, 2025.<\/p>\n\n\n\n<p class=\"has-small-font-size wp-block-paragraph\">European Commission. (2025b, April 6). General context. Youth Wiki: Hungary. Retrieved from the European Commission at <a href=\"https:\/\/national-policies.eacea.ec.europa.eu\/youthwiki\/chapters\/hungary\/41-general-context\">https:\/\/national-policies.eacea.ec.europa.eu\/youthwiki\/chapters\/hungary\/41-general-context<\/a>, accessed on August 17, 2025.<\/p>\n\n\n\n<p class=\"has-small-font-size wp-block-paragraph\">European Roma Rights Centre. (2025a, June 12). European Court condemns Hungary for removal of Romani child from family.&nbsp;Retrieved from European Roma Rights Centre at <a href=\"https:\/\/www.errc.org\/press-releases\/european-court-condemns-hungary-for-removal-of-romani-child-from-family\">https:\/\/www.errc.org\/press-releases\/european-court-condemns-hungary-for-removal-of-romani-child-from-family<\/a>, accessed on August 17, 2025.<\/p>\n\n\n\n<p class=\"has-small-font-size wp-block-paragraph\">European Roma Rights Centre. (2025b, May 19). Ombudsperson confirms rights violations of Romani children in Tiszavasv\u00e1ri, Hungary. Retrieved from European Roma Rights Centre at <a href=\"https:\/\/www.errc.org\/press-releases\/ombudsperson-confirms-rights-violations-of-romani-children-in-tiszavasvari-hungary\">https:\/\/www.errc.org\/press-releases\/ombudsperson-confirms-rights-violations-of-romani-children-in-tiszavasvari-hungary<\/a>, accessed on August 17, 2025.<\/p>\n\n\n\n<p class=\"has-small-font-size wp-block-paragraph\">Eurydice. (2025a. April 10). Access: Hungary. Retrieved from Eurydice at <a href=\"https:\/\/eurydice.eacea.ec.europa.eu\/eurypedia\/hungary\/access\">https:\/\/eurydice.eacea.ec.europa.eu\/eurypedia\/hungary\/access<\/a>, accessed on August 17, 2025.<\/p>\n\n\n\n<p class=\"has-small-font-size wp-block-paragraph\">Eurydice. (2025b, March 20). Overview: Hungary. Retrieved from Eurydice at <a href=\"https:\/\/eurydice.eacea.ec.europa.eu\/eurypedia\/hungary\/overview\">https:\/\/eurydice.eacea.ec.europa.eu\/eurypedia\/hungary\/overview<\/a>, accessed on August 17, 2025.<\/p>\n\n\n\n<p class=\"has-small-font-size wp-block-paragraph\">Faludy, A. (2025, March 21). UN expert on right to education criticises \u2018desperate\u2019 conditions in Hungary\u2019s schools.&nbsp;Retrieved from Balkan Insight at <a href=\"https:\/\/balkaninsight.com\/2025\/03\/21\/un-expert-on-right-to-education-criticises-desperate-conditions-in-hungarys-schools\/\">https:\/\/balkaninsight.com\/2025\/03\/21\/un-expert-on-right-to-education-criticises-desperate-conditions-in-hungarys-schools\/<\/a>, accessed on August 17, 2025.<\/p>\n\n\n\n<p class=\"has-small-font-size wp-block-paragraph\">Girardini, S. (2025, August 13). B.T. and B.K.Cs v. Hungary: Child removal and stereotyped Romani motherhood, but no discrimination.&nbsp;Retrieved from Strasbourg Observers at <a href=\"https:\/\/strasbourgobservers.com\/2025\/08\/13\/b-t-and-b-k-cs-v-hungary-child-removal-and-stereotyped-romani-motherhood-but-no-discrimination\/\">https:\/\/strasbourgobservers.com\/2025\/08\/13\/b-t-and-b-k-cs-v-hungary-child-removal-and-stereotyped-romani-motherhood-but-no-discrimination\/<\/a>, accessed on August 17, 2025.<\/p>\n\n\n\n<p class=\"has-small-font-size wp-block-paragraph\">Gomez, J. (2025, February 26). Child protection or censorship? The legal battle between the Court of Justice of the EU and Hungary.&nbsp;Retrieved from Euronews at <a href=\"https:\/\/www.euronews.com\/my-europe\/2025\/02\/26\/child-protection-or-censorship-the-legal-battle-between-the-court-of-justice-of-the-eu-and\">https:\/\/www.euronews.com\/my-europe\/2025\/02\/26\/child-protection-or-censorship-the-legal-battle-between-the-court-of-justice-of-the-eu-and<\/a>, accessed on August 17, 2025.<\/p>\n\n\n\n<p class=\"has-small-font-size wp-block-paragraph\">Human Rights Watch. (2025). World Report 2025: Hungary. Retrieved from Human Rights Watch at <a href=\"https:\/\/www.hrw.org\/world-report\/2025\/country-chapters\/hungary\">https:\/\/www.hrw.org\/world-report\/2025\/country-chapters\/hungary<\/a>, accessed on August 17, 2025.<\/p>\n\n\n\n<p class=\"has-small-font-size wp-block-paragraph\">Hungarian Central Statistical Office. (n.d.). Social care protection.&nbsp;Retrieved from Hungarian Central Statistical Office at <a href=\"https:\/\/www.ksh.hu\/social-care-protection\">https:\/\/www.ksh.hu\/social-care-protection<\/a>, accessed on August 17, 2025.<\/p>\n\n\n\n<p class=\"has-small-font-size wp-block-paragraph\">O\u2019Sullivan, D. (2024, November 18). Controversial Hungarian law criticised as anti-LGBT to appear before EU Court of Justice. Retrieved from Euronews at <a href=\"https:\/\/www.euronews.com\/2024\/11\/18\/controversial-hungarian-law-criticised-as-anti-lgbt-to-appear-before-eu-court-of-justice\">https:\/\/www.euronews.com\/2024\/11\/18\/controversial-hungarian-law-criticised-as-anti-lgbt-to-appear-before-eu-court-of-justice<\/a>, accessed on August 17, 2025.<\/p>\n\n\n\n<p class=\"has-small-font-size wp-block-paragraph\">Population Matters. (2025, January 17). Viktor Orb\u00e1n\u2019s Hungary: The erosion of reproductive rights. Retrieved from Population Matters at <a href=\"https:\/\/populationmatters.org\/news\/2025\/01\/viktor-orbans-hungary-the-erosion-of-reproductive-rights\/\">https:\/\/populationmatters.org\/news\/2025\/01\/viktor-orbans-hungary-the-erosion-of-reproductive-rights\/<\/a>, accessed on August 17, 2025.<\/p>\n\n\n\n<p class=\"has-small-font-size wp-block-paragraph\">Rutai, L. (2024, October 8). Why So Many Hungarians Are Staying Childfree. Retrieved from Radio Free Europe\/Radio Liberty at <a href=\"https:\/\/www.rferl.org\/a\/children-hungary-child-free-movement\/33146567.html\">https:\/\/www.rferl.org\/a\/children-hungary-child-free-movement\/33146567.html<\/a>, accessed on August 17, 2025.<\/p>\n\n\n\n<p class=\"has-small-font-size wp-block-paragraph\">Spike, J. (2025, March 18). Hungary passes anti-LBGTQ+ law banning Pride events. Retrieved from PBS News at <a href=\"https:\/\/www.pbs.org\/newshour\/world\/hungary-passes-anti-lgbtq-law-banning-pride-events\">https:\/\/www.pbs.org\/newshour\/world\/hungary-passes-anti-lgbtq-law-banning-pride-events<\/a>, accessed on August 17, 2025.<\/p>\n\n\n\n<p class=\"has-small-font-size wp-block-paragraph\">Validity Foundation. (n.d.). Hungary remains responsible for \u201cgrave and systematic violations\u201d of disability rights. Retrieved from Validity Foundation at <a href=\"https:\/\/validity.ngo\/hungary-remains-responsible-for-grave-and-systematic-violations-of-disability-rights\/\">https:\/\/validity.ngo\/hungary-remains-responsible-for-grave-and-systematic-violations-of-disability-rights\/<\/a>, accessed on August 17, 2025.<\/p>\n\n\n\n<p class=\"has-small-font-size wp-block-paragraph\">World Health Organization. (2023, June 27). Pandemic adversely affected the relationships and health of Hungarian adolescents, new data show. Retrieved from WHO at <a href=\"https:\/\/www.who.int\/europe\/news\/item\/27-06-2023-pandemic-adversely-affected-the-relationships-and-health-of-hungarian-adolescents--new-data-show\">https:\/\/www.who.int\/europe\/news\/item\/27-06-2023-pandemic-adversely-affected-the-relationships-and-health-of-hungarian-adolescents&#8211;new-data-show<\/a>, accessed on August 17, 2025.<\/p>\n\n\n\n<hr class=\"wp-block-separator has-alpha-channel-opacity\"\/>\n\n\n\n<p class=\"has-small-font-size wp-block-paragraph\"><a href=\"#_ftnref1\" id=\"_ftn1\">[1]<\/a> Cet article ne pr\u00e9tend en aucun cas donner un compte rendu complet ou repr\u00e9sentatif des droits des enfants en Hongrie\u2009; en effet, l\u2019un des nombreux d\u00e9fis est le manque d\u2019informations actualis\u00e9es sur les enfants hongrois&nbsp;: une grande partie est peu fiable, non repr\u00e9sentative, obsol\u00e8te ou tout simplement inexistante.<\/p>\n","protected":false},"excerpt":{"rendered":"<p>La r\u00e9alisation des droits de l\u2019enfant en Hongrie En Hongrie, un cadre juridique prot\u00e8ge les droits des enfants, mais il est rarement appliqu\u00e9 dans les faits. Les enfants roms sont souvent sujets \u00e0 des discriminations et la pauvret\u00e9 explique le grand nombre d\u2019entre eux plac\u00e9s en institutions par l\u2019\u00c9tat. L\u2019acc\u00e8s limit\u00e9 \u00e0 une \u00e9ducation pr\u00e9scolaire [&hellip;]<\/p>\n","protected":false},"author":65,"featured_media":61854,"parent":0,"menu_order":0,"comment_status":"closed","ping_status":"closed","template":"","meta":{"footnotes":""},"class_list":["post-21822","page","type-page","status-publish","has-post-thumbnail","hentry"],"yoast_head":"<!-- This site is optimized with the Yoast SEO plugin v28.3 - https:\/\/yoast.com\/product\/yoast-seo-wordpress\/ -->\n<title>Enfants de Hongrie - Humanium<\/title>\n<meta name=\"description\" content=\"En Hongrie, un cadre juridique pour les droits de l\u2019enfant existe, mais il n\u2019est souvent pas pleinement appliqu\u00e9 dans la pratique.\" \/>\n<meta name=\"robots\" content=\"index, follow, max-snippet:-1, max-image-preview:large, max-video-preview:-1\" \/>\n<link rel=\"canonical\" href=\"https:\/\/www.humanium.org\/fr\/hongrie\/\" \/>\n<meta property=\"og:locale\" content=\"fr_FR\" \/>\n<meta property=\"og:type\" content=\"article\" \/>\n<meta property=\"og:title\" content=\"Enfants de Hongrie - Humanium\" \/>\n<meta property=\"og:description\" content=\"En Hongrie, un cadre juridique pour les droits de l\u2019enfant existe, mais il n\u2019est souvent pas pleinement appliqu\u00e9 dans la pratique.\" \/>\n<meta property=\"og:url\" content=\"https:\/\/www.humanium.org\/fr\/hongrie\/\" \/>\n<meta property=\"og:site_name\" content=\"Humanium\" \/>\n<meta property=\"article:modified_time\" content=\"2026-02-27T15:17:32+00:00\" \/>\n<meta property=\"og:image\" content=\"https:\/\/www.humanium.org\/fr\/wp-content\/uploads\/2026\/02\/shutterstock_1567480546-scaled.jpg\" \/>\n\t<meta property=\"og:image:width\" content=\"2560\" \/>\n\t<meta property=\"og:image:height\" content=\"1706\" \/>\n\t<meta property=\"og:image:type\" content=\"image\/jpeg\" \/>\n<meta name=\"twitter:card\" content=\"summary_large_image\" \/>\n<meta name=\"twitter:label1\" content=\"Dur\u00e9e de lecture estim\u00e9e\" \/>\n\t<meta name=\"twitter:data1\" content=\"24 minutes\" \/>\n<script type=\"application\/ld+json\" class=\"yoast-schema-graph\">{\"@context\":\"https:\\\/\\\/schema.org\",\"@graph\":[{\"@type\":\"WebPage\",\"@id\":\"https:\\\/\\\/www.humanium.org\\\/fr\\\/hongrie\\\/\",\"url\":\"https:\\\/\\\/www.humanium.org\\\/fr\\\/hongrie\\\/\",\"name\":\"Enfants de Hongrie - Humanium\",\"isPartOf\":{\"@id\":\"https:\\\/\\\/www.humanium.org\\\/fr\\\/#website\"},\"primaryImageOfPage\":{\"@id\":\"https:\\\/\\\/www.humanium.org\\\/fr\\\/hongrie\\\/#primaryimage\"},\"image\":{\"@id\":\"https:\\\/\\\/www.humanium.org\\\/fr\\\/hongrie\\\/#primaryimage\"},\"thumbnailUrl\":\"https:\\\/\\\/www.humanium.org\\\/fr\\\/wp-content\\\/uploads\\\/2026\\\/02\\\/shutterstock_1567480546-scaled.jpg\",\"datePublished\":\"2013-04-11T08:39:19+00:00\",\"dateModified\":\"2026-02-27T15:17:32+00:00\",\"description\":\"En Hongrie, un cadre juridique pour les droits de l\u2019enfant existe, mais il n\u2019est souvent pas pleinement appliqu\u00e9 dans la pratique.\",\"breadcrumb\":{\"@id\":\"https:\\\/\\\/www.humanium.org\\\/fr\\\/hongrie\\\/#breadcrumb\"},\"inLanguage\":\"fr-FR\",\"potentialAction\":[{\"@type\":\"ReadAction\",\"target\":[\"https:\\\/\\\/www.humanium.org\\\/fr\\\/hongrie\\\/\"]}]},{\"@type\":\"ImageObject\",\"inLanguage\":\"fr-FR\",\"@id\":\"https:\\\/\\\/www.humanium.org\\\/fr\\\/hongrie\\\/#primaryimage\",\"url\":\"https:\\\/\\\/www.humanium.org\\\/fr\\\/wp-content\\\/uploads\\\/2026\\\/02\\\/shutterstock_1567480546-scaled.jpg\",\"contentUrl\":\"https:\\\/\\\/www.humanium.org\\\/fr\\\/wp-content\\\/uploads\\\/2026\\\/02\\\/shutterstock_1567480546-scaled.jpg\",\"width\":2560,\"height\":1706},{\"@type\":\"BreadcrumbList\",\"@id\":\"https:\\\/\\\/www.humanium.org\\\/fr\\\/hongrie\\\/#breadcrumb\",\"itemListElement\":[{\"@type\":\"ListItem\",\"position\":1,\"name\":\"Home\",\"item\":\"https:\\\/\\\/www.humanium.org\\\/fr\\\/\"},{\"@type\":\"ListItem\",\"position\":2,\"name\":\"Enfants de Hongrie\"}]},{\"@type\":\"WebSite\",\"@id\":\"https:\\\/\\\/www.humanium.org\\\/fr\\\/#website\",\"url\":\"https:\\\/\\\/www.humanium.org\\\/fr\\\/\",\"name\":\"Humanium\",\"description\":\"Les enfants d\u2019abord !\",\"potentialAction\":[{\"@type\":\"SearchAction\",\"target\":{\"@type\":\"EntryPoint\",\"urlTemplate\":\"https:\\\/\\\/www.humanium.org\\\/fr\\\/?s={search_term_string}\"},\"query-input\":{\"@type\":\"PropertyValueSpecification\",\"valueRequired\":true,\"valueName\":\"search_term_string\"}}],\"inLanguage\":\"fr-FR\"}]}<\/script>\n<!-- \/ Yoast SEO plugin. -->","yoast_head_json":{"title":"Enfants de Hongrie - Humanium","description":"En Hongrie, un cadre juridique pour les droits de l\u2019enfant existe, mais il n\u2019est souvent pas pleinement appliqu\u00e9 dans la pratique.","robots":{"index":"index","follow":"follow","max-snippet":"max-snippet:-1","max-image-preview":"max-image-preview:large","max-video-preview":"max-video-preview:-1"},"canonical":"https:\/\/www.humanium.org\/fr\/hongrie\/","og_locale":"fr_FR","og_type":"article","og_title":"Enfants de Hongrie - Humanium","og_description":"En Hongrie, un cadre juridique pour les droits de l\u2019enfant existe, mais il n\u2019est souvent pas pleinement appliqu\u00e9 dans la pratique.","og_url":"https:\/\/www.humanium.org\/fr\/hongrie\/","og_site_name":"Humanium","article_modified_time":"2026-02-27T15:17:32+00:00","og_image":[{"width":2560,"height":1706,"url":"https:\/\/www.humanium.org\/fr\/wp-content\/uploads\/2026\/02\/shutterstock_1567480546-scaled.jpg","type":"image\/jpeg"}],"twitter_card":"summary_large_image","twitter_misc":{"Dur\u00e9e de lecture estim\u00e9e":"24 minutes"},"schema":{"@context":"https:\/\/schema.org","@graph":[{"@type":"WebPage","@id":"https:\/\/www.humanium.org\/fr\/hongrie\/","url":"https:\/\/www.humanium.org\/fr\/hongrie\/","name":"Enfants de Hongrie - Humanium","isPartOf":{"@id":"https:\/\/www.humanium.org\/fr\/#website"},"primaryImageOfPage":{"@id":"https:\/\/www.humanium.org\/fr\/hongrie\/#primaryimage"},"image":{"@id":"https:\/\/www.humanium.org\/fr\/hongrie\/#primaryimage"},"thumbnailUrl":"https:\/\/www.humanium.org\/fr\/wp-content\/uploads\/2026\/02\/shutterstock_1567480546-scaled.jpg","datePublished":"2013-04-11T08:39:19+00:00","dateModified":"2026-02-27T15:17:32+00:00","description":"En Hongrie, un cadre juridique pour les droits de l\u2019enfant existe, mais il n\u2019est souvent pas pleinement appliqu\u00e9 dans la pratique.","breadcrumb":{"@id":"https:\/\/www.humanium.org\/fr\/hongrie\/#breadcrumb"},"inLanguage":"fr-FR","potentialAction":[{"@type":"ReadAction","target":["https:\/\/www.humanium.org\/fr\/hongrie\/"]}]},{"@type":"ImageObject","inLanguage":"fr-FR","@id":"https:\/\/www.humanium.org\/fr\/hongrie\/#primaryimage","url":"https:\/\/www.humanium.org\/fr\/wp-content\/uploads\/2026\/02\/shutterstock_1567480546-scaled.jpg","contentUrl":"https:\/\/www.humanium.org\/fr\/wp-content\/uploads\/2026\/02\/shutterstock_1567480546-scaled.jpg","width":2560,"height":1706},{"@type":"BreadcrumbList","@id":"https:\/\/www.humanium.org\/fr\/hongrie\/#breadcrumb","itemListElement":[{"@type":"ListItem","position":1,"name":"Home","item":"https:\/\/www.humanium.org\/fr\/"},{"@type":"ListItem","position":2,"name":"Enfants de Hongrie"}]},{"@type":"WebSite","@id":"https:\/\/www.humanium.org\/fr\/#website","url":"https:\/\/www.humanium.org\/fr\/","name":"Humanium","description":"Les enfants d\u2019abord !","potentialAction":[{"@type":"SearchAction","target":{"@type":"EntryPoint","urlTemplate":"https:\/\/www.humanium.org\/fr\/?s={search_term_string}"},"query-input":{"@type":"PropertyValueSpecification","valueRequired":true,"valueName":"search_term_string"}}],"inLanguage":"fr-FR"}]}},"_links":{"self":[{"href":"https:\/\/www.humanium.org\/fr\/wp-json\/wp\/v2\/pages\/21822","targetHints":{"allow":["GET"]}}],"collection":[{"href":"https:\/\/www.humanium.org\/fr\/wp-json\/wp\/v2\/pages"}],"about":[{"href":"https:\/\/www.humanium.org\/fr\/wp-json\/wp\/v2\/types\/page"}],"author":[{"embeddable":true,"href":"https:\/\/www.humanium.org\/fr\/wp-json\/wp\/v2\/users\/65"}],"replies":[{"embeddable":true,"href":"https:\/\/www.humanium.org\/fr\/wp-json\/wp\/v2\/comments?post=21822"}],"version-history":[{"count":17,"href":"https:\/\/www.humanium.org\/fr\/wp-json\/wp\/v2\/pages\/21822\/revisions"}],"predecessor-version":[{"id":61871,"href":"https:\/\/www.humanium.org\/fr\/wp-json\/wp\/v2\/pages\/21822\/revisions\/61871"}],"wp:featuredmedia":[{"embeddable":true,"href":"https:\/\/www.humanium.org\/fr\/wp-json\/wp\/v2\/media\/61854"}],"wp:attachment":[{"href":"https:\/\/www.humanium.org\/fr\/wp-json\/wp\/v2\/media?parent=21822"}],"curies":[{"name":"wp","href":"https:\/\/api.w.org\/{rel}","templated":true}]}}