{"id":21857,"date":"2013-02-21T10:40:42","date_gmt":"2013-02-21T10:40:42","guid":{"rendered":"http:\/\/www.humanium.org\/fr\/?page_id=21857"},"modified":"2025-12-06T06:17:08","modified_gmt":"2025-12-06T06:17:08","slug":"belize","status":"publish","type":"page","link":"https:\/\/www.humanium.org\/fr\/belize\/","title":{"rendered":"Enfants de B\u00e9lize"},"content":{"rendered":"\n<h2 class=\"wp-block-heading\">Concr\u00e9tiser les Droits de l&rsquo;Enfant au Belize<\/h2>\n\n\n\n<div class=\"wp-block-columns is-layout-flex wp-container-core-columns-is-layout-8f761849 wp-block-columns-is-layout-flex\">\n<div class=\"wp-block-column is-layout-flow wp-block-column-is-layout-flow\"><div class=\"wp-block-image is-style-rounded\">\n<figure class=\"aligncenter size-full is-resized\"><img loading=\"lazy\" decoding=\"async\" width=\"400\" height=\"400\" src=\"https:\/\/www.humanium.org\/fr\/wp-content\/uploads\/2022\/12\/Shutterstock_506687152.jpg\" alt=\"\" class=\"wp-image-54064\" style=\"width:232px;height:232px\" srcset=\"https:\/\/www.humanium.org\/fr\/wp-content\/uploads\/2022\/12\/Shutterstock_506687152.jpg 400w, https:\/\/www.humanium.org\/fr\/wp-content\/uploads\/2022\/12\/Shutterstock_506687152-300x300.jpg 300w, https:\/\/www.humanium.org\/fr\/wp-content\/uploads\/2022\/12\/Shutterstock_506687152-150x150.jpg 150w, https:\/\/www.humanium.org\/fr\/wp-content\/uploads\/2022\/12\/Shutterstock_506687152-230x230.jpg 230w, https:\/\/www.humanium.org\/fr\/wp-content\/uploads\/2022\/12\/Shutterstock_506687152-350x350.jpg 350w\" sizes=\"auto, (max-width: 400px) 100vw, 400px\" \/><\/figure>\n<\/div><\/div>\n\n\n\n<div class=\"wp-block-column is-layout-flow wp-block-column-is-layout-flow\"><div class=\"wp-block-image is-style-rounded\">\n<figure class=\"aligncenter size-full is-resized\"><img loading=\"lazy\" decoding=\"async\" width=\"400\" height=\"400\" src=\"https:\/\/www.humanium.org\/fr\/wp-content\/uploads\/2022\/12\/Shutterstock_194430827.jpg\" alt=\"\" class=\"wp-image-54066\" style=\"width:221px;height:221px\" srcset=\"https:\/\/www.humanium.org\/fr\/wp-content\/uploads\/2022\/12\/Shutterstock_194430827.jpg 400w, https:\/\/www.humanium.org\/fr\/wp-content\/uploads\/2022\/12\/Shutterstock_194430827-300x300.jpg 300w, https:\/\/www.humanium.org\/fr\/wp-content\/uploads\/2022\/12\/Shutterstock_194430827-150x150.jpg 150w, https:\/\/www.humanium.org\/fr\/wp-content\/uploads\/2022\/12\/Shutterstock_194430827-230x230.jpg 230w, https:\/\/www.humanium.org\/fr\/wp-content\/uploads\/2022\/12\/Shutterstock_194430827-350x350.jpg 350w\" sizes=\"auto, (max-width: 400px) 100vw, 400px\" \/><\/figure>\n<\/div><\/div>\n<\/div>\n\n\n\n<p class=\"wp-block-paragraph\"><strong>Le B\u00e9lize a ratifi\u00e9 la <a href=\"https:\/\/www.humanium.org\/fr\/convention\/\">Convention des Nations Unies sur les Droits de l\u2019enfant<\/a> en mai 1990, et les Protocoles Facultatifs qui couvre un large \u00e9ventail de questions relatives aux droits humains, dont les protocoles sur <a href=\"https:\/\/www.humanium.org\/fr\/normes\/texte-integral-protocole-droits-enfant-sur-vente-prostitution-pornographie\/\">la vente d\u2019enfants<\/a> et sur les e<a href=\"https:\/\/www.humanium.org\/fr\/normes\/protocole-facultatif-cide-enfants-dans-conflits-armes\/\">nfants dans les conflits arm\u00e9s<\/a>, en d\u00e9cembre 2003. Toutefois, malheureusement, le B\u00e9lize affronte toujours de graves probl\u00e8mes concernant l\u2019\u00e9ducation secondaire, les mariages d\u2019enfants, et l\u2019implication des enfants dans le crime organis\u00e9.<\/strong><\/p>\n\n\n\n<iframe src=\"https:\/\/www.google.com\/maps\/embed?pb=!1m18!1m12!1m3!1d1951560.0209152948!2d-89.44147673822954!3d17.18768227633291!2m3!1f0!2f0!3f0!3m2!1i1024!2i768!4f13.1!3m3!1m2!1s0x8f5c5b3ec112faf9%3A0xf64a8a4d3f1ee34e!2sBelize!5e0!3m2!1sen!2sfr!4v1670518032054!5m2!1sen!2sfr\" width=\"600\" height=\"450\" style=\"border:0;\" allowfullscreen=\"\" loading=\"lazy\" referrerpolicy=\"no-referrer-when-downgrade\"><\/iframe>\n\n\n\n<div class=\"wp-block-columns is-layout-flex wp-container-core-columns-is-layout-8f761849 wp-block-columns-is-layout-flex\">\n<div class=\"wp-block-column is-layout-flow wp-block-column-is-layout-flow\">\n<p class=\"wp-block-paragraph\"><strong>Population :<\/strong>&nbsp;412 000<br><strong>Pop. de 0 \u00e0 14 ans :<\/strong> 29%<\/p>\n<\/div>\n\n\n\n<div class=\"wp-block-column is-layout-flow wp-block-column-is-layout-flow\">\n<p class=\"wp-block-paragraph\"><strong>Esp\u00e9rance de vie :<\/strong>&nbsp;75 ans<br><strong>Mortalit\u00e9 des moins de 5 ans :<\/strong>&nbsp;1,2\u2030<\/p>\n<\/div>\n<\/div>\n\n\n\n<h2 class=\"wp-block-heading\"><strong>Un aper\u00e7u du B\u00e9lize<\/strong><\/h2>\n\n\n\n<p class=\"wp-block-paragraph\">Le B\u00e9lize est une r\u00e9gion du nord-est des Cara\u00efbes, frontali\u00e8re avec le <a href=\"https:\/\/www.humanium.org\/fr\/mexique\/\">Mexique<\/a>, le <a href=\"https:\/\/www.humanium.org\/fr\/guatemala\/\">Guatemala<\/a>,&nbsp; et la mer des Cara\u00efbes. Bien qu\u2019il s\u2019agisse d\u2019un pays relativement petit, il poss\u00e8de la plus faible densit\u00e9 de population de tous les pays d\u2019Am\u00e9rique centrale, avec une population de 412 000 habitants. Cependant, il a \u00e9galement un taux de croissance \u00e9lev\u00e9 en lien avec le nombre d\u2019enfants dans la population g\u00e9n\u00e9rale : 39,4% d\u2019enfants \u00e2g\u00e9s de 0-18 ans, 29% \u00e2g\u00e9s de 0-14 ans, et 10,5% \u00e2g\u00e9s de moins de 5 ans (MICS5, Banque Mondiale, 2020).<\/p>\n\n\n\n<p class=\"wp-block-paragraph\">Le B\u00e9lize poss\u00e8de une histoire riche et complexe. En 1500 avant notre \u00e8re, la civilisation Maya a commenc\u00e9 \u00e0 s\u2019installer dans la r\u00e9gion, o\u00f9 elle est ensuite rest\u00e9e pendant 1 000 ans. La culture du B\u00e9lize a aussi \u00e9t\u00e9 fa\u00e7onn\u00e9e par des si\u00e8cles d\u2019exploration et d\u2019occupation coloniale, datant du voyage de Christophe Colombe au 15<sup>e<\/sup> si\u00e8cle. Les espagnols ont \u00e9galement essay\u00e9 de s\u2019installer dans la r\u00e9gion, mais ils ont d\u00fb lutter contre le manque de ressources et l\u2019hostilit\u00e9 des autochtones, alors que le pays \u00e9tait devenu un site de tensions entre l\u2019Espagne et la Grande-Bretagne. <\/p>\n\n\n\n<p class=\"wp-block-paragraph\">En 1840, le B\u00e9lize est devenu une colonie britannique, appel\u00e9e Honduras Britannique, avant de devenir ind\u00e9pendant en 1981. Il r\u00e9sulte de ces diff\u00e9rentes exp\u00e9riences culturelles que plus de la moiti\u00e9 de la population est polyglotte. L\u2019anglais est la langue officielle, mais une grande partie de la population parle aussi le cr\u00e9ole b\u00e9lizien et l\u2019espagnol, et il y a aussi des traces de maya et d\u2019autres langues.<\/p>\n\n\n\n<p class=\"wp-block-paragraph\">Le B\u00e9lize a des liens culturels et \u00e9conomiques forts avec l\u2019Am\u00e9rique latine et les pays carib\u00e9ens, tout en \u00e9tant membre du Commonwealth. Le roi Charles III est le chef de l\u2019\u00c9tat, repr\u00e9sent\u00e9e par le Gouverneur g\u00e9n\u00e9ral, Froyla Tzalam, nomm\u00e9 en 2021. Le B\u00e9lize est un \u00e9tat d\u00e9mocratique, qui a \u00e9tendu le droit de vote en 1954, quand les femmes ont \u00e9t\u00e9 int\u00e9gr\u00e9es au suffrage.<\/p>\n\n\n\n<p class=\"wp-block-paragraph\">Le B\u00e9lize a subi des \u00e9preuves pendant la <a href=\"https:\/\/www.humanium.org\/fr\/qua-represente-lannee-2020-pour-les-droits-des-enfants\/\">pand\u00e9mie de Covid-19<\/a>. Le tourisme est l\u2019industrie dominante, et les restrictions de voyages ont donc pr\u00e9sent\u00e9 des d\u00e9fis importants pour l\u2019\u00e9conomie, avec 50% des m\u00e9nages au ch\u00f4mage, 60% ayant subis une diminution de leurs revenus, et de graves cons\u00e9quences pour les enfants, comme l\u2019augmentation des <a href=\"https:\/\/www.humanium.org\/fr\/la-violence-au-sein-du-foyer-et-ses-consequences-sur-les-enfants\/\">violences domestiques<\/a> (UNICEF, s.d, UNICEF, 2020).<\/p>\n\n\n\n<h2 class=\"wp-block-heading\"><strong>La situation des droits de l\u2019enfant<\/strong> <a href=\"#_ftn1\"><strong>[1]<\/strong><\/a><\/h2>\n\n\n\n<p class=\"wp-block-paragraph\">Le B\u00e9lize a ratifi\u00e9 le CNUDE de 1989 en mai 1990, et les Protocoles facultatifs, qui couvrent un large \u00e9ventail de questions relatives aux droits humains, dont les protocoles sur la vente d\u2019enfants, ainsi que sur les enfants dans les conflits arm\u00e9s, en d\u00e9cembre 2003. Il a \u00e9galement sign\u00e9 la Convention de l\u2019OIT sur l\u2019\u00e2ge minimum de travail (1973), et la Convention de l\u2019OIT sur les pires formes de travail des enfants (1999).&nbsp;<\/p>\n\n\n<div class=\"wp-block-image\">\n<figure class=\"alignleft size-large is-resized\"><img loading=\"lazy\" decoding=\"async\" width=\"1024\" height=\"681\" src=\"https:\/\/www.humanium.org\/fr\/wp-content\/uploads\/2022\/12\/shutterstock_320244584-1024x681.jpg\" alt=\"\" class=\"wp-image-54067\" style=\"width:352px;height:234px\" srcset=\"https:\/\/www.humanium.org\/fr\/wp-content\/uploads\/2022\/12\/shutterstock_320244584-1024x681.jpg 1024w, https:\/\/www.humanium.org\/fr\/wp-content\/uploads\/2022\/12\/shutterstock_320244584-300x199.jpg 300w, https:\/\/www.humanium.org\/fr\/wp-content\/uploads\/2022\/12\/shutterstock_320244584-768x511.jpg 768w, https:\/\/www.humanium.org\/fr\/wp-content\/uploads\/2022\/12\/shutterstock_320244584-1536x1021.jpg 1536w, https:\/\/www.humanium.org\/fr\/wp-content\/uploads\/2022\/12\/shutterstock_320244584-2048x1362.jpg 2048w, https:\/\/www.humanium.org\/fr\/wp-content\/uploads\/2022\/12\/shutterstock_320244584-830x552.jpg 830w, https:\/\/www.humanium.org\/fr\/wp-content\/uploads\/2022\/12\/shutterstock_320244584-230x153.jpg 230w, https:\/\/www.humanium.org\/fr\/wp-content\/uploads\/2022\/12\/shutterstock_320244584-350x233.jpg 350w, https:\/\/www.humanium.org\/fr\/wp-content\/uploads\/2022\/12\/shutterstock_320244584-480x319.jpg 480w, https:\/\/www.humanium.org\/fr\/wp-content\/uploads\/2022\/12\/shutterstock_320244584-272x182.jpg 272w\" sizes=\"auto, (max-width: 1024px) 100vw, 1024px\" \/><\/figure>\n<\/div>\n\n\n<p class=\"wp-block-paragraph\">Le B\u00e9lize a aussi soutenu la mise en \u0153uvre de l\u2019Agenda 2030 pour le d\u00e9veloppement durable, adopt\u00e9 par les leaders mondiaux en 2015. En particulier, le B\u00e9lize a \u00e9t\u00e9 un leader concernant les questions cl\u00e9s pour l\u2019Am\u00e9rique centrale et la r\u00e9gion carib\u00e9enne, comme l\u2019\u00e9nergie, l\u2019environnement et l\u2019immigration. Le B\u00e9lize a aussi fix\u00e9 ses propres objectifs avant l\u2019\u00e9ch\u00e9ance de 2030, comme le plan quinquennal pour mettre fin aux <a href=\"https:\/\/www.humanium.org\/fr\/mariage-enfants\/\">mariages d\u2019enfants<\/a>, qui est une priorit\u00e9 absolue concernant les droits de l\u2019enfant dans le pays (UNICEF, s.d).<\/p>\n\n\n\n<h2 class=\"wp-block-heading\"><strong>R\u00e9pondre aux besoins des enfants<\/strong><\/h2>\n\n\n\n<h3 class=\"wp-block-heading\"><a href=\"https:\/\/www.humanium.org\/fr\/comprendre-droits-enfant\/droit-a-l-education\/\">Le droit \u00e0 l\u2019\u00e9ducation<\/a><\/h3>\n\n\n\n<p class=\"wp-block-paragraph\">Le droit \u00e0 une \u00e9ducation \u00e9l\u00e9mentaire est reconnu par le pr\u00e9ambule de la Constitution du B\u00e9lize de 1981, compl\u00e9ment\u00e9 par la scolarit\u00e9 obligatoire pour les enfants \u00e2g\u00e9s de 6 \u00e0 14 ans, avec les parents passibles d\u2019amendes si les enfants ne sont pas assidus \u00e0 l\u2019\u00e9cole. Par ailleurs, l\u2019\u00e9ducation est gratuite pour tous les \u00e9l\u00e8ves \u00e2g\u00e9s de moins de 14 ans. Par cons\u00e9quent, les inscriptions \u00e0 l\u2019\u00e9cole primaire ont \u00e9t\u00e9 tr\u00e8s \u00e9lev\u00e9es de 1990 \u00e0 2020, avec une estimation que 94,5% des enfants \u00e2g\u00e9s de 5 \u00e0 14 ans la fr\u00e9quentent \u00e0 temps complet (Bureau des Affaires Internationales du Travail, 2020).&nbsp;<\/p>\n\n\n\n<p class=\"wp-block-paragraph\">On ne peut pas en dire autant de l\u2019\u00e9ducation secondaire. N\u2019ayant pas de mesure \u00e9quivalente exigeant que les \u00e9l\u00e8ves s\u2019inscrivent au lyc\u00e9e, il en r\u00e9sulte une baisse nette des inscriptions \u00e0 68% en 2020, ce qui repr\u00e9sente seulement une l\u00e9g\u00e8re augmentation de 61% en 1990 et 65% en 2011 (UNESCO, 2020). <\/p>\n\n\n<div class=\"wp-block-image\">\n<figure class=\"alignright size-large is-resized\"><img loading=\"lazy\" decoding=\"async\" width=\"1024\" height=\"683\" src=\"https:\/\/www.humanium.org\/fr\/wp-content\/uploads\/2022\/12\/shutterstock_440564296-1024x683.jpg\" alt=\"\" class=\"wp-image-54068\" style=\"width:344px;height:229px\" srcset=\"https:\/\/www.humanium.org\/fr\/wp-content\/uploads\/2022\/12\/shutterstock_440564296-1024x683.jpg 1024w, https:\/\/www.humanium.org\/fr\/wp-content\/uploads\/2022\/12\/shutterstock_440564296-300x200.jpg 300w, https:\/\/www.humanium.org\/fr\/wp-content\/uploads\/2022\/12\/shutterstock_440564296-768x512.jpg 768w, https:\/\/www.humanium.org\/fr\/wp-content\/uploads\/2022\/12\/shutterstock_440564296-1536x1024.jpg 1536w, https:\/\/www.humanium.org\/fr\/wp-content\/uploads\/2022\/12\/shutterstock_440564296-2048x1365.jpg 2048w, https:\/\/www.humanium.org\/fr\/wp-content\/uploads\/2022\/12\/shutterstock_440564296-830x553.jpg 830w, https:\/\/www.humanium.org\/fr\/wp-content\/uploads\/2022\/12\/shutterstock_440564296-230x153.jpg 230w, https:\/\/www.humanium.org\/fr\/wp-content\/uploads\/2022\/12\/shutterstock_440564296-350x233.jpg 350w, https:\/\/www.humanium.org\/fr\/wp-content\/uploads\/2022\/12\/shutterstock_440564296-480x320.jpg 480w, https:\/\/www.humanium.org\/fr\/wp-content\/uploads\/2022\/12\/shutterstock_440564296-272x182.jpg 272w\" sizes=\"auto, (max-width: 1024px) 100vw, 1024px\" \/><\/figure>\n<\/div>\n\n\n<p class=\"wp-block-paragraph\">La hausse des co\u00fbts de l\u2019\u00e9ducation fournit une excuse \u00e0 cette baisse; l\u2019\u00e9ducation secondaire n\u2019est pas gratuite, et 60% des \u00e9l\u00e8ves ne b\u00e9n\u00e9ficie que d\u2019une petite subvention d\u2019un montant de 150$ par an pour les d\u00e9penses telles que l\u2019uniforme scolaire et les livres. Il est \u00e9galement possible que les \u00e9l\u00e8ves soient d\u00e9courag\u00e9s parce que l\u2019enseignement est dispens\u00e9 en anglais, ce qui peut d\u00e9courager les enfants issus des communaut\u00e9s <a href=\"https:\/\/www.humanium.org\/fr\/espagne\/\">hispanophones<\/a> (Bureau des Affaires Internationales du Travail, 2020).<\/p>\n\n\n\n<p class=\"wp-block-paragraph\">D\u2019un autre c\u00f4t\u00e9, bien que la participation \u00e0 l\u2019enseignement secondaire soit basse, il y a aussi des pr\u00e9occupations concernant la qualit\u00e9 de l\u2019enseignement, en particulier \u00e0 cause du manque d\u2019enseignants qualifi\u00e9s, de ressources fondamentales, et de l\u2019\u00e9tat des installations (Bureau des Affaires Internationales du Travail, 2020).&nbsp;<\/p>\n\n\n\n<h3 class=\"wp-block-heading\"><a href=\"https:\/\/www.humanium.org\/fr\/comprendre-droits-enfant\/droit-a-la-sante\/\">Le droit \u00e0 la sant\u00e9<\/a><\/h3>\n\n\n\n<p class=\"wp-block-paragraph\">Le droit \u00e9l\u00e9mentaire \u00e0 la sant\u00e9 est \u00e9galement consacr\u00e9 dans le pr\u00e9ambule de la Constitution, et il est fourni par les secteurs public et priv\u00e9. Des indices r\u00e9cents montrent des progr\u00e8s significatifs dans la promotion de la sant\u00e9 des enfants. Par exemple, le taux de <a href=\"https:\/\/www.humanium.org\/fr\/mortalite-infantile\/\">mortalit\u00e9 infantile<\/a> est de 1% et 94% des accouchements sont assist\u00e9s par une \u00e9quipe m\u00e9dicale qualifi\u00e9e. <\/p>\n\n\n\n<p class=\"wp-block-paragraph\">Le taux de mortalit\u00e9 des enfants \u00e2g\u00e9s de 0 \u00e0 5 ans est de 1,2\u2030, il \u00e9tait de 3,8\u2030 en 1990, et 2,4\u2030 en 2000. Il y a eu aussi des progr\u00e8s r\u00e9alis\u00e9s concernant l\u2019esp\u00e9rance de vie, de 69 ans en 2000 \u00e0 75 ans en 2020, ce qui indique des progr\u00e8s similaires dans les soins m\u00e9dicaux \u00e0 tous les \u00e2ges. En cons\u00e9quence, le B\u00e9lize a re\u00e7u des notes \u00e9lev\u00e9es pour sa promotion du droit \u00e0 la sant\u00e9: 83% en g\u00e9n\u00e9ral, et 99,1% pour les enfants (HRMI, 2018).<\/p>\n\n\n\n<p class=\"wp-block-paragraph\">Cependant, il y a des facteurs de risques sp\u00e9cifiques pour la sant\u00e9 des enfants r\u00e9sultant d\u2019une crise aigue de <a href=\"https:\/\/www.humanium.org\/fr\/pauvrete\/\">pauvret\u00e9<\/a> dans le pays. Le plus \u00e9vident est le risque de <a href=\"https:\/\/www.humanium.org\/fr\/comprendre-droits-enfant\/droit-a-l-alimentation\/malnutrition\/\">malnutrition<\/a> qui est particuli\u00e8rement pr\u00e9occupant concernant 15% des enfants de moins de 5 ans qui souffrent d\u2019un <a href=\"https:\/\/www.humanium.org\/fr\/alimentation-sous-nutrition-et-malnutrition\/\">retard de croissance<\/a>, bien qu\u2019il ait diminu\u00e9 \u00e9tant de 22% en 2006 (Global Nutrition Report, 2019).<\/p>\n\n\n\n<p class=\"wp-block-paragraph\">Le B\u00e9lize affronte le plus haut taux de <a href=\"https:\/\/www.humanium.org\/fr\/enfant-et-sida\/\">HIV\/SIDA<\/a> de la r\u00e9gion carib\u00e9enne, bien qu\u2019il y ait des lacunes dans les donn\u00e9es concernant les enfants. On estime que 1,9% de la population adulte \u00e2g\u00e9e de 19 \u00e0 49 ans souffre actuellement de la maladie. Cette indication offre \u00e9galement un aper\u00e7u indirect de l\u2019effet que cette pr\u00e9valence relativement \u00e9lev\u00e9e chez les adultes a eu sur les enfants, avec 2 300 enfants \u00e2g\u00e9s de 0 \u00e0 17 ans devenus <a href=\"https:\/\/www.humanium.org\/fr\/orphelins\/\">orphelins<\/a> \u00e0 cause du SIDA (UNAIDS, 2020).<\/p>\n\n\n\n<h3 class=\"wp-block-heading\"><a href=\"https:\/\/www.humanium.org\/fr\/comprendre-droits-enfant\/droit-a-l-eau\/\">Le droit \u00e0 l\u2019eau et \u00e0 l\u2019assainissement<\/a><\/h3>\n\n\n\n<p class=\"wp-block-paragraph\">Il existe des pr\u00e9occupations importantes concernant la mise en oeuvre du droit au EAH (eau, assainissement et hygi\u00e8ne) au B\u00e9lize, en partie \u00e0 cause du manque d\u2019informations disponibles. Le pays a fait des progr\u00e8s dans l\u2019am\u00e9lioration des installations d\u2019eau et d\u2019assainissement, avec 97% de la population qui profitait de <a href=\"https:\/\/www.humanium.org\/fr\/comprendre-droits-enfant\/droit-a-l-eau\/\">ressources en eau<\/a> am\u00e9lior\u00e9es en 2009, et 81% d\u2019<a href=\"https:\/\/www.humanium.org\/fr\/linfluence-de-la-precarite-menstruelle-sur-les-droits-des-filles-et-des-femmes-dans-le-monde\/\">installations sanitaires<\/a> am\u00e9lior\u00e9es (Grau, 2013).&nbsp;<\/p>\n\n\n\n<p class=\"wp-block-paragraph\">Cependant, il existe des indications pr\u00e9occupantes concernant la mise \u00e0 disposition d\u2019eau potable et d\u2019installations sanitaires dans les \u00e9coles. Par exemple, une \u00e9tude men\u00e9e par l\u2019UNICEF d\u00e9montre que plus de 20% des \u00e9coles signalent un approvisionnement en eau non fiaable, et que 25% d\u2019entre elles ont une alimentation non trait\u00e9e. Les statistiques concernant les installations sanitaires dans les \u00e9coles sont encore pires, avec seulement 30% r\u00e9pondant \u00e0 la norme internationale d\u2019une toilette pour 25 filles et d\u2019une toilette pour 50 gar\u00e7ons (UNICEF, s.d).<\/p>\n\n\n\n<p class=\"wp-block-paragraph\">Les \u00e9gouts repr\u00e9sentent un autre probl\u00e8me majeur, avec seulement 11% de la population qui a acc\u00e8s \u00e0 des infrastructures et au traitement des eaux us\u00e9es, dont 21% de la population urbaine, qui, bien que faible, est typique de la r\u00e9gion carib\u00e9enne (Grau, 2013). Dans le but de surmonter ces probl\u00e8mes, le gouvernement du B\u00e9lize fait face \u00e0 des d\u00e9fis logistiques importants, en particulier parce que la population est r\u00e9partie dans des communaut\u00e9s de faible densit\u00e9, qui ne sont pas facilement reli\u00e9es aux canalisations.&nbsp;<\/p>\n\n\n\n<h2 class=\"wp-block-heading\"><strong>Facteurs de risques \u2192 les d\u00e9fis sp\u00e9cifiques du pays<\/strong><\/h2>\n\n\n\n<h3 class=\"wp-block-heading\"><a href=\"https:\/\/www.humanium.org\/fr\/la-maltraitance-des-enfants\/\">La maltraitance infantile<\/a><\/h3>\n\n\n<div class=\"wp-block-image\">\n<figure class=\"alignleft size-large is-resized\"><img loading=\"lazy\" decoding=\"async\" width=\"1024\" height=\"609\" src=\"https:\/\/www.humanium.org\/fr\/wp-content\/uploads\/2022\/12\/shutterstock_1275315898-1024x609.jpg\" alt=\"\" class=\"wp-image-54069\" style=\"width:377px;height:224px\" srcset=\"https:\/\/www.humanium.org\/fr\/wp-content\/uploads\/2022\/12\/shutterstock_1275315898-1024x609.jpg 1024w, https:\/\/www.humanium.org\/fr\/wp-content\/uploads\/2022\/12\/shutterstock_1275315898-300x178.jpg 300w, https:\/\/www.humanium.org\/fr\/wp-content\/uploads\/2022\/12\/shutterstock_1275315898-768x457.jpg 768w, https:\/\/www.humanium.org\/fr\/wp-content\/uploads\/2022\/12\/shutterstock_1275315898-1536x913.jpg 1536w, https:\/\/www.humanium.org\/fr\/wp-content\/uploads\/2022\/12\/shutterstock_1275315898-2048x1218.jpg 2048w, https:\/\/www.humanium.org\/fr\/wp-content\/uploads\/2022\/12\/shutterstock_1275315898-830x493.jpg 830w, https:\/\/www.humanium.org\/fr\/wp-content\/uploads\/2022\/12\/shutterstock_1275315898-230x137.jpg 230w, https:\/\/www.humanium.org\/fr\/wp-content\/uploads\/2022\/12\/shutterstock_1275315898-350x208.jpg 350w, https:\/\/www.humanium.org\/fr\/wp-content\/uploads\/2022\/12\/shutterstock_1275315898-480x285.jpg 480w\" sizes=\"auto, (max-width: 1024px) 100vw, 1024px\" \/><\/figure>\n<\/div>\n\n\n<p class=\"wp-block-paragraph\"><a href=\"https:\/\/www.humanium.org\/fr\/la-violence-au-sein-du-foyer-et-ses-consequences-sur-les-enfants\/\">La violence domestique<\/a> est un probl\u00e8me important concernant les droits de l\u2019enfant au B\u00e9lize, bien qu\u2019elle soit express\u00e9ment interdite par la Loi sur la famille et l\u2019enfance de 2003. L\u2019UNICEF a d\u00e9couvert que 42% des b\u00e9b\u00e9s \u00e2g\u00e9s de 1 \u00e0 2 ans ont \u00e9t\u00e9 physiquement maltrait\u00e9s, ce chiffre passant \u00e0 59% pour les tout-petits \u00e2g\u00e9s de 3 \u00e0 6 ans. Le taux de pr\u00e9judice augmente encore davantage, avec 65% des enfants \u00e2g\u00e9s de 0 \u00e0 14 ans signalant des abus physiques et psychologiques de leurs parents ou de responsables (UNICEF, s.d; UNICEF, 2020).<\/p>\n\n\n\n<h3 class=\"wp-block-heading\"><a href=\"https:\/\/www.humanium.org\/fr\/mariage-enfants\/\">Le mariage d\u2019enfants<\/a><\/h3>\n\n\n\n<p class=\"wp-block-paragraph\">Le mariage d\u2019enfants est l\u2019une des questions prioritaires concernant les droits de l\u2019enfant au B\u00e9lize. 20% des filles et 10% des gar\u00e7ons \u00e2g\u00e9s de 15 \u00e0 19 ans sont mari\u00e9s, tandis que 29% des femmes qui ont actuellement entre 20 et 29 ans \u00e9taient mari\u00e9es ou en cohabitation avant l\u2019\u00e2ge de 18 ans (UNICEF, s.d). Il s\u2019agit du second taux le plus \u00e9lev\u00e9 concernant les mariages d\u2019enfants et les unions pr\u00e9coces dans la r\u00e9gion carib\u00e9enne, et des indications montrent que les enfants forc\u00e9s \u00e0 un mariage pr\u00e9coce sont plus susceptibles d\u2019\u00eatre exclus de l\u2019\u00e9ducation ainsi que de souffrir de violences domestiques et de maladies sexuelles.&nbsp;<\/p>\n\n\n\n<p class=\"wp-block-paragraph\">Le B\u00e9lize a reconnu ce probl\u00e8me et pris des mesures pour diminuer le pr\u00e9judice \u00e0 travers une large politique d\u2019intervention. En 2020, le B\u00e9lize a lanc\u00e9 un plan quinquennal pour mettre un terme aux mariages d\u2019enfants, en avance sur l\u2019objectif fix\u00e9 par les Objectifs pour le d\u00e9veloppement durable de l\u2019ONU. Ce plan est le premier du genre dans la r\u00e9gion carib\u00e9enne, et il se concentre sur le changement des attitudes sociales, prodiguant des conseils de sant\u00e9 et renfor\u00e7ant l\u2019application des lois (UNICEF, s.d).<\/p>\n\n\n\n<h3 class=\"wp-block-heading\"><a href=\"https:\/\/www.humanium.org\/fr\/violences\/\">Violence<\/a><\/h3>\n\n\n\n<p class=\"wp-block-paragraph\">Les gangs repr\u00e9sentent un d\u00e9fi important concernant les enfants \u00e0 travers le Mexique et la r\u00e9gion carib\u00e9enne. Malheureusement, le B\u00e9lize, et particuli\u00e8rement Belize City, la plus grande ville, affronte un taux \u00e9lev\u00e9 d\u2019implication des enfants. Selon un rapport, 20% des enfants de Belize City signalent une implication actuelle ou ant\u00e9rieure avec les gangs, tandis que 10% suppl\u00e9mentaires pr\u00e9sentent un risque \u00e9lev\u00e9 d\u2019implication \u00e0 cause de contacts \u00e9troits de membres de leur famille, d\u2019amis ou de la communaut\u00e9 locale avec les gangs (Young, 2019).<\/p>\n\n\n\n<p class=\"wp-block-paragraph\">Un taux d\u2019implication aussi \u00e9lev\u00e9 a des cons\u00e9quences sur tout le spectre des droits de l\u2019enfant. Par exemple, il m\u00e8ne \u00e0 une situation dans laquelle 100% du groupe t\u00e9moin rapporte avoir perdu au moins un ami ou un parent \u00e0 cause de la violence des gangs, avec des cons\u00e9quences n\u00e9fastes sur la <a href=\"https:\/\/www.humanium.org\/fr\/le-bien-etre-mental-des-enfants\/\">sant\u00e9 mentale<\/a> (Young, 2019).<\/p>\n\n\n\n<p class=\"wp-block-paragraph\">Il y a aussi des cons\u00e9quences dramatiques sur le droit \u00e0 l\u2019\u00e9ducation. L\u2019\u00e2ge moyen d\u2019intronisation est de 14,5 ans, avec une majorit\u00e9 d\u2019entre eux d\u00e9clarant avoir \u00e9t\u00e9 impliqu\u00e9 entre l\u2019\u00e2ge de 13 et 16 ans, et certains signalant \u00e9galement des probl\u00e8mes avec la police d\u00e8s l\u2019\u00e2ge de 12 ans (Young, 2019; UNICEF, s.d). Parmi les enfants impliqu\u00e9s dans la violence des gangs, il y a un taux tr\u00e8s \u00e9lev\u00e9 de suspension scolaire, et d\u2019exclusion, avec 76% d\u2019entre eux rapportant avoir abandonn\u00e9, l\u2019ann\u00e9e d\u2019abandon la plus courante \u00e9tant <em>Standard 6<\/em>, la derni\u00e8re ann\u00e9e d\u2019\u00e9cole primaire (Young, 2019).<\/p>\n\n\n\n<p class=\"wp-block-paragraph\">Le gouvernement du B\u00e9lize a cherch\u00e9 \u00e0 r\u00e9soudre le probl\u00e8me gr\u00e2ce \u00e0 des interventions de police dans des sortes de camps d\u2019\u00e9t\u00e9 dirig\u00e9s par le <em>Conscience Youth Development Programme (CYDP)<\/em> (Programme de d\u00e9veloppement de la conscience des jeunes, en fran\u00e7ais) mais l\u2019avenir de cette organisation est incertain \u00e0 cause de la r\u00e9duction des fonds publics (UNICEF, s.d).<\/p>\n\n\n\n<h3 class=\"wp-block-heading\"><a href=\"https:\/\/www.humanium.org\/fr\/travail-des-enfants\/\">Le travail des enfants<\/a><\/h3>\n\n\n\n<p class=\"wp-block-paragraph\">Le probl\u00e8me pos\u00e9 par les gangs est \u00e9troitement li\u00e9 \u00e0 la question du travail des enfants, en particulier dans ses formes extr\u00eames, comme la prostitution et les trafics. Bien qu\u2019il y ait un manque consid\u00e9rable de recherche sur cette question, nous savons que 1,6% des enfants \u00e2g\u00e9s de 5 \u00e0 14 ans travaillent \u00e0 temps plein, et 1,2% d\u2019entre eux combinent \u00e9ducation et travail (Bureau des Affaires Internationales du Travail, 2020). <\/p>\n\n\n\n<p class=\"wp-block-paragraph\">Pour ces enfants qui sont au travail, nous savons que 64,9% d\u2019entre eux sont employ\u00e9s dans les services, comme l\u2019industrie h\u00f4teli\u00e8re, le commerce de d\u00e9tail, la cuisine ou les textiles, 24,6% dans l\u2019agriculture, et 10,5% dans la construction, m\u00eame si ces statistiques ne prennent pas en compte les enfants <a href=\"https:\/\/www.humanium.org\/fr\/la-violence-armee-contre-les-enfants-dans-le-triangle-du-nord-en-amerique-centrale\/\">employ\u00e9s par les gangs<\/a> pour vendre de la drogue, des armes \u00e0 feu, et qui commettent m\u00eame des crimes violents, comme le meurtre (Bureau des Affaires Internationales du Travail, 2020).&nbsp;<\/p>\n\n\n\n<p class=\"wp-block-paragraph\">Le B\u00e9lize ne r\u00e9pond pas aux normes internationales sur le travail des enfants; en particulier, la Loi sur le travail de 2000 (Article 169 (a)) qui fixe le seuil l\u00e9gal pour le travail des enfants \u00e0 12 ans, ce qui renvoie au probl\u00e8me plus large d\u2019absence de d\u00e9finition juridique coh\u00e9rente de l\u2019enfant dans le but d\u2019\u00e9laborer une politique. Le gouvernement du B\u00e9lize a reconnu ces probl\u00e8mes avec le lancement d\u2019initiatives politiques, comme le Plan d\u2019action national pour les enfants et les adolescents 2004- 2015, et aussi la Politique nationale sur le travail des enfants, bien que la vitesse et l\u2019\u00e9tendue de l\u2019intervention aient \u00e9t\u00e9 critiqu\u00e9s (Bureau des Affaires Internationales du Travail, 2020).&nbsp;<\/p>\n\n\n\n<h3 class=\"wp-block-heading\"><a href=\"https:\/\/www.humanium.org\/fr\/focus\/environnement\/\">Les d\u00e9fis environnementaux<\/a><\/h3>\n\n\n\n<p class=\"wp-block-paragraph\">Le B\u00e9lize est vuln\u00e9rable face aux conditions m\u00e9t\u00e9orologiques extr\u00eames et au changement climatique,&nbsp; ce qui fait que 4% du PIB est d\u00e9pens\u00e9 en r\u00e9parations chaque ann\u00e9e, ce qui pourrait \u00eatre investi dans la sant\u00e9 publique et l\u2019\u00e9ducation. Par exemple, la temp\u00eate tropicale Eta, un ouragan mortel de cat\u00e9gorie 4, a frapp\u00e9 l\u2019Am\u00e9rique centrale en novembre 2020. <\/p>\n\n\n<div class=\"wp-block-image\">\n<figure class=\"alignright size-large is-resized\"><img loading=\"lazy\" decoding=\"async\" width=\"1024\" height=\"685\" src=\"https:\/\/www.humanium.org\/fr\/wp-content\/uploads\/2022\/12\/shutterstock_403431397-1024x685.jpg\" alt=\"\" class=\"wp-image-54070\" style=\"width:317px;height:211px\" srcset=\"https:\/\/www.humanium.org\/fr\/wp-content\/uploads\/2022\/12\/shutterstock_403431397-1024x685.jpg 1024w, https:\/\/www.humanium.org\/fr\/wp-content\/uploads\/2022\/12\/shutterstock_403431397-300x201.jpg 300w, https:\/\/www.humanium.org\/fr\/wp-content\/uploads\/2022\/12\/shutterstock_403431397-768x514.jpg 768w, https:\/\/www.humanium.org\/fr\/wp-content\/uploads\/2022\/12\/shutterstock_403431397-1536x1028.jpg 1536w, https:\/\/www.humanium.org\/fr\/wp-content\/uploads\/2022\/12\/shutterstock_403431397-2048x1371.jpg 2048w, https:\/\/www.humanium.org\/fr\/wp-content\/uploads\/2022\/12\/shutterstock_403431397-830x556.jpg 830w, https:\/\/www.humanium.org\/fr\/wp-content\/uploads\/2022\/12\/shutterstock_403431397-230x154.jpg 230w, https:\/\/www.humanium.org\/fr\/wp-content\/uploads\/2022\/12\/shutterstock_403431397-350x234.jpg 350w, https:\/\/www.humanium.org\/fr\/wp-content\/uploads\/2022\/12\/shutterstock_403431397-480x321.jpg 480w, https:\/\/www.humanium.org\/fr\/wp-content\/uploads\/2022\/12\/shutterstock_403431397-272x182.jpg 272w\" sizes=\"auto, (max-width: 1024px) 100vw, 1024px\" \/><\/figure>\n<\/div>\n\n\n<p class=\"wp-block-paragraph\">On estime que 1,2 millions d\u2019enfants ont \u00e9t\u00e9 touch\u00e9s dans la r\u00e9gion carib\u00e9enne, dont 440 000 ont \u00e9t\u00e9 \u00e9vacu\u00e9s vers des abris, ce qui a \u00e9galement jou\u00e9 un r\u00f4le de vecteur dans la transmission du Covid-19. L\u2019impact sur le B\u00e9lize a \u00e9t\u00e9 relativement faible compar\u00e9 \u00e0 d\u2019autres pays, comme le Honduras: malgr\u00e9 une population 20 fois plus nombreuse que le B\u00e9lize, 40 fois plus d\u2019enfants ont \u00e9t\u00e9 touch\u00e9s. Au B\u00e9lize, seulement 21 000 enfants ont \u00e9t\u00e9 touch\u00e9s, avec 45 d\u00e9plac\u00e9s vers un abri (UNICEF, s.d).<\/p>\n\n\n\n<p class=\"wp-block-paragraph\">\u00c0 long terme, les effets ind\u00e9sirables du climat tropical extr\u00eame seront exacerb\u00e9s par l\u2019<a href=\"https:\/\/www.humanium.org\/fr\/focus\/environnement\/urgence-climatique\/\">acc\u00e9l\u00e9ration des effets de la d\u00e9gradation du climat<\/a>, particuli\u00e8rement car le B\u00e9lize est naturellement vuln\u00e9rable \u00e0 cause du niveau bas du terrain. Cela menace de bouleverser tout le registre des droits de l\u2019enfant, dont le <a href=\"https:\/\/www.humanium.org\/fr\/comprendre-droits-enfant\/droit-a-la-vie\/\">droit \u00e0 la vie<\/a> (Art. 6), \u00e0 la sant\u00e9 (Art. 24), le niveau de vie (Art. 27), et l\u2019\u00e9ducation (Art. 28).<\/p>\n\n\n\n<p class=\"wp-block-paragraph\"><strong><em>Ecrit par Patrick Naylor<\/em><\/strong><\/p>\n\n\n\n<p class=\"wp-block-paragraph\"><em><strong>Traduit par Clarisse Dehaeck<\/strong><\/em><\/p>\n\n\n\n<p class=\"wp-block-paragraph\"><strong><em>Relu par Denis Gingras<\/em><\/strong><\/p>\n\n\n\n<p class=\"wp-block-paragraph\"><strong><em>Derni\u00e8re mise \u00e0 jour le 7 d\u00e9cembre 2022<\/em><\/strong><\/p>\n\n\n\n<h4 class=\"wp-block-heading\"><strong>R\u00e9f\u00e9rence :<\/strong><\/h4>\n\n\n\n<p class=\"has-small-font-size wp-block-paragraph\">Child Morality, (2020) \u2018Child Morality Estimates: Belize\u2019 [statistics] Retrieved from: https:\/\/childmortality.org\/data\/Belize accessed on 20 March 2022<\/p>\n\n\n\n<p class=\"has-small-font-size wp-block-paragraph\">Bureau of International Labor Affairs, (2020) \u20182020 findings on the worst forms of child labour\u2019 Retrieved from: <a href=\"https:\/\/www.dol.gov\/sites\/dolgov\/files\/ILAB\/child_labor_reports\/tda2020\/Belize.pdf\" target=\"_blank\" rel=\"noreferrer noopener\">https:\/\/www.dol.gov\/sites\/dolgov\/files\/ILAB\/child_labor_reports\/tda2020\/Belize.pdf<\/a> accessed on 28 March 2022<\/p>\n\n\n\n<p class=\"has-small-font-size wp-block-paragraph\">Global Nutrition Report, (2019) \u2018Country Nutrition Profile: Belize\u2019 [statistics] Retrieved from: <a href=\"https:\/\/globalnutritionreport.org\/resources\/nutrition-profiles\/latin-america-and-caribbean\/central-america\/belize\/\" target=\"_blank\" rel=\"noreferrer noopener\">https:\/\/globalnutritionreport.org\/resources\/nutrition-profiles\/latin-america-and-caribbean\/central-america\/belize\/<\/a> accessed on 20 March 2022&nbsp;<\/p>\n\n\n\n<p class=\"has-small-font-size wp-block-paragraph\">Grau, J., del Rosario, M., Rihm, A., Ducci, J., Martin, D., Kuratomi, T., (2013) \u2018Water and Sanitation in Belize\u2019 Retrieved from <a href=\"https:\/\/publications.iadb.org\/publications\/english\/document\/Water-and-Sanitation-in-Belize.pdf\" target=\"_blank\" rel=\"noreferrer noopener\">https:\/\/publications.iadb.org\/publications\/english\/document\/Water-and-Sanitation-in-Belize.pdf<\/a> accessed on 28 March 2022<\/p>\n\n\n\n<p class=\"has-small-font-size wp-block-paragraph\">HRMI Rights Tracker, (2018) \u2018Belize\u2019 [statistics] Retrieved from: <a href=\"https:\/\/rightstracker.org\/en\/country\/BLZ\" target=\"_blank\" rel=\"noreferrer noopener\">https:\/\/rightstracker.org\/en\/country\/BLZ<\/a> accessed on 20 March 2022<\/p>\n\n\n\n<p class=\"has-small-font-size wp-block-paragraph\">MICS, (2016) \u2018Multiple Indicator Cluster Survey 2015-6: Belize\u2019 [statistics] Retrieved from: <a href=\"https:\/\/mics-surveys-prod.s3.amazonaws.com\/MICS5\/Latin%20America%20and%20Caribbean\/Belize\/2015-2016\/Final\/Belize%202015-16%20MICS_English.pdf\" target=\"_blank\" rel=\"noreferrer noopener\">https:\/\/mics-surveys-prod.s3.amazonaws.com\/MICS5\/Latin%20America%20and%20Caribbean\/Belize\/2015-2016\/Final\/Belize%202015-16%20MICS_English.pdf<\/a> accessed on 28 March 2022<\/p>\n\n\n\n<p class=\"has-small-font-size wp-block-paragraph\">Ngozi Ezeilo, J., (2013) \u2018Report of the Special Rapporteur on trafficking in persons, especially women and children\u2019 Retrieved from: <a href=\"https:\/\/documents-dds-ny.un.org\/doc\/UNDOC\/GEN\/G14\/148\/92\/PDF\/G1414892.pdf?OpenElement\" target=\"_blank\" rel=\"noreferrer noopener\">https:\/\/documents-dds-ny.un.org\/doc\/UNDOC\/GEN\/G14\/148\/92\/PDF\/G1414892.pdf?OpenElement<\/a> accessed on 28 March 2022<\/p>\n\n\n\n<p class=\"has-small-font-size wp-block-paragraph\">The World Bank, (2020) \u2018Population ages 0-14 (% of total population): Belize\u2019 Retrieved from: https:\/\/data.worldbank.org\/indicator\/SP.POP.0014.TO.ZS?locations=BZ accessed on 28 March 2022<\/p>\n\n\n\n<p class=\"has-small-font-size wp-block-paragraph\">UNAIDS, (2020) \u2018Belize\u2019 [statistics] Retrieved from: <a href=\"https:\/\/www.unaids.org\/en\/regionscountries\/countries\/belize\" target=\"_blank\" rel=\"noreferrer noopener\">https:\/\/www.unaids.org\/en\/regionscountries\/countries\/belize<\/a> accessed on 20 March 2022<\/p>\n\n\n\n<p class=\"has-small-font-size wp-block-paragraph\">UNESCO Institute for Statistics, (2020) \u2018Belize\u2019 [statistics] Retrieved from: http:\/\/uis.unesco.org\/en\/country\/bz accessed on 20 March 2022<\/p>\n\n\n\n<p class=\"has-small-font-size wp-block-paragraph\">UNICEF, (n.d.) \u2018Belize: Care for Child Development\u2019 [article] Retrieved from: <a href=\"https:\/\/www.unicef.org\/belize\/care-child-development\" target=\"_blank\" rel=\"noreferrer noopener\">https:\/\/www.unicef.org\/belize\/care-child-development<\/a> accessed on 20 March 2022<\/p>\n\n\n\n<p class=\"has-small-font-size wp-block-paragraph\">UNICEF, (n.d.) \u2018Belize: Water, sanitation and hygiene\u2019 [article] Retrieved from: <a href=\"https:\/\/www.unicef.org\/belize\/water-sanitation-and-hygiene-wash\" target=\"_blank\" rel=\"noreferrer noopener\">https:\/\/www.unicef.org\/belize\/water-sanitation-and-hygiene-wash<\/a> accessed on 20 March 2022<\/p>\n\n\n\n<p class=\"has-small-font-size wp-block-paragraph\">UNICEF, (2020) \u2018Changing perceptions of Covid-19 risk in Belize\u2019 [statistics] Retrieved from: <a href=\"https:\/\/mics.unicef.org\/news_entries\/165\/CHANGING-PERCEPTIONS-OF-COVID-19-RISK-IN-BELIZE\" target=\"_blank\" rel=\"noreferrer noopener\">https:\/\/mics.unicef.org\/news_entries\/165\/CHANGING-PERCEPTIONS-OF-COVID-19-RISK-IN-BELIZE<\/a> accessed on 20 March 2022<\/p>\n\n\n\n<p class=\"has-small-font-size wp-block-paragraph\">UNICEF, (n.d.) \u2018Belize launched road map to end child marriage and early unions\u2019 [article] Retrieved from: <a href=\"https:\/\/www.unicef.org\/belize\/press-releases\/belize-launches-road-map-end-child-marriage-and-early-unions\" target=\"_blank\" rel=\"noreferrer noopener\">https:\/\/www.unicef.org\/belize\/press-releases\/belize-launches-road-map-end-child-marriage-and-early-unions<\/a> accessed on 20 March 2022<\/p>\n\n\n\n<p class=\"has-small-font-size wp-block-paragraph\">UNICEF, (n.d.) \u2018Central America Tropical Storm Eta Humanitarian Situation Report\u2019 [report] Retrieved from: <a href=\"https:\/\/www.unicef.org\/documents\/lacro-humanitarian-situation-report-hurricanes-eta-and-iota-february-2021\" target=\"_blank\" rel=\"noreferrer noopener\">https:\/\/www.unicef.org\/documents\/lacro-humanitarian-situation-report-hurricanes-eta-and-iota-february-2021<\/a> accessed on 20 March 2022<\/p>\n\n\n\n<p class=\"has-small-font-size wp-block-paragraph\">UNICEF, (n.d.) \u2018At-risk youth camp facilities prevention of gang integration\u2019 [article] Retrieved from: <a href=\"https:\/\/www.unicef.org\/belize\/stories\/risk-youth-camp-facilities-prevention-gang-integration\" target=\"_blank\" rel=\"noreferrer noopener\">https:\/\/www.unicef.org\/belize\/stories\/risk-youth-camp-facilities-prevention-gang-integration<\/a> accessed on 28 March 2022<\/p>\n\n\n\n<p class=\"has-small-font-size wp-block-paragraph\">Young, M., Inter-American Development Bank (2019), \u2018Belize City Community Gang Involvement\u2019 Retrieved from: <a href=\"https:\/\/publications.iadb.org\/publications\/english\/document\/Belize_City_Community_Gang_Assessment_en.pdf\" target=\"_blank\" rel=\"noreferrer noopener\">https:\/\/publications.iadb.org\/publications\/english\/document\/Belize_City_Community_Gang_Assessment_en.pdf<\/a> accessed on 28 March 2022&nbsp;<\/p>\n\n\n\n<hr class=\"wp-block-separator has-css-opacity\"\/>\n\n\n\n<p class=\"has-small-font-size wp-block-paragraph\"><a href=\"#_ftnref1\">[1]<\/a> Cet article ne pr\u00e9tend en aucun cas donner un compte rendu complet ou repr\u00e9sentatif des droits de l\u2019enfant au B\u00e9lize. En effet, l\u2019une des principales difficult\u00e9s est due au peu d\u2019informations mises \u00e0 jour sur les enfants au B\u00e9lize, dont la plupart n\u2019est ni fiable, ni repr\u00e9sentative, obsol\u00e8te ou simplement inexistante.<\/p>\n","protected":false},"excerpt":{"rendered":"<p>Concr\u00e9tiser les Droits de l&rsquo;Enfant au Belize Le B\u00e9lize a ratifi\u00e9 la Convention des Nations Unies sur les Droits de l\u2019enfant en mai 1990, et les Protocoles Facultatifs qui couvre un large \u00e9ventail de questions relatives aux droits humains, dont les protocoles sur la vente d\u2019enfants et sur les enfants dans les conflits arm\u00e9s, en [&hellip;]<\/p>\n","protected":false},"author":65,"featured_media":0,"parent":0,"menu_order":0,"comment_status":"closed","ping_status":"closed","template":"","meta":{"footnotes":""},"class_list":["post-21857","page","type-page","status-publish","hentry"],"yoast_head":"<!-- This site is optimized with the Yoast SEO plugin v28.3 - https:\/\/yoast.com\/product\/yoast-seo-wordpress\/ -->\n<title>Enfants de B\u00e9lize - Humanium<\/title>\n<meta name=\"description\" content=\"Le B\u00e9lize affronte de graves probl\u00e8mes concernant l\u2019\u00e9ducation secondaire, les mariages d\u2019enfants, et l\u2019implication des enfants dans le crime.\" \/>\n<meta name=\"robots\" content=\"index, follow, max-snippet:-1, max-image-preview:large, max-video-preview:-1\" \/>\n<link rel=\"canonical\" href=\"https:\/\/www.humanium.org\/fr\/belize\/\" \/>\n<meta property=\"og:locale\" content=\"fr_FR\" \/>\n<meta property=\"og:type\" content=\"article\" \/>\n<meta property=\"og:title\" content=\"Enfants de B\u00e9lize - Humanium\" \/>\n<meta property=\"og:description\" content=\"Le B\u00e9lize affronte de graves probl\u00e8mes concernant l\u2019\u00e9ducation secondaire, les mariages d\u2019enfants, et l\u2019implication des enfants dans le crime.\" \/>\n<meta property=\"og:url\" content=\"https:\/\/www.humanium.org\/fr\/belize\/\" \/>\n<meta property=\"og:site_name\" content=\"Humanium\" \/>\n<meta property=\"article:modified_time\" content=\"2025-12-06T06:17:08+00:00\" \/>\n<meta property=\"og:image\" content=\"https:\/\/www.humanium.org\/fr\/wp-content\/uploads\/2022\/12\/Shutterstock_506687152.jpg\" \/>\n\t<meta property=\"og:image:width\" content=\"400\" \/>\n\t<meta property=\"og:image:height\" content=\"400\" \/>\n\t<meta property=\"og:image:type\" content=\"image\/jpeg\" \/>\n<meta name=\"twitter:card\" content=\"summary_large_image\" \/>\n<meta name=\"twitter:label1\" content=\"Dur\u00e9e de lecture estim\u00e9e\" \/>\n\t<meta name=\"twitter:data1\" content=\"17 minutes\" \/>\n<script type=\"application\/ld+json\" class=\"yoast-schema-graph\">{\"@context\":\"https:\\\/\\\/schema.org\",\"@graph\":[{\"@type\":\"WebPage\",\"@id\":\"https:\\\/\\\/www.humanium.org\\\/fr\\\/belize\\\/\",\"url\":\"https:\\\/\\\/www.humanium.org\\\/fr\\\/belize\\\/\",\"name\":\"Enfants de B\u00e9lize - Humanium\",\"isPartOf\":{\"@id\":\"https:\\\/\\\/www.humanium.org\\\/fr\\\/#website\"},\"primaryImageOfPage\":{\"@id\":\"https:\\\/\\\/www.humanium.org\\\/fr\\\/belize\\\/#primaryimage\"},\"image\":{\"@id\":\"https:\\\/\\\/www.humanium.org\\\/fr\\\/belize\\\/#primaryimage\"},\"thumbnailUrl\":\"https:\\\/\\\/www.humanium.org\\\/fr\\\/wp-content\\\/uploads\\\/2022\\\/12\\\/Shutterstock_506687152.jpg\",\"datePublished\":\"2013-02-21T10:40:42+00:00\",\"dateModified\":\"2025-12-06T06:17:08+00:00\",\"description\":\"Le B\u00e9lize affronte de graves probl\u00e8mes concernant l\u2019\u00e9ducation secondaire, les mariages d\u2019enfants, et l\u2019implication des enfants dans le crime.\",\"breadcrumb\":{\"@id\":\"https:\\\/\\\/www.humanium.org\\\/fr\\\/belize\\\/#breadcrumb\"},\"inLanguage\":\"fr-FR\",\"potentialAction\":[{\"@type\":\"ReadAction\",\"target\":[\"https:\\\/\\\/www.humanium.org\\\/fr\\\/belize\\\/\"]}]},{\"@type\":\"ImageObject\",\"inLanguage\":\"fr-FR\",\"@id\":\"https:\\\/\\\/www.humanium.org\\\/fr\\\/belize\\\/#primaryimage\",\"url\":\"https:\\\/\\\/www.humanium.org\\\/fr\\\/wp-content\\\/uploads\\\/2022\\\/12\\\/Shutterstock_506687152.jpg\",\"contentUrl\":\"https:\\\/\\\/www.humanium.org\\\/fr\\\/wp-content\\\/uploads\\\/2022\\\/12\\\/Shutterstock_506687152.jpg\",\"width\":400,\"height\":400},{\"@type\":\"BreadcrumbList\",\"@id\":\"https:\\\/\\\/www.humanium.org\\\/fr\\\/belize\\\/#breadcrumb\",\"itemListElement\":[{\"@type\":\"ListItem\",\"position\":1,\"name\":\"Home\",\"item\":\"https:\\\/\\\/www.humanium.org\\\/fr\\\/\"},{\"@type\":\"ListItem\",\"position\":2,\"name\":\"Enfants de B\u00e9lize\"}]},{\"@type\":\"WebSite\",\"@id\":\"https:\\\/\\\/www.humanium.org\\\/fr\\\/#website\",\"url\":\"https:\\\/\\\/www.humanium.org\\\/fr\\\/\",\"name\":\"Humanium\",\"description\":\"Les enfants d\u2019abord !\",\"potentialAction\":[{\"@type\":\"SearchAction\",\"target\":{\"@type\":\"EntryPoint\",\"urlTemplate\":\"https:\\\/\\\/www.humanium.org\\\/fr\\\/?s={search_term_string}\"},\"query-input\":{\"@type\":\"PropertyValueSpecification\",\"valueRequired\":true,\"valueName\":\"search_term_string\"}}],\"inLanguage\":\"fr-FR\"}]}<\/script>\n<!-- \/ Yoast SEO plugin. -->","yoast_head_json":{"title":"Enfants de B\u00e9lize - Humanium","description":"Le B\u00e9lize affronte de graves probl\u00e8mes concernant l\u2019\u00e9ducation secondaire, les mariages d\u2019enfants, et l\u2019implication des enfants dans le crime.","robots":{"index":"index","follow":"follow","max-snippet":"max-snippet:-1","max-image-preview":"max-image-preview:large","max-video-preview":"max-video-preview:-1"},"canonical":"https:\/\/www.humanium.org\/fr\/belize\/","og_locale":"fr_FR","og_type":"article","og_title":"Enfants de B\u00e9lize - Humanium","og_description":"Le B\u00e9lize affronte de graves probl\u00e8mes concernant l\u2019\u00e9ducation secondaire, les mariages d\u2019enfants, et l\u2019implication des enfants dans le crime.","og_url":"https:\/\/www.humanium.org\/fr\/belize\/","og_site_name":"Humanium","article_modified_time":"2025-12-06T06:17:08+00:00","og_image":[{"width":400,"height":400,"url":"https:\/\/www.humanium.org\/fr\/wp-content\/uploads\/2022\/12\/Shutterstock_506687152.jpg","type":"image\/jpeg"}],"twitter_card":"summary_large_image","twitter_misc":{"Dur\u00e9e de lecture estim\u00e9e":"17 minutes"},"schema":{"@context":"https:\/\/schema.org","@graph":[{"@type":"WebPage","@id":"https:\/\/www.humanium.org\/fr\/belize\/","url":"https:\/\/www.humanium.org\/fr\/belize\/","name":"Enfants de B\u00e9lize - Humanium","isPartOf":{"@id":"https:\/\/www.humanium.org\/fr\/#website"},"primaryImageOfPage":{"@id":"https:\/\/www.humanium.org\/fr\/belize\/#primaryimage"},"image":{"@id":"https:\/\/www.humanium.org\/fr\/belize\/#primaryimage"},"thumbnailUrl":"https:\/\/www.humanium.org\/fr\/wp-content\/uploads\/2022\/12\/Shutterstock_506687152.jpg","datePublished":"2013-02-21T10:40:42+00:00","dateModified":"2025-12-06T06:17:08+00:00","description":"Le B\u00e9lize affronte de graves probl\u00e8mes concernant l\u2019\u00e9ducation secondaire, les mariages d\u2019enfants, et l\u2019implication des enfants dans le crime.","breadcrumb":{"@id":"https:\/\/www.humanium.org\/fr\/belize\/#breadcrumb"},"inLanguage":"fr-FR","potentialAction":[{"@type":"ReadAction","target":["https:\/\/www.humanium.org\/fr\/belize\/"]}]},{"@type":"ImageObject","inLanguage":"fr-FR","@id":"https:\/\/www.humanium.org\/fr\/belize\/#primaryimage","url":"https:\/\/www.humanium.org\/fr\/wp-content\/uploads\/2022\/12\/Shutterstock_506687152.jpg","contentUrl":"https:\/\/www.humanium.org\/fr\/wp-content\/uploads\/2022\/12\/Shutterstock_506687152.jpg","width":400,"height":400},{"@type":"BreadcrumbList","@id":"https:\/\/www.humanium.org\/fr\/belize\/#breadcrumb","itemListElement":[{"@type":"ListItem","position":1,"name":"Home","item":"https:\/\/www.humanium.org\/fr\/"},{"@type":"ListItem","position":2,"name":"Enfants de B\u00e9lize"}]},{"@type":"WebSite","@id":"https:\/\/www.humanium.org\/fr\/#website","url":"https:\/\/www.humanium.org\/fr\/","name":"Humanium","description":"Les enfants d\u2019abord !","potentialAction":[{"@type":"SearchAction","target":{"@type":"EntryPoint","urlTemplate":"https:\/\/www.humanium.org\/fr\/?s={search_term_string}"},"query-input":{"@type":"PropertyValueSpecification","valueRequired":true,"valueName":"search_term_string"}}],"inLanguage":"fr-FR"}]}},"_links":{"self":[{"href":"https:\/\/www.humanium.org\/fr\/wp-json\/wp\/v2\/pages\/21857","targetHints":{"allow":["GET"]}}],"collection":[{"href":"https:\/\/www.humanium.org\/fr\/wp-json\/wp\/v2\/pages"}],"about":[{"href":"https:\/\/www.humanium.org\/fr\/wp-json\/wp\/v2\/types\/page"}],"author":[{"embeddable":true,"href":"https:\/\/www.humanium.org\/fr\/wp-json\/wp\/v2\/users\/65"}],"replies":[{"embeddable":true,"href":"https:\/\/www.humanium.org\/fr\/wp-json\/wp\/v2\/comments?post=21857"}],"version-history":[{"count":21,"href":"https:\/\/www.humanium.org\/fr\/wp-json\/wp\/v2\/pages\/21857\/revisions"}],"predecessor-version":[{"id":60230,"href":"https:\/\/www.humanium.org\/fr\/wp-json\/wp\/v2\/pages\/21857\/revisions\/60230"}],"wp:attachment":[{"href":"https:\/\/www.humanium.org\/fr\/wp-json\/wp\/v2\/media?parent=21857"}],"curies":[{"name":"wp","href":"https:\/\/api.w.org\/{rel}","templated":true}]}}