{"id":21894,"date":"2013-01-14T16:11:54","date_gmt":"2013-01-14T16:11:54","guid":{"rendered":"http:\/\/www.humanium.org\/fr\/?page_id=21894"},"modified":"2025-12-05T14:44:00","modified_gmt":"2025-12-05T14:44:00","slug":"macedoine","status":"publish","type":"page","link":"https:\/\/www.humanium.org\/fr\/macedoine\/","title":{"rendered":"Enfants de Mac\u00e9doine"},"content":{"rendered":"<h1>Enfants de Mac\u00e9doine<\/h1>\n<h2>Concr\u00e9tiser les Droits de l&rsquo;Enfant en Mac\u00e9doine<\/h2>\n<p style=\"text-align: center;\"><a href=\"https:\/\/www.humanium.org\/fr\/wp-content\/uploads\/2013\/01\/Image-du-Petite-Fille.jpg\"><img loading=\"lazy\" decoding=\"async\" class=\"size-medium wp-image-27794\" title=\"Petite Fille Mac\u00e9doine \u00a9 SOS Children's Village\" src=\"https:\/\/www.humanium.org\/fr\/wp-content\/uploads\/2013\/01\/Image-du-Petite-Fille-300x214.jpg\" alt=\"\" width=\"203\" height=\"144\" \/><\/a><\/p>\n<p>La Mac\u00e9doine, ex- R\u00e9publique yougoslave de Mac\u00e9doine, faisait auparavant partie de la R\u00e9publique de Yougoslavie. Son ind\u00e9pendance l\u2019oblige d\u00e9sormais \u00e0 mettre en place ses propres lois, et les droits des enfants n\u2019y sont pas encore totalement respect\u00e9s.<\/p>\n<table style=\"height: 38px;\" width=\"298\">\n<tbody style=\"background: #f2f2f2;\">\n<tr>\n<td>\n<div style=\"float: left; width: 100%;\">\n<p style=\"margin-top: 20px;\">\n<\/div>\n<div style=\"float: left; width: 39%;\">\n<p style=\"margin-bottom: 20px;\"><strong>Population:<\/strong>\u00a02,1 millions<br \/>\n<strong>Pop.de 0 \u00e0 14 ans:<\/strong>\u00a018,5 %<\/p>\n<\/div>\n<div style=\"float: right; width: 59%;\">\n<p style=\"margin-bottom: 20px;\"><strong>Esp\u00e9rance de vie:<\/strong>\u00a075,2 ans<br \/>\n<strong>Mortalit\u00e9 des moins de 5 ans:<\/strong>\u00a07 \u2030<\/p>\n<\/div>\n<\/td>\n<\/tr>\n<\/tbody>\n<\/table>\n<h3>Principaux probl\u00e8mes rencontr\u00e9s par les enfants en Mac\u00e9doine:<\/h3>\n<p><a href=\"https:\/\/www.humanium.org\/fr\/focus\/discriminations\/\"><strong>Discrimination<\/strong><\/a><\/p>\n<p>M\u00eame si une loi interdisant la <a href=\"https:\/\/www.humanium.org\/fr\/droit-non-discrimination\/\">discrimination<\/a> existe, elle contient un certain nombre d\u2019exceptions.<\/p>\n<p>Ainsi en 2011, le Comit\u00e9 des Nations Unies pour les droits de l\u2019enfant a constat\u00e9 que les enfants des minorit\u00e9s, et surtout les enfants roms, ne disposent pas de papiers d\u2019identit\u00e9 ; ceci ne leur permet pas d\u2019acc\u00e9der aux services administratifs de base. La mortalit\u00e9 infantile serait ainsi plus \u00e9lev\u00e9e dans la communaut\u00e9 rom \u00e0 cause d\u2019un acc\u00e8s plus limit\u00e9 au syst\u00e8me de sant\u00e9.<\/p>\n<p>D\u2019autre part, le syst\u00e8me de soins est lui aussi discriminant puisqu\u2019il ne prend en charge que les enfants scolaris\u00e9s r\u00e9guli\u00e8rement et dont les parents ont un emploi ou sont couverts par le r\u00e9gime de protection sociale.<\/p>\n<p><a href=\"https:\/\/www.humanium.org\/fr\/comprendre-droits-enfant\/droit-a-l-education\/\"><strong>Droit \u00e0 l\u2019\u00e9ducation<\/strong><\/a><\/p>\n<p>M\u00eame si le taux de scolarisation \u00e0 l\u2019\u00e9cole primaire entre 2007 et 2009 est bon (93%), la scolarisation reste tr\u00e8s difficile pour les minorit\u00e9s, l\u00e0 encore particuli\u00e8rement pour les Roms.<\/p>\n<p>En effet, les enfants roms n\u2019ont pas acc\u00e8s \u00e0 l\u2019\u00e9ducation dans leur langue, ce qui ne leur permet pas de suivre une \u00e9ducation normale.<\/p>\n<p>Les enfants sont de plus en plus regroup\u00e9s dans des \u00e9coles selon leur appartenance ethnique, ce qui entra\u00eene des in\u00e9galit\u00e9s dans le niveau de l\u2019\u00e9ducation obtenu.<\/p>\n<p>D\u2019autre part, tr\u00e8s peu d\u2019\u00e9coles sont pour l\u2019instant accessibles aux enfants handicap\u00e9s qui restent donc en marge du syst\u00e8me \u00e9ducatif.<\/p>\n<p><a href=\"https:\/\/www.humanium.org\/fr\/comprendre-droits-enfant\/droit-a-l-identite\/\"><strong>Droit \u00e0 l\u2019identit\u00e9<\/strong><\/a><\/p>\n<p>Le\u00a0<a href=\"https:\/\/www.humanium.org\/fr\/comprendre-droits-enfant\/droit-a-l-identite\/\">droit \u00e0 l\u2019identit\u00e9<\/a> est essentiel pour que chacun ait une reconnaissance officielle au sein de son pays.<\/p>\n<p>En Mac\u00e9doine, de nombreux enfants n\u2019ont pas de document d\u2019identit\u00e9 ou de certificat de naissance, ce qui ne leur permet pas d\u2019avoir acc\u00e8s aux services administratifs de base (\u00e9ducation, sant\u00e9, allocations familiales, etc \u2026). Cette absence de documents concerne surtout les enfants roms et les enfants r\u00e9fugi\u00e9s.<\/p>\n<p>D\u2019autre part, la loi de l\u2019ex-R\u00e9publique yougoslave de Mac\u00e9doine autorise la suppression des informations sur l\u2019origine des enfants adopt\u00e9s. Ainsi, les enfants adopt\u00e9s n\u2019ont pas n\u00e9cessairement la possibilit\u00e9 de conna\u00eetre leurs origines et leur v\u00e9ritable identit\u00e9.<\/p>\n<p><strong><a href=\"https:\/\/www.humanium.org\/fr\/trafic-enfants\/\">Trafic d\u2019enfants<\/a>\u00a0et <a href=\"https:\/\/www.humanium.org\/fr\/travail-des-enfants\/\">travail des enfants<\/a><\/strong><\/p>\n<p>Les pratiques traditionnelles restent en vigueur et s\u2019opposent aux droit<img loading=\"lazy\" decoding=\"async\" class=\"alignright size-medium wp-image-27796\" title=\"Trafic d'enfants mac\u00e9doine \u00a9 Impact Visuals\" src=\"https:\/\/www.humanium.org\/fr\/wp-content\/uploads\/2013\/01\/Trafic-denfants-300x198.jpg\" alt=\"\" width=\"300\" height=\"198\" \/>s des enfants.<\/p>\n<p>Ainsi, m\u00eame si l\u2019\u00e2ge l\u00e9gal du <a href=\"https:\/\/www.humanium.org\/fr\/mariage-enfants\/\">mariage<\/a> est de 18 ans, de nombreux jeunes enfants sont encore vendus avant cet \u00e2ge pour \u00eatre mari\u00e9s de force.<\/p>\n<p>Les enfants sont \u00e9galement parfois utilis\u00e9s ill\u00e9galement pour travailler. Ils doivent avoir au minimum 15 ans pour le faire de fa\u00e7on l\u00e9gale. Et il faut noter que les salari\u00e9s de moins de 18 ans b\u00e9n\u00e9ficient d\u2019une protection sociale particuli\u00e8re.<\/p>\n<p>Toutefois, le Comit\u00e9 des Nations Unies pour les droits des enfants estime que ces lois ne sont pas assez respect\u00e9es. Il existerait \u00e9galement une tr\u00e8s forte \u00e9conomie parall\u00e8le dans laquelle de nombreux enfants travailleraient, notamment pour la mendicit\u00e9, la vente ambulante dans les rues ou dans les restaurants.<\/p>\n<p><a href=\"https:\/\/www.humanium.org\/fr\/violences\/\"><strong>Ch\u00e2timents corporels<\/strong><\/a><\/p>\n<p>Une loi existe pour interdire les ch\u00e2timents corporels \u00e0 l\u2019\u00e9cole, mais cette pratique de\u00a0<a href=\"https:\/\/www.humanium.org\/fr\/la-maltraitance-des-enfants\/\">maltraitance<\/a> n\u2019est pas supprim\u00e9e dans les familles et elle existe encore tr\u00e8s couramment.<\/p>\n<p>D\u2019autre part, le Comit\u00e9 des Nations-Unies a \u00e9galement constat\u00e9 que la maltraitance \u00e9tait tr\u00e8s fr\u00e9quente dans les institutions de remplacement de la famille, comme les orphelinats ou les \u00e9tablissements de redressement o\u00f9 la matraque est encore souvent utilis\u00e9e.<\/p>\n","protected":false},"excerpt":{"rendered":"<p>Enfants de Mac\u00e9doine Concr\u00e9tiser les Droits de l&rsquo;Enfant en Mac\u00e9doine La Mac\u00e9doine, ex- R\u00e9publique yougoslave de Mac\u00e9doine, faisait auparavant partie de la R\u00e9publique de Yougoslavie. Son ind\u00e9pendance l\u2019oblige d\u00e9sormais \u00e0 mettre en place ses propres lois, et les droits des enfants n\u2019y sont pas encore totalement respect\u00e9s. Population:\u00a02,1 millions Pop.de 0 \u00e0 14 ans:\u00a018,5 % [&hellip;]<\/p>\n","protected":false},"author":65,"featured_media":0,"parent":0,"menu_order":0,"comment_status":"closed","ping_status":"closed","template":"","meta":{"footnotes":""},"class_list":["post-21894","page","type-page","status-publish","hentry"],"yoast_head":"<!-- This site is optimized with the Yoast SEO plugin v28.3 - https:\/\/yoast.com\/product\/yoast-seo-wordpress\/ -->\n<title>Enfants de Mac\u00e9doine - Humanium<\/title>\n<meta name=\"description\" content=\"L&#039;ind\u00e9pendance de la Mac\u00e9doine l\u2019a conduite \u00e0 d\u00e9velopper sa propre l\u00e9gislation, et les droits des enfants n\u2019y sont pas encore totalement respect\u00e9s.\" \/>\n<meta name=\"robots\" content=\"index, follow, max-snippet:-1, max-image-preview:large, max-video-preview:-1\" \/>\n<link rel=\"canonical\" href=\"https:\/\/www.humanium.org\/fr\/macedoine\/\" \/>\n<meta property=\"og:locale\" content=\"fr_FR\" \/>\n<meta property=\"og:type\" content=\"article\" \/>\n<meta property=\"og:title\" content=\"Enfants de Mac\u00e9doine - Humanium\" \/>\n<meta property=\"og:description\" content=\"L&#039;ind\u00e9pendance de la Mac\u00e9doine l\u2019a conduite \u00e0 d\u00e9velopper sa propre l\u00e9gislation, et les droits des enfants n\u2019y sont pas encore totalement respect\u00e9s.\" \/>\n<meta property=\"og:url\" content=\"https:\/\/www.humanium.org\/fr\/macedoine\/\" \/>\n<meta property=\"og:site_name\" content=\"Humanium\" \/>\n<meta property=\"article:modified_time\" content=\"2025-12-05T14:44:00+00:00\" \/>\n<meta name=\"twitter:card\" content=\"summary_large_image\" \/>\n<meta name=\"twitter:label1\" content=\"Dur\u00e9e de lecture estim\u00e9e\" \/>\n\t<meta name=\"twitter:data1\" content=\"4 minutes\" \/>\n<script type=\"application\/ld+json\" class=\"yoast-schema-graph\">{\"@context\":\"https:\\\/\\\/schema.org\",\"@graph\":[{\"@type\":\"WebPage\",\"@id\":\"https:\\\/\\\/www.humanium.org\\\/fr\\\/macedoine\\\/\",\"url\":\"https:\\\/\\\/www.humanium.org\\\/fr\\\/macedoine\\\/\",\"name\":\"Enfants de Mac\u00e9doine - Humanium\",\"isPartOf\":{\"@id\":\"https:\\\/\\\/www.humanium.org\\\/fr\\\/#website\"},\"primaryImageOfPage\":{\"@id\":\"https:\\\/\\\/www.humanium.org\\\/fr\\\/macedoine\\\/#primaryimage\"},\"image\":{\"@id\":\"https:\\\/\\\/www.humanium.org\\\/fr\\\/macedoine\\\/#primaryimage\"},\"thumbnailUrl\":\"https:\\\/\\\/www.humanium.org\\\/fr\\\/wp-content\\\/uploads\\\/2013\\\/01\\\/Image-du-Petite-Fille-300x214.jpg\",\"datePublished\":\"2013-01-14T16:11:54+00:00\",\"dateModified\":\"2025-12-05T14:44:00+00:00\",\"description\":\"L'ind\u00e9pendance de la Mac\u00e9doine l\u2019a conduite \u00e0 d\u00e9velopper sa propre l\u00e9gislation, et les droits des enfants n\u2019y sont pas encore totalement respect\u00e9s.\",\"breadcrumb\":{\"@id\":\"https:\\\/\\\/www.humanium.org\\\/fr\\\/macedoine\\\/#breadcrumb\"},\"inLanguage\":\"fr-FR\",\"potentialAction\":[{\"@type\":\"ReadAction\",\"target\":[\"https:\\\/\\\/www.humanium.org\\\/fr\\\/macedoine\\\/\"]}]},{\"@type\":\"ImageObject\",\"inLanguage\":\"fr-FR\",\"@id\":\"https:\\\/\\\/www.humanium.org\\\/fr\\\/macedoine\\\/#primaryimage\",\"url\":\"https:\\\/\\\/www.humanium.org\\\/fr\\\/wp-content\\\/uploads\\\/2013\\\/01\\\/Image-du-Petite-Fille-300x214.jpg\",\"contentUrl\":\"https:\\\/\\\/www.humanium.org\\\/fr\\\/wp-content\\\/uploads\\\/2013\\\/01\\\/Image-du-Petite-Fille-300x214.jpg\"},{\"@type\":\"BreadcrumbList\",\"@id\":\"https:\\\/\\\/www.humanium.org\\\/fr\\\/macedoine\\\/#breadcrumb\",\"itemListElement\":[{\"@type\":\"ListItem\",\"position\":1,\"name\":\"Home\",\"item\":\"https:\\\/\\\/www.humanium.org\\\/fr\\\/\"},{\"@type\":\"ListItem\",\"position\":2,\"name\":\"Enfants de Mac\u00e9doine\"}]},{\"@type\":\"WebSite\",\"@id\":\"https:\\\/\\\/www.humanium.org\\\/fr\\\/#website\",\"url\":\"https:\\\/\\\/www.humanium.org\\\/fr\\\/\",\"name\":\"Humanium\",\"description\":\"Les enfants d\u2019abord !\",\"potentialAction\":[{\"@type\":\"SearchAction\",\"target\":{\"@type\":\"EntryPoint\",\"urlTemplate\":\"https:\\\/\\\/www.humanium.org\\\/fr\\\/?s={search_term_string}\"},\"query-input\":{\"@type\":\"PropertyValueSpecification\",\"valueRequired\":true,\"valueName\":\"search_term_string\"}}],\"inLanguage\":\"fr-FR\"}]}<\/script>\n<!-- \/ Yoast SEO plugin. -->","yoast_head_json":{"title":"Enfants de Mac\u00e9doine - Humanium","description":"L'ind\u00e9pendance de la Mac\u00e9doine l\u2019a conduite \u00e0 d\u00e9velopper sa propre l\u00e9gislation, et les droits des enfants n\u2019y sont pas encore totalement respect\u00e9s.","robots":{"index":"index","follow":"follow","max-snippet":"max-snippet:-1","max-image-preview":"max-image-preview:large","max-video-preview":"max-video-preview:-1"},"canonical":"https:\/\/www.humanium.org\/fr\/macedoine\/","og_locale":"fr_FR","og_type":"article","og_title":"Enfants de Mac\u00e9doine - Humanium","og_description":"L'ind\u00e9pendance de la Mac\u00e9doine l\u2019a conduite \u00e0 d\u00e9velopper sa propre l\u00e9gislation, et les droits des enfants n\u2019y sont pas encore totalement respect\u00e9s.","og_url":"https:\/\/www.humanium.org\/fr\/macedoine\/","og_site_name":"Humanium","article_modified_time":"2025-12-05T14:44:00+00:00","twitter_card":"summary_large_image","twitter_misc":{"Dur\u00e9e de lecture estim\u00e9e":"4 minutes"},"schema":{"@context":"https:\/\/schema.org","@graph":[{"@type":"WebPage","@id":"https:\/\/www.humanium.org\/fr\/macedoine\/","url":"https:\/\/www.humanium.org\/fr\/macedoine\/","name":"Enfants de Mac\u00e9doine - Humanium","isPartOf":{"@id":"https:\/\/www.humanium.org\/fr\/#website"},"primaryImageOfPage":{"@id":"https:\/\/www.humanium.org\/fr\/macedoine\/#primaryimage"},"image":{"@id":"https:\/\/www.humanium.org\/fr\/macedoine\/#primaryimage"},"thumbnailUrl":"https:\/\/www.humanium.org\/fr\/wp-content\/uploads\/2013\/01\/Image-du-Petite-Fille-300x214.jpg","datePublished":"2013-01-14T16:11:54+00:00","dateModified":"2025-12-05T14:44:00+00:00","description":"L'ind\u00e9pendance de la Mac\u00e9doine l\u2019a conduite \u00e0 d\u00e9velopper sa propre l\u00e9gislation, et les droits des enfants n\u2019y sont pas encore totalement respect\u00e9s.","breadcrumb":{"@id":"https:\/\/www.humanium.org\/fr\/macedoine\/#breadcrumb"},"inLanguage":"fr-FR","potentialAction":[{"@type":"ReadAction","target":["https:\/\/www.humanium.org\/fr\/macedoine\/"]}]},{"@type":"ImageObject","inLanguage":"fr-FR","@id":"https:\/\/www.humanium.org\/fr\/macedoine\/#primaryimage","url":"https:\/\/www.humanium.org\/fr\/wp-content\/uploads\/2013\/01\/Image-du-Petite-Fille-300x214.jpg","contentUrl":"https:\/\/www.humanium.org\/fr\/wp-content\/uploads\/2013\/01\/Image-du-Petite-Fille-300x214.jpg"},{"@type":"BreadcrumbList","@id":"https:\/\/www.humanium.org\/fr\/macedoine\/#breadcrumb","itemListElement":[{"@type":"ListItem","position":1,"name":"Home","item":"https:\/\/www.humanium.org\/fr\/"},{"@type":"ListItem","position":2,"name":"Enfants de Mac\u00e9doine"}]},{"@type":"WebSite","@id":"https:\/\/www.humanium.org\/fr\/#website","url":"https:\/\/www.humanium.org\/fr\/","name":"Humanium","description":"Les enfants d\u2019abord !","potentialAction":[{"@type":"SearchAction","target":{"@type":"EntryPoint","urlTemplate":"https:\/\/www.humanium.org\/fr\/?s={search_term_string}"},"query-input":{"@type":"PropertyValueSpecification","valueRequired":true,"valueName":"search_term_string"}}],"inLanguage":"fr-FR"}]}},"_links":{"self":[{"href":"https:\/\/www.humanium.org\/fr\/wp-json\/wp\/v2\/pages\/21894","targetHints":{"allow":["GET"]}}],"collection":[{"href":"https:\/\/www.humanium.org\/fr\/wp-json\/wp\/v2\/pages"}],"about":[{"href":"https:\/\/www.humanium.org\/fr\/wp-json\/wp\/v2\/types\/page"}],"author":[{"embeddable":true,"href":"https:\/\/www.humanium.org\/fr\/wp-json\/wp\/v2\/users\/65"}],"replies":[{"embeddable":true,"href":"https:\/\/www.humanium.org\/fr\/wp-json\/wp\/v2\/comments?post=21894"}],"version-history":[{"count":9,"href":"https:\/\/www.humanium.org\/fr\/wp-json\/wp\/v2\/pages\/21894\/revisions"}],"predecessor-version":[{"id":60047,"href":"https:\/\/www.humanium.org\/fr\/wp-json\/wp\/v2\/pages\/21894\/revisions\/60047"}],"wp:attachment":[{"href":"https:\/\/www.humanium.org\/fr\/wp-json\/wp\/v2\/media?parent=21894"}],"curies":[{"name":"wp","href":"https:\/\/api.w.org\/{rel}","templated":true}]}}