{"id":21906,"date":"2012-12-26T09:41:26","date_gmt":"2012-12-26T09:41:26","guid":{"rendered":"http:\/\/www.humanium.org\/fr\/?page_id=21906"},"modified":"2025-12-10T02:43:14","modified_gmt":"2025-12-10T02:43:14","slug":"salvador","status":"publish","type":"page","link":"https:\/\/www.humanium.org\/fr\/salvador\/","title":{"rendered":"Enfants du Salvador"},"content":{"rendered":"\n<h2 class=\"wp-block-heading\">Concr\u00e9tiser les droits de l&rsquo;enfant au Salvador<\/h2>\n\n\n\n<div class=\"wp-block-columns is-layout-flex wp-container-core-columns-is-layout-8f761849 wp-block-columns-is-layout-flex\">\n<div class=\"wp-block-column is-layout-flow wp-block-column-is-layout-flow\"><div class=\"wp-block-image is-style-rounded\">\n<figure class=\"aligncenter size-medium is-resized\"><img loading=\"lazy\" decoding=\"async\" width=\"300\" height=\"300\" src=\"https:\/\/www.humanium.org\/fr\/wp-content\/uploads\/2023\/02\/Shutterstock_1948376119-300x300.jpg\" alt=\"\" class=\"wp-image-54540\" style=\"width:225px;height:225px\" srcset=\"https:\/\/www.humanium.org\/fr\/wp-content\/uploads\/2023\/02\/Shutterstock_1948376119-300x300.jpg 300w, https:\/\/www.humanium.org\/fr\/wp-content\/uploads\/2023\/02\/Shutterstock_1948376119-150x150.jpg 150w, https:\/\/www.humanium.org\/fr\/wp-content\/uploads\/2023\/02\/Shutterstock_1948376119-230x230.jpg 230w, https:\/\/www.humanium.org\/fr\/wp-content\/uploads\/2023\/02\/Shutterstock_1948376119-350x350.jpg 350w, https:\/\/www.humanium.org\/fr\/wp-content\/uploads\/2023\/02\/Shutterstock_1948376119.jpg 400w\" sizes=\"auto, (max-width: 300px) 100vw, 300px\" \/><\/figure>\n<\/div><\/div>\n\n\n\n<div class=\"wp-block-column is-layout-flow wp-block-column-is-layout-flow\"><div class=\"wp-block-image is-style-rounded\">\n<figure class=\"aligncenter size-medium is-resized\"><img loading=\"lazy\" decoding=\"async\" width=\"300\" height=\"300\" src=\"https:\/\/www.humanium.org\/fr\/wp-content\/uploads\/2023\/02\/Shutterstock_2260449893-300x300.jpg\" alt=\"\" class=\"wp-image-54539\" style=\"width:225px;height:225px\" srcset=\"https:\/\/www.humanium.org\/fr\/wp-content\/uploads\/2023\/02\/Shutterstock_2260449893-300x300.jpg 300w, https:\/\/www.humanium.org\/fr\/wp-content\/uploads\/2023\/02\/Shutterstock_2260449893-150x150.jpg 150w, https:\/\/www.humanium.org\/fr\/wp-content\/uploads\/2023\/02\/Shutterstock_2260449893-230x230.jpg 230w, https:\/\/www.humanium.org\/fr\/wp-content\/uploads\/2023\/02\/Shutterstock_2260449893-350x350.jpg 350w, https:\/\/www.humanium.org\/fr\/wp-content\/uploads\/2023\/02\/Shutterstock_2260449893.jpg 400w\" sizes=\"auto, (max-width: 300px) 100vw, 300px\" \/><\/figure>\n<\/div><\/div>\n<\/div>\n\n\n\n<p class=\"wp-block-paragraph\"><strong>Le Salvador est un pays complexe, gangr\u00e9n\u00e9 par la<a href=\"https:\/\/www.humanium.org\/fr\/violences\/\"> violence<\/a> des gangs qui affecte fortement les enfants et le respect de leurs<a href=\"https:\/\/www.humanium.org\/fr\/comprendre-droits-enfant\/\"> droits fondamentaux<\/a>. Cela accentue des d\u00e9fis d\u00e9j\u00e0 pr\u00e9sents dans le pays. N\u00e9anmoins, le pays a progress\u00e9, notamment en termes de l\u00e9gislation, de qualit\u00e9 de vie et de services, ce qui a conduit \u00e0 une diminution du taux de <a href=\"https:\/\/www.humanium.org\/fr\/mortalite-infantile\/\">mortalit\u00e9 infantile<\/a> (Comit\u00e9 des droits de l\u2019enfant, 2018, p. 1). <\/strong><\/p>\n\n\n\n<p class=\"wp-block-paragraph\"><strong>Il convient de noter qu\u2019il est difficile de suivre l\u2019\u00e9volution de la mise en place et du respect des <a href=\"https:\/\/www.humanium.org\/fr\/les-droits-de-l-enfant\/\">droits des enfants<\/a> du fait de d\u00e9fis li\u00e9s \u00e0 la collecte de donn\u00e9es, ce qui est d\u2019ailleurs contraire \u00e0 l\u2019observation g\u00e9n\u00e9rale n\u00b05 de 2003 du comit\u00e9 des droits de l\u2019enfant (Comit\u00e9 des droits de l\u2019enfant, 2018, p. 3).&nbsp;<\/strong><\/p>\n\n\n\n<iframe src=\"https:\/\/www.google.com\/maps\/embed?pb=!1m18!1m12!1m3!1d1984275.054707061!2d-90.05160079616974!3d13.746445114181551!2m3!1f0!2f0!3f0!3m2!1i1024!2i768!4f13.1!3m3!1m2!1s0x8f6327a659640657%3A0x6f9a16eb98854832!2sEl%20Salvador!5e0!3m2!1sen!2sfr!4v1677359656808!5m2!1sen!2sfr\" width=\"600\" height=\"450\" style=\"border:0;\" allowfullscreen=\"\" loading=\"lazy\" referrerpolicy=\"no-referrer-when-downgrade\"><\/iframe>\n\n\n\n<div class=\"wp-block-columns is-layout-flex wp-container-core-columns-is-layout-8f761849 wp-block-columns-is-layout-flex\">\n<div class=\"wp-block-column is-layout-flow wp-block-column-is-layout-flow\">\n<p class=\"wp-block-paragraph\"><strong>Population :<\/strong> 6.4 millions&nbsp;<br><strong>Pop. de 0 \u00e0 14 ans :<\/strong> 27 %&nbsp;<\/p>\n<\/div>\n\n\n\n<div class=\"wp-block-column is-layout-flow wp-block-column-is-layout-flow\">\n<p class=\"wp-block-paragraph\"><strong>Esp\u00e9rance de vie :<\/strong> 75 ans&nbsp;<br><strong>Mortalit\u00e9 des moins de 5 ans :<\/strong>&nbsp;22 \u2030<\/p>\n<\/div>\n<\/div>\n\n\n\n<h2 class=\"wp-block-heading\">Le Salvador en un coup d\u2019\u0153il<\/h2>\n\n\n\n<p class=\"wp-block-paragraph\">Le Salvador est le plus petit pays d\u2019Am\u00e9rique centrale et pourtant, il est \u00e9galement le plus dens\u00e9ment peupl\u00e9, surtout dans la capitale (CIA, s.d.). Malgr\u00e9 le fait qu&rsquo;il s&rsquo;agisse de la quatri\u00e8me plus grande \u00e9conomie d\u2019Am\u00e9rique centrale, le taux de<a href=\"https:\/\/www.humanium.org\/fr\/pauvrete\/\"> pauvret\u00e9<\/a> est tr\u00e8s important. Cela va de pair avec d\u2019importants dysfonctionnements structurels (Direction g\u00e9n\u00e9rale du Tr\u00e9sor, 2019), notamment li\u00e9s \u00e0 la corruption (Comit\u00e9 des droits de l\u2019enfant, 2018, p. 2) et \u00e0 la violence.&nbsp;<\/p>\n\n\n\n<p class=\"wp-block-paragraph\">Du fait des activit\u00e9s des gangs qui contr\u00f4lent des territoires entiers, le pays a l\u2019un des taux d&rsquo;homicides les plus \u00e9lev\u00e9s au monde (CIA, s.d.). Ces groupes extorquent les habitants quand ils ne recrutent pas des enfants de force ou leur font subir des abus sexuels. Selon Human Rights Watch, \u00ab les gangs tuent, disparaissent, violent ou d\u00e9placent ceux qui r\u00e9sistent \u00bb. Ce qui impacte fortement le respect des droits des enfants (Human Rights Watch, s.d.).<\/p>\n\n\n\n<h2 class=\"wp-block-heading\">Statut des droits de l\u2019enfant <strong><u><a href=\"#_ftn1\"><sup><strong><u><sup>[1]<\/sup><\/u><\/strong><\/sup><\/a><\/u><\/strong><\/h2>\n\n\n\n<p class=\"wp-block-paragraph\">Au niveau international, le Salvador a ratifi\u00e9<a href=\"https:\/\/www.humanium.org\/fr\/convention\/\"> plusieurs instruments fondamentaux<\/a> en mati\u00e8re de droits de l\u2019enfant, notamment :<\/p>\n\n\n\n<ul class=\"wp-block-list\">\n<li>La<a href=\"https:\/\/www.humanium.org\/fr\/texte-integral-convention-internationale-relative-droits-enfant-1989\/\"> Convention des droits de l\u2019enfant<\/a> depuis 1990 ;<\/li>\n\n\n\n<li>Le<a href=\"https:\/\/www.humanium.org\/fr\/normes\/protocole-facultatif-cide-enfants-dans-conflits-armes\/\"> Protocole facultatif \u00e0 la CDE concernant l\u2019implication d\u2019enfants dans les conflits arm\u00e9s<\/a> et le<a href=\"https:\/\/www.humanium.org\/fr\/normes\/protocole-facultatif-cide-vente-prostitution-pornographie-enfants\/\"> Protocole facultatif \u00e0 la CDE concernant la vente d\u2019enfants, la prostitution des enfants et la pornographie mettant en sc\u00e8nes des enfants<\/a> respectivement en 2000 et 2002 ;<\/li>\n\n\n\n<li>La Convention relative aux droits des personnes handicap\u00e9es en 2007&nbsp;<\/li>\n\n\n\n<li>La Convention (n\u00b0 182) sur les pires formes de travail des enfants de 1999, depuis le 12 octobre 2000&nbsp;<\/li>\n<\/ul>\n\n\n<div class=\"wp-block-image\">\n<figure class=\"alignleft size-large is-resized\"><img loading=\"lazy\" decoding=\"async\" width=\"1024\" height=\"681\" src=\"https:\/\/www.humanium.org\/fr\/wp-content\/uploads\/2023\/02\/shutterstock_1603867-1024x681.jpg\" alt=\"\" class=\"wp-image-54542\" style=\"width:374px;height:248px\" srcset=\"https:\/\/www.humanium.org\/fr\/wp-content\/uploads\/2023\/02\/shutterstock_1603867-1024x681.jpg 1024w, https:\/\/www.humanium.org\/fr\/wp-content\/uploads\/2023\/02\/shutterstock_1603867-300x199.jpg 300w, https:\/\/www.humanium.org\/fr\/wp-content\/uploads\/2023\/02\/shutterstock_1603867-768x511.jpg 768w, https:\/\/www.humanium.org\/fr\/wp-content\/uploads\/2023\/02\/shutterstock_1603867-1536x1021.jpg 1536w, https:\/\/www.humanium.org\/fr\/wp-content\/uploads\/2023\/02\/shutterstock_1603867-2048x1362.jpg 2048w, https:\/\/www.humanium.org\/fr\/wp-content\/uploads\/2023\/02\/shutterstock_1603867-830x552.jpg 830w, https:\/\/www.humanium.org\/fr\/wp-content\/uploads\/2023\/02\/shutterstock_1603867-230x153.jpg 230w, https:\/\/www.humanium.org\/fr\/wp-content\/uploads\/2023\/02\/shutterstock_1603867-350x233.jpg 350w, https:\/\/www.humanium.org\/fr\/wp-content\/uploads\/2023\/02\/shutterstock_1603867-480x319.jpg 480w, https:\/\/www.humanium.org\/fr\/wp-content\/uploads\/2023\/02\/shutterstock_1603867-272x182.jpg 272w\" sizes=\"auto, (max-width: 1024px) 100vw, 1024px\" \/><\/figure>\n<\/div>\n\n\n<p class=\"wp-block-paragraph\">Le Comit\u00e9 des droits de l\u2019enfant a exhort\u00e9 ce pays de continuer \u00e0 ratifier des conventions pour renforcer le syst\u00e8me de protection des droits de l\u2019enfant, telles que la Convention internationale pour la protection de toutes les personnes contre les disparitions forc\u00e9es de 2006, le Protocole facultatif se rapportant \u00e0 la Convention contre la torture et autres peines ou traitements cruels, inhumains ou d\u00e9gradants de 2002 (Comit\u00e9 des droits de l\u2019enfant, 2018, p. 3). Le Rapport du Groupe de travail sur l\u2019Examen p\u00e9riodique universel fait d\u2019ailleurs ce m\u00eame constat dans son rapport de 2020 (Conseil des droits de l\u2019homme, 2020, p. 10).&nbsp;<\/p>\n\n\n\n<p class=\"wp-block-paragraph\">Au niveau national, le Salvador a mis en place plusieurs mesures pour mieux appliquer la Convention, notamment :<\/p>\n\n\n\n<ul class=\"wp-block-list\">\n<li>La Loi g\u00e9n\u00e9rale sur la jeunesse adopt\u00e9e en 2012.<\/li>\n\n\n\n<li>La Politique nationale de protection compl\u00e8te de l\u2019enfance et de l\u2019adolescence (2013-2023), le plan \u00ab El Salvador Educado \u00bb (El Salvador \u00e9duqu\u00e9) (2016-2026).<\/li>\n\n\n\n<li>La modification apport\u00e9e au Code civil pour mettre fin au mariage d\u2019enfants.&nbsp;<\/li>\n\n\n\n<li>La restructuration de l\u2019Institut salvadorien pour le d\u00e9veloppement int\u00e9gral des enfants et des adolescents et du Conseil national de l\u2019enfance et de l\u2019adolescence.<\/li>\n\n\n\n<li>La mise en place de campagnes de communication pour la pr\u00e9vention de la maltraitance d\u2019enfants et de la violence sexuelle.<\/li>\n\n\n\n<li>La modification en 2017 de la loi sur la protection des enfants et des adolescents qui interdit d\u00e9sormais toute forme de violence contre les enfants et les adolescents dans tous types d\u2019\u00e9tablissements d\u2019enseignement (Comit\u00e9 des droits de l\u2019enfant, 2018, p. 1 \/ Conseil des droits de l\u2019homme, 2020, pp. 2-3).&nbsp;<\/li>\n<\/ul>\n\n\n\n<p class=\"wp-block-paragraph\">Cependant, pour que ces mesures prennent pleinement effet, il est n\u00e9cessaire que le Salvador puisse mettre des ressources financi\u00e8res, humaines et techniques suffisantes. Ce n\u2019est pas toujours le cas comme cela devrait \u00eatre le cas pour la Politique nationale de protection compl\u00e8te de l\u2019enfance et de l\u2019adolescence (2013-2023) (Comit\u00e9 des droits de l\u2019enfant, 2018, p. 2).<\/p>\n\n\n\n<h2 class=\"wp-block-heading\">R\u00e9pondre aux besoins des enfants&nbsp;<\/h2>\n\n\n\n<h3 class=\"wp-block-heading\">Droit \u00e0 l\u2019\u00e9ducation<\/h3>\n\n\n\n<p class=\"wp-block-paragraph\">Le manque de ressources concerne \u00e9galement de mani\u00e8re plus large des secteurs entiers li\u00e9s \u00e0 l\u2019application des droits de l\u2019enfant, notamment le<a href=\"https:\/\/www.humanium.org\/fr\/comprendre-droits-enfant\/droit-a-l-education\/\"> droit \u00e0 l\u2019\u00e9ducation<\/a>. Le syst\u00e8me \u00e9ducatif est gravement sous-financ\u00e9. Avec seulement 3,2 % du produit int\u00e9rieur brut d\u00e9di\u00e9 en 2018, les niveaux minimaux accept\u00e9s internationalement d\u2019investissement ne sont pas atteints (Comit\u00e9 des droits de l\u2019enfant, 2018, p. 2). Ce manque de financement se r\u00e9percute sur la qualit\u00e9 des infrastructures scolaires : de nombreuses \u00e9coles n\u2019ont pas<a href=\"https:\/\/www.humanium.org\/fr\/comprendre-droits-enfant\/droit-a-l-eau\/\"> acc\u00e8s \u00e0 l\u2019eau<\/a>, \u00e0 l\u2019\u00e9lectricit\u00e9 et \u00e0 des installations sanitaires salubres. <\/p>\n\n\n\n<p class=\"wp-block-paragraph\">L\u2019acc\u00e8s \u00e0 des infrastructures tels que des biblioth\u00e8ques,<a href=\"https:\/\/www.humanium.org\/fr\/les-consequences-negatives-de-la-fracture-numerique-pour-des-millions-denfants\/\"> des ordinateurs et Internet<\/a>, qui sont des ressources courantes dans beaucoup d\u2019\u00e9coles de l\u2019h\u00e9misph\u00e8re nord, n\u2019est m\u00eame pas envisag\u00e9, alors qu\u2019il y a un manque cruel de personnels enseignants. L\u2019acc\u00e8s \u00e0 l\u2019\u00e9cole elle-m\u00eame est difficile avec l\u2019ins\u00e9curit\u00e9 dans de nombreux quartiers du fait de l\u2019activit\u00e9 de gang (Comit\u00e9 des droits de l\u2019enfant, 2018, p. 12).<\/p>\n\n\n<div class=\"wp-block-image\">\n<figure class=\"alignright size-large is-resized\"><img loading=\"lazy\" decoding=\"async\" width=\"1024\" height=\"686\" src=\"https:\/\/www.humanium.org\/fr\/wp-content\/uploads\/2023\/02\/shutterstock_1948376095-1024x686.jpg\" alt=\"\" class=\"wp-image-54543\" style=\"width:343px;height:229px\" srcset=\"https:\/\/www.humanium.org\/fr\/wp-content\/uploads\/2023\/02\/shutterstock_1948376095-1024x686.jpg 1024w, https:\/\/www.humanium.org\/fr\/wp-content\/uploads\/2023\/02\/shutterstock_1948376095-300x201.jpg 300w, https:\/\/www.humanium.org\/fr\/wp-content\/uploads\/2023\/02\/shutterstock_1948376095-768x514.jpg 768w, https:\/\/www.humanium.org\/fr\/wp-content\/uploads\/2023\/02\/shutterstock_1948376095-1536x1028.jpg 1536w, https:\/\/www.humanium.org\/fr\/wp-content\/uploads\/2023\/02\/shutterstock_1948376095-2048x1371.jpg 2048w, https:\/\/www.humanium.org\/fr\/wp-content\/uploads\/2023\/02\/shutterstock_1948376095-830x556.jpg 830w, https:\/\/www.humanium.org\/fr\/wp-content\/uploads\/2023\/02\/shutterstock_1948376095-230x154.jpg 230w, https:\/\/www.humanium.org\/fr\/wp-content\/uploads\/2023\/02\/shutterstock_1948376095-350x234.jpg 350w, https:\/\/www.humanium.org\/fr\/wp-content\/uploads\/2023\/02\/shutterstock_1948376095-480x321.jpg 480w, https:\/\/www.humanium.org\/fr\/wp-content\/uploads\/2023\/02\/shutterstock_1948376095-272x182.jpg 272w\" sizes=\"auto, (max-width: 1024px) 100vw, 1024px\" \/><\/figure>\n<\/div>\n\n\n<p class=\"wp-block-paragraph\">Tous ces facteurs favorisent l\u2019abandon scolaire, v\u00e9ritable fl\u00e9au au Salvador notamment au cours de l&rsquo;enseignement secondaire (Comit\u00e9 des droits de l\u2019enfant, 2018, p. 12). Deux cat\u00e9gories de mineurs sont mises en avant par le Comit\u00e9 des droits de l\u2019enfant : les m\u00e8res adolescentes et les enfants<a href=\"https:\/\/www.humanium.org\/fr\/enfants-deplaces\/\"> migrants ou d\u00e9plac\u00e9s<\/a> \u00e0 l\u2019int\u00e9rieur du pays. Par exemple, aucune mesure n\u2019est prise pour favoriser le retour des<a href=\"https:\/\/www.humanium.org\/fr\/sexualite-des-adolescents\/\"> m\u00e8res adolescentes<\/a> apr\u00e8s leur accouchement (Comit\u00e9 des droits de l\u2019enfant, 2018, p. 12).&nbsp;<\/p>\n\n\n\n<p class=\"wp-block-paragraph\">Sur une note positive, le Salvador a entrepris un programme national d\u2019alphab\u00e9tisation, qui a \u00e9t\u00e9 salu\u00e9 par la communaut\u00e9 internationale. Par ailleurs, les \u00e9l\u00e8ves d\u2019\u00e9coles publiques ont tous re\u00e7u des fournitures scolaires et certains \u00e9tablissements b\u00e9n\u00e9ficient maintenant d\u2019une cantine (Conseil des droits de l\u2019homme, 2020, p. 11).&nbsp;<\/p>\n\n\n\n<h3 class=\"wp-block-heading\">Droit \u00e0 la vie<\/h3>\n\n\n\n<p class=\"wp-block-paragraph\">Le<a href=\"https:\/\/www.humanium.org\/fr\/comprendre-droits-enfant\/droit-a-la-vie\/\"> droit \u00e0 la vie<\/a>, \u00e0 la survie et au d\u00e9veloppement est inclus dans la Convention relative aux droits de l\u2019enfant mais constitue \u00e9galement l\u2019un des principes directeurs de ce trait\u00e9. Cela signifie notamment que l\u2019enfant a le \u00ab droit d\u2019\u00eatre \u00e0 l\u2019abri d\u2019actes et d\u2019omissions ayant pour but ou r\u00e9sultat escompt\u00e9 de causer une mort non naturelle ou pr\u00e9matur\u00e9e \u00bb (Comit\u00e9 des droits de l\u2019enfant, 2017, p. 12). Or, actuellement, ce droit n\u2019est pas respect\u00e9 dans ce pays. Le taux d\u2019homicides est tr\u00e8s \u00e9lev\u00e9 et touche particuli\u00e8rement les gar\u00e7ons. En 7 ans, il y a eu plus de 4000 d\u00e9c\u00e8s enregistr\u00e9s.&nbsp;<\/p>\n\n\n\n<p class=\"wp-block-paragraph\">Cependant, comme mentionn\u00e9 pr\u00e9c\u00e9demment, cette situation est \u00e9galement coupl\u00e9e avec un manque flagrant d\u2019informations accessibles sur les enqu\u00eates et les poursuites judiciaires (Comit\u00e9 des droits de l\u2019enfant, 2018, p. 4). Les armes sont un v\u00e9ritable fl\u00e9au dans ce pays.&nbsp; Le gouvernement prend peu de mesures pour contr\u00f4ler la disponibilit\u00e9 et la facilit\u00e9 d\u2019acc\u00e8s pour y rem\u00e9dier (Comit\u00e9 des droits de l\u2019enfant, 2018, p. 4).&nbsp;<\/p>\n\n\n\n<h3 class=\"wp-block-heading\">Droit \u00e0 la sant\u00e9<\/h3>\n\n\n\n<p class=\"wp-block-paragraph\">Un droit li\u00e9 au droit pr\u00e9c\u00e9dent est le droit \u00e0 la sant\u00e9, droit qui n\u2019est pas garanti aux enfants salvadoriens. De m\u00eame que pour le secteur de l\u2019\u00e9ducation, celui de la sant\u00e9 souffre d\u2019insuffisance de budgets allou\u00e9s (Comit\u00e9 des droits de l\u2019enfant, 2018, p. 2). Par exemple,<a href=\"https:\/\/www.humanium.org\/fr\/enfants-dependances\/\"> l\u2019addiction \u00e0 l\u2019alcool, au tabac et aux drogues<\/a> est un v\u00e9ritable d\u00e9fi en mati\u00e8re de sant\u00e9 publique et touche particuli\u00e8rement les jeunes mineurs. Fournir des ressources pour mettre en place des centres de sant\u00e9 sp\u00e9cialis\u00e9s dans les addictions et des campagnes de sensibilisation est primordial dans ce pays (Comit\u00e9 des droits de l\u2019enfant, 2018, p. 10).&nbsp;<\/p>\n\n\n<div class=\"wp-block-image\">\n<figure class=\"alignleft size-large is-resized\"><img loading=\"lazy\" decoding=\"async\" width=\"1024\" height=\"685\" src=\"https:\/\/www.humanium.org\/fr\/wp-content\/uploads\/2023\/02\/shutterstock_1948158487-1024x685.jpg\" alt=\"\" class=\"wp-image-54544\" style=\"width:362px;height:241px\" srcset=\"https:\/\/www.humanium.org\/fr\/wp-content\/uploads\/2023\/02\/shutterstock_1948158487-1024x685.jpg 1024w, https:\/\/www.humanium.org\/fr\/wp-content\/uploads\/2023\/02\/shutterstock_1948158487-300x201.jpg 300w, https:\/\/www.humanium.org\/fr\/wp-content\/uploads\/2023\/02\/shutterstock_1948158487-768x514.jpg 768w, https:\/\/www.humanium.org\/fr\/wp-content\/uploads\/2023\/02\/shutterstock_1948158487-1536x1028.jpg 1536w, https:\/\/www.humanium.org\/fr\/wp-content\/uploads\/2023\/02\/shutterstock_1948158487-2048x1371.jpg 2048w, https:\/\/www.humanium.org\/fr\/wp-content\/uploads\/2023\/02\/shutterstock_1948158487-830x556.jpg 830w, https:\/\/www.humanium.org\/fr\/wp-content\/uploads\/2023\/02\/shutterstock_1948158487-230x154.jpg 230w, https:\/\/www.humanium.org\/fr\/wp-content\/uploads\/2023\/02\/shutterstock_1948158487-350x234.jpg 350w, https:\/\/www.humanium.org\/fr\/wp-content\/uploads\/2023\/02\/shutterstock_1948158487-480x321.jpg 480w, https:\/\/www.humanium.org\/fr\/wp-content\/uploads\/2023\/02\/shutterstock_1948158487-272x182.jpg 272w\" sizes=\"auto, (max-width: 1024px) 100vw, 1024px\" \/><\/figure>\n<\/div>\n\n\n<p class=\"wp-block-paragraph\">Le Comit\u00e9 des droits de l\u2019enfant s\u2019est particuli\u00e8rement int\u00e9ress\u00e9 au cas des adolescentes enceintes, du fait notamment de la r\u00e9currence de ces situations (Comit\u00e9 des droits de l\u2019enfant, 2018, p. 2) et de d\u2019extr\u00eame violence associ\u00e9e. En effet, \u00ab un tiers de toutes les grossesses concerne des filles \u00e2g\u00e9es de 10 \u00e0 18 ans et [\u2026] un nombre \u00e9lev\u00e9 de filles tombent enceintes \u00e0 la suite d\u2019un viol ou d\u2019une atteinte sexuelle sur mineur \u00bb&nbsp; (Comit\u00e9 des droits de l\u2019enfant, 2018, p. 9).&nbsp;<\/p>\n\n\n\n<p class=\"wp-block-paragraph\">De mani\u00e8re g\u00e9n\u00e9rale, l\u2019acc\u00e8s \u00e0 des contraceptifs et \u00e0 des services de<a href=\"https:\/\/www.humanium.org\/fr\/sexualite-des-adolescents\/\"> sant\u00e9 sexuelle<\/a> est tr\u00e8s restreint pour les adolescents (Comit\u00e9 des droits de l\u2019enfant, 2018, p. 9) mais la situation d\u00e9plorable des m\u00e8res adolescentes va plus loin que cela. La principale cause de d\u00e9c\u00e8s chez cette population est le suicide. Il n\u2019est pas possible d\u2019avorter, m\u00eame si la grossesse est le r\u00e9sultat d\u2019un viol ou d\u2019un inceste, si la vie de la m\u00e8re est en danger ou si le f\u0153tus n\u2019est pas viable.&nbsp; Ce type d\u2019interdiction m\u00e8ne \u00e0 des pratiques dangereuses. Toutefois, le Salvador est bien au fait de cette situation et a mis en place une strat\u00e9gie nationale intersectorielle pour la pr\u00e9vention des grossesses chez les adolescentes de 2017 \u00e0 2027 ainsi que des programmes de sensibilisation (Comit\u00e9 des droits de l\u2019enfant, 2018, p. 10).&nbsp;<\/p>\n\n\n\n<h3 class=\"wp-block-heading\">Droit \u00e0 la protection<\/h3>\n\n\n\n<p class=\"wp-block-paragraph\">La<a href=\"https:\/\/www.humanium.org\/fr\/la-maltraitance-des-enfants\/\"> violence<\/a> est le lot quotidien des enfants du Salvador. Les ch\u00e2timents corporels font partie des m\u0153urs de ce pays (Comit\u00e9 des droits de l\u2019enfant, 2018, p. 7). La loi sur la<a href=\"https:\/\/www.humanium.org\/fr\/droit-a-la-protection\/\"> protection<\/a> des enfants et des adolescents interdit d\u00e9sormais toute forme de violence contre les enfants et les adolescents dans tous types d\u2019\u00e9tablissements d\u2019enseignement (Comit\u00e9 des droits de l\u2019enfant, 2018, p. 1 \/ Conseil des droits de l\u2019homme, 2020, pp. 2-3).&nbsp;<\/p>\n\n\n\n<p class=\"wp-block-paragraph\">Cependant, \u00e0 la maison, des<a href=\"https:\/\/www.humanium.org\/fr\/la-violence-au-sein-du-foyer-et-ses-consequences-sur-les-enfants\/\"> cas de violence dans le but d\u2019\u00e9duquer<\/a> les enfants sont toujours monnaie courante, ce qui est contraire \u00e0 l\u2019observation g\u00e9n\u00e9rale n\u00b08 de 2006 sur le droit de l\u2019enfant \u00e0 une protection contre les ch\u00e2timents corporels et les autres formes cruelles ou d\u00e9gradantes de ch\u00e2timents (Comit\u00e9 des droits de l&rsquo;enfant, 2007). <\/p>\n\n\n\n<p class=\"wp-block-paragraph\">Le Comit\u00e9 des droits de l\u2019enfant avait d\u2019ailleurs d\u00e9j\u00e0 soulign\u00e9 cette situation lors de recommandations pr\u00e9c\u00e9dentes. Le Salvador doit interdire ce type de punition mais surtout doit faire davantage d\u2019efforts pour promouvoir une \u00e9ducation positive (Comit\u00e9 des droits de l\u2019enfant, 2018, p. 7).&nbsp;&nbsp;<\/p>\n\n\n\n<p class=\"wp-block-paragraph\">En parall\u00e8le, de nombreux cas de maltraitance et de n\u00e9gligence sont port\u00e9s \u00e0 l\u2019attention des institutions du pays. Entre 2012 et 2015, pr\u00e8s de 46 000 cas de maltraitance et de n\u00e9gligence concernant 52 065 enfants ont \u00e9t\u00e9 signal\u00e9s aux commissions de protection. Plus de 13 000 cas ont \u00e9t\u00e9 port\u00e9s devant le Conseil national de l\u2019enfance et de l\u2019adolescence en 2016. <\/p>\n\n\n\n<p class=\"wp-block-paragraph\">\u00c0 noter qu\u2019il existe peu de donn\u00e9es sur l\u2019impact de ces signalements (Comit\u00e9 des droits de l\u2019enfant, 2018, p. 7). Par ailleurs, lorsque les enfants sont plac\u00e9s en institution, ils continuent de recevoir des mauvais traitements, ce qui \u00e9tait d\u00e9j\u00e0 un probl\u00e8me soulev\u00e9 par le <a href=\"https:\/\/www.humanium.org\/fr\/genese-comite-droits-enfant\/\">Comit\u00e9 des droits de l\u2019enfant<\/a> (Comit\u00e9 des droits de l\u2019enfant, 2018, p. 8).<\/p>\n\n\n\n<h2 class=\"wp-block-heading\">Facteurs de risques \u2192 D\u00e9fis sp\u00e9cifiques au pays&nbsp;<\/h2>\n\n\n\n<h3 class=\"wp-block-heading\">Les violences<\/h3>\n\n\n\n<p class=\"wp-block-paragraph\">Comme mentionn\u00e9 pr\u00e9c\u00e9demment, la violence fait partie de la vie quotidienne de la jeunesse salvadorienne. Les gangs de jeunes, ou <em>maras<\/em>, font la loi dans de nombreux quartiers. Les jeunes, aussi bien filles que gar\u00e7ons, sont recrut\u00e9s d\u00e8s l\u2019\u00e2ge de 12 ans (Comit\u00e9 des droits de l\u2019enfant, 2018, pp. 5-6) et subissent des<a href=\"https:\/\/www.humanium.org\/fr\/exploitation-sexuelle-enfants\/\"> abus sexuels<\/a> (Human Rights Watch, s.d.). Le Salvador a adopt\u00e9 le plan \u00ab El Salvador Seguro \u00bb (El Salvador s\u00fbr) pour enrayer la situation mais beaucoup d\u2019efforts sont encore \u00e0 faire (Comit\u00e9 des droits de l\u2019enfant, 2018, pp. 5-6), notamment parce qu\u2019il y a, l\u00e0 aussi, un d\u00e9faut de ressources financi\u00e8res, techniques et humaines (Comit\u00e9 des droits de l\u2019enfant, 2018, p. 6).&nbsp;<\/p>\n\n\n\n<p class=\"wp-block-paragraph\">Le taux de meurtres et de disparitions d\u2019enfants est encore tr\u00e8s \u00e9lev\u00e9, notamment \u00e0 cause des<em> maras<\/em>. Le climat d\u2019ins\u00e9curit\u00e9 a de forts impacts sur la sant\u00e9 mentale et le bien-\u00eatre des enfants (Hern\u00e1ndez, 2018). L\u2019impunit\u00e9 autour des crimes commis par ces gangs rend difficile de pallier cette situation et peu d\u2019attention est port\u00e9e pour lutter contre les causes structurelles de la violence (Comit\u00e9 des droits de l\u2019enfant, 2018, pp. 5-6).&nbsp;<\/p>\n\n\n\n<p class=\"wp-block-paragraph\">Pourtant la violence est l\u2019une des premi\u00e8res causes de<a href=\"https:\/\/www.humanium.org\/fr\/enfants-deplaces\/\"> d\u00e9placements \u00e0 l\u2019int\u00e9rieur<\/a> du pays (Comit\u00e9 des droits de l\u2019enfant, 2018, p. 6). Cela est renforc\u00e9 par des \u00ab all\u00e9gations persistantes de torture, d\u2019ex\u00e9cutions extrajudiciaires et<a href=\"https:\/\/www.humanium.org\/fr\/enfants-disparus\/\"> de disparitions forc\u00e9es d\u2019enfants<\/a> aux mains de la police et des forces arm\u00e9es, en particulier dans le contexte de la lutte contre la criminalit\u00e9 organis\u00e9e \u00bb (Comit\u00e9 des droits de l\u2019enfant, 2018, p. 6).&nbsp;&nbsp;<\/p>\n\n\n\n<p class=\"wp-block-paragraph\">Il est important de r\u00e9aliser qu&rsquo;au-del\u00e0 de cr\u00e9er un climat d\u2019ins\u00e9curit\u00e9, cette violence a des impacts sur la r\u00e9alisation et la protection des droits de l\u2019enfant. Par exemple, beaucoup d\u2019\u00e9coles se trouvent dans des territoires contr\u00f4l\u00e9s par les <em>maras<\/em> ou dans des zones o\u00f9 le trafic de drogues et les armes sont particuli\u00e8rement pr\u00e9sents. <\/p>\n\n\n\n<p class=\"wp-block-paragraph\">Des cas de violence sexuelle et de traite d\u2019enfants ont \u00e9t\u00e9 signal\u00e9s dans des \u00e9coles et il y a<a href=\"https:\/\/www.humanium.org\/fr\/tuerie-en-milieu-scolaire\/\"> beaucoup de meurtres d\u2019enseignants et d\u2019\u00e9l\u00e8ves<\/a> (Comit\u00e9 des droits de l\u2019enfant, 2018, p. 11). En 2017, pr\u00e8s de la moiti\u00e9 des \u00e9tablissements publics \u00e9taient dans des quartiers o\u00f9 agissent les gangs (Hern\u00e1ndez, 2018).&nbsp;<\/p>\n\n\n\n<h3 class=\"wp-block-heading\">Les discriminations<\/h3>\n\n\n\n<p class=\"wp-block-paragraph\">La<a href=\"https:\/\/www.humanium.org\/fr\/droit-non-discrimination\/\"> discrimination<\/a> de genre est un d\u00e9fi auquel est confront\u00e9 le Salvador. La discrimination touche les gar\u00e7ons et les filles de mani\u00e8re diff\u00e9rente. Les filles sont particuli\u00e8rement discrimin\u00e9es en termes d\u2019acc\u00e8s \u00e0 l\u2019\u00e9ducation et aux services de sant\u00e9 sexuelle. Elles sont aussi plus concern\u00e9es par les violences sexuelles. Les gar\u00e7ons souffrent, quant \u00e0 eux, davantage des st\u00e9r\u00e9otypes li\u00e9s \u00e0 la violence. Sans compter les discriminations globales qui touchent les enfants autochtones, ceux qui sont handicap\u00e9s et\/ou qui appartiennent \u00e0 la communaut\u00e9 LGBTQI2+ (Comit\u00e9 des droits de l\u2019enfant, 2018, p. 4).&nbsp;<\/p>\n\n\n\n<p class=\"wp-block-paragraph\">Les <em>maras<\/em> ont d\u2019ailleurs des actions particuli\u00e8rement homophobes (Human Rights Watch, s.d.). Dans le but d&rsquo;apporter des changements, le Salvador a mis en place le Syst\u00e8me national de promotion de l\u2019\u00e9galit\u00e9 r\u00e9elle et le Plan national pour l\u2019\u00e9galit\u00e9 (2016-2020) (Conseil des droits de l\u2019homme, 2020, p. 7).<\/p>\n\n\n\n<h3 class=\"wp-block-heading\">Exploitation sexuelle<\/h3>\n\n\n\n<p class=\"wp-block-paragraph\">Les <a href=\"https:\/\/www.humanium.org\/fr\/exploitation\/\">violences sexuelles<\/a> envers les filles prennent de plus en plus d\u2019ampleur au Salvador dans un climat d\u2019impunit\u00e9 totale. Entre janvier et ao\u00fbt 2017, 1029 infractions sexuelles ont \u00e9t\u00e9 commises \u00e0 l\u2019encontre de filles de 13 \u00e0 17 ans dont 769 viols. Les <em>maras<\/em> jouent un grand r\u00f4le dans ces actes, avec notamment l\u2019id\u00e9e que les filles \u00e2g\u00e9es de plus de 12 ans sont consid\u00e9r\u00e9es comme des \u00ab futures mari\u00e9es \u00bb&nbsp; (Comit\u00e9 des droits de l\u2019enfant, 2018, p. 7).&nbsp;<\/p>\n\n\n\n<p class=\"wp-block-paragraph\">Il existe n\u00e9anmoins des programmes pour aider les filles et lutter contre les violences sexuelles, comme le projet \u00ab Ciudad Mujer Joven \u00bb (La cit\u00e9 des jeunes femmes) (Comit\u00e9 des droits de l\u2019enfant, 2018, p. 7). Au niveau national, le minist\u00e8re de l\u2019\u00c9ducation a lanc\u00e9 une enqu\u00eate nationale sur la violence sexiste et l\u2019<a href=\"https:\/\/www.humanium.org\/fr\/enfants-lgbtq\/\">orientation<\/a> sexuelle, coupl\u00e9e par la cr\u00e9ation d\u2019un cabinet minist\u00e9riel de 2019 \u00e0 2024 pour la mise en place de mesures dans ces domaines&nbsp; (Conseil des droits de l\u2019homme, 2020, p. 7). Par ailleurs, un des volets du plan pour la s\u00e9curit\u00e9 nationale prend en compte les violences faites aux enfants&nbsp; (Conseil des droits de l\u2019homme, 2020, p. 7).&nbsp;<\/p>\n\n\n\n<h3 class=\"wp-block-heading\">La pauvret\u00e9<\/h3>\n\n\n\n<p class=\"wp-block-paragraph\">Le Salvador est un pays o\u00f9 il existe de fortes in\u00e9galit\u00e9s. Avant la pand\u00e9mie, il y avait une l\u00e9g\u00e8re am\u00e9lioration, avec, entre 2012 et 2016, une baisse des taux de<a href=\"https:\/\/www.humanium.org\/fr\/pauvrete\/\"> pauvret\u00e9<\/a> et des in\u00e9galit\u00e9s (Comit\u00e9 des droits de l\u2019enfant, 2018, p. 11). <\/p>\n\n\n<div class=\"wp-block-image\">\n<figure class=\"alignright size-large is-resized\"><img loading=\"lazy\" decoding=\"async\" width=\"1024\" height=\"680\" src=\"https:\/\/www.humanium.org\/fr\/wp-content\/uploads\/2023\/02\/shutterstock_1921943723-1024x680.jpg\" alt=\"\" class=\"wp-image-54545\" style=\"width:342px;height:225px\" srcset=\"https:\/\/www.humanium.org\/fr\/wp-content\/uploads\/2023\/02\/shutterstock_1921943723-1024x680.jpg 1024w, https:\/\/www.humanium.org\/fr\/wp-content\/uploads\/2023\/02\/shutterstock_1921943723-300x199.jpg 300w, https:\/\/www.humanium.org\/fr\/wp-content\/uploads\/2023\/02\/shutterstock_1921943723-768x510.jpg 768w, https:\/\/www.humanium.org\/fr\/wp-content\/uploads\/2023\/02\/shutterstock_1921943723-1536x1020.jpg 1536w, https:\/\/www.humanium.org\/fr\/wp-content\/uploads\/2023\/02\/shutterstock_1921943723-2048x1360.jpg 2048w, https:\/\/www.humanium.org\/fr\/wp-content\/uploads\/2023\/02\/shutterstock_1921943723-830x551.jpg 830w, https:\/\/www.humanium.org\/fr\/wp-content\/uploads\/2023\/02\/shutterstock_1921943723-230x153.jpg 230w, https:\/\/www.humanium.org\/fr\/wp-content\/uploads\/2023\/02\/shutterstock_1921943723-350x232.jpg 350w, https:\/\/www.humanium.org\/fr\/wp-content\/uploads\/2023\/02\/shutterstock_1921943723-480x319.jpg 480w, https:\/\/www.humanium.org\/fr\/wp-content\/uploads\/2023\/02\/shutterstock_1921943723-272x182.jpg 272w\" sizes=\"auto, (max-width: 1024px) 100vw, 1024px\" \/><\/figure>\n<\/div>\n\n\n<p class=\"wp-block-paragraph\">Cependant, avec cette crise sanitaire et ses cons\u00e9quences, la Banque mondiale pr\u00e9voit que le taux de pauvret\u00e9 passe de 29% \u00e0 40% des foyers, ce qui concerne 600 000 personnes.&nbsp; Avec pr\u00e8s de 70% de la population active travaillant dans le secteur informel, cela augmenterait les in\u00e9galit\u00e9s de revenus (Direction g\u00e9n\u00e9rale du Tr\u00e9sor, 2021). \u00c0 noter qu\u2019il existe de fortes in\u00e9galit\u00e9s entre les zones urbaines et rurales (Comit\u00e9 des droits de l\u2019enfant, 2018, p. 11).<\/p>\n\n\n\n<p class=\"wp-block-paragraph\">Les m\u00e9nages avec enfants sont surrepr\u00e9sent\u00e9s dans la pauvret\u00e9. Or, le d\u00e9nuement \u00e9conomique a de forts impacts sur la r\u00e9alisation des droits des enfants. Par exemple, c\u2019est une des causes de la forte malnutrition infantile, qui touche particuli\u00e8rement les enfants aux foyers pauvres (Comit\u00e9 des droits de l\u2019enfant, 2018, p. 11). Cela conduit les enfants \u00e0 travailler et \u00e0 vivre dans la rue. (Comit\u00e9 des droits de l\u2019enfant, 2018, p. 14).&nbsp;<\/p>\n\n\n\n<p class=\"wp-block-paragraph\"><em><strong>\u00c9crit par Juliette Bail<\/strong><\/em><\/p>\n\n\n\n<p class=\"wp-block-paragraph\"><em><strong>Derni\u00e8re mise \u00e0 jour le 26 mai 2022<\/strong><\/em><\/p>\n\n\n\n<h4 class=\"wp-block-heading\"><strong>Travaux cit\u00e9s :<\/strong><\/h4>\n\n\n\n<p class=\"has-small-font-size wp-block-paragraph\">Comit\u00e9 des droits de l\u2019enfant. (2017, juin 21). <em>Observation g\u00e9n\u00e9rale no 21 (2017) sur les enfants des rues.<\/em> R\u00e9cup\u00e9r\u00e9 sur Convention relative aux droits de l\u2019enfant: <a href=\"https:\/\/digitallibrary.un.org\/record\/1304490\" target=\"_blank\" rel=\"noreferrer noopener\">https:\/\/digitallibrary.un.org\/record\/1304490<\/a>, consult\u00e9 le 3 mai, 2022.<\/p>\n\n\n\n<p class=\"has-small-font-size wp-block-paragraph\">CIA. (s.d.). <em>El Salvador<\/em>. R\u00e9cup\u00e9r\u00e9 sur The world factbook: <a href=\"https:\/\/www.cia.gov\/the-world-factbook\/countries\/el-salvador\/\" target=\"_blank\" rel=\"noreferrer noopener\">https:\/\/www.cia.gov\/the-world-factbook\/countries\/el-salvador\/<\/a>, &nbsp;consult\u00e9 le 3 mai 2022.<\/p>\n\n\n\n<p class=\"has-small-font-size wp-block-paragraph\">Comit\u00e9 des droits de l&rsquo;enfant. (2007, mars 2). <em>Observation g\u00e9n\u00e9rale n\u00b08 &#8211; Le droit de l\u2019enfant \u00e0 une protection contre les ch\u00e2timents corporels et les autres formes cruelles ou d\u00e9gradantes de ch\u00e2timents.<\/em> R\u00e9cup\u00e9r\u00e9 sur Nations Unies, consult\u00e9 le 6 mai, 2022.<\/p>\n\n\n\n<p class=\"has-small-font-size wp-block-paragraph\">Comit\u00e9 des droits de l\u2019enfant. (2018, novembre 29). <em>Observations finales concernant le rapport d\u2019El Salvador valant cinqui\u00e8me et sixi\u00e8me rapports p\u00e9riodiques.<\/em> R\u00e9cup\u00e9r\u00e9 sur Base de donn\u00e9es relative aux organes conventionnels de l\u2019ONU: <a href=\"https:\/\/tbinternet.ohchr.org\/_layouts\/15\/treatybodyexternal\/Download.aspx?symbolno=CRC%2FC%2FSLV%2FCO%2F5-6&amp;Lang=en\" target=\"_blank\" rel=\"noreferrer noopener\">https:\/\/tbinternet.ohchr.org\/_layouts\/15\/treatybodyexternal\/Download.aspx?symbolno=CRC%2FC%2FSLV%2FCO%2F5-6&amp;Lang=en<\/a>, consult\u00e9 le 3 mai, 2022.<\/p>\n\n\n\n<p class=\"has-small-font-size wp-block-paragraph\">Conseil des droits de l\u2019homme. (2020, janvier 2). <em>Rapport du Groupe de travail sur l\u2019Examen p\u00e9riodique universel &#8211; El Salvador<\/em>. R\u00e9cup\u00e9r\u00e9&nbsp; sur Assembl\u00e9e g\u00e9n\u00e9rale des Nations Unies: <a href=\"https:\/\/documents-dds-ny.un.org\/doc\/UNDOC\/GEN\/G20\/000\/16\/PDF\/G2000016.pdf?OpenElement\" target=\"_blank\" rel=\"noreferrer noopener\">https:\/\/documents-dds-ny.un.org\/doc\/UNDOC\/GEN\/G20\/000\/16\/PDF\/G2000016.pdf?OpenElement<\/a>, consult\u00e9 le 6 mai 2022.<\/p>\n\n\n\n<p class=\"has-small-font-size wp-block-paragraph\">Direction g\u00e9n\u00e9rale du Tr\u00e9sor. (2019, mai 22). <em>Situation \u00e9conomique et financi\u00e8re du Salvador &#8211; Mai 2019<\/em>. R\u00e9cup\u00e9r\u00e9 sur Direction g\u00e9n\u00e9rale du Tr\u00e9sor: <a href=\"https:\/\/www.tresor.economie.gouv.fr\/Articles\/2019\/05\/22\/situation-economique-et-financiere-du-salvador-mai-2019\" target=\"_blank\" rel=\"noreferrer noopener\">https:\/\/www.tresor.economie.gouv.fr\/Articles\/2019\/05\/22\/situation-economique-et-financiere-du-salvador-mai-2019<\/a>, consult\u00e9 le 3 mai 2022.<\/p>\n\n\n\n<p class=\"has-small-font-size wp-block-paragraph\">Direction g\u00e9n\u00e9rale du Tr\u00e9sor. (2021, d\u00e9cembre 15). <em>Salvador : Le gouvernement met en place un plan \u00e9conomique d\u2019envergure pour faire face \u00e0 la pand\u00e9mie.<\/em> R\u00e9cup\u00e9r\u00e9 sur Minist\u00e8re de l&rsquo;\u00e9conomie, des finances et de la relance &#8211; France: <a href=\"https:\/\/www.tresor.economie.gouv.fr\/Pays\/SV\/situation-economique-et-financiere\" target=\"_blank\" rel=\"noreferrer noopener\">https:\/\/www.tresor.economie.gouv.fr\/Pays\/SV\/situation-economique-et-financiere<\/a>, consult\u00e9 le 3 mai, 2022.<\/p>\n\n\n\n<p class=\"has-small-font-size wp-block-paragraph\">Hern\u00e1ndez, R. (2018, septembre 14). <em>Vivre dans la peur : le sort des enfants d\u00e9plac\u00e9s \u00e0 cause de l\u2019extorsion des gangs en El Salvador.<\/em> R\u00e9cup\u00e9r\u00e9 sur UNICEF: <a href=\"https:\/\/www.unicef.org\/fr\/recits\/vivre-dans-la-peur-le-sort-des-enfants-d%C3%A9plac%C3%A9s-%C3%A0-cause-de-lextorsion-des-gangs-en-el\" target=\"_blank\" rel=\"noreferrer noopener\">https:\/\/www.unicef.org\/fr\/recits\/vivre-dans-la-peur-le-sort-des-enfants-d\u00e9plac\u00e9s-\u00e0-cause-de-lextorsion-des-gangs-en-el<\/a>, consult\u00e9 le 3 mai 2022.<\/p>\n\n\n\n<p class=\"has-small-font-size wp-block-paragraph\">Human Rights Watch. (2019). <em>El Salvador.<\/em> R\u00e9cup\u00e9r\u00e9 sur Human Rights Watch: <a href=\"https:\/\/www.hrw.org\/world-report\/2020\/country-chapters\/el-salvador\" target=\"_blank\" rel=\"noreferrer noopener\">https:\/\/www.hrw.org\/world-report\/2020\/country-chapters\/el-salvador<\/a>, consult\u00e9 le 3 mai, 2022.<\/p>\n\n\n\n<p class=\"has-small-font-size wp-block-paragraph\">Human Rights Watch. (s.d.). <em>El Salavador &#8211; events 2019.<\/em> R\u00e9cup\u00e9r\u00e9 sur Human Rights Watch: <a href=\"https:\/\/www.hrw.org\/world-report\/2020\/country-chapters\/el-salvador\" target=\"_blank\" rel=\"noreferrer noopener\">https:\/\/www.hrw.org\/world-report\/2020\/country-chapters\/el-salvador<\/a>, consult\u00e9 le 3 mai, 2022.<\/p>\n\n\n\n<p class=\"has-small-font-size wp-block-paragraph\">Human Rights Watch. (s.d.). <em>El Salvador &#8211; Events of 2019<\/em>. R\u00e9cup\u00e9r\u00e9&nbsp; sur Human Rights Watch: <a href=\"https:\/\/www.hrw.org\/world-report\/2020\/country-chapters\/el-salvador\" target=\"_blank\" rel=\"noreferrer noopener\">https:\/\/www.hrw.org\/world-report\/2020\/country-chapters\/el-salvador<\/a>, consult\u00e9 le 3 mai, 2022.<\/p>\n\n\n\n<hr class=\"wp-block-separator has-alpha-channel-opacity\"\/>\n\n\n\n<p class=\"has-small-font-size wp-block-paragraph\"><a href=\"#_ftnref1\"><sup>[1]<\/sup><\/a> &nbsp;&nbsp;Cet article ne se veut pas un compte rendu exhaustif ou repr\u00e9sentatif des droits de l&rsquo;enfant au Salvador ; en effet, l&rsquo;un des nombreux d\u00e9fis \u00e0 relever est la raret\u00e9 des informations actuelles sur les enfants, en particulier celles traduites en fran\u00e7ais ou en anglais. Cet article se base majoritairement sur des sources issues des Nations Unies qui m\u00e9riteraient d\u2019\u00eatre corrobor\u00e9es avec des ressources venant d\u2019autres organismes.<\/p>\n","protected":false},"excerpt":{"rendered":"<p>Concr\u00e9tiser les droits de l&rsquo;enfant au Salvador Le Salvador est un pays complexe, gangr\u00e9n\u00e9 par la violence des gangs qui affecte fortement les enfants et le respect de leurs droits fondamentaux. Cela accentue des d\u00e9fis d\u00e9j\u00e0 pr\u00e9sents dans le pays. N\u00e9anmoins, le pays a progress\u00e9, notamment en termes de l\u00e9gislation, de qualit\u00e9 de vie et [&hellip;]<\/p>\n","protected":false},"author":65,"featured_media":0,"parent":0,"menu_order":0,"comment_status":"closed","ping_status":"closed","template":"","meta":{"footnotes":""},"class_list":["post-21906","page","type-page","status-publish","hentry"],"yoast_head":"<!-- This site is optimized with the Yoast SEO plugin v28.3 - https:\/\/yoast.com\/product\/yoast-seo-wordpress\/ -->\n<title>Enfants du Salvador - Humanium<\/title>\n<meta name=\"description\" content=\"Avec la violence, la pauvret\u00e9 et l&#039;exploitation sexuelle, le Salvador est confront\u00e9 \u00e0 plusieurs probl\u00e8mes qui affectent la vie des enfants.\" \/>\n<meta name=\"robots\" content=\"index, follow, max-snippet:-1, max-image-preview:large, max-video-preview:-1\" \/>\n<link rel=\"canonical\" href=\"https:\/\/www.humanium.org\/fr\/salvador\/\" \/>\n<meta property=\"og:locale\" content=\"fr_FR\" \/>\n<meta property=\"og:type\" content=\"article\" \/>\n<meta property=\"og:title\" content=\"Enfants du Salvador - Humanium\" \/>\n<meta property=\"og:description\" content=\"Avec la violence, la pauvret\u00e9 et l&#039;exploitation sexuelle, le Salvador est confront\u00e9 \u00e0 plusieurs probl\u00e8mes qui affectent la vie des enfants.\" \/>\n<meta property=\"og:url\" content=\"https:\/\/www.humanium.org\/fr\/salvador\/\" \/>\n<meta property=\"og:site_name\" content=\"Humanium\" \/>\n<meta property=\"article:modified_time\" content=\"2025-12-10T02:43:14+00:00\" \/>\n<meta property=\"og:image\" content=\"https:\/\/www.humanium.org\/fr\/wp-content\/uploads\/2023\/02\/Shutterstock_1948376119.jpg\" \/>\n\t<meta property=\"og:image:width\" content=\"400\" \/>\n\t<meta property=\"og:image:height\" content=\"400\" \/>\n\t<meta property=\"og:image:type\" content=\"image\/jpeg\" \/>\n<meta name=\"twitter:card\" content=\"summary_large_image\" \/>\n<meta name=\"twitter:label1\" content=\"Dur\u00e9e de lecture estim\u00e9e\" \/>\n\t<meta name=\"twitter:data1\" content=\"17 minutes\" \/>\n<script type=\"application\/ld+json\" class=\"yoast-schema-graph\">{\"@context\":\"https:\\\/\\\/schema.org\",\"@graph\":[{\"@type\":\"WebPage\",\"@id\":\"https:\\\/\\\/www.humanium.org\\\/fr\\\/salvador\\\/\",\"url\":\"https:\\\/\\\/www.humanium.org\\\/fr\\\/salvador\\\/\",\"name\":\"Enfants du Salvador - Humanium\",\"isPartOf\":{\"@id\":\"https:\\\/\\\/www.humanium.org\\\/fr\\\/#website\"},\"primaryImageOfPage\":{\"@id\":\"https:\\\/\\\/www.humanium.org\\\/fr\\\/salvador\\\/#primaryimage\"},\"image\":{\"@id\":\"https:\\\/\\\/www.humanium.org\\\/fr\\\/salvador\\\/#primaryimage\"},\"thumbnailUrl\":\"https:\\\/\\\/www.humanium.org\\\/fr\\\/wp-content\\\/uploads\\\/2023\\\/02\\\/Shutterstock_1948376119-300x300.jpg\",\"datePublished\":\"2012-12-26T09:41:26+00:00\",\"dateModified\":\"2025-12-10T02:43:14+00:00\",\"description\":\"Avec la violence, la pauvret\u00e9 et l'exploitation sexuelle, le Salvador est confront\u00e9 \u00e0 plusieurs probl\u00e8mes qui affectent la vie des enfants.\",\"breadcrumb\":{\"@id\":\"https:\\\/\\\/www.humanium.org\\\/fr\\\/salvador\\\/#breadcrumb\"},\"inLanguage\":\"fr-FR\",\"potentialAction\":[{\"@type\":\"ReadAction\",\"target\":[\"https:\\\/\\\/www.humanium.org\\\/fr\\\/salvador\\\/\"]}]},{\"@type\":\"ImageObject\",\"inLanguage\":\"fr-FR\",\"@id\":\"https:\\\/\\\/www.humanium.org\\\/fr\\\/salvador\\\/#primaryimage\",\"url\":\"https:\\\/\\\/www.humanium.org\\\/fr\\\/wp-content\\\/uploads\\\/2023\\\/02\\\/Shutterstock_1948376119.jpg\",\"contentUrl\":\"https:\\\/\\\/www.humanium.org\\\/fr\\\/wp-content\\\/uploads\\\/2023\\\/02\\\/Shutterstock_1948376119.jpg\",\"width\":400,\"height\":400},{\"@type\":\"BreadcrumbList\",\"@id\":\"https:\\\/\\\/www.humanium.org\\\/fr\\\/salvador\\\/#breadcrumb\",\"itemListElement\":[{\"@type\":\"ListItem\",\"position\":1,\"name\":\"Home\",\"item\":\"https:\\\/\\\/www.humanium.org\\\/fr\\\/\"},{\"@type\":\"ListItem\",\"position\":2,\"name\":\"Enfants du Salvador\"}]},{\"@type\":\"WebSite\",\"@id\":\"https:\\\/\\\/www.humanium.org\\\/fr\\\/#website\",\"url\":\"https:\\\/\\\/www.humanium.org\\\/fr\\\/\",\"name\":\"Humanium\",\"description\":\"Les enfants d\u2019abord !\",\"potentialAction\":[{\"@type\":\"SearchAction\",\"target\":{\"@type\":\"EntryPoint\",\"urlTemplate\":\"https:\\\/\\\/www.humanium.org\\\/fr\\\/?s={search_term_string}\"},\"query-input\":{\"@type\":\"PropertyValueSpecification\",\"valueRequired\":true,\"valueName\":\"search_term_string\"}}],\"inLanguage\":\"fr-FR\"}]}<\/script>\n<!-- \/ Yoast SEO plugin. -->","yoast_head_json":{"title":"Enfants du Salvador - Humanium","description":"Avec la violence, la pauvret\u00e9 et l'exploitation sexuelle, le Salvador est confront\u00e9 \u00e0 plusieurs probl\u00e8mes qui affectent la vie des enfants.","robots":{"index":"index","follow":"follow","max-snippet":"max-snippet:-1","max-image-preview":"max-image-preview:large","max-video-preview":"max-video-preview:-1"},"canonical":"https:\/\/www.humanium.org\/fr\/salvador\/","og_locale":"fr_FR","og_type":"article","og_title":"Enfants du Salvador - Humanium","og_description":"Avec la violence, la pauvret\u00e9 et l'exploitation sexuelle, le Salvador est confront\u00e9 \u00e0 plusieurs probl\u00e8mes qui affectent la vie des enfants.","og_url":"https:\/\/www.humanium.org\/fr\/salvador\/","og_site_name":"Humanium","article_modified_time":"2025-12-10T02:43:14+00:00","og_image":[{"width":400,"height":400,"url":"https:\/\/www.humanium.org\/fr\/wp-content\/uploads\/2023\/02\/Shutterstock_1948376119.jpg","type":"image\/jpeg"}],"twitter_card":"summary_large_image","twitter_misc":{"Dur\u00e9e de lecture estim\u00e9e":"17 minutes"},"schema":{"@context":"https:\/\/schema.org","@graph":[{"@type":"WebPage","@id":"https:\/\/www.humanium.org\/fr\/salvador\/","url":"https:\/\/www.humanium.org\/fr\/salvador\/","name":"Enfants du Salvador - Humanium","isPartOf":{"@id":"https:\/\/www.humanium.org\/fr\/#website"},"primaryImageOfPage":{"@id":"https:\/\/www.humanium.org\/fr\/salvador\/#primaryimage"},"image":{"@id":"https:\/\/www.humanium.org\/fr\/salvador\/#primaryimage"},"thumbnailUrl":"https:\/\/www.humanium.org\/fr\/wp-content\/uploads\/2023\/02\/Shutterstock_1948376119-300x300.jpg","datePublished":"2012-12-26T09:41:26+00:00","dateModified":"2025-12-10T02:43:14+00:00","description":"Avec la violence, la pauvret\u00e9 et l'exploitation sexuelle, le Salvador est confront\u00e9 \u00e0 plusieurs probl\u00e8mes qui affectent la vie des enfants.","breadcrumb":{"@id":"https:\/\/www.humanium.org\/fr\/salvador\/#breadcrumb"},"inLanguage":"fr-FR","potentialAction":[{"@type":"ReadAction","target":["https:\/\/www.humanium.org\/fr\/salvador\/"]}]},{"@type":"ImageObject","inLanguage":"fr-FR","@id":"https:\/\/www.humanium.org\/fr\/salvador\/#primaryimage","url":"https:\/\/www.humanium.org\/fr\/wp-content\/uploads\/2023\/02\/Shutterstock_1948376119.jpg","contentUrl":"https:\/\/www.humanium.org\/fr\/wp-content\/uploads\/2023\/02\/Shutterstock_1948376119.jpg","width":400,"height":400},{"@type":"BreadcrumbList","@id":"https:\/\/www.humanium.org\/fr\/salvador\/#breadcrumb","itemListElement":[{"@type":"ListItem","position":1,"name":"Home","item":"https:\/\/www.humanium.org\/fr\/"},{"@type":"ListItem","position":2,"name":"Enfants du Salvador"}]},{"@type":"WebSite","@id":"https:\/\/www.humanium.org\/fr\/#website","url":"https:\/\/www.humanium.org\/fr\/","name":"Humanium","description":"Les enfants d\u2019abord !","potentialAction":[{"@type":"SearchAction","target":{"@type":"EntryPoint","urlTemplate":"https:\/\/www.humanium.org\/fr\/?s={search_term_string}"},"query-input":{"@type":"PropertyValueSpecification","valueRequired":true,"valueName":"search_term_string"}}],"inLanguage":"fr-FR"}]}},"_links":{"self":[{"href":"https:\/\/www.humanium.org\/fr\/wp-json\/wp\/v2\/pages\/21906","targetHints":{"allow":["GET"]}}],"collection":[{"href":"https:\/\/www.humanium.org\/fr\/wp-json\/wp\/v2\/pages"}],"about":[{"href":"https:\/\/www.humanium.org\/fr\/wp-json\/wp\/v2\/types\/page"}],"author":[{"embeddable":true,"href":"https:\/\/www.humanium.org\/fr\/wp-json\/wp\/v2\/users\/65"}],"replies":[{"embeddable":true,"href":"https:\/\/www.humanium.org\/fr\/wp-json\/wp\/v2\/comments?post=21906"}],"version-history":[{"count":21,"href":"https:\/\/www.humanium.org\/fr\/wp-json\/wp\/v2\/pages\/21906\/revisions"}],"predecessor-version":[{"id":61001,"href":"https:\/\/www.humanium.org\/fr\/wp-json\/wp\/v2\/pages\/21906\/revisions\/61001"}],"wp:attachment":[{"href":"https:\/\/www.humanium.org\/fr\/wp-json\/wp\/v2\/media?parent=21906"}],"curies":[{"name":"wp","href":"https:\/\/api.w.org\/{rel}","templated":true}]}}