{"id":21917,"date":"2012-09-24T16:30:37","date_gmt":"2012-09-24T16:30:37","guid":{"rendered":"http:\/\/www.humanium.org\/fr\/?page_id=21917"},"modified":"2026-01-17T14:57:07","modified_gmt":"2026-01-17T14:57:07","slug":"bulgarie","status":"publish","type":"page","link":"https:\/\/www.humanium.org\/fr\/bulgarie\/","title":{"rendered":"Enfants de Bulgarie"},"content":{"rendered":"\n<h2 class=\"wp-block-heading\"><strong>La r\u00e9alisation des droits de l\u2019enfant en Bulgarie<\/strong><\/h2>\n\n\n\n<div class=\"wp-block-columns is-layout-flex wp-container-core-columns-is-layout-8f761849 wp-block-columns-is-layout-flex\">\n<div class=\"wp-block-column is-layout-flow wp-block-column-is-layout-flow\"><div class=\"wp-block-image is-style-rounded\">\n<figure class=\"aligncenter size-large is-resized\"><img loading=\"lazy\" decoding=\"async\" width=\"1024\" height=\"1024\" src=\"https:\/\/www.humanium.org\/fr\/wp-content\/uploads\/2026\/01\/shutterstock_489378961_edited-1024x1024.jpeg\" alt=\"\" class=\"wp-image-61610\" style=\"object-fit:cover;width:200px;height:200px\" srcset=\"https:\/\/www.humanium.org\/fr\/wp-content\/uploads\/2026\/01\/shutterstock_489378961_edited-1024x1024.jpeg 1024w, https:\/\/www.humanium.org\/fr\/wp-content\/uploads\/2026\/01\/shutterstock_489378961_edited-300x300.jpeg 300w, https:\/\/www.humanium.org\/fr\/wp-content\/uploads\/2026\/01\/shutterstock_489378961_edited-150x150.jpeg 150w, https:\/\/www.humanium.org\/fr\/wp-content\/uploads\/2026\/01\/shutterstock_489378961_edited-768x768.jpeg 768w, https:\/\/www.humanium.org\/fr\/wp-content\/uploads\/2026\/01\/shutterstock_489378961_edited-1536x1536.jpeg 1536w, https:\/\/www.humanium.org\/fr\/wp-content\/uploads\/2026\/01\/shutterstock_489378961_edited-2048x2048.jpeg 2048w, https:\/\/www.humanium.org\/fr\/wp-content\/uploads\/2026\/01\/shutterstock_489378961_edited-830x830.jpeg 830w, https:\/\/www.humanium.org\/fr\/wp-content\/uploads\/2026\/01\/shutterstock_489378961_edited-230x230.jpeg 230w, https:\/\/www.humanium.org\/fr\/wp-content\/uploads\/2026\/01\/shutterstock_489378961_edited-350x350.jpeg 350w, https:\/\/www.humanium.org\/fr\/wp-content\/uploads\/2026\/01\/shutterstock_489378961_edited-480x480.jpeg 480w\" sizes=\"auto, (max-width: 1024px) 100vw, 1024px\" \/><\/figure>\n<\/div><\/div>\n\n\n\n<div class=\"wp-block-column is-layout-flow wp-block-column-is-layout-flow\"><div class=\"wp-block-image is-style-rounded\">\n<figure class=\"aligncenter size-large is-resized\"><img loading=\"lazy\" decoding=\"async\" width=\"1024\" height=\"1024\" src=\"https:\/\/www.humanium.org\/fr\/wp-content\/uploads\/2026\/01\/shutterstock_434477041_edited-1024x1024.jpeg\" alt=\"\" class=\"wp-image-61611\" style=\"object-fit:cover;width:200px;height:200px\" srcset=\"https:\/\/www.humanium.org\/fr\/wp-content\/uploads\/2026\/01\/shutterstock_434477041_edited-1024x1024.jpeg 1024w, https:\/\/www.humanium.org\/fr\/wp-content\/uploads\/2026\/01\/shutterstock_434477041_edited-300x300.jpeg 300w, https:\/\/www.humanium.org\/fr\/wp-content\/uploads\/2026\/01\/shutterstock_434477041_edited-150x150.jpeg 150w, https:\/\/www.humanium.org\/fr\/wp-content\/uploads\/2026\/01\/shutterstock_434477041_edited-768x768.jpeg 768w, https:\/\/www.humanium.org\/fr\/wp-content\/uploads\/2026\/01\/shutterstock_434477041_edited-1536x1536.jpeg 1536w, https:\/\/www.humanium.org\/fr\/wp-content\/uploads\/2026\/01\/shutterstock_434477041_edited-2048x2048.jpeg 2048w, https:\/\/www.humanium.org\/fr\/wp-content\/uploads\/2026\/01\/shutterstock_434477041_edited-830x830.jpeg 830w, https:\/\/www.humanium.org\/fr\/wp-content\/uploads\/2026\/01\/shutterstock_434477041_edited-230x230.jpeg 230w, https:\/\/www.humanium.org\/fr\/wp-content\/uploads\/2026\/01\/shutterstock_434477041_edited-350x350.jpeg 350w, https:\/\/www.humanium.org\/fr\/wp-content\/uploads\/2026\/01\/shutterstock_434477041_edited-480x480.jpeg 480w\" sizes=\"auto, (max-width: 1024px) 100vw, 1024px\" \/><\/figure>\n<\/div><\/div>\n<\/div>\n\n\n\n<p class=\"wp-block-paragraph\"><strong>La Bulgarie a ratifi\u00e9 la Convention internationale des droits de l\u2019enfant (CIDE) en 1991, et depuis, a effectu\u00e9 des progr\u00e8s significatifs pour aligner son syst\u00e8me de protection de l\u2019enfance sur les normes internationales. Cependant, les d\u00e9fis demeurent et continuent d\u2019entraver la pleine r\u00e9alisation des droits de l\u2019enfant, particuli\u00e8rement en mati\u00e8re de violences envers les enfants, de discrimination contre les enfants roms et de s\u00e9paration familiale.<\/strong><\/p>\n\n\n\n<iframe src=\"https:\/\/www.google.com\/maps\/embed?pb=!1m18!1m12!1m3!1d3002785.0182244442!2d22.90362460141618!3d42.69509699195886!2m3!1f0!2f0!3f0!3m2!1i1024!2i768!4f13.1!3m3!1m2!1s0x40a8fec1c85bf089%3A0xa01269bf4c10!2sBulgaria!5e0!3m2!1sen!2sfr!4v1768583342105!5m2!1sen!2sfr\" width=\"600\" height=\"450\" style=\"border:0;\" allowfullscreen=\"\" loading=\"lazy\" referrerpolicy=\"no-referrer-when-downgrade\"><\/iframe>\n\n\n\n<div class=\"wp-block-columns is-layout-flex wp-container-core-columns-is-layout-8f761849 wp-block-columns-is-layout-flex\">\n<div class=\"wp-block-column is-layout-flow wp-block-column-is-layout-flow\">\n<p class=\"wp-block-paragraph\"><strong>Population&nbsp;<\/strong>: 6,8&nbsp;millions<\/p>\n\n\n\n<p class=\"wp-block-paragraph\"><strong>Population \u00e2g\u00e9e de 0 \u00e0 14&nbsp;ans<\/strong>&nbsp;: 6,6&nbsp;%<\/p>\n<\/div>\n\n\n\n<div class=\"wp-block-column is-layout-flow wp-block-column-is-layout-flow\">\n<p class=\"wp-block-paragraph\"><strong>Esp\u00e9rance de vie<\/strong>&nbsp;: 71,3&nbsp;ans<\/p>\n\n\n\n<p class=\"wp-block-paragraph\"><strong>Taux de mortalit\u00e9 en dessous de 5&nbsp;ans<\/strong>&nbsp;: 6,1&nbsp;\u2030<\/p>\n<\/div>\n<\/div>\n\n\n\n<h2 class=\"wp-block-heading\"><strong>La Bulgarie en un coup d\u2019\u0153il<\/strong><\/h2>\n\n\n\n<p class=\"wp-block-paragraph\">La R\u00e9publique de Bulgarie (Republika Bulgaria) occupe la partie orientale de la p\u00e9ninsule des Balkans en Europe du Sud-Est. De forme presque rectangulaire, le pays est bord\u00e9 au nord par la <a href=\"https:\/\/www.humanium.org\/fr\/roumanie\">Roumanie<\/a>, la majeure partie de la fronti\u00e8re \u00e9tant marqu\u00e9e par le cours inf\u00e9rieur du Danube. La mer Noire s\u2019\u00e9tend \u00e0 l\u2019est, la <a href=\"https:\/\/www.humanium.org\/fr\/turquie\/\">Turquie<\/a> et la <a href=\"https:\/\/www.humanium.org\/fr\/grece\/\">Gr\u00e8ce<\/a> au sud, <a href=\"https:\/\/www.humanium.org\/fr\/macedoine\/\">la Mac\u00e9doine du Nord<\/a> au sud-ouest, et la <a href=\"https:\/\/www.humanium.org\/fr\/serbie\/\">Serbie<\/a> \u00e0 l\u2019ouest (Britannica, 2025).<\/p>\n\n\n\n<p class=\"wp-block-paragraph\">La Bulgarie est connue pour la diversit\u00e9 de ses paysages et ses montagnes escarp\u00e9es et ses stations baln\u00e9aires de la mer noire attirent de nombreux visiteurs. Comme d\u2019autres pays dans la p\u00e9ninsule des Balkans, elle refl\u00e8te un m\u00e9lange de cultures orientales et occidentales, visible dans sa cuisine, son architecture et son patrimoine religieux. Apr\u00e8s des si\u00e8cles de domination ottomane, la Bulgarie obtient son ind\u00e9pendance \u00e0 la fin du XIX<sup>e<\/sup>&nbsp;si\u00e8cle, a pris le parti perdant de plusieurs conflits majeurs dans la premi\u00e8re moiti\u00e9 du XX<sup>e<\/sup>&nbsp;si\u00e8cle. <\/p>\n\n\n\n<p class=\"wp-block-paragraph\">Malgr\u00e9 sa proximit\u00e9 avec les puissances de l\u2019Axe pendant la seconde guerre mondiale, elle s\u2019est retrouv\u00e9e dans l\u2019orbite de <a href=\"https:\/\/www.humanium.org\/fr\/russie\/\">l\u2019Union sovi\u00e9tique<\/a> au milieu du si\u00e8cle. Cette alliance a profond\u00e9ment marqu\u00e9 l\u2019Etat bulgare et la conscience nationale, transformant aussi bien l\u2019utilisation des terres et les pratiques du travail que la religion et les arts (Britannica, 2025).<\/p>\n\n\n\n<p class=\"wp-block-paragraph\">\u00c0 la suite de l\u2019effondrement des r\u00e9gimes communistes en Europe de l\u2019Est \u00e0 la fin des ann\u00e9es&nbsp;80 et au d\u00e9but des ann\u00e9es&nbsp;90, la Bulgarie passe de l\u2019influence sovi\u00e9tique \u00e0 une int\u00e9gration progressive dans l\u2019Ouest. Le pays devient un membre de l\u2019Organisation du Trait\u00e9 Atlantique Nord (OTAN) en 2004, puis de l\u2019Union europ\u00e9enne en 2007 (Britannica, 2025).<\/p>\n\n\n\n<p class=\"wp-block-paragraph\">&nbsp;D\u2019apr\u00e8s les donn\u00e9es sur l\u2019auto-identification ethnique recueillies lors du recensement de 2021, 84,6&nbsp;% des personnes qui r\u00e9pondirent aux questions sur l\u2019origine ethnique se d\u00e9clarent appartenir au groupe ethnique bulgare, 8,4&nbsp;% au groupe turc, 4,4&nbsp;% au groupe rom et 1,3&nbsp;% \u00e0 d\u2019autres groupes. Parmi les r\u00e9pondants, 1,3&nbsp;% ont pr\u00e9f\u00e9r\u00e9 ne pas r\u00e9pondre ou n\u2019ont pas pu s\u2019auto-identifier (NSI, 2021).&nbsp;<\/p>\n\n\n\n<h2 class=\"wp-block-heading\"><strong>Le statut des droits des enfants<\/strong> <strong><u><a href=\"#_ftn1\"><sup><strong><u><sup>[1]<\/sup><\/u><\/strong><\/sup><\/a><\/u><\/strong><\/h2>\n\n\n\n<p class=\"wp-block-paragraph\">La Bulgarie a ratifi\u00e9 plusieurs textes l\u00e9gaux pour la protection et la promotion des droits des enfants, notamment <a href=\"https:\/\/www.humanium.org\/fr\/normes\/pactes-internationaux-1966\/texte-integral-pacte-international-droits-economiques-sociaux-culturels\/\">le Comit\u00e9 international des droits sociaux et culturels<\/a> (CESCR) en 1970, <a href=\"https:\/\/www.humanium.org\/fr\/autres\/convention-elimination-formes-discrimination-femme\">la Convention sur l\u2019\u00e9limination de toutes les formes de discrimination \u00e0 l\u2019\u00e9gard des femmes<\/a> (CEDAW) en 1982 et <a href=\"https:\/\/www.humanium.org\/fr\/normes\/convention-elimination-toutes-formes-discrimination-raciale\/\">le Comit\u00e9 pour l\u2019\u00e9limination de la discrimination raciale (CERD) en 1966<\/a> (HCDH, n.d.).<\/p>\n\n\n<div class=\"wp-block-image\">\n<figure class=\"alignleft size-large is-resized\"><img loading=\"lazy\" decoding=\"async\" width=\"1024\" height=\"683\" src=\"https:\/\/www.humanium.org\/fr\/wp-content\/uploads\/2026\/01\/shutterstock_1961782501-1024x683.jpg\" alt=\"\" class=\"wp-image-61612\" style=\"aspect-ratio:1.4993160054719563;width:343px;height:auto\" srcset=\"https:\/\/www.humanium.org\/fr\/wp-content\/uploads\/2026\/01\/shutterstock_1961782501-1024x683.jpg 1024w, https:\/\/www.humanium.org\/fr\/wp-content\/uploads\/2026\/01\/shutterstock_1961782501-300x200.jpg 300w, https:\/\/www.humanium.org\/fr\/wp-content\/uploads\/2026\/01\/shutterstock_1961782501-768x512.jpg 768w, https:\/\/www.humanium.org\/fr\/wp-content\/uploads\/2026\/01\/shutterstock_1961782501-1536x1024.jpg 1536w, https:\/\/www.humanium.org\/fr\/wp-content\/uploads\/2026\/01\/shutterstock_1961782501-2048x1365.jpg 2048w, https:\/\/www.humanium.org\/fr\/wp-content\/uploads\/2026\/01\/shutterstock_1961782501-830x553.jpg 830w, https:\/\/www.humanium.org\/fr\/wp-content\/uploads\/2026\/01\/shutterstock_1961782501-230x153.jpg 230w, https:\/\/www.humanium.org\/fr\/wp-content\/uploads\/2026\/01\/shutterstock_1961782501-350x233.jpg 350w, https:\/\/www.humanium.org\/fr\/wp-content\/uploads\/2026\/01\/shutterstock_1961782501-480x320.jpg 480w, https:\/\/www.humanium.org\/fr\/wp-content\/uploads\/2026\/01\/shutterstock_1961782501-272x182.jpg 272w\" sizes=\"auto, (max-width: 1024px) 100vw, 1024px\" \/><\/figure>\n<\/div>\n\n\n<p class=\"wp-block-paragraph\">Le 11&nbsp;avril 1991, le parlement bulgare a ratifi\u00e9 la <a href=\"https:\/\/www.humanium.org\/fr\/texte-integral-convention-internationale-relative-droits-enfant-1989\/\">Convention internationale des droits des enfants (CIDE)<\/a> sans \u00e9mettre des r\u00e9serves sur les textes. La Bulgarie a aussi ratifi\u00e9 le <a href=\"https:\/\/www.humanium.org\/fr\/normes\/protocole-facultatif-cide-enfants-dans-conflits-armes\/\">Protocole facultatif \u00e0 la Convention relative aux droits de l\u2019enfant concernant l\u2019Implication d\u2019enfants dans les conflits arm\u00e9s<\/a> (OPAC) en 2002 <a href=\"https:\/\/www.humanium.org\/fr\/normes\/protocole-facultatif-cide-vente-prostitution-pornographie-enfants\/\">et le Protocole facultatif \u00e0 la Convention relative aux droits de l\u2019enfant, concernant la vente d\u2019enfant la prostitution des enfants et la pornographie mettant en sc\u00e8ne des enfants<\/a> (OPSC) en 2001 (HCDH, n.d.). Cependant la Bulgarie n\u2019a pas ratifi\u00e9 le protocole facultatif \u00e9tablissant une proc\u00e9dure de pr\u00e9sentation de communications (OPIC) (OPIC, CRC, n.d.).<\/p>\n\n\n\n<p class=\"wp-block-paragraph\">Alors que la Bulgarie soumet r\u00e9guli\u00e8rement des rapports au Comit\u00e9 des Nations Unies sur les droits de l\u2019enfant, des pr\u00e9occupations persistent quant \u00e0 la mise en \u0153uvre compl\u00e8te de ces droits dans le pays. \u00c0 la suite des 5<sup>e<\/sup> et 6<sup>e<\/sup>&nbsp;rapports p\u00e9riodiques de l\u2019Etat en 2024, <a href=\"https:\/\/www.humanium.org\/fr\/limites-comite-droits-enfant\/\">le Comit\u00e9 sur les droits de l\u2019enfant<\/a> a publi\u00e9 ses observations \u00e0 propos de l\u2019\u00e9tat actuel de la mise en \u0153uvre de la CIDE (HCDH, 2024).<\/p>\n\n\n\n<p class=\"wp-block-paragraph\">Le Comit\u00e9 a not\u00e9 la baisse du taux de mortalit\u00e9 infantile est, la politique de d\u00e9sinstitutionnalisation et les mesures qui ont \u00e9t\u00e9 mises en place pour lutter contre la <a href=\"https:\/\/www.humanium.org\/fr\/enfants-pauvres\/\">pauvret\u00e9 infantile<\/a> en Bulgarie. Cependant, le Comit\u00e9 a fait part de ses pr\u00e9occupations sur les taux \u00e9lev\u00e9s d\u2019abandon scolaire et d\u2019absent\u00e9isme, \u00e0 la faible qualit\u00e9 de l\u2019\u00e9ducation et aux disparit\u00e9s dans les acquis et les r\u00e9sultats des enfants en situation d\u00e9favoris\u00e9e. <\/p>\n\n\n\n<p class=\"wp-block-paragraph\">De plus le Comit\u00e9 a aussi not\u00e9 le manque de progr\u00e8s dans la r\u00e9forme du syst\u00e8me de justice pour mineurs, qui doit garantir que les enfants en dessous de l\u2019\u00e2ge minimum de la responsabilit\u00e9 p\u00e9nale ne soient pas soumis \u00e0 des mesures punitives et qui pr\u00e9voit la suppression progressive des pensionnats correctionnels (HCDH, 2024).<\/p>\n\n\n\n<h2 class=\"wp-block-heading\"><strong>L\u2019inventaire des besoins des enfants en Bulgarie<\/strong><\/h2>\n\n\n\n<h3 class=\"wp-block-heading\"><a href=\"https:\/\/www.humanium.org\/fr\/comprendre-droits-enfant\/droit-a-la-sante\/\"><strong>Le droit \u00e0 la sant\u00e9<\/strong><\/a><\/h3>\n\n\n\n<p class=\"wp-block-paragraph\">La Bulgarie a un syst\u00e8me de sant\u00e9 universel, bas\u00e9 sur l\u2019assurance maladie sociale obligatoire (SHI), g\u00e9r\u00e9 par la Caisse nationale d\u2019assurance maladie. L\u2019assurance maladie compl\u00e9mentaire (VHI) joue un r\u00f4le marginal. Cependant, bien que le syst\u00e8me l\u00e9gal soit con\u00e7u pour garantir une couverture de sant\u00e9 universelle, entre 11&nbsp;% \u00e0 12&nbsp;% de la population reste non assur\u00e9e (Dimova, 2024).<\/p>\n\n\n\n<p class=\"wp-block-paragraph\">La l\u00e9gislation bulgare en mati\u00e8re de sant\u00e9 a traditionnellement assur\u00e9 l\u2019acc\u00e8s aux services de sant\u00e9 maternelle et infantile. La loi sur la sant\u00e9 d\u00e9finit les dispositions g\u00e9n\u00e9rales relatives aux droits des enfants en tant que patients et aux soins qui leur sont destin\u00e9s. Elle encadre l\u2019aspect le plus essentiel du syst\u00e8me de sant\u00e9 pour les enfants bulgares&nbsp;: le droit pour tous les enfants de b\u00e9n\u00e9ficier de soins m\u00e9dicaux complets et gratuits jusqu\u2019\u00e0 18&nbsp;ans et le droit \u00e0 un acc\u00e8s illimit\u00e9 aux services de sant\u00e9 dispens\u00e9s par un m\u00e9decin g\u00e9n\u00e9raliste et un p\u00e9diatre (ISSA, n.d.).<\/p>\n\n\n\n<p class=\"wp-block-paragraph\">En ce qui concerne des indicateurs, tels que le nombre de mortinaissances, la mortalit\u00e9 infantile et n\u00e9onatale ainsi que les hospitalisations d\u2019enfants, la Bulgarie continue de rester au dernier rang&nbsp;de l\u2019Union europ\u00e9enne (Krassen, 2025). Le taux de mortalit\u00e9 infantile (6,1 pour mille naissances vivantes en 2016) est deux fois plus \u00e9lev\u00e9 que pour la moyenne de l\u2019Union europ\u00e9enne, qui s\u2019\u00e9tablissait en 2023 \u00e0 3,3&nbsp;d\u00e9c\u00e8s pour mille naissances vivantes.<\/p>\n\n\n\n<p class=\"wp-block-paragraph\">D\u2019apr\u00e8s l\u2019Unicef, 9,5&nbsp;% des naissances concernent des <a href=\"https:\/\/www.humanium.org\/fr\/comment-le-mariage-precoce-impacte-negativement-la-sante-des-meres-lors-de-grossesses-dadolescentes-a-travers-le-monde\/\">adolescentes<\/a> et des jeunes femmes en dessous de 20&nbsp;ans, et 13&nbsp;% de toutes les naissances annuelles concernent des femmes sans assurance maladie et dont l\u2019acc\u00e8s au syst\u00e8me de sant\u00e9 est limit\u00e9. Beaucoup d\u2019enfants ne b\u00e9n\u00e9ficient pas de soins attentifs pendant les premi\u00e8res ann\u00e9es de leur vie \u00e0 cause de la pauvret\u00e9, du manque de prise en charge adapt\u00e9e et des occasions insuffisantes d\u2019apprentissage pr\u00e9coce d\u00e8s la naissance (UNICEF Bulgarie, n.d.).<\/p>\n\n\n\n<h3 class=\"wp-block-heading\"><a href=\"https:\/\/www.humanium.org\/fr\/comprendre-droits-enfant\/droit-a-l-education\/\"><strong>Le droit \u00e0 l\u2019\u00e9ducation<\/strong><\/a><\/h3>\n\n\n\n<p class=\"wp-block-paragraph\">L\u2019enseignement scolaire est obligatoire en Bulgarie, de 6-7\u00a0ans jusqu\u2019\u00e0 16\u00a0ans. Depuis 2010, les enfants bulgares doivent aussi suivre deux ann\u00e9es d\u2019\u00e9ducation pr\u00e9scolaire en maternelle avant de commencer l\u2019\u00e9cole. <\/p>\n\n\n<div class=\"wp-block-image\">\n<figure class=\"alignright size-large is-resized\"><img loading=\"lazy\" decoding=\"async\" width=\"1024\" height=\"684\" src=\"https:\/\/www.humanium.org\/fr\/wp-content\/uploads\/2026\/01\/shutterstock_480050212-1024x684.jpg\" alt=\"\" class=\"wp-image-61613\" style=\"aspect-ratio:1.4970973249857713;width:319px;height:auto\" srcset=\"https:\/\/www.humanium.org\/fr\/wp-content\/uploads\/2026\/01\/shutterstock_480050212-1024x684.jpg 1024w, https:\/\/www.humanium.org\/fr\/wp-content\/uploads\/2026\/01\/shutterstock_480050212-300x200.jpg 300w, https:\/\/www.humanium.org\/fr\/wp-content\/uploads\/2026\/01\/shutterstock_480050212-768x513.jpg 768w, https:\/\/www.humanium.org\/fr\/wp-content\/uploads\/2026\/01\/shutterstock_480050212-1536x1026.jpg 1536w, https:\/\/www.humanium.org\/fr\/wp-content\/uploads\/2026\/01\/shutterstock_480050212-2048x1368.jpg 2048w, https:\/\/www.humanium.org\/fr\/wp-content\/uploads\/2026\/01\/shutterstock_480050212-830x554.jpg 830w, https:\/\/www.humanium.org\/fr\/wp-content\/uploads\/2026\/01\/shutterstock_480050212-230x154.jpg 230w, https:\/\/www.humanium.org\/fr\/wp-content\/uploads\/2026\/01\/shutterstock_480050212-350x234.jpg 350w, https:\/\/www.humanium.org\/fr\/wp-content\/uploads\/2026\/01\/shutterstock_480050212-480x321.jpg 480w, https:\/\/www.humanium.org\/fr\/wp-content\/uploads\/2026\/01\/shutterstock_480050212-272x182.jpg 272w\" sizes=\"auto, (max-width: 1024px) 100vw, 1024px\" \/><\/figure>\n<\/div>\n\n\n<p class=\"wp-block-paragraph\">Les parents doivent payer des frais mensuels pour la maternelle, ce qui peut \u00eatre un obstacle \u00e0 l\u2019acc\u00e8s pour certaines familles (UNICEF Bulgarie, 2020). Le syst\u00e8me \u00e9ducatif bulgare est divis\u00e9 en enseignement g\u00e9n\u00e9ral (classes de 1 \u00e0 7), qui inclut l\u2019\u00e9ducation primaire (classes de 1 \u00e0 4) et le coll\u00e8ge (classes de 5 \u00e0 7) et le lyc\u00e9e (classes de 8 \u00e0 12). Le lyc\u00e9e peut \u00eatre g\u00e9n\u00e9ral (pris en charge par un \u00e9tablissement g\u00e9n\u00e9ral ou sp\u00e9cialis\u00e9) ou professionnel (dispens\u00e9 dans un \u00e9tablissement professionnel) (Unicef Bulgarie, 2020).<\/p>\n\n\n\n<p class=\"wp-block-paragraph\">D\u2019apr\u00e8s certaines donn\u00e9es fournies par l\u2019UNICEF, moins de 80&nbsp;% des enfants \u00e2g\u00e9s de 3 \u00e0 4&nbsp;ans fr\u00e9quentent l\u2019\u00e9cole maternelle et environ 1000&nbsp;enfants en \u00e2ge d\u2019\u00eatre scolaris\u00e9s ne sont pas inscrits \u00e0 l\u2019\u00e9cole chaque ann\u00e9e (UNICEF Bulgarie, n.d). De plus, environ 10\u2009000&nbsp;enfants abandonnent l\u2019enseignement primaire chaque ann\u00e9e et 1&nbsp;enfant sur 10 n\u2019est pas scolaris\u00e9 pendant les ann\u00e9es d\u2019enseignement obligatoire entre l\u2019\u00e2ge de 7 \u00e0 15&nbsp;ans (SOS Children\u2019s Villages n. d.).<\/p>\n\n\n\n<p class=\"wp-block-paragraph\">En ce qui concerne les <a href=\"https:\/\/www.humanium.org\/fr\/la-discrimination-des-enfants-roms-dans-leducation\/\">populations roms<\/a>, les pourcentages augmentent&nbsp;: 45&nbsp;% des enfants roms ne vont pas en maternelle et 15&nbsp;% ne sont pas scolaris\u00e9s. Enfin, il est estim\u00e9 qu\u2019environ 14\u2009000&nbsp;enfants en situation de handicap ne vont ni \u00e0 l\u2019\u00e9cole ni en maternelle (UNICEF Bulgarie, n.d.).<\/p>\n\n\n\n<p class=\"wp-block-paragraph\">L\u2019une des principales <a href=\"https:\/\/www.humanium.org\/fr\/comprendre-droits-enfant\/droit-a-l-education\/\">barri\u00e8res \u00e0 l\u2019acc\u00e8s \u00e0 l\u2019\u00e9ducation<\/a> est la pauvret\u00e9, car certains parents ne peuvent pas payer les co\u00fbts cach\u00e9s de scolarisation (SOS Children\u2019s Villages, n.d.). Les \u00e9coles dans les municipalit\u00e9s bulgares \u00e0 faible revenu peinent \u00e0 maintenir une bonne qualit\u00e9 d\u2019\u00e9ducation. <\/p>\n\n\n\n<p class=\"wp-block-paragraph\">M\u00eame si le gouvernement bulgare impose la gratuit\u00e9 de l\u2019\u00e9ducation pr\u00e9scolaire, beaucoup de localit\u00e9s manquent encore de ressources pour fournir cette \u00e9ducation gratuitement. En outre les municipalit\u00e9s disposant de moyens financiers limit\u00e9s sont dans l\u2019incapacit\u00e9 de garantir un chauffage suffisant dans toutes les classes pendant l\u2019hiver. Sans l\u2019assurance d\u2019un enseignement de haut niveau dans un environnement propice aux apprentissages, il est difficile pour les enfants d\u2019\u00e9chapper \u00e0 la pauvret\u00e9 g\u00e9n\u00e9rationnelle (Rogers, 2022).<\/p>\n\n\n\n<p class=\"wp-block-paragraph\">De plus, le niveau d\u2019instruction des parents et des membres de la famille est aussi un facteur important de la pauvret\u00e9 des enfants en Bulgariecar un niveau d\u2019\u00e9tudes plus \u00e9lev\u00e9 peut aider les individus \u00e0 acc\u00e9der \u00e0 des emplois mieux pay\u00e9s (Rogers&nbsp;2022). En Bulgarie, 80&nbsp;% des adultes dont les parents sont all\u00e9s \u00e0 l\u2019universit\u00e9 y sont \u00e9galement all\u00e9s. Mais seuls 5&nbsp;% des adultes dont les parents n\u2019ont pas termin\u00e9 le lyc\u00e9e ont atteint ce m\u00eame niveau. Ce fort contraste souligne comment les in\u00e9galit\u00e9s d\u2019opportunit\u00e9s peuvent se transmettre de g\u00e9n\u00e9ration en g\u00e9n\u00e9ration (OCDE, 2024).<\/p>\n\n\n\n<p class=\"wp-block-paragraph\">Cependant, ces derni\u00e8res ann\u00e9es, la Bulgarie a pris des mesures pour renforcer le droit \u00e0 l\u2019\u00e9ducation. Un changement majeur a \u00e9t\u00e9 l\u2019extension de la scolarit\u00e9 obligatoire, qui commence d\u00e9sormais \u00e0 l\u2019\u00e2ge de 4&nbsp;ans et continue jusqu\u2019\u00e0 16&nbsp;ans. Cette r\u00e9forme a pour but d\u2019am\u00e9liorer la participation scolaire, particuli\u00e8rement chez les jeunes enfants. <\/p>\n\n\n\n<p class=\"wp-block-paragraph\">Malgr\u00e9 cette avanc\u00e9e les d\u00e9fis subsistent, comme l\u2019assurance d\u2019un financement \u00e9quitable entre les r\u00e9gions et le soutien apport\u00e9 aux enseignants. Par exemple les enseignants dans le premier cycle secondaire en Bulgarie ne sont tenus d\u2019enseigner que 444&nbsp;heures par an, bien en dessous de la moyenne de l\u2019OCDE de 706&nbsp;heures (OCDE, 2024).<\/p>\n\n\n\n<h3 class=\"wp-block-heading\"><a href=\"https:\/\/www.humanium.org\/fr\/comprendre-droits-enfant\/droit-aux-libertes\/\"><strong>Le droit \u00e0 la libert\u00e9<\/strong><\/a><\/h3>\n\n\n\n<p class=\"wp-block-paragraph\">Il existe d\u00e9j\u00e0 quelques structures qui favorisent la <a href=\"https:\/\/www.humanium.org\/fr\/le-cycle-vertueux-de-la-participation-effective-de-lenfant\">participation des enfants<\/a>, comme le Conseil des enfants. Celui-ci a \u00e9t\u00e9 \u00e9tabli en tant qu\u2019organe consultatif aupr\u00e8s du pr\u00e9sident de l\u2019Agence d\u2019Etat pour la protection de l\u2019enfance. Le Conseil est compos\u00e9 d\u2019enfants \u00e2g\u00e9s de 14 \u00e0 18&nbsp;ans provenant des 28&nbsp;r\u00e9gions de Bulgarie, y compris des enfants appartenant \u00e0 des groupes vuln\u00e9rables et des enfants b\u00e9n\u00e9ficiant d\u2019une protection internationale (Eurochild, 2024).<\/p>\n\n\n\n<p class=\"wp-block-paragraph\">Les enfants du Conseil ont pris part \u00e0 l\u2019\u00e9laboration de la Strat\u00e9gie nationale pour l\u2019enfance&nbsp;2024-2030. Entre octobre et d\u00e9cembre 2023, l\u2019Agence d\u2019Etat pour la protection de l\u2019enfance, en coop\u00e9ration avec le minist\u00e8re du Travail et de la Politique sociale, a conduit l\u2019initiative \u00ab\u2009La voix des enfants et de leurs familles\u2009\u00bb en lien avec l\u2019\u00e9laboration du projet de Strat\u00e9gie nationale pour l\u2019enfance&nbsp;2024-2030 (Eurochild&nbsp;2024).<\/p>\n\n\n\n<p class=\"wp-block-paragraph\">Une s\u00e9rie de d\u00e9bats ont \u00e9t\u00e9 organis\u00e9s avec diff\u00e9rents groupes d\u2019enfants&nbsp;: les enfants roms, les enfants plac\u00e9s en institutions apr\u00e8s avoir commis un acte antisocial, les enfants plac\u00e9s en structures d\u2019h\u00e9bergement, les enfants plac\u00e9s en <a href=\"https:\/\/www.humanium.org\/fr\/famille-droits-enfant\/\">familles d\u2019accueil<\/a>, les enfants avec des besoins \u00e9ducatifs particuliers, les enfants d\u2019\u00e2ge pr\u00e9scolaire et les enfants \u00e0 haut potentiel, entre autres. L\u2019initiative a \u00e9t\u00e9 mise en place dans plusieurs villes du pays et avait pour but d\u2019identifier les principaux d\u00e9fis li\u00e9s au d\u00e9veloppement des enfants ainsi que les moyens d\u2019y rem\u00e9dier. Les opinions et les propositions des enfants recueillies pendant les d\u00e9bats ont \u00e9t\u00e9 int\u00e9gr\u00e9es dans le projet de la Strat\u00e9gie nationale pour l\u2019enfance&nbsp;2024-2030 (Eurochild, 2024).&nbsp;&nbsp;<\/p>\n\n\n\n<h3 class=\"wp-block-heading\"><a href=\"https:\/\/www.humanium.org\/fr\/comprendre-droits-enfant\/protection\/\"><strong>Le droit \u00e0 la protection<\/strong><\/a><\/h3>\n\n\n\n<p class=\"wp-block-paragraph\">Le syst\u00e8me de protection de l\u2019enfance en Bulgarie reste relativement peu d\u00e9velopp\u00e9, ayant \u00e9t\u00e9 mis en place il y a seulement une vingtaine d\u2019ann\u00e9es. <\/p>\n\n\n<div class=\"wp-block-image\">\n<figure class=\"alignleft size-large is-resized\"><img loading=\"lazy\" decoding=\"async\" width=\"1024\" height=\"683\" src=\"https:\/\/www.humanium.org\/fr\/wp-content\/uploads\/2026\/01\/shutterstock_2157938435-1024x683.jpg\" alt=\"\" class=\"wp-image-61615\" style=\"aspect-ratio:1.4993160054719563;width:298px;height:auto\" srcset=\"https:\/\/www.humanium.org\/fr\/wp-content\/uploads\/2026\/01\/shutterstock_2157938435-1024x683.jpg 1024w, https:\/\/www.humanium.org\/fr\/wp-content\/uploads\/2026\/01\/shutterstock_2157938435-300x200.jpg 300w, https:\/\/www.humanium.org\/fr\/wp-content\/uploads\/2026\/01\/shutterstock_2157938435-768x512.jpg 768w, https:\/\/www.humanium.org\/fr\/wp-content\/uploads\/2026\/01\/shutterstock_2157938435-1536x1024.jpg 1536w, https:\/\/www.humanium.org\/fr\/wp-content\/uploads\/2026\/01\/shutterstock_2157938435-2048x1365.jpg 2048w, https:\/\/www.humanium.org\/fr\/wp-content\/uploads\/2026\/01\/shutterstock_2157938435-830x553.jpg 830w, https:\/\/www.humanium.org\/fr\/wp-content\/uploads\/2026\/01\/shutterstock_2157938435-230x153.jpg 230w, https:\/\/www.humanium.org\/fr\/wp-content\/uploads\/2026\/01\/shutterstock_2157938435-350x233.jpg 350w, https:\/\/www.humanium.org\/fr\/wp-content\/uploads\/2026\/01\/shutterstock_2157938435-480x320.jpg 480w, https:\/\/www.humanium.org\/fr\/wp-content\/uploads\/2026\/01\/shutterstock_2157938435-272x182.jpg 272w\" sizes=\"auto, (max-width: 1024px) 100vw, 1024px\" \/><\/figure>\n<\/div>\n\n\n<p class=\"wp-block-paragraph\">Il a \u00e9t\u00e9 con\u00e7u sur un mod\u00e8le inspir\u00e9 par divers syst\u00e8mes ouest europ\u00e9ens, particuli\u00e8rement le syst\u00e8me britannique, mais il lui manque une identit\u00e9 claire et ancr\u00e9e localement. Alors que des pays comme le <a href=\"https:\/\/www.humanium.org\/fr\/royaume-uni\/\">Royaume-Uni<\/a> sont en train de repenser leurs pratiques de protection de l\u2019enfance, la Bulgarie continue de se heurter \u00e0 des probl\u00e8mes structurels de base, tels que la capacit\u00e9 \u00e0 r\u00e9pondre de mani\u00e8re ad\u00e9quate aux <a href=\"https:\/\/www.humanium.org\/fr\/la-maltraitance-des-enfants\/\">violences et la n\u00e9gligence envers les enfants<\/a>, ainsi que la mise en \u0153uvre d\u2019interventions sociales efficaces envers les familles en situation de vuln\u00e9rabilit\u00e9 (Toneva, 2024).<\/p>\n\n\n\n<p class=\"wp-block-paragraph\">Le lourd h\u00e9ritage du placement en institution complique encore plus la situation. Pendant plus de 50&nbsp;ans, la Bulgarie a mis en place un vaste r\u00e9seau d\u2019institutions g\u00e9r\u00e9es par l\u2019Etat, o\u00f9 le placement des enfants \u00e9tait la solution standard \u00e0 presque toutes les difficult\u00e9s familiales, en particulier celles li\u00e9es \u00e0 la pauvret\u00e9 (Toneva, 2024). Pour donner une id\u00e9e de l\u2019ampleur de ce ph\u00e9nom\u00e8ne, le plan d\u2019action de la Bulgarie pour la p\u00e9riode&nbsp;2010 &#8211; 2015 pr\u00e9voit la fermeture de 137&nbsp;institutions d\u2019ici f\u00e9vrier 2025 et l\u2019interdiction du placement en \u00e9tablissement pour les enfants de 0 \u00e0 3&nbsp;ans au-del\u00e0 de 2025 (UNICEF, 2014).<\/p>\n\n\n\n<p class=\"wp-block-paragraph\">Aujourd\u2019hui, bien que la plupart de ces institutions ont \u00e9t\u00e9 ferm\u00e9es l\u2019\u00e9tat d\u2019esprit qu\u2019elles ont laiss\u00e9 derri\u00e8re elles persiste. Il existe encore une croyance largement r\u00e9pandue parmi les professionnels et les parents que l\u2019Etat peut offrir de meilleurs soins que les familles en situation de pr\u00e9carit\u00e9. <\/p>\n\n\n\n<p class=\"wp-block-paragraph\">Cette perception influence les d\u00e9cisions en mati\u00e8re de placements d\u2019enfants et conditionne la mani\u00e8re dont les difficult\u00e9s familiales sont interpr\u00e9t\u00e9es. Les parents vivant dans la pauvret\u00e9 int\u00e9riorisent souvent un sentiment de faute et per\u00e7oivent les s\u00e9parations familiales comme in\u00e9vitables ou m\u00eame m\u00e9rit\u00e9es. <\/p>\n\n\n\n<p class=\"wp-block-paragraph\">Ainsi, ils h\u00e9sitent \u00e0 demander de l\u2019aide, craignant que leurs paroles puissent \u00eatre utilis\u00e9es contre eux. Ce silence m\u00e8ne \u00e0 l\u2019invisibilit\u00e9 des d\u00e9fis li\u00e9s \u00e0 la pauvret\u00e9 qu sein du syst\u00e8me de protection de l\u2019enfance, ce qui complique la distinction entre une n\u00e9gligence r\u00e9elle et un d\u00e9savantage structurel (Toneva, 2024).&nbsp;<\/p>\n\n\n\n<p class=\"wp-block-paragraph\">Les recherches montrent que la pauvret\u00e9 est le facteur le plus fr\u00e9quent dans les d\u00e9cisions de retirer les enfants de leurs familles en Bulgarie. Alors que les rapports de la protection de l\u2019enfant font souvent \u00e9tat de \u00ab\u2009n\u00e9gligence sociale\u2009\u00bb, de \u00ab\u2009faibles capacit\u00e9s parentales\u2009\u00bb ou de \u00ab\u2009comportement irresponsable\u2009\u00bb, ils reconnaissent rarement explicitement le r\u00f4le de la pauvret\u00e9. <\/p>\n\n\n\n<p class=\"wp-block-paragraph\">N\u00e9anmoins, dans la plupart des cas, la s\u00e9paration a lieu lorsque la pauvret\u00e9 est combin\u00e9e avec d\u2019autres facteurs aggravants, comme le handicap, l\u2019addiction ou la violence domestique. Pris isol\u00e9ment, ces facteurs ne m\u00e8nent pas forc\u00e9ment \u00e0 une s\u00e9paration, mais, lorsqu\u2019ils vont de pair avec la pauvret\u00e9, ils le font tr\u00e8s souvent. En \u00e9vitant de nommer la pauvret\u00e9 comme un probl\u00e8me cl\u00e9, le syst\u00e8me passe \u00e0 c\u00f4t\u00e9 des origines profondes de la vuln\u00e9rabilit\u00e9 familiale, renfor\u00e7ant ainsi la marginalisation sociale des familles qu\u2019il est cens\u00e9 prot\u00e9ger (Toneva, 2024).<\/p>\n\n\n\n<h2 class=\"wp-block-heading\"><strong>Facteurs de risques \ud83e\udc6a Les d\u00e9fis sp\u00e9cifiques au pays<\/strong><\/h2>\n\n\n\n<h3 class=\"wp-block-heading\"><a href=\"https:\/\/www.humanium.org\/fr\/la-maltraitance-des-enfants\/\"><strong>La violence envers les enfants<\/strong><\/a><\/h3>\n\n\n\n<h4 class=\"wp-block-heading\"><a href=\"https:\/\/www.humanium.org\/fr\/exploitation-sexuelle-enfants\/\"><strong>Les violences sexuelles<\/strong><\/a><\/h4>\n\n\n\n<p class=\"wp-block-paragraph\">Environ 16&nbsp;% des enfants et des jeuves, soit presque 1 sur 6, ont rapport\u00e9 avoir \u00e9t\u00e9 victimes de violences sexuelles dans leur enfance. Les filles \u00e9taient deux fois plus que les gar\u00e7ons (1 sur 10) \u00e0 avoir subi de telles violences. Elles \u00e9taient deux fois plus susceptibles que les gar\u00e7ons de signaler du harc\u00e8lement sexuel en ligne, trois fois plus \u00e0 rapporter des faits de harc\u00e8lement sexuel et des agressions sexuelles hors-ligne, et presque cinq fois plus \u00e0 d\u00e9clarer \u00eatre forc\u00e9es \u00e0 avoir des rapports sexuels. Comme dans les tendances observ\u00e9es \u00e0 l\u2019\u00e9chelle mondiale, les auteurs les plus fr\u00e9quemment identifi\u00e9s sont des personnes connues des victimes (UNICEF Bulgarie, 2020).<\/p>\n\n\n\n<p class=\"wp-block-paragraph\">Comme pour d\u2019autres formes de violence, <a href=\"https:\/\/www.humanium.org\/fr\/enfants-handicapes\/\">les enfants en situation de handicap<\/a> sont particuli\u00e8rement expos\u00e9s au risque de violences sexuelles. Ils \u00e9taient deux fois plus susceptibles de rapporter avoir \u00e9t\u00e9<a href=\"https:\/\/www.humanium.org\/fr\/les-risques-pour-les-enfants-qui-surfent-sur-internet\/\"> harcel\u00e9s en ligne<\/a> et jusqu\u2019\u00e0 huit fois plus susceptibles de rapporter avoir \u00e9t\u00e9 agress\u00e9s sexuellement ou viol\u00e9s, par rapport aux enfants sans handicap (UNICEF, Bulgarie, 2020).<\/p>\n\n\n\n<p class=\"wp-block-paragraph\">Bien que les parents ou les personnes en charge aient sembl\u00e9 conscients des violences physiques et psychologiques subies par leurs enfants, tr\u00e8s peu ont signal\u00e9 des violences sexuelles, ce qui indique une prise de conscience moindre de ce type de violence. Cela peut s\u2019expliquer, en partie, par la stigmatisation fortement ancr\u00e9e et associ\u00e9e avec cette forme de violence faite aux enfants (UNICEF, Bulgarie, 2020).<\/p>\n\n\n\n<p class=\"wp-block-paragraph\"><a href=\"https:\/\/www.humanium.org\/fr\/faire-face-aux-tendances-sexuelles-a-risque-des-adolescents-grace-a-une-meilleure-education\/\">La tendance \u00e0 \u00ab\u2009bl\u00e2mer les victimes<\/a>&nbsp;\u00bb en cas d\u2019agression sexuelle semble largement r\u00e9pandue en Bulgarie. Un peu plus de la moiti\u00e9 des personnes interrog\u00e9es (51,6&nbsp;%) estiment qu\u2019une fille qui est victime de viol est en partie responsable de ce qui lui est arriv\u00e9, notamment si elle boit, prend de la drogue, se comporte de fa\u00e7on jug\u00e9e provocatrice, a plusieurs partenaires sexuels ou sort tard le soir. Presque un adulte sur sept (13,5&nbsp;%) consid\u00e8re \u00e9galement qu\u2019un gar\u00e7on est en partie fautif d\u2019\u00eatre viol\u00e9 s\u2019il est homosexuel ou s\u2019il a des relations avec d\u2019autres hommes (UNICEF, Bulgarie, 2020).<\/p>\n\n\n\n<h4 class=\"wp-block-heading\"><strong>La violence physique<\/strong><\/h4>\n\n\n\n<p class=\"wp-block-paragraph\">Presque un enfant sur trois a rapport\u00e9 avoir subi des violences physiques, les gar\u00e7ons \u00e9tant plus touch\u00e9s (37,2&nbsp;%) que les filles (25,6&nbsp;%). Le domicile familial \u00e9tait le cadre le plus fr\u00e9quent et les parents, en particulier les p\u00e8res, \u00e9taient les principaux agresseurs. <\/p>\n\n\n\n<p class=\"wp-block-paragraph\">Environ 40&nbsp;% des parents ont admis utiliser la punition physique en 2019 et un parent sur vingt a admis utiliser des ch\u00e2timents corporels s\u00e9v\u00e8res. Les enfants issus de familles plus pauvres ou moins \u00e9duqu\u00e9es, ou dont les parents avaient eux-m\u00eames subi des violences, \u00e9taient plus expos\u00e9s au risque (UNICEF Bulgarie&nbsp;2020).<\/p>\n\n\n\n<p class=\"wp-block-paragraph\">\u00c0 l\u2019\u00e9cole et dans la communaut\u00e9, les pairs \u00e9taient les principaux agresseurs, alors que les enseignants \u00e9taient rarement impliqu\u00e9s. Les gar\u00e7ons, les enfants issus de minorit\u00e9s ethniques, ceux en situation de handicap ou issus de milieux d\u00e9favoris\u00e9s \u00e9taient particuli\u00e8rement vuln\u00e9rables. <\/p>\n\n\n\n<p class=\"wp-block-paragraph\">Le fait de vivre avec au moins un parent s\u2019est av\u00e9r\u00e9 \u00eatre un facteur de protection. D\u2019apr\u00e8s les donn\u00e9es recueillies par UNICEF Bulgarie en 2020, 28,9&nbsp;% des 1411&nbsp;adultes qui ont r\u00e9pondu \u00e0 l\u2019enqu\u00eate, estimaient que la fess\u00e9e pouvait \u00eatre faite b\u00e9n\u00e9fique pour l\u2019enfant, bien que peu d\u2019entre eux acceptaient la violence exerc\u00e9e par les enseignants (UNICEF, Bulgarie, 2020).<\/p>\n\n\n\n<h4 class=\"wp-block-heading\"><strong>La violence psychologique<\/strong><\/h4>\n\n\n\n<p class=\"wp-block-paragraph\">La violence psychologique \u00e9tait la forme de violence la plus courante envers les enfants, touchant 45,9&nbsp;% des filles et des gar\u00e7ons dans les m\u00eames proportions. Elle survient le plus souvent \u00e0 l\u2019\u00e9cole ou au sein de la communaut\u00e9, plut\u00f4t qu\u2019\u00e0 la maison. Plus d\u2019un enfant sur dix a \u00e9t\u00e9 victime de cyberharc\u00e8lement, particuli\u00e8rement sur les r\u00e9seaux sociaux. Les pairs \u00e9taient les principaux auteurs, mais des adultes \u00e9taient aussi impliqu\u00e9s.<\/p>\n\n\n\n<p class=\"wp-block-paragraph\">Quatre parents sur cinq ont reconnu crier, menacer, ou humilier leurs enfants en 2019. La violence psychologique \u00e9tait per\u00e7ue comme plus inacceptable que la violence physique&nbsp;: 92,9&nbsp;% des r\u00e9pondants consid\u00e9raient que l\u2019humiliation verbale constitue une forme de violence psychologique et presque autant reconnaissaient les effets n\u00e9fastes des menaces et des insultes (UNICEF, Bulgarie, 2020).<\/p>\n\n\n\n<h4 class=\"wp-block-heading\"><strong>La n\u00e9gligence<\/strong><\/h4>\n\n\n\n<p class=\"wp-block-paragraph\">La n\u00e9gligence a concern\u00e9 un enfant sur dix. Les signalements incluaient des cas o\u00f9 les adultes responsables oubliaient de les nourrir (3,5&nbsp;%), de les amener \u00e0 l\u2019\u00e9cole (6,8&nbsp;%) ou chez le docteur (5,9&nbsp;%). Environ 15&nbsp;% des adultes responsables ont reconnu de telles n\u00e9gligences. Les parents qui ont eux-m\u00eames \u00e9t\u00e9 victimes de violences \u00e9taient plus susceptibles de n\u00e9gliger leurs propres enfants, ce qui met en \u00e9vidence des effets interg\u00e9n\u00e9rationnels.<\/p>\n\n\n\n<p class=\"wp-block-paragraph\">La plupart des adultes (92&nbsp;%) reconnaissaient que le manque d\u2019attention \u00e9motionnelle et l\u2019incapacit\u00e9 \u00e0 assurer la s\u00e9curit\u00e9 des enfants sont des formes de n\u00e9gligence. Les enfants en situation de handicap, les enfants roms, ceux qui ne vivent pas avec un parent biologique et ceux issus des foyers les plus pauvres \u00e9taient les plus \u00e0 risque. Les enfants appartenant au quintile le plus bas en termes de richesse \u00e9taient trois fois plus susceptibles de signaler des situations de n\u00e9gligence (UNICEF, Bulgarie, 2020).<\/p>\n\n\n\n<h4 class=\"wp-block-heading\"><a href=\"https:\/\/www.humanium.org\/fr\/harcelement-scolaire\/\"><strong>Le harc\u00e8lement et le cyberharc\u00e8lement<\/strong><\/a><\/h4>\n\n\n\n<p class=\"wp-block-paragraph\">Les statistiques du gouvernement montrent qu\u2019il y a eu 8000&nbsp;cas de harc\u00e8lement et de violence dans les \u00e9coles pendant l\u2019ann\u00e9e scolaire&nbsp;2016-2017, dont 4500&nbsp;cas d\u2019agressions physiques et verbales. En 2017 plus de 80&nbsp;% des \u00e9coles bulgares ont rapport\u00e9 au moins un cas de violence. <\/p>\n\n\n\n<p class=\"wp-block-paragraph\">Selon l\u2019enqu\u00eate de 2018, Comportement de sant\u00e9 des enfants d\u2019\u00e2ge scolaire (Health Behaviour of School Aged Children, HBSC) men\u00e9es aupr\u00e8s d\u2019enfants de 11, 13 et 15&nbsp;ans dans 45&nbsp;pays d\u2019Europe et au Canada, le taux de harc\u00e8lement en Bulgarie \u00e9tait sup\u00e9rieur \u00e0 la moyenne HBSC, tous groupes d\u2019\u00e2ge et indicateurs confondus. Compar\u00e9e \u00e0 ses voisins, la Bulgarie affichait des taux similaires \u00e0 la Roumanie, alors que l<a href=\"https:\/\/www.humanium.org\/fr\/albanie\/\">\u2019Albanie<\/a>, la Mac\u00e9doine du Nord, la Gr\u00e8ce et la Serbie pr\u00e9sentaient des taux plus bas (UNICEF, Bulgarie, 2020).<\/p>\n\n\n\n<p class=\"wp-block-paragraph\">Les niveaux de cyberharc\u00e8lement en Bulgarie d\u00e9passaient \u00e9galement la moyenne, et, de mani\u00e8re inhabituelle, les gar\u00e7ons \u00e9taient plus susceptibles de rapporter avoir \u00e9t\u00e9 cyberharcel\u00e9s que <a href=\"https:\/\/www.humanium.org\/fr\/droits-des-filles\/\">les filles<\/a>, quel que soit l\u2019\u00e2ge. Dans d\u2019autres pays, la tendance est g\u00e9n\u00e9ralement inverse. L\u2019\u00e9tude de 2016 les Enfants en ligne (Kids Online) a r\u00e9v\u00e9l\u00e9 que 29&nbsp;% des enfants ont \u00e9t\u00e9 maltrait\u00e9s ou harcel\u00e9s, pendant l\u2019ann\u00e9e pass\u00e9e, et que 30&nbsp;% faisaient l\u2019objet d\u2019un harc\u00e8lement r\u00e9gulier. Autour d\u2019un enfant sur dix a \u00e9t\u00e9 maltrait\u00e9 en ligne (UNICEF Bulgarie&nbsp;2020).<\/p>\n\n\n\n<h3 class=\"wp-block-heading\"><a href=\"https:\/\/www.humanium.org\/fr\/discriminations\/\"><strong>La discrimination<\/strong><\/a><\/h3>\n\n\n\n<p class=\"wp-block-paragraph\">La population rom en Bulgarie fait face \u00e0 des d\u00e9savantages socio-\u00e9conomiques consid\u00e9rables. Une \u00e9tude de 2015-2016 a r\u00e9v\u00e9l\u00e9 que 86\u00a0% des familles roms vivaient sous le seuil national de pauvret\u00e9, contre 22\u00a0% de l\u2019ensemble de la population. <\/p>\n\n\n<div class=\"wp-block-image\">\n<figure class=\"alignright size-large is-resized\"><img loading=\"lazy\" decoding=\"async\" width=\"1024\" height=\"671\" src=\"https:\/\/www.humanium.org\/fr\/wp-content\/uploads\/2026\/01\/shutterstock_768142348-1024x671.jpg\" alt=\"\" class=\"wp-image-61614\" style=\"aspect-ratio:1.5261081457414714;width:287px;height:auto\" srcset=\"https:\/\/www.humanium.org\/fr\/wp-content\/uploads\/2026\/01\/shutterstock_768142348-1024x671.jpg 1024w, https:\/\/www.humanium.org\/fr\/wp-content\/uploads\/2026\/01\/shutterstock_768142348-300x197.jpg 300w, https:\/\/www.humanium.org\/fr\/wp-content\/uploads\/2026\/01\/shutterstock_768142348-768x504.jpg 768w, https:\/\/www.humanium.org\/fr\/wp-content\/uploads\/2026\/01\/shutterstock_768142348-1536x1007.jpg 1536w, https:\/\/www.humanium.org\/fr\/wp-content\/uploads\/2026\/01\/shutterstock_768142348-2048x1343.jpg 2048w, https:\/\/www.humanium.org\/fr\/wp-content\/uploads\/2026\/01\/shutterstock_768142348-830x544.jpg 830w, https:\/\/www.humanium.org\/fr\/wp-content\/uploads\/2026\/01\/shutterstock_768142348-230x151.jpg 230w, https:\/\/www.humanium.org\/fr\/wp-content\/uploads\/2026\/01\/shutterstock_768142348-350x229.jpg 350w, https:\/\/www.humanium.org\/fr\/wp-content\/uploads\/2026\/01\/shutterstock_768142348-480x315.jpg 480w\" sizes=\"auto, (max-width: 1024px) 100vw, 1024px\" \/><\/figure>\n<\/div>\n\n\n<p class=\"wp-block-paragraph\">Les familles roms \u00e9taient aussi plus susceptibles de vivre dans des logements de mauvaise qualit\u00e9, souvent sans acc\u00e8s \u00e0 l\u2019eau et \u00e0 d\u2019autres services de base. Alors que la <a href=\"https:\/\/www.humanium.org\/fr\/recommandation-sur-la-situation-des-roms-en-matiere-de-participation-des-jeunes-un-pas-en-avant-pour-la-jeunesse-et-les-enfants-de-la-communaute-roms\/\">participation<\/a> \u00e0 l\u2019\u00e9ducation obligatoire est \u00e9lev\u00e9e parmi la population rom, l\u2019abandon scolaire pr\u00e9coce est r\u00e9pandu, et seuls 40\u00a0% des adolescents roms \u00e9taient inscrits dans l\u2019enseignement secondaire sup\u00e9rieur, contre 83\u00a0% dans la population g\u00e9n\u00e9rale. Presque deux tiers des jeunes roms \u00e2g\u00e9s de 16 \u00e0 24\u00a0ans n\u2019\u00e9taient ni scolaris\u00e9s, ni employ\u00e9s, ni en formation (NEET) (UNICEF Bulgarie, 2020).<\/p>\n\n\n\n<p class=\"wp-block-paragraph\">En outre, les enfants roms fr\u00e9quentent souvent des <a href=\"https:\/\/www.humanium.org\/fr\/la-discrimination-des-enfants-roms-dans-leducation\/\">\u00ab&nbsp;\u00e9coles roms&nbsp;<\/a>\u00bb situ\u00e9es dans des quartiers en majorit\u00e9 rom, ces \u00e9tablissements disposant de moins d\u2019\u00e9quipements et offrant un niveau d\u2019enseignement inf\u00e9rieur \u00e0 celui des \u00e9coles fr\u00e9quent\u00e9es par des enfants bulgares. Le minist\u00e8re de l\u2019\u00c9ducation et des Sciences ne collecte pas de donn\u00e9es bas\u00e9es sur l\u2019ethnicit\u00e9, ce qui repr\u00e9sente un d\u00e9fi pour comprendre les disparit\u00e9s d\u2019\u00e9ducation v\u00e9cues par les communaut\u00e9s roms. <\/p>\n\n\n\n<p class=\"wp-block-paragraph\">Au-del\u00e0 de ces <a href=\"https:\/\/www.humanium.org\/fr\/lutter-contre-le-mariage-denfants-parmi-la-population-rom-en-europe-de-lest\/\">d\u00e9savantages socio-\u00e9conomiques<\/a>, les populations roms en Bulgarie sont \u00e9galement confront\u00e9es \u00e0 l\u2019exclusion sociale et \u00e0 la discrimination. Selon l\u2019enqu\u00eate de 2015-2016, 22&nbsp;% des Roms d\u00e9claraient avoir \u00e9t\u00e9 victime de discrimination raciale au cours des cinq derni\u00e8res ann\u00e9es, et 14&nbsp;% au cours de la derni\u00e8re ann\u00e9e. En 2019, 68&nbsp;% des Bulgares d\u00e9claraient avoir une vision d\u00e9favorable des personnes roms (UNICEF Bulgarie, 2020).<\/p>\n\n\n\n<p class=\"wp-block-paragraph\">Alors que la communaut\u00e9 rom lutte contre une discrimination persistante, d\u2019autres <a href=\"https:\/\/www.humanium.org\/fr\/enfants-des-minorites\/\">minorit\u00e9s ethniques<\/a> sont elles aussi confront\u00e9es \u00e0 ce fl\u00e9au. Le Comit\u00e9 pour l\u2019\u00e9limination de la discrimination raciale a exprim\u00e9 ses pr\u00e9occupations face \u00e0 la mont\u00e9e des discours de haine et des crimes de haine envers les Turcs, les Roms, les musulmans, les juifs, les personnes d\u2019origine africaine, les migrants et les r\u00e9fugi\u00e9s (UNICEF, Bulgarie, 2020). En particulier, le Comit\u00e9 a soulign\u00e9 que les discours racistes et les appels au racisme sont manifestes pendant les campagnes \u00e9lectorales et que des partis politiques et des candidats utilisent r\u00e9guli\u00e8rement des propos injurieux envers \u00e0 l\u2019\u00e9gard des groupes minoritaires et de leurs membres (CERD, 2017).<\/p>\n\n\n\n<h3 class=\"wp-block-heading\"><a href=\"https:\/\/www.humanium.org\/fr\/isolement-deracinement\/\"><strong>L\u2019isolement et le d\u00e9racinement<\/strong><\/a><\/h3>\n\n\n\n<p class=\"wp-block-paragraph\">En Bulgarie, environ 2000&nbsp;enfants sont s\u00e9par\u00e9s de leurs familles chaque ann\u00e9e. Plus de 1000&nbsp;enfants continuent de vivre en institutions alors que plus de 11\u2009000&nbsp;enfants grandissent s\u00e9par\u00e9s de leurs familles (UNICEF Bulgarie n.d.).<\/p>\n\n\n\n<p class=\"wp-block-paragraph\">En plus de l\u2019institutionnalisation et de la s\u00e9paration formelle, la Bulgarie fait face \u00e0 un v\u00e9ritable d\u00e9fi&nbsp;: celui des \u00ab&nbsp;<a href=\"https:\/\/www.humanium.org\/fr\/les-enfants-delaisses-de-chine\/\">enfants laiss\u00e9s pour compte<\/a>&nbsp;\u00bb, c\u2019est-\u00e0-dire ceux dont les parents vivent ou travaillent \u00e0 l\u2019\u00e9tranger. Ce ph\u00e9nom\u00e8ne est largement r\u00e9pandu dans le pays et touche toutes les communaut\u00e9s, quels que soient leur statut socio-\u00e9conomique ou leur origine ethnique. Les retomb\u00e9es \u00e9conomiques de ce ph\u00e9nom\u00e8ne semblent souvent l\u2019emporter sur les cons\u00e9quences humaines, alors que des centaines d\u2019enfants, y compris les Roms, en subissent des effets graves (CoE, 2021).<\/p>\n\n\n\n<p class=\"wp-block-paragraph\">Le cadre juridique bulgare ne classifie pas les enfants laiss\u00e9s pour compte comme des enfants \u00e0 risque. Ils ne sont pas consid\u00e9r\u00e9s comme des enfants abandonn\u00e9s, m\u00eame si un grand nombre de leurs besoins fondamentaux reste en g\u00e9n\u00e9ral non satisfait. Les \u00e9tudes montrent que l\u2019absence de <a href=\"https:\/\/www.humanium.org\/fr\/famille-droits-enfant\/\">parents<\/a> \u00e0 un impact significatif sur la croissance normale et la sant\u00e9 des enfants (CoE, 2021).<\/p>\n\n\n\n<p class=\"wp-block-paragraph\">Bien que de nombreux parents organisent une prise en charge de remplacement et maintiennent des contacts r\u00e9guliers en ligne avec leurs enfants, leur absence physique dans la vie quotidienne de leur enfant peut avoir des cons\u00e9quences n\u00e9fastes, telles que le d\u00e9crochage scolaire et <a href=\"https:\/\/www.humanium.org\/fr\/enfants-dependances\/\">la consommation de drogues<\/a>. Certains enfants pr\u00e9sentent des manifestations physiques li\u00e9es \u00e0 la d\u00e9tresse psychologique caus\u00e9e par l\u2019absence des parents, par exemple sous forme de fi\u00e8vre passag\u00e8re survenant juste apr\u00e8s leur d\u00e9part. De plus, ils peuvent tomber dans l\u2019isolement social, d\u00e9velopper des comportements agressifs ou entrer en conflit avec leurs pairs (CoE, 2021).<\/p>\n\n\n\n<p class=\"wp-block-paragraph\">Un autre effet n\u00e9gatif pour certains enfants est l\u2019aggravation de la pauvret\u00e9 due \u00e0 une tutelle non formalis\u00e9e qui emp\u00eache les adultes en charge de b\u00e9n\u00e9ficier d\u2019aides sociales et de prestations pour familiales. D\u2019apr\u00e8s les donn\u00e9es recueillies par le Conseil de l\u2019Europe, il existe un manque de communication et d\u2019interaction entre les services publics concern\u00e9s, et aucune \u00e9tude syst\u00e9matique ne permet de produire des donn\u00e9es fiables sur les enfants laiss\u00e9s pour compte (CoE, 2021).<\/p>\n\n\n\n<p class=\"wp-block-paragraph\">Par ailleurs, il n\u2019existe pas de proc\u00e9dure claire et directe permettant aux parents de d\u00e9signer officiellement un tuteur, par exemple un membre de la famille, pour organiser la garde de leurs enfants. Les agents de l\u2019administration ne sont pas pr\u00e9par\u00e9s \u00e0 r\u00e9pondre aux besoins sp\u00e9cifiques des enfants laiss\u00e9s pour compte ni \u00e0 ceux de leurs parents ou des personnes \u00e0 qui la garde de l\u2019enfant a \u00e9t\u00e9 confi\u00e9e (CoE, 2021).<\/p>\n\n\n\n<h3 class=\"wp-block-heading\"><a href=\"https:\/\/www.humanium.org\/fr\/justice-juvenile\/\"><strong>La justice pour les mineurs<\/strong><\/a><\/h3>\n\n\n\n<p class=\"wp-block-paragraph\">Le Code p\u00e9nal pr\u00e9voit que les enfants de moins de 14&nbsp;ans sont consid\u00e9r\u00e9s comme mineurs et ne sont pas tenus <a href=\"https:\/\/www.humanium.org\/fr\/droit-des-mineurs\/\">p\u00e9nalement responsables<\/a> (article&nbsp;31, paragraphe&nbsp;1 du Code p\u00e9nal). S\u2019agissant de mineurs ayant commis des actes socialement dangereux (des infractions), seules des mesures \u00e9ducatives peuvent \u00eatre appliqu\u00e9es. Les enfants de 14 \u00e0 18&nbsp;ans (appel\u00e9s adolescents ou mineurs) qui commettent des infractions comme d\u00e9finies dans le Code p\u00e9nal, ou des actes antisociaux sont pr\u00e9sum\u00e9s \u00eatre p\u00e9nalement responsables \u00e0 condition qu\u2019une \u00e9valuation de leurs circonstances personnelles \u00e9tablisse leur capacit\u00e9 \u00e0 comprendre la port\u00e9e de leurs actes et leurs cons\u00e9quences (UNICEF&nbsp;2019).<\/p>\n\n\n\n<p class=\"wp-block-paragraph\">Les enfants en dessus de l\u2019\u00e2ge minimum de responsabilit\u00e9 p\u00e9nale sont r\u00e9partis en deux groupes&nbsp;: de 14 \u00e0 16&nbsp;ans et de 16 \u00e0 18&nbsp;ans. S\u2019ils sont pr\u00e9sum\u00e9s, accus\u00e9s ou reconnus coupables d\u2019infractions \u00e0 la loi, ils sont alors soumis aux proc\u00e9dures pr\u00e9vues par le Code p\u00e9nal et le Code de proc\u00e9dure p\u00e9nale. Ils peuvent \u00eatre convoqu\u00e9s devant le procureur, puis, le cas \u00e9ch\u00e9ant, devant le tribunal. Il n\u2019existe pas de tribunaux sp\u00e9cialis\u00e9s en Bulgarie pour les enfants en conflit avec la loi (UNICEF, 2019).<\/p>\n\n\n\n<p class=\"wp-block-paragraph\">Chaque ann\u00e9e environ 5000&nbsp;enfants en Bulgarie font l\u2019objet d\u2019une enqu\u00eate pour avoir commis diff\u00e9rentes infractions, et pr\u00e8s de 200&nbsp;enfants sont plac\u00e9s dans des institutions ferm\u00e9es o\u00f9 ils sont priv\u00e9s de libert\u00e9. Par ailleurs, environ 3500&nbsp;enfants sont victimes d\u2019infractions chaque ann\u00e9e et sont impliqu\u00e9s dans des <a href=\"https:\/\/www.humanium.org\/fr\/enfants-face-justice\/\">proc\u00e9dures p\u00e9nales<\/a>, qui restent souvent mal adapt\u00e9es \u00e0 leurs droits et leurs besoins sp\u00e9cifiques. Il n\u2018existe pas de donn\u00e9es fiables sur le nombre d\u2019enfants impliqu\u00e9s dans des proc\u00e9dures civiles et administratives, comme celles li\u00e9es aux conflits de droits parentaux ou aux cas de violence domestique (UNICEF Bulgarie, n.d.).<\/p>\n\n\n\n<p class=\"wp-block-paragraph\">La responsabilit\u00e9 p\u00e9nale des enfants est att\u00e9nu\u00e9e par rapport \u00e0 celle des adultes, mais cette att\u00e9nuation est moins marqu\u00e9e pour les adolescents \u00e2g\u00e9s de 16 \u00e0 18&nbsp;ans (UNICEF&nbsp;2019). En 2019, 931&nbsp;enfants \u00e2g\u00e9s de 14 \u00e0 17&nbsp;ans ont \u00e9t\u00e9 condamn\u00e9s pour une infraction p\u00e9nale en Bulgarie, ce qui repr\u00e9sentait 4,1&nbsp;% de l\u2019ensemble des personnes reconnues coupables. Or, la population des 14 \u00e0 17&nbsp;ans ne repr\u00e9sente que 3,7&nbsp;% de la population totale du pays, ce qui indique une surrepr\u00e9sentation des enfants parmi les auteurs d\u2019infractions (UNICEF, Bulgarie, 2020).<\/p>\n\n\n\n<p class=\"wp-block-paragraph\"><em><strong>\u00c9crit par Arianna Braga<\/strong><\/em><\/p>\n\n\n\n<p class=\"wp-block-paragraph\"><em><strong>Supervis\u00e9 en interne par Aditi Partha<\/strong><\/em><\/p>\n\n\n\n<p class=\"wp-block-paragraph\"><em><strong>Traduit par Louisa Petit Bricard<\/strong><\/em><\/p>\n\n\n\n<p class=\"wp-block-paragraph\"><em><strong>Relu par Jean-Christophe Brunet<\/strong><\/em><\/p>\n\n\n\n<p class=\"wp-block-paragraph\"><em><strong>Derni\u00e8re mise \u00e0 jour le 1er mai 2025<\/strong><\/em><\/p>\n\n\n\n<h4 class=\"wp-block-heading\"><strong>Bibliographie&nbsp;:&nbsp;<\/strong><\/h4>\n\n\n\n<p class=\"has-small-font-size wp-block-paragraph\">Britannica (2025). Country page of Bulgaria. Retrieved from Britannica at <a href=\"https:\/\/www.britannica.com\/place\/Bulgaria\">https:\/\/www.britannica.com\/place\/Bulgaria<\/a>, accessed on 24 April 2025.&nbsp;<\/p>\n\n\n\n<p class=\"has-small-font-size wp-block-paragraph\">CERD (2017). Concluding observations on the combined twentieth to twenty-second periodic reports of Bulgaria. Retrieved from OHCHR at <a href=\"https:\/\/tbinternet.ohchr.org\/_layouts\/15\/treatybodyexternal\/Download.aspx?symbolno=CERD%2FC%2FBGR%2FCO%2F20-22&amp;Lang=en\">tbinternet.ohchr.org\/_layouts\/15\/treatybodyexternal\/Download.aspx?symbolno=CERD%2FC%2FBGR%2FCO%2F20-22&amp;Lang=en<\/a>, accessed on 12 May 2025.&nbsp;<\/p>\n\n\n\n<p class=\"has-small-font-size wp-block-paragraph\">CoE (2021). Children left behind: between labour migration, institutional standards, and extended family. Retrieved from the Council of Europe at <a href=\"https:\/\/coe-romact.org\/content\/bg-report-children-left-behind-between-labour-migration-institutional-standards-and-extended\">https:\/\/coe-romact.org\/content\/bg-report-children-left-behind-between-labour-migration-institutional-standards-and-extended<\/a>, accessed on 30 April 2025.&nbsp;<\/p>\n\n\n\n<p class=\"has-small-font-size wp-block-paragraph\">Dimova, A. et al. (2024). Bulgaria: health system summary 2024. Retrieved from the European Observatory on Health Systems and Policies at <a href=\"https:\/\/eurohealthobservatory.who.int\/publications\/i\/bulgaria-health-system-summary-2024\">https:\/\/eurohealthobservatory.who.int\/publications\/i\/bulgaria-health-system-summary-2024<\/a>, accessed on 29 April 2025.&nbsp;<\/p>\n\n\n\n<p class=\"has-small-font-size wp-block-paragraph\">Eurochild (2024). Insights and perspectives on children\u2019s rights in Bulgaria. Retrieved from Eurochild at <a href=\"https:\/\/eurochild.org\/uploads\/2024\/04\/Insights-and-perspectives-on-childrens-rights-in-Bulgaria.pdf\">https:\/\/eurochild.org\/uploads\/2024\/04\/Insights-and-perspectives-on-childrens-rights-in-Bulgaria.pdf<\/a>, accessed on 29 April 2025 (Eurochild, 2024).&nbsp;<\/p>\n\n\n\n<p class=\"has-small-font-size wp-block-paragraph\">ISSA (n.d.). Early Childhood Development in Bulgaria. Retrieved from ISSA at <a href=\"https:\/\/www.issa.nl\/sites\/default\/files\/u327\/Executive%20Summary%20ECD%20in%20Bulgaria%20-%20English%20version%20edited.pdf\">https:\/\/www.issa.nl\/sites\/default\/files\/u327\/Executive%20Summary%20ECD%20in%20Bulgaria%20-%20English%20version%20edited.pdf<\/a>, accessed on 29 April 2025.&nbsp;<\/p>\n\n\n\n<p class=\"has-small-font-size wp-block-paragraph\">Krassen, N. (2025). Bulgaria to provide free medication for children under seven. Retrieved from Euractiv at <a href=\"https:\/\/www.euractiv.com\/section\/health-consumers\/news\/bulgaria-to-provide-free-medication-for-children-under-seven\/\">https:\/\/www.euractiv.com\/section\/health-consumers\/news\/bulgaria-to-provide-free-medication-for-children-under-seven\/<\/a>, accessed on 29 April 2025.&nbsp;<\/p>\n\n\n\n<p class=\"has-small-font-size wp-block-paragraph\">NSI (2021). Ethno-cultural characteristics of the population as of September 7, 2021. Retrieved from the National Statistical Institute (NSI) at <a href=\"https:\/\/www.nsi.bg\/sites\/default\/files\/files\/pressreleases\/Census2021-ethnos_en.pdf\">https:\/\/www.nsi.bg\/sites\/default\/files\/files\/pressreleases\/Census2021-ethnos_en.pdf<\/a>, accessed on 29 April 2025.&nbsp;<\/p>\n\n\n\n<p class=\"has-small-font-size wp-block-paragraph\">OECD (2024). Education at a Glance 2024 \u2013 Bulgaria. Retrieved from OECD at <a href=\"https:\/\/www.oecd.org\/content\/dam\/oecd\/en\/publications\/reports\/2024\/09\/education-at-a-glance-2024-country-notes_532eb29d\/bulgaria_7f6b8a0e\/fe49d9ed-en.pdf\">https:\/\/www.oecd.org\/content\/dam\/oecd\/en\/publications\/reports\/2024\/09\/education-at-a-glance-2024-country-notes_532eb29d\/bulgaria_7f6b8a0e\/fe49d9ed-en.pdf<\/a>, accessed on 29 April 2025.&nbsp;<\/p>\n\n\n\n<p class=\"has-small-font-size wp-block-paragraph\">OHCHR (2024). UN Child Rights Committee publishes findings on Bulgaria, Congo, Lithuania, Russian Federation, Senegal and South Africa. Retrieved from OHCHR at <a href=\"https:\/\/www.ohchr.org\/en\/press-releases\/2024\/02\/un-child-rights-committee-publishes-findings-bulgaria-congo-lithuania\">https:\/\/www.ohchr.org\/en\/press-releases\/2024\/02\/un-child-rights-committee-publishes-findings-bulgaria-congo-lithuania<\/a>, accessed on 29 April 2025.&nbsp;<\/p>\n\n\n\n<p class=\"has-small-font-size wp-block-paragraph\">OHCHR (n.d.). Ratification status. Retrieved from UN Treaty Body Database at <a href=\"https:\/\/tbinternet.ohchr.org\/_layouts\/15\/TreatyBodyExternal\/Treaty.aspx?CountryID=26&amp;Lang=en\">https:\/\/tbinternet.ohchr.org\/_layouts\/15\/TreatyBodyExternal\/Treaty.aspx?CountryID=26&amp;Lang=en<\/a>, accessed on 29 April 2025.&nbsp;<\/p>\n\n\n\n<p class=\"has-small-font-size wp-block-paragraph\">OPIC, CRC (n.d.). Ratification status. Retrieved from Child Rights Connect at <a href=\"https:\/\/opic.childrightsconnect.org\/ratification-status\/underlying-ratification-data\/\">https:\/\/opic.childrightsconnect.org\/ratification-status\/underlying-ratification-data\/<\/a>, accessed on 29 April 2025.&nbsp;<\/p>\n\n\n\n<p class=\"has-small-font-size wp-block-paragraph\">Rogers, K. (2022). Addressing Child Poverty in Bulgaria. Retrieved from Borgen Magazine at <a href=\"https:\/\/www.borgenmagazine.com\/child-poverty-in-bulgaria\/\">https:\/\/www.borgenmagazine.com\/child-poverty-in-bulgaria\/<\/a>, accessed on 29 April 2025.&nbsp;<\/p>\n\n\n\n<p class=\"has-small-font-size wp-block-paragraph\">SOS Children\u2019s Villages (n.d.). Country page on Bulgaria. Retrieved at SOS Children\u2019s Villages at <a href=\"https:\/\/www.sos-childrensvillages.org\/where-we-help\/europe\/bulgaria\">https:\/\/www.sos-childrensvillages.org\/where-we-help\/europe\/bulgaria<\/a>, accessed on 29 April 2025.&nbsp;<\/p>\n\n\n\n<p class=\"has-small-font-size wp-block-paragraph\">Toneva, E. (2024). The Invisibilization of Poverty: Child Protection in Bulgaria. Retrieved from ATD Fourth World at <a href=\"https:\/\/www.atd-fourthworld.org\/the-invisibilization-of-poverty-child-protection-in-bulgaria\/\">https:\/\/www.atd-fourthworld.org\/the-invisibilization-of-poverty-child-protection-in-bulgaria\/<\/a>, accessed on 29 April 2025.&nbsp;<\/p>\n\n\n\n<p class=\"has-small-font-size wp-block-paragraph\">UNICEF (2014). Deinstitutionalisation of children in Bulgaria \u2013 How far and where to? Retrieved from UNICEF at <a href=\"https:\/\/www.unicef.org\/bulgaria\/sites\/unicef.org.bulgaria\/files\/2019-11\/Deinstitutionalization%20of%20Children%20in%20Bulgaria-ENG.pdf\">https:\/\/www.unicef.org\/bulgaria\/sites\/unicef.org.bulgaria\/files\/2019-11\/Deinstitutionalization%20of%20Children%20in%20Bulgaria-ENG.pdf<\/a>, accessed on 12 May 2025&nbsp;<\/p>\n\n\n\n<p class=\"has-small-font-size wp-block-paragraph\">UNICEF (2019). Analysis of the child protection system in Bulgaria. Retrieved from UNICEF Bulgaria at <a href=\"https:\/\/www.unicef.org\/bulgaria\/en\/media\/9361\/file\/BGR-analysys-of-the-child-protection-system-in-bulgaria-en-2020.pdf\">https:\/\/www.unicef.org\/bulgaria\/en\/media\/9361\/file\/BGR-analysys-of-the-child-protection-system-in-bulgaria-en-2020.pdf<\/a>, accessed on 30 April 2025.&nbsp;<\/p>\n\n\n\n<p class=\"has-small-font-size wp-block-paragraph\">UNICEF Bulgaria (2020). Study on Violence against Children in Bulgaria. Retrieved from UNICEF Bulgaria at <a href=\"https:\/\/www.unicef.org\/bulgaria\/en\/documents\/study-violence-against-children-bulgaria\">https:\/\/www.unicef.org\/bulgaria\/en\/documents\/study-violence-against-children-bulgaria<\/a>, accessed on 30 April 2025.&nbsp;<\/p>\n\n\n\n<p class=\"has-small-font-size wp-block-paragraph\">UNICEF Bulgaria (n.d.). The situation of children in Bulgaria. Retrieved from UNICEF at <a href=\"https:\/\/www.unicef.org\/bulgaria\/en\/situation-children-bulgaria\">https:\/\/www.unicef.org\/bulgaria\/en\/situation-children-bulgaria<\/a>, accessed on 29 April 2025.&nbsp;<\/p>\n\n\n\n<p class=\"has-small-font-size wp-block-paragraph\">WHO (n.d.). Bulgaria Country Profile. Retrieved from WHO at <a href=\"https:\/\/data.who.int\/countries\/100\">https:\/\/data.who.int\/countries\/100<\/a>, accessed on 24 April 2025.&nbsp;<\/p>\n\n\n\n<hr class=\"wp-block-separator has-alpha-channel-opacity\"\/>\n\n\n\n<p class=\"has-small-font-size wp-block-paragraph\"><a href=\"#_ftnref1\">[1]<\/a>&nbsp;Cet article ne pr\u00e9tend en aucun cas donner un compte rendu complet ou repr\u00e9sentatif des droits des enfants en Bulgarie ; en effet, l\u2019un des nombreux d\u00e9fis est le manque d\u2019informations actualis\u00e9es sur les enfants bulgares, dont une grande partie est peu fiable, non repr\u00e9sentative, obsol\u00e8te ou tout simplement inexistante.<\/p>\n","protected":false},"excerpt":{"rendered":"<p>La r\u00e9alisation des droits de l\u2019enfant en Bulgarie La Bulgarie a ratifi\u00e9 la Convention internationale des droits de l\u2019enfant (CIDE) en 1991, et depuis, a effectu\u00e9 des progr\u00e8s significatifs pour aligner son syst\u00e8me de protection de l\u2019enfance sur les normes internationales. Cependant, les d\u00e9fis demeurent et continuent d\u2019entraver la pleine r\u00e9alisation des droits de l\u2019enfant, [&hellip;]<\/p>\n","protected":false},"author":65,"featured_media":61617,"parent":0,"menu_order":0,"comment_status":"closed","ping_status":"closed","template":"","meta":{"footnotes":""},"class_list":["post-21917","page","type-page","status-publish","has-post-thumbnail","hentry"],"yoast_head":"<!-- This site is optimized with the Yoast SEO plugin v28.3 - https:\/\/yoast.com\/product\/yoast-seo-wordpress\/ -->\n<title>Enfants de Bulgarie - Humanium<\/title>\n<meta name=\"description\" content=\"Malgr\u00e9 les efforts en mati\u00e8re de droits de l\u2019enfant,la Bulgarie a encore des progr\u00e8s \u00e0 faire, notamment concernant la maltraitance et le travail des enfants\" \/>\n<meta name=\"robots\" content=\"index, follow, max-snippet:-1, max-image-preview:large, max-video-preview:-1\" \/>\n<link rel=\"canonical\" href=\"https:\/\/www.humanium.org\/fr\/bulgarie\/\" \/>\n<meta property=\"og:locale\" content=\"fr_FR\" \/>\n<meta property=\"og:type\" content=\"article\" \/>\n<meta property=\"og:title\" content=\"Enfants de Bulgarie - Humanium\" \/>\n<meta property=\"og:description\" content=\"Malgr\u00e9 les efforts en mati\u00e8re de droits de l\u2019enfant,la Bulgarie a encore des progr\u00e8s \u00e0 faire, notamment concernant la maltraitance et le travail des enfants\" \/>\n<meta property=\"og:url\" content=\"https:\/\/www.humanium.org\/fr\/bulgarie\/\" \/>\n<meta property=\"og:site_name\" content=\"Humanium\" \/>\n<meta property=\"article:modified_time\" content=\"2026-01-17T14:57:07+00:00\" \/>\n<meta property=\"og:image\" content=\"https:\/\/www.humanium.org\/fr\/wp-content\/uploads\/2026\/01\/shutterstock_489378961-scaled.jpg\" \/>\n\t<meta property=\"og:image:width\" content=\"2560\" \/>\n\t<meta property=\"og:image:height\" content=\"1707\" \/>\n\t<meta property=\"og:image:type\" content=\"image\/jpeg\" \/>\n<meta name=\"twitter:card\" content=\"summary_large_image\" \/>\n<meta name=\"twitter:label1\" content=\"Dur\u00e9e de lecture estim\u00e9e\" \/>\n\t<meta name=\"twitter:data1\" content=\"28 minutes\" \/>\n<script type=\"application\/ld+json\" class=\"yoast-schema-graph\">{\"@context\":\"https:\\\/\\\/schema.org\",\"@graph\":[{\"@type\":\"WebPage\",\"@id\":\"https:\\\/\\\/www.humanium.org\\\/fr\\\/bulgarie\\\/\",\"url\":\"https:\\\/\\\/www.humanium.org\\\/fr\\\/bulgarie\\\/\",\"name\":\"Enfants de Bulgarie - Humanium\",\"isPartOf\":{\"@id\":\"https:\\\/\\\/www.humanium.org\\\/fr\\\/#website\"},\"primaryImageOfPage\":{\"@id\":\"https:\\\/\\\/www.humanium.org\\\/fr\\\/bulgarie\\\/#primaryimage\"},\"image\":{\"@id\":\"https:\\\/\\\/www.humanium.org\\\/fr\\\/bulgarie\\\/#primaryimage\"},\"thumbnailUrl\":\"https:\\\/\\\/www.humanium.org\\\/fr\\\/wp-content\\\/uploads\\\/2026\\\/01\\\/shutterstock_489378961-scaled.jpg\",\"datePublished\":\"2012-09-24T16:30:37+00:00\",\"dateModified\":\"2026-01-17T14:57:07+00:00\",\"description\":\"Malgr\u00e9 les efforts en mati\u00e8re de droits de l\u2019enfant,la Bulgarie a encore des progr\u00e8s \u00e0 faire, notamment concernant la maltraitance et le travail des enfants\",\"breadcrumb\":{\"@id\":\"https:\\\/\\\/www.humanium.org\\\/fr\\\/bulgarie\\\/#breadcrumb\"},\"inLanguage\":\"fr-FR\",\"potentialAction\":[{\"@type\":\"ReadAction\",\"target\":[\"https:\\\/\\\/www.humanium.org\\\/fr\\\/bulgarie\\\/\"]}]},{\"@type\":\"ImageObject\",\"inLanguage\":\"fr-FR\",\"@id\":\"https:\\\/\\\/www.humanium.org\\\/fr\\\/bulgarie\\\/#primaryimage\",\"url\":\"https:\\\/\\\/www.humanium.org\\\/fr\\\/wp-content\\\/uploads\\\/2026\\\/01\\\/shutterstock_489378961-scaled.jpg\",\"contentUrl\":\"https:\\\/\\\/www.humanium.org\\\/fr\\\/wp-content\\\/uploads\\\/2026\\\/01\\\/shutterstock_489378961-scaled.jpg\",\"width\":2560,\"height\":1707},{\"@type\":\"BreadcrumbList\",\"@id\":\"https:\\\/\\\/www.humanium.org\\\/fr\\\/bulgarie\\\/#breadcrumb\",\"itemListElement\":[{\"@type\":\"ListItem\",\"position\":1,\"name\":\"Home\",\"item\":\"https:\\\/\\\/www.humanium.org\\\/fr\\\/\"},{\"@type\":\"ListItem\",\"position\":2,\"name\":\"Enfants de Bulgarie\"}]},{\"@type\":\"WebSite\",\"@id\":\"https:\\\/\\\/www.humanium.org\\\/fr\\\/#website\",\"url\":\"https:\\\/\\\/www.humanium.org\\\/fr\\\/\",\"name\":\"Humanium\",\"description\":\"Les enfants d\u2019abord !\",\"potentialAction\":[{\"@type\":\"SearchAction\",\"target\":{\"@type\":\"EntryPoint\",\"urlTemplate\":\"https:\\\/\\\/www.humanium.org\\\/fr\\\/?s={search_term_string}\"},\"query-input\":{\"@type\":\"PropertyValueSpecification\",\"valueRequired\":true,\"valueName\":\"search_term_string\"}}],\"inLanguage\":\"fr-FR\"}]}<\/script>\n<!-- \/ Yoast SEO plugin. -->","yoast_head_json":{"title":"Enfants de Bulgarie - Humanium","description":"Malgr\u00e9 les efforts en mati\u00e8re de droits de l\u2019enfant,la Bulgarie a encore des progr\u00e8s \u00e0 faire, notamment concernant la maltraitance et le travail des enfants","robots":{"index":"index","follow":"follow","max-snippet":"max-snippet:-1","max-image-preview":"max-image-preview:large","max-video-preview":"max-video-preview:-1"},"canonical":"https:\/\/www.humanium.org\/fr\/bulgarie\/","og_locale":"fr_FR","og_type":"article","og_title":"Enfants de Bulgarie - Humanium","og_description":"Malgr\u00e9 les efforts en mati\u00e8re de droits de l\u2019enfant,la Bulgarie a encore des progr\u00e8s \u00e0 faire, notamment concernant la maltraitance et le travail des enfants","og_url":"https:\/\/www.humanium.org\/fr\/bulgarie\/","og_site_name":"Humanium","article_modified_time":"2026-01-17T14:57:07+00:00","og_image":[{"width":2560,"height":1707,"url":"https:\/\/www.humanium.org\/fr\/wp-content\/uploads\/2026\/01\/shutterstock_489378961-scaled.jpg","type":"image\/jpeg"}],"twitter_card":"summary_large_image","twitter_misc":{"Dur\u00e9e de lecture estim\u00e9e":"28 minutes"},"schema":{"@context":"https:\/\/schema.org","@graph":[{"@type":"WebPage","@id":"https:\/\/www.humanium.org\/fr\/bulgarie\/","url":"https:\/\/www.humanium.org\/fr\/bulgarie\/","name":"Enfants de Bulgarie - Humanium","isPartOf":{"@id":"https:\/\/www.humanium.org\/fr\/#website"},"primaryImageOfPage":{"@id":"https:\/\/www.humanium.org\/fr\/bulgarie\/#primaryimage"},"image":{"@id":"https:\/\/www.humanium.org\/fr\/bulgarie\/#primaryimage"},"thumbnailUrl":"https:\/\/www.humanium.org\/fr\/wp-content\/uploads\/2026\/01\/shutterstock_489378961-scaled.jpg","datePublished":"2012-09-24T16:30:37+00:00","dateModified":"2026-01-17T14:57:07+00:00","description":"Malgr\u00e9 les efforts en mati\u00e8re de droits de l\u2019enfant,la Bulgarie a encore des progr\u00e8s \u00e0 faire, notamment concernant la maltraitance et le travail des enfants","breadcrumb":{"@id":"https:\/\/www.humanium.org\/fr\/bulgarie\/#breadcrumb"},"inLanguage":"fr-FR","potentialAction":[{"@type":"ReadAction","target":["https:\/\/www.humanium.org\/fr\/bulgarie\/"]}]},{"@type":"ImageObject","inLanguage":"fr-FR","@id":"https:\/\/www.humanium.org\/fr\/bulgarie\/#primaryimage","url":"https:\/\/www.humanium.org\/fr\/wp-content\/uploads\/2026\/01\/shutterstock_489378961-scaled.jpg","contentUrl":"https:\/\/www.humanium.org\/fr\/wp-content\/uploads\/2026\/01\/shutterstock_489378961-scaled.jpg","width":2560,"height":1707},{"@type":"BreadcrumbList","@id":"https:\/\/www.humanium.org\/fr\/bulgarie\/#breadcrumb","itemListElement":[{"@type":"ListItem","position":1,"name":"Home","item":"https:\/\/www.humanium.org\/fr\/"},{"@type":"ListItem","position":2,"name":"Enfants de Bulgarie"}]},{"@type":"WebSite","@id":"https:\/\/www.humanium.org\/fr\/#website","url":"https:\/\/www.humanium.org\/fr\/","name":"Humanium","description":"Les enfants d\u2019abord !","potentialAction":[{"@type":"SearchAction","target":{"@type":"EntryPoint","urlTemplate":"https:\/\/www.humanium.org\/fr\/?s={search_term_string}"},"query-input":{"@type":"PropertyValueSpecification","valueRequired":true,"valueName":"search_term_string"}}],"inLanguage":"fr-FR"}]}},"_links":{"self":[{"href":"https:\/\/www.humanium.org\/fr\/wp-json\/wp\/v2\/pages\/21917","targetHints":{"allow":["GET"]}}],"collection":[{"href":"https:\/\/www.humanium.org\/fr\/wp-json\/wp\/v2\/pages"}],"about":[{"href":"https:\/\/www.humanium.org\/fr\/wp-json\/wp\/v2\/types\/page"}],"author":[{"embeddable":true,"href":"https:\/\/www.humanium.org\/fr\/wp-json\/wp\/v2\/users\/65"}],"replies":[{"embeddable":true,"href":"https:\/\/www.humanium.org\/fr\/wp-json\/wp\/v2\/comments?post=21917"}],"version-history":[{"count":13,"href":"https:\/\/www.humanium.org\/fr\/wp-json\/wp\/v2\/pages\/21917\/revisions"}],"predecessor-version":[{"id":61634,"href":"https:\/\/www.humanium.org\/fr\/wp-json\/wp\/v2\/pages\/21917\/revisions\/61634"}],"wp:featuredmedia":[{"embeddable":true,"href":"https:\/\/www.humanium.org\/fr\/wp-json\/wp\/v2\/media\/61617"}],"wp:attachment":[{"href":"https:\/\/www.humanium.org\/fr\/wp-json\/wp\/v2\/media?parent=21917"}],"curies":[{"name":"wp","href":"https:\/\/api.w.org\/{rel}","templated":true}]}}