{"id":21923,"date":"2013-02-21T09:38:50","date_gmt":"2013-02-21T09:38:50","guid":{"rendered":"http:\/\/www.humanium.org\/fr\/?page_id=21923"},"modified":"2025-12-05T14:43:50","modified_gmt":"2025-12-05T14:43:50","slug":"malte","status":"publish","type":"page","link":"https:\/\/www.humanium.org\/fr\/malte\/","title":{"rendered":"Enfants de Malte"},"content":{"rendered":"<h1>Enfants de Malte<\/h1>\n<h2>Concr\u00e9tiser les droits de l&rsquo;enfant \u00e0 Malte<\/h2>\n<p style=\"text-align: center;\"><a href=\"https:\/\/www.humanium.org\/fr\/wp-content\/uploads\/2013\/02\/0-fillette-Bethune-Carmichael-getty-image.jpg\"><img loading=\"lazy\" decoding=\"async\" class=\"alignnone size-full wp-image-27833\" title=\"Une fillette maltaise \u00a9 Bethune Carmichael \" src=\"https:\/\/www.humanium.org\/fr\/wp-content\/uploads\/2013\/02\/0-fillette-Bethune-Carmichael-getty-image.jpg\" alt=\"\" width=\"138\" height=\"214\" \/><\/a>\u00a0 \u00a0<a href=\"https:\/\/www.humanium.org\/fr\/wp-content\/uploads\/2013\/02\/0-garcon-Tricia-Schumacher-getty-image.jpg\"><img loading=\"lazy\" decoding=\"async\" class=\"alignnone size-full wp-image-27834\" title=\"Un gar\u00e7on maltais \u00a9 Tricia Schumacher \" src=\"https:\/\/www.humanium.org\/fr\/wp-content\/uploads\/2013\/02\/0-garcon-Tricia-Schumacher-getty-image.jpg\" alt=\"\" width=\"171\" height=\"214\" \/><\/a><\/p>\n<p>La situation des enfants maltais est relativement bonne. On observe en effet, une raret\u00e9 des probl\u00e8mes majeurs et leurs droits sont de mani\u00e8re g\u00e9n\u00e9rale respect\u00e9s. Toutefois, des efforts doivent encore \u00eatre pris, notamment pour ce qui concerne les de maltraitances et le traitement des migrants.<\/p>\n<table style=\"height: 38px;\" width=\"298\">\n<tbody style=\"background: #f2f2f2;\">\n<tr>\n<td>\n<div style=\"float: left; width: 100%;\">\n<p style=\"margin-top: 20px;\">\n<\/div>\n<div style=\"float: left; width: 39%;\">\n<p style=\"margin-bottom: 20px;\"><strong>Population:<\/strong>\u00a0426 mille<br \/>\n<strong>Pop.de 0 \u00e0 14 ans:<\/strong>\u00a015,7 %<\/p>\n<\/div>\n<div style=\"float: right; width: 59%;\">\n<p style=\"margin-bottom: 20px;\"><strong>Esp\u00e9rance de vie:<\/strong>\u00a079,8 ans<br \/>\n<strong>Mortalit\u00e9 des moins de 5 ans:<\/strong>\u00a05 \u2030<\/p>\n<\/div>\n<\/td>\n<\/tr>\n<\/tbody>\n<\/table>\n<p>f<\/p>\n<h3>Principaux probl\u00e8mes rencontr\u00e9s par les enfants \u00e0 Malte:<\/h3>\n<p><a href=\"https:\/\/www.humanium.org\/fr\/comprendre-droits-enfant\/droit-a-la-protection\/\"><strong>Enfants et protection de la loi<\/strong><\/a><\/p>\n<p><a href=\"https:\/\/www.humanium.org\/fr\/wp-content\/uploads\/2013\/02\/1-conflit-armes-Peter-Grima-Flickr.jpg\"><img loading=\"lazy\" decoding=\"async\" class=\"size-full wp-image-27842 alignright\" title=\"Rien dans la loi du pays n\u2019interdit sp\u00e9cifiquement l\u2019enr\u00f4lement obligatoire d\u2019un mineur \u00a9 Peter Grima \" src=\"https:\/\/www.humanium.org\/fr\/wp-content\/uploads\/2013\/02\/1-conflit-armes-Peter-Grima-Flickr.jpg\" alt=\"\" width=\"245\" height=\"214\" \/><\/a>Malte a sign\u00e9 la grande majorit\u00e9 des trait\u00e9s internationaux, dont la Convention des droits de l\u2019Enfant et ses deux protocoles. Cependant, la totalit\u00e9 des instruments de ces trait\u00e9s n\u2019a pas encore \u00e9t\u00e9 int\u00e9gr\u00e9e au droit national par des lois, ce qui emp\u00eache leur application correcte. Les droits des enfants ne sont donc pas enti\u00e8rement prot\u00e9g\u00e9s par les lois maltaises.<\/p>\n<p>Ainsi, bien que Malte ait sign\u00e9 le Protocole facultatif concernant la participation des enfants dans les conflits arm\u00e9s, la loi du pays n\u2019interdit pas de mani\u00e8re sp\u00e9cifique l\u2019enr\u00f4lement obligatoire d\u2019un mineur.<\/p>\n<p>De m\u00eame, la loi maltaise ne pr\u00e9voit pas la poursuite des personnes de nationalit\u00e9 \u00e9trang\u00e8re coupables d\u2019avoir fait participer des enfants de moins de 15 ans \u00e0 un conflit arm\u00e9, bien qu\u2019il s\u2019agisse d&rsquo;un crime de guerre au regard du droit international. Ces criminels peuvent donc r\u00e9sider \u00e0 Malte sans \u00eatre inqui\u00e9t\u00e9s.<\/p>\n<p><a href=\"https:\/\/www.humanium.org\/fr\/enfants-deplaces\/\"><strong>Enfants d\u00e9plac\u00e9s<\/strong><\/a><\/p>\n<p><a href=\"https:\/\/www.humanium.org\/fr\/wp-content\/uploads\/2013\/02\/2-detention-migrany-Timmy-Gambin-getty-image.jpg\"><img loading=\"lazy\" decoding=\"async\" class=\"size-full wp-image-27843 alignright\" title=\"Certains mineurs migrants isol\u00e9s sont d\u00e9tenus dans des conditions inappropri\u00e9es \u00a9 Timmy Gambin\" src=\"https:\/\/www.humanium.org\/fr\/wp-content\/uploads\/2013\/02\/2-detention-migrany-Timmy-Gambin-getty-image.jpg\" alt=\"\" width=\"300\" height=\"194\" \/><\/a>La d\u00e9tention d\u2019enfants est en principe interdite par la loi maltaise et le droit international. Cependant, les enfants migrants ou demandeurs d\u2019asile et leurs familles sont habituellement plac\u00e9s dans des \u201ccentres ouverts\u201d o\u00f9 ils disposent d\u2019une plus grande libert\u00e9 de mouvement que dans les centres de d\u00e9tention classiques.<\/p>\n<p>Un probl\u00e8me se pose toutefois : la plupart des mineurs isol\u00e9s, notamment les adolescents venant de pays touch\u00e9s par un conflit arm\u00e9, sont h\u00e9berg\u00e9s avec les adultes en attendant les r\u00e9sultats de la proc\u00e9dure de d\u00e9termination de leur \u00e2ge. Celle-ci est souvent tr\u00e8s longue et peut m\u00eame se poursuivre pendant 5 ans. Ces enfants sont alors expos\u00e9s aux risques de<a href=\"https:\/\/www.humanium.org\/fr\/la-maltraitance-des-enfants\/\"> violence <\/a>et d\u2019exploitation.<\/p>\n<p>De plus, nombreux sont les jeunes migrants qui ne d\u00e9clarent par leur statut de mineurs soit par crainte soit par manque d\u2019informations sur les avantages dont ils pourraient b\u00e9n\u00e9ficier en se d\u00e9clarant.<\/p>\n<p><a href=\"https:\/\/www.humanium.org\/fr\/justice\/\"><strong>Justice des Enfants<\/strong><\/a><\/p>\n<p><img loading=\"lazy\" decoding=\"async\" class=\"size-full wp-image-27836 alignright\" title=\"Certains enfants sont jug\u00e9s trop s\u00e9v\u00e8rement au regard de leur \u00e2ge \u00a9 Mark Horn \" src=\"https:\/\/www.humanium.org\/fr\/wp-content\/uploads\/2013\/02\/3-Justice-limite-basse-Mark-Horn-Getty-image.jpg\" alt=\"\" width=\"173\" height=\"214\" \/>La responsabilit\u00e9 p\u00e9nale, fix\u00e9e \u00e0 9 ans, est bien en-dessous des 15 ans recommand\u00e9s par le droit international. Une limite aussi basse a pour cons\u00e9quence que certains enfants peuvent \u00eatre s\u00e9v\u00e8rement jug\u00e9s alors qu\u2019ils ne sont pas pleinement conscients de leurs actes et des cons\u00e9quences de ceux-ci.<\/p>\n<p>Par ailleurs, le syst\u00e8me de justice pour mineurs ne s\u2019applique pas aux jeunes \u00e2g\u00e9s de 16 \u00e0 18 ans car ces derniers sont jug\u00e9s comme des adultes.<\/p>\n<p>Enfin, les crimes li\u00e9s \u00e0 la maltraitance <a href=\"https:\/\/www.humanium.org\/fr\/exploitation-sexuelle-enfants\/\">sexuelle<\/a> d\u2019enfants sont prescrits \u00e0 peine 10 ans apr\u00e8s les faits : les coupables ne peuvent plus \u00eatre poursuivis si les victimes ne se sont pas manifest\u00e9es avant cette limite. Cela diminue l\u2019aspect dissuasif des punitions et privent les victimes de r\u00e9paration qui, par peur et en raison de leur jeune \u00e2ge, n\u2019ont pas os\u00e9 parler. .<\/p>\n<p><a href=\"https:\/\/www.humanium.org\/fr\/comprendre-droits-enfant\/droit-a-l-identite\/\"><strong>Droit \u00e0 l\u2019identit\u00e9<\/strong><\/a><\/p>\n<p>Le Code civil de Malte \u00e9tablit une diff\u00e9rence entre les enfants \u201cl\u00e9gitimes\u201d et les enfants \u201cill\u00e9gitimes\u201d. Ainsi, les enfants n\u00e9s hors mariage de p\u00e8re maltais mais de m\u00e8re \u00e9trang\u00e8re ont parfois de grandes difficult\u00e9s \u00e0 obtenir la nationalit\u00e9 maltaise, surtout si leurs parents ne vivent pas ensemble.<\/p>\n<p><a href=\"https:\/\/www.humanium.org\/fr\/la-maltraitance-des-enfants\/\"><strong>Maltraitance<\/strong><\/a><\/p>\n<p><a href=\"https:\/\/www.humanium.org\/fr\/wp-content\/uploads\/2013\/02\/5-maltraitance-Compton-Wright-flickr.jpg\"><img loading=\"lazy\" decoding=\"async\" class=\"size-full wp-image-27839 alignright\" title=\"Le manqu\u00e9 d\u2019information ne permet pas de correctement prot\u00e9ger les enfants de la maltraitance \u00a9 Compton &amp; Wright \" src=\"https:\/\/www.humanium.org\/fr\/wp-content\/uploads\/2013\/02\/5-maltraitance-Compton-Wright-flickr.jpg\" alt=\"\" width=\"300\" height=\"211\" \/><\/a>Malgr\u00e9 quelques mesures prises par le gouvernement dans ce but, les informations disponibles concernant les cas de maltraitance et d\u2019<a href=\"https:\/\/www.humanium.org\/fr\/exploitation-sexuelle-enfants\/\">exploitation sexuelle<\/a> d\u2019enfants sont encore trop limit\u00e9es.<\/p>\n<p>Ce manque d\u2019information ne permet pas au gouvernement de prot\u00e9ger correctement les enfants des mauvais traitements, d\u2019autant que la sensibilisation de la soci\u00e9t\u00e9 aux cons\u00e9quences de la maltraitance (y compris <a href=\"https:\/\/www.humanium.org\/fr\/exploitation-sexuelle-enfants\/\">sexuelle<\/a>) est trop faible.<\/p>\n<p>En outre, la loi n\u2019interdit pas compl\u00e8tement les ch\u00e2timents corporels. Des \u201cch\u00e2timents raisonnables\u201d sont en effet encore autoris\u00e9s \u00e0 la maison, dans les \u00e9coles et dans les centres de d\u00e9tention.<\/p>\n<p><a href=\"https:\/\/www.humanium.org\/fr\/travail-des-enfants\/\"><strong>Travail des enfants<\/strong><\/a><\/p>\n<p>\u00c0 Malte, le <a href=\"https:\/\/www.humanium.org\/fr\/travail-des-enfants\/\">travail des enfants <\/a>de moins de 15 ans est interdit par la loi. Cependant, les contr\u00f4les du gouvernement maltais en la mati\u00e8re sont jug\u00e9s insuffisants. De plus, les rapports indiquent que de nombreux enfants sont employ\u00e9s avant cet \u00e2ge dans des entreprises familiales ainsi que dans le cadre d\u2019activit\u00e9s li\u00e9es au tourisme (aides de cuisine, vendeurs\u2026). Heureusement, ces travaux ne sont g\u00e9n\u00e9ralement pas nuisibles \u00e0 leur <a href=\"https:\/\/www.humanium.org\/fr\/comprendre-droits-enfant\/droit-a-la-sante\/\">sant\u00e9<\/a> et s\u2019effectuent pendant les vacances d\u2019\u00e9t\u00e9.<\/p>\n<p><a href=\"https:\/\/www.humanium.org\/fr\/comprendre-droits-enfant\/droit-a-la-sante\/\"><strong>Droit \u00e0 la sant\u00e9<\/strong><\/a><\/p>\n<p>L\u2019acc\u00e8s des adolescents \u00e0 des services d\u2019<a href=\"https:\/\/www.humanium.org\/fr\/comprendre-droits-enfant\/droit-a-l-education\/\">\u00e9ducation<\/a> et de conseil en mati\u00e8re de contraception est insuffisant et le nombre de grossesses chez les jeunes filles mineures est assez \u00e9lev\u00e9 (20 grossesses pour 1 000 adolescentes de 15 \u00e0 19 ans). Ce ph\u00e9nom\u00e8ne est d\u2019autant plus inqui\u00e9tant que l\u2019avortement est ill\u00e9gal en toutes circonstances, m\u00eame pour des raisons m\u00e9dicales (danger pour la m\u00e8re) ou en cas de viol. Ces grossesses pr\u00e9coces nuisent \u00e0 la<a href=\"https:\/\/www.humanium.org\/fr\/comprendre-droits-enfant\/droit-a-la-sante\/\"> sant\u00e9 <\/a>et surtout \u00e0 l\u2019<a href=\"https:\/\/www.humanium.org\/fr\/comprendre-droits-enfant\/droit-a-l-education\/\">\u00e9ducation<\/a> des jeunes filles, qui doivent alors souvent quitter l\u2019\u00e9cole.<\/p>\n<p><a href=\"https:\/\/www.humanium.org\/fr\/wp-content\/uploads\/2013\/02\/6-ado-seul-Sahxic-twitter-flickr.jpg\"><img loading=\"lazy\" decoding=\"async\" class=\"size-full wp-image-27840 alignright\" title=\"Le Comit\u00e9 des droits de l\u2019enfant a exprim\u00e9 son inqui\u00e9tude quant \u00e0 la sant\u00e9 mentale, le surpoids et la consommation r\u00e9guli\u00e8re d\u2019alcool des adolescents \u00a9 Sahxic twitter traitance \u00a9 Compton &amp; Wright \" src=\"https:\/\/www.humanium.org\/fr\/wp-content\/uploads\/2013\/02\/6-ado-seul-Sahxic-twitter-flickr.jpg\" alt=\"\" width=\"300\" height=\"204\" \/><\/a>Par ailleurs, le Comit\u00e9 des droits de l\u2019enfant a exprim\u00e9 son inqui\u00e9tude quant \u00e0 la sant\u00e9 mentale, le surpoids et la consommation r\u00e9guli\u00e8re d\u2019alcool des adolescents. Les politiques sanitaires et les campagnes d\u2019information qui leur sont destin\u00e9es ne sont pas suffisamment adapt\u00e9es.<\/p>\n<p><a href=\"https:\/\/www.humanium.org\/fr\/droit-non-discrimination\/\"><strong>Discrimination<\/strong><\/a><\/p>\n<p>Malgr\u00e9 une politique nationale d\u2019<a href=\"https:\/\/www.humanium.org\/fr\/comprendre-droits-enfant\/droit-a-l-education\/\">\u00e9ducation<\/a> sp\u00e9cialis\u00e9e, les <a href=\"https:\/\/www.humanium.org\/fr\/enfants-handicapes\/\">enfants handicap\u00e9s<\/a> sont souvent marginalis\u00e9s et ont donc beaucoup de mal \u00e0 s\u2019int\u00e9grer dans la soci\u00e9t\u00e9.<\/p>\n<p><strong>Environnement<\/strong><\/p>\n<p>Avec son rejet de 6 tonnes de CO2\/habitants, Malte est loin d\u2019\u00eatre un pays propre. L\u2019impact est direct et n\u00e9faste sur la vie des enfants et sur leurs perspectives d\u2019avenir. Leur droit de vivre et de grandir dans un environnement sain n\u2019est donc pas respect\u00e9.<\/p>\n","protected":false},"excerpt":{"rendered":"<p>Enfants de Malte Concr\u00e9tiser les droits de l&rsquo;enfant \u00e0 Malte \u00a0 \u00a0 La situation des enfants maltais est relativement bonne. On observe en effet, une raret\u00e9 des probl\u00e8mes majeurs et leurs droits sont de mani\u00e8re g\u00e9n\u00e9rale respect\u00e9s. Toutefois, des efforts doivent encore \u00eatre pris, notamment pour ce qui concerne les de maltraitances et le traitement [&hellip;]<\/p>\n","protected":false},"author":65,"featured_media":0,"parent":0,"menu_order":0,"comment_status":"closed","ping_status":"closed","template":"","meta":{"footnotes":""},"class_list":["post-21923","page","type-page","status-publish","hentry"],"yoast_head":"<!-- This site is optimized with the Yoast SEO plugin v28.3 - https:\/\/yoast.com\/product\/yoast-seo-wordpress\/ -->\n<title>Enfants de Malte - Humanium<\/title>\n<meta name=\"description\" content=\"A Malte, des efforts doivent \u00eatre pris, notamment pour ce qui concerne les de maltraitances et le traitement des migrants.\" \/>\n<meta name=\"robots\" content=\"index, follow, max-snippet:-1, max-image-preview:large, max-video-preview:-1\" \/>\n<link rel=\"canonical\" href=\"https:\/\/www.humanium.org\/fr\/malte\/\" \/>\n<meta property=\"og:locale\" content=\"fr_FR\" \/>\n<meta property=\"og:type\" content=\"article\" \/>\n<meta property=\"og:title\" content=\"Enfants de Malte - Humanium\" \/>\n<meta property=\"og:description\" content=\"A Malte, des efforts doivent \u00eatre pris, notamment pour ce qui concerne les de maltraitances et le traitement des migrants.\" \/>\n<meta property=\"og:url\" content=\"https:\/\/www.humanium.org\/fr\/malte\/\" \/>\n<meta property=\"og:site_name\" content=\"Humanium\" \/>\n<meta property=\"article:modified_time\" content=\"2025-12-05T14:43:50+00:00\" \/>\n<meta name=\"twitter:card\" content=\"summary_large_image\" \/>\n<meta name=\"twitter:label1\" content=\"Dur\u00e9e de lecture estim\u00e9e\" \/>\n\t<meta name=\"twitter:data1\" content=\"7 minutes\" \/>\n<script type=\"application\/ld+json\" class=\"yoast-schema-graph\">{\"@context\":\"https:\\\/\\\/schema.org\",\"@graph\":[{\"@type\":\"WebPage\",\"@id\":\"https:\\\/\\\/www.humanium.org\\\/fr\\\/malte\\\/\",\"url\":\"https:\\\/\\\/www.humanium.org\\\/fr\\\/malte\\\/\",\"name\":\"Enfants de Malte - Humanium\",\"isPartOf\":{\"@id\":\"https:\\\/\\\/www.humanium.org\\\/fr\\\/#website\"},\"primaryImageOfPage\":{\"@id\":\"https:\\\/\\\/www.humanium.org\\\/fr\\\/malte\\\/#primaryimage\"},\"image\":{\"@id\":\"https:\\\/\\\/www.humanium.org\\\/fr\\\/malte\\\/#primaryimage\"},\"thumbnailUrl\":\"https:\\\/\\\/www.humanium.org\\\/fr\\\/wp-content\\\/uploads\\\/2013\\\/02\\\/0-fillette-Bethune-Carmichael-getty-image.jpg\",\"datePublished\":\"2013-02-21T09:38:50+00:00\",\"dateModified\":\"2025-12-05T14:43:50+00:00\",\"description\":\"A Malte, des efforts doivent \u00eatre pris, notamment pour ce qui concerne les de maltraitances et le traitement des migrants.\",\"breadcrumb\":{\"@id\":\"https:\\\/\\\/www.humanium.org\\\/fr\\\/malte\\\/#breadcrumb\"},\"inLanguage\":\"fr-FR\",\"potentialAction\":[{\"@type\":\"ReadAction\",\"target\":[\"https:\\\/\\\/www.humanium.org\\\/fr\\\/malte\\\/\"]}]},{\"@type\":\"ImageObject\",\"inLanguage\":\"fr-FR\",\"@id\":\"https:\\\/\\\/www.humanium.org\\\/fr\\\/malte\\\/#primaryimage\",\"url\":\"https:\\\/\\\/www.humanium.org\\\/fr\\\/wp-content\\\/uploads\\\/2013\\\/02\\\/0-fillette-Bethune-Carmichael-getty-image.jpg\",\"contentUrl\":\"https:\\\/\\\/www.humanium.org\\\/fr\\\/wp-content\\\/uploads\\\/2013\\\/02\\\/0-fillette-Bethune-Carmichael-getty-image.jpg\"},{\"@type\":\"BreadcrumbList\",\"@id\":\"https:\\\/\\\/www.humanium.org\\\/fr\\\/malte\\\/#breadcrumb\",\"itemListElement\":[{\"@type\":\"ListItem\",\"position\":1,\"name\":\"Home\",\"item\":\"https:\\\/\\\/www.humanium.org\\\/fr\\\/\"},{\"@type\":\"ListItem\",\"position\":2,\"name\":\"Enfants de Malte\"}]},{\"@type\":\"WebSite\",\"@id\":\"https:\\\/\\\/www.humanium.org\\\/fr\\\/#website\",\"url\":\"https:\\\/\\\/www.humanium.org\\\/fr\\\/\",\"name\":\"Humanium\",\"description\":\"Les enfants d\u2019abord !\",\"potentialAction\":[{\"@type\":\"SearchAction\",\"target\":{\"@type\":\"EntryPoint\",\"urlTemplate\":\"https:\\\/\\\/www.humanium.org\\\/fr\\\/?s={search_term_string}\"},\"query-input\":{\"@type\":\"PropertyValueSpecification\",\"valueRequired\":true,\"valueName\":\"search_term_string\"}}],\"inLanguage\":\"fr-FR\"}]}<\/script>\n<!-- \/ Yoast SEO plugin. -->","yoast_head_json":{"title":"Enfants de Malte - Humanium","description":"A Malte, des efforts doivent \u00eatre pris, notamment pour ce qui concerne les de maltraitances et le traitement des migrants.","robots":{"index":"index","follow":"follow","max-snippet":"max-snippet:-1","max-image-preview":"max-image-preview:large","max-video-preview":"max-video-preview:-1"},"canonical":"https:\/\/www.humanium.org\/fr\/malte\/","og_locale":"fr_FR","og_type":"article","og_title":"Enfants de Malte - Humanium","og_description":"A Malte, des efforts doivent \u00eatre pris, notamment pour ce qui concerne les de maltraitances et le traitement des migrants.","og_url":"https:\/\/www.humanium.org\/fr\/malte\/","og_site_name":"Humanium","article_modified_time":"2025-12-05T14:43:50+00:00","twitter_card":"summary_large_image","twitter_misc":{"Dur\u00e9e de lecture estim\u00e9e":"7 minutes"},"schema":{"@context":"https:\/\/schema.org","@graph":[{"@type":"WebPage","@id":"https:\/\/www.humanium.org\/fr\/malte\/","url":"https:\/\/www.humanium.org\/fr\/malte\/","name":"Enfants de Malte - Humanium","isPartOf":{"@id":"https:\/\/www.humanium.org\/fr\/#website"},"primaryImageOfPage":{"@id":"https:\/\/www.humanium.org\/fr\/malte\/#primaryimage"},"image":{"@id":"https:\/\/www.humanium.org\/fr\/malte\/#primaryimage"},"thumbnailUrl":"https:\/\/www.humanium.org\/fr\/wp-content\/uploads\/2013\/02\/0-fillette-Bethune-Carmichael-getty-image.jpg","datePublished":"2013-02-21T09:38:50+00:00","dateModified":"2025-12-05T14:43:50+00:00","description":"A Malte, des efforts doivent \u00eatre pris, notamment pour ce qui concerne les de maltraitances et le traitement des migrants.","breadcrumb":{"@id":"https:\/\/www.humanium.org\/fr\/malte\/#breadcrumb"},"inLanguage":"fr-FR","potentialAction":[{"@type":"ReadAction","target":["https:\/\/www.humanium.org\/fr\/malte\/"]}]},{"@type":"ImageObject","inLanguage":"fr-FR","@id":"https:\/\/www.humanium.org\/fr\/malte\/#primaryimage","url":"https:\/\/www.humanium.org\/fr\/wp-content\/uploads\/2013\/02\/0-fillette-Bethune-Carmichael-getty-image.jpg","contentUrl":"https:\/\/www.humanium.org\/fr\/wp-content\/uploads\/2013\/02\/0-fillette-Bethune-Carmichael-getty-image.jpg"},{"@type":"BreadcrumbList","@id":"https:\/\/www.humanium.org\/fr\/malte\/#breadcrumb","itemListElement":[{"@type":"ListItem","position":1,"name":"Home","item":"https:\/\/www.humanium.org\/fr\/"},{"@type":"ListItem","position":2,"name":"Enfants de Malte"}]},{"@type":"WebSite","@id":"https:\/\/www.humanium.org\/fr\/#website","url":"https:\/\/www.humanium.org\/fr\/","name":"Humanium","description":"Les enfants d\u2019abord !","potentialAction":[{"@type":"SearchAction","target":{"@type":"EntryPoint","urlTemplate":"https:\/\/www.humanium.org\/fr\/?s={search_term_string}"},"query-input":{"@type":"PropertyValueSpecification","valueRequired":true,"valueName":"search_term_string"}}],"inLanguage":"fr-FR"}]}},"_links":{"self":[{"href":"https:\/\/www.humanium.org\/fr\/wp-json\/wp\/v2\/pages\/21923","targetHints":{"allow":["GET"]}}],"collection":[{"href":"https:\/\/www.humanium.org\/fr\/wp-json\/wp\/v2\/pages"}],"about":[{"href":"https:\/\/www.humanium.org\/fr\/wp-json\/wp\/v2\/types\/page"}],"author":[{"embeddable":true,"href":"https:\/\/www.humanium.org\/fr\/wp-json\/wp\/v2\/users\/65"}],"replies":[{"embeddable":true,"href":"https:\/\/www.humanium.org\/fr\/wp-json\/wp\/v2\/comments?post=21923"}],"version-history":[{"count":9,"href":"https:\/\/www.humanium.org\/fr\/wp-json\/wp\/v2\/pages\/21923\/revisions"}],"predecessor-version":[{"id":60046,"href":"https:\/\/www.humanium.org\/fr\/wp-json\/wp\/v2\/pages\/21923\/revisions\/60046"}],"wp:attachment":[{"href":"https:\/\/www.humanium.org\/fr\/wp-json\/wp\/v2\/media?parent=21923"}],"curies":[{"name":"wp","href":"https:\/\/api.w.org\/{rel}","templated":true}]}}