{"id":21928,"date":"2012-11-12T15:14:18","date_gmt":"2012-11-12T15:14:18","guid":{"rendered":"http:\/\/www.humanium.org\/fr\/?page_id=21928"},"modified":"2025-12-05T14:43:20","modified_gmt":"2025-12-05T14:43:20","slug":"montenegro","status":"publish","type":"page","link":"https:\/\/www.humanium.org\/fr\/montenegro\/","title":{"rendered":"Enfants du Mont\u00e9n\u00e9gro"},"content":{"rendered":"<h1>Enfants du Mont\u00e9n\u00e9gro<\/h1>\n<h2>Concr\u00e9tiser les droits de l&rsquo;enfant au Mont\u00e9n\u00e9gro<\/h2>\n<p style=\"text-align: center;\"><img loading=\"lazy\" decoding=\"async\" class=\"alignnone size-full wp-image-24997\" title=\"Jeune fille du Mont\u00e9n\u00e9gro \u00a9 Donchili (Flickr)\" src=\"https:\/\/www.humanium.org\/fr\/wp-content\/uploads\/2012\/11\/jeune-fille-donchili.jpg\" alt=\"\" width=\"154\" height=\"200\" \/><\/p>\n<p>Le Mont\u00e9n\u00e9gro est investi dans la protection des enfants, comme l\u2019atteste sa ratification de la Convention Internationale des Droits de l\u2019Enfant et de ses protocoles facultatifs. Alors que le pays met en place des programmes pour lutter contre les discriminations, notamment envers les enfants handicap\u00e9s, les autorit\u00e9s sont confront\u00e9es \u00e0 une persistance de ces ph\u00e9nom\u00e8nes profond\u00e9ment ancr\u00e9s dans la soci\u00e9t\u00e9.<\/p>\n<table style=\"height: 38px;\" width=\"298\">\n<tbody style=\"background: #f2f2f2;\">\n<tr>\n<td>\n<div style=\"float: left; width: 39%;\">\n<p style=\"margin-bottom: 20px;\"><strong>Population: <\/strong>605 mille<br \/>\n<strong>Pop.de 0 \u00e0 14 ans:<\/strong>\u00a015,9 %<\/p>\n<\/div>\n<div style=\"float: right; width: 59%;\">\n<p style=\"margin-bottom: 20px;\"><strong>Esp\u00e9rance de vie:<\/strong>\u00a074,8 ans<br \/>\n<strong>Mortalit\u00e9 des moins de 5 ans:<\/strong>\u00a04 \u2030<\/p>\n<\/div>\n<\/td>\n<\/tr>\n<\/tbody>\n<\/table>\n<h3>Principaux probl\u00e8mes rencontr\u00e9s par les enfants au Mont\u00e9n\u00e9gro:<\/h3>\n<p><a href=\"https:\/\/www.humanium.org\/fr\/focus\/discriminations\/\"><strong>Discrimination<\/strong><\/a><\/p>\n<p>Des diff\u00e9rences de traitement dans l\u2019acc\u00e8s \u00e0 l\u2019\u00e9ducation et aux soins de sant\u00e9 persistent\u00a0 pour les enfants r\u00e9fugi\u00e9s, handicap\u00e9s et issus de groupes minoritaires.<\/p>\n<p><a href=\"https:\/\/www.humanium.org\/fr\/comprendre-droits-enfant\/droit-a-l-education\/\"><strong>Education<\/strong><\/a><\/p>\n<p><img loading=\"lazy\" decoding=\"async\" class=\"alignright size-full wp-image-25001\" title=\"\u00a9 Aleksandar Uro\u0161evi\u0107 (Flickr)\" src=\"https:\/\/www.humanium.org\/fr\/wp-content\/uploads\/2012\/11\/Aleksandar-Urosevic-Flickr.jpg\" alt=\"\" width=\"240\" height=\"167\" \/>Bien que le pays ait instaur\u00e9 une strat\u00e9gie pour am\u00e9liorer la situation des communaut\u00e9s roms, le Mont\u00e9n\u00e9gro reconna\u00eet qu\u2019un nombre important de ces enfants n\u2019est pas inscrit au cycle \u00e9l\u00e9mentaire obligatoire.<\/p>\n<p>Une des causes est l\u2019absence de cours dans leur langue maternelle et la difficult\u00e9 \u00e0 trouver des cours de mont\u00e9n\u00e9grin avant l\u2019entr\u00e9e \u00e0 l\u2019\u00e9cole \u00e9l\u00e9mentaire.<\/p>\n<p>Alors qu\u2019un programme pr\u00e9voit l\u2019embauche d\u2019assistants scolaires pour les enfants roms afin de les aider \u00e0 s\u2019int\u00e9grer et \u00e0 surmonter les difficult\u00e9s linguistiques, le syst\u00e8me \u00e9ducatif\u00a0 est confront\u00e9 \u00e0 un manque de personnel disposant des qualifications n\u00e9cessaire pour de tels postes.<\/p>\n<p>De plus, beaucoup d\u2019enfants roms vivent dans des quartiers isol\u00e9s ou dans des camps de r\u00e9fugi\u00e9s. Il n\u2019est donc pas facile pour eux de se rendre \u00e0 l\u2019\u00e9cole.<strong>\u00a0<\/strong><\/p>\n<p><a href=\"https:\/\/www.humanium.org\/fr\/comprendre-droits-enfant\/droit-a-la-sante\/\"><strong>Sant\u00e9<\/strong><\/a><\/p>\n<p>Le statut juridique incertain des familles RAE constitue un obstacle pour acc\u00e9der \u00e0 l\u2019assurance maladie.<\/p>\n<p>L\u2019<a href=\"https:\/\/www.humanium.org\/fr\/comprendre-droits-enfant\/droit-a-la-sante\/\">acc\u00e8s aux services de sant\u00e9<\/a> est par ailleurs limit\u00e9 et in\u00e9quitable en dehors de la capitale. Les plus touch\u00e9s sont donc les enfants roms, r\u00e9fugi\u00e9s et handicap\u00e9s.<\/p>\n<p><strong><img loading=\"lazy\" decoding=\"async\" class=\"alignright size-full wp-image-25002\" title=\"Au Mont\u00e9n\u00e9gro, la pauvret\u00e9 des roms persiste \u00a9 Darij et Ana (Flickr)\" src=\"https:\/\/www.humanium.org\/fr\/wp-content\/uploads\/2012\/11\/darij-et-ana.jpg\" alt=\"\" width=\"208\" height=\"185\" \/><a href=\"https:\/\/www.humanium.org\/fr\/enfants-pauvres\/\">Pauvret\u00e9<\/a><\/strong><\/p>\n<p>Le Comit\u00e9 des Droits de l\u2019Enfant s\u2019inqui\u00e8te du fait que de nombreuses familles roms vivent dans la pauvret\u00e9, et par cons\u00e9quent dans des conditions de vie d\u00e9plorables, d\u2019isolement et de privation.<\/p>\n<p><a href=\"https:\/\/www.humanium.org\/fr\/comprendre-droits-enfant\/droit-a-l-identite\/\"><strong>Droit \u00e0 l\u2019identit\u00e9<\/strong><\/a><\/p>\n<p>Le pays compte un grand nombre de personnes d\u00e9plac\u00e9es, mais peu d\u2019entre elles sont enregistr\u00e9es et disposent de papiers d\u2019identit\u00e9.<\/p>\n<p>En l\u2019absence de ces documents, il est difficile pour les parents de d\u00e9clarer leurs enfants.<\/p>\n<p>En r\u00e9f\u00e9rence \u00e0 la strat\u00e9gie pour am\u00e9liorer la situation de la population rom, le pays devait aider \u00e0 l\u2019octroi de documents personnels. Cependant, en 2011, le Kowe\u00eft n\u2019avait que rarement pris cette initiative.<\/p>\n<p><a href=\"https:\/\/www.humanium.org\/fr\/violences\/\"><strong>Violence \u00e0 l\u2019encontre des enfants<\/strong><\/a><\/p>\n<p>La l\u00e9galit\u00e9 du ch\u00e2timent corporel dans le pays favorise sa pratique dans le syst\u00e8me familial, scolaire, institutionnel et judiciaire.\u00a0 De plus, les enfants handicap\u00e9s sont tr\u00e8s souvent victimes de cette pratique courante.<\/p>\n<p>Le nombre non n\u00e9gligeable d\u2019enfants ayant \u00e9t\u00e9 abus\u00e9s ou exploit\u00e9s sexuellement et le fait que peu de ces actes aient \u00e9t\u00e9 pr\u00e9sent\u00e9s devant la justice constituent \u00e9galement un ph\u00e9nom\u00e8ne pr\u00e9occupant.<\/p>\n<p><a href=\"https:\/\/www.humanium.org\/fr\/justice\/\"><strong>Justice des mineurs<\/strong><\/a><\/p>\n<p>Alors qu\u2019il est recommand\u00e9 de mettre en place une l\u00e9gislation et des mesures adapt\u00e9es aux mineurs, les lois et les proc\u00e9dures appliqu\u00e9es au Mont\u00e9n\u00e9gro pour les enfants sont semblables \u00e0 celles destin\u00e9es aux adultes.<\/p>\n<p>Or, des \u00e9tudes ont rapport\u00e9 qu\u2019un syst\u00e8me juridique d\u00e9di\u00e9 aux mineurs contribue \u00e0 de meilleurs r\u00e9sultats.<\/p>\n<p><img loading=\"lazy\" decoding=\"async\" class=\"alignright size-full wp-image-24999\" title=\"Au Mont\u00e9n\u00e9gro, un nombre important de personnes recoure au ch\u00e2timent corporel \u00a9 Amekinfo (Flickr)\" src=\"https:\/\/www.humanium.org\/fr\/wp-content\/uploads\/2012\/11\/amekinfo.jpg\" alt=\"\" width=\"178\" height=\"185\" \/><a href=\"https:\/\/www.humanium.org\/fr\/enfants-des-rues\/\"><strong>Enfants des rues<\/strong><\/a><\/p>\n<p>Le pays n\u2019est pas \u00e9pargn\u00e9 par la pr\u00e9sence d\u2019enfants vivant et travaillant dans les rues, dont la majorit\u00e9 sont d\u2019origine rom. Ces enfants sont donc vuln\u00e9rables et repr\u00e9sentent des proies faciles pour le trafic et l\u2019exploitation sexuelle.<\/p>\n<p><strong>Donn\u00e9es<\/strong><\/p>\n<p>Selon la Convention Internationale des Droits de l\u2019Enfant, il est indispensable que les Etats \u00e9tablissent des m\u00e9canismes pour collecter et analyser les donn\u00e9es afin de surveiller et \u00e9valuer l\u2019impact des politiques adopt\u00e9es en faveur des enfants.<\/p>\n<p>N\u00e9anmoins, en 2010, le Comit\u00e9 des droits de l\u2019enfant a constat\u00e9 un manque de recueil de donn\u00e9es de la part du Mont\u00e9n\u00e9gro.<\/p>\n","protected":false},"excerpt":{"rendered":"<p>Enfants du Mont\u00e9n\u00e9gro Concr\u00e9tiser les droits de l&rsquo;enfant au Mont\u00e9n\u00e9gro Le Mont\u00e9n\u00e9gro est investi dans la protection des enfants, comme l\u2019atteste sa ratification de la Convention Internationale des Droits de l\u2019Enfant et de ses protocoles facultatifs. Alors que le pays met en place des programmes pour lutter contre les discriminations, notamment envers les enfants handicap\u00e9s, [&hellip;]<\/p>\n","protected":false},"author":65,"featured_media":0,"parent":0,"menu_order":0,"comment_status":"closed","ping_status":"closed","template":"","meta":{"footnotes":""},"class_list":["post-21928","page","type-page","status-publish","hentry"],"yoast_head":"<!-- This site is optimized with the Yoast SEO plugin v28.3 - https:\/\/yoast.com\/product\/yoast-seo-wordpress\/ -->\n<title>Enfants du Mont\u00e9n\u00e9gro - Humanium<\/title>\n<meta name=\"robots\" content=\"index, follow, max-snippet:-1, max-image-preview:large, max-video-preview:-1\" \/>\n<link rel=\"canonical\" href=\"https:\/\/www.humanium.org\/fr\/montenegro\/\" \/>\n<meta property=\"og:locale\" content=\"fr_FR\" \/>\n<meta property=\"og:type\" content=\"article\" \/>\n<meta property=\"og:title\" content=\"Enfants du Mont\u00e9n\u00e9gro - Humanium\" \/>\n<meta property=\"og:description\" content=\"Enfants du Mont\u00e9n\u00e9gro Concr\u00e9tiser les droits de l&rsquo;enfant au Mont\u00e9n\u00e9gro Le Mont\u00e9n\u00e9gro est investi dans la protection des enfants, comme l\u2019atteste sa ratification de la Convention Internationale des Droits de l\u2019Enfant et de ses protocoles facultatifs. Alors que le pays met en place des programmes pour lutter contre les discriminations, notamment envers les enfants handicap\u00e9s, [&hellip;]\" \/>\n<meta property=\"og:url\" content=\"https:\/\/www.humanium.org\/fr\/montenegro\/\" \/>\n<meta property=\"og:site_name\" content=\"Humanium\" \/>\n<meta property=\"article:modified_time\" content=\"2025-12-05T14:43:20+00:00\" \/>\n<meta name=\"twitter:card\" content=\"summary_large_image\" \/>\n<meta name=\"twitter:label1\" content=\"Dur\u00e9e de lecture estim\u00e9e\" \/>\n\t<meta name=\"twitter:data1\" content=\"5 minutes\" \/>\n<script type=\"application\/ld+json\" class=\"yoast-schema-graph\">{\"@context\":\"https:\\\/\\\/schema.org\",\"@graph\":[{\"@type\":\"WebPage\",\"@id\":\"https:\\\/\\\/www.humanium.org\\\/fr\\\/montenegro\\\/\",\"url\":\"https:\\\/\\\/www.humanium.org\\\/fr\\\/montenegro\\\/\",\"name\":\"Enfants du Mont\u00e9n\u00e9gro - Humanium\",\"isPartOf\":{\"@id\":\"https:\\\/\\\/www.humanium.org\\\/fr\\\/#website\"},\"primaryImageOfPage\":{\"@id\":\"https:\\\/\\\/www.humanium.org\\\/fr\\\/montenegro\\\/#primaryimage\"},\"image\":{\"@id\":\"https:\\\/\\\/www.humanium.org\\\/fr\\\/montenegro\\\/#primaryimage\"},\"thumbnailUrl\":\"https:\\\/\\\/www.humanium.org\\\/fr\\\/wp-content\\\/uploads\\\/2012\\\/11\\\/jeune-fille-donchili.jpg\",\"datePublished\":\"2012-11-12T15:14:18+00:00\",\"dateModified\":\"2025-12-05T14:43:20+00:00\",\"breadcrumb\":{\"@id\":\"https:\\\/\\\/www.humanium.org\\\/fr\\\/montenegro\\\/#breadcrumb\"},\"inLanguage\":\"fr-FR\",\"potentialAction\":[{\"@type\":\"ReadAction\",\"target\":[\"https:\\\/\\\/www.humanium.org\\\/fr\\\/montenegro\\\/\"]}]},{\"@type\":\"ImageObject\",\"inLanguage\":\"fr-FR\",\"@id\":\"https:\\\/\\\/www.humanium.org\\\/fr\\\/montenegro\\\/#primaryimage\",\"url\":\"https:\\\/\\\/www.humanium.org\\\/fr\\\/wp-content\\\/uploads\\\/2012\\\/11\\\/jeune-fille-donchili.jpg\",\"contentUrl\":\"https:\\\/\\\/www.humanium.org\\\/fr\\\/wp-content\\\/uploads\\\/2012\\\/11\\\/jeune-fille-donchili.jpg\"},{\"@type\":\"BreadcrumbList\",\"@id\":\"https:\\\/\\\/www.humanium.org\\\/fr\\\/montenegro\\\/#breadcrumb\",\"itemListElement\":[{\"@type\":\"ListItem\",\"position\":1,\"name\":\"Home\",\"item\":\"https:\\\/\\\/www.humanium.org\\\/fr\\\/\"},{\"@type\":\"ListItem\",\"position\":2,\"name\":\"Enfants du Mont\u00e9n\u00e9gro\"}]},{\"@type\":\"WebSite\",\"@id\":\"https:\\\/\\\/www.humanium.org\\\/fr\\\/#website\",\"url\":\"https:\\\/\\\/www.humanium.org\\\/fr\\\/\",\"name\":\"Humanium\",\"description\":\"Les enfants d\u2019abord !\",\"potentialAction\":[{\"@type\":\"SearchAction\",\"target\":{\"@type\":\"EntryPoint\",\"urlTemplate\":\"https:\\\/\\\/www.humanium.org\\\/fr\\\/?s={search_term_string}\"},\"query-input\":{\"@type\":\"PropertyValueSpecification\",\"valueRequired\":true,\"valueName\":\"search_term_string\"}}],\"inLanguage\":\"fr-FR\"}]}<\/script>\n<!-- \/ Yoast SEO plugin. -->","yoast_head_json":{"title":"Enfants du Mont\u00e9n\u00e9gro - Humanium","robots":{"index":"index","follow":"follow","max-snippet":"max-snippet:-1","max-image-preview":"max-image-preview:large","max-video-preview":"max-video-preview:-1"},"canonical":"https:\/\/www.humanium.org\/fr\/montenegro\/","og_locale":"fr_FR","og_type":"article","og_title":"Enfants du Mont\u00e9n\u00e9gro - Humanium","og_description":"Enfants du Mont\u00e9n\u00e9gro Concr\u00e9tiser les droits de l&rsquo;enfant au Mont\u00e9n\u00e9gro Le Mont\u00e9n\u00e9gro est investi dans la protection des enfants, comme l\u2019atteste sa ratification de la Convention Internationale des Droits de l\u2019Enfant et de ses protocoles facultatifs. Alors que le pays met en place des programmes pour lutter contre les discriminations, notamment envers les enfants handicap\u00e9s, [&hellip;]","og_url":"https:\/\/www.humanium.org\/fr\/montenegro\/","og_site_name":"Humanium","article_modified_time":"2025-12-05T14:43:20+00:00","twitter_card":"summary_large_image","twitter_misc":{"Dur\u00e9e de lecture estim\u00e9e":"5 minutes"},"schema":{"@context":"https:\/\/schema.org","@graph":[{"@type":"WebPage","@id":"https:\/\/www.humanium.org\/fr\/montenegro\/","url":"https:\/\/www.humanium.org\/fr\/montenegro\/","name":"Enfants du Mont\u00e9n\u00e9gro - Humanium","isPartOf":{"@id":"https:\/\/www.humanium.org\/fr\/#website"},"primaryImageOfPage":{"@id":"https:\/\/www.humanium.org\/fr\/montenegro\/#primaryimage"},"image":{"@id":"https:\/\/www.humanium.org\/fr\/montenegro\/#primaryimage"},"thumbnailUrl":"https:\/\/www.humanium.org\/fr\/wp-content\/uploads\/2012\/11\/jeune-fille-donchili.jpg","datePublished":"2012-11-12T15:14:18+00:00","dateModified":"2025-12-05T14:43:20+00:00","breadcrumb":{"@id":"https:\/\/www.humanium.org\/fr\/montenegro\/#breadcrumb"},"inLanguage":"fr-FR","potentialAction":[{"@type":"ReadAction","target":["https:\/\/www.humanium.org\/fr\/montenegro\/"]}]},{"@type":"ImageObject","inLanguage":"fr-FR","@id":"https:\/\/www.humanium.org\/fr\/montenegro\/#primaryimage","url":"https:\/\/www.humanium.org\/fr\/wp-content\/uploads\/2012\/11\/jeune-fille-donchili.jpg","contentUrl":"https:\/\/www.humanium.org\/fr\/wp-content\/uploads\/2012\/11\/jeune-fille-donchili.jpg"},{"@type":"BreadcrumbList","@id":"https:\/\/www.humanium.org\/fr\/montenegro\/#breadcrumb","itemListElement":[{"@type":"ListItem","position":1,"name":"Home","item":"https:\/\/www.humanium.org\/fr\/"},{"@type":"ListItem","position":2,"name":"Enfants du Mont\u00e9n\u00e9gro"}]},{"@type":"WebSite","@id":"https:\/\/www.humanium.org\/fr\/#website","url":"https:\/\/www.humanium.org\/fr\/","name":"Humanium","description":"Les enfants d\u2019abord !","potentialAction":[{"@type":"SearchAction","target":{"@type":"EntryPoint","urlTemplate":"https:\/\/www.humanium.org\/fr\/?s={search_term_string}"},"query-input":{"@type":"PropertyValueSpecification","valueRequired":true,"valueName":"search_term_string"}}],"inLanguage":"fr-FR"}]}},"_links":{"self":[{"href":"https:\/\/www.humanium.org\/fr\/wp-json\/wp\/v2\/pages\/21928","targetHints":{"allow":["GET"]}}],"collection":[{"href":"https:\/\/www.humanium.org\/fr\/wp-json\/wp\/v2\/pages"}],"about":[{"href":"https:\/\/www.humanium.org\/fr\/wp-json\/wp\/v2\/types\/page"}],"author":[{"embeddable":true,"href":"https:\/\/www.humanium.org\/fr\/wp-json\/wp\/v2\/users\/65"}],"replies":[{"embeddable":true,"href":"https:\/\/www.humanium.org\/fr\/wp-json\/wp\/v2\/comments?post=21928"}],"version-history":[{"count":11,"href":"https:\/\/www.humanium.org\/fr\/wp-json\/wp\/v2\/pages\/21928\/revisions"}],"predecessor-version":[{"id":60042,"href":"https:\/\/www.humanium.org\/fr\/wp-json\/wp\/v2\/pages\/21928\/revisions\/60042"}],"wp:attachment":[{"href":"https:\/\/www.humanium.org\/fr\/wp-json\/wp\/v2\/media?parent=21928"}],"curies":[{"name":"wp","href":"https:\/\/api.w.org\/{rel}","templated":true}]}}