{"id":21936,"date":"2012-09-20T08:02:33","date_gmt":"2012-09-20T08:02:33","guid":{"rendered":"http:\/\/www.humanium.org\/fr\/?page_id=21936"},"modified":"2026-08-30T13:10:31","modified_gmt":"2026-08-30T13:10:31","slug":"irlande","status":"publish","type":"page","link":"https:\/\/www.humanium.org\/fr\/irlande\/","title":{"rendered":"Enfants d&rsquo;Irlande"},"content":{"rendered":"\n<h2 class=\"wp-block-heading\"><strong>Concr\u00e9tiser les droits des enfants en Irlande<\/strong><\/h2>\n\n\n\n<div class=\"wp-block-columns is-layout-flex wp-container-core-columns-is-layout-8f761849 wp-block-columns-is-layout-flex\">\n<div class=\"wp-block-column is-layout-flow wp-block-column-is-layout-flow\"><div class=\"wp-block-image is-style-rounded\">\n<figure class=\"aligncenter size-full is-resized\"><img decoding=\"async\" src=\"https:\/\/www.humanium.org\/en\/wp-content\/uploads\/2026\/08\/shutterstock_1506398645_edited-scaled.jpeg\" alt=\"\" class=\"wp-image-91924\" style=\"object-fit:cover;width:200px;height:200px\"\/><\/figure>\n<\/div><\/div>\n\n\n\n<div class=\"wp-block-column is-layout-flow wp-block-column-is-layout-flow\"><div class=\"wp-block-image is-style-rounded\">\n<figure class=\"aligncenter size-full is-resized\"><img decoding=\"async\" src=\"https:\/\/www.humanium.org\/en\/wp-content\/uploads\/2026\/08\/shutterstock_1636871749_edited-scaled.jpeg\" alt=\"\" class=\"wp-image-91925\" style=\"object-fit:cover;width:200px;height:200px\"\/><\/figure>\n<\/div><\/div>\n<\/div>\n\n\n\n<p class=\"wp-block-paragraph\"><strong>L&rsquo;Irlande a ratifi\u00e9 la Convention des Nations Unies relative aux droits de l&rsquo;enfant en septembre 1992 et s&rsquo;efforce depuis lors d&rsquo;aligner ses lois et ses politiques sur les normes internationales. Le pays, devenu une r\u00e9publique en 1949, a renforc\u00e9 ses syst\u00e8mes d&rsquo;\u00e9ducation, de soins de sant\u00e9 et de protection de l&rsquo;enfance. La plupart des enfants irlandais grandissent en bonne sant\u00e9 et dans un environnement favorable, mais beaucoup sont encore victimes de pauvret\u00e9, de maltraitance ou souffrent de troubles mentaux. Si les protections juridiques pour les enfants sont d\u00e9sormais solides, leur mise en \u0153uvre dans la vie quotidienne reste toutefois une pr\u00e9occupation constante.<\/strong><\/p>\n\n\n\n<iframe src=\"https:\/\/www.google.com\/maps\/embed?pb=!1m18!1m12!1m3!1d2436525.968197254!2d-10.594676937675764!3d53.389428375183364!2m3!1f0!2f0!3f0!3m2!1i1024!2i768!4f13.1!3m3!1m2!1s0x485e619e5d73698f%3A0xca9b39444d6ac68d!2sIreland!5e0!3m2!1sen!2shr!4v1788094447443!5m2!1sen!2shr\" width=\"600\" height=\"450\" style=\"border:0;\" allowfullscreen=\"\" loading=\"lazy\" referrerpolicy=\"strict-origin-when-cross-origin\"><\/iframe>\n\n\n\n<div class=\"wp-block-columns is-layout-flex wp-container-core-columns-is-layout-8f761849 wp-block-columns-is-layout-flex\">\n<div class=\"wp-block-column is-layout-flow wp-block-column-is-layout-flow\">\n<p class=\"wp-block-paragraph\"><strong>Population: <\/strong>5,4 millions<br><strong>Population de 0 \u00e0 14 ans:<\/strong> 18,56%<\/p>\n<\/div>\n\n\n\n<div class=\"wp-block-column is-layout-flow wp-block-column-is-layout-flow\">\n<p class=\"wp-block-paragraph\"><strong>Esp\u00e9rance de vie: <\/strong>82,8 ans<br><strong>Mortalit\u00e9 des moins de 5 ans: <\/strong>3,8\u2030<\/p>\n<\/div>\n<\/div>\n\n\n\n<h2 class=\"wp-block-heading\"><strong>L&rsquo;Irlande en bref<\/strong><\/h2>\n\n\n\n<p class=\"wp-block-paragraph\">L&rsquo;Irlande est un pays insulaire <a href=\"https:\/\/www.humanium.org\/fr\/europe-caucase\/\">d&rsquo;Europe occidentale,<\/a> et se situe \u00e0 l&rsquo;ouest de la Grande-Bretagne dont elle est s\u00e9par\u00e9e par le Canal du Nord, la mer d&rsquo;Irlande et le Canal de Saint-Georges, son unique fronti\u00e8re terrestre est avec l&rsquo;Irlande du Nord. Sa capitale est Dublin, l\u2019irlandais et l\u2019anglais sont les langues officielles. La plupart des Irlandais sont catholiques, mais dans le pays, chacun est libre de pratiquer une autre religion (Ranelagh &amp; Boland, 2025).<\/p>\n\n\n\n<p class=\"wp-block-paragraph\">Au XXe si\u00e8cle, l&rsquo;histoire de l&rsquo;Irlande a \u00e9t\u00e9 marqu\u00e9e par plusieurs conflits. La guerre d&rsquo;ind\u00e9pendance irlandaise, qui a d\u00e9but\u00e9 en 1919 sous la forme d&rsquo;une lutte arm\u00e9e contre la domination britannique, a abouti au trait\u00e9 anglo-irlandais de 1921. Ce dernier a cr\u00e9\u00e9 l&rsquo;\u00c9tat Libre d&rsquo;Irlande dans le sud, tandis que l&rsquo;Irlande du Nord restait sous contr\u00f4le britannique. Une br\u00e8ve guerre civile a alors \u00e9clat\u00e9 entre les partisans et les opposants au trait\u00e9. L&rsquo;Irlande a ensuite consolid\u00e9 son ind\u00e9pendance et est officiellement devenue la R\u00e9publique d&rsquo;Irlande en 1949 (Denison Magazine, 2020).<\/p>\n\n\n\n<p class=\"wp-block-paragraph\">En 1973, l&rsquo;Irlande a rejoint la Communaut\u00e9 \u00c9conomique Europ\u00e9enne, aujourd&rsquo;hui Union Europ\u00e9enne, apr\u00e8s un r\u00e9f\u00e9rendum national au cours duquel plus de 83% des \u00e9lecteurs se sont prononc\u00e9s en faveur de l&rsquo;adh\u00e9sion. \u00c0 l&rsquo;\u00e9poque, le pays \u00e9tait confront\u00e9 \u00e0 un taux de ch\u00f4mage \u00e9lev\u00e9 et \u00e0 une forte \u00e9migration et de nombreuses familles se retrouvaient dans l\u2019incapacit\u00e9 de subvenir aux besoins de leurs enfants. Cette adh\u00e9sion a permis \u00e0 l\u2019Irlande d\u2019acc\u00e9der aux march\u00e9s europ\u00e9ens et de b\u00e9n\u00e9ficier des fonds de d\u00e9veloppement europ\u00e9ens, contribuant ainsi \u00e0 l\u2019am\u00e9lioration du niveau de vie de la population (CSO Ireland, 2023).<\/p>\n\n\n\n<p class=\"wp-block-paragraph\">Au cours des d\u00e9cennies suivantes, ces changements ont contribu\u00e9 \u00e0 cr\u00e9er de nouvelles perspectives pour les jeunes gr\u00e2ce \u00e0 l\u2019am\u00e9lioration des syst\u00e8mes \u00e9ducatifs, de soins de <a href=\"https:\/\/www.humanium.org\/fr\/comprendre-droits-enfant\/droit-a-la-sante\/\">sant\u00e9<\/a> et de protection sociale. En 2025, le produit int\u00e9rieur brut de l&rsquo;Irlande \u00e9tait estim\u00e9 \u00e0 environ 696 milliards de dollars en termes de parit\u00e9 de pouvoir d&rsquo;achat, ce qui t\u00e9moigne de l&rsquo;impact positif de l&rsquo;adh\u00e9sion \u00e0 l&rsquo;UE sur le renforcement des services publics et l&rsquo;am\u00e9lioration de la situation des jeunes qui grandissent aujourd&rsquo;hui dans ce pays (World Economics, 2025).<\/p>\n\n\n\n<h2 class=\"wp-block-heading\"><strong>Statuts des droits de l\u2019enfant en Irlande <a href=\"#_ftn1\" id=\"_ftnref1\"><strong>[1]<\/strong><\/a><\/strong><\/h2>\n\n\n\n<p class=\"wp-block-paragraph\">Les am\u00e9liorations apport\u00e9es \u00e0 la reconnaissance des droits de l&rsquo;enfant en Irlande ont \u00e9t\u00e9 r\u00e9alis\u00e9es tr\u00e8s progressivement et de mani\u00e8re in\u00e9gale. Tout au long du XXe si\u00e8cle, l&rsquo;\u00c9glise catholique a exerc\u00e9 une influence consid\u00e9rable sur les politiques \u00e9ducatives, sanitaires et sociales et la <a href=\"https:\/\/www.humanium.org\/fr\/droit-a-la-protection\/\">protection<\/a> de l&rsquo;enfance a davantage consist\u00e9 \u00e0 r\u00e9soudre les probl\u00e8mes qu&rsquo;\u00e0 les pr\u00e9venir. Une s\u00e9rie de probl\u00e8mes dramatiques a finalement contribu\u00e9 \u00e0 mettre les droits de l&rsquo;enfant et la r\u00e9forme constitutionnelle \u00e0 l\u2019ordre du jour (Muldoon, 2024).<\/p>\n\n\n\n<p class=\"wp-block-paragraph\">L&rsquo;Irlande a ratifi\u00e9 la <a href=\"https:\/\/www.humanium.org\/fr\/convention\/\">Convention des Nations Unies relative aux droits de l&rsquo;enfant<\/a> &nbsp;(CDE) en 1992 et a commenc\u00e9 \u00e0 mettre en place de nouvelles institutions. En 1994, elle a nomm\u00e9 le premier ministre d&rsquo;\u00c9tat charg\u00e9 de l&rsquo;enfance et en 1996, elle a propos\u00e9 la cr\u00e9ation d&rsquo;un poste de M\u00e9diateur pour les enfants. En 1998, pour r\u00e9pondre aux exigences du Comit\u00e9 des droits de l&rsquo;enfant des Nations Unies, le Gouvernement a ouvert des consultations et \u00e9labor\u00e9 un projet de loi. Ce projet a abouti \u00e0 la cr\u00e9ation du M\u00e9diateur pour les enfants en 2002 (Muldoon, 2025).<\/p>\n\n\n\n<p class=\"wp-block-paragraph\">S&rsquo;appuyant sur ces r\u00e9formes, un amendement constitutionnel de 2012 a express\u00e9ment reconnu les droits de l&rsquo;enfant. Mais la Convention Relative aux droits de l\u2019enfant (CDE) n&rsquo;a pas \u00e9t\u00e9 pleinement int\u00e9gr\u00e9e au droit irlandais de sorte que les droits des enfants ne sont pas totalement applicables par les tribunaux irlandais. Le Comit\u00e9 des Nations Unies a plusieurs fois exhort\u00e9 l&rsquo;Irlande \u00e0 achever cette int\u00e9gration de la Convention, \u00e0 intensifier ses actions en mati\u00e8re de discrimination, de pauvret\u00e9 infantile, d\u2019\u00e9ducation, de sant\u00e9 mentale et de justice adapt\u00e9e aux enfants (Muldoon, 2024).<\/p>\n\n\n<div class=\"wp-block-image\">\n<figure class=\"alignleft size-large is-resized\"><img loading=\"lazy\" decoding=\"async\" width=\"1024\" height=\"683\" src=\"https:\/\/www.humanium.org\/fr\/wp-content\/uploads\/2026\/08\/shutterstock_2254430113-1024x683.jpg\" alt=\"\" class=\"wp-image-62868\" style=\"aspect-ratio:1.499330655957162;width:328px;height:auto\" srcset=\"https:\/\/www.humanium.org\/fr\/wp-content\/uploads\/2026\/08\/shutterstock_2254430113-1024x683.jpg 1024w, https:\/\/www.humanium.org\/fr\/wp-content\/uploads\/2026\/08\/shutterstock_2254430113-300x200.jpg 300w, https:\/\/www.humanium.org\/fr\/wp-content\/uploads\/2026\/08\/shutterstock_2254430113-768x512.jpg 768w, https:\/\/www.humanium.org\/fr\/wp-content\/uploads\/2026\/08\/shutterstock_2254430113-1536x1024.jpg 1536w, https:\/\/www.humanium.org\/fr\/wp-content\/uploads\/2026\/08\/shutterstock_2254430113-2048x1365.jpg 2048w, https:\/\/www.humanium.org\/fr\/wp-content\/uploads\/2026\/08\/shutterstock_2254430113-830x553.jpg 830w, https:\/\/www.humanium.org\/fr\/wp-content\/uploads\/2026\/08\/shutterstock_2254430113-230x153.jpg 230w, https:\/\/www.humanium.org\/fr\/wp-content\/uploads\/2026\/08\/shutterstock_2254430113-350x233.jpg 350w, https:\/\/www.humanium.org\/fr\/wp-content\/uploads\/2026\/08\/shutterstock_2254430113-480x320.jpg 480w, https:\/\/www.humanium.org\/fr\/wp-content\/uploads\/2026\/08\/shutterstock_2254430113-272x182.jpg 272w\" sizes=\"auto, (max-width: 1024px) 100vw, 1024px\" \/><\/figure>\n<\/div>\n\n\n<p class=\"wp-block-paragraph\">Afin d\u2019atteindre ces objectifs, le gouvernement a ensuite introduit des mesures cl\u00e9s comme la loi Children First Act 2015, qui fait de la protection de l\u2019enfance une obligation l\u00e9gale pour les professionnels et les organisations travaillant avec les enfants, et a cr\u00e9\u00e9 en 2014 Tusla, l\u2019agence de l\u2019enfance et de la famille pour piloter les services de protection et de bien-\u00eatre de l\u2019enfance (Harlowe et al., 2019).<\/p>\n\n\n\n<p class=\"wp-block-paragraph\">Dans le but de s\u2019engager davantage envers la Convention des Nations Unies, l&rsquo;Irlande a \u00e9galement ratifi\u00e9, en 2002, le <a href=\"https:\/\/www.humanium.org\/fr\/normes\/protocole-facultatif-cide-enfants-dans-conflits-armes\/\">Protocole facultatif concernant l&rsquo;implication d&rsquo;enfants dans les conflits arm\u00e9s<\/a>, engageant l&rsquo;\u00c9tat \u00e0 emp\u00eacher l&rsquo;utilisation d&rsquo;enfants dans des activit\u00e9s militaires. En 2014, elle a ratifi\u00e9 le Protocole facultatif concernant une proc\u00e9dure de communication, donnant aux enfants le droit de porter plainte directement aupr\u00e8s des Nations Unies si leurs droits en vertu de la Convention \u00e9taient viol\u00e9s. L&rsquo;Irlande a \u00e9galement sign\u00e9 <a href=\"https:\/\/www.humanium.org\/fr\/normes\/protocole-facultatif-cide-vente-prostitution-pornographie-enfants\/\">le Protocole facultatif sur la vente d&rsquo;enfants<\/a>, la prostitution des enfants et la pornographie mettant en sc\u00e8ne des enfants en 2000, et se pr\u00e9pare \u00e0 le ratifier (Gouvernement irlandais, 2025).<\/p>\n\n\n\n<h2 class=\"wp-block-heading\"><strong>R\u00e9pondre aux besoins des enfants<\/strong><\/h2>\n\n\n\n<h3 class=\"wp-block-heading\"><strong>Droit \u00e0 l\u2019\u00e9ducation<\/strong><\/h3>\n\n\n\n<p class=\"wp-block-paragraph\">En Irlande, <a href=\"https:\/\/www.humanium.org\/fr\/comprendre-droits-enfant\/droit-a-l-education\/\">l&rsquo;\u00e9ducation<\/a> est gratuite et obligatoire de 6 \u00e0 16 ans, ou jusqu&rsquo;\u00e0 ce que les \u00e9l\u00e8ves aient termin\u00e9 trois ann\u00e9es d&rsquo;\u00e9tudes secondaires. La plupart des enfants commencent toutefois l&rsquo;\u00e9cole primaire \u00e0 l&rsquo;\u00e2ge de 4 ou 5 ans. Le syst\u00e8me comprend l&rsquo;enseignement primaire, secondaire, la formation continue et l\u2019enseignement sup\u00e9rieur&nbsp;; la plupart des \u00e9tablissements sont financ\u00e9s par l&rsquo;\u00c9tat (CIC, 2022).<\/p>\n\n\n\n<p class=\"wp-block-paragraph\">Le Programme d\u2019\u00e9ducation et d\u2019accueil de la petite enfance (ECCE) offre un enseignement pr\u00e9scolaire gratuit aux enfants avant leur entr\u00e9e \u00e0 l&rsquo;\u00e9cole primaire, tandis que le Programme National de garde d&rsquo;enfants (NCS) aide les familles \u00e0 couvrir les frais de garderie. L&rsquo;enseignement primaire commence g\u00e9n\u00e9ralement \u00e0 l&rsquo;\u00e2ge de 5 ans et suit un programme centr\u00e9 sur l&rsquo;enfant. La plupart des \u00e9l\u00e8ves apprennent \u00e0 la fois l&rsquo;anglais et l&rsquo;irlandais, quoique certains en sont exempt\u00e9s (CIC, 2022).<\/p>\n\n\n\n<p class=\"wp-block-paragraph\">L&rsquo;enseignement secondaire comprend deux cycles : le premier cycle (12-15 ans), sanctionn\u00e9 par le \u00ab&nbsp;Junior Cycle Profile of Achievement&nbsp;\u00bb, et le second cycle (16-18 ans), qui m\u00e8ne \u00e0 l&rsquo;un des trois programmes du \u00ab&nbsp;Leaving Certificate&nbsp;\u00bb dipl\u00f4me de fin d&rsquo;\u00e9tudes secondaires : g\u00e9n\u00e9ral, professionnel ou pratique (CIC, 2022).<\/p>\n\n\n\n<p class=\"wp-block-paragraph\">Bien que le syst\u00e8me \u00e9ducatif irlandais soit performant, certains \u00e9l\u00e8ves continuent de rencontrer des difficult\u00e9s. <a href=\"https:\/\/www.humanium.org\/fr\/pauvrete\/\">Les enfants issus de milieux d\u00e9favoris\u00e9s<\/a> ne b\u00e9n\u00e9ficient pas des m\u00eames conditions d&rsquo;apprentissage. Le harc\u00e8lement scolaire est \u00e9galement un probl\u00e8me. Pour y rem\u00e9dier, le minist\u00e8re de l&rsquo;\u00c9ducation exige de toutes les \u00e9coles qu&rsquo;elles respectent les r\u00e8gles nationales en mati\u00e8re de lutte contre le harc\u00e8lement et qu&rsquo;elles forment leur personnel, afin de garantir la s\u00e9curit\u00e9 et l\u2019int\u00e9gration de chaque \u00e9l\u00e8ve (Tangredi, 2023).<\/p>\n\n\n\n<h3 class=\"wp-block-heading\"><strong>Droit \u00e0 la sant\u00e9<\/strong><\/h3>\n\n\n\n<p class=\"wp-block-paragraph\">En Irlande, les soins de sant\u00e9 sont principalement financ\u00e9s par les imp\u00f4ts, avec quelques participations aux frais et des assurances priv\u00e9es. Tous les citoyens peuvent acc\u00e9der aux services hospitaliers publics, et les consultations chez le m\u00e9decin g\u00e9n\u00e9raliste sont gratuites pour les enfants de moins de six ans et les familles b\u00e9n\u00e9ficiant d&rsquo;une carte m\u00e9dicale. L\u2019Agence de sant\u00e9 publique \u00ab&nbsp;Health Service Executive&nbsp;\u00bb (HSE) finance \u00e9galement des services sociaux tels que les <a href=\"https:\/\/www.humanium.org\/fr\/enfants-handicapes\/\">soins aux personnes handicap\u00e9es<\/a>, les vaccinations et les programmes de&nbsp;<a href=\"https:\/\/www.humanium.org\/fr\/autres\/declaration-sur-le-droit-au-developpement\/\">d\u00e9veloppement de l\u2019enfant&nbsp;<\/a>(Staines et al., 2016).<\/p>\n\n\n\n<p class=\"wp-block-paragraph\">La plupart des enfants naissent \u00e0 l&rsquo;h\u00f4pital et leurs familles b\u00e9n\u00e9ficient du soutien d\u2019infirmi\u00e8res qui leur rendent visite \u00e0 domicile apr\u00e8s la naissance. Celles-ci contr\u00f4lent la croissance des b\u00e9b\u00e9s, prodiguent des conseils en mati\u00e8re de nutrition et de s\u00e9curit\u00e9, et accompagnent les parents dans la gestion de la sant\u00e9 de leur enfant. Les \u00e9coles jouent \u00e9galement un r\u00f4le important dans la transmission d&rsquo;habitudes saines gr\u00e2ce \u00e0 des cours sur l&rsquo;hygi\u00e8ne, l\u2019exercice physique et le bien-\u00eatre mental (HSE, s.d.).<\/p>\n\n\n\n<p class=\"wp-block-paragraph\">La sant\u00e9 des enfants est g\u00e9n\u00e9ralement bonne en Irlande et le niveau de bien-\u00eatre infantile est l\u2019un des plus \u00e9lev\u00e9 de l\u2019UE. Cependant, des in\u00e9galit\u00e9s persistent entre les familles ayant un niveau de revenus diff\u00e9rent ou vivant dans des zones rurales. Certains enfants doivent en effet attendre un certain temps avant de pouvoir b\u00e9n\u00e9ficier de soins sp\u00e9cialis\u00e9s, et les probl\u00e8mes de sant\u00e9 mentale chez les jeunes constituent une pr\u00e9occupation croissante. L&rsquo;ob\u00e9sit\u00e9 infantile et la consommation d&rsquo;alcool chez les mineurs ont \u00e9galement un impact sur la sant\u00e9 g\u00e9n\u00e9rale (Staines et al., 2016).<\/p>\n\n\n\n<p class=\"wp-block-paragraph\">Afin d&rsquo;am\u00e9liorer la coordination des services, le gouvernement a cr\u00e9\u00e9 en 2011 le D\u00e9partement des affaires de l&rsquo;enfance et de la jeunesse, charg\u00e9 d\u2019harmoniser les politiques en mati\u00e8re de sant\u00e9, d&rsquo;\u00e9ducation et de protection de l&rsquo;enfance. Il a \u00e9galement mis en place des programmes nationaux visant \u00e0 favoriser le bien-\u00eatre physique et mental des enfants gr\u00e2ce \u00e0 des actions de pr\u00e9vention pr\u00e9coce, des programmes de proximit\u00e9s et une coop\u00e9ration entre les diff\u00e9rents minist\u00e8res (Staines et al., 2016)&nbsp;<\/p>\n\n\n\n<h3 class=\"wp-block-heading\"><strong>Droit \u00e0 l\u2019identit\u00e9<\/strong><\/h3>\n\n\n\n<p class=\"wp-block-paragraph\">Pendant une grande partie du XXe si\u00e8cle, l&rsquo;Irlande n&rsquo;a pas prot\u00e9g\u00e9 <a href=\"https:\/\/www.humanium.org\/fr\/comprendre-droits-enfant\/droit-a-l-identite\/\">le&nbsp;droit des enfants \u00e0 l\u2019identit\u00e9.<\/a> Les m\u00e8res c\u00e9libataires \u00e9taient souvent envoy\u00e9es dans des foyers pour m\u00e8res et b\u00e9b\u00e9s, des institutions g\u00e9r\u00e9es principalement par l&rsquo;\u00c9glise catholique et financ\u00e9s par l&rsquo;\u00c9tat. De nombreuses femmes ont \u00e9t\u00e9 s\u00e9par\u00e9es de leurs b\u00e9b\u00e9s et des milliers <a href=\"https:\/\/www.humanium.org\/fr\/ladoption-dun-enfant\/\">d&rsquo;enfants ont \u00e9t\u00e9 adopt\u00e9s&nbsp;<\/a>sans le consentement de leur m\u00e8re (Donahue, 2023).<\/p>\n\n\n\n<p class=\"wp-block-paragraph\">Des actes de naissance ont \u00e9t\u00e9 falsifi\u00e9s ou dissimul\u00e9s, emp\u00eachant ainsi de nombreuses personnes de d\u00e9couvrir leur identit\u00e9 ou leurs origines. La Commission d&rsquo;enqu\u00eate sur les foyers pour m\u00e8res et b\u00e9b\u00e9s a ensuite d\u00e9couvert que plus de 56&nbsp;000 femmes et 57&nbsp;000 enfants avaient v\u00e9cu dans ces foyers, r\u00e9v\u00e9lant ainsi de graves violations des droits humains (ODAIT, 2020). En r\u00e9ponse, le gouvernement a promulgu\u00e9 en 2022 une loi concernant les informations de naissance et la recherche des origines \u00ab&nbsp;Birth Information and Tracing Act&nbsp;\u00bb, qui garantit aux personnes adopt\u00e9es un acc\u00e8s int\u00e9gral \u00e0 leurs certificats de naissance et \u00e0 leurs dossiers personnels (IHREC, 2022).<\/p>\n\n\n<div class=\"wp-block-image\">\n<figure class=\"alignright size-large is-resized\"><img loading=\"lazy\" decoding=\"async\" width=\"1024\" height=\"683\" src=\"https:\/\/www.humanium.org\/fr\/wp-content\/uploads\/2026\/08\/shutterstock_2297201221-1024x683.jpg\" alt=\"\" class=\"wp-image-62869\" style=\"aspect-ratio:1.499330655957162;width:359px;height:auto\" srcset=\"https:\/\/www.humanium.org\/fr\/wp-content\/uploads\/2026\/08\/shutterstock_2297201221-1024x683.jpg 1024w, https:\/\/www.humanium.org\/fr\/wp-content\/uploads\/2026\/08\/shutterstock_2297201221-300x200.jpg 300w, https:\/\/www.humanium.org\/fr\/wp-content\/uploads\/2026\/08\/shutterstock_2297201221-768x512.jpg 768w, https:\/\/www.humanium.org\/fr\/wp-content\/uploads\/2026\/08\/shutterstock_2297201221-1536x1024.jpg 1536w, https:\/\/www.humanium.org\/fr\/wp-content\/uploads\/2026\/08\/shutterstock_2297201221-2048x1365.jpg 2048w, https:\/\/www.humanium.org\/fr\/wp-content\/uploads\/2026\/08\/shutterstock_2297201221-829x553.jpg 829w, https:\/\/www.humanium.org\/fr\/wp-content\/uploads\/2026\/08\/shutterstock_2297201221-230x153.jpg 230w, https:\/\/www.humanium.org\/fr\/wp-content\/uploads\/2026\/08\/shutterstock_2297201221-350x233.jpg 350w, https:\/\/www.humanium.org\/fr\/wp-content\/uploads\/2026\/08\/shutterstock_2297201221-480x320.jpg 480w, https:\/\/www.humanium.org\/fr\/wp-content\/uploads\/2026\/08\/shutterstock_2297201221-272x182.jpg 272w\" sizes=\"auto, (max-width: 1024px) 100vw, 1024px\" \/><\/figure>\n<\/div>\n\n\n<p class=\"wp-block-paragraph\">Aujourd&rsquo;hui, l&rsquo;Irlande reconna\u00eet le droit de chaque enfant \u00e0 une identit\u00e9 l\u00e9gale d\u00e8s sa naissance. Si les parents sont mari\u00e9s, le p\u00e8re est automatiquement reconnu par la loi&nbsp;; sinon, les deux partenaires doivent \u00eatre pr\u00e9sents lors de l&rsquo;enregistrement afin d&rsquo;inscrire le nom du p\u00e8re. Les enfants adopt\u00e9s sont inscrits dans le registre des enfants adopt\u00e9s, qui \u00e9tablit un lien entre leur nouvelle famille l\u00e9gale et leur acte de naissance d&rsquo;origine (Child Identity Protection, 2022).<\/p>\n\n\n\n<p class=\"wp-block-paragraph\">Cependant, certains enfants en Irlande risquent toujours d&rsquo;\u00eatre apatrides, car ils n&rsquo;ont aucune nationalit\u00e9 reconnue. Cela peut concerner les enfants de migrants, de r\u00e9fugi\u00e9s ou de familles issues de communaut\u00e9s apatrides. Bien que l&rsquo;Irlande autorise les apatrides \u00e0 demander des documents de voyage et que certains enfants n\u00e9s dans le pays peuvent obtenir la citoyennet\u00e9, il n&rsquo;existe toujours pas de dispositif officiel permettant d&rsquo;identifier ou de prot\u00e9ger les enfants apatrides (Child Identity Protection, 2022).<\/p>\n\n\n\n<h2 class=\"wp-block-heading\"><strong>Facteurs de risque \u2013&gt; D\u00e9fis sp\u00e9cifiques au pays<\/strong><\/h2>\n\n\n\n<h3 class=\"wp-block-heading\"><strong>Maltraitance infantile<\/strong><\/h3>\n\n\n\n<p class=\"wp-block-paragraph\">L&rsquo;Irlande continue d&rsquo;\u00eatre confront\u00e9e aux cons\u00e9quences <a href=\"https:\/\/www.humanium.org\/fr\/la-maltraitance-des-enfants\/\">des&nbsp;abus commis sur les enfants&nbsp;<\/a>dans les \u00e9coles et institutions religieuses. Une enqu\u00eate gouvernementale men\u00e9e en 2024 a recens\u00e9 2&nbsp;395 accusations d&rsquo;abus sexuels impliquant 884 agresseurs pr\u00e9sum\u00e9s dans plus de 300 \u00e9coles g\u00e9r\u00e9es par des ordres catholiques entre 1927 et 2013. Les victimes ont d\u00e9clar\u00e9 avoir \u00e9t\u00e9 viol\u00e9es, battues et humili\u00e9es dans \u00ab une atmosph\u00e8re de terreur et de silence \u00bb, souvent par des pr\u00eatres et des enseignants pourtant cens\u00e9s les prot\u00e9ger (Reuters, 2024).<\/p>\n\n\n\n<p class=\"wp-block-paragraph\">L&rsquo;une des premi\u00e8res \u00e0 briser le silence fut Christine Buckley, qui avait pass\u00e9 son enfance \u00e0 l&rsquo;orphelinat Goldenbridge, g\u00e9r\u00e9 par les S\u0153urs de la Mis\u00e9ricorde. Elle se souvient avoir \u00e9t\u00e9 battue, br\u00fbl\u00e9e et trait\u00e9e \u00ab comme un num\u00e9ro, et non comme une enfant \u00bb. Elle a eu le courage de s&rsquo;exprimer publiquement dans les ann\u00e9es 1990, ce qui a permis de d\u00e9voiler des d\u00e9cennies de maltraitance pass\u00e9es sous silence et a men\u00e9 \u00e0 la cr\u00e9ation, en 1999, de la Commission d&rsquo;enqu\u00eate sur la maltraitance des enfants (CRIN, 2020).<\/p>\n\n\n\n<p class=\"wp-block-paragraph\">A la suite des conclusions relatives aux cas de maltraitance infantile perp\u00e9tr\u00e9s dans des foyers, le gouvernement irlandais a cr\u00e9\u00e9 le \u00ab Residential Institutions Redress Board \u00bb (RIRB). Cette commission \u00e9tait charg\u00e9e d\u2019indemniser financi\u00e8rement les personnes ayant subi des abus physiques, sexuels ou psychologiques dans des institutions g\u00e9r\u00e9es par l&rsquo;\u00c9glise. En 2014, plus de 15&nbsp;000 victimes avaient re\u00e7u des indemnit\u00e9s d&rsquo;un montant moyen de 62&nbsp;250 euros, pour un co\u00fbt total de 1,5 milliard d&rsquo;euros (CRIN, 2020).<\/p>\n\n\n\n<p class=\"wp-block-paragraph\">Le gouvernement a \u00e9galement cr\u00e9\u00e9 \u00ab&nbsp;Caranua&nbsp;\u00bb, un fonds public destin\u00e9 \u00e0 aider les anciennes victimes \u00e0 acc\u00e9der au logement, \u00e0 l&rsquo;\u00e9ducation et aux soins de sant\u00e9. Alors que les congr\u00e9gations religieuses \u00e9taient cens\u00e9es financer le fonds \u00e0 hauteur de 128 millions d&rsquo;euros, essentiellement sous forme de biens immobiliers, leur contribution a \u00e9t\u00e9 bien inf\u00e9rieure aux objectifs convenus. Ce manquement a suscit\u00e9 des critiques de la part du public et reste une question en suspens concernant l&rsquo;approche de l&rsquo;Irlande en mati\u00e8re de d\u00e9dommagement et de r\u00e9parations (CRIN, 2020).<\/p>\n\n\n\n<h3 class=\"wp-block-heading\"><strong>Violence<\/strong><\/h3>\n\n\n\n<p class=\"wp-block-paragraph\"><a href=\"https:\/\/www.humanium.org\/fr\/harcelement-scolaire\/\">Le harc\u00e8lement scolaire<\/a> <strong><\/strong>reste un sujet de pr\u00e9occupation majeur en Irlande, car il touche les jeunes \u00e0 l\u2019\u00e9cole et en dehors. Selon l&rsquo;UNICEF, pr\u00e8s de la moiti\u00e9 des adolescents irlandais (environ 44%) d\u00e9clarent avoir subi des <a href=\"https:\/\/www.humanium.org\/fr\/violences\/\">violences<\/a> de la part de leurs camarades, qu&rsquo;il s&rsquo;agisse d&rsquo;intimidation, de moqueries ou de bagarres. Environ 28% des \u00e9l\u00e8ves \u00e2g\u00e9s de 13 \u00e0 15 ans ont d\u00e9clar\u00e9 avoir \u00e9t\u00e9 victimes de harc\u00e8lement \u00e0 l&rsquo;\u00e9cole, tandis que 27% ont \u00e9t\u00e9 impliqu\u00e9s dans une bagarre physique (McMahon, 2018).<\/p>\n\n\n\n<p class=\"wp-block-paragraph\">Plusieurs \u00e9v\u00e9nements tragiques ont mis en \u00e9vidence les dommages durables que peut provoquer la cruaut\u00e9 entre adolescents. En 2012, Erin Gallagher, \u00e2g\u00e9e de treize ans, s&rsquo;est donn\u00e9 la mort apr\u00e8s avoir \u00e9t\u00e9 victime de harc\u00e8lement persistant. Sa mort a attir\u00e9 l&rsquo;attention nationale sur l&rsquo;impact du cyberharc\u00e8lement et a conduit \u00e0 un regain d&rsquo;efforts pour renforcer les politiques de luttes anti-harc\u00e8lement dans les \u00e9coles irlandaises (Maguire, 2016).<\/p>\n\n\n\n<p class=\"wp-block-paragraph\">En 2018, un autre cas dramatique a profond\u00e9ment choqu\u00e9 l&rsquo;Irlande : le meurtre d&rsquo;Ana Kri\u00e9gel \u00e2g\u00e9e de seulement quatorze ans. Ana a \u00e9t\u00e9 attir\u00e9e hors de chez elle par deux gar\u00e7ons de treize ans et emmen\u00e9e dans une maison abandonn\u00e9e, o\u00f9 elle a \u00e9t\u00e9 battue et agress\u00e9e sexuellement avant d&rsquo;\u00eatre tu\u00e9e. Les gar\u00e7ons sont devenus les plus jeunes personnes de l&rsquo;histoire irlandaise \u00e0 \u00eatre condamn\u00e9es pour meurtre (Carroll, 2019).<\/p>\n\n\n\n<p class=\"wp-block-paragraph\">\u00c0 la suite de ces drames, l&rsquo;Irlande a commenc\u00e9 \u00e0 prendre beaucoup plus au s\u00e9rieux le probl\u00e8me du harc\u00e8lement entre adolescents. Le gouvernement et ses diff\u00e9rents minist\u00e8res ont mis en place de nouveaux services, des programmes de formation et des lois pour pr\u00e9venir rapidement ces violences et mieux prot\u00e9ger les enfants. Le Health Service Executive (HSE) et la HIQA consid\u00e8rent d\u00e9sormais le harc\u00e8lement comme un v\u00e9ritable probl\u00e8me de protection de l\u2019enfance (Probation Service, 2024).<\/p>\n\n\n\n<p class=\"wp-block-paragraph\">Leur \u00e9tude nationale r\u00e9alis\u00e9e en 2024 recommandait la mise en place de r\u00e8gles claires concernant la d\u00e9finition d\u2019un acte de maltraitance, une meilleure formation du personnel et un suivi coh\u00e9rent dans les \u00e9coles, les centres d&rsquo;accueil et les services \u00e0 la jeunesse. Ainsi, si un enfant en blesse un autre, cet incident doit \u00eatre consign\u00e9 et trait\u00e9 de mani\u00e8re appropri\u00e9e, et ne doit pas \u00eatre consid\u00e9r\u00e9 comme \u00ab&nbsp;une simple bagarre&nbsp;\u00bb (Probation Service, 2024).<\/p>\n\n\n\n<h3 class=\"wp-block-heading\"><strong>Pauvret\u00e9 infantile<\/strong><\/h3>\n\n\n\n<p class=\"wp-block-paragraph\">Malgr\u00e9 une forte croissance \u00e9conomique, de nombreux enfants en Irlande vivent encore dans la pauvret\u00e9 ou dans des logements pr\u00e9caires. En 2024, 15,3% des enfants (188&nbsp;605 enfants) \u00e9taient expos\u00e9s au risque de pauvret\u00e9, ce qui repr\u00e9sente le pourcentage le plus \u00e9lev\u00e9 de tous les groupes d&rsquo;\u00e2ge (Children&rsquo;s Right Alliance, 2025).<\/p>\n\n\n\n<p class=\"wp-block-paragraph\">Par ailleurs, 8,5% des enfants (soit 104&nbsp;780 enfants) ont connu une pauvret\u00e9 prolong\u00e9e en 2024, contre 4,8% en 2023. En mai 2025, on d\u00e9nombrait plus de 4&nbsp;775 enfants vivant dans des logements pr\u00e9caires avec leur famille<a href=\"https:\/\/www.rte.ie\/news\/2025\/0530\/1515960-homeless-figures\/\">&nbsp;<\/a>(Conneely, 2025).<\/p>\n\n\n\n<p class=\"wp-block-paragraph\">Les probl\u00e8mes de logement peuvent avoir de graves r\u00e9percussions sur le d\u00e9veloppement des enfants, notamment des retards d&rsquo;apprentissage, des difficult\u00e9s comportementales, ainsi qu&rsquo;une augmentation des <a href=\"https:\/\/www.humanium.org\/fr\/une-pandemie-au-sommet-dune-pandemie-la-crise-croissante-de-la-sante-mentale-chez-les-adolescents-aux-etats-unis\/\">niveaux d&rsquo;anxi\u00e9t\u00e9 et de d\u00e9pression<\/a>. Cependant, des relations familiales favorables, une implication scolaire et l&rsquo;acc\u00e8s \u00e0 des aides adapt\u00e9es peuvent contribuer \u00e0 r\u00e9duire ces effets n\u00e9gatifs (D&rsquo;Sa et al., 2020).<\/p>\n\n\n\n<p class=\"wp-block-paragraph\">Malgr\u00e9 la mise en place de programmes gouvernementaux tels que \u00ab&nbsp;Housing for All&nbsp;\u00bb (Logement pour tous) et le Bureau du programme contre la pauvret\u00e9 infantile et pour le bien-\u00eatre, lanc\u00e9 en 2023 pour r\u00e9duire de moiti\u00e9 la pauvret\u00e9 infantile d&rsquo;ici 2030, les associations de d\u00e9fense des droits alertent sur la lenteur des progr\u00e8s et le peu de poids accord\u00e9 \u00e0 la voix des enfants dans les politiques de logement (Ombudsman for Children\u2019s Office, 2025).<\/p>\n\n\n\n<h3 class=\"wp-block-heading\"><strong>Discrimination<\/strong><\/h3>\n\n\n\n<p class=\"wp-block-paragraph\">En Irlande, les enfants roms sont confront\u00e9s \u00e0 de multiples difficult\u00e9s li\u00e9es \u00e0 la pauvret\u00e9, au mal-logement et \u00e0 la discrimination. De nombreuses familles roms ne peuvent pas b\u00e9n\u00e9ficier de l&rsquo;aide sociale car elles ne remplissent pas les conditions de r\u00e9sidence habituelles, qui exigent une preuve d&#8217;emploi et de r\u00e9sidence de longue dur\u00e9e. En cons\u00e9quence, certaines familles ne disposent pas des ressources n\u00e9cessaires pour subvenir \u00e0 des besoins essentiels tels que l\u2019alimentation, le chauffage, ou le loyer (Pavee Point Traveller and Roma Centre, 2012).<\/p>\n\n\n<div class=\"wp-block-image\">\n<figure class=\"alignleft size-large is-resized\"><img loading=\"lazy\" decoding=\"async\" width=\"1024\" height=\"683\" src=\"https:\/\/www.humanium.org\/fr\/wp-content\/uploads\/2026\/08\/shutterstock_2737729967-1024x683.jpg\" alt=\"\" class=\"wp-image-62870\" style=\"aspect-ratio:1.499330655957162;width:381px;height:auto\" srcset=\"https:\/\/www.humanium.org\/fr\/wp-content\/uploads\/2026\/08\/shutterstock_2737729967-1024x683.jpg 1024w, https:\/\/www.humanium.org\/fr\/wp-content\/uploads\/2026\/08\/shutterstock_2737729967-300x200.jpg 300w, https:\/\/www.humanium.org\/fr\/wp-content\/uploads\/2026\/08\/shutterstock_2737729967-768x512.jpg 768w, https:\/\/www.humanium.org\/fr\/wp-content\/uploads\/2026\/08\/shutterstock_2737729967-829x553.jpg 829w, https:\/\/www.humanium.org\/fr\/wp-content\/uploads\/2026\/08\/shutterstock_2737729967-229x153.jpg 229w, https:\/\/www.humanium.org\/fr\/wp-content\/uploads\/2026\/08\/shutterstock_2737729967-2048x1365.jpg 2048w, https:\/\/www.humanium.org\/fr\/wp-content\/uploads\/2026\/08\/shutterstock_2737729967-1536x1024.jpg 1536w, https:\/\/www.humanium.org\/fr\/wp-content\/uploads\/2026\/08\/shutterstock_2737729967-350x233.jpg 350w, https:\/\/www.humanium.org\/fr\/wp-content\/uploads\/2026\/08\/shutterstock_2737729967-480x320.jpg 480w, https:\/\/www.humanium.org\/fr\/wp-content\/uploads\/2026\/08\/shutterstock_2737729967-272x182.jpg 272w\" sizes=\"auto, (max-width: 1024px) 100vw, 1024px\" \/><\/figure>\n<\/div>\n\n\n<p class=\"wp-block-paragraph\">Un logement insalubre et un acc\u00e8s limit\u00e9 \u00e0 l&rsquo;eau potable ou au chauffage peuvent entra\u00eener des probl\u00e8mes de sant\u00e9 et retarder <a href=\"https:\/\/www.humanium.org\/fr\/le-developpement-de-la-petite-enfance-la-fondation-pour-une-societe-durable-et-prospere\/\">le&nbsp;d\u00e9veloppement des enfants<\/a>. Le recours aux soins de sant\u00e9 est souvent difficile, car certaines familles ne disposent pas de couverture m\u00e9dicale ou sont confront\u00e9es \u00e0 des barri\u00e8res linguistiques, d&rsquo;autres \u00e9vitent simplement de recourir aux services par peur ou par m\u00e9fiance (Pavee Point Traveller and Roma Centre, 2012).<\/p>\n\n\n\n<p class=\"wp-block-paragraph\">Les enfants roms rencontrent \u00e9galement souvent des obstacles dans le domaine de l&rsquo;\u00e9ducation. Beaucoup ne vont pas \u00e0 l&rsquo;\u00e9cole en raison de la pauvret\u00e9, des d\u00e9m\u00e9nagements fr\u00e9quents ou de la discrimination, et certaines filles abandonnent pr\u00e9matur\u00e9ment leurs \u00e9tudes pour&nbsp;<a href=\"https:\/\/www.humanium.org\/fr\/mariage-enfants\/\">se marier<\/a>. Ces difficult\u00e9s sont aggrav\u00e9es par les pr\u00e9jug\u00e9s et la marginalisation, qui emp\u00eachent les familles de demander de l&rsquo;aide (Pavee Point Traveller and Roma Centre, 2012).<\/p>\n\n\n\n<p class=\"wp-block-paragraph\">Face \u00e0 ces d\u00e9fis, le gouvernement irlandais a r\u00e9affirm\u00e9 son engagement \u00e0 soutenir les familles roms. Un rapport publi\u00e9 en 2025 par le ministre Roderic O&rsquo;Gorman, et bas\u00e9 sur le recensement de 2022, a r\u00e9v\u00e9l\u00e9 des progr\u00e8s en mati\u00e8re de sant\u00e9 et d&rsquo;\u00e9ducation, mais aussi la persistance des in\u00e9galit\u00e9s en mati\u00e8re d&#8217;emploi et d&rsquo;inclusion. Ce rapport s&rsquo;inscrit dans le cadre de la Strat\u00e9gie nationale pour l&rsquo;inclusion des gens du voyage et des Roms II, visant \u00e0 promouvoir l&rsquo;\u00e9galit\u00e9 et l\u2019am\u00e9lioration de l&rsquo;acc\u00e8s aux divers services (minist\u00e8re de l&rsquo;Enfance, du Handicap et de l&rsquo;\u00c9galit\u00e9, 2025).<\/p>\n\n\n\n<h3 class=\"wp-block-heading\"><strong>Enfants handicap\u00e9s<\/strong><\/h3>\n\n\n\n<p class=\"wp-block-paragraph\">En Irlande, les&nbsp;<a href=\"https:\/\/www.humanium.org\/fr\/enfants-handicapes\/\">enfants handicap\u00e9s&nbsp;<\/a>ont droit \u00e0 une aide qui leur permet de s&rsquo;\u00e9panouir pleinement. Le \u00ab&nbsp;Health Service Executive&nbsp;\u00bb (HSE) propose une \u00e9valuation des besoins \u00ab&nbsp;Assessment of Need&nbsp;\u00bb (AON) pour les enfants pr\u00e9sentant un handicap afin de d\u00e9terminer leurs besoins en mati\u00e8re de sant\u00e9 et d&rsquo;\u00e9ducation puis recommande les services de soutiens appropri\u00e9s. (Coleman Legal LLP, n.d.).<\/p>\n\n\n\n<p class=\"wp-block-paragraph\">En vertu de la loi de 2005 sur le handicap (Disability Act 2005), le HSE&nbsp;doit commencer l&rsquo;\u00e9valuation dans les trois mois suivant la r\u00e9ception d&rsquo;une demande et la finaliser dans les six mois. Cependant, de nombreuses familles sont confront\u00e9es \u00e0 de longs d\u00e9lais. \u00c0 la fin de l&rsquo;ann\u00e9e 2024, plus de 14&nbsp;200 enfants attendaient toujours leur bilan, pour la plupart au-del\u00e0 du d\u00e9lai l\u00e9gal (Coleman Legal LLP, n.d.).<\/p>\n\n\n\n<p class=\"wp-block-paragraph\">Les tribunaux ont confirm\u00e9 que les proc\u00e9dures ne pouvaient \u00eatre refus\u00e9es ou retard\u00e9es en raison d&rsquo;un manque de personnel ou de financement, et que les enfants avaient droit \u00e0 des diagnostics complets lorsque cela \u00e9tait n\u00e9cessaire. Malgr\u00e9 ces garanties, le retard accumul\u00e9 reste une pr\u00e9occupation majeure et pourrait constituer une atteinte aux obligations de l&rsquo;Irlande au regard de la Convention des Nations Unies relative aux droits de l&rsquo;enfant et de la Convention relative aux droits des personnes handicap\u00e9es (Coleman Legal LLP, s.d.).<\/p>\n\n\n\n<p class=\"wp-block-paragraph\">En 2024, Inclusion Ireland a signal\u00e9 que pr\u00e8s de la moiti\u00e9 des enfants ayant besoin de soutien p\u00e9dagogique suppl\u00e9mentaire \u00e9taient n\u00e9glig\u00e9s par le syst\u00e8me \u00e9ducatif. Sur les 492 parents interrog\u00e9s, seuls 14% ont d\u00e9clar\u00e9 que leur enfant s&rsquo;\u00e9panouissait \u00e0 l&rsquo;\u00e9cole. Quant aux autres enfants, 6% avaient des horaires r\u00e9duits, 4% ne fr\u00e9quentaient pas l&rsquo;\u00e9cole en raison d&rsquo;un manque de soutien scolaire et 22% ne b\u00e9n\u00e9ficiaient pas de l\u2019accompagnement n\u00e9cessaire (Inclusion Ireland, 2024).<\/p>\n\n\n\n<p class=\"wp-block-paragraph\">La m\u00eame ann\u00e9e, le Conseil national pour l&rsquo;\u00e9ducation sp\u00e9cialis\u00e9e (NCSE) a publi\u00e9 un document intitul\u00e9 \u00ab&nbsp;Une \u00e9ducation inclusive pour une soci\u00e9t\u00e9 inclusive&nbsp;\u00bb, pr\u00e9sentant les grandes lignes d&rsquo;une transition progressive vers un syst\u00e8me \u00e9ducatif pleinement inclusif en Irlande. Ce plan s&rsquo;inspire de la Convention des Nations Unies relative aux droits des personnes handicap\u00e9es et pr\u00e9conise un renforcement du soutien psychologique et th\u00e9rapeutique, une meilleure formation des enseignants et un meilleur accompagnement des \u00e9coles (NCSE, 2024).<\/p>\n\n\n\n<h3 class=\"wp-block-heading\"><strong>Enfants et addictions<\/strong><\/h3>\n\n\n\n<p class=\"wp-block-paragraph\">En 2016, l&rsquo;alcool \u00e9tait responsable d&rsquo;environ 16% des d\u00e9c\u00e8s chez les 15-19 ans et de 23% chez les 20-24 ans en Europe, ce qui en fait l&rsquo;une des&nbsp;<a href=\"https:\/\/www.humanium.org\/fr\/enfants-dependances\/\">substances les plus mortelles pour les jeunes<\/a>. En Irlande, la tendance est la m\u00eame. Apr\u00e8s une baisse constante entre le milieu des ann\u00e9es 2000 et le milieu des ann\u00e9es 2010, la consommation d&rsquo;alcool chez les jeunes a recommenc\u00e9 \u00e0 augmenter (HRB, 2025).<\/p>\n\n\n\n<p class=\"wp-block-paragraph\">Les donn\u00e9es nationales r\u00e9v\u00e8lent que parmi les 15-24 ans, la proportion de ceux qui consomment de l&rsquo;alcool est pass\u00e9e d&rsquo;environ deux tiers en 2018 \u00e0 trois quarts en 2024. Plus inqui\u00e9tant encore, lorsque les jeunes commencent \u00e0 boire, ils ont tendance \u00e0 consommer de fa\u00e7on excessive : environ 64% des jeunes buveurs s&rsquo;adonnent r\u00e9guli\u00e8rement \u00e0 des so\u00fbleries et un sur trois pr\u00e9sente les sympt\u00f4mes d&rsquo;un trouble li\u00e9 \u00e0 la consommation d&rsquo;alcool (HRB, 2025).<\/p>\n\n\n\n<p class=\"wp-block-paragraph\">Autre \u00e9tude, celle de Planet Youth 2020, r\u00e9alis\u00e9e dans l\u2019ouest de l\u2019Irlande aupr\u00e8s de 4&nbsp;473 \u00e9l\u00e8ves \u00e2g\u00e9s de 15 \u00e0 16 ans, a mis en \u00e9vidence des moyens efficaces pour pr\u00e9venir la consommation d&rsquo;alcool chez les adolescents. Les jeunes, surveill\u00e9s de pr\u00e8s par des parents clairement oppos\u00e9s \u00e0 la consommation d&rsquo;alcool, \u00e9taient beaucoup moins enclins \u00e0 boire de fa\u00e7on excessive alors que ceux pouvant se procurer de l\u2019alcool facilement dans le milieu familial \u00e9taient presque deux fois plus susceptibles de le faire (Kelly et al., 2023).<\/p>\n\n\n\n<p class=\"wp-block-paragraph\">Cette \u00e9tude a \u00e9galement mis en \u00e9vidence que le fait de pouvoir se procurer de l\u2019alcool aupr\u00e8s d\u2019amis ou d\u2019autres adultes multipliait le risque de consommation excessive d\u2019alcool et que le facteur social jouait un r\u00f4le d\u00e9terminant. En effet, les adolescents dont les amis consommaient de l&rsquo;alcool avaient pr\u00e8s de cinq fois plus de risques de consommer de l&rsquo;alcool de mani\u00e8re excessive que ceux dont les amis n\u2019en consommaient pas. (Kelly et al., 2023).<\/p>\n\n\n\n<p class=\"wp-block-paragraph\">La <a href=\"https:\/\/www.humanium.org\/fr\/le-bien-etre-mental-des-enfants\/\">sant\u00e9 mentale<\/a>, le tabagisme et la consommation de cannabis \u00e9tant \u00e9galement des facteurs de risque importants, une action de pr\u00e9vention efficace devrait \u00eatre men\u00e9e pour lutter contre ces diff\u00e9rents probl\u00e8mes \u00e9troitement li\u00e9s. Les auteurs soulignent \u00e9galement que des mesures concert\u00e9es au niveau social et gouvernemental, telles que l\u2019application de la loi de 2018 sur la sant\u00e9 publique (alcool), restent essentielles pour retarder la consommation d&rsquo;alcool, en limiter l&rsquo;acc\u00e8s aux jeunes et prot\u00e9ger les adolescents contre les m\u00e9faits qui y sont li\u00e9s (Kelly et al., 2023).<\/p>\n\n\n\n<h3 class=\"wp-block-heading\"><strong>D\u00e9tention des mineurs<\/strong><\/h3>\n\n\n\n<p class=\"wp-block-paragraph\">Le syst\u00e8me judiciaire irlandais pour mineurs repose sur le principe selon lequel la d\u00e9tention ne doit \u00eatre utilis\u00e9e qu&rsquo;en dernier recours. La loi de 2001 sur les enfants interdit <a href=\"https:\/\/www.humanium.org\/fr\/enfants-detenus\/\">l&#8217;emprisonnement&nbsp;<\/a>des personnes \u00e2g\u00e9es de moins de 18 ans, et pr\u00e9voit le placement des enfants dans des centres de d\u00e9tention pour mineurs plut\u00f4t que dans des prisons pour adultes, une mesure pleinement mise en \u0153uvre en 2017. Ces centres mettent l&rsquo;accent sur la r\u00e9insertion et l&rsquo;aide \u00e0 la r\u00e9int\u00e9gration des jeunes dans la soci\u00e9t\u00e9 (IPRT, s.d.).<\/p>\n\n\n\n<p class=\"wp-block-paragraph\">Une avanc\u00e9e majeure a \u00e9t\u00e9 r\u00e9alis\u00e9e en 2017, lorsque l&rsquo;Irlande a mis fin \u00e0 la pratique consistant \u00e0 envoyer les mineurs de moins de 18 ans dans des prisons pour adultes. Tous les enfants condamn\u00e9s par les tribunaux sont d\u00e9sormais d\u00e9tenus au centre de d\u00e9tention pour enfants d&rsquo;Oberstown (l&rsquo;\u00e9tablissement national pour les jeunes d\u00e9linquants). Oberstown fonctionne selon un mod\u00e8le de prise en charge bas\u00e9 sur la justice restaurative. Il propose des programmes visant \u00e0 aider les jeunes \u00e0 comprendre l&rsquo;impact de leurs actes et \u00e0 se pr\u00e9parer \u00e0 la vie apr\u00e8s leur lib\u00e9ration (Oberstown Children Detention Campus, 2018).<\/p>\n\n\n\n<p class=\"wp-block-paragraph\">Cependant, des inspections r\u00e9centes dans le centre ont soulign\u00e9 des difficult\u00e9s persistantes. L&rsquo;Autorit\u00e9 charg\u00e9e de l&rsquo;information et de la qualit\u00e9 dans le domaine de la sant\u00e9 (HIQA) a constat\u00e9 que, bien qu&rsquo;Oberstown offre un environnement s\u00fbr et structur\u00e9, l&rsquo;\u00e9tablissement est confront\u00e9 \u00e0 des probl\u00e8mes de p\u00e9nurie de personnel et \u00e0 un recours excessif \u00e0 des m\u00e9thodes disciplinaires restrictives telles que l&rsquo;isolement (IPRT, 2024).<\/p>\n\n\n\n<p class=\"wp-block-paragraph\">Dans un rapport publi\u00e9 en 2024, \u00ab&nbsp;l&rsquo;Irish Penal Reform Trust&nbsp;\u00bb (IPRT) a alert\u00e9 sur le fait que la d\u00e9tention n&rsquo;\u00e9tait pas toujours utilis\u00e9e en dernier recours, comme l\u2019exige pourtant la loi. L&rsquo;organisation a \u00e9galement fait remarquer que les jeunes \u00e9taient parfois isol\u00e9s pour des incidents mineurs, tels que des insultes ou le refus de prendre un traitement, elle a donc appel\u00e9 \u00e0 des garanties plus solides et \u00e0 des proc\u00e9dures plus claires (IPRT, 2024).<\/p>\n\n\n\n<p class=\"wp-block-paragraph\"><em><strong>R\u00e9dig\u00e9 par Lidija Misic<\/strong><\/em><\/p>\n\n\n\n<p class=\"wp-block-paragraph\"><em><strong>Traduit par Fran\u00e7oise Carpentier<\/strong><\/em><\/p>\n\n\n\n<p class=\"wp-block-paragraph\"><em><strong>Relu par Ania Beznia<\/strong><\/em><\/p>\n\n\n\n<p class=\"wp-block-paragraph\"><em><strong>Derni\u00e8re mise \u00e0 jour le 9 novembre 2025<\/strong><\/em><\/p>\n\n\n\n<h4 class=\"wp-block-heading\"><strong>Bibliographie&nbsp;:<\/strong><\/h4>\n\n\n\n<p class=\"has-small-font-size wp-block-paragraph\">Carroll R. (2019), Teenagers sentenced for murder of Irish 14-year-old Ana Kri\u00e9gel. Retrieved from The Guardian at <a href=\"https:\/\/www.theguardian.com\/world\/2019\/nov\/05\/teenagers-sentenced-for-of-irish-14-year-old-ana-kriegel\">https:\/\/www.theguardian.com\/world\/2019\/nov\/05\/teenagers-sentenced-for-of-irish-14-year-old-ana-kriegel<\/a>, accessed on November 2, 2025.<\/p>\n\n\n\n<p class=\"has-small-font-size wp-block-paragraph\">Child Identity Protection (2022), The right to identity of children and adolescents in Ireland. Retrieved from Child Identity Protection at <a href=\"https:\/\/www.child-identity.org\/wp-content\/uploads\/2021\/10\/ireland.pdf\">https:\/\/www.child-identity.org\/wp-content\/uploads\/2021\/10\/ireland.pdf<\/a>, accessed on November 2, 2025.<\/p>\n\n\n\n<p class=\"has-small-font-size wp-block-paragraph\">Children\u2019s Right Alliance (2025), Children\u2019s Rights Alliance Statement on CSO\u2019s Standard of Living Income Conditions Figures. Retrieved from Children\u2019s Right Alliance at <a href=\"https:\/\/childrensrights.ie\/press-release\/childrens-rights-alliance-statement-on-csos-standard-of-living-income-conditions-figures\/\">https:\/\/childrensrights.ie\/press-release\/childrens-rights-alliance-statement-on-csos-standard-of-living-income-conditions-figures\/<\/a>, accessed on November 9, 2025.<\/p>\n\n\n\n<p class=\"has-small-font-size wp-block-paragraph\">CIC (2022), Overview of the Irish education system. Retrieved from the Citizens Information Centre at <a href=\"https:\/\/www.citizensinformation.ie\/en\/education\/the-irish-education-system\/overview-of-the-irish-education-system\/\">https:\/\/www.citizensinformation.ie\/en\/education\/the-irish-education-system\/overview-of-the-irish-education-system\/<\/a>, accessed on November 2, 2025.<\/p>\n\n\n\n<p class=\"has-small-font-size wp-block-paragraph\">Coleman Legal LLP (n.d.), Assessment of Needs and Your Family. Retrieved from Coleman Legal LLP at <a href=\"https:\/\/colemanlegalpartners.ie\/assessment-of-needs\/\">https:\/\/colemanlegalpartners.ie\/assessment-of-needs\/<\/a>, accessed on November 9, 2025.<\/p>\n\n\n\n<p class=\"has-small-font-size wp-block-paragraph\">Conneely A. (2025), 15,580 people homeless last month, including 4,775 children. Retrieved from RTE at <a href=\"https:\/\/www.rte.ie\/news\/2025\/0530\/1515960-homeless-figures\/\">https:\/\/www.rte.ie\/news\/2025\/0530\/1515960-homeless-figures\/<\/a>, accessed on November 9, 2025.<\/p>\n\n\n\n<p class=\"has-small-font-size wp-block-paragraph\">CSO Ireland (2023), Ireland and the EU at 50. Retrieved from Central Statistics Office Ireland at <a href=\"https:\/\/www.cso.ie\/en\/releasesandpublications\/ep\/p-ieu50\/irelandandtheeuat50\/timelineofkeyevents\/\">https:\/\/www.cso.ie\/en\/releasesandpublications\/ep\/p-ieu50\/irelandandtheeuat50\/timelineofkeyevents\/<\/a>, accessed on November 2, 2025.<\/p>\n\n\n\n<p class=\"has-small-font-size wp-block-paragraph\">Denison Magazine (2020), A History of Violence: A look at Ireland&rsquo;s recent conflicts. Retrieved from Denison Magazine at <a href=\"https:\/\/denison.edu\/magazine\/denison-magazine\/139562\">https:\/\/denison.edu\/magazine\/denison-magazine\/139562<\/a>, accessed on November 2, 2025.<\/p>\n\n\n\n<p class=\"has-small-font-size wp-block-paragraph\">Department of Children, Disability and Equality (2025), Spotlight report on Roma in Ireland published. Retrieved from the Government of Ireland at <a href=\"https:\/\/www.gov.ie\/en\/department-of-children-disability-and-equality\/press-releases\/spotlight-report-on-roma-in-ireland-published\/\">https:\/\/www.gov.ie\/en\/department-of-children-disability-and-equality\/press-releases\/spotlight-report-on-roma-in-ireland-published\/<\/a>, accessed on November 9, 2025.<\/p>\n\n\n\n<p class=\"has-small-font-size wp-block-paragraph\">Donahue I. (2023), Health and Human Rights: Ireland\u2019s Policies of Abuse in Mother and Baby Homes. Retrieved from The Macksey Journal at <a href=\"https:\/\/mackseyjournal.scholasticahq.com\/article\/94630\">https:\/\/mackseyjournal.scholasticahq.com\/article\/94630<\/a>, accessed on November 2, 2025.<\/p>\n\n\n\n<p class=\"has-small-font-size wp-block-paragraph\">D\u2019Sa et al. (2020), The psychological impact of childhood homelessness\u2014a literature review. Retrieved from Springer Nature Link at <a href=\"https:\/\/link.springer.com\/article\/10.1007\/s11845-020-02256-w\">https:\/\/link.springer.com\/article\/10.1007\/s11845-020-02256-w<\/a>, accessed on November 9, 2025.<\/p>\n\n\n\n<p class=\"has-small-font-size wp-block-paragraph\">Government of Ireland (2025), Young Ireland &#8211; Children &amp; Young People&rsquo;s Rights. Retrieved from the Government of Ireland at <a href=\"https:\/\/www.gov.ie\/en\/department-of-children-disability-and-equality\/publications\/young-ireland-children-young-peoples-rights\/\">https:\/\/www.gov.ie\/en\/department-of-children-disability-and-equality\/publications\/young-ireland-children-young-peoples-rights\/<\/a>, accessed on November 2, 2025.<\/p>\n\n\n\n<p class=\"has-small-font-size wp-block-paragraph\">Harlowe N et al. (2019), P4P Country Information on Child Protection Systems. Retrieved from UNESCO Child &amp; Family Research Centre, School of Political Science &amp; Sociology at <a href=\"https:\/\/www.universityofgalway.ie\/media\/unescochildandfamilyresearchcentre\/p4pfolder\/Overview-of-the-Child-Protection-and-Welfare-System-in-Ireland.pdf\">https:\/\/www.universityofgalway.ie\/media\/unescochildandfamilyresearchcentre\/p4pfolder\/Overview-of-the-Child-Protection-and-Welfare-System-in-Ireland.pdf<\/a>, accessed on November 2, 2025.<\/p>\n\n\n\n<p class=\"has-small-font-size wp-block-paragraph\">HRB (2025), Youth drinking in Ireland: what\u2019s the real picture? Retrieved from the Health Research Board at <a href=\"https:\/\/www.drugsandalcohol.ie\/44243\/\">https:\/\/www.drugsandalcohol.ie\/44243\/<\/a>, accessed on November 2, 2025.<\/p>\n\n\n\n<p class=\"has-small-font-size wp-block-paragraph\">HSE (n.d.), National Healthcare Charter for Children. Retrieved from HSE at <a href=\"https:\/\/media.childrenshealthireland.ie\/documents\/HSE-National-Healthcare-Charter-for-Children-2018_7VOtJ0I.pdf\">https:\/\/media.childrenshealthireland.ie\/documents\/HSE-National-Healthcare-Charter-for-Children-2018_7VOtJ0I.pdf<\/a>, accessed on November 2, 2025.<\/p>\n\n\n\n<p class=\"has-small-font-size wp-block-paragraph\">IHREC (2022), Ireland and the Rights of the Child: Submission to the Committee on the Rights of the Child on Ireland\u2019s combined fifth and sixth periodic reports. Retrieved from IHREC at <a href=\"https:\/\/www.ihrec.ie\/app\/uploads\/2022\/09\/Ireland-and-the-Rights-of-the-Child-Final.pdf\">https:\/\/www.ihrec.ie\/app\/uploads\/2022\/09\/Ireland-and-the-Rights-of-the-Child-Final.pdf<\/a>, accessed on November 2, 2025.<\/p>\n\n\n\n<p class=\"has-small-font-size wp-block-paragraph\">CRIN (2020), Child sexual abuse in the Catholic Church in Ireland. Retrieved from CRIN at <a href=\"https:\/\/home.crin.org\/issues\/sexual-violence\/ireland-case-study-clergy-abuse\">https:\/\/home.crin.org\/issues\/sexual-violence\/ireland-case-study-clergy-abuse<\/a>, accessed on November 2, 2025.<\/p>\n\n\n\n<p class=\"has-small-font-size wp-block-paragraph\">Inclusion Ireland (2024), 45% of children with support needs are being failed in accessing their right to education. Retrieved from Inclusion Ireland at <a href=\"https:\/\/inclusionireland.ie\/news-events\/department-of-education-removes-vital-resource-while-45-of-children-with-support-needs-are-being-failed-in-accessing-their-right-to-edu\/\">https:\/\/inclusionireland.ie\/news-events\/department-of-education-removes-vital-resource-while-45-of-children-with-support-needs-are-being-failed-in-accessing-their-right-to-edu\/<\/a>, accessed on November 2, 2025.<\/p>\n\n\n\n<p class=\"has-small-font-size wp-block-paragraph\">IPRT (n.d.), Youth Justice. Retrieved from Irish Penal Reform Trust at <a href=\"https:\/\/www.iprt.ie\/youth-justice\/\">https:\/\/www.iprt.ie\/youth-justice\/<\/a>, accessed on November 2, 2025.<\/p>\n\n\n\n<p class=\"has-small-font-size wp-block-paragraph\">IPRT (2024), Irish Legal News: Concern youth detention is not being treated as last resort. Retrieved from Irish Penal Reform Trust at <a href=\"https:\/\/www.iprt.ie\/iprt-in-the-news\/irish-legal-news-concern-youth-detention-is-not-being-treated-as-last-resort\/\">https:\/\/www.iprt.ie\/iprt-in-the-news\/irish-legal-news-concern-youth-detention-is-not-being-treated-as-last-resort\/<\/a>, accessed on November 2, 2025.<\/p>\n\n\n\n<p class=\"has-small-font-size wp-block-paragraph\">Kelly C. et al. (2023), Adolescent binge drinking in the West of Ireland: associated risk and protective factors. Retrieved from National Library of Medicine at <a href=\"https:\/\/pmc.ncbi.nlm.nih.gov\/articles\/PMC10240125\/\">https:\/\/pmc.ncbi.nlm.nih.gov\/articles\/PMC10240125\/<\/a>, accessed on November 2, 2025.<\/p>\n\n\n\n<p class=\"has-small-font-size wp-block-paragraph\">Maguire S. (2016), Erin Gallagher inquest told of bullying in school and online. Retrieved from The Irish Times at <a href=\"https:\/\/www.irishtimes.com\/news\/crime-and-law\/erin-gallagher-inquest-told-of-bullying-in-school-and-online-1.2759540\">https:\/\/www.irishtimes.com\/news\/crime-and-law\/erin-gallagher-inquest-told-of-bullying-in-school-and-online-1.2759540<\/a>, accessed on November 2, 2025.<\/p>\n\n\n\n<p class=\"has-small-font-size wp-block-paragraph\">McMahon A. (2018), Report finds 44% of Irish teens subjected to violence at school. Retrieved from The Irish Times at <a href=\"https:\/\/www.irishtimes.com\/news\/education\/report-finds-44-of-irish-teens-subjected-to-violence-at-school-1.3618457\">https:\/\/www.irishtimes.com\/news\/education\/report-finds-44-of-irish-teens-subjected-to-violence-at-school-1.3618457<\/a>, accessed on November 2, 2025.<\/p>\n\n\n\n<p class=\"has-small-font-size wp-block-paragraph\">Muldoon N. (2024), Children\u2019s rights in Ireland and 20 years of the Ombudsman for Children\u2019s Office: where we came from and what lies ahead. Retrieved from Ombudsman fir Kanner a Jugendlecher at <a href=\"https:\/\/www.okaju.lu\/en\/100-joer-kannerrechter\/childrens-rights-in-ireland-and-20-years-of-the-ombudsman-for-childrens-office-where-we-came-from-and-what-lies-ahead\/\">https:\/\/www.okaju.lu\/en\/100-joer-kannerrechter\/childrens-rights-in-ireland-and-20-years-of-the-ombudsman-for-childrens-office-where-we-came-from-and-what-lies-ahead\/<\/a>, accessed on November 2, 2025.<\/p>\n\n\n\n<p class=\"has-small-font-size wp-block-paragraph\">NCSE (2024), NCSE publishes landmark policy advice paper on special schools and classes \u2013 16th January 2024. Retrieved from NCSE at <a href=\"https:\/\/ncse.ie\/press-release-policy-advice-2024\">https:\/\/ncse.ie\/press-release-policy-advice-2024<\/a>, accessed on November 9, 2025.<\/p>\n\n\n\n<p class=\"has-small-font-size wp-block-paragraph\">Ombudsman for Children\u2019s Office (2025), High expectations on new Government in relation to children. Retrieved from Ombudsman for Children\u2019s Office at <a href=\"https:\/\/www.oco.ie\/news\/high-expectations-on-new-government-in-relation-to-children\/\">https:\/\/www.oco.ie\/news\/high-expectations-on-new-government-in-relation-to-children\/<\/a>, accessed on November 9, 2025.<\/p>\n\n\n\n<p class=\"has-small-font-size wp-block-paragraph\">ODAIT (2020), Mother and Baby Homes Commission of Investigation Final Report. Retrieved from ODAIT at <a href=\"https:\/\/odait.ie\/wp-content\/uploads\/2024\/12\/Final-Report-of-Mother-and-Baby-Homes-Commission-of-Investigation.pdf?utm_source=chatgpt.com\">https:\/\/odait.ie\/wp-content\/uploads\/2024\/12\/Final-Report-of-Mother-and-Baby-Homes-Commission-of-Investigation.pdf<\/a>, accessed on November 2, 2025.<\/p>\n\n\n\n<p class=\"has-small-font-size wp-block-paragraph\">Pavee Point Traveller and Roma Centre (2012), Roma Communities in Ireland and Child Protection Considerations. Retrieved from Pavee Point Traveller and Roma Centre at <a href=\"https:\/\/www.romasupportgroup.org.uk\/uploads\/9\/3\/6\/8\/93687016\/roma-communities-in-ireland-and-child-protection-considerations_-final-report.pdf\">https:\/\/www.romasupportgroup.org.uk\/uploads\/9\/3\/6\/8\/93687016\/roma-communities-in-ireland-and-child-protection-considerations_-final-report.pdf<\/a>, accessed on November 9, 2025.<\/p>\n\n\n\n<p class=\"has-small-font-size wp-block-paragraph\">Probation Service (2024), Probation Service: Annual Report 2024. Retrieved from the Department of Justice, Home Affairs and Migration at <a href=\"https:\/\/assets.gov.ie\/static\/documents\/TAB_A_Probation_Service_Annual_Report_2024_FINAL.pdf\">https:\/\/assets.gov.ie\/static\/documents\/TAB_A_Probation_Service_Annual_Report_2024_FINAL.pdf<\/a>, accessed on November 2, 2025.<\/p>\n\n\n\n<p class=\"has-small-font-size wp-block-paragraph\">Ranelagh &amp; Boland (2025), Ireland. Retrieved from Britannica at <a href=\"https:\/\/www.britannica.com\/place\/Ireland\">https:\/\/www.britannica.com\/place\/Ireland<\/a>, accessed on November 2, 2025.<\/p>\n\n\n\n<p class=\"has-small-font-size wp-block-paragraph\">Reuters (2024), Irish inquiry finds &lsquo;truly shocking&rsquo; level of sexual abuse at church-run schools. Retrieved from Reuters at <a href=\"https:\/\/www.reuters.com\/world\/europe\/irish-inquiry-finds-truly-shocking-level-sexual-abuse-church-run-schools-2024-09-03\/\">https:\/\/www.reuters.com\/world\/europe\/irish-inquiry-finds-truly-shocking-level-sexual-abuse-church-run-schools-2024-09-03\/<\/a>, accessed on November 2, 2025.<\/p>\n\n\n\n<p class=\"has-small-font-size wp-block-paragraph\">Staines A. et al. (2016), Child Health Care in Ireland. Retrieved from The Journal of Pediatrics at <a href=\"https:\/\/www.jpeds.com\/article\/S0022-3476(16)30149-4\/fulltext\">https:\/\/www.jpeds.com\/article\/S0022-3476(16)30149-4\/fulltext<\/a>, accessed on November 2, 2025.<\/p>\n\n\n\n<p class=\"has-small-font-size wp-block-paragraph\">Tangredi S. (2023), Ireland\u2019s educational system, educational challenges and the purposes of improvement. Retrieved from Broken Chalk at <a href=\"https:\/\/brokenchalk.org\/irelands-educational-system-educational-challenges-and-the-purposes-of-improvement\/\">https:\/\/brokenchalk.org\/irelands-educational-system-educational-challenges-and-the-purposes-of-improvement\/<\/a>, accessed on November 2, 2025.<\/p>\n\n\n\n<p class=\"has-small-font-size wp-block-paragraph\">World Economics (2025), Ireland GDP: $696 billion. Retrieved from the World Economics at <a href=\"https:\/\/www.worldeconomics.com\/GDP\/Ireland.aspx\">https:\/\/www.worldeconomics.com\/GDP\/Ireland.aspx<\/a>, accessed on November 2, 2025.<\/p>\n\n\n\n<hr class=\"wp-block-separator has-alpha-channel-opacity\"\/>\n\n\n\n<p class=\"has-small-font-size wp-block-paragraph\"><a href=\"#_ftnref1\" id=\"_ftn1\">[1]<\/a> Cet article ne pr\u00e9tend en aucun cas donner un compte rendu complet ou repr\u00e9sentatif des droits des enfants en Irlande ; en effet, l&rsquo;un des nombreux d\u00e9fis \u00e0 relever est le manque d&rsquo;informations actualis\u00e9es sur les enfants en Irlande, dont la plupart sont peu fiables, non repr\u00e9sentatives, obsol\u00e8tes ou tout simplement inexistantes.<\/p>\n","protected":false},"excerpt":{"rendered":"<p>Concr\u00e9tiser les droits des enfants en Irlande L&rsquo;Irlande a ratifi\u00e9 la Convention des Nations Unies relative aux droits de l&rsquo;enfant en septembre 1992 et s&rsquo;efforce depuis lors d&rsquo;aligner ses lois et ses politiques sur les normes internationales. Le pays, devenu une r\u00e9publique en 1949, a renforc\u00e9 ses syst\u00e8mes d&rsquo;\u00e9ducation, de soins de sant\u00e9 et de [&hellip;]<\/p>\n","protected":false},"author":65,"featured_media":0,"parent":0,"menu_order":0,"comment_status":"closed","ping_status":"closed","template":"","meta":{"footnotes":""},"class_list":["post-21936","page","type-page","status-publish","hentry"],"yoast_head":"<!-- This site is optimized with the Yoast SEO plugin v28.3 - https:\/\/yoast.com\/product\/yoast-seo-wordpress\/ -->\n<title>Enfants d&#039;Irlande - Humanium<\/title>\n<meta name=\"description\" content=\"Les enfants ont globalement une tr\u00e8s bonne qualit\u00e9 de vie en Irlande. Mais, le pays doit faire plus d\u2019efforts pour mieux respecter les droits des enfants.\" \/>\n<meta name=\"robots\" content=\"index, follow, max-snippet:-1, max-image-preview:large, max-video-preview:-1\" \/>\n<link rel=\"canonical\" href=\"https:\/\/www.humanium.org\/fr\/irlande\/\" \/>\n<meta property=\"og:locale\" content=\"fr_FR\" \/>\n<meta property=\"og:type\" content=\"article\" \/>\n<meta property=\"og:title\" content=\"Enfants d&#039;Irlande - Humanium\" \/>\n<meta property=\"og:description\" content=\"Les enfants ont globalement une tr\u00e8s bonne qualit\u00e9 de vie en Irlande. Mais, le pays doit faire plus d\u2019efforts pour mieux respecter les droits des enfants.\" \/>\n<meta property=\"og:url\" content=\"https:\/\/www.humanium.org\/fr\/irlande\/\" \/>\n<meta property=\"og:site_name\" content=\"Humanium\" \/>\n<meta property=\"article:modified_time\" content=\"2026-08-30T13:10:31+00:00\" \/>\n<meta name=\"twitter:card\" content=\"summary_large_image\" \/>\n<meta name=\"twitter:label1\" content=\"Dur\u00e9e de lecture estim\u00e9e\" \/>\n\t<meta name=\"twitter:data1\" content=\"28 minutes\" \/>\n<script type=\"application\/ld+json\" class=\"yoast-schema-graph\">{\"@context\":\"https:\\\/\\\/schema.org\",\"@graph\":[{\"@type\":\"WebPage\",\"@id\":\"https:\\\/\\\/www.humanium.org\\\/fr\\\/irlande\\\/\",\"url\":\"https:\\\/\\\/www.humanium.org\\\/fr\\\/irlande\\\/\",\"name\":\"Enfants d'Irlande - Humanium\",\"isPartOf\":{\"@id\":\"https:\\\/\\\/www.humanium.org\\\/fr\\\/#website\"},\"primaryImageOfPage\":{\"@id\":\"https:\\\/\\\/www.humanium.org\\\/fr\\\/irlande\\\/#primaryimage\"},\"image\":{\"@id\":\"https:\\\/\\\/www.humanium.org\\\/fr\\\/irlande\\\/#primaryimage\"},\"thumbnailUrl\":\"https:\\\/\\\/www.humanium.org\\\/en\\\/wp-content\\\/uploads\\\/2026\\\/08\\\/shutterstock_1506398645_edited-scaled.jpeg\",\"datePublished\":\"2012-09-20T08:02:33+00:00\",\"dateModified\":\"2026-08-30T13:10:31+00:00\",\"description\":\"Les enfants ont globalement une tr\u00e8s bonne qualit\u00e9 de vie en Irlande. Mais, le pays doit faire plus d\u2019efforts pour mieux respecter les droits des enfants.\",\"breadcrumb\":{\"@id\":\"https:\\\/\\\/www.humanium.org\\\/fr\\\/irlande\\\/#breadcrumb\"},\"inLanguage\":\"fr-FR\",\"potentialAction\":[{\"@type\":\"ReadAction\",\"target\":[\"https:\\\/\\\/www.humanium.org\\\/fr\\\/irlande\\\/\"]}]},{\"@type\":\"ImageObject\",\"inLanguage\":\"fr-FR\",\"@id\":\"https:\\\/\\\/www.humanium.org\\\/fr\\\/irlande\\\/#primaryimage\",\"url\":\"https:\\\/\\\/www.humanium.org\\\/en\\\/wp-content\\\/uploads\\\/2026\\\/08\\\/shutterstock_1506398645_edited-scaled.jpeg\",\"contentUrl\":\"https:\\\/\\\/www.humanium.org\\\/en\\\/wp-content\\\/uploads\\\/2026\\\/08\\\/shutterstock_1506398645_edited-scaled.jpeg\"},{\"@type\":\"BreadcrumbList\",\"@id\":\"https:\\\/\\\/www.humanium.org\\\/fr\\\/irlande\\\/#breadcrumb\",\"itemListElement\":[{\"@type\":\"ListItem\",\"position\":1,\"name\":\"Home\",\"item\":\"https:\\\/\\\/www.humanium.org\\\/fr\\\/\"},{\"@type\":\"ListItem\",\"position\":2,\"name\":\"Enfants d&rsquo;Irlande\"}]},{\"@type\":\"WebSite\",\"@id\":\"https:\\\/\\\/www.humanium.org\\\/fr\\\/#website\",\"url\":\"https:\\\/\\\/www.humanium.org\\\/fr\\\/\",\"name\":\"Humanium\",\"description\":\"Les enfants d\u2019abord !\",\"potentialAction\":[{\"@type\":\"SearchAction\",\"target\":{\"@type\":\"EntryPoint\",\"urlTemplate\":\"https:\\\/\\\/www.humanium.org\\\/fr\\\/?s={search_term_string}\"},\"query-input\":{\"@type\":\"PropertyValueSpecification\",\"valueRequired\":true,\"valueName\":\"search_term_string\"}}],\"inLanguage\":\"fr-FR\"}]}<\/script>\n<!-- \/ Yoast SEO plugin. -->","yoast_head_json":{"title":"Enfants d'Irlande - Humanium","description":"Les enfants ont globalement une tr\u00e8s bonne qualit\u00e9 de vie en Irlande. Mais, le pays doit faire plus d\u2019efforts pour mieux respecter les droits des enfants.","robots":{"index":"index","follow":"follow","max-snippet":"max-snippet:-1","max-image-preview":"max-image-preview:large","max-video-preview":"max-video-preview:-1"},"canonical":"https:\/\/www.humanium.org\/fr\/irlande\/","og_locale":"fr_FR","og_type":"article","og_title":"Enfants d'Irlande - Humanium","og_description":"Les enfants ont globalement une tr\u00e8s bonne qualit\u00e9 de vie en Irlande. Mais, le pays doit faire plus d\u2019efforts pour mieux respecter les droits des enfants.","og_url":"https:\/\/www.humanium.org\/fr\/irlande\/","og_site_name":"Humanium","article_modified_time":"2026-08-30T13:10:31+00:00","twitter_card":"summary_large_image","twitter_misc":{"Dur\u00e9e de lecture estim\u00e9e":"28 minutes"},"schema":{"@context":"https:\/\/schema.org","@graph":[{"@type":"WebPage","@id":"https:\/\/www.humanium.org\/fr\/irlande\/","url":"https:\/\/www.humanium.org\/fr\/irlande\/","name":"Enfants d'Irlande - Humanium","isPartOf":{"@id":"https:\/\/www.humanium.org\/fr\/#website"},"primaryImageOfPage":{"@id":"https:\/\/www.humanium.org\/fr\/irlande\/#primaryimage"},"image":{"@id":"https:\/\/www.humanium.org\/fr\/irlande\/#primaryimage"},"thumbnailUrl":"https:\/\/www.humanium.org\/en\/wp-content\/uploads\/2026\/08\/shutterstock_1506398645_edited-scaled.jpeg","datePublished":"2012-09-20T08:02:33+00:00","dateModified":"2026-08-30T13:10:31+00:00","description":"Les enfants ont globalement une tr\u00e8s bonne qualit\u00e9 de vie en Irlande. Mais, le pays doit faire plus d\u2019efforts pour mieux respecter les droits des enfants.","breadcrumb":{"@id":"https:\/\/www.humanium.org\/fr\/irlande\/#breadcrumb"},"inLanguage":"fr-FR","potentialAction":[{"@type":"ReadAction","target":["https:\/\/www.humanium.org\/fr\/irlande\/"]}]},{"@type":"ImageObject","inLanguage":"fr-FR","@id":"https:\/\/www.humanium.org\/fr\/irlande\/#primaryimage","url":"https:\/\/www.humanium.org\/en\/wp-content\/uploads\/2026\/08\/shutterstock_1506398645_edited-scaled.jpeg","contentUrl":"https:\/\/www.humanium.org\/en\/wp-content\/uploads\/2026\/08\/shutterstock_1506398645_edited-scaled.jpeg"},{"@type":"BreadcrumbList","@id":"https:\/\/www.humanium.org\/fr\/irlande\/#breadcrumb","itemListElement":[{"@type":"ListItem","position":1,"name":"Home","item":"https:\/\/www.humanium.org\/fr\/"},{"@type":"ListItem","position":2,"name":"Enfants d&rsquo;Irlande"}]},{"@type":"WebSite","@id":"https:\/\/www.humanium.org\/fr\/#website","url":"https:\/\/www.humanium.org\/fr\/","name":"Humanium","description":"Les enfants d\u2019abord !","potentialAction":[{"@type":"SearchAction","target":{"@type":"EntryPoint","urlTemplate":"https:\/\/www.humanium.org\/fr\/?s={search_term_string}"},"query-input":{"@type":"PropertyValueSpecification","valueRequired":true,"valueName":"search_term_string"}}],"inLanguage":"fr-FR"}]}},"_links":{"self":[{"href":"https:\/\/www.humanium.org\/fr\/wp-json\/wp\/v2\/pages\/21936","targetHints":{"allow":["GET"]}}],"collection":[{"href":"https:\/\/www.humanium.org\/fr\/wp-json\/wp\/v2\/pages"}],"about":[{"href":"https:\/\/www.humanium.org\/fr\/wp-json\/wp\/v2\/types\/page"}],"author":[{"embeddable":true,"href":"https:\/\/www.humanium.org\/fr\/wp-json\/wp\/v2\/users\/65"}],"replies":[{"embeddable":true,"href":"https:\/\/www.humanium.org\/fr\/wp-json\/wp\/v2\/comments?post=21936"}],"version-history":[{"count":11,"href":"https:\/\/www.humanium.org\/fr\/wp-json\/wp\/v2\/pages\/21936\/revisions"}],"predecessor-version":[{"id":62872,"href":"https:\/\/www.humanium.org\/fr\/wp-json\/wp\/v2\/pages\/21936\/revisions\/62872"}],"wp:attachment":[{"href":"https:\/\/www.humanium.org\/fr\/wp-json\/wp\/v2\/media?parent=21936"}],"curies":[{"name":"wp","href":"https:\/\/api.w.org\/{rel}","templated":true}]}}