{"id":21937,"date":"2013-01-03T08:23:35","date_gmt":"2013-01-03T08:23:35","guid":{"rendered":"http:\/\/www.humanium.org\/fr\/?page_id=21937"},"modified":"2025-12-10T02:43:25","modified_gmt":"2025-12-10T02:43:25","slug":"comores","status":"publish","type":"page","link":"https:\/\/www.humanium.org\/fr\/comores\/","title":{"rendered":"Enfants des Comores"},"content":{"rendered":"\n<h2 class=\"wp-block-heading\">Concr\u00e9tiser les droits de l&rsquo;enfant aux Comores<\/h2>\n\n\n\n<div class=\"wp-block-columns is-layout-flex wp-container-core-columns-is-layout-8f761849 wp-block-columns-is-layout-flex\">\n<div class=\"wp-block-column is-layout-flow wp-block-column-is-layout-flow\"><div class=\"wp-block-image is-style-rounded\">\n<figure class=\"aligncenter size-full\"><img loading=\"lazy\" decoding=\"async\" width=\"200\" height=\"200\" src=\"https:\/\/www.humanium.org\/fr\/wp-content\/uploads\/2022\/02\/shutterstock_2019023243.jpg\" alt=\"\" class=\"wp-image-51741\" srcset=\"https:\/\/www.humanium.org\/fr\/wp-content\/uploads\/2022\/02\/shutterstock_2019023243.jpg 200w, https:\/\/www.humanium.org\/fr\/wp-content\/uploads\/2022\/02\/shutterstock_2019023243-150x150.jpg 150w\" sizes=\"auto, (max-width: 200px) 100vw, 200px\" \/><\/figure>\n<\/div><\/div>\n\n\n\n<div class=\"wp-block-column is-layout-flow wp-block-column-is-layout-flow\"><div class=\"wp-block-image is-style-rounded\">\n<figure class=\"aligncenter size-full\"><img loading=\"lazy\" decoding=\"async\" width=\"200\" height=\"200\" src=\"https:\/\/www.humanium.org\/fr\/wp-content\/uploads\/2022\/02\/shutterstock_495553627.jpg\" alt=\"\" class=\"wp-image-51742\" srcset=\"https:\/\/www.humanium.org\/fr\/wp-content\/uploads\/2022\/02\/shutterstock_495553627.jpg 200w, https:\/\/www.humanium.org\/fr\/wp-content\/uploads\/2022\/02\/shutterstock_495553627-150x150.jpg 150w\" sizes=\"auto, (max-width: 200px) 100vw, 200px\" \/><\/figure>\n<\/div><\/div>\n<\/div>\n\n\n\n<p class=\"wp-block-paragraph\"><strong>L\u2019Union des Comores abrite une population dense, dont approximativement plus de la moiti\u00e9 de la population est \u00e2g\u00e9e de moins de 20 ans (La Banque Mondiale, 2020). Les descendants de commer\u00e7ants arabes, de Malaiset d\u2019Africains contribuent au m\u00e9lange ethnique complexe de l\u2019\u00eele (BBC News Afrique, 2018). Par sa localisation et sa topographie, les Comores font partie des pays dont le <a href=\"https:\/\/www.humanium.org\/fr\/focus\/environnement\/urgence-climatique\/\">climat est le plus vuln\u00e9rable<\/a> au monde, et 54,2 % de la population vit dans des r\u00e9gions \u00e0 risque. Les enfants repr\u00e9sentent presque la moiti\u00e9 de la population dont 69 % vivent en r\u00e9gion rurale (Division des Statistiques des Nations-Unies, 2017). La soci\u00e9t\u00e9 comorienne est marqu\u00e9e par un sens accru de l\u2019identit\u00e9 locale et des traditions sp\u00e9cifiques \u00e0 chaque \u00eele avec des hi\u00e9rarchies sociales profond\u00e9ment ancr\u00e9es.<\/strong><\/p>\n\n\n\n<iframe src=\"https:\/\/www.google.com\/maps\/embed?pb=!1m18!1m12!1m3!1d999433.5426829888!2d43.3202846036342!3d-11.902492880297048!2m3!1f0!2f0!3f0!3m2!1i1024!2i768!4f13.1!3m3!1m2!1s0x1898e3036408a48d%3A0xf70a7fbee4dfd4db!2sComoros!5e0!3m2!1sen!2sin!4v1645869837792!5m2!1sen!2sin\" width=\"600\" height=\"450\" style=\"border:0;\" allowfullscreen=\"\" loading=\"lazy\"><\/iframe>\n\n\n\n<div class=\"wp-block-columns is-layout-flex wp-container-core-columns-is-layout-8f761849 wp-block-columns-is-layout-flex\">\n<div class=\"wp-block-column is-layout-flow wp-block-column-is-layout-flow\">\n<p class=\"wp-block-paragraph\"><strong>Population :<\/strong> 870,000 <br><strong>Pop. de 0 \u00e0 14 ans :<\/strong> 39%<\/p>\n<\/div>\n\n\n\n<div class=\"wp-block-column is-layout-flow wp-block-column-is-layout-flow\">\n<p class=\"wp-block-paragraph\"><strong>Esp\u00e9rance de vie :<\/strong> 64 ans<br><strong>Mortalit\u00e9 des moins de 5 ans :<\/strong>&nbsp;62,9\u2030<\/p>\n<\/div>\n<\/div>\n\n\n\n<h2 class=\"wp-block-heading\"><strong>Les Comores en un coup d\u2019oeil<\/strong><\/h2>\n\n\n\n<p class=\"wp-block-paragraph\">L\u2019Union des Comores est un archipel d\u2019\u00eeles situ\u00e9 dans l\u2019Oc\u00e9an Indien \u00e0 l\u2019extr\u00e9mit\u00e9 nord du Canal du Mozambique entre <a href=\"https:\/\/www.humanium.org\/fr\/madagascar\/\">Madagascar<\/a> et la section sud-est du continent africain et au large de l\u2019Afrique de l\u2019Est (Ottenheimer, 2021). Elle est constitu\u00e9e de 4 \u00eeles principales ainsi que de plus petites. Les principales \u00eeles du pays, dont les noms viennent \u00e0 la fois du fran\u00e7ais et du comorien, sont la Grande Comore ou N\u2019gazidja, Anjouan ou Ndzuwani, et Moh\u00e9li ou Mwali.&nbsp;<\/p>\n\n\n\n<p class=\"wp-block-paragraph\">Bien que l\u2019histoire ancienne des \u00eeles soit incertaine, on pense qu\u2019elles ont \u00e9t\u00e9 explor\u00e9es par des commer\u00e7ants arabes et persans et, comme <a href=\"https:\/\/www.humanium.org\/fr\/madagascar\/\">Madagascar<\/a>, colonis\u00e9es par un petit nombre de peuples malaise-indon\u00e9siens, gagnant une population importante seulement lorsque les peuples de langue bantoue du continent africain se sont install\u00e9s. On pense que les Perses du peuple Sh\u012br\u0101zi sont arriv\u00e9s plus tard, \u00e9tablissant l\u2019Islam Sunnite comme religion dominante. La <a href=\"https:\/\/www.humanium.org\/fr\/france\/\">France<\/a> a colonis\u00e9 Mayotte en 1843 et par 1904 avait annex\u00e9 le reste de l\u2019archipel.<\/p>\n\n\n\n<p class=\"wp-block-paragraph\">La marche vers l\u2019ind\u00e9pendance ne provient pas des Comores mais a commenc\u00e9 parmi les expatri\u00e9s en <a href=\"https:\/\/www.humanium.org\/fr\/tanzanie\/\">Tanzanie<\/a>, o\u00f9 le Mouvement de Lib\u00e9ration Nationale des Comores a \u00e9t\u00e9 fond\u00e9 en 1962. Ceux qui ont milit\u00e9 pour l\u2019ind\u00e9pendance \u00e9taient inspir\u00e9s par les \u00e9v\u00e9nements au Tanganyika et au Zanzibar, qui sont devenus tous les 2 ind\u00e9pendants avant leur fusion pour former la <a href=\"https:\/\/www.humanium.org\/fr\/tanzanie\/\">Tanzanie<\/a> (Jackson, 2021). <\/p>\n\n\n\n<p class=\"wp-block-paragraph\">Pendant la marche vers l\u2019ind\u00e9pendance en 1974, Mayotte ou Mahore situ\u00e9 au sud-est a vot\u00e9 contre l\u2019ind\u00e9pendance et est rest\u00e9e une r\u00e9gion d\u2019outre-mer de <a href=\"https:\/\/www.humanium.org\/fr\/france\/\">France<\/a>. Il y a eu une vingtaine de coup d\u2019\u00e9tat militaire et de contre-coups depuis l\u2019ind\u00e9pendanceet c\u2019est seulement en 2006 que l\u2019\u00e9lection a \u00e9t\u00e9 consid\u00e9r\u00e9e comme la premi\u00e8re juste et libre (BBC News Afrique, 2018).<\/p>\n\n\n\n<p class=\"wp-block-paragraph\">L\u2019Union des Comores fait partie de la Commission de l\u2019Oc\u00e9an Indien qui comprend <a href=\"https:\/\/www.humanium.org\/fr\/madagascar\/\">Madagascar<\/a>, <a href=\"https:\/\/www.humanium.org\/fr\/seychelles\/\">les Seychelles<\/a> et <a href=\"https:\/\/www.humanium.org\/fr\/maurice\/\">l\u2019\u00eele Maurice<\/a>, et qui est l\u2019administratrice des accords de commerce et de coop\u00e9ration entre les quatre pays.Les Comores sont le membre le plus au sud de la Ligue arabe et a une histoire et une culture de longue date avec le monde arabe depuis que les arabes les ont colonis\u00e9s au d\u00e9but du 7\u00e8me si\u00e8cle jusqu\u2019\u00e0 la p\u00e9riode de la traite arabe des esclaves.<\/p>\n\n\n\n<h2 class=\"wp-block-heading\"><strong>La situation des droits des enfants<u><a href=\"#_ftn1\"><sup><strong><u><sup>[1]<\/sup><\/u><\/strong><\/sup><\/a><\/u><\/strong><\/h2>\n\n\n<div class=\"wp-block-image\">\n<figure class=\"alignleft size-large is-resized\"><img loading=\"lazy\" decoding=\"async\" width=\"1024\" height=\"679\" src=\"https:\/\/www.humanium.org\/fr\/wp-content\/uploads\/2022\/02\/shutterstock_383867518-1024x679.jpg\" alt=\"\" class=\"wp-image-51744\" style=\"width:427px;height:282px\" srcset=\"https:\/\/www.humanium.org\/fr\/wp-content\/uploads\/2022\/02\/shutterstock_383867518-1024x679.jpg 1024w, https:\/\/www.humanium.org\/fr\/wp-content\/uploads\/2022\/02\/shutterstock_383867518-300x199.jpg 300w, https:\/\/www.humanium.org\/fr\/wp-content\/uploads\/2022\/02\/shutterstock_383867518-768x509.jpg 768w, https:\/\/www.humanium.org\/fr\/wp-content\/uploads\/2022\/02\/shutterstock_383867518-1536x1019.jpg 1536w, https:\/\/www.humanium.org\/fr\/wp-content\/uploads\/2022\/02\/shutterstock_383867518-2048x1358.jpg 2048w, https:\/\/www.humanium.org\/fr\/wp-content\/uploads\/2022\/02\/shutterstock_383867518-830x550.jpg 830w, https:\/\/www.humanium.org\/fr\/wp-content\/uploads\/2022\/02\/shutterstock_383867518-230x153.jpg 230w, https:\/\/www.humanium.org\/fr\/wp-content\/uploads\/2022\/02\/shutterstock_383867518-350x232.jpg 350w, https:\/\/www.humanium.org\/fr\/wp-content\/uploads\/2022\/02\/shutterstock_383867518-480x318.jpg 480w\" sizes=\"auto, (max-width: 1024px) 100vw, 1024px\" \/><\/figure>\n<\/div>\n\n\n<p class=\"wp-block-paragraph\">L\u2019Union des Comores a ratifi\u00e9 <a href=\"https:\/\/www.humanium.org\/fr\/texte-integral-convention-internationale-relative-droits-enfant-1989\/\">La Convention des Nations-Unies sur les droits de l\u2019enfant<\/a> (ci-apr\u00e8s la <a href=\"https:\/\/www.humanium.org\/fr\/texte-integral-convention-internationale-relative-droits-enfant-1989\/\">CDE de 1989<\/a>) en juillet 1993 (Organes de Trait\u00e9 des Droits de l\u2019Homme des Nations-Unies, 2021) et <a href=\"https:\/\/www.humanium.org\/fr\/autres\/charte-africaine-droits-bien-etre-enfant\/\">la Charte africaine des droits et du bien-\u00eatre de l\u2018enfant de 1990<\/a> (ci-apr\u00e8s la <a href=\"https:\/\/www.humanium.org\/fr\/autres\/charte-africaine-droits-bien-etre-enfant\/\">CADBE de 1990<\/a>) le 18 mars 2004 (Commission africaine des droits de l&rsquo;homme et des peuples, 2021). Les Comores ont adh\u00e9r\u00e9 au <a href=\"https:\/\/www.humanium.org\/fr\/normes\/protocole-facultatif-cide-vente-prostitution-pornographie-enfants\/\">Protocole facultatif \u00e0 la Convention relative aux droits de l&rsquo;enfant, concernant la vente d&rsquo;enfants, la prostitution des enfants et la pornographie mettant en sc\u00e8ne des enfants<\/a> le 23 f\u00e9vrier 2007 (Haut-Commissariat des Nations Unies aux droits de l&rsquo;homme, 2021).<\/p>\n\n\n\n<p class=\"wp-block-paragraph\">L\u2019adh\u00e9sion est un acte par lequel un \u00e9tat accepte l\u2019offre ou l\u2019opportunit\u00e9 de prendre part \u00e0 un trait\u00e9 d\u00e9j\u00e0 n\u00e9goci\u00e9 et sign\u00e9 par d\u2019autres \u00e9tats. Il a le m\u00eame effet juridique que la ratification. L\u2019adh\u00e9sion survient habituellement apr\u00e8s que le trait\u00e9 soit entr\u00e9 en vigueur. De plus, les Comores participent \u00e0 un Observatoire des droits de l&rsquo;enfant dans la r\u00e9gion de l&rsquo;Oc\u00e9an Indien (ci-apr\u00e8s ODEROI), cr\u00e9\u00e9 r\u00e9cemment. Cette organisation internationale a \u00e9t\u00e9 cr\u00e9\u00e9e pour surveiller et faire respecterles droits des enfants dans les pays participants.<\/p>\n\n\n\n<p class=\"wp-block-paragraph\">Les Comores ont un syst\u00e8me juridique mixte qui comprend le code juridique civil (code napol\u00e9onien), le droit islamique, et le droit coutumier (mila na ntsi) (Nyarko, 2020). La Constitution des Comores de 2018 comprend un certain nombre de dispositions relatives aux droits qui s\u2019appliquent ind\u00e9pendamment de l\u2019\u00e2ge, mais un petit nombre seulement de dispositions dans la Constitution font explicitement r\u00e9f\u00e9rence aux enfants.<\/p>\n\n\n\n<p class=\"wp-block-paragraph\">L&rsquo;article 42 garantit \u00e0 tous les citoyens <a href=\"https:\/\/www.humanium.org\/fr\/comprendre-droits-enfant\/droit-a-la-sante\/\">le droit \u00e0 la sant\u00e9<\/a> (Constitute Project, 2021), et l\u2019article 44 assure <a href=\"https:\/\/www.humanium.org\/fr\/comprendre-droits-enfant\/droit-a-l-education\/\">le droit \u00e0 l\u2019\u00e9ducation<\/a> pour tous (Constitute Project, 2021). Cette disposition va plus loin en d\u00e9clarant que l\u2019\u00e9tat est oblig\u00e9 de fournir des facilit\u00e9s pour tous les enfants m\u00eame ceux vivent dans les r\u00e9gions rurales. En ce qui concerne la l\u00e9gislation nationale,il n&rsquo;existe pas de code de l&rsquo;enfance complet ou codifi\u00e9 dans les lois comoriennes ;on trouve plut\u00f4t des dispositions relatives aux enfants dans un certain nombre de codes, de lois et d&rsquo;ordonnances.<\/p>\n\n\n\n<p class=\"wp-block-paragraph\">Les codes particuli\u00e8rement pertinents sont le Code de la famille de 2005, le Code du travail de 1984, le Code de la nationalit\u00e9 de 1979, et le Code de la sant\u00e9, de la protection sociale et de la protection sociale de 1995.<\/p>\n\n\n\n<h2 class=\"wp-block-heading\"><strong>R\u00e9pondre aux besoins des enfants<\/strong><\/h2>\n\n\n\n<h3 class=\"wp-block-heading\"><a href=\"https:\/\/www.humanium.org\/fr\/comprendre-droits-enfant\/droit-a-l-education\/\"><strong>Le droit \u00e0 l\u2019\u00e9ducation<\/strong><\/a><\/h3>\n\n\n\n<p class=\"wp-block-paragraph\"><a href=\"https:\/\/www.humanium.org\/fr\/comprendre-droits-enfant\/droit-a-l-education\/\">L\u2019\u00e9ducation<\/a> est obligatoire pour les enfants \u00e2g\u00e9s entre six et seize ans, mais en r\u00e9alit\u00e9, un grand pourcentage d\u2019enfants re\u00e7oit peu ou pas d\u2019\u00e9ducation. Les enseignements sont fournis \u00e0 la fois par les \u00e9coles islamiques traditionnelles dans lesquels le Coranest \u00e9tudi\u00e9, ainsi que par les \u00e9coles publiques \u00e9tablies par et sur le mod\u00e8le du syst\u00e8me fran\u00e7ais. Le syst\u00e8me scolaire publique, cependant, a \u00e9t\u00e9 sous financ\u00e9 de mani\u00e8re chronique (Ottenheimer, 2021).<\/p>\n\n\n\n<p class=\"wp-block-paragraph\">Le Gouvernement des Comores a estim\u00e9 que l\u2019\u00e9ducation \u00e9tait essentielle et d\u00e9terminante pour la poursuite du programme de d\u00e9veloppement politique, \u00e9conomique, et social du pays. Il a \u00e9labor\u00e9 un plan int\u00e9rimaire pour le secteur de l&rsquo;\u00e9ducation, qui donne la priorit\u00e9 \u00e0 la construction et \u00e0 la remise en \u00e9tat d&rsquo;infrastructures scolaires essentielles, en am\u00e9liorant l&rsquo;acc\u00e8s \u00e0 l&rsquo;\u00e9ducation <a href=\"https:\/\/www.humanium.org\/fr\/enfants-handicapes\/\">des enfants handicap\u00e9s<\/a> ainsi qu\u2019en am\u00e9liorant la qualit\u00e9 de l\u2019enseignement et des r\u00e9sultats d\u2019apprentissage. A cette fin, le gouvernement a fait des avancements consid\u00e9rables. En l&rsquo;occurrence, le ratio \u00e9l\u00e8ves\/enseignants est en baisse constante depuis 2008 et a atteint un creux de 37:1 en 2013 (Educate a Child, 2021).<\/p>\n\n\n\n<p class=\"wp-block-paragraph\">Des progr\u00e8s significatifs ont \u00e9t\u00e9 r\u00e9alis\u00e9s en ce qui concerne la scolarisation des enfants, gr\u00e2ce \u00e0 une politique d\u2019\u00e9ducation soutenue \u00e0 la fois par le gouvernement et les partenaires de d\u00e9veloppement. Cependant, le taux d&rsquo;inscription au pr\u00e9scolaire reste limit\u00e9 \u00e0 33% en 2019 en raison des contraintes et de la pr\u00e9f\u00e9rence pour les \u00e9tablissements d&rsquo;enseignement non formel, comme les \u00e9coles coraniques traditionnelles. De plus, les \u00e9coles manquent d\u2019enseignants qualifi\u00e9s, d\u2019infrastructure ad\u00e9quate,et d\u2019installations sanitaires. <\/p>\n\n\n\n<p class=\"wp-block-paragraph\">L\u2019acc\u00e8s \u00e0 l\u2019\u00e9ducation est marqu\u00e9 par des disparit\u00e9s r\u00e9gionales, avec l&rsquo;\u00eele principale, Ngazidja, ayant les taux les plus faibles d&rsquo;acc\u00e8s \u00e0 l&rsquo;enseignement primaire. L&rsquo;acc\u00e8s universel et inclusive reste un d\u00e9fi; en particulier pour les enfants handicap\u00e9s, dont 37 % n&rsquo;ont jamais \u00e9t\u00e9 inscrits dans le syst\u00e8me \u00e9ducatif(Conseil Economique et Social des Nations-Unies, 2021).<\/p>\n\n\n\n<p class=\"wp-block-paragraph\">Le Cyclone Kenneth a impact\u00e9 environ 400 \u00e9coles situ\u00e9es sur les trois \u00eeles des Comores. Deux cent treize salles de classes ont \u00e9t\u00e9 d\u00e9truites et 465 ont \u00e9t\u00e9 partiellement endommag\u00e9es. Ce qui a priv\u00e9 environ 44.800 enfants \u00e0 l\u2019acc\u00e8s \u00e0 des \u00e9coles s\u00e9curis\u00e9es (Education CannotWait, 2019).<\/p>\n\n\n\n<h3 class=\"wp-block-heading\"><a href=\"https:\/\/www.humanium.org\/fr\/comprendre-droits-enfant\/droit-a-la-sante\/\"><strong>Le droit \u00e0 la sant\u00e9<\/strong><\/a><\/h3>\n\n\n\n<p class=\"wp-block-paragraph\">Au cours des quarante derni\u00e8res ann\u00e9es, les taux de mortalit\u00e9 maternelle (MMR) et infantile (enfants de moins de cinq ans [U5MR], infantile [IMR] et n\u00e9onatale [NMR]) ont diminu\u00e9 de plus de la moiti\u00e9 entre 1987 et 2011. Cependant, les enfants continuent de mourir de <a href=\"https:\/\/www.humanium.org\/fr\/comprendre-droits-enfant\/droit-a-l-alimentation\/malnutrition\/\">malnutrition chronique<\/a> et de <a href=\"https:\/\/www.humanium.org\/fr\/enfants-malades\/\">maladies<\/a> qui peuvent \u00eatre \u00e9vit\u00e9es gr\u00e2ce \u00e0 la vaccination (Mohamed et coll., 2021).<\/p>\n\n\n\n<p class=\"wp-block-paragraph\">Des progr\u00e8s substantiels ont \u00e9t\u00e9 accomplis dans la r\u00e9alisation des Objectifs du mill\u00e9naire pour le d\u00e9veloppement 6 (OMD 6) en mati\u00e8re de lutte contre le paludisme, gr\u00e2ce au partenariat entre le gouvernement des Comores et ses partenaires, tels que le Fonds mondial de lutte contre <a href=\"https:\/\/www.humanium.org\/fr\/enfant-et-sida\/\">le VIH\/sida<\/a>, le paludisme, et la tuberculose (Mohamed, et al., 2021).<\/p>\n\n\n\n<p class=\"wp-block-paragraph\">Des progr\u00e8s importants ont \u00e9t\u00e9 r\u00e9alis\u00e9s en vue de r\u00e9duire <a href=\"https:\/\/www.humanium.org\/fr\/mortalite-infantile\/\">la mortalit\u00e9 chez les enfants<\/a> de moins de cinq ans, les taux passant de 112 d\u00e9c\u00e8s pour 1 000 naissances vivantes en 2003 \u00e0 55,5 d\u00e9c\u00e8s pour 1 000 naissances vivantes en 2017 (Conseil \u00e9conomique et social des Nations Unies, 2021). La baisse de <a href=\"https:\/\/www.humanium.org\/fr\/mortalite-infantile\/\">la mortalit\u00e9 des enfants de moins de cinq ans<\/a> est principalement due \u00e0 des r\u00e9sultats positifs dans la lutte contre le paludisme. Les Comores sont sur la bonne voie pour parvenir \u00e0 l&rsquo;\u00e9limination du paludisme \u00e0 l&rsquo;\u00e9chelle nationale. <\/p>\n\n\n\n<p class=\"wp-block-paragraph\">Toutefois, le taux de mortalit\u00e9 n\u00e9onatale reste \u00e9lev\u00e9, avec 24 d\u00e9c\u00e8s pour 1 000 naissances vivantes, soit 48 % de tous les d\u00e9c\u00e8s de moins de cinq ans. Le faible poids \u00e0 la naissance (16,7 %) (Conseil \u00e9conomique esocial des Nations Unies, 2021) est l&rsquo;un des principaux facteurs de mortalit\u00e9 n\u00e9onatale. Le taux de survie des enfants continue d&rsquo;\u00eatre entrav\u00e9e par un acc\u00e8s limit\u00e9 aux <a href=\"https:\/\/www.humanium.org\/fr\/comprendre-droits-enfant\/droit-a-la-sante\/\">soins de sant\u00e9<\/a> en raison du nombre insuffisant d&rsquo;\u00e9tablissements de sant\u00e9 fonctionnels et de personnel de sant\u00e9 qualifi\u00e9, ainsi que par des difficult\u00e9s li\u00e9es au manque d&rsquo;acc\u00e8s.<\/p>\n\n\n\n<p class=\"wp-block-paragraph\">L&rsquo;esp\u00e9rance de vie \u00e0 la naissance s&rsquo;est am\u00e9lior\u00e9e. Il y a des signes d&rsquo;am\u00e9lioration en ce qui concerne la sant\u00e9 maternelle et infantile, comme en t\u00e9moigne la r\u00e9duction de la mortalit\u00e9 maternelle et infantile (Organisation mondiale de la sant\u00e9, 2016). Cependant, il reste beaucoup \u00e0 faire pour progresser vers la r\u00e9alisation des OMD li\u00e9s \u00e0 la sant\u00e9 et la r\u00e9duction des disparit\u00e9s socio\u00e9conomiques entre les \u00eeles, entre les zones rurales et urbaines ainsi qu\u2019entre <a href=\"https:\/\/www.humanium.org\/fr\/droit-non-discrimination\/\">les sexes<\/a>, qui sont tous des facteurs cl\u00e9s sous-jacents \u00e0 ces statistiques (Organisation mondiale de la sant\u00e9, 2016).<\/p>\n\n\n\n<p class=\"wp-block-paragraph\">La situation \u00e9pid\u00e9miologique continue d&rsquo;\u00eatre domin\u00e9e par les infections respiratoires aigu\u00ebs et le paludisme, en d\u00e9pit du fait que la pr\u00e9valence du paludisme aux Comores a chut\u00e9 de plus de 98 % en 2013 (Organisation mondiale de la sant\u00e9, 2016). Le taux de pr\u00e9valence du <a href=\"https:\/\/www.humanium.org\/fr\/enfant-et-sida\/\">VIH\/sida <\/a>reste faible \u00e0 0,025 %. Les arbovirus continuent d&rsquo;affecter la population et les maladies non transmissibles constituent \u00e9galement une pr\u00e9occupation majeure. La mortalit\u00e9 n\u00e9onatale, le paludisme, les maladies diarrh\u00e9iques caus\u00e9es par la consommation <a href=\"https:\/\/www.humanium.org\/fr\/comprendre-droits-enfant\/droit-a-l-eau\/\">d&rsquo;eau non trait\u00e9e<\/a>, <a href=\"https:\/\/www.humanium.org\/fr\/comprendre-droits-enfant\/droit-a-l-alimentation\/malnutrition\/\">la mauvaise qualit\u00e9 des aliments<\/a>, <a href=\"https:\/\/www.humanium.org\/fr\/focus\/environnement\/droits-environnementaux\/\">les effets sur l&rsquo;environnement<\/a>, et <a href=\"https:\/\/www.humanium.org\/fr\/changement-climatique\/\">le changement climatique<\/a> sont autant de causes de morbidit\u00e9 et de mortalit\u00e9, en particulier chez les femmes et les enfants (Organisation mondiale de la sant\u00e9, 2016) .<\/p>\n\n\n\n<h3 class=\"wp-block-heading\"><strong><a href=\"https:\/\/www.humanium.org\/fr\/comprendre-droits-enfant\/droit-a-l-eau\/\">Le droit \u00e0 l\u2019eau<\/a> et <\/strong><a href=\"https:\/\/www.humanium.org\/fr\/comprendre-droits-enfant\/droit-a-la-sante\/\"><strong>\u00e0 l\u2019assainissement<\/strong><\/a><\/h3>\n\n\n\n<p class=\"wp-block-paragraph\">Bien que 81 % de la population comorienne ait acc\u00e8s \u00e0 un point d&rsquo;approvisionnement en eau, on estime que seulement 4,7 % de la population a acc\u00e8s \u00e0 <a href=\"https:\/\/www.humanium.org\/fr\/comprendre-droits-enfant\/droit-a-l-eau\/\">l&rsquo;eau potable<\/a>. <\/p>\n\n\n<div class=\"wp-block-image\">\n<figure class=\"alignright size-large is-resized\"><img loading=\"lazy\" decoding=\"async\" width=\"1024\" height=\"683\" src=\"https:\/\/www.humanium.org\/fr\/wp-content\/uploads\/2022\/02\/shutterstock_1597182871-1024x683.jpg\" alt=\"\" class=\"wp-image-51747\" style=\"width:371px;height:247px\" srcset=\"https:\/\/www.humanium.org\/fr\/wp-content\/uploads\/2022\/02\/shutterstock_1597182871-1024x683.jpg 1024w, https:\/\/www.humanium.org\/fr\/wp-content\/uploads\/2022\/02\/shutterstock_1597182871-300x200.jpg 300w, https:\/\/www.humanium.org\/fr\/wp-content\/uploads\/2022\/02\/shutterstock_1597182871-768x512.jpg 768w, https:\/\/www.humanium.org\/fr\/wp-content\/uploads\/2022\/02\/shutterstock_1597182871-1536x1024.jpg 1536w, https:\/\/www.humanium.org\/fr\/wp-content\/uploads\/2022\/02\/shutterstock_1597182871-2048x1365.jpg 2048w, https:\/\/www.humanium.org\/fr\/wp-content\/uploads\/2022\/02\/shutterstock_1597182871-830x553.jpg 830w, https:\/\/www.humanium.org\/fr\/wp-content\/uploads\/2022\/02\/shutterstock_1597182871-230x153.jpg 230w, https:\/\/www.humanium.org\/fr\/wp-content\/uploads\/2022\/02\/shutterstock_1597182871-350x233.jpg 350w, https:\/\/www.humanium.org\/fr\/wp-content\/uploads\/2022\/02\/shutterstock_1597182871-480x320.jpg 480w, https:\/\/www.humanium.org\/fr\/wp-content\/uploads\/2022\/02\/shutterstock_1597182871-272x182.jpg 272w\" sizes=\"auto, (max-width: 1024px) 100vw, 1024px\" \/><\/figure>\n<\/div>\n\n\n<p class=\"wp-block-paragraph\">De plus, les p\u00e9nuries d&rsquo;eau sont fr\u00e9quentes. On estime que 16 % de la population a acc\u00e8s aux installations de base pour se laver les mains (Nations Unies, 2021). La situation de l&rsquo;eau, de l&rsquo;assainissement et de l&rsquo;hygi\u00e8ne dans les \u00e9tablissements de sant\u00e9 et d&rsquo;\u00e9ducation demeure particuli\u00e8rement pr\u00e9occupante. Plus de 60% <a href=\"https:\/\/www.humanium.org\/fr\/droit-a-la-sante-2\/\">des centres de sant\u00e9<\/a> n&rsquo;ont pas d&rsquo;eau potable, 75 pour cent d&rsquo;installations de lavage des mains, et 49 pour cent n&rsquo;ont pas de services d&rsquo;assainissement. De plus, les d\u00e9chets m\u00e9dicaux ne sont pas g\u00e9r\u00e9s ad\u00e9quatement (Croissant-Rouge comores, 2018).<\/p>\n\n\n\n<p class=\"wp-block-paragraph\">La situation est similaire dans les \u00e9coles: quelque 43 % des \u00e9l\u00e8ves du primaire n&rsquo;ont pas acc\u00e8s \u00e0 l&rsquo;eau, 81 % n&rsquo;ont pas acc\u00e8s \u00e0 d\u2019installations de lavage des mains, et 43 % n&rsquo;ont pas acc\u00e8s aux toilettes.<\/p>\n\n\n\n<p class=\"wp-block-paragraph\">Le secteur hygi\u00e8nique a \u00e9galement \u00e9t\u00e9 incapable de suivre la croissance d\u00e9mographique. L&rsquo;acc\u00e8s \u00e0 <a href=\"https:\/\/www.humanium.org\/fr\/comprendre-droits-enfant\/droit-a-la-sante\/\">un environnement sain<\/a> demeure donc un d\u00e9fi majeur. En 2017, environ 60 % des m\u00e9nages utilisaient des toilettes am\u00e9lior\u00e9es, 67 % dans les zones urbaines et plus de 58 % dans les zones rurales (Conseil \u00e9conomique et social des Nations Unies, 2021).<\/p>\n\n\n\n<h3 class=\"wp-block-heading\"><a href=\"https:\/\/www.humanium.org\/fr\/comprendre-droits-enfant\/droit-a-l-identite\/\"><strong>Le droit \u00e0 l\u2019identit\u00e9<\/strong><\/a><\/h3>\n\n\n\n<p class=\"wp-block-paragraph\"><a href=\"https:\/\/www.humanium.org\/fr\/enfants-sans-identite\/\">L&rsquo;enregistrement des naissances<\/a> est un droit de l&rsquo;homme; l&rsquo;article 7 de <a href=\"https:\/\/www.humanium.org\/fr\/texte-integral-convention-internationale-relative-droits-enfant-1989\/\">la Convention relative aux droits de l&rsquo;enfant de 1989<\/a> dispose express\u00e9ment que tout enfant a le droit d&rsquo;\u00eatre enregistr\u00e9 \u00e0 la naissance par l&rsquo;\u00e9tat (Bureau des droits de l&rsquo;homme des Nations Unies, 2021). L\u2019enregistrement des naissances est le point de d\u00e9part de la reconnaissance et de la protection du droit fondamental de chaque enfant \u00e0 l\u2019identit\u00e9 et \u00e0 l\u2019existence. Il s\u2019agit de l\u2019enregistrement permanent et officiel de l\u2019existence d\u2019un enfant par l\u2019\u00e9tat (UNICEF, 2021).<\/p>\n\n\n\n<p class=\"wp-block-paragraph\">L&rsquo;enregistrement des naissances est \u00e0 la fois un droit en soi de m\u00eame qu\u2019un droit \u00e0 un nom, une nationalit\u00e9, et une identit\u00e9 l\u00e9gale. Il est \u00e9galement \u00e9troitement li\u00e9 \u00e0 la r\u00e9alisation d\u2019autres droits des enfants, tels que <a href=\"https:\/\/www.humanium.org\/fr\/comprendre-droits-enfant\/protection\/\">la protection<\/a> contre le recrutement pr\u00e9coce dans <a href=\"https:\/\/www.humanium.org\/fr\/enfant-soldat\/#:~:text=Aujourd'hui%2C%20entre%20250',du%20si%C3%A8cle%2C%20mon%20cher%20fr%C3%A8re.\">les forces arm\u00e9es<\/a> ou <a href=\"https:\/\/www.humanium.org\/fr\/mariage-enfants\/\">le mariage pr\u00e9coce<\/a> et la protection contre <a href=\"https:\/\/www.humanium.org\/fr\/travail-des-enfants\/\">le travail dangereux des enfants<\/a> (UNICEF, 2021. <a href=\"https:\/\/www.humanium.org\/fr\/enfants-sans-identite\/\">Le certificat de naissance<\/a> joue un r\u00f4le cl\u00e9 dans la d\u00e9termination de l\u2019\u00e2ge et de l\u2019identit\u00e9 de l\u2019enfant, prot\u00e9geant ainsi ses droits s\u2019il est victime d\u2019un crime. En outre, il garantit que l&rsquo;enfant, s&rsquo;il est en conflit avec la loi, est soumis \u00e0 un syst\u00e8me de justice adapt\u00e9 aux enfants et prot\u00e9g\u00e9 contre l&rsquo;exposition du <a href=\"https:\/\/www.humanium.org\/fr\/justice-juvenile\/\">syst\u00e8me de justice <\/a>en place pour les adultes (UNICEF, 2021).<\/p>\n\n\n\n<p class=\"wp-block-paragraph\">Le cadre juridique de l&rsquo;enregistrement des naissances est pr\u00e9vu par la Loi sur l&rsquo;\u00e9tat civil no 84-10 (1984), l&rsquo;article 31 stipulant que \u00ab\u00a0les naissances doivent \u00eatre d\u00e9clar\u00e9es dans les quinze jours suivant l&rsquo;accouchement\u00a0\u00bb (African Child Policy Forum, 2021). Le Code de la famille de 2005 renforce l&rsquo;importance de l&rsquo;enregistrement des naissances en vertu de l&rsquo;article 104, qui stipule que \u00ab\u00a0toutes les naissances doivent \u00eatre d\u00e9clar\u00e9es dans le d\u00e9lai l\u00e9gal\u00a0\u00bb (African Child Policy Forum, 2021). L&rsquo;int\u00e9gralit\u00e9 des donn\u00e9es d&rsquo;enregistrement des naissances a \u00e9t\u00e9 signal\u00e9e \u00e0 87,300% en 2012. Il s&rsquo;agit d&rsquo;une diminution par rapport au chiffre pr\u00e9c\u00e9dent de 87,600 % en 2000 (Banque mondiale, 2021).<\/p>\n\n\n\n<h2 class=\"wp-block-heading\"><strong>Les facteurs de risques \u2192 Les d\u00e9fis sp\u00e9cifiques \u00e0 chaque pays<\/strong><\/h2>\n\n\n\n<h3 class=\"wp-block-heading\"><a href=\"https:\/\/www.humanium.org\/fr\/travail-des-enfants\/\"><strong>Le travail infantile<\/strong><\/a><\/h3>\n\n\n\n<p class=\"wp-block-paragraph\">Les Comores ont ratifi\u00e9 des conventions fondamentales relatives aux droits des enfants au travail, telles que la Convention sur le travail forc\u00e9, 1930 (ci-apr\u00e8s no 29) (Organisation internationale du travail, 2021), la Convention sur l&rsquo;\u00e2ge minimum, 1973 (ci-apr\u00e8s no 138) (Organisation internationale du travail, 2021) et les Pires formes de travail des enfants, 1999 (ci-apr\u00e8s no 182) (Organisation internationale du travail, 2021). D&rsquo;un point de vue l\u00e9gislatif national, le Code du travail de 1984 interdit les pires formes de travail des enfants, qui incluent toutes les formes d&rsquo;esclavage ou les pratiques similaires, telles que <a href=\"https:\/\/www.humanium.org\/fr\/trafic-enfants\/\">la vente et la traite d&rsquo;enfants<\/a> et le travail forc\u00e9 ou obligatoire (African Child Policy Forum, 2021).<\/p>\n\n\n<div class=\"wp-block-image\">\n<figure class=\"alignleft size-large is-resized\"><img loading=\"lazy\" decoding=\"async\" width=\"1024\" height=\"683\" src=\"https:\/\/www.humanium.org\/fr\/wp-content\/uploads\/2022\/02\/shutterstock_1186538278-1024x683.jpg\" alt=\"\" class=\"wp-image-51748\" style=\"width:418px;height:278px\" srcset=\"https:\/\/www.humanium.org\/fr\/wp-content\/uploads\/2022\/02\/shutterstock_1186538278-1024x683.jpg 1024w, https:\/\/www.humanium.org\/fr\/wp-content\/uploads\/2022\/02\/shutterstock_1186538278-300x200.jpg 300w, https:\/\/www.humanium.org\/fr\/wp-content\/uploads\/2022\/02\/shutterstock_1186538278-768x512.jpg 768w, https:\/\/www.humanium.org\/fr\/wp-content\/uploads\/2022\/02\/shutterstock_1186538278-1536x1024.jpg 1536w, https:\/\/www.humanium.org\/fr\/wp-content\/uploads\/2022\/02\/shutterstock_1186538278-2048x1365.jpg 2048w, https:\/\/www.humanium.org\/fr\/wp-content\/uploads\/2022\/02\/shutterstock_1186538278-830x553.jpg 830w, https:\/\/www.humanium.org\/fr\/wp-content\/uploads\/2022\/02\/shutterstock_1186538278-230x153.jpg 230w, https:\/\/www.humanium.org\/fr\/wp-content\/uploads\/2022\/02\/shutterstock_1186538278-350x233.jpg 350w, https:\/\/www.humanium.org\/fr\/wp-content\/uploads\/2022\/02\/shutterstock_1186538278-480x320.jpg 480w, https:\/\/www.humanium.org\/fr\/wp-content\/uploads\/2022\/02\/shutterstock_1186538278-272x182.jpg 272w\" sizes=\"auto, (max-width: 1024px) 100vw, 1024px\" \/><\/figure>\n<\/div>\n\n\n<p class=\"wp-block-paragraph\">Toutefois, les Comores ne respectent pas les normes internationales relatives \u00e0 l&rsquo;\u00e2ge minimum du travail, en vertu du paragraphe 1 de l&rsquo;article 3 de la Convention no 138, qui dispose que l&rsquo;\u00e2ge minimum du travail ne doit pas \u00eatre inf\u00e9rieur \u00e0 dix-huit ans (Organisation internationale du travail, 2021). L&rsquo;article 129 du Code du travail de 1984 stipule que l&rsquo;\u00e2ge minimum pour travailler est de quinze ans (African Child Policy Forum, 2021). Le Code du travail autorise les enfants sous l&rsquo;\u00e2ge minimum \u00e0 effectuer un travail l\u00e9ger dans le secteur domestique et agricole tant qu&rsquo;il n&rsquo;entrave pas <a href=\"https:\/\/www.humanium.org\/fr\/comprendre-droits-enfant\/droit-a-l-education\/\">l&rsquo;\u00e9ducation<\/a> ou <a href=\"https:\/\/www.humanium.org\/fr\/le-principe-de-vie-de-survie-et-de-developpement\/\">le d\u00e9veloppement physique ou moral de l&rsquo;enfant <\/a>(Bureau of International Labour Affairs, 2018).<\/p>\n\n\n\n<p class=\"wp-block-paragraph\">Toutefois, le Code du travail ne pr\u00e9cise pas les conditions dans lesquelles le travail l\u00e9ger peut \u00eatre effectu\u00e9, ni ne limite le nombre d&rsquo;heures de travail l\u00e9ger, tel que d\u00e9fini par les normes internationales sur le travail des enfants. En outre, le Code du travail ne s&rsquo;applique qu\u2019aux travailleurs qui effectuent un travail dans le cadre d&rsquo;un accord de travail officiel, qui n&rsquo;est pas conforme aux normes internationales qui exigent que tous les enfants soient <a href=\"https:\/\/www.humanium.org\/fr\/comprendre-droits-enfant\/protection\/\">prot\u00e9g\u00e9s <\/a>par la loi fixant un \u00e2ge minimum pour travailler.<\/p>\n\n\n\n<p class=\"wp-block-paragraph\">Les enfants issus de familles <a href=\"https:\/\/www.humanium.org\/fr\/pauvrete\/\">pauvres<\/a> ou rurales courent un plus grand risque d&rsquo;\u00eatre soumis au travail forc\u00e9. Certains parents incapables de s&rsquo;occuper de leurs enfants les envoient dans des familles plus riches, qui sont cens\u00e9es leur fournir de <a href=\"https:\/\/www.humanium.org\/fr\/comprendre-droits-enfant\/droit-a-l-alimentation\/malnutrition\/\">la nourriture<\/a>, un abri, et une scolarit\u00e9 en \u00e9change de t\u00e2ches m\u00e9nag\u00e8res. Dans la pratique, certains peuvent devenir des travailleurs domestiques et des victimes d&rsquo;exploitation et de <a href=\"https:\/\/www.humanium.org\/fr\/la-maltraitance-des-enfants\/\">maltraitance<\/a> (Bureau des affaires internationales du travail, 2020). <\/p>\n\n\n\n<p class=\"wp-block-paragraph\">Aux Comores, il est de coutume d&rsquo;envoyer les enfants \u00e0 des enseignants coraniques pour recevoir une \u00e9ducation. Certains enseignants coraniques, cependant, peuvent forcer leurs \u00e9l\u00e8ves \u00e0 travailler plut\u00f4t qu&rsquo;aller \u00e0 l&rsquo;\u00e9cole, ou \u00e0 gagner des fonds pour payer les frais de scolarit\u00e9. Dans ce cas, <a href=\"https:\/\/www.humanium.org\/fr\/droits-des-filles\/\">les filles<\/a> s&rsquo;adonnent g\u00e9n\u00e9ralement \u00e0 des travaux domestiques et les gar\u00e7ons \u00e0 des travaux agricoles.<\/p>\n\n\n\n<p class=\"wp-block-paragraph\">\u00c0 Mayotte, qui est administr\u00e9e par la France, des rapports indiquent qu&rsquo;il y a plus de 3 000 <a href=\"https:\/\/www.humanium.org\/fr\/enfants-deplaces\/\">enfants non accompagn\u00e9s<\/a> des Comores, dont certains sont exploit\u00e9s dans les pires formes de travail des enfants ou peuvent \u00eatre vuln\u00e9rables \u00e0 <a href=\"https:\/\/www.humanium.org\/fr\/trafic-enfants\/\">la traite<\/a>. Selon certaines informations, les trafiquants de drogue utilisent des adolescents pour transporter de la drogue sur des bateaux \u00e0 destination de Mayotte. <\/p>\n\n\n\n<p class=\"wp-block-paragraph\">Les enfants aux Comores travaillent souvent dans des exploitations familiales ou sur des bateaux de p\u00eache familiaux, ils accomplissent des t\u00e2ches agricoles avec des outils pointus, transportent de lourdes charges de produits, et grimpent \u00e0 de grandes hauteurs pour r\u00e9colter des fruits. Dans la construction, les enfants travaillent sans \u00e9quipement de s\u00e9curit\u00e9 ou de protection de base.<\/p>\n\n\n\n<h3 class=\"wp-block-heading\"><a href=\"https:\/\/www.humanium.org\/fr\/trafic-enfants\/\"><strong>La traite des enfants<\/strong><\/a><\/h3>\n\n\n\n<p class=\"wp-block-paragraph\">La situation g\u00e9ographique de l&rsquo;Union des Comores la rend particuli\u00e8rement vuln\u00e9rable au probl\u00e8me de la traite. Les Comores sont un pays de transit pour les enfants, en raison de l&rsquo;absence de contr\u00f4les ad\u00e9quats aux fronti\u00e8res, de la corruption au sein de l&rsquo;administration, et de l&rsquo;existence de r\u00e9seaux criminels internationaux impliqu\u00e9s dans le trafic de migrants qui mettent les enfants en danger (D\u00e9partement d&rsquo;\u00c9tat des \u00c9tats-Unis, 2018). On estime que 3 000 \u00e0 4 000 enfants comoriens non accompagn\u00e9s \u00e0 Mayotte sont particuli\u00e8rement vuln\u00e9rables \u00e0 la servitude domestique et \u00e0 la traite \u00e0 des fins sexuelles (United States Department of State, 2018).<\/p>\n\n\n\n<p class=\"wp-block-paragraph\">Le Gouvernement des Comores ne respecte pas pleinement les normes minimales pour l&rsquo;\u00e9limination de la traite et ne fait pas d&rsquo;efforts significatifs pour y parvenir, malgr\u00e9 la prise en compte de l&rsquo;impact de la pand\u00e9mie COVID19 (U.S. Department of State, 2021). En outre, le pays n&rsquo;est pas signataire de la Convention de La Haye sur les aspects civils de l&rsquo;enl\u00e8vement international d&rsquo;enfants 1980 (Organisation mondiale pour la coop\u00e9ration transfrontali\u00e8re en mati\u00e8re civile et commerciale, 2021).<\/p>\n\n\n\n<p class=\"wp-block-paragraph\">Les Comores ont accept\u00e9 le Protocole de Palerme sur la traite des personnes de 2000 en juin 2020 (Recueil des Trait\u00e9s des Nations Unies, 2000). Les \u00e9tats qui ratifient le Protocole doivent s&rsquo;engager \u00e0 prendre une s\u00e9rie de mesures qui comprennent la cr\u00e9ation d&rsquo;infractions p\u00e9nales internes, l&rsquo;adoption de nouveaux cadres g\u00e9n\u00e9raux pour l&rsquo;extradition, l&rsquo;entraide judiciaire et la coop\u00e9ration en mati\u00e8re de d\u00e9tection et de r\u00e9pression, et la promotion de la formation et de l&rsquo;assistance technique pour le renforcement ou la mise \u00e0 jour des capacit\u00e9s n\u00e9cessaires des autorit\u00e9s nationales (Office des Nations Unies contre la drogue et le crime, 2020). <\/p>\n\n\n\n<p class=\"wp-block-paragraph\">En f\u00e9vrier 2021, le gouvernement a adopt\u00e9 des modifications au Code criminel qui criminalisaient <a href=\"https:\/\/www.humanium.org\/fr\/exploitation-sexuelle-enfants\/\">le trafic sexuel<\/a> et <a href=\"https:\/\/www.humanium.org\/fr\/travail-des-enfants\/\">le trafic de main-d&rsquo;oeuvre<\/a>. L\u2019article 266-11 du nouveau code p\u00e9nal pr\u00e9voit des peines de dix \u00e0 vingt ans d\u2019emprisonnement et une amende de trente millions de francs comoriens (74 880 dollars) pour un trafic impliquant un enfant victime (U.S. Department of State, 2021).<\/p>\n\n\n\n<h3 class=\"wp-block-heading\"><a href=\"https:\/\/www.humanium.org\/fr\/mariage-enfants\/\"><strong>Le mariage infantile<\/strong><\/a><\/h3>\n\n\n\n<p class=\"wp-block-paragraph\">Malgr\u00e9 les efforts d\u00e9ploy\u00e9s par les autorit\u00e9s pour promouvoir <a href=\"https:\/\/www.humanium.org\/fr\/le-principe-de-non-discrimination\/\">l&rsquo;\u00e9galit\u00e9 des sexes<\/a>, <a href=\"https:\/\/www.humanium.org\/fr\/droits-des-filles\/\">les filles<\/a> et les femmes continuent de r\u00e9sister aux pires formes d&rsquo;in\u00e9galit\u00e9 et de violence fond\u00e9es sur le sexe (Conseil \u00e9conomique et social des Nations Unies, 2021). Les traditions matriarcales conf\u00e8rent aux femmes des avantages \u00e9conomiques au sein de la structure familiale, mais il existe des d\u00e9s\u00e9quilibres importants en faveur des hommes en termes de pouvoir politique, culturel, social, et \u00e9conomique. <\/p>\n\n\n\n<p class=\"wp-block-paragraph\">Certaines normes sociales traditionnelles conduisent au mariage des enfants et exposent les filles et les femmes \u00e0 de multiples formes de <a href=\"https:\/\/www.humanium.org\/fr\/la-maltraitance-des-enfants\/\">maltraitance<\/a>. Le Code de la famille de 2005 fixe l&rsquo;\u00e2ge l\u00e9gal du mariage \u00e0 18 ans (African Child Policy Forum, 2021). Cependant, en vertu de la loi islamique, l&rsquo;\u00e2ge d&rsquo;\u00e9ligibilit\u00e9 au mariage est compris entre quatorze et quinze ans et la majorit\u00e9 est soumise \u00e0 ce sort. Dans certains cas, les mariages sont arrang\u00e9s encore plus t\u00f4t, surtout pour les filles (UNICEF, 2017).<\/p>\n\n\n\n<p class=\"wp-block-paragraph\">L&rsquo;absence d&rsquo;un \u00e2ge l\u00e9gal uniforme pour le mariage rend l&rsquo;application de la loi probl\u00e9matique (UNICEF, 2017). En outre, un juge a le pouvoir d&rsquo;autoriser le mariage en dessous de l&rsquo;\u00e2ge l\u00e9gal dans des circonstances att\u00e9nuantes et l\u00e9gitimes et si les deux \u00e9poux y consentent en vertu de l&rsquo;article 15 du Code de la famille de 2005 (Institutions sociales et indice de genre, 2019). Il n&rsquo;existe pas de mesures publiques visant \u00e0 obtenir un soutien social pour l&rsquo;application des lois relatives \u00e0 l&rsquo;\u00e2ge minimum du mariage et il n&rsquo;y a pas de sanctions juridiques pour ceux qui facilitent le mariage d&rsquo;une personne qui n&rsquo;a pas l&rsquo;\u00e2ge minimum dumariage.<\/p>\n\n\n\n<p class=\"wp-block-paragraph\">Le Code p\u00e9nal de 1982 pr\u00e9voit des sanctions \u00e0 l&rsquo;encontre de toute personne qui se livre \u00e0 un mariage c\u00e9l\u00e9br\u00e9 selon le droit coutumier et qui tente ou consomme le mariage avec un enfant \u00e2g\u00e9 de moins de treize ans, conform\u00e9ment \u00e0 l&rsquo;article 299. La Politique nationale de protection de l&rsquo;enfance de 2017 pr\u00e9voit des interventions visant \u00e0 prot\u00e9ger <a href=\"https:\/\/www.humanium.org\/fr\/droits-des-filles\/\">les filles<\/a> victimes de <a href=\"https:\/\/www.humanium.org\/fr\/mariage-enfants\/\">mariage infantile<\/a>.<\/p>\n\n\n\n<h3 class=\"wp-block-heading\"><a href=\"https:\/\/www.humanium.org\/fr\/focus\/environnement\/droits-environnementaux\/\"><strong>Les droits environnementaux<\/strong><\/a><\/h3>\n\n\n\n<p class=\"wp-block-paragraph\">L&rsquo;archipel est sujet aux changements climatiques et les effets comprennent la baisse de la production agricole et halieutique, le d\u00e9placement de la population c\u00f4ti\u00e8re, la contamination des aquif\u00e8res c\u00f4tiers par l&rsquo;eau de mer, et une augmentation des cas de <a href=\"https:\/\/www.humanium.org\/fr\/enfants-malades\/\">paludisme<\/a> avec des effets n\u00e9gatifs en particulier sur les enfants (Haut Commissariat des Nations Unies pour les r\u00e9fugi\u00e9s, 2013).<\/p>\n\n\n\n<p class=\"wp-block-paragraph\">Au cours des quarante derni\u00e8res ann\u00e9es, le pays a connu 18 \u00e9v\u00e9nements m\u00e9t\u00e9orologiques extr\u00eames, dont le cyclone tropical d\u00e9vastateur Kenneth le 25 avril 2019, qui a touch\u00e9 plus de 40 % de la population (Conseil \u00e9conomique et social des Nations Unies, 2021). <\/p>\n\n\n<div class=\"wp-block-image\">\n<figure class=\"alignright size-large is-resized\"><img loading=\"lazy\" decoding=\"async\" width=\"1024\" height=\"683\" src=\"https:\/\/www.humanium.org\/fr\/wp-content\/uploads\/2022\/02\/shutterstock_1196731120-1024x683.jpg\" alt=\"\" class=\"wp-image-51749\" style=\"width:385px;height:257px\" srcset=\"https:\/\/www.humanium.org\/fr\/wp-content\/uploads\/2022\/02\/shutterstock_1196731120-1024x683.jpg 1024w, https:\/\/www.humanium.org\/fr\/wp-content\/uploads\/2022\/02\/shutterstock_1196731120-300x200.jpg 300w, https:\/\/www.humanium.org\/fr\/wp-content\/uploads\/2022\/02\/shutterstock_1196731120-768x512.jpg 768w, https:\/\/www.humanium.org\/fr\/wp-content\/uploads\/2022\/02\/shutterstock_1196731120-1536x1024.jpg 1536w, https:\/\/www.humanium.org\/fr\/wp-content\/uploads\/2022\/02\/shutterstock_1196731120-2048x1365.jpg 2048w, https:\/\/www.humanium.org\/fr\/wp-content\/uploads\/2022\/02\/shutterstock_1196731120-830x553.jpg 830w, https:\/\/www.humanium.org\/fr\/wp-content\/uploads\/2022\/02\/shutterstock_1196731120-230x153.jpg 230w, https:\/\/www.humanium.org\/fr\/wp-content\/uploads\/2022\/02\/shutterstock_1196731120-350x233.jpg 350w, https:\/\/www.humanium.org\/fr\/wp-content\/uploads\/2022\/02\/shutterstock_1196731120-480x320.jpg 480w, https:\/\/www.humanium.org\/fr\/wp-content\/uploads\/2022\/02\/shutterstock_1196731120-272x182.jpg 272w\" sizes=\"auto, (max-width: 1024px) 100vw, 1024px\" \/><\/figure>\n<\/div>\n\n\n<p class=\"wp-block-paragraph\">Environ 45 000 personnes ont \u00e9t\u00e9 touch\u00e9es et au moins 20 000 ont \u00e9t\u00e9 <a href=\"https:\/\/www.humanium.org\/fr\/enfants-deplaces\/\">d\u00e9plac\u00e9es<\/a> ,la plupart \u00e9tant des enfants (UNICEF, 2019). <a href=\"https:\/\/www.humanium.org\/fr\/comprendre-droits-enfant\/droit-a-l-eau\/\">L&rsquo;eau propre<\/a> est un probl\u00e8me, car plus de quatre-vingt-seize r\u00e9servoirs d&rsquo;eau ont perdu leur couverture et sont pollu\u00e9s par des d\u00e9chets ou remplis d\u2019eau de mer, augmentant le risque de propagation des maladies d&rsquo;origine hydrique. Les gens ont recours \u00e0 l&rsquo;eau de pluie, qui est disponible mais non potable pour la consommation.<\/p>\n\n\n\n<p class=\"wp-block-paragraph\">L&rsquo;acc\u00e8s limit\u00e9 aux zones touch\u00e9es en raison des routes endommag\u00e9es \u00e9tait un probl\u00e8me important. Avec la suspension de tous les transports nationaux et l&rsquo;absence d&rsquo;alimentation \u00e9lectrique, la capacit\u00e9 de d\u00e9placer les approvisionnements a \u00e9t\u00e9 s\u00e9rieusement entrav\u00e9e. Le cyclone a endommag\u00e9 608 \u00e9coles, principalement des \u00e9coles primaires et maternelles et caus\u00e9 la destruction totale de 3 818 maisons et la destruction partielle de 7 013 maisons. Soixante-trois pour cent des cultures vivri\u00e8res, 35 % des cultures commerciales, et 34 % des arbres fruitiers ont \u00e9t\u00e9 d\u00e9truits.<\/p>\n\n\n\n<p class=\"wp-block-paragraph\">Les \u00e9v\u00e9nements provoqu\u00e9s par le climat entra\u00eenent des pertes consid\u00e9rables en <a href=\"https:\/\/www.humanium.org\/fr\/comprendre-droits-enfant\/droit-a-la-vie\/\">vies humaines<\/a> et en croissance \u00e9conomique. Ils infligent des dommages sociaux et <a href=\"https:\/\/www.humanium.org\/fr\/focus\/environnement\/urgence-climatique\/\">des dommages environnementaux<\/a>, \u00e9rodant les m\u00e9canismes de r\u00e9silience de la population (Conseil \u00e9conomique et social des Nations Unies, 2021). L&rsquo;Union des Comores est positionn\u00e9e \u00e0 51 des 172 pays et territoires pour le risque de catastrophes naturelles dans l&rsquo;Indice mondial de risque climatique 2018 (Germanwatch, 2017). L&rsquo;Union des Comores se classe au 59e rang pour son manque de capacit\u00e9 d&rsquo;adaptation, refl\u00e9tant la faiblesse des capacit\u00e9s nationales d&rsquo;adaptation et d&rsquo;att\u00e9nuation pour \u00e9viter l&rsquo;impact du <a href=\"https:\/\/www.humanium.org\/fr\/changement-climatique\/\">changement climatique<\/a>.<\/p>\n\n\n\n<p class=\"wp-block-paragraph\"><em><strong>Ecrit par Igi Nderi<\/strong><\/em><\/p>\n\n\n\n<p class=\"wp-block-paragraph\"><em><strong>Traduit par Laurence Mortier<\/strong><\/em><\/p>\n\n\n\n<p class=\"wp-block-paragraph\"><em><strong>Relu par Denis Gingras<\/strong><\/em><\/p>\n\n\n\n<h4 class=\"wp-block-heading\">R\u00e9f\u00e9rence :<\/h4>\n\n\n\n<p class=\"has-small-font-size wp-block-paragraph\"><a href=\"http:\/\/www.africanchildforum.org\/clr\/Legislation%20Per%20Country\/comoros\/comoros_labour_1984_fr.pdf,\" target=\"_blank\" rel=\"noreferrer noopener\">African Child Policy Forum. (2021, October 26). <em>Child Law Resources<\/em>. Retrieved from African Child Policy Forum: http:\/\/www.africanchildforum.org\/clr\/Legislation%20Per%20Country\/comoros\/comoros_labour_1984_fr.pdf, accessed on 26 October 2021.<\/a><\/p>\n\n\n\n<p class=\"has-small-font-size wp-block-paragraph\"><a href=\"http:\/\/www.africanchildforum.org\/clr\/Legislation%20Per%20Country\/comoros\/comoros_family_2005_fr.pdf\" target=\"_blank\" rel=\"noreferrer noopener\">African Child Policy Forum. (2021, October 21). <em>Child Law Resources Comoros <\/em>. Retrieved from African Child Policy Forum: http:\/\/www.africanchildforum.org\/clr\/Legislation%20Per%20Country\/comoros\/comoros_family_2005_fr.pdf, accessed on 26 October 2021.<\/a><\/p>\n\n\n\n<p class=\"has-small-font-size wp-block-paragraph\"><a href=\"http:\/\/www.africanchildforum.org\/clr\/Legislation%20Per%20Country\/comoros\/comoros_family_2005_fr.pdf\" target=\"_blank\" rel=\"noreferrer noopener\">African Child Policy Forum. (2021, October 28). <em>The Family Code 2005<\/em>. Retrieved from Child Law Resources : http:\/\/www.africanchildforum.org\/clr\/Legislation%20Per%20Country\/comoros\/comoros_family_2005_fr.pdf., accessed on 26 October 2021.<\/a><\/p>\n\n\n\n<p class=\"has-small-font-size wp-block-paragraph\"><a href=\"http:\/\/www.africanchildforum.org\/clr\/Legislation%20Per%20Country\/comoros\/comoros_civilstatus_1984_fr.pdf\" target=\"_blank\" rel=\"noreferrer noopener\">African Child Policy Forum. (2021, October 21). <em>Child Law Resources Comoros <\/em>. Retrieved from African Child Policy Forum: http:\/\/www.africanchildforum.org\/clr\/Legislation%20Per%20Country\/comoros\/comoros_civilstatus_1984_fr.pdf, accessed on 26 October 2021.<\/a><\/p>\n\n\n\n<p class=\"has-small-font-size wp-block-paragraph\">African Commission on Human and Peoples&rsquo; Rights. (2021, October 5). <em>Ratification Table:- African Charter on the Rights and Welfare of the Child<\/em>. Retrieved from African Commission on Human and Peoples&rsquo; Rights: https:\/\/www.achpr.org\/ratificationtable?id=46, accessed on 26 October 2021.<\/p>\n\n\n\n<p class=\"has-small-font-size wp-block-paragraph\"><a href=\"https:\/\/www.bbc.com\/news\/world-africa-13229685\" target=\"_blank\" rel=\"noreferrer noopener\">BBC News Africa. (2018, July 20). <em>Comoros country profile<\/em>. Retrieved from BBC News: https:\/\/www.bbc.com\/news\/world-africa-13229685, accessed on 26 October 2021.<\/a><\/p>\n\n\n\n<p class=\"has-small-font-size wp-block-paragraph\"><a href=\"https:\/\/www.dol.gov\/sites\/dolgov\/files\/ILAB\/child_labor_reports\/tda2018\/comoros.pdf\" target=\"_blank\" rel=\"noreferrer noopener\">Bureau of International Labour Affairs. (2018, May 1). <em>2018 Worst Forms of Child Labour: Comoros<\/em>. Retrieved from Bureau of International Labour Affairs: https:\/\/www.dol.gov\/sites\/dolgov\/files\/ILAB\/child_labor_reports\/tda2018\/comoros.pdf, accessed on 26 October 2021.<\/a><\/p>\n\n\n\n<p class=\"has-small-font-size wp-block-paragraph\">Bureau of International Labour Affairs. (2020, May 1). <em>2020 Findings on the Worst Forms of Child Labor: Comoros<\/em>. Retrieved from Bureau of International Labour Affairs: https:\/\/www.dol.gov\/sites\/dolgov\/files\/ILAB\/child_labor_reports\/tda2020\/Comoros.pdf<\/p>\n\n\n\n<p class=\"has-small-font-size wp-block-paragraph\"><a href=\"https:\/\/www.constituteproject.org\/constitution\/Comoros_2018.pdf?lang=en\" target=\"_blank\" rel=\"noreferrer noopener\">Constitute Project. (2021, August 26). <em>Comoros&rsquo;s Constitution of 2018<\/em>. Retrieved from Constitute Project: https:\/\/www.constituteproject.org\/constitution\/Comoros_2018.pdf?lang=en, accessed on 26 October 2021.<\/a><\/p>\n\n\n\n<p class=\"has-small-font-size wp-block-paragraph\">Croissant-Rouge comores, C.-R. f. (2018). <em>UNICEF Comores, Wash in health facilities survey report,.<\/em> UNICEF.<\/p>\n\n\n\n<p class=\"has-small-font-size wp-block-paragraph\"><a href=\"https:\/\/educateachild.org\/our-partners-projects\/country\/comoros\" target=\"_blank\" rel=\"noreferrer noopener\">Educate a Child. (2021, October 12). <em>Country Comoros<\/em>. Retrieved from Educate a Child: https:\/\/educateachild.org\/our-partners-projects\/country\/comoros, accessed on 26 October 2021.<\/a><\/p>\n\n\n\n<p class=\"has-small-font-size wp-block-paragraph\"><a href=\"https:\/\/reliefweb.int\/report\/comoros\/education-cannot-wait-announces-us639000-allocation-support-emergency-educational\" target=\"_blank\" rel=\"noreferrer noopener\">Education Cannot Wait. (2019, July 2). <em>Education Cannot Wait announces US$639,000 allocation to support emergency educational response in Comoros in the aftermath of Cyclone Kenneth<\/em>. Retrieved from Relief Web: https:\/\/reliefweb.int\/report\/comoros\/education-cannot-wait-announces-us639000-allocation-support-emergency-educational, accessed on 26 October 2021.<\/a><\/p>\n\n\n\n<p class=\"has-small-font-size wp-block-paragraph\"><a href=\"https:\/\/reliefweb.int\/report\/haiti\/global-climate-risk-index-2018-who-suffers-most-extreme-weather-events-weather-related\" target=\"_blank\" rel=\"noreferrer noopener\">Germanwatch. (2017, November 9). <em>Global Climate Risk Index 2018: Who Suffers Most From Extreme Weather Events? Weather-related Loss Events in 2016 and 1997 to 2016<\/em>. Retrieved from Relief Web: https:\/\/reliefweb.int\/report\/haiti\/global-climate-risk-index-2018-who-suffers-most-extreme-weather-events-weather-related, accessed on 26 October 2021.<\/a><\/p>\n\n\n\n<p class=\"has-small-font-size wp-block-paragraph\"><a href=\"https:\/\/www.ilo.org\/dyn\/normlex\/en\/f?p=NORMLEXPUB:12100:0::NO:12100:P12100_INSTRUMENT_ID:312283:NO\" target=\"_blank\" rel=\"noreferrer noopener\">International Labour Organisation. (2021, October 26). <em>C138 &#8211; Minimum Age Convention, 1973 (No. 138)<\/em>. Retrieved from International Labour Organisation: https:\/\/www.ilo.org\/dyn\/normlex\/en\/f?p=NORMLEXPUB:12100:0::NO:12100:P12100_INSTRUMENT_ID:312283:NO, accessed on 26 October 2021.<\/a><\/p>\n\n\n\n<p class=\"has-small-font-size wp-block-paragraph\"><a href=\"https:\/\/www.ilo.org\/dyn\/normlex\/en\/f?p=NORMLEXPUB:11200:0::NO::P11200_COUNTRY_ID:103360\" target=\"_blank\" rel=\"noreferrer noopener\">International Labour Organisation. (2021, October 26). <em>Ratifications of Comoros<\/em>. Retrieved from International Labour Organisation: https:\/\/www.ilo.org\/dyn\/normlex\/en\/f?p=NORMLEXPUB:11200:0::NO::P11200_COUNTRY_ID:103360, accessed on 26 October 2021.<\/a><\/p>\n\n\n\n<p class=\"has-small-font-size wp-block-paragraph\">Jackson, B. (2021, May 18). <em>The Rich History of the Comoros Islands<\/em>. Retrieved from The Best of Africa: https:\/\/thebestofafrica.org\/content\/comoros, accessed on 26 October 2021.<\/p>\n\n\n\n<p class=\"has-small-font-size wp-block-paragraph\"><a href=\"https:\/\/www.annalsofglobalhealth.org\/articles\/10.5334\/aogh.3100\/\" target=\"_blank\" rel=\"noreferrer noopener\">Mohamed, K. S., Abasse, K. S., Abbas, M., Sintali, D. N., Baig, M. M., &amp; Cote, A. (2021, August 18). <em>An Overview of Healthcare Systems in Comoros: The Effects of Two Decades of Political Instability<\/em>. Retrieved from Annals of Global Health : https:\/\/www.annalsofglobalhealth.org\/articles\/10.5334\/aogh.3100\/, accessed on 26 October 2021.<\/a><\/p>\n\n\n\n<p class=\"has-small-font-size wp-block-paragraph\"><a href=\"https:\/\/www.nyulawglobal.org\/globalex\/Comoros.html\" target=\"_blank\" rel=\"noreferrer noopener\">Nyarko, M. G. (2020, October 1). <em>Introduction to the Law and Legal System of the Islands of Comoros<\/em>. Retrieved from GlobaLex: https:\/\/www.nyulawglobal.org\/globalex\/Comoros.html, accessed on 26 October 2021.<\/a><\/p>\n\n\n\n<p class=\"has-small-font-size wp-block-paragraph\"><a href=\"https:\/\/www.britannica.com\/place\/Comoros\" target=\"_blank\" rel=\"noreferrer noopener\">Ottenheimer, H. J. (2021, October 3). <em>Comoros <\/em>. Retrieved from Britannica: https:\/\/www.britannica.com\/place\/Comoros, accessed on 26 October 2021.<\/a><\/p>\n\n\n\n<p class=\"has-small-font-size wp-block-paragraph\">Social Institutions and Gender Index. (2019, July 1). <em>Comoros 2019<\/em>. Retrieved from OECD Development : https:\/\/www.genderindex.org\/wp-content\/uploads\/files\/datasheets\/2019\/KM.pdf, accessed on 26 October 2021.<\/p>\n\n\n\n<p class=\"has-small-font-size wp-block-paragraph\"><a href=\"https:\/\/www.worldbank.org\/en\/country\/comoros\/overview#1\" target=\"_blank\" rel=\"noreferrer noopener\">The World Bank. (2020, August 31). <em>The World Bank in Comoros<\/em>. Retrieved from The World Bank: https:\/\/www.worldbank.org\/en\/country\/comoros\/overview#1, accessed on 26 October 2021.<\/a><\/p>\n\n\n\n<p class=\"has-small-font-size wp-block-paragraph\">The World Bank. (2021, October 3). <em>Life expectancy at birth, total (years) &#8211; Comoros<\/em>. Retrieved from Data World Bank: https:\/\/data.worldbank.org\/indicator\/SP.DYN.LE00.IN?locations=KM, accessed on 26 October 2021.<\/p>\n\n\n\n<p class=\"has-small-font-size wp-block-paragraph\">The World Bank. (2021, October 3). <em>Population ages 0-14 (% of total population) &#8211; Comoros<\/em>. Retrieved from Data World Bank: https:\/\/data.worldbank.org\/indicator\/SP.POP.0014.TO.ZS?locations=KM, accessed on 26 October 2021.<\/p>\n\n\n\n<p class=\"has-small-font-size wp-block-paragraph\"><a href=\"https:\/\/www.hcch.net\/en\/instruments\/conventions\/status-table\/?cid=29\" target=\"_blank\" rel=\"noreferrer noopener\">The World Organisation for Cross-border Co-operation in Civil and Commercial Matters. (2021, November 9). <em>Status Table: Statute of the Hague Conference on Private International Law<\/em>. Retrieved from Hague Conference on Private International Law: https:\/\/www.hcch.net\/en\/instruments\/conventions\/status-table\/?cid=29, accessed on 26 October 2021.<\/a><\/p>\n\n\n\n<p class=\"has-small-font-size wp-block-paragraph\"><a href=\"https:\/\/www.state.gov\/reports\/2021-trafficking-in-persons-report\/comoros\/\" target=\"_blank\" rel=\"noreferrer noopener\">U.S. Department of State. (2021, July 1). <em>2021 Trafficking in Persons Report: Comoros<\/em>. Retrieved from U.S. Department of State: https:\/\/www.state.gov\/reports\/2021-trafficking-in-persons-report\/comoros\/, accessed on 26 October 2021.<\/a><\/p>\n\n\n\n<p class=\"has-small-font-size wp-block-paragraph\">UNICEF. (2017, July 1). <em>Child Marriage A Mapping of Programmes and Partners in Tweleve Countries in East and Southern Africa<\/em>. Retrieved from Relief Web: https:\/\/reliefweb.int\/sites\/reliefweb.int\/files\/resources\/Child%20marriage%20mapping_final_digital.pdf, accessed on 26 October 2021.<\/p>\n\n\n\n<p class=\"has-small-font-size wp-block-paragraph\"><a href=\"https:\/\/www.unicef.org\/media\/81511\/file\/Comoros-Cyclone-Kenneth-SitRep-25-April-2019.pdf\" target=\"_blank\" rel=\"noreferrer noopener\">UNICEF. (2019, April 25). <em>Comoros Humanitarian Situation Report<\/em>. Retrieved from UNICEF: https:\/\/www.unicef.org\/media\/81511\/file\/Comoros-Cyclone-Kenneth-SitRep-25-April-2019.pdf, accessed on 26 October 2021.<\/a><\/p>\n\n\n\n<p class=\"has-small-font-size wp-block-paragraph\"><a href=\"https:\/\/data.unicef.org\/country\/com\/\" target=\"_blank\" rel=\"noreferrer noopener\">UNICEF. (2021, October 3). <em>Comoros Country Profile Key Demographics Indicators<\/em>. Retrieved from UNICEF Data: https:\/\/data.unicef.org\/country\/com\/, accessed on 26 October 2021.<\/a><\/p>\n\n\n\n<p class=\"has-small-font-size wp-block-paragraph\"><a href=\"https:\/\/getinthepicture.org\/sites\/default\/files\/resources\/UNICEF%20Strengthening%20BR%20in%20Africa%20Opportunities%20and%20Partnerships_0.pdf\" target=\"_blank\" rel=\"noreferrer noopener\">UNICEF. (2021, October 20). <em>Strengthening Birth Registration in Africa: Opportunities and Partnerships<\/em>. Retrieved from UNICEF: https:\/\/getinthepicture.org\/sites\/default\/files\/resources\/UNICEF%20Strengthening%20BR%20in%20Africa%20Opportunities%20and%20Partnerships_0.pdf, accessed on 26 October 2021.<\/a><\/p>\n\n\n\n<p class=\"has-small-font-size wp-block-paragraph\">United Nations Economic and Social Council. (2021, July 12). <em>Country Programme Document Comoros<\/em>. Retrieved from United Nations Economic and Social Council: https:\/\/undocs.org\/pdf?symbol=en\/e\/icef\/2021\/p\/l.18, accessed on 26 October 2021.<\/p>\n\n\n\n<p class=\"has-small-font-size wp-block-paragraph\">United Nations High Commissioner for Refugees. (2013, June 1). <em>Universal Periodic Review: Union of Comoros<\/em>. Retrieved from UNHCR: https:\/\/www.upr-info.org\/sites\/default\/files\/document\/comoros\/session_18_-_january_2014\/unhcr_upr18_com_2_e_main.pdf, accessed on 26 October 2021.<\/p>\n\n\n\n<p class=\"has-small-font-size wp-block-paragraph\"><a href=\"https:\/\/indicators.ohchr.org\/\" target=\"_blank\" rel=\"noreferrer noopener\">United Nations Human Right Office of the High Commissioner. (2021, October 5). <em>Status of Ratification<\/em>. Retrieved from United Nations Human Right Office of the High Commissioner: https:\/\/indicators.ohchr.org\/, accessed on 26 October 2021.<\/a><\/p>\n\n\n\n<p class=\"has-small-font-size wp-block-paragraph\"><a href=\"https:\/\/www.ohchr.org\/en\/professionalinterest\/pages\/crc.aspx\" target=\"_blank\" rel=\"noreferrer noopener\">United Nations Human Rights Office of the High Commissioner. (2021, October 20). <em>Convention on the Rights of the Child<\/em>. Retrieved from Office of the High Commissioner for Human Rights: https:\/\/www.ohchr.org\/en\/professionalinterest\/pages\/crc.aspx, accessed on 26 October 2021.<\/a><\/p>\n\n\n\n<p class=\"has-small-font-size wp-block-paragraph\"><a href=\"https:\/\/tbinternet.ohchr.org\/_layouts\/15\/TreatyBodyExternal\/Treaty.aspx\" target=\"_blank\" rel=\"noreferrer noopener\">United Nations Human Rights Treaty Bodies. (2021, October 5). <em>Ratification Status for Comoros<\/em>. Retrieved from UN Treaty Body Database: https:\/\/tbinternet.ohchr.org\/_layouts\/15\/TreatyBodyExternal\/Treaty.aspx, accessed on 26 October 2021.<\/a><\/p>\n\n\n\n<p class=\"has-small-font-size wp-block-paragraph\"><a href=\"https:\/\/www.unodc.org\/easternafrica\/en\/Stories\/comoros-party-to-trafficking-protocol.html\" target=\"_blank\" rel=\"noreferrer noopener\">United Nations Office on Drugs and Crime. (2020, July 23). <em>Comoros accedes to Protocol to Prevent, Suppress and Punish Trafficking in Persons <\/em>. Retrieved from United Nations Office on Drugs and Crime: https:\/\/www.unodc.org\/easternafrica\/en\/Stories\/comoros-party-to-trafficking-protocol.html, accessed on 26 October 2021.<\/a><\/p>\n\n\n\n<p class=\"has-small-font-size wp-block-paragraph\"><a href=\"https:\/\/unstats.un.org\/unsd\/demographic-social\/census\/censusdates\/\" target=\"_blank\" rel=\"noreferrer noopener\">United Nations Statistics Division. (2017, December 15). <em>2017 General Census of Population and Housing (GCPH) <\/em>. Retrieved from Demographic and Social Statistics: https:\/\/unstats.un.org\/unsd\/demographic-social\/census\/censusdates\/, accessed on 26 October 2021.<\/a><\/p>\n\n\n\n<p class=\"has-small-font-size wp-block-paragraph\"><a href=\"https:\/\/treaties.un.org\/pages\/ViewDetails.aspx?src=TREATY&amp;mtdsg_no=XVIII-12&amp;chapter=18&amp;clang=_en\" target=\"_blank\" rel=\"noreferrer noopener\">United Nations Treaty Collection. (2000, November 15). <em>United Nations Convention against Transnational Organised Crime<\/em>. Retrieved from United Nations Treaty Collection: https:\/\/treaties.un.org\/pages\/ViewDetails.aspx?src=TREATY&amp;mtdsg_no=XVIII-12&amp;chapter=18&amp;clang=_en, accessed on 26 October 2021.<\/a><\/p>\n\n\n\n<p class=\"has-small-font-size wp-block-paragraph\">United Nations Water. (2021, October 19). <em>SDG6 Comoros <\/em>. Retrieved from SDG6 Data: https:\/\/www.sdg6data.org\/country-or-area\/Comoros#anchor_6.2.1b, accessed on 26 October 2021.<\/p>\n\n\n\n<p class=\"has-small-font-size wp-block-paragraph\"><a href=\"https:\/\/www.refworld.org\/docid\/5b3e0b724.html\" target=\"_blank\" rel=\"noreferrer noopener\">United States Department of State. (2018, June 28). <em>2018 Trafficking in Persons Report &#8211; Comoros<\/em>. Retrieved from Refworld: https:\/\/www.refworld.org\/docid\/5b3e0b724.html, accessed on 26 October 2021.<\/a><\/p>\n\n\n\n<p class=\"has-small-font-size wp-block-paragraph\"><a href=\"https:\/\/www.ceicdata.com\/en\/comoros\/population-and-urbanization-statistics\/km-completeness-of-birth-registration\" target=\"_blank\" rel=\"noreferrer noopener\">World Bank. (2021, October 21). <em>Comoros KM: Completeness of Birth Registration<\/em>. Retrieved from CEIC Data: https:\/\/www.ceicdata.com\/en\/comoros\/population-and-urbanization-statistics\/km-completeness-of-birth-registration, accessed on 26 October 2021.<\/a><\/p>\n\n\n\n<p class=\"has-small-font-size wp-block-paragraph\"><a href=\"https:\/\/apps.who.int\/iris\/handle\/10665\/137153\" target=\"_blank\" rel=\"noreferrer noopener\">World Health Organisation . (2016, May 1). <em>World Health Organisation, Country Cooperation Strategy at a glance, Comoros.<\/em> Retrieved from World Health Organisation: https:\/\/apps.who.int\/iris\/handle\/10665\/137153, accessed on 26 October 2021.<\/a><\/p>\n\n\n\n<hr class=\"wp-block-separator has-css-opacity\"\/>\n\n\n\n<p class=\"has-small-font-size wp-block-paragraph\"><sup><a href=\"#_ftnref1\">[1]<\/a><\/sup> Cet article n&rsquo;a nullement pour but de rendre compte de mani\u00e8re compl\u00e8te ou repr\u00e9sentative desdroits de l&rsquo;enfant aux Comores ; en effet, l&rsquo;un des nombreux probl\u00e8mes est le manque d&rsquo;informations actualis\u00e9es sur les enfants, dont la plupart sont peu fiables, non repr\u00e9sentatives, d\u00e9pass\u00e9es ou tout simplement inexistantes.<\/p>\n","protected":false},"excerpt":{"rendered":"<p>Concr\u00e9tiser les droits de l&rsquo;enfant aux Comores L\u2019Union des Comores abrite une population dense, dont approximativement plus de la moiti\u00e9 de la population est \u00e2g\u00e9e de moins de 20 ans (La Banque Mondiale, 2020). Les descendants de commer\u00e7ants arabes, de Malaiset d\u2019Africains contribuent au m\u00e9lange ethnique complexe de l\u2019\u00eele (BBC News Afrique, 2018). Par sa [&hellip;]<\/p>\n","protected":false},"author":65,"featured_media":0,"parent":0,"menu_order":0,"comment_status":"closed","ping_status":"closed","template":"","meta":{"footnotes":""},"class_list":["post-21937","page","type-page","status-publish","hentry"],"yoast_head":"<!-- This site is optimized with the Yoast SEO plugin v28.3 - https:\/\/yoast.com\/product\/yoast-seo-wordpress\/ -->\n<title>Enfants des Comores - Humanium<\/title>\n<meta name=\"description\" content=\"La soci\u00e9t\u00e9 comorienne est marqu\u00e9e par un sens accru de l\u2019identit\u00e9 locale et des traditions sp\u00e9cifiques avec des hi\u00e9rarchies sociales ancr\u00e9es.\" \/>\n<meta name=\"robots\" content=\"index, follow, max-snippet:-1, max-image-preview:large, max-video-preview:-1\" \/>\n<link rel=\"canonical\" href=\"https:\/\/www.humanium.org\/fr\/comores\/\" \/>\n<meta property=\"og:locale\" content=\"fr_FR\" \/>\n<meta property=\"og:type\" content=\"article\" \/>\n<meta property=\"og:title\" content=\"Enfants des Comores - Humanium\" \/>\n<meta property=\"og:description\" content=\"La soci\u00e9t\u00e9 comorienne est marqu\u00e9e par un sens accru de l\u2019identit\u00e9 locale et des traditions sp\u00e9cifiques avec des hi\u00e9rarchies sociales ancr\u00e9es.\" \/>\n<meta property=\"og:url\" content=\"https:\/\/www.humanium.org\/fr\/comores\/\" \/>\n<meta property=\"og:site_name\" content=\"Humanium\" \/>\n<meta property=\"article:modified_time\" content=\"2025-12-10T02:43:25+00:00\" \/>\n<meta property=\"og:image\" content=\"https:\/\/www.humanium.org\/fr\/wp-content\/uploads\/2022\/02\/shutterstock_2019023243.jpg\" \/>\n\t<meta property=\"og:image:width\" content=\"200\" \/>\n\t<meta property=\"og:image:height\" content=\"200\" \/>\n\t<meta property=\"og:image:type\" content=\"image\/jpeg\" \/>\n<meta name=\"twitter:card\" content=\"summary_large_image\" \/>\n<meta name=\"twitter:label1\" content=\"Dur\u00e9e de lecture estim\u00e9e\" \/>\n\t<meta name=\"twitter:data1\" content=\"28 minutes\" \/>\n<script type=\"application\/ld+json\" class=\"yoast-schema-graph\">{\"@context\":\"https:\\\/\\\/schema.org\",\"@graph\":[{\"@type\":\"WebPage\",\"@id\":\"https:\\\/\\\/www.humanium.org\\\/fr\\\/comores\\\/\",\"url\":\"https:\\\/\\\/www.humanium.org\\\/fr\\\/comores\\\/\",\"name\":\"Enfants des Comores - Humanium\",\"isPartOf\":{\"@id\":\"https:\\\/\\\/www.humanium.org\\\/fr\\\/#website\"},\"primaryImageOfPage\":{\"@id\":\"https:\\\/\\\/www.humanium.org\\\/fr\\\/comores\\\/#primaryimage\"},\"image\":{\"@id\":\"https:\\\/\\\/www.humanium.org\\\/fr\\\/comores\\\/#primaryimage\"},\"thumbnailUrl\":\"https:\\\/\\\/www.humanium.org\\\/fr\\\/wp-content\\\/uploads\\\/2022\\\/02\\\/shutterstock_2019023243.jpg\",\"datePublished\":\"2013-01-03T08:23:35+00:00\",\"dateModified\":\"2025-12-10T02:43:25+00:00\",\"description\":\"La soci\u00e9t\u00e9 comorienne est marqu\u00e9e par un sens accru de l\u2019identit\u00e9 locale et des traditions sp\u00e9cifiques avec des hi\u00e9rarchies sociales ancr\u00e9es.\",\"breadcrumb\":{\"@id\":\"https:\\\/\\\/www.humanium.org\\\/fr\\\/comores\\\/#breadcrumb\"},\"inLanguage\":\"fr-FR\",\"potentialAction\":[{\"@type\":\"ReadAction\",\"target\":[\"https:\\\/\\\/www.humanium.org\\\/fr\\\/comores\\\/\"]}]},{\"@type\":\"ImageObject\",\"inLanguage\":\"fr-FR\",\"@id\":\"https:\\\/\\\/www.humanium.org\\\/fr\\\/comores\\\/#primaryimage\",\"url\":\"https:\\\/\\\/www.humanium.org\\\/fr\\\/wp-content\\\/uploads\\\/2022\\\/02\\\/shutterstock_2019023243.jpg\",\"contentUrl\":\"https:\\\/\\\/www.humanium.org\\\/fr\\\/wp-content\\\/uploads\\\/2022\\\/02\\\/shutterstock_2019023243.jpg\",\"width\":200,\"height\":200},{\"@type\":\"BreadcrumbList\",\"@id\":\"https:\\\/\\\/www.humanium.org\\\/fr\\\/comores\\\/#breadcrumb\",\"itemListElement\":[{\"@type\":\"ListItem\",\"position\":1,\"name\":\"Home\",\"item\":\"https:\\\/\\\/www.humanium.org\\\/fr\\\/\"},{\"@type\":\"ListItem\",\"position\":2,\"name\":\"Enfants des Comores\"}]},{\"@type\":\"WebSite\",\"@id\":\"https:\\\/\\\/www.humanium.org\\\/fr\\\/#website\",\"url\":\"https:\\\/\\\/www.humanium.org\\\/fr\\\/\",\"name\":\"Humanium\",\"description\":\"Les enfants d\u2019abord !\",\"potentialAction\":[{\"@type\":\"SearchAction\",\"target\":{\"@type\":\"EntryPoint\",\"urlTemplate\":\"https:\\\/\\\/www.humanium.org\\\/fr\\\/?s={search_term_string}\"},\"query-input\":{\"@type\":\"PropertyValueSpecification\",\"valueRequired\":true,\"valueName\":\"search_term_string\"}}],\"inLanguage\":\"fr-FR\"}]}<\/script>\n<!-- \/ Yoast SEO plugin. -->","yoast_head_json":{"title":"Enfants des Comores - Humanium","description":"La soci\u00e9t\u00e9 comorienne est marqu\u00e9e par un sens accru de l\u2019identit\u00e9 locale et des traditions sp\u00e9cifiques avec des hi\u00e9rarchies sociales ancr\u00e9es.","robots":{"index":"index","follow":"follow","max-snippet":"max-snippet:-1","max-image-preview":"max-image-preview:large","max-video-preview":"max-video-preview:-1"},"canonical":"https:\/\/www.humanium.org\/fr\/comores\/","og_locale":"fr_FR","og_type":"article","og_title":"Enfants des Comores - Humanium","og_description":"La soci\u00e9t\u00e9 comorienne est marqu\u00e9e par un sens accru de l\u2019identit\u00e9 locale et des traditions sp\u00e9cifiques avec des hi\u00e9rarchies sociales ancr\u00e9es.","og_url":"https:\/\/www.humanium.org\/fr\/comores\/","og_site_name":"Humanium","article_modified_time":"2025-12-10T02:43:25+00:00","og_image":[{"width":200,"height":200,"url":"https:\/\/www.humanium.org\/fr\/wp-content\/uploads\/2022\/02\/shutterstock_2019023243.jpg","type":"image\/jpeg"}],"twitter_card":"summary_large_image","twitter_misc":{"Dur\u00e9e de lecture estim\u00e9e":"28 minutes"},"schema":{"@context":"https:\/\/schema.org","@graph":[{"@type":"WebPage","@id":"https:\/\/www.humanium.org\/fr\/comores\/","url":"https:\/\/www.humanium.org\/fr\/comores\/","name":"Enfants des Comores - Humanium","isPartOf":{"@id":"https:\/\/www.humanium.org\/fr\/#website"},"primaryImageOfPage":{"@id":"https:\/\/www.humanium.org\/fr\/comores\/#primaryimage"},"image":{"@id":"https:\/\/www.humanium.org\/fr\/comores\/#primaryimage"},"thumbnailUrl":"https:\/\/www.humanium.org\/fr\/wp-content\/uploads\/2022\/02\/shutterstock_2019023243.jpg","datePublished":"2013-01-03T08:23:35+00:00","dateModified":"2025-12-10T02:43:25+00:00","description":"La soci\u00e9t\u00e9 comorienne est marqu\u00e9e par un sens accru de l\u2019identit\u00e9 locale et des traditions sp\u00e9cifiques avec des hi\u00e9rarchies sociales ancr\u00e9es.","breadcrumb":{"@id":"https:\/\/www.humanium.org\/fr\/comores\/#breadcrumb"},"inLanguage":"fr-FR","potentialAction":[{"@type":"ReadAction","target":["https:\/\/www.humanium.org\/fr\/comores\/"]}]},{"@type":"ImageObject","inLanguage":"fr-FR","@id":"https:\/\/www.humanium.org\/fr\/comores\/#primaryimage","url":"https:\/\/www.humanium.org\/fr\/wp-content\/uploads\/2022\/02\/shutterstock_2019023243.jpg","contentUrl":"https:\/\/www.humanium.org\/fr\/wp-content\/uploads\/2022\/02\/shutterstock_2019023243.jpg","width":200,"height":200},{"@type":"BreadcrumbList","@id":"https:\/\/www.humanium.org\/fr\/comores\/#breadcrumb","itemListElement":[{"@type":"ListItem","position":1,"name":"Home","item":"https:\/\/www.humanium.org\/fr\/"},{"@type":"ListItem","position":2,"name":"Enfants des Comores"}]},{"@type":"WebSite","@id":"https:\/\/www.humanium.org\/fr\/#website","url":"https:\/\/www.humanium.org\/fr\/","name":"Humanium","description":"Les enfants d\u2019abord !","potentialAction":[{"@type":"SearchAction","target":{"@type":"EntryPoint","urlTemplate":"https:\/\/www.humanium.org\/fr\/?s={search_term_string}"},"query-input":{"@type":"PropertyValueSpecification","valueRequired":true,"valueName":"search_term_string"}}],"inLanguage":"fr-FR"}]}},"_links":{"self":[{"href":"https:\/\/www.humanium.org\/fr\/wp-json\/wp\/v2\/pages\/21937","targetHints":{"allow":["GET"]}}],"collection":[{"href":"https:\/\/www.humanium.org\/fr\/wp-json\/wp\/v2\/pages"}],"about":[{"href":"https:\/\/www.humanium.org\/fr\/wp-json\/wp\/v2\/types\/page"}],"author":[{"embeddable":true,"href":"https:\/\/www.humanium.org\/fr\/wp-json\/wp\/v2\/users\/65"}],"replies":[{"embeddable":true,"href":"https:\/\/www.humanium.org\/fr\/wp-json\/wp\/v2\/comments?post=21937"}],"version-history":[{"count":37,"href":"https:\/\/www.humanium.org\/fr\/wp-json\/wp\/v2\/pages\/21937\/revisions"}],"predecessor-version":[{"id":61018,"href":"https:\/\/www.humanium.org\/fr\/wp-json\/wp\/v2\/pages\/21937\/revisions\/61018"}],"wp:attachment":[{"href":"https:\/\/www.humanium.org\/fr\/wp-json\/wp\/v2\/media?parent=21937"}],"curies":[{"name":"wp","href":"https:\/\/api.w.org\/{rel}","templated":true}]}}