{"id":21946,"date":"2013-02-20T09:10:37","date_gmt":"2013-02-20T09:10:37","guid":{"rendered":"http:\/\/www.humanium.org\/fr\/?page_id=21946"},"modified":"2025-12-10T02:42:57","modified_gmt":"2025-12-10T02:42:57","slug":"guinee-equatoriale","status":"publish","type":"page","link":"https:\/\/www.humanium.org\/fr\/guinee-equatoriale\/","title":{"rendered":"Enfants de Guin\u00e9e Equatoriale"},"content":{"rendered":"\n<h2 class=\"wp-block-heading\">Concr\u00e9tiser les droits de l&rsquo;enfant en Guin\u00e9e Equatoriale<\/h2>\n\n\n\n<div class=\"wp-block-columns is-layout-flex wp-container-core-columns-is-layout-8f761849 wp-block-columns-is-layout-flex\">\n<div class=\"wp-block-column is-layout-flow wp-block-column-is-layout-flow\"><div class=\"wp-block-image is-style-rounded\">\n<figure class=\"aligncenter size-full\"><img loading=\"lazy\" decoding=\"async\" width=\"200\" height=\"200\" src=\"https:\/\/www.humanium.org\/fr\/wp-content\/uploads\/2022\/01\/shutterstock_614768153.jpg\" alt=\"\" class=\"wp-image-51501\" srcset=\"https:\/\/www.humanium.org\/fr\/wp-content\/uploads\/2022\/01\/shutterstock_614768153.jpg 200w, https:\/\/www.humanium.org\/fr\/wp-content\/uploads\/2022\/01\/shutterstock_614768153-150x150.jpg 150w\" sizes=\"auto, (max-width: 200px) 100vw, 200px\" \/><\/figure>\n<\/div><\/div>\n\n\n\n<div class=\"wp-block-column is-layout-flow wp-block-column-is-layout-flow\"><div class=\"wp-block-image is-style-rounded\">\n<figure class=\"aligncenter size-full\"><img loading=\"lazy\" decoding=\"async\" width=\"200\" height=\"200\" src=\"https:\/\/www.humanium.org\/fr\/wp-content\/uploads\/2022\/01\/shutterstock_615065039.jpg\" alt=\"\" class=\"wp-image-51502\" srcset=\"https:\/\/www.humanium.org\/fr\/wp-content\/uploads\/2022\/01\/shutterstock_615065039.jpg 200w, https:\/\/www.humanium.org\/fr\/wp-content\/uploads\/2022\/01\/shutterstock_615065039-150x150.jpg 150w\" sizes=\"auto, (max-width: 200px) 100vw, 200px\" \/><\/figure>\n<\/div><\/div>\n<\/div>\n\n\n\n<p class=\"wp-block-paragraph\"><strong>La Guin\u00e9e \u00e9quatoriale s\u2019est engag\u00e9e \u00e0&nbsp;respecter, d\u00e9fendre et promouvoir les droits des enfants \u00e9quatoguin\u00e9ens. Cependant, il y a peu de documentation sur cette th\u00e9matique, du fait notamment que de nombreuses organisations \u00e9trang\u00e8res en faveur des droits des enfants ne sont pas autoris\u00e9es \u00e0 s\u2019\u00e9tablir sur le territoire (U.S Department of State, 2021). Par la lecture crois\u00e9e sur diff\u00e9rents sujets, notamment en lien avec les droits de l\u2019homme, il est l\u00e9gitime de supposer que&nbsp;le pays est confront\u00e9 \u00e0 de nombreux probl\u00e8mes qui entravent encore la pleine r\u00e9alisation des droits des enfants guin\u00e9ens.<\/strong><\/p>\n\n\n\n<iframe src=\"https:\/\/www.google.com\/maps\/embed?pb=!1m18!1m12!1m3!1d8169529.219772492!2d3.9392084013007853!3d1.1404768811295865!2m3!1f0!2f0!3f0!3m2!1i1024!2i768!4f13.1!3m3!1m2!1s0x10643a605fae87a7%3A0xc870a2a22c10de7a!2sEquatorial%20Guinea!5e0!3m2!1sen!2sin!4v1641458148293!5m2!1sen!2sin\" width=\"600\" height=\"450\" style=\"border:0;\" allowfullscreen=\"\" loading=\"lazy\"><\/iframe>\n\n\n\n<div class=\"wp-block-columns is-layout-flex wp-container-core-columns-is-layout-8f761849 wp-block-columns-is-layout-flex\">\n<div class=\"wp-block-column is-layout-flow wp-block-column-is-layout-flow\">\n<p class=\"wp-block-paragraph\"><strong>Population : <\/strong>1,3 millions<\/p>\n\n\n\n<p class=\"wp-block-paragraph\"><strong>Population (0 \u00e0 14 ans) :<\/strong> 37%<\/p>\n<\/div>\n\n\n\n<div class=\"wp-block-column is-layout-flow wp-block-column-is-layout-flow\">\n<p class=\"wp-block-paragraph\"><strong>Esp\u00e9rance de vie :<\/strong> 58.7 ans<\/p>\n\n\n\n<p class=\"wp-block-paragraph\"><strong>Taux de mortalit\u00e9 en-dessous de 5 ans :<\/strong> 81.8&nbsp;\u2030<\/p>\n<\/div>\n<\/div>\n\n\n\n<h2 class=\"wp-block-heading\"><strong>La Guin\u00e9e en un coup d\u2019\u0153il<\/strong><\/h2>\n\n\n\n<p class=\"wp-block-paragraph\">La Guin\u00e9e \u00e9quatoriale est un pays pauvre, avec une \u00e9conomie bas\u00e9e principalement sur le cacao, le caf\u00e9 et le bois (Harrison-Church, n.d). Malgr\u00e9 une r\u00e9cente d\u00e9couverte et exploitation de puits de p\u00e9trole (Harrison-Church, n.d), la population n\u2019a pas pu profiter de cette manne (Harrison-Church, n.d&nbsp;; SOS Children&rsquo;s Village, n.d), qui ne constitue d\u2019ailleurs pas un investissement durable et fiable (Saadoun, \u00ab Une manne du ciel \u00bb ? Comment la sant\u00e9 et l\u2019\u00e9ducation paient le prix des op\u00e9rations entre apparent\u00e9s en Guin\u00e9e \u00e9quatoriale, 2017).<\/p>\n\n\n\n<p class=\"wp-block-paragraph\">Le pr\u00e9sident Obiang, n\u2019a pas tenu ses promesses d\u2019investir dans la sant\u00e9 et l\u2019\u00e9ducation gr\u00e2ce \u00e0 cette nouvelle ressource. En 2004, le Comit\u00e9 des droits de l\u2019enfant a d\u00e9plor\u00e9 le faible investissement des recettes de ce secteur pour am\u00e9liorer la situation des enfants (Comit\u00e9 des droits de l&rsquo;enfant, 2004, p. 4). En 2011, d\u2019apr\u00e8s le FMI, le gouvernement n&rsquo;a allou\u00e9 que 3% et moins de 2% de son budget g\u00e9n\u00e9ral \u00e0 l\u2019\u00e9ducation et \u00e0 la sant\u00e9 respectivement. &nbsp;(Saadoun, \u00ab Une manne du ciel \u00bb ? Comment la sant\u00e9 et l\u2019\u00e9ducation paient le prix des op\u00e9rations entre apparent\u00e9s en Guin\u00e9e \u00e9quatoriale, 2017). <\/p>\n\n\n\n<p class=\"wp-block-paragraph\">Alors que le PIB par habitant est \u00e9lev\u00e9, ce pays a un IDH tr\u00e8s bas (Liman Tinguiri, 2010). En parall\u00e8le, la Guin\u00e9e \u00e9quatoriale, avec un IDH de 0.592 en 2019, est situ\u00e9e au 145<sup>e<\/sup> rang sur 189 pays et territoires. Ce pays est class\u00e9 dans la cat\u00e9gorie \u00ab&nbsp;d\u00e9veloppement humain moyen&nbsp;\u00bb (PNUD, 2020)<\/p>\n\n\n\n<p class=\"wp-block-paragraph\">D\u2019un point de vue politique, bien que la Constitution \u00e9quatoguin\u00e9ene affirme qu\u2019il s\u2019agisse d\u2019une r\u00e9publique multipartite (Government of Equatorial Guinea, 1995, Item 1), le Pr\u00e9sident Obiang est au pouvoir depuis un coup d&rsquo;\u00c9tat militaire en 1979 (U.S Department of State, 2021). Les \u00e9lections ne sont consid\u00e9r\u00e9es d\u2019ailleurs ni transparentes ni libres&nbsp;(U.S Department of State, 2021).<\/p>\n\n\n\n<p class=\"wp-block-paragraph\">Le pays conna\u00eet de nombreuses violations des droits de l&rsquo;homme&nbsp;notamment des disparitions forc\u00e9es par le gouvernement, des actes de torture et des traitements inhumains (U.S Department of State, 2021&nbsp;; Saadoun, Equatorial Guinea: UN Review Should Highlight Abuses, 2019) et des proc\u00e8s non \u00e9quitables.&nbsp;(U.S Department of State, 2021)<\/p>\n\n\n\n<h2 class=\"wp-block-heading\"><strong>Statut des droits de l\u2019enfant <a href=\"#_ftn1\"><strong>[1]<\/strong><\/a><\/strong><\/h2>\n\n\n\n<p class=\"wp-block-paragraph\">Au niveau international, la Guin\u00e9e \u00e9quatoriale est partie \u00e0 la <a href=\"https:\/\/www.humanium.org\/fr\/texte-integral-convention-internationale-relative-droits-enfant-1989\/\">Convention relative aux droits de l\u2019enfant<\/a> depuis 1992. En 2003, cet \u00c9tat a ratifi\u00e9 <a href=\"https:\/\/www.humanium.org\/fr\/normes\/protocole-facultatif-cide-vente-prostitution-pornographie-enfants\/\">le Protocole facultatif \u00e0 la Convention relative aux droits de l\u2019enfant, concernant la vente d\u2019enfants, la prostitution des enfants et la pornographie mettant en sc\u00e8ne des enfants<\/a>. Cependant, ce pays n\u2019a ratifi\u00e9 ni le <a href=\"https:\/\/www.humanium.org\/fr\/normes\/protocole-facultatif-cide-enfants-dans-conflits-armes\/\">Protocole facultatif \u00e0 la Convention relative aux droits de l\u2019enfant concernant l\u2019implication d\u2019enfants dans les conflits arm\u00e9s<\/a>,&nbsp;ni le <a href=\"https:\/\/www.humanium.org\/fr\/convention\/protocole-3\/\">Protocole facultatif \u00e0 la Convention des Droits de l\u2019enfant \u00e9tablissant une proc\u00e9dure de pr\u00e9sentation de communications<\/a>. <\/p>\n\n\n\n<p class=\"wp-block-paragraph\">Il faut donc attendre des efforts de la part de la Guin\u00e9e \u00e9quatoriale en termes d\u2019engagement conventionnel. Ce pays est \u00e9galement tr\u00e8s en retard pour la soumission de ses rapports aupr\u00e8s du Comit\u00e9 des droits de l\u2019enfant. Alors que son premier rapport a \u00e9t\u00e9 soumis avec 9 ans de retard, le rapport, pour les cycles II-IV devait \u00eatre remis le 14 juillet 2009.<\/p>\n\n\n\n<p class=\"wp-block-paragraph\">Du fait du manque d\u2019information, il est difficile de conna\u00eetre le degr\u00e9 d\u2019application de la Convention internationale relative aux droits de l\u2019enfant (\u200bWhite &amp; Case S.L ; \u200bBl\u00e1zquez Hern\u00e1ndez, Ana ; Soli\u00f1o Casqueiro, Sandra , 2014). Sur tous les aspects, il y a un manque flagrant de donn\u00e9es. Depuis son rapport initial de 2003 au Comit\u00e9 des droits de l\u2019enfant, ce pays n\u2019a rien soumis de nouveau. Ce rapport avait m\u00eame un retard de pr\u00e8s de 10 ans (Comit\u00e9 des droits de l&rsquo;enfant, 2004, p. 1). La Guin\u00e9e \u00e9quatoriale ne respecte pas ses engagements de la Convention internationale des droits de l\u2019enfant, en vertu de l\u2019article 44. (Comit\u00e9 des droits de l&rsquo;enfant, 2004, p. 15).<\/p>\n\n\n\n<p class=\"wp-block-paragraph\">Par ailleurs, il est tr\u00e8s difficile de s\u2019\u00e9tablir en tant qu\u2019association, en raison de \u00ab&nbsp;r\u00e8gles restrictives et disproportionn\u00e9es d\u2019enregistrement&nbsp;\u00bb (Comit\u00e9 des droits de l\u2019homme, 2019, p. 12) ce qui rend difficile l\u2019acc\u00e8s \u00e0 des donn\u00e9es autre que gouvernementales et actualis\u00e9es. Les d\u00e9fenseurs des droits de l\u2019homme sont harcel\u00e9s et pris pour cible par la police (Comit\u00e9 des droits de l\u2019homme, 2019, p. 12).<\/p>\n\n\n<div class=\"wp-block-image\">\n<figure class=\"alignleft size-large is-resized\"><img loading=\"lazy\" decoding=\"async\" width=\"1024\" height=\"679\" src=\"https:\/\/www.humanium.org\/fr\/wp-content\/uploads\/2022\/01\/shutterstock_384467203-1024x679.jpg\" alt=\"\" class=\"wp-image-51504\" style=\"width:349px;height:232px\" srcset=\"https:\/\/www.humanium.org\/fr\/wp-content\/uploads\/2022\/01\/shutterstock_384467203-1024x679.jpg 1024w, https:\/\/www.humanium.org\/fr\/wp-content\/uploads\/2022\/01\/shutterstock_384467203-300x199.jpg 300w, https:\/\/www.humanium.org\/fr\/wp-content\/uploads\/2022\/01\/shutterstock_384467203-768x509.jpg 768w, https:\/\/www.humanium.org\/fr\/wp-content\/uploads\/2022\/01\/shutterstock_384467203-1536x1019.jpg 1536w, https:\/\/www.humanium.org\/fr\/wp-content\/uploads\/2022\/01\/shutterstock_384467203-2048x1358.jpg 2048w, https:\/\/www.humanium.org\/fr\/wp-content\/uploads\/2022\/01\/shutterstock_384467203-830x550.jpg 830w, https:\/\/www.humanium.org\/fr\/wp-content\/uploads\/2022\/01\/shutterstock_384467203-230x153.jpg 230w, https:\/\/www.humanium.org\/fr\/wp-content\/uploads\/2022\/01\/shutterstock_384467203-350x232.jpg 350w, https:\/\/www.humanium.org\/fr\/wp-content\/uploads\/2022\/01\/shutterstock_384467203-480x318.jpg 480w\" sizes=\"auto, (max-width: 1024px) 100vw, 1024px\" \/><\/figure>\n<\/div>\n\n\n<p class=\"wp-block-paragraph\">Le pays n\u2019a d\u2019ailleurs jamais soumis de rapport pour <a href=\"https:\/\/www.humanium.org\/fr\/normes\/protocole-facultatif-cide-vente-prostitution-pornographie-enfants\/\">le Protocole facultatif \u00e0 la Convention relative aux droits de l\u2019enfant, concernant la vente d\u2019enfants, la prostitution des enfants et la pornographie mettant en sc\u00e8ne des enfants<\/a>, qui \u00e9tait attendu pour le 7 mars 2005. Ainsi, il est difficile de disposer de donn\u00e9es fiables, corrobor\u00e9es par diff\u00e9rentes sources sur ce pays. En 2003, il a ratifi\u00e9 le Protocole additionnel \u00e0 la Convention des Nations Unies contre la criminalit\u00e9 transnationale organis\u00e9e visant \u00e0 pr\u00e9venir, r\u00e9primer et punir la traite des personnes, en particulier des femmes et des enfants. Au niveau r\u00e9gional, la Guin\u00e9e \u00e9quatoriale est partie \u00e0 la Charte africaine des droits et du bien-\u00eatre de l&rsquo;enfant depuis 2002.<\/p>\n\n\n\n<p class=\"wp-block-paragraph\">Au niveau du droit national, il existe un r\u00e9el souci de clart\u00e9 et de codification des droits de l\u2019enfant. En effet, \u00ab&nbsp;En Guin\u00e9e \u00e9quatoriale, il n&rsquo;y a ni proc\u00e9dures judiciaires \u00e9tablies ni codification dans la l\u00e9gislation. Cette configuration signifie que peu sources d&rsquo;informations sur les proc\u00e9dures concernant l&rsquo;application des droits de l&rsquo;enfant sont disponibles.&nbsp;\u00bb <a href=\"#_ftn2\">[2]<\/a> (ma traduction). <\/p>\n\n\n\n<p class=\"wp-block-paragraph\">Cette affirmation de 2014 est dans la lign\u00e9e de l\u2019article de publi\u00e9 sur le site <em>Representing Children Worlwide, <\/em>une \u00e9tude sur la situation des enfants dans le monde publi\u00e9e &nbsp;en &nbsp;2005par l\u2019Universit\u00e9 de Yale sur ce pays&nbsp;: \u00ab&nbsp;Bien que la Constitution de la Guin\u00e9e \u00e9quatoriale contienne un article prot\u00e9geant la sant\u00e9 physique et psychologique des enfants et leur d\u00e9veloppement normal, la nation n&rsquo;a pas de syst\u00e8me formel de protection de l&rsquo;enfance en place&nbsp;\u00bb (ma traduction) <a href=\"#_ftn3\">[3]<\/a> (Davis, 2016).&nbsp;<\/p>\n\n\n\n<p class=\"wp-block-paragraph\">Par ailleurs, bien que la majorit\u00e9 soit fix\u00e9e \u00e0 18 ans, des lois de la p\u00e9riode coloniale espagnole ne prennent pas en compte cette limite d\u2019\u00e2ge pour la responsabilit\u00e9 p\u00e9nale ou m\u00eame le <a href=\"https:\/\/www.humanium.org\/fr\/mariage-enfants\/\">mariage<\/a>, entrainant notamment un nombre important de mari\u00e9es tr\u00e8s jeunes (Comit\u00e9 des droits de l&rsquo;enfant, 2004, p. 5).<\/p>\n\n\n\n<h2 class=\"wp-block-heading\"><strong>R\u00e9pondre aux besoins des enfants<\/strong><\/h2>\n\n\n\n<p class=\"wp-block-paragraph\">Alors qu\u2019il existe peu de ressources d&rsquo;information sur ce pays, un article permet de se rendre compte de la situation tr\u00e8s difficile vis-\u00e0-vis des droits des enfants, qui met par ailleurs en exergue <a href=\"https:\/\/www.humanium.org\/fr\/comprendre-droits-enfant\/droit-aux-libertes\/\">l\u2019irrespect de l\u2019opinion de l\u2019enfant<\/a>, irrespect soulign\u00e9 par le CRC lors de son rapport de 2004 (Comit\u00e9 des droits de l&rsquo;enfant, 2004, p. 6). Datant de juin 2021, cet article est d\u2019autant plus int\u00e9ressant qu\u2019il relate le combat d\u2019une jeune fille de 14 ans, Jacinta Isabel, ambassadrice \u00e9quatoguin\u00e9ene pour l\u2019UNICEF, qui repr\u00e9sente un r\u00e9el espoir dans le combat pour l\u2019application et le respect des droits de l&rsquo;homme (Toichoa Bela, 2021). <\/p>\n\n\n\n<p class=\"wp-block-paragraph\">La situation est difficile pour les enfants \u00e9quatoguin\u00e9ens, mais cette fille repr\u00e9sente un v\u00e9ritable message d\u2019espoir, m\u00eame si d\u2019autres jeunes questionnent l\u2019efficacit\u00e9 d\u2019un tel discours. \u00ab&nbsp;Un camarade m&rsquo;a demand\u00e9 un jour pourquoi continuer \u00e0 insister tous les jours sur le m\u00eame sujet si, apr\u00e8s tout, les adultes ne tiennent jamais compte de nos opinions \u00bb (ma traduction). Pourtant, selon elle&nbsp;: \u00ab&nbsp;Les enfants, nous sommes le futur, nous sommes la lumi\u00e8re de l\u2019espoir pour l\u2019humanit\u00e9, nous sommes la force du changement&nbsp;\u00bb (ma traduction)<a href=\"#_ftn4\">[4]<\/a> (Toichoa Bela, 2021).<\/p>\n\n\n\n<h3 class=\"wp-block-heading\">Droit \u00e0 l\u2019\u00e9ducation<\/h3>\n\n\n\n<p class=\"wp-block-paragraph\">L\u2019<a href=\"https:\/\/www.humanium.org\/fr\/comprendre-droits-enfant\/droit-a-l-education\/\">\u00e9ducation<\/a> est obligatoire et gratuite pour les enfants \u00e2g\u00e9s de de 6 \u00e0 11 ans (Harrison-Church, n.d). Au niveau des mesures gouvernementales, le Comit\u00e9 des droits \u00e9conomiques, sociaux et culturels a not\u00e9 dans son rapport de 2012 l\u2019adoption de la loi g\u00e9n\u00e9rale sur l\u2019\u00e9ducation et l\u2019adoption du Plan national pour l\u2019\u00e9ducation pour tous et du Programme pour le d\u00e9veloppement \u00e9ducatif en Guin\u00e9e \u00e9quatoriale (Comit\u00e9 des droits \u00e9conomiques, sociaux et culturels, 2012, p. 2). Cependant, aucune donn\u00e9e n\u2019est accessible \u00e0 ce jour pour en mesurer l\u2019efficacit\u00e9. Mettre en place un syst\u00e8me de donn\u00e9es est l\u2019une des recommandations de ce Comit\u00e9 (Comit\u00e9 des droits \u00e9conomiques, sociaux et culturels, 2012, p. 3).<\/p>\n\n\n\n<p class=\"wp-block-paragraph\">&nbsp;En 2019, il \u00e9tait attendu que la scolarisation dure 9.7 ans, alors que la dur\u00e9e moyenne de scolarisation est de 5.9 ans (PNUD, 2020). Cependant, bien que l\u2019\u00e9cole soit gratuite, certaines familles n&rsquo;ont pas les moyens d\u2019envoyer leurs enfants \u00e0 l\u2019\u00e9cole du fait de leur situation pr\u00e9caire (SOS Children&rsquo;s Village, n.d). Selon l\u2019UNICEF, en 2016, 42% des enfants n\u2019\u00e9taient pas inscrits \u00e0 l\u2019\u00e9cole primaire (Human Rights Watch, 2019) .<\/p>\n\n\n\n<p class=\"wp-block-paragraph\">De plus, cet \u00c9tat a du mal \u00e0 assurer le droit \u00e0 l\u2019\u00e9ducation aux <a href=\"https:\/\/www.humanium.org\/fr\/droits-des-filles\/\">jeunes filles<\/a>, qui connaissent un faible taux de scolarisation surtout chez les adolescentes (Comit\u00e9 pour l\u2019\u00e9limination de la discrimination \u00e0 l\u2019\u00e9gard des femmes, 2012, p. 8) malgr\u00e9 des efforts comme la construction d\u2019\u00e9coles dans des zones rurales et des campagnes de sensibilisation. Cela ne r\u00e9pond pas \u00e0 la situation patriarcale qui se r\u00e9percute sur l\u2019application de ce droit&nbsp;: l\u2019harc\u00e8lement sexuel \u00e0 l\u2019\u00e9cole, les <a href=\"https:\/\/www.humanium.org\/fr\/sexualite-des-adolescents\/\">grossesses<\/a> et les mariages pr\u00e9coces. Les centres de r\u00e9insertion dans le syst\u00e8me scolaire pour les adolescentes sont on\u00e9reux et donc inaccessibles pour les <a href=\"https:\/\/www.humanium.org\/fr\/enfants-pauvres\/\">foyers pauvres<\/a> (Comit\u00e9 pour l\u2019\u00e9limination de la discrimination \u00e0 l\u2019\u00e9gard des femmes, 2012, p. 8).<\/p>\n\n\n\n<p class=\"wp-block-paragraph\">La corruption est \u00e9galement pr\u00e9sente dans le syst\u00e8me \u00e9ducatif. L\u2019\u00e9ducation y est notamment truqu\u00e9e&nbsp;: les professeurs sont oblig\u00e9s de gonfler les notes des \u00e9l\u00e8ves qui ont des liens avec l\u2019\u00e9lite politique (U.S Department of State, 2021).<\/p>\n\n\n\n<h3 class=\"wp-block-heading\">Droit \u00e0 la protection<\/h3>\n\n\n\n<p class=\"wp-block-paragraph\">Bien que la violence domestique soit ill\u00e9gale, pouvant \u00eatre condamn\u00e9e jusqu\u2019\u00e0 20 ans de prison, la loi n\u2019est pas correctement appliqu\u00e9e par le gouvernement et les victimes portent rarement plainte. La <a href=\"https:\/\/www.humanium.org\/fr\/droit-a-la-protection\/\">protection des enfants<\/a> n\u2019est pas bien assur\u00e9e. Par exemple, la <a href=\"https:\/\/www.humanium.org\/fr\/la-maltraitance-des-enfants\/\">violence domestique<\/a> est consid\u00e9r\u00e9e comme une affaire relavant du priv\u00e9, et qui doit \u00eatre r\u00e9solu au sein du foyer (U.S Department of State, 2021). <\/p>\n\n\n\n<p class=\"wp-block-paragraph\">De m\u00eame, la maltraitance sur mineurs est ill\u00e9gale, mais la loi n\u2019est pas correctement appliqu\u00e9e. Discipliner les enfants par la violence est culturellement accept\u00e9 (U.S Department of State, 2021). Les enfants ne sont pas particuli\u00e8rement prot\u00e9g\u00e9s contre les violences sexuelles, surtout lorsqu&rsquo;il existe un lien familial entre l\u2019auteur et la victime (Comit\u00e9 des droits de l&rsquo;enfant, 2004, p. 9).<\/p>\n\n\n\n<p class=\"wp-block-paragraph\">La loi ne pr\u00e9voit aucune limite d\u2019\u00e2ge pour une pr\u00e9emption de violence sexuelle&nbsp;: il ne s\u2019agirait pas de violences sexuelles si les filles de moins de 12 ans subissent des attouchements par exemple (Comit\u00e9 des droits de l\u2019homme, 2019, p. 6). En cas de viol, selon la loi, \u00ab&nbsp;la victime pardonne, express\u00e9ment ou tacitement, \u00e0 l\u2019auteur des faits (art. 443 du Code p\u00e9nal)&nbsp;\u00bb (Comit\u00e9 des droits de l\u2019homme, 2019, p. 6). La violence sexiste est \u00e9galement un v\u00e9ritable d\u00e9fi dans le pays, notamment en raison de \u00ab&nbsp;la stigmatisation des victimes, de la crainte de repr\u00e9sailles et du manque de confiance dans les autorit\u00e9s charg\u00e9es de faire respecter la loi&nbsp;\u00bb (Comit\u00e9 des droits de l\u2019homme, 2019, p. 6).<\/p>\n\n\n\n<h3 class=\"wp-block-heading\">Droit \u00e0 la sant\u00e9<\/h3>\n\n\n<div class=\"wp-block-image\">\n<figure class=\"alignright size-large is-resized\"><img loading=\"lazy\" decoding=\"async\" width=\"1024\" height=\"678\" src=\"https:\/\/www.humanium.org\/fr\/wp-content\/uploads\/2022\/01\/shutterstock_714695005-1024x678.jpg\" alt=\"\" class=\"wp-image-51506\" style=\"width:355px;height:235px\" srcset=\"https:\/\/www.humanium.org\/fr\/wp-content\/uploads\/2022\/01\/shutterstock_714695005-1024x678.jpg 1024w, https:\/\/www.humanium.org\/fr\/wp-content\/uploads\/2022\/01\/shutterstock_714695005-300x199.jpg 300w, https:\/\/www.humanium.org\/fr\/wp-content\/uploads\/2022\/01\/shutterstock_714695005-768x509.jpg 768w, https:\/\/www.humanium.org\/fr\/wp-content\/uploads\/2022\/01\/shutterstock_714695005-1536x1017.jpg 1536w, https:\/\/www.humanium.org\/fr\/wp-content\/uploads\/2022\/01\/shutterstock_714695005-2048x1356.jpg 2048w, https:\/\/www.humanium.org\/fr\/wp-content\/uploads\/2022\/01\/shutterstock_714695005-830x550.jpg 830w, https:\/\/www.humanium.org\/fr\/wp-content\/uploads\/2022\/01\/shutterstock_714695005-230x152.jpg 230w, https:\/\/www.humanium.org\/fr\/wp-content\/uploads\/2022\/01\/shutterstock_714695005-350x232.jpg 350w, https:\/\/www.humanium.org\/fr\/wp-content\/uploads\/2022\/01\/shutterstock_714695005-480x318.jpg 480w\" sizes=\"auto, (max-width: 1024px) 100vw, 1024px\" \/><\/figure>\n<\/div>\n\n\n<p class=\"wp-block-paragraph\">Le <a href=\"https:\/\/www.humanium.org\/fr\/comprendre-droits-enfant\/droit-a-la-sante\/\">droit \u00e0 la sant\u00e9<\/a> est difficile \u00e0 assurer pour les enfants \u00e9quatoguin\u00e9ens. Malgr\u00e9 des efforts soulign\u00e9s par le CRC en 2004 (Comit\u00e9 des droits de l&rsquo;enfant, 2004, p. 10), le <a href=\"https:\/\/www.humanium.org\/fr\/mortalite-infantile\/\">taux de mortalit\u00e9 infantile<\/a> des moins de cinq ans reste \u00e9lev\u00e9. La <a href=\"https:\/\/www.humanium.org\/fr\/comprendre-droits-enfant\/droit-a-l-alimentation\/\">malnutrition<\/a> est courante (Comit\u00e9 des droits de l&rsquo;enfant, 2004, p. 10). L\u2019acc\u00e8s <a href=\"https:\/\/www.humanium.org\/fr\/comprendre-droits-enfant\/droit-a-l-eau\/\">difficile \u00e0 l\u2019eau<\/a> (SOS Children&rsquo;s Village, n.d) et aux installations sanitaires sont des d\u00e9fis sanitaires et facilite la propagation des maladies (Comit\u00e9 des droits de l&rsquo;enfant, 2004, p. 10). La malaria est, par exemple, une des maladies hydriques tr\u00e8s pr\u00e9sentes dans ce pays (SOS Children&rsquo;s Village, n.d&nbsp;; Policarpo, 2015). L\u2019enqu\u00eate men\u00e9e par l&rsquo;\u00c9tat en 2011 indique des taux tr\u00e8s faibles d\u2019acc\u00e8s \u00e0 l\u2019eau potable et de malnutrition infantile (Human Rights Watch, 2019).<\/p>\n\n\n\n<p class=\"wp-block-paragraph\"><a href=\"https:\/\/www.humanium.org\/fr\/enfant-et-sida\/\">La propagation du sida et du VIH<\/a> est particuli\u00e8rement inqui\u00e9tante et constitue un v\u00e9ritable probl\u00e8me de sant\u00e9 publique. Par exemple, les adolescentes ont un taux \u00e9lev\u00e9 de maladies sexuellement transmissibles (ainsi qu\u2019un taux \u00e9lev\u00e9 de grossesse) (Comit\u00e9 pour l\u2019\u00e9limination de la discrimination \u00e0 l\u2019\u00e9gard des femmes, 2012, p. 9). Selon SOS Village d\u2019enfant, entre 2003 et 2010, le nombre de personnes s\u00e9ropositives a pratiquement doubl\u00e9 (SOS Children&rsquo;s Village, n.d). <\/p>\n\n\n\n<p class=\"wp-block-paragraph\">En 2004, le CRC avait soulign\u00e9 les efforts pour \u00ab&nbsp;juguler la propagation du VIH\/sida, comme le programme national de lutte contre le VIH\/sida&nbsp;\u00bb mais cela n\u2019est pas suffisant. Se pose aussi la question des orphelins du fait de cette maladie. (SOS Children&rsquo;s Village, n.d&nbsp;; (Comit\u00e9 des droits de l&rsquo;enfant, 2004, p. 11). Cependant, en 2005, l\u2019\u00c9tat a adopt\u00e9 la Loi no 3\/2005 relative \u00e0 la pr\u00e9vention des maladies sexuellement transmissibles (MST) et du VIH\/sida et \u00e0 la lutte contre ces maladies (Comit\u00e9 pour l\u2019\u00e9limination de la discrimination \u00e0 l\u2019\u00e9gard des femmes, 2012, p. 1).<\/p>\n\n\n\n<p class=\"wp-block-paragraph\">Il convient de noter que, comme indiqu\u00e9 ci-dessus, le gouvernement investit tr\u00e8s peu dans le &nbsp;<a href=\"https:\/\/www.humanium.org\/fr\/enfants-malades\/\">domaine de la sant\u00e9<\/a>, malgr\u00e9 des efforts soulign\u00e9s par le Comit\u00e9 pour l\u2019\u00e9limination de la discrimination \u00e0 l\u2019\u00e9gard des femmes (Comit\u00e9 pour l\u2019\u00e9limination de la discrimination \u00e0 l\u2019\u00e9gard des femmes, 2012, p. 9). Un exemple est le taux de mortalit\u00e9 infantile qui reste tr\u00e8s \u00e9lev\u00e9, malgr\u00e9 des mesures prises par le gouvernement (Comit\u00e9 des droits de l\u2019homme, 2019, p. 7).<\/p>\n\n\n\n<h3 class=\"wp-block-heading\">Droit \u00e0 l\u2019identit\u00e9&nbsp;<\/h3>\n\n\n\n<p class=\"wp-block-paragraph\">Un nouveau-n\u00e9 obtient la citoyennet\u00e9 \u00e9quatoguin\u00e9ene si au moins un de ses deux parents est citoyen de ce pays, mais il faut qu\u2019il soit enregistr\u00e9 pour avoir une <a href=\"https:\/\/www.humanium.org\/fr\/comprendre-droits-enfant\/droit-a-l-identite\/\">identit\u00e9<\/a>, ce qui constitue un d\u00e9fi pour les familles. Na\u00eetre sur le territoire ne signifie pas automatiquement la citoyennet\u00e9&nbsp;: les enfants de parents \u00e9trangers au pays naissant sur le territoire peuvent la demander qu\u2019\u00e0 partir de 18 ans&nbsp;(U.S Department of State, 2021). Se pose la question des enfants issus de familles r\u00e9fugi\u00e9es. <\/p>\n\n\n\n<p class=\"wp-block-paragraph\">Le gouvernement ne coop\u00e8re ni avec le Haut-commissariat des Nations Unies pour les r\u00e9fugi\u00e9s (HCR) ni avec d\u2019autres organisations ayant un mandat concernant les personnes d\u00e9plac\u00e9es, r\u00e9fugi\u00e9es et\/ou les demandeurs d\u2019asile. Le HCR n\u2019a d\u2019ailleurs pas de bureau dans ce pays. La loi \u00e9quatoguin\u00e9ene pr\u00e9voit une proc\u00e9dure pour obtenir l\u2019asile mais il n\u2019existe aucun programme gouvernemental pour assurer la protection des personnes r\u00e9fugi\u00e9es (U.S Department of State, 2021).<\/p>\n\n\n\n<h2 class=\"wp-block-heading\"><strong>Facteurs de risques -&gt; D\u00e9fis sp\u00e9cifiques au pays<\/strong><\/h2>\n\n\n\n<h3 class=\"wp-block-heading\">L\u2019exploitation<\/h3>\n\n\n\n<p class=\"wp-block-paragraph\">L\u2019exploitation \u00e9conomique des enfants est ainsi monnaie courante dans ce pays. Cette affirmation est corrobor\u00e9e par le Comit\u00e9 des droits de l\u2019enfant dans son rapport de 2004 et ce, malgr\u00e9 la ratification des Conventions no 138 et no 182 de l\u2019OIT en 2001 par la Guin\u00e9e \u00e9quatoriale. (Comit\u00e9 des droits de l&rsquo;enfant, 2004, p. 13). Cela passe notamment par la traite de mineurs, ce qui est une r\u00e9alit\u00e9 dans ce pays (Bureau of International Labor Affairs &#8211; USA, 2007&nbsp;; Comit\u00e9 des droits de l&rsquo;enfant, 2004, p. 13). Bien que cela est interdit par la loi, aucun cas est port\u00e9 devant la justice ou sanctionn\u00e9 par le gouvernement.<\/p>\n\n\n\n<p class=\"wp-block-paragraph\">Dans son rapport de 2012, le Comit\u00e9 pour l\u2019\u00e9limination de la discrimination \u00e0 l\u2019\u00e9gard des femmes met d\u2019ailleurs en avant que bien que la Guin\u00e9e \u00e9quatoriale ait adopt\u00e9 la loi no 1\/2004 relative au trafic illicite de migrants et \u00e0 la traite des \u00eatres humains, celle-ci est tr\u00e8s peu appliqu\u00e9e. Par ailleurs, le boom p\u00e9trolier a contribu\u00e9 \u00e0 la croissance de la <a href=\"https:\/\/www.humanium.org\/fr\/trafic-enfants\/\">traite des personnes<\/a> aux fins de l\u2019exploitation par le travail et de <a href=\"https:\/\/www.humanium.org\/fr\/exploitation-sexuelle-enfants\/\">l\u2019exploitation sexuelle<\/a>. Cependant, aucune donn\u00e9e ne permet de mesurer l\u2019ampleur des violations (Comit\u00e9 pour l\u2019\u00e9limination de la discrimination \u00e0 l\u2019\u00e9gard des femmes, 2012, p. 7).<\/p>\n\n\n\n<h3 class=\"wp-block-heading\">Travail est enfants<\/h3>\n\n\n<div class=\"wp-block-image\">\n<figure class=\"alignleft size-large is-resized\"><img loading=\"lazy\" decoding=\"async\" width=\"1024\" height=\"684\" src=\"https:\/\/www.humanium.org\/fr\/wp-content\/uploads\/2022\/01\/shutterstock_427150591-1024x684.jpg\" alt=\"\" class=\"wp-image-51505\" style=\"width:368px;height:246px\" srcset=\"https:\/\/www.humanium.org\/fr\/wp-content\/uploads\/2022\/01\/shutterstock_427150591-1024x684.jpg 1024w, https:\/\/www.humanium.org\/fr\/wp-content\/uploads\/2022\/01\/shutterstock_427150591-300x200.jpg 300w, https:\/\/www.humanium.org\/fr\/wp-content\/uploads\/2022\/01\/shutterstock_427150591-768x513.jpg 768w, https:\/\/www.humanium.org\/fr\/wp-content\/uploads\/2022\/01\/shutterstock_427150591-1536x1025.jpg 1536w, https:\/\/www.humanium.org\/fr\/wp-content\/uploads\/2022\/01\/shutterstock_427150591-2048x1367.jpg 2048w, https:\/\/www.humanium.org\/fr\/wp-content\/uploads\/2022\/01\/shutterstock_427150591-830x554.jpg 830w, https:\/\/www.humanium.org\/fr\/wp-content\/uploads\/2022\/01\/shutterstock_427150591-230x154.jpg 230w, https:\/\/www.humanium.org\/fr\/wp-content\/uploads\/2022\/01\/shutterstock_427150591-350x234.jpg 350w, https:\/\/www.humanium.org\/fr\/wp-content\/uploads\/2022\/01\/shutterstock_427150591-480x320.jpg 480w, https:\/\/www.humanium.org\/fr\/wp-content\/uploads\/2022\/01\/shutterstock_427150591-272x182.jpg 272w\" sizes=\"auto, (max-width: 1024px) 100vw, 1024px\" \/><\/figure>\n<\/div>\n\n\n<p class=\"wp-block-paragraph\">Le travail est enfants est interdit par la loi \u00e9quatoguin\u00e9ene en-dessous de 14 ans et le travail effectu\u00e9 pour les moins de 16 ans ne doit pas mettre en danger leur dignit\u00e9 et s\u00e9curit\u00e9 physique et morale (Bureau of International Labor Affairs &#8211; USA, 2007). Il existe des normes gouvernementales qui imposent un couvre-feu pour les jeunes de moins de 16 ans \u00e0 23h et qui interdisent aux figures parentales d\u2019exploiter les enfants (en tant que vendeurs dans la rue,&nbsp;serveurs\u2026). Si des enfants de moins de 14 ans sont trouv\u00e9s en train de <a href=\"https:\/\/www.humanium.org\/fr\/travail-des-enfants\/\">travailler<\/a>, ils doivent \u00eatre arr\u00eat\u00e9s et les employeurs doivent recevoir une sanction, et il en est de m\u00eame pour les emplois dangereux pour les enfants de moins de 16 ans. Cependant, le d\u00e9partement d&rsquo;\u00c9tat des \u00c9tats-Unis affirme que ces lois ne sont pas correctement appliqu\u00e9es (Bureau of International Labor Affairs &#8211; USA, 2007).<\/p>\n\n\n\n<h3 class=\"wp-block-heading\">Mariage d\u2019enfants<\/h3>\n\n\n\n<p class=\"wp-block-paragraph\">L\u2019\u00e2ge minimum pour le mariage est fix\u00e9 \u00e0 14 ans. Les derni\u00e8res donn\u00e9es disponibles de 2014 de l\u2019UNICEF indiquaient que 9% des femmes \u00e9taient mari\u00e9es avant l&rsquo;\u00e2ge de 15 ans, ce chiffre passant \u00e0 30% pour les moins de 18 ans. Bien qu\u2019il existe peu de de donn\u00e9es \u00e0 ce sujet, le mariage forc\u00e9 est une r\u00e9alit\u00e9 (U.S Department of State, 2021). Le gouvernement essaye de sensibiliser contre les <a href=\"https:\/\/www.humanium.org\/fr\/mariage-enfants\/\">mariages d\u2019enfants<\/a> mais les mariages forc\u00e9s ne semblent pas \u00eatre dans ses programmes (U.S Department of State, 2021).<\/p>\n\n\n\n<h3 class=\"wp-block-heading\">Les discriminations<\/h3>\n\n\n\n<p class=\"wp-block-paragraph\">La soci\u00e9t\u00e9 patriarcale est tr\u00e8s enracin\u00e9e dans ce pays (Comit\u00e9 pour l\u2019\u00e9limination de la discrimination \u00e0 l\u2019\u00e9gard des femmes, 2012, p. 5). La soci\u00e9t\u00e9 \u00e9quatoguin\u00e9ene se base sur des <a href=\"https:\/\/www.humanium.org\/fr\/droit-non-discrimination\/\">st\u00e9r\u00e9otypes<\/a> entre les r\u00f4les selon le sexe des personnes, bien que la Constitution de cet \u00c9tat promeuve l\u2019\u00e9galit\u00e9 entre les hommes et les femmes. Cependant, culturellement, les femmes et les filles doivent correspondre \u00e0 des r\u00f4les (U.S Department of State, 2021). Il est toutefois bon de noter que le gouvernement fournit des efforts de sensibilisation, avec l\u2019organisation de s\u00e9minaires, de cours et de campagnes dans les m\u00e9dias. Pour le jour des droits de la femme, le minist\u00e8re des Affaires sociales et de l&rsquo;\u00c9galit\u00e9 des genres a m\u00eame organis\u00e9 un \u00e9v\u00e8nement (U.S Department of State, 2021).<\/p>\n\n\n\n<p class=\"wp-block-paragraph\">Par ailleurs, d\u2019autres <a href=\"https:\/\/www.humanium.org\/fr\/droits-des-filles\/\">discriminations<\/a> existent, au-del\u00e0 du sexisme. Le CRC pointe notamment du doigt l\u2019insuffisance de mesures vis-\u00e0-vis de \u00ab&nbsp;certaines pratiques culturelles pr\u00e9judiciables et de la discrimination sociale&nbsp;\u00bb envers les enfants vuln\u00e9rables que sont \u00ab&nbsp;les filles, les enfants n\u00e9s hors mariage, <a href=\"https:\/\/www.humanium.org\/fr\/enfants-handicapes\/\">les enfants handicap\u00e9s<\/a>, les enfants appartenant \u00e0 des minorit\u00e9s ethniques et les enfants issus de familles pauvres et rurales&nbsp;\u00bb (Comit\u00e9 des droits de l&rsquo;enfant, 2004)<\/p>\n\n\n\n<h3 class=\"wp-block-heading\">La justice des mineurs<\/h3>\n\n\n\n<p class=\"wp-block-paragraph\">Selon le CRC, \u00e9tant la source la plus r\u00e9cente trouv\u00e9e \u00e0 ce jour, il n\u2019existe aucun <a href=\"https:\/\/www.humanium.org\/fr\/justice\/\">syst\u00e8me de justice pour les mineurs<\/a>, notamment aucun tribunal. Ils ne sont pas s\u00e9par\u00e9s des adultes s\u2019ils sont en d\u00e9tention, et comme leurs a\u00een\u00e9s, ils connaissent des conditions de vie tr\u00e8s difficile et n\u2019ont pas acc\u00e8s aux services de base (Comit\u00e9 des droits de l&rsquo;enfant, 2004, p. 14). Ces donn\u00e9es sont aussi pr\u00e9sentes dans le rapport de 2019 du Comit\u00e9 des droits de l\u2019homme (Comit\u00e9 des droits de l\u2019homme, 2019, p. 9).<\/p>\n\n\n\n<p class=\"wp-block-paragraph\"><strong><em>\u00c9crit par Juliette Bail<\/em><\/strong><\/p>\n\n\n\n<p class=\"wp-block-paragraph\"><em><strong>Derni\u00e8re mise \u00e0 jour le 13 ao\u00fbt 2021<\/strong><\/em><\/p>\n\n\n\n<h4 class=\"wp-block-heading\">Travaux cites :<\/h4>\n\n\n\n<p class=\"has-small-font-size wp-block-paragraph\"><a href=\"https:\/\/www.refworld.org\/docid\/48d74932a.html\" target=\"_blank\" rel=\"noreferrer noopener\">\u200bBureau of International Labor Affairs &#8211; USA. (2007, august 31). <em>2006 Findings on the Worst Forms of Child Labor &#8211; Equatorial Guinea.<\/em> R\u00e9cup\u00e9r\u00e9 sur Refowld.<\/a><\/p>\n\n\n\n<p class=\"has-small-font-size wp-block-paragraph\"><a href=\"https:\/\/tbinternet.ohchr.org\/_layouts\/15\/treatybodyexternal\/Download.aspx?symbolno=CRC\/C\/15\/Add.245&amp;Lang=En\" target=\"_blank\" rel=\"noreferrer noopener\">Comit\u00e9 des droits de l&rsquo;enfant. (2004, novembre 3). <em>Observations finales du Comit\u00e9 des droits de l\u2019&rsquo;enfant: Guin\u00e9e \u00e9quatoriale &#8211; CRC\/C\/15\/Add.245.<\/em> R\u00e9cup\u00e9r\u00e9 sur United Nations Human rights Treaty Bodies.<\/a><\/p>\n\n\n\n<p class=\"has-small-font-size wp-block-paragraph\"><a href=\"https:\/\/undocs.org\/en\/CCPR\/C\/GNQ\/CO\/1\" target=\"_blank\" rel=\"noreferrer noopener\">Comit\u00e9 des droits de l\u2019homme. (2019, ao\u00fbt 22). <em>Observations finales concernant la Guin\u00e9e \u00e9quatoriale en l\u2019absence de rapport initial.<\/em> R\u00e9cup\u00e9r\u00e9 sur United Nations Human Rights Treaty bodies.<\/a><\/p>\n\n\n\n<p class=\"has-small-font-size wp-block-paragraph\"><a href=\"https:\/\/tbinternet.ohchr.org\/_layouts\/15\/treatybodyexternal\/Download.aspx?symbolno=CRC\/C\/15\/Add.245&amp;Lang=En\" target=\"_blank\" rel=\"noreferrer noopener\">Comit\u00e9 des droits \u00e9conomiques, sociaux et culturels. (2012, d\u00e9cembre 13). <em>Observations en l\u2019absence du rapport initial de la Guin\u00e9e \u00e9quatoriale, adopt\u00e9es par le Comit\u00e9 \u00e0 sa quarante-neuvi\u00e8me session (14-30 novembre 2012).<\/em> R\u00e9cup\u00e9r\u00e9 sur United Nations Human Rights Treaty bodies.<\/a><\/p>\n\n\n\n<p class=\"has-small-font-size wp-block-paragraph\"><a href=\"https:\/\/documents-dds-ny.un.org\/doc\/UNDOC\/GEN\/G12\/474\/28\/PDF\/G1247428.pdf?OpenElement\" target=\"_blank\" rel=\"noreferrer noopener\">Comit\u00e9 pour l\u2019\u00e9limination de la discrimination \u00e0 l\u2019\u00e9gard des femmes. (2012, novembre 9). <em>Observations finales concernant le sixi\u00e8me rapport p\u00e9riodique de la Guin\u00e9e \u00e9quatoriale, adopt\u00e9es par le Comit\u00e9 \u00e0 sa cinquante-troisi\u00e8me session (1er-19 octobre 2012).<\/em> R\u00e9cup\u00e9r\u00e9 sur United Nations Human Rights Treaty bodies.<\/a><\/p>\n\n\n\n<p class=\"has-small-font-size wp-block-paragraph\"><a href=\"https:\/\/rcw.law.yale.edu\/jurisdiction-research\/equatorial-guinea\" target=\"_blank\" rel=\"noreferrer noopener\">Davis, E. (2016, janvier 4). <em>Equatorial Guinea<\/em>. R\u00e9cup\u00e9r\u00e9 sur Representing Children Worldwide.<\/a><\/p>\n\n\n\n<p class=\"has-small-font-size wp-block-paragraph\"><a href=\"http:\/\/www.africanchildforum.org\/clr\/Legislation%20Per%20Country\/equatoreal%20guinea\/equguinea_constitution_1995_en.pdf\" target=\"_blank\" rel=\"noreferrer noopener\">Government of Equatorial Guinea . (1995). <em>Constitution of the Republic of Equatorial Guinea .<\/em> R\u00e9cup\u00e9r\u00e9 sur AfricanChildForum.<\/a><\/p>\n\n\n\n<p class=\"has-small-font-size wp-block-paragraph\"><a href=\"https:\/\/www.britannica.com\/place\/Equatorial-Guinea\" target=\"_blank\" rel=\"noreferrer noopener\">Harrison-Church, R. J. (n.d). <em>Equatorial Guinea<\/em>. Consult\u00e9 le july 2021, sur Britannica.<\/a><\/p>\n\n\n\n<p class=\"has-small-font-size wp-block-paragraph\"><a href=\"https:\/\/www.hrw.org\/fr\/world-report\/2019\/country-chapters\/325951#\" target=\"_blank\" rel=\"noreferrer noopener\">Human Rights Watch. (2019). <em>Guin\u00e9e \u00e9quatoriale : \u00c9v\u00e9nements de 2018<\/em>. R\u00e9cup\u00e9r\u00e9 sur Human Rights Watch.<\/a><\/p>\n\n\n\n<p class=\"has-small-font-size wp-block-paragraph\">Liman Tinguiri, K. (2010). <em>Guin\u00e9e Equatoriale : Une croissance sans d\u00e9veloppement ?<\/em> R\u00e9cup\u00e9r\u00e9 sur <a href=\"http:\/\/www.dial.prd.fr\/dial_publications\/PDF\/stateco\/stateco105\/limantinguiri.pdf\">http:\/\/www.dial.prd.fr\/dial_publications\/PDF\/stateco\/stateco105\/limantinguiri.pdf<\/a>.<\/p>\n\n\n\n<p class=\"has-small-font-size wp-block-paragraph\"><a href=\"http:\/\/www.hdr.undp.org\/sites\/all\/themes\/hdr_theme\/country-notes\/fr\/GNQ.pdf\" target=\"_blank\" rel=\"noreferrer noopener\">PNUD. (2020). <em>La prochaine fronti\u00e8re: le d\u00e9veloppement humain et l&rsquo;Anthropoc\u00e8ne Note d\u2019information \u00e0 l\u2019intention des pays concernant le Rapport sur le d\u00e9veloppement humain 2020 &#8211; Guin\u00e9e \u00e9quatoriale.<\/em> R\u00e9cup\u00e9r\u00e9 sur Programme des Nations unies pour le d\u00e9veloppement.<\/a><\/p>\n\n\n\n<p class=\"has-small-font-size wp-block-paragraph\"><a href=\"https:\/\/www.ncbi.nlm.nih.gov\/pmc\/articles\/PMC4647797\/\" target=\"_blank\" rel=\"noreferrer noopener\">Policarpo, N. e. (2015). <em>Malaria prevalence in Bata district, Equatorial Guinea: a cross-sectional study.<\/em> R\u00e9cup\u00e9r\u00e9 sur PubMed Central.<\/a><\/p>\n\n\n\n<p class=\"has-small-font-size wp-block-paragraph\"><a href=\"https:\/\/www.hrw.org\/fr\/report\/2017\/06\/15\/une-manne-du-ciel\/comment-la-sante-et-leducation-paient-le-prix-des-operations\" target=\"_blank\" rel=\"noreferrer noopener\">Saadoun, S. (2017, juin 15). <em>\u00ab Une manne du ciel \u00bb ? Comment la sant\u00e9 et l\u2019\u00e9ducation paient le prix des op\u00e9rations entre apparent\u00e9s en Guin\u00e9e \u00e9quatoriale<\/em>. R\u00e9cup\u00e9r\u00e9 sur Human Rights Watch.<\/a><\/p>\n\n\n\n<p class=\"has-small-font-size wp-block-paragraph\"><a href=\"https:\/\/www.hrw.org\/news\/2019\/04\/09\/equatorial-guinea-un-review-should-highlight-abuses\" target=\"_blank\" rel=\"noreferrer noopener\">Saadoun, S. (2019, avril 9). <em>Equatorial Guinea: UN Review Should Highlight Abuses.<\/em> R\u00e9cup\u00e9r\u00e9 sur Human Rights Watch.<\/a><\/p>\n\n\n\n<p class=\"has-small-font-size wp-block-paragraph\"><a href=\"https:\/\/www.sos-childrensvillages.org\/where-we-help\/africa\/equatorial-guinea\" target=\"_blank\" rel=\"noreferrer noopener\">SOS Children&rsquo;s Villages. (n.d). <em>General information on Equatorial Guinea<\/em>. Consult\u00e9 le july 2021, sur SOS Children&rsquo;s Villages.<\/a><\/p>\n\n\n\n<p class=\"has-small-font-size wp-block-paragraph\"><a href=\"https:\/\/www.unicef.org\/equatorialguinea\/historias\/\u00ablos-ni\u00f1os-somos-el-futuro-somos-la-luz-de-esperanza-para-la-humanidad-somos-la-fuerza\" target=\"_blank\" rel=\"noreferrer noopener\">Toichoa Bela, A. (2021, juin 14). <em>\u00abLos ni\u00f1os somos el futuro, somos la luz de esperanza para la humanidad, somos la fuerza del cambio\u00bb<\/em>. R\u00e9cup\u00e9r\u00e9 sur UNICEF.<\/a><\/p>\n\n\n\n<p class=\"has-small-font-size wp-block-paragraph\"><a href=\"https:\/\/www.state.gov\/reports\/2020-country-reports-on-human-rights-practices\/equatorial-guinea\/\" target=\"_blank\" rel=\"noreferrer noopener\">U.S Department of State. (2021, mars 30). <em>2020 Country Reports on Human Rights Practices: Equatorial Guinea<\/em>. R\u00e9cup\u00e9r\u00e9 sur U.S Department of State.<\/a><\/p>\n\n\n\n<p class=\"has-small-font-size wp-block-paragraph\"><a href=\"https:\/\/archive.crin.org\/sites\/default\/files\/equatorialguinea_spanish_access_to_justice.pdf\" target=\"_blank\" rel=\"noreferrer noopener\">White &amp; Case S.L ; \u200bBl\u00e1zquez Hern\u00e1ndez, Ana ; Soli\u00f1o Casqueiro, Sandra . (2014). <em>El acceso a la justicia para ni\u00f1os : Guinea ecuatorial.<\/em> R\u00e9cup\u00e9r\u00e9 sur Child Rights Information Network.<\/a><\/p>\n\n\n\n<hr class=\"wp-block-separator has-css-opacity\"\/>\n\n\n\n<p class=\"has-small-font-size wp-block-paragraph\"><a href=\"#_ftnref1\">[1]<\/a> Cet article ne pr\u00e9tend en aucun cas donner un compte rendu complet ou repr\u00e9sentatif des droits de l\u2019enfant en Guin\u00e9e \u00e9quatoriale. En effet, l\u2019une des principales difficult\u00e9s est due au peu d\u2019informations mises \u00e0 jour sur les enfants en Guin\u00e9e \u00e9quatoriale, dont la plupart n\u2019est ni fiable, ni repr\u00e9sentative, obsol\u00e8te ou simplement inexistante.<\/p>\n\n\n\n<p class=\"has-small-font-size wp-block-paragraph\"><a href=\"#_ftnref2\">[2]<\/a> \u00abEn Guinea Ecuatorial no existen ni procedimientos judiciales establecidos, ni codificaci\u00f3n de la legislaci\u00f3n. Esta combinaci\u00f3n provoca que haya disponibles pocas fuentes de informaci\u00f3n procesal relativa a la aplicaci\u00f3n de los derechos de los ni\u00f1os.&nbsp;\u00bb (\u200bWhite &amp; Case S.L ; \u200bBl\u00e1zquez Hern\u00e1ndez, Ana ; Soli\u00f1o Casqueiro, Sandra , 2014, p. 3)<\/p>\n\n\n\n<p class=\"has-small-font-size wp-block-paragraph\"><a href=\"#_ftnref3\">[3]<\/a> \u201cThough the Constitution of Equatorial Guinea contains an article protecting children\u2019s physical and psychological health and normal development, the nation has no formal child protection system in place\u201d&nbsp;(Davis, 2016)<\/p>\n\n\n\n<p class=\"has-small-font-size wp-block-paragraph\"><a href=\"#_ftnref4\">[4]<\/a> \u00ab&nbsp;Los ni\u00f1os somos el futuro, somos la luz de esperanza para la humanidad, somos la fuerza del cambio\u00bb (Toichoa Bela, 2021).<\/p>\n","protected":false},"excerpt":{"rendered":"<p>Concr\u00e9tiser les droits de l&rsquo;enfant en Guin\u00e9e Equatoriale La Guin\u00e9e \u00e9quatoriale s\u2019est engag\u00e9e \u00e0&nbsp;respecter, d\u00e9fendre et promouvoir les droits des enfants \u00e9quatoguin\u00e9ens. Cependant, il y a peu de documentation sur cette th\u00e9matique, du fait notamment que de nombreuses organisations \u00e9trang\u00e8res en faveur des droits des enfants ne sont pas autoris\u00e9es \u00e0 s\u2019\u00e9tablir sur le territoire [&hellip;]<\/p>\n","protected":false},"author":65,"featured_media":0,"parent":0,"menu_order":0,"comment_status":"closed","ping_status":"closed","template":"","meta":{"footnotes":""},"class_list":["post-21946","page","type-page","status-publish","hentry"],"yoast_head":"<!-- This site is optimized with the Yoast SEO plugin v28.3 - https:\/\/yoast.com\/product\/yoast-seo-wordpress\/ -->\n<title>Enfants de Guin\u00e9e Equatoriale - Humanium<\/title>\n<meta name=\"description\" content=\"La Guin\u00e9e \u00e9quatoriale s\u2019est engag\u00e9e \u00e0\u00a0respecter, d\u00e9fendre et promouvoir les droits des enfants \u00e9quatoguin\u00e9ens.\" \/>\n<meta name=\"robots\" content=\"index, follow, max-snippet:-1, max-image-preview:large, max-video-preview:-1\" \/>\n<link rel=\"canonical\" href=\"https:\/\/www.humanium.org\/fr\/guinee-equatoriale\/\" \/>\n<meta property=\"og:locale\" content=\"fr_FR\" \/>\n<meta property=\"og:type\" content=\"article\" \/>\n<meta property=\"og:title\" content=\"Enfants de Guin\u00e9e Equatoriale - Humanium\" \/>\n<meta property=\"og:description\" content=\"La Guin\u00e9e \u00e9quatoriale s\u2019est engag\u00e9e \u00e0\u00a0respecter, d\u00e9fendre et promouvoir les droits des enfants \u00e9quatoguin\u00e9ens.\" \/>\n<meta property=\"og:url\" content=\"https:\/\/www.humanium.org\/fr\/guinee-equatoriale\/\" \/>\n<meta property=\"og:site_name\" content=\"Humanium\" \/>\n<meta property=\"article:modified_time\" content=\"2025-12-10T02:42:57+00:00\" \/>\n<meta property=\"og:image\" content=\"https:\/\/www.humanium.org\/fr\/wp-content\/uploads\/2022\/01\/shutterstock_614768153.jpg\" \/>\n\t<meta property=\"og:image:width\" content=\"200\" \/>\n\t<meta property=\"og:image:height\" content=\"200\" \/>\n\t<meta property=\"og:image:type\" content=\"image\/jpeg\" \/>\n<meta name=\"twitter:card\" content=\"summary_large_image\" \/>\n<meta name=\"twitter:label1\" content=\"Dur\u00e9e de lecture estim\u00e9e\" \/>\n\t<meta name=\"twitter:data1\" content=\"21 minutes\" \/>\n<script type=\"application\/ld+json\" class=\"yoast-schema-graph\">{\"@context\":\"https:\\\/\\\/schema.org\",\"@graph\":[{\"@type\":\"WebPage\",\"@id\":\"https:\\\/\\\/www.humanium.org\\\/fr\\\/guinee-equatoriale\\\/\",\"url\":\"https:\\\/\\\/www.humanium.org\\\/fr\\\/guinee-equatoriale\\\/\",\"name\":\"Enfants de Guin\u00e9e Equatoriale - Humanium\",\"isPartOf\":{\"@id\":\"https:\\\/\\\/www.humanium.org\\\/fr\\\/#website\"},\"primaryImageOfPage\":{\"@id\":\"https:\\\/\\\/www.humanium.org\\\/fr\\\/guinee-equatoriale\\\/#primaryimage\"},\"image\":{\"@id\":\"https:\\\/\\\/www.humanium.org\\\/fr\\\/guinee-equatoriale\\\/#primaryimage\"},\"thumbnailUrl\":\"https:\\\/\\\/www.humanium.org\\\/fr\\\/wp-content\\\/uploads\\\/2022\\\/01\\\/shutterstock_614768153.jpg\",\"datePublished\":\"2013-02-20T09:10:37+00:00\",\"dateModified\":\"2025-12-10T02:42:57+00:00\",\"description\":\"La Guin\u00e9e \u00e9quatoriale s\u2019est engag\u00e9e \u00e0\u00a0respecter, d\u00e9fendre et promouvoir les droits des enfants \u00e9quatoguin\u00e9ens.\",\"breadcrumb\":{\"@id\":\"https:\\\/\\\/www.humanium.org\\\/fr\\\/guinee-equatoriale\\\/#breadcrumb\"},\"inLanguage\":\"fr-FR\",\"potentialAction\":[{\"@type\":\"ReadAction\",\"target\":[\"https:\\\/\\\/www.humanium.org\\\/fr\\\/guinee-equatoriale\\\/\"]}]},{\"@type\":\"ImageObject\",\"inLanguage\":\"fr-FR\",\"@id\":\"https:\\\/\\\/www.humanium.org\\\/fr\\\/guinee-equatoriale\\\/#primaryimage\",\"url\":\"https:\\\/\\\/www.humanium.org\\\/fr\\\/wp-content\\\/uploads\\\/2022\\\/01\\\/shutterstock_614768153.jpg\",\"contentUrl\":\"https:\\\/\\\/www.humanium.org\\\/fr\\\/wp-content\\\/uploads\\\/2022\\\/01\\\/shutterstock_614768153.jpg\",\"width\":200,\"height\":200},{\"@type\":\"BreadcrumbList\",\"@id\":\"https:\\\/\\\/www.humanium.org\\\/fr\\\/guinee-equatoriale\\\/#breadcrumb\",\"itemListElement\":[{\"@type\":\"ListItem\",\"position\":1,\"name\":\"Home\",\"item\":\"https:\\\/\\\/www.humanium.org\\\/fr\\\/\"},{\"@type\":\"ListItem\",\"position\":2,\"name\":\"Enfants de Guin\u00e9e Equatoriale\"}]},{\"@type\":\"WebSite\",\"@id\":\"https:\\\/\\\/www.humanium.org\\\/fr\\\/#website\",\"url\":\"https:\\\/\\\/www.humanium.org\\\/fr\\\/\",\"name\":\"Humanium\",\"description\":\"Les enfants d\u2019abord !\",\"potentialAction\":[{\"@type\":\"SearchAction\",\"target\":{\"@type\":\"EntryPoint\",\"urlTemplate\":\"https:\\\/\\\/www.humanium.org\\\/fr\\\/?s={search_term_string}\"},\"query-input\":{\"@type\":\"PropertyValueSpecification\",\"valueRequired\":true,\"valueName\":\"search_term_string\"}}],\"inLanguage\":\"fr-FR\"}]}<\/script>\n<!-- \/ Yoast SEO plugin. -->","yoast_head_json":{"title":"Enfants de Guin\u00e9e Equatoriale - Humanium","description":"La Guin\u00e9e \u00e9quatoriale s\u2019est engag\u00e9e \u00e0\u00a0respecter, d\u00e9fendre et promouvoir les droits des enfants \u00e9quatoguin\u00e9ens.","robots":{"index":"index","follow":"follow","max-snippet":"max-snippet:-1","max-image-preview":"max-image-preview:large","max-video-preview":"max-video-preview:-1"},"canonical":"https:\/\/www.humanium.org\/fr\/guinee-equatoriale\/","og_locale":"fr_FR","og_type":"article","og_title":"Enfants de Guin\u00e9e Equatoriale - Humanium","og_description":"La Guin\u00e9e \u00e9quatoriale s\u2019est engag\u00e9e \u00e0\u00a0respecter, d\u00e9fendre et promouvoir les droits des enfants \u00e9quatoguin\u00e9ens.","og_url":"https:\/\/www.humanium.org\/fr\/guinee-equatoriale\/","og_site_name":"Humanium","article_modified_time":"2025-12-10T02:42:57+00:00","og_image":[{"width":200,"height":200,"url":"https:\/\/www.humanium.org\/fr\/wp-content\/uploads\/2022\/01\/shutterstock_614768153.jpg","type":"image\/jpeg"}],"twitter_card":"summary_large_image","twitter_misc":{"Dur\u00e9e de lecture estim\u00e9e":"21 minutes"},"schema":{"@context":"https:\/\/schema.org","@graph":[{"@type":"WebPage","@id":"https:\/\/www.humanium.org\/fr\/guinee-equatoriale\/","url":"https:\/\/www.humanium.org\/fr\/guinee-equatoriale\/","name":"Enfants de Guin\u00e9e Equatoriale - Humanium","isPartOf":{"@id":"https:\/\/www.humanium.org\/fr\/#website"},"primaryImageOfPage":{"@id":"https:\/\/www.humanium.org\/fr\/guinee-equatoriale\/#primaryimage"},"image":{"@id":"https:\/\/www.humanium.org\/fr\/guinee-equatoriale\/#primaryimage"},"thumbnailUrl":"https:\/\/www.humanium.org\/fr\/wp-content\/uploads\/2022\/01\/shutterstock_614768153.jpg","datePublished":"2013-02-20T09:10:37+00:00","dateModified":"2025-12-10T02:42:57+00:00","description":"La Guin\u00e9e \u00e9quatoriale s\u2019est engag\u00e9e \u00e0\u00a0respecter, d\u00e9fendre et promouvoir les droits des enfants \u00e9quatoguin\u00e9ens.","breadcrumb":{"@id":"https:\/\/www.humanium.org\/fr\/guinee-equatoriale\/#breadcrumb"},"inLanguage":"fr-FR","potentialAction":[{"@type":"ReadAction","target":["https:\/\/www.humanium.org\/fr\/guinee-equatoriale\/"]}]},{"@type":"ImageObject","inLanguage":"fr-FR","@id":"https:\/\/www.humanium.org\/fr\/guinee-equatoriale\/#primaryimage","url":"https:\/\/www.humanium.org\/fr\/wp-content\/uploads\/2022\/01\/shutterstock_614768153.jpg","contentUrl":"https:\/\/www.humanium.org\/fr\/wp-content\/uploads\/2022\/01\/shutterstock_614768153.jpg","width":200,"height":200},{"@type":"BreadcrumbList","@id":"https:\/\/www.humanium.org\/fr\/guinee-equatoriale\/#breadcrumb","itemListElement":[{"@type":"ListItem","position":1,"name":"Home","item":"https:\/\/www.humanium.org\/fr\/"},{"@type":"ListItem","position":2,"name":"Enfants de Guin\u00e9e Equatoriale"}]},{"@type":"WebSite","@id":"https:\/\/www.humanium.org\/fr\/#website","url":"https:\/\/www.humanium.org\/fr\/","name":"Humanium","description":"Les enfants d\u2019abord !","potentialAction":[{"@type":"SearchAction","target":{"@type":"EntryPoint","urlTemplate":"https:\/\/www.humanium.org\/fr\/?s={search_term_string}"},"query-input":{"@type":"PropertyValueSpecification","valueRequired":true,"valueName":"search_term_string"}}],"inLanguage":"fr-FR"}]}},"_links":{"self":[{"href":"https:\/\/www.humanium.org\/fr\/wp-json\/wp\/v2\/pages\/21946","targetHints":{"allow":["GET"]}}],"collection":[{"href":"https:\/\/www.humanium.org\/fr\/wp-json\/wp\/v2\/pages"}],"about":[{"href":"https:\/\/www.humanium.org\/fr\/wp-json\/wp\/v2\/types\/page"}],"author":[{"embeddable":true,"href":"https:\/\/www.humanium.org\/fr\/wp-json\/wp\/v2\/users\/65"}],"replies":[{"embeddable":true,"href":"https:\/\/www.humanium.org\/fr\/wp-json\/wp\/v2\/comments?post=21946"}],"version-history":[{"count":15,"href":"https:\/\/www.humanium.org\/fr\/wp-json\/wp\/v2\/pages\/21946\/revisions"}],"predecessor-version":[{"id":60947,"href":"https:\/\/www.humanium.org\/fr\/wp-json\/wp\/v2\/pages\/21946\/revisions\/60947"}],"wp:attachment":[{"href":"https:\/\/www.humanium.org\/fr\/wp-json\/wp\/v2\/media?parent=21946"}],"curies":[{"name":"wp","href":"https:\/\/api.w.org\/{rel}","templated":true}]}}