{"id":21950,"date":"2012-09-24T16:26:36","date_gmt":"2012-09-24T16:26:36","guid":{"rendered":"http:\/\/www.humanium.org\/fr\/?page_id=21950"},"modified":"2025-12-10T02:42:45","modified_gmt":"2025-12-10T02:42:45","slug":"norvege","status":"publish","type":"page","link":"https:\/\/www.humanium.org\/fr\/norvege\/","title":{"rendered":"Enfants de Norv\u00e8ge"},"content":{"rendered":"<h1>Enfants de Norv\u00e8ge<\/h1>\n<h2>Concr\u00e9tiser les droits de l&rsquo;enfant en Norv\u00e8ge<\/h2>\n<p>La Norv\u00e8ge est impliqu\u00e9e dans la mise en \u0153uvre de <a href=\"https:\/\/www.humanium.org\/fr\/convention\/\">la Convention Internationale des Droits de l\u2019Enfant<\/a>. Le premier m\u00e9diateur pour l\u2019enfance, nomm\u00e9 commun\u00e9ment Ombudsman, a pris ses fonctions en Norv\u00e8ge. Malgr\u00e9 cette volont\u00e9 de soutenir ses enfants, le pays n\u2019est pas exempt de violations de leurs droits.<\/p>\n<table style=\"height: 38px;\" width=\"298\">\n<tbody style=\"background: #f2f2f2;\">\n<tr>\n<td>\n<div style=\"float: left; width: 100%;\">\n<p style=\"margin-top: 20px;\">\n<\/div>\n<div style=\"float: left; width: 39%;\">\n<p style=\"margin-bottom: 20px;\"><strong>Population:<\/strong>\u00a05 millions<br \/>\n<strong>Pop.de 0 \u00e0 14 ans:<\/strong>\u00a018 %<\/p>\n<\/div>\n<div style=\"float: right; width: 59%;\">\n<p style=\"margin-bottom: 20px;\"><strong>Esp\u00e9rance de vie:<\/strong>\u00a081,5 ans<br \/>\n<strong>Mortalit\u00e9 des moins de 5 ans:<\/strong>\u00a02 \u2030<\/p>\n<\/div>\n<\/td>\n<\/tr>\n<\/tbody>\n<\/table>\n<h3>Principaux probl\u00e8mes rencontr\u00e9s par les enfants en Norv\u00e8ge:<\/h3>\n<p><strong>Enfants des minorit\u00e9s<\/strong><\/p>\n<p><strong><img loading=\"lazy\" decoding=\"async\" class=\"alignright wp-image-24729\" title=\"Des enfants d'origine \u00e9trang\u00e8re sont discrimin\u00e9s \u00a9 zenein\" src=\"https:\/\/www.humanium.org\/fr\/wp-content\/uploads\/2012\/09\/petit-garcon-zenein-300x200.jpg\" alt=\"\" width=\"300\" height=\"200\" \/><\/strong>Comme dans de nombreux autres pays, la population norv\u00e9gienne comprend quelques groupes minoritaires. De ce fait, les Kvens, qui sont les descendants de p\u00eacheurs de Finlande, les Samis, nomm\u00e9s \u00e9galement Lapons, les juifs et les Roms pr\u00e9sents en Norv\u00e8ge font face \u00e0 de nombreuses <a href=\"https:\/\/www.humanium.org\/fr\/droit-non-discrimination\/\">discriminations.<\/a><\/p>\n<p>Bien que l\u2019inclusion soit un des fondements de la Norv\u00e8ge, certains enfants de ces groupes minoritaires se sentent stigmatis\u00e9s et subissent plus de menaces ou de violences de leurs pairs. Les enfants roms vivent majoritairement dans <a href=\"https:\/\/www.humanium.org\/fr\/enfants-pauvres\/\">la pauvret\u00e9 <\/a>et se voient parfois refuser l\u2019acc\u00e8s \u00e0 certains lieux. Le gouvernement tente de lutter contre ces ph\u00e9nom\u00e8nes \u00e0 l\u2019aide de lois contre la<a href=\"https:\/\/www.humanium.org\/fr\/droit-non-discrimination\/\"> discrimination<\/a>, d\u2019un m\u00e9diateur pour l&rsquo;\u00e9galit\u00e9 et de la promotion de l\u2019\u00e9galit\u00e9 des races.<\/p>\n<p><a href=\"https:\/\/www.humanium.org\/fr\/orphelins\/\"><strong>Mineurs non accompagn\u00e9s<\/strong><\/a><\/p>\n<p><strong><img loading=\"lazy\" decoding=\"async\" class=\"alignright wp-image-24731\" title=\"Les conditions d'accueil des mineurs non accompagn\u00e9s restent \u00e0 am\u00e9liorer \u00a9 pink sherbert photography\" src=\"https:\/\/www.humanium.org\/fr\/wp-content\/uploads\/2012\/09\/enfant-pink-sherbert-photography.jpg\" alt=\"\" width=\"129\" height=\"185\" \/><\/strong>Selon le dernier rapport d\u2019Amnesty International, les conditions de vie dans les centres o\u00f9 sont accueillis les mineurs non accompagn\u00e9s ne sont pas en ad\u00e9quation avec les normes relatives aux droits humains. La disparition de certains mineurs arriv\u00e9s sur le territoire norv\u00e9gien et recueillis en centre reste un fait pr\u00e9occupant. L&rsquo;attribution de tuteur pour chaque mineur non accompagn\u00e9 semble un point favorable pour leur accueil.<\/p>\n<p><a href=\"https:\/\/www.humanium.org\/fr\/justice\/\"><strong>Justice pour mineurs<\/strong><\/a><\/p>\n<p>En Norv\u00e8ge, un enfant peut \u00eatre responsable p\u00e9nalement \u00e0 partir de 15 ans. La d\u00e9tention dans un milieu sp\u00e9cialis\u00e9 pour mineurs peut varier de 4 semaines \u00e0 12 mois. Cependant tr\u00e8s peu d\u2019enfants sont plac\u00e9s en milieu ferm\u00e9 car la Norv\u00e8ge favorise la mise en place de mesures en milieu ouvert lorsque cela semble servir l\u2019int\u00e9r\u00eat de l\u2019enfant.<\/p>\n<p>Concernant le syst\u00e8me judiciaire, il n\u2019existe pas de structures sp\u00e9cifiques aux mineurs. Les enfants de 15 ans sont jug\u00e9s par les m\u00eames tribunaux que les adultes.<\/p>\n<p><a href=\"https:\/\/www.humanium.org\/fr\/comprendre-droits-enfant\/droit-a-la-sante\/\"><strong>Sant\u00e9<\/strong><\/a><\/p>\n<p>Un programme national pour<a href=\"https:\/\/www.humanium.org\/fr\/comprendre-droits-enfant\/droit-a-la-sante\/\"> la sant\u00e9 <\/a>mentale a permis d\u2019am\u00e9liorer les services d\u00e9di\u00e9s \u00e0 l\u2019\u00e9quilibre psychologique des enfants norv\u00e9giens. Cependant il subsiste des d\u00e9lais d\u2019attente trop longs pour la prise en charge de ces enfants.<\/p>\n<p>Dans le domaine de la sant\u00e9 physique,\u00a0 une \u00e9tude sur la corpulence r\u00e9alis\u00e9e en 2010 met en \u00e9vidence que 19\u00a0% des enfants norv\u00e9giens \u00e2g\u00e9s de 8 et 9 ans sont en surpoids ou ob\u00e8ses. \u00c9tant donn\u00e9 que la surcharge pond\u00e9rale met la sant\u00e9 des enfants en danger, la Norv\u00e8ge s\u2019est activement int\u00e9ress\u00e9e \u00e0 ce probl\u00e8me cherchant \u00e0 sensibiliser les jeunes \u00e0 l\u2019activit\u00e9 physique et \u00e0 r\u00e9duire leur exposition aux publicit\u00e9s sur les aliments gras, sucr\u00e9s et sal\u00e9s.<\/p>\n<p><a href=\"https:\/\/www.humanium.org\/fr\/la-maltraitance-des-enfants\/\"><strong>Maltraitance<\/strong><\/a><\/p>\n<p>Bien que toute agression physique d\u2019un adulte envers un enfant soit p\u00e9nalement r\u00e9pr\u00e9hensible en Norv\u00e8ge, une enqu\u00eate men\u00e9e dans le cadre de<a href=\"https:\/\/www.humanium.org\/fr\/la-maltraitance-des-enfants\/\"> la maltraitance <\/a>r\u00e9v\u00e8le que 5 \u00e0 10 <em>%\u00a0<\/em> des enfants auraient subi des<a href=\"https:\/\/www.humanium.org\/fr\/la-maltraitance-des-enfants\/\"> abus sexuels ou des violences physiques<\/a>. Les principales cons\u00e9quences de ces <a href=\"https:\/\/www.humanium.org\/fr\/la-maltraitance-des-enfants\/\">actes abusifs<\/a> sont un repli sur soi, une perte de confiance et le d\u00e9veloppement de troubles psychologiques.<\/p>\n<p><strong>Environnement<\/strong><\/p>\n<p>En Norv\u00e8ge, entre 500 et 2 000 personnes d\u00e9c\u00e8dent chaque ann\u00e9e des cons\u00e9quences de la pollution de l\u2019air qui affecte la sant\u00e9 des personnes vuln\u00e9rables ; les enfants et les personnes \u00e2g\u00e9es sont majoritairement concern\u00e9s. Le trafic routier, de m\u00eame que la forte utilisation de pneus clout\u00e9s, favorisent la production de mati\u00e8res particulaires qui peuvent engendrer des probl\u00e8mes respiratoires ou cardiovasculaires jusqu\u2019\u00e0 entra\u00eener des d\u00e9c\u00e8s.<\/p>\n","protected":false},"excerpt":{"rendered":"<p>Enfants de Norv\u00e8ge Concr\u00e9tiser les droits de l&rsquo;enfant en Norv\u00e8ge La Norv\u00e8ge est impliqu\u00e9e dans la mise en \u0153uvre de la Convention Internationale des Droits de l\u2019Enfant. Le premier m\u00e9diateur pour l\u2019enfance, nomm\u00e9 commun\u00e9ment Ombudsman, a pris ses fonctions en Norv\u00e8ge. Malgr\u00e9 cette volont\u00e9 de soutenir ses enfants, le pays n\u2019est pas exempt de violations [&hellip;]<\/p>\n","protected":false},"author":65,"featured_media":0,"parent":0,"menu_order":0,"comment_status":"closed","ping_status":"closed","template":"","meta":{"footnotes":""},"class_list":["post-21950","page","type-page","status-publish","hentry"],"yoast_head":"<!-- This site is optimized with the Yoast SEO plugin v28.3 - https:\/\/yoast.com\/product\/yoast-seo-wordpress\/ -->\n<title>Enfants de Norv\u00e8ge - Humanium<\/title>\n<meta name=\"description\" content=\"Malgr\u00e9 sa volont\u00e9 de soutenir ses enfants, la Norv\u00e8ge a encore quelque probl\u00e8mes comme, la discrimination ou la maltraitance.\" \/>\n<meta name=\"robots\" content=\"index, follow, max-snippet:-1, max-image-preview:large, max-video-preview:-1\" \/>\n<link rel=\"canonical\" href=\"https:\/\/www.humanium.org\/fr\/norvege\/\" \/>\n<meta property=\"og:locale\" content=\"fr_FR\" \/>\n<meta property=\"og:type\" content=\"article\" \/>\n<meta property=\"og:title\" content=\"Enfants de Norv\u00e8ge - Humanium\" \/>\n<meta property=\"og:description\" content=\"Malgr\u00e9 sa volont\u00e9 de soutenir ses enfants, la Norv\u00e8ge a encore quelque probl\u00e8mes comme, la discrimination ou la maltraitance.\" \/>\n<meta property=\"og:url\" content=\"https:\/\/www.humanium.org\/fr\/norvege\/\" \/>\n<meta property=\"og:site_name\" content=\"Humanium\" \/>\n<meta property=\"article:modified_time\" content=\"2025-12-10T02:42:45+00:00\" \/>\n<meta name=\"twitter:card\" content=\"summary_large_image\" \/>\n<meta name=\"twitter:label1\" content=\"Dur\u00e9e de lecture estim\u00e9e\" \/>\n\t<meta name=\"twitter:data1\" content=\"4 minutes\" \/>\n<script type=\"application\/ld+json\" class=\"yoast-schema-graph\">{\"@context\":\"https:\\\/\\\/schema.org\",\"@graph\":[{\"@type\":\"WebPage\",\"@id\":\"https:\\\/\\\/www.humanium.org\\\/fr\\\/norvege\\\/\",\"url\":\"https:\\\/\\\/www.humanium.org\\\/fr\\\/norvege\\\/\",\"name\":\"Enfants de Norv\u00e8ge - Humanium\",\"isPartOf\":{\"@id\":\"https:\\\/\\\/www.humanium.org\\\/fr\\\/#website\"},\"primaryImageOfPage\":{\"@id\":\"https:\\\/\\\/www.humanium.org\\\/fr\\\/norvege\\\/#primaryimage\"},\"image\":{\"@id\":\"https:\\\/\\\/www.humanium.org\\\/fr\\\/norvege\\\/#primaryimage\"},\"thumbnailUrl\":\"https:\\\/\\\/www.humanium.org\\\/fr\\\/wp-content\\\/uploads\\\/2012\\\/09\\\/petit-garcon-zenein-300x200.jpg\",\"datePublished\":\"2012-09-24T16:26:36+00:00\",\"dateModified\":\"2025-12-10T02:42:45+00:00\",\"description\":\"Malgr\u00e9 sa volont\u00e9 de soutenir ses enfants, la Norv\u00e8ge a encore quelque probl\u00e8mes comme, la discrimination ou la maltraitance.\",\"breadcrumb\":{\"@id\":\"https:\\\/\\\/www.humanium.org\\\/fr\\\/norvege\\\/#breadcrumb\"},\"inLanguage\":\"fr-FR\",\"potentialAction\":[{\"@type\":\"ReadAction\",\"target\":[\"https:\\\/\\\/www.humanium.org\\\/fr\\\/norvege\\\/\"]}]},{\"@type\":\"ImageObject\",\"inLanguage\":\"fr-FR\",\"@id\":\"https:\\\/\\\/www.humanium.org\\\/fr\\\/norvege\\\/#primaryimage\",\"url\":\"https:\\\/\\\/www.humanium.org\\\/fr\\\/wp-content\\\/uploads\\\/2012\\\/09\\\/petit-garcon-zenein-300x200.jpg\",\"contentUrl\":\"https:\\\/\\\/www.humanium.org\\\/fr\\\/wp-content\\\/uploads\\\/2012\\\/09\\\/petit-garcon-zenein-300x200.jpg\"},{\"@type\":\"BreadcrumbList\",\"@id\":\"https:\\\/\\\/www.humanium.org\\\/fr\\\/norvege\\\/#breadcrumb\",\"itemListElement\":[{\"@type\":\"ListItem\",\"position\":1,\"name\":\"Home\",\"item\":\"https:\\\/\\\/www.humanium.org\\\/fr\\\/\"},{\"@type\":\"ListItem\",\"position\":2,\"name\":\"Enfants de Norv\u00e8ge\"}]},{\"@type\":\"WebSite\",\"@id\":\"https:\\\/\\\/www.humanium.org\\\/fr\\\/#website\",\"url\":\"https:\\\/\\\/www.humanium.org\\\/fr\\\/\",\"name\":\"Humanium\",\"description\":\"Les enfants d\u2019abord !\",\"potentialAction\":[{\"@type\":\"SearchAction\",\"target\":{\"@type\":\"EntryPoint\",\"urlTemplate\":\"https:\\\/\\\/www.humanium.org\\\/fr\\\/?s={search_term_string}\"},\"query-input\":{\"@type\":\"PropertyValueSpecification\",\"valueRequired\":true,\"valueName\":\"search_term_string\"}}],\"inLanguage\":\"fr-FR\"}]}<\/script>\n<!-- \/ Yoast SEO plugin. -->","yoast_head_json":{"title":"Enfants de Norv\u00e8ge - Humanium","description":"Malgr\u00e9 sa volont\u00e9 de soutenir ses enfants, la Norv\u00e8ge a encore quelque probl\u00e8mes comme, la discrimination ou la maltraitance.","robots":{"index":"index","follow":"follow","max-snippet":"max-snippet:-1","max-image-preview":"max-image-preview:large","max-video-preview":"max-video-preview:-1"},"canonical":"https:\/\/www.humanium.org\/fr\/norvege\/","og_locale":"fr_FR","og_type":"article","og_title":"Enfants de Norv\u00e8ge - Humanium","og_description":"Malgr\u00e9 sa volont\u00e9 de soutenir ses enfants, la Norv\u00e8ge a encore quelque probl\u00e8mes comme, la discrimination ou la maltraitance.","og_url":"https:\/\/www.humanium.org\/fr\/norvege\/","og_site_name":"Humanium","article_modified_time":"2025-12-10T02:42:45+00:00","twitter_card":"summary_large_image","twitter_misc":{"Dur\u00e9e de lecture estim\u00e9e":"4 minutes"},"schema":{"@context":"https:\/\/schema.org","@graph":[{"@type":"WebPage","@id":"https:\/\/www.humanium.org\/fr\/norvege\/","url":"https:\/\/www.humanium.org\/fr\/norvege\/","name":"Enfants de Norv\u00e8ge - Humanium","isPartOf":{"@id":"https:\/\/www.humanium.org\/fr\/#website"},"primaryImageOfPage":{"@id":"https:\/\/www.humanium.org\/fr\/norvege\/#primaryimage"},"image":{"@id":"https:\/\/www.humanium.org\/fr\/norvege\/#primaryimage"},"thumbnailUrl":"https:\/\/www.humanium.org\/fr\/wp-content\/uploads\/2012\/09\/petit-garcon-zenein-300x200.jpg","datePublished":"2012-09-24T16:26:36+00:00","dateModified":"2025-12-10T02:42:45+00:00","description":"Malgr\u00e9 sa volont\u00e9 de soutenir ses enfants, la Norv\u00e8ge a encore quelque probl\u00e8mes comme, la discrimination ou la maltraitance.","breadcrumb":{"@id":"https:\/\/www.humanium.org\/fr\/norvege\/#breadcrumb"},"inLanguage":"fr-FR","potentialAction":[{"@type":"ReadAction","target":["https:\/\/www.humanium.org\/fr\/norvege\/"]}]},{"@type":"ImageObject","inLanguage":"fr-FR","@id":"https:\/\/www.humanium.org\/fr\/norvege\/#primaryimage","url":"https:\/\/www.humanium.org\/fr\/wp-content\/uploads\/2012\/09\/petit-garcon-zenein-300x200.jpg","contentUrl":"https:\/\/www.humanium.org\/fr\/wp-content\/uploads\/2012\/09\/petit-garcon-zenein-300x200.jpg"},{"@type":"BreadcrumbList","@id":"https:\/\/www.humanium.org\/fr\/norvege\/#breadcrumb","itemListElement":[{"@type":"ListItem","position":1,"name":"Home","item":"https:\/\/www.humanium.org\/fr\/"},{"@type":"ListItem","position":2,"name":"Enfants de Norv\u00e8ge"}]},{"@type":"WebSite","@id":"https:\/\/www.humanium.org\/fr\/#website","url":"https:\/\/www.humanium.org\/fr\/","name":"Humanium","description":"Les enfants d\u2019abord !","potentialAction":[{"@type":"SearchAction","target":{"@type":"EntryPoint","urlTemplate":"https:\/\/www.humanium.org\/fr\/?s={search_term_string}"},"query-input":{"@type":"PropertyValueSpecification","valueRequired":true,"valueName":"search_term_string"}}],"inLanguage":"fr-FR"}]}},"_links":{"self":[{"href":"https:\/\/www.humanium.org\/fr\/wp-json\/wp\/v2\/pages\/21950","targetHints":{"allow":["GET"]}}],"collection":[{"href":"https:\/\/www.humanium.org\/fr\/wp-json\/wp\/v2\/pages"}],"about":[{"href":"https:\/\/www.humanium.org\/fr\/wp-json\/wp\/v2\/types\/page"}],"author":[{"embeddable":true,"href":"https:\/\/www.humanium.org\/fr\/wp-json\/wp\/v2\/users\/65"}],"replies":[{"embeddable":true,"href":"https:\/\/www.humanium.org\/fr\/wp-json\/wp\/v2\/comments?post=21950"}],"version-history":[{"count":12,"href":"https:\/\/www.humanium.org\/fr\/wp-json\/wp\/v2\/pages\/21950\/revisions"}],"predecessor-version":[{"id":60929,"href":"https:\/\/www.humanium.org\/fr\/wp-json\/wp\/v2\/pages\/21950\/revisions\/60929"}],"wp:attachment":[{"href":"https:\/\/www.humanium.org\/fr\/wp-json\/wp\/v2\/media?parent=21950"}],"curies":[{"name":"wp","href":"https:\/\/api.w.org\/{rel}","templated":true}]}}