{"id":21983,"date":"2012-09-24T17:09:50","date_gmt":"2012-09-24T17:09:50","guid":{"rendered":"http:\/\/www.humanium.org\/fr\/?page_id=21983"},"modified":"2025-12-10T02:43:27","modified_gmt":"2025-12-10T02:43:27","slug":"guyana","status":"publish","type":"page","link":"https:\/\/www.humanium.org\/fr\/guyana\/","title":{"rendered":"Enfants de Guyana"},"content":{"rendered":"\n<h2 class=\"wp-block-heading\">Concr\u00e9tiser les droits de l&rsquo;enfant en Guyana<\/h2>\n\n\n\n<div class=\"wp-block-columns is-layout-flex wp-container-core-columns-is-layout-8f761849 wp-block-columns-is-layout-flex\">\n<div class=\"wp-block-column is-layout-flow wp-block-column-is-layout-flow\"><div class=\"wp-block-image is-style-rounded\">\n<figure class=\"aligncenter size-full is-resized\"><img loading=\"lazy\" decoding=\"async\" width=\"400\" height=\"400\" src=\"https:\/\/www.humanium.org\/fr\/wp-content\/uploads\/2024\/01\/Shutterstock_2014207139.jpg\" alt=\"\" class=\"wp-image-56325\" style=\"width:188px;height:auto\" srcset=\"https:\/\/www.humanium.org\/fr\/wp-content\/uploads\/2024\/01\/Shutterstock_2014207139.jpg 400w, https:\/\/www.humanium.org\/fr\/wp-content\/uploads\/2024\/01\/Shutterstock_2014207139-300x300.jpg 300w, https:\/\/www.humanium.org\/fr\/wp-content\/uploads\/2024\/01\/Shutterstock_2014207139-150x150.jpg 150w, https:\/\/www.humanium.org\/fr\/wp-content\/uploads\/2024\/01\/Shutterstock_2014207139-230x230.jpg 230w, https:\/\/www.humanium.org\/fr\/wp-content\/uploads\/2024\/01\/Shutterstock_2014207139-350x350.jpg 350w\" sizes=\"auto, (max-width: 400px) 100vw, 400px\" \/><\/figure>\n<\/div><\/div>\n\n\n\n<div class=\"wp-block-column is-layout-flow wp-block-column-is-layout-flow\"><div class=\"wp-block-image is-style-rounded\">\n<figure class=\"aligncenter size-full is-resized\"><img loading=\"lazy\" decoding=\"async\" width=\"400\" height=\"400\" src=\"https:\/\/www.humanium.org\/fr\/wp-content\/uploads\/2024\/01\/Shutterstock_120982945.jpg\" alt=\"\" class=\"wp-image-56326\" style=\"width:194px;height:auto\" srcset=\"https:\/\/www.humanium.org\/fr\/wp-content\/uploads\/2024\/01\/Shutterstock_120982945.jpg 400w, https:\/\/www.humanium.org\/fr\/wp-content\/uploads\/2024\/01\/Shutterstock_120982945-300x300.jpg 300w, https:\/\/www.humanium.org\/fr\/wp-content\/uploads\/2024\/01\/Shutterstock_120982945-150x150.jpg 150w, https:\/\/www.humanium.org\/fr\/wp-content\/uploads\/2024\/01\/Shutterstock_120982945-230x230.jpg 230w, https:\/\/www.humanium.org\/fr\/wp-content\/uploads\/2024\/01\/Shutterstock_120982945-350x350.jpg 350w\" sizes=\"auto, (max-width: 400px) 100vw, 400px\" \/><\/figure>\n<\/div><\/div>\n<\/div>\n\n\n\n<p class=\"wp-block-paragraph\"><strong>Les <a href=\"https:\/\/www.humanium.org\/fr\/les-droits-de-l-enfant\/\">enfants<\/a> en Guyane sont confront\u00e9s \u00e0 plusieurs d\u00e9fis-cl\u00e9s qui emp\u00eachent la r\u00e9alisation de leurs droits humains. \u00c0 cause de leur situation g\u00e9ographique, les effets catalyseurs du <a href=\"https:\/\/www.humanium.org\/fr\/changement-climatique\/\">changement climatique<\/a> et des catastrophes naturelles pr\u00e9sentent de nombreux d\u00e9fis. Le plus pressant, c\u2019est que les enfants risquent d\u2019\u00eatre soumis aux pires formes de <a href=\"https:\/\/www.humanium.org\/fr\/travail-des-enfants\/\">travail infantile<\/a>, <a href=\"https:\/\/www.humanium.org\/fr\/exploitation\/\">ch\u00e2timent corporel<\/a>, <a href=\"https:\/\/www.humanium.org\/fr\/justice-juvenile\/\">justice juv\u00e9nile<\/a>, <a href=\"https:\/\/www.humanium.org\/fr\/violences\/\">violence contre les enfants<\/a> et taux \u00e9lev\u00e9s de <a href=\"https:\/\/www.humanium.org\/fr\/sexualite-des-adolescents\/\">grossesse d\u2019adolescentes<\/a> qui les menacent.<\/strong><\/p>\n\n\n\n<iframe src=\"https:\/\/www.google.com\/maps\/embed?pb=!1m18!1m12!1m3!1d8140982.327167116!2d-64.24226428800728!3d4.92476742109624!2m3!1f0!2f0!3f0!3m2!1i1024!2i768!4f13.1!3m3!1m2!1s0x8dafefaf60d8c2b3%3A0x48e38867b6e54440!2sGuyana!5e0!3m2!1sen!2sfr!4v1705075780252!5m2!1sen!2sfr\" width=\"600\" height=\"450\" style=\"border:0;\" allowfullscreen=\"\" loading=\"lazy\" referrerpolicy=\"no-referrer-when-downgrade\"><\/iframe>\n\n\n\n<div class=\"wp-block-columns is-layout-flex wp-container-core-columns-is-layout-8f761849 wp-block-columns-is-layout-flex\">\n<div class=\"wp-block-column is-layout-flow wp-block-column-is-layout-flow\">\n<p class=\"wp-block-paragraph\"><strong>Population :<\/strong> 786,599<\/p>\n\n\n\n<p class=\"wp-block-paragraph\"><strong>Population \u00e2g\u00e9e de 0 \u00e0 14 ans&nbsp;:<\/strong> 27 %<\/p>\n<\/div>\n\n\n\n<div class=\"wp-block-column is-layout-flow wp-block-column-is-layout-flow\">\n<p class=\"wp-block-paragraph\"><strong>Esp\u00e9rance de vie : <\/strong>69,91 ans<\/p>\n\n\n\n<p class=\"wp-block-paragraph\"><strong>Taux de mortalit\u00e9 des moins de 5 ans :<\/strong> 28.4\u2030<\/p>\n<\/div>\n<\/div>\n\n\n\n<h2 class=\"wp-block-heading\"><strong>La Guyane en un coup d\u2019\u0153il<\/strong><\/h2>\n\n\n\n<p class=\"wp-block-paragraph\">La R\u00e9publique coop\u00e9rative de Guyane, telle qu\u2019elle est officiellement connue, est un petit pays situ\u00e9 au coin nord-est de l\u2019Am\u00e9rique du Sud. Elle est encadr\u00e9e par l\u2019Oc\u00e9an Atlantique au nord, le <a href=\"https:\/\/www.humanium.org\/fr\/suriname\/\">Suriname<\/a> \u00e0 l\u2019est, le <a href=\"https:\/\/www.humanium.org\/fr\/bresil\/\">Br\u00e9sil<\/a> au sud-ouest et le <a href=\"https:\/\/www.humanium.org\/fr\/venezuela\/\">Venezuela<\/a> \u00e0 l\u2019ouest. Georgetown, sa capitale et la ville la plus grande du pays, est situ\u00e9e sur la c\u00f4te atlantique et surnomm\u00e9e \u00ab la ville jardin des Cara\u00efbes \u00bb. La Guyane, \u00ab terre d\u2019eau \u00bb, \u00e9tait le nom originel du pays, donn\u00e9 par les peuples autochtones qui \u00e9taient ses premiers habitants. La Guyane est le seul pays anglophone d\u2019Am\u00e9rique du Sud (Menke, 2022).<\/p>\n\n\n\n<p class=\"wp-block-paragraph\">L\u2019environnement naturel de la Guyane est divers, allant des plaines c\u00f4ti\u00e8res et mar\u00e9cages int\u00e9rieurs aux montagnes et rivi\u00e8res. Il y a quatre fleuves principaux dans le pays : le Courantyne, le Berbice, le Demerara et l\u2019Essequibo, qui se jettent tous dans l\u2019oc\u00e9an Atlantique. La Guyane abrite aussi une abondance de flore et de faune, y compris des mangroves, des herbes sal\u00e9es, une avifaune vari\u00e9e, des ocelots, des singes, des paresseux, des potamoch\u00e8res, des tatous, des tapirs, des jaguars, des lamantins et des iguanes (Menke, 2022).<\/p>\n\n\n\n<p class=\"wp-block-paragraph\">Environ un dixi\u00e8me de la population de la Guyane se compose de groupes indig\u00e8nes, qui habitent soit dans les r\u00e9gions c\u00f4ti\u00e8res et int\u00e9rieures, soit \u00e0 l\u2019ouest, le long de la fronti\u00e8re avec le <a href=\"https:\/\/www.humanium.org\/fr\/venezuela\/\">Venezuela<\/a> et le <a href=\"https:\/\/www.humanium.org\/fr\/bresil\/\">Br\u00e9sil<\/a>. Les peuples autochtones de la c\u00f4te sont connus sous les noms de Warao, Arawak et Carib. <\/p>\n\n\n\n<p class=\"wp-block-paragraph\">Les peuples autochtones du centre sont les Wapisana, les Arekuna et les Macusi. Les Wapisana et les Macusi vivent majoritairement dans la r\u00e9gion de la savane de Rupununi. Le reste de la population est constitu\u00e9e d\u2019Indo-Guyanais, qui repr\u00e9sentent deux cinqui\u00e8mes de la population (Guyanais d\u2019origine sud-asiatique), d\u2019Afro-Guyanais, qui repr\u00e9sentent trois dixi\u00e8mes de la population (Guyanais d\u2019origine africaine) et de personnes d\u2019ascendance mixte, qui constituent un cinqui\u00e8me de la population (Menke, 2022).<\/p>\n\n\n\n<h2 class=\"wp-block-heading\"><strong>Statut des droits de l\u2019enfant<\/strong> <strong><strong><a href=\"#_ftn1\"><sup><strong><sup>[1]<\/sup><\/strong><\/sup><\/a><\/strong><\/strong><\/h2>\n\n\n\n<p class=\"wp-block-paragraph\">La Guyane s\u2019est engag\u00e9e \u00e0 favoriser plusieurs instruments internationaux visant \u00e0 prot\u00e9ger les droits de l\u2019enfant. En 1991, elle a ratifi\u00e9 la <a href=\"https:\/\/www.humanium.org\/fr\/convention\/\">Convention internationale des droits de l\u2019enfant<\/a> (CIDE). Cependant la CIDE n\u2019est pas applicable en vertu de la loi guyanaise (CRIN, 2013). En 2010 le gouvernement a ratifi\u00e9 le <a href=\"https:\/\/www.humanium.org\/fr\/normes\/protocole-facultatif-cide-vente-prostitution-pornographie-enfants\/\">protocole facultatif concernant la vente d\u2019enfants, la prostitution des enfants et la pornographie infantile<\/a>, de m\u00eame que le <a href=\"https:\/\/www.humanium.org\/fr\/normes\/protocole-facultatif-cide-enfants-dans-conflits-armes\/convention-droits-enfant-dans-les-conflits-armes\/\">protocole facultatif concernant l\u2019implication d\u2019enfants dans les conflits arm\u00e9s<\/a>.&nbsp;<\/p>\n\n\n\n<p class=\"wp-block-paragraph\">La Guyane s\u2019est \u00e9galement engag\u00e9e \u00e0 respecter d\u2019autres instruments internationaux relatifs aux droits de l\u2019Homme, y compris la <a href=\"https:\/\/www.humanium.org\/fr\/autres\/convention-elimination-formes-discrimination-femmes\/\">Convention sur l\u2019\u00e9limination de toutes les formes de discrimination contre les femmes<\/a>, qui a \u00e9t\u00e9 ratifi\u00e9e en 1980, la <a href=\"https:\/\/www.humanium.org\/fr\/autres\/convention-elimination-discrimination-raciale\/\">Convention internationale sur l\u2019\u00e9limination de toutes les formes de discrimination raciale<\/a>, ratifi\u00e9e en 1977, et la Convention contre la torture et autres traitements cruels, inhumains ou d\u00e9gradants, ratifi\u00e9e en 1988.<\/p>\n\n\n\n<p class=\"wp-block-paragraph\">Bien que la Guyane n\u2019ait pas une loi consolid\u00e9e sur l\u2019enfance, elle a plusieurs textes l\u00e9gislatifs nationaux d\u00e9di\u00e9s aux enfants. Par exemple, il y a entre autres la loi n\u00ba 19 de 2009 sur le statut de l\u2019enfant, la loi n\u00ba2 de 2009 sur l\u2019Agence de protection de l\u2019enfance, la loi n\u00ba 17 de 2009 sur la protection de l\u2019enfance, la loi n\u00ba 16 de 2005 sur l\u2019adoption d\u2019enfants et la loi n\u00ba 7 de 2010 sur les d\u00e9lits sexuels (CRIN, 2013).&nbsp;<\/p>\n\n\n\n<p class=\"wp-block-paragraph\">Au niveau r\u00e9gional, la Guyane est membre de l\u2019Organisation des \u00c9tats am\u00e9ricains (OEA) et est li\u00e9e au syst\u00e8me interam\u00e9ricain des droits de l\u2019Homme. En 1996 le gouvernement a ratifi\u00e9 la Convention interam\u00e9ricaine concernant la pr\u00e9vention, la sanction et l\u2019\u00e9limination de la violence contre les femmes (connue sous le nom de <em>Bel\u00e9m do Par\u00e1 Convention<\/em>). La Guyane est \u00e9galement membre de la Commission \u00e9conomique des Nations unies pour l\u2019Am\u00e9rique latine et les Cara\u00efbes (CEPALC) et en 2013 le gouvernement a adopt\u00e9 le Consensus de Montevideo sur la population et le d\u00e9veloppement.<\/p>\n\n\n\n<h2 class=\"wp-block-heading\"><strong>R\u00e9pondre aux besoins des enfants de la Guyane<\/strong><\/h2>\n\n\n\n<h3 class=\"wp-block-heading\"><strong>Droit \u00e0 l\u2019\u00e9ducation<\/strong><\/h3>\n\n\n\n<p class=\"wp-block-paragraph\">En Guyane, sous l\u2019\u00e9gide du minist\u00e8re de l\u2019\u00c9ducation, la Loi sur l\u2019\u00e9ducation de 1876 (telle que modifi\u00e9e en 1976), est le principal cadre r\u00e9glementaire qui gouverne <a href=\"https:\/\/www.humanium.org\/fr\/comprendre-droits-enfant\/droit-a-l-education\/\">l\u2019\u00e9ducation<\/a> du niveau primaire au niveau sup\u00e9rieur. Le syst\u00e8me \u00e9ducatif comprend l\u2019enseignement maternel, l\u2019enseignement primaire, l\u2019enseignement secondaire, l\u2019enseignement technique et professionnel et l\u2019universit\u00e9 (UNESCO, 2007).<a href=\"https:\/\/www.humanium.org\/fr\/comprendre-droits-enfant\/droit-a-l-education\/\">L\u2019\u00e9cole maternelle<\/a> concerne les enfants \u00e2g\u00e9s de trois \u00e0 six ans, mais elle n\u2019est pas obligatoire. L\u2019enseignement primaire est obligatoire et commence d\u00e8s l\u2019\u00e2ge de cinq ans et se termine \u00e0 l\u2019\u00e2ge de onze ans. <\/p>\n\n\n\n<p class=\"wp-block-paragraph\">Au cours de la derni\u00e8re ann\u00e9e de l\u2019\u00e9cole primaire, les enfants sont tenus de passer l\u2019examen d\u2019entr\u00e9e \u00e0 l\u2019\u00e9cole secondaire (Secondary School Entrance Examination &#8211; SSEE) pour acc\u00e9der \u00e0 l\u2019\u00e9cole secondaire. <\/p>\n\n\n<div class=\"wp-block-image\">\n<figure class=\"alignleft size-large is-resized\"><img loading=\"lazy\" decoding=\"async\" width=\"1024\" height=\"683\" src=\"https:\/\/www.humanium.org\/fr\/wp-content\/uploads\/2024\/01\/shutterstock_762874744-1024x683.jpg\" alt=\"\" class=\"wp-image-56310\" style=\"width:325px;height:auto\" srcset=\"https:\/\/www.humanium.org\/fr\/wp-content\/uploads\/2024\/01\/shutterstock_762874744-1024x683.jpg 1024w, https:\/\/www.humanium.org\/fr\/wp-content\/uploads\/2024\/01\/shutterstock_762874744-300x200.jpg 300w, https:\/\/www.humanium.org\/fr\/wp-content\/uploads\/2024\/01\/shutterstock_762874744-768x512.jpg 768w, https:\/\/www.humanium.org\/fr\/wp-content\/uploads\/2024\/01\/shutterstock_762874744-1536x1024.jpg 1536w, https:\/\/www.humanium.org\/fr\/wp-content\/uploads\/2024\/01\/shutterstock_762874744-2048x1366.jpg 2048w, https:\/\/www.humanium.org\/fr\/wp-content\/uploads\/2024\/01\/shutterstock_762874744-830x553.jpg 830w, https:\/\/www.humanium.org\/fr\/wp-content\/uploads\/2024\/01\/shutterstock_762874744-230x153.jpg 230w, https:\/\/www.humanium.org\/fr\/wp-content\/uploads\/2024\/01\/shutterstock_762874744-350x233.jpg 350w, https:\/\/www.humanium.org\/fr\/wp-content\/uploads\/2024\/01\/shutterstock_762874744-480x320.jpg 480w, https:\/\/www.humanium.org\/fr\/wp-content\/uploads\/2024\/01\/shutterstock_762874744-272x182.jpg 272w\" sizes=\"auto, (max-width: 1024px) 100vw, 1024px\" \/><\/figure>\n<\/div>\n\n\n<p class=\"wp-block-paragraph\">Les \u00e9l\u00e8ves qui obtiennent de bons r\u00e9sultats scolaires au SSEE sont r\u00e9compens\u00e9s par admission au coll\u00e8ge pr\u00e9sidentiel, alors que les \u00e9l\u00e8ves qui obtiennent de mauvais r\u00e9sultats vont dans des lyc\u00e9es communautaires, qui sont adapt\u00e9s pour pr\u00e9parer les enfants \u00e0 la professionnalisation. Ceux qui r\u00e9ussissent le SSEE int\u00e8grent des \u00e9coles secondaires afin d\u2019y suivre cinq ann\u00e9es d\u2019enseignement. L\u2019\u00e9cole secondaire pr\u00e9pare les \u00e9l\u00e8ves \u00e0 passer le Conseil des examens des Cara\u00efbes (Caribbean Examination Council &#8211; CXC) (UNESCO, 2007).<\/p>\n\n\n\n<p class=\"wp-block-paragraph\"><a href=\"https:\/\/www.humanium.org\/fr\/comprendre-droits-enfant\/droit-a-l-education\/\">L\u2019\u00e9ducation<\/a> est obligatoire pour les enfants \u00e2g\u00e9s de six \u00e0 quinze ans en Guyane. Cependant l\u2019acc\u00e8s \u00e0 l\u2019\u00e9ducation est limit\u00e9 pour les enfants des zones rurales et int\u00e9rieures de la Guyane en raison de l\u2019insuffisance des infrastructures,&nbsp;de l\u2019inaccessibilit\u00e9 des \u00e9coles, du manque de moyens de transport ou de moyens de transport abordables, et de la p\u00e9nurie d\u2019enseignants qualifi\u00e9s (US Department of Labour, 2021). Durant la pand\u00e9mie de COVID-19, le manque de technologie de l\u2019information et d\u2019\u00e9lectricit\u00e9 fiable dans les communaut\u00e9s rurales et riveraines a eu un impact sur l\u2019\u00e9ducation des enfants (US Department of Labour, 2021).<\/p>\n\n\n\n<p class=\"wp-block-paragraph\"><a href=\"https:\/\/www.humanium.org\/fr\/comprendre-droits-enfant\/droit-a-l-education\/\">L\u2019\u00e9ducation<\/a> en Guyane est principalement financ\u00e9e par le gouvernement. Les \u00e9coles priv\u00e9es se financent toutefois depuis les ann\u00e9es 1990. Des organisations non gouvernementales telles que le Lions Club et le Rotary financent des \u00e9coles pour les <a href=\"https:\/\/www.humanium.org\/fr\/enfants-handicapes\/\">enfants handicap\u00e9s<\/a> (UNESCO, 2007).<\/p>\n\n\n\n<p class=\"wp-block-paragraph\">Pour la p\u00e9riode 2022-2027, la Banque mondiale a investi 44 millions de dollars am\u00e9ricains dans <a href=\"https:\/\/www.humanium.org\/fr\/comprendre-droits-enfant\/droit-a-l-education\/\">l\u2019\u00e9ducation<\/a> en Guyane. Ce projet, visant \u00e0 am\u00e9liorer la qualit\u00e9 de l\u2019enseignement de la septi\u00e8me \u00e0 la neuvi\u00e8me ann\u00e9e, va d\u00e9velopper un nouveau programme scolaire qui met en avant la gestion de l\u2019environnement et le changement climatique. Il financera de plus de nouveaux manuels scolaires, renforcera la formation des enseignants, assurera le mentorat du personnel acad\u00e9mique, soutiendra les <a href=\"https:\/\/www.humanium.org\/fr\/enfants-handicapes\/\">enfants handicap\u00e9s<\/a> et am\u00e9liorera les installations et les infrastructures scolaires (Banque mondiale, 2022).<\/p>\n\n\n\n<h3 class=\"wp-block-heading\"><strong>Droit \u00e0 la sant\u00e9<\/strong><\/h3>\n\n\n\n<p class=\"wp-block-paragraph\">Le Minist\u00e8re de la Sant\u00e9 a \u00e9labor\u00e9 une strat\u00e9gie nationale pour la Guyane 2012-2020, \u00e9galement connue sous le nom de \u00ab Health Vision 2020 \u00bb (Vision 2020 pour la sant\u00e9). Cette strat\u00e9gie avait pour but de r\u00e9pondre aux principales priorit\u00e9s en ce qui concerne l\u2019am\u00e9lioration de la sant\u00e9 en Guyane. <\/p>\n\n\n\n<p class=\"wp-block-paragraph\">Par exemple, elle visait \u00e0 renforcer et \u00e0 promouvoir les capacit\u00e9s concernant <a href=\"https:\/\/www.humanium.org\/fr\/sexualite-des-adolescents\/\">la sant\u00e9 sexuelle et reproductive<\/a>, \u00e0 d\u00e9velopper l\u2019utilisation des contraceptifs, \u00e0 promouvoir le d\u00e9pistage des maladies sexuellement transmissibles et \u00e0 am\u00e9liorer les services de sant\u00e9 sexuelle et reproductive pour les personnes ayant un <a href=\"https:\/\/www.humanium.org\/fr\/enfants-handicapes\/\">handicap<\/a>. Les autres objectifs de la Vision 2020 comprenaient le ciblage des communaut\u00e9s et des familles pour r\u00e9duire la <a href=\"https:\/\/www.humanium.org\/fr\/mortalite-infantile\/\">mortalit\u00e9 maternelle, infantile et juv\u00e9nile<\/a>, le continuum de la couverture sanitaire, l\u2019am\u00e9lioration des soins de sant\u00e9 aux adolescents et l\u2019acc\u00e8s aux services de r\u00e9adaptation (UNICEF, 2018).<\/p>\n\n\n\n<p class=\"wp-block-paragraph\">En Guyane, les adolescents sont moins susceptibles d\u2019aller dans des centres de soins de sant\u00e9 \u00e0 cause de leur peur d\u2019\u00eatre jug\u00e9s ou du manque de confidentialit\u00e9. Afin d\u2019encourager un changement de comportement, le gouvernement a lanc\u00e9 en 1999 une \u00e9tude pilote sur les centres de sant\u00e9 accueillants les adolescents en collaboration avec le FNUAP afin de promouvoir <a href=\"https:\/\/www.humanium.org\/fr\/sexualite-des-adolescents\/\">la sant\u00e9 sexuelle et g\u00e9n\u00e9sique<\/a> des adolescents \u00e0 Victory Valley, Beterverwagting et Port Mourant. <\/p>\n\n\n\n<p class=\"wp-block-paragraph\">\u00c0 la base, l\u2019\u00e9tude pilote \u00e9tait destin\u00e9e \u00e0 r\u00e9pondre aux besoins des adolescents en termes de <a href=\"https:\/\/www.humanium.org\/fr\/sexualite-des-adolescents\/\">grossesse<\/a>, de <a href=\"https:\/\/www.humanium.org\/fr\/enfant-et-sida\/\">VIH\/SIDA<\/a>, de <a href=\"https:\/\/www.humanium.org\/fr\/enfants-dependances\/\">toxicomanie<\/a>, de <a href=\"https:\/\/www.humanium.org\/fr\/suicide-enfants\/\">suicide,<\/a> de besoins sociaux et spirituels, ainsi que de services de conseil pour adolescents. \u00c0 partir de 2000, avec le soutien de l\u2019UNICEF et du Centre de contr\u00f4le et de pr\u00e9vention des maladies (CDC), le gouvernement a ouvert dix-neuf unit\u00e9s de services de sant\u00e9 accueillants les adolescents dans toute la Guyane (UNICEF, 2018).<\/p>\n\n\n\n<h3 class=\"wp-block-heading\"><strong>Droit \u00e0 l\u2019eau potable et \u00e0 l\u2019assainissement<\/strong><\/h3>\n\n\n\n<p class=\"wp-block-paragraph\">En 2018, l\u2019Organisation mondiale de la sant\u00e9 (OMS) a estim\u00e9 que 86% de la population de la Guyane avait acc\u00e8s \u00e0 une <a href=\"https:\/\/www.humanium.org\/fr\/comprendre-droits-enfant\/droit-a-l-eau\/\">hygi\u00e8ne<\/a> de base. Entre juillet 2014 et juillet 2019, la Banque interam\u00e9ricaine de d\u00e9veloppement et le Fonds europ\u00e9en de d\u00e9veloppement ont mis en \u0153uvre en Guyane un projet am\u00e9ricain qui a co\u00fbt\u00e9 29 millions de dollars dans le but d\u2019am\u00e9liorer l\u2019efficacit\u00e9, la qualit\u00e9 et la durabilit\u00e9 des services <a href=\"https:\/\/www.humanium.org\/fr\/comprendre-droits-enfant\/droit-a-l-eau\/\">d\u2019eau<\/a> et d\u2019assainissement portables. Ce projet a b\u00e9n\u00e9fici\u00e9 \u00e0 328 foyers en Guyane et il a pu fournir l\u2019assainissement, l\u2019approvisionnement en eau, l\u2019hygi\u00e8ne des mains, et des solutions d\u2019eau, d\u2019assainissement et d\u2019hygi\u00e8ne (WASH &#8211; water, sanitation and hygiene) (Reyes, 2021).<\/p>\n\n\n<div class=\"wp-block-image\">\n<figure class=\"alignright size-large is-resized\"><img loading=\"lazy\" decoding=\"async\" width=\"1024\" height=\"575\" src=\"https:\/\/www.humanium.org\/fr\/wp-content\/uploads\/2024\/01\/shutterstock_1326303821-1024x575.jpg\" alt=\"\" class=\"wp-image-56311\" style=\"width:367px;height:auto\" srcset=\"https:\/\/www.humanium.org\/fr\/wp-content\/uploads\/2024\/01\/shutterstock_1326303821-1024x575.jpg 1024w, https:\/\/www.humanium.org\/fr\/wp-content\/uploads\/2024\/01\/shutterstock_1326303821-300x169.jpg 300w, https:\/\/www.humanium.org\/fr\/wp-content\/uploads\/2024\/01\/shutterstock_1326303821-768x432.jpg 768w, https:\/\/www.humanium.org\/fr\/wp-content\/uploads\/2024\/01\/shutterstock_1326303821-1536x863.jpg 1536w, https:\/\/www.humanium.org\/fr\/wp-content\/uploads\/2024\/01\/shutterstock_1326303821-2048x1151.jpg 2048w, https:\/\/www.humanium.org\/fr\/wp-content\/uploads\/2024\/01\/shutterstock_1326303821-830x466.jpg 830w, https:\/\/www.humanium.org\/fr\/wp-content\/uploads\/2024\/01\/shutterstock_1326303821-230x129.jpg 230w, https:\/\/www.humanium.org\/fr\/wp-content\/uploads\/2024\/01\/shutterstock_1326303821-350x197.jpg 350w, https:\/\/www.humanium.org\/fr\/wp-content\/uploads\/2024\/01\/shutterstock_1326303821-480x270.jpg 480w\" sizes=\"auto, (max-width: 1024px) 100vw, 1024px\" \/><\/figure>\n<\/div>\n\n\n<p class=\"wp-block-paragraph\">En Guyane, les services <a href=\"https:\/\/www.humanium.org\/fr\/comprendre-droits-enfant\/droit-a-l-eau\/\">d\u2019eau<\/a> et d\u2019assainissement sont fournis par la Guyana Water Inc (GWI). GWI g\u00e8re le seul r\u00e9seau d\u2019\u00e9gouts qui dessert 2% de la population du centre de Georgetown. Le reste de la population \u00e9limine les eaux us\u00e9es au moyen de fosses septiques (66%) et de toilettes s\u00e8ches (28%) (Reyes, 2021). L\u2019exploitation aurif\u00e8re, l\u2019\u00e9limination insuffisante des d\u00e9chets et la pollution signifient que la qualit\u00e9 de l\u2019eau dans de nombreux endroits est m\u00e9diocre, ce qui met en p\u00e9ril la sant\u00e9 et le bien-\u00eatre des enfants \u00e0 cause des maladies transmises par l\u2019eau (UNICEF, 2018).<\/p>\n\n\n\n<h3 class=\"wp-block-heading\"><strong>Droit \u00e0 l\u2019identit\u00e9<\/strong><\/h3>\n\n\n\n<p class=\"wp-block-paragraph\">Tous les enfants n\u00e9s en Guyane doivent \u00eatre enregistr\u00e9s \u00e0 la naissance en vertu des articles 18, 25 et 26 de la loi sur <a href=\"https:\/\/www.humanium.org\/fr\/situation-monde\/droit-a-l-identite\/\">l\u2019enregistrement des naissances<\/a> et des d\u00e9c\u00e8s (chapitre 44:01) du droit guyanais. Les enfants doivent \u00eatre enregistr\u00e9s par leurs parents, quel que soit leur statut l\u00e9gal ou matrimonial, et l\u2019enregistrement des naissances est gratuit. L\u2019enregistrement s\u2019effectue aupr\u00e8s du General Register Office, dont il existe 200 centres en Guyane (UNHCR, n.d).<\/p>\n\n\n\n<p class=\"wp-block-paragraph\">Le General Register Office a entrepris plusieurs initiatives pour augmenter le taux <a href=\"https:\/\/www.humanium.org\/fr\/situation-monde\/droit-a-l-identite\/\">d\u2019enregistrement des naissances<\/a> en Guyane. Il s\u2019agit notamment de la cr\u00e9ation de centres d\u2019enregistrement dans les zones rurales afin d\u2019enregistrer les naissances \u00e0 domicile et de v\u00e9rifier que tous les enfants vivant dans les zones rurales peuvent \u00eatre enregistr\u00e9s, la formation des officiers de l\u2019\u00e9tat civil pour s\u2019assurer qu\u2019ils ont les comp\u00e9tences requises pour enregistrer efficacement les naissances et le soutien des communaut\u00e9s indig\u00e8nes afin de garantir que tous les enfants poss\u00e8dent un certificat de naissance. En Guyane, m\u00eame si les enfants n\u2019ont pas besoin d\u2019un certificat de naissance pour acc\u00e9der aux services de sant\u00e9, ils en ont besoin pour \u00eatre admis \u00e0 l\u2019\u00e9cole (UNHCR, n.d).<\/p>\n\n\n\n<p class=\"wp-block-paragraph\">En vertu de la Constitution de la Guyane de 1980, tous les enfants n\u00e9s en Guyane ont le droit \u00e0 la <a href=\"https:\/\/www.humanium.org\/fr\/situation-monde\/droit-a-l-identite\/\">citoyennet\u00e9,<\/a> sauf dans les cas o\u00f9 : (1) aucun des parents n\u2019est citoyen guyanais et l\u2019un ou les deux parents b\u00e9n\u00e9ficient de l\u2019immunit\u00e9 diplomatique, (2) l\u2019un des parents est un \u00e9tranger ennemi et l\u2019enfant est n\u00e9 sous occupation par l\u2019ennemi. Les enfants n\u00e9s en dehors de la Guyane peuvent obtenir la citoyennet\u00e9 si l\u2019un de leurs parents est un ressortissant guyanais (Immigration and Refugee Board of Canada, 2008).<\/p>\n\n\n\n<h2 class=\"wp-block-heading\">Facteurs de risque \u2192 Les d\u00e9fis sp\u00e9cifiques au pays<\/h2>\n\n\n\n<h3 class=\"wp-block-heading\"><strong>Travail des enfants<\/strong><\/h3>\n\n\n\n<p class=\"wp-block-paragraph\">En 2021, le gouvernement a fait des progr\u00e8s minimes pour \u00e9liminer les pires formes de <a href=\"https:\/\/www.humanium.org\/fr\/travail-des-enfants\/\">travail des enfants<\/a> en Guyane. Le gouvernement a ratifi\u00e9 toutes les conventions internationales cl\u00e9s concernant le travail des enfants, telles que la <a href=\"https:\/\/www.humanium.org\/fr\/texte-integral-convention-138-age-minimum-emploi\/\">convention (n\u00b0 138) sur l\u2019\u00e2ge minimum de 1973<\/a> de l\u2019Organisation international du travail (OIT), <a href=\"https:\/\/www.humanium.org\/fr\/normes\/convention-c182-pires-formes-travail-enfants-1999\/\">la convention (n\u00b0 182) sur les pires formes de travail des enfants de 1999<\/a>, et le protocole de Palerme sur la traite des personnes. Malgr\u00e9 cela, des lacunes persistent dans le cadre juridique pour prot\u00e9ger suffisamment les enfants du travail (D\u00e9partement du travail des \u00c9tats-Unis, 2021).<\/p>\n\n\n\n<p class=\"wp-block-paragraph\">Les enfants de Guyane sont expos\u00e9s aux pires formes de <a href=\"https:\/\/www.humanium.org\/fr\/travail-des-enfants\/\">travail des enfants<\/a>, y compris l\u2019exploitation sexuelle \u00e0 des fins commerciales \u00e0 la suite de la <a href=\"https:\/\/www.humanium.org\/fr\/trafic-enfants\/\">traite<\/a> des personnes, principalement \u00e0 Georgetown. Ils sont aussi soumis aux pires formes de travail des enfants dans des secteurs tels que l\u2019agriculture, la production de cerises, de citrons verts, de riz, de choux, de canne \u00e0 sucre et de charbon, ainsi que le travail dans les scieries et l\u2019\u00e9levage de volaille. <\/p>\n\n\n\n<p class=\"wp-block-paragraph\">Dans l\u2019industrie et les secteurs domestiques, les enfants sont soumis au travail dans la construction, l\u2019extraction d\u2019or et de bauxite, les travaux domestiques, les bars, les restaurants et les d\u00e9p\u00f4ts de ferraille. Selon les estimations, 41% des enfants am\u00e9rindiens sont engag\u00e9s dans des travaux domestiques et 34% dans des travaux dangereux (D\u00e9partement du travail des \u00c9tats-Unis, 2021).<\/p>\n\n\n\n<p class=\"wp-block-paragraph\">En vertu de la loi sur l\u2019emploi des jeunes et des enfants, l\u2019\u00e2ge minimum d\u2019embauche est de quinze ans. La Guyane ne se conforme pas aux normes internationales en mati\u00e8re de travaux dangereux pour les enfants parce qu\u2019elle permet aux enfants \u00e2g\u00e9s de seize \u00e0 dix-sept ans d\u2019entreprendre un travail dangereux, ce qui menace leur sant\u00e9 et leur s\u00e9curit\u00e9 (D\u00e9partement du travail des \u00c9tats-Unis, 2021).<\/p>\n\n\n\n<p class=\"wp-block-paragraph\">Depuis 2021, les autorit\u00e9s charg\u00e9es de l\u2019application du droit p\u00e9nal ont pris des mesures concr\u00e8tes pour lutter contre le travail des enfants en Guyane, notamment en cr\u00e9ant un comit\u00e9 directeur national sur le travail des enfants et un groupe de travail minist\u00e9riel sur la traite des \u00eatres humains. Des politiques-cl\u00e9s ont aussi \u00e9t\u00e9 introduites, telles que la politique nationale sur le travail des enfants et le plan d\u2019action national pour l\u2019\u00e9limination du travail des enfants 2019-2025, ainsi que le plan d\u2019action 2021-2025 de l\u2019\u00e9quipe sp\u00e9ciale interminist\u00e9rielle sur la lutte contre la traite des personnes (D\u00e9partement du travail des \u00c9tats-Unis, 2021).<\/p>\n\n\n\n<p class=\"wp-block-paragraph\">En \u00e9tablissant ces politiques, les organismes d\u2019ex\u00e9cution de la loi criminelle ont pu signaler quatorze violations de <a href=\"https:\/\/www.humanium.org\/fr\/exploitation-sexuelle-enfants\/\">l\u2019exploitation sexuelle<\/a> commerciale de jeunes filles, neuf rapports sur des enfants soumis au travail forc\u00e9, quinze survivants \u00e0 l\u2019exploitation et quatorze cas de <a href=\"https:\/\/www.humanium.org\/fr\/trafic-enfants\/\">traite des enfants<\/a>, dont huit survivants \u00e9taient \u00e2g\u00e9s de moins de dix-huit ans (D\u00e9partement du travail des \u00c9tats-Unis, 2021).&nbsp;<\/p>\n\n\n\n<h3 class=\"wp-block-heading\"><strong>La grossesse d\u2019adolescentes<\/strong><\/h3>\n\n\n<div class=\"wp-block-image\">\n<figure class=\"alignleft size-large is-resized\"><img loading=\"lazy\" decoding=\"async\" width=\"1024\" height=\"683\" src=\"https:\/\/www.humanium.org\/fr\/wp-content\/uploads\/2024\/01\/shutterstock_2356934429-1024x683.jpg\" alt=\"\" class=\"wp-image-56309\" style=\"width:306px;height:auto\" srcset=\"https:\/\/www.humanium.org\/fr\/wp-content\/uploads\/2024\/01\/shutterstock_2356934429-1024x683.jpg 1024w, https:\/\/www.humanium.org\/fr\/wp-content\/uploads\/2024\/01\/shutterstock_2356934429-300x200.jpg 300w, https:\/\/www.humanium.org\/fr\/wp-content\/uploads\/2024\/01\/shutterstock_2356934429-768x512.jpg 768w, https:\/\/www.humanium.org\/fr\/wp-content\/uploads\/2024\/01\/shutterstock_2356934429-1536x1024.jpg 1536w, https:\/\/www.humanium.org\/fr\/wp-content\/uploads\/2024\/01\/shutterstock_2356934429-2048x1365.jpg 2048w, https:\/\/www.humanium.org\/fr\/wp-content\/uploads\/2024\/01\/shutterstock_2356934429-830x553.jpg 830w, https:\/\/www.humanium.org\/fr\/wp-content\/uploads\/2024\/01\/shutterstock_2356934429-230x153.jpg 230w, https:\/\/www.humanium.org\/fr\/wp-content\/uploads\/2024\/01\/shutterstock_2356934429-350x233.jpg 350w, https:\/\/www.humanium.org\/fr\/wp-content\/uploads\/2024\/01\/shutterstock_2356934429-480x320.jpg 480w, https:\/\/www.humanium.org\/fr\/wp-content\/uploads\/2024\/01\/shutterstock_2356934429-272x182.jpg 272w\" sizes=\"auto, (max-width: 1024px) 100vw, 1024px\" \/><\/figure>\n<\/div>\n\n\n<p class=\"wp-block-paragraph\">Au niveau r\u00e9gional, la Guyane a l\u2019un des taux les plus \u00e9lev\u00e9s de <a href=\"https:\/\/www.humanium.org\/fr\/sexualite-des-adolescents\/\">grossesse d&rsquo;adolescentes<\/a>, avec 66,5 adolescentes sur 1 000 qui accouchent chaque ann\u00e9e. Sur une p\u00e9riode de 20 ans, entre 1997 et 2016, une adolescente sur cinq a accouch\u00e9 en Guyane. En 2013, inspir\u00e9 par la \u00ab Safe Motherhood Initiative \u00bb d\u00e9ploy\u00e9e au Kenya, le gouvernement guyanais a mis en place des cliniques de <a href=\"https:\/\/www.humanium.org\/fr\/sexualite-des-adolescents\/\">grossesse pour adolescentes<\/a> et une \u00ab Safe Motherhood Initiative \u00bb, qui a \u00e9t\u00e9 lanc\u00e9e par le d\u00e9partement de la sant\u00e9 maternelle et infantile du Minist\u00e8re de la Sant\u00e9 publique.<\/p>\n\n\n\n<p class=\"wp-block-paragraph\">En 2018, le Minist\u00e8re de la Sant\u00e9 publique a collabor\u00e9 avec l\u2019UNICEF pour r\u00e9aliser une analyse de la situation des grossesses chez les adolescentes en Guyane afin de pr\u00e9venir les grossesses adolescentes, susciter une prise de conscience par la population, \u00e9laborer des programmes <a href=\"https:\/\/www.humanium.org\/fr\/sexualite-des-adolescents\/\">d\u2019\u00e9ducation sexuelle et reproductive<\/a> et am\u00e9liorer les cadres juridiques (UNICEF, 2018).<\/p>\n\n\n\n<p class=\"wp-block-paragraph\">Malgr\u00e9 ces efforts, les taux de grossesse chez les adolescentes sont \u00e9lev\u00e9s et peuvent \u00eatre attribu\u00e9s \u00e0 un manque d\u2019\u00e9ducation compl\u00e8te sur la <a href=\"https:\/\/www.humanium.org\/fr\/sexualite-des-adolescents\/\">sant\u00e9 sexuelle et reproductive<\/a>, \u00e0 la pauvret\u00e9, au manque d\u2019acc\u00e8s aux contraceptifs, aux comportements sexuels \u00e0 risques et non prot\u00e9g\u00e9s, ainsi qu\u2019\u00e0 <a href=\"https:\/\/www.humanium.org\/fr\/la-maltraitance-des-enfants\/\">la violence<\/a> et aux <a href=\"https:\/\/www.humanium.org\/fr\/la-maltraitance-des-enfants\/\">abus sexuels<\/a>. D\u2019autres facteurs, comme l\u2019augmentation des taux d\u2019abandon scolaire, la vie dans des foyers monoparentaux et la vie dans des maisons surpeupl\u00e9es, contribuent davantage \u00e0 ce probl\u00e8me (UNICEF, 2018).<\/p>\n\n\n\n<h3 class=\"wp-block-heading\"><strong>Violence contre les enfants<\/strong><\/h3>\n\n\n\n<p class=\"wp-block-paragraph\"><a href=\"https:\/\/www.humanium.org\/fr\/violences\/\">La violence<\/a> est r\u00e9pandue en Guyane et affecte les enfants quel que soit leur groupe ethnique, leur sexe, leur milieu socio-\u00e9conomique ou la zone urbaine ou rurale. Cependant, les <a href=\"https:\/\/www.humanium.org\/fr\/enfants-handicapes\/\">enfants handicap\u00e9s<\/a> et <a href=\"https:\/\/www.humanium.org\/fr\/discriminations\/enfants-lgbtq\/\">LGBTQ<\/a> sont per\u00e7us comme des cibles faciles et sont victimes de violence de mani\u00e8re disproportionn\u00e9e. De plus, en Guyane, <a href=\"https:\/\/www.humanium.org\/fr\/la-maltraitance-des-enfants\/\">la violence physique<\/a> est g\u00e9n\u00e9ralement consid\u00e9r\u00e9e comme une m\u00e9thode acceptable de discipline (UNICEF, 2019).<\/p>\n\n\n\n<p class=\"wp-block-paragraph\">Plusieurs \u00e9l\u00e9ments sont \u00e0 l\u2019origine de la violence contre les enfants dans le pays. Ces catalyseurs sont typiquement li\u00e9s \u00e0 la <a href=\"https:\/\/www.humanium.org\/fr\/pauvrete\/\">pauvret\u00e9,<\/a> \u00e0 la <a href=\"https:\/\/www.humanium.org\/fr\/droit-a-l-alimentation-3\/\">faim<\/a>, \u00e0 l\u2019alcoolisme et \u00e0 l\u2019abus de drogues. Ainsi, les enfants qui vivent dans des \u00e9tablissements d\u2019accueil ou qui viennent des communaut\u00e9s vuln\u00e9rables sont les plus susceptibles de subir des abus. Les abus ont tendance \u00e0 avoir lieu indiff\u00e9remment quels que soient les groupes ethniques ou le sexe (UNICEF, 2019).<\/p>\n\n\n\n<h3 class=\"wp-block-heading\"><a href=\"https:\/\/www.humanium.org\/fr\/la-maltraitance-des-enfants\/\"><strong>Le ch\u00e2timent corporel<\/strong><\/a><\/h3>\n\n\n\n<p class=\"wp-block-paragraph\">En Guyane, le <a href=\"https:\/\/www.humanium.org\/fr\/la-maltraitance-des-enfants\/\">ch\u00e2timent corporel<\/a> est l\u00e9gal \u00e0 la maison, dans les centres de soins alternatifs, dans les cr\u00e8ches, dans les \u00e9coles et dans les \u00e9tablissements p\u00e9nitentiaires. En milieu scolaire, le ch\u00e2timent corporel est permis en vertu de la section 9(A) de la loi de 1894 du droit p\u00e9nal (infractions), qui garantit \u00ab le droit du gardien ou de l\u2019enseignant d\u2019un enfant d\u2019administrer une punition raisonnable et appropri\u00e9e \u00e0 l\u2019enfant&nbsp;\u00bb. Le ch\u00e2timent corporel ne peut \u00eatre administr\u00e9 que par le chef d\u2019\u00e9tablissement, le chef d\u2019\u00e9tablissement adjoint ou un enseignant principal d\u00e9sign\u00e9 pour les bagarres et le langage grossier<strong> <\/strong>\u00e0 l\u2019\u00e9cole (End Violence Against Children, 2020).&nbsp;<\/p>\n\n\n\n<p class=\"wp-block-paragraph\">La punition varie pour les filles et les gar\u00e7ons. Pour les gar\u00e7ons, elle doit \u00eatre administr\u00e9e sur les mains ou les fesses et pour les filles, sur les mains. Elle ne peut \u00eatre inflig\u00e9e qu\u2019avec une canne ou une sangle d\u2019une longueur de 24 pouces ou moins et doit \u00eatre not\u00e9e dans un \u00ab carnet de d\u00e9lits \u00bb (End Violence Against Children, 2020).<\/p>\n\n\n\n<p class=\"wp-block-paragraph\">Dans son Observation finale de 2013, le Comit\u00e9 sur les droits de l\u2019enfant a exhort\u00e9 le gouvernement \u00e0 aborder et \u00e0 interdire toutes les questions li\u00e9es aux <a href=\"https:\/\/www.humanium.org\/fr\/la-maltraitance-des-enfants\/\">ch\u00e2timents corporels<\/a> inflig\u00e9s aux enfants dans tous les contextes. La question des ch\u00e2timents corporels a \u00e9galement suscit\u00e9 l\u2019inqui\u00e9tude du Comit\u00e9 contre la torture, du Comit\u00e9 des droits de l\u2019Homme et du Comit\u00e9 pour l\u2019\u00e9limination de la discrimination contre les femmes. Ces comit\u00e9s ont encourag\u00e9 le gouvernement \u00e0 interdire les ch\u00e2timents corporels dans tous les contextes et \u00e0 organiser des campagnes de sensibilisation (End Violence Against Children, 2020).<\/p>\n\n\n\n<h3 class=\"wp-block-heading\"><a href=\"https:\/\/www.humanium.org\/fr\/justice-juvenile\/\"><strong>Justice juv\u00e9nile<\/strong><\/a><\/h3>\n\n\n\n<p class=\"wp-block-paragraph\">Malgr\u00e9 les pr\u00e9occupations soulev\u00e9es et les recommandations du Comit\u00e9 des droits de l\u2019enfant en ce qui concerne les pratiques inhumaines de d\u00e9termination de la peine des enfants, les jeunes de Guyane sont toujours soumis \u00e0 des <a href=\"https:\/\/www.humanium.org\/fr\/la-maltraitance-des-enfants\/\">ch\u00e2timents corporels<\/a> et \u00e0 des condamnations inhumaines. En vertu de la loi de 1931 sur la d\u00e9linquance juv\u00e9nile, l\u2019\u00e2ge minimum pour la responsabilit\u00e9 p\u00e9nale en Guyane est de dix ans et les enfants peuvent \u00eatre soumis \u00e0 des peines pour adultes d\u00e8s l\u2019\u00e2ge de dix-sept ans. De la m\u00eame fa\u00e7on, en vertu de cette loi, on d\u00e9finit un enfant comme ayant moins de quatorze ans, un jeune comme ayant entre quatorze et seize ans et un <a href=\"https:\/\/www.humanium.org\/fr\/justice-juvenile\/\">mineur<\/a> comme ayant moins de dix-sept ans (CRIN, 2010).<\/p>\n\n\n\n<p class=\"wp-block-paragraph\">Pour des crimes tels que le meurtre ou l\u2019homicide involontaire, un enfant de moins de dix-huit ans peut \u00eatre jug\u00e9 comme un adulte et, s\u2019il est d\u00e9clar\u00e9 coupable, \u00eatre condamn\u00e9 \u00e0 la prison \u00e0 vie. Pour les gar\u00e7ons \u00e2g\u00e9s de dix-sept ans et plus, les <a href=\"https:\/\/www.humanium.org\/fr\/la-maltraitance-des-enfants\/\">ch\u00e2timents corporels<\/a> sont consid\u00e9r\u00e9s comme une mesure ad\u00e9quate, alors qu\u2019il est strictement interdit de fustiger les filles (CRIN, 2010).<\/p>\n\n\n\n<h3 class=\"wp-block-heading\"><strong>D\u00e9fis environnementaux<\/strong><\/h3>\n\n\n<div class=\"wp-block-image\">\n<figure class=\"alignright size-large is-resized\"><img loading=\"lazy\" decoding=\"async\" width=\"1024\" height=\"683\" src=\"https:\/\/www.humanium.org\/fr\/wp-content\/uploads\/2024\/01\/shutterstock_1399818353-1024x683.jpg\" alt=\"\" class=\"wp-image-56312\" style=\"width:337px;height:auto\" srcset=\"https:\/\/www.humanium.org\/fr\/wp-content\/uploads\/2024\/01\/shutterstock_1399818353-1024x683.jpg 1024w, https:\/\/www.humanium.org\/fr\/wp-content\/uploads\/2024\/01\/shutterstock_1399818353-300x200.jpg 300w, https:\/\/www.humanium.org\/fr\/wp-content\/uploads\/2024\/01\/shutterstock_1399818353-768x512.jpg 768w, https:\/\/www.humanium.org\/fr\/wp-content\/uploads\/2024\/01\/shutterstock_1399818353-1536x1024.jpg 1536w, https:\/\/www.humanium.org\/fr\/wp-content\/uploads\/2024\/01\/shutterstock_1399818353-2048x1365.jpg 2048w, https:\/\/www.humanium.org\/fr\/wp-content\/uploads\/2024\/01\/shutterstock_1399818353-830x553.jpg 830w, https:\/\/www.humanium.org\/fr\/wp-content\/uploads\/2024\/01\/shutterstock_1399818353-230x153.jpg 230w, https:\/\/www.humanium.org\/fr\/wp-content\/uploads\/2024\/01\/shutterstock_1399818353-350x233.jpg 350w, https:\/\/www.humanium.org\/fr\/wp-content\/uploads\/2024\/01\/shutterstock_1399818353-480x320.jpg 480w, https:\/\/www.humanium.org\/fr\/wp-content\/uploads\/2024\/01\/shutterstock_1399818353-272x182.jpg 272w\" sizes=\"auto, (max-width: 1024px) 100vw, 1024px\" \/><\/figure>\n<\/div>\n\n\n<p class=\"wp-block-paragraph\">La d\u00e9gradation de l\u2019environnement et le <a href=\"https:\/\/www.humanium.org\/fr\/changement-climatique\/\">changement climatique<\/a> ont un impact significatif sur les enfants de Guyane. Parmi les effets n\u00e9gatifs du changement climatique sur les enfants de Guyane, il y a notamment la filariose et le paludisme. Ces maladies sont caus\u00e9es par les inondations, qui laissent des mares d\u2019eau stagnante, qui favorisent la reproduction des moustiques. Durant les p\u00e9riodes de s\u00e9cheresse, en particulier dans les r\u00e9gions int\u00e9rieures du pays, les niveaux d\u2019eau restent consid\u00e9rablement bas en raison de la chaleur intense. Ces conditions climatiques intenses affectent l\u2019assiduit\u00e9 scolaire des enfants et les \u00e9coles demeurent souvent ferm\u00e9es (UNICEF, 2018).<\/p>\n\n\n\n<p class=\"wp-block-paragraph\">Pendant les p\u00e9riodes de pluies intenses ou de s\u00e9cheresse, les ressources hydriques risquent d\u2019\u00eatre contamin\u00e9es en raison d\u2019un mauvais assainissement et de puits peu profonds. A cause de ces conditions extr\u00eames, les familles guyanaises sont pouss\u00e9es \u00e0 se d\u00e9placer vers des zones plus s\u00fbres (UNICEF, 2018). Le <a href=\"https:\/\/www.humanium.org\/fr\/changement-climatique\/\">changement climatique<\/a> a aussi eu un impact sur la s\u00e9curit\u00e9 alimentaire des enfants dans les zones c\u00f4ti\u00e8res et de l\u2019arri\u00e8re-pays de la Guyane. \u00c0 cause de la s\u00e9cheresse, les r\u00e9coltes telles que le manioc, qui font partie du r\u00e9gime de base des Am\u00e9rindiens, sont insuffisantes et rares (UNICEF, 2018).<\/p>\n\n\n\n<p class=\"wp-block-paragraph\">Le <a href=\"https:\/\/www.humanium.org\/fr\/changement-climatique\/\">changement climatique<\/a> est \u00e9galement catalyseur de futurs probl\u00e8mes pour les enfants. Les catastrophes naturelles et l&rsquo;inaccessibilit\u00e9 de la nourriture, de l\u2019eau, et des sources d\u2019\u00e9nergie forcent les enfants \u00e0 agir en tant que soutien familial, ce qui leur laisse moins de temps pour aller \u00e0 l\u2019\u00e9cole. <\/p>\n\n\n\n<p class=\"wp-block-paragraph\">Cette situation est encore aggrav\u00e9e lorsque les familles ont besoin des enfants pour gagner de l\u2019argent afin de soutenir la maison, \u00e0 cause des difficult\u00e9s li\u00e9es au climat. Les changements climatiques et les catastrophes telles que les inondations peuvent \u00e9galement exiger des d\u00e9placements permanents, poussant les enfants dans des abris dangereux avec des installations sanitaires inad\u00e9quates et un risque accru d\u2019abus (UNICEF, 2018).<\/p>\n\n\n\n<p class=\"wp-block-paragraph\"><em><strong>\u00c9crit par Vanessa Cezarita Cordeiro<\/strong><\/em><\/p>\n\n\n\n<p class=\"wp-block-paragraph\"><em><strong>Relu en interne par Aditi Partha<\/strong><\/em><\/p>\n\n\n\n<p class=\"wp-block-paragraph\"><em><strong>Traduit par Katie McCullagh<\/strong><\/em><\/p>\n\n\n\n<p class=\"wp-block-paragraph\"><em><strong>Relu par Ania Beznia<\/strong><\/em><\/p>\n\n\n\n<p class=\"wp-block-paragraph\"><em><strong>Mis \u00e0 jour le 13 novembre 2022<\/strong><\/em><\/p>\n\n\n\n<h4 class=\"wp-block-heading\"><strong>References:<\/strong><\/h4>\n\n\n\n<p class=\"has-small-font-size wp-block-paragraph\">CRIN. (2013, February 13). <a href=\"https:\/\/archive.crin.org\/en\/library\/publications\/guyana-national-laws.html\" target=\"_blank\" rel=\"noreferrer noopener\">\u201cGuyana: national laws.\u201d<\/a> Retrieved from Child Rights International Network, accessed on 25 October 2022.&nbsp;<\/p>\n\n\n\n<p class=\"has-small-font-size wp-block-paragraph\">CRIN. (2010, December). \u201c<a href=\"https:\/\/archive.crin.org\/sites\/default\/files\/inhuman_sentencing_of_children_in_guyana.pdf\" target=\"_blank\" rel=\"noreferrer noopener\">Inhuman sentencing of children in Guyana.\u201d<\/a> Retrieved from Child Rights International Network, accessed on 25 October 2022.&nbsp;<\/p>\n\n\n\n<p class=\"has-small-font-size wp-block-paragraph\">End Violence Against Children. (2020, June). <a href=\"http:\/\/www.endcorporalpunishment.org\/wp-content\/uploads\/country-reports\/Guyana.pdf\" target=\"_blank\" rel=\"noreferrer noopener\">\u201cCorporal punishment of children in Guyana.\u201d<\/a> Retrieved from End Corporal Punishment, accessed on 25 October 2022.&nbsp;<\/p>\n\n\n\n<p class=\"has-small-font-size wp-block-paragraph\">Immigration and Refugee Board of Canada. (2008, August 25). <a href=\"https:\/\/www.refworld.org\/docid\/492ac7c9c.html\" target=\"_blank\" rel=\"noreferrer noopener\">\u201cGuyana: Citizenship laws, including methods by which a person may obtain citizenship; whether dual citizenship is recognized and if so, how it is acquired; process for renouncing citizenship and related documentation; grounds for revoking citizenship.\u201d<\/a> Retrieved from Canada: Immigration and Refugee Board of Canada, accessed on 12 November 2022.&nbsp;<\/p>\n\n\n\n<p class=\"has-small-font-size wp-block-paragraph\">Menke, J.K., Richardson, B.C. (2022, October 18). <a href=\"https:\/\/www.britannica.com\/place\/Guyana\" target=\"_blank\" rel=\"noreferrer noopener\">\u201cGuyana.\u201d<\/a> Retrieved from Encyclopaedia Britannica, accessed on 25 October 2022.&nbsp;<\/p>\n\n\n\n<p class=\"has-small-font-size wp-block-paragraph\">Reyes, M., &amp; Ramjag, L. (2021, July 13). <a href=\"https:\/\/blogs.iadb.org\/agua\/en\/sanitation-guyana-improving-lives\/\" target=\"_blank\" rel=\"noreferrer noopener\">\u201cImproving lives through adequate sanitation in Guyana.\u201d<\/a> Retrieved from Inter-American Development Bank, accessed on 12 November 2022.&nbsp;&nbsp;<\/p>\n\n\n\n<p class=\"has-small-font-size wp-block-paragraph\">UNICEF. (2019, June). <a href=\"https:\/\/www.unicef.org\/guyanasuriname\/reports\/study-social-norms-violence-against-children\" target=\"_blank\" rel=\"noreferrer noopener\">\u201cStudy of social norms in Guyana as it pertains to sexual, physical and emotional violence against children.\u201d<\/a> Retrieved from UNICEF Guyana and Suriname, accessed on 26 October 2022.&nbsp;<\/p>\n\n\n\n<p class=\"has-small-font-size wp-block-paragraph\">UNICEF. (2018, December). <a href=\"https:\/\/www.unicef.org\/guyanasuriname\/reports\/situation-analysis-adolescent-pregnancy-guyana\" target=\"_blank\" rel=\"noreferrer noopener\">\u201cSituation analysis of adolescent pregnancy in Guyana.\u201d<\/a> Retrieved from UNICEF Guyana and Suriname, accessed on 26 October 2022.&nbsp;<\/p>\n\n\n\n<p class=\"has-small-font-size wp-block-paragraph\">UNICEF. (2018). \u201c<a href=\"https:\/\/www.unicef.org\/guyanasuriname\/media\/686\/file\/Climate-landscape-analysis-for-children-report.pdf\" target=\"_blank\" rel=\"noreferrer noopener\">Climate landscape analysis for children: An assessment of the impact of climate, energy and environment on children in Guyana.\u201d<\/a> Retrieved from UNICEF Guyana and Suriname, accessed on 12 November 2022.&nbsp;<\/p>\n\n\n\n<p class=\"has-small-font-size wp-block-paragraph\">UNESCO. (2007). \u201cPrinciples and general objectives of education in Guyana.\u201d Retrieved from World Data on Education, accessed on 12 November 2022.&nbsp;<\/p>\n\n\n\n<p class=\"has-small-font-size wp-block-paragraph\">UNHCR. (n.d). <a href=\"https:\/\/www.ohchr.org\/sites\/default\/files\/Documents\/Issues\/Children\/BirthRegistration\/Guyana_contribution.docx\" target=\"_blank\" rel=\"noreferrer noopener\">\u201cBirth registration legal framework.\u201d<\/a> Retrieved from Office of the United Nations High Commissioner for Human Rights, accessed 12 November 2022.&nbsp;<\/p>\n\n\n\n<p class=\"has-small-font-size wp-block-paragraph\">US Department of Labour. (2021). <a href=\"https:\/\/www.dol.gov\/agencies\/ilab\/resources\/reports\/child-labor\/guyana\" target=\"_blank\" rel=\"noreferrer noopener\">\u201c2021 Findings on the Worst Forms of Child Labour.\u201d<\/a> Retrieved from U.S Department of Labour Bureau of International Labour Affairs, accessed on 26 October 2022.&nbsp;<\/p>\n\n\n\n<p class=\"has-small-font-size wp-block-paragraph\">World Bank. (2022, June 10). <a href=\"https:\/\/www.worldbank.org\/en\/news\/press-release\/2022\/06\/10\/education-in-guyana-to-be-improved-with-us-44m-world-bank-project\" target=\"_blank\" rel=\"noreferrer noopener\">\u201cEducation in Guyana to be improved with US$44M World Bank Project.\u201d<\/a> Retrieved from The World Bank, accessed on 12 November 2022.&nbsp;<\/p>\n\n\n\n<hr class=\"wp-block-separator has-alpha-channel-opacity\"\/>\n\n\n\n<p class=\"has-small-font-size wp-block-paragraph\"><a href=\"#_ftnref1\">[1]<\/a> &nbsp;Cet article ne vise pas \u00e0 donner un compte-rendu repr\u00e9sentatif ou complet des droits de l\u2019enfant en Guyane. En effet, l\u2019un des d\u00e9fis est le manque d\u2019informations actualis\u00e9es sur les enfants de Guyane, beaucoup n\u2019\u00e9tant pas fiables, peu repr\u00e9sentatives, d\u00e9pass\u00e9es ou simplement inexistantes.&nbsp;<\/p>\n","protected":false},"excerpt":{"rendered":"<p>Concr\u00e9tiser les droits de l&rsquo;enfant en Guyana Les enfants en Guyane sont confront\u00e9s \u00e0 plusieurs d\u00e9fis-cl\u00e9s qui emp\u00eachent la r\u00e9alisation de leurs droits humains. \u00c0 cause de leur situation g\u00e9ographique, les effets catalyseurs du changement climatique et des catastrophes naturelles pr\u00e9sentent de nombreux d\u00e9fis. Le plus pressant, c\u2019est que les enfants risquent d\u2019\u00eatre soumis aux [&hellip;]<\/p>\n","protected":false},"author":65,"featured_media":0,"parent":0,"menu_order":0,"comment_status":"closed","ping_status":"closed","template":"","meta":{"footnotes":""},"class_list":["post-21983","page","type-page","status-publish","hentry"],"yoast_head":"<!-- This site is optimized with the Yoast SEO plugin v28.3 - https:\/\/yoast.com\/product\/yoast-seo-wordpress\/ -->\n<title>Enfants de Guyana - Humanium<\/title>\n<meta name=\"description\" content=\"Les enfants de Guyane sont soumis \u00e0 des probl\u00e8mes tels que le travail des enfants, les ch\u00e2timents corporels, la violence et les grossesses pr\u00e9coces.\" \/>\n<meta name=\"robots\" content=\"index, follow, max-snippet:-1, max-image-preview:large, max-video-preview:-1\" \/>\n<link rel=\"canonical\" href=\"https:\/\/www.humanium.org\/fr\/guyana\/\" \/>\n<meta property=\"og:locale\" content=\"fr_FR\" \/>\n<meta property=\"og:type\" content=\"article\" \/>\n<meta property=\"og:title\" content=\"Enfants de Guyana - Humanium\" \/>\n<meta property=\"og:description\" content=\"Les enfants de Guyane sont soumis \u00e0 des probl\u00e8mes tels que le travail des enfants, les ch\u00e2timents corporels, la violence et les grossesses pr\u00e9coces.\" \/>\n<meta property=\"og:url\" content=\"https:\/\/www.humanium.org\/fr\/guyana\/\" \/>\n<meta property=\"og:site_name\" content=\"Humanium\" \/>\n<meta property=\"article:modified_time\" content=\"2025-12-10T02:43:27+00:00\" \/>\n<meta property=\"og:image\" content=\"https:\/\/www.humanium.org\/fr\/wp-content\/uploads\/2024\/01\/Shutterstock_2014207139.jpg\" \/>\n\t<meta property=\"og:image:width\" content=\"400\" \/>\n\t<meta property=\"og:image:height\" content=\"400\" \/>\n\t<meta property=\"og:image:type\" content=\"image\/jpeg\" \/>\n<meta name=\"twitter:card\" content=\"summary_large_image\" \/>\n<meta name=\"twitter:label1\" content=\"Dur\u00e9e de lecture estim\u00e9e\" \/>\n\t<meta name=\"twitter:data1\" content=\"22 minutes\" \/>\n<script type=\"application\/ld+json\" class=\"yoast-schema-graph\">{\"@context\":\"https:\\\/\\\/schema.org\",\"@graph\":[{\"@type\":\"WebPage\",\"@id\":\"https:\\\/\\\/www.humanium.org\\\/fr\\\/guyana\\\/\",\"url\":\"https:\\\/\\\/www.humanium.org\\\/fr\\\/guyana\\\/\",\"name\":\"Enfants de Guyana - Humanium\",\"isPartOf\":{\"@id\":\"https:\\\/\\\/www.humanium.org\\\/fr\\\/#website\"},\"primaryImageOfPage\":{\"@id\":\"https:\\\/\\\/www.humanium.org\\\/fr\\\/guyana\\\/#primaryimage\"},\"image\":{\"@id\":\"https:\\\/\\\/www.humanium.org\\\/fr\\\/guyana\\\/#primaryimage\"},\"thumbnailUrl\":\"https:\\\/\\\/www.humanium.org\\\/fr\\\/wp-content\\\/uploads\\\/2024\\\/01\\\/Shutterstock_2014207139.jpg\",\"datePublished\":\"2012-09-24T17:09:50+00:00\",\"dateModified\":\"2025-12-10T02:43:27+00:00\",\"description\":\"Les enfants de Guyane sont soumis \u00e0 des probl\u00e8mes tels que le travail des enfants, les ch\u00e2timents corporels, la violence et les grossesses pr\u00e9coces.\",\"breadcrumb\":{\"@id\":\"https:\\\/\\\/www.humanium.org\\\/fr\\\/guyana\\\/#breadcrumb\"},\"inLanguage\":\"fr-FR\",\"potentialAction\":[{\"@type\":\"ReadAction\",\"target\":[\"https:\\\/\\\/www.humanium.org\\\/fr\\\/guyana\\\/\"]}]},{\"@type\":\"ImageObject\",\"inLanguage\":\"fr-FR\",\"@id\":\"https:\\\/\\\/www.humanium.org\\\/fr\\\/guyana\\\/#primaryimage\",\"url\":\"https:\\\/\\\/www.humanium.org\\\/fr\\\/wp-content\\\/uploads\\\/2024\\\/01\\\/Shutterstock_2014207139.jpg\",\"contentUrl\":\"https:\\\/\\\/www.humanium.org\\\/fr\\\/wp-content\\\/uploads\\\/2024\\\/01\\\/Shutterstock_2014207139.jpg\",\"width\":400,\"height\":400},{\"@type\":\"BreadcrumbList\",\"@id\":\"https:\\\/\\\/www.humanium.org\\\/fr\\\/guyana\\\/#breadcrumb\",\"itemListElement\":[{\"@type\":\"ListItem\",\"position\":1,\"name\":\"Home\",\"item\":\"https:\\\/\\\/www.humanium.org\\\/fr\\\/\"},{\"@type\":\"ListItem\",\"position\":2,\"name\":\"Enfants de Guyana\"}]},{\"@type\":\"WebSite\",\"@id\":\"https:\\\/\\\/www.humanium.org\\\/fr\\\/#website\",\"url\":\"https:\\\/\\\/www.humanium.org\\\/fr\\\/\",\"name\":\"Humanium\",\"description\":\"Les enfants d\u2019abord !\",\"potentialAction\":[{\"@type\":\"SearchAction\",\"target\":{\"@type\":\"EntryPoint\",\"urlTemplate\":\"https:\\\/\\\/www.humanium.org\\\/fr\\\/?s={search_term_string}\"},\"query-input\":{\"@type\":\"PropertyValueSpecification\",\"valueRequired\":true,\"valueName\":\"search_term_string\"}}],\"inLanguage\":\"fr-FR\"}]}<\/script>\n<!-- \/ Yoast SEO plugin. -->","yoast_head_json":{"title":"Enfants de Guyana - Humanium","description":"Les enfants de Guyane sont soumis \u00e0 des probl\u00e8mes tels que le travail des enfants, les ch\u00e2timents corporels, la violence et les grossesses pr\u00e9coces.","robots":{"index":"index","follow":"follow","max-snippet":"max-snippet:-1","max-image-preview":"max-image-preview:large","max-video-preview":"max-video-preview:-1"},"canonical":"https:\/\/www.humanium.org\/fr\/guyana\/","og_locale":"fr_FR","og_type":"article","og_title":"Enfants de Guyana - Humanium","og_description":"Les enfants de Guyane sont soumis \u00e0 des probl\u00e8mes tels que le travail des enfants, les ch\u00e2timents corporels, la violence et les grossesses pr\u00e9coces.","og_url":"https:\/\/www.humanium.org\/fr\/guyana\/","og_site_name":"Humanium","article_modified_time":"2025-12-10T02:43:27+00:00","og_image":[{"width":400,"height":400,"url":"https:\/\/www.humanium.org\/fr\/wp-content\/uploads\/2024\/01\/Shutterstock_2014207139.jpg","type":"image\/jpeg"}],"twitter_card":"summary_large_image","twitter_misc":{"Dur\u00e9e de lecture estim\u00e9e":"22 minutes"},"schema":{"@context":"https:\/\/schema.org","@graph":[{"@type":"WebPage","@id":"https:\/\/www.humanium.org\/fr\/guyana\/","url":"https:\/\/www.humanium.org\/fr\/guyana\/","name":"Enfants de Guyana - Humanium","isPartOf":{"@id":"https:\/\/www.humanium.org\/fr\/#website"},"primaryImageOfPage":{"@id":"https:\/\/www.humanium.org\/fr\/guyana\/#primaryimage"},"image":{"@id":"https:\/\/www.humanium.org\/fr\/guyana\/#primaryimage"},"thumbnailUrl":"https:\/\/www.humanium.org\/fr\/wp-content\/uploads\/2024\/01\/Shutterstock_2014207139.jpg","datePublished":"2012-09-24T17:09:50+00:00","dateModified":"2025-12-10T02:43:27+00:00","description":"Les enfants de Guyane sont soumis \u00e0 des probl\u00e8mes tels que le travail des enfants, les ch\u00e2timents corporels, la violence et les grossesses pr\u00e9coces.","breadcrumb":{"@id":"https:\/\/www.humanium.org\/fr\/guyana\/#breadcrumb"},"inLanguage":"fr-FR","potentialAction":[{"@type":"ReadAction","target":["https:\/\/www.humanium.org\/fr\/guyana\/"]}]},{"@type":"ImageObject","inLanguage":"fr-FR","@id":"https:\/\/www.humanium.org\/fr\/guyana\/#primaryimage","url":"https:\/\/www.humanium.org\/fr\/wp-content\/uploads\/2024\/01\/Shutterstock_2014207139.jpg","contentUrl":"https:\/\/www.humanium.org\/fr\/wp-content\/uploads\/2024\/01\/Shutterstock_2014207139.jpg","width":400,"height":400},{"@type":"BreadcrumbList","@id":"https:\/\/www.humanium.org\/fr\/guyana\/#breadcrumb","itemListElement":[{"@type":"ListItem","position":1,"name":"Home","item":"https:\/\/www.humanium.org\/fr\/"},{"@type":"ListItem","position":2,"name":"Enfants de Guyana"}]},{"@type":"WebSite","@id":"https:\/\/www.humanium.org\/fr\/#website","url":"https:\/\/www.humanium.org\/fr\/","name":"Humanium","description":"Les enfants d\u2019abord !","potentialAction":[{"@type":"SearchAction","target":{"@type":"EntryPoint","urlTemplate":"https:\/\/www.humanium.org\/fr\/?s={search_term_string}"},"query-input":{"@type":"PropertyValueSpecification","valueRequired":true,"valueName":"search_term_string"}}],"inLanguage":"fr-FR"}]}},"_links":{"self":[{"href":"https:\/\/www.humanium.org\/fr\/wp-json\/wp\/v2\/pages\/21983","targetHints":{"allow":["GET"]}}],"collection":[{"href":"https:\/\/www.humanium.org\/fr\/wp-json\/wp\/v2\/pages"}],"about":[{"href":"https:\/\/www.humanium.org\/fr\/wp-json\/wp\/v2\/types\/page"}],"author":[{"embeddable":true,"href":"https:\/\/www.humanium.org\/fr\/wp-json\/wp\/v2\/users\/65"}],"replies":[{"embeddable":true,"href":"https:\/\/www.humanium.org\/fr\/wp-json\/wp\/v2\/comments?post=21983"}],"version-history":[{"count":18,"href":"https:\/\/www.humanium.org\/fr\/wp-json\/wp\/v2\/pages\/21983\/revisions"}],"predecessor-version":[{"id":61021,"href":"https:\/\/www.humanium.org\/fr\/wp-json\/wp\/v2\/pages\/21983\/revisions\/61021"}],"wp:attachment":[{"href":"https:\/\/www.humanium.org\/fr\/wp-json\/wp\/v2\/media?parent=21983"}],"curies":[{"name":"wp","href":"https:\/\/api.w.org\/{rel}","templated":true}]}}