{"id":22006,"date":"2013-01-03T14:14:34","date_gmt":"2013-01-03T14:14:34","guid":{"rendered":"http:\/\/www.humanium.org\/fr\/?page_id=22006"},"modified":"2025-12-05T13:25:39","modified_gmt":"2025-12-05T13:25:39","slug":"timor-oriental","status":"publish","type":"page","link":"https:\/\/www.humanium.org\/fr\/timor-oriental\/","title":{"rendered":"Enfants du Timor-Oriental"},"content":{"rendered":"<h1>Enfants du Timor-Oriental<\/h1>\n<h2>Concr\u00e9tiser les droits de l&rsquo;enfant au Timor-Oriental<\/h2>\n<p style=\"text-align: center;\"><img loading=\"lazy\" decoding=\"async\" class=\"alignnone wp-image-27481\" title=\"Fillette du Timor \u00a9 United Nations Photo (flickr)\" src=\"https:\/\/www.humanium.org\/fr\/wp-content\/uploads\/2013\/01\/girl-timor.jpg\" alt=\"\" width=\"233\" height=\"155\" \/>\u00a0 <img loading=\"lazy\" decoding=\"async\" class=\"alignnone wp-image-27482\" title=\"Gar\u00e7on du Timor \u00a9 United Nations Photo\" src=\"https:\/\/www.humanium.org\/fr\/wp-content\/uploads\/2013\/01\/boy-timor.jpg\" alt=\"\" width=\"210\" height=\"157\" \/><\/p>\n<p>Cent quatre-vingt-onze\u00a0pays ont ratifi\u00e9 la Convention Internationale des Droits de l&rsquo;Enfants et le dernier pays \u00e0 l&rsquo;avoir fait est le Timor-Leste le 16 avril 2003. Malgr\u00e9 cette avanc\u00e9e, des probl\u00e8mes majeurs concernant les enfants subsistent. Travers\u00e9 jusqu&rsquo;en 2002 par une guerre d&rsquo;ind\u00e9pendance o\u00f9 des enfants furent enr\u00f4l\u00e9s comme soldats, le Timor Oriental ne garantit toujours pas une \u00e9ducation et une justice satisfaisantes. Le travail des enfants, la prostitution et les violences sont des ph\u00e9nom\u00e8nes qui ne sont notamment pas enray\u00e9s par l&rsquo;Etat.<\/p>\n<table style=\"height: 38px;\" width=\"298\">\n<tbody style=\"background: #f2f2f2;\">\n<tr>\n<td>\n<div style=\"float: left; width: 100%;\">\n<p style=\"margin-top: 20px;\"><strong style=\"font-size: revert; font-family: inherit; color: initial;\">Population:<\/strong><span style=\"font-size: revert; font-family: inherit; font-weight: inherit; color: initial;\">\u00a01,3 millions<\/span><\/p>\n<\/div>\n<div style=\"float: left; width: 39%;\">\n<p style=\"margin-bottom: 20px;\"><strong>Pop. de 0-14 ans :<\/strong>\u00a033,8 %<\/p>\n<\/div>\n<div style=\"float: right; width: 59%;\">\n<p style=\"margin-bottom: 20px;\"><strong>Esp\u00e9rance de vie :<\/strong>\u00a067,5 ans<br \/>\n<strong>Mortalit\u00e9 des &#8211; de 5 ans :<\/strong>\u00a045 \u2030<\/p>\n<\/div>\n<\/td>\n<\/tr>\n<\/tbody>\n<\/table>\n<h3>Principaux probl\u00e8mes rencontr\u00e9s par les enfants au Timor-Oriental:<\/h3>\n<p><strong><a href=\"https:\/\/www.humanium.org\/fr\/pauvrete\/\">Pauvret\u00e9<\/a><\/strong><\/p>\n<p>Quarante-six pourcent\u00a0des Est-Timorais ont entre 0 et 14 ans, presque la moiti\u00e9 de la population est constitu\u00e9e d&rsquo;enfants et ce sont les premi\u00e8res victimes du taux de pauvret\u00e9 \u00e9lev\u00e9 du pays. En effet, 73% de la population vit avec moins de 2$ par jour.<\/p>\n<p>Le taux \u00e9lev\u00e9 de mortalit\u00e9 infantile est l\u2019une des cons\u00e9quences du peu de moyens de l&rsquo;Etat. Sur 1000 enfants n\u00e9s, 36 n&rsquo;atteignent pas l&rsquo;\u00e2ge de un an.<br \/>\nLe manque de moyens conduit aussi parfois les parents \u00e0 placer leurs enfants dans des insitutions sp\u00e9cialis\u00e9es pour les \u00e9lever.<\/p>\n<p style=\"line-height: 24px;\"><strong><a href=\"https:\/\/www.humanium.org\/fr\/comprendre-droits-enfant\/droit-a-l-education\/\">Education<\/a><\/strong><\/p>\n<p><img decoding=\"async\" class=\"alignright wp-image-27484\" title=\"Girls at school \u00a9 Australia TimorLeste FriendShip Network (flickr)\" src=\"https:\/\/www.humanium.org\/fr\/wp-content\/uploads\/2013\/01\/enfants-300x225.jpg\" alt=\"\" height=\"180\" \/>Quatorze pourcent\u00a0des enfants de 6 \u00e0 11 ans n&rsquo;est toujours pas inscrit \u00e0 l\u2019\u00e9cole et l\u2019acc\u00e8s aux \u00e9coles continue de poser probl\u00e8me dans certaines zones rurales.<\/p>\n<p style=\"line-height: 24px;\">Seulement 39% de filles et 34% de gar\u00e7ons sont inscrits dans l&rsquo;enseignement secondaire<\/p>\n<p style=\"line-height: 24px;\">\u00a0De plus, la formation des enseignants est\u00a0insuffisante et les \u00e9coles manquent de mat\u00e9riel.<\/p>\n<p><a href=\"https:\/\/www.humanium.org\/fr\/comprendre-droits-enfant\/droit-a-la-sante\/\"><strong>Sant\u00e9<\/strong><\/a><\/p>\n<p>Un rapport de la Banque Mondiale publi\u00e9 en 2012 estime \u00e0 45.3% le nombre d&rsquo;enfants de moins de 5 ans en sous poids. La malnutrition est un probl\u00e8me r\u00e9current au Timor Oriental mais avec l\u2019aide de l\u2019UNICEF, le pays a \u00e9labor\u00e9 une strat\u00e9gie nationale de nutrition.<\/p>\n<p><img loading=\"lazy\" decoding=\"async\" class=\"alignright size-medium wp-image-27485\" title=\"Fillette souriante \u00a9 United Nations Photo (flickr)\" src=\"https:\/\/www.humanium.org\/fr\/wp-content\/uploads\/2013\/01\/fillette-sourire-300x199.jpg\" alt=\"\" width=\"300\" height=\"199\" \/>Il a aussi mis en place un programme \u00e9largi de vaccination en collaboration avec des organismes des Nations Unies et d\u2019autres donateurs, ce qui s\u2019est traduit par une augmentation consid\u00e9rable de la couverture vaccinale.<\/p>\n<p>Malgr\u00e9 ces faits positifs, le niveau de malnutrition infantile, les taux de mortalit\u00e9 infantile et juv\u00e9nile ainsi que de mortalit\u00e9 maternelle restent \u00e9lev\u00e9s. On constate aussi une insuffisance des soins de sant\u00e9 destin\u00e9s aux adolescents<\/p>\n<p>En outre, la grande vuln\u00e9rabilit\u00e9 des enfants timorais face \u00e0 des maladies telles que le paludisme, la rougeole, la typho\u00efde et la dengue et aux infections respiratoires et gastro-intestinales est \u00e9galement une source de pr\u00e9occupation.<\/p>\n<p><a href=\"https:\/\/www.humanium.org\/fr\/justice\/\"><strong>Justice<\/strong><\/a><\/p>\n<p>Les affaires de s\u00e9vices inflig\u00e9s \u00e0 des enfants n&rsquo;apparaissent pas trait\u00e9es de mani\u00e8re appropri\u00e9e dans le syst\u00e8me judiciaire et la plupart de ces cas ne sont pas signal\u00e9s ou volontairement \u00aboubli\u00e9s \u00bb par les institutions judiciaires.<\/p>\n<p>La dur\u00e9e de la d\u00e9tention avant jugement exc\u00e8de souvent la dur\u00e9e maximale prescrite dans les r\u00e8glements applicables, et les enfants d\u00e9tenus ne sont pas toujours compl\u00e8tement s\u00e9par\u00e9s des d\u00e9tenus adultes.<\/p>\n<p><strong><a href=\"https:\/\/www.humanium.org\/fr\/trafic-enfants\/\">Vente d\u2019enfants<\/a>, <a href=\"https:\/\/www.humanium.org\/fr\/prostitution-infantile\/\">prostitution des enfants<\/a> et <a href=\"https:\/\/www.humanium.org\/fr\/exploitation-sexuelle-enfants\/\">pornographie mettant en sc\u00e8ne des enfants<\/a><\/strong><\/p>\n<p>On d\u00e9plore la persistance du ph\u00e9nom\u00e8ne r\u00e9pandu du travail des enfants au Timor Oriental, en particulier dans le secteur informel.<\/p>\n<p>M\u00eame s&rsquo;il y a peu d\u2019informations et de donn\u00e9es sur l\u2019\u00e9tendue des ph\u00e9nom\u00e8nes de la vente d\u2019enfants, de la prostitution des enfants et de la pornographie mettant en sc\u00e8ne des enfants, un rapport du comit\u00e9 des droits de l&rsquo;enfant s&rsquo;y est consacr\u00e9 pour d\u00e9noncer ces probl\u00e9matiques.<\/p>\n<p>Dans certains cas, la pauvret\u00e9 dans les villages isol\u00e9s pousse les familles \u00e0 envoyer leurs filles d\u00e8s l&rsquo;\u00e2ge de dix ans dans des localit\u00e9s plus importantes pour gagner de l&rsquo;argent comme prostitu\u00e9es .Plus les filles sont jeunes, plus la demande et les prix sont \u00e9lev\u00e9s.<\/p>\n<p><img loading=\"lazy\" decoding=\"async\" class=\"alignright size-medium wp-image-27487\" title=\"Fille enceinte \u00a9United Nations Photo (flickr)\" src=\"https:\/\/www.humanium.org\/fr\/wp-content\/uploads\/2013\/01\/fille-enceinte-300x199.jpg\" alt=\"\" width=\"300\" height=\"199\" \/>Beaucoup de ces filles tombent enceintes et sont renvoy\u00e9es dans leurs familles pour accoucher. Le nouveau-n\u00e9 est alors confi\u00e9 aux soins de la famille ou plac\u00e9 dans une institution alors que la fille est renvoy\u00e9e de force \u00e0 la prostitution.<\/p>\n<p>Ces enfants, priv\u00e9s de la protection de leurs familles et de r\u00e9seaux sociaux, risquent d&rsquo;\u00eatre encore davantage expos\u00e9s \u00e0 de nouveaux \u00e9pisodes de violences.<\/p>\n<p>La brutalit\u00e9 envers les enfants, leur exploitation, sont g\u00e9n\u00e9ralement accept\u00e9es au Timor-Leste et un changement de ces m\u0153urs sociales repr\u00e9sente le premier pas vers l&rsquo;\u00e9radication du probl\u00e8me<\/p>\n<p><a href=\"https:\/\/www.humanium.org\/fr\/violences\/\"><strong>Violence et ch\u00e2timents corporels<\/strong><\/a><\/p>\n<p>Bien que les statistiques officielles soient limit\u00e9es, les rapports de partenaires au niveau local montrent que les violences sexuelles sont un sujet de pr\u00e9occupation d&rsquo;une ampleur consternante dans le pays, particuli\u00e8rement chez les jeunes filles<\/p>\n<p>Par ailleurs, les ch\u00e2timents corporels sont un ph\u00e9nom\u00e8ne courant dans les familles et sont fr\u00e9quemment employ\u00e9s pour discipliner les enfants \u00e0 l\u2019\u00e9cole et dans d\u2019autres structures \u00e9ducatives.<br \/>\nDes traitements d\u00e9gradants inflig\u00e9s aux enfants par la police et au sein du syst\u00e8me p\u00e9nitentiaire ont aussi \u00e9t\u00e9 d\u00e9nonc\u00e9s.<\/p>\n<p><a href=\"https:\/\/www.humanium.org\/fr\/focus\/discriminations\/\"><strong>Discrimination<\/strong><\/a><\/p>\n<p>Certains groupes d\u2019enfants, notamment les enfants des rapatri\u00e9s, les enfants qui n\u2019ont pas de certificat de bapt\u00eame, les enfants qui sont issus de relations sexuelles entre membres d\u2019une m\u00eame famille et les enfants handicap\u00e9s, sont victimes de discrimination, notamment en ce qui concerne l\u2019acc\u00e8s \u00e0 l\u2019\u00e9ducation .<\/p>\n<p><a href=\"https:\/\/www.humanium.org\/fr\/focus\/isolement-deracinement\/\"><strong>Enfants priv\u00e9s de leur famille<\/strong><\/a><\/p>\n<p><img loading=\"lazy\" decoding=\"async\" class=\"alignright size-medium wp-image-27488\" title=\"Maman et sa fille \u00a9 United Nation Photo (flickr)\" src=\"https:\/\/www.humanium.org\/fr\/wp-content\/uploads\/2013\/01\/maman-fille-300x199.jpg\" alt=\"\" width=\"300\" height=\"199\" \/>Au Timor Oriental, des enfants ont \u00e9t\u00e9 s\u00e9par\u00e9s de leur famille \u00e0 la suite de l\u2019occupation \u00e9trang\u00e8re. En effet, le pays ayant \u00e9t\u00e9 occup\u00e9 par l&rsquo;Indon\u00e9sie pendant de longues ann\u00e9es, des enfants furent s\u00e9par\u00e9s de leurs parents sans que ceux-ci y aient consenti.<\/p>\n<p>De m\u00eame, des enfants sont retir\u00e9s \u00e0 leur famille pour diverses raisons et le Comit\u00e9 des Droits de l&rsquo;Enfant recommande \u00e0 l&rsquo;Etat de s&rsquo;assurer que des enfants ne soient pas s\u00e9par\u00e9s de leurs parents contre leur volont\u00e9.<br \/>\nEnfin, les arrangements informels en vertu desquels les enfants vivent dans une autre famille que leur famille biologique sont un ph\u00e9nom\u00e8ne r\u00e9pandu dans l\u2019\u00c9tat.<\/p>\n<p><a href=\"https:\/\/www.humanium.org\/fr\/focus\/pratiques-culturelles\/\"><strong>Pratiques culturelles<\/strong><\/a><\/p>\n<p>L\u2019\u00e2ge minimum du mariage pour les filles est relativement bas actuellement. Les filles peuvent se marier \u00e0 15 ans alors que les gar\u00e7ons le peuvent \u00e0 partir de 18 ans.<br \/>\nLa pratique des mariages arrang\u00e9s de tr\u00e8s jeunes filles persiste, notamment dans les zones rurales. Ces pratiques sont contraires aux dispositions et principes de la Convention relative aux droits de l\u2019enfant.<\/p>\n","protected":false},"excerpt":{"rendered":"<p>Enfants du Timor-Oriental Concr\u00e9tiser les droits de l&rsquo;enfant au Timor-Oriental \u00a0 Cent quatre-vingt-onze\u00a0pays ont ratifi\u00e9 la Convention Internationale des Droits de l&rsquo;Enfants et le dernier pays \u00e0 l&rsquo;avoir fait est le Timor-Leste le 16 avril 2003. Malgr\u00e9 cette avanc\u00e9e, des probl\u00e8mes majeurs concernant les enfants subsistent. Travers\u00e9 jusqu&rsquo;en 2002 par une guerre d&rsquo;ind\u00e9pendance o\u00f9 des [&hellip;]<\/p>\n","protected":false},"author":65,"featured_media":0,"parent":0,"menu_order":0,"comment_status":"closed","ping_status":"closed","template":"","meta":{"footnotes":""},"class_list":["post-22006","page","type-page","status-publish","hentry"],"yoast_head":"<!-- This site is optimized with the Yoast SEO plugin v28.3 - https:\/\/yoast.com\/product\/yoast-seo-wordpress\/ -->\n<title>Enfants du Timor-Oriental - Humanium<\/title>\n<meta name=\"description\" content=\"Le Timor Oriental ne garantit pas une \u00e9ducation et une justice satisfaisantes. Des probl\u00e8mes majeurs concernant les enfants subsistent.\" \/>\n<meta name=\"robots\" content=\"index, follow, max-snippet:-1, max-image-preview:large, max-video-preview:-1\" \/>\n<link rel=\"canonical\" href=\"https:\/\/www.humanium.org\/fr\/timor-oriental\/\" \/>\n<meta property=\"og:locale\" content=\"fr_FR\" \/>\n<meta property=\"og:type\" content=\"article\" \/>\n<meta property=\"og:title\" content=\"Enfants du Timor-Oriental - Humanium\" \/>\n<meta property=\"og:description\" content=\"Le Timor Oriental ne garantit pas une \u00e9ducation et une justice satisfaisantes. Des probl\u00e8mes majeurs concernant les enfants subsistent.\" \/>\n<meta property=\"og:url\" content=\"https:\/\/www.humanium.org\/fr\/timor-oriental\/\" \/>\n<meta property=\"og:site_name\" content=\"Humanium\" \/>\n<meta property=\"article:modified_time\" content=\"2025-12-05T13:25:39+00:00\" \/>\n<meta name=\"twitter:card\" content=\"summary_large_image\" \/>\n<meta name=\"twitter:label1\" content=\"Dur\u00e9e de lecture estim\u00e9e\" \/>\n\t<meta name=\"twitter:data1\" content=\"7 minutes\" \/>\n<script type=\"application\/ld+json\" class=\"yoast-schema-graph\">{\"@context\":\"https:\\\/\\\/schema.org\",\"@graph\":[{\"@type\":\"WebPage\",\"@id\":\"https:\\\/\\\/www.humanium.org\\\/fr\\\/timor-oriental\\\/\",\"url\":\"https:\\\/\\\/www.humanium.org\\\/fr\\\/timor-oriental\\\/\",\"name\":\"Enfants du Timor-Oriental - Humanium\",\"isPartOf\":{\"@id\":\"https:\\\/\\\/www.humanium.org\\\/fr\\\/#website\"},\"primaryImageOfPage\":{\"@id\":\"https:\\\/\\\/www.humanium.org\\\/fr\\\/timor-oriental\\\/#primaryimage\"},\"image\":{\"@id\":\"https:\\\/\\\/www.humanium.org\\\/fr\\\/timor-oriental\\\/#primaryimage\"},\"thumbnailUrl\":\"https:\\\/\\\/www.humanium.org\\\/fr\\\/wp-content\\\/uploads\\\/2013\\\/01\\\/girl-timor.jpg\",\"datePublished\":\"2013-01-03T14:14:34+00:00\",\"dateModified\":\"2025-12-05T13:25:39+00:00\",\"description\":\"Le Timor Oriental ne garantit pas une \u00e9ducation et une justice satisfaisantes. Des probl\u00e8mes majeurs concernant les enfants subsistent.\",\"breadcrumb\":{\"@id\":\"https:\\\/\\\/www.humanium.org\\\/fr\\\/timor-oriental\\\/#breadcrumb\"},\"inLanguage\":\"fr-FR\",\"potentialAction\":[{\"@type\":\"ReadAction\",\"target\":[\"https:\\\/\\\/www.humanium.org\\\/fr\\\/timor-oriental\\\/\"]}]},{\"@type\":\"ImageObject\",\"inLanguage\":\"fr-FR\",\"@id\":\"https:\\\/\\\/www.humanium.org\\\/fr\\\/timor-oriental\\\/#primaryimage\",\"url\":\"https:\\\/\\\/www.humanium.org\\\/fr\\\/wp-content\\\/uploads\\\/2013\\\/01\\\/girl-timor.jpg\",\"contentUrl\":\"https:\\\/\\\/www.humanium.org\\\/fr\\\/wp-content\\\/uploads\\\/2013\\\/01\\\/girl-timor.jpg\"},{\"@type\":\"BreadcrumbList\",\"@id\":\"https:\\\/\\\/www.humanium.org\\\/fr\\\/timor-oriental\\\/#breadcrumb\",\"itemListElement\":[{\"@type\":\"ListItem\",\"position\":1,\"name\":\"Home\",\"item\":\"https:\\\/\\\/www.humanium.org\\\/fr\\\/\"},{\"@type\":\"ListItem\",\"position\":2,\"name\":\"Enfants du Timor-Oriental\"}]},{\"@type\":\"WebSite\",\"@id\":\"https:\\\/\\\/www.humanium.org\\\/fr\\\/#website\",\"url\":\"https:\\\/\\\/www.humanium.org\\\/fr\\\/\",\"name\":\"Humanium\",\"description\":\"Les enfants d\u2019abord !\",\"potentialAction\":[{\"@type\":\"SearchAction\",\"target\":{\"@type\":\"EntryPoint\",\"urlTemplate\":\"https:\\\/\\\/www.humanium.org\\\/fr\\\/?s={search_term_string}\"},\"query-input\":{\"@type\":\"PropertyValueSpecification\",\"valueRequired\":true,\"valueName\":\"search_term_string\"}}],\"inLanguage\":\"fr-FR\"}]}<\/script>\n<!-- \/ Yoast SEO plugin. -->","yoast_head_json":{"title":"Enfants du Timor-Oriental - Humanium","description":"Le Timor Oriental ne garantit pas une \u00e9ducation et une justice satisfaisantes. Des probl\u00e8mes majeurs concernant les enfants subsistent.","robots":{"index":"index","follow":"follow","max-snippet":"max-snippet:-1","max-image-preview":"max-image-preview:large","max-video-preview":"max-video-preview:-1"},"canonical":"https:\/\/www.humanium.org\/fr\/timor-oriental\/","og_locale":"fr_FR","og_type":"article","og_title":"Enfants du Timor-Oriental - Humanium","og_description":"Le Timor Oriental ne garantit pas une \u00e9ducation et une justice satisfaisantes. Des probl\u00e8mes majeurs concernant les enfants subsistent.","og_url":"https:\/\/www.humanium.org\/fr\/timor-oriental\/","og_site_name":"Humanium","article_modified_time":"2025-12-05T13:25:39+00:00","twitter_card":"summary_large_image","twitter_misc":{"Dur\u00e9e de lecture estim\u00e9e":"7 minutes"},"schema":{"@context":"https:\/\/schema.org","@graph":[{"@type":"WebPage","@id":"https:\/\/www.humanium.org\/fr\/timor-oriental\/","url":"https:\/\/www.humanium.org\/fr\/timor-oriental\/","name":"Enfants du Timor-Oriental - Humanium","isPartOf":{"@id":"https:\/\/www.humanium.org\/fr\/#website"},"primaryImageOfPage":{"@id":"https:\/\/www.humanium.org\/fr\/timor-oriental\/#primaryimage"},"image":{"@id":"https:\/\/www.humanium.org\/fr\/timor-oriental\/#primaryimage"},"thumbnailUrl":"https:\/\/www.humanium.org\/fr\/wp-content\/uploads\/2013\/01\/girl-timor.jpg","datePublished":"2013-01-03T14:14:34+00:00","dateModified":"2025-12-05T13:25:39+00:00","description":"Le Timor Oriental ne garantit pas une \u00e9ducation et une justice satisfaisantes. Des probl\u00e8mes majeurs concernant les enfants subsistent.","breadcrumb":{"@id":"https:\/\/www.humanium.org\/fr\/timor-oriental\/#breadcrumb"},"inLanguage":"fr-FR","potentialAction":[{"@type":"ReadAction","target":["https:\/\/www.humanium.org\/fr\/timor-oriental\/"]}]},{"@type":"ImageObject","inLanguage":"fr-FR","@id":"https:\/\/www.humanium.org\/fr\/timor-oriental\/#primaryimage","url":"https:\/\/www.humanium.org\/fr\/wp-content\/uploads\/2013\/01\/girl-timor.jpg","contentUrl":"https:\/\/www.humanium.org\/fr\/wp-content\/uploads\/2013\/01\/girl-timor.jpg"},{"@type":"BreadcrumbList","@id":"https:\/\/www.humanium.org\/fr\/timor-oriental\/#breadcrumb","itemListElement":[{"@type":"ListItem","position":1,"name":"Home","item":"https:\/\/www.humanium.org\/fr\/"},{"@type":"ListItem","position":2,"name":"Enfants du Timor-Oriental"}]},{"@type":"WebSite","@id":"https:\/\/www.humanium.org\/fr\/#website","url":"https:\/\/www.humanium.org\/fr\/","name":"Humanium","description":"Les enfants d\u2019abord !","potentialAction":[{"@type":"SearchAction","target":{"@type":"EntryPoint","urlTemplate":"https:\/\/www.humanium.org\/fr\/?s={search_term_string}"},"query-input":{"@type":"PropertyValueSpecification","valueRequired":true,"valueName":"search_term_string"}}],"inLanguage":"fr-FR"}]}},"_links":{"self":[{"href":"https:\/\/www.humanium.org\/fr\/wp-json\/wp\/v2\/pages\/22006","targetHints":{"allow":["GET"]}}],"collection":[{"href":"https:\/\/www.humanium.org\/fr\/wp-json\/wp\/v2\/pages"}],"about":[{"href":"https:\/\/www.humanium.org\/fr\/wp-json\/wp\/v2\/types\/page"}],"author":[{"embeddable":true,"href":"https:\/\/www.humanium.org\/fr\/wp-json\/wp\/v2\/users\/65"}],"replies":[{"embeddable":true,"href":"https:\/\/www.humanium.org\/fr\/wp-json\/wp\/v2\/comments?post=22006"}],"version-history":[{"count":9,"href":"https:\/\/www.humanium.org\/fr\/wp-json\/wp\/v2\/pages\/22006\/revisions"}],"predecessor-version":[{"id":59975,"href":"https:\/\/www.humanium.org\/fr\/wp-json\/wp\/v2\/pages\/22006\/revisions\/59975"}],"wp:attachment":[{"href":"https:\/\/www.humanium.org\/fr\/wp-json\/wp\/v2\/media?parent=22006"}],"curies":[{"name":"wp","href":"https:\/\/api.w.org\/{rel}","templated":true}]}}