{"id":22023,"date":"2012-09-24T11:37:34","date_gmt":"2012-09-24T11:37:34","guid":{"rendered":"http:\/\/www.humanium.org\/fr\/?page_id=22023"},"modified":"2025-12-10T02:42:12","modified_gmt":"2025-12-10T02:42:12","slug":"swaziland","status":"publish","type":"page","link":"https:\/\/www.humanium.org\/fr\/swaziland\/","title":{"rendered":"Enfants du Swaziland"},"content":{"rendered":"\n<h2 class=\"wp-block-heading\">Concr\u00e9tiser les Droits de l&rsquo;Enfant au Swaziland<\/h2>\n\n\n\n<div class=\"wp-block-columns is-layout-flex wp-container-core-columns-is-layout-8f761849 wp-block-columns-is-layout-flex\">\n<div class=\"wp-block-column is-layout-flow wp-block-column-is-layout-flow\"><div class=\"wp-block-image is-style-rounded\">\n<figure class=\"aligncenter size-large\"><img loading=\"lazy\" decoding=\"async\" width=\"183\" height=\"200\" src=\"https:\/\/www.humanium.org\/fr\/wp-content\/uploads\/2021\/07\/girl-swaziland..jpg\" alt=\"\" class=\"wp-image-50594\"\/><\/figure>\n<\/div><\/div>\n\n\n\n<div class=\"wp-block-column is-layout-flow wp-block-column-is-layout-flow\"><div class=\"wp-block-image is-style-rounded\">\n<figure class=\"aligncenter size-large\"><img loading=\"lazy\" decoding=\"async\" width=\"200\" height=\"200\" src=\"https:\/\/www.humanium.org\/fr\/wp-content\/uploads\/2021\/07\/shutterstock_95265835-1.jpg\" alt=\"\" class=\"wp-image-50596\" srcset=\"https:\/\/www.humanium.org\/fr\/wp-content\/uploads\/2021\/07\/shutterstock_95265835-1.jpg 200w, https:\/\/www.humanium.org\/fr\/wp-content\/uploads\/2021\/07\/shutterstock_95265835-1-150x150.jpg 150w\" sizes=\"auto, (max-width: 200px) 100vw, 200px\" \/><\/figure>\n<\/div><\/div>\n<\/div>\n\n\n\n<p class=\"wp-block-paragraph\"><strong>Environ 100 000 enfants en Eswatini sont orphelins et grandissent sans leurs parents. A cause du <\/strong><a href=\"https:\/\/www.humanium.org\/fr\/enfants-et-sida-de-la-statistique-a-la-stigmatisation\/\"><strong>VIH \/ SIDA<\/strong><\/a><strong> et des niveaux de <\/strong><a href=\"https:\/\/www.humanium.org\/fr\/pauvrete\/\"><strong>pauvret\u00e9<\/strong><\/a><strong> \u00e9lev\u00e9s, de nombreux enfants \u00e9l\u00e8vent eux-m\u00eames des enfants (Swaziland, n.d). Les enfants sont donc souvent priv\u00e9s des services de sant\u00e9 et n\u2019ont pas acc\u00e8s \u00e0 une \u00e9ducation de qualit\u00e9.&nbsp;&nbsp;<\/strong><\/p>\n\n\n\n<iframe src=\"https:\/\/www.google.com\/maps\/embed?pb=!1m18!1m12!1m3!1d913948.3240232639!2d30.902309183108585!3d-26.5165658742305!2m3!1f0!2f0!3f0!3m2!1i1024!2i768!4f13.1!3m3!1m2!1s0x1ee8cee147320f07%3A0xc13dc62f180d7069!2sEswatini!5e0!3m2!1sen!2sin!4v1625936983718!5m2!1sen!2sin\" width=\"600\" height=\"450\" style=\"border:0;\" allowfullscreen=\"\" loading=\"lazy\"><\/iframe>\n\n\n\n<div class=\"wp-block-columns is-layout-flex wp-container-core-columns-is-layout-8f761849 wp-block-columns-is-layout-flex\">\n<div class=\"wp-block-column is-layout-flow wp-block-column-is-layout-flow\">\n<p class=\"wp-block-paragraph\"><strong>Population :<\/strong>&nbsp;1.13 million<br><strong>Pop. de 0 \u00e0 14 ans :<\/strong>&nbsp;37,8 %<\/p>\n<\/div>\n\n\n\n<div class=\"wp-block-column is-layout-flow wp-block-column-is-layout-flow\">\n<p class=\"wp-block-paragraph\"><strong>Esp\u00e9rance de vie :<\/strong>&nbsp;57 ans<br><strong>Mortalit\u00e9 des moins de 5 ans :<\/strong>&nbsp;49.4<strong> \u2030<\/strong><\/p>\n<\/div>\n<\/div>\n\n\n\n<h2 class=\"wp-block-heading\"><strong>L\u2019Eswatini en bref<\/strong><\/h2>\n\n\n\n<p class=\"wp-block-paragraph\">L\u2019Eswatini, appel\u00e9 officiellement Royaume d\u2019Eswatini, est un pays enclav\u00e9 situ\u00e9 sur le flanc Est de <a href=\"https:\/\/www.humanium.org\/fr\/afrique-du-sud\/\"><strong>l&rsquo;Afrique du Sud<\/strong><\/a>, bord\u00e9 par le <a href=\"https:\/\/www.humanium.org\/fr\/mozambique\/\"><strong>Mozambique<\/strong><\/a>. Protectorat fran\u00e7ais \u00e0 l\u2019\u00e9poque coloniale, et plus tard pays ind\u00e9pendant, l\u2019Eswatini \u00e9tait connu sous le nom de Swaziland, bien que le nom du pays ait officiellement chang\u00e9 en avril 2018. La culture et l\u2019administration Swazi sont r\u00e9glement\u00e9es par une loi et une coutume non codifi\u00e9e, reconnue tant sur le plan constitutionnel que juridique. La langue officielle est le siswati, bien que celle-ci partage son statut avec l\u2019anglais, qui est g\u00e9n\u00e9ralement utilis\u00e9 pour la communication \u00e9crite officielle. <\/p>\n\n\n\n<p class=\"wp-block-paragraph\">La population d\u2019Eswatini est tr\u00e8s jeune;&nbsp; plus d\u2019un tiers est \u00e2g\u00e9e de moins de 15 ans et presqu\u2019un tiers est \u00e2g\u00e9e de 15 \u00e0 29 ans. L\u2019esp\u00e9rance de vie est plus \u00e9l\u00e9v\u00e9e pour les femmes que pour les hommes, mais la moyenne pour les deux est de 57 ans, beaucoup plus basse que la moyenne mondiale. La faible esp\u00e9rance de vie du pays, son&nbsp;faible taux de croissance d\u00e9mographique, ainsi que son taux de mortalit\u00e9 plus \u00e9lev\u00e9 que la moyenne, sont en partie d\u00fbs \u00e0 l\u2019\u00e9pid\u00e9mie de <a href=\"https:\/\/www.humanium.org\/fr\/enfant-et-sida\/\"><strong>VIH \/ SIDA<\/strong><\/a> dans la population adulte. (Encyclopedia Britannica, 2021).<\/p>\n\n\n\n<h2 class=\"wp-block-heading\"><strong>Statuts des droits des enfants<\/strong><\/h2>\n\n\n\n<p class=\"wp-block-paragraph\">Le 7 septembre 1995, le Royaume d\u2019Eswatini a ratifi\u00e9 la <a href=\"https:\/\/www.humanium.org\/fr\/convention\/\"><strong>CIDE de 1989<\/strong><\/a> (Trait\u00e9 des Nations Unies sur les droits des enfants, 2021). L\u2019Eswatini a aussi ratifi\u00e9 les trait\u00e9s fondamentaux internationaux, relatifs aux droits des enfants, dont le but est de prot\u00e9ger les enfants face \u00e0 la <a href=\"https:\/\/www.humanium.org\/fr\/la-maltraitance-des-enfants\/\"><strong>maltraitance<\/strong><\/a> et \u00e0 <a href=\"https:\/\/www.humanium.org\/fr\/exploitation-sexuelle-enfants\/\">l&rsquo;<strong>exploitation<\/strong><\/a>.<\/p>\n\n\n\n<p class=\"wp-block-paragraph\">Ceux-ci comprennent le <a href=\"https:\/\/www.humanium.org\/fr\/normes\/protocole-facultatif-cide-vente-prostitution-pornographie-enfants\/\"><strong>Protocole facultatif \u00e0 la Convention relative aux droits de l&rsquo;Enfant, concernant la vente d&rsquo;enfants, la prostitution des enfants et la pornographie mettant en sc\u00e8ne des enfants<\/strong><\/a><strong>,<\/strong> ainsi que <a href=\"https:\/\/www.humanium.org\/fr\/normes\/protocole-facultatif-cide-enfants-dans-conflits-armes\/\"><strong>le Protocole facultatif \u00e0 la Convention relative aux droits de l&rsquo;Enfant, concernant l&rsquo;implication d&rsquo;enfants dans les conflits arm\u00e9s<\/strong><\/a><strong> <\/strong>(ratifi\u00e9 le 24 septembre 2012) (Ibid). Ces deux protocoles facultatifs r\u00e9pondent \u00e0 un aspect important de la <a href=\"https:\/\/www.humanium.org\/fr\/convention\/\"><strong>CIDE de 1989<\/strong><\/a> mais, comme beaucoup de pays, l\u2019Eswatini doit encore ratifier le <a href=\"https:\/\/www.humanium.org\/fr\/convention\/protocole-3\/\"><strong>Protocole facultatif \u00e0 la Convention des Droits de l&rsquo;enfant \u00e9tablissant une proc\u00e9dure de pr\u00e9sentation de communications<\/strong><\/a> (Child Rights Connect, 2021).<\/p>\n\n\n\n<p class=\"has-text-align-left wp-block-paragraph\">Au plan r\u00e9gional, le Royaume d&rsquo;Eswatini a,&nbsp;le 5 octobre 2012 , ratifi\u00e9 <a href=\"https:\/\/www.humanium.org\/fr\/autres\/charte-africaine-droits-bien-etre-enfant\/\"><strong>la Charte Africaine sur les droits et le bien-\u00eatre de l&rsquo;enfant de 1999<\/strong><\/a> <strong>(<\/strong>CADBE) (Comit\u00e9 africain d&rsquo;experts sur les droits et le bien-\u00eatre de l&rsquo;enfant, 2021).&nbsp;Par ailleurs, le pays avance progressivement dans la protection <a href=\"https:\/\/www.humanium.org\/fr\/travail-des-enfants\/\"><strong>des droits des enfants face au travail<\/strong><\/a>, en ratifiant par exemple certaines normes internationales du travail (NIT) telles que la Convention (n \u00b0138) de 1973 de l&rsquo;Organisation internationale du Travail (OIT) sur l&rsquo;\u00e2ge minimum et, en 2002 , la Convention (n \u00b0182) de 1999 sur l&rsquo;\u00e9limination des pires formes du travail des enfants (Organisation internationale du Travail, 2021).<\/p>\n\n\n<div class=\"wp-block-image\">\n<figure class=\"alignleft size-large is-resized\"><img loading=\"lazy\" decoding=\"async\" width=\"1024\" height=\"496\" src=\"https:\/\/www.humanium.org\/fr\/wp-content\/uploads\/2021\/07\/shutterstock_1554543398-1024x496.jpg\" alt=\"\" class=\"wp-image-50598\" style=\"width:424px;height:205px\" srcset=\"https:\/\/www.humanium.org\/fr\/wp-content\/uploads\/2021\/07\/shutterstock_1554543398-1024x496.jpg 1024w, https:\/\/www.humanium.org\/fr\/wp-content\/uploads\/2021\/07\/shutterstock_1554543398-300x145.jpg 300w, https:\/\/www.humanium.org\/fr\/wp-content\/uploads\/2021\/07\/shutterstock_1554543398-768x372.jpg 768w, https:\/\/www.humanium.org\/fr\/wp-content\/uploads\/2021\/07\/shutterstock_1554543398-1536x744.jpg 1536w, https:\/\/www.humanium.org\/fr\/wp-content\/uploads\/2021\/07\/shutterstock_1554543398-2048x991.jpg 2048w, https:\/\/www.humanium.org\/fr\/wp-content\/uploads\/2021\/07\/shutterstock_1554543398-830x402.jpg 830w, https:\/\/www.humanium.org\/fr\/wp-content\/uploads\/2021\/07\/shutterstock_1554543398-230x111.jpg 230w, https:\/\/www.humanium.org\/fr\/wp-content\/uploads\/2021\/07\/shutterstock_1554543398-350x169.jpg 350w, https:\/\/www.humanium.org\/fr\/wp-content\/uploads\/2021\/07\/shutterstock_1554543398-480x232.jpg 480w\" sizes=\"auto, (max-width: 1024px) 100vw, 1024px\" \/><\/figure>\n<\/div>\n\n\n<p class=\"wp-block-paragraph\">Les droits de l&rsquo;enfant sont couverts par l&rsquo;article 29 de la Constitution de 2005 du Royaume du Swaziland (Droits mondiaux de la propri\u00e9t\u00e9 intellectuelle, 2021). Cet article garantit que tous les enfants sont prot\u00e9g\u00e9s face au<strong> <\/strong><a href=\"https:\/\/www.humanium.org\/fr\/travail-des-enfants\/\"><strong>travail des enfants<\/strong><\/a> et r\u00e9affirme l&rsquo;importance de leur droit \u00e0 la<strong> <\/strong><strong>sant\u00e9<\/strong>, \u00e0 <a href=\"https:\/\/www.humanium.org\/fr\/comprendre-droits-enfant\/droit-a-l-education\/\"><strong>l&rsquo;\u00e9ducation<\/strong><\/a><strong> <\/strong>et au d\u00e9veloppement 29 (1). Dans la loi de 2012 sur la protection et le bien-\u00eatre des enfants, le pays a \u00e9galement promulgu\u00e9 une l\u00e9gislation compl\u00e8te et protectrice des enfants (African Child Policy Forum, 2021; CPWA 2012).&nbsp; <\/p>\n\n\n\n<p class=\"wp-block-paragraph\">Cette l\u00e9gislation vise \u00e0 <a href=\"https:\/\/www.humanium.org\/fr\/comprendre-droits-enfant\/protection\/\"><strong>prot\u00e9ger les enfants<\/strong><\/a> &nbsp;contre la maltraitance et \u00e0 promouvoir leur bien-\u00eatre. En sus de cette l\u00e9gislation, le pays dispose d\u2019une politique qui montre qu\u2019elle met la priorit\u00e9 sur la protection et sur les droits des enfants, notamment les plus vuln\u00e9rables (Child Rights International Network, 2016). Le gouvernement a \u00e9galement fait de grands pas dans sa politique et sa r\u00e9forme l\u00e9gislative en relevant les d\u00e9fis de la violence li\u00e9e au genre, par la promulgation de la loi de 2018 sur les d\u00e9lits sexuels et la violence domestique (Swaziland Government Gazette Extraordinary, 2018; SODVA 2018).<\/p>\n\n\n\n<h2 class=\"wp-block-heading\">R\u00e9pondre aux besoins des enfants<a href=\"https:\/\/www.humanium.org\/en\/wp-admin\/post.php?post=8184&amp;action=edit#_ftn1\"><strong><sup><strong><sup>[1]<\/sup><\/strong><\/sup><\/strong><\/a><\/h2>\n\n\n\n<h3 class=\"wp-block-heading\"><strong>Droit \u00e0 la sant\u00e9<\/strong><strong><\/strong><\/h3>\n\n\n\n<p class=\"wp-block-paragraph\"><a href=\"https:\/\/www.humanium.org\/fr\/enfants-et-sida-de-la-statistique-a-la-stigmatisation\/\"><strong>Le HIV \/ SIDA<\/strong><\/a><strong> <\/strong>a eu un impact d\u00e9vastateur en Eswatini. Les rapports h\u00e9t\u00e9rosexuels en constituent le principal mode de transmission, repr\u00e9sentant 94% de toutes les nouvelles infections (ONUSIDA, r\u00e9ponse du gouvernement du Swaziland sur le SIDA \u00e0 l\u2019\u00e9chelle mondiale, 2014). L&rsquo;\u00e9pid\u00e9mie est g\u00e9n\u00e9ralis\u00e9e et touche toutes les populations, m\u00eame si certains groupes comme les <a href=\"https:\/\/www.humanium.org\/fr\/prostitution-infantile\/\"><strong>professionnels du sexe<\/strong><\/a>, <a href=\"https:\/\/www.humanium.org\/fr\/sexualite-des-adolescents\/\"><strong>les adolescentes<\/strong><\/a>, les jeunes femmes et les hommes ayant des rapports sexuels avec des hommes sont plus touch\u00e9s (AVERT, 2020). En 2018, 23 000 jeunes (\u00e2g\u00e9s de 15 \u00e0 24 ans) vivaient avec le VIH en Eswatini (ONUSIDA, AIDS Info, 2020). <\/p>\n\n\n\n<p class=\"wp-block-paragraph\">Dans ce groupe d\u2019\u00e2ge, le taux de d\u00e9pistage, de traitement et de suppression du virus est relativement faible et la stigmatisation li\u00e9e au VIH continue d&rsquo;affecter les efforts de pr\u00e9vention et de traitement. Entre 2010 et 2014, cette stigmatisation a augment\u00e9 de plus de 20% et seulement un adolescent sur quatre fait preuve de tol\u00e9rance envers les personnes vivant avec le VIH (UNICEF, 2021).<\/p>\n\n\n\n<p class=\"wp-block-paragraph\">Les rapports sexuels pr\u00e9coces ainsi que la pratique g\u00e9n\u00e9ralis\u00e9e de rapports sexuels entre les g\u00e9n\u00e9rations, entre jeunes femmes et hommes plus \u00e2g\u00e9s, conduisent \u00e9galement \u00e0 la transmission du VIH au sein de ce groupe d\u2019\u00e2ge. De nouvelles infections parmi les enfants ainsi que la mortalit\u00e9 li\u00e9e au SIDA ont fortement diminu\u00e9 pour atteindre moins de 1 000 individus chaque ann\u00e9e. Cependant, l\u2019\u00e9pid\u00e9mie de VIH continue d\u2019affecter significativement les enfants par d\u2019autres biais, car environ 45000 enfants \u00e2g\u00e9s de z\u00e9ro \u00e0 dix-sept ans sont <a href=\"https:\/\/www.humanium.org\/fr\/orphelins\/\"><strong>orphelins<\/strong><\/a><strong>,<\/strong> en raison des maladies transmises par le SIDA (ONUSIDA, SIDA info, 2020).<\/p>\n\n\n\n<p class=\"wp-block-paragraph\">La mauvaise <strong>sant\u00e9<\/strong>&nbsp;et la <a href=\"https:\/\/www.humanium.org\/fr\/pauvrete\/\"><strong>pauvret\u00e9<\/strong><\/a> sont inextricablement li\u00e9es. En termes de <a href=\"https:\/\/www.humanium.org\/fr\/mortalite-infantile\/\"><strong>mortalit\u00e9<\/strong><\/a> des enfants de moins de cinq ans, 27% de ces d\u00e9c\u00e8s surviennent durant le premier mois, et ceci en raison de probl\u00e8mes tels que les naissances pr\u00e9matur\u00e9es, les asphyxies, les infections et les maladies cong\u00e9nitales. La pneumonie et la diarrh\u00e9e chez les enfants repr\u00e9sentent respectivement 12 et 10% de la mortalit\u00e9 des moins de 5 ans. Des disparit\u00e9s r\u00e9gionales existent avec des taux de <a href=\"https:\/\/www.humanium.org\/fr\/mortalite-infantile\/\"><strong>mortalit\u00e9<\/strong><\/a> chez les enfants de moins de 5 ans particuli\u00e8rement \u00e9lev\u00e9s dans les r\u00e9gions de Lubombo et Manzini. <\/p>\n\n\n\n<p class=\"wp-block-paragraph\">En Eswatini l\u2019acc\u00e8s limit\u00e9 \u00e0 une <a href=\"https:\/\/www.humanium.org\/fr\/comprendre-droits-enfant\/droit-a-l-education\/\"><strong>\u00e9ducation<\/strong><\/a> de qualit\u00e9 en mati\u00e8re de sant\u00e9 et \u00e0 des soins de sant\u00e9, ainsi qu\u2019une faible prise en consid\u00e9ration des services essentiels, ont un impact n\u00e9gatif sur la situation sanitaire. Les enfants qui naissent de m\u00e8res sans \u00e9ducation ont trois fois plus de risques de ne pas vivre au-del\u00e0 de 5 ans, compar\u00e9 aux enfants n\u00e9s de m\u00e8res ayant b\u00e9n\u00e9fici\u00e9 d\u2019une <a href=\"https:\/\/www.humanium.org\/fr\/comprendre-droits-enfant\/droit-a-l-education\/\"><strong>\u00e9ducation<\/strong><\/a> sup\u00e9rieure (UNICEF, 2021).<\/p>\n\n\n\n<h3 class=\"wp-block-heading\"><a href=\"https:\/\/www.humanium.org\/fr\/comprendre-droits-enfant\/droit-a-l-eau\/\"><strong>Droit \u00e0 l&rsquo;eau<\/strong><\/a><strong> <\/strong><strong>et \u00e0 <\/strong><a href=\"https:\/\/www.humanium.org\/fr\/comprendre-droits-enfant\/droit-a-la-sante\/\"><strong>l&rsquo;assainissement<\/strong><\/a><\/h3>\n\n\n\n<p class=\"wp-block-paragraph\"><strong>L\u2019acc\u00e8s \u00e0 <\/strong><strong>l&rsquo;eau potable<\/strong><strong>, \u00e0 <\/strong>des toilettes de base, et <strong>de bonnes<\/strong> <strong>mesures d&rsquo;hygi\u00e8ne<\/strong> sont essentielles \u00e0 la survie des enfants en Eswatini. Les maladies li\u00e9es \u00e0 l\u2019eau et \u00e0 l\u2019assainissement sont l\u2019une des principales causes de mortalit\u00e9 chez les enfants de moins de 5 ans (UNICEF, 2021).&nbsp; Pourtant environ 40% des enfants n\u2019ont pas acc\u00e8s \u00e0 l\u2019eau potable et 20% ne disposent pas de sanitaires convenables. Cette situation est rendue compliqu\u00e9e par des in\u00e9galit\u00e9s importantes&nbsp;: 90% des personnes dans le quintile le plus riche ont acc\u00e8s \u00e0 une source d\u2019eau am\u00e9lior\u00e9e contre seulement 10% pour les plus pauvres (UNICEF, 2015)<\/p>\n\n\n\n<p class=\"wp-block-paragraph\">En 2017 le Minist\u00e8re de l\u2019Education a signal\u00e9 que 11% des \u00e9coles en Eswatini n\u2019avaient pas acc\u00e8s \u00e0 l\u2019approvisionnement en eau et parmi celles qui b\u00e9n\u00e9ficiaient d\u2019une source d\u2019eau, 80% avaient acc\u00e8s \u00e0 de l\u2019eau potable et 20% b\u00e9n\u00e9ficiaient d\u2019une source d\u2019eau impr\u00e9cise. Pour ce qui est des toilettes dans les \u00e9coles, 43% sont destin\u00e9es aux filles, 44% aux gar\u00e7ons et 12% sont mixtes (Unicef, 2021). <\/p>\n\n\n<div class=\"wp-block-image\">\n<figure class=\"alignright size-large is-resized\"><img loading=\"lazy\" decoding=\"async\" width=\"1024\" height=\"683\" src=\"https:\/\/www.humanium.org\/fr\/wp-content\/uploads\/2021\/07\/shutterstock_1616450494-1024x683.jpg\" alt=\"\" class=\"wp-image-50599\" style=\"width:393px;height:263px\" srcset=\"https:\/\/www.humanium.org\/fr\/wp-content\/uploads\/2021\/07\/shutterstock_1616450494-1024x683.jpg 1024w, https:\/\/www.humanium.org\/fr\/wp-content\/uploads\/2021\/07\/shutterstock_1616450494-300x200.jpg 300w, https:\/\/www.humanium.org\/fr\/wp-content\/uploads\/2021\/07\/shutterstock_1616450494-768x512.jpg 768w, https:\/\/www.humanium.org\/fr\/wp-content\/uploads\/2021\/07\/shutterstock_1616450494-1536x1024.jpg 1536w, https:\/\/www.humanium.org\/fr\/wp-content\/uploads\/2021\/07\/shutterstock_1616450494-2048x1365.jpg 2048w, https:\/\/www.humanium.org\/fr\/wp-content\/uploads\/2021\/07\/shutterstock_1616450494-830x553.jpg 830w, https:\/\/www.humanium.org\/fr\/wp-content\/uploads\/2021\/07\/shutterstock_1616450494-230x153.jpg 230w, https:\/\/www.humanium.org\/fr\/wp-content\/uploads\/2021\/07\/shutterstock_1616450494-350x233.jpg 350w, https:\/\/www.humanium.org\/fr\/wp-content\/uploads\/2021\/07\/shutterstock_1616450494-480x320.jpg 480w, https:\/\/www.humanium.org\/fr\/wp-content\/uploads\/2021\/07\/shutterstock_1616450494-272x182.jpg 272w\" sizes=\"auto, (max-width: 1024px) 100vw, 1024px\" \/><\/figure>\n<\/div>\n\n\n<p class=\"wp-block-paragraph\">Les normes sanitaires se d\u00e9t\u00e9riorent quand on passe des r\u00e9gions urbaines aux r\u00e9gions p\u00e9ri-urbaines et finalement aux r\u00e9gions rurales.&nbsp; Selon le plan d\u2019action et la strat\u00e9gie de r\u00e9duction de la pauvret\u00e9, seulement 45% des habitants des r\u00e9gions rurales disposent d\u2019un \u00e9quipement sanitaire. Alors que 63% des m\u00e9nages en milieu urbain utilisent des toilettes \u00e0 chasse d\u2019eau, les autres utilisent des toilettes s\u00e8ches ou les buissons (minist\u00e8re des \u00c9nergies et Ressources naturelles, 2018). L\u2019eau potable contribue \u00e0 r\u00e9duire les maladies li\u00e9es \u00e0 l\u2019eau, les d\u00e9penses publiques et priv\u00e9es relatives \u00e0 la sant\u00e9 et augmente la productivit\u00e9 car les femmes et les enfants perdent moins de temps pour aller chercher de l\u2019eau.<\/p>\n\n\n\n<p class=\"wp-block-paragraph\">Suivant les Objectifs de d\u00e9veloppement durables (ODD), afin que tous puissent acc\u00e9der \u00e0&nbsp;l&rsquo;assainissement de l\u2019eau d\u2019ici 2030, l\u2019Eswatini a besoin d\u2019am\u00e9liorer, de remplacer ou de construire environ 400&nbsp;000 \u00e9quipements sanitaires am\u00e9lior\u00e9s, soit environ 30 000 \u00e9quipements par an (minist\u00e8re de la Sant\u00e9, 2019). En d\u00e9pit du faible pourcentage de couverture d\u2019un service sanitaire de base et du soutien intensif fourni par le ministre de la Sant\u00e9 pour augmenter la couverture sanitaire rurale, les m\u00e9nages demeurent la principale source de financement et contribuent largement \u00e0 d\u00e9velopper leurs propres infrastructures.<\/p>\n\n\n\n<h3 class=\"wp-block-heading\"><a href=\"https:\/\/www.humanium.org\/fr\/comprendre-droits-enfant\/droit-a-l-education\/\"><strong>Droit \u00e0 l&rsquo;education<\/strong><\/a><strong><\/strong><\/h3>\n\n\n\n<p class=\"wp-block-paragraph\">L\u2019\u00e9cole est obligatoire jusqu\u2019\u00e0 la fin de l\u2019\u00e9cole primaire et les parents qui se soustraient \u00e0 cette obligation sont passibles d\u2019amendes pour non-respect de la loi. L\u2019\u00e9ducation est gratuite jusqu\u2019\u00e0 la septi\u00e8me ann\u00e9e. Le Cabinet du vice Premier ministre se voit allou\u00e9 un budget annuel pour payer les frais scolaires des orphelins et autres enfants vuln\u00e9rables (EV) \u00e0 la fois dans les \u00e9coles primaires et les coll\u00e8ges.&nbsp;Soixante-dix pour cent des enfants sont class\u00e9s enfants vuln\u00e9rables.<\/p>\n\n\n<div class=\"wp-block-image\">\n<figure class=\"alignleft size-large is-resized\"><img loading=\"lazy\" decoding=\"async\" width=\"1024\" height=\"683\" src=\"https:\/\/www.humanium.org\/fr\/wp-content\/uploads\/2021\/07\/shutterstock_105719318-1024x683.jpg\" alt=\"\" class=\"wp-image-50600\" style=\"width:393px;height:262px\" srcset=\"https:\/\/www.humanium.org\/fr\/wp-content\/uploads\/2021\/07\/shutterstock_105719318-1024x683.jpg 1024w, https:\/\/www.humanium.org\/fr\/wp-content\/uploads\/2021\/07\/shutterstock_105719318-300x200.jpg 300w, https:\/\/www.humanium.org\/fr\/wp-content\/uploads\/2021\/07\/shutterstock_105719318-768x512.jpg 768w, https:\/\/www.humanium.org\/fr\/wp-content\/uploads\/2021\/07\/shutterstock_105719318-1536x1024.jpg 1536w, https:\/\/www.humanium.org\/fr\/wp-content\/uploads\/2021\/07\/shutterstock_105719318-2048x1366.jpg 2048w, https:\/\/www.humanium.org\/fr\/wp-content\/uploads\/2021\/07\/shutterstock_105719318-830x553.jpg 830w, https:\/\/www.humanium.org\/fr\/wp-content\/uploads\/2021\/07\/shutterstock_105719318-230x153.jpg 230w, https:\/\/www.humanium.org\/fr\/wp-content\/uploads\/2021\/07\/shutterstock_105719318-350x233.jpg 350w, https:\/\/www.humanium.org\/fr\/wp-content\/uploads\/2021\/07\/shutterstock_105719318-480x320.jpg 480w, https:\/\/www.humanium.org\/fr\/wp-content\/uploads\/2021\/07\/shutterstock_105719318-272x182.jpg 272w\" sizes=\"auto, (max-width: 1024px) 100vw, 1024px\" \/><\/figure>\n<\/div>\n\n\n<p class=\"wp-block-paragraph\">En 2003, le minist\u00e8re de l\u2019\u00c9ducation a not\u00e9 que <a href=\"https:\/\/www.humanium.org\/fr\/pauvrete\/\"><strong>la pauvret\u00e9<\/strong><\/a><strong>, <\/strong><a href=\"https:\/\/www.humanium.org\/fr\/comprendre-droits-enfant\/droit-a-l-alimentation\/\"><strong>la faim<\/strong><\/a><strong> <\/strong>et les p\u00e9riodes de s\u00e9cheresse ont pour cons\u00e9quence un fort taux de d\u00e9crochage scolaire (Eswatini, n.d).&nbsp; Un faible taux d\u2019inscription au niveau secondaire demeure un probl\u00e8me r\u00e9current car il entrave le niveau d\u2019instruction et le d\u00e9veloppement des comp\u00e9tences. En Eswatini, les in\u00e9galit\u00e9s de <a href=\"https:\/\/www.humanium.org\/fr\/enfants-pauvres\/\"><strong>revenu<\/strong><\/a> et de&nbsp;<a href=\"https:\/\/www.humanium.org\/fr\/en-finir-avec-la-violence-a-legard-des-femmes-et-des-filles\/\"><strong>genre<\/strong><\/a> brisent les r\u00eaves d\u2019un avenir meilleur de beaucoup d\u2019adolescents et de jeunes et les emp\u00eachent d\u2019acqu\u00e9rir des moyens de subsistance autonomes (UNICEF, n.d). N\u00e9anmoins, le gouvernement a garanti l\u2019\u00c9ducation Primaire Gratuite (EPG) pour tous les enfants d\u2019Eswatini conform\u00e9ment \u00e0 la Constitution et \u00e0 la loi de 2012 sur la gratuit\u00e9 de l\u2019\u00e9ducation (Comit\u00e9 sur les droits de l\u2019enfant, 2017). <\/p>\n\n\n\n<p class=\"wp-block-paragraph\">Ce programme d\u2019\u00e9ducation primaire gratuite a \u00e9t\u00e9 con\u00e7u pour supprimer les barri\u00e8res et augmenter l\u2019acc\u00e8s \u00e0 l\u2019\u00e9ducation primaire pour tous les enfants en \u00e2ge d\u2019aller \u00e0 l\u2019\u00e9cole. Il permet une \u00e9ducation pertinente et de qualit\u00e9 et \u00e9limine toutes les formes de disparit\u00e9s et d\u2019irr\u00e9gularit\u00e9s dans l\u2019\u00e9ducation primaire. Il a pour but d\u2019\u00e9liminer l\u2019illettrisme et de donner \u00e0 chaque enfant des comp\u00e9tences et des connaissances de base afin de r\u00e9duire la <a href=\"https:\/\/www.humanium.org\/fr\/enfants-pauvres\/\"><strong>pauvret\u00e9<\/strong><\/a><strong>.<\/strong> Cela va de pair avec l\u2019Article 29(6) de la Constitution de 2005 du Royaume de Swaziland, qui garantit le droit \u00e0 la gratuit\u00e9 de l\u2019\u00e9ducation primaire dans les \u00e9coles publiques (Droits internationaux de la propri\u00e9t\u00e9 intellectuelle, 2021).<\/p>\n\n\n\n<p class=\"wp-block-paragraph\">Le programme d\u2019\u00e9ducation primaire gratuite a \u00e9t\u00e9 d\u00e9ploy\u00e9 avec succ\u00e8s de la premi\u00e8re \u00e0 la deuxi\u00e8me ann\u00e9e en 2010.&nbsp; En 2015, il a \u00e9t\u00e9 \u00e9tendu \u00e0 la 7\u00e8me ann\u00e9e. Le taux d\u2019inscription est pass\u00e9 de 231&nbsp;555 \u00e9l\u00e8ves en 2009 \u00e0 239 422 en 2012, pour atteindre 247 717 en 2015. Les indicateurs montrent qu\u2019Eswatini est en voie de permettre l\u2019acc\u00e8s universel \u00e0 l\u2019\u00e9ducation primaire stipul\u00e9 dans les Objectifs de d\u00e9veloppement du mill\u00e9naire (ODM) (Programme des Nations unies pour le d\u00e9veloppement, 2021). <\/p>\n\n\n\n<p class=\"wp-block-paragraph\">Cependant, permettre cet acc\u00e8s n\u2019est qu\u2019une premi\u00e8re \u00e9tape car il est encore n\u00e9cessaire de garantir que tous les enfants aient achev\u00e9 leur \u00e9ducation primaire. M\u00eame avec cet objectif &nbsp;le redoublement et l\u2019\u00e9chec scolaire pourraient encore pousser certains enfants en dehors du syst\u00e8me. En 2006\/2007&nbsp; 59.3% des enfants ont achev\u00e9 l\u2019\u00e9cole primaire, en 2012 ce taux est pass\u00e9 \u00e0 76.4%, ce qui montre bien qu\u2019un nombre plus \u00e9lev\u00e9 d\u2019enfants sont all\u00e9s jusqu\u2019au bout de l\u2019enseignement primaire. Ceci d\u00e9note une am\u00e9lioration car plus d\u2019enfants sont rest\u00e9s dans&nbsp; le syst\u00e8me scolaire (Child Rights International Network, 2016).<\/p>\n\n\n\n<h3 class=\"wp-block-heading\"><a href=\"https:\/\/www.humanium.org\/fr\/comprendre-droits-enfant\/droit-a-l-identite\/\"><strong>Droit \u00e0 l&rsquo;identit\u00e9<\/strong><\/a><\/h3>\n\n\n\n<p class=\"wp-block-paragraph\">Selon la loi en vigueur en Eswatini, les m\u00e8res ne peuvent transmettre leur citoyennet\u00e9 \u00e0 leurs enfants. La constitution d\u2019Eswatini stipule que tout enfant n\u00e9 avant 2005, \u00e0 l\u2019int\u00e9rieur ou en dehors d\u2019Eswatini, d\u2019au moins un parent Swati acquiert la citoyennet\u00e9 par filiation.&nbsp; Pourtant les enfants n\u00e9s apr\u00e8s 2005 acqui\u00e8rent uniquement la citoyennet\u00e9 de leur p\u00e8re, \u00e0 moins qu\u2019ils ne naissent en dehors du mariage ou que leur p\u00e8re ne r\u00e9clame pas la paternit\u00e9, auquel cas l\u2019enfant acquiert la citoyennet\u00e9 de la m\u00e8re. Na\u00eetre dans le pays ne conduit pas automatiquement \u00e0 la citoyennet\u00e9. <\/p>\n\n\n\n<p class=\"wp-block-paragraph\">Si une femme Swati \u00e9pouse un \u00e9tranger, m\u00eame naturalis\u00e9 citoyen Swati, leur enfant aura la citoyennet\u00e9 du p\u00e8re. La loi requiert aussi l\u2019enregistrement obligatoire des naissances. Selon une enqu\u00eate en grappes \u00e0 indicateurs multiples de 2014, 50% des enfants de moins de 5 ans ont \u00e9t\u00e9 d\u00e9clar\u00e9s \u00e0 la naissance, et 30% ont obtenu un certificat de naissance. Ce faible taux de <a href=\"https:\/\/www.humanium.org\/fr\/enfants-sans-identite\/\"><strong>d\u00e9claration des naissances<\/strong><\/a><strong> <\/strong>peut conduire \u00e0 une non reconnaissance par les services publiques et \u00e0 un refus de l\u2019acc\u00e8s \u00e0 <a href=\"https:\/\/www.humanium.org\/fr\/comprendre-droits-enfant\/droit-a-l-education\/\"><strong>l&rsquo;education<\/strong><\/a> (Etat, 2019).<\/p>\n\n\n\n<p class=\"wp-block-paragraph\">La loi N\u00b05 (1983) sur la d\u00e9claration des naissances, des mariages et des d\u00e9c\u00e8s stipule l\u2019obligation d\u2019<a href=\"https:\/\/www.humanium.org\/fr\/enfants-sans-identite\/\"><strong>enregistrement<\/strong><\/a> des naissances (Organes l\u00e9gislatifs nationaux \/ Autorit\u00e9s nationales, 1983). De plus le droit des enfants \u00e0 obtenir un nom et une nationalit\u00e9 est prot\u00e9g\u00e9 par la Constitution du Royaume de Swaziland de 2005 et la Loi de 2012 sur la protection et le bien-\u00eatre des enfants (CPWA, 2012).<\/p>\n\n\n\n<p class=\"wp-block-paragraph\">Cela garantit qu\u2019un &nbsp;enfant peut recevoir sa nationalit\u00e9 non seulement de son p\u00e8re mais aussi de sa m\u00e8re \u00e0 moins qu\u2019il ne soit n\u00e9 en dehors du mariage ou qu\u2019il ne soit pas adopt\u00e9 ou r\u00e9clam\u00e9 par son p\u00e8re (Comit\u00e9 sur les Droits de l\u2019Enfant, 2017). En d\u00e9pit de ces mesures l\u00e9gislatives, la d\u00e9claration des naissances reste encore probl\u00e9matique dans le pays, car certains parents n\u2019ont pas les papiers d\u2019identit\u00e9 n\u00e9cessaires pour d\u00e9clarer la naissance de leurs enfants.&nbsp; <\/p>\n\n\n\n<p class=\"wp-block-paragraph\">Qui plus est, les familles ne voient pas toujours l\u2019importance d\u2019avoir des papiers d\u2019identit\u00e9 et des certificats de naissance. Certains parents pr\u00e9f\u00e8rent obtenir la citoyennet\u00e9 <a href=\"https:\/\/www.humanium.org\/fr\/afrique-du-sud-2\/\"><strong>Sud-Africaine<\/strong><\/a> et ne peuvent donc pas d\u00e9clarer leurs enfants comme \u00e9tant des citoyens Eswatini car la loi interdit la double citoyennet\u00e9 et les <a href=\"https:\/\/www.humanium.org\/fr\/pratiques-culturelles\/\"><strong>pratiques traditionnelles<\/strong><\/a> d\u2019attribution d\u2019un nom par la consultation de la famille ou des c\u00e9r\u00e9monies de nommage, avant l\u2019enregistrement de la naissance de l\u2019enfant (Comit\u00e9 sur les droits de l\u2019enfant, 2017).<\/p>\n\n\n\n<h2 class=\"wp-block-heading\"><strong>Facteurs de risques <strong>\u2192<\/strong> D\u00e9fis sp\u00e9cifiques au pays<\/strong><\/h2>\n\n\n\n<h3 class=\"wp-block-heading\"><a href=\"https:\/\/www.humanium.org\/fr\/journee-internationale-des-filles\/\"><strong>Droit des filles<\/strong><\/a><strong> <\/strong><strong>et <\/strong><a href=\"https:\/\/www.humanium.org\/fr\/mutilations-genitales\/\"><strong>violences de genre (VDG)<\/strong><\/a><\/h3>\n\n\n\n<p class=\"wp-block-paragraph\">En Eswatini, la <a href=\"https:\/\/www.humanium.org\/fr\/mutilations-genitales\/\"><strong>violence de genre<\/strong><\/a> est un probl\u00e8me fr\u00e9quent auquel sont confront\u00e9es les femmes et les <a href=\"https:\/\/www.humanium.org\/fr\/droits-des-filles\/\"><strong>filles<\/strong><\/a> car une femme sur trois est victime de <a href=\"https:\/\/www.humanium.org\/fr\/exploitation-sexuelle-enfants\/\"><strong>violence sexuelle<\/strong><\/a> avant l\u2019\u00e2ge de 18 ans, et 48 % des femmes disent avoir subi des <a href=\"https:\/\/www.humanium.org\/fr\/exploitation-sexuelle-enfants\/\"><strong>violences sexuelles<\/strong><\/a> au cours de leur vie (FNUAP, n.d). Les victimes de violence souffrent souvent de s\u00e9quelles sexuelles et <a href=\"https:\/\/www.humanium.org\/fr\/sexualite-des-adolescents\/\"><strong>reproductives<\/strong><\/a>: grossesses forc\u00e9es et non d\u00e9sir\u00e9es, <a href=\"https:\/\/www.humanium.org\/fr\/enfants-et-sida-de-la-statistique-a-la-stigmatisation\/\"><strong>maladies sexuellement transmissibles<\/strong><\/a> telles que le VIH, et m\u00eame la mort.&nbsp; De plus, l\u2019\u00e9tude nationale sur les facteurs de violence contre les enfants au Swaziland (NSD VACS) confirme que l\u2019in\u00e9galit\u00e9 de genre et certaines<a href=\"https:\/\/www.humanium.org\/fr\/pratiques-culturelles\/\"><strong>pratiques traditionnelles<\/strong><\/a><strong> <\/strong>comme le \u2018Tibi Tendlu\u2019, ou les secrets de famille emp\u00eachent que l\u2019on parle des <a href=\"https:\/\/www.humanium.org\/fr\/la-maltraitance-des-enfants\/\"><strong>maltraitances<\/strong><\/a> physiques, sexuelles et psychologiques.&nbsp; <\/p>\n\n\n\n<p class=\"wp-block-paragraph\">Selon une statistique \u00e9difiante, il y aurait pour chaque<strong>&nbsp;<\/strong><a href=\"https:\/\/www.humanium.org\/fr\/droits-des-filles\/\"><strong>fille<\/strong><\/a><strong> <\/strong>ayant rapport\u00e9 des s\u00e9vices sexuels aux services de protection sociale 400 autres filles n\u2019ayant jamais re\u00e7u d\u2019aide ou d\u2019assistance pour <a href=\"https:\/\/www.humanium.org\/fr\/exploitation-sexuelle-enfants\/\"><strong>violence sexuelle<\/strong><\/a><strong> <\/strong>(Fry, 2016). Le gouvernement a essay\u00e9 de rectifier la situation en ordonnant le SODVA 2018, mais un manque de mise en \u0153uvre et de mauvaises pratiques budg\u00e9taires ont conduit \u00e0 des d\u00e9faillances de cet instrument l\u00e9gislatif (Swaziland Government Gazette Extraordinary, 2018). De plus, la violence de genre n\u2019a fait qu\u2019augmenter pendant la pand\u00e9mie de COVID-19.<\/p>\n\n\n\n<h3 class=\"wp-block-heading\"><a href=\"https:\/\/www.humanium.org\/fr\/travail-des-enfants\/\"><strong>Travail des enfants<\/strong><\/a><strong> <\/strong>et <a href=\"https:\/\/www.humanium.org\/fr\/exploitation\/\"><strong>exploitation<\/strong><\/a><strong><\/strong><\/h3>\n\n\n\n<p class=\"wp-block-paragraph\">En 2014, 69 980 enfants d\u2019Eswatini travaillaient dans l&rsquo;agriculture, l\u2019exploitation foresti\u00e8re et la p\u00eache, qui repr\u00e9sentent les principaux secteurs de l&rsquo;\u00e9conomie (OIT, 2014). Les enfants sont \u00e9galement victimes d\u2019<strong><a href=\"https:\/\/www.humanium.org\/fr\/exploitation-sexuelle-enfants\/\">exploitation sexuelle<\/a><\/strong> et de <a href=\"https:\/\/www.humanium.org\/fr\/travail-des-enfants\/\"><strong>travail domestique<\/strong><\/a><strong>.<\/strong> En 2019, l\u2019Eswatini s\u2019est efforc\u00e9 d\u2019\u00e9liminer les pires formes de travail infantile, alors que le gouvernement a officiellement approuv\u00e9 et lanc\u00e9 un plan d&rsquo;action pour condamner et arr\u00eater les personnes qui livrent les enfants au travail forc\u00e9 et au trafic sexuel. <\/p>\n\n\n<div class=\"wp-block-image\">\n<figure class=\"alignright size-large is-resized\"><img loading=\"lazy\" decoding=\"async\" width=\"1024\" height=\"683\" src=\"https:\/\/www.humanium.org\/fr\/wp-content\/uploads\/2021\/07\/shutterstock_1012504333-1024x683.jpg\" alt=\"\" class=\"wp-image-50601\" style=\"width:368px;height:245px\" srcset=\"https:\/\/www.humanium.org\/fr\/wp-content\/uploads\/2021\/07\/shutterstock_1012504333-1024x683.jpg 1024w, https:\/\/www.humanium.org\/fr\/wp-content\/uploads\/2021\/07\/shutterstock_1012504333-300x200.jpg 300w, https:\/\/www.humanium.org\/fr\/wp-content\/uploads\/2021\/07\/shutterstock_1012504333-768x512.jpg 768w, https:\/\/www.humanium.org\/fr\/wp-content\/uploads\/2021\/07\/shutterstock_1012504333-1536x1024.jpg 1536w, https:\/\/www.humanium.org\/fr\/wp-content\/uploads\/2021\/07\/shutterstock_1012504333-2048x1366.jpg 2048w, https:\/\/www.humanium.org\/fr\/wp-content\/uploads\/2021\/07\/shutterstock_1012504333-830x553.jpg 830w, https:\/\/www.humanium.org\/fr\/wp-content\/uploads\/2021\/07\/shutterstock_1012504333-230x153.jpg 230w, https:\/\/www.humanium.org\/fr\/wp-content\/uploads\/2021\/07\/shutterstock_1012504333-350x233.jpg 350w, https:\/\/www.humanium.org\/fr\/wp-content\/uploads\/2021\/07\/shutterstock_1012504333-480x320.jpg 480w, https:\/\/www.humanium.org\/fr\/wp-content\/uploads\/2021\/07\/shutterstock_1012504333-272x182.jpg 272w\" sizes=\"auto, (max-width: 1024px) 100vw, 1024px\" \/><\/figure>\n<\/div>\n\n\n<p class=\"wp-block-paragraph\">Mais, \u00e0 ce jour, l\u2019Eswatini n&rsquo;a pas de l\u00e9gislation qui r\u00e8glemente les conditions de travail, et les garanties <a href=\"https:\/\/www.humanium.org\/fr\/normes\/convention-138-age-minimum-1973\/\"><strong>d&rsquo;\u00e2ge minimum<\/strong><\/a> ne s&rsquo;appliquent pas aux enfants engag\u00e9s dans des travaux domestiques et agricoles.&nbsp; Ceci n&rsquo;est pas conforme aux normes internationales qui exigent que les enfants soient prot\u00e9g\u00e9s par un \u00e2ge minimum de travail (Travail, 2019) et ce, malgr\u00e9 la signature et la ratification des principales conventions internationales du travail telles que les n \u00b0 182 et 138 (Organisation internationale du Travail, 2021)<\/p>\n\n\n\n<h3 class=\"wp-block-heading\"><a href=\"https:\/\/www.humanium.org\/fr\/trafic-enfants\/\"><strong>Trafic et enl\u00e8vements d&rsquo;enfants<\/strong><\/a><strong><\/strong><\/h3>\n\n\n\n<p class=\"wp-block-paragraph\">L\u2019Eswatini a un taux tr\u00e8s \u00e9lev\u00e9 de <a href=\"https:\/\/www.humanium.org\/fr\/trafic-enfants\/\"><strong>trafic d&rsquo;enfants<\/strong><\/a>, surtout des <a href=\"https:\/\/www.humanium.org\/fr\/en-finir-avec-la-violence-a-legard-des-femmes-et-des-filles\/\"><strong>filles<\/strong><\/a>, principalement en raison du nombre \u00e9lev\u00e9 d&rsquo;<a href=\"https:\/\/www.humanium.org\/fr\/orphelins\/\"><strong>orphelins<\/strong><\/a> et des effets du <a href=\"https:\/\/www.humanium.org\/fr\/enfant-et-sida\/\"><strong>VIH\/SIDA<\/strong><\/a>. Les filles Swati, en particulier les orphelines, sont expos\u00e9es au trafic sexuel et \u00e0 l\u2019esclavage domestique. La protection l\u00e9gale a \u00e9t\u00e9 renforc\u00e9e par deux lois cl\u00e9s : les dispositions de la CPWA 2012 qui int\u00e8grent la Convention de La Haye, et la loi de 2009 sur la traite et le trafic des personnes (interdiction) (Gouvernement du Swaziland, 2010). <\/p>\n\n\n\n<p class=\"wp-block-paragraph\">Cela signifie que les enfants sont prot\u00e9g\u00e9s contre les transferts et le trafic illicites, et la l\u00e9gislation pr\u00e9voit \u00e9galement des peines allant jusqu&rsquo;\u00e0 20 ans pour la traite des adultes et une peine plus \u00e9lev\u00e9e de 25 ans pour <a href=\"https:\/\/www.humanium.org\/fr\/trafic-enfants\/\"><strong>le trafic d&rsquo;enfants<\/strong><\/a>. Compte tenu de la nature transnationale du probl\u00e8me, le gouvernement a coop\u00e9r\u00e9 avec d&rsquo;autres \u00c9tats membres de la Communaut\u00e9 de d\u00e9veloppement d&rsquo;Afrique australe (SADC) pour \u00e9laborer des directives concernant l\u2019identification des victimes ainsi qu&rsquo;un dispositif national de r\u00e9insertion des victimes.<\/p>\n\n\n\n<p class=\"wp-block-paragraph\">Le pays a ratifi\u00e9 des dispositifs internationaux indispensables, dont le Protocole de 2012 afin de pr\u00e9venir, de supprimer et de punir la traite des personnes, en particulier des femmes et des enfants, ce qui compl\u00e8te la Convention des Nations unies contre la criminalit\u00e9 transnationale organis\u00e9e (Nations Unies, 2000).<\/p>\n\n\n\n<h3 class=\"wp-block-heading\"><a href=\"https:\/\/www.humanium.org\/fr\/focus\/environnement\/\"><strong>D\u00e9fis environnementaux<\/strong><\/a><\/h3>\n\n\n<div class=\"wp-block-image\">\n<figure class=\"alignleft size-large is-resized\"><img loading=\"lazy\" decoding=\"async\" width=\"1024\" height=\"683\" src=\"https:\/\/www.humanium.org\/fr\/wp-content\/uploads\/2021\/07\/shutterstock_1553041034-1024x683.jpg\" alt=\"\" class=\"wp-image-50602\" style=\"width:396px;height:265px\" srcset=\"https:\/\/www.humanium.org\/fr\/wp-content\/uploads\/2021\/07\/shutterstock_1553041034-1024x683.jpg 1024w, https:\/\/www.humanium.org\/fr\/wp-content\/uploads\/2021\/07\/shutterstock_1553041034-300x200.jpg 300w, https:\/\/www.humanium.org\/fr\/wp-content\/uploads\/2021\/07\/shutterstock_1553041034-768x512.jpg 768w, https:\/\/www.humanium.org\/fr\/wp-content\/uploads\/2021\/07\/shutterstock_1553041034-1536x1024.jpg 1536w, https:\/\/www.humanium.org\/fr\/wp-content\/uploads\/2021\/07\/shutterstock_1553041034-2048x1365.jpg 2048w, https:\/\/www.humanium.org\/fr\/wp-content\/uploads\/2021\/07\/shutterstock_1553041034-830x553.jpg 830w, https:\/\/www.humanium.org\/fr\/wp-content\/uploads\/2021\/07\/shutterstock_1553041034-230x153.jpg 230w, https:\/\/www.humanium.org\/fr\/wp-content\/uploads\/2021\/07\/shutterstock_1553041034-350x233.jpg 350w, https:\/\/www.humanium.org\/fr\/wp-content\/uploads\/2021\/07\/shutterstock_1553041034-480x320.jpg 480w, https:\/\/www.humanium.org\/fr\/wp-content\/uploads\/2021\/07\/shutterstock_1553041034-272x182.jpg 272w\" sizes=\"auto, (max-width: 1024px) 100vw, 1024px\" \/><\/figure>\n<\/div>\n\n\n<p class=\"wp-block-paragraph\">L\u2019Eswatini, comme de nombreux pays d&rsquo;Afrique, a faiblement contribu\u00e9 aux \u00e9missions de gaz \u00e0 effet de serre (GES) dans l&rsquo;atmosph\u00e8re. Pourtant, il est confront\u00e9 \u00e0 certaines des pires cons\u00e9quences de ce ph\u00e9nom\u00e8ne et a g\u00e9n\u00e9ralement une tr\u00e8s faible capacit\u00e9 \u00e0 faire face aux impacts du changement climatique. L\u2019Eswatini est tr\u00e8s vuln\u00e9rable et expos\u00e9 aux impacts du changement climatique en raison de son contexte socio-\u00e9conomique et environnemental. En outre, les changements du climat, y compris l&rsquo;augmentation de la fr\u00e9quence et de l&rsquo;intensit\u00e9 des \u00e9v\u00e9nements m\u00e9t\u00e9orologiques extr\u00eames, affectent de mani\u00e8re disproportionn\u00e9e les populations les plus pauvres. Le changement climatique a \u00e9galement des effets n\u00e9fastes sur l&rsquo;eau, la nourriture, le carburant, la sant\u00e9, l&rsquo;\u00e9ducation et l&rsquo;acc\u00e8s aux services sociaux (minist\u00e8re du Tourisme et des Affaires environnementales, 2016).<\/p>\n\n\n\n<p class=\"wp-block-paragraph\">Bien que des cadres normatifs et politiques aient \u00e9galement \u00e9t\u00e9 \u00e9labor\u00e9s pour faire face aux probl\u00e8mes de changement climatique et de r\u00e9duction des risques de catastrophe, ils n&rsquo;ont pas encore \u00e9t\u00e9 pleinement mis en \u0153uvre. Par cons\u00e9quent, certaines communaut\u00e9s, en particulier celles de la r\u00e9gion Sud du pays touch\u00e9e par la s\u00e9cheresse, sont confront\u00e9es \u00e0 l\u2019ins\u00e9curit\u00e9 <a href=\"https:\/\/www.humanium.org\/fr\/comprendre-droits-enfant\/droit-a-l-alimentation\/malnutrition\/\"><strong>alimentaire<\/strong><\/a> et nutritionnelle (Directives relatives au plan-cadre de coop\u00e9ration des Nations unies pour le d\u00e9veloppement durable (UNSDCF, 2020).<\/p>\n\n\n\n<p class=\"wp-block-paragraph\"><em><strong>Ecrit par Ginevra Vigliani and Igi Nderi<\/strong><\/em><\/p>\n\n\n\n<p class=\"wp-block-paragraph\"><em><strong>Traduit par Nathalie Nurbel<\/strong><\/em><\/p>\n\n\n\n<p class=\"wp-block-paragraph\"><em><strong>Relu par Sophie Narayan<\/strong><\/em><\/p>\n\n\n\n<p class=\"wp-block-paragraph\"><em><strong>Derni\u00e8re mise \u00e0 jour le 24 mars 2021<\/strong><\/em><\/p>\n\n\n\n<h4 class=\"wp-block-heading\">Bibliographie :<\/h4>\n\n\n\n<p class=\"has-small-font-size wp-block-paragraph\"><a href=\"http:\/\/www.africanchildforum.org\/clr\/Pages_EN\/Swaziland.html\" target=\"_blank\" rel=\"noreferrer noopener\">African Child Policy Forum. (2021, March 2). <em>Swaziland<\/em>. Retrieved from Child Law Resources<\/a><\/p>\n\n\n\n<p class=\"has-small-font-size wp-block-paragraph\">African Committee of Experts on the Rights and Welfare of the Child. (2021, March 2). <em>Ratifications Table<\/em>. Retrieved from African Committee of Experts on the Rights and Welfare of the Child<\/p>\n\n\n\n<p class=\"has-small-font-size wp-block-paragraph\"><a href=\"https:\/\/www.avert.org\/professionals\/hiv-around-world\/sub-saharan-africa\/swaziland#footnote15_3uycatl\" target=\"_blank\" rel=\"noreferrer noopener\">AVERT. (2020). <em>HIV and AIDS in Eswatini<\/em>. Retrieved from AVERT<\/a> <\/p>\n\n\n\n<p class=\"has-small-font-size wp-block-paragraph\"><a href=\"https:\/\/www.britannica.com\/place\/Eswatini\" target=\"_blank\" rel=\"noreferrer noopener\">Britannica. (2021). <em>Eswatini<\/em>. Retrieved from Britannica <\/a><\/p>\n\n\n\n<p class=\"has-small-font-size wp-block-paragraph\"><a href=\"https:\/\/opic.childrightsconnect.org\/ratification-status\/\" target=\"_blank\" rel=\"noreferrer noopener\">Child Rights Connect. (2021, March 2). <em>Ratification Status<\/em>. Retrieved from Optional Protocol on a Communications Procedure<\/a><\/p>\n\n\n\n<p class=\"has-small-font-size wp-block-paragraph\"><a href=\"https:\/\/archive.crin.org\/en\/library\/publications\/swaziland-childrens-rights-references-universal-periodic-review.html\" target=\"_blank\" rel=\"noreferrer noopener\">Child Rights International Network. (2016, May 10). <em>Swaziland: Children&rsquo;s Rights References in the Universal Periodic Review <\/em>. Retrieved from Child Rights International Network<\/a><\/p>\n\n\n\n<p class=\"has-small-font-size wp-block-paragraph\">Committee on the Rights of the Child. (2017, December 19). <em>Combined second to fourth periodic reports submitted by Eswatini<\/em>. Retrieved from OHCHR<\/p>\n\n\n\n<p class=\"has-small-font-size wp-block-paragraph\"><a href=\"http:\/\/www.gov.sz\/index.php?option=com_content&amp;view=article&amp;id=423&amp;Itemid=369\" target=\"_blank\" rel=\"noreferrer noopener\">Eswatini, T. G. (n.d.). <em>Primary education<\/em>.<\/a> <\/p>\n\n\n\n<p class=\"has-small-font-size wp-block-paragraph\"><a href=\"https:\/\/www.unicef-irc.org\/research\/pdf\/446-FINAL-Web-Synthesis-Page-by-Page.pdf\" target=\"_blank\" rel=\"noreferrer noopener\">Fry, Dr. D. (2016, June 23). <em>The Drivers of Violence Affecting Children in Swaziland: Synthesis of Findings<\/em>. Retrieved from UNICEF<\/a><\/p>\n\n\n\n<p class=\"has-small-font-size wp-block-paragraph\"><a href=\"https:\/\/www.ilo.org\/dyn\/natlex\/docs\/MONOGRAPH\/107539\/132415\/F306693388\/SWZ107539.pdf\" target=\"_blank\" rel=\"noreferrer noopener\">Government of Swaziland. (2010, March 1). <em>The People Trafficking and People Smuggling (Prohibition) Act 2009<\/em>. Retrieved from International Labor Organisation<\/a><\/p>\n\n\n\n<p class=\"has-small-font-size wp-block-paragraph\">ILO. (2014). <em>Child Labor in herding in rural area of Swaziland.<\/em> Retrieved from : International Labour Organization <\/p>\n\n\n\n<p class=\"has-small-font-size wp-block-paragraph\"><a href=\"https:\/\/www.ilo.org\/dyn\/normlex\/en\/f?p=1000:11200:0::NO:11200:P11200_COUNTRY_ID:103336\" target=\"_blank\" rel=\"noreferrer noopener\">International Labour Organization. (2021, March 2). <em>Ratifications for Eswatini<\/em>. Retrieved from International Labour Organization<\/a><\/p>\n\n\n\n<p class=\"has-small-font-size wp-block-paragraph\"><a href=\"https:\/\/www.dol.gov\/agencies\/ilab\/resources\/reports\/child-labor\/eswatini\" target=\"_blank\" rel=\"noreferrer noopener\">Labor, U. D. (2019). <em>Eswatini Child Labor<\/em>.<\/a> <\/p>\n\n\n\n<p class=\"has-small-font-size wp-block-paragraph\"><a href=\"https:\/\/www.macrotrends.net\/countries\/SWZ\/eswatini\/life-expectancy\" target=\"_blank\" rel=\"noreferrer noopener\">Macrotrends. (n.d.). <em>Eswatini life expectancy<\/em><\/a><\/p>\n\n\n\n<p class=\"has-small-font-size wp-block-paragraph\"><a href=\"https:\/\/www.unicef.org\/eswatini\/media\/876\/file\/Eswatini%20National%20Sanitation%20Policy-report-2019.pdf.pdf\" target=\"_blank\" rel=\"noreferrer noopener\">Ministry of Health . (2019, August 1). <em>National Sanitation and Hygiene Policy<\/em>. Retrieved from UNICEF Eswatini<\/a><\/p>\n\n\n\n<p class=\"has-small-font-size wp-block-paragraph\"><a href=\"https:\/\/www.unicef.org\/eswatini\/media\/921\/file\/National%20water%20policy-report-2018.pdf.pdf\" target=\"_blank\" rel=\"noreferrer noopener\">Ministry of Natural Resources and Energy . (2018, August 1). <em>National Water Policy <\/em>. Retrieved from UNICEF Eswatini<\/a><\/p>\n\n\n\n<p class=\"has-small-font-size wp-block-paragraph\"><a href=\"https:\/\/info.undp.org\/docs\/pdc\/Documents\/SWZ\/Swaziland%20Climate%20Change%20Policy%202016%20Final.pdf\" target=\"_blank\" rel=\"noreferrer noopener\">Ministry of Tourism and Environmental Affairs. (2016, June 1). <em>National Climate Change Policy <\/em>. Retrieved from United Nations Development Programme<\/a><\/p>\n\n\n\n<p class=\"has-small-font-size wp-block-paragraph\"><a href=\"https:\/\/www.refworld.org\/docid\/5d0241277.html\" target=\"_blank\" rel=\"noreferrer noopener\">National Legislative Bodies \/ National Authorities. (1983, June 23). <em>Swaziland: Births, Marriages and Deaths Registration Act of 1983 [Eswatini]<\/em>. Retrieved from Refworld<\/a><\/p>\n\n\n\n<p class=\"has-small-font-size wp-block-paragraph\"><a href=\"https:\/\/www.state.gov\/reports\/2019-country-reports-on-human-rights-practices\/eswatini\/\" target=\"_blank\" rel=\"noreferrer noopener\">State, U. D. (2019). <em>Country Reports on Human Rights Practices<\/em>. Retrieved from Eswatini<\/a><\/p>\n\n\n\n<p class=\"has-small-font-size wp-block-paragraph\"><a href=\"https:\/\/www.ilo.org\/dyn\/natlex\/docs\/SERIAL\/108709\/134536\/F1384531235\/SWZ108709%20Eng.pdf\" target=\"_blank\" rel=\"noreferrer noopener\">Swaziland Government Gazette Extraordinary . (2018, July 16). <em>The Sexual Offences and Domestic Violence Act 2018<\/em>. Retrieved from Swaziland Government Gazette Extraordinary<\/a> <\/p>\n\n\n\n<p class=\"has-small-font-size wp-block-paragraph\"><a href=\"https:\/\/www.soschildrensvillages.ca\/swaziland\" target=\"_blank\" rel=\"noreferrer noopener\">Swaziland. (n.d.). Retrieved from SOS children&rsquo;s villages<\/a><\/p>\n\n\n\n<p class=\"has-small-font-size wp-block-paragraph\"><a href=\"https:\/\/www.unaids.org\/sites\/default\/files\/country\/documents\/SWZ_narrative_report_2014.pdf\" target=\"_blank\" rel=\"noreferrer noopener\">UNAIDS. (2014). <em>Swaziland Global AIDS response progress<\/em><\/a><\/p>\n\n\n\n<p class=\"has-small-font-size wp-block-paragraph\"><a href=\"http:\/\/aidsinfo.unaids.org\" target=\"_blank\" rel=\"noreferrer noopener\">UNAIDS. (2020). <em>AIDS info<\/em><\/a><\/p>\n\n\n\n<p class=\"has-small-font-size wp-block-paragraph\"><a href=\"https:\/\/eswatini.unfpa.org\/en\/topics\/gender-based-violence-2\" target=\"_blank\" rel=\"noreferrer noopener\">UNFPA. (n.d.). <em>Gender based violence<\/em>. Retrieved from Eswatini<\/a><\/p>\n\n\n\n<p class=\"has-small-font-size wp-block-paragraph\"><a href=\"https:\/\/www.unicef.org\/eswatini\/water-sanitation-and-hygiene-wash\" target=\"_blank\" rel=\"noreferrer noopener\">UNICEF . (2021, March 5). <em>Eswatini Water, Sanitation and Hygiene Wash<\/em>. Retrieved from UNICEF Eswatini<\/a><\/p>\n\n\n\n<p class=\"has-small-font-size wp-block-paragraph\"><a href=\"https:\/\/www.unicef.org\/eswatini\/media\/546\/file\/UNICEF-Country-Programme-Document-report-2016.pdf\" target=\"_blank\" rel=\"noreferrer noopener\">UNICEF. (2015, July 1). <em>Country Programme Document 2016-2020 Kingdom of Swaziland<\/em>. Retrieved from UNICEF<\/a><\/p>\n\n\n\n<p class=\"has-small-font-size wp-block-paragraph\"><a href=\"https:\/\/www.unicef.org\/eswatini\/education\" target=\"_blank\" rel=\"noreferrer noopener\">UNICEF. (n.d.). <em>Eswatini Education<\/em><\/a><\/p>\n\n\n\n<p class=\"has-small-font-size wp-block-paragraph\"><a href=\"https:\/\/data.unicef.org\/country\/swz\/\" target=\"_blank\" rel=\"noreferrer noopener\">UNICEF. (2019, June 01). <em>Eswatini-Country Profile<\/em>. Retrieved from Data UNICEF<\/a><\/p>\n\n\n\n<p class=\"has-small-font-size wp-block-paragraph\"><a href=\"https:\/\/www.unicef.org\/eswatini\/hivaids\" target=\"_blank\" rel=\"noreferrer noopener\">UNICEF. (2021, March 5). <em>Eswatini HIV\/AIDS<\/em>. Retrieved from UNICEF Eswatin<\/a><\/p>\n\n\n\n<p class=\"has-small-font-size wp-block-paragraph\"><a href=\"https:\/\/www.unicef.org\/eswatini\/maternal-newborn-and-child-health-mnch\" target=\"_blank\" rel=\"noreferrer noopener\">UNICEF. (2021, March 5). <em>Eswatini Maternal Newborn and Child Health (MNCH)<\/em>. Retrieved from UNICEF Eswatini<\/a><\/p>\n\n\n\n<p class=\"has-small-font-size wp-block-paragraph\"><a href=\"https:\/\/treaties.un.org\/pages\/ViewDetails.aspx?src=TREATY&amp;mtdsg_no=XVIII-12-a&amp;chapter=18&amp;clang=_en\" target=\"_blank\" rel=\"noreferrer noopener\">United Nations. (2000, November 15). <em>Protocol to Prevent, Suppress and Punish Trafficking in Persons, Especially Women and Children, supplementing the United Nations Convention against Transnational Organized Crime<\/em>. Retrieved from United Nations Treaty Collection<\/a> <\/p>\n\n\n\n<p class=\"has-small-font-size wp-block-paragraph\">United Nations Development Programme. (2021, March 8). <em>Millennium Development Goals<\/em>. Retrieved from UNDP<\/p>\n\n\n\n<p class=\"has-small-font-size wp-block-paragraph\"><a href=\"https:\/\/tbinternet.ohchr.org\/_layouts\/15\/TreatyBodyExternal\/Treaty.aspx?CountryID=90&amp;Lang=en\" target=\"_blank\" rel=\"noreferrer noopener\">United Nations Human Rights Treaty Bodies. (2021, March 2). <em>UN Treaty Body Database<\/em>. Retrieved from OHCHR<\/a><\/p>\n\n\n\n<p class=\"has-small-font-size wp-block-paragraph\"><a href=\"https:\/\/unsdg.un.org\/resources\/un-sustainable-development-cooperation-framework-eswatini-2021-2025\" target=\"_blank\" rel=\"noreferrer noopener\">United Nations Sustainable Development Cooperation Framework (UNSDCF). (2020). 2021-2025 United Nations Sustainable Development Cooperation Framework for Eswatini. <em>UNSDCF<\/em>, 12.<\/a><\/p>\n\n\n\n<p class=\"has-small-font-size wp-block-paragraph\"><a href=\"https:\/\/knoema.com\/atlas\/Eswatini\/Population-aged-0-14-years\" target=\"_blank\" rel=\"noreferrer noopener\">World Data Atlas . (2019, June 01). <em>Eswatini &#8211; Population ages 0-14 <\/em>. Retrieved from Knoema<\/a><\/p>\n\n\n\n<p class=\"has-small-font-size wp-block-paragraph\"><a href=\"https:\/\/www.wipo.int\/edocs\/lexdocs\/laws\/en\/sz\/sz010en.pdf\" target=\"_blank\" rel=\"noreferrer noopener\">World Intellectual Property Rights. (2021, March 2). <em>The Constitution of the Kingdom of Swaziland 2005<\/em>. Retrieved from World Intellectual Property Rights<\/a><\/p>\n\n\n\n<p class=\"has-small-font-size wp-block-paragraph\"><a href=\"https:\/\/www.worldometers.info\/world-population\/swaziland-population\/\" target=\"_blank\" rel=\"noreferrer noopener\">Worldmeters. (n.d.). <em>Swaziland population<\/em><\/a><\/p>\n\n\n\n<hr class=\"wp-block-separator has-css-opacity\"\/>\n\n\n\n<p class=\"has-small-font-size wp-block-paragraph\"><a href=\"#_ftnref1\">[1]<\/a> Cet article ne pr\u00e9tend en aucun cas donner un compte rendu complet ou repr\u00e9sentatif des droits de l\u2019enfant en Eswatini. En effet, l\u2019une des principales difficult\u00e9s est due au peu d\u2019informations mises \u00e0 jour sur les enfants, dont la plupart n\u2019est ni fiable, ni repr\u00e9sentative, obsol\u00e8te ou simplement inexistante.<\/p>\n","protected":false},"excerpt":{"rendered":"<p>Concr\u00e9tiser les Droits de l&rsquo;Enfant au Swaziland Environ 100 000 enfants en Eswatini sont orphelins et grandissent sans leurs parents. A cause du VIH \/ SIDA et des niveaux de pauvret\u00e9 \u00e9lev\u00e9s, de nombreux enfants \u00e9l\u00e8vent eux-m\u00eames des enfants (Swaziland, n.d). Les enfants sont donc souvent priv\u00e9s des services de sant\u00e9 et n\u2019ont pas acc\u00e8s [&hellip;]<\/p>\n","protected":false},"author":65,"featured_media":0,"parent":0,"menu_order":0,"comment_status":"closed","ping_status":"closed","template":"","meta":{"footnotes":""},"class_list":["post-22023","page","type-page","status-publish","hentry"],"yoast_head":"<!-- This site is optimized with the Yoast SEO plugin v28.3 - https:\/\/yoast.com\/product\/yoast-seo-wordpress\/ -->\n<title>Enfants du Swaziland - Humanium<\/title>\n<meta name=\"description\" content=\"Environ 100 000 enfants en Eswatini sont orphelins. Les enfants sont souvent priv\u00e9s des services de sant\u00e9 et n\u2019ont pas acc\u00e8s \u00e0 une \u00e9ducation.\" \/>\n<meta name=\"robots\" content=\"index, follow, max-snippet:-1, max-image-preview:large, max-video-preview:-1\" \/>\n<link rel=\"canonical\" href=\"https:\/\/www.humanium.org\/fr\/swaziland\/\" \/>\n<meta property=\"og:locale\" content=\"fr_FR\" \/>\n<meta property=\"og:type\" content=\"article\" \/>\n<meta property=\"og:title\" content=\"Enfants du Swaziland - Humanium\" \/>\n<meta property=\"og:description\" content=\"Environ 100 000 enfants en Eswatini sont orphelins. Les enfants sont souvent priv\u00e9s des services de sant\u00e9 et n\u2019ont pas acc\u00e8s \u00e0 une \u00e9ducation.\" \/>\n<meta property=\"og:url\" content=\"https:\/\/www.humanium.org\/fr\/swaziland\/\" \/>\n<meta property=\"og:site_name\" content=\"Humanium\" \/>\n<meta property=\"article:modified_time\" content=\"2025-12-10T02:42:12+00:00\" \/>\n<meta property=\"og:image\" content=\"https:\/\/www.humanium.org\/fr\/wp-content\/uploads\/2021\/07\/girl-swaziland..jpg\" \/>\n\t<meta property=\"og:image:width\" content=\"183\" \/>\n\t<meta property=\"og:image:height\" content=\"200\" \/>\n\t<meta property=\"og:image:type\" content=\"image\/jpeg\" \/>\n<meta name=\"twitter:card\" content=\"summary_large_image\" \/>\n<meta name=\"twitter:label1\" content=\"Dur\u00e9e de lecture estim\u00e9e\" \/>\n\t<meta name=\"twitter:data1\" content=\"21 minutes\" \/>\n<script type=\"application\/ld+json\" class=\"yoast-schema-graph\">{\"@context\":\"https:\\\/\\\/schema.org\",\"@graph\":[{\"@type\":\"WebPage\",\"@id\":\"https:\\\/\\\/www.humanium.org\\\/fr\\\/swaziland\\\/\",\"url\":\"https:\\\/\\\/www.humanium.org\\\/fr\\\/swaziland\\\/\",\"name\":\"Enfants du Swaziland - Humanium\",\"isPartOf\":{\"@id\":\"https:\\\/\\\/www.humanium.org\\\/fr\\\/#website\"},\"primaryImageOfPage\":{\"@id\":\"https:\\\/\\\/www.humanium.org\\\/fr\\\/swaziland\\\/#primaryimage\"},\"image\":{\"@id\":\"https:\\\/\\\/www.humanium.org\\\/fr\\\/swaziland\\\/#primaryimage\"},\"thumbnailUrl\":\"https:\\\/\\\/www.humanium.org\\\/fr\\\/wp-content\\\/uploads\\\/2021\\\/07\\\/girl-swaziland..jpg\",\"datePublished\":\"2012-09-24T11:37:34+00:00\",\"dateModified\":\"2025-12-10T02:42:12+00:00\",\"description\":\"Environ 100 000 enfants en Eswatini sont orphelins. Les enfants sont souvent priv\u00e9s des services de sant\u00e9 et n\u2019ont pas acc\u00e8s \u00e0 une \u00e9ducation.\",\"breadcrumb\":{\"@id\":\"https:\\\/\\\/www.humanium.org\\\/fr\\\/swaziland\\\/#breadcrumb\"},\"inLanguage\":\"fr-FR\",\"potentialAction\":[{\"@type\":\"ReadAction\",\"target\":[\"https:\\\/\\\/www.humanium.org\\\/fr\\\/swaziland\\\/\"]}]},{\"@type\":\"ImageObject\",\"inLanguage\":\"fr-FR\",\"@id\":\"https:\\\/\\\/www.humanium.org\\\/fr\\\/swaziland\\\/#primaryimage\",\"url\":\"https:\\\/\\\/www.humanium.org\\\/fr\\\/wp-content\\\/uploads\\\/2021\\\/07\\\/girl-swaziland..jpg\",\"contentUrl\":\"https:\\\/\\\/www.humanium.org\\\/fr\\\/wp-content\\\/uploads\\\/2021\\\/07\\\/girl-swaziland..jpg\",\"width\":183,\"height\":200},{\"@type\":\"BreadcrumbList\",\"@id\":\"https:\\\/\\\/www.humanium.org\\\/fr\\\/swaziland\\\/#breadcrumb\",\"itemListElement\":[{\"@type\":\"ListItem\",\"position\":1,\"name\":\"Home\",\"item\":\"https:\\\/\\\/www.humanium.org\\\/fr\\\/\"},{\"@type\":\"ListItem\",\"position\":2,\"name\":\"Enfants du Swaziland\"}]},{\"@type\":\"WebSite\",\"@id\":\"https:\\\/\\\/www.humanium.org\\\/fr\\\/#website\",\"url\":\"https:\\\/\\\/www.humanium.org\\\/fr\\\/\",\"name\":\"Humanium\",\"description\":\"Les enfants d\u2019abord !\",\"potentialAction\":[{\"@type\":\"SearchAction\",\"target\":{\"@type\":\"EntryPoint\",\"urlTemplate\":\"https:\\\/\\\/www.humanium.org\\\/fr\\\/?s={search_term_string}\"},\"query-input\":{\"@type\":\"PropertyValueSpecification\",\"valueRequired\":true,\"valueName\":\"search_term_string\"}}],\"inLanguage\":\"fr-FR\"}]}<\/script>\n<!-- \/ Yoast SEO plugin. -->","yoast_head_json":{"title":"Enfants du Swaziland - Humanium","description":"Environ 100 000 enfants en Eswatini sont orphelins. Les enfants sont souvent priv\u00e9s des services de sant\u00e9 et n\u2019ont pas acc\u00e8s \u00e0 une \u00e9ducation.","robots":{"index":"index","follow":"follow","max-snippet":"max-snippet:-1","max-image-preview":"max-image-preview:large","max-video-preview":"max-video-preview:-1"},"canonical":"https:\/\/www.humanium.org\/fr\/swaziland\/","og_locale":"fr_FR","og_type":"article","og_title":"Enfants du Swaziland - Humanium","og_description":"Environ 100 000 enfants en Eswatini sont orphelins. Les enfants sont souvent priv\u00e9s des services de sant\u00e9 et n\u2019ont pas acc\u00e8s \u00e0 une \u00e9ducation.","og_url":"https:\/\/www.humanium.org\/fr\/swaziland\/","og_site_name":"Humanium","article_modified_time":"2025-12-10T02:42:12+00:00","og_image":[{"width":183,"height":200,"url":"https:\/\/www.humanium.org\/fr\/wp-content\/uploads\/2021\/07\/girl-swaziland..jpg","type":"image\/jpeg"}],"twitter_card":"summary_large_image","twitter_misc":{"Dur\u00e9e de lecture estim\u00e9e":"21 minutes"},"schema":{"@context":"https:\/\/schema.org","@graph":[{"@type":"WebPage","@id":"https:\/\/www.humanium.org\/fr\/swaziland\/","url":"https:\/\/www.humanium.org\/fr\/swaziland\/","name":"Enfants du Swaziland - Humanium","isPartOf":{"@id":"https:\/\/www.humanium.org\/fr\/#website"},"primaryImageOfPage":{"@id":"https:\/\/www.humanium.org\/fr\/swaziland\/#primaryimage"},"image":{"@id":"https:\/\/www.humanium.org\/fr\/swaziland\/#primaryimage"},"thumbnailUrl":"https:\/\/www.humanium.org\/fr\/wp-content\/uploads\/2021\/07\/girl-swaziland..jpg","datePublished":"2012-09-24T11:37:34+00:00","dateModified":"2025-12-10T02:42:12+00:00","description":"Environ 100 000 enfants en Eswatini sont orphelins. Les enfants sont souvent priv\u00e9s des services de sant\u00e9 et n\u2019ont pas acc\u00e8s \u00e0 une \u00e9ducation.","breadcrumb":{"@id":"https:\/\/www.humanium.org\/fr\/swaziland\/#breadcrumb"},"inLanguage":"fr-FR","potentialAction":[{"@type":"ReadAction","target":["https:\/\/www.humanium.org\/fr\/swaziland\/"]}]},{"@type":"ImageObject","inLanguage":"fr-FR","@id":"https:\/\/www.humanium.org\/fr\/swaziland\/#primaryimage","url":"https:\/\/www.humanium.org\/fr\/wp-content\/uploads\/2021\/07\/girl-swaziland..jpg","contentUrl":"https:\/\/www.humanium.org\/fr\/wp-content\/uploads\/2021\/07\/girl-swaziland..jpg","width":183,"height":200},{"@type":"BreadcrumbList","@id":"https:\/\/www.humanium.org\/fr\/swaziland\/#breadcrumb","itemListElement":[{"@type":"ListItem","position":1,"name":"Home","item":"https:\/\/www.humanium.org\/fr\/"},{"@type":"ListItem","position":2,"name":"Enfants du Swaziland"}]},{"@type":"WebSite","@id":"https:\/\/www.humanium.org\/fr\/#website","url":"https:\/\/www.humanium.org\/fr\/","name":"Humanium","description":"Les enfants d\u2019abord !","potentialAction":[{"@type":"SearchAction","target":{"@type":"EntryPoint","urlTemplate":"https:\/\/www.humanium.org\/fr\/?s={search_term_string}"},"query-input":{"@type":"PropertyValueSpecification","valueRequired":true,"valueName":"search_term_string"}}],"inLanguage":"fr-FR"}]}},"_links":{"self":[{"href":"https:\/\/www.humanium.org\/fr\/wp-json\/wp\/v2\/pages\/22023","targetHints":{"allow":["GET"]}}],"collection":[{"href":"https:\/\/www.humanium.org\/fr\/wp-json\/wp\/v2\/pages"}],"about":[{"href":"https:\/\/www.humanium.org\/fr\/wp-json\/wp\/v2\/types\/page"}],"author":[{"embeddable":true,"href":"https:\/\/www.humanium.org\/fr\/wp-json\/wp\/v2\/users\/65"}],"replies":[{"embeddable":true,"href":"https:\/\/www.humanium.org\/fr\/wp-json\/wp\/v2\/comments?post=22023"}],"version-history":[{"count":29,"href":"https:\/\/www.humanium.org\/fr\/wp-json\/wp\/v2\/pages\/22023\/revisions"}],"predecessor-version":[{"id":60834,"href":"https:\/\/www.humanium.org\/fr\/wp-json\/wp\/v2\/pages\/22023\/revisions\/60834"}],"wp:attachment":[{"href":"https:\/\/www.humanium.org\/fr\/wp-json\/wp\/v2\/media?parent=22023"}],"curies":[{"name":"wp","href":"https:\/\/api.w.org\/{rel}","templated":true}]}}