{"id":22168,"date":"2013-01-14T17:04:46","date_gmt":"2013-01-14T17:04:46","guid":{"rendered":"http:\/\/www.humanium.org\/fr\/?page_id=22168"},"modified":"2025-12-05T14:43:33","modified_gmt":"2025-12-05T14:43:33","slug":"monaco","status":"publish","type":"page","link":"https:\/\/www.humanium.org\/fr\/monaco\/","title":{"rendered":"Enfants de Monaco"},"content":{"rendered":"<h1>Enfants de Monaco<\/h1>\n<h2>Concr\u00e9tiser les droits de l&rsquo;enfant \u00e0 Monaco<\/h2>\n<p style=\"text-align: center;\"><img decoding=\"async\" class=\"alignnone wp-image-27581\" title=\"Alexandra de Hanovre \u00a9 Abaca\" src=\"https:\/\/www.humanium.org\/fr\/wp-content\/uploads\/2013\/01\/alexandra-de-hanovre-233x300.jpg\" alt=\"\" height=\"200\" \/>\u00a0 <img decoding=\"async\" class=\"alignnone wp-image-27586\" title=\"Jeune gar\u00e7on \u00a9 Kashmut (flickr)\" src=\"https:\/\/www.humanium.org\/fr\/wp-content\/uploads\/2013\/01\/jeune-garcon-225x300.jpg\" alt=\"\" height=\"200\" \/><\/p>\n<p>Bien qu\u2019il soit le second plus petit \u00e9tat au monde, Monaco a le PNB par habitant le plus \u00e9lev\u00e9. En effet, c\u2019est un pays tr\u00e8s d\u00e9velopp\u00e9 dont 100% de la population est urbanis\u00e9e et la situation des enfants y est tr\u00e8s bonne. Le faible accroissement g\u00e9ographique explique le fait que Monaco compte peu d\u2019enfants. Effectivement, 12,1% de la population a moins de 14 ans et 2% a moins de 5 ans.<br \/>\nMalgr\u00e9 l\u2019engagement du pays dans l\u2019am\u00e9lioration des conditions de vie des enfants \u00e0 travers le monde, Monaco a adh\u00e9r\u00e9 \u00e0 peu de conventions ou lois sp\u00e9cifiques prot\u00e9geant les droits de l\u2019enfant.<\/p>\n<table style=\"height: 38px;\" width=\"298\">\n<tbody style=\"background: #f2f2f2;\">\n<tr>\n<td>\n<div style=\"float: left; width: 39%;\">\n<p style=\"margin-bottom: 20px;\"><strong>Population :<\/strong>\u00a037,4 mille<br \/>\n<strong>Pop. de 0 \u00e0 14 ans :<\/strong>\u00a012,3 %<\/p>\n<\/div>\n<div style=\"float: right; width: 59%;\">\n<p style=\"margin-bottom: 20px;\"><strong>Esp\u00e9rance de vie :<\/strong>\u00a089,6 ans<br \/>\n<strong>Mortalit\u00e9 des moins de 5 ans :<\/strong>\u00a03 \u2030<\/p>\n<\/div>\n<\/td>\n<\/tr>\n<\/tbody>\n<\/table>\n<h3>Principaux probl\u00e8mes rencontr\u00e9s par les enfants \u00e0 Monaco :<\/h3>\n<p><a href=\"https:\/\/www.humanium.org\/fr\/comprendre-droits-enfant\/droit-a-la-sante\/\"><strong>Sant\u00e9<\/strong><\/a><\/p>\n<p>\u00c9tant de 4 \u2030 en 2010, le taux de mortalit\u00e9 des moins de 5 ans est tr\u00e8s faible. En outre, 100% des enfants ont acc\u00e8s \u00e0 l&rsquo;eau potable, et 99% des enfants sont vaccin\u00e9s contre les principales maladies.<\/p>\n<p><img decoding=\"async\" class=\"alignright wp-image-27582\" style=\"line-height: 24px;\" title=\"Adolescents \u00e0 Monaco \u00a9 Bill Liao (flickr)\" src=\"https:\/\/www.humanium.org\/fr\/wp-content\/uploads\/2013\/01\/Bill-Liao-flickr-150x150.jpg\" alt=\"\" height=\"200\" \/>L&rsquo;avortement th\u00e9rapeutique a \u00e9t\u00e9 l\u00e9galis\u00e9 en 2009. Il ne\u00a0peut \u00eatre r\u00e9alis\u00e9 qu&rsquo;en cas de probl\u00e8me de sant\u00e9 grave de la m\u00e8re ou du f\u0153tus, ou en cas de viol.<\/p>\n<p>L\u2019avortement en cas de grossesse non d\u00e9sir\u00e9e est interdit.<\/p>\n<p>Il existe un probl\u00e8me de drogue chez les adolescents de Monaco.<\/p>\n<p>Selon l\u2019Unicef, l\u2019Etat ne prend pas assez de mesures pour r\u00e9soudre ce probl\u00e8me.<\/p>\n<p><strong><a href=\"https:\/\/www.humanium.org\/fr\/comprendre-droits-enfant\/droit-a-l-education\/\"><br \/>\nEducation<\/a><\/strong><\/p>\n<p><img loading=\"lazy\" decoding=\"async\" class=\"alignright size-medium wp-image-27584\" title=\"No\u00ebl \u00e0 Monaco avec le Prince Albert \u00a9 BestImage\" src=\"https:\/\/www.humanium.org\/fr\/wp-content\/uploads\/2013\/01\/noel-monaco1-300x199.jpg\" alt=\"\" width=\"300\" height=\"199\" \/>L&rsquo;\u00e9ducation assur\u00e9e \u00e0 Monaco est de haute qualit\u00e9. Les \u00e9coles, les coll\u00e8ges, les lyc\u00e9es et les universit\u00e9s sont tr\u00e8s bien \u00e9quip\u00e9s et les professeurs ont re\u00e7u une formation de qualit\u00e9.<\/p>\n<p>L\u2019acc\u00e8s aux technologies de pointe est tr\u00e8s d\u00e9velopp\u00e9. De plus, 80 personnes sur 100 utilisent internet.<\/p>\n<p>Selon l\u2019Unicef, les deux seuls b\u00e9mols concernant l\u2019\u00e9ducation \u00e0 Monaco sont l\u2019insuffisance d\u2019enseignement du respect des droits humains \u00e0 l&rsquo;\u00e9cole et le fait que Monaco n&rsquo;ait pas adh\u00e9r\u00e9 \u00e0 la convention contre la <a href=\"https:\/\/www.humanium.org\/fr\/focus\/discriminations\/\">discrimination<\/a> \u00e0 l&rsquo;\u00e9cole.<\/p>\n<p><a href=\"https:\/\/www.humanium.org\/fr\/violences\/\"><strong>Violences envers les enfants<\/strong><\/a><\/p>\n<p>Les punitions corporelles envers les enfants ainsi que la violence domestique ne sont pas sp\u00e9cifiquement interdites \u00e0 Monaco.<br \/>\nLe comit\u00e9 des Nations unies encourage donc le pays \u00e0 voter une loi contre la violence \u00e0 l&rsquo;\u00e9gard des femmes, des enfants et des personnes handicap\u00e9es.<\/p>\n<p>En outre, Monaco n&rsquo;a pas ratifi\u00e9 le protocole de l&rsquo;ONU contre la <a href=\"https:\/\/www.humanium.org\/fr\/trafic-enfants\/\">vente d&rsquo;enfants<\/a>.<\/p>\n<p>Enfin, malgr\u00e9 le fait qu\u2019aucun cas de torture n&rsquo;ait \u00e9t\u00e9 d\u00e9nonc\u00e9 par une organisation gouvernementale ou non gouvernementale, la d\u00e9finition de la torture n&rsquo;est pas sp\u00e9cifiquement incluse dans la l\u00e9gislation mon\u00e9gasque.<\/p>\n<p><a href=\"https:\/\/www.humanium.org\/fr\/enfant-soldat\/\"><strong>L\u00e9gislation pour les enfants soldats<\/strong><\/a><\/p>\n<p>Il faut avoir 21 ans pour entrer chez les carabiniers du Prince ou chez les sapeurs-pompiers, les seules forces militaires du pays.<\/p>\n<p>Monaco participe \u00e0 la lutte contre l&rsquo;enr\u00f4lement d&rsquo;enfants dans les conflits arm\u00e9s \u00e0 travers le monde.<\/p>\n<p>Cependant, il n&rsquo;existe pas de loi sp\u00e9cifique interdisant l&rsquo;enr\u00f4lement d&rsquo;enfants lors de conflits arm\u00e9s \u00e0 l&rsquo;\u00e9tranger par des ressortissants mon\u00e9gasques.<\/p>\n<p><a href=\"https:\/\/www.humanium.org\/fr\/justice\/\"><strong>Justice<\/strong><\/a> <strong>et<\/strong> <a href=\"https:\/\/www.humanium.org\/fr\/comprendre-droits-enfant\/droit-a-l-identite\/\"><strong>droit \u00e0 l&rsquo;identit\u00e9<\/strong><\/a><\/p>\n<p>Depuis 2005 la nationalit\u00e9 mon\u00e9gasque est transmise aux enfants par la m\u00e8re.<\/p>\n<p>Cependant, en ce qui concerne les femmes naturalis\u00e9es par le mariage, leurs enfants peuvent perdre la nationalit\u00e9 en cas de divorce d&rsquo;avec le p\u00e8re.<\/p>\n<p>De plus, il n&rsquo;existe pas d&rsquo;institution nationale ind\u00e9pendante garantissant le respect des droits de l&rsquo;Homme \u00e0 Monaco, ni d&rsquo;organe de promotion de l&rsquo;\u00e9galit\u00e9 des sexes.<\/p>\n<p>Enfin, aucune loi ne prot\u00e8ge le droit des lesbiennes, gays, bisexuels et transexuels.<\/p>\n","protected":false},"excerpt":{"rendered":"<p>Enfants de Monaco Concr\u00e9tiser les droits de l&rsquo;enfant \u00e0 Monaco \u00a0 Bien qu\u2019il soit le second plus petit \u00e9tat au monde, Monaco a le PNB par habitant le plus \u00e9lev\u00e9. En effet, c\u2019est un pays tr\u00e8s d\u00e9velopp\u00e9 dont 100% de la population est urbanis\u00e9e et la situation des enfants y est tr\u00e8s bonne. Le faible [&hellip;]<\/p>\n","protected":false},"author":65,"featured_media":0,"parent":0,"menu_order":0,"comment_status":"closed","ping_status":"closed","template":"","meta":{"footnotes":""},"class_list":["post-22168","page","type-page","status-publish","hentry"],"yoast_head":"<!-- This site is optimized with the Yoast SEO plugin v28.3 - https:\/\/yoast.com\/product\/yoast-seo-wordpress\/ -->\n<title>Enfants de Monaco - Humanium<\/title>\n<meta name=\"description\" content=\"Monaco, le second plus petit \u00e9tat au monde, a adh\u00e9r\u00e9 \u00e0 peu de conventions ou lois sp\u00e9cifiques prot\u00e9geant les droits de l\u2019enfant.\" \/>\n<meta name=\"robots\" content=\"index, follow, max-snippet:-1, max-image-preview:large, max-video-preview:-1\" \/>\n<link rel=\"canonical\" href=\"https:\/\/www.humanium.org\/fr\/monaco\/\" \/>\n<meta property=\"og:locale\" content=\"fr_FR\" \/>\n<meta property=\"og:type\" content=\"article\" \/>\n<meta property=\"og:title\" content=\"Enfants de Monaco - Humanium\" \/>\n<meta property=\"og:description\" content=\"Monaco, le second plus petit \u00e9tat au monde, a adh\u00e9r\u00e9 \u00e0 peu de conventions ou lois sp\u00e9cifiques prot\u00e9geant les droits de l\u2019enfant.\" \/>\n<meta property=\"og:url\" content=\"https:\/\/www.humanium.org\/fr\/monaco\/\" \/>\n<meta property=\"og:site_name\" content=\"Humanium\" \/>\n<meta property=\"article:modified_time\" content=\"2025-12-05T14:43:33+00:00\" \/>\n<meta name=\"twitter:card\" content=\"summary_large_image\" \/>\n<meta name=\"twitter:label1\" content=\"Dur\u00e9e de lecture estim\u00e9e\" \/>\n\t<meta name=\"twitter:data1\" content=\"4 minutes\" \/>\n<script type=\"application\/ld+json\" class=\"yoast-schema-graph\">{\"@context\":\"https:\\\/\\\/schema.org\",\"@graph\":[{\"@type\":\"WebPage\",\"@id\":\"https:\\\/\\\/www.humanium.org\\\/fr\\\/monaco\\\/\",\"url\":\"https:\\\/\\\/www.humanium.org\\\/fr\\\/monaco\\\/\",\"name\":\"Enfants de Monaco - Humanium\",\"isPartOf\":{\"@id\":\"https:\\\/\\\/www.humanium.org\\\/fr\\\/#website\"},\"primaryImageOfPage\":{\"@id\":\"https:\\\/\\\/www.humanium.org\\\/fr\\\/monaco\\\/#primaryimage\"},\"image\":{\"@id\":\"https:\\\/\\\/www.humanium.org\\\/fr\\\/monaco\\\/#primaryimage\"},\"thumbnailUrl\":\"https:\\\/\\\/www.humanium.org\\\/fr\\\/wp-content\\\/uploads\\\/2013\\\/01\\\/alexandra-de-hanovre-233x300.jpg\",\"datePublished\":\"2013-01-14T17:04:46+00:00\",\"dateModified\":\"2025-12-05T14:43:33+00:00\",\"description\":\"Monaco, le second plus petit \u00e9tat au monde, a adh\u00e9r\u00e9 \u00e0 peu de conventions ou lois sp\u00e9cifiques prot\u00e9geant les droits de l\u2019enfant.\",\"breadcrumb\":{\"@id\":\"https:\\\/\\\/www.humanium.org\\\/fr\\\/monaco\\\/#breadcrumb\"},\"inLanguage\":\"fr-FR\",\"potentialAction\":[{\"@type\":\"ReadAction\",\"target\":[\"https:\\\/\\\/www.humanium.org\\\/fr\\\/monaco\\\/\"]}]},{\"@type\":\"ImageObject\",\"inLanguage\":\"fr-FR\",\"@id\":\"https:\\\/\\\/www.humanium.org\\\/fr\\\/monaco\\\/#primaryimage\",\"url\":\"https:\\\/\\\/www.humanium.org\\\/fr\\\/wp-content\\\/uploads\\\/2013\\\/01\\\/alexandra-de-hanovre-233x300.jpg\",\"contentUrl\":\"https:\\\/\\\/www.humanium.org\\\/fr\\\/wp-content\\\/uploads\\\/2013\\\/01\\\/alexandra-de-hanovre-233x300.jpg\"},{\"@type\":\"BreadcrumbList\",\"@id\":\"https:\\\/\\\/www.humanium.org\\\/fr\\\/monaco\\\/#breadcrumb\",\"itemListElement\":[{\"@type\":\"ListItem\",\"position\":1,\"name\":\"Home\",\"item\":\"https:\\\/\\\/www.humanium.org\\\/fr\\\/\"},{\"@type\":\"ListItem\",\"position\":2,\"name\":\"Enfants de Monaco\"}]},{\"@type\":\"WebSite\",\"@id\":\"https:\\\/\\\/www.humanium.org\\\/fr\\\/#website\",\"url\":\"https:\\\/\\\/www.humanium.org\\\/fr\\\/\",\"name\":\"Humanium\",\"description\":\"Les enfants d\u2019abord !\",\"potentialAction\":[{\"@type\":\"SearchAction\",\"target\":{\"@type\":\"EntryPoint\",\"urlTemplate\":\"https:\\\/\\\/www.humanium.org\\\/fr\\\/?s={search_term_string}\"},\"query-input\":{\"@type\":\"PropertyValueSpecification\",\"valueRequired\":true,\"valueName\":\"search_term_string\"}}],\"inLanguage\":\"fr-FR\"}]}<\/script>\n<!-- \/ Yoast SEO plugin. -->","yoast_head_json":{"title":"Enfants de Monaco - Humanium","description":"Monaco, le second plus petit \u00e9tat au monde, a adh\u00e9r\u00e9 \u00e0 peu de conventions ou lois sp\u00e9cifiques prot\u00e9geant les droits de l\u2019enfant.","robots":{"index":"index","follow":"follow","max-snippet":"max-snippet:-1","max-image-preview":"max-image-preview:large","max-video-preview":"max-video-preview:-1"},"canonical":"https:\/\/www.humanium.org\/fr\/monaco\/","og_locale":"fr_FR","og_type":"article","og_title":"Enfants de Monaco - Humanium","og_description":"Monaco, le second plus petit \u00e9tat au monde, a adh\u00e9r\u00e9 \u00e0 peu de conventions ou lois sp\u00e9cifiques prot\u00e9geant les droits de l\u2019enfant.","og_url":"https:\/\/www.humanium.org\/fr\/monaco\/","og_site_name":"Humanium","article_modified_time":"2025-12-05T14:43:33+00:00","twitter_card":"summary_large_image","twitter_misc":{"Dur\u00e9e de lecture estim\u00e9e":"4 minutes"},"schema":{"@context":"https:\/\/schema.org","@graph":[{"@type":"WebPage","@id":"https:\/\/www.humanium.org\/fr\/monaco\/","url":"https:\/\/www.humanium.org\/fr\/monaco\/","name":"Enfants de Monaco - Humanium","isPartOf":{"@id":"https:\/\/www.humanium.org\/fr\/#website"},"primaryImageOfPage":{"@id":"https:\/\/www.humanium.org\/fr\/monaco\/#primaryimage"},"image":{"@id":"https:\/\/www.humanium.org\/fr\/monaco\/#primaryimage"},"thumbnailUrl":"https:\/\/www.humanium.org\/fr\/wp-content\/uploads\/2013\/01\/alexandra-de-hanovre-233x300.jpg","datePublished":"2013-01-14T17:04:46+00:00","dateModified":"2025-12-05T14:43:33+00:00","description":"Monaco, le second plus petit \u00e9tat au monde, a adh\u00e9r\u00e9 \u00e0 peu de conventions ou lois sp\u00e9cifiques prot\u00e9geant les droits de l\u2019enfant.","breadcrumb":{"@id":"https:\/\/www.humanium.org\/fr\/monaco\/#breadcrumb"},"inLanguage":"fr-FR","potentialAction":[{"@type":"ReadAction","target":["https:\/\/www.humanium.org\/fr\/monaco\/"]}]},{"@type":"ImageObject","inLanguage":"fr-FR","@id":"https:\/\/www.humanium.org\/fr\/monaco\/#primaryimage","url":"https:\/\/www.humanium.org\/fr\/wp-content\/uploads\/2013\/01\/alexandra-de-hanovre-233x300.jpg","contentUrl":"https:\/\/www.humanium.org\/fr\/wp-content\/uploads\/2013\/01\/alexandra-de-hanovre-233x300.jpg"},{"@type":"BreadcrumbList","@id":"https:\/\/www.humanium.org\/fr\/monaco\/#breadcrumb","itemListElement":[{"@type":"ListItem","position":1,"name":"Home","item":"https:\/\/www.humanium.org\/fr\/"},{"@type":"ListItem","position":2,"name":"Enfants de Monaco"}]},{"@type":"WebSite","@id":"https:\/\/www.humanium.org\/fr\/#website","url":"https:\/\/www.humanium.org\/fr\/","name":"Humanium","description":"Les enfants d\u2019abord !","potentialAction":[{"@type":"SearchAction","target":{"@type":"EntryPoint","urlTemplate":"https:\/\/www.humanium.org\/fr\/?s={search_term_string}"},"query-input":{"@type":"PropertyValueSpecification","valueRequired":true,"valueName":"search_term_string"}}],"inLanguage":"fr-FR"}]}},"_links":{"self":[{"href":"https:\/\/www.humanium.org\/fr\/wp-json\/wp\/v2\/pages\/22168","targetHints":{"allow":["GET"]}}],"collection":[{"href":"https:\/\/www.humanium.org\/fr\/wp-json\/wp\/v2\/pages"}],"about":[{"href":"https:\/\/www.humanium.org\/fr\/wp-json\/wp\/v2\/types\/page"}],"author":[{"embeddable":true,"href":"https:\/\/www.humanium.org\/fr\/wp-json\/wp\/v2\/users\/65"}],"replies":[{"embeddable":true,"href":"https:\/\/www.humanium.org\/fr\/wp-json\/wp\/v2\/comments?post=22168"}],"version-history":[{"count":9,"href":"https:\/\/www.humanium.org\/fr\/wp-json\/wp\/v2\/pages\/22168\/revisions"}],"predecessor-version":[{"id":60043,"href":"https:\/\/www.humanium.org\/fr\/wp-json\/wp\/v2\/pages\/22168\/revisions\/60043"}],"wp:attachment":[{"href":"https:\/\/www.humanium.org\/fr\/wp-json\/wp\/v2\/media?parent=22168"}],"curies":[{"name":"wp","href":"https:\/\/api.w.org\/{rel}","templated":true}]}}