{"id":22255,"date":"2012-09-24T15:54:01","date_gmt":"2012-09-24T15:54:01","guid":{"rendered":"http:\/\/www.humanium.org\/fr\/?page_id=22255"},"modified":"2026-01-24T16:14:49","modified_gmt":"2026-01-24T16:14:49","slug":"chypre","status":"publish","type":"page","link":"https:\/\/www.humanium.org\/fr\/chypre\/","title":{"rendered":"Enfants de Chypre"},"content":{"rendered":"\n<h2 class=\"wp-block-heading\"><strong><strong><strong>R\u00e9aliser les droits de l\u2019enfant \u00e0 Chypre<\/strong><\/strong><\/strong><\/h2>\n\n\n\n<div class=\"wp-block-columns is-layout-flex wp-container-core-columns-is-layout-8f761849 wp-block-columns-is-layout-flex\">\n<div class=\"wp-block-column is-layout-flow wp-block-column-is-layout-flow\"><div class=\"wp-block-image is-style-rounded\">\n<figure class=\"aligncenter size-full is-resized\"><img decoding=\"async\" src=\"https:\/\/www.humanium.org\/en\/wp-content\/uploads\/2026\/01\/shutterstock_2344288753_edited.jpeg\" alt=\"\" class=\"wp-image-89224\" style=\"object-fit:cover;width:200px;height:200px\"\/><\/figure>\n<\/div><\/div>\n\n\n\n<div class=\"wp-block-column is-layout-flow wp-block-column-is-layout-flow\"><div class=\"wp-block-image is-style-rounded\">\n<figure class=\"aligncenter size-full is-resized\"><img decoding=\"async\" src=\"https:\/\/www.humanium.org\/en\/wp-content\/uploads\/2026\/01\/shutterstock_2294657027_edited.jpeg\" alt=\"\" class=\"wp-image-89225\" style=\"object-fit:cover;width:200px;height:200px\"\/><\/figure>\n<\/div><\/div>\n<\/div>\n\n\n\n<p class=\"wp-block-paragraph\"><strong>Chypre a progress\u00e9 dans la protection des droits des enfants gr\u00e2ce \u00e0 la ratification de trait\u00e9s internationaux et \u00e0 des r\u00e9formes nationales en mati\u00e8re de sant\u00e9, d&rsquo;\u00e9ducation et de protection de l&rsquo;enfance. Cependant, un acc\u00e8s in\u00e9gal aux services, un manque de soutien aux mineurs non accompagn\u00e9s, ainsi que des d\u00e9fis persistants li\u00e9s au travail des enfants, \u00e0 l\u2019acc\u00e8s aux documents d&rsquo;identit\u00e9 et \u00e0 la consommation de substances chez les adolescents soulignent la n\u00e9cessit\u00e9 de mettre en place des politiques plus inclusives et de les appliquer de mani\u00e8re coh\u00e9rente dans tous les secteurs.<\/strong><\/p>\n\n\n\n<iframe src=\"https:\/\/www.google.com\/maps\/embed?pb=!1m18!1m12!1m3!1d52175.58815200889!2d33.40553335!3d35.1821941!2m3!1f0!2f0!3f0!3m2!1i1024!2i768!4f13.1!3m3!1m2!1s0x14de1767ca494d55%3A0x5b5ea49c0311c0a5!2sNicosia!5e0!3m2!1sen!2shr!4v1769267160672!5m2!1sen!2shr\" width=\"600\" height=\"450\" style=\"border:0;\" allowfullscreen=\"\" loading=\"lazy\" referrerpolicy=\"no-referrer-when-downgrade\"><\/iframe>\n\n\n\n<div class=\"wp-block-columns is-layout-flex wp-container-core-columns-is-layout-8f761849 wp-block-columns-is-layout-flex\">\n<div class=\"wp-block-column is-layout-flow wp-block-column-is-layout-flow\">\n<p class=\"wp-block-paragraph\"><strong>Population:<\/strong> 1,3\u00a0million<strong><br>Pop. ages 0-14:<\/strong> 16\u00a0%<\/p>\n<\/div>\n\n\n\n<div class=\"wp-block-column is-layout-flow wp-block-column-is-layout-flow\">\n<p class=\"wp-block-paragraph\"><strong>Life expectancy:<\/strong> 81,9\u00a0ans<strong><br>Under-5 mortality rate: <\/strong>3,5\u00a0\u2030<\/p>\n<\/div>\n<\/div>\n\n\n\n<h2 class=\"wp-block-heading\"><strong>Chypre en un clin d\u2019\u0153il<\/strong><\/h2>\n\n\n\n<p class=\"wp-block-paragraph\">La R\u00e9publique de Chypre est un \u00c9tat insulaire situ\u00e9 dans l&rsquo;est de la mer M\u00e9diterran\u00e9e, connu pour son histoire riche et sa culture \u00e9clectique. Nicosie, sa capitale, est la plus grande ville du pays. Chypre est situ\u00e9e au sud de la Turquie, \u00e0 l&rsquo;ouest de la Syrie et du Liban, au nord-ouest d&rsquo;Isra\u00ebl, au nord de <a href=\"https:\/\/www.humanium.org\/fr\/egypte\/\">l&rsquo;\u00c9gypte<\/a> et au sud-est de la <a href=\"https:\/\/www.humanium.org\/fr\/grece\/\">Gr\u00e8ce<\/a>. Les langues officielles sont le grec et le turc, refl\u00e9tant les premi\u00e8res communaut\u00e9s ethniques de l&rsquo;\u00eele (Hadjicostis, 2025).<\/p>\n\n\n<div class=\"wp-block-image\">\n<figure class=\"alignleft size-large is-resized\"><img loading=\"lazy\" decoding=\"async\" width=\"1024\" height=\"683\" src=\"https:\/\/www.humanium.org\/fr\/wp-content\/uploads\/2026\/01\/shutterstock_2659883813-1024x683.jpg\" alt=\"\" class=\"wp-image-61662\" style=\"aspect-ratio:1.499330655957162;width:346px;height:auto\" srcset=\"https:\/\/www.humanium.org\/fr\/wp-content\/uploads\/2026\/01\/shutterstock_2659883813-1024x683.jpg 1024w, https:\/\/www.humanium.org\/fr\/wp-content\/uploads\/2026\/01\/shutterstock_2659883813-300x200.jpg 300w, https:\/\/www.humanium.org\/fr\/wp-content\/uploads\/2026\/01\/shutterstock_2659883813-768x512.jpg 768w, https:\/\/www.humanium.org\/fr\/wp-content\/uploads\/2026\/01\/shutterstock_2659883813-1536x1024.jpg 1536w, https:\/\/www.humanium.org\/fr\/wp-content\/uploads\/2026\/01\/shutterstock_2659883813-2048x1365.jpg 2048w, https:\/\/www.humanium.org\/fr\/wp-content\/uploads\/2026\/01\/shutterstock_2659883813-830x553.jpg 830w, https:\/\/www.humanium.org\/fr\/wp-content\/uploads\/2026\/01\/shutterstock_2659883813-230x153.jpg 230w, https:\/\/www.humanium.org\/fr\/wp-content\/uploads\/2026\/01\/shutterstock_2659883813-350x233.jpg 350w, https:\/\/www.humanium.org\/fr\/wp-content\/uploads\/2026\/01\/shutterstock_2659883813-480x320.jpg 480w, https:\/\/www.humanium.org\/fr\/wp-content\/uploads\/2026\/01\/shutterstock_2659883813-272x182.jpg 272w\" sizes=\"auto, (max-width: 1024px) 100vw, 1024px\" \/><\/figure>\n<\/div>\n\n\n<p class=\"wp-block-paragraph\">Chypre acc\u00e8de \u00e0 son ind\u00e9pendance en 1960, apr\u00e8s s\u2019\u00eatre affranchie de la domination coloniale britannique, devenant une r\u00e9publique constitutionnelle. Cependant, les tensions intercommunautaires entre Chypriotes grecs et Chypriotes turcs se sont intensifi\u00e9es, aboutissant \u00e0 des affrontements majeurs. En 1974, un coup d&rsquo;\u00c9tat orchestr\u00e9 par des nationalistes chypriotes grecs en faveur d&rsquo;une union avec la Gr\u00e8ce a d\u00e9clench\u00e9 une intervention militaire de la Turquie (Hadjicostis, 2025).<\/p>\n\n\n\n<p class=\"wp-block-paragraph\">Depuis la partition de l\u2019\u00eele en 1974, Chypre a \u0153uvr\u00e9 \u00e0 la r\u00e9unification par des n\u00e9gociations, notamment le plan Annan de 2004. Les Chypriotes turcs ont accept\u00e9 ce plan, mais les Chypriotes grecs l&rsquo;ont rejet\u00e9, entra\u00eenant l&rsquo;adh\u00e9sion de la R\u00e9publique de Chypre \u00e0 l&rsquo;Union europ\u00e9enne la m\u00eame ann\u00e9e (Bowman &amp; Hunt, 2025).<\/p>\n\n\n\n<p class=\"wp-block-paragraph\">Aujourd\u2019hui, l&rsquo;\u00eele reste divis\u00e9e&nbsp;: le tiers nord est occup\u00e9 par les forces turques, tandis que le sud est sous le contr\u00f4le de la R\u00e9publique de Chypre. La R\u00e9publique turque de Chypre du Nord, autoproclam\u00e9e en 1983, n&rsquo;est reconnue internationalement que par la Turquie. Les efforts visant \u00e0 r\u00e9soudre cette division se poursuivent, et des discussions r\u00e9centes, facilit\u00e9es par les Nations Unies, visent \u00e0 relancer les n\u00e9gociations de paix (Hadjicostis, 2025).<\/p>\n\n\n\n<p class=\"wp-block-paragraph\">Malgr\u00e9 les divisions politiques persistantes, le pays a connu une intense croissance \u00e9conomique et s&rsquo;est impos\u00e9 dans le secteur du chauffage solaire. Le secteur solaire a cr\u00e9\u00e9 des emplois, soutenu les familles \u00e0 faibles revenus et r\u00e9duit les co\u00fbts de l&rsquo;\u00e9lectricit\u00e9, contribuant ainsi \u00e0 la croissance \u00e9conomique du pays (Smith, 2024). Cependant, il reste encore beaucoup \u00e0 faire dans le domaine des droits de l&rsquo;enfant. Les failles structurelles et les in\u00e9galit\u00e9s persistantes continuent d&rsquo;entraver la mise en \u0153uvre compl\u00e8te des mesures de protection et des opportunit\u00e9s offertes aux enfants.<\/p>\n\n\n\n<h2 class=\"wp-block-heading\"><strong>\u00c9tat des droits de l\u2019enfant <a id=\"_ftnref1\" href=\"#_ftn1\"><sup><strong><sup>[1]<\/sup><\/strong><\/sup><\/a><\/strong><\/h2>\n\n\n\n<p class=\"wp-block-paragraph\">Chypre a d\u00e9montr\u00e9 son engagement ferme en faveur de la protection des droits des enfants en ratifiant plusieurs conventions internationales majeures. Ces accords garantissent que tous les enfants de Chypre, ind\u00e9pendamment de leur origine, ont droit \u00e0 la s\u00e9curit\u00e9, \u00e0 l&rsquo;\u00e9ducation, aux soins de sant\u00e9 et \u00e0 la protection. En 1991, Chypre a ratifi\u00e9, <a href=\"https:\/\/www.humanium.org\/fr\/convention\/\">la Convention internationale des droits de l&rsquo;enfant (CIDE)<\/a>, un trait\u00e9 phare des Nations unies qui d\u00e9finit les droits fondamentaux des enfants (Refworld, 1995).<\/p>\n\n\n\n<p class=\"wp-block-paragraph\">Afin de renforcer la protection des enfants, Chypre a \u00e9galement ratifi\u00e9 les protocoles facultatifs \u00e0 la CIDE. En 2006, le pays a adopt\u00e9 le Protocole concernant la vente d&rsquo;enfants, la prostitution des enfants et la pornographie mettant en sc\u00e8ne des enfants, r\u00e9affirmant ainsi sa position contre <a href=\"https:\/\/www.humanium.org\/fr\/exploitation\/\">l&rsquo;exploitation des enfants<\/a>. De plus, en 2010, Chypre a ratifi\u00e9 le Protocole interdisant le recrutement et la mobilisation d&rsquo;enfants de moins de 18&nbsp;ans dans les conflits arm\u00e9s (United Nations, 2025).<\/p>\n\n\n\n<p class=\"wp-block-paragraph\">La Convention (n\u00b0&nbsp;138) sur l&rsquo;\u00e2ge minimum de 1973, qui fixe l&rsquo;\u00e2ge minimum d&rsquo;admission \u00e0 l&#8217;emploi, et la Convention (n\u00b0&nbsp;182) sur les pires formes de travail des enfants de 1999, visant \u00e0 \u00e9liminer les formes graves de travail des enfants, ont \u00e9galement \u00e9t\u00e9 ratifi\u00e9es par Chypre. Ces textes ont permis la mise en place de r\u00e9glementations nationales d\u00e9finissant l&rsquo;\u00e2ge minimum d&rsquo;admission \u00e0 l&#8217;emploi et prot\u00e8gent les enfants contre les conditions de travail dangereuses (D\u00e9partement des relations du travail, s.d.).<\/p>\n\n\n\n<p class=\"wp-block-paragraph\">En int\u00e9grant ces normes internationales \u00e0 son droit interne, Chypre a adopt\u00e9 des lois refl\u00e9tant les principes de la CIDE et de ses protocoles facultatifs. La Constitution chypriote stipule que les trait\u00e9s et conventions internationaux ratifi\u00e9s ont primaut\u00e9 sur le droit national, soulignant ainsi l&rsquo;engagement du pays \u00e0 aligner son syst\u00e8me juridique sur les normes internationales en mati\u00e8re de droits humains (CRIN, s.d.).<\/p>\n\n\n\n<h2 class=\"wp-block-heading\"><strong>R\u00e9pondre aux besoins des enfants<\/strong><\/h2>\n\n\n\n<h3 class=\"wp-block-heading\"><a href=\"https:\/\/www.humanium.org\/fr\/comprendre-droits-enfant\/droit-a-la-sante\/\">Droit \u00e0 la sant\u00e9<\/a><\/h3>\n\n\n\n<p class=\"wp-block-paragraph\">Chypre a connu d\u2019importants changements d\u00e9mographiques et \u00e9conomiques qui continuent d\u2019influencer la sant\u00e9 des enfants. La baisse du taux de natalit\u00e9 et le vieillissement de la population ont entra\u00een\u00e9 une hausse de l&rsquo;\u00e2ge moyen des m\u00e8res <a href=\"https:\/\/www.humanium.org\/fr\/travail-des-enfants\/\">\u00e0 la naissance<\/a>, tandis que l&rsquo;instabilit\u00e9 \u00e9conomique, surtout apr\u00e8s la crise financi\u00e8re de 2011-2013, a exerc\u00e9 une pression suppl\u00e9mentaire sur le financement de la sant\u00e9 publique et a contribu\u00e9 \u00e0 l\u2019augmentation du taux de <a href=\"https:\/\/www.humanium.org\/fr\/realites-de-la-pauvrete-des-enfants-apercus-de-quatre-pays-europeens\/\">pauvret\u00e9<\/a> (Efstathiou et al., 2020).<\/p>\n\n\n\n<p class=\"wp-block-paragraph\">En r\u00e9ponse \u00e0 des disparit\u00e9s persistantes, le gouvernement a mis en place en 2017 le syst\u00e8me national de sant\u00e9 (GeSY), qui vise \u00e0 garantir une couverture universelle et \u00e0 int\u00e9grer les services de sant\u00e9 publics et priv\u00e9s. Si le GeSY a am\u00e9lior\u00e9 l&rsquo;acc\u00e8s aux soins, il reste encore beaucoup \u00e0 faire. Pr\u00e8s de la moiti\u00e9 des 336&nbsp;p\u00e9diatres enregistr\u00e9s dans le pays ont plus de 60&nbsp;ans, posant question quant \u00e0 la capacit\u00e9 future et \u00e0 la p\u00e9rennit\u00e9 des soins sp\u00e9cialis\u00e9s pour les enfants (Efstathiou et al., 2020).<\/p>\n\n\n\n<p class=\"wp-block-paragraph\">Avant l\u2019instauration du GeSY, Chypre \u00e9tait le seul pays de l&rsquo;UE \u00e0 ne pas disposer d&rsquo;un syst\u00e8me de sant\u00e9 universel. Les soins p\u00e9diatriques \u00e9taient partag\u00e9s entre un secteur public financ\u00e9 par l&rsquo;\u00c9tat, offrant des soins d&rsquo;urgence gratuits, et un secteur priv\u00e9 n\u00e9cessitant un paiement direct ou une assurance priv\u00e9e. Les soins aigus \u00e9taient accessibles dans cinq h\u00f4pitaux publics, mais les soins primaires n&rsquo;\u00e9taient pas universellement gratuits (Efstathiou et al., 2020).<\/p>\n\n\n\n<p class=\"wp-block-paragraph\">Aujourd&rsquo;hui, les services p\u00e9diatriques sont dispens\u00e9s par un m\u00e9lange de prestataires publics et priv\u00e9s. Les soins primaires sont prodigu\u00e9s dans les services ambulatoires et les cabinets p\u00e9diatriques priv\u00e9s, tandis que les soins secondaires sont concentr\u00e9s dans les h\u00f4pitaux publics. Les soins tertiaires, y compris les traitements sp\u00e9cialis\u00e9s et les interventions p\u00e9diatriques complexes, sont centralis\u00e9s dans un h\u00f4pital universitaire maternel et p\u00e9diatrique situ\u00e9 \u00e0 Nicosie (Efstathiou et al., 2020).<\/p>\n\n\n\n<p class=\"wp-block-paragraph\">Bien que l&rsquo;acc\u00e8s aux services se soit globalement am\u00e9lior\u00e9, des disparit\u00e9s persistent. Les communaut\u00e9s rurales ont un acc\u00e8s limit\u00e9 aux soins sp\u00e9cialis\u00e9s et des difficult\u00e9s financi\u00e8res continuent d\u2019affecter les familles qui n&rsquo;ont pas les moyens de payer des traitements priv\u00e9s. Avec seulement 127&nbsp;lits p\u00e9diatriques disponibles dans les h\u00f4pitaux publics \u00e0 l&rsquo;\u00e9chelle nationale, les infrastructures actuelles restent insuffisantes pour r\u00e9pondre \u00e0 la demande croissante, en particulier pour les enfants atteints de pathologies complexes (Efstathiou et al., 2020).<\/p>\n\n\n\n<h3 class=\"wp-block-heading\"><a href=\"https:\/\/www.humanium.org\/fr\/comprendre-droits-enfant\/droit-a-l-identite\/\">Droit \u00e0 l&rsquo;identit\u00e9<\/a><\/h3>\n\n\n\n<p class=\"wp-block-paragraph\"><a href=\"https:\/\/www.humanium.org\/fr\/comprendre-droits-enfant\/droit-a-l-identite\/\">Le droit \u00e0 l&rsquo;identit\u00e9<\/a> est un droit fondamental des enfants garanti par l&rsquo;article\u00a07 de la Convention internationale des Droits de l&rsquo;Enfant (CIDE). Il garantit le droit \u00e0 chaque enfant d&rsquo;\u00eatre enregistr\u00e9 d\u00e8s sa naissance, d&rsquo;avoir un nom et d&rsquo;acqu\u00e9rir une nationalit\u00e9. Ce droit permet aux enfants d&rsquo;\u00eatre reconnus comme des individus devant la loi et d&rsquo;avoir acc\u00e8s \u00e0 des services essentiels, tels que les soins de sant\u00e9, l&rsquo;\u00e9ducation et la protection sociale.<\/p>\n\n\n\n<p class=\"wp-block-paragraph\">Bien que Chypre ait consacr\u00e9 ces droits dans sa l\u00e9gislation, des obstacles syst\u00e9miques continuent d&#8217;emp\u00eacher certains groupes d&rsquo;obtenir des documents d&rsquo;identit\u00e9 et la nationalit\u00e9. Parmi les plus touch\u00e9s figurent les enfants issus de mariages mixtes entre les Chypriotes turcs et des ressortissants turcs ou \u00e9trangers vivant dans la partie nord de l&rsquo;\u00eele (Charalambidou, 2023).<\/p>\n\n\n\n<p class=\"wp-block-paragraph\">Une exception, introduite en 1999 dans la loi sur la nationalit\u00e9, stipule que les enfants n\u00e9s d&rsquo;un parent chypriote et d&rsquo;un parent non chypriote consid\u00e9r\u00e9 comme \u00e9tant entr\u00e9 ou r\u00e9sidant \u00ab\u2009ill\u00e9galement\u2009\u00bb \u00e0 Chypre ne b\u00e9n\u00e9ficient plus de la citoyennet\u00e9 automatique. Leur nationalit\u00e9 est d\u00e9sormais soumise \u00e0 l\u2019approbation discr\u00e9tionnaire du Conseil des ministres (Charalambidou, 2023).<\/p>\n\n\n\n<p class=\"wp-block-paragraph\">En pratique, cette exception affecte de mani\u00e8re d\u00e9mesur\u00e9e les familles chypriotes turques r\u00e9sidant dans les zones non contr\u00f4l\u00e9es par le gouvernement, au nord, o\u00f9 la R\u00e9publique de Chypre consid\u00e8re que tous les r\u00e9sidents enfreignent la loi sur l&rsquo;immigration. En cons\u00e9quence, environ 10\u2009000&nbsp;enfants, dont beaucoup sont n\u00e9s et ont grandi \u00e0 Chypre, restent dans une situation juridique incertaine, se voyant refuser la nationalit\u00e9 chypriote malgr\u00e9 leurs liens culturels avec le pays (Charalambidou, 2023).<\/p>\n\n\n\n<p class=\"wp-block-paragraph\">Malgr\u00e9 les efforts l\u00e9gislatifs, tels que le projet de loi sur la protection, les soins et le bien-\u00eatre des enfants, la <a href=\"https:\/\/www.humanium.org\/fr\/enfants-des-minorites\/\">discrimination envers les minorit\u00e9s<\/a> persiste. Les organismes internationaux ne cessent de r\u00e9clamer l&rsquo;adoption de proc\u00e9dures claires et inclusives garantissant une \u00e9galit\u00e9 de traitement en ce qui concerne l&rsquo;enregistrement des naissances et l&rsquo;acquisition de la nationalit\u00e9, ind\u00e9pendamment de la descendance ou du statut parental (CRIN, s.d.).<\/p>\n\n\n\n<h3 class=\"wp-block-heading\"><a href=\"https:\/\/www.humanium.org\/fr\/comprendre-droits-enfant\/droit-a-l-education\/\">Droit \u00e0 l&rsquo;\u00e9ducation<\/a><strong><\/strong><\/h3>\n\n\n<div class=\"wp-block-image\">\n<figure class=\"alignright size-large is-resized\"><img loading=\"lazy\" decoding=\"async\" width=\"1024\" height=\"819\" src=\"https:\/\/www.humanium.org\/fr\/wp-content\/uploads\/2026\/01\/shutterstock_2342761179-1024x819.jpg\" alt=\"\" class=\"wp-image-61664\" style=\"aspect-ratio:1.2503488696622942;width:283px;height:auto\" srcset=\"https:\/\/www.humanium.org\/fr\/wp-content\/uploads\/2026\/01\/shutterstock_2342761179-1024x819.jpg 1024w, https:\/\/www.humanium.org\/fr\/wp-content\/uploads\/2026\/01\/shutterstock_2342761179-300x240.jpg 300w, https:\/\/www.humanium.org\/fr\/wp-content\/uploads\/2026\/01\/shutterstock_2342761179-768x614.jpg 768w, https:\/\/www.humanium.org\/fr\/wp-content\/uploads\/2026\/01\/shutterstock_2342761179-1536x1229.jpg 1536w, https:\/\/www.humanium.org\/fr\/wp-content\/uploads\/2026\/01\/shutterstock_2342761179-2048x1638.jpg 2048w, https:\/\/www.humanium.org\/fr\/wp-content\/uploads\/2026\/01\/shutterstock_2342761179-830x664.jpg 830w, https:\/\/www.humanium.org\/fr\/wp-content\/uploads\/2026\/01\/shutterstock_2342761179-230x184.jpg 230w, https:\/\/www.humanium.org\/fr\/wp-content\/uploads\/2026\/01\/shutterstock_2342761179-350x280.jpg 350w, https:\/\/www.humanium.org\/fr\/wp-content\/uploads\/2026\/01\/shutterstock_2342761179-480x384.jpg 480w\" sizes=\"auto, (max-width: 1024px) 100vw, 1024px\" \/><\/figure>\n<\/div>\n\n\n<p class=\"wp-block-paragraph\">L&rsquo;\u00e9ducation \u00e0 Chypre est encadr\u00e9e par un syst\u00e8me national bien \u00e9tabli qui garantit une \u00e9ducation gratuite et obligatoire du primaire jusqu&rsquo;au premier cycle du secondaire. Ce syst\u00e8me comprend des \u00e9tablissements publics et priv\u00e9s \u00e0 tous les niveaux, de la petite enfance \u00e0 l&rsquo;enseignement sup\u00e9rieur. Ces derni\u00e8res ann\u00e9es, le gouvernement a lanc\u00e9 des r\u00e9formes dans le cadre du Plan national pour la reprise et la r\u00e9silience, visant \u00e0 moderniser le syst\u00e8me \u00e9ducatif par la num\u00e9risation et l\u2019adoption de pratiques inclusives (EU, 2023).<\/p>\n\n\n\n<p class=\"wp-block-paragraph\">Malgr\u00e9 ces engagements politiques, des probl\u00e8mes structurels persistants, exacerb\u00e9s par la division politique de l&rsquo;\u00eele, continuent de limiter l&rsquo;acc\u00e8s \u00e0 une \u00e9ducation de qualit\u00e9 pour tous les enfants. Dans la R\u00e9publique, les \u00e9l\u00e8ves turcophones fr\u00e9quentent souvent des \u00e9coles priv\u00e9es, consid\u00e9r\u00e9es comme \u00e9tant de meilleure qualit\u00e9, mais ils y sont confront\u00e9s \u00e0 des <a href=\"https:\/\/www.humanium.org\/fr\/discriminations\/\">discriminations<\/a>, des difficult\u00e9s linguistiques et des programmes scolaires \u00e0 la vision biais\u00e9e de l&rsquo;histoire, mettant en avant des r\u00e9cits historiques clivants (Erk, s.d.).<\/p>\n\n\n\n<p class=\"wp-block-paragraph\">Dans le nord de Chypre, le syst\u00e8me \u00e9ducatif est fortement influenc\u00e9 par la Turquie, avec des programmes scolaires qui int\u00e8grent souvent des \u00e9l\u00e9ments de propagande et des interpr\u00e9tations historiques biais\u00e9es. Cela nuit \u00e0 la qualit\u00e9 de l&rsquo;enseignement et perp\u00e9tue la m\u00e9fiance entre les deux communaut\u00e9s. Par ailleurs, des probl\u00e8mes comme le manque de financement pour l&rsquo;\u00e9ducation sp\u00e9cialis\u00e9e et les in\u00e9galit\u00e9s de genre institutionnalis\u00e9es aggravent encore la qualit\u00e9 de l&rsquo;\u00e9ducation (Erk, s.d.).<\/p>\n\n\n\n<p class=\"wp-block-paragraph\">Chypre enregistre des taux \u00e9lev\u00e9s de d\u00e9crochage scolaire et de faibles r\u00e9sultats dans les comp\u00e9tences de base, comme le r\u00e9v\u00e8lent les r\u00e9sultats de l\u2019enqu\u00eate PISA. Une grande partie des \u00e9l\u00e8ves ne ma\u00eetrise pas suffisamment la lecture, les math\u00e9matiques et les sciences, et les taux d&rsquo;\u00e9chec scolaire ont augment\u00e9 pendant la derni\u00e8re d\u00e9cennie (European Commission, 2024).<\/p>\n\n\n\n<p class=\"wp-block-paragraph\">La situation est encore plus pr\u00e9occupante dans la <a href=\"https:\/\/www.humanium.org\/fr\/la-discrimination-des-enfants-roms-dans-leducation\/\">communaut\u00e9 rom<\/a> chypriote, class\u00e9e comme faisant partie de la \u00ab\u2009communaut\u00e9 turque\u2009\u00bb selon la Constitution et qui se heurte \u00e0 d&rsquo;importants obstacles dans le domaine de l&rsquo;\u00e9ducation. Ce syst\u00e8me \u00e9ducatif divis\u00e9 et ethnocentrique, coupl\u00e9 \u00e0 des conditions de vie pr\u00e9caires, a conduit \u00e0 un faible taux de scolarisation, un taux de d\u00e9crochage scolaire \u00e9lev\u00e9 et un analphab\u00e9tisme quasi g\u00e9n\u00e9ralis\u00e9 parmi les enfants roms (European Commission, 2009).<\/p>\n\n\n\n<p class=\"wp-block-paragraph\">Malgr\u00e9 les d\u00e9fis persistants, Chypre a r\u00e9alis\u00e9 des progr\u00e8s dans certains domaines, comme <a href=\"https:\/\/www.humanium.org\/fr\/focus\/environnement\/\">l&rsquo;\u00e9ducation au d\u00e9veloppement durable<\/a>. C&rsquo;est le seul pays de l&rsquo;UE o\u00f9 l&rsquo;\u00e9ducation au d\u00e9veloppement durable est une mati\u00e8re obligatoire d\u00e8s l&rsquo;enseignement primaire, avec un cadre national strat\u00e9gique en place depuis 2008. Cependant, les \u00e9l\u00e8ves chypriotes obtiennent des scores inf\u00e9rieurs \u00e0 ceux de leurs <a href=\"https:\/\/www.humanium.org\/fr\/europe-caucase\/\">homologues europ\u00e9ens<\/a> en mati\u00e8re de connaissances sur le d\u00e9veloppement durable, ce qui souligne un d\u00e9calage entre les politiques et leur mise en \u0153uvre (European Commission, 2024).<\/p>\n\n\n\n<h2 class=\"wp-block-heading\"><strong>Facteurs de risque \u2014> D\u00e9fis sp\u00e9cifiques du pays<\/strong><\/h2>\n\n\n\n<h3 class=\"wp-block-heading\"><strong>Pauvret\u00e9<\/strong><\/h3>\n\n\n\n<p class=\"wp-block-paragraph\">Les enfants du nord de Chypre affrontent toujours des difficult\u00e9s au quotidien, en particulier ceux qui sont orphelins ou <a href=\"https:\/\/www.humanium.org\/fr\/pauvrete\/\">vivent en situation de pauvret\u00e9<\/a>. Bien que les moins de 18&nbsp;ans constituent environ 19&nbsp;% de la population, pr\u00e8s d&rsquo;un enfant sur cinq vit en situation de pauvret\u00e9, en particulier dans les familles monoparentales ou sans emploi pour les adultes. Environ 9&nbsp;% sont en situation de privation mat\u00e9rielle s\u00e9v\u00e8re, limitant leur acc\u00e8s \u00e0 <a href=\"https:\/\/www.humanium.org\/fr\/comprendre-droits-enfant\/droit-a-l-alimentation\/\">des biens essentiels, comme la nourriture<\/a> et les soins de sant\u00e9 (SOS Children&rsquo;s Villages, s.d.).<\/p>\n\n\n\n<p class=\"wp-block-paragraph\">Ces d\u00e9fis sont aggrav\u00e9s par la division politique persistante de Chypre, qui entrave l&rsquo;acc\u00e8s aux services et au financement international dans le nord. Les enfants migrants et r\u00e9fugi\u00e9s sont particuli\u00e8rement vuln\u00e9rables, beaucoup arrivant non accompagn\u00e9s et vivent dans des conditions de surpopulation et d\u2019ins\u00e9curit\u00e9 (SOS Children&rsquo;s Villages, s.d.).<\/p>\n\n\n\n<p class=\"wp-block-paragraph\">Cette situation contraste avec les tendances nationales r\u00e9centes qui montrent une nette am\u00e9lioration. Selon les donn\u00e9es Eurostat publi\u00e9es en 2025, 14,8&nbsp;% des enfants \u00e0 Chypre (environ 26\u2009000) \u00e9taient en situation de risque de pauvret\u00e9 en 2024. Ce chiffre marque une am\u00e9lioration significative par rapport \u00e0 2023, o\u00f9 le taux s&rsquo;\u00e9levait \u00e0 16,7&nbsp;%, touchant environ 29\u2009000&nbsp;enfants. Cette baisse de 1,9&nbsp;% souligne les progr\u00e8s r\u00e9alis\u00e9s pour r\u00e9duire la vuln\u00e9rabilit\u00e9 des enfants, pla\u00e7ant Chypre au deuxi\u00e8me rang des pays de l&rsquo;UE (Kathimerini, 2025).<\/p>\n\n\n\n<p class=\"wp-block-paragraph\">Les autorit\u00e9s gouvernementales attribuent ces progr\u00e8s aux politiques sociales cibl\u00e9es mises en place depuis 2023, qui ont \u00e9largi le soutien aux familles gr\u00e2ce \u00e0 des majorations des allocations familiales, des subventions pour les frais de scolarit\u00e9 en \u00e9cole maternelle et les repas, ainsi que des r\u00e9ductions tarifaires sur les services publics pour les familles nombreuses ou monoparentales. Ces mesures refl\u00e8tent l&rsquo;engagement global du gouvernement \u00e0 r\u00e9duire les difficult\u00e9s \u00e9conomiques et \u00e0 garantir qu&rsquo;aucun enfant \u00e0 Chypre ne soit laiss\u00e9 pour compte (Damaskinos, 2025).<\/p>\n\n\n\n<h3 class=\"wp-block-heading\"><strong>Travail des enfants<\/strong><\/h3>\n\n\n\n<p class=\"wp-block-paragraph\">Chypre a encore du mal \u00e0 garantir <a href=\"https:\/\/www.humanium.org\/fr\/comprendre-droits-enfant\/droit-a-l-education\/\">un acc\u00e8s \u00e0 l&rsquo;\u00e9ducation pour tous<\/a> en raison de la pr\u00e9valence du travail des enfants, socialement et juridiquement tol\u00e9r\u00e9 tant dans la R\u00e9publique de Chypre que dans la R\u00e9publique turque de Chypre du Nord. Alors que l&rsquo;\u00e9ducation de base est gratuite pour les enfants \u00e0 partir de trois ou quatre ans dans la R\u00e9publique de Chypre, la R\u00e9publique turque limite la gratuit\u00e9 de l&rsquo;\u00e9ducation aux enfants \u00e2g\u00e9s de 6 \u00e0 15&nbsp;ans (White, 2017).<\/p>\n\n\n\n<p class=\"wp-block-paragraph\">dans les deux communaut\u00e9s, le travail des enfants est autoris\u00e9, les lois permettant aux enfants d\u00e8s l&rsquo;\u00e2ge de 11&nbsp;ans de travailler apr\u00e8s les heures de cours et \u00e0 ceux \u00e2g\u00e9s de 15&nbsp;ans et plus de travailler \u00e0 plein temps au lieu d&rsquo;aller \u00e0 l&rsquo;\u00e9cole. Cette tol\u00e9rance \u00e0 l&rsquo;\u00e9gard du travail des enfants perp\u00e9tue un cycle de pauvret\u00e9, car les enfants abandonnent souvent l&rsquo;\u00e9cole pour contribuer financi\u00e8rement \u00e0 la vie de leur famille, ce qui d\u00e9valorise l&rsquo;importance de l&rsquo;\u00e9ducation (White, 2017).<\/p>\n\n\n\n<p class=\"wp-block-paragraph\">Le gouvernement de la R\u00e9publique de Chypre a pris des mesures pour lutter contre le travail des enfants avec la loi sur la protection des jeunes au travail (n\u00b0&nbsp;48 [I]\/2001), qui fixe l&rsquo;\u00e2ge minimum l\u00e9gal pour travailler \u00e0 15&nbsp;ans et interdit les travaux dangereux aux moins de 18&nbsp;ans. Cependant, la loi pr\u00e9voit des exceptions pour les formations professionnelles sous supervision stricte, m\u00eame si aucune licence de ce type n&rsquo;a \u00e9t\u00e9 accord\u00e9e \u00e0 ce jour (Government of the Republic of Cyprus, 2004).<\/p>\n\n\n\n<p class=\"wp-block-paragraph\">Les efforts d\u00e9ploy\u00e9s pour lutter <a href=\"https:\/\/www.humanium.org\/fr\/travail-des-enfants\/\">contre le travail des enfants<\/a> visent \u00e0 aligner les lois nationales sur les normes internationales, comme la Convention sur l&rsquo;\u00e2ge minimum et la Convention sur les pires formes de travail des enfants. Le gouvernement a \u00e9galement mis en place un comit\u00e9 charg\u00e9 de r\u00e9viser la l\u00e9gislation existante pour r\u00e9pondre aux probl\u00e8mes soulev\u00e9s par les organismes internationaux. Cependant, la mise en application n\u00e9cessite des mesures suppl\u00e9mentaires pour combler les failles et garantir que tous les enfants soient prot\u00e9g\u00e9s contre toute forme d&rsquo;exploitation (Government of the Republic of Cyprus, 2004).<\/p>\n\n\n\n<h3 class=\"wp-block-heading\"><strong>Mineurs non accompagn\u00e9s<\/strong><\/h3>\n\n\n\n<p class=\"wp-block-paragraph\">Au d\u00e9but de l&rsquo;ann\u00e9e&nbsp;2024, Chypre a connu une forte augmentation du nombre d&rsquo;arriv\u00e9es par bateau, principalement compos\u00e9es de Syriens fuyant la d\u00e9t\u00e9rioration des conditions au Liban. En r\u00e9ponse, le gouvernement a d\u00e9clar\u00e9 \u00ab\u2009l&rsquo;\u00e9tat de crise grave\u2009\u00bb, et a appel\u00e9 \u00e0 l\u2019intervention de l&rsquo;UE tout en mettant en place des mesures restrictives. Malgr\u00e9 les pr\u00e9occupations en mati\u00e8re de droits humains, Chypre a intensifi\u00e9 ses patrouilles maritimes, et aurait bloqu\u00e9 des bateaux de migrants sans leur donner acc\u00e8s \u00e0 de la nourriture ou \u00e0 de l\u2019eau (Litzkow, 2024).<\/p>\n\n\n<div class=\"wp-block-image\">\n<figure class=\"alignleft size-large is-resized\"><img loading=\"lazy\" decoding=\"async\" width=\"1024\" height=\"669\" src=\"https:\/\/www.humanium.org\/fr\/wp-content\/uploads\/2026\/01\/shutterstock_2440497053-1024x669.jpg\" alt=\"\" class=\"wp-image-61665\" style=\"aspect-ratio:1.5307081233450073;width:321px;height:auto\" srcset=\"https:\/\/www.humanium.org\/fr\/wp-content\/uploads\/2026\/01\/shutterstock_2440497053-1024x669.jpg 1024w, https:\/\/www.humanium.org\/fr\/wp-content\/uploads\/2026\/01\/shutterstock_2440497053-300x196.jpg 300w, https:\/\/www.humanium.org\/fr\/wp-content\/uploads\/2026\/01\/shutterstock_2440497053-768x502.jpg 768w, https:\/\/www.humanium.org\/fr\/wp-content\/uploads\/2026\/01\/shutterstock_2440497053-1536x1003.jpg 1536w, https:\/\/www.humanium.org\/fr\/wp-content\/uploads\/2026\/01\/shutterstock_2440497053-2048x1338.jpg 2048w, https:\/\/www.humanium.org\/fr\/wp-content\/uploads\/2026\/01\/shutterstock_2440497053-830x542.jpg 830w, https:\/\/www.humanium.org\/fr\/wp-content\/uploads\/2026\/01\/shutterstock_2440497053-230x150.jpg 230w, https:\/\/www.humanium.org\/fr\/wp-content\/uploads\/2026\/01\/shutterstock_2440497053-350x229.jpg 350w, https:\/\/www.humanium.org\/fr\/wp-content\/uploads\/2026\/01\/shutterstock_2440497053-480x314.jpg 480w\" sizes=\"auto, (max-width: 1024px) 100vw, 1024px\" \/><\/figure>\n<\/div>\n\n\n<p class=\"wp-block-paragraph\">Cette augmentation a submerg\u00e9 le syst\u00e8me d&rsquo;aide existant, entra\u00eenant un acc\u00e8s limit\u00e9 \u00e0 la repr\u00e9sentation juridique et des conditions d&rsquo;accueil inadapt\u00e9es. Un manque de repr\u00e9sentants juridiques persiste pour les jeunes atteignant l&rsquo;\u00e2ge adulte. Ainsi, d\u00e8s qu&rsquo;un mineur atteint 18&nbsp;ans, il n&rsquo;a plus droit \u00e0 un soutien juridique, m\u00eame si sa demande d&rsquo;asile n&rsquo;a pas encore \u00e9t\u00e9 trait\u00e9e (Cyprus Refugee Council, 2024).<\/p>\n\n\n\n<p class=\"wp-block-paragraph\">Malgr\u00e9 les appels r\u00e9p\u00e9t\u00e9s \u00e0 la r\u00e9forme \u00e9manant du M\u00e9diateur national et du Commissaire aux droits de l&rsquo;enfant depuis 2014, des probl\u00e8mes importants restent sans solution. Aucune am\u00e9lioration substantielle n&rsquo;a \u00e9t\u00e9 enregistr\u00e9e en 2022 ou en 2023, laissant de nombreux <a href=\"https:\/\/www.humanium.org\/fr\/migration-infantile\/\">enfants migrants non accompagn\u00e9s<\/a> dans une situation pr\u00e9caire, avec un soutien tr\u00e8s limit\u00e9 et un avenir incertain (Cyprus Refugee Council, 2024).<\/p>\n\n\n\n<h3 class=\"wp-block-heading\"><strong>Les enfants et les addictions<\/strong><\/h3>\n\n\n\n<p class=\"wp-block-paragraph\">Une enqu\u00eate HBSC sur les comportements en mati\u00e8re de sant\u00e9 chez les enfants d&rsquo;\u00e2ge scolaire \u00e0 Chypre a r\u00e9v\u00e9l\u00e9 des tendances alarmantes quant \u00e0 la <a href=\"https:\/\/www.humanium.org\/fr\/enfants-dependances\/\">consommation de substances<\/a>, notamment l&rsquo;alcool, les cigarettes, les cigarettes \u00e9lectroniques, le narguil\u00e9 et le cannabis. L&rsquo;enqu\u00eate men\u00e9e&nbsp;en 2021-2022 aupr\u00e8s de 4\u2009800&nbsp;\u00e9l\u00e8ves \u00e2g\u00e9s de 11 \u00e0 15&nbsp;ans a r\u00e9v\u00e9l\u00e9 que 73&nbsp;% des jeunes de 15&nbsp;ans ont d\u00e9j\u00e0 consomm\u00e9 de l&rsquo;alcool. 48&nbsp;% des gar\u00e7ons et 44&nbsp;% des filles d\u00e9clarent avoir consomm\u00e9 de l&rsquo;alcool au moins une fois. Par ailleurs, 15&nbsp;% des enfants ont admis avoir bu jusqu&rsquo;\u00e0 l&rsquo;\u00e9tat d&rsquo;ivresse (Pitta, 2023).<\/p>\n\n\n\n<p class=\"wp-block-paragraph\">De nombreux facteurs contribuent \u00e0 la consommation de substances, y compris les probl\u00e8mes familiaux (le divorce, la <a href=\"https:\/\/www.humanium.org\/fr\/la-maltraitance-des-enfants\/\">maltraitance<\/a> et l&rsquo;instabilit\u00e9 financi\u00e8re, par exemple), la pression des pairs et l&rsquo;environnement social. Pour y faire face, le minist\u00e8re de l&rsquo;\u00c9ducation et l&rsquo;Autorit\u00e9 contre les d\u00e9pendances de Chypre ont mis en place des programmes de pr\u00e9vention, notamment des interventions en milieu scolaire, des programmes en ligne \u00e0 destination des \u00e9l\u00e8ves et des initiatives, telles que la distribution gratuite d&rsquo;\u00e9quipements sportifs et de sacs de lecture aux familles vuln\u00e9rables (Pitta, 2023).<\/p>\n\n\n\n<p class=\"wp-block-paragraph\">Bien que membre de l&rsquo;UE et b\u00e9n\u00e9ficiant d&rsquo;un niveau de vie relativement \u00e9lev\u00e9, Chypre peine \u00e0 lutter contre l\u2019addiction en raison de ressources limit\u00e9es en mati\u00e8re de sant\u00e9 mentale. Le pays ne compte que 11&nbsp;psychiatres pour 100\u2009000&nbsp;habitants, soit bien moins que la moyenne europ\u00e9enne de 16, ce qui t\u00e9moigne d&rsquo;une grave p\u00e9nurie de soins sp\u00e9cialis\u00e9s. Les options de traitement se sont certes diversifi\u00e9es, mais\u2009les allocation des ressources et les soins de longue dur\u00e9e restent des enjeux urgents (Samartzis, 2018).<\/p>\n\n\n\n<p class=\"wp-block-paragraph\"><em><strong>Ecrit par Lidija Misic<\/strong><\/em><\/p>\n\n\n\n<p class=\"wp-block-paragraph\"><em><strong>Traduit par Elo\u00efse Langrand<\/strong><\/em><\/p>\n\n\n\n<p class=\"wp-block-paragraph\"><em><strong>Relu par J-Christophe Brunet<\/strong><\/em><\/p>\n\n\n\n<p class=\"wp-block-paragraph\"><em><strong>Derni\u00e8re mise \u00e0 jour le 1er juin 2025<\/strong><\/em><\/p>\n\n\n\n<h4 class=\"wp-block-heading\"><strong>Bibliographie:<\/strong><\/h4>\n\n\n\n<p class=\"has-small-font-size wp-block-paragraph\">Bowman John &amp; Hunt David (2025), Efforts toward reunification. Retrieved from Britannica at <a href=\"https:\/\/www.britannica.com\/place\/Cyprus\/Efforts-toward-reunification\">https:\/\/www.britannica.com\/place\/Cyprus\/Efforts-toward-reunification<\/a>, accessed on February 16, 2025.<\/p>\n\n\n\n<p class=\"has-small-font-size wp-block-paragraph\">Charalambidou Nicoletta (2023), In search of a legal bond: Turkish Cypriot children of mixed marriages in Cyprus. Retrieved from European Network on Statelessness at <a href=\"https:\/\/www.statelessness.eu\/updates\/blog\/search-legal-bond-turkish-cypriot-children-mixed-marriages-cyprus\">https:\/\/www.statelessness.eu\/updates\/blog\/search-legal-bond-turkish-cypriot-children-mixed-marriages-cyprus<\/a>, accessed on February 17, 2025.<\/p>\n\n\n\n<p class=\"has-small-font-size wp-block-paragraph\">CRIN (n.d.), Cyprus: National Laws. Retrieved from CRIN at <a href=\"https:\/\/archive.crin.org\/en\/library\/publications\/cyprus-national-laws\">https:\/\/archive.crin.org\/en\/library\/publications\/cyprus-national-laws<\/a>, accessed on February 17, 2025.<\/p>\n\n\n\n<p class=\"has-small-font-size wp-block-paragraph\">CRIN (n.d.), CYPRUS: Persistent violations of children&rsquo;s rights. Retrieved from CRIN at <a href=\"https:\/\/archive.crin.org\/en\/library\/publications\/cyprus-persistent-violations-childrens-rights.html\">https:\/\/archive.crin.org\/en\/library\/publications\/cyprus-persistent-violations-childrens-rights.html<\/a>, accessed on February 23, 2025.<\/p>\n\n\n\n<p class=\"has-small-font-size wp-block-paragraph\">Cyprus Refugee Council (2024), Country Report: Legal representation of unaccompanied children. Retrieved from The Asylum Information Database (AIDA) at <a href=\"https:\/\/asylumineurope.org\/reports\/country\/cyprus\/asylum-procedure\/guarantees-vulnerable-groups\/legal-representation-unaccompanied-children\/\">https:\/\/asylumineurope.org\/reports\/country\/cyprus\/asylum-procedure\/guarantees-vulnerable-groups\/legal-representation-unaccompanied-children\/<\/a>, accessed on February 17, 2025.<\/p>\n\n\n\n<p class=\"has-small-font-size wp-block-paragraph\">Damaskinos Iole (2025), Cyprus\u2019 child poverty rate on \u2018steady decline\u2019. Retrieved from CyprusMail at <a href=\"https:\/\/cyprus-mail.com\/2025\/05\/29\/cyprus-child-poverty-rate-on-steady-decline\">https:\/\/cyprus-mail.com\/2025\/05\/29\/cyprus-child-poverty-rate-on-steady-decline<\/a>, accessed on June 1, 2025.<\/p>\n\n\n\n<p class=\"has-small-font-size wp-block-paragraph\">Department of Labour Relations (n.d.), International Labour Organisation. Retrieved from <a href=\"https:\/\/www.mlsi.gov.cy\/mlsi\/dlr\/dlr.nsf\/intlaborganisation_en\/intlaborganisation_en?opendocument=&amp;utm\">https:\/\/www.mlsi.gov.cy\/mlsi\/dlr\/dlr.nsf\/intlaborganisation_en\/intlaborganisation_en?opendocument=&amp;utm<\/a>, accessed on February 17, 2025.<\/p>\n\n\n\n<p class=\"has-small-font-size wp-block-paragraph\">Erk Derin Pervin (n.d.), Cyprus Education System: a native\u2019s perspective. Retrieved from Broken Chalk at <a href=\"https:\/\/brokenchalk.org\/cyprus-education-system-a-natives-perspective\/\">https:\/\/brokenchalk.org\/cyprus-education-system-a-natives-perspective\/<\/a>, accessed on February 23, 2025.<\/p>\n\n\n\n<p class=\"has-small-font-size wp-block-paragraph\">European Commission (2009), The Cypriot Roma and the Failure of Education: Anti-Discrimination and Multiculturalism as a Post-accession Challenge. Retrieved from European Comission at <a href=\"https:\/\/migrant-integration.ec.europa.eu\/library-document\/cypriot-roma-and-failure-education-anti-discrimination-and-multiculturalism-post-0_en\">https:\/\/migrant-integration.ec.europa.eu\/library-document\/cypriot-roma-and-failure-education-anti-discrimination-and-multiculturalism-post-0_en<\/a>, accessed on February 23, 2025.<\/p>\n\n\n\n<p class=\"has-small-font-size wp-block-paragraph\">Efstathiou Elisavet et al. (2020),&nbsp; The child healthcare system in Cyprus. Retrieved from National Library of Medicine at <a href=\"https:\/\/pmc.ncbi.nlm.nih.gov\/articles\/PMC7488188\/\">https:\/\/pmc.ncbi.nlm.nih.gov\/articles\/PMC7488188\/<\/a>, accessed on February 17, 2025.<\/p>\n\n\n\n<p class=\"has-small-font-size wp-block-paragraph\">European Union (2023), Cyprus: Organisation and governance. Retrieved from EU at <a href=\"https:\/\/eurydice.eacea.ec.europa.eu\/eurypedia\/cyprus\/organisation-education-system-and-its-structure\">https:\/\/eurydice.eacea.ec.europa.eu\/eurypedia\/cyprus\/organisation-education-system-and-its-structure<\/a>, accessed on February 17, 2025.<\/p>\n\n\n\n<p class=\"has-small-font-size wp-block-paragraph\">Government of the Republic of Cyprus (2004), Government of the Republic of Cyprus second report on article 7 of the revised European social charter the right of children and young persons to protection. Retrieved from Council of Europe at <a href=\"https:\/\/rm.coe.int\/CoERMPublicCommonSearchServices\/DisplayDCTMContent?documentId=090000168048a272\">https:\/\/rm.coe.int\/CoERMPublicCommonSearchServices\/DisplayDCTMContent?documentId=090000168048a272<\/a>, accessed on February 23, 2025.<\/p>\n\n\n\n<p class=\"has-small-font-size wp-block-paragraph\">Hadjicostis Menelaos (2025), Ethnically split Cyprus\u2019 rival leaders say they\u2019re ready for UN-led meeting to restart peace talks. Retrieved from AP News at <a href=\"https:\/\/apnews.com\/article\/cyprus-turkey-greece-peace-talks-ethnic-division-0e69d3a7669bdfb4809cb21bdedb965c\">https:\/\/apnews.com\/article\/cyprus-turkey-greece-peace-talks-ethnic-division-0e69d3a7669bdfb4809cb21bdedb965c<\/a>, accessed on February 16, 2025.<\/p>\n\n\n\n<p class=\"has-small-font-size wp-block-paragraph\">Kathimerini (2025), Cyprus sees drop in child poverty rate, ranks second lowest in EU. Retrieved from Kathimerini at <a href=\"https:\/\/knews.kathimerini.com.cy\/en\/news\/cyprus-sees-drop-in-child-poverty-rate-ranks-second-lowest-in-eu\">https:\/\/knews.kathimerini.com.cy\/en\/news\/cyprus-sees-drop-in-child-poverty-rate-ranks-second-lowest-in-eu<\/a>, accessed on June 1, 2025.<\/p>\n\n\n\n<p class=\"has-small-font-size wp-block-paragraph\">Litzkow Julia (2024), Cyprus\u2019 migration dilemma: hardline measures, regional conflict and rising pressures. Retrieved from Mixed Migration Centre at <a href=\"https:\/\/mixedmigration.org\/cyprus-migration-hardline-measures-regional-conflict-and-rising-pressures\/\">https:\/\/mixedmigration.org\/cyprus-migration-hardline-measures-regional-conflict-and-rising-pressures\/<\/a>, accessed on February 17, 2025.<\/p>\n\n\n\n<p class=\"has-small-font-size wp-block-paragraph\">PCCPWC (n.d.), Children\u2019s Rights in Cyprus. Retrieved from Eurochild at <a href=\"https:\/\/eurochild.org\/uploads\/2024\/03\/Cyprus-Childrens-Rights-Political-will-or-wont.pdf\">https:\/\/eurochild.org\/uploads\/2024\/03\/Cyprus-Childrens-Rights-Political-will-or-wont.pdf<\/a>, accessed on February 23, 2025.<\/p>\n\n\n\n<p class=\"has-small-font-size wp-block-paragraph\">Pitta Antigoni (2023), \u2018Alarming data\u2019 from alcohol, drugs survey on kids. Retrieved from CyprusMail at <a href=\"https:\/\/cyprus-mail.com\/2023\/11\/16\/alarming-data-from-alcohol-drugs-survey-on-kids\">https:\/\/cyprus-mail.com\/2023\/11\/16\/alarming-data-from-alcohol-drugs-survey-on-kids<\/a>, accessed on February 23, 2025.<\/p>\n\n\n\n<p class=\"has-small-font-size wp-block-paragraph\">Refworld (1995), UN Committee on the Rights of the Child: State Party Report: Cyprus. Retrieved from UNHCR at <a href=\"https:\/\/www.refworld.org\/reference\/statepartiesrep\/crc\/1995\/en\/47346\">https:\/\/www.refworld.org\/reference\/statepartiesrep\/crc\/1995\/en\/47346<\/a>, accessed on February 17, 2025.<\/p>\n\n\n\n<p class=\"has-small-font-size wp-block-paragraph\">Samartzis Lampros (2018), Advances in the treatment of substance use disorder in Cyprus. Retrieved from National Library of Medicine at <a href=\"https:\/\/pmc.ncbi.nlm.nih.gov\/articles\/PMC6690259\/\">https:\/\/pmc.ncbi.nlm.nih.gov\/articles\/PMC6690259\/<\/a>, accessed on February 23, 2025.<\/p>\n\n\n\n<p class=\"has-small-font-size wp-block-paragraph\">Smith Helena (2024), \u2018You basically have free hot water\u2019: how Cyprus became a world leader in solar heating. Retrieved from The Guardian at <a href=\"https:\/\/www.theguardian.com\/environment\/2024\/sep\/20\/cyprus-solar-thermal-heating-water-rooftop-renewable-energy-climate\">https:\/\/www.theguardian.com\/environment\/2024\/sep\/20\/cyprus-solar-thermal-heating-water-rooftop-renewable-energy-climate<\/a>, accessed on February 16, 2025.<\/p>\n\n\n\n<p class=\"has-small-font-size wp-block-paragraph\">SOS Children&rsquo;s Villages (n.d.), Northern Cyprus. Retrieved from SOS Children&rsquo;s Villages at <a href=\"https:\/\/www.sos-childrensvillages.org\/where-we-help\/europe\/northern-cyprus\">https:\/\/www.sos-childrensvillages.org\/where-we-help\/europe\/northern-cyprus<\/a>, accessed on June 1, 2025.<\/p>\n\n\n\n<p class=\"has-small-font-size wp-block-paragraph\">Turkish Archives of Pediatrics (2020), The child healthcare system in Cyprus. Retrieved from ResearchGate at <a href=\"https:\/\/www.researchgate.net\/publication\/344089328_The_child_healthcare_system_in_Cyprus\">https:\/\/www.researchgate.net\/publication\/344089328_The_child_healthcare_system_in_Cyprus<\/a>, accessed on February 17, 2025.<\/p>\n\n\n\n<p class=\"has-small-font-size wp-block-paragraph\">United Nations (2025), Optional Protocol to the Convention on the Rights of the Child on a communications procedure. Retrieved from United Nations at <a href=\"https:\/\/treaties.un.org\/pages\/ViewDetails.aspx?src=TREATY&amp;mtdsg_no=IV-11-d&amp;chapter=4&amp;clang=_en#:~:text=%E2%80%9CThe%20Republic%20of%20Cyprus%20has,the%20Child%20to%20those%20States\">https:\/\/treaties.un.org\/pages\/ViewDetails.aspx?src=TREATY&amp;mtdsg_no=IV-11-d&amp;chapter=4&amp;clang=_en<\/a>, accessed on February 17, 2025.<\/p>\n\n\n\n<p class=\"has-small-font-size wp-block-paragraph\">White Brianna (2017), Child Labour Impedes Education in Cyprus. Retrieved from The Borgen Project at <a href=\"https:\/\/borgenproject.org\/child-labour-impedes-education-in-cyprus\/\">https:\/\/borgenproject.org\/child-labour-impedes-education-in-cyprus\/<\/a>, accessed on February 23, 2025.<\/p>\n\n\n\n<hr class=\"wp-block-separator has-alpha-channel-opacity\"\/>\n\n\n\n<p class=\"has-small-font-size wp-block-paragraph\"><a id=\"_ftn1\" href=\"#_ftnref1\"><sup>[1]<\/sup><\/a> Cet article ne pr\u00e9tend en aucun cas donner un aper\u00e7u complet ou repr\u00e9sentatif des droits des enfants \u00e0 Chypre\u2009; en effet, l&rsquo;un des nombreux d\u00e9fis \u00e0 relever est le manque d&rsquo;informations actualis\u00e9es sur la situation des enfants chypriotes, dont la plupart sont peu fiables, non repr\u00e9sentatives, obsol\u00e8tes ou tout simplement inexistantes.<\/p>\n","protected":false},"excerpt":{"rendered":"<p>R\u00e9aliser les droits de l\u2019enfant \u00e0 Chypre Chypre a progress\u00e9 dans la protection des droits des enfants gr\u00e2ce \u00e0 la ratification de trait\u00e9s internationaux et \u00e0 des r\u00e9formes nationales en mati\u00e8re de sant\u00e9, d&rsquo;\u00e9ducation et de protection de l&rsquo;enfance. Cependant, un acc\u00e8s in\u00e9gal aux services, un manque de soutien aux mineurs non accompagn\u00e9s, ainsi que [&hellip;]<\/p>\n","protected":false},"author":65,"featured_media":61660,"parent":0,"menu_order":0,"comment_status":"closed","ping_status":"closed","template":"","meta":{"footnotes":""},"class_list":["post-22255","page","type-page","status-publish","has-post-thumbnail","hentry"],"yoast_head":"<!-- This site is optimized with the Yoast SEO plugin v28.3 - https:\/\/yoast.com\/product\/yoast-seo-wordpress\/ -->\n<title>Enfants de Chypre - Humanium<\/title>\n<meta name=\"description\" content=\"Chypre a progress\u00e9 dans la protection des droits des enfants gr\u00e2ce \u00e0 des r\u00e9formes nationales en mati\u00e8re de protection de l&#039;enfance.\" \/>\n<meta name=\"robots\" content=\"index, follow, max-snippet:-1, max-image-preview:large, max-video-preview:-1\" \/>\n<link rel=\"canonical\" href=\"https:\/\/www.humanium.org\/fr\/chypre\/\" \/>\n<meta property=\"og:locale\" content=\"fr_FR\" \/>\n<meta property=\"og:type\" content=\"article\" \/>\n<meta property=\"og:title\" content=\"Enfants de Chypre - Humanium\" \/>\n<meta property=\"og:description\" content=\"Chypre a progress\u00e9 dans la protection des droits des enfants gr\u00e2ce \u00e0 des r\u00e9formes nationales en mati\u00e8re de protection de l&#039;enfance.\" \/>\n<meta property=\"og:url\" content=\"https:\/\/www.humanium.org\/fr\/chypre\/\" \/>\n<meta property=\"og:site_name\" content=\"Humanium\" \/>\n<meta property=\"article:modified_time\" content=\"2026-01-24T16:14:49+00:00\" \/>\n<meta property=\"og:image\" content=\"https:\/\/www.humanium.org\/fr\/wp-content\/uploads\/2026\/01\/shutterstock_2294657027.jpg\" \/>\n\t<meta property=\"og:image:width\" content=\"500\" \/>\n\t<meta property=\"og:image:height\" content=\"333\" \/>\n\t<meta property=\"og:image:type\" content=\"image\/jpeg\" \/>\n<meta name=\"twitter:card\" content=\"summary_large_image\" \/>\n<meta name=\"twitter:label1\" content=\"Dur\u00e9e de lecture estim\u00e9e\" \/>\n\t<meta name=\"twitter:data1\" content=\"21 minutes\" \/>\n<script type=\"application\/ld+json\" class=\"yoast-schema-graph\">{\"@context\":\"https:\\\/\\\/schema.org\",\"@graph\":[{\"@type\":\"WebPage\",\"@id\":\"https:\\\/\\\/www.humanium.org\\\/fr\\\/chypre\\\/\",\"url\":\"https:\\\/\\\/www.humanium.org\\\/fr\\\/chypre\\\/\",\"name\":\"Enfants de Chypre - Humanium\",\"isPartOf\":{\"@id\":\"https:\\\/\\\/www.humanium.org\\\/fr\\\/#website\"},\"primaryImageOfPage\":{\"@id\":\"https:\\\/\\\/www.humanium.org\\\/fr\\\/chypre\\\/#primaryimage\"},\"image\":{\"@id\":\"https:\\\/\\\/www.humanium.org\\\/fr\\\/chypre\\\/#primaryimage\"},\"thumbnailUrl\":\"https:\\\/\\\/www.humanium.org\\\/fr\\\/wp-content\\\/uploads\\\/2026\\\/01\\\/shutterstock_2294657027.jpg\",\"datePublished\":\"2012-09-24T15:54:01+00:00\",\"dateModified\":\"2026-01-24T16:14:49+00:00\",\"description\":\"Chypre a progress\u00e9 dans la protection des droits des enfants gr\u00e2ce \u00e0 des r\u00e9formes nationales en mati\u00e8re de protection de l'enfance.\",\"breadcrumb\":{\"@id\":\"https:\\\/\\\/www.humanium.org\\\/fr\\\/chypre\\\/#breadcrumb\"},\"inLanguage\":\"fr-FR\",\"potentialAction\":[{\"@type\":\"ReadAction\",\"target\":[\"https:\\\/\\\/www.humanium.org\\\/fr\\\/chypre\\\/\"]}]},{\"@type\":\"ImageObject\",\"inLanguage\":\"fr-FR\",\"@id\":\"https:\\\/\\\/www.humanium.org\\\/fr\\\/chypre\\\/#primaryimage\",\"url\":\"https:\\\/\\\/www.humanium.org\\\/fr\\\/wp-content\\\/uploads\\\/2026\\\/01\\\/shutterstock_2294657027.jpg\",\"contentUrl\":\"https:\\\/\\\/www.humanium.org\\\/fr\\\/wp-content\\\/uploads\\\/2026\\\/01\\\/shutterstock_2294657027.jpg\",\"width\":500,\"height\":333},{\"@type\":\"BreadcrumbList\",\"@id\":\"https:\\\/\\\/www.humanium.org\\\/fr\\\/chypre\\\/#breadcrumb\",\"itemListElement\":[{\"@type\":\"ListItem\",\"position\":1,\"name\":\"Home\",\"item\":\"https:\\\/\\\/www.humanium.org\\\/fr\\\/\"},{\"@type\":\"ListItem\",\"position\":2,\"name\":\"Enfants de Chypre\"}]},{\"@type\":\"WebSite\",\"@id\":\"https:\\\/\\\/www.humanium.org\\\/fr\\\/#website\",\"url\":\"https:\\\/\\\/www.humanium.org\\\/fr\\\/\",\"name\":\"Humanium\",\"description\":\"Les enfants d\u2019abord !\",\"potentialAction\":[{\"@type\":\"SearchAction\",\"target\":{\"@type\":\"EntryPoint\",\"urlTemplate\":\"https:\\\/\\\/www.humanium.org\\\/fr\\\/?s={search_term_string}\"},\"query-input\":{\"@type\":\"PropertyValueSpecification\",\"valueRequired\":true,\"valueName\":\"search_term_string\"}}],\"inLanguage\":\"fr-FR\"}]}<\/script>\n<!-- \/ Yoast SEO plugin. -->","yoast_head_json":{"title":"Enfants de Chypre - Humanium","description":"Chypre a progress\u00e9 dans la protection des droits des enfants gr\u00e2ce \u00e0 des r\u00e9formes nationales en mati\u00e8re de protection de l'enfance.","robots":{"index":"index","follow":"follow","max-snippet":"max-snippet:-1","max-image-preview":"max-image-preview:large","max-video-preview":"max-video-preview:-1"},"canonical":"https:\/\/www.humanium.org\/fr\/chypre\/","og_locale":"fr_FR","og_type":"article","og_title":"Enfants de Chypre - Humanium","og_description":"Chypre a progress\u00e9 dans la protection des droits des enfants gr\u00e2ce \u00e0 des r\u00e9formes nationales en mati\u00e8re de protection de l'enfance.","og_url":"https:\/\/www.humanium.org\/fr\/chypre\/","og_site_name":"Humanium","article_modified_time":"2026-01-24T16:14:49+00:00","og_image":[{"width":500,"height":333,"url":"https:\/\/www.humanium.org\/fr\/wp-content\/uploads\/2026\/01\/shutterstock_2294657027.jpg","type":"image\/jpeg"}],"twitter_card":"summary_large_image","twitter_misc":{"Dur\u00e9e de lecture estim\u00e9e":"21 minutes"},"schema":{"@context":"https:\/\/schema.org","@graph":[{"@type":"WebPage","@id":"https:\/\/www.humanium.org\/fr\/chypre\/","url":"https:\/\/www.humanium.org\/fr\/chypre\/","name":"Enfants de Chypre - Humanium","isPartOf":{"@id":"https:\/\/www.humanium.org\/fr\/#website"},"primaryImageOfPage":{"@id":"https:\/\/www.humanium.org\/fr\/chypre\/#primaryimage"},"image":{"@id":"https:\/\/www.humanium.org\/fr\/chypre\/#primaryimage"},"thumbnailUrl":"https:\/\/www.humanium.org\/fr\/wp-content\/uploads\/2026\/01\/shutterstock_2294657027.jpg","datePublished":"2012-09-24T15:54:01+00:00","dateModified":"2026-01-24T16:14:49+00:00","description":"Chypre a progress\u00e9 dans la protection des droits des enfants gr\u00e2ce \u00e0 des r\u00e9formes nationales en mati\u00e8re de protection de l'enfance.","breadcrumb":{"@id":"https:\/\/www.humanium.org\/fr\/chypre\/#breadcrumb"},"inLanguage":"fr-FR","potentialAction":[{"@type":"ReadAction","target":["https:\/\/www.humanium.org\/fr\/chypre\/"]}]},{"@type":"ImageObject","inLanguage":"fr-FR","@id":"https:\/\/www.humanium.org\/fr\/chypre\/#primaryimage","url":"https:\/\/www.humanium.org\/fr\/wp-content\/uploads\/2026\/01\/shutterstock_2294657027.jpg","contentUrl":"https:\/\/www.humanium.org\/fr\/wp-content\/uploads\/2026\/01\/shutterstock_2294657027.jpg","width":500,"height":333},{"@type":"BreadcrumbList","@id":"https:\/\/www.humanium.org\/fr\/chypre\/#breadcrumb","itemListElement":[{"@type":"ListItem","position":1,"name":"Home","item":"https:\/\/www.humanium.org\/fr\/"},{"@type":"ListItem","position":2,"name":"Enfants de Chypre"}]},{"@type":"WebSite","@id":"https:\/\/www.humanium.org\/fr\/#website","url":"https:\/\/www.humanium.org\/fr\/","name":"Humanium","description":"Les enfants d\u2019abord !","potentialAction":[{"@type":"SearchAction","target":{"@type":"EntryPoint","urlTemplate":"https:\/\/www.humanium.org\/fr\/?s={search_term_string}"},"query-input":{"@type":"PropertyValueSpecification","valueRequired":true,"valueName":"search_term_string"}}],"inLanguage":"fr-FR"}]}},"_links":{"self":[{"href":"https:\/\/www.humanium.org\/fr\/wp-json\/wp\/v2\/pages\/22255","targetHints":{"allow":["GET"]}}],"collection":[{"href":"https:\/\/www.humanium.org\/fr\/wp-json\/wp\/v2\/pages"}],"about":[{"href":"https:\/\/www.humanium.org\/fr\/wp-json\/wp\/v2\/types\/page"}],"author":[{"embeddable":true,"href":"https:\/\/www.humanium.org\/fr\/wp-json\/wp\/v2\/users\/65"}],"replies":[{"embeddable":true,"href":"https:\/\/www.humanium.org\/fr\/wp-json\/wp\/v2\/comments?post=22255"}],"version-history":[{"count":12,"href":"https:\/\/www.humanium.org\/fr\/wp-json\/wp\/v2\/pages\/22255\/revisions"}],"predecessor-version":[{"id":61669,"href":"https:\/\/www.humanium.org\/fr\/wp-json\/wp\/v2\/pages\/22255\/revisions\/61669"}],"wp:featuredmedia":[{"embeddable":true,"href":"https:\/\/www.humanium.org\/fr\/wp-json\/wp\/v2\/media\/61660"}],"wp:attachment":[{"href":"https:\/\/www.humanium.org\/fr\/wp-json\/wp\/v2\/media?parent=22255"}],"curies":[{"name":"wp","href":"https:\/\/api.w.org\/{rel}","templated":true}]}}