{"id":22257,"date":"2012-12-03T08:45:29","date_gmt":"2012-12-03T08:45:29","guid":{"rendered":"http:\/\/www.humanium.org\/fr\/?page_id=22257"},"modified":"2025-12-05T14:23:43","modified_gmt":"2025-12-05T14:23:43","slug":"fidji","status":"publish","type":"page","link":"https:\/\/www.humanium.org\/fr\/fidji\/","title":{"rendered":"Enfants des Fidji"},"content":{"rendered":"<h1>Enfants des Fidji<\/h1>\n<h2>Concr\u00e9tiser les droits de l&rsquo;enfant aux Fidji<\/h2>\n<p style=\"text-align: center;\"><img loading=\"lazy\" decoding=\"async\" class=\"alignnone wp-image-27299\" title=\"Fille de Taveuni \u00a9 jgaustralie (Flickr)\" src=\"https:\/\/www.humanium.org\/fr\/wp-content\/uploads\/2012\/12\/fille-de-taveuni-225x300.jpg\" alt=\"\" width=\"150\" height=\"200\" \/>\u00a0 <img loading=\"lazy\" decoding=\"async\" class=\"alignnone wp-image-27300\" title=\"Gar\u00e7on des Fidji \u00a9 jgaustralie (Flickr)\" src=\"https:\/\/www.humanium.org\/fr\/wp-content\/uploads\/2012\/12\/garcon-des-fidji-225x300.jpg\" alt=\"\" width=\"150\" height=\"200\" \/><\/p>\n<p>Depuis le coup d&rsquo;\u00e9tat de 2006, la R\u00e9publique des Fidji form\u00e9e par un archipel de 322 \u00eeles conna\u00eet une forte instabilit\u00e9 politique. La constitution y a \u00e9t\u00e9 suspendue et l\u2019\u00e9tat d\u2019urgence y a \u00e9t\u00e9 mis en place. Ce contexte explique la difficult\u00e9 du gouvernement \u00e0 faire respecter les droits de l\u2019enfant. Cependant, beaucoup d\u2019efforts ont \u00e9t\u00e9 effectu\u00e9s dans ce sens mais malgr\u00e9 les progr\u00e8s observ\u00e9s, la situation reste difficile.<\/p>\n<table style=\"height: 38px;\" width=\"298\">\n<tbody style=\"background: #f2f2f2;\">\n<tr>\n<td>\n<div style=\"float: left; width: 39%;\">\n<p style=\"margin-bottom: 20px;\"><strong>Population :<\/strong>\u00a0902 mille<br \/>\n<strong>Pop. de 0-14 ans :<\/strong>\u00a028,9 %<\/p>\n<\/div>\n<div style=\"float: right; width: 59%;\">\n<p style=\"margin-bottom: 20px;\"><strong>Esp\u00e9rance de vie :<\/strong>\u00a069,8 ans<br \/>\n<strong>Mortalit\u00e9 des &#8211; de 5 ans :<\/strong>\u00a019 \u2030<\/p>\n<\/div>\n<\/td>\n<\/tr>\n<\/tbody>\n<\/table>\n<h3>Principaux probl\u00e8mes rencontr\u00e9s par les enfants aux Fidji :<\/h3>\n<p><a href=\"https:\/\/www.humanium.org\/fr\/pauvrete\/\"><strong>Pauvret\u00e9<\/strong><\/a><\/p>\n<p><img decoding=\"async\" class=\"alignright wp-image-27302\" title=\"Fillette \u00a9 caritas\" src=\"https:\/\/www.humanium.org\/fr\/wp-content\/uploads\/2012\/12\/fillette-227x300.jpg\" alt=\"\" height=\"110\" \/>31% de la population vit en dessous du seuil de pauvret\u00e9, celle-ci est surtout visible en milieu rural o\u00f9 elle touche jusqu\u2019\u00e0 43% de la population. Jusqu\u2019\u00e0 15% de la population fidjienne vit dans des colonies de squatteur.<\/p>\n<p><a href=\"https:\/\/www.humanium.org\/fr\/comprendre-droits-enfant\/droit-a-la-sante\/\"><strong>Droit \u00e0 la sant\u00e9<\/strong><\/a><\/p>\n<p>On estime que 80% de la population de l\u2019archipel a acc\u00e8s aux soins mais que seulement 40% ont acc\u00e8s \u00e0 des soins de qualit\u00e9. Par cons\u00e9quent, le taux de mortalit\u00e9 infantile est de 15.2\u2030 avant 1 an et de 23.2\u2030 avant 5 ans.<\/p>\n<p><img loading=\"lazy\" decoding=\"async\" class=\"alignright size-full wp-image-27221\" title=\"hopital \u00a9 UNICEF\" src=\"https:\/\/www.humanium.org\/fr\/wp-content\/uploads\/2012\/12\/hopital-\u00a9-UNICEF.jpg\" alt=\"\" width=\"200\" height=\"140\" \/>L\u2019acc\u00e8s \u00e0 l\u2019eau potable est tr\u00e8s difficile dans de nombreux cas. Cela cause de nombreuses \u00e9pid\u00e9mies de diarrh\u00e9e. De plus seulement 60% des enfants sont vaccin\u00e9s contre la rougeole.<\/p>\n<p>Malgr\u00e9 la mise en place d\u2019un suivi m\u00e9dical des enfants scolaris\u00e9s, 1 enfant sur 8 souffre d\u2019ob\u00e9sit\u00e9 ou de diab\u00e8te.<\/p>\n<p>Enfin, on note une fuite du personnel soignant vers les pays voisins, un effort devra alors \u00eatre fait pas le gouvernement pour freiner cette tendance afin d\u2019am\u00e9liorer le niveau de soin.<\/p>\n<p><a href=\"https:\/\/www.humanium.org\/fr\/comprendre-droits-enfant\/droit-a-l-education\/\"><strong>Acc\u00e8s \u00e0 l\u2019\u00e9ducation<\/strong><\/a><\/p>\n<p>L\u2019inscription \u00e0 l\u2019\u00e9cole est gratuite jusqu\u2019\u00e0 la fin du second cycle. Cependant les co\u00fbts associ\u00e9s aux uniformes, chaussures, livres et transport sont tr\u00e8s \u00e9lev\u00e9s.<\/p>\n<p><img loading=\"lazy\" decoding=\"async\" class=\"alignright size-full wp-image-27220\" title=\"\u00e9cole \u00a9 projects abroad\" src=\"https:\/\/www.humanium.org\/fr\/wp-content\/uploads\/2012\/12\/mission-enseignement-anglais-iles-fidji-\u00a9-projects-abroad.jpg\" alt=\"\" width=\"230\" height=\"230\" \/>De plus, le transport est un v\u00e9ritable probl\u00e8me dans cet archipel o\u00f9 les infrastructures routi\u00e8res ou maritimes sont insuffisantes, ce qui explique l\u2019\u00e9cart observ\u00e9 au niveau de la scolarisation entre les enfants issus de milieux ruraux ou de milieux urbains.<\/p>\n<p>Par cons\u00e9quent, seulement 65% des enfants sont scolaris\u00e9s en primaire et 33% en secondaire.<\/p>\n<p>Enfin, m\u00eame si le syst\u00e8me \u00e9ducatif fidjien est l\u2019un des meilleurs de toute la r\u00e9gion pacifique, il est mal adapt\u00e9 aux besoins de main d\u2019\u0153uvre de la communaut\u00e9 et m\u00e8ne plus de la moiti\u00e9 des \u00e9tudiants au ch\u00f4mage.<\/p>\n<p><a href=\"https:\/\/www.humanium.org\/fr\/travail-des-enfants\/\"><strong>Travail des enfants<\/strong><\/a><\/p>\n<p>En raison des conditions pr\u00e9c\u00e9demment cit\u00e9es, le travail des enfants n\u2019est pas rare. En effet, 9.5% des enfants de 10 \u00e0 14 ans et 23.5% des 15-19 ans sont recens\u00e9s en tant que travailleurs. .<\/p>\n<p>Divers m\u00e9tiers sont exerc\u00e9s: les enfants sont g\u00e9n\u00e9ralement employ\u00e9s comme domestiques ou comme travailleurs dans les fermes et dans les champs.<\/p>\n<p>Les enfants des rues, eux, se tournent vers des petits travaux tels que cireurs de chaussures, porteurs, mais se retrouvent aussi tr\u00e8s vite dans des trafics de prostitution et pornographie.<\/p>\n<p>Ces enfants sont particuli\u00e8rement vuln\u00e9rables car les mesures d\u2019aide du gouvernement sont destin\u00e9s aux familles et n\u2019atteignent donc pas ces derniers.<\/p>\n<p><a href=\"https:\/\/www.humanium.org\/fr\/focus\/discriminations\/\"><strong>Discrimination<\/strong><\/a><\/p>\n<p>Diff\u00e9rentes sortes de discriminations ont lieu tant pour l\u2019acc\u00e8s \u00e0 l\u2019\u00e9ducation que pour l\u2019acc\u00e8s aux soins.<\/p>\n<p>On note tout d\u2019abord une discrimination raciale envers les fidjiens indig\u00e8nes.<\/p>\n<p>Puis, les femmes sont \u00e9galement moins bien consid\u00e9r\u00e9es que les hommes.<\/p>\n<p>Aussi, les enfants ayant des troubles d\u2019apprentissage quittent l\u2019\u00e9cole apr\u00e8s le premier cycle dans le meilleur des cas.<\/p>\n<p>De plus, les enfants n\u00e9s hors mariage sont \u00e9galement victimes de discrimination.<\/p>\n<p>Enfin, les<a href=\"https:\/\/www.humanium.org\/fr\/enfants-handicapes\/\"> personnes handicap\u00e9es<\/a> n\u2019ont aucune protection l\u00e9gislative et les structures disponibles \u00e0 leur \u00e9gard sont quasiment inexistantes.<\/p>\n<p><strong><a href=\"https:\/\/www.humanium.org\/fr\/violences\/\">Violence<\/a> banalis\u00e9e<\/strong><\/p>\n<p>Il y a lieu de noter que les <a href=\"https:\/\/www.humanium.org\/fr\/la-maltraitance-des-enfants\/\">punitions corporelles<\/a> sont l\u00e9gales au sein du foyer.<\/p>\n<p>L\u2019augmentation des violences domestiques comprenant les violences sexuelles est inqui\u00e9tante. Ces violences sont essentiellement dirig\u00e9es contre les femmes et les enfants.<\/p>\n<p>A l\u2019\u00e9cole les punitions corporelles sont interdites mais encore r\u00e9guli\u00e8rement pratiqu\u00e9es dans certaines zones.<\/p>\n<p>Le <a href=\"https:\/\/www.humanium.org\/fr\/mariage-enfants\/\">mariage pr\u00e9coce<\/a> est r\u00e9guli\u00e8rement de mise, une fille \u00e9tant consid\u00e9r\u00e9e comme un fardeau.<\/p>\n<p><a href=\"https:\/\/www.humanium.org\/fr\/situation-monde\/droit-aux-libertes\/\"><strong>Libert\u00e9 d\u2019expression et de rassemblement<\/strong><\/a><\/p>\n<p>Le culte ou le rassemblement de plus de 10 personnes est interdit que ce soit pour les enfants ou pour les adultes.<\/p>\n","protected":false},"excerpt":{"rendered":"<p>Enfants des Fidji Concr\u00e9tiser les droits de l&rsquo;enfant aux Fidji \u00a0 Depuis le coup d&rsquo;\u00e9tat de 2006, la R\u00e9publique des Fidji form\u00e9e par un archipel de 322 \u00eeles conna\u00eet une forte instabilit\u00e9 politique. La constitution y a \u00e9t\u00e9 suspendue et l\u2019\u00e9tat d\u2019urgence y a \u00e9t\u00e9 mis en place. Ce contexte explique la difficult\u00e9 du gouvernement [&hellip;]<\/p>\n","protected":false},"author":65,"featured_media":0,"parent":0,"menu_order":0,"comment_status":"closed","ping_status":"closed","template":"","meta":{"footnotes":""},"class_list":["post-22257","page","type-page","status-publish","hentry"],"yoast_head":"<!-- This site is optimized with the Yoast SEO plugin v28.3 - https:\/\/yoast.com\/product\/yoast-seo-wordpress\/ -->\n<title>Enfants des Fidji - Humanium<\/title>\n<meta name=\"description\" content=\"Malgr\u00e9 certains progr\u00e8s,la situation politique en Fidji, explique la difficult\u00e9 du gouvernement \u00e0 faire respecter les droits de l\u2019enfant. .\" \/>\n<meta name=\"robots\" content=\"index, follow, max-snippet:-1, max-image-preview:large, max-video-preview:-1\" \/>\n<link rel=\"canonical\" href=\"https:\/\/www.humanium.org\/fr\/fidji\/\" \/>\n<meta property=\"og:locale\" content=\"fr_FR\" \/>\n<meta property=\"og:type\" content=\"article\" \/>\n<meta property=\"og:title\" content=\"Enfants des Fidji - Humanium\" \/>\n<meta property=\"og:description\" content=\"Malgr\u00e9 certains progr\u00e8s,la situation politique en Fidji, explique la difficult\u00e9 du gouvernement \u00e0 faire respecter les droits de l\u2019enfant. .\" \/>\n<meta property=\"og:url\" content=\"https:\/\/www.humanium.org\/fr\/fidji\/\" \/>\n<meta property=\"og:site_name\" content=\"Humanium\" \/>\n<meta property=\"article:modified_time\" content=\"2025-12-05T14:23:43+00:00\" \/>\n<meta name=\"twitter:card\" content=\"summary_large_image\" \/>\n<meta name=\"twitter:label1\" content=\"Dur\u00e9e de lecture estim\u00e9e\" \/>\n\t<meta name=\"twitter:data1\" content=\"5 minutes\" \/>\n<script type=\"application\/ld+json\" class=\"yoast-schema-graph\">{\"@context\":\"https:\\\/\\\/schema.org\",\"@graph\":[{\"@type\":\"WebPage\",\"@id\":\"https:\\\/\\\/www.humanium.org\\\/fr\\\/fidji\\\/\",\"url\":\"https:\\\/\\\/www.humanium.org\\\/fr\\\/fidji\\\/\",\"name\":\"Enfants des Fidji - Humanium\",\"isPartOf\":{\"@id\":\"https:\\\/\\\/www.humanium.org\\\/fr\\\/#website\"},\"primaryImageOfPage\":{\"@id\":\"https:\\\/\\\/www.humanium.org\\\/fr\\\/fidji\\\/#primaryimage\"},\"image\":{\"@id\":\"https:\\\/\\\/www.humanium.org\\\/fr\\\/fidji\\\/#primaryimage\"},\"thumbnailUrl\":\"https:\\\/\\\/www.humanium.org\\\/fr\\\/wp-content\\\/uploads\\\/2012\\\/12\\\/fille-de-taveuni-225x300.jpg\",\"datePublished\":\"2012-12-03T08:45:29+00:00\",\"dateModified\":\"2025-12-05T14:23:43+00:00\",\"description\":\"Malgr\u00e9 certains progr\u00e8s,la situation politique en Fidji, explique la difficult\u00e9 du gouvernement \u00e0 faire respecter les droits de l\u2019enfant. .\",\"breadcrumb\":{\"@id\":\"https:\\\/\\\/www.humanium.org\\\/fr\\\/fidji\\\/#breadcrumb\"},\"inLanguage\":\"fr-FR\",\"potentialAction\":[{\"@type\":\"ReadAction\",\"target\":[\"https:\\\/\\\/www.humanium.org\\\/fr\\\/fidji\\\/\"]}]},{\"@type\":\"ImageObject\",\"inLanguage\":\"fr-FR\",\"@id\":\"https:\\\/\\\/www.humanium.org\\\/fr\\\/fidji\\\/#primaryimage\",\"url\":\"https:\\\/\\\/www.humanium.org\\\/fr\\\/wp-content\\\/uploads\\\/2012\\\/12\\\/fille-de-taveuni-225x300.jpg\",\"contentUrl\":\"https:\\\/\\\/www.humanium.org\\\/fr\\\/wp-content\\\/uploads\\\/2012\\\/12\\\/fille-de-taveuni-225x300.jpg\"},{\"@type\":\"BreadcrumbList\",\"@id\":\"https:\\\/\\\/www.humanium.org\\\/fr\\\/fidji\\\/#breadcrumb\",\"itemListElement\":[{\"@type\":\"ListItem\",\"position\":1,\"name\":\"Home\",\"item\":\"https:\\\/\\\/www.humanium.org\\\/fr\\\/\"},{\"@type\":\"ListItem\",\"position\":2,\"name\":\"Enfants des Fidji\"}]},{\"@type\":\"WebSite\",\"@id\":\"https:\\\/\\\/www.humanium.org\\\/fr\\\/#website\",\"url\":\"https:\\\/\\\/www.humanium.org\\\/fr\\\/\",\"name\":\"Humanium\",\"description\":\"Les enfants d\u2019abord !\",\"potentialAction\":[{\"@type\":\"SearchAction\",\"target\":{\"@type\":\"EntryPoint\",\"urlTemplate\":\"https:\\\/\\\/www.humanium.org\\\/fr\\\/?s={search_term_string}\"},\"query-input\":{\"@type\":\"PropertyValueSpecification\",\"valueRequired\":true,\"valueName\":\"search_term_string\"}}],\"inLanguage\":\"fr-FR\"}]}<\/script>\n<!-- \/ Yoast SEO plugin. -->","yoast_head_json":{"title":"Enfants des Fidji - Humanium","description":"Malgr\u00e9 certains progr\u00e8s,la situation politique en Fidji, explique la difficult\u00e9 du gouvernement \u00e0 faire respecter les droits de l\u2019enfant. .","robots":{"index":"index","follow":"follow","max-snippet":"max-snippet:-1","max-image-preview":"max-image-preview:large","max-video-preview":"max-video-preview:-1"},"canonical":"https:\/\/www.humanium.org\/fr\/fidji\/","og_locale":"fr_FR","og_type":"article","og_title":"Enfants des Fidji - Humanium","og_description":"Malgr\u00e9 certains progr\u00e8s,la situation politique en Fidji, explique la difficult\u00e9 du gouvernement \u00e0 faire respecter les droits de l\u2019enfant. .","og_url":"https:\/\/www.humanium.org\/fr\/fidji\/","og_site_name":"Humanium","article_modified_time":"2025-12-05T14:23:43+00:00","twitter_card":"summary_large_image","twitter_misc":{"Dur\u00e9e de lecture estim\u00e9e":"5 minutes"},"schema":{"@context":"https:\/\/schema.org","@graph":[{"@type":"WebPage","@id":"https:\/\/www.humanium.org\/fr\/fidji\/","url":"https:\/\/www.humanium.org\/fr\/fidji\/","name":"Enfants des Fidji - Humanium","isPartOf":{"@id":"https:\/\/www.humanium.org\/fr\/#website"},"primaryImageOfPage":{"@id":"https:\/\/www.humanium.org\/fr\/fidji\/#primaryimage"},"image":{"@id":"https:\/\/www.humanium.org\/fr\/fidji\/#primaryimage"},"thumbnailUrl":"https:\/\/www.humanium.org\/fr\/wp-content\/uploads\/2012\/12\/fille-de-taveuni-225x300.jpg","datePublished":"2012-12-03T08:45:29+00:00","dateModified":"2025-12-05T14:23:43+00:00","description":"Malgr\u00e9 certains progr\u00e8s,la situation politique en Fidji, explique la difficult\u00e9 du gouvernement \u00e0 faire respecter les droits de l\u2019enfant. .","breadcrumb":{"@id":"https:\/\/www.humanium.org\/fr\/fidji\/#breadcrumb"},"inLanguage":"fr-FR","potentialAction":[{"@type":"ReadAction","target":["https:\/\/www.humanium.org\/fr\/fidji\/"]}]},{"@type":"ImageObject","inLanguage":"fr-FR","@id":"https:\/\/www.humanium.org\/fr\/fidji\/#primaryimage","url":"https:\/\/www.humanium.org\/fr\/wp-content\/uploads\/2012\/12\/fille-de-taveuni-225x300.jpg","contentUrl":"https:\/\/www.humanium.org\/fr\/wp-content\/uploads\/2012\/12\/fille-de-taveuni-225x300.jpg"},{"@type":"BreadcrumbList","@id":"https:\/\/www.humanium.org\/fr\/fidji\/#breadcrumb","itemListElement":[{"@type":"ListItem","position":1,"name":"Home","item":"https:\/\/www.humanium.org\/fr\/"},{"@type":"ListItem","position":2,"name":"Enfants des Fidji"}]},{"@type":"WebSite","@id":"https:\/\/www.humanium.org\/fr\/#website","url":"https:\/\/www.humanium.org\/fr\/","name":"Humanium","description":"Les enfants d\u2019abord !","potentialAction":[{"@type":"SearchAction","target":{"@type":"EntryPoint","urlTemplate":"https:\/\/www.humanium.org\/fr\/?s={search_term_string}"},"query-input":{"@type":"PropertyValueSpecification","valueRequired":true,"valueName":"search_term_string"}}],"inLanguage":"fr-FR"}]}},"_links":{"self":[{"href":"https:\/\/www.humanium.org\/fr\/wp-json\/wp\/v2\/pages\/22257","targetHints":{"allow":["GET"]}}],"collection":[{"href":"https:\/\/www.humanium.org\/fr\/wp-json\/wp\/v2\/pages"}],"about":[{"href":"https:\/\/www.humanium.org\/fr\/wp-json\/wp\/v2\/types\/page"}],"author":[{"embeddable":true,"href":"https:\/\/www.humanium.org\/fr\/wp-json\/wp\/v2\/users\/65"}],"replies":[{"embeddable":true,"href":"https:\/\/www.humanium.org\/fr\/wp-json\/wp\/v2\/comments?post=22257"}],"version-history":[{"count":9,"href":"https:\/\/www.humanium.org\/fr\/wp-json\/wp\/v2\/pages\/22257\/revisions"}],"predecessor-version":[{"id":60007,"href":"https:\/\/www.humanium.org\/fr\/wp-json\/wp\/v2\/pages\/22257\/revisions\/60007"}],"wp:attachment":[{"href":"https:\/\/www.humanium.org\/fr\/wp-json\/wp\/v2\/media?parent=22257"}],"curies":[{"name":"wp","href":"https:\/\/api.w.org\/{rel}","templated":true}]}}