{"id":22260,"date":"2013-01-04T08:24:14","date_gmt":"2013-01-04T08:24:14","guid":{"rendered":"http:\/\/www.humanium.org\/fr\/?page_id=22260"},"modified":"2025-12-05T14:40:28","modified_gmt":"2025-12-05T14:40:28","slug":"saint-marin","status":"publish","type":"page","link":"https:\/\/www.humanium.org\/fr\/saint-marin\/","title":{"rendered":"Enfants de Saint-Marin"},"content":{"rendered":"<h1>Enfants de Saint-Marin<\/h1>\n<h2>Concr\u00e9tiser les droits de l&rsquo;enfant \u00e0 Saint-Marin<\/h2>\n<p style=\"text-align: center;\"><img decoding=\"async\" class=\" wp-image-27512 alignnone\" title=\"Fillette de Saint-marin \u00a9 Carlitos (flickr)\" src=\"https:\/\/www.humanium.org\/fr\/wp-content\/uploads\/2013\/01\/fille-saintmarin-225x300.jpg\" alt=\"\" height=\"200\" \/>\u00a0 <img decoding=\"async\" class=\" wp-image-27513 alignnone\" title=\"Gar\u00e7on de Saint-marin \u00a9 Something From Nancy (flickr)\" src=\"https:\/\/www.humanium.org\/fr\/wp-content\/uploads\/2013\/01\/garcon-saintmarin-199x300.jpg\" alt=\"\" height=\"200\" \/><\/p>\n<p>Enclav\u00e9 \u00e0 l&rsquo;int\u00e9rieur de l&rsquo;Italie et 5\u00e8me plus petit \u00c9tat du monde, Saint-Marin est un pays qui compte environ 5\u2019000 enfants de moins de 15 ans. En d\u2019autres termes, ce \u00ab\u00a0monde\u00a0\u00bb assez petit facilite l&rsquo;application de la Convention des Droits de l&rsquo;Enfant.<br \/>\nSaint-Marin accorde ainsi une grande importance \u00e0 la protection et \u00e0 la promotion des droits des enfants, et alloue des ressources consid\u00e9rables pour leur assurer une protection ad\u00e9quate \u00e0 toutes les \u00e9tapes de leur vie.<\/p>\n<table style=\"height: 38px;\" width=\"298\">\n<tbody style=\"background: #f2f2f2;\">\n<tr>\n<td>\n<div style=\"float: left; width: 100%;\">\n<p style=\"margin-top: 20px;\">\n<\/div>\n<div style=\"float: left; width: 39%;\">\n<p style=\"margin-bottom: 20px;\"><strong>Population:<\/strong>\u00a032,5 mille<br \/>\n<strong>Pop.de 0 \u00e0 14 ans:<\/strong>\u00a016,6 %<\/p>\n<\/div>\n<div style=\"float: right; width: 59%;\">\n<p style=\"margin-bottom: 20px;\"><strong>Esp\u00e9rance de vie:<\/strong>\u00a083 ans<br \/>\n<strong>Mortalit\u00e9 des moins de 5 ans:<\/strong>\u00a03 \u2030<\/p>\n<\/div>\n<\/td>\n<\/tr>\n<\/tbody>\n<\/table>\n<h3>Principaux probl\u00e8mes des enfants \u00e0 Saint-Marin :<\/h3>\n<p><a href=\"https:\/\/www.humanium.org\/fr\/comprendre-droits-enfant\/droit-a-l-education\/\"><strong>Education<\/strong><\/a><\/p>\n<p>Le taux d&rsquo;alphab\u00e9tisation est estim\u00e9 \u00e0 98% et la scolarit\u00e9 (gratuite) est obligatoire jusqu&rsquo;\u00e0 16 ans. Les cours sont dispens\u00e9s en italien.<br \/>\nEtant donn\u00e9 la petite taille du pays, Saint-Marin ne poss\u00e8de qu&rsquo;une seule universit\u00e9: l\u2019Universit\u00e0 degli Studi di San Marino.<br \/>\nA Saint-Marin, tous les enfants, y compris ceux qui souffrent de troubles ou de handicaps, vont \u00e0 l&rsquo;\u00e9cole.<\/p>\n<p><a href=\"https:\/\/www.humanium.org\/fr\/justice\/\"><strong>Justice<\/strong><\/a><\/p>\n<p><img loading=\"lazy\" decoding=\"async\" class=\"alignright size-medium wp-image-27514\" title=\"Enfants de Saint-marin \u00a9 Mesaba (flickr)\" src=\"https:\/\/www.humanium.org\/fr\/wp-content\/uploads\/2013\/01\/enfant-saintmarin-300x200.jpg\" alt=\"enfant-saintmarin\" width=\"300\" height=\"200\" \/>L&rsquo;\u00e2ge de la responsabilit\u00e9 p\u00e9nale, jug\u00e9 trop bas notamment par le Comit\u00e9 des Droits de l&rsquo;Enfant, y est fix\u00e9 \u00e0 12 ans. Selon l&rsquo;article 10 du Code p\u00e9nal, un enfant de moins de 12 ans ne peut se voir imputer un crime. Cependant, un mineur de plus de 12 ans peut \u00eatre condamn\u00e9, apr\u00e8s v\u00e9rification de ses capacit\u00e9s mentales, \u00e0 une peine r\u00e9duite.<\/p>\n<p>En ce qui concerne l&rsquo;administration judiciaire pour mineurs, la loi p\u00e9nale pr\u00e9voit qu&rsquo;une personne de moins de 18 ans condamn\u00e9e peut \u00eatre amnisti\u00e9e &#8211; ou graci\u00e9e &#8211; lorsque, au vu des informations dont il dispose, le juge parvient \u00e0 la conclusion que celle-ci ne r\u00e9cidivera pas.<\/p>\n<p>Il n&rsquo;existe pas de tribunal pour mineurs \u00e0 Saint-Marin m\u00eame s&rsquo;il a \u00e9t\u00e9 mis en place , au sein des tribunaux, une section sp\u00e9ciale charg\u00e9e des questions relatives aux mineurs.<\/p>\n<p>Saint-Marin n\u2019oblige pas au service militaire.<\/p>\n<p><a href=\"https:\/\/www.humanium.org\/fr\/comprendre-droits-enfant\/droit-a-la-sante\/\"><strong>Sant\u00e9<\/strong><\/a><\/p>\n<p>Le pays est class\u00e9 parmi les 3 meilleurs fournisseurs de services m\u00e9dicaux d&rsquo;Europe.<\/p>\n<p>La s\u00e9curit\u00e9 sociale ne d\u00e9pend pas de l&rsquo;acquisition de la nationalit\u00e9 saint-marinaise et tous les habitants du pays peuvent ainsi b\u00e9n\u00e9ficier d&rsquo;une protection en mati\u00e8re de sant\u00e9.<\/p>\n<p>N\u00e9anmoins, comme dans beaucoup de pays d\u00e9velopp\u00e9s, on note malheureusement une forte pr\u00e9valence de l\u2019ob\u00e9sit\u00e9.<\/p>\n<p>Par ailleurs, l&rsquo;avortement est strictement interdit \u00e0 Saint-Marin, m\u00eame en cas de risque pour la vie de la femme enceinte. C&rsquo;est une des l\u00e9gislations europ\u00e9ennes les plus restrictives dans ce domaine.<\/p>\n<p><a href=\"https:\/\/www.humanium.org\/fr\/violences\/\"><strong>Violences<\/strong><\/a><\/p>\n<p>Il a \u00e9t\u00e9 demand\u00e9 \u00e0 Saint-Marin d\u2019\u00e9tablir des donn\u00e9es statistiques sur les s\u00e9vices et la n\u00e9gligence dont sont victimes des enfants. Sans chiffres, il est difficile de savoir ce qu&rsquo;il en est r\u00e9ellement.<\/p>\n<p>Le Comit\u00e9 des Droits de l&rsquo;Enfant a quand m\u00eame demand\u00e9 \u00e0 l&rsquo;\u00e9tat de prendre davantage de mesures afin de prot\u00e9ger les enfants contre toutes formes de violences, d\u2019atteintes, de brutalit\u00e9s physiques ou mentales, d\u2019abandons, de n\u00e9gligences, de mauvais traitements ou d\u2019exploitations.<\/p>\n<p>Pour ce qui est des ch\u00e2timents corporels, la l\u00e9gislation en vigueur dans le pays punit les abus de pouvoir de correction, consid\u00e9r\u00e9s comme des d\u00e9lits.<\/p>\n","protected":false},"excerpt":{"rendered":"<p>Enfants de Saint-Marin Concr\u00e9tiser les droits de l&rsquo;enfant \u00e0 Saint-Marin \u00a0 Enclav\u00e9 \u00e0 l&rsquo;int\u00e9rieur de l&rsquo;Italie et 5\u00e8me plus petit \u00c9tat du monde, Saint-Marin est un pays qui compte environ 5\u2019000 enfants de moins de 15 ans. En d\u2019autres termes, ce \u00ab\u00a0monde\u00a0\u00bb assez petit facilite l&rsquo;application de la Convention des Droits de l&rsquo;Enfant. Saint-Marin accorde [&hellip;]<\/p>\n","protected":false},"author":65,"featured_media":0,"parent":0,"menu_order":0,"comment_status":"closed","ping_status":"closed","template":"","meta":{"footnotes":""},"class_list":["post-22260","page","type-page","status-publish","hentry"],"yoast_head":"<!-- This site is optimized with the Yoast SEO plugin v28.3 - https:\/\/yoast.com\/product\/yoast-seo-wordpress\/ -->\n<title>Enfants de Saint-Marin - Humanium<\/title>\n<meta name=\"description\" content=\"Saint-Marin accorde une grande importance \u00e0 la protection et \u00e0 la promotion des droits des enfants, et alloue des ressources pour assurer leur protection.\" \/>\n<meta name=\"robots\" content=\"index, follow, max-snippet:-1, max-image-preview:large, max-video-preview:-1\" \/>\n<link rel=\"canonical\" href=\"https:\/\/www.humanium.org\/fr\/saint-marin\/\" \/>\n<meta property=\"og:locale\" content=\"fr_FR\" \/>\n<meta property=\"og:type\" content=\"article\" \/>\n<meta property=\"og:title\" content=\"Enfants de Saint-Marin - Humanium\" \/>\n<meta property=\"og:description\" content=\"Saint-Marin accorde une grande importance \u00e0 la protection et \u00e0 la promotion des droits des enfants, et alloue des ressources pour assurer leur protection.\" \/>\n<meta property=\"og:url\" content=\"https:\/\/www.humanium.org\/fr\/saint-marin\/\" \/>\n<meta property=\"og:site_name\" content=\"Humanium\" \/>\n<meta property=\"article:modified_time\" content=\"2025-12-05T14:40:28+00:00\" \/>\n<meta name=\"twitter:card\" content=\"summary_large_image\" \/>\n<meta name=\"twitter:label1\" content=\"Dur\u00e9e de lecture estim\u00e9e\" \/>\n\t<meta name=\"twitter:data1\" content=\"4 minutes\" \/>\n<script type=\"application\/ld+json\" class=\"yoast-schema-graph\">{\"@context\":\"https:\\\/\\\/schema.org\",\"@graph\":[{\"@type\":\"WebPage\",\"@id\":\"https:\\\/\\\/www.humanium.org\\\/fr\\\/saint-marin\\\/\",\"url\":\"https:\\\/\\\/www.humanium.org\\\/fr\\\/saint-marin\\\/\",\"name\":\"Enfants de Saint-Marin - Humanium\",\"isPartOf\":{\"@id\":\"https:\\\/\\\/www.humanium.org\\\/fr\\\/#website\"},\"primaryImageOfPage\":{\"@id\":\"https:\\\/\\\/www.humanium.org\\\/fr\\\/saint-marin\\\/#primaryimage\"},\"image\":{\"@id\":\"https:\\\/\\\/www.humanium.org\\\/fr\\\/saint-marin\\\/#primaryimage\"},\"thumbnailUrl\":\"https:\\\/\\\/www.humanium.org\\\/fr\\\/wp-content\\\/uploads\\\/2013\\\/01\\\/fille-saintmarin-225x300.jpg\",\"datePublished\":\"2013-01-04T08:24:14+00:00\",\"dateModified\":\"2025-12-05T14:40:28+00:00\",\"description\":\"Saint-Marin accorde une grande importance \u00e0 la protection et \u00e0 la promotion des droits des enfants, et alloue des ressources pour assurer leur protection.\",\"breadcrumb\":{\"@id\":\"https:\\\/\\\/www.humanium.org\\\/fr\\\/saint-marin\\\/#breadcrumb\"},\"inLanguage\":\"fr-FR\",\"potentialAction\":[{\"@type\":\"ReadAction\",\"target\":[\"https:\\\/\\\/www.humanium.org\\\/fr\\\/saint-marin\\\/\"]}]},{\"@type\":\"ImageObject\",\"inLanguage\":\"fr-FR\",\"@id\":\"https:\\\/\\\/www.humanium.org\\\/fr\\\/saint-marin\\\/#primaryimage\",\"url\":\"https:\\\/\\\/www.humanium.org\\\/fr\\\/wp-content\\\/uploads\\\/2013\\\/01\\\/fille-saintmarin-225x300.jpg\",\"contentUrl\":\"https:\\\/\\\/www.humanium.org\\\/fr\\\/wp-content\\\/uploads\\\/2013\\\/01\\\/fille-saintmarin-225x300.jpg\"},{\"@type\":\"BreadcrumbList\",\"@id\":\"https:\\\/\\\/www.humanium.org\\\/fr\\\/saint-marin\\\/#breadcrumb\",\"itemListElement\":[{\"@type\":\"ListItem\",\"position\":1,\"name\":\"Home\",\"item\":\"https:\\\/\\\/www.humanium.org\\\/fr\\\/\"},{\"@type\":\"ListItem\",\"position\":2,\"name\":\"Enfants de Saint-Marin\"}]},{\"@type\":\"WebSite\",\"@id\":\"https:\\\/\\\/www.humanium.org\\\/fr\\\/#website\",\"url\":\"https:\\\/\\\/www.humanium.org\\\/fr\\\/\",\"name\":\"Humanium\",\"description\":\"Les enfants d\u2019abord !\",\"potentialAction\":[{\"@type\":\"SearchAction\",\"target\":{\"@type\":\"EntryPoint\",\"urlTemplate\":\"https:\\\/\\\/www.humanium.org\\\/fr\\\/?s={search_term_string}\"},\"query-input\":{\"@type\":\"PropertyValueSpecification\",\"valueRequired\":true,\"valueName\":\"search_term_string\"}}],\"inLanguage\":\"fr-FR\"}]}<\/script>\n<!-- \/ Yoast SEO plugin. -->","yoast_head_json":{"title":"Enfants de Saint-Marin - Humanium","description":"Saint-Marin accorde une grande importance \u00e0 la protection et \u00e0 la promotion des droits des enfants, et alloue des ressources pour assurer leur protection.","robots":{"index":"index","follow":"follow","max-snippet":"max-snippet:-1","max-image-preview":"max-image-preview:large","max-video-preview":"max-video-preview:-1"},"canonical":"https:\/\/www.humanium.org\/fr\/saint-marin\/","og_locale":"fr_FR","og_type":"article","og_title":"Enfants de Saint-Marin - Humanium","og_description":"Saint-Marin accorde une grande importance \u00e0 la protection et \u00e0 la promotion des droits des enfants, et alloue des ressources pour assurer leur protection.","og_url":"https:\/\/www.humanium.org\/fr\/saint-marin\/","og_site_name":"Humanium","article_modified_time":"2025-12-05T14:40:28+00:00","twitter_card":"summary_large_image","twitter_misc":{"Dur\u00e9e de lecture estim\u00e9e":"4 minutes"},"schema":{"@context":"https:\/\/schema.org","@graph":[{"@type":"WebPage","@id":"https:\/\/www.humanium.org\/fr\/saint-marin\/","url":"https:\/\/www.humanium.org\/fr\/saint-marin\/","name":"Enfants de Saint-Marin - Humanium","isPartOf":{"@id":"https:\/\/www.humanium.org\/fr\/#website"},"primaryImageOfPage":{"@id":"https:\/\/www.humanium.org\/fr\/saint-marin\/#primaryimage"},"image":{"@id":"https:\/\/www.humanium.org\/fr\/saint-marin\/#primaryimage"},"thumbnailUrl":"https:\/\/www.humanium.org\/fr\/wp-content\/uploads\/2013\/01\/fille-saintmarin-225x300.jpg","datePublished":"2013-01-04T08:24:14+00:00","dateModified":"2025-12-05T14:40:28+00:00","description":"Saint-Marin accorde une grande importance \u00e0 la protection et \u00e0 la promotion des droits des enfants, et alloue des ressources pour assurer leur protection.","breadcrumb":{"@id":"https:\/\/www.humanium.org\/fr\/saint-marin\/#breadcrumb"},"inLanguage":"fr-FR","potentialAction":[{"@type":"ReadAction","target":["https:\/\/www.humanium.org\/fr\/saint-marin\/"]}]},{"@type":"ImageObject","inLanguage":"fr-FR","@id":"https:\/\/www.humanium.org\/fr\/saint-marin\/#primaryimage","url":"https:\/\/www.humanium.org\/fr\/wp-content\/uploads\/2013\/01\/fille-saintmarin-225x300.jpg","contentUrl":"https:\/\/www.humanium.org\/fr\/wp-content\/uploads\/2013\/01\/fille-saintmarin-225x300.jpg"},{"@type":"BreadcrumbList","@id":"https:\/\/www.humanium.org\/fr\/saint-marin\/#breadcrumb","itemListElement":[{"@type":"ListItem","position":1,"name":"Home","item":"https:\/\/www.humanium.org\/fr\/"},{"@type":"ListItem","position":2,"name":"Enfants de Saint-Marin"}]},{"@type":"WebSite","@id":"https:\/\/www.humanium.org\/fr\/#website","url":"https:\/\/www.humanium.org\/fr\/","name":"Humanium","description":"Les enfants d\u2019abord !","potentialAction":[{"@type":"SearchAction","target":{"@type":"EntryPoint","urlTemplate":"https:\/\/www.humanium.org\/fr\/?s={search_term_string}"},"query-input":{"@type":"PropertyValueSpecification","valueRequired":true,"valueName":"search_term_string"}}],"inLanguage":"fr-FR"}]}},"_links":{"self":[{"href":"https:\/\/www.humanium.org\/fr\/wp-json\/wp\/v2\/pages\/22260","targetHints":{"allow":["GET"]}}],"collection":[{"href":"https:\/\/www.humanium.org\/fr\/wp-json\/wp\/v2\/pages"}],"about":[{"href":"https:\/\/www.humanium.org\/fr\/wp-json\/wp\/v2\/types\/page"}],"author":[{"embeddable":true,"href":"https:\/\/www.humanium.org\/fr\/wp-json\/wp\/v2\/users\/65"}],"replies":[{"embeddable":true,"href":"https:\/\/www.humanium.org\/fr\/wp-json\/wp\/v2\/comments?post=22260"}],"version-history":[{"count":8,"href":"https:\/\/www.humanium.org\/fr\/wp-json\/wp\/v2\/pages\/22260\/revisions"}],"predecessor-version":[{"id":60034,"href":"https:\/\/www.humanium.org\/fr\/wp-json\/wp\/v2\/pages\/22260\/revisions\/60034"}],"wp:attachment":[{"href":"https:\/\/www.humanium.org\/fr\/wp-json\/wp\/v2\/media?parent=22260"}],"curies":[{"name":"wp","href":"https:\/\/api.w.org\/{rel}","templated":true}]}}