{"id":22284,"date":"2012-12-03T14:58:39","date_gmt":"2012-12-03T14:58:39","guid":{"rendered":"http:\/\/www.humanium.org\/fr\/?page_id=22284"},"modified":"2025-12-10T02:42:13","modified_gmt":"2025-12-10T02:42:13","slug":"seychelles","status":"publish","type":"page","link":"https:\/\/www.humanium.org\/fr\/seychelles\/","title":{"rendered":"Enfants des Seychelles"},"content":{"rendered":"\n<h2 class=\"wp-block-heading\">Concr\u00e9tiser les droits de l&rsquo;enfant aux Seychelles<\/h2>\n\n\n\n<div class=\"wp-block-columns is-layout-flex wp-container-core-columns-is-layout-8f761849 wp-block-columns-is-layout-flex\">\n<div class=\"wp-block-column is-layout-flow wp-block-column-is-layout-flow\"><div class=\"wp-block-image is-style-rounded\">\n<figure class=\"aligncenter size-large\"><img loading=\"lazy\" decoding=\"async\" width=\"200\" height=\"200\" src=\"https:\/\/www.humanium.org\/fr\/wp-content\/uploads\/2021\/01\/shutterstock_1832812234.jpg\" alt=\"\" class=\"wp-image-49310\" srcset=\"https:\/\/www.humanium.org\/fr\/wp-content\/uploads\/2021\/01\/shutterstock_1832812234.jpg 200w, https:\/\/www.humanium.org\/fr\/wp-content\/uploads\/2021\/01\/shutterstock_1832812234-150x150.jpg 150w\" sizes=\"auto, (max-width: 200px) 100vw, 200px\" \/><\/figure>\n<\/div><\/div>\n\n\n\n<div class=\"wp-block-column is-layout-flow wp-block-column-is-layout-flow\"><div class=\"wp-block-image is-style-rounded\">\n<figure class=\"aligncenter size-large\"><img loading=\"lazy\" decoding=\"async\" width=\"200\" height=\"200\" src=\"https:\/\/www.humanium.org\/fr\/wp-content\/uploads\/2021\/01\/shutterstock_35775562.jpg\" alt=\"\" class=\"wp-image-49311\" srcset=\"https:\/\/www.humanium.org\/fr\/wp-content\/uploads\/2021\/01\/shutterstock_35775562.jpg 200w, https:\/\/www.humanium.org\/fr\/wp-content\/uploads\/2021\/01\/shutterstock_35775562-150x150.jpg 150w\" sizes=\"auto, (max-width: 200px) 100vw, 200px\" \/><\/figure>\n<\/div><\/div>\n<\/div>\n\n\n\n<p class=\"wp-block-paragraph\"><strong>Aux Seychelles, les enfants sont prot\u00e9g\u00e9s par un syst\u00e8me de droit qui garantit des droits fondamentaux et des normes de vie ad\u00e9quates. Toutefois, les enfants sont vuln\u00e9rables \u00e0 de graves risques qui ne sont pas soigneusement estim\u00e9s par la l\u00e9gislation nationale, notamment&nbsp;: le travail des enfants et l\u2019exploitation sexuelle, la discrimination des enfants handicap\u00e9s et l\u2019emprisonnement des enfants.<\/strong><\/p>\n\n\n\n<iframe loading=\"lazy\" src=\"https:\/\/www.google.com\/maps\/embed?pb=!1m18!1m12!1m3!1d8109040.307256758!2d46.6899489794051!3d-7.068772102803818!2m3!1f0!2f0!3f0!3m2!1i1024!2i768!4f13.1!3m3!1m2!1s0x225c21fd70bead3b%3A0x32d3d0a0d349daf7!2sSeychelles!5e0!3m2!1sen!2shr!4v1609791936197!5m2!1sen!2shr\" width=\"600\" height=\"450\" frameborder=\"0\" style=\"border:0;\" allowfullscreen=\"\" aria-hidden=\"false\" tabindex=\"0\"><\/iframe>\n\n\n\n<div class=\"wp-block-columns is-layout-flex wp-container-core-columns-is-layout-8f761849 wp-block-columns-is-layout-flex\">\n<div class=\"wp-block-column is-layout-flow wp-block-column-is-layout-flow\">\n<p class=\"wp-block-paragraph\"><strong>Population :<\/strong>&nbsp;98.431<br><strong>Pop. de 0 \u00e0 14 ans :<\/strong>&nbsp;24 %<\/p>\n<\/div>\n\n\n\n<div class=\"wp-block-column is-layout-flow wp-block-column-is-layout-flow\">\n<p class=\"wp-block-paragraph\"><strong>Esp\u00e9rance de vie :<\/strong>&nbsp;73,2 ans<br><strong>Mortalit\u00e9 des moins de 5 ans :<\/strong>&nbsp;13,73 \u2030<\/p>\n<\/div>\n<\/div>\n\n\n\n<h2 class=\"wp-block-heading\"><strong>Les Seychelles en bref<\/strong><\/h2>\n\n\n\n<p class=\"wp-block-paragraph\">Les Seychelles sont une r\u00e9publique insulaire de l\u2019ouest de l\u2019Oc\u00e9an indien, comprenant environ 115 \u00eeles et comptant pr\u00e8s de 98 000 habitants. Les \u00eeles principales sont Mah\u00e9, Praslin et La Digue mais aussi les groupes Aldabra, Farquhar et Desroches sont inclus sur le territoire de la r\u00e9publique.<\/p>\n\n\n<div class=\"wp-block-image\">\n<figure class=\"alignleft size-large is-resized\"><img loading=\"lazy\" decoding=\"async\" width=\"1024\" height=\"768\" src=\"https:\/\/www.humanium.org\/fr\/wp-content\/uploads\/2021\/01\/shutterstock_619305998-1024x768.jpg\" alt=\"\" class=\"wp-image-49315\" style=\"width:406px;height:305px\" srcset=\"https:\/\/www.humanium.org\/fr\/wp-content\/uploads\/2021\/01\/shutterstock_619305998-1024x768.jpg 1024w, https:\/\/www.humanium.org\/fr\/wp-content\/uploads\/2021\/01\/shutterstock_619305998-300x225.jpg 300w, https:\/\/www.humanium.org\/fr\/wp-content\/uploads\/2021\/01\/shutterstock_619305998-768x576.jpg 768w, https:\/\/www.humanium.org\/fr\/wp-content\/uploads\/2021\/01\/shutterstock_619305998-1536x1151.jpg 1536w, https:\/\/www.humanium.org\/fr\/wp-content\/uploads\/2021\/01\/shutterstock_619305998-2048x1535.jpg 2048w, https:\/\/www.humanium.org\/fr\/wp-content\/uploads\/2021\/01\/shutterstock_619305998-830x622.jpg 830w, https:\/\/www.humanium.org\/fr\/wp-content\/uploads\/2021\/01\/shutterstock_619305998-230x172.jpg 230w, https:\/\/www.humanium.org\/fr\/wp-content\/uploads\/2021\/01\/shutterstock_619305998-350x262.jpg 350w, https:\/\/www.humanium.org\/fr\/wp-content\/uploads\/2021\/01\/shutterstock_619305998-480x360.jpg 480w\" sizes=\"auto, (max-width: 1024px) 100vw, 1024px\" \/><\/figure>\n<\/div>\n\n\n<p class=\"wp-block-paragraph\">Historiquement, lorsque la Compagnie britannique des Indes orientales arriva sur l\u2019archipel en 1609, les Seychelles \u00e9taient inhabit\u00e9s et devinrent un havre de pirates. Puis, en 1756, les Fran\u00e7ais ont revendiqu\u00e9 les \u00eeles et les ont administr\u00e9s comme faisant partie de la colonie de l\u2019\u00eele Maurice. En 1814, avec le Trait\u00e9 de Paris, les britanniques ont pris le contr\u00f4le de l\u2019\u00eele et ont chang\u00e9 le nom du fran\u00e7ais S\u00e9chelles au nom anglicis\u00e9, Seychelles. Enfin, en 1975, les \u00eeles sont devenues autonomes, puis ind\u00e9pendantes en 1976. \u00c0 la suite d\u2019un coup d\u2019\u00e9tat, un \u00e9tat socialiste \u00e0 partie unique a dirig\u00e9 le pays de 1977 \u00e0 1993, date \u00e0 laquelle la Constitution des Seychelles a \u00e9t\u00e9 modifi\u00e9e pour permettre l\u2019enregistrement des parties politiques. \u00c0 partir de ce moment, les Seychelles sont une r\u00e9publique socialiste multipartite, actuellement dirig\u00e9 par Danny Faure. La prochaine \u00e9lection pr\u00e9sidentielle est pr\u00e9vue en octobre 2020.<\/p>\n\n\n\n<p class=\"wp-block-paragraph\">En raison de son pass\u00e9 historique, la culture seychelloise a \u00e9t\u00e9 fa\u00e7onn\u00e9e par une combinaison d\u2019influences europ\u00e9ennes, africaines et asiatiques qui se r\u00e9sout dans une population multiethnique et multilingue. En effet, le syst\u00e8me judiciaire du pays d\u00e9coule de la Common Law anglaise et du Code napol\u00e9onien fran\u00e7ais, et comprend \u00e9galement des \u00e9l\u00e9ments de droit coutumier.<\/p>\n\n\n\n<p class=\"wp-block-paragraph\">En R\u00e9publique des Seychelles, la responsabilit\u00e9 premi\u00e8re de la s\u00e9curit\u00e9 int\u00e9rieure de l\u2019\u00e9tat incombe \u00e0 la Police des Seychelles, qui comprend la police non arm\u00e9e, l\u2019Aile de soutien sp\u00e9cial de la police paramilitaire arm\u00e9e, le Bureau de lutte contre les stup\u00e9fiants et l\u2019Unit\u00e9 de police maritime. La s\u00e9curit\u00e9 ext\u00e9rieure elle, est assur\u00e9e par les Forces de d\u00e9fense populaires des Seychelles, notamment l\u2019infanterie, l\u2019Unit\u00e9 des forces sp\u00e9ciales, la Garde c\u00f4ti\u00e8re et l\u2019Arm\u00e9e de l\u2019air, qui aident la police \u00e0 assurer la s\u00e9curit\u00e9 int\u00e9rieure en cas de besoin. Ces services militaires rel\u00e8vent du Pr\u00e9sident, qui agit en tant que Ministre de la d\u00e9fense.<\/p>\n\n\n\n<p class=\"wp-block-paragraph\">Selon l\u2019indice de d\u00e9veloppement humain du PNUD (Programme des Nations Unies pour le D\u00e9veloppement), les Seychelles se classent au 46<sup>\u00e8me<\/sup> rang mondial pour le d\u00e9veloppement humain, avec une note de 0,806 (2013), la plus \u00e9lev\u00e9e d\u2019Afrique. En outre, la R\u00e9publique des Seychelles a atteint la plupart des Objectifs du mill\u00e9naire pour le d\u00e9veloppement des Nations Unies et a le plus haut indice de d\u00e9veloppement humain en Afrique. Quoi qu\u2019il en soit, d\u2019importantes questions relatives aux droits de l\u2019homme comprenaient le manque d\u2019application des lois contre la violence domestique \u00e0 l\u2019\u00e9gard des filles et des femmes, y compris le <a href=\"https:\/\/www.humanium.org\/fr\/exploitation-sexuelle-enfants\/\">viol<\/a> et le <a href=\"https:\/\/www.humanium.org\/fr\/travail-des-enfants\/\">travail<\/a><a href=\"https:\/\/www.humanium.org\/en\/child-labour\/\"> forc\u00e9<\/a>, qui sont les pires cicatrices de ces belles \u00eeles. En effet, malgr\u00e9 le fait que les niveaux de pauvret\u00e9 absolue soient faibles, l\u2019in\u00e9galit\u00e9 de la r\u00e9partition du d\u00e9veloppement humain dans la population au niveau national reste significative (Rapport IPM des Seychelles, 2020).<\/p>\n\n\n\n<p class=\"wp-block-paragraph\">La crise mondiale du Covid-19 a d\u00e9montr\u00e9 la vuln\u00e9rabilit\u00e9 des Seychelles aux chocs externes en raison de leur forte d\u00e9pendance \u00e0 l\u2019\u00e9gard du tourisme. L\u2019adaptation au changement climatique reste \u00e9galement un d\u00e9fi majeur car les infrastructures et les logements principaux sont menac\u00e9s par l\u2019\u00e9rosion c\u00f4ti\u00e8re et par les \u00e9v\u00e8nements m\u00e9t\u00e9orologiques violents (Groupe de la Banque Mondiale, 2020).<\/p>\n\n\n\n<h2 class=\"wp-block-heading\"><strong>Statut des droits de l\u2019enfant<\/strong> <a href=\"#_ftn1\"><strong>[1]<\/strong><\/a><\/h2>\n\n\n\n<p class=\"wp-block-paragraph\">Les Seychelles ont adh\u00e9r\u00e9 \u00e0 la <a href=\"https:\/\/www.humanium.org\/fr\/convention\/\">Convention relative aux droits de l\u2019enfant<\/a> (CDE) le 7 septembre 1990, mais les trait\u00e9s internationaux ne sont pas contraignants dans le syst\u00e8me juridique national, \u00e0 moins qu\u2019ils n\u2019aient \u00e9t\u00e9 ratifi\u00e9s au niveau national par une loi ou une r\u00e9solution du corps l\u00e9gislatif, ce qui n\u2019a pas \u00e9t\u00e9 le cas pour la CDE. Bien que la Convention relative aux droits de l\u2019enfant ne prime pas sur le droit national, la Constitution des Seychelles pr\u00e9voit express\u00e9ment (Article 48) la protection inali\u00e9nable des droits de l\u2019homme et des libert\u00e9s fondamentales. <\/p>\n\n\n<div class=\"wp-block-image\">\n<figure class=\"alignright size-large is-resized\"><img loading=\"lazy\" decoding=\"async\" width=\"1024\" height=\"685\" src=\"https:\/\/www.humanium.org\/fr\/wp-content\/uploads\/2021\/01\/shutterstock_788775-1024x685.jpg\" alt=\"\" class=\"wp-image-49316\" style=\"width:411px;height:275px\" srcset=\"https:\/\/www.humanium.org\/fr\/wp-content\/uploads\/2021\/01\/shutterstock_788775-1024x685.jpg 1024w, https:\/\/www.humanium.org\/fr\/wp-content\/uploads\/2021\/01\/shutterstock_788775-300x201.jpg 300w, https:\/\/www.humanium.org\/fr\/wp-content\/uploads\/2021\/01\/shutterstock_788775-768x514.jpg 768w, https:\/\/www.humanium.org\/fr\/wp-content\/uploads\/2021\/01\/shutterstock_788775-1536x1028.jpg 1536w, https:\/\/www.humanium.org\/fr\/wp-content\/uploads\/2021\/01\/shutterstock_788775-2048x1371.jpg 2048w, https:\/\/www.humanium.org\/fr\/wp-content\/uploads\/2021\/01\/shutterstock_788775-830x555.jpg 830w, https:\/\/www.humanium.org\/fr\/wp-content\/uploads\/2021\/01\/shutterstock_788775-230x154.jpg 230w, https:\/\/www.humanium.org\/fr\/wp-content\/uploads\/2021\/01\/shutterstock_788775-350x234.jpg 350w, https:\/\/www.humanium.org\/fr\/wp-content\/uploads\/2021\/01\/shutterstock_788775-480x321.jpg 480w, https:\/\/www.humanium.org\/fr\/wp-content\/uploads\/2021\/01\/shutterstock_788775-272x182.jpg 272w\" sizes=\"auto, (max-width: 1024px) 100vw, 1024px\" \/><\/figure>\n<\/div>\n\n\n<p class=\"wp-block-paragraph\">En outre, la CDE n\u2019a pas \u00e9t\u00e9 incorpor\u00e9e dans le droit national, mais les Seychelles ont adopt\u00e9 un certain nombre de mesures l\u00e9gislatives et politiques en vue de mettre en \u0153uvre des dispositions sp\u00e9cifiques de la Convention, par exemple la Loi sur l\u2019\u00e9ducation (2004), le Cadre seychellois pour les soins et l\u2019\u00e9ducation de la petite enfance (2010) et le Plan national d\u2019action pour l\u2019enfance (2005-2009). De plus, diff\u00e9rents amendements ont \u00e9t\u00e9 apport\u00e9s au Children Act, par exemple la Loi sur l\u2019enfance de 2005 (amendement), pour introduire la Commission nationale pour la protection de l\u2019enfance (Seylii, 2018).<\/p>\n\n\n\n<p class=\"wp-block-paragraph\">La R\u00e9publique des Seychelles est \u00e9galement partie aux Protocoles facultatifs se rapportant \u00e0 la Convention relative aux droits de l\u2019enfant sur les conflits arm\u00e9s et sur la vente d\u2019enfant et a sign\u00e9, mais pas ratifi\u00e9, le troisi\u00e8me protocole facultatif sur une proc\u00e9dure de communication. Le pays est \u00e9galement partie \u00e0 la Convention de la Haye de 1980 sur les aspects civils de l\u2019enl\u00e8vement international d\u2019enfants.<\/p>\n\n\n\n<p class=\"wp-block-paragraph\">La l\u00e9gislation des Seychelles garantit que la citoyennet\u00e9 est obtenue par la naissance dans le pays ou, si naissance \u00e0 l\u2019\u00e9tranger, par des parents seychellois, et les naissances dans le pays doivent \u00eatre enregistr\u00e9es imm\u00e9diatement. Par cons\u00e9quent, chaque enfant a <a href=\"https:\/\/www.humanium.org\/fr\/comprendre-droits-enfant\/droit-a-l-identite\/\">droit \u00e0 une identit\u00e9<\/a>, <a href=\"https:\/\/www.humanium.org\/fr\/comprendre-droits-enfant\/protection\/\">droit \u00e0 la protection<\/a> et les parents sont soumis aux r\u00e8gles relatives \u00e0 la responsabilit\u00e9 parentale jusqu\u2019\u00e0 ce que leurs enfants aient 18 ans. Au d\u00e9c\u00e8s d\u2019un parent, les enfants peuvent automatiquement b\u00e9n\u00e9ficier d\u2019une aide financi\u00e8re de demi-orphelin, quelle que soit leur situation financi\u00e8re, ce qui refl\u00e8te la d\u00e9termination du gouvernement \u00e0 faire preuve de prudence dans la mise \u00e0 disposition de protections sociales. En dehors de cela, aux Seychelles, il n\u2019y a pas de conscription au service militaire&nbsp;; les enfants de moins de 18 ans peuvent \u00eatre recrut\u00e9s volontairement avec le consentement des parents, mais aucun \u00e2ge minimum ne semble \u00eatre sp\u00e9cifi\u00e9 dans la loi.<\/p>\n\n\n\n<h2 class=\"wp-block-heading\"><strong>R\u00e9pondre aux besoins des enfants<\/strong><\/h2>\n\n\n\n<h3 class=\"wp-block-heading\"><strong>Droit \u00e0 l\u2019alimentation, \u00e0 la sant\u00e9 et \u00e0 l\u2019eau<\/strong><\/h3>\n\n\n\n<p class=\"wp-block-paragraph\">Les Seychelles se portent relativement bien par rapport \u00e0 d\u2019autres pays en d\u00e9veloppement, mais connaissent toujours un probl\u00e8me de <a href=\"https:\/\/www.humanium.org\/fr\/enfants-malades\/\">malnutrition<\/a> parmi leur population de moins de cinq ans. En effet, la malnutrition infantile aux Seychelles a \u00e9t\u00e9 signal\u00e9e \u00e0 0,33333 en 2013 selon la collection d\u2019indicateurs de la Banque mondiale. Les donn\u00e9es sont bas\u00e9es sur les nouvelles normes de croissance de l\u2019enfant, publi\u00e9es par l\u2019Organisation Mondiale de la Sant\u00e9 en 2006. La <a href=\"https:\/\/www.humanium.org\/fr\/enfants-malades\/\">malnutrition des enfants<\/a> est li\u00e9e \u00e0 la <a href=\"https:\/\/www.humanium.org\/fr\/pauvrete\/\">pauvret\u00e9<\/a>, aux faibles niveaux d\u2019\u00e9ducation et \u00e0 l\u2019acc\u00e8s insuffisant aux services de sant\u00e9. \u00c9galement, il n\u2019y a pas suffisamment de donn\u00e9es cibles pour \u00e9valuer les progr\u00e8s des Seychelles en mati\u00e8re de surpoids des enfants de moins de cinq ans, en mati\u00e8re de retard de croissance, d\u2019\u00e9maciation et en mati\u00e8re d\u2019allaitement r\u00e9alis\u00e9 exclusivement au sein.<\/p>\n\n\n\n<p class=\"wp-block-paragraph\">L\u2019Article 24(2)(c) de la Constitution des Seychelles impose au gouvernement l\u2019obligation de combattre la maladie et la malnutrition par la fourniture d\u2019<a href=\"https:\/\/www.humanium.org\/fr\/comprendre-droits-enfant\/droit-a-l-alimentation\/\">aliments<\/a> nutritifs et d\u2019<a href=\"https:\/\/www.humanium.org\/fr\/comprendre-droits-enfant\/droit-a-l-eau\/\">eau<\/a> potable en quantit\u00e9 suffisante. En effet, la capacit\u00e9 de payer pour un approvisionnement en eau et le droit d\u2019acc\u00e8s \u00e0 cet approvisionnement sont une condition pr\u00e9alable \u00e0 l\u2019obtention d\u2019un niveau de vie ad\u00e9quat pour le <a href=\"https:\/\/www.humanium.org\/fr\/comprendre-droits-enfant\/droit-a-la-sante\/\">d\u00e9veloppement sain d\u2019un enfant<\/a>. Au cours de la derni\u00e8re d\u00e9cennie, les maladies li\u00e9es au manque d\u2019assainissement et \u00e0 la contamination de l\u2019eau ont \u00e9t\u00e9 pratiquement \u00e9limin\u00e9es.<\/p>\n\n\n\n<p class=\"wp-block-paragraph\">En outre, en 1992, la R\u00e9publique des Seychelles est devenue un \u00e9tat partie au Pacte International relatif aux Droits \u00c9conomique, Sociaux et Culturels (PIDESC) par voie d\u2019adh\u00e9sion&nbsp;; le pr\u00e9ambule de la Constitution des Seychelles, approuv\u00e9 en 1993, pr\u00e9conise \u00e9galement un syst\u00e8me d\u00e9mocratique qui assurera la cr\u00e9ation d\u2019un ordre social ad\u00e9quat et progressif garantissant l\u2019alimentation, l\u2019habillement, le logement, l\u2019\u00e9ducation, la sant\u00e9 et une augmentation constante du niveau de vie pour tous les seychellois.<\/p>\n\n\n\n<p class=\"wp-block-paragraph\">De plus, en vertu de la loi des Seychelles, l\u2019\u00e9tat partie doit prendre des mesures pour sensibiliser le public aux effets n\u00e9fastes sur la sant\u00e9 des aliments transform\u00e9s et \u00e9tablir des r\u00e8gles pour restreindre et surveiller la publicit\u00e9 et la commercialisation des aliments malsains. C\u2019est la raison pour laquelle le Minist\u00e8re de la sant\u00e9 continue \u00e0 mener une s\u00e9rie d\u2019activit\u00e9s en collaboration avec le secteur priv\u00e9 et la communaut\u00e9, visant \u00e0 promouvoir le droit \u00e0 la sant\u00e9 aupr\u00e8s des citoyens des Seychelles. Cette initiative a \u00e9t\u00e9 baptis\u00e9e mouvement \u00ab&nbsp;Sant\u00e9 de notre Nation&nbsp;\u00bb et le th\u00e8me adopt\u00e9 \u00e9tait \u00ab&nbsp;Ma sant\u00e9, ma responsabilit\u00e9, commence \u00e0 la maison&nbsp;\u00bb (Comit\u00e9 des droits de l\u2019enfant, 2016). En 2014, deux grandes conf\u00e9rences nationales ont \u00e9t\u00e9 tenues pour sensibiliser tous les secteurs de la soci\u00e9t\u00e9 \u00e0 ce mouvement. L\u2019une de ces conf\u00e9rences visait sp\u00e9cifiquement les enfants et les jeunes, et les encourageait \u00e0 soutenir la campagne \u00ab&nbsp;Ma sant\u00e9, ma responsabilit\u00e9&nbsp;\u00bb.<\/p>\n\n\n\n<p class=\"wp-block-paragraph\">Il est vraiment important de souligner que le Minist\u00e8re de la sant\u00e9 a travaill\u00e9 en \u00e9troite collaboration avec l\u2019Organisation Mondiale de la Sant\u00e9 (OMS) pour la mise en \u0153uvre de l\u2019Initiative H\u00f4pital Ami des B\u00e9b\u00e9s (IHAB), et de fait, l\u2019H\u00f4pital des Seychelles a \u00e9t\u00e9 accr\u00e9dit\u00e9 \u00ab&nbsp;Ami des b\u00e9b\u00e9s&nbsp;\u00bb depuis 2015. C\u2019est le r\u00e9sultat de l\u2019adoption, en 2013, d\u2019une politique d\u2019alimentation des nourrissons aux Seychelles qui r\u00e9pond aux Dix \u00e9tapes de succ\u00e8s de l\u2019allaitement maternel visant \u00e0 cr\u00e9er un environnement favorable aux b\u00e9b\u00e9s. En effet, l\u2019unit\u00e9 de maternit\u00e9 suit un code tr\u00e8s strict de commercialisation du substitut du lait maternel.<\/p>\n\n\n\n<h3 class=\"wp-block-heading\"><strong>Droit \u00e0 l\u2019\u00e9ducation<\/strong><\/h3>\n\n\n\n<p class=\"wp-block-paragraph\">Le syst\u00e8me d\u2019\u00e9ducation aux Seychelles a suivi une voie exemplaire pour un petit \u00e9tat insulaire en d\u00e9veloppement et aux moyens limit\u00e9s. En effet, l\u2019Article 33 de la Constitution des Seychelles \u00e9tablit le droit de tout citoyen \u00e0 l\u2019\u00e9ducation. Par ailleurs, les Seychelles sont partie \u00e0 de nombreux instruments internationaux relatifs aux droits de l\u2019homme, dont le Pacte International relatifs aux Droits \u00c9conomiques, Sociaux et Culturels (PIDESC) et la <a href=\"https:\/\/www.humanium.org\/fr\/convention\/\">Convention relative aux droits de l\u2019enfant<\/a>. Au niveau r\u00e9gional, les Seychelles ont ratifi\u00e9 la Charte africaine des droits de l\u2019homme et des peuples, mais n\u2019ont pas encore ratifi\u00e9 le Protocole s\u2019y aff\u00e9rant, qui \u00e9tablit la Cour africaine des droits de l\u2019homme.<\/p>\n\n\n\n<p class=\"wp-block-paragraph\">Aux Seychelles, l\u2019\u00e9ducation est gratuite et obligatoire de 5 \u00e0 16 ans dans les \u00e9coles primaires et secondaires. Avant l\u2019\u00e2ge de cinq ans, des \u00e9coles appel\u00e9es \u00ab&nbsp;cr\u00e8ches&nbsp;\u00bb dispensent un enseignement pr\u00e9-primaire et le Cadre des Seychelles pour la protection et l\u2019\u00e9ducation de la petite enfance est le document politique qui r\u00e9git la prestation de ces trois ann\u00e9es de soins pr\u00e9-primaires, gratuites et non-obligatoires.<\/p>\n\n\n<div class=\"wp-block-image\">\n<figure class=\"alignleft size-large is-resized\"><img loading=\"lazy\" decoding=\"async\" width=\"1024\" height=\"678\" src=\"https:\/\/www.humanium.org\/fr\/wp-content\/uploads\/2021\/01\/shutterstock_300667415-1024x678.jpg\" alt=\"\" class=\"wp-image-49317\" style=\"width:454px;height:300px\" srcset=\"https:\/\/www.humanium.org\/fr\/wp-content\/uploads\/2021\/01\/shutterstock_300667415-1024x678.jpg 1024w, https:\/\/www.humanium.org\/fr\/wp-content\/uploads\/2021\/01\/shutterstock_300667415-300x199.jpg 300w, https:\/\/www.humanium.org\/fr\/wp-content\/uploads\/2021\/01\/shutterstock_300667415-768x509.jpg 768w, https:\/\/www.humanium.org\/fr\/wp-content\/uploads\/2021\/01\/shutterstock_300667415-1536x1017.jpg 1536w, https:\/\/www.humanium.org\/fr\/wp-content\/uploads\/2021\/01\/shutterstock_300667415-2048x1357.jpg 2048w, https:\/\/www.humanium.org\/fr\/wp-content\/uploads\/2021\/01\/shutterstock_300667415-830x550.jpg 830w, https:\/\/www.humanium.org\/fr\/wp-content\/uploads\/2021\/01\/shutterstock_300667415-230x152.jpg 230w, https:\/\/www.humanium.org\/fr\/wp-content\/uploads\/2021\/01\/shutterstock_300667415-350x232.jpg 350w, https:\/\/www.humanium.org\/fr\/wp-content\/uploads\/2021\/01\/shutterstock_300667415-480x318.jpg 480w\" sizes=\"auto, (max-width: 1024px) 100vw, 1024px\" \/><\/figure>\n<\/div>\n\n\n<p class=\"wp-block-paragraph\">Les mesures et r\u00e9formes politiques ont permis aux Seychelles d\u2019atteindre les Objectifs du mill\u00e9naire pour le d\u00e9veloppement relatifs \u00e0 l\u2019\u00e9ducation bien avant 2015. En effet, le deuxi\u00e8me des huit objectifs de d\u00e9veloppement lanc\u00e9s par les Nations Unis demandait que chaque enfant dans le monde, gar\u00e7ons et filles, re\u00e7oive un enseignement primaire complet d\u2019ici 2015. L\u2019accent mis sur l\u2019\u00e9galit\u00e9 dans l\u2019\u00e9ducation a permis de rem\u00e9dier de mani\u00e8re significative aux diff\u00e9rences de r\u00e9sultats fond\u00e9es sur le sexe et la race, en cr\u00e9ant un syst\u00e8me qui offre \u00e0 tous des chances \u00e9gales fond\u00e9es sur la capacit\u00e9. En outre, gr\u00e2ce \u00e0 l\u2019Amendement de la loi de 2017 sur l\u2019\u00e9ducation, le gouvernement a \u00e9t\u00e9 en mesure d\u2019interdire les ch\u00e2timents corporels dans les \u00e9coles et s\u2019est engag\u00e9 \u00e0 les interdire dans tous les milieux.<\/p>\n\n\n\n<p class=\"wp-block-paragraph\">Un projet important men\u00e9 dans les \u00e9coles est le \u00ab&nbsp;Rainbow Project&nbsp;\u00bb qui travaille avec les enfants qui ont \u00e9t\u00e9 identifi\u00e9s par les \u00e9coles comme \u00e9tant \u00e0 risque et l\u2019accent est mis sur le renforcement du caract\u00e8re pour la r\u00e9sistance contre les drogues et sur l\u2019am\u00e9lioration du comportement pour de meilleures comp\u00e9tences sociales et de meilleures performances scolaires. Il a \u00e9t\u00e9 d\u00e9clar\u00e9 que l\u2019\u00e9ducation reste l\u2019un des secteurs les plus importants b\u00e9n\u00e9ficiant d\u2019un des pourcentages les plus \u00e9lev\u00e9s du budget national, juste apr\u00e8s le secteur de la sant\u00e9, et qu\u2019elle repr\u00e9sentait 9% du budget en 2017 (Haut-Commissariat des Nations Unis aux Droits de l\u2019Homme, 2018).<\/p>\n\n\n\n<h2 class=\"wp-block-heading\"><strong>Facteurs de risques \u2013 Les d\u00e9fis propres au pays<\/strong><\/h2>\n\n\n\n<h3 class=\"wp-block-heading\">Travail des enfants et exploitation sexuelle<\/h3>\n\n\n\n<p class=\"wp-block-paragraph\">Aux Seychelles, les enfants sont engag\u00e9s dans les pires formes de <a href=\"https:\/\/www.humanium.org\/fr\/travail-des-enfants\/\">travail des enfants<\/a> dans <a href=\"https:\/\/www.humanium.org\/fr\/exploitation-sexuelle-enfants\/\">l\u2019exploitation sexuelle<\/a> commerciale (Refworld, 2013). Malgr\u00e9 le fait que la loi interdise les pires formes de travail des enfants et stipule que l\u2019\u00e2ge minimum d\u2019embauche est de 15 ans \u00ab&nbsp;sous r\u00e9serve d\u2019exception pour les enfants qui sont employ\u00e9s \u00e0 temps partiel \u00e0 des travaux l\u00e9gers prescrits par la loi sans nuire \u00e0 leur sant\u00e9, leur moralit\u00e9 ou leur \u00e9ducation&nbsp;\u00bb (Article 31, Constitution des Seychelles), le travail des enfants est une r\u00e9alit\u00e9 aux Seychelles. <\/p>\n\n\n\n<p class=\"wp-block-paragraph\">En effet, l\u2019Article 31(b) de la Constitution de la R\u00e9publique des Seychelles stipule que l\u2019\u00e2ge minimum pour un travail dangereux, nocif et insalubre doit \u00eatre sup\u00e9rieur \u00e0 l\u2019\u00e2ge minimum de 15 ans pour le travail, bien qu\u2019il ne pr\u00e9cise pas d\u2019\u00e2ge exact. D\u2019autre part, l\u2019Article 22(4) du R\u00e8glement sur les conditions d\u2019emploi des Seychelles permet aux enfants \u00e2g\u00e9s de 15 \u00e0 17 ans de travailler dans les secteurs de la restauration, du tourisme ou dans l\u2019industrie du divertissement et de travailler de nuit avec l\u2019approbation \u00e9crite d\u2019un \u00ab&nbsp;agent comp\u00e9tent&nbsp;\u00bb, bien que la l\u00e9gislation ne donne pas de d\u00e9finition propre \u00e0 l\u2019expression \u00ab&nbsp;agent comp\u00e9tent&nbsp;\u00bb.<\/p>\n\n\n<div class=\"wp-block-image\">\n<figure class=\"alignright size-large is-resized\"><img loading=\"lazy\" decoding=\"async\" width=\"1024\" height=\"678\" src=\"https:\/\/www.humanium.org\/fr\/wp-content\/uploads\/2021\/01\/shutterstock_177876959-1024x678.jpg\" alt=\"\" class=\"wp-image-49318\" style=\"width:413px;height:273px\" srcset=\"https:\/\/www.humanium.org\/fr\/wp-content\/uploads\/2021\/01\/shutterstock_177876959-1024x678.jpg 1024w, https:\/\/www.humanium.org\/fr\/wp-content\/uploads\/2021\/01\/shutterstock_177876959-300x199.jpg 300w, https:\/\/www.humanium.org\/fr\/wp-content\/uploads\/2021\/01\/shutterstock_177876959-768x509.jpg 768w, https:\/\/www.humanium.org\/fr\/wp-content\/uploads\/2021\/01\/shutterstock_177876959-1536x1017.jpg 1536w, https:\/\/www.humanium.org\/fr\/wp-content\/uploads\/2021\/01\/shutterstock_177876959-2048x1356.jpg 2048w, https:\/\/www.humanium.org\/fr\/wp-content\/uploads\/2021\/01\/shutterstock_177876959-830x550.jpg 830w, https:\/\/www.humanium.org\/fr\/wp-content\/uploads\/2021\/01\/shutterstock_177876959-230x152.jpg 230w, https:\/\/www.humanium.org\/fr\/wp-content\/uploads\/2021\/01\/shutterstock_177876959-350x232.jpg 350w, https:\/\/www.humanium.org\/fr\/wp-content\/uploads\/2021\/01\/shutterstock_177876959-480x318.jpg 480w\" sizes=\"auto, (max-width: 1024px) 100vw, 1024px\" \/><\/figure>\n<\/div>\n\n\n<p class=\"wp-block-paragraph\">Au niveau international, les Seychelles ont ratifi\u00e9 toutes les conventions internationales cl\u00e9s concernant le travail des enfants (OIT C. 138, \u00c2ge minimum&nbsp;; OIT C. 182, Les pires formes de travail des enfants&nbsp;; CDE des Nations Unis&nbsp;; Protocole facultatif sur les conflits arm\u00e9s&nbsp;; Protocole facultatif sur la vente d\u2019enfants, la prostitution des enfants et la pornographie impliquant des enfants&nbsp;; Protocole de Palerme sur la traite des personnes). En effet, les r\u00e9visions juridiques devraient fixer l\u2019\u00e2ge minimum pour les travaux dangereux \u00e0 18 ans et \u00e9laborer une liste des professions dangereuses interdites aux enfants.<\/p>\n\n\n\n<p class=\"wp-block-paragraph\">Toutefois, la situation actuelle est que les enfants seychellois sont exploit\u00e9s \u00e0 des fins sexuelles dans les bo\u00eetes de nuit, les bars, les maisons d\u2019h\u00f4tes, les h\u00f4tels, les maisons closes ainsi que dans les rues. Les lois des Seychelles ne prot\u00e8gent pas les gar\u00e7ons contre le prox\u00e9n\u00e9tisme ou l\u2019offre de <a href=\"https:\/\/www.humanium.org\/fr\/prostitution-infantile\/\">prostitution<\/a>. En 2013, le gouvernement des Seychelles a financ\u00e9 des programmes dont l\u2019objectif est d\u2019\u00e9liminer ou de pr\u00e9venir l\u2019exploitation sexuelle des enfants \u00e0 des fins commerciales, mais malgr\u00e9 ces efforts, le gouvernement manque de m\u00e9canismes pour identifier correctement les <a href=\"https:\/\/www.humanium.org\/fr\/trafic-enfants\/\">enfants victimes de la traite<\/a> et leur fournir une protection et une r\u00e9habilitation. En outre, le gouvernement n\u2019a pas pris de mesures sp\u00e9cifiques pour identifier les victimes de la traite d\u2019enfants, ni pour prot\u00e9ger les enfants de l\u2019exploitation sexuelle associ\u00e9e au tourisme.<\/p>\n\n\n\n<p class=\"wp-block-paragraph\">Malgr\u00e9 un syst\u00e8me de pr\u00e9vention et de protection qui n\u2019est pas suffisamment r\u00e9glement\u00e9 et efficace, le syst\u00e8me de sanctions a lui \u00e9t\u00e9 r\u00e9form\u00e9. En effet, le code p\u00e9nal d\u00e9finit un enfant comme une personne \u00e2g\u00e9e de moins de 18 ans et criminalise les pratiques li\u00e9es \u00e0 la pornographie enfantine et \u00e0 l\u2019exploitation sexuelle ainsi que la vente, l\u2019offre et l\u2019approvisionnement de prostitution d\u2019enfants (Rapport sur les droits de l\u2019homme des Seychelles, 2019). En outre, la loi pr\u00e9voit des peines allant jusqu\u2019\u00e0 25 ans d\u2019emprisonnement et une amende pouvant atteindre 800.000 roupies seychellois ($59 000) en cas de condamnation pour traite d\u2019enfants (D\u00e9partement d\u2019\u00c9tat des \u00c9tats-Unis, 2019).<\/p>\n\n\n\n<p class=\"wp-block-paragraph\">On ignore encore si les Seychelles ont \u00e9tabli des lois pour prot\u00e9ger les enfants contre la participation \u00e0 des activit\u00e9s illicites, notamment le <a href=\"https:\/\/www.humanium.org\/fr\/enfants-dependances\/\">trafic de drogue<\/a>. En effet, on rapporte que les toxicomanes de moins de 18 ans font partie des personnes qui risquent de se lancer dans l\u2019exploitation sexuelle (Bureau des affaires internationales du travail du minist\u00e8re du travail des \u00c9tats-Unis, 2014).<\/p>\n\n\n\n<h3 class=\"wp-block-heading\">Le mariage d\u2019enfants<\/h3>\n\n\n\n<p class=\"wp-block-paragraph\">Le <a href=\"https:\/\/www.humanium.org\/fr\/mariage-enfants\/\">mariage d\u2019enfants<\/a> est motiv\u00e9 par l\u2019in\u00e9galit\u00e9 des sexes et du r\u00f4le que les femmes sont consid\u00e9r\u00e9es d\u2019avoir dans la soci\u00e9t\u00e9. Il existe tr\u00e8s peu d\u2019informations sur le mariage d\u2019enfants aux Seychelles car le gouvernement ne dispose pas de donn\u00e9es publiques sur cette question.<\/p>\n\n\n\n<p class=\"wp-block-paragraph\">Toutefois, les Seychelles ont coparrain\u00e9 les r\u00e9solutions de 2013 et 2014 de l\u2019Assembl\u00e9e g\u00e9n\u00e9rale des Nations Unies visant \u00e0 mettre fin au mariage d\u2019enfants, au mariage pr\u00e9coce et au mariage forc\u00e9 dans le monde entier, et ont sign\u00e9 une d\u00e9claration commune au Conseil des droits de l\u2019homme de 2014 appelant \u00e0 une r\u00e9solution sur le mariage d\u2019enfants. En outre, les Seychelles ont adh\u00e9r\u00e9 \u00e0 la Convention sur l\u2019\u00e9limination de toutes les formes de discrimination \u00e0 l\u2019\u00e9gard des femmes (CEDAW) en 1992, qui oblige les \u00e9tats \u00e0 garantir le consentement libre et entier au mariage. Cette m\u00eame ann\u00e9e, les Seychelles ont ratifi\u00e9 la Charte africaine des droits et du bien-\u00eatre de l\u2019enfant, dont l\u2019Article 21 porte sur l\u2019interdiction du mariage des enfants.<\/p>\n\n\n\n<p class=\"wp-block-paragraph\">En 2006, les Seychelles ont ratifi\u00e9 la Charte africaine des droits de l\u2019homme et des peuples sur les droits des femmes en Afrique, incluant l\u2019Article 6 qui fixe \u00e0 18 ans l\u2019\u00e2ge minimum pour le mariage. En vertu de la Loi de 1980 sur l\u2019\u00e9tat civil, l\u2019\u00e2ge minimum l\u00e9gal du mariage est de 15 ans pour les filles et de 18 ans pour les gar\u00e7ons. Toutefois, dans des situations \u00ab&nbsp;graves&nbsp;\u00bb, ils pourraient se marier avant cet \u00e2ge si le ministre donne son consentement, ce qui repr\u00e9sente un risque car la norme est trop vague, donc facile \u00e0 \u00e9luder. Les Seychelles se sont engag\u00e9s \u00e0 \u00e9liminer les mariages d\u2019enfants, les mariages pr\u00e9coces et les mariages forc\u00e9s d\u2019ici 2030, conform\u00e9ment \u00e0 l\u2019objectif 5.3 des Objectifs de d\u00e9veloppement durable, mais il reste encore beaucoup de chemin \u00e0 parcourir (Girls no brides, 2019).<\/p>\n\n\n\n<h3 class=\"wp-block-heading\">Les enfants handicap\u00e9s<\/h3>\n\n\n\n<p class=\"wp-block-paragraph\">L\u2019\u00e9ducation ouverte pour les <a href=\"https:\/\/www.humanium.org\/fr\/enfants-handicapes\/\">enfants handicap\u00e9s<\/a> est limit\u00e9e en raison du manque de personnel qualifi\u00e9. En effet, bien que la Constitution et la loi pr\u00e9voient des protections sp\u00e9ciales pour les personnes ayant des handicaps physiques, sensoriels, intellectuels et mentaux, aucune loi ne traite de l\u2019acc\u00e8s aux b\u00e2timents publics, aux transports ou aux services gouvernementaux, et le gouvernement ne fournit pas de tels services. C\u2019est la raison pour laquelle la plupart des enfants handicap\u00e9s ont \u00e9t\u00e9 plac\u00e9s dans des \u00e9coles sp\u00e9cialis\u00e9es.<\/p>\n\n\n\n<h3 class=\"wp-block-heading\"><strong>Les enfants et la justice<\/strong><\/h3>\n\n\n\n<p class=\"wp-block-paragraph\">En vertu de la loi des Seychelles, la majorit\u00e9 et la pleine capacit\u00e9 juridique sont atteintes \u00e0 l\u2019\u00e2ge de 18 ans (Code civil, Titre X, Article 388). La violation des droits de l\u2019enfant doit \u00eatre port\u00e9e en son nom par un parent ou un tuteur, \u00e0 une exception pr\u00e8s&nbsp;: les enfants de plus de 14 ans peuvent, avec l\u2019autorisation du Tribunal de la famille, demander eux-m\u00eames au tribunal une ordonnance de protection en vertu de la loi sur la violence familiale (Protection des victimes). Le code civil pr\u00e9voit \u00e9galement la nomination judiciaire d\u2019un tuteur <em>ad litem<\/em>, qui est habilit\u00e9 \u00e0 porter des affaires ou \u00e0 intervenir dans une proc\u00e9dure au nom ou pour le compte d\u2019un enfant ou d\u2019un adolescent. Si personne d\u2019autre n\u2019est d\u00e9sign\u00e9, le Procureur g\u00e9n\u00e9ral doit repr\u00e9senter les int\u00e9r\u00eats de l\u2019enfant (White &amp; Case LLP, 2015).<\/p>\n\n\n\n<p class=\"wp-block-paragraph\">L\u2019\u00e2ge minimum de la responsabilit\u00e9 p\u00e9nale est de 12 ans&nbsp;; toutefois, les enfants \u00e2g\u00e9s de 7 \u00e0 12 ans pourraient \u00eatre tenus pour responsables s\u2019il est prouv\u00e9 qu\u2019ils aient compris qu\u2019ils ont commis un acte criminel. L\u2019un des probl\u00e8mes majeurs du syst\u00e8me de sanctions est que les mineurs en d\u00e9tention provisoire et les <a href=\"https:\/\/www.humanium.org\/fr\/enfants-detenus\/\">jeunes condamn\u00e9s<\/a> sont d\u00e9tenus avec les prisonniers adultes. En cons\u00e9quence, le taux de violence (physique et sexuelle) entre d\u00e9tenus est \u00e0 la fois croissant et inqui\u00e9tant. Cependant, selon la World Prison Brief, les conditions carc\u00e9rales se sont am\u00e9lior\u00e9es en 2019 avec l\u2019\u00e9limination de la surpopulation et la r\u00e9duction de la violence (Rapport sur les droits de l\u2019homme des Seychelles, 2019).<\/p>\n\n\n\n<h3 class=\"wp-block-heading\"><strong>Droits environnementaux<\/strong><\/h3>\n\n\n\n<p class=\"wp-block-paragraph\">La Constitution des Seychelles garantit \u00e0 chaque citoyen le droit \u00e0 un environnement propre, sain et \u00e9cologiquement \u00e9quilibr\u00e9 (Article 38) et pr\u00e9voit pour le devoir fondamental de \u00ab&nbsp;prot\u00e9ger, pr\u00e9server et am\u00e9liorer l\u2019environnement&nbsp;\u00bb (Article 40(e)).<\/p>\n\n\n\n<p class=\"wp-block-paragraph\">Les principaux \u00e9l\u00e9ments de la politique et de la strat\u00e9gie du gouvernement en mati\u00e8re d\u2019environnement \u00e0 l\u2019\u00e9gard des enfants sont&nbsp;:&nbsp;<\/p>\n\n\n\n<blockquote class=\"wp-block-quote is-layout-flow wp-block-quote-is-layout-flow\">\n<p class=\"wp-block-paragraph\">\u00ab\u00a0la responsabilit\u00e9 et l\u2019engagement de garantir un environnement s\u00fbr et sain, dans lequel les enfants vivront, grandiront et prosp\u00e9reront\u00a0; la responsabilit\u00e9 de veiller \u00e0 ce que l\u2019environnement soit prot\u00e9g\u00e9, entretenu et am\u00e9lior\u00e9 pour les enfants d\u2019aujourd\u2019hui et de demain\u00a0; et la responsabilit\u00e9 de veiller \u00e0 ce que les enfants acqui\u00e8rent et d\u00e9veloppent les attitudes, les connaissances et les comp\u00e9tences qui renforceront leur r\u00f4le de protecteurs de l\u2019environnement.\u00a0\u00bb<\/p>\n<cite>HCDH, 2002<\/cite><\/blockquote>\n\n\n\n<p class=\"wp-block-paragraph\">En 1994 a \u00e9t\u00e9 cr\u00e9\u00e9 la Wildlife Clubs of Seychelles (WCS), une organisation non-gouvernementale (ONG) pour les jeunes qui se consacrent \u00e0 la promotion d\u2019actions de conservation par l\u2019\u00e9ducation environnementale (HCDH, 2007). L\u2019un des objectifs est d\u2019accro\u00eetre les connaissances des jeunes sur la biodiversit\u00e9 des Seychelles et de mobiliser l\u2019action en faveur de la conservation. La WCS est g\u00e9r\u00e9e par des b\u00e9n\u00e9voles et offre aux \u00e9tudiants la possibilit\u00e9 de s\u2019informer sur l\u2019environnement, de participer \u00e0 des actions environnementales concr\u00e8tes et de jouer un r\u00f4le dans la soci\u00e9t\u00e9.<\/p>\n\n\n\n<p class=\"wp-block-paragraph\">En outre, les Seychelles ont particip\u00e9 au Sommet de la terre au Br\u00e9sil, et le gouvernement s\u2019est engag\u00e9 \u00e0 mettre en \u0153uvre l\u2019Agenda 21 en adoptant des \u00ab&nbsp;strat\u00e9gies nationales de durabilit\u00e9&nbsp;\u00bb, en augmentant la participation des enfants et des jeunes en mati\u00e8re de politique environnementale, et en produisant des rapports nationaux p\u00e9riodiques de mise en \u0153uvre.<\/p>\n\n\n\n<p class=\"wp-block-paragraph\">Le travail du Minist\u00e8re de l\u2019environnement, de l\u2019\u00e9nergie et du changement climatique est r\u00e9gi par la Strat\u00e9gie de d\u00e9veloppement durable 2012-2020 des Seychelles, la Strat\u00e9gie nationale de gestion des d\u00e9chets, le Plan d\u2019action strat\u00e9gique national sur la biodiversit\u00e9, la Strat\u00e9gie sur le changement climatique, la Politique \u00e9nerg\u00e9tique nationale, le Plan directeur sur l\u2019eau ainsi que d\u2019autres documents politiques (African LII, 2019). En effet, les Seychelles m\u00e8nent un projet d\u2019adaptation au changement climatique bas\u00e9 sur l\u2019\u00e9cosyst\u00e8me afin d\u2019att\u00e9nuer leur vuln\u00e9rabilit\u00e9 et ce, en se concentrant principalement sur la s\u00e9cheresse et les inondations.<\/p>\n\n\n\n<p class=\"wp-block-paragraph\"><strong><em>\u00c9crit par Federica Versea<\/em><\/strong><\/p>\n\n\n\n<p class=\"wp-block-paragraph\"><strong><em>Traduit par Cl\u00e9ment Collin<\/em><\/strong><\/p>\n\n\n\n<p class=\"wp-block-paragraph\"><strong><em>Relu par Denis Gingras<\/em><\/strong><\/p>\n\n\n\n<p class=\"wp-block-paragraph\"><strong><em>Derni\u00e8re mise \u00e0 jour le 7 septembre 2020<\/em><\/strong><\/p>\n\n\n\n<h4 class=\"wp-block-heading\">Bibliographie :<\/h4>\n\n\n\n<p class=\"has-small-font-size wp-block-paragraph\">African Lii. (2019, August). <em>Seychelles Environmental Law, Context Report<\/em>. Retrieved from African Lii.<\/p>\n\n\n\n<p class=\"has-small-font-size wp-block-paragraph\"><a href=\"https:\/\/www.ohchr.org\/SP\/NewsEvents\/Pages\/DisplayNews.aspx?NewsID=22597&amp;LangID=E\" target=\"_blank\" rel=\"noreferrer noopener\">Convention on the Rights of the Child. o. (2017). <em>OHCHR<\/em>. Retrieved from OHCHR<\/a>.<\/p>\n\n\n\n<p class=\"has-small-font-size wp-block-paragraph\"><a href=\"https:\/\/www.girlsnotbrides.org\/child-marriage\/seychelles\/\" target=\"_blank\" rel=\"noreferrer noopener\">Girls not Brides. (2019). <em>Seychelles<\/em>. Retrieved from Girls not Brides<\/a>.<\/p>\n\n\n\n<p class=\"has-small-font-size wp-block-paragraph\"><a href=\"https:\/\/www.worldbank.org\/en\/country\/seychelles\" target=\"_blank\" rel=\"noreferrer noopener\">World Bank Group. (2020, July 31). <em>World Bank Group<\/em>. Retrieved from World Bank Group<\/a>.<\/p>\n\n\n\n<p class=\"has-small-font-size wp-block-paragraph\">World Bank Group. (n.d.). <em>The World Bank in Seychelles.<\/em> Washington: World Bank.<\/p>\n\n\n\n<p class=\"has-small-font-size wp-block-paragraph\">OHCHR. (2002). <em>Convention on the Rights of the Child &#8211; Initial Report of States parties<\/em>. Retrieved from OHCHR.<\/p>\n\n\n\n<p class=\"has-small-font-size wp-block-paragraph\">OHCHR. (2007). <em>Convention on the Rights of the Child<\/em>. Retrieved from Combined second, third and fourth periodic reports of States parties.<\/p>\n\n\n\n<p class=\"has-small-font-size wp-block-paragraph\"><a href=\"https:\/\/www.ohchr.org\/EN\/NewsEvents\/Pages\/DisplayNews.aspx?NewsID=22597&amp;LangID=E\" target=\"_blank\" rel=\"noreferrer noopener\">OHCHR. (2018). <em>Committee on the Rights of the Child examines report of Seychelles<\/em>. Retrieved from OHCHR<\/a>.<\/p>\n\n\n\n<p class=\"has-small-font-size wp-block-paragraph\"><a href=\"https:\/\/www.refworld.org\/pdfid\/5448a86b0.pdf\" target=\"_blank\" rel=\"noreferrer noopener\">Refworld. (2013). <em>Seychelles: minimal advancement<\/em>. Retrieved from Refworld<\/a>.<\/p>\n\n\n\n<p class=\"has-small-font-size wp-block-paragraph\"><a href=\"https:\/\/mppn.org\/multidimensional-poverty-index-report-2019-seychelles\/\" target=\"_blank\" rel=\"noreferrer noopener\">Seychelles MPI Report. (2020, May). <em>Multidimensional Poverty Index Report 2019: Seychelles<\/em>. Retrieved from MPPN &#8211; Multidimensional Poverty Peer Network<\/a>.<\/p>\n\n\n\n<p class=\"has-small-font-size wp-block-paragraph\">Seylii. (2018). <em>Children Act<\/em>. Retrieved from Seylii.<\/p>\n\n\n\n<p class=\"has-small-font-size wp-block-paragraph\"><a href=\"https:\/\/www.state.gov\/wp-content\/uploads\/2020\/02\/SEYCHELLES-2019-HUMAN-RIGHTS-REPORT.pdf\" target=\"_blank\" rel=\"noreferrer noopener\">United States Department of State. (2019). <em>Seychelles 2019 Human Rights Report<\/em>. Retrieved from United States Department of State: Bureau of Democracy, Human Rights and Labor<\/a>.<\/p>\n\n\n\n<p class=\"has-small-font-size wp-block-paragraph\"><a href=\"https:\/\/www.worldbank.org\/en\/country\/seychelles\/overview\" target=\"_blank\" rel=\"noreferrer noopener\">World Bank Group. (2020, July 31). <em>The World Bank in Seychelles<\/em>. Retrieved from World Bank Group<\/a>.<\/p>\n\n\n\n<hr class=\"wp-block-separator has-css-opacity\"\/>\n\n\n\n<p class=\"has-small-font-size wp-block-paragraph\"><a href=\"#_ftnref1\">[1]<\/a> <em>Cet article ne vise en aucun cas \u00e0 rendre compte de mani\u00e8re compl\u00e8te ou repr\u00e9sentative des droits de l\u2019enfant aux Seychelles&nbsp;; en effet, l\u2019un des nombreux d\u00e9fis est le trop peu d\u2019informations actualis\u00e9es sur les enfants des Seychelles, dont une grande partie est peu fiable, peu repr\u00e9sentative, d\u00e9pass\u00e9e ou simplement inexistante.<\/em><\/p>\n","protected":false},"excerpt":{"rendered":"<p>Concr\u00e9tiser les droits de l&rsquo;enfant aux Seychelles Aux Seychelles, les enfants sont prot\u00e9g\u00e9s par un syst\u00e8me de droit qui garantit des droits fondamentaux et des normes de vie ad\u00e9quates. Toutefois, les enfants sont vuln\u00e9rables \u00e0 de graves risques qui ne sont pas soigneusement estim\u00e9s par la l\u00e9gislation nationale, notamment&nbsp;: le travail des enfants et l\u2019exploitation [&hellip;]<\/p>\n","protected":false},"author":65,"featured_media":0,"parent":0,"menu_order":0,"comment_status":"closed","ping_status":"closed","template":"","meta":{"footnotes":""},"class_list":["post-22284","page","type-page","status-publish","hentry"],"yoast_head":"<!-- This site is optimized with the Yoast SEO plugin v28.3 - https:\/\/yoast.com\/product\/yoast-seo-wordpress\/ -->\n<title>Enfants des Seychelles - Humanium<\/title>\n<meta name=\"description\" content=\"Aux Seychelles, les enfants sont prot\u00e9g\u00e9s par un syst\u00e8me de droit qui garantit des droits fondamentaux et des normes de vie ad\u00e9quates.\" \/>\n<meta name=\"robots\" content=\"index, follow, max-snippet:-1, max-image-preview:large, max-video-preview:-1\" \/>\n<link rel=\"canonical\" href=\"https:\/\/www.humanium.org\/fr\/seychelles\/\" \/>\n<meta property=\"og:locale\" content=\"fr_FR\" \/>\n<meta property=\"og:type\" content=\"article\" \/>\n<meta property=\"og:title\" content=\"Enfants des Seychelles - Humanium\" \/>\n<meta property=\"og:description\" content=\"Aux Seychelles, les enfants sont prot\u00e9g\u00e9s par un syst\u00e8me de droit qui garantit des droits fondamentaux et des normes de vie ad\u00e9quates.\" \/>\n<meta property=\"og:url\" content=\"https:\/\/www.humanium.org\/fr\/seychelles\/\" \/>\n<meta property=\"og:site_name\" content=\"Humanium\" \/>\n<meta property=\"article:modified_time\" content=\"2025-12-10T02:42:13+00:00\" \/>\n<meta property=\"og:image\" content=\"https:\/\/www.humanium.org\/fr\/wp-content\/uploads\/2021\/01\/shutterstock_1832812234.jpg\" \/>\n\t<meta property=\"og:image:width\" content=\"200\" \/>\n\t<meta property=\"og:image:height\" content=\"200\" \/>\n\t<meta property=\"og:image:type\" content=\"image\/jpeg\" \/>\n<meta name=\"twitter:card\" content=\"summary_large_image\" \/>\n<meta name=\"twitter:label1\" content=\"Dur\u00e9e de lecture estim\u00e9e\" \/>\n\t<meta name=\"twitter:data1\" content=\"21 minutes\" \/>\n<script type=\"application\/ld+json\" class=\"yoast-schema-graph\">{\"@context\":\"https:\\\/\\\/schema.org\",\"@graph\":[{\"@type\":\"WebPage\",\"@id\":\"https:\\\/\\\/www.humanium.org\\\/fr\\\/seychelles\\\/\",\"url\":\"https:\\\/\\\/www.humanium.org\\\/fr\\\/seychelles\\\/\",\"name\":\"Enfants des Seychelles - Humanium\",\"isPartOf\":{\"@id\":\"https:\\\/\\\/www.humanium.org\\\/fr\\\/#website\"},\"primaryImageOfPage\":{\"@id\":\"https:\\\/\\\/www.humanium.org\\\/fr\\\/seychelles\\\/#primaryimage\"},\"image\":{\"@id\":\"https:\\\/\\\/www.humanium.org\\\/fr\\\/seychelles\\\/#primaryimage\"},\"thumbnailUrl\":\"https:\\\/\\\/www.humanium.org\\\/fr\\\/wp-content\\\/uploads\\\/2021\\\/01\\\/shutterstock_1832812234.jpg\",\"datePublished\":\"2012-12-03T14:58:39+00:00\",\"dateModified\":\"2025-12-10T02:42:13+00:00\",\"description\":\"Aux Seychelles, les enfants sont prot\u00e9g\u00e9s par un syst\u00e8me de droit qui garantit des droits fondamentaux et des normes de vie ad\u00e9quates.\",\"breadcrumb\":{\"@id\":\"https:\\\/\\\/www.humanium.org\\\/fr\\\/seychelles\\\/#breadcrumb\"},\"inLanguage\":\"fr-FR\",\"potentialAction\":[{\"@type\":\"ReadAction\",\"target\":[\"https:\\\/\\\/www.humanium.org\\\/fr\\\/seychelles\\\/\"]}]},{\"@type\":\"ImageObject\",\"inLanguage\":\"fr-FR\",\"@id\":\"https:\\\/\\\/www.humanium.org\\\/fr\\\/seychelles\\\/#primaryimage\",\"url\":\"https:\\\/\\\/www.humanium.org\\\/fr\\\/wp-content\\\/uploads\\\/2021\\\/01\\\/shutterstock_1832812234.jpg\",\"contentUrl\":\"https:\\\/\\\/www.humanium.org\\\/fr\\\/wp-content\\\/uploads\\\/2021\\\/01\\\/shutterstock_1832812234.jpg\",\"width\":200,\"height\":200},{\"@type\":\"BreadcrumbList\",\"@id\":\"https:\\\/\\\/www.humanium.org\\\/fr\\\/seychelles\\\/#breadcrumb\",\"itemListElement\":[{\"@type\":\"ListItem\",\"position\":1,\"name\":\"Home\",\"item\":\"https:\\\/\\\/www.humanium.org\\\/fr\\\/\"},{\"@type\":\"ListItem\",\"position\":2,\"name\":\"Enfants des Seychelles\"}]},{\"@type\":\"WebSite\",\"@id\":\"https:\\\/\\\/www.humanium.org\\\/fr\\\/#website\",\"url\":\"https:\\\/\\\/www.humanium.org\\\/fr\\\/\",\"name\":\"Humanium\",\"description\":\"Les enfants d\u2019abord !\",\"potentialAction\":[{\"@type\":\"SearchAction\",\"target\":{\"@type\":\"EntryPoint\",\"urlTemplate\":\"https:\\\/\\\/www.humanium.org\\\/fr\\\/?s={search_term_string}\"},\"query-input\":{\"@type\":\"PropertyValueSpecification\",\"valueRequired\":true,\"valueName\":\"search_term_string\"}}],\"inLanguage\":\"fr-FR\"}]}<\/script>\n<!-- \/ Yoast SEO plugin. -->","yoast_head_json":{"title":"Enfants des Seychelles - Humanium","description":"Aux Seychelles, les enfants sont prot\u00e9g\u00e9s par un syst\u00e8me de droit qui garantit des droits fondamentaux et des normes de vie ad\u00e9quates.","robots":{"index":"index","follow":"follow","max-snippet":"max-snippet:-1","max-image-preview":"max-image-preview:large","max-video-preview":"max-video-preview:-1"},"canonical":"https:\/\/www.humanium.org\/fr\/seychelles\/","og_locale":"fr_FR","og_type":"article","og_title":"Enfants des Seychelles - Humanium","og_description":"Aux Seychelles, les enfants sont prot\u00e9g\u00e9s par un syst\u00e8me de droit qui garantit des droits fondamentaux et des normes de vie ad\u00e9quates.","og_url":"https:\/\/www.humanium.org\/fr\/seychelles\/","og_site_name":"Humanium","article_modified_time":"2025-12-10T02:42:13+00:00","og_image":[{"width":200,"height":200,"url":"https:\/\/www.humanium.org\/fr\/wp-content\/uploads\/2021\/01\/shutterstock_1832812234.jpg","type":"image\/jpeg"}],"twitter_card":"summary_large_image","twitter_misc":{"Dur\u00e9e de lecture estim\u00e9e":"21 minutes"},"schema":{"@context":"https:\/\/schema.org","@graph":[{"@type":"WebPage","@id":"https:\/\/www.humanium.org\/fr\/seychelles\/","url":"https:\/\/www.humanium.org\/fr\/seychelles\/","name":"Enfants des Seychelles - Humanium","isPartOf":{"@id":"https:\/\/www.humanium.org\/fr\/#website"},"primaryImageOfPage":{"@id":"https:\/\/www.humanium.org\/fr\/seychelles\/#primaryimage"},"image":{"@id":"https:\/\/www.humanium.org\/fr\/seychelles\/#primaryimage"},"thumbnailUrl":"https:\/\/www.humanium.org\/fr\/wp-content\/uploads\/2021\/01\/shutterstock_1832812234.jpg","datePublished":"2012-12-03T14:58:39+00:00","dateModified":"2025-12-10T02:42:13+00:00","description":"Aux Seychelles, les enfants sont prot\u00e9g\u00e9s par un syst\u00e8me de droit qui garantit des droits fondamentaux et des normes de vie ad\u00e9quates.","breadcrumb":{"@id":"https:\/\/www.humanium.org\/fr\/seychelles\/#breadcrumb"},"inLanguage":"fr-FR","potentialAction":[{"@type":"ReadAction","target":["https:\/\/www.humanium.org\/fr\/seychelles\/"]}]},{"@type":"ImageObject","inLanguage":"fr-FR","@id":"https:\/\/www.humanium.org\/fr\/seychelles\/#primaryimage","url":"https:\/\/www.humanium.org\/fr\/wp-content\/uploads\/2021\/01\/shutterstock_1832812234.jpg","contentUrl":"https:\/\/www.humanium.org\/fr\/wp-content\/uploads\/2021\/01\/shutterstock_1832812234.jpg","width":200,"height":200},{"@type":"BreadcrumbList","@id":"https:\/\/www.humanium.org\/fr\/seychelles\/#breadcrumb","itemListElement":[{"@type":"ListItem","position":1,"name":"Home","item":"https:\/\/www.humanium.org\/fr\/"},{"@type":"ListItem","position":2,"name":"Enfants des Seychelles"}]},{"@type":"WebSite","@id":"https:\/\/www.humanium.org\/fr\/#website","url":"https:\/\/www.humanium.org\/fr\/","name":"Humanium","description":"Les enfants d\u2019abord !","potentialAction":[{"@type":"SearchAction","target":{"@type":"EntryPoint","urlTemplate":"https:\/\/www.humanium.org\/fr\/?s={search_term_string}"},"query-input":{"@type":"PropertyValueSpecification","valueRequired":true,"valueName":"search_term_string"}}],"inLanguage":"fr-FR"}]}},"_links":{"self":[{"href":"https:\/\/www.humanium.org\/fr\/wp-json\/wp\/v2\/pages\/22284","targetHints":{"allow":["GET"]}}],"collection":[{"href":"https:\/\/www.humanium.org\/fr\/wp-json\/wp\/v2\/pages"}],"about":[{"href":"https:\/\/www.humanium.org\/fr\/wp-json\/wp\/v2\/types\/page"}],"author":[{"embeddable":true,"href":"https:\/\/www.humanium.org\/fr\/wp-json\/wp\/v2\/users\/65"}],"replies":[{"embeddable":true,"href":"https:\/\/www.humanium.org\/fr\/wp-json\/wp\/v2\/comments?post=22284"}],"version-history":[{"count":19,"href":"https:\/\/www.humanium.org\/fr\/wp-json\/wp\/v2\/pages\/22284\/revisions"}],"predecessor-version":[{"id":60838,"href":"https:\/\/www.humanium.org\/fr\/wp-json\/wp\/v2\/pages\/22284\/revisions\/60838"}],"wp:attachment":[{"href":"https:\/\/www.humanium.org\/fr\/wp-json\/wp\/v2\/media?parent=22284"}],"curies":[{"name":"wp","href":"https:\/\/api.w.org\/{rel}","templated":true}]}}