{"id":22319,"date":"2013-04-10T08:03:50","date_gmt":"2013-04-10T08:03:50","guid":{"rendered":"http:\/\/www.humanium.org\/fr\/?page_id=22319"},"modified":"2025-12-05T13:28:39","modified_gmt":"2025-12-05T13:28:39","slug":"palaos","status":"publish","type":"page","link":"https:\/\/www.humanium.org\/fr\/palaos\/","title":{"rendered":"Enfant du Palaos"},"content":{"rendered":"<h1>Enfants du Palaos<\/h1>\n<h1>Concr\u00e9tiser les droits de l&rsquo;enfant au Palaos<\/h1>\n<p style=\"text-align: center;\"><img loading=\"lazy\" decoding=\"async\" class=\"alignnone size-full wp-image-28094\" title=\"Adolescents de Palaos \u00a9 #PACOM (Flickr.com)\" src=\"https:\/\/www.humanium.org\/fr\/wp-content\/uploads\/2013\/04\/PACOM-Flickr.com_.jpg\" alt=\"\" width=\"200\" height=\"200\" \/>\u00a0\u00a0<img loading=\"lazy\" decoding=\"async\" class=\"alignnone size-full wp-image-28095\" title=\"Gar\u00e7on de Palaos \u00a9 PacificKlaus (Flickr.com)\" src=\"https:\/\/www.humanium.org\/fr\/wp-content\/uploads\/2013\/04\/PacificKlaus-Flickr.com_.jpg\" alt=\"\" width=\"200\" height=\"200\" \/><\/p>\n<p>La R\u00e9publique des Palaos est un archipel qui se situe dans l\u2019Oc\u00e9anie, \u00e0 proximit\u00e9 des Philippines et de l\u2019Indon\u00e9sie. Il se caract\u00e9rise par un des niveaux de vie les plus \u00e9lev\u00e9s de cette zone de Micron\u00e9sie.<\/p>\n<p>Si le Palaos a r\u00e9ussi \u00e0 am\u00e9liorer la qualit\u00e9 de ses services en mati\u00e8re d\u2019\u00e9ducation, de sant\u00e9 ainsi que dans la gestion de son syst\u00e8me de <a title=\"Justice des enfants\" href=\"https:\/\/www.humanium.org\/fr\/justice\/\" target=\"_blank\" rel=\"noopener noreferrer\">justice des mineurs<\/a>, il lui reste encore du progr\u00e8s \u00e0 faire pour promouvoir le bien-\u00eatre des enfants.<\/p>\n<table style=\"height: 38px;\" width=\"298\">\n<tbody style=\"background: #f2f2f2;\">\n<tr>\n<td>\n<div style=\"float: left; width: 39%;\">\n<p style=\"margin-bottom: 20px;\"><strong>Population :<\/strong>\u00a021 100<br \/>\n<strong>Pop. de 0-14 ans :<\/strong>\u00a021,6 %<\/p>\n<\/div>\n<div style=\"float: right; width: 59%;\">\n<p style=\"margin-bottom: 20px;\"><strong>Esp\u00e9rance de vie :<\/strong>\u00a072,4 ans<br \/>\n<strong>Mortalit\u00e9 des &#8211; de 5 ans :<\/strong>\u00a014 \u2030<\/p>\n<\/div>\n<\/td>\n<\/tr>\n<\/tbody>\n<\/table>\n<h3>Principaux probl\u00e8mes rencontr\u00e9s par les enfants \u00e0 Palaos:<\/h3>\n<p><strong>Droit \u00e0 l\u2019\u00e9ducation<\/strong><\/p>\n<p>Au Palaos, le<a title=\"Droit \u00e0 l'\u00e9ducation\" href=\"https:\/\/www.humanium.org\/fr\/comprendre-droits-enfant\/droit-a-l-education\/\" target=\"_blank\" rel=\"noopener noreferrer\"> droit \u00e0 l\u2019\u00e9ducation<\/a> est mentionn\u00e9 dans la constitution.<\/p>\n<p>Vu que le syst\u00e8me \u00e9ducatif s\u2019est inspir\u00e9 du syst\u00e8me am\u00e9ricain, le cursus se d\u00e9roule de la mani\u00e8re suivante: d\u2019abord le pr\u00e9-\u00e9l\u00e9mentaire (preschools and kindergartens, classe 1 \u00e0 8), puis le lyc\u00e9e (High schooll, classe 9 \u00e0 12) et enfin le post-secondaire.<\/p>\n<p>L\u2019\u00e9cole est obligatoire pour les enfants de 6 \u00e0 17 ans. Par cons\u00e9quent, 88% des enfants fr\u00e9quentent le pr\u00e9-\u00e9l\u00e9mentaire et 98% le lyc\u00e9e.<\/p>\n<p><strong>Droit \u00e0 la Sant\u00e9<\/strong><\/p>\n<p>L&rsquo;\u00e9l\u00e9vation du niveau de vie au Palaos a permis au pays de fournir de solides services de <a title=\"Droit \u00e0 la Sant\u00e9\" href=\"https:\/\/www.humanium.org\/fr\/comprendre-droits-enfant\/droit-a-la-sante\/\" target=\"_blank\" rel=\"noopener noreferrer\">sant\u00e9<\/a>, d\u2019augmenter l\u2019esp\u00e9rance de vie et d\u2019abaisser le taux de mortalit\u00e9 \u00e0 12,1 pour 1000. Taux de mortalit\u00e9 qui, bien qu\u2019en baisse, reste sup\u00e9rieur \u00e0 celui des pays industrialis\u00e9s.<\/p>\n<p>Tous les enfants ont acc\u00e8s aux soins de base.<\/p>\n<p>Le probl\u00e8me de l\u2019ob\u00e9sit\u00e9 concerne 24% des enfants. Les mauvaises habitudes alimentaires, la m\u00e9connaissance de la di\u00e9t\u00e9tique ainsi que le manque d\u2019activit\u00e9s sportives sont notamment \u00e0 l\u2019origine de cette maladie ; \u00e0 peine 10% d\u2019entre eux mangent des fruits et des l\u00e9gumes.<\/p>\n<p><strong>Tabac, alcool et drogue<\/strong><\/p>\n<p>Malgr\u00e9 tous les efforts fournis au niveau de l\u2019\u00e9ducation et le renforcement des lois protectrices des enfants, les adolescents sont confront\u00e9s au tabagisme ainsi qu\u2019\u00e0 l\u2019alcoolisme. On constate une <a title=\"Enfants et d\u00e9pendances\" href=\"https:\/\/www.humanium.org\/fr\/enfants-dependances\/\" target=\"_blank\" rel=\"noopener noreferrer\">d\u00e9pendance<\/a> \u00e0 la drogue : 35% d\u2019entre eux consomment r\u00e9guli\u00e8rement de la marijuana et pr\u00e8s de 70% des enfants du Palaos m\u00e2chent couramment une drogue appel\u00e9e noix d\u2019arec (betel nut, en anglais). En effet, depuis les ann\u00e9es 70, l\u2019absorption de cette drogue, fortement canc\u00e9rig\u00e8ne, est assimil\u00e9e \u00e0 une pratique culturelle et ses consommateurs forment une communaut\u00e9.<\/p>\n<p><img loading=\"lazy\" decoding=\"async\" class=\"size-full wp-image-28097 alignright\" title=\"Le manque d\u2019\u00e9coute familial, ainsi que l\u2019absence des parents aupr\u00e8s des mineurs vuln\u00e9rables peuvent repr\u00e9senter une des causes des diff\u00e9rentes addictions. \u00a9 Annamatic3000 (Flickr.com)\" src=\"https:\/\/www.humanium.org\/fr\/wp-content\/uploads\/2013\/04\/Annamatic3000-Flickr.com_.jpg\" alt=\"\" width=\"300\" height=\"213\" \/>Il est difficile d\u2019appr\u00e9hender les probl\u00e8mes qui sont \u00e0 la base de toutes ces d\u00e9pendances, mais on peut constater que le manque d\u2019\u00e9coute familial, ainsi que l\u2019absence des parents aupr\u00e8s des mineurs vuln\u00e9rables peuvent repr\u00e9senter une des causes de ces diff\u00e9rentes addictions.<\/p>\n<p><strong>Enfants et handicap<\/strong><\/p>\n<p>Les enfants en situation de <a title=\"Enfants handicap\u00e9s\" href=\"https:\/\/www.humanium.org\/fr\/enfants-handicapes\/\" target=\"_blank\" rel=\"noopener noreferrer\">handicap<\/a> repr\u00e9sentent un peu moins de 7% des enfants de l\u2019archipel. Depuis leur naissance et jusqu\u2019\u00e0 l\u2019\u00e2ge de 21 ans, ces enfants ont, comme les autres enfants, acc\u00e8s aux soins, \u00e0 l\u2019\u00e9ducation ainsi qu\u2019aux services sociaux.<\/p>\n<p>Cependant, au-del\u00e0 de 21 ans, il existe peu de structures adapt\u00e9es et capables de cr\u00e9er un pont, une transition vers le monde adulte.<\/p>\n<p><strong>Maltraitance infantile<\/strong><\/p>\n<p>Les cas d\u2019<a href=\"https:\/\/www.humanium.org\/fr\/violences\/\" target=\"_blank\" rel=\"noopener noreferrer\">abus<\/a> ou de n\u00e9gligence concernent 1% des enfants des Palaos.<\/p>\n<p>Il n\u2019existe pas de structures sociales pour accueillir les <a href=\"https:\/\/www.humanium.org\/fr\/violences\/\" target=\"_blank\" rel=\"noopener noreferrer\">enfants maltrait\u00e9s<\/a>. Le plus souvent, les enfants sont remis \u00e0 leur oncle maternel car selon la tradition du pays, c\u2019est \u00e0 lui que revient la <a href=\"https:\/\/www.humanium.org\/fr\/comprendre-droits-enfant\/droit-a-la-protection\/\">protection de l\u2019enfant<\/a> lorsque ce dernier est en danger.<\/p>\n<p><strong>Adoption<\/strong><\/p>\n<p>Les enfants \u00e9trangers adopt\u00e9s par des citoyens des Palaos ne b\u00e9n\u00e9ficient pas des m\u00eames droits que les enfants n\u00e9s de citoyens des Palaos. Les difficult\u00e9s principales se pr\u00e9sentent \u00e0 l\u2019\u00e2ge adulte, les \u00e9trangers ne peuvent notamment pas acqu\u00e9rir la nationalit\u00e9 des Palaos, h\u00e9riter ou devenir propri\u00e9taires.<\/p>\n<p><strong>Justice des mineurs<\/strong><\/p>\n<p>Au Palaos, seuls 50% des enfants vivent avec leurs deux parents et 39% avec un seul des deux.<\/p>\n<p>Les enfants sont fr\u00e9quemment \u00e9lev\u00e9s par un membre de la famille autre que ses parents. Cette situation engendre des probl\u00e8mes de discipline scolaire ce qui conduit parfois \u00e0 des actes de d\u00e9linquance. Dans ce dernier cas, tous les efforts sont faits pour r\u00e9gler les diff\u00e9rends des enfants dans le respect de la loi mais hors des tribunaux.<\/p>\n<p>La majorit\u00e9 des cas sont trait\u00e9s entre la famille, les amis et les officiers de police. Pour les cas de transgressions moins s\u00e9rieuses, autres que criminelles, le Minist\u00e8re de la <a href=\"https:\/\/www.humanium.org\/fr\/justice\/\" target=\"_blank\" rel=\"noopener noreferrer\">Justice<\/a> a pr\u00e9vu une alternative en trois \u00e9tapes: les excuses, la restitution et les travaux d\u2019int\u00e9r\u00eat g\u00e9n\u00e9ral. On propose souvent de confronter l\u2019enfant qui a commis l\u2019infraction et sa victime. Si les deux parties acceptent, l\u2019enfant reconna\u00eet sa part de responsabilit\u00e9 et la victime lui explique les cons\u00e9quences entra\u00een\u00e9es par ses actes. Ensuite, ils se mettent d\u2019accord sur le mode de r\u00e9paration: restitution s\u2019il y \u00e0 lieu ou travail d\u2019int\u00e9r\u00eat g\u00e9n\u00e9ral.<\/p>\n","protected":false},"excerpt":{"rendered":"<p>Enfants du Palaos Concr\u00e9tiser les droits de l&rsquo;enfant au Palaos \u00a0\u00a0 La R\u00e9publique des Palaos est un archipel qui se situe dans l\u2019Oc\u00e9anie, \u00e0 proximit\u00e9 des Philippines et de l\u2019Indon\u00e9sie. Il se caract\u00e9rise par un des niveaux de vie les plus \u00e9lev\u00e9s de cette zone de Micron\u00e9sie. Si le Palaos a r\u00e9ussi \u00e0 am\u00e9liorer la [&hellip;]<\/p>\n","protected":false},"author":65,"featured_media":0,"parent":0,"menu_order":0,"comment_status":"closed","ping_status":"closed","template":"","meta":{"footnotes":""},"class_list":["post-22319","page","type-page","status-publish","hentry"],"yoast_head":"<!-- This site is optimized with the Yoast SEO plugin v28.3 - https:\/\/yoast.com\/product\/yoast-seo-wordpress\/ -->\n<title>Enfant du Palaos - Humanium<\/title>\n<meta name=\"description\" content=\"Palaos a r\u00e9ussi \u00e0 am\u00e9liorer l\u2019\u00e9ducation, les services de sant\u00e9 et la gestion de son syst\u00e8me de justice des mineurs. Mais il reste des progr\u00e8s \u00e0 faire.\" \/>\n<meta name=\"robots\" content=\"index, follow, max-snippet:-1, max-image-preview:large, max-video-preview:-1\" \/>\n<link rel=\"canonical\" href=\"https:\/\/www.humanium.org\/fr\/palaos\/\" \/>\n<meta property=\"og:locale\" content=\"fr_FR\" \/>\n<meta property=\"og:type\" content=\"article\" \/>\n<meta property=\"og:title\" content=\"Enfant du Palaos - Humanium\" \/>\n<meta property=\"og:description\" content=\"Palaos a r\u00e9ussi \u00e0 am\u00e9liorer l\u2019\u00e9ducation, les services de sant\u00e9 et la gestion de son syst\u00e8me de justice des mineurs. Mais il reste des progr\u00e8s \u00e0 faire.\" \/>\n<meta property=\"og:url\" content=\"https:\/\/www.humanium.org\/fr\/palaos\/\" \/>\n<meta property=\"og:site_name\" content=\"Humanium\" \/>\n<meta property=\"article:modified_time\" content=\"2025-12-05T13:28:39+00:00\" \/>\n<meta name=\"twitter:card\" content=\"summary_large_image\" \/>\n<meta name=\"twitter:label1\" content=\"Dur\u00e9e de lecture estim\u00e9e\" \/>\n\t<meta name=\"twitter:data1\" content=\"5 minutes\" \/>\n<script type=\"application\/ld+json\" class=\"yoast-schema-graph\">{\"@context\":\"https:\\\/\\\/schema.org\",\"@graph\":[{\"@type\":\"WebPage\",\"@id\":\"https:\\\/\\\/www.humanium.org\\\/fr\\\/palaos\\\/\",\"url\":\"https:\\\/\\\/www.humanium.org\\\/fr\\\/palaos\\\/\",\"name\":\"Enfant du Palaos - Humanium\",\"isPartOf\":{\"@id\":\"https:\\\/\\\/www.humanium.org\\\/fr\\\/#website\"},\"primaryImageOfPage\":{\"@id\":\"https:\\\/\\\/www.humanium.org\\\/fr\\\/palaos\\\/#primaryimage\"},\"image\":{\"@id\":\"https:\\\/\\\/www.humanium.org\\\/fr\\\/palaos\\\/#primaryimage\"},\"thumbnailUrl\":\"https:\\\/\\\/www.humanium.org\\\/fr\\\/wp-content\\\/uploads\\\/2013\\\/04\\\/PACOM-Flickr.com_.jpg\",\"datePublished\":\"2013-04-10T08:03:50+00:00\",\"dateModified\":\"2025-12-05T13:28:39+00:00\",\"description\":\"Palaos a r\u00e9ussi \u00e0 am\u00e9liorer l\u2019\u00e9ducation, les services de sant\u00e9 et la gestion de son syst\u00e8me de justice des mineurs. Mais il reste des progr\u00e8s \u00e0 faire.\",\"breadcrumb\":{\"@id\":\"https:\\\/\\\/www.humanium.org\\\/fr\\\/palaos\\\/#breadcrumb\"},\"inLanguage\":\"fr-FR\",\"potentialAction\":[{\"@type\":\"ReadAction\",\"target\":[\"https:\\\/\\\/www.humanium.org\\\/fr\\\/palaos\\\/\"]}]},{\"@type\":\"ImageObject\",\"inLanguage\":\"fr-FR\",\"@id\":\"https:\\\/\\\/www.humanium.org\\\/fr\\\/palaos\\\/#primaryimage\",\"url\":\"https:\\\/\\\/www.humanium.org\\\/fr\\\/wp-content\\\/uploads\\\/2013\\\/04\\\/PACOM-Flickr.com_.jpg\",\"contentUrl\":\"https:\\\/\\\/www.humanium.org\\\/fr\\\/wp-content\\\/uploads\\\/2013\\\/04\\\/PACOM-Flickr.com_.jpg\"},{\"@type\":\"BreadcrumbList\",\"@id\":\"https:\\\/\\\/www.humanium.org\\\/fr\\\/palaos\\\/#breadcrumb\",\"itemListElement\":[{\"@type\":\"ListItem\",\"position\":1,\"name\":\"Home\",\"item\":\"https:\\\/\\\/www.humanium.org\\\/fr\\\/\"},{\"@type\":\"ListItem\",\"position\":2,\"name\":\"Enfant du Palaos\"}]},{\"@type\":\"WebSite\",\"@id\":\"https:\\\/\\\/www.humanium.org\\\/fr\\\/#website\",\"url\":\"https:\\\/\\\/www.humanium.org\\\/fr\\\/\",\"name\":\"Humanium\",\"description\":\"Les enfants d\u2019abord !\",\"potentialAction\":[{\"@type\":\"SearchAction\",\"target\":{\"@type\":\"EntryPoint\",\"urlTemplate\":\"https:\\\/\\\/www.humanium.org\\\/fr\\\/?s={search_term_string}\"},\"query-input\":{\"@type\":\"PropertyValueSpecification\",\"valueRequired\":true,\"valueName\":\"search_term_string\"}}],\"inLanguage\":\"fr-FR\"}]}<\/script>\n<!-- \/ Yoast SEO plugin. -->","yoast_head_json":{"title":"Enfant du Palaos - Humanium","description":"Palaos a r\u00e9ussi \u00e0 am\u00e9liorer l\u2019\u00e9ducation, les services de sant\u00e9 et la gestion de son syst\u00e8me de justice des mineurs. Mais il reste des progr\u00e8s \u00e0 faire.","robots":{"index":"index","follow":"follow","max-snippet":"max-snippet:-1","max-image-preview":"max-image-preview:large","max-video-preview":"max-video-preview:-1"},"canonical":"https:\/\/www.humanium.org\/fr\/palaos\/","og_locale":"fr_FR","og_type":"article","og_title":"Enfant du Palaos - Humanium","og_description":"Palaos a r\u00e9ussi \u00e0 am\u00e9liorer l\u2019\u00e9ducation, les services de sant\u00e9 et la gestion de son syst\u00e8me de justice des mineurs. Mais il reste des progr\u00e8s \u00e0 faire.","og_url":"https:\/\/www.humanium.org\/fr\/palaos\/","og_site_name":"Humanium","article_modified_time":"2025-12-05T13:28:39+00:00","twitter_card":"summary_large_image","twitter_misc":{"Dur\u00e9e de lecture estim\u00e9e":"5 minutes"},"schema":{"@context":"https:\/\/schema.org","@graph":[{"@type":"WebPage","@id":"https:\/\/www.humanium.org\/fr\/palaos\/","url":"https:\/\/www.humanium.org\/fr\/palaos\/","name":"Enfant du Palaos - Humanium","isPartOf":{"@id":"https:\/\/www.humanium.org\/fr\/#website"},"primaryImageOfPage":{"@id":"https:\/\/www.humanium.org\/fr\/palaos\/#primaryimage"},"image":{"@id":"https:\/\/www.humanium.org\/fr\/palaos\/#primaryimage"},"thumbnailUrl":"https:\/\/www.humanium.org\/fr\/wp-content\/uploads\/2013\/04\/PACOM-Flickr.com_.jpg","datePublished":"2013-04-10T08:03:50+00:00","dateModified":"2025-12-05T13:28:39+00:00","description":"Palaos a r\u00e9ussi \u00e0 am\u00e9liorer l\u2019\u00e9ducation, les services de sant\u00e9 et la gestion de son syst\u00e8me de justice des mineurs. Mais il reste des progr\u00e8s \u00e0 faire.","breadcrumb":{"@id":"https:\/\/www.humanium.org\/fr\/palaos\/#breadcrumb"},"inLanguage":"fr-FR","potentialAction":[{"@type":"ReadAction","target":["https:\/\/www.humanium.org\/fr\/palaos\/"]}]},{"@type":"ImageObject","inLanguage":"fr-FR","@id":"https:\/\/www.humanium.org\/fr\/palaos\/#primaryimage","url":"https:\/\/www.humanium.org\/fr\/wp-content\/uploads\/2013\/04\/PACOM-Flickr.com_.jpg","contentUrl":"https:\/\/www.humanium.org\/fr\/wp-content\/uploads\/2013\/04\/PACOM-Flickr.com_.jpg"},{"@type":"BreadcrumbList","@id":"https:\/\/www.humanium.org\/fr\/palaos\/#breadcrumb","itemListElement":[{"@type":"ListItem","position":1,"name":"Home","item":"https:\/\/www.humanium.org\/fr\/"},{"@type":"ListItem","position":2,"name":"Enfant du Palaos"}]},{"@type":"WebSite","@id":"https:\/\/www.humanium.org\/fr\/#website","url":"https:\/\/www.humanium.org\/fr\/","name":"Humanium","description":"Les enfants d\u2019abord !","potentialAction":[{"@type":"SearchAction","target":{"@type":"EntryPoint","urlTemplate":"https:\/\/www.humanium.org\/fr\/?s={search_term_string}"},"query-input":{"@type":"PropertyValueSpecification","valueRequired":true,"valueName":"search_term_string"}}],"inLanguage":"fr-FR"}]}},"_links":{"self":[{"href":"https:\/\/www.humanium.org\/fr\/wp-json\/wp\/v2\/pages\/22319","targetHints":{"allow":["GET"]}}],"collection":[{"href":"https:\/\/www.humanium.org\/fr\/wp-json\/wp\/v2\/pages"}],"about":[{"href":"https:\/\/www.humanium.org\/fr\/wp-json\/wp\/v2\/types\/page"}],"author":[{"embeddable":true,"href":"https:\/\/www.humanium.org\/fr\/wp-json\/wp\/v2\/users\/65"}],"replies":[{"embeddable":true,"href":"https:\/\/www.humanium.org\/fr\/wp-json\/wp\/v2\/comments?post=22319"}],"version-history":[{"count":11,"href":"https:\/\/www.humanium.org\/fr\/wp-json\/wp\/v2\/pages\/22319\/revisions"}],"predecessor-version":[{"id":59986,"href":"https:\/\/www.humanium.org\/fr\/wp-json\/wp\/v2\/pages\/22319\/revisions\/59986"}],"wp:attachment":[{"href":"https:\/\/www.humanium.org\/fr\/wp-json\/wp\/v2\/media?parent=22319"}],"curies":[{"name":"wp","href":"https:\/\/api.w.org\/{rel}","templated":true}]}}