{"id":22350,"date":"2013-04-08T07:32:04","date_gmt":"2013-04-08T07:32:04","guid":{"rendered":"http:\/\/www.humanium.org\/fr\/?page_id=22350"},"modified":"2025-12-10T02:43:30","modified_gmt":"2025-12-10T02:43:30","slug":"sao-tome-et-principe","status":"publish","type":"page","link":"https:\/\/www.humanium.org\/fr\/sao-tome-et-principe\/","title":{"rendered":"Enfants de Sao Tom\u00e9-et-Principe"},"content":{"rendered":"\n<h2 class=\"wp-block-heading\"><strong>La concr\u00e9tisation des Droits des Enfants \u00e0 Sao Tom\u00e9-et-Principe<\/strong><\/h2>\n\n\n\n<div class=\"wp-block-columns is-layout-flex wp-container-core-columns-is-layout-8f761849 wp-block-columns-is-layout-flex\">\n<div class=\"wp-block-column is-layout-flow wp-block-column-is-layout-flow\"><div class=\"wp-block-image is-style-rounded\">\n<figure class=\"aligncenter size-large\"><img loading=\"lazy\" decoding=\"async\" width=\"200\" height=\"200\" src=\"https:\/\/www.humanium.org\/fr\/wp-content\/uploads\/2021\/08\/shutterstock_1965992323-2.jpg\" alt=\"\" class=\"wp-image-50870\" srcset=\"https:\/\/www.humanium.org\/fr\/wp-content\/uploads\/2021\/08\/shutterstock_1965992323-2.jpg 200w, https:\/\/www.humanium.org\/fr\/wp-content\/uploads\/2021\/08\/shutterstock_1965992323-2-150x150.jpg 150w\" sizes=\"auto, (max-width: 200px) 100vw, 200px\" \/><\/figure>\n<\/div><\/div>\n\n\n\n<div class=\"wp-block-column is-layout-flow wp-block-column-is-layout-flow\"><div class=\"wp-block-image is-style-rounded\">\n<figure class=\"aligncenter size-large\"><img loading=\"lazy\" decoding=\"async\" width=\"200\" height=\"200\" src=\"https:\/\/www.humanium.org\/fr\/wp-content\/uploads\/2021\/08\/shutterstock_1743084914.jpg\" alt=\"\" class=\"wp-image-50871\" srcset=\"https:\/\/www.humanium.org\/fr\/wp-content\/uploads\/2021\/08\/shutterstock_1743084914.jpg 200w, https:\/\/www.humanium.org\/fr\/wp-content\/uploads\/2021\/08\/shutterstock_1743084914-150x150.jpg 150w\" sizes=\"auto, (max-width: 200px) 100vw, 200px\" \/><\/figure>\n<\/div><\/div>\n<\/div>\n\n\n\n<p class=\"wp-block-paragraph\"><strong>Alors que Sao Tom\u00e9-et-Principe a \u00e9t\u00e9 t\u00e9moin de nombreuses am\u00e9liorations en termes d\u2019acc\u00e8s \u00e0 une \u00e9ducation de qualit\u00e9 et aux services de sant\u00e9 pour les enfants, des questions telles que la <a href=\"https:\/\/www.humanium.org\/fr\/pauvrete\/\">pauvret\u00e9<\/a>, la famine et la <a href=\"https:\/\/www.humanium.org\/fr\/comprendre-droits-enfant\/droit-a-l-alimentation\/\">malnutrition<\/a>, ainsi qu\u2019un manque de ratifications des Protocoles facultatifs \u00e0 la <a href=\"https:\/\/www.humanium.org\/fr\/convention\/\">Convention des Droits de l\u2019Enfant<\/a> (CDE) pr\u00e9sentent toujours un risque \u00e9lev\u00e9 pour le bien-\u00eatre de sa population relativement jeune (environ 45% de la population a moins &nbsp;de 15 ans).<\/strong><\/p>\n\n\n\n<iframe src=\"https:\/\/www.google.com\/maps\/embed?pb=!1m18!1m12!1m3!1d1021267.8741224427!2d6.432996395248672!3d0.8986029096109974!2m3!1f0!2f0!3f0!3m2!1i1024!2i768!4f13.1!3m3!1m2!1s0x1070ecf90b9ad889%3A0x6251230c557630ea!2zU8OjbyBUb23DqSBhbmQgUHLDrW5jaXBl!5e0!3m2!1sen!2sin!4v1630138802100!5m2!1sen!2sin\" width=\"600\" height=\"450\" style=\"border:0;\" allowfullscreen=\"\" loading=\"lazy\"><\/iframe>\n\n\n\n<div class=\"wp-block-columns is-layout-flex wp-container-core-columns-is-layout-8f761849 wp-block-columns-is-layout-flex\">\n<div class=\"wp-block-column is-layout-flow wp-block-column-is-layout-flow\">\n<p class=\"wp-block-paragraph\"><strong>Population :<\/strong>&nbsp;215 056<br><strong>Pop. de 0 \u00e0 14 ans :&nbsp;<\/strong>42.15 %<\/p>\n<\/div>\n\n\n\n<div class=\"wp-block-column is-layout-flow wp-block-column-is-layout-flow\">\n<p class=\"wp-block-paragraph\"><strong>Esp\u00e9rance de vie :<\/strong>&nbsp;70.17 ans<br><strong>Mortalit\u00e9 des moins de 5 ans :<\/strong>&nbsp;29.8 \u2030<\/p>\n<\/div>\n<\/div>\n\n\n\n<h2 class=\"wp-block-heading\"><strong>Sao Tom\u00e9-et-Principe en un clin d\u2019\u0153il<\/strong><\/h2>\n\n\n\n<p class=\"wp-block-paragraph\">La R\u00e9publique d\u00e9mocratique de S\u00e3o Tom\u00e9-et-Principe est un archipel subsaharien situ\u00e9 dans le golfe de Guin\u00e9e pr\u00e8s de l\u2019\u00e9quateur, \u00e0 environ 250 km \u00e0 l\u2019ouest du Gabon sur le continent africain.&nbsp;Sa capitale est S\u00e3o Tom\u00e9.&nbsp;L\u2019\u00eele partage ses fronti\u00e8res maritimes avec la <a href=\"https:\/\/www.humanium.org\/fr\/guinee-equatoriale\/\">Guin\u00e9e \u00e9quatoriale<\/a>, le <a href=\"https:\/\/www.humanium.org\/fr\/gabon\/\">Gabon<\/a> et le <a href=\"https:\/\/www.humanium.org\/fr\/nigeria\/\">Nigeria<\/a>.&nbsp;<\/p>\n\n\n\n<p class=\"wp-block-paragraph\">Compos\u00e9 de deux \u00eeles principales ainsi que de divers petits \u00eelots, S\u00e3o Tom\u00e9-et-Principe est le deuxi\u00e8me plus petit \u00c9tat souverain africain apr\u00e8s les <a href=\"https:\/\/www.humanium.org\/fr\/seychelles\/\">Seychelles<\/a>.&nbsp;La langue officielle de la R\u00e9publique d\u00e9mocratique est le portugais, tandis que plusieurs autres langues indig\u00e8nes sont parl\u00e9es dans le pays.<\/p>\n\n\n\n<p class=\"wp-block-paragraph\">L\u2019archipel a \u00e9t\u00e9 d\u00e9couvert et revendiqu\u00e9 par le <a href=\"https:\/\/www.humanium.org\/fr\/portugal\/\">Portugal<\/a> \u00e0 la fin du XVe si\u00e8cle.&nbsp;Jusqu\u2019\u00e0 l\u2019introduction du cacao et du caf\u00e9 au d\u00e9but du XIXe si\u00e8cle, l\u2019\u00e9conomie de S\u00e3o Tom\u00e9-et-Principe d\u00e9pendait du sucre.&nbsp;La p\u00e9riode de colonisation portugaise a \u00e9t\u00e9 caract\u00e9ris\u00e9e par une \u00e9conomie esclavagiste et des r\u00e9bellions qui ont souvent \u00e9t\u00e9 brutalement r\u00e9prim\u00e9es par les colonisateurs portugais.&nbsp;<\/p>\n\n\n\n<p class=\"wp-block-paragraph\">Bien que l\u2019esclavage ait \u00e9t\u00e9 officiellement aboli en 1876, les autorit\u00e9s portugaises l\u2019ont remplac\u00e9 par un r\u00e9gime de travail oppressif similaire, selon lequel le travail forc\u00e9 \u00e9tait tr\u00e8s faiblement r\u00e9mun\u00e9r\u00e9. Le 12&nbsp;juillet&nbsp;1975, la nation insulaire a obtenu son ind\u00e9pendance du Portugal. Pourtant, le niveau \u00e9lev\u00e9 d\u2019analphab\u00e9tisme et le manque de comp\u00e9tences professionnelles d\u00fb \u00e0 l\u2019exode portugais ont laiss\u00e9 le pays au bord de la crise \u00e9conomique.<\/p>\n\n\n\n<p class=\"wp-block-paragraph\">Selon l\u2019histoire r\u00e9cente du pays, l\u2019environnement politique a \u00e9t\u00e9 caract\u00e9ris\u00e9 par une instabilit\u00e9 continue, y compris plusieurs tentatives de coup d\u2019\u00c9tat infructueuses et non violentes.&nbsp;Les probl\u00e8mes sociaux et \u00e9conomiques du pays ont continu\u00e9 de persister au d\u00e9but du XXIe si\u00e8cle.&nbsp;Les b\u00e9n\u00e9fices tir\u00e9s des concessions p\u00e9troli\u00e8res, des recettes p\u00e9troli\u00e8res potentielles et de l\u2019all\u00e9gement de la dette au milieu des ann\u00e9es 2000 ont suscit\u00e9 un certain optimisme dans l\u2019\u00e9conomie de Sao Tom\u00e9-et-Principe, laquelle est largement tributaire de l\u2019aide ext\u00e9rieure.<\/p>\n\n\n\n<h2 class=\"wp-block-heading\"><strong>Situation des Droits de l\u2019Enfant <a href=\"#_ftn1\"><strong>[1]<\/strong><\/a><\/strong><\/h2>\n\n\n<div class=\"wp-block-image\">\n<figure class=\"alignleft size-large is-resized\"><img loading=\"lazy\" decoding=\"async\" width=\"1024\" height=\"485\" src=\"https:\/\/www.humanium.org\/fr\/wp-content\/uploads\/2021\/08\/shutterstock_1970484698-1024x485.jpg\" alt=\"\" class=\"wp-image-50873\" style=\"width:393px;height:186px\" srcset=\"https:\/\/www.humanium.org\/fr\/wp-content\/uploads\/2021\/08\/shutterstock_1970484698-1024x485.jpg 1024w, https:\/\/www.humanium.org\/fr\/wp-content\/uploads\/2021\/08\/shutterstock_1970484698-300x142.jpg 300w, https:\/\/www.humanium.org\/fr\/wp-content\/uploads\/2021\/08\/shutterstock_1970484698-768x363.jpg 768w, https:\/\/www.humanium.org\/fr\/wp-content\/uploads\/2021\/08\/shutterstock_1970484698-1536x727.jpg 1536w, https:\/\/www.humanium.org\/fr\/wp-content\/uploads\/2021\/08\/shutterstock_1970484698-2048x969.jpg 2048w, https:\/\/www.humanium.org\/fr\/wp-content\/uploads\/2021\/08\/shutterstock_1970484698-830x393.jpg 830w, https:\/\/www.humanium.org\/fr\/wp-content\/uploads\/2021\/08\/shutterstock_1970484698-230x109.jpg 230w, https:\/\/www.humanium.org\/fr\/wp-content\/uploads\/2021\/08\/shutterstock_1970484698-350x166.jpg 350w, https:\/\/www.humanium.org\/fr\/wp-content\/uploads\/2021\/08\/shutterstock_1970484698-480x227.jpg 480w\" sizes=\"auto, (max-width: 1024px) 100vw, 1024px\" \/><\/figure>\n<\/div>\n\n\n<p class=\"wp-block-paragraph\">S\u00e3o Tom\u00e9 et Principe est membre de la <a href=\"https:\/\/www.humanium.org\/fr\/convention\/\">Convention des Nations Unies des Droits de l\u2019Enfant<\/a> depuis 1991 et de la <a href=\"https:\/\/www.humanium.org\/fr\/autres\/charte-africaine-droits-bien-etre-enfant\/\">Charte Africaine sur les droits et le bien-\u00eatre de l\u2019enfant<\/a> depuis 2019. Toutefois, la R\u00e9publique d\u00e9mocratique n\u2019a pas encore ratifi\u00e9 le <a href=\"https:\/\/www.humanium.org\/fr\/normes\/protocole-facultatif-cide-enfants-dans-conflits-armes\/\">Protocole facultatif \u00e0 la Convention des Droits de l\u2019Enfant sur l\u2019implication d\u2019enfants dans les conflits arm\u00e9s<\/a>, le <a href=\"https:\/\/www.humanium.org\/fr\/normes\/protocole-facultatif-cide-vente-prostitution-pornographie-enfants\/\">Protocole facultatif \u00e0 la Convention relative aux droits de l\u2019enfant sur la vente d\u2019enfants de prostitution et de pornographie juv\u00e9nile<\/a>, ni le <a href=\"https:\/\/www.humanium.org\/fr\/convention\/protocole-3\/\">Protocole facultatif \u00e0 la Convention des Droits de l\u2019Enfant sur une proc\u00e9dure de communication<\/a>.<\/p>\n\n\n\n<p class=\"wp-block-paragraph\">Depuis le d\u00e9but du Programme Cycle (2017-2021), le gouvernement de S\u00e3o Tom\u00e9-et-Principe a atteint d\u2019importants jalons l\u00e9gislatifs et politiques en adoptant une politique de droit de la famille et de protection de l\u2019enfance, une politique nationale de protection sociale et une politique d\u2019assainissement.<\/p>\n\n\n\n<h2 class=\"wp-block-heading\"><strong>R\u00e9pondre aux besoins des enfants<\/strong><\/h2>\n\n\n\n<h3 class=\"wp-block-heading\"><a href=\"https:\/\/www.humanium.org\/fr\/comprendre-droits-enfant\/droit-a-l-education\/\"><strong>Droit \u00e0 l\u2019\u00e9ducation<\/strong><\/a><strong><\/strong><\/h3>\n\n\n\n<p class=\"wp-block-paragraph\">La R\u00e9publique d\u00e9mocratique de S\u00e3o Tom\u00e9-et-Principe a atteint l\u2019Objectif du Mill\u00e9naire pour le d\u00e9veloppement relatif \u00e0 l\u2019\u00e9ducation primaire universelle en atteignant un taux \u00e9lev\u00e9 de scolarisation aussi bien pour les filles que pour les gar\u00e7ons dans l\u2019enseignement primaire (Conseil des droits de l\u2019homme, janvier&nbsp;2021). Cependant, les enfants ayant des <a href=\"https:\/\/www.humanium.org\/fr\/enfants-handicapes\/\">besoins sp\u00e9ciaux<\/a>, en particulier ceux qui ont une incapacit\u00e9 physique ou des difficult\u00e9s auditives, sont souvent exclus du syst\u00e8me \u00e9ducatif \u00e0 S\u00e3o Tom\u00e9-et-Principe (Conseil des droits de l\u2019homme, 2021).<\/p>\n\n\n\n<p class=\"wp-block-paragraph\">Malgr\u00e9 un taux d\u2019inscription \u00e9lev\u00e9 et inclusif, la qualit\u00e9 faible de l\u2019\u00e9ducation \u00e0 tous les niveaux entra\u00eene des taux \u00e9lev\u00e9s de d\u00e9crochage et de redoublement, en particulier chez les filles.&nbsp;Le manque d\u2019enseignants ayant re\u00e7u un minimum de formation p\u00e9dagogique renforce le probl\u00e8me. Dans l\u2019enseignement pr\u00e9-primaire, on estime que seulement 28&nbsp;% des enseignants ont re\u00e7u une formation ad\u00e9quate, dans l\u2019enseignement primaire le taux est de 27&nbsp;%, et il est encore plus faible dans l\u2019enseignement secondaire, soit 20&nbsp;% (UNESCO, 2018).<\/p>\n\n\n\n<p class=\"wp-block-paragraph\">Pratiquement seuls les jeunes des capitales des districts ont acc\u00e8s \u00e0 l\u2019\u00e9ducation au niveau secondaire, ce qui prive une grande partie de la jeunesse de ce type d\u2019\u00e9ducation (Conseil des droits de l\u2019homme, janvier&nbsp;2021). La fr\u00e9quentation scolaire est estim\u00e9e \u00e0 94&nbsp;% dans l\u2019enseignement primaire, \u00e0 52&nbsp;% dans l\u2019enseignement secondaire inf\u00e9rieur, et \u00e0 20&nbsp;% dans l\u2019enseignement sup\u00e9rieur (UNICEF, s.d.).<\/p>\n\n\n<div class=\"wp-block-image\">\n<figure class=\"alignright size-large is-resized\"><img loading=\"lazy\" decoding=\"async\" width=\"1024\" height=\"685\" src=\"https:\/\/www.humanium.org\/fr\/wp-content\/uploads\/2021\/08\/shutterstock_764504467-1024x685.jpg\" alt=\"\" class=\"wp-image-50874\" style=\"width:345px;height:230px\" srcset=\"https:\/\/www.humanium.org\/fr\/wp-content\/uploads\/2021\/08\/shutterstock_764504467-1024x685.jpg 1024w, https:\/\/www.humanium.org\/fr\/wp-content\/uploads\/2021\/08\/shutterstock_764504467-300x201.jpg 300w, https:\/\/www.humanium.org\/fr\/wp-content\/uploads\/2021\/08\/shutterstock_764504467-768x514.jpg 768w, https:\/\/www.humanium.org\/fr\/wp-content\/uploads\/2021\/08\/shutterstock_764504467-1536x1028.jpg 1536w, https:\/\/www.humanium.org\/fr\/wp-content\/uploads\/2021\/08\/shutterstock_764504467-2048x1371.jpg 2048w, https:\/\/www.humanium.org\/fr\/wp-content\/uploads\/2021\/08\/shutterstock_764504467-830x556.jpg 830w, https:\/\/www.humanium.org\/fr\/wp-content\/uploads\/2021\/08\/shutterstock_764504467-230x154.jpg 230w, https:\/\/www.humanium.org\/fr\/wp-content\/uploads\/2021\/08\/shutterstock_764504467-350x234.jpg 350w, https:\/\/www.humanium.org\/fr\/wp-content\/uploads\/2021\/08\/shutterstock_764504467-480x321.jpg 480w, https:\/\/www.humanium.org\/fr\/wp-content\/uploads\/2021\/08\/shutterstock_764504467-272x182.jpg 272w\" sizes=\"auto, (max-width: 1024px) 100vw, 1024px\" \/><\/figure>\n<\/div>\n\n\n<p class=\"wp-block-paragraph\">La dur\u00e9e de l\u2019enseignement gratuit et obligatoire ne r\u00e9pond pas aux recommandations formul\u00e9es dans le Cadre d\u2019action pour la mise en \u0153uvre de l\u2019Objectif de d\u00e9veloppement durable 4 (12 ans d\u2019enseignement primaire et secondaire gratuit, dont au moins 9 ans d\u2019enseignement obligatoire) l\u2019\u00e9ducation pr\u00e9-primaire n\u2019\u00e9tant ni obligatoire ni gratuite (Conseil des droits de l\u2019homme, janvier&nbsp;2021). La loi actuelle concernant le syst\u00e8me \u00e9ducatif no 2\/2003 (loi no 2\/2003-LBSE) ne pr\u00e9voit que six ann\u00e9es d\u2019enseignement gratuit (article 8 de la loi no 2\/2003-LBSE).<\/p>\n\n\n\n<p class=\"wp-block-paragraph\">Ces progr\u00e8s vers l\u2019atteinte d\u2019un taux d\u2019inscription \u00e9lev\u00e9 aussi bien pour les filles que pour les gar\u00e7ons, a conduit \u00e0 l\u2019un des taux d\u2019alphab\u00e9tisation des jeunes les plus \u00e9lev\u00e9s en Afrique avec plus de 97&nbsp;% (Base de donn\u00e9es de l\u2019UNICEF, 2018). Malgr\u00e9 le taux \u00e9lev\u00e9 d\u2019alphab\u00e9tisation des jeunes, ceux-ci restent touch\u00e9s par le sous-emploi, ce qui d\u00e9montre leur position pr\u00e9caire sur le march\u00e9 du travail, le manque de qualifications \u00e9tant une des causes du ch\u00f4mage des jeunes (Conseil des droits de l\u2019homme, 2021).<\/p>\n\n\n\n<h3 class=\"wp-block-heading\"><a href=\"https:\/\/www.humanium.org\/fr\/comprendre-droits-enfant\/droit-a-la-sante\/\"><strong>Droit \u00e0 la sant\u00e9<\/strong><\/a><strong><\/strong><\/h3>\n\n\n\n<p class=\"wp-block-paragraph\">La R\u00e9publique d\u00e9mocratique de S\u00e3o Tom\u00e9-et-Principe fait face \u00e0 d\u2019importants d\u00e9fis en mati\u00e8re de mortalit\u00e9 maternelle, n\u00e9onatale et infantile, toutes dues au manque d\u2019acc\u00e8s dans les centres de sant\u00e9 avant et pendant l\u2019accouchement, ainsi qu\u2019au faible niveau de qualit\u00e9 des soins, y compris le manque de m\u00e9dicaments et d\u2019\u00e9quipements essentiels dans les maternit\u00e9s.&nbsp;Malgr\u00e9 ces d\u00e9fis importants, S\u00e3o Tom\u00e9-et-Principe a atteint les Objectifs du Mill\u00e9naire pour le d\u00e9veloppement visant \u00e0 am\u00e9liorer la mortalit\u00e9 maternelle et infantile, et \u00e0 combattre le <a href=\"https:\/\/www.humanium.org\/fr\/enfant-et-sida\/\">VIH\/sida<\/a>, la tuberculose et le paludisme.<\/p>\n\n\n\n<p class=\"wp-block-paragraph\">Il reste cependant trois questions pr\u00e9occupantes concernant la sant\u00e9: le <a href=\"https:\/\/www.humanium.org\/fr\/enfant-et-sida\/\">VIH\/sida<\/a>, la tuberculose (TB) et le paludisme (PNUD, s.d.). Un d\u00e9but de programme de lutte contre le paludisme a mis en place la distribution de moustiquaires de lit impr\u00e9gn\u00e9es d\u2019insecticide, la pulv\u00e9risation r\u00e9siduelle \u00e0 l\u2019int\u00e9rieur des locaux et les tests diagnostiques. Ceci ciblait la population g\u00e9n\u00e9rale, en particulier les femmes enceintes et les enfants de moins de 5 ans. <\/p>\n\n\n\n<p class=\"wp-block-paragraph\">En 2012-2016, la morbidit\u00e9 due au paludisme (incidence) est pass\u00e9 de 65,5 \u00e0 11,3 cas pour 1000 habitants, et la mortalit\u00e9 due \u00e0 la m\u00eame maladie est pass\u00e9e de 3,9 \u00e0 0,5 cas pour 100000 habitants. De vastes programmes ont am\u00e9lior\u00e9 les taux de d\u00e9tection et de traitement des enfants vivant avec la tuberculose et le <a href=\"https:\/\/www.humanium.org\/fr\/enfant-et-sida\/\">VIH<\/a>, ce qui a contribu\u00e9 \u00e0 une diminution des incidences et de la mortalit\u00e9 (PNUD, s.d.).<\/p>\n\n\n\n<p class=\"wp-block-paragraph\"><a href=\"https:\/\/www.humanium.org\/fr\/comprendre-droits-enfant\/droit-a-l-alimentation\/\">La faim et la malnutrition<\/a> demeurent l\u2019un des plus grands d\u00e9fis du pays.&nbsp;La faiblesse des secteurs de l\u2019agriculture, de la p\u00eache et de l\u2019\u00e9levage, aggrav\u00e9e par l\u2019impact des al\u00e9as naturels r\u00e9currents, emp\u00eache la production alimentaire nationale de r\u00e9pondre aux besoins de la population (Programme alimentaire mondial, 2021). Les enqu\u00eates indiquent que parmi les enfants \u00e2g\u00e9s de 6 \u00e0 59 mois, environ 6 sur 10 souffrent d\u2019an\u00e9mie, tout comme 4 enfants sur 5 \u00e2g\u00e9s de 6 \u00e0 23 mois.&nbsp;<\/p>\n\n\n\n<p class=\"wp-block-paragraph\">Pour lutter contre la malnutrition infantile, le gouvernement de S\u00e3o Tom\u00e9-et-Principe, en coop\u00e9ration avec le Programme alimentaire mondial (PAM), a \u00e9labor\u00e9 un programme de repas servis dans les \u00e9coles, \u00e0 la fois respectueux de l\u2019environnement, de la soci\u00e9t\u00e9, de l\u2019\u00e9galit\u00e9 entre les sexes et des petits exploitants. Ce dernier fait partie du plan strat\u00e9gique national du PAM (DSP 2019-2024) (Programme alimentaire mondial, 2020).<\/p>\n\n\n\n<p class=\"wp-block-paragraph\">De plus, le gouvernement a pris des mesures positives visant \u00e0 am\u00e9liorer la qualit\u00e9 de l\u2019eau, l\u2019assainissement et les conditions d\u2019hygi\u00e8ne.&nbsp;Bien que <a href=\"https:\/\/www.humanium.org\/fr\/comprendre-droits-enfant\/droit-a-l-eau\/\">l\u2019acc\u00e8s \u00e0 l\u2019eau potable<\/a> se soit grandement am\u00e9lior\u00e9 dans le pays, conduisant \u00e0 un meilleur acc\u00e8s \u00e0 l\u2019eau pour 97&nbsp;% de la population, des diff\u00e9rences subsistent au niveau de la qualit\u00e9 de l\u2019eau, en fonction de la distance et de la source en eau.&nbsp; Reste un autre probl\u00e8me, celui de la d\u00e9f\u00e9cation dans la nature, dont le taux est l\u2019un des plus \u00e9lev\u00e9s en Afrique.&nbsp;On estime que plus de 50&nbsp;% de la population d\u00e9f\u00e8que en plein air (UNICEF, s.d.).<\/p>\n\n\n\n<h3 class=\"wp-block-heading\"><a href=\"https:\/\/www.humanium.org\/fr\/comprendre-droits-enfant\/droit-a-l-identite\/\"><strong>Droit \u00e0 l\u2019identit\u00e9<\/strong><\/a><strong><\/strong><\/h3>\n\n\n\n<p class=\"wp-block-paragraph\">Le droit \u00e0 l\u2019identit\u00e9 est bien prot\u00e9g\u00e9 \u00e0 S\u00e3o Tom\u00e9-et-Principe.&nbsp;La citoyennet\u00e9 est r\u00e9gie par la Lei da Nacionalidade de 1990 et la Constitution de 2003, qui permet \u00e0 toute personne n\u00e9e \u00e0 S\u00e3o Tom\u00e9-et-Principe d\u2019acqu\u00e9rir la citoyennet\u00e9, et aux hommes et femmes de transmettre leur nationalit\u00e9 \u00e0 leurs enfants.&nbsp;Pour la plupart des personnes n\u00e9es en dehors du pays, la nationalit\u00e9 n\u2019est pas automatiquement acquise par les parents, mais d\u00e9pend d\u2019une d\u00e9claration selon laquelle l\u2019enfant souhaite acqu\u00e9rir la nationalit\u00e9 (article 5 lei 6\/90 da Nacionalidade).<\/p>\n\n\n\n<p class=\"wp-block-paragraph\">Les services d\u2019enregistrement des naissances sont int\u00e9gr\u00e9s aux services de sant\u00e9 et sont offerts gratuitement jusqu\u2019\u00e0 un an (avant 2017, l\u2019enregistrement n\u2019\u00e9tait gratuit que le premier mois suivant la naissance).&nbsp;Le taux d\u2019enregistrement des naissances \u00e0 S\u00e3o Tom\u00e9-et-Principe est tr\u00e8s \u00e9lev\u00e9, avec environ 95% des enfants de moins de 5 ans enregistr\u00e9s \u00e0 la naissance.&nbsp;La politique r\u00e9cemment modifi\u00e9e vise \u00e0 atteindre les 5&nbsp;% d\u2019enfants de moins de 5 ans qui ne sont pas encore <a href=\"https:\/\/www.humanium.org\/fr\/enfants-sans-identite\/\">inscrits<\/a> (UNICEF, 2017).<\/p>\n\n\n\n<h2 class=\"wp-block-heading\"><strong>Facteurs de risque <strong>\u2192<\/strong> D\u00e9fis sp\u00e9cifiques au pays<\/strong><\/h2>\n\n\n\n<h3 class=\"wp-block-heading\"><a href=\"https:\/\/www.humanium.org\/fr\/pauvrete\/\"><strong>Pauvret\u00e9<\/strong><\/a><strong><\/strong><\/h3>\n\n\n\n<p class=\"wp-block-paragraph\">Class\u00e9e deuxi\u00e8me \u00e9conomie en importance en Afrique, S\u00e3o Tom\u00e9-et-Principe fait face \u00e0 des d\u00e9fis importants en raison de son insularit\u00e9, de son \u00e9loignement \u2013 qui se traduit par des co\u00fbts d\u2019exportation \u00e9lev\u00e9s \u2013 et de son paysage irr\u00e9gulier (Programme alimentaire mondial, 2021).<\/p>\n\n\n<div class=\"wp-block-image\">\n<figure class=\"alignleft size-large is-resized\"><img loading=\"lazy\" decoding=\"async\" width=\"1024\" height=\"682\" src=\"https:\/\/www.humanium.org\/fr\/wp-content\/uploads\/2021\/08\/shutterstock_1987759436-1024x682.jpg\" alt=\"\" class=\"wp-image-50875\" style=\"width:370px;height:246px\" srcset=\"https:\/\/www.humanium.org\/fr\/wp-content\/uploads\/2021\/08\/shutterstock_1987759436-1024x682.jpg 1024w, https:\/\/www.humanium.org\/fr\/wp-content\/uploads\/2021\/08\/shutterstock_1987759436-300x200.jpg 300w, https:\/\/www.humanium.org\/fr\/wp-content\/uploads\/2021\/08\/shutterstock_1987759436-768x511.jpg 768w, https:\/\/www.humanium.org\/fr\/wp-content\/uploads\/2021\/08\/shutterstock_1987759436-1536x1023.jpg 1536w, https:\/\/www.humanium.org\/fr\/wp-content\/uploads\/2021\/08\/shutterstock_1987759436-2048x1364.jpg 2048w, https:\/\/www.humanium.org\/fr\/wp-content\/uploads\/2021\/08\/shutterstock_1987759436-830x553.jpg 830w, https:\/\/www.humanium.org\/fr\/wp-content\/uploads\/2021\/08\/shutterstock_1987759436-230x153.jpg 230w, https:\/\/www.humanium.org\/fr\/wp-content\/uploads\/2021\/08\/shutterstock_1987759436-350x233.jpg 350w, https:\/\/www.humanium.org\/fr\/wp-content\/uploads\/2021\/08\/shutterstock_1987759436-480x320.jpg 480w, https:\/\/www.humanium.org\/fr\/wp-content\/uploads\/2021\/08\/shutterstock_1987759436-272x182.jpg 272w\" sizes=\"auto, (max-width: 1024px) 100vw, 1024px\" \/><\/figure>\n<\/div>\n\n\n<p class=\"wp-block-paragraph\">Alors que S\u00e3o Tom\u00e9-et-Principe avait obtenu des r\u00e9sultats sup\u00e9rieurs \u00e0 la moyenne de l\u2019Afrique subsaharienne sur l\u2019indice de d\u00e9veloppement humain du Programme des Nations Unies pour le d\u00e9veloppement (Indice de d\u00e9veloppement humain&nbsp;: 0,625, rang 135), la <a href=\"https:\/\/www.humanium.org\/fr\/enfants-pauvres\/\">pauvret\u00e9 extr\u00eame<\/a> et la faim demeurent des d\u00e9fis importants pour le pays (Conseil des Droits de l\u2019Homme, 2021). Un tiers de la population vit avec moins de 1,90&nbsp;$ par jour (seuil de pauvret\u00e9 international) et plus des deux tiers de la population avec moins de 3,20&nbsp;$ par jour (seuil de pauvret\u00e9 de la Banque mondiale).&nbsp;Les zones urbaines et les districts du sud ont des niveaux encore plus \u00e9lev\u00e9s de pauvret\u00e9 (Conseil des Droits de l\u2019Homme, 2021).<\/p>\n\n\n\n<h3 class=\"wp-block-heading\"><a href=\"https:\/\/www.humanium.org\/fr\/travail-des-enfants\/\"><strong>Le travail des enfants<\/strong><\/a><strong><\/strong><\/h3>\n\n\n\n<p class=\"wp-block-paragraph\">La loi interdit l\u2019ensemble des pires formes de <a href=\"https:\/\/www.humanium.org\/fr\/travail-des-enfants\/\">travail des enfants<\/a>.&nbsp;Elle prot\u00e8ge les enfants contre l\u2019exploitation dans le secteur du travail officiel.&nbsp;Alors que l\u2019\u00e2ge minimum pour travailler \u00e0 temps plein est de 18 ans et l\u2019\u00e2ge minimum pour un travail non dangereux est de 14 ans, les mineurs \u00e2g\u00e9s de 15 \u00e0 17 ans peuvent l\u00e9galement travailler jusqu\u2019\u00e0 40 heures par semaine, \u00e0 condition que les employeurs leur permettent de fr\u00e9quenter l\u2019\u00e9cole (D\u00e9partement d\u2019\u00c9tat, 2018).<\/p>\n\n\n\n<p class=\"wp-block-paragraph\">Malgr\u00e9 cela, le <a href=\"https:\/\/www.humanium.org\/fr\/travail-des-enfants\/\">travail des enfants<\/a> reste tr\u00e8s r\u00e9pandu \u00e0 S\u00e3o Tom\u00e9-et-Principe.&nbsp;Plus de 20&nbsp;% des enfants ont d\u00e9clar\u00e9 travailler dans des situations qui violent les normes internationales du travail (Conseil \u00e9conomique et social des Nations Unies, 2016). Les enfants travaillent g\u00e9n\u00e9ralement dans l\u2019agriculture, les plantations et la p\u00eache artisanale ainsi que dans des branches de l\u2019\u00e9conomie non officielle, tel que le travail de rue, et ce d\u00e8s &nbsp;un tr\u00e8s jeune \u00e2ge (Conseil des Droits de l\u2019Homme, 2021). Il est \u00e9galement fr\u00e9quent que les enfants exercent des activit\u00e9s agricoles et domestiques (D\u00e9partement d\u2019\u00c9tat, 2018).<\/p>\n\n\n\n<h3 class=\"wp-block-heading\"><a href=\"https:\/\/www.humanium.org\/fr\/la-maltraitance-des-enfants\/\"><strong>La violence envers les enfants<\/strong><\/a><strong><\/strong><\/h3>\n\n\n\n<p class=\"wp-block-paragraph\">Le ch\u00e2timent corporel est l\u00e9gal \u00e0 la maison.&nbsp;L\u2019article 86 du droit de la famille no 2\/77 confirme le droit des parents de punir les enfants \u00ab&nbsp;de fa\u00e7on appropri\u00e9e et mod\u00e9r\u00e9e&nbsp;\u00bb.&nbsp;D\u2019autres lois, comme la Loi de 2008 sur la violence conjugale, la Constitution de 2003 et le Code p\u00e9nal de 2012, punissent la cruaut\u00e9 et certaines formes de violence et d\u2019abus envers les enfants, mais n\u2019interdisent pas explicitement tous les ch\u00e2timents corporels \u00e0 la maison. (Initiative Mondiale pour Mettre Fin aux <a href=\"https:\/\/www.humanium.org\/fr\/droit-a-la-protection\/\">ch\u00e2timents corporels<\/a> inflig\u00e9s aux enfants, 2021).<\/p>\n\n\n\n<p class=\"wp-block-paragraph\">Bien que le gouvernement ait fait certains efforts pour r\u00e9former la loi afin d\u2019interdire la violence contre les enfants, les recommandations formul\u00e9es dans l\u2019Examen p\u00e9riodique universel et par le Comit\u00e9 des droits de l\u2019enfant visant \u00e0 interdire les ch\u00e2timents corporels dans tous les milieux, y compris au foyer, dans les \u00e9coles et dans d\u2019autres structures de garde d\u2019enfants, n\u2019ont pas \u00e9t\u00e9 suffisamment prises en compte (Initiative Mondiale pour Mettre Fin aux <a href=\"https:\/\/www.humanium.org\/fr\/droit-a-la-protection\/\">ch\u00e2timents corporels<\/a> inflig\u00e9s aux enfants, 2021).<\/p>\n\n\n\n<h3 class=\"wp-block-heading\"><a href=\"https:\/\/www.humanium.org\/fr\/droits-des-filles\/\"><strong>St\u00e9r\u00e9otypes sexuels<\/strong><\/a><strong><\/strong><\/h3>\n\n\n\n<p class=\"wp-block-paragraph\">Les st\u00e9r\u00e9otypes de nature sexiste, la <a href=\"https:\/\/www.humanium.org\/fr\/droit-non-discrimination\/\">discrimination<\/a> et la pratique de &nbsp;partenaires multiples entra\u00eenent l\u2019absence de responsabilit\u00e9 sociale et \u00e9conomique de la part des hommes. De plus, l\u2019habitude et le recours aux <a href=\"https:\/\/www.humanium.org\/fr\/droit-a-la-protection\/\">ch\u00e2timents corporels<\/a> de la part des aidants entra\u00eene des taux \u00e9lev\u00e9s et une normalisation de la violence familiale, en particulier dans les r\u00e9gions rurales (Conseil des Droits de l\u2019Homme, 2021).<\/p>\n\n\n\n<p class=\"wp-block-paragraph\">ONU-Femmes a exprim\u00e9 ses pr\u00e9occupations au sujet des taux \u00e9lev\u00e9s de natalit\u00e9 parmi les adolescentes ainsi que sur la question des <a href=\"https:\/\/www.humanium.org\/fr\/exploitation-sexuelle-enfants\/\">violences sexuelles<\/a> et physiques fond\u00e9es sur le genre, lesquelles sont souvent le r\u00e9sultat de st\u00e9r\u00e9otypes sexistes bien ancr\u00e9s.&nbsp;Bien qu\u2019il reste beaucoup de travail \u00e0 faire pour s\u2019\u00e9loigner des st\u00e9r\u00e9otypes sexistes et atteindre <a href=\"https:\/\/www.humanium.org\/fr\/droits-des-filles\/\">l\u2019\u00e9galit\u00e9 des sexes<\/a>, le nouveau droit de la famille a franchi une \u00e9tape importante en \u00e9tablissant un \u00e2ge minimum de 18 ans pour le <a href=\"https:\/\/www.humanium.org\/fr\/mariage-enfants\/\">mariage<\/a> (Conseil des Droits de l\u2019Homme, 2021).<\/p>\n\n\n\n<p class=\"wp-block-paragraph\"><em><strong>\u00c9crit par Alexander Weihrauch<\/strong><\/em><\/p>\n\n\n\n<p class=\"wp-block-paragraph\"><em><strong>Traduit par Mariam Hussein<\/strong><\/em><\/p>\n\n\n\n<p class=\"wp-block-paragraph\"><em><strong>Relu par Sophie Narayan<\/strong><\/em><\/p>\n\n\n\n<p class=\"wp-block-paragraph\"><em><strong>Derni\u00e8re mise \u00e0 jour le 26&nbsp;avril&nbsp;2021<\/strong><\/em><\/p>\n\n\n\n<h4 class=\"wp-block-heading\"><strong>Bibliographie :<\/strong><\/h4>\n\n\n\n<p class=\"has-small-font-size wp-block-paragraph\">ACERWC (March 2021), Ratifications table. <\/p>\n\n\n\n<p class=\"has-small-font-size wp-block-paragraph\">Britannica (March 2021), Sao Tome and Principe. <\/p>\n\n\n\n<p class=\"has-small-font-size wp-block-paragraph\"><a href=\"https:\/\/endcorporalpunishment.org\/reports-on-every-state-and-territory\/sao-tome-and-principe\/.\" target=\"_blank\" rel=\"noreferrer noopener\">Global Initiative to End All Corporal Punishment of Children (February 2021), Corporal punishment of children in Sao Tome and Principe.<\/a> <\/p>\n\n\n\n<p class=\"has-small-font-size wp-block-paragraph\">Human Rights Council (January 2021), Compilation on Sao Tome and Principle &#8211; Report of the Office of the United Nations High Commissioner for Human Rights (Thirty-seventh session), A\/HRC\/WG.6\/37\/STP\/2.<\/p>\n\n\n\n<p class=\"has-small-font-size wp-block-paragraph\"><a href=\"https:\/\/www.ine.st\/\" target=\"_blank\" rel=\"noreferrer noopener\">Instituto Nacional de Estatistica &#8211; S\u00e3o Tom\u00e9 and Pr\u00edncipe (March 2021).<\/a> <\/p>\n\n\n\n<p class=\"has-small-font-size wp-block-paragraph\"><a href=\"http:\/\/www.ilo.org\/dyn\/natlex\/natlex4.detail?p_lang=en&amp;p_isn=95145&amp;p_country=STP&amp;p_count=51&amp;p_classification=09&amp;p_classcount=4.\" target=\"_blank\" rel=\"noreferrer noopener\">Lei n.\u00b0 2\/2003 de bases do sistema educativo &#8211; Act No. 2\/2003-LBSE (Educational System Act Law No. 2\/2003). <\/a><\/p>\n\n\n\n<p class=\"has-small-font-size wp-block-paragraph\">Lonely Planet (n.d.), History- Sao Tome and Principe.  <\/p>\n\n\n\n<p class=\"has-small-font-size wp-block-paragraph\"><a href=\"https:\/\/indicators.ohchr.org\/.\" target=\"_blank\" rel=\"noreferrer noopener\">Office of the High Commissioner for Human Rights (09 February 2021), Status of Ratification Interactive Dashboard &#8211; Convention on the Rights of the Child.<\/a>  <\/p>\n\n\n\n<p class=\"has-small-font-size wp-block-paragraph\"><a href=\"https:\/\/www.refworld.org\/docid\/4c5a8a3d0.html.\" target=\"_blank\" rel=\"noreferrer noopener\">S\u00e3o Tom\u00e9 e Pr\u00edncipe: Lei 6\/90 da Nacionalidade.<\/a>   <\/p>\n\n\n\n<p class=\"has-small-font-size wp-block-paragraph\">UNDP (n.d.), Capacity Development for Health \u2013 Sao Tome and Principe.    <\/p>\n\n\n\n<p class=\"has-small-font-size wp-block-paragraph\">UNESCO (August 2018), Country Profile Sao Tome and Principe \u2013 Sustainable Development Goal (SDG) 4.    <\/p>\n\n\n\n<p class=\"has-small-font-size wp-block-paragraph\">UNICEF (2017), Annual Report 2017 \u2013 Sao Tome and Principe.  <\/p>\n\n\n\n<p class=\"has-small-font-size wp-block-paragraph\"><a href=\"https:\/\/data.unicef.org\/resources\/data_explorer\/unicef_f\/?ag=UNICEF&amp;df=GLOBAL_DATAFLOW&amp;ver=1.0&amp;dq=STP.WS_PPS_S-OD.&amp;startPeriod=1970&amp;endPeriod=2021.\" target=\"_blank\" rel=\"noreferrer noopener\">UNICEF (n.d.), UNICEF Data Warehouse \u2013 Sao Tome and Principe. <\/a><a> <\/a><\/p>\n\n\n\n<p class=\"has-small-font-size wp-block-paragraph\"><a href=\"https:\/\/data.unicef.org\/resources\/data_explorer\/unicef_f\/?ag=UNICEF&amp;df=GLOBAL_DATAFLOW&amp;ver=1.0&amp;dq=STP.ED_15-24_LR.&amp;startPeriod=1970&amp;endPeriod=2021.\" target=\"_blank\" rel=\"noreferrer noopener\">UNICEF (n.d.), UNICEF Data Warehouse \u2013 Sao Tome and Principe.<\/a>   <\/p>\n\n\n\n<p class=\"has-small-font-size wp-block-paragraph\"><a href=\"https:\/\/www.google.com\/url?sa=t&amp;rct=j&amp;q=&amp;esrc=s&amp;source=web&amp;cd=&amp;cad=rja&amp;uact=8&amp;ved=2ahUKEwihi-f6-v_vAhWHgf0HHT5RCHIQFjAAegQIBRAD&amp;url=https%3A%2F%2Fundocs.org%2FE%2FICEF%2F2016%2FP%2FL.36&amp;usg=AOvVaw2vBo7k85ha73DGmoum9zhB\" target=\"_blank\" rel=\"noreferrer noopener\">United Nations Economic and Social Council (August 2016), Country programme document \u2013 Sao Tome and Principe, E\/ICEF\/2016\/P\/L.36.<\/a>   <\/p>\n\n\n\n<p class=\"has-small-font-size wp-block-paragraph\"><a href=\"https:\/\/www.state.gov\/reports\/2018-country-reports-on-human-rights-practices\/sao-tome-and-principe\/.\" target=\"_blank\" rel=\"noreferrer noopener\">United States Department of State (2018), Country Reports on Human Rights Practices for 2018, Bureau of Democracy, Human Rights and Labor.<\/a>  <\/p>\n\n\n\n<p class=\"has-small-font-size wp-block-paragraph\">World Food Programme (2021), Sao Tome and Principe.   <\/p>\n\n\n\n<p class=\"has-small-font-size wp-block-paragraph\">World Food Programme (August 2020), Sao Tome and Principe Country Strategic Plan (2019-2024).   <\/p>\n\n\n\n<hr class=\"wp-block-separator has-css-opacity\"\/>\n\n\n\n<p class=\"has-small-font-size wp-block-paragraph\"><a href=\"#_ftnref1\">[1]<\/a> Cet article ne pr\u00e9tend en aucun cas donner un compte rendu complet ou repr\u00e9sentatif des droits des enfants \u00e0 S\u00e3o Tom\u00e9-et-Principe ;&nbsp;en effet, l\u2019un des nombreux d\u00e9fis est le peu d\u2019informations mises \u00e0 jour sur les enfants de S\u00e3o Tom\u00e9-et-Principe, dont une grande partie n\u2019est pas fiable, non repr\u00e9sentative, d\u00e9su\u00e8te ou simplement inexistante.<\/p>\n","protected":false},"excerpt":{"rendered":"<p>La concr\u00e9tisation des Droits des Enfants \u00e0 Sao Tom\u00e9-et-Principe Alors que Sao Tom\u00e9-et-Principe a \u00e9t\u00e9 t\u00e9moin de nombreuses am\u00e9liorations en termes d\u2019acc\u00e8s \u00e0 une \u00e9ducation de qualit\u00e9 et aux services de sant\u00e9 pour les enfants, des questions telles que la pauvret\u00e9, la famine et la malnutrition, ainsi qu\u2019un manque de ratifications des Protocoles facultatifs \u00e0 [&hellip;]<\/p>\n","protected":false},"author":65,"featured_media":0,"parent":0,"menu_order":0,"comment_status":"closed","ping_status":"closed","template":"","meta":{"footnotes":""},"class_list":["post-22350","page","type-page","status-publish","hentry"],"yoast_head":"<!-- This site is optimized with the Yoast SEO plugin v28.3 - https:\/\/yoast.com\/product\/yoast-seo-wordpress\/ -->\n<title>Enfants de Sao Tom\u00e9-et-Principe - Humanium<\/title>\n<meta name=\"description\" content=\"\u00c0 S\u00e3o Tom\u00e9 et Pr\u00edncipe, la pauvret\u00e9, faim et l&#039;absence de ratification des protocoles facultatifs \u00e0 la CDE constituent toujours des risques.\" \/>\n<meta name=\"robots\" content=\"index, follow, max-snippet:-1, max-image-preview:large, max-video-preview:-1\" \/>\n<link rel=\"canonical\" href=\"https:\/\/www.humanium.org\/fr\/sao-tome-et-principe\/\" \/>\n<meta property=\"og:locale\" content=\"fr_FR\" \/>\n<meta property=\"og:type\" content=\"article\" \/>\n<meta property=\"og:title\" content=\"Enfants de Sao Tom\u00e9-et-Principe - Humanium\" \/>\n<meta property=\"og:description\" content=\"\u00c0 S\u00e3o Tom\u00e9 et Pr\u00edncipe, la pauvret\u00e9, faim et l&#039;absence de ratification des protocoles facultatifs \u00e0 la CDE constituent toujours des risques.\" \/>\n<meta property=\"og:url\" content=\"https:\/\/www.humanium.org\/fr\/sao-tome-et-principe\/\" \/>\n<meta property=\"og:site_name\" content=\"Humanium\" \/>\n<meta property=\"article:modified_time\" content=\"2025-12-10T02:43:30+00:00\" \/>\n<meta property=\"og:image\" content=\"https:\/\/www.humanium.org\/fr\/wp-content\/uploads\/2021\/08\/shutterstock_1965992323-2.jpg\" \/>\n\t<meta property=\"og:image:width\" content=\"200\" \/>\n\t<meta property=\"og:image:height\" content=\"200\" \/>\n\t<meta property=\"og:image:type\" content=\"image\/jpeg\" \/>\n<meta name=\"twitter:card\" content=\"summary_large_image\" \/>\n<meta name=\"twitter:label1\" content=\"Dur\u00e9e de lecture estim\u00e9e\" \/>\n\t<meta name=\"twitter:data1\" content=\"15 minutes\" \/>\n<script type=\"application\/ld+json\" class=\"yoast-schema-graph\">{\"@context\":\"https:\\\/\\\/schema.org\",\"@graph\":[{\"@type\":\"WebPage\",\"@id\":\"https:\\\/\\\/www.humanium.org\\\/fr\\\/sao-tome-et-principe\\\/\",\"url\":\"https:\\\/\\\/www.humanium.org\\\/fr\\\/sao-tome-et-principe\\\/\",\"name\":\"Enfants de Sao Tom\u00e9-et-Principe - Humanium\",\"isPartOf\":{\"@id\":\"https:\\\/\\\/www.humanium.org\\\/fr\\\/#website\"},\"primaryImageOfPage\":{\"@id\":\"https:\\\/\\\/www.humanium.org\\\/fr\\\/sao-tome-et-principe\\\/#primaryimage\"},\"image\":{\"@id\":\"https:\\\/\\\/www.humanium.org\\\/fr\\\/sao-tome-et-principe\\\/#primaryimage\"},\"thumbnailUrl\":\"https:\\\/\\\/www.humanium.org\\\/fr\\\/wp-content\\\/uploads\\\/2021\\\/08\\\/shutterstock_1965992323-2.jpg\",\"datePublished\":\"2013-04-08T07:32:04+00:00\",\"dateModified\":\"2025-12-10T02:43:30+00:00\",\"description\":\"\u00c0 S\u00e3o Tom\u00e9 et Pr\u00edncipe, la pauvret\u00e9, faim et l'absence de ratification des protocoles facultatifs \u00e0 la CDE constituent toujours des risques.\",\"breadcrumb\":{\"@id\":\"https:\\\/\\\/www.humanium.org\\\/fr\\\/sao-tome-et-principe\\\/#breadcrumb\"},\"inLanguage\":\"fr-FR\",\"potentialAction\":[{\"@type\":\"ReadAction\",\"target\":[\"https:\\\/\\\/www.humanium.org\\\/fr\\\/sao-tome-et-principe\\\/\"]}]},{\"@type\":\"ImageObject\",\"inLanguage\":\"fr-FR\",\"@id\":\"https:\\\/\\\/www.humanium.org\\\/fr\\\/sao-tome-et-principe\\\/#primaryimage\",\"url\":\"https:\\\/\\\/www.humanium.org\\\/fr\\\/wp-content\\\/uploads\\\/2021\\\/08\\\/shutterstock_1965992323-2.jpg\",\"contentUrl\":\"https:\\\/\\\/www.humanium.org\\\/fr\\\/wp-content\\\/uploads\\\/2021\\\/08\\\/shutterstock_1965992323-2.jpg\",\"width\":200,\"height\":200},{\"@type\":\"BreadcrumbList\",\"@id\":\"https:\\\/\\\/www.humanium.org\\\/fr\\\/sao-tome-et-principe\\\/#breadcrumb\",\"itemListElement\":[{\"@type\":\"ListItem\",\"position\":1,\"name\":\"Home\",\"item\":\"https:\\\/\\\/www.humanium.org\\\/fr\\\/\"},{\"@type\":\"ListItem\",\"position\":2,\"name\":\"Enfants de Sao Tom\u00e9-et-Principe\"}]},{\"@type\":\"WebSite\",\"@id\":\"https:\\\/\\\/www.humanium.org\\\/fr\\\/#website\",\"url\":\"https:\\\/\\\/www.humanium.org\\\/fr\\\/\",\"name\":\"Humanium\",\"description\":\"Les enfants d\u2019abord !\",\"potentialAction\":[{\"@type\":\"SearchAction\",\"target\":{\"@type\":\"EntryPoint\",\"urlTemplate\":\"https:\\\/\\\/www.humanium.org\\\/fr\\\/?s={search_term_string}\"},\"query-input\":{\"@type\":\"PropertyValueSpecification\",\"valueRequired\":true,\"valueName\":\"search_term_string\"}}],\"inLanguage\":\"fr-FR\"}]}<\/script>\n<!-- \/ Yoast SEO plugin. -->","yoast_head_json":{"title":"Enfants de Sao Tom\u00e9-et-Principe - Humanium","description":"\u00c0 S\u00e3o Tom\u00e9 et Pr\u00edncipe, la pauvret\u00e9, faim et l'absence de ratification des protocoles facultatifs \u00e0 la CDE constituent toujours des risques.","robots":{"index":"index","follow":"follow","max-snippet":"max-snippet:-1","max-image-preview":"max-image-preview:large","max-video-preview":"max-video-preview:-1"},"canonical":"https:\/\/www.humanium.org\/fr\/sao-tome-et-principe\/","og_locale":"fr_FR","og_type":"article","og_title":"Enfants de Sao Tom\u00e9-et-Principe - Humanium","og_description":"\u00c0 S\u00e3o Tom\u00e9 et Pr\u00edncipe, la pauvret\u00e9, faim et l'absence de ratification des protocoles facultatifs \u00e0 la CDE constituent toujours des risques.","og_url":"https:\/\/www.humanium.org\/fr\/sao-tome-et-principe\/","og_site_name":"Humanium","article_modified_time":"2025-12-10T02:43:30+00:00","og_image":[{"width":200,"height":200,"url":"https:\/\/www.humanium.org\/fr\/wp-content\/uploads\/2021\/08\/shutterstock_1965992323-2.jpg","type":"image\/jpeg"}],"twitter_card":"summary_large_image","twitter_misc":{"Dur\u00e9e de lecture estim\u00e9e":"15 minutes"},"schema":{"@context":"https:\/\/schema.org","@graph":[{"@type":"WebPage","@id":"https:\/\/www.humanium.org\/fr\/sao-tome-et-principe\/","url":"https:\/\/www.humanium.org\/fr\/sao-tome-et-principe\/","name":"Enfants de Sao Tom\u00e9-et-Principe - Humanium","isPartOf":{"@id":"https:\/\/www.humanium.org\/fr\/#website"},"primaryImageOfPage":{"@id":"https:\/\/www.humanium.org\/fr\/sao-tome-et-principe\/#primaryimage"},"image":{"@id":"https:\/\/www.humanium.org\/fr\/sao-tome-et-principe\/#primaryimage"},"thumbnailUrl":"https:\/\/www.humanium.org\/fr\/wp-content\/uploads\/2021\/08\/shutterstock_1965992323-2.jpg","datePublished":"2013-04-08T07:32:04+00:00","dateModified":"2025-12-10T02:43:30+00:00","description":"\u00c0 S\u00e3o Tom\u00e9 et Pr\u00edncipe, la pauvret\u00e9, faim et l'absence de ratification des protocoles facultatifs \u00e0 la CDE constituent toujours des risques.","breadcrumb":{"@id":"https:\/\/www.humanium.org\/fr\/sao-tome-et-principe\/#breadcrumb"},"inLanguage":"fr-FR","potentialAction":[{"@type":"ReadAction","target":["https:\/\/www.humanium.org\/fr\/sao-tome-et-principe\/"]}]},{"@type":"ImageObject","inLanguage":"fr-FR","@id":"https:\/\/www.humanium.org\/fr\/sao-tome-et-principe\/#primaryimage","url":"https:\/\/www.humanium.org\/fr\/wp-content\/uploads\/2021\/08\/shutterstock_1965992323-2.jpg","contentUrl":"https:\/\/www.humanium.org\/fr\/wp-content\/uploads\/2021\/08\/shutterstock_1965992323-2.jpg","width":200,"height":200},{"@type":"BreadcrumbList","@id":"https:\/\/www.humanium.org\/fr\/sao-tome-et-principe\/#breadcrumb","itemListElement":[{"@type":"ListItem","position":1,"name":"Home","item":"https:\/\/www.humanium.org\/fr\/"},{"@type":"ListItem","position":2,"name":"Enfants de Sao Tom\u00e9-et-Principe"}]},{"@type":"WebSite","@id":"https:\/\/www.humanium.org\/fr\/#website","url":"https:\/\/www.humanium.org\/fr\/","name":"Humanium","description":"Les enfants d\u2019abord !","potentialAction":[{"@type":"SearchAction","target":{"@type":"EntryPoint","urlTemplate":"https:\/\/www.humanium.org\/fr\/?s={search_term_string}"},"query-input":{"@type":"PropertyValueSpecification","valueRequired":true,"valueName":"search_term_string"}}],"inLanguage":"fr-FR"}]}},"_links":{"self":[{"href":"https:\/\/www.humanium.org\/fr\/wp-json\/wp\/v2\/pages\/22350","targetHints":{"allow":["GET"]}}],"collection":[{"href":"https:\/\/www.humanium.org\/fr\/wp-json\/wp\/v2\/pages"}],"about":[{"href":"https:\/\/www.humanium.org\/fr\/wp-json\/wp\/v2\/types\/page"}],"author":[{"embeddable":true,"href":"https:\/\/www.humanium.org\/fr\/wp-json\/wp\/v2\/users\/65"}],"replies":[{"embeddable":true,"href":"https:\/\/www.humanium.org\/fr\/wp-json\/wp\/v2\/comments?post=22350"}],"version-history":[{"count":26,"href":"https:\/\/www.humanium.org\/fr\/wp-json\/wp\/v2\/pages\/22350\/revisions"}],"predecessor-version":[{"id":61034,"href":"https:\/\/www.humanium.org\/fr\/wp-json\/wp\/v2\/pages\/22350\/revisions\/61034"}],"wp:attachment":[{"href":"https:\/\/www.humanium.org\/fr\/wp-json\/wp\/v2\/media?parent=22350"}],"curies":[{"name":"wp","href":"https:\/\/api.w.org\/{rel}","templated":true}]}}