{"id":22566,"date":"2012-07-25T15:33:23","date_gmt":"2012-07-25T15:33:23","guid":{"rendered":"http:\/\/www.humanium.org\/fr\/?page_id=22566"},"modified":"2025-12-10T02:43:08","modified_gmt":"2025-12-10T02:43:08","slug":"focus","status":"publish","type":"page","link":"https:\/\/www.humanium.org\/fr\/focus\/","title":{"rendered":"Focus th\u00e9matiques"},"content":{"rendered":"\n<h1 class=\"wp-block-heading\">&nbsp;Focus th\u00e9matiques<\/h1>\n\n\n\n<div class=\"wp-block-columns is-layout-flex wp-container-core-columns-is-layout-8f761849 wp-block-columns-is-layout-flex\">\n<div class=\"wp-block-column is-layout-flow wp-block-column-is-layout-flow\" style=\"flex-basis:33.33%\">\n<figure class=\"wp-block-image size-large\"><img decoding=\"async\" src=\"https:\/\/www.humanium.org\/fr\/wp-content\/uploads\/2020\/10\/env_rights_defender_300x300.jpg\" alt=\"\"\/><\/figure>\n<\/div>\n\n\n\n<div class=\"wp-block-column is-layout-flow wp-block-column-is-layout-flow\" style=\"flex-basis:66.66%\">\n<h2 class=\"wp-block-heading\">Environnement<\/h2>\n\n\n\n<p class=\"wp-block-paragraph\">L&rsquo;urgence climatique mondiale affecte les enfants de mani\u00e8re disproportionn\u00e9e. Le pr\u00e9sent et l&rsquo;avenir des enfants du monde sont gravement menac\u00e9s par les dommages environnementaux, et les enfants les plus d\u00e9favoris\u00e9s et vuln\u00e9rables sont davantage touch\u00e9s.<\/p>\n\n\n\n<ul class=\"wp-block-list\"><li><a href=\"https:\/\/www.humanium.org\/fr\/focus\/environnement\/droits-environnementaux\/\">Droits environnementaux<\/a><\/li><li><a href=\"https:\/\/www.humanium.org\/fr\/focus\/environnement\/urgence-climatique\/\">Urgence climatique<\/a><\/li><li><a href=\"https:\/\/www.humanium.org\/fr\/focus\/environnement\/les-enfants-defenseurs-des-droits-environnementaux\/\">Les enfants d\u00e9fenseurs des droits environnementaux<\/a><\/li><li><a href=\"https:\/\/www.humanium.org\/fr\/focus\/environnement\/les-enfants-refugies-climatiques\/\">Les enfants r\u00e9fugi\u00e9s climatiques<\/a><\/li><\/ul>\n<\/div>\n<\/div>\n\n\n\n<hr class=\"wp-block-separator\"\/>\n\n\n\n<div class=\"wp-block-columns is-layout-flex wp-container-core-columns-is-layout-8f761849 wp-block-columns-is-layout-flex\">\n<div class=\"wp-block-column is-layout-flow wp-block-column-is-layout-flow\" style=\"flex-basis:33.33%\">\n<figure class=\"wp-block-image size-large is-style-default\"><img decoding=\"async\" src=\"https:\/\/www.humanium.org\/fr\/wp-content\/uploads\/2012\/07\/street-children-henri-ismail1.jpg\" alt=\"\"\/><\/figure>\n<\/div>\n\n\n\n<div class=\"wp-block-column is-layout-flow wp-block-column-is-layout-flow\" style=\"flex-basis:66.66%\">\n<h2 class=\"wp-block-heading\">Pauvret\u00e9<\/h2>\n\n\n\n<p class=\"wp-block-paragraph\">La pauvret\u00e9 touche toutes les soci\u00e9t\u00e9s et atteint en premier lieu les enfants. Premi\u00e8re cause de violations des droits de l&rsquo;enfant, elle cause la mort d&rsquo;un enfant toutes les 3 secondes.<\/p>\n\n\n\n<ul class=\"wp-block-list\"><li><a href=\"https:\/\/www.humanium.org\/fr\/enfants-pauvres\/\">Enfants pauvres<\/a><\/li><li><a href=\"https:\/\/www.humanium.org\/fr\/enfants-des-rues\/\">Enfants des rues<\/a><\/li><li>Enfants en zone urbaine\/ rurale<\/li><\/ul>\n<\/div>\n<\/div>\n\n\n\n<hr class=\"wp-block-separator\"\/>\n\n\n\n<div class=\"wp-block-columns is-layout-flex wp-container-core-columns-is-layout-8f761849 wp-block-columns-is-layout-flex\">\n<div class=\"wp-block-column is-layout-flow wp-block-column-is-layout-flow\" style=\"flex-basis:33.33%\">\n<figure class=\"wp-block-image size-large is-style-default\"><img loading=\"lazy\" decoding=\"async\" width=\"1024\" height=\"683\" src=\"https:\/\/www.humanium.org\/fr\/wp-content\/uploads\/2021\/05\/shutterstock_1208688316-1024x683.jpg\" alt=\"\" class=\"wp-image-50379\" srcset=\"https:\/\/www.humanium.org\/fr\/wp-content\/uploads\/2021\/05\/shutterstock_1208688316-1024x683.jpg 1024w, https:\/\/www.humanium.org\/fr\/wp-content\/uploads\/2021\/05\/shutterstock_1208688316-300x200.jpg 300w, https:\/\/www.humanium.org\/fr\/wp-content\/uploads\/2021\/05\/shutterstock_1208688316-768x512.jpg 768w, https:\/\/www.humanium.org\/fr\/wp-content\/uploads\/2021\/05\/shutterstock_1208688316-1536x1024.jpg 1536w, https:\/\/www.humanium.org\/fr\/wp-content\/uploads\/2021\/05\/shutterstock_1208688316-2048x1365.jpg 2048w, https:\/\/www.humanium.org\/fr\/wp-content\/uploads\/2021\/05\/shutterstock_1208688316-830x553.jpg 830w, https:\/\/www.humanium.org\/fr\/wp-content\/uploads\/2021\/05\/shutterstock_1208688316-230x153.jpg 230w, https:\/\/www.humanium.org\/fr\/wp-content\/uploads\/2021\/05\/shutterstock_1208688316-350x233.jpg 350w, https:\/\/www.humanium.org\/fr\/wp-content\/uploads\/2021\/05\/shutterstock_1208688316-480x320.jpg 480w, https:\/\/www.humanium.org\/fr\/wp-content\/uploads\/2021\/05\/shutterstock_1208688316-272x182.jpg 272w\" sizes=\"auto, (max-width: 1024px) 100vw, 1024px\" \/><\/figure>\n<\/div>\n\n\n\n<div class=\"wp-block-column is-layout-flow wp-block-column-is-layout-flow\" style=\"flex-basis:66.66%\">\n<h2 class=\"wp-block-heading\">Exploitation<\/h2>\n\n\n\n<p class=\"wp-block-paragraph\">Que ce soit \u00e0 des fins sexuelles, commerciales ou m\u00e9dicales, des millions d\u2019enfants sont exploit\u00e9s \u00e0 travers le monde. Souvent victimes de ch\u00e2timents cruels, ces enfants vivent dans la terreur.<\/p>\n\n\n\n<ul class=\"wp-block-list\"><li><a href=\"https:\/\/www.humanium.org\/fr\/trafic-enfants\/\">Trafic d\u2019enfants<\/a><\/li><li><a href=\"https:\/\/www.humanium.org\/fr\/travail-des-enfants\/\">Travail des enfants<\/a><\/li><li><a href=\"https:\/\/www.humanium.org\/fr\/exploitation-sexuelle-enfants\/\">Exploitation sexuelle des enfants<\/a><\/li><li><a href=\"https:\/\/www.humanium.org\/fr\/prostitution-infantile\/\">Prostitution infantile<\/a><\/li><\/ul>\n<\/div>\n<\/div>\n\n\n\n<hr class=\"wp-block-separator\"\/>\n\n\n\n<div class=\"wp-block-columns is-layout-flex wp-container-core-columns-is-layout-8f761849 wp-block-columns-is-layout-flex\">\n<div class=\"wp-block-column is-layout-flow wp-block-column-is-layout-flow\" style=\"flex-basis:33.33%\">\n<figure class=\"wp-block-image size-large is-style-default\"><img decoding=\"async\" src=\"https:\/\/www.humanium.org\/fr\/wp-content\/uploads\/2012\/07\/enfants-soldats-%C2%A9-CICR-T.A.Voeten-lr-e-00068-www.icrc_.org_.jpg\" alt=\"\"\/><\/figure>\n<\/div>\n\n\n\n<div class=\"wp-block-column is-layout-flow wp-block-column-is-layout-flow\" style=\"flex-basis:66.66%\">\n<h2 class=\"wp-block-heading\">Violences<\/h2>\n\n\n\n<p class=\"wp-block-paragraph\">Recrut\u00e9s de force dans l\u2019arm\u00e9e, victimes de maltraitance ou n\u00e9s dans un pays en guerre, ces enfants sont vuln\u00e9rables et deviennent des proies faciles pour les adultes.<\/p>\n\n\n\n<ul class=\"wp-block-list\"><li><a href=\"https:\/\/www.humanium.org\/fr\/enfants-dans-la-guerre\/\">Enfants dans la guerre<\/a><\/li><li><a href=\"https:\/\/www.humanium.org\/fr\/enfant-soldat\/\">Enfants soldats<\/a><\/li><li><a href=\"https:\/\/www.humanium.org\/fr\/enfants-violents\/\">Enfants violents<\/a><\/li><li><a href=\"https:\/\/www.humanium.org\/fr\/la-maltraitance-des-enfants\/\">Maltraitances<\/a><\/li><\/ul>\n<\/div>\n<\/div>\n\n\n\n<hr class=\"wp-block-separator\"\/>\n\n\n\n<div class=\"wp-block-columns is-layout-flex wp-container-core-columns-is-layout-8f761849 wp-block-columns-is-layout-flex\">\n<div class=\"wp-block-column is-layout-flow wp-block-column-is-layout-flow\" style=\"flex-basis:33.33%\">\n<figure class=\"wp-block-image size-large is-style-default\"><img decoding=\"async\" src=\"https:\/\/www.humanium.org\/fr\/wp-content\/uploads\/2012\/07\/united-nations-photo-flickr-notouch.jpg\" alt=\"\"\/><\/figure>\n<\/div>\n\n\n\n<div class=\"wp-block-column is-layout-flow wp-block-column-is-layout-flow\" style=\"flex-basis:66.66%\">\n<h2 class=\"wp-block-heading\">Discriminations<\/h2>\n\n\n\n<p class=\"wp-block-paragraph\">La Convention Internationale des Droits de l\u2019Enfant interdit toutes les formes de discriminations fond\u00e9es sur le sexe, l\u2019origine, la sant\u00e9 \u2026 Pourtant des distinctions perdurent dans de nombreux \u00c9tats.<\/p>\n\n\n\n<ul class=\"wp-block-list\"><li><a href=\"https:\/\/www.humanium.org\/fr\/droit-non-discrimination\/\">Non-discrimination<\/a><\/li><li>Enfants des minorit\u00e9s<\/li><li><a href=\"https:\/\/www.humanium.org\/fr\/enfants-handicapes\/\">Enfants handicap\u00e9s<\/a><\/li><li><a href=\"https:\/\/www.humanium.org\/fr\/droits-des-filles\/\">Droits des filles<\/a><\/li><li><a href=\"https:\/\/www.humanium.org\/fr\/discriminations\/enfants-lgbtq\/\">Enfants LGBTQ<\/a><\/li><\/ul>\n<\/div>\n<\/div>\n\n\n\n<hr class=\"wp-block-separator\"\/>\n\n\n\n<div class=\"wp-block-columns is-layout-flex wp-container-core-columns-is-layout-8f761849 wp-block-columns-is-layout-flex\">\n<div class=\"wp-block-column is-layout-flow wp-block-column-is-layout-flow\" style=\"flex-basis:33.33%\">\n<figure class=\"wp-block-image size-large is-style-default\"><img decoding=\"async\" src=\"https:\/\/www.humanium.org\/fr\/wp-content\/uploads\/2012\/07\/marriage-india-WUNRN.jpg\" alt=\"\"\/><\/figure>\n<\/div>\n\n\n\n<div class=\"wp-block-column is-layout-flow wp-block-column-is-layout-flow\" style=\"flex-basis:66.66%\">\n<h2 class=\"wp-block-heading\">Pratiques culturelles<\/h2>\n\n\n\n<p class=\"wp-block-paragraph\">Souvent fond\u00e9es sur les traditions, elles ont pour objectif de lier l\u2019enfant \u00e0 sa culture, sa famille, sa soci\u00e9t\u00e9. N\u00e9anmoins, quand elles violent les droits de l\u2019enfant, ces pratiques peuvent avoir des cons\u00e9quences dramatiques.<\/p>\n\n\n\n<ul class=\"wp-block-list\"><li><a href=\"https:\/\/www.humanium.org\/fr\/enfants-religions\/\">Enfants et religions<\/a><\/li><li><a href=\"https:\/\/www.humanium.org\/fr\/mariage-enfants\/\">Mariages d\u2019enfants<\/a><\/li><li><a href=\"https:\/\/www.humanium.org\/fr\/mutilations-genitales\/\">Mutilations G\u00e9nitales<\/a><\/li><li><a href=\"https:\/\/www.humanium.org\/fr\/infanticide\/\">Infanticide<\/a><\/li><\/ul>\n<\/div>\n<\/div>\n\n\n\n<hr class=\"wp-block-separator\"\/>\n\n\n\n<div class=\"wp-block-columns is-layout-flex wp-container-core-columns-is-layout-8f761849 wp-block-columns-is-layout-flex\">\n<div class=\"wp-block-column is-layout-flow wp-block-column-is-layout-flow\" style=\"flex-basis:33.33%\">\n<figure class=\"wp-block-image size-large is-style-default\"><img decoding=\"async\" src=\"https:\/\/www.humanium.org\/fr\/wp-content\/uploads\/2011\/08\/sante-sidewalksundays-flickr-notouch.jpg\" alt=\"\"\/><\/figure>\n<\/div>\n\n\n\n<div class=\"wp-block-column is-layout-flow wp-block-column-is-layout-flow\" style=\"flex-basis:66.66%\">\n<h2 class=\"wp-block-heading\">Sant\u00e9<\/h2>\n\n\n\n<p class=\"wp-block-paragraph\">Le droit \u00e0 la sant\u00e9 est l\u2019un des plus importants. Les n\u00e9gligences, le manque d\u2019acc\u00e8s aux soins ou \u00e0 une alimentation \u00e9quilibr\u00e9e mettent en p\u00e9ril la vie de nombreux enfants.<\/p>\n\n\n\n<ul class=\"wp-block-list\"><li><a href=\"https:\/\/www.humanium.org\/fr\/mortalite-infantile\/\">Mortalit\u00e9 infantile<\/a><\/li><li><a href=\"https:\/\/www.humanium.org\/fr\/enfant-et-sida\/\">Enfants et VIH\/SIDA<\/a><\/li><li><a href=\"https:\/\/www.humanium.org\/fr\/suicide-enfants\/\">Suicide d\u2019enfants<\/a><\/li><li><a href=\"https:\/\/www.humanium.org\/fr\/sexualite-des-adolescents\/\">Sexualit\u00e9 des adolescents<\/a><\/li><li><a href=\"https:\/\/www.humanium.org\/fr\/enfants-dependances\/\">Enfants et d\u00e9pendances<\/a><\/li><li><a href=\"https:\/\/www.humanium.org\/fr\/enfants-malades\/\">Enfants malades<\/a><\/li><\/ul>\n<\/div>\n<\/div>\n\n\n\n<hr class=\"wp-block-separator\"\/>\n\n\n\n<div class=\"wp-block-columns is-layout-flex wp-container-core-columns-is-layout-8f761849 wp-block-columns-is-layout-flex\">\n<div class=\"wp-block-column is-layout-flow wp-block-column-is-layout-flow\" style=\"flex-basis:33.33%\">\n<figure class=\"wp-block-image size-large is-style-default\"><img decoding=\"async\" src=\"https:\/\/www.humanium.org\/fr\/wp-content\/uploads\/2012\/07\/Kidnapped-boy-called-Yang.jpg\" alt=\"\"\/><\/figure>\n<\/div>\n\n\n\n<div class=\"wp-block-column is-layout-flow wp-block-column-is-layout-flow\" style=\"flex-basis:66.66%\">\n<h2 class=\"wp-block-heading\">Isolement et d\u00e9racinement<\/h2>\n\n\n\n<p class=\"wp-block-paragraph\">Les enfants orphelins, kidnapp\u00e9s, d\u00e9plac\u00e9s en cas de guerre ou de catastrophes climatiques sont alors isol\u00e9s de leur famille et leur pays, sans protection ils sont alors plus expos\u00e9s aux violations.<\/p>\n\n\n\n<ul class=\"wp-block-list\"><li><a href=\"https:\/\/www.humanium.org\/fr\/orphelins\/\">Enfants orphelins<\/a><\/li><li><a href=\"https:\/\/www.humanium.org\/fr\/enfants-deplaces\/\">Enfants d\u00e9plac\u00e9s<\/a><\/li><li><a href=\"https:\/\/www.humanium.org\/fr\/famille-droits-enfant\/\">Famille et Droits de l\u2019Enfant<\/a><\/li><li><a href=\"https:\/\/www.humanium.org\/fr\/enfants-disparus\/\">Enfants disparus<\/a><\/li><li><a href=\"https:\/\/www.humanium.org\/fr\/enfants-sans-identite\/\">Enfants apatrides et invisibles<\/a><\/li><\/ul>\n<\/div>\n<\/div>\n\n\n\n<hr class=\"wp-block-separator\"\/>\n\n\n\n<div class=\"wp-block-columns is-layout-flex wp-container-core-columns-is-layout-8f761849 wp-block-columns-is-layout-flex\">\n<div class=\"wp-block-column is-layout-flow wp-block-column-is-layout-flow\" style=\"flex-basis:33.33%\">\n<figure class=\"wp-block-image size-large is-style-default\"><img decoding=\"async\" src=\"https:\/\/www.humanium.org\/fr\/wp-content\/uploads\/2012\/07\/balance_Stockbyte_gettyimage.jpg\" alt=\"\"\/><\/figure>\n<\/div>\n\n\n\n<div class=\"wp-block-column is-layout-flow wp-block-column-is-layout-flow\" style=\"flex-basis:66.66%\">\n<h2 class=\"wp-block-heading\">Justice des enfants<\/h2>\n\n\n\n<p class=\"wp-block-paragraph\">Les pays s\u2019accordent \u00e0 peu pr\u00e8s tous sur la n\u00e9cessit\u00e9 d\u2019adapter la justice afin de respecter au mieux les besoins des enfants. Dans la r\u00e9alit\u00e9, de tr\u00e8s nombreux enfants sont victimes de syst\u00e8mes judiciaires mal adapt\u00e9s.<\/p>\n\n\n\n<ul class=\"wp-block-list\"><li><a href=\"https:\/\/www.humanium.org\/fr\/quest-ce-la-justice\/\">Qu\u2019est ce que la justice<\/a><\/li><li><a href=\"https:\/\/www.humanium.org\/fr\/regles-internationales-justice-des-enfants\/\">R\u00e8gles internationales<\/a><\/li><li><a href=\"https:\/\/www.humanium.org\/fr\/enfants-face-justice\/\">Les enfants face \u00e0 la justice<\/a><\/li><li><a href=\"https:\/\/www.humanium.org\/fr\/justice-juvenile\/\">Justice juv\u00e9nile<\/a><\/li><li><a href=\"https:\/\/www.humanium.org\/fr\/enfants-detenus\/\">Enfants d\u00e9tenus<\/a><\/li><li><a href=\"https:\/\/www.humanium.org\/fr\/effets-justice\/\">Effets de la justice<\/a><\/li><\/ul>\n<\/div>\n<\/div>\n","protected":false},"excerpt":{"rendered":"<p>&nbsp;Focus th\u00e9matiques Environnement L&rsquo;urgence climatique mondiale affecte les enfants de mani\u00e8re disproportionn\u00e9e. Le pr\u00e9sent et l&rsquo;avenir des enfants du monde sont gravement menac\u00e9s par les dommages environnementaux, et les enfants les plus d\u00e9favoris\u00e9s et vuln\u00e9rables sont davantage touch\u00e9s. Droits environnementaux Urgence climatique Les enfants d\u00e9fenseurs des droits environnementaux Les enfants r\u00e9fugi\u00e9s climatiques Pauvret\u00e9 La pauvret\u00e9 [&hellip;]<\/p>\n","protected":false},"author":65,"featured_media":0,"parent":0,"menu_order":0,"comment_status":"closed","ping_status":"closed","template":"","meta":{"footnotes":""},"class_list":["post-22566","page","type-page","status-publish","hentry"],"yoast_head":"<!-- This site is optimized with the Yoast SEO plugin v28.3 - https:\/\/yoast.com\/product\/yoast-seo-wordpress\/ -->\n<title>Focus th\u00e9matiques - Humanium<\/title>\n<meta name=\"description\" content=\"Focus th\u00e9matiques: Pauvret\u00e9; Exploitation; Violences; Discriminations; Pratiques culturelles; Sant\u00e9; Isolement et d\u00e9racinement; Justice des enfants.\" \/>\n<meta name=\"robots\" content=\"index, follow, max-snippet:-1, max-image-preview:large, max-video-preview:-1\" \/>\n<link rel=\"canonical\" href=\"https:\/\/www.humanium.org\/fr\/focus\/\" \/>\n<meta property=\"og:locale\" content=\"fr_FR\" \/>\n<meta property=\"og:type\" content=\"article\" \/>\n<meta property=\"og:title\" content=\"Focus th\u00e9matiques - Humanium\" \/>\n<meta property=\"og:description\" content=\"Focus th\u00e9matiques: Pauvret\u00e9; Exploitation; Violences; Discriminations; Pratiques culturelles; Sant\u00e9; Isolement et d\u00e9racinement; Justice des enfants.\" \/>\n<meta property=\"og:url\" content=\"https:\/\/www.humanium.org\/fr\/focus\/\" \/>\n<meta property=\"og:site_name\" content=\"Humanium\" \/>\n<meta property=\"article:modified_time\" content=\"2025-12-10T02:43:08+00:00\" \/>\n<meta property=\"og:image\" content=\"https:\/\/www.humanium.org\/fr\/wp-content\/uploads\/2020\/10\/env_rights_defender_300x300.jpg\" \/>\n<meta name=\"twitter:card\" content=\"summary_large_image\" \/>\n<meta name=\"twitter:label1\" content=\"Dur\u00e9e de lecture estim\u00e9e\" \/>\n\t<meta name=\"twitter:data1\" content=\"4 minutes\" \/>\n<script type=\"application\/ld+json\" class=\"yoast-schema-graph\">{\"@context\":\"https:\\\/\\\/schema.org\",\"@graph\":[{\"@type\":\"WebPage\",\"@id\":\"https:\\\/\\\/www.humanium.org\\\/fr\\\/focus\\\/\",\"url\":\"https:\\\/\\\/www.humanium.org\\\/fr\\\/focus\\\/\",\"name\":\"Focus th\u00e9matiques - Humanium\",\"isPartOf\":{\"@id\":\"https:\\\/\\\/www.humanium.org\\\/fr\\\/#website\"},\"primaryImageOfPage\":{\"@id\":\"https:\\\/\\\/www.humanium.org\\\/fr\\\/focus\\\/#primaryimage\"},\"image\":{\"@id\":\"https:\\\/\\\/www.humanium.org\\\/fr\\\/focus\\\/#primaryimage\"},\"thumbnailUrl\":\"https:\\\/\\\/www.humanium.org\\\/fr\\\/wp-content\\\/uploads\\\/2020\\\/10\\\/env_rights_defender_300x300.jpg\",\"datePublished\":\"2012-07-25T15:33:23+00:00\",\"dateModified\":\"2025-12-10T02:43:08+00:00\",\"description\":\"Focus th\u00e9matiques: Pauvret\u00e9; Exploitation; Violences; Discriminations; Pratiques culturelles; Sant\u00e9; Isolement et d\u00e9racinement; Justice des enfants.\",\"breadcrumb\":{\"@id\":\"https:\\\/\\\/www.humanium.org\\\/fr\\\/focus\\\/#breadcrumb\"},\"inLanguage\":\"fr-FR\",\"potentialAction\":[{\"@type\":\"ReadAction\",\"target\":[\"https:\\\/\\\/www.humanium.org\\\/fr\\\/focus\\\/\"]}]},{\"@type\":\"ImageObject\",\"inLanguage\":\"fr-FR\",\"@id\":\"https:\\\/\\\/www.humanium.org\\\/fr\\\/focus\\\/#primaryimage\",\"url\":\"https:\\\/\\\/www.humanium.org\\\/fr\\\/wp-content\\\/uploads\\\/2020\\\/10\\\/env_rights_defender_300x300.jpg\",\"contentUrl\":\"https:\\\/\\\/www.humanium.org\\\/fr\\\/wp-content\\\/uploads\\\/2020\\\/10\\\/env_rights_defender_300x300.jpg\",\"width\":300,\"height\":300},{\"@type\":\"BreadcrumbList\",\"@id\":\"https:\\\/\\\/www.humanium.org\\\/fr\\\/focus\\\/#breadcrumb\",\"itemListElement\":[{\"@type\":\"ListItem\",\"position\":1,\"name\":\"Home\",\"item\":\"https:\\\/\\\/www.humanium.org\\\/fr\\\/\"},{\"@type\":\"ListItem\",\"position\":2,\"name\":\"Focus th\u00e9matiques\"}]},{\"@type\":\"WebSite\",\"@id\":\"https:\\\/\\\/www.humanium.org\\\/fr\\\/#website\",\"url\":\"https:\\\/\\\/www.humanium.org\\\/fr\\\/\",\"name\":\"Humanium\",\"description\":\"Les enfants d\u2019abord !\",\"potentialAction\":[{\"@type\":\"SearchAction\",\"target\":{\"@type\":\"EntryPoint\",\"urlTemplate\":\"https:\\\/\\\/www.humanium.org\\\/fr\\\/?s={search_term_string}\"},\"query-input\":{\"@type\":\"PropertyValueSpecification\",\"valueRequired\":true,\"valueName\":\"search_term_string\"}}],\"inLanguage\":\"fr-FR\"}]}<\/script>\n<!-- \/ Yoast SEO plugin. -->","yoast_head_json":{"title":"Focus th\u00e9matiques - Humanium","description":"Focus th\u00e9matiques: Pauvret\u00e9; Exploitation; Violences; Discriminations; Pratiques culturelles; Sant\u00e9; Isolement et d\u00e9racinement; Justice des enfants.","robots":{"index":"index","follow":"follow","max-snippet":"max-snippet:-1","max-image-preview":"max-image-preview:large","max-video-preview":"max-video-preview:-1"},"canonical":"https:\/\/www.humanium.org\/fr\/focus\/","og_locale":"fr_FR","og_type":"article","og_title":"Focus th\u00e9matiques - Humanium","og_description":"Focus th\u00e9matiques: Pauvret\u00e9; Exploitation; Violences; Discriminations; Pratiques culturelles; Sant\u00e9; Isolement et d\u00e9racinement; Justice des enfants.","og_url":"https:\/\/www.humanium.org\/fr\/focus\/","og_site_name":"Humanium","article_modified_time":"2025-12-10T02:43:08+00:00","og_image":[{"url":"https:\/\/www.humanium.org\/fr\/wp-content\/uploads\/2020\/10\/env_rights_defender_300x300.jpg","type":"","width":"","height":""}],"twitter_card":"summary_large_image","twitter_misc":{"Dur\u00e9e de lecture estim\u00e9e":"4 minutes"},"schema":{"@context":"https:\/\/schema.org","@graph":[{"@type":"WebPage","@id":"https:\/\/www.humanium.org\/fr\/focus\/","url":"https:\/\/www.humanium.org\/fr\/focus\/","name":"Focus th\u00e9matiques - Humanium","isPartOf":{"@id":"https:\/\/www.humanium.org\/fr\/#website"},"primaryImageOfPage":{"@id":"https:\/\/www.humanium.org\/fr\/focus\/#primaryimage"},"image":{"@id":"https:\/\/www.humanium.org\/fr\/focus\/#primaryimage"},"thumbnailUrl":"https:\/\/www.humanium.org\/fr\/wp-content\/uploads\/2020\/10\/env_rights_defender_300x300.jpg","datePublished":"2012-07-25T15:33:23+00:00","dateModified":"2025-12-10T02:43:08+00:00","description":"Focus th\u00e9matiques: Pauvret\u00e9; Exploitation; Violences; Discriminations; Pratiques culturelles; Sant\u00e9; Isolement et d\u00e9racinement; Justice des enfants.","breadcrumb":{"@id":"https:\/\/www.humanium.org\/fr\/focus\/#breadcrumb"},"inLanguage":"fr-FR","potentialAction":[{"@type":"ReadAction","target":["https:\/\/www.humanium.org\/fr\/focus\/"]}]},{"@type":"ImageObject","inLanguage":"fr-FR","@id":"https:\/\/www.humanium.org\/fr\/focus\/#primaryimage","url":"https:\/\/www.humanium.org\/fr\/wp-content\/uploads\/2020\/10\/env_rights_defender_300x300.jpg","contentUrl":"https:\/\/www.humanium.org\/fr\/wp-content\/uploads\/2020\/10\/env_rights_defender_300x300.jpg","width":300,"height":300},{"@type":"BreadcrumbList","@id":"https:\/\/www.humanium.org\/fr\/focus\/#breadcrumb","itemListElement":[{"@type":"ListItem","position":1,"name":"Home","item":"https:\/\/www.humanium.org\/fr\/"},{"@type":"ListItem","position":2,"name":"Focus th\u00e9matiques"}]},{"@type":"WebSite","@id":"https:\/\/www.humanium.org\/fr\/#website","url":"https:\/\/www.humanium.org\/fr\/","name":"Humanium","description":"Les enfants d\u2019abord !","potentialAction":[{"@type":"SearchAction","target":{"@type":"EntryPoint","urlTemplate":"https:\/\/www.humanium.org\/fr\/?s={search_term_string}"},"query-input":{"@type":"PropertyValueSpecification","valueRequired":true,"valueName":"search_term_string"}}],"inLanguage":"fr-FR"}]}},"_links":{"self":[{"href":"https:\/\/www.humanium.org\/fr\/wp-json\/wp\/v2\/pages\/22566","targetHints":{"allow":["GET"]}}],"collection":[{"href":"https:\/\/www.humanium.org\/fr\/wp-json\/wp\/v2\/pages"}],"about":[{"href":"https:\/\/www.humanium.org\/fr\/wp-json\/wp\/v2\/types\/page"}],"author":[{"embeddable":true,"href":"https:\/\/www.humanium.org\/fr\/wp-json\/wp\/v2\/users\/65"}],"replies":[{"embeddable":true,"href":"https:\/\/www.humanium.org\/fr\/wp-json\/wp\/v2\/comments?post=22566"}],"version-history":[{"count":14,"href":"https:\/\/www.humanium.org\/fr\/wp-json\/wp\/v2\/pages\/22566\/revisions"}],"predecessor-version":[{"id":60980,"href":"https:\/\/www.humanium.org\/fr\/wp-json\/wp\/v2\/pages\/22566\/revisions\/60980"}],"wp:attachment":[{"href":"https:\/\/www.humanium.org\/fr\/wp-json\/wp\/v2\/media?parent=22566"}],"curies":[{"name":"wp","href":"https:\/\/api.w.org\/{rel}","templated":true}]}}