{"id":22715,"date":"2012-07-27T16:19:28","date_gmt":"2012-07-27T16:19:28","guid":{"rendered":"http:\/\/www.humanium.org\/fr\/?page_id=22715"},"modified":"2024-09-08T18:44:59","modified_gmt":"2024-09-08T18:44:59","slug":"violences","status":"publish","type":"page","link":"https:\/\/www.humanium.org\/fr\/violences\/","title":{"rendered":"Violences"},"content":{"rendered":"<h1>Violences<\/h1>\n<hr align=\"left\" size=\"4\" width=\"18%\" \/>\n<h2 style=\"margin-bottom: 10px;\"><a href=\"https:\/\/www.humanium.org\/fr\/enfants-dans-la-guerre\/\"><strong><img loading=\"lazy\" decoding=\"async\" class=\"wp-image-56942 alignleft\" src=\"https:\/\/www.humanium.org\/fr\/wp-content\/uploads\/2024\/05\/Small-image-300x300.jpg\" alt=\"\" width=\"155\" height=\"155\" srcset=\"https:\/\/www.humanium.org\/fr\/wp-content\/uploads\/2024\/05\/Small-image-300x300.jpg 300w, https:\/\/www.humanium.org\/fr\/wp-content\/uploads\/2024\/05\/Small-image-150x150.jpg 150w, https:\/\/www.humanium.org\/fr\/wp-content\/uploads\/2024\/05\/Small-image-768x768.jpg 768w, https:\/\/www.humanium.org\/fr\/wp-content\/uploads\/2024\/05\/Small-image-830x830.jpg 830w, https:\/\/www.humanium.org\/fr\/wp-content\/uploads\/2024\/05\/Small-image-230x230.jpg 230w, https:\/\/www.humanium.org\/fr\/wp-content\/uploads\/2024\/05\/Small-image-350x350.jpg 350w, https:\/\/www.humanium.org\/fr\/wp-content\/uploads\/2024\/05\/Small-image-480x480.jpg 480w, https:\/\/www.humanium.org\/fr\/wp-content\/uploads\/2024\/05\/Small-image.jpg 900w\" sizes=\"auto, (max-width: 155px) 100vw, 155px\" \/>Enfants dans la guerre<\/strong><\/a><\/h2>\n<p style=\"margin-bottom: 1px;\">On estime que plus de 400 millions d\u2019enfants vivent actuellement dans des pays en proie \u00e0 des guerres ou \u00e0 d\u2019autres types de conflits violents et qu\u2019ils sont expos\u00e9s de mani\u00e8re disproportionn\u00e9e \u00e0 des crimes vicieux et violents.<\/p>\n<hr \/>\n<h2 style=\"margin-bottom: 10px;\"><a href=\"https:\/\/www.humanium.org\/fr\/enfant-soldat\/\"><strong><img loading=\"lazy\" decoding=\"async\" class=\" wp-image-57183 alignleft\" src=\"https:\/\/www.humanium.org\/fr\/wp-content\/uploads\/2024\/06\/Shutterstock_1186227025-1-300x300.jpg\" alt=\"\" width=\"153\" height=\"153\" srcset=\"https:\/\/www.humanium.org\/fr\/wp-content\/uploads\/2024\/06\/Shutterstock_1186227025-1-300x300.jpg 300w, https:\/\/www.humanium.org\/fr\/wp-content\/uploads\/2024\/06\/Shutterstock_1186227025-1-150x150.jpg 150w, https:\/\/www.humanium.org\/fr\/wp-content\/uploads\/2024\/06\/Shutterstock_1186227025-1-768x768.jpg 768w, https:\/\/www.humanium.org\/fr\/wp-content\/uploads\/2024\/06\/Shutterstock_1186227025-1-830x830.jpg 830w, https:\/\/www.humanium.org\/fr\/wp-content\/uploads\/2024\/06\/Shutterstock_1186227025-1-230x230.jpg 230w, https:\/\/www.humanium.org\/fr\/wp-content\/uploads\/2024\/06\/Shutterstock_1186227025-1-350x350.jpg 350w, https:\/\/www.humanium.org\/fr\/wp-content\/uploads\/2024\/06\/Shutterstock_1186227025-1-480x480.jpg 480w, https:\/\/www.humanium.org\/fr\/wp-content\/uploads\/2024\/06\/Shutterstock_1186227025-1.jpg 900w\" sizes=\"auto, (max-width: 153px) 100vw, 153px\" \/>Enfants soldats<\/strong><\/a><\/h2>\n<p style=\"margin-bottom: 1px;\">Un enfant soldat est toute personne \u00e2g\u00e9e de moins de dix-huit ans qui est recrut\u00e9e de force pour participer \u00e0 des conflits arm\u00e9s. Ces enfants se retrouvent pris dans des guerres de mani\u00e8re inattendue et injuste, souvent en raison de facteurs tels que la\u00a0pauvret\u00e9,\u00a0la violence\u00a0ou le manque d\u2019\u00e9ducation.<\/p>\n<hr \/>\n<h2 style=\"margin-bottom: 10px;\"><a href=\"https:\/\/www.humanium.org\/fr\/la-maltraitance-des-enfants\/\"><strong><img loading=\"lazy\" decoding=\"async\" class=\" wp-image-57475 alignleft\" src=\"https:\/\/www.humanium.org\/fr\/wp-content\/uploads\/2024\/09\/Shutterstock_710271955-300x300.jpg\" alt=\"\" width=\"157\" height=\"157\" srcset=\"https:\/\/www.humanium.org\/fr\/wp-content\/uploads\/2024\/09\/Shutterstock_710271955-300x300.jpg 300w, https:\/\/www.humanium.org\/fr\/wp-content\/uploads\/2024\/09\/Shutterstock_710271955-150x150.jpg 150w, https:\/\/www.humanium.org\/fr\/wp-content\/uploads\/2024\/09\/Shutterstock_710271955-768x768.jpg 768w, https:\/\/www.humanium.org\/fr\/wp-content\/uploads\/2024\/09\/Shutterstock_710271955-830x830.jpg 830w, https:\/\/www.humanium.org\/fr\/wp-content\/uploads\/2024\/09\/Shutterstock_710271955-230x230.jpg 230w, https:\/\/www.humanium.org\/fr\/wp-content\/uploads\/2024\/09\/Shutterstock_710271955-350x350.jpg 350w, https:\/\/www.humanium.org\/fr\/wp-content\/uploads\/2024\/09\/Shutterstock_710271955-480x480.jpg 480w, https:\/\/www.humanium.org\/fr\/wp-content\/uploads\/2024\/09\/Shutterstock_710271955.jpg 900w\" sizes=\"auto, (max-width: 157px) 100vw, 157px\" \/>Maltraitance infantile<\/strong><\/a><\/h2>\n<p style=\"margin-bottom: 1px;\">La maltraitance infantile se produit aux quatre coins du monde et dans des environnements cens\u00e9s \u00eatre s\u00e9curisants, au sein du domicile familial, \u00e0 l\u2019\u00e9cole ou en ligne. Ces violences sont g\u00e9n\u00e9ralement commises par des individus qui ont gagn\u00e9 la confiance de l\u2019enfant.<\/p>\n<h2 style=\"margin-bottom: 10px;\"><img loading=\"lazy\" decoding=\"async\" class=\"wp-image-51121 alignleft\" src=\"https:\/\/www.humanium.org\/fr\/wp-content\/uploads\/2021\/10\/shutterstock_1503499058_small-image.jpg\" alt=\"\" width=\"156\" height=\"156\" srcset=\"https:\/\/www.humanium.org\/fr\/wp-content\/uploads\/2021\/10\/shutterstock_1503499058_small-image.jpg 200w, https:\/\/www.humanium.org\/fr\/wp-content\/uploads\/2021\/10\/shutterstock_1503499058_small-image-150x150.jpg 150w\" sizes=\"auto, (max-width: 156px) 100vw, 156px\" \/><strong><a href=\"https:\/\/www.humanium.org\/fr\/harcelement-scolaire\/\">Harc\u00e8lement scolaire<\/a><\/strong><\/h2>\n<p>Chaque jour, des enfants du monde entier sont soumis \u00e0 des formes de harc\u00e8lement nuisibles et en constante \u00e9volution dans les \u00e9coles. Le harc\u00e8lement scolaire constitue un obstacle dangereux au d\u00e9veloppement de l\u2019enfant, qui a des r\u00e9percussions n\u00e9gatives sur sa sant\u00e9 mentale et physique, ainsi que sur sa capacit\u00e9 \u00e0 relever les d\u00e9fis \u00e9ducatifs.<\/p>\n<h2 style=\"margin-bottom: 10px;\"><a href=\"https:\/\/www.humanium.org\/fr\/harcelement-scolaire\/\"><img loading=\"lazy\" decoding=\"async\" class=\"wp-image-51213 alignleft\" src=\"https:\/\/www.humanium.org\/fr\/wp-content\/uploads\/2021\/10\/shutterstock_150543002_small-image.jpg\" alt=\"\" width=\"159\" height=\"159\" srcset=\"https:\/\/www.humanium.org\/fr\/wp-content\/uploads\/2021\/10\/shutterstock_150543002_small-image.jpg 200w, https:\/\/www.humanium.org\/fr\/wp-content\/uploads\/2021\/10\/shutterstock_150543002_small-image-150x150.jpg 150w\" sizes=\"auto, (max-width: 159px) 100vw, 159px\" \/><\/a><strong><a href=\"https:\/\/www.humanium.org\/fr\/tuerie-en-milieu-scolaire\/\">Tuerie en milieu scolaire <\/a><\/strong><\/h2>\n<p>L&rsquo;expression \u00ab tuerie en milieu scolaire \u00bb est couramment utilis\u00e9e pour d\u00e9finir des actes de violence, commis avec des armes \u00e0 feu, dans des \u00e9tablissemenst scolaires soit par des \u00e9l\u00e8ves, des anciens \u00e9l\u00e8ves, ou des personnes ext\u00e9rieures aux \u00e9tablissements,.<\/p>\n","protected":false},"excerpt":{"rendered":"<p>Violences Enfants dans la guerre On estime que plus de 400 millions d\u2019enfants vivent actuellement dans des pays en proie \u00e0 des guerres ou \u00e0 d\u2019autres types de conflits violents et qu\u2019ils sont expos\u00e9s de mani\u00e8re disproportionn\u00e9e \u00e0 des crimes vicieux et violents. Enfants soldats Un enfant soldat est toute personne \u00e2g\u00e9e de moins de [&hellip;]<\/p>\n","protected":false},"author":65,"featured_media":0,"parent":0,"menu_order":0,"comment_status":"closed","ping_status":"closed","template":"","meta":{"footnotes":""},"class_list":["post-22715","page","type-page","status-publish","hentry"],"yoast_head":"<!-- This site is optimized with the Yoast SEO plugin v28.3 - https:\/\/yoast.com\/product\/yoast-seo-wordpress\/ -->\n<title>Violences - Humanium<\/title>\n<meta name=\"description\" content=\"Les situations r\u00e9sultant de conflits arm\u00e9s touchent principalement les enfants du fait de leur vuln\u00e9rabilit\u00e9 et ce, sous des formes diverses.\" \/>\n<meta name=\"robots\" content=\"index, follow, max-snippet:-1, max-image-preview:large, max-video-preview:-1\" \/>\n<link rel=\"canonical\" href=\"https:\/\/www.humanium.org\/fr\/violences\/\" \/>\n<meta property=\"og:locale\" content=\"fr_FR\" \/>\n<meta property=\"og:type\" content=\"article\" \/>\n<meta property=\"og:title\" content=\"Violences - Humanium\" \/>\n<meta property=\"og:description\" content=\"Les situations r\u00e9sultant de conflits arm\u00e9s touchent principalement les enfants du fait de leur vuln\u00e9rabilit\u00e9 et ce, sous des formes diverses.\" \/>\n<meta property=\"og:url\" content=\"https:\/\/www.humanium.org\/fr\/violences\/\" \/>\n<meta property=\"og:site_name\" content=\"Humanium\" \/>\n<meta property=\"article:modified_time\" content=\"2024-09-08T18:44:59+00:00\" \/>\n<meta property=\"og:image\" content=\"https:\/\/www.humanium.org\/fr\/wp-content\/uploads\/2024\/05\/Small-image-300x300.jpg\" \/>\n<meta name=\"twitter:card\" content=\"summary_large_image\" \/>\n<meta name=\"twitter:label1\" content=\"Dur\u00e9e de lecture estim\u00e9e\" \/>\n\t<meta name=\"twitter:data1\" content=\"3 minutes\" \/>\n<script type=\"application\/ld+json\" class=\"yoast-schema-graph\">{\"@context\":\"https:\\\/\\\/schema.org\",\"@graph\":[{\"@type\":\"WebPage\",\"@id\":\"https:\\\/\\\/www.humanium.org\\\/fr\\\/violences\\\/\",\"url\":\"https:\\\/\\\/www.humanium.org\\\/fr\\\/violences\\\/\",\"name\":\"Violences - Humanium\",\"isPartOf\":{\"@id\":\"https:\\\/\\\/www.humanium.org\\\/fr\\\/#website\"},\"primaryImageOfPage\":{\"@id\":\"https:\\\/\\\/www.humanium.org\\\/fr\\\/violences\\\/#primaryimage\"},\"image\":{\"@id\":\"https:\\\/\\\/www.humanium.org\\\/fr\\\/violences\\\/#primaryimage\"},\"thumbnailUrl\":\"https:\\\/\\\/www.humanium.org\\\/fr\\\/wp-content\\\/uploads\\\/2024\\\/05\\\/Small-image-300x300.jpg\",\"datePublished\":\"2012-07-27T16:19:28+00:00\",\"dateModified\":\"2024-09-08T18:44:59+00:00\",\"description\":\"Les situations r\u00e9sultant de conflits arm\u00e9s touchent principalement les enfants du fait de leur vuln\u00e9rabilit\u00e9 et ce, sous des formes diverses.\",\"breadcrumb\":{\"@id\":\"https:\\\/\\\/www.humanium.org\\\/fr\\\/violences\\\/#breadcrumb\"},\"inLanguage\":\"fr-FR\",\"potentialAction\":[{\"@type\":\"ReadAction\",\"target\":[\"https:\\\/\\\/www.humanium.org\\\/fr\\\/violences\\\/\"]}]},{\"@type\":\"ImageObject\",\"inLanguage\":\"fr-FR\",\"@id\":\"https:\\\/\\\/www.humanium.org\\\/fr\\\/violences\\\/#primaryimage\",\"url\":\"https:\\\/\\\/www.humanium.org\\\/fr\\\/wp-content\\\/uploads\\\/2024\\\/05\\\/Small-image.jpg\",\"contentUrl\":\"https:\\\/\\\/www.humanium.org\\\/fr\\\/wp-content\\\/uploads\\\/2024\\\/05\\\/Small-image.jpg\",\"width\":900,\"height\":900},{\"@type\":\"BreadcrumbList\",\"@id\":\"https:\\\/\\\/www.humanium.org\\\/fr\\\/violences\\\/#breadcrumb\",\"itemListElement\":[{\"@type\":\"ListItem\",\"position\":1,\"name\":\"Home\",\"item\":\"https:\\\/\\\/www.humanium.org\\\/fr\\\/\"},{\"@type\":\"ListItem\",\"position\":2,\"name\":\"Violences\"}]},{\"@type\":\"WebSite\",\"@id\":\"https:\\\/\\\/www.humanium.org\\\/fr\\\/#website\",\"url\":\"https:\\\/\\\/www.humanium.org\\\/fr\\\/\",\"name\":\"Humanium\",\"description\":\"Les enfants d\u2019abord !\",\"potentialAction\":[{\"@type\":\"SearchAction\",\"target\":{\"@type\":\"EntryPoint\",\"urlTemplate\":\"https:\\\/\\\/www.humanium.org\\\/fr\\\/?s={search_term_string}\"},\"query-input\":{\"@type\":\"PropertyValueSpecification\",\"valueRequired\":true,\"valueName\":\"search_term_string\"}}],\"inLanguage\":\"fr-FR\"}]}<\/script>\n<!-- \/ Yoast SEO plugin. -->","yoast_head_json":{"title":"Violences - Humanium","description":"Les situations r\u00e9sultant de conflits arm\u00e9s touchent principalement les enfants du fait de leur vuln\u00e9rabilit\u00e9 et ce, sous des formes diverses.","robots":{"index":"index","follow":"follow","max-snippet":"max-snippet:-1","max-image-preview":"max-image-preview:large","max-video-preview":"max-video-preview:-1"},"canonical":"https:\/\/www.humanium.org\/fr\/violences\/","og_locale":"fr_FR","og_type":"article","og_title":"Violences - Humanium","og_description":"Les situations r\u00e9sultant de conflits arm\u00e9s touchent principalement les enfants du fait de leur vuln\u00e9rabilit\u00e9 et ce, sous des formes diverses.","og_url":"https:\/\/www.humanium.org\/fr\/violences\/","og_site_name":"Humanium","article_modified_time":"2024-09-08T18:44:59+00:00","og_image":[{"url":"https:\/\/www.humanium.org\/fr\/wp-content\/uploads\/2024\/05\/Small-image-300x300.jpg","type":"","width":"","height":""}],"twitter_card":"summary_large_image","twitter_misc":{"Dur\u00e9e de lecture estim\u00e9e":"3 minutes"},"schema":{"@context":"https:\/\/schema.org","@graph":[{"@type":"WebPage","@id":"https:\/\/www.humanium.org\/fr\/violences\/","url":"https:\/\/www.humanium.org\/fr\/violences\/","name":"Violences - Humanium","isPartOf":{"@id":"https:\/\/www.humanium.org\/fr\/#website"},"primaryImageOfPage":{"@id":"https:\/\/www.humanium.org\/fr\/violences\/#primaryimage"},"image":{"@id":"https:\/\/www.humanium.org\/fr\/violences\/#primaryimage"},"thumbnailUrl":"https:\/\/www.humanium.org\/fr\/wp-content\/uploads\/2024\/05\/Small-image-300x300.jpg","datePublished":"2012-07-27T16:19:28+00:00","dateModified":"2024-09-08T18:44:59+00:00","description":"Les situations r\u00e9sultant de conflits arm\u00e9s touchent principalement les enfants du fait de leur vuln\u00e9rabilit\u00e9 et ce, sous des formes diverses.","breadcrumb":{"@id":"https:\/\/www.humanium.org\/fr\/violences\/#breadcrumb"},"inLanguage":"fr-FR","potentialAction":[{"@type":"ReadAction","target":["https:\/\/www.humanium.org\/fr\/violences\/"]}]},{"@type":"ImageObject","inLanguage":"fr-FR","@id":"https:\/\/www.humanium.org\/fr\/violences\/#primaryimage","url":"https:\/\/www.humanium.org\/fr\/wp-content\/uploads\/2024\/05\/Small-image.jpg","contentUrl":"https:\/\/www.humanium.org\/fr\/wp-content\/uploads\/2024\/05\/Small-image.jpg","width":900,"height":900},{"@type":"BreadcrumbList","@id":"https:\/\/www.humanium.org\/fr\/violences\/#breadcrumb","itemListElement":[{"@type":"ListItem","position":1,"name":"Home","item":"https:\/\/www.humanium.org\/fr\/"},{"@type":"ListItem","position":2,"name":"Violences"}]},{"@type":"WebSite","@id":"https:\/\/www.humanium.org\/fr\/#website","url":"https:\/\/www.humanium.org\/fr\/","name":"Humanium","description":"Les enfants d\u2019abord !","potentialAction":[{"@type":"SearchAction","target":{"@type":"EntryPoint","urlTemplate":"https:\/\/www.humanium.org\/fr\/?s={search_term_string}"},"query-input":{"@type":"PropertyValueSpecification","valueRequired":true,"valueName":"search_term_string"}}],"inLanguage":"fr-FR"}]}},"_links":{"self":[{"href":"https:\/\/www.humanium.org\/fr\/wp-json\/wp\/v2\/pages\/22715","targetHints":{"allow":["GET"]}}],"collection":[{"href":"https:\/\/www.humanium.org\/fr\/wp-json\/wp\/v2\/pages"}],"about":[{"href":"https:\/\/www.humanium.org\/fr\/wp-json\/wp\/v2\/types\/page"}],"author":[{"embeddable":true,"href":"https:\/\/www.humanium.org\/fr\/wp-json\/wp\/v2\/users\/65"}],"replies":[{"embeddable":true,"href":"https:\/\/www.humanium.org\/fr\/wp-json\/wp\/v2\/comments?post=22715"}],"version-history":[{"count":12,"href":"https:\/\/www.humanium.org\/fr\/wp-json\/wp\/v2\/pages\/22715\/revisions"}],"predecessor-version":[{"id":57476,"href":"https:\/\/www.humanium.org\/fr\/wp-json\/wp\/v2\/pages\/22715\/revisions\/57476"}],"wp:attachment":[{"href":"https:\/\/www.humanium.org\/fr\/wp-json\/wp\/v2\/media?parent=22715"}],"curies":[{"name":"wp","href":"https:\/\/api.w.org\/{rel}","templated":true}]}}