{"id":22717,"date":"2012-07-27T15:35:01","date_gmt":"2012-07-27T15:35:01","guid":{"rendered":"http:\/\/www.humanium.org\/fr\/?page_id=22717"},"modified":"2024-09-14T14:06:24","modified_gmt":"2024-09-14T14:06:24","slug":"discriminations","status":"publish","type":"page","link":"https:\/\/www.humanium.org\/fr\/discriminations\/","title":{"rendered":"Discriminations"},"content":{"rendered":"<h1>Discriminations<\/h1>\n<hr align=\"left\" size=\"4\" width=\"28%\" \/>\n<h2 style=\"margin-bottom: 10px;\"><a href=\"https:\/\/www.humanium.org\/fr\/droit-non-discrimination\/\"><img loading=\"lazy\" decoding=\"async\" class=\"wp-image-57061 alignleft\" src=\"https:\/\/www.humanium.org\/fr\/wp-content\/uploads\/2024\/06\/Shutterstock_1661078926-300x300.jpg\" alt=\"\" width=\"145\" height=\"145\" srcset=\"https:\/\/www.humanium.org\/fr\/wp-content\/uploads\/2024\/06\/Shutterstock_1661078926-300x300.jpg 300w, https:\/\/www.humanium.org\/fr\/wp-content\/uploads\/2024\/06\/Shutterstock_1661078926-150x150.jpg 150w, https:\/\/www.humanium.org\/fr\/wp-content\/uploads\/2024\/06\/Shutterstock_1661078926-768x768.jpg 768w, https:\/\/www.humanium.org\/fr\/wp-content\/uploads\/2024\/06\/Shutterstock_1661078926-830x830.jpg 830w, https:\/\/www.humanium.org\/fr\/wp-content\/uploads\/2024\/06\/Shutterstock_1661078926-230x230.jpg 230w, https:\/\/www.humanium.org\/fr\/wp-content\/uploads\/2024\/06\/Shutterstock_1661078926-350x350.jpg 350w, https:\/\/www.humanium.org\/fr\/wp-content\/uploads\/2024\/06\/Shutterstock_1661078926-480x480.jpg 480w, https:\/\/www.humanium.org\/fr\/wp-content\/uploads\/2024\/06\/Shutterstock_1661078926.jpg 900w\" sizes=\"auto, (max-width: 145px) 100vw, 145px\" \/>Non-discrimination<\/a><\/h2>\n<p style=\"margin-bottom: 1px;\">Le droit \u00e0 la non-discrimination est un droit \u00e0 la fois complexe et fondamental, qui constitue la cl\u00e9 de vo\u00fbte du processus de mise en \u0153uvre des droits humains. La Convention internationale des droits de l\u2019enfant repose sur ces id\u00e9aux.<\/p>\n<hr \/>\n<h2 style=\"margin-bottom: 10px;\"><a href=\"https:\/\/www.humanium.org\/fr\/enfants-des-minorites\/\" target=\"_blank\" rel=\"noopener\"><img loading=\"lazy\" decoding=\"async\" class=\"wp-image-57087 alignleft\" src=\"https:\/\/www.humanium.org\/fr\/wp-content\/uploads\/2024\/06\/Shutterstock_1403939687-1-300x300.jpg\" alt=\"\" width=\"147\" height=\"147\" srcset=\"https:\/\/www.humanium.org\/fr\/wp-content\/uploads\/2024\/06\/Shutterstock_1403939687-1-300x300.jpg 300w, https:\/\/www.humanium.org\/fr\/wp-content\/uploads\/2024\/06\/Shutterstock_1403939687-1-150x150.jpg 150w, https:\/\/www.humanium.org\/fr\/wp-content\/uploads\/2024\/06\/Shutterstock_1403939687-1-768x768.jpg 768w, https:\/\/www.humanium.org\/fr\/wp-content\/uploads\/2024\/06\/Shutterstock_1403939687-1-830x830.jpg 830w, https:\/\/www.humanium.org\/fr\/wp-content\/uploads\/2024\/06\/Shutterstock_1403939687-1-230x230.jpg 230w, https:\/\/www.humanium.org\/fr\/wp-content\/uploads\/2024\/06\/Shutterstock_1403939687-1-350x350.jpg 350w, https:\/\/www.humanium.org\/fr\/wp-content\/uploads\/2024\/06\/Shutterstock_1403939687-1-480x480.jpg 480w, https:\/\/www.humanium.org\/fr\/wp-content\/uploads\/2024\/06\/Shutterstock_1403939687-1.jpg 900w\" sizes=\"auto, (max-width: 147px) 100vw, 147px\" \/>Enfants des minorit\u00e9s<\/a><\/h2>\n<p style=\"margin-bottom: 1px;\">\u00c0 travers le monde, les enfants souffrent de discrimination lorsqu\u2019ils font partie d\u2019un groupe ou d\u2019une communaut\u00e9 minoritaire. Celle-ci est d\u2019autant plus forte lorsqu\u2019ils appartiennent \u00e0 plusieurs groupes minoritaires.<\/p>\n<hr \/>\n<h2 style=\"margin-bottom: 10px;\"><a href=\"https:\/\/www.humanium.org\/fr\/les-enfants-autochtones\/\" target=\"_blank\" rel=\"noopener\"><img loading=\"lazy\" decoding=\"async\" class=\" wp-image-57249 alignleft\" src=\"https:\/\/www.humanium.org\/fr\/wp-content\/uploads\/2024\/07\/Shutterstock_1072871408-300x300.jpg\" alt=\"\" width=\"142\" height=\"142\" srcset=\"https:\/\/www.humanium.org\/fr\/wp-content\/uploads\/2024\/07\/Shutterstock_1072871408-300x300.jpg 300w, https:\/\/www.humanium.org\/fr\/wp-content\/uploads\/2024\/07\/Shutterstock_1072871408-150x150.jpg 150w, https:\/\/www.humanium.org\/fr\/wp-content\/uploads\/2024\/07\/Shutterstock_1072871408-768x768.jpg 768w, https:\/\/www.humanium.org\/fr\/wp-content\/uploads\/2024\/07\/Shutterstock_1072871408-830x830.jpg 830w, https:\/\/www.humanium.org\/fr\/wp-content\/uploads\/2024\/07\/Shutterstock_1072871408-230x230.jpg 230w, https:\/\/www.humanium.org\/fr\/wp-content\/uploads\/2024\/07\/Shutterstock_1072871408-350x350.jpg 350w, https:\/\/www.humanium.org\/fr\/wp-content\/uploads\/2024\/07\/Shutterstock_1072871408-480x480.jpg 480w, https:\/\/www.humanium.org\/fr\/wp-content\/uploads\/2024\/07\/Shutterstock_1072871408.jpg 900w\" sizes=\"auto, (max-width: 142px) 100vw, 142px\" \/>Les enfants autochtones<br \/>\n<\/a><\/h2>\n<p>Les enfants autochtones doivent surmonter de nombreux enjeux pour faire valoir leurs droits fondamentaux, notamment la pauvret\u00e9, la discrimination et la mise en danger de leur culture. Les \u00c9tats doivent mettre en place une protection particuli\u00e8re qui prend en compte leurs d\u00e9fis quotidiens, li\u00e9s au pass\u00e9 de la colonisation.<\/p>\n<hr \/>\n<h2 style=\"margin-bottom: 10px;\"><a href=\"https:\/\/www.humanium.org\/fr\/enfants-handicapes\/\"><img loading=\"lazy\" decoding=\"async\" class=\"wp-image-57345 alignleft\" src=\"https:\/\/www.humanium.org\/fr\/wp-content\/uploads\/2024\/08\/Shutterstock_2477075233-1-300x300.jpg\" alt=\"\" width=\"145\" height=\"145\" srcset=\"https:\/\/www.humanium.org\/fr\/wp-content\/uploads\/2024\/08\/Shutterstock_2477075233-1-300x300.jpg 300w, https:\/\/www.humanium.org\/fr\/wp-content\/uploads\/2024\/08\/Shutterstock_2477075233-1-150x150.jpg 150w, https:\/\/www.humanium.org\/fr\/wp-content\/uploads\/2024\/08\/Shutterstock_2477075233-1-768x768.jpg 768w, https:\/\/www.humanium.org\/fr\/wp-content\/uploads\/2024\/08\/Shutterstock_2477075233-1-830x830.jpg 830w, https:\/\/www.humanium.org\/fr\/wp-content\/uploads\/2024\/08\/Shutterstock_2477075233-1-230x230.jpg 230w, https:\/\/www.humanium.org\/fr\/wp-content\/uploads\/2024\/08\/Shutterstock_2477075233-1-350x350.jpg 350w, https:\/\/www.humanium.org\/fr\/wp-content\/uploads\/2024\/08\/Shutterstock_2477075233-1-480x480.jpg 480w, https:\/\/www.humanium.org\/fr\/wp-content\/uploads\/2024\/08\/Shutterstock_2477075233-1.jpg 900w\" sizes=\"auto, (max-width: 145px) 100vw, 145px\" \/>Enfants handicap\u00e9s<\/a><\/h2>\n<p style=\"margin-bottom: 1px;\">15% de la population mondiale ont des formes d\u2019handicaps. Les enfants handicap\u00e9s, qui repr\u00e9sentent 240 millions sur toutes les personnes handicap\u00e9es, sont les plus marginalis\u00e9s dans toute soci\u00e9t\u00e9.<\/p>\n<hr \/>\n<h2><a href=\"https:\/\/www.humanium.org\/fr\/droits-des-filles\/\"><img loading=\"lazy\" decoding=\"async\" class=\" wp-image-57477 alignleft\" src=\"https:\/\/www.humanium.org\/fr\/wp-content\/uploads\/2024\/09\/Shutterstock_1207813390-300x300.jpg\" alt=\"\" width=\"148\" height=\"148\" srcset=\"https:\/\/www.humanium.org\/fr\/wp-content\/uploads\/2024\/09\/Shutterstock_1207813390-300x300.jpg 300w, https:\/\/www.humanium.org\/fr\/wp-content\/uploads\/2024\/09\/Shutterstock_1207813390-150x150.jpg 150w, https:\/\/www.humanium.org\/fr\/wp-content\/uploads\/2024\/09\/Shutterstock_1207813390-768x768.jpg 768w, https:\/\/www.humanium.org\/fr\/wp-content\/uploads\/2024\/09\/Shutterstock_1207813390-830x830.jpg 830w, https:\/\/www.humanium.org\/fr\/wp-content\/uploads\/2024\/09\/Shutterstock_1207813390-230x230.jpg 230w, https:\/\/www.humanium.org\/fr\/wp-content\/uploads\/2024\/09\/Shutterstock_1207813390-350x350.jpg 350w, https:\/\/www.humanium.org\/fr\/wp-content\/uploads\/2024\/09\/Shutterstock_1207813390-480x480.jpg 480w, https:\/\/www.humanium.org\/fr\/wp-content\/uploads\/2024\/09\/Shutterstock_1207813390.jpg 900w\" sizes=\"auto, (max-width: 148px) 100vw, 148px\" \/>Droits des filles<\/a><\/h2>\n<p>Les filles ont autant le droit de jouir de leurs droits fondamentaux que leurs homologues masculins. Pourtant, la r\u00e9alit\u00e9 est bien diff\u00e9rente.<\/p>\n<hr \/>\n<h2><a href=\"https:\/\/www.humanium.org\/fr\/enfants-lgbtq\/\"><img loading=\"lazy\" decoding=\"async\" class=\" wp-image-57509 alignleft\" src=\"https:\/\/www.humanium.org\/fr\/wp-content\/uploads\/2024\/09\/Shutterstock_2175158991-1-300x300.jpg\" alt=\"\" width=\"153\" height=\"153\" srcset=\"https:\/\/www.humanium.org\/fr\/wp-content\/uploads\/2024\/09\/Shutterstock_2175158991-1-300x300.jpg 300w, https:\/\/www.humanium.org\/fr\/wp-content\/uploads\/2024\/09\/Shutterstock_2175158991-1-150x150.jpg 150w, https:\/\/www.humanium.org\/fr\/wp-content\/uploads\/2024\/09\/Shutterstock_2175158991-1-768x768.jpg 768w, https:\/\/www.humanium.org\/fr\/wp-content\/uploads\/2024\/09\/Shutterstock_2175158991-1-830x830.jpg 830w, https:\/\/www.humanium.org\/fr\/wp-content\/uploads\/2024\/09\/Shutterstock_2175158991-1-230x230.jpg 230w, https:\/\/www.humanium.org\/fr\/wp-content\/uploads\/2024\/09\/Shutterstock_2175158991-1-350x350.jpg 350w, https:\/\/www.humanium.org\/fr\/wp-content\/uploads\/2024\/09\/Shutterstock_2175158991-1-480x480.jpg 480w, https:\/\/www.humanium.org\/fr\/wp-content\/uploads\/2024\/09\/Shutterstock_2175158991-1.jpg 900w\" sizes=\"auto, (max-width: 153px) 100vw, 153px\" \/>Les\u00a0jeunes LGBTQ+<\/a><\/h2>\n<p>En plus d\u2019\u00eatre victimes de discrimination, de harc\u00e8lement et m\u00eame de violence en raison de leur orientation sexuelle ou de leur identit\u00e9 de genre, les jeunes de la communaut\u00e9 LGBTQ peuvent \u00e9galement \u00eatre forc\u00e9s \u00e0 changer leur orientation sexuelle par le biais d\u2019une th\u00e9rapie ou d\u2019une religion.<\/p>\n","protected":false},"excerpt":{"rendered":"<p>Discriminations Non-discrimination Le droit \u00e0 la non-discrimination est un droit \u00e0 la fois complexe et fondamental, qui constitue la cl\u00e9 de vo\u00fbte du processus de mise en \u0153uvre des droits humains. La Convention internationale des droits de l\u2019enfant repose sur ces id\u00e9aux. Enfants des minorit\u00e9s \u00c0 travers le monde, les enfants souffrent de discrimination lorsqu\u2019ils [&hellip;]<\/p>\n","protected":false},"author":65,"featured_media":0,"parent":0,"menu_order":0,"comment_status":"closed","ping_status":"closed","template":"","meta":{"footnotes":""},"class_list":["post-22717","page","type-page","status-publish","hentry"],"yoast_head":"<!-- This site is optimized with the Yoast SEO plugin v28.3 - https:\/\/yoast.com\/product\/yoast-seo-wordpress\/ -->\n<title>Discriminations - Humanium<\/title>\n<meta name=\"description\" content=\"Discriminations: Non-discrimination; Les enfants des minorit\u00e9s; Les enfants handicap\u00e9s; Les Droits des filles; Les enfants LGBTQ.\" \/>\n<meta name=\"robots\" content=\"index, follow, max-snippet:-1, max-image-preview:large, max-video-preview:-1\" \/>\n<link rel=\"canonical\" href=\"https:\/\/www.humanium.org\/fr\/discriminations\/\" \/>\n<meta property=\"og:locale\" content=\"fr_FR\" \/>\n<meta property=\"og:type\" content=\"article\" \/>\n<meta property=\"og:title\" content=\"Discriminations - Humanium\" \/>\n<meta property=\"og:description\" content=\"Discriminations: Non-discrimination; Les enfants des minorit\u00e9s; Les enfants handicap\u00e9s; Les Droits des filles; Les enfants LGBTQ.\" \/>\n<meta property=\"og:url\" content=\"https:\/\/www.humanium.org\/fr\/discriminations\/\" \/>\n<meta property=\"og:site_name\" content=\"Humanium\" \/>\n<meta property=\"article:modified_time\" content=\"2024-09-14T14:06:24+00:00\" \/>\n<meta property=\"og:image\" content=\"https:\/\/www.humanium.org\/fr\/wp-content\/uploads\/2024\/06\/Shutterstock_1661078926-300x300.jpg\" \/>\n<meta name=\"twitter:card\" content=\"summary_large_image\" \/>\n<meta name=\"twitter:label1\" content=\"Dur\u00e9e de lecture estim\u00e9e\" \/>\n\t<meta name=\"twitter:data1\" content=\"3 minutes\" \/>\n<script type=\"application\/ld+json\" class=\"yoast-schema-graph\">{\"@context\":\"https:\\\/\\\/schema.org\",\"@graph\":[{\"@type\":\"WebPage\",\"@id\":\"https:\\\/\\\/www.humanium.org\\\/fr\\\/discriminations\\\/\",\"url\":\"https:\\\/\\\/www.humanium.org\\\/fr\\\/discriminations\\\/\",\"name\":\"Discriminations - Humanium\",\"isPartOf\":{\"@id\":\"https:\\\/\\\/www.humanium.org\\\/fr\\\/#website\"},\"primaryImageOfPage\":{\"@id\":\"https:\\\/\\\/www.humanium.org\\\/fr\\\/discriminations\\\/#primaryimage\"},\"image\":{\"@id\":\"https:\\\/\\\/www.humanium.org\\\/fr\\\/discriminations\\\/#primaryimage\"},\"thumbnailUrl\":\"https:\\\/\\\/www.humanium.org\\\/fr\\\/wp-content\\\/uploads\\\/2024\\\/06\\\/Shutterstock_1661078926-300x300.jpg\",\"datePublished\":\"2012-07-27T15:35:01+00:00\",\"dateModified\":\"2024-09-14T14:06:24+00:00\",\"description\":\"Discriminations: Non-discrimination; Les enfants des minorit\u00e9s; Les enfants handicap\u00e9s; Les Droits des filles; Les enfants LGBTQ.\",\"breadcrumb\":{\"@id\":\"https:\\\/\\\/www.humanium.org\\\/fr\\\/discriminations\\\/#breadcrumb\"},\"inLanguage\":\"fr-FR\",\"potentialAction\":[{\"@type\":\"ReadAction\",\"target\":[\"https:\\\/\\\/www.humanium.org\\\/fr\\\/discriminations\\\/\"]}]},{\"@type\":\"ImageObject\",\"inLanguage\":\"fr-FR\",\"@id\":\"https:\\\/\\\/www.humanium.org\\\/fr\\\/discriminations\\\/#primaryimage\",\"url\":\"https:\\\/\\\/www.humanium.org\\\/fr\\\/wp-content\\\/uploads\\\/2024\\\/06\\\/Shutterstock_1661078926.jpg\",\"contentUrl\":\"https:\\\/\\\/www.humanium.org\\\/fr\\\/wp-content\\\/uploads\\\/2024\\\/06\\\/Shutterstock_1661078926.jpg\",\"width\":900,\"height\":900},{\"@type\":\"BreadcrumbList\",\"@id\":\"https:\\\/\\\/www.humanium.org\\\/fr\\\/discriminations\\\/#breadcrumb\",\"itemListElement\":[{\"@type\":\"ListItem\",\"position\":1,\"name\":\"Home\",\"item\":\"https:\\\/\\\/www.humanium.org\\\/fr\\\/\"},{\"@type\":\"ListItem\",\"position\":2,\"name\":\"Discriminations\"}]},{\"@type\":\"WebSite\",\"@id\":\"https:\\\/\\\/www.humanium.org\\\/fr\\\/#website\",\"url\":\"https:\\\/\\\/www.humanium.org\\\/fr\\\/\",\"name\":\"Humanium\",\"description\":\"Les enfants d\u2019abord !\",\"potentialAction\":[{\"@type\":\"SearchAction\",\"target\":{\"@type\":\"EntryPoint\",\"urlTemplate\":\"https:\\\/\\\/www.humanium.org\\\/fr\\\/?s={search_term_string}\"},\"query-input\":{\"@type\":\"PropertyValueSpecification\",\"valueRequired\":true,\"valueName\":\"search_term_string\"}}],\"inLanguage\":\"fr-FR\"}]}<\/script>\n<!-- \/ Yoast SEO plugin. -->","yoast_head_json":{"title":"Discriminations - Humanium","description":"Discriminations: Non-discrimination; Les enfants des minorit\u00e9s; Les enfants handicap\u00e9s; Les Droits des filles; Les enfants LGBTQ.","robots":{"index":"index","follow":"follow","max-snippet":"max-snippet:-1","max-image-preview":"max-image-preview:large","max-video-preview":"max-video-preview:-1"},"canonical":"https:\/\/www.humanium.org\/fr\/discriminations\/","og_locale":"fr_FR","og_type":"article","og_title":"Discriminations - Humanium","og_description":"Discriminations: Non-discrimination; Les enfants des minorit\u00e9s; Les enfants handicap\u00e9s; Les Droits des filles; Les enfants LGBTQ.","og_url":"https:\/\/www.humanium.org\/fr\/discriminations\/","og_site_name":"Humanium","article_modified_time":"2024-09-14T14:06:24+00:00","og_image":[{"url":"https:\/\/www.humanium.org\/fr\/wp-content\/uploads\/2024\/06\/Shutterstock_1661078926-300x300.jpg","type":"","width":"","height":""}],"twitter_card":"summary_large_image","twitter_misc":{"Dur\u00e9e de lecture estim\u00e9e":"3 minutes"},"schema":{"@context":"https:\/\/schema.org","@graph":[{"@type":"WebPage","@id":"https:\/\/www.humanium.org\/fr\/discriminations\/","url":"https:\/\/www.humanium.org\/fr\/discriminations\/","name":"Discriminations - Humanium","isPartOf":{"@id":"https:\/\/www.humanium.org\/fr\/#website"},"primaryImageOfPage":{"@id":"https:\/\/www.humanium.org\/fr\/discriminations\/#primaryimage"},"image":{"@id":"https:\/\/www.humanium.org\/fr\/discriminations\/#primaryimage"},"thumbnailUrl":"https:\/\/www.humanium.org\/fr\/wp-content\/uploads\/2024\/06\/Shutterstock_1661078926-300x300.jpg","datePublished":"2012-07-27T15:35:01+00:00","dateModified":"2024-09-14T14:06:24+00:00","description":"Discriminations: Non-discrimination; Les enfants des minorit\u00e9s; Les enfants handicap\u00e9s; Les Droits des filles; Les enfants LGBTQ.","breadcrumb":{"@id":"https:\/\/www.humanium.org\/fr\/discriminations\/#breadcrumb"},"inLanguage":"fr-FR","potentialAction":[{"@type":"ReadAction","target":["https:\/\/www.humanium.org\/fr\/discriminations\/"]}]},{"@type":"ImageObject","inLanguage":"fr-FR","@id":"https:\/\/www.humanium.org\/fr\/discriminations\/#primaryimage","url":"https:\/\/www.humanium.org\/fr\/wp-content\/uploads\/2024\/06\/Shutterstock_1661078926.jpg","contentUrl":"https:\/\/www.humanium.org\/fr\/wp-content\/uploads\/2024\/06\/Shutterstock_1661078926.jpg","width":900,"height":900},{"@type":"BreadcrumbList","@id":"https:\/\/www.humanium.org\/fr\/discriminations\/#breadcrumb","itemListElement":[{"@type":"ListItem","position":1,"name":"Home","item":"https:\/\/www.humanium.org\/fr\/"},{"@type":"ListItem","position":2,"name":"Discriminations"}]},{"@type":"WebSite","@id":"https:\/\/www.humanium.org\/fr\/#website","url":"https:\/\/www.humanium.org\/fr\/","name":"Humanium","description":"Les enfants d\u2019abord !","potentialAction":[{"@type":"SearchAction","target":{"@type":"EntryPoint","urlTemplate":"https:\/\/www.humanium.org\/fr\/?s={search_term_string}"},"query-input":{"@type":"PropertyValueSpecification","valueRequired":true,"valueName":"search_term_string"}}],"inLanguage":"fr-FR"}]}},"_links":{"self":[{"href":"https:\/\/www.humanium.org\/fr\/wp-json\/wp\/v2\/pages\/22717","targetHints":{"allow":["GET"]}}],"collection":[{"href":"https:\/\/www.humanium.org\/fr\/wp-json\/wp\/v2\/pages"}],"about":[{"href":"https:\/\/www.humanium.org\/fr\/wp-json\/wp\/v2\/types\/page"}],"author":[{"embeddable":true,"href":"https:\/\/www.humanium.org\/fr\/wp-json\/wp\/v2\/users\/65"}],"replies":[{"embeddable":true,"href":"https:\/\/www.humanium.org\/fr\/wp-json\/wp\/v2\/comments?post=22717"}],"version-history":[{"count":16,"href":"https:\/\/www.humanium.org\/fr\/wp-json\/wp\/v2\/pages\/22717\/revisions"}],"predecessor-version":[{"id":57513,"href":"https:\/\/www.humanium.org\/fr\/wp-json\/wp\/v2\/pages\/22717\/revisions\/57513"}],"wp:attachment":[{"href":"https:\/\/www.humanium.org\/fr\/wp-json\/wp\/v2\/media?parent=22717"}],"curies":[{"name":"wp","href":"https:\/\/api.w.org\/{rel}","templated":true}]}}