{"id":22860,"date":"2012-07-27T15:30:20","date_gmt":"2012-07-27T15:30:20","guid":{"rendered":"http:\/\/www.humanium.org\/fr\/?page_id=22860"},"modified":"2025-12-05T07:06:30","modified_gmt":"2025-12-05T07:06:30","slug":"justice","status":"publish","type":"page","link":"https:\/\/www.humanium.org\/fr\/justice\/","title":{"rendered":"Justice des Enfants"},"content":{"rendered":"<h1>Justice des enfants<\/h1>\n<hr align=\"left\" size=\"4\" width=\"30%\" \/>\n<h2 style=\"margin-bottom: 10px;\"><a href=\"https:\/\/www.humanium.org\/fr\/quest-ce-la-justice\/\"><img loading=\"lazy\" decoding=\"async\" class=\" wp-image-58157 alignleft\" src=\"https:\/\/www.humanium.org\/fr\/wp-content\/uploads\/2025\/02\/Shutterstock_752997244-1-300x300.jpg\" alt=\"\" width=\"142\" height=\"142\" srcset=\"https:\/\/www.humanium.org\/fr\/wp-content\/uploads\/2025\/02\/Shutterstock_752997244-1-300x300.jpg 300w, https:\/\/www.humanium.org\/fr\/wp-content\/uploads\/2025\/02\/Shutterstock_752997244-1-150x150.jpg 150w, https:\/\/www.humanium.org\/fr\/wp-content\/uploads\/2025\/02\/Shutterstock_752997244-1-768x768.jpg 768w, https:\/\/www.humanium.org\/fr\/wp-content\/uploads\/2025\/02\/Shutterstock_752997244-1-830x830.jpg 830w, https:\/\/www.humanium.org\/fr\/wp-content\/uploads\/2025\/02\/Shutterstock_752997244-1-230x230.jpg 230w, https:\/\/www.humanium.org\/fr\/wp-content\/uploads\/2025\/02\/Shutterstock_752997244-1-350x350.jpg 350w, https:\/\/www.humanium.org\/fr\/wp-content\/uploads\/2025\/02\/Shutterstock_752997244-1-480x480.jpg 480w, https:\/\/www.humanium.org\/fr\/wp-content\/uploads\/2025\/02\/Shutterstock_752997244-1.jpg 900w\" sizes=\"auto, (max-width: 142px) 100vw, 142px\" \/>Qu&rsquo;est-ce que la justice ?<\/a><\/h2>\n<p style=\"margin-bottom: 1px;\">La justice des enfants englobe les mesures juridiques visant \u00e0 prot\u00e9ger les droits et le bien-\u00eatre des enfants, au-del\u00e0 du contexte p\u00e9nal. Elle inclut des principes de justice adapt\u00e9e aux enfants d\u00e9finis par des normes internationales et couvrant les proc\u00e9dures judiciaires non p\u00e9nales.<\/p>\n<hr \/>\n<h2 style=\"margin-bottom: 10px;\"><a href=\"https:\/\/www.humanium.org\/fr\/regles-internationales-justice-des-enfants\/\"><img loading=\"lazy\" decoding=\"async\" class=\" wp-image-58226 alignleft\" src=\"https:\/\/www.humanium.org\/fr\/wp-content\/uploads\/2025\/03\/Shutterstock_2512543919-1-300x300.jpg\" alt=\"\" width=\"146\" height=\"146\" srcset=\"https:\/\/www.humanium.org\/fr\/wp-content\/uploads\/2025\/03\/Shutterstock_2512543919-1-300x300.jpg 300w, https:\/\/www.humanium.org\/fr\/wp-content\/uploads\/2025\/03\/Shutterstock_2512543919-1-150x150.jpg 150w, https:\/\/www.humanium.org\/fr\/wp-content\/uploads\/2025\/03\/Shutterstock_2512543919-1-768x768.jpg 768w, https:\/\/www.humanium.org\/fr\/wp-content\/uploads\/2025\/03\/Shutterstock_2512543919-1-830x830.jpg 830w, https:\/\/www.humanium.org\/fr\/wp-content\/uploads\/2025\/03\/Shutterstock_2512543919-1-230x230.jpg 230w, https:\/\/www.humanium.org\/fr\/wp-content\/uploads\/2025\/03\/Shutterstock_2512543919-1-350x350.jpg 350w, https:\/\/www.humanium.org\/fr\/wp-content\/uploads\/2025\/03\/Shutterstock_2512543919-1-480x480.jpg 480w, https:\/\/www.humanium.org\/fr\/wp-content\/uploads\/2025\/03\/Shutterstock_2512543919-1.jpg 900w\" sizes=\"auto, (max-width: 146px) 100vw, 146px\" \/>R\u00e8gles internationales de la justice des enfants<\/a><\/h2>\n<p style=\"margin-bottom: 1px;\">La prise en charge des enfants par des syst\u00e8mes juridiques, sociaux et judiciaires nationaux ainsi que par des institutions de s\u00e9curit\u00e9 est une partie int\u00e9grante de l\u2019aboutissement de la primaut\u00e9 du droit et de ses objectifs.<\/p>\n<hr \/>\n<h2 style=\"margin-bottom: 10px;\"><a href=\"https:\/\/www.humanium.org\/fr\/le-droit-de-vote-chez-les-enfants-et-les-jeunes\/\"><img loading=\"lazy\" decoding=\"async\" class=\"wp-image-59127 alignleft\" src=\"https:\/\/www.humanium.org\/fr\/wp-content\/uploads\/2025\/10\/shutterstock_1556002430_edited-300x300.jpeg\" alt=\"\" width=\"153\" height=\"153\" srcset=\"https:\/\/www.humanium.org\/fr\/wp-content\/uploads\/2025\/10\/shutterstock_1556002430_edited-300x300.jpeg 300w, https:\/\/www.humanium.org\/fr\/wp-content\/uploads\/2025\/10\/shutterstock_1556002430_edited-150x150.jpeg 150w, https:\/\/www.humanium.org\/fr\/wp-content\/uploads\/2025\/10\/shutterstock_1556002430_edited-230x230.jpeg 230w, https:\/\/www.humanium.org\/fr\/wp-content\/uploads\/2025\/10\/shutterstock_1556002430_edited.jpeg 334w\" sizes=\"auto, (max-width: 153px) 100vw, 153px\" \/>Le droit de vote chez les enfants et les jeune<\/a><\/h2>\n<p style=\"margin-bottom: 1px;\">Les enfants sont g\u00e9n\u00e9ralement exclus du droit de vote, \u00e0 quelques exceptions pr\u00e8s. La raison est la croyance que les enfants n\u2019ont pas les comp\u00e9tences pour prendre des d\u00e9cisions en connaissance de cause.<\/p>\n<hr \/>\n<h2 style=\"margin-bottom: 10px;\"><a href=\"https:\/\/www.humanium.org\/fr\/enfants-face-justice\/\"><img loading=\"lazy\" decoding=\"async\" class=\"wp-image-58225 alignleft\" src=\"https:\/\/www.humanium.org\/fr\/wp-content\/uploads\/2025\/03\/Shutterstock_1539387056-300x300.jpg\" alt=\"\" width=\"150\" height=\"150\" srcset=\"https:\/\/www.humanium.org\/fr\/wp-content\/uploads\/2025\/03\/Shutterstock_1539387056-300x300.jpg 300w, https:\/\/www.humanium.org\/fr\/wp-content\/uploads\/2025\/03\/Shutterstock_1539387056-150x150.jpg 150w, https:\/\/www.humanium.org\/fr\/wp-content\/uploads\/2025\/03\/Shutterstock_1539387056-768x768.jpg 768w, https:\/\/www.humanium.org\/fr\/wp-content\/uploads\/2025\/03\/Shutterstock_1539387056-830x830.jpg 830w, https:\/\/www.humanium.org\/fr\/wp-content\/uploads\/2025\/03\/Shutterstock_1539387056-230x230.jpg 230w, https:\/\/www.humanium.org\/fr\/wp-content\/uploads\/2025\/03\/Shutterstock_1539387056-350x350.jpg 350w, https:\/\/www.humanium.org\/fr\/wp-content\/uploads\/2025\/03\/Shutterstock_1539387056-480x480.jpg 480w, https:\/\/www.humanium.org\/fr\/wp-content\/uploads\/2025\/03\/Shutterstock_1539387056.jpg 900w\" sizes=\"auto, (max-width: 150px) 100vw, 150px\" \/>Les enfants dans le syst\u00e8me judiciaire<\/a><\/h2>\n<p style=\"margin-bottom: 1px;\">Chaque ann\u00e9e, des milliers d\u2019enfants entrent en contact avec le syst\u00e8me judiciaire. ils\u00a0peuvent \u00eatre impliqu\u00e9s dans des proc\u00e9dures de justice p\u00e9nale d\u00fb \u00e0 des conflits avec la loi, ou parce qu\u2019ils ont \u00e9t\u00e9 t\u00e9moins ou sont devenus des victimes de d\u00e9lits ou une combinaison des deux.<\/p>\n<hr \/>\n<h2 style=\"margin-bottom: 10px;\"><a href=\"https:\/\/www.humanium.org\/fr\/justice-juvenile\/\"><img loading=\"lazy\" decoding=\"async\" class=\"wp-image-58081 alignleft\" src=\"https:\/\/www.humanium.org\/fr\/wp-content\/uploads\/2025\/02\/Shutterstock_1959770014-1-300x300.jpg\" alt=\"\" width=\"150\" height=\"150\" srcset=\"https:\/\/www.humanium.org\/fr\/wp-content\/uploads\/2025\/02\/Shutterstock_1959770014-1-300x300.jpg 300w, https:\/\/www.humanium.org\/fr\/wp-content\/uploads\/2025\/02\/Shutterstock_1959770014-1-150x150.jpg 150w, https:\/\/www.humanium.org\/fr\/wp-content\/uploads\/2025\/02\/Shutterstock_1959770014-1-768x768.jpg 768w, https:\/\/www.humanium.org\/fr\/wp-content\/uploads\/2025\/02\/Shutterstock_1959770014-1-830x830.jpg 830w, https:\/\/www.humanium.org\/fr\/wp-content\/uploads\/2025\/02\/Shutterstock_1959770014-1-230x230.jpg 230w, https:\/\/www.humanium.org\/fr\/wp-content\/uploads\/2025\/02\/Shutterstock_1959770014-1-350x350.jpg 350w, https:\/\/www.humanium.org\/fr\/wp-content\/uploads\/2025\/02\/Shutterstock_1959770014-1-480x480.jpg 480w, https:\/\/www.humanium.org\/fr\/wp-content\/uploads\/2025\/02\/Shutterstock_1959770014-1.jpg 900w\" sizes=\"auto, (max-width: 150px) 100vw, 150px\" \/><\/a><a href=\"https:\/\/www.humanium.org\/fr\/droit-des-mineurs\/\">Droit des mineurs<\/a><\/h2>\n<p style=\"margin-bottom: 10px;\">Le droit des mineurs est un domaine complexe et multiforme qui rel\u00e8ve d\u2019une pratique juridique s\u2019int\u00e9ressant au rapport entre le syst\u00e8me judiciaire et les besoins et circonstances propres aux mineurs.<\/p>\n<hr \/>\n<h2 style=\"margin-bottom: 10px;\"><a href=\"https:\/\/www.humanium.org\/fr\/justice-juvenile\/\"><img loading=\"lazy\" decoding=\"async\" class=\"wp-image-58027 alignleft\" src=\"https:\/\/www.humanium.org\/fr\/wp-content\/uploads\/2025\/01\/Shutterstock_2434644861-1-300x300.jpg\" alt=\"\" width=\"147\" height=\"147\" srcset=\"https:\/\/www.humanium.org\/fr\/wp-content\/uploads\/2025\/01\/Shutterstock_2434644861-1-300x300.jpg 300w, https:\/\/www.humanium.org\/fr\/wp-content\/uploads\/2025\/01\/Shutterstock_2434644861-1-150x150.jpg 150w, https:\/\/www.humanium.org\/fr\/wp-content\/uploads\/2025\/01\/Shutterstock_2434644861-1-768x768.jpg 768w, https:\/\/www.humanium.org\/fr\/wp-content\/uploads\/2025\/01\/Shutterstock_2434644861-1-830x830.jpg 830w, https:\/\/www.humanium.org\/fr\/wp-content\/uploads\/2025\/01\/Shutterstock_2434644861-1-230x230.jpg 230w, https:\/\/www.humanium.org\/fr\/wp-content\/uploads\/2025\/01\/Shutterstock_2434644861-1-350x350.jpg 350w, https:\/\/www.humanium.org\/fr\/wp-content\/uploads\/2025\/01\/Shutterstock_2434644861-1-480x480.jpg 480w, https:\/\/www.humanium.org\/fr\/wp-content\/uploads\/2025\/01\/Shutterstock_2434644861-1.jpg 900w\" sizes=\"auto, (max-width: 147px) 100vw, 147px\" \/>Justice juv\u00e9nile<\/a><\/h2>\n<p style=\"margin-bottom: 10px;\">Avec entre 1,3 et 1,5 million d\u2019enfants d\u00e9tenus chaque ann\u00e9e, les \u00e9checs des syst\u00e8mes de justice pour mineurs sont \u00e9vidents. Les \u00c9tats doivent appliquer les principes de la justice pour mineurs afin de prot\u00e9ger les enfants des conditions de d\u00e9tention violentes.<\/p>\n<hr \/>\n<h2 style=\"margin-bottom: 10px;\"><a href=\"https:\/\/www.humanium.org\/fr\/enfants-detenus\/\"><img loading=\"lazy\" decoding=\"async\" class=\"wp-image-58086 alignleft\" src=\"https:\/\/www.humanium.org\/fr\/wp-content\/uploads\/2025\/02\/Shutterstock_366005588-300x300.jpg\" alt=\"\" width=\"144\" height=\"144\" srcset=\"https:\/\/www.humanium.org\/fr\/wp-content\/uploads\/2025\/02\/Shutterstock_366005588-300x300.jpg 300w, https:\/\/www.humanium.org\/fr\/wp-content\/uploads\/2025\/02\/Shutterstock_366005588-150x150.jpg 150w, https:\/\/www.humanium.org\/fr\/wp-content\/uploads\/2025\/02\/Shutterstock_366005588-768x768.jpg 768w, https:\/\/www.humanium.org\/fr\/wp-content\/uploads\/2025\/02\/Shutterstock_366005588-830x830.jpg 830w, https:\/\/www.humanium.org\/fr\/wp-content\/uploads\/2025\/02\/Shutterstock_366005588-230x230.jpg 230w, https:\/\/www.humanium.org\/fr\/wp-content\/uploads\/2025\/02\/Shutterstock_366005588-350x350.jpg 350w, https:\/\/www.humanium.org\/fr\/wp-content\/uploads\/2025\/02\/Shutterstock_366005588-480x480.jpg 480w, https:\/\/www.humanium.org\/fr\/wp-content\/uploads\/2025\/02\/Shutterstock_366005588.jpg 900w\" sizes=\"auto, (max-width: 144px) 100vw, 144px\" \/>Enfants d\u00e9tenus<\/a><\/h2>\n<p style=\"margin-bottom: 1px;\">Le nombre significatif d\u2019enfants en d\u00e9tention souligne le besoin urgent d\u2019une sensibilisation accrue et d\u2019efforts concert\u00e9s pour prot\u00e9ger les droits et le bien-\u00eatre de ces jeunes en situation de vuln\u00e9rabilit\u00e9.<\/p>\n<hr \/>\n<h2 style=\"margin-bottom: 10px;\"><img loading=\"lazy\" decoding=\"async\" class=\" wp-image-58354 alignleft\" src=\"https:\/\/www.humanium.org\/fr\/wp-content\/uploads\/2025\/04\/Shutterstock_1095110036-1-300x300.jpg\" alt=\"\" width=\"140\" height=\"140\" srcset=\"https:\/\/www.humanium.org\/fr\/wp-content\/uploads\/2025\/04\/Shutterstock_1095110036-1-300x300.jpg 300w, https:\/\/www.humanium.org\/fr\/wp-content\/uploads\/2025\/04\/Shutterstock_1095110036-1-150x150.jpg 150w, https:\/\/www.humanium.org\/fr\/wp-content\/uploads\/2025\/04\/Shutterstock_1095110036-1-768x768.jpg 768w, https:\/\/www.humanium.org\/fr\/wp-content\/uploads\/2025\/04\/Shutterstock_1095110036-1-830x830.jpg 830w, https:\/\/www.humanium.org\/fr\/wp-content\/uploads\/2025\/04\/Shutterstock_1095110036-1-230x230.jpg 230w, https:\/\/www.humanium.org\/fr\/wp-content\/uploads\/2025\/04\/Shutterstock_1095110036-1-350x350.jpg 350w, https:\/\/www.humanium.org\/fr\/wp-content\/uploads\/2025\/04\/Shutterstock_1095110036-1-480x480.jpg 480w, https:\/\/www.humanium.org\/fr\/wp-content\/uploads\/2025\/04\/Shutterstock_1095110036-1.jpg 900w\" sizes=\"auto, (max-width: 140px) 100vw, 140px\" \/><a href=\"https:\/\/www.humanium.org\/fr\/droits-de-lenfant-et-la-maternite-de-substitution\/\">La maternit\u00e9 de substitution<\/a><\/h2>\n<p style=\"margin-bottom: 1px;\">La maternit\u00e9 de substitution est un accord dans lequel une femme s\u2019engage \u00e0 porter et \u00e0 mettre au monde l\u2019enfant d\u2019une autre personne ou d\u2019un autre couple. Le processus est facilit\u00e9 par des technologies nouvelles qui offrent aux futurs parents la possibilit\u00e9 d\u2019avoir des enfants biologiques malgr\u00e9 les complications existantes.<\/p>\n<div id=\"voir_aussi_box\" style=\"display: none;\">\n<ul>\n<li><a title=\"Pas d'enfant derri\u00e8re les barreaux\" href=\"http:\/\/www.dei-belgique.be\/\">DEI Belgique<\/a><\/li>\n<li><a title=\"International detention coalition\" href=\"http:\/\/www.crin.org\/docs\/Campaign%20endorsment%20FR%20Version.pdf\" target=\"_blank\" rel=\"noopener noreferrer\">International Detention coalition : p\u00e9tition contre l\u2019emprisonnement d\u2019enfants pour des raisons d\u2019immigration <\/a><\/li>\n<\/ul>\n<\/div>\n<div id=\"voir_aussi_box\" style=\"display: none;\">\n<ul>\n<li><a title=\"Pas d'enfant derri\u00e8re les barreaux\" href=\"http:\/\/www.dei-belgique.be\/\">DEI Belgique<\/a><\/li>\n<li><a title=\"International detention coalition\" href=\"http:\/\/www.crin.org\/docs\/Campaign%20endorsment%20FR%20Version.pdf\" target=\"_blank\" rel=\"noopener noreferrer\">International Detention coalition : p\u00e9tition contre l\u2019emprisonnement d\u2019enfants pour des raisons d\u2019immigration <\/a><\/li>\n<\/ul>\n<\/div>\n","protected":false},"excerpt":{"rendered":"<p>Justice des enfants Qu&rsquo;est-ce que la justice ? La justice des enfants englobe les mesures juridiques visant \u00e0 prot\u00e9ger les droits et le bien-\u00eatre des enfants, au-del\u00e0 du contexte p\u00e9nal. Elle inclut des principes de justice adapt\u00e9e aux enfants d\u00e9finis par des normes internationales et couvrant les proc\u00e9dures judiciaires non p\u00e9nales. R\u00e8gles internationales de la [&hellip;]<\/p>\n","protected":false},"author":65,"featured_media":0,"parent":0,"menu_order":0,"comment_status":"closed","ping_status":"closed","template":"","meta":{"footnotes":""},"class_list":["post-22860","page","type-page","status-publish","hentry"],"yoast_head":"<!-- This site is optimized with the Yoast SEO plugin v28.3 - https:\/\/yoast.com\/product\/yoast-seo-wordpress\/ -->\n<title>Justice des Enfants - Humanium<\/title>\n<meta name=\"robots\" content=\"index, follow, max-snippet:-1, max-image-preview:large, max-video-preview:-1\" \/>\n<link rel=\"canonical\" href=\"https:\/\/www.humanium.org\/fr\/justice\/\" \/>\n<meta property=\"og:locale\" content=\"fr_FR\" \/>\n<meta property=\"og:type\" content=\"article\" \/>\n<meta property=\"og:title\" content=\"Justice des Enfants - Humanium\" \/>\n<meta property=\"og:description\" content=\"Justice des enfants Qu&rsquo;est-ce que la justice ? La justice des enfants englobe les mesures juridiques visant \u00e0 prot\u00e9ger les droits et le bien-\u00eatre des enfants, au-del\u00e0 du contexte p\u00e9nal. Elle inclut des principes de justice adapt\u00e9e aux enfants d\u00e9finis par des normes internationales et couvrant les proc\u00e9dures judiciaires non p\u00e9nales. R\u00e8gles internationales de la [&hellip;]\" \/>\n<meta property=\"og:url\" content=\"https:\/\/www.humanium.org\/fr\/justice\/\" \/>\n<meta property=\"og:site_name\" content=\"Humanium\" \/>\n<meta property=\"article:modified_time\" content=\"2025-12-05T07:06:30+00:00\" \/>\n<meta property=\"og:image\" content=\"https:\/\/www.humanium.org\/fr\/wp-content\/uploads\/2025\/02\/Shutterstock_752997244-1.jpg\" \/>\n\t<meta property=\"og:image:width\" content=\"900\" \/>\n\t<meta property=\"og:image:height\" content=\"900\" \/>\n\t<meta property=\"og:image:type\" content=\"image\/jpeg\" \/>\n<meta name=\"twitter:card\" content=\"summary_large_image\" \/>\n<meta name=\"twitter:label1\" content=\"Dur\u00e9e de lecture estim\u00e9e\" \/>\n\t<meta name=\"twitter:data1\" content=\"4 minutes\" \/>\n<script type=\"application\/ld+json\" class=\"yoast-schema-graph\">{\"@context\":\"https:\\\/\\\/schema.org\",\"@graph\":[{\"@type\":\"WebPage\",\"@id\":\"https:\\\/\\\/www.humanium.org\\\/fr\\\/justice\\\/\",\"url\":\"https:\\\/\\\/www.humanium.org\\\/fr\\\/justice\\\/\",\"name\":\"Justice des Enfants - Humanium\",\"isPartOf\":{\"@id\":\"https:\\\/\\\/www.humanium.org\\\/fr\\\/#website\"},\"primaryImageOfPage\":{\"@id\":\"https:\\\/\\\/www.humanium.org\\\/fr\\\/justice\\\/#primaryimage\"},\"image\":{\"@id\":\"https:\\\/\\\/www.humanium.org\\\/fr\\\/justice\\\/#primaryimage\"},\"thumbnailUrl\":\"https:\\\/\\\/www.humanium.org\\\/fr\\\/wp-content\\\/uploads\\\/2025\\\/02\\\/Shutterstock_752997244-1-300x300.jpg\",\"datePublished\":\"2012-07-27T15:30:20+00:00\",\"dateModified\":\"2025-12-05T07:06:30+00:00\",\"breadcrumb\":{\"@id\":\"https:\\\/\\\/www.humanium.org\\\/fr\\\/justice\\\/#breadcrumb\"},\"inLanguage\":\"fr-FR\",\"potentialAction\":[{\"@type\":\"ReadAction\",\"target\":[\"https:\\\/\\\/www.humanium.org\\\/fr\\\/justice\\\/\"]}]},{\"@type\":\"ImageObject\",\"inLanguage\":\"fr-FR\",\"@id\":\"https:\\\/\\\/www.humanium.org\\\/fr\\\/justice\\\/#primaryimage\",\"url\":\"https:\\\/\\\/www.humanium.org\\\/fr\\\/wp-content\\\/uploads\\\/2025\\\/02\\\/Shutterstock_752997244-1.jpg\",\"contentUrl\":\"https:\\\/\\\/www.humanium.org\\\/fr\\\/wp-content\\\/uploads\\\/2025\\\/02\\\/Shutterstock_752997244-1.jpg\",\"width\":900,\"height\":900},{\"@type\":\"BreadcrumbList\",\"@id\":\"https:\\\/\\\/www.humanium.org\\\/fr\\\/justice\\\/#breadcrumb\",\"itemListElement\":[{\"@type\":\"ListItem\",\"position\":1,\"name\":\"Home\",\"item\":\"https:\\\/\\\/www.humanium.org\\\/fr\\\/\"},{\"@type\":\"ListItem\",\"position\":2,\"name\":\"Justice des Enfants\"}]},{\"@type\":\"WebSite\",\"@id\":\"https:\\\/\\\/www.humanium.org\\\/fr\\\/#website\",\"url\":\"https:\\\/\\\/www.humanium.org\\\/fr\\\/\",\"name\":\"Humanium\",\"description\":\"Les enfants d\u2019abord !\",\"potentialAction\":[{\"@type\":\"SearchAction\",\"target\":{\"@type\":\"EntryPoint\",\"urlTemplate\":\"https:\\\/\\\/www.humanium.org\\\/fr\\\/?s={search_term_string}\"},\"query-input\":{\"@type\":\"PropertyValueSpecification\",\"valueRequired\":true,\"valueName\":\"search_term_string\"}}],\"inLanguage\":\"fr-FR\"}]}<\/script>\n<!-- \/ Yoast SEO plugin. -->","yoast_head_json":{"title":"Justice des Enfants - Humanium","robots":{"index":"index","follow":"follow","max-snippet":"max-snippet:-1","max-image-preview":"max-image-preview:large","max-video-preview":"max-video-preview:-1"},"canonical":"https:\/\/www.humanium.org\/fr\/justice\/","og_locale":"fr_FR","og_type":"article","og_title":"Justice des Enfants - Humanium","og_description":"Justice des enfants Qu&rsquo;est-ce que la justice ? La justice des enfants englobe les mesures juridiques visant \u00e0 prot\u00e9ger les droits et le bien-\u00eatre des enfants, au-del\u00e0 du contexte p\u00e9nal. Elle inclut des principes de justice adapt\u00e9e aux enfants d\u00e9finis par des normes internationales et couvrant les proc\u00e9dures judiciaires non p\u00e9nales. R\u00e8gles internationales de la [&hellip;]","og_url":"https:\/\/www.humanium.org\/fr\/justice\/","og_site_name":"Humanium","article_modified_time":"2025-12-05T07:06:30+00:00","og_image":[{"width":900,"height":900,"url":"https:\/\/www.humanium.org\/fr\/wp-content\/uploads\/2025\/02\/Shutterstock_752997244-1.jpg","type":"image\/jpeg"}],"twitter_card":"summary_large_image","twitter_misc":{"Dur\u00e9e de lecture estim\u00e9e":"4 minutes"},"schema":{"@context":"https:\/\/schema.org","@graph":[{"@type":"WebPage","@id":"https:\/\/www.humanium.org\/fr\/justice\/","url":"https:\/\/www.humanium.org\/fr\/justice\/","name":"Justice des Enfants - Humanium","isPartOf":{"@id":"https:\/\/www.humanium.org\/fr\/#website"},"primaryImageOfPage":{"@id":"https:\/\/www.humanium.org\/fr\/justice\/#primaryimage"},"image":{"@id":"https:\/\/www.humanium.org\/fr\/justice\/#primaryimage"},"thumbnailUrl":"https:\/\/www.humanium.org\/fr\/wp-content\/uploads\/2025\/02\/Shutterstock_752997244-1-300x300.jpg","datePublished":"2012-07-27T15:30:20+00:00","dateModified":"2025-12-05T07:06:30+00:00","breadcrumb":{"@id":"https:\/\/www.humanium.org\/fr\/justice\/#breadcrumb"},"inLanguage":"fr-FR","potentialAction":[{"@type":"ReadAction","target":["https:\/\/www.humanium.org\/fr\/justice\/"]}]},{"@type":"ImageObject","inLanguage":"fr-FR","@id":"https:\/\/www.humanium.org\/fr\/justice\/#primaryimage","url":"https:\/\/www.humanium.org\/fr\/wp-content\/uploads\/2025\/02\/Shutterstock_752997244-1.jpg","contentUrl":"https:\/\/www.humanium.org\/fr\/wp-content\/uploads\/2025\/02\/Shutterstock_752997244-1.jpg","width":900,"height":900},{"@type":"BreadcrumbList","@id":"https:\/\/www.humanium.org\/fr\/justice\/#breadcrumb","itemListElement":[{"@type":"ListItem","position":1,"name":"Home","item":"https:\/\/www.humanium.org\/fr\/"},{"@type":"ListItem","position":2,"name":"Justice des Enfants"}]},{"@type":"WebSite","@id":"https:\/\/www.humanium.org\/fr\/#website","url":"https:\/\/www.humanium.org\/fr\/","name":"Humanium","description":"Les enfants d\u2019abord !","potentialAction":[{"@type":"SearchAction","target":{"@type":"EntryPoint","urlTemplate":"https:\/\/www.humanium.org\/fr\/?s={search_term_string}"},"query-input":{"@type":"PropertyValueSpecification","valueRequired":true,"valueName":"search_term_string"}}],"inLanguage":"fr-FR"}]}},"_links":{"self":[{"href":"https:\/\/www.humanium.org\/fr\/wp-json\/wp\/v2\/pages\/22860","targetHints":{"allow":["GET"]}}],"collection":[{"href":"https:\/\/www.humanium.org\/fr\/wp-json\/wp\/v2\/pages"}],"about":[{"href":"https:\/\/www.humanium.org\/fr\/wp-json\/wp\/v2\/types\/page"}],"author":[{"embeddable":true,"href":"https:\/\/www.humanium.org\/fr\/wp-json\/wp\/v2\/users\/65"}],"replies":[{"embeddable":true,"href":"https:\/\/www.humanium.org\/fr\/wp-json\/wp\/v2\/comments?post=22860"}],"version-history":[{"count":30,"href":"https:\/\/www.humanium.org\/fr\/wp-json\/wp\/v2\/pages\/22860\/revisions"}],"predecessor-version":[{"id":59131,"href":"https:\/\/www.humanium.org\/fr\/wp-json\/wp\/v2\/pages\/22860\/revisions\/59131"}],"wp:attachment":[{"href":"https:\/\/www.humanium.org\/fr\/wp-json\/wp\/v2\/media?parent=22860"}],"curies":[{"name":"wp","href":"https:\/\/api.w.org\/{rel}","templated":true}]}}