{"id":2354,"date":"2010-07-23T14:08:03","date_gmt":"2010-07-23T14:08:03","guid":{"rendered":"http:\/\/www.humanium.org\/fr\/"},"modified":"2026-08-20T17:24:46","modified_gmt":"2026-08-20T17:24:46","slug":"travail-des-enfants","status":"publish","type":"page","link":"https:\/\/www.humanium.org\/fr\/travail-des-enfants\/","title":{"rendered":"Le travail des enfants"},"content":{"rendered":"\n<p class=\"wp-block-paragraph\"><strong>Au cours de la derni\u00e8re d\u00e9cennie, le travail infantile a diminu\u00e9 de 38 %&nbsp;; cependant, 152 millions d\u2019enfants en sont encore victimes et <\/strong><a href=\"https:\/\/www.humanium.org\/fr\/coronavirus-un-guide-pour-enfants-en-5-questions\/\"><strong>la pand\u00e9mie du Covid-19<\/strong><\/a><strong> a exacerb\u00e9 la situation. Le travail infantile s\u2019est \u00e9tendu dans beaucoup de domaines \u00e0 travers le monde, s\u2019op\u00e9rant souvent dans des secteurs vari\u00e9s, qui peuvent avoir des impacts n\u00e9gatifs sur le bien-\u00eatre des enfants sur le plan de l\u2019\u00e9ducation, de la sant\u00e9 et sur le plan psychologique. Il y a des facteurs vari\u00e9s au travail infantile tels que la pauvret\u00e9, les conflits arm\u00e9s, les lois et r\u00e8glements inadapt\u00e9s, les in\u00e9galit\u00e9s sociales, la discrimination et les traditions culturelles ancr\u00e9es pour n\u2019en nommer que quelques-unes.<\/strong><\/p>\n\n\n\n<figure class=\"wp-block-image size-large\"><img loading=\"lazy\" decoding=\"async\" width=\"1024\" height=\"683\" src=\"https:\/\/www.humanium.org\/fr\/wp-content\/uploads\/2021\/11\/shutterstock_1383560885-1-1024x683.jpg\" alt=\"\" class=\"wp-image-51330\" srcset=\"https:\/\/www.humanium.org\/fr\/wp-content\/uploads\/2021\/11\/shutterstock_1383560885-1-1024x683.jpg 1024w, https:\/\/www.humanium.org\/fr\/wp-content\/uploads\/2021\/11\/shutterstock_1383560885-1-300x200.jpg 300w, https:\/\/www.humanium.org\/fr\/wp-content\/uploads\/2021\/11\/shutterstock_1383560885-1-768x512.jpg 768w, https:\/\/www.humanium.org\/fr\/wp-content\/uploads\/2021\/11\/shutterstock_1383560885-1-1536x1024.jpg 1536w, https:\/\/www.humanium.org\/fr\/wp-content\/uploads\/2021\/11\/shutterstock_1383560885-1-2048x1365.jpg 2048w, https:\/\/www.humanium.org\/fr\/wp-content\/uploads\/2021\/11\/shutterstock_1383560885-1-830x553.jpg 830w, https:\/\/www.humanium.org\/fr\/wp-content\/uploads\/2021\/11\/shutterstock_1383560885-1-230x153.jpg 230w, https:\/\/www.humanium.org\/fr\/wp-content\/uploads\/2021\/11\/shutterstock_1383560885-1-350x233.jpg 350w, https:\/\/www.humanium.org\/fr\/wp-content\/uploads\/2021\/11\/shutterstock_1383560885-1-480x320.jpg 480w, https:\/\/www.humanium.org\/fr\/wp-content\/uploads\/2021\/11\/shutterstock_1383560885-1-272x182.jpg 272w\" sizes=\"auto, (max-width: 1024px) 100vw, 1024px\" \/><\/figure>\n\n\n\n<h2 class=\"wp-block-heading\"><strong>D\u00e9finir le travail infantile<\/strong><\/h2>\n\n\n\n<p class=\"wp-block-paragraph\">L\u2019Organisation Internationale du Travail (OIT) d\u00e9finit le travail infantile comme <em>\u00ab<\/em> <em>un travail qui est mentalement, physiquement ou moralement dangereux et nuisible aux enfants&nbsp;; et\/ou interf\u00e8re avec leur scolarit\u00e9 en les privant de l\u2019opportunit\u00e9 d\u2019aller \u00e0 l\u2019\u00e9cole&nbsp;; les obligeant \u00e0 quitter l\u2019\u00e9cole pr\u00e9matur\u00e9ment ou exigeant d\u2019eux de tenter de combiner la fr\u00e9quentation scolaire avec un travail excessivement lourd et long&nbsp;\u00bb (OIT s.o.).<\/em><\/p>\n\n\n\n<p class=\"wp-block-paragraph\">Toutes les formes de travail exerc\u00e9es par les enfants ne sont pas consid\u00e9r\u00e9es comme du travail infantile. Cela varie d\u2019un pays \u00e0 l\u2019autre et d\u00e9pend de l\u2019\u00e2ge de l\u2019enfant, du type de travail effectu\u00e9, du nombre d\u2019heures prest\u00e9es, des conditions sous lesquelles ils ex\u00e9cutent leur travail et si cela interf\u00e8re avec leur scolarit\u00e9. Il y a des activit\u00e9s pour lesquelles les enfants peuvent \u00eatre recrut\u00e9s &#8211; telles qu\u2019 aider leur famille \u00e0 la maison ou aider dans l\u2019entreprise familiale pour gagner de l\u2019argent de poche durant les vacances <a href=\"https:\/\/www.humanium.org\/fr\/comprendre-droits-enfant\/droit-a-l-education\/\">scolaires<\/a> &#8211; cela peut \u00eatre positif pour leur <a href=\"https:\/\/www.humanium.org\/fr\/le-developpement-de-la-petite-enfance-la-fondation-pour-une-societe-durable-et-prospere\/\">d\u00e9veloppement<\/a> et fournir aux enfants des comp\u00e9tences et de l\u2019exp\u00e9rience afin de les pr\u00e9parer \u00e0 l\u2019\u00e2ge adulte (OIT).<\/p>\n\n\n\n<h2 class=\"wp-block-heading\"><strong>D\u00e9finir les \u00ab&nbsp;pires formes&nbsp;\u00bb de travail infantile<\/strong><\/h2>\n\n\n\n<p class=\"wp-block-paragraph\">Selon <a href=\"https:\/\/www.humanium.org\/fr\/normes\/convention-c182-pires-formes-travail-enfants-1999\/\">l\u2019article 3 de la Convention de l\u2019OIT n\u00b0 182<\/a>, les pires formes du travail infantile sont d\u00e9finies comme suit (OIT 1999)&nbsp;:<\/p>\n\n\n\n<ul class=\"wp-block-list\"><li><em>toutes formes d\u2019esclavage ou pratiques similaires \u00e0 de l\u2019esclavage, telles que la vente ou le trafic d\u2019enfants<\/em>, <em>esclavage pour dettes et servitude et travail forc\u00e9 et obligatoire, incluant le recrutement forc\u00e9 et obligatoire des enfants pour servir dans les conflits arm\u00e9s<\/em>&nbsp;;<\/li><li><em>l\u2019utilisation, la procuration ou l\u2019offrande d\u2019un enfant \u00e0 la prostitution, pour la production de pornographie ou pour des performances pornographiques&nbsp;;<\/em><\/li><li><em>l\u2019utilisation, la procuration ou l\u2019offrande d\u2019un enfant pour des activit\u00e9s illicites, en particulier pour la production et le trafic de drogues&nbsp; comme d\u00e9finis dans les trait\u00e9s internationaux pertinents&nbsp;;<\/em><\/li><li><em>un travail qui, par sa nature ou les circonstances dans lesquelles il est r\u00e9alis\u00e9, est susceptible de nuire \u00e0 la sant\u00e9, \u00e0 la s\u00e9curit\u00e9 ou aux m\u0153urs des enfants.<\/em><\/li><\/ul>\n\n\n\n<p class=\"wp-block-paragraph\">Les pires formes de travail infantile incluent (OIT)&nbsp;:<\/p>\n\n\n\n<ul class=\"wp-block-list\"><li><a href=\"https:\/\/www.humanium.org\/fr\/trafic-enfants\/\">le trafic d\u2019enfants<\/a><\/li><li><a href=\"https:\/\/www.humanium.org\/fr\/exploitation-sexuelle-enfants\/\">l\u2019exploitation sexuelle<\/a> (qui regroupe la pornographie et la prostitution)<\/li><li>le trafic de drogues<\/li><li>la servitude pour dettes (aussi qualifi\u00e9 de travail en servitude)<\/li><li>l\u2019esclavage<\/li><li>le travail forc\u00e9<\/li><li><a href=\"https:\/\/www.humanium.org\/fr\/la-mendicite-des-enfants-au-senegal-une-entrave-aux-droits-fondamentaux\/\">la mendicit\u00e9 infantile<\/a> organis\u00e9e<\/li><\/ul>\n\n\n\n<h2 class=\"wp-block-heading\"><strong>D\u00e9finir le \u00ab&nbsp;travail dangereux des enfants&nbsp;\u00bb<\/strong><\/h2>\n\n\n\n<p class=\"wp-block-paragraph\">Le travail dangereux des enfants est d\u00e9fini selon <a href=\"https:\/\/www.humanium.org\/fr\/normes\/convention-c182-pires-formes-travail-enfants-1999\/\">l\u2019Article 3 (d) de la Convention de l\u2019OIT n\u00b0 182<\/a> comme <em>\u00ab&nbsp;un travail qui, par sa nature ou les circonstances dans lesquelles il est effectu\u00e9, est susceptible de nuire \u00e0 la sant\u00e9, la s\u00e9curit\u00e9 et aux m\u0153urs des enfants&nbsp;\u00bb (OIT). <\/em>Le travail infantile est consid\u00e9r\u00e9 comme dangereux quand un enfant travaille dans un environnement <a href=\"https:\/\/www.humanium.org\/fr\/comprendre-droits-enfant\/droit-a-la-sante\/\">malsain<\/a> et dangereux o\u00f9 ils risquent de tomber malade, d\u2019\u00eatre bless\u00e9s <a href=\"https:\/\/www.humanium.org\/fr\/le-developpement-de-la-petite-enfance-la-fondation-pour-une-societe-durable-et-prospere\/\">psychologiquement<\/a> et physiquement et, dans certains cas, de mourir (OIT).<\/p>\n\n\n\n<p class=\"wp-block-paragraph\">Le travail infantile dangereux est la plus grande cat\u00e9gorie de travail infantile. On estime qu\u2019approximativement 73 millions d\u2019enfants travaillent dans des environnements dangereux qui incluent les secteurs de la <a href=\"https:\/\/www.humanium.org\/fr\/limpact-de-la-covid-19-sur-le-travail-des-enfants-dans-les-mines-de-cobalt-en-rdc\/\">mine<\/a>, de l\u2019agriculture, de la manufacture et le secteur de la construction, incluant le travail dans les bars, les nightclubs, les restaurants, les magasins et les services domestiques.&nbsp; Des conditions de travail dangereuses peuvent cr\u00e9er des maladies chroniques qui ne peuvent se d\u00e9velopper jusqu\u2019\u00e0 plus tard dans l\u2019\u00e2ge adulte (OIT).<\/p>\n\n\n\n<h2 class=\"wp-block-heading\"><strong>D\u00e9finir le travail infantile \u00ab&nbsp;forc\u00e9&nbsp;\u00bb<\/strong><\/h2>\n\n\n\n<p class=\"wp-block-paragraph\">Selon la loi internationale, le travail \u00ab\u00a0forc\u00e9\u00a0\u00bb est d\u00e9fini comme \u00ab <em>un travail ou un service qui est ex\u00e9cut\u00e9 sous la menace d\u2019une personne ou d\u2019une menace d\u2019aucune sanction pour sa non-ex\u00e9cution ou pour lequel le travailleur ne doit pas s\u2019offrir lui-m\u00eame volontairement <\/em>\u00bb<em>. (Thevenon &amp; Edmonds 2019). <\/em><\/p>\n\n\n\n<div class=\"wp-block-image\"><figure class=\"alignleft size-large is-resized\"><img loading=\"lazy\" decoding=\"async\" src=\"https:\/\/www.humanium.org\/fr\/wp-content\/uploads\/2021\/11\/shutterstock_1110651128-1024x683.jpg\" alt=\"\" class=\"wp-image-51331\" width=\"357\" height=\"238\" srcset=\"https:\/\/www.humanium.org\/fr\/wp-content\/uploads\/2021\/11\/shutterstock_1110651128-1024x683.jpg 1024w, https:\/\/www.humanium.org\/fr\/wp-content\/uploads\/2021\/11\/shutterstock_1110651128-300x200.jpg 300w, https:\/\/www.humanium.org\/fr\/wp-content\/uploads\/2021\/11\/shutterstock_1110651128-768x512.jpg 768w, https:\/\/www.humanium.org\/fr\/wp-content\/uploads\/2021\/11\/shutterstock_1110651128-1536x1024.jpg 1536w, https:\/\/www.humanium.org\/fr\/wp-content\/uploads\/2021\/11\/shutterstock_1110651128-2048x1365.jpg 2048w, https:\/\/www.humanium.org\/fr\/wp-content\/uploads\/2021\/11\/shutterstock_1110651128-830x553.jpg 830w, https:\/\/www.humanium.org\/fr\/wp-content\/uploads\/2021\/11\/shutterstock_1110651128-230x153.jpg 230w, https:\/\/www.humanium.org\/fr\/wp-content\/uploads\/2021\/11\/shutterstock_1110651128-350x233.jpg 350w, https:\/\/www.humanium.org\/fr\/wp-content\/uploads\/2021\/11\/shutterstock_1110651128-480x320.jpg 480w, https:\/\/www.humanium.org\/fr\/wp-content\/uploads\/2021\/11\/shutterstock_1110651128-272x182.jpg 272w\" sizes=\"auto, (max-width: 357px) 100vw, 357px\" \/><\/figure><\/div>\n\n\n\n<p class=\"wp-block-paragraph\">Il peut prendre 2 formes\u00a0: (1) les enfants sont forc\u00e9s de travailler par leurs parents<em>\/<\/em>leurs tuteurs et leurs parents sont conscients de leurs conditions de travail\u00a0; (2) les enfants sont forc\u00e9s de travailler \u00e0 la suite d\u2019un trafic, d\u2019une contrainte ou d\u2019un recrutement fallacieux. Selon la derni\u00e8re cat\u00e9gorie, ces enfants peuvent avoir migr\u00e9s seuls ou avoir \u00e9t\u00e9 victimes d\u2019un trafic d\u2019\u00eatres humains, laissant leurs parents ignorant au sujet de leurs conditions de travail (Thevenon &amp; Edmonds 2019).<\/p>\n\n\n\n<p class=\"wp-block-paragraph\">Il y a 3 cat\u00e9gories principales de travail forc\u00e9 (Thevenon &amp; Edmonds, 2019)&nbsp;:<\/p>\n\n\n\n<ol class=\"wp-block-list\" type=\"1\"><li>L\u2019exploitation qui inclut l\u2019esclavage, les pratiques apparent\u00e9es \u00e0 l\u2019esclavage, le travail domestique forc\u00e9 et le travail en servitude.<\/li><li>L\u2019<a href=\"https:\/\/www.humanium.org\/fr\/exploitation-sexuelle-enfants\/\">Exploitation sexuelle<\/a> commerciale<\/li><li>Le travail forc\u00e9 impos\u00e9 par l\u2019\u00e9tat<\/li><\/ol>\n\n\n\n<h2 class=\"wp-block-heading\"><strong>Estimations mondiales du travail des enfants<\/strong><\/h2>\n\n\n\n<p class=\"wp-block-paragraph\">Les estimations mondiales du travail des enfants comme le rapporte l\u2019OIT au d\u00e9but de l\u2019ann\u00e9e 2020 \u00e9taient de 160 millions d\u2019enfants &#8211; 97 millions de gar\u00e7ons et 63 millions de filles engag\u00e9s dans le travail infantile. Sur 160 millions d\u2019enfants, 79 millions d\u2019enfants \u00e9taient engag\u00e9s dans un travail dangereux (OIT, 2020).<\/p>\n\n\n\n<p class=\"wp-block-paragraph\">Selon un rapport de l\u2019OIT de 2019, approximativement 9 enfants sur 10 impliqu\u00e9s dans du travail infantile vivent en Afrique, <a href=\"https:\/\/www.humanium.org\/fr\/asie-pacifique\/\">en Asie et dans le Pacifique<\/a>. <a href=\"https:\/\/www.humanium.org\/fr\/afrique\/\">L\u2019Afrique<\/a> est le continent qui poss\u00e8de le plus haut niveau, o\u00f9 un enfant sur 5 est impliqu\u00e9 dans du travail infantile (Thevenon &amp; Edmonds, 2019).<\/p>\n\n\n\n<p class=\"wp-block-paragraph\">Globalement, la progression du travail infantile reste in\u00e9gale.<a href=\"https:\/\/www.humanium.org\/fr\/afrique\/\"> En Afrique<\/a>, 72 millions d\u2019enfants sont engag\u00e9s dans le travail infantile et 62 millions <a href=\"https:\/\/www.humanium.org\/fr\/asie-pacifique\/\">en Asie et dans le Pacifique<\/a>. Globalement, 70 % des enfants engag\u00e9s dans le travail infantile travaillent dans le secteur de l\u2019agriculture, principalement dans l\u2019\u00e9levage, et dans l\u2019agriculture de subsistance et commerciale (OIT, 2021).<\/p>\n\n\n\n<h2 class=\"wp-block-heading\"><strong>Les facteurs du travail infantile<\/strong><\/h2>\n\n\n\n<p class=\"wp-block-paragraph\">Malgr\u00e9 les lois et les r\u00e8glements qui prot\u00e8gent les enfants du travail infantile, il existe toujours bel et bien. Globalement, il y a de nombreuses raisons qui poussent les enfants \u00e0 travailler, <a href=\"https:\/\/www.humanium.org\/fr\/pauvrete\/\">la pauvret\u00e9<\/a> est le plus grand facteur qui encourage le travail infantile. Les causes principales du travail infantile sont&nbsp;:<\/p>\n\n\n\n<h3 class=\"wp-block-heading\">1. <a href=\"https:\/\/www.humanium.org\/fr\/pauvrete\/\">La pauvret\u00e9<\/a> et le ch\u00f4mage<\/h3>\n\n\n\n<p class=\"wp-block-paragraph\">Les enfants doivent soutenir leurs parents et leur survie d\u00e9pend de leur travail. Les bandes criminelles et les trafiquants tirent profit de cette situation.<\/p>\n\n\n\n<h3 class=\"wp-block-heading\">2. Des syst\u00e8mes <a href=\"https:\/\/www.humanium.org\/fr\/comprendre-droits-enfant\/droit-a-l-education\/?gclid=EAIaIQobChMIqumxmoau8wIVDaWyCh34UAkwEAAYASAAEgILr_D_BwE\">\u00e9ducationnels<\/a> faibles ou inad\u00e9quats<\/h3>\n\n\n\n<p class=\"wp-block-paragraph\">Les syst\u00e8mes <a href=\"https:\/\/www.humanium.org\/fr\/comprendre-droits-enfant\/droit-a-l-education\/?gclid=EAIaIQobChMIqumxmoau8wIVDaWyCh34UAkwEAAYASAAEgILr_D_BwE\">\u00e9ducationnels<\/a> faibles ou inad\u00e9quats jouent un r\u00f4le significatif sur le travail infantile. Les communaut\u00e9s qui ont des syst\u00e8mes \u00e9ducationnels inad\u00e9quats, incluant un manque de professeurs et de ressources, cr\u00e9ent un environnement instable dans lequel les enfants n\u2019ont pas acc\u00e8s \u00e0 l\u2019<a href=\"https:\/\/www.humanium.org\/fr\/comprendre-droits-enfant\/droit-a-l-education\/?gclid=EAIaIQobChMIqumxmoau8wIVDaWyCh34UAkwEAAYASAAEgILr_D_BwE\">\u00e9ducation<\/a>, qui, de cette mani\u00e8re, les poussent vers le travail infantile. Certaines familles sont incapables de supporter les frais de <a href=\"https:\/\/www.humanium.org\/fr\/comprendre-droits-enfant\/droit-a-l-education\/?gclid=EAIaIQobChMIqumxmoau8wIVDaWyCh34UAkwEAAYASAAEgILr_D_BwE\">scolarit\u00e9<\/a>, les poussant vers le travail infantile consid\u00e9r\u00e9 comme un usage plus lucratif du temps des enfants. Certaines cultures encouragent moins les filles \u00e0 aller \u00e0 l\u2019<a href=\"https:\/\/www.humanium.org\/fr\/comprendre-droits-enfant\/droit-a-l-education\/?gclid=EAIaIQobChMIqumxmoau8wIVDaWyCh34UAkwEAAYASAAEgILr_D_BwE\">\u00e9cole<\/a> et pr\u00e9f\u00e8rent pr\u00e9parer les filles \u00e0 s\u2019occuper des t\u00e2ches m\u00e9nag\u00e8res (OIT).<\/p>\n\n\n\n<h3 class=\"wp-block-heading\">3. Des <a href=\"https:\/\/www.humanium.org\/fr\/pratiques-culturelles\/\">traditions culturelles<\/a> enracin\u00e9es et des attitudes autour du travail infantile<\/h3>\n\n\n\n<p class=\"wp-block-paragraph\">Diff\u00e9rentes normes culturelles \u00e0 travers le monde encouragent tacitement le travail infantile en promouvant l\u2019importance du travail pour le <a href=\"https:\/\/www.humanium.org\/fr\/le-developpement-de-la-petite-enfance-la-fondation-pour-une-societe-durable-et-prospere\/\">d\u00e9veloppement des enfants<\/a>. Par exemple, certaines cultures croient que le travail est important pour le caract\u00e8re et <a href=\"https:\/\/www.humanium.org\/fr\/le-developpement-de-la-petite-enfance-la-fondation-pour-une-societe-durable-et-prospere\/\">le d\u00e9veloppement<\/a> des comp\u00e9tences, sans regarder les effets que cela peut avoir sur la r\u00e9alisation des <a href=\"https:\/\/www.humanium.org\/fr\/droits-enfant\/?gclid=EAIaIQobChMItenXz4iu8wIVDJ53Ch3UgQWAEAAYASAAEgInU_D_BwE\">droits humains<\/a> des enfants.&nbsp;On attend des enfants qu\u2019ils suivent les pas de leurs parents et apprennent un m\u00e9tier particulier afin de soutenir leurs familles. <\/p>\n\n\n\n<p class=\"wp-block-paragraph\">D\u2019autres traditions encouragent les enfants \u00e0 travailler pour payer des dettes n\u00e9es d\u2019occasions sociales et d\u2019\u00e9v\u00e9nements religieux. Ces manifestations vari\u00e9es et r\u00e9pandues de travail servile tirent avantage de la position vuln\u00e9rable des enfants dans les attentes culturelles et sociales plus \u00e9tendues. Ainsi, les enfants sont souvent consid\u00e9r\u00e9s comme des soutiens de familles plut\u00f4t que comme des personnes d\u00e9pendantes.<\/p>\n\n\n\n<h3 class=\"wp-block-heading\">4. La violation des lois existantes et des r\u00e8glements du travail infantile<\/h3>\n\n\n\n<h3 class=\"wp-block-heading\">5. L\u2019application inad\u00e9quate des lois et des r\u00e8glements<\/h3>\n\n\n\n<h3 class=\"wp-block-heading\">6. Des troubles civils ou politiques ou <a href=\"https:\/\/www.humanium.org\/fr\/focus\/environnement\/urgence-climatique\/\">des catastrophes naturelles<\/a><\/h3>\n\n\n\n<h2 class=\"wp-block-heading\"><strong>Le travail infantile dans diff\u00e9rents secteurs<\/strong><\/h2>\n\n\n\n<p class=\"wp-block-paragraph\">Le travail infantile est r\u00e9pandu dans plusieurs secteurs incluant&nbsp;:<\/p>\n\n\n\n<h3 class=\"wp-block-heading\">1. Le secteur de l\u2019agriculture<\/h3>\n\n\n\n<div class=\"wp-block-image\"><figure class=\"alignright size-large is-resized\"><img loading=\"lazy\" decoding=\"async\" src=\"https:\/\/www.humanium.org\/fr\/wp-content\/uploads\/2021\/11\/shutterstock_344396573-1024x683.jpg\" alt=\"\" class=\"wp-image-51332\" width=\"320\" height=\"213\" srcset=\"https:\/\/www.humanium.org\/fr\/wp-content\/uploads\/2021\/11\/shutterstock_344396573-1024x683.jpg 1024w, https:\/\/www.humanium.org\/fr\/wp-content\/uploads\/2021\/11\/shutterstock_344396573-300x200.jpg 300w, https:\/\/www.humanium.org\/fr\/wp-content\/uploads\/2021\/11\/shutterstock_344396573-768x512.jpg 768w, https:\/\/www.humanium.org\/fr\/wp-content\/uploads\/2021\/11\/shutterstock_344396573-1536x1024.jpg 1536w, https:\/\/www.humanium.org\/fr\/wp-content\/uploads\/2021\/11\/shutterstock_344396573-2048x1365.jpg 2048w, https:\/\/www.humanium.org\/fr\/wp-content\/uploads\/2021\/11\/shutterstock_344396573-830x553.jpg 830w, https:\/\/www.humanium.org\/fr\/wp-content\/uploads\/2021\/11\/shutterstock_344396573-230x153.jpg 230w, https:\/\/www.humanium.org\/fr\/wp-content\/uploads\/2021\/11\/shutterstock_344396573-350x233.jpg 350w, https:\/\/www.humanium.org\/fr\/wp-content\/uploads\/2021\/11\/shutterstock_344396573-480x320.jpg 480w, https:\/\/www.humanium.org\/fr\/wp-content\/uploads\/2021\/11\/shutterstock_344396573-272x182.jpg 272w\" sizes=\"auto, (max-width: 320px) 100vw, 320px\" \/><\/figure><\/div>\n\n\n\n<p class=\"wp-block-paragraph\">Les attitudes soci\u00e9tales traditionnelles envers la participation des enfants dans l\u2019agriculture, le manque de technologie agricole, le co\u00fbt \u00e9lev\u00e9 du travail adulte et la pauvret\u00e9 sont certains des principaux facteurs du travail infantile dans le secteur agricole. Ce secteur est l\u2019un des plus dangereux pour les enfants en terme de maladies occupationnelles, d\u2019accidents non mortels et d\u2019accidents de travail mortels (OIT).&nbsp; On ne consid\u00e8re pas toutes les participations des enfants dans l\u2019agriculture comme du travail infantile. <\/p>\n\n\n\n<p class=\"wp-block-paragraph\">Les t\u00e2ches qui pr\u00e9sentent un faible risque, qui sont appropri\u00e9es \u00e0 l\u2019\u00e2ge et qui n\u2019interf\u00e8rent pas avec le temps des enfants (\u00e9ducation ou <a href=\"https:\/\/www.humanium.org\/fr\/article-31-la-necessite-de-jouer-dans-la-vie-des-enfants\/\">loisirs<\/a>) n\u2019atteignent pas le seuil du travail infantile. Ces activit\u00e9s ne doivent pas \u00eatre dangereuses et peuvent souvent b\u00e9n\u00e9ficier aux familles et aux communaut\u00e9s en fournissant aux enfants des comp\u00e9tences vitales sociales et des comp\u00e9tences techniques ainsi qu\u2019en am\u00e9liorant la <a href=\"https:\/\/www.humanium.org\/fr\/comprendre-droits-enfant\/droit-a-l-alimentation\/\">s\u00e9curit\u00e9 alimentaire<\/a> sociale (OIT).<\/p>\n\n\n\n<p class=\"wp-block-paragraph\">Les sous-secteurs qui existent au sein m\u00eame de l\u2019industrie de l\u2019agriculture incluent (OIT)&nbsp;:<\/p>\n\n\n\n<ul class=\"wp-block-list\"><li>La p\u00eache<\/li><li>La production de b\u00e9tail<\/li><li>L\u2019exploitation agricole<\/li><li>L\u2019exploitation foresti\u00e8re<\/li><\/ul>\n\n\n\n<h3 class=\"wp-block-heading\">2. Le travail domestique aussi appel\u00e9 travail m\u00e9nager<\/h3>\n\n\n\n<p class=\"wp-block-paragraph\">Le travail domestique peut \u00eatre d\u00e9fini comme des situations dans lesquelles un enfant en-dessous de l\u2019\u00e2ge de 18 ans travaille dans la maison de leur employeur pour effectuer des t\u00e2ches m\u00e9nag\u00e8res. Alors que la norme culturelle est pour les filles de travailler dans la maison, les gar\u00e7ons sont plus susceptibles de travailler \u00e0 l\u2019ext\u00e9rieur de la maison (ils cherchent par exemple un travail dans l\u2019\u00e9levage de b\u00e9tail ou un travail de jardinage). Les enfants qui ex\u00e9cutent du travail domestique vivent parfois dans la maison de leurs employeurs et peuvent ou pas \u00eatre pay\u00e9s pour leur travail (Thevenon &amp; Edmonds, 2019).<\/p>\n\n\n\n<h3 class=\"wp-block-heading\">3. Le travail \u00e0 l\u2019usine, principalement dans le secteur des v\u00eatements et du textile<\/h3>\n\n\n\n<p class=\"wp-block-paragraph\">Dans des pays tels que <a href=\"https:\/\/www.humanium.org\/fr\/zimbabwe\/\">le Zimbabwe<\/a>, <a href=\"https:\/\/www.humanium.org\/fr\/indonesie\/\">l\u2019Indon\u00e9sie<\/a>, <a href=\"https:\/\/www.humanium.org\/fr\/inde\/\">l\u2019Inde<\/a>, <a href=\"https:\/\/www.humanium.org\/fr\/argentine\/\">l\u2019Argentine<\/a>, <a href=\"https:\/\/www.humanium.org\/fr\/bresil\/\">le Br\u00e9sil<\/a> et <a href=\"https:\/\/www.humanium.org\/fr\/malawi\/\">le Malawi<\/a>, le travail infantile dans les usines est pr\u00e9dominant dans les industries du tabac (World Vision). Plus commun\u00e9ment, le travail infantile dans les usines est souvent li\u00e9 \u00e0 l\u2019industrie du textile et est particuli\u00e8rement pr\u00e9dominant dans <a href=\"https:\/\/www.humanium.org\/fr\/asie-pacifique\/\">les pays asiatiques<\/a> tels que <a href=\"https:\/\/www.humanium.org\/fr\/cambodge\/\">le Cambodge<\/a> et <a href=\"https:\/\/www.humanium.org\/fr\/bangladesh\/\">le Bangladesh<\/a>. L\u2019essor de la mode rapide a pouss\u00e9 les entreprises \u00e0 trouver des sources de travail moins ch\u00e8res, les enfants. Les enfants travaillent \u00e0 tous les niveaux de la cha\u00eene de production en passant par la r\u00e9colte du coton, la cueillette, le m\u00e9tier \u00e0 filer et le travail \u00e0 l\u2019usine. C\u2019est pr\u00e9dominant dans des pays tels que <a href=\"https:\/\/www.humanium.org\/fr\/egypte\/\">l\u2019Egypte<\/a>, <a href=\"https:\/\/www.humanium.org\/fr\/pakistan\/\">le Pakistan<\/a>, <a href=\"https:\/\/www.humanium.org\/fr\/chine\/\">la Chine<\/a><a href=\"https:\/\/www.humanium.org\/fr\/thailande\/\">, la Tha\u00eflande<\/a>, <a href=\"https:\/\/www.humanium.org\/fr\/inde\/\">l\u2019Inde<\/a>, <a href=\"https:\/\/www.humanium.org\/fr\/bangladesh\/\">le Bangladesh<\/a> et <a href=\"https:\/\/www.humanium.org\/fr\/ouzbekistan\/\">l\u2019Ouzb\u00e9kistan<\/a> (Moulds).<\/p>\n\n\n\n<h3 class=\"wp-block-heading\">4. L\u2019industrie et la manufacture (qui inclut le travail dans <a href=\"https:\/\/www.humanium.org\/fr\/limpact-de-la-covid-19-sur-le-travail-des-enfants-dans-les-mines-de-cobalt-en-rdc\/\">les mines<\/a>, les carri\u00e8res et la construction)<\/h3>\n\n\n\n<p class=\"wp-block-paragraph\">Le travail infantile dans <a href=\"https:\/\/www.humanium.org\/fr\/limpact-de-la-covid-19-sur-le-travail-des-enfants-dans-les-mines-de-cobalt-en-rdc\/\">les mines et les carri\u00e8res<\/a> pr\u00e9domine dans les pays tels que <a href=\"https:\/\/www.humanium.org\/fr\/mali\/\">le Mali<\/a>, <a href=\"https:\/\/www.humanium.org\/fr\/burkina-faso\/\">le Burkina Faso<\/a>, <a href=\"https:\/\/www.humanium.org\/fr\/ghana\/\">le Ghana<\/a>, <a href=\"https:\/\/www.humanium.org\/fr\/niger\/\">le Niger<\/a>, <a href=\"https:\/\/www.humanium.org\/fr\/republique-democratique-du-congo\/\">la R\u00e9publique D\u00e9mocratique du Congo<\/a>, <a href=\"https:\/\/www.humanium.org\/fr\/nigeria\/\">le Nig\u00e9ria<\/a>, <a href=\"https:\/\/www.humanium.org\/fr\/sierra-leone\/\">la Sierra Leone<\/a>, <a href=\"https:\/\/www.humanium.org\/fr\/liberia\/\">le Lib\u00e9ria<\/a>, <a href=\"https:\/\/www.humanium.org\/fr\/zambie\/\">la Zambie<\/a> et <a href=\"https:\/\/www.humanium.org\/fr\/zimbabwe\/\">le Zimbabwe<\/a> (Plateforme sur le travail des enfants &amp; OIT, 2019).<\/p>\n\n\n\n<p class=\"wp-block-paragraph\">Les sous-secteurs qui existent dans l\u2019industrie mini\u00e8re incluent (OIT)&nbsp;:<\/p>\n\n\n\n<ul class=\"wp-block-list\"><li>L\u2019extraction d\u2019or<\/li><li>L\u2019extraction de sel<\/li><li>Les carri\u00e8res de pierres<\/li><li>L\u2019exploitation mini\u00e8re artisanale<\/li><\/ul>\n\n\n\n<h2 class=\"wp-block-heading\"><strong>Les effets du travail infantile<\/strong><\/h2>\n\n\n\n<p class=\"wp-block-paragraph\">Le travail infantile peut avoir une s\u00e9rie de cons\u00e9quences \u00e0 la fois sur la sant\u00e9 <a href=\"https:\/\/www.humanium.org\/fr\/le-developpement-de-la-petite-enfance-la-fondation-pour-une-societe-durable-et-prospere\/\">mentale<\/a> et sur la sant\u00e9 physique sur un enfant qui continue souvent ce travail \u00e0 l\u2019\u00e2ge adulte, ces cons\u00e9quences varient et incluent des maladies de longue dur\u00e9e dues \u00e0 l\u2019abus, aux blessures, \u00e0 la malnutrition, \u00e0 l\u2019\u00e9puisement, au <a href=\"https:\/\/www.humanium.org\/fr\/le-developpement-de-la-petite-enfance-la-fondation-pour-une-societe-durable-et-prospere\/\">pr\u00e9judice psychologique<\/a> ou \u00e0 l\u2019exposition \u00e0 des produits chimiques, parmi d\u2019autres. Les cons\u00e9quences <a href=\"https:\/\/www.humanium.org\/fr\/le-developpement-de-la-petite-enfance-la-fondation-pour-une-societe-durable-et-prospere\/\">mentales<\/a> ou physiques varient selon le secteur dans lequel les enfants travaillent (Dubay, 2021).<\/p>\n\n\n\n<ul class=\"wp-block-list\"><li><strong>Dans l\u2019agriculture, <\/strong>les enfants sont souvent expos\u00e9s en travaillant avec des engrais et des pesticides toxiques dangereux ainsi qu\u2019avec des lames ou outils lourds et dangereux (Dubay, 2021).<\/li><li><strong>Dans le travail domestique, <\/strong>les enfants courent le risque d\u2019\u00eatre abus\u00e9s par leurs employeurs, de travailler excessivement pendant des heures interminables ou d\u2019\u00eatre isol\u00e9s de leurs amis ou leurs familles (Dubay, 2021).<\/li><li><strong>Dans la construction, <\/strong>les enfants risquent de se blesser en travaillant avec des charges lourdes et par manque d\u2019\u00e9quipement de protection personnel ad\u00e9quat (Dubay, 2021).<\/li><li><strong>Dans l<\/strong>\u2019<strong>extraction mini\u00e8re, <\/strong>les enfants sont expos\u00e9s au risque de travailler avec des explosifs, des produits chimiques toxiques et risquent donc d\u2019\u00eatre plac\u00e9s dans des environnements dangereux tels que les mines qui sont r\u00e9guli\u00e8rement la source d\u2019effondrements qui peuvent conduire \u00e0 des blessures graves ou \u00e0 la mort (Dubay, 201).<\/li><li><strong>Dans les manufactures, <\/strong>les enfants sont expos\u00e9s \u00e0 des toxines dangereuses, des produits chimiques nocifs et o\u00f9 la r\u00e9glementation en mati\u00e8re de sant\u00e9 et de s\u00e9curit\u00e9 est minime voire inexistante (Dubay, 2021).<\/li><\/ul>\n\n\n\n<h2 class=\"wp-block-heading\"><strong>Le travail infantile et les in\u00e9galit\u00e9s li\u00e9es au genre<\/strong><\/h2>\n\n\n\n<div class=\"wp-block-image\"><figure class=\"alignleft size-large is-resized\"><img loading=\"lazy\" decoding=\"async\" src=\"https:\/\/www.humanium.org\/fr\/wp-content\/uploads\/2021\/11\/shutterstock_1528702352-1024x684.jpg\" alt=\"\" class=\"wp-image-51333\" width=\"336\" height=\"225\" srcset=\"https:\/\/www.humanium.org\/fr\/wp-content\/uploads\/2021\/11\/shutterstock_1528702352-1024x684.jpg 1024w, https:\/\/www.humanium.org\/fr\/wp-content\/uploads\/2021\/11\/shutterstock_1528702352-300x200.jpg 300w, https:\/\/www.humanium.org\/fr\/wp-content\/uploads\/2021\/11\/shutterstock_1528702352-768x513.jpg 768w, https:\/\/www.humanium.org\/fr\/wp-content\/uploads\/2021\/11\/shutterstock_1528702352-1536x1025.jpg 1536w, https:\/\/www.humanium.org\/fr\/wp-content\/uploads\/2021\/11\/shutterstock_1528702352-2048x1367.jpg 2048w, https:\/\/www.humanium.org\/fr\/wp-content\/uploads\/2021\/11\/shutterstock_1528702352-830x554.jpg 830w, https:\/\/www.humanium.org\/fr\/wp-content\/uploads\/2021\/11\/shutterstock_1528702352-230x154.jpg 230w, https:\/\/www.humanium.org\/fr\/wp-content\/uploads\/2021\/11\/shutterstock_1528702352-350x234.jpg 350w, https:\/\/www.humanium.org\/fr\/wp-content\/uploads\/2021\/11\/shutterstock_1528702352-480x320.jpg 480w, https:\/\/www.humanium.org\/fr\/wp-content\/uploads\/2021\/11\/shutterstock_1528702352-272x182.jpg 272w\" sizes=\"auto, (max-width: 336px) 100vw, 336px\" \/><\/figure><\/div>\n\n\n\n<p class=\"wp-block-paragraph\">L\u2019implication des gar\u00e7ons dans le travail infantile est plus grande que pour <a href=\"https:\/\/www.humanium.org\/fr\/droits-des-filles\/\">les filles<\/a>, avec approximativement 11,2 % de gar\u00e7ons dans le travail infantile compar\u00e9 \u00e0 7,8 % pour les filles. Selon le rapport le plus r\u00e9cent de 2020 de l\u2019OIT et de UNICEF sur le travail infantile, on estime qu\u2019il y a 89,3 millions d\u2019enfants engag\u00e9s dans du travail infantile \u00e2g\u00e9s entre 5 et 11 ans, 35,6 millions \u00e2g\u00e9s entre 12 et 14 ans et 35 millions \u00e2g\u00e9s entre 15 et 17 ans (OIT,2020). <\/p>\n\n\n\n<p class=\"wp-block-paragraph\">Cet \u00e9cart de genre accro\u00eet avec l\u2019\u00e2ge alors que <a href=\"https:\/\/www.humanium.org\/fr\/droits-des-filles\/\">les filles<\/a> sont plus susceptibles d\u2019\u00eatre impliqu\u00e9es dans du travail domestique infantile non r\u00e9mun\u00e9r\u00e9 et non d\u00e9clar\u00e9. Dans des pays tels que <a href=\"https:\/\/www.humanium.org\/fr\/republique-du-congo\/\">le Congo<\/a>, <a href=\"https:\/\/www.humanium.org\/fr\/yemen\/\">le Y\u00e9men<\/a>, <a href=\"https:\/\/www.humanium.org\/fr\/nepal\/\">le N\u00e9pal<\/a>, <a href=\"https:\/\/www.humanium.org\/fr\/perou\/\">le P\u00e9rou<\/a>, <a href=\"https:\/\/www.humanium.org\/fr\/mozambique\/\">le Mozambique<\/a>, <a href=\"https:\/\/www.humanium.org\/fr\/tchad\/\">le Tchad<\/a> et <a href=\"https:\/\/www.humanium.org\/fr\/somalie\/\">la Somalie<\/a>, il y a plus de filles impliqu\u00e9es dans du travail infantile que de gar\u00e7ons (Thevenon &amp; Edmonds, 2019).<\/p>\n\n\n\n<p class=\"wp-block-paragraph\">Il est remarquable de constater que les statistiques estimant que la pr\u00e9dominance <a href=\"https:\/\/www.humanium.org\/fr\/droits-des-filles\/\">des filles<\/a> et des gar\u00e7ons dans le travail infantile \u00e0 travers le monde est sujette \u00e0 quelques limitations. Premi\u00e8rement, les sources de donn\u00e9es fiables sur la participation des enfants au travail sont limit\u00e9es. De plus, la d\u00e9finition sur laquelle reposent ces estimations sont bas\u00e9es exclusivement sur des estimations qui ne tiennent pas compte du travail des enfants dans les maisons malgr\u00e9 le fait que les filles endossent une charge disproportionn\u00e9e de travail domestique dans beaucoup de soci\u00e9t\u00e9s. <\/p>\n\n\n\n<p class=\"wp-block-paragraph\">Une recherche r\u00e9cente de l\u2019OIT qui a tent\u00e9 d\u2019inclure cette portion cach\u00e9e de travail infantile pr\u00e9tend que l\u2019implication des enfants dans les t\u00e2ches m\u00e9nag\u00e8res pour plus de 21 heures par semaines est consid\u00e9r\u00e9 comme du travail infantile. Une fois que l\u2019on tient compte de ce fait, l\u2019\u00e9cart de genre mondial dans le travail infantile est r\u00e9duit au moins de moiti\u00e9 (OIT).<\/p>\n\n\n\n<h2 class=\"wp-block-heading\"><strong>Le travail infantile dans les environnements urbains et ruraux<\/strong><\/h2>\n\n\n\n<p class=\"wp-block-paragraph\">Le travail infantile survient plus facilement dans les zones rurales. Selon une \u00e9tude de l\u2019OIT en 2020, 122,7 millions d\u2019enfants en zone rurale \u00e9taient impliqu\u00e9s dans du travail infantile et 37,3 millions d\u2019enfants en zones urbaines \u00e9taient impliqu\u00e9s dans du travail infantile (OIT, 2020). Le type de travail infantile le plus courant est le travail familial et il repr\u00e9sente 72 % du travail infantile. Le travail infantile li\u00e9 \u00e0 la famille est souvent consid\u00e9r\u00e9 comme dangereux car un enfant sur 4 \u00e2g\u00e9s entre 5 et 11 ans est impliqu\u00e9 dans un travail susceptible de porter pr\u00e9judice \u00e0 sa sant\u00e9 (OIT, 220).<\/p>\n\n\n\n<h2 class=\"wp-block-heading\"><strong>Le travail infantile et <\/strong><a href=\"https:\/\/www.humanium.org\/fr\/comprendre-droits-enfant\/droit-a-l-education\/\">l\u2019\u00e9ducation<\/a><strong><\/strong><\/h2>\n\n\n\n<p class=\"wp-block-paragraph\">La pauvret\u00e9, qui est le facteur principal du travail infantile, pousse les enfants \u00e0 travailler en les for\u00e7ant \u00e0 quitter l\u2019\u00e9cole pr\u00e9matur\u00e9ment. Globalement, un tiers des enfants engag\u00e9s dans du travail infantile sont exclus de <a href=\"https:\/\/www.humanium.org\/fr\/comprendre-droits-enfant\/droit-a-l-education\/\">l\u2019\u00e9cole<\/a> et il y a une corr\u00e9lation importante entre la participation d\u2019un enfant \u00e0 un travail dangereux et le faible taux de fr\u00e9quentation scolaire (OIT, 2020).<\/p>\n\n\n\n<p class=\"wp-block-paragraph\">Il y a plusieurs raisons qui expliquent que le travail infantile affecte <a href=\"https:\/\/www.humanium.org\/fr\/comprendre-droits-enfant\/droit-a-l-education\/\">l\u2019\u00e9ducation des enfants<\/a>. Par exemple, le travail peut \u00eatre tr\u00e8s exigeant, ils sont incapables d\u2019avoir acc\u00e8s \u00e0 l\u2019\u00e9ducation ou \u00e0 l\u2019enseignement gratuit, il n\u2019y a pas d\u2019alternative existante ou leurs familles les poussent \u00e0 travailler puisque dans certaines cultures le travail et le gain d\u2019argent est consid\u00e9r\u00e9 par la famille comme plus important que l\u2019\u00e9ducation (OIT, 2020).<\/p>\n\n\n\n<p class=\"wp-block-paragraph\">Globalement, en 2020, le pourcentage d\u2019enfants \u00e2g\u00e9s entre 5 et 14 ans qui ne va pas \u00e0 l\u2019\u00e9cole comprend&nbsp;: 15,5 % en <a href=\"https:\/\/www.humanium.org\/fr\/ameriques\/\">Am\u00e9rique Latine et aux Cara\u00efbes<\/a>, 28,1 % en <a href=\"https:\/\/www.humanium.org\/fr\/moyen-orient-afrique-du-nord\/\">Afrique du Nord<\/a> et en <a href=\"https:\/\/www.humanium.org\/fr\/asie-pacifique\/\">Asie Occidentale<\/a>, 28,1 % en <a href=\"https:\/\/www.humanium.org\/fr\/afrique\/\">Afrique subsaharienne<\/a>, 35,3 % en <a href=\"https:\/\/www.humanium.org\/fr\/asie-pacifique\/\">Asie Centrale et m\u00e9ridionale<\/a> et 37,2 % en <a href=\"https:\/\/www.humanium.org\/fr\/asie-pacifique\/\">Asie Orientale et en Asie du Sud-Est<\/a> (OIT, 2020).<\/p>\n\n\n\n<h2 class=\"wp-block-heading\"><strong>Le travail infantile et la <\/strong><a href=\"https:\/\/www.humanium.org\/fr\/enfants-deplaces\/\">migration<\/a><strong><\/strong><\/h2>\n\n\n\n<p class=\"wp-block-paragraph\"><a href=\"https:\/\/www.humanium.org\/fr\/enfants-deplaces\/\">La migration des enfants<\/a> qui sont souvent accompagn\u00e9s par les membres de la famille peut conduire \u00e0 de nouvelles vuln\u00e9rabilit\u00e9s propres au travail des enfants. Un des facteurs les plus courants de la migration infantile est la disponibilit\u00e9 des opportunit\u00e9s du travail saisonnier dans l\u2019agriculture et dans la briqueterie pour les parents. Malheureusement, les enfants accompagnent souvent leurs parents pour soutenir leur travail et augmenter le revenu du travail domestique, car pour beaucoup de familles travailleuses <a href=\"https:\/\/www.humanium.org\/fr\/enfants-deplaces\/\">migrantes<\/a> ce travail suppl\u00e9mentaire est essentiel (van de Glind,2010).<\/p>\n\n\n\n<h2 class=\"wp-block-heading\"><strong>Le travail infantile et le <\/strong><a href=\"https:\/\/www.humanium.org\/fr\/coronavirus-un-guide-pour-enfants-en-5-questions\/\">COVID-19<\/a><strong><\/strong><\/h2>\n\n\n\n<p class=\"wp-block-paragraph\">Au cours des 2 derni\u00e8res d\u00e9cennies, des am\u00e9liorations significatives ont \u00e9t\u00e9 r\u00e9alis\u00e9es dans la lutte pour mettre fin au travail infantile. Cependant, <a href=\"https:\/\/www.humanium.org\/fr\/coronavirus-un-guide-pour-enfants-en-5-questions\/\">la pand\u00e9mie li\u00e9e au COVID-19<\/a> a menac\u00e9 de ruiner ces d\u00e9veloppements et pourrait potentiellement an\u00e9antir plusieurs ann\u00e9es de progr\u00e8s dans la lutte pour \u00e9radiquer le travail infantile. Avant la pand\u00e9mie, le taux d\u2019enfants impliqu\u00e9s avait augment\u00e9 de 8,9 millions en seulement 4 ans. Cet essor est attribu\u00e9 \u00e0 la hausse des niveaux de pauvret\u00e9 et on s\u2019attend \u00e0 ce que cela se poursuive jusqu\u2019en 2022 (OIT, 2020).<\/p>\n\n\n\n<p class=\"wp-block-paragraph\">A cause d\u2019une augmentation du ch\u00f4mage depuis la pand\u00e9mie, les familles sont plus enclines \u00e0 pousser leurs enfants au travail infantile comme moyen de subsistance. Cela a \u00e9t\u00e9 exacerb\u00e9 par la suite par la fermeture des \u00e9coles qui laissait les enfants vuln\u00e9rables et les exposait \u00e0 un plus grand risque de travail infantile. Des organisations non gouvernementales qui travaillent en <a href=\"https:\/\/www.humanium.org\/fr\/afrique\/\">Afrique<\/a> ont remarqu\u00e9 que les fermetures des \u00e9coles ont pouss\u00e9s les enfants \u00e0 travailler car on attendait d\u2019eux qu\u2019ils prennent soin de leurs familles (OIT, 2020).<\/p>\n\n\n\n<h2 class=\"wp-block-heading\"><strong>L\u2019\u00e9radication et la pr\u00e9vention du travail infantile<\/strong><\/h2>\n\n\n\n<p class=\"wp-block-paragraph\">En 2019, l\u2019Organisation Internationale du Travail (OIT) en partenariat avec l\u2019Alliance 8.7 a lanc\u00e9 l\u2019Ann\u00e9e internationale de l\u2019\u00e9limination du travail des enfants pour 2021. L\u2019objectif de 2021 est de sommer les gouvernements \u00e0 encourager les actions l\u00e9gislatives et pratiques visant \u00e0 \u00e9radiquer le travail infantile et d\u2019atteindre la Cible 8.7 des Objectifs de d\u00e9veloppement durable des Nations-Unies (OIT, 2021).<\/p>\n\n\n\n<p class=\"wp-block-paragraph\">Bien que des progr\u00e8s mondiaux aient \u00e9t\u00e9 r\u00e9alis\u00e9s afin de r\u00e9duire le travail infantile, l\u2019objectif noble d\u2019\u00e9liminer cette pratique pour 2025 reste insatisfait. La r\u00e9ponse \u00e0 ce probl\u00e8me persistant doit \u00eatre unifi\u00e9e, intersectionnelle et soutenue par une l\u00e9gislation recevable. En particulier, les conditions d\u2019\u00e2ge minimum l\u00e9gal de travail et leur application sont une composante fondamentale pour contrer le travail infantile. <\/p>\n\n\n\n<p class=\"wp-block-paragraph\">Au-del\u00e0 des structures l\u00e9gales et r\u00e8glementaires, les gouvernements et la soci\u00e9t\u00e9 civile doivent travailler \u00e0 \u00e9laborer et impl\u00e9menter des politiques qui fournissent aux familles et aux enfants des alternatives de subsistance, en les \u00e9loignant des pi\u00e8ges du travail infantile. Ces initiatives doivent assurer que les enfants sont au c\u0153ur des processus de prises de d\u00e9cision, et que n\u2019importe quelles interventions utiles sont accessibles aux enfants eux-m\u00eames (Thevenon &amp; Edmonds, 2019).<\/p>\n\n\n\n<figure class=\"wp-block-image size-large\"><img loading=\"lazy\" decoding=\"async\" width=\"1024\" height=\"683\" src=\"https:\/\/www.humanium.org\/fr\/wp-content\/uploads\/2021\/11\/shutterstock_1689890197-1024x683.jpg\" alt=\"\" class=\"wp-image-51334\" srcset=\"https:\/\/www.humanium.org\/fr\/wp-content\/uploads\/2021\/11\/shutterstock_1689890197-1024x683.jpg 1024w, https:\/\/www.humanium.org\/fr\/wp-content\/uploads\/2021\/11\/shutterstock_1689890197-300x200.jpg 300w, https:\/\/www.humanium.org\/fr\/wp-content\/uploads\/2021\/11\/shutterstock_1689890197-768x512.jpg 768w, https:\/\/www.humanium.org\/fr\/wp-content\/uploads\/2021\/11\/shutterstock_1689890197-1536x1024.jpg 1536w, https:\/\/www.humanium.org\/fr\/wp-content\/uploads\/2021\/11\/shutterstock_1689890197-2048x1365.jpg 2048w, https:\/\/www.humanium.org\/fr\/wp-content\/uploads\/2021\/11\/shutterstock_1689890197-830x553.jpg 830w, https:\/\/www.humanium.org\/fr\/wp-content\/uploads\/2021\/11\/shutterstock_1689890197-230x153.jpg 230w, https:\/\/www.humanium.org\/fr\/wp-content\/uploads\/2021\/11\/shutterstock_1689890197-350x233.jpg 350w, https:\/\/www.humanium.org\/fr\/wp-content\/uploads\/2021\/11\/shutterstock_1689890197-480x320.jpg 480w, https:\/\/www.humanium.org\/fr\/wp-content\/uploads\/2021\/11\/shutterstock_1689890197-272x182.jpg 272w\" sizes=\"auto, (max-width: 1024px) 100vw, 1024px\" \/><\/figure>\n\n\n\n<p class=\"wp-block-paragraph\">Pour am\u00e9liorer la lutte contre le travail infantile, une recherche plus approfondie et des campagnes de sensibilisation du public sont n\u00e9cessaires. Les gouvernements du monde entier doivent reconna\u00eetre l\u2019ampleur de ce probl\u00e8me, son \u00e9volution et les mani\u00e8res par lesquelles les familles et les enfants sont affect\u00e9s par sa pr\u00e9sence (Thevenon &amp; Edmonds, 2019). En r\u00e9sum\u00e9, les gouvernements doivent travailler \u00e0 assurer (Thevenon &amp; Edmonds, 2019)&nbsp;:<\/p>\n\n\n\n<ol class=\"wp-block-list\" type=\"1\"><li>L\u2019existence d\u2019une l\u00e9gislation pr\u00e9voyant un \u00e2ge minimum pour la mise au travail et son application<\/li><li>Le d\u00e9veloppement d\u2019outils et de m\u00e9canismes pour contr\u00f4ler le travail infantile<\/li><li>Des campagnes fonctionnelles visant \u00e0 augmenter la conscience du public<\/li><li>Le soutien d\u2019initiatives men\u00e9es par les communaut\u00e9s<\/li><li>Une plus grande protection pour les enfants et les familles vuln\u00e9rables<\/li><li>Une \u00e9ducation accessible, abordable, \u00e9quitable et de qualit\u00e9 pour tous<\/li><li>La promotion de normes culturelles et soci\u00e9tales positives contre le travail infantile<\/li><\/ol>\n\n\n\n<h2 class=\"wp-block-heading\"><strong>Les documents cl\u00e9s et les outils l\u00e9gaux internationaux<\/strong><\/h2>\n\n\n\n<p class=\"wp-block-paragraph\">Il y a de nombreux outils l\u00e9gaux internationaux qui reconnaissent et luttent contre le travail infantile. En particulier&nbsp;:<\/p>\n\n\n\n<ol class=\"wp-block-list\" type=\"1\"><li><a href=\"https:\/\/www.humanium.org\/fr\/convention-droits-enfant-adaptee-aux-enfants-des-10-ans\/\">La Convention de Nations-Unies sur les Droits de l\u2019Enfant<\/a><\/li><li><a href=\"https:\/\/www.humanium.org\/fr\/autres\/charte-africaine-droits-bien-etre-enfant\/\">La Charte Africaine sur les Droits et le Bien-Etre de l\u2019Enfant<\/a><\/li><li><a href=\"https:\/\/www.humanium.org\/fr\/normes\/convention-138-age-minimum-1973\/\">La Convention de l\u2019OIT No. 138 (sur l\u2019\u00e2ge minimum pour l\u2019admission \u00e0 l\u2019emploi) (1973)<\/a> <a href=\"https:\/\/www.humanium.org\/fr\/normes\/convention-138-age-minimum-1973\/\">Recommandation No.146<\/a><\/li><li><a href=\"https:\/\/www.humanium.org\/fr\/normes\/convention-c182-pires-formes-travail-enfants-1999\/\">La Convention de l\u2019OIT No. 182 (concernant l\u2019interdiction et l\u2019action imm\u00e9diate pour l\u2019\u00e9radication des pires formes de travail infantile) (1999) Recommandation No.190<\/a><\/li><li>La Convention de l\u2019OIT No. 189 (concernant du travail d\u00e9cent pour les travailleurs domestiques) (2011) Recommandation No.201<\/li><li><a href=\"https:\/\/www.humanium.org\/fr\/normes\/protocole-facultatif-cide-vente-prostitution-pornographie-enfants\/\">Le Protocole facultatif des Nations-Unies sur la vente d\u2019enfants, la prostitution infantile et la pornographie infantile (2000)<\/a><\/li><li><a href=\"https:\/\/www.humanium.org\/fr\/normes\/protocole-facultatif-cide-enfants-dans-conflits-armes\/\">Le Protocole facultatif des Nations-Unies sur l\u2019implication des enfants dans les conflits arm\u00e9s (2000)<\/a><\/li><li>La r\u00e9solution des Nations-Unies \u00ab&nbsp;Un monde adapt\u00e9 aux enfants&nbsp;\u00bb A\/RES\/S-27\/2.<\/li><\/ol>\n\n\n\n<p class=\"wp-block-paragraph\"><em><strong>Ecrit par Vanessa Cezarita Cordeiro<\/strong><\/em><\/p>\n\n\n\n<p class=\"wp-block-paragraph\"><em><strong>Traduit par Laurence Mortier<\/strong><\/em><\/p>\n\n\n\n<p class=\"wp-block-paragraph\"><em><strong>Relu par Denis Gingras<\/strong><\/em><\/p>\n\n\n\n<p class=\"wp-block-paragraph\"><em><strong>Derni\u00e8re mise \u00e0 jour le 31 ao\u00fbt 2021<\/strong><\/em><\/p>\n\n\n\n<h4 class=\"wp-block-heading\">Pour plus d&rsquo;informations :<\/h4>\n\n\n\n<p class=\"has-small-font-size wp-block-paragraph\"><a href=\"https:\/\/endchildlabour2021.org\/\" target=\"_blank\" rel=\"noreferrer noopener\">International Year for the Elimination of Child Labour<\/a><\/p>\n\n\n\n<p class=\"has-small-font-size wp-block-paragraph\"><a href=\"https:\/\/www.alliance87.org\/\" target=\"_blank\" rel=\"noreferrer noopener\">Alliance 8.7<\/a><\/p>\n\n\n\n<p class=\"has-small-font-size wp-block-paragraph\"><a href=\"https:\/\/www.un.org\/en\/observances\/world-day-against-child-labour\" target=\"_blank\" rel=\"noreferrer noopener\">World Day Against Child Labour 12 June<\/a><\/p>\n\n\n\n<h4 class=\"wp-block-heading\">R\u00e9f\u00e9rences :<\/h4>\n\n\n\n<p class=\"has-small-font-size wp-block-paragraph\"><a href=\"https:\/\/www.ilo.org\/wcmsp5\/groups\/public\/---asia\/---ro-bangkok\/---ilo-manila\/documents\/publication\/wcms_720743.pdf\" target=\"_blank\" rel=\"noreferrer noopener\">Child Labour Platform &amp; International Labour Organization. (2019, May). \u201cChild labour in mining and global supply chains.\u201d<\/a><\/p>\n\n\n\n<p class=\"has-small-font-size wp-block-paragraph\"><a href=\"https:\/\/www.coe.int\/en\/web\/commissioner\/-\/child-labour-in-europe-a-persisting-challen-1\" target=\"_blank\" rel=\"noreferrer noopener\">Council of Europe. (2013, August 20). \u201cChild labour in Europe: a persisting challenge.\u201d<\/a><\/p>\n\n\n\n<p class=\"has-small-font-size wp-block-paragraph\"><a href=\"https:\/\/www.globalpartnership.org\/blog\/child-labor-hinders-childrens-education\" target=\"_blank\" rel=\"noreferrer noopener\">GPE Secretariat. (2016, June 12). \u201cChild labour hinders children\u2019s education.\u201d<\/a><\/p>\n\n\n\n<p class=\"has-small-font-size wp-block-paragraph\"><a href=\"https:\/\/www.hrw.org\/news\/2021\/05\/26\/covid-19-pandemic-fueling-child-labor\" target=\"_blank\" rel=\"noreferrer noopener\">Human Rights Watch. (2021, May 26). \u201cCOVID-19 pandemic fueling child labour.\u201d<\/a><\/p>\n\n\n\n<p class=\"has-small-font-size wp-block-paragraph\">International Labour Organization, <em>Worst Forms of Child Labour Convention<\/em>, C182, 17 June 1999.<\/p>\n\n\n\n<p class=\"has-small-font-size wp-block-paragraph\"><a href=\"https:\/\/www.ilo.org\/moscow\/areas-of-work\/child-labour\/WCMS_248984\/lang--en\/index.htm\" target=\"_blank\" rel=\"noreferrer noopener\">International Labour Organization. \u00a8Causes\u00a8.<\/a><\/p>\n\n\n\n<p class=\"has-small-font-size wp-block-paragraph\"><a href=\"https:\/\/www.ilo.org\/ipec\/facts\/WorstFormsofChildLabour\/Hazardouschildlabour\/lang--en\/index.htm\" target=\"_blank\" rel=\"noreferrer noopener\">International Labour Organization. \u00a8Hazardous child labour\u00a8.<\/a><\/p>\n\n\n\n<p class=\"has-small-font-size wp-block-paragraph\"><a href=\"https:\/\/www.ilo.org\/ipec\/Campaignandadvocacy\/Youthinaction\/C182-Youth-orientated\/worstforms\/lang--en\/index.htm\" target=\"_blank\" rel=\"noreferrer noopener\">International Labour Organization. \u00a8The worst forms of child labour\u00a8.<\/a><\/p>\n\n\n\n<p class=\"has-small-font-size wp-block-paragraph\">International Labour Organization. \u00a8What is child labour\u00a8.<\/p>\n\n\n\n<p class=\"has-small-font-size wp-block-paragraph\"><a href=\"https:\/\/www.ilo.org\/wcmsp5\/groups\/public\/---ed_norm\/---ipec\/documents\/publication\/wcms_797515.pdf\" target=\"_blank\" rel=\"noreferrer noopener\">International Labour Organization. (2020, June 10). \u00a8Child labour: Global estimates 2020, trends and the road forward.\u00a8<\/a><\/p>\n\n\n\n<p class=\"has-small-font-size wp-block-paragraph\"><a href=\"https:\/\/www.ilo.org\/global\/about-the-ilo\/newsroom\/news\/WCMS_766351\/lang--en\/index.htm\" target=\"_blank\" rel=\"noreferrer noopener\">International Labour Organization.&nbsp; (2021, January 15). \u201c2021: International year for the elimination of child labour.\u201d<\/a><\/p>\n\n\n\n<p class=\"has-small-font-size wp-block-paragraph\"><a href=\"https:\/\/www.ilo.org\/ipec\/Regionsandcountries\/Africa\/WCMS_618949\/lang--en\/index.htm\" target=\"_blank\" rel=\"noreferrer noopener\">International Labour Organization. \u201cChild labour in Africa.\u201d<\/a><\/p>\n\n\n\n<p class=\"has-small-font-size wp-block-paragraph\"><a href=\"https:\/\/www.ilo.org\/ipec\/areas\/Agriculture\/lang--en\/index.htm\" target=\"_blank\" rel=\"noreferrer noopener\">International Labour Organization. \u201cChild labour in agriculture\u201d.<\/a><\/p>\n\n\n\n<p class=\"has-small-font-size wp-block-paragraph\"><a href=\"https:\/\/labs.theguardian.com\/unicef-child-labour\/\" target=\"_blank\" rel=\"noreferrer noopener\">Moulds, J. \u201cChild labour in the fashion supply chain.\u201d<\/a><\/p>\n\n\n\n<p class=\"has-small-font-size wp-block-paragraph\"><a href=\"https:\/\/www.oecd-ilibrary.org\/docserver\/f6883e26-en.pdf?expires=1627894879&amp;id=id&amp;accname=guest&amp;checksum=91DA5D880C0D5309F14C4AD015547331\" target=\"_blank\" rel=\"noreferrer noopener\">Thevenon, O., &amp; Edmonds, E. (2019). \u00a8Child labour: causes, consequences and policies to tackle it.\u00a8 <em>Organization for Economic Co-operation and Development.<\/em><\/a><\/p>\n\n\n\n<p class=\"has-small-font-size wp-block-paragraph\"><a href=\"https:\/\/www.unicef.org\/media\/70261\/file\/COVID-19-and-Child-labour-2020.pdf\" target=\"_blank\" rel=\"noreferrer noopener\">UNICEF., &amp; ILO. (2020). \u00a8COVID-19 and child labour: A time of crisis, a time to act.\u00a8<\/a><\/p>\n\n\n\n<p class=\"has-small-font-size wp-block-paragraph\"><a href=\"https:\/\/www.unicef.org\/press-releases\/child-labour-rises-160-million-first-increase-two-decades\" target=\"_blank\" rel=\"noreferrer noopener\">UNICEF. (2021, June 9). \u201cChild labour rises to 160 million &#8211; first increase in two decades.\u201d<\/a><\/p>\n\n\n\n<p class=\"has-small-font-size wp-block-paragraph\"><a href=\"https:\/\/www.ilo.org\/ipec\/Informationresources\/WCMS_145643\/lang--en\/index.htm\" target=\"_blank\" rel=\"noreferrer noopener\">Van de Glind, H. (2010, September). \u201cMigration and child labour exploring child migrant vulnerabilities and those of children left-behind: working paper.\u201d<\/a><\/p>\n\n\n\n<p class=\"has-small-font-size wp-block-paragraph\"><a href=\"https:\/\/www.worldvision.org.uk\/our-work\/child-labour\/\" target=\"_blank\" rel=\"noreferrer noopener\">World Vision. \u201cWhat are the dangers of child labour.\u201d<\/a><\/p>\n\n\n\n<p class=\"has-small-font-size wp-block-paragraph\"><a href=\"https:\/\/www.worldvision.org.uk\/our-work\/child-labour\/\" target=\"_blank\" rel=\"noreferrer noopener\">World Vision. \u201cWhere does child labour happen.\u201d<\/a><\/p>\n","protected":false},"excerpt":{"rendered":"<p>Au cours de la derni\u00e8re d\u00e9cennie, le travail infantile a diminu\u00e9 de 38 %&nbsp;; cependant, 152 millions d\u2019enfants en sont encore victimes et la pand\u00e9mie du Covid-19 a exacerb\u00e9 la situation. Le travail infantile s\u2019est \u00e9tendu dans beaucoup de domaines \u00e0 travers le monde, s\u2019op\u00e9rant souvent dans des secteurs vari\u00e9s, qui peuvent avoir des impacts [&hellip;]<\/p>\n","protected":false},"author":65,"featured_media":51324,"parent":0,"menu_order":0,"comment_status":"closed","ping_status":"closed","template":"","meta":{"footnotes":""},"class_list":["post-2354","page","type-page","status-publish","has-post-thumbnail","hentry"],"yoast_head":"<!-- This site is optimized with the Yoast SEO plugin v28.3 - https:\/\/yoast.com\/product\/yoast-seo-wordpress\/ -->\n<title>Le travail des enfants - Humanium<\/title>\n<meta name=\"description\" content=\"Le travail infantile s\u2019est \u00e9tendu dans beaucoup de domaines qui peuvent avoir des impacts n\u00e9gatifs sur le bien-\u00eatre des enfants.\" \/>\n<meta name=\"robots\" content=\"index, follow, max-snippet:-1, max-image-preview:large, max-video-preview:-1\" \/>\n<link rel=\"canonical\" href=\"https:\/\/www.humanium.org\/fr\/travail-des-enfants\/\" \/>\n<meta property=\"og:locale\" content=\"fr_FR\" \/>\n<meta property=\"og:type\" content=\"article\" \/>\n<meta property=\"og:title\" content=\"Le travail des enfants - Humanium\" \/>\n<meta property=\"og:description\" content=\"Le travail infantile s\u2019est \u00e9tendu dans beaucoup de domaines qui peuvent avoir des impacts n\u00e9gatifs sur le bien-\u00eatre des enfants.\" \/>\n<meta property=\"og:url\" content=\"https:\/\/www.humanium.org\/fr\/travail-des-enfants\/\" \/>\n<meta property=\"og:site_name\" content=\"Humanium\" \/>\n<meta property=\"article:modified_time\" content=\"2026-08-20T17:24:46+00:00\" \/>\n<meta property=\"og:image\" content=\"https:\/\/www.humanium.org\/fr\/wp-content\/uploads\/2021\/11\/shutterstock_1383560885-scaled.jpg\" \/>\n\t<meta property=\"og:image:width\" content=\"2560\" \/>\n\t<meta property=\"og:image:height\" content=\"1706\" \/>\n\t<meta property=\"og:image:type\" content=\"image\/jpeg\" \/>\n<meta name=\"twitter:card\" content=\"summary_large_image\" \/>\n<meta name=\"twitter:label1\" content=\"Dur\u00e9e de lecture estim\u00e9e\" \/>\n\t<meta name=\"twitter:data1\" content=\"18 minutes\" \/>\n<script type=\"application\/ld+json\" class=\"yoast-schema-graph\">{\"@context\":\"https:\\\/\\\/schema.org\",\"@graph\":[{\"@type\":\"WebPage\",\"@id\":\"https:\\\/\\\/www.humanium.org\\\/fr\\\/travail-des-enfants\\\/\",\"url\":\"https:\\\/\\\/www.humanium.org\\\/fr\\\/travail-des-enfants\\\/\",\"name\":\"Le travail des enfants - Humanium\",\"isPartOf\":{\"@id\":\"https:\\\/\\\/www.humanium.org\\\/fr\\\/#website\"},\"primaryImageOfPage\":{\"@id\":\"https:\\\/\\\/www.humanium.org\\\/fr\\\/travail-des-enfants\\\/#primaryimage\"},\"image\":{\"@id\":\"https:\\\/\\\/www.humanium.org\\\/fr\\\/travail-des-enfants\\\/#primaryimage\"},\"thumbnailUrl\":\"https:\\\/\\\/www.humanium.org\\\/fr\\\/wp-content\\\/uploads\\\/2021\\\/11\\\/shutterstock_1383560885-scaled.jpg\",\"datePublished\":\"2010-07-23T14:08:03+00:00\",\"dateModified\":\"2026-08-20T17:24:46+00:00\",\"description\":\"Le travail infantile s\u2019est \u00e9tendu dans beaucoup de domaines qui peuvent avoir des impacts n\u00e9gatifs sur le bien-\u00eatre des enfants.\",\"breadcrumb\":{\"@id\":\"https:\\\/\\\/www.humanium.org\\\/fr\\\/travail-des-enfants\\\/#breadcrumb\"},\"inLanguage\":\"fr-FR\",\"potentialAction\":[{\"@type\":\"ReadAction\",\"target\":[\"https:\\\/\\\/www.humanium.org\\\/fr\\\/travail-des-enfants\\\/\"]}]},{\"@type\":\"ImageObject\",\"inLanguage\":\"fr-FR\",\"@id\":\"https:\\\/\\\/www.humanium.org\\\/fr\\\/travail-des-enfants\\\/#primaryimage\",\"url\":\"https:\\\/\\\/www.humanium.org\\\/fr\\\/wp-content\\\/uploads\\\/2021\\\/11\\\/shutterstock_1383560885-scaled.jpg\",\"contentUrl\":\"https:\\\/\\\/www.humanium.org\\\/fr\\\/wp-content\\\/uploads\\\/2021\\\/11\\\/shutterstock_1383560885-scaled.jpg\",\"width\":2560,\"height\":1706},{\"@type\":\"BreadcrumbList\",\"@id\":\"https:\\\/\\\/www.humanium.org\\\/fr\\\/travail-des-enfants\\\/#breadcrumb\",\"itemListElement\":[{\"@type\":\"ListItem\",\"position\":1,\"name\":\"Home\",\"item\":\"https:\\\/\\\/www.humanium.org\\\/fr\\\/\"},{\"@type\":\"ListItem\",\"position\":2,\"name\":\"Le travail des enfants\"}]},{\"@type\":\"WebSite\",\"@id\":\"https:\\\/\\\/www.humanium.org\\\/fr\\\/#website\",\"url\":\"https:\\\/\\\/www.humanium.org\\\/fr\\\/\",\"name\":\"Humanium\",\"description\":\"Les enfants d\u2019abord !\",\"potentialAction\":[{\"@type\":\"SearchAction\",\"target\":{\"@type\":\"EntryPoint\",\"urlTemplate\":\"https:\\\/\\\/www.humanium.org\\\/fr\\\/?s={search_term_string}\"},\"query-input\":{\"@type\":\"PropertyValueSpecification\",\"valueRequired\":true,\"valueName\":\"search_term_string\"}}],\"inLanguage\":\"fr-FR\"}]}<\/script>\n<!-- \/ Yoast SEO plugin. -->","yoast_head_json":{"title":"Le travail des enfants - Humanium","description":"Le travail infantile s\u2019est \u00e9tendu dans beaucoup de domaines qui peuvent avoir des impacts n\u00e9gatifs sur le bien-\u00eatre des enfants.","robots":{"index":"index","follow":"follow","max-snippet":"max-snippet:-1","max-image-preview":"max-image-preview:large","max-video-preview":"max-video-preview:-1"},"canonical":"https:\/\/www.humanium.org\/fr\/travail-des-enfants\/","og_locale":"fr_FR","og_type":"article","og_title":"Le travail des enfants - Humanium","og_description":"Le travail infantile s\u2019est \u00e9tendu dans beaucoup de domaines qui peuvent avoir des impacts n\u00e9gatifs sur le bien-\u00eatre des enfants.","og_url":"https:\/\/www.humanium.org\/fr\/travail-des-enfants\/","og_site_name":"Humanium","article_modified_time":"2026-08-20T17:24:46+00:00","og_image":[{"width":2560,"height":1706,"url":"https:\/\/www.humanium.org\/fr\/wp-content\/uploads\/2021\/11\/shutterstock_1383560885-scaled.jpg","type":"image\/jpeg"}],"twitter_card":"summary_large_image","twitter_misc":{"Dur\u00e9e de lecture estim\u00e9e":"18 minutes"},"schema":{"@context":"https:\/\/schema.org","@graph":[{"@type":"WebPage","@id":"https:\/\/www.humanium.org\/fr\/travail-des-enfants\/","url":"https:\/\/www.humanium.org\/fr\/travail-des-enfants\/","name":"Le travail des enfants - Humanium","isPartOf":{"@id":"https:\/\/www.humanium.org\/fr\/#website"},"primaryImageOfPage":{"@id":"https:\/\/www.humanium.org\/fr\/travail-des-enfants\/#primaryimage"},"image":{"@id":"https:\/\/www.humanium.org\/fr\/travail-des-enfants\/#primaryimage"},"thumbnailUrl":"https:\/\/www.humanium.org\/fr\/wp-content\/uploads\/2021\/11\/shutterstock_1383560885-scaled.jpg","datePublished":"2010-07-23T14:08:03+00:00","dateModified":"2026-08-20T17:24:46+00:00","description":"Le travail infantile s\u2019est \u00e9tendu dans beaucoup de domaines qui peuvent avoir des impacts n\u00e9gatifs sur le bien-\u00eatre des enfants.","breadcrumb":{"@id":"https:\/\/www.humanium.org\/fr\/travail-des-enfants\/#breadcrumb"},"inLanguage":"fr-FR","potentialAction":[{"@type":"ReadAction","target":["https:\/\/www.humanium.org\/fr\/travail-des-enfants\/"]}]},{"@type":"ImageObject","inLanguage":"fr-FR","@id":"https:\/\/www.humanium.org\/fr\/travail-des-enfants\/#primaryimage","url":"https:\/\/www.humanium.org\/fr\/wp-content\/uploads\/2021\/11\/shutterstock_1383560885-scaled.jpg","contentUrl":"https:\/\/www.humanium.org\/fr\/wp-content\/uploads\/2021\/11\/shutterstock_1383560885-scaled.jpg","width":2560,"height":1706},{"@type":"BreadcrumbList","@id":"https:\/\/www.humanium.org\/fr\/travail-des-enfants\/#breadcrumb","itemListElement":[{"@type":"ListItem","position":1,"name":"Home","item":"https:\/\/www.humanium.org\/fr\/"},{"@type":"ListItem","position":2,"name":"Le travail des enfants"}]},{"@type":"WebSite","@id":"https:\/\/www.humanium.org\/fr\/#website","url":"https:\/\/www.humanium.org\/fr\/","name":"Humanium","description":"Les enfants d\u2019abord !","potentialAction":[{"@type":"SearchAction","target":{"@type":"EntryPoint","urlTemplate":"https:\/\/www.humanium.org\/fr\/?s={search_term_string}"},"query-input":{"@type":"PropertyValueSpecification","valueRequired":true,"valueName":"search_term_string"}}],"inLanguage":"fr-FR"}]}},"_links":{"self":[{"href":"https:\/\/www.humanium.org\/fr\/wp-json\/wp\/v2\/pages\/2354","targetHints":{"allow":["GET"]}}],"collection":[{"href":"https:\/\/www.humanium.org\/fr\/wp-json\/wp\/v2\/pages"}],"about":[{"href":"https:\/\/www.humanium.org\/fr\/wp-json\/wp\/v2\/types\/page"}],"author":[{"embeddable":true,"href":"https:\/\/www.humanium.org\/fr\/wp-json\/wp\/v2\/users\/65"}],"replies":[{"embeddable":true,"href":"https:\/\/www.humanium.org\/fr\/wp-json\/wp\/v2\/comments?post=2354"}],"version-history":[{"count":19,"href":"https:\/\/www.humanium.org\/fr\/wp-json\/wp\/v2\/pages\/2354\/revisions"}],"predecessor-version":[{"id":62235,"href":"https:\/\/www.humanium.org\/fr\/wp-json\/wp\/v2\/pages\/2354\/revisions\/62235"}],"wp:featuredmedia":[{"embeddable":true,"href":"https:\/\/www.humanium.org\/fr\/wp-json\/wp\/v2\/media\/51324"}],"wp:attachment":[{"href":"https:\/\/www.humanium.org\/fr\/wp-json\/wp\/v2\/media?parent=2354"}],"curies":[{"name":"wp","href":"https:\/\/api.w.org\/{rel}","templated":true}]}}