{"id":28010,"date":"2013-03-19T09:34:42","date_gmt":"2013-03-19T09:34:42","guid":{"rendered":"http:\/\/www.humanium.org\/fr\/?page_id=28010"},"modified":"2025-12-10T02:41:51","modified_gmt":"2025-12-10T02:41:51","slug":"infanticide","status":"publish","type":"page","link":"https:\/\/www.humanium.org\/fr\/infanticide\/","title":{"rendered":"Infanticide"},"content":{"rendered":"\n<p class=\"wp-block-paragraph\"><strong>L\u2019infanticide, qui d\u00e9signe l\u2019acte d\u00e9lib\u00e9r\u00e9 de mettre fin \u00e0 la vie d\u2019un tr\u00e8s jeune enfant, demeure un probl\u00e8me inqui\u00e9tant et <\/strong><strong><s>i<\/s><\/strong><strong>mportant dans la soci\u00e9t\u00e9 contemporaine. Bien que la persistance de cette pratique ait diminu\u00e9 au fil du temps, elle continue de rappeler avec force qu\u2019il s\u2019agit d\u2019une violation profonde du <\/strong><a href=\"https:\/\/www.humanium.org\/fr\/comprendre-droits-enfant\/droit-a-la-vie\/\"><strong>droit inh\u00e9rent \u00e0 la vie de l&rsquo;enfant<\/strong><\/a><strong>. Les complexit\u00e9s qui entourent l\u2019infanticide sont \u00e9troitement li\u00e9es \u00e0 des facteurs tels que des <\/strong><strong>soins de sant\u00e9<\/strong><strong> maternelle inappropri\u00e9s et des traditions culturelles profond\u00e9ment enracin\u00e9es. Bien que des progr\u00e8s aient \u00e9t\u00e9 r\u00e9alis\u00e9s, l\u2019infanticide accentue les d\u00e9fis actuels auxquels nous sommes confront\u00e9s pour prot\u00e9ger la vie des plus vuln\u00e9rables d\u2019entre nous.<\/strong><\/p>\n\n\n\n<figure class=\"wp-block-image size-large\"><img loading=\"lazy\" decoding=\"async\" width=\"1024\" height=\"683\" src=\"https:\/\/www.humanium.org\/fr\/wp-content\/uploads\/2024\/07\/shutterstock_1659396958-1024x683.jpg\" alt=\"\" class=\"wp-image-57238\" srcset=\"https:\/\/www.humanium.org\/fr\/wp-content\/uploads\/2024\/07\/shutterstock_1659396958-1024x683.jpg 1024w, https:\/\/www.humanium.org\/fr\/wp-content\/uploads\/2024\/07\/shutterstock_1659396958-300x200.jpg 300w, https:\/\/www.humanium.org\/fr\/wp-content\/uploads\/2024\/07\/shutterstock_1659396958-768x512.jpg 768w, https:\/\/www.humanium.org\/fr\/wp-content\/uploads\/2024\/07\/shutterstock_1659396958-1536x1024.jpg 1536w, https:\/\/www.humanium.org\/fr\/wp-content\/uploads\/2024\/07\/shutterstock_1659396958-2048x1365.jpg 2048w, https:\/\/www.humanium.org\/fr\/wp-content\/uploads\/2024\/07\/shutterstock_1659396958-830x553.jpg 830w, https:\/\/www.humanium.org\/fr\/wp-content\/uploads\/2024\/07\/shutterstock_1659396958-230x153.jpg 230w, https:\/\/www.humanium.org\/fr\/wp-content\/uploads\/2024\/07\/shutterstock_1659396958-350x233.jpg 350w, https:\/\/www.humanium.org\/fr\/wp-content\/uploads\/2024\/07\/shutterstock_1659396958-480x320.jpg 480w, https:\/\/www.humanium.org\/fr\/wp-content\/uploads\/2024\/07\/shutterstock_1659396958-272x182.jpg 272w\" sizes=\"auto, (max-width: 1024px) 100vw, 1024px\" \/><\/figure>\n\n\n\n<h2 class=\"wp-block-heading\"><strong>Types de meurtre d\u2019enfant : d\u00e9finition et implications<\/strong><\/h2>\n\n\n\n<p class=\"wp-block-paragraph\">L\u2019infanticide, le filicide, et le n\u00e9onaticide constituent diff\u00e9rents types de meurtre d\u2019enfants dont l\u2019origine remonte \u00e0 l\u2019histoire ancienne. Ces actes peuvent \u00eatre commis par des m\u00e8res, des p\u00e8res, ou tout autre membre de la communaut\u00e9 qui assume le r\u00f4le de figure parentale.<\/p>\n\n\n\n<p class=\"wp-block-paragraph\"><strong>L\u2019infanticide<\/strong> d\u00e9signe l\u2019acte de provoquer la mort d\u2019un nouveau-n\u00e9 de mani\u00e8re intentionnelle. Historiquement, cette pratique a \u00e9t\u00e9 consid\u00e9r\u00e9e comme un moyen de contr\u00f4ler le nombre d\u2019habitants et d\u2019\u00e9liminer les nourrissons consid\u00e9r\u00e9s comme faibles ou difformes. Cependant, dans certaines soci\u00e9t\u00e9s, les nourrissons sont mis \u00e0 mort ou laiss\u00e9s mourir dans des circonstances exceptionnelles. Par exemple, chez les Esquimaux, les conditions de vie difficiles ont conduit parfois au meurtre de nourrissons de sexe f\u00e9minin peu apr\u00e8s leur naissance afin de s\u2019assurer qu\u2019il y ait suffisamment de maris pour subvenir aux besoins de la population f\u00e9minine (Britannica, 2023).<\/p>\n\n\n\n<p class=\"wp-block-paragraph\">Le terme <strong>filicide <\/strong>est d\u00e9riv\u00e9 des mots latins \u00ab\u00a0filius\u00a0\u00bb (fils) et \u00ab\u00a0filia\u00a0\u00bb (fille), et du suffixe \u00ab\u00a0-cide\u00a0\u00bb (tuer), qui d\u00e9signe \u00e0 la fois le crime et l\u2019auteur du crime. La d\u00e9finition juridique varie d\u2019un pays \u00e0 l\u2019autre ; certains pays l\u2019appliquent aux m\u00e8res criminelles, tandis que les pays occidentaux condamnent de plus en plus les p\u00e8res pour filicide. Le cadre juridique du filicide \u00e9tablit un \u00e9quilibre entre le traitement inflig\u00e9 et la punition, r\u00e9duisant souvent les peines pour les m\u00e8res qui commettent ce crime au cours de la premi\u00e8re ann\u00e9e de vie de l\u2019enfant en raison de facteurs tels que la d\u00e9tresse post-partum (Almeida F et al., 2017).<\/p>\n\n\n\n<p class=\"wp-block-paragraph\">Le<strong> n\u00e9onaticide<\/strong>, qui implique le meurtre de nourrissons \u00e2g\u00e9s de moins d\u2019un mois, a g\u00e9n\u00e9ralement lieu peu apr\u00e8s l\u2019accouchement, souvent dans les heures qui suivent, et est fr\u00e9quemment associ\u00e9 \u00e0 des grossesses non d\u00e9sir\u00e9es (Byard W. R, 2016). La loi britannique sur l\u2019infanticide reconna\u00eet que les changements biologiques li\u00e9s \u00e0 l\u2019accouchement comme les hormones et la r\u00e9gulation du syst\u00e8me nerveux, peuvent \u00eatre li\u00e9s \u00e0 des conditions telles que le d\u00e9ni de grossesse et l\u2019hyst\u00e9rie (Spinelli G. M, 2001).<\/p>\n\n\n\n<p class=\"wp-block-paragraph\">Dans le cadre d\u2019une \u00e9tude men\u00e9e aux <a href=\"https:\/\/www.humanium.org\/fr\/etats-unis\/\">\u00c9tats-Unis<\/a>, des chercheurs ont examin\u00e9s seize femmes accus\u00e9es de n\u00e9onaticide par le biais d\u2019examens psychiatriques. Les r\u00e9sultats ont r\u00e9v\u00e9l\u00e9 un sch\u00e9ma commun chez ces femmes, notamment des sympt\u00f4mes tels que la d\u00e9personnalisation, les hallucinations dissociatives, et l\u2019amn\u00e9sie pendant l\u2019accouchement. Cette \u00e9tude a mis en lumi\u00e8re la n\u00e9cessit\u00e9 d\u2019\u00e9laborer des strat\u00e9gies th\u00e9rapeutiques afin de pr\u00e9venir des cas de n\u00e9onaticide et a mis en \u00e9vidence la vuln\u00e9rabilit\u00e9 extr\u00eame des femmes pendant l\u2019accouchement (Spinelli G. M, 2001).<\/p>\n\n\n\n<p class=\"wp-block-paragraph\">Le meurtre d\u2019un nourrisson constitue un cas complexe avec des r\u00e9percussions importantes. Tout au long de l\u2019histoire de l\u2019humanit\u00e9, l\u2019infanticide a \u00e9t\u00e9 pratiqu\u00e9 dans diverses cultures et accept\u00e9 comme un moyen de planification familiale. Cependant, cet acte contraste fortement avec les valeurs contemporaines qui donnent la priorit\u00e9 \u00e0 la protection et au caract\u00e8re sacr\u00e9 de la vie d\u2019un enfant (Newman S, 2017).&nbsp;<\/p>\n\n\n\n<h2 class=\"wp-block-heading\"><strong>Examen des m\u00e9thodes employ\u00e9es : infanticide actif vs infanticide passif<\/strong><\/h2>\n\n\n\n<p class=\"wp-block-paragraph\">L\u2019infanticide peut \u00eatre class\u00e9 en deux cat\u00e9gories principales : l\u2019infanticide actif et l\u2019infanticide passif. L\u2019infanticide actif implique le fait de donner volontairement la mort \u00e0 des nourrissons par des actes d\u00e9lib\u00e9r\u00e9s. \u00c0 l\u2019inverse, l\u2019infanticide passif se caract\u00e9rise par une n\u00e9gligence en termes de soins m\u00e9dicaux, nutritionnels, physiques, ou \u00e9motionnels, ce qui conduit indirectement \u00e0 la <a href=\"https:\/\/www.humanium.org\/fr\/mortalite-infantile\/\">mortalit\u00e9 infantile<\/a>. L\u2019infanticide actif est souvent motiv\u00e9 par des facteurs culturels ou li\u00e9s au genre sexuel, tandis que l\u2019infanticide passif peut r\u00e9sulter d\u2019un manque de ressources ou de soutien pour les familles en difficult\u00e9s (CRIN, 2011).<\/p>\n\n\n\n<p class=\"wp-block-paragraph\">Cependant, les sp\u00e9cialistes de l\u2019\u00e9thique remettent en question la distinction classique entre l\u2019infanticide passif et l\u2019infanticide actif, affirmant que le fait de s\u2019abstenir intentionnellement d\u2019emp\u00eacher un cas n\u00e9gatif a la m\u00eame signification morale que le fait de provoquer ce r\u00e9sultat lorsque les motivations concordent. Cette perspective remet en question la disparit\u00e9 morale inh\u00e9rente entre le fait de permettre \u00e0 quelqu\u2019un de mourir et le fait de lui \u00f4ter volontairement la vie (Tooley M, 2002).<\/p>\n\n\n\n<p class=\"wp-block-paragraph\">D\u2019apr\u00e8s les donn\u00e9es post-mortem du Tribunal d\u2019instance de Pozna\u0144 (Pologne) couvrant les ann\u00e9es 1990 \u00e0 2000, la plupart des criminelles \u00e9taient des jeunes femmes c\u00e9libataires, issues de la classe ouvri\u00e8re, \u00e2g\u00e9es de 17 \u00e0 42 ans et ayant un faible niveau d\u2019instruction. Dans 80% des cas, la principale m\u00e9thode employ\u00e9e \u00e9tait l\u2019infanticide actif, impliquant souvent l\u2019enfermement de l\u2019enfant ou l\u2019obstruction de la gorge et du larynx, tandis que l\u2019infanticide passif se produisait dans 20% des cas. Il est \u00e0 noter qu\u2019aucun cas ne pr\u00e9sentait des signes de psychose (Ko\u0142owski J. et al., 2005).<\/p>\n\n\n\n<h2 class=\"wp-block-heading\"><strong>\u00c9l\u00e9ments d\u00e9clencheurs de l\u2019infanticide : d\u00e9fis de la vie et grossesses non d\u00e9sir\u00e9es<\/strong><\/h2>\n\n\n<div class=\"wp-block-image\">\n<figure class=\"alignleft size-large is-resized\"><img loading=\"lazy\" decoding=\"async\" width=\"1024\" height=\"682\" src=\"https:\/\/www.humanium.org\/fr\/wp-content\/uploads\/2024\/07\/shutterstock_402452500-1024x682.jpg\" alt=\"\" class=\"wp-image-57237\" style=\"width:336px;height:auto\" srcset=\"https:\/\/www.humanium.org\/fr\/wp-content\/uploads\/2024\/07\/shutterstock_402452500-1024x682.jpg 1024w, https:\/\/www.humanium.org\/fr\/wp-content\/uploads\/2024\/07\/shutterstock_402452500-300x200.jpg 300w, https:\/\/www.humanium.org\/fr\/wp-content\/uploads\/2024\/07\/shutterstock_402452500-768x511.jpg 768w, https:\/\/www.humanium.org\/fr\/wp-content\/uploads\/2024\/07\/shutterstock_402452500-1536x1022.jpg 1536w, https:\/\/www.humanium.org\/fr\/wp-content\/uploads\/2024\/07\/shutterstock_402452500-2048x1363.jpg 2048w, https:\/\/www.humanium.org\/fr\/wp-content\/uploads\/2024\/07\/shutterstock_402452500-830x552.jpg 830w, https:\/\/www.humanium.org\/fr\/wp-content\/uploads\/2024\/07\/shutterstock_402452500-230x153.jpg 230w, https:\/\/www.humanium.org\/fr\/wp-content\/uploads\/2024\/07\/shutterstock_402452500-350x233.jpg 350w, https:\/\/www.humanium.org\/fr\/wp-content\/uploads\/2024\/07\/shutterstock_402452500-480x319.jpg 480w, https:\/\/www.humanium.org\/fr\/wp-content\/uploads\/2024\/07\/shutterstock_402452500-272x182.jpg 272w\" sizes=\"auto, (max-width: 1024px) 100vw, 1024px\" \/><\/figure>\n<\/div>\n\n\n<p class=\"wp-block-paragraph\">Malgr\u00e9 des progr\u00e8s significatifs r\u00e9alis\u00e9s en psychologie et en sciences sociales, il reste difficile de d\u00e9finir les motivations et les facteurs de risque. Cette difficult\u00e9 repose sur le fait que l\u2019infanticide est marqu\u00e9 par un m\u00e9lange complexe de facteurs psychologiques, socioculturels et \u00e9conomiques qui interagissent diff\u00e9remment selon les communaut\u00e9s et les situations.&nbsp;Pour comprendre et pr\u00e9venir cet \u00e9v\u00e9nement tragique, il est essentiel d\u2019examiner les exp\u00e9riences traumatisantes des parents et les circonstances qui ont conduit \u00e0 l\u2019infanticide. <\/p>\n\n\n\n<p class=\"wp-block-paragraph\">Ces exp\u00e9riences peuvent inclure des ant\u00e9c\u00e9dents de maltraitance, de n\u00e9gligence, de maladie mentale, de toxicomanie, de comp\u00e9tences parentales insuffisantes, et d\u2019un manque de soutien social. De plus, les \u00e9l\u00e9ments d\u00e9clencheurs comportent des relations interpersonnelles tendues, des conflits conjugaux, de la <a href=\"https:\/\/www.humanium.org\/fr\/la-violence-au-sein-du-foyer-et-ses-consequences-sur-les-enfants\/\">violence domestique<\/a>, des dommages, des s\u00e9parations, des conditions de vie difficiles, des \u00e9v\u00e9nements traumatisants, et des difficult\u00e9s financi\u00e8res (Ozdemir F. D. et al., 2021).<\/p>\n\n\n\n<p class=\"wp-block-paragraph\">Dans les pays en d\u00e9veloppement comme le <a href=\"https:\/\/www.humanium.org\/fr\/senegal\/\">S\u00e9n\u00e9gal<\/a>, l\u2019infanticide est un probl\u00e8me important dans la mesure o\u00f9 les femmes accus\u00e9es d\u2019avoir tu\u00e9 leur nouveau-n\u00e9 sont la cause du nombre important de femmes en prison. Ces cas proviennent souvent de grossesses consid\u00e9r\u00e9es comme non d\u00e9sir\u00e9es en raison de la stigmatisation sociale et du d\u00e9shonneur potentiel. La stigmatisation qui entoure ces grossesses est profonde, ce qui pousse ces femmes \u00e0 agir de mani\u00e8re d\u00e9sesp\u00e9r\u00e9e (Gaeste A, 2018). Les femmes qui vivent de telles grossesses ont ainsi recours \u00e0 l\u2019infanticide en guise de r\u00e9ponse, souvent de mani\u00e8re isol\u00e9e.&nbsp;<\/p>\n\n\n\n<p class=\"wp-block-paragraph\">L\u2019un des facteurs qui contribue \u00e0 ce probl\u00e8me est la l\u00e9gislation du <a href=\"https:\/\/www.humanium.org\/fr\/senegal\/\">S\u00e9n\u00e9gal<\/a> sur l\u2019avortement. L\u2019avortement est ill\u00e9gal au <a href=\"https:\/\/www.humanium.org\/fr\/senegal\/\">S\u00e9n\u00e9gal<\/a>, sauf lorsque la sant\u00e9 de la m\u00e8re est en danger, et il n\u00e9cessite l\u2019approbation de deux m\u00e9decins et d\u2019un procureur. Cela rend l\u2019acc\u00e8s \u00e0 l\u2019avortement sans danger presque impossible, ne laissant aux femmes aucune option viable en cas de grossesse non d\u00e9sir\u00e9e. Des efforts pour reformer ces lois sont en cours, mais ils se heurtent \u00e0 une r\u00e9sistance due \u00e0 des facteurs religieux et soci\u00e9taux (Gaeste A, 2018).<\/p>\n\n\n\n<h2 class=\"wp-block-heading\"><strong>Pr\u00e9servation de la vie du nourrisson&nbsp;&nbsp;<\/strong><\/h2>\n\n\n\n<p class=\"wp-block-paragraph\">Pour pr\u00e9venir l\u2019acte tragique de l\u2019infanticide, il est n\u00e9cessaire de proc\u00e9der \u00e0 des r\u00e9formes juridiques et de changer les mentalit\u00e9s dans la soci\u00e9t\u00e9 afin de soutenir les femmes confront\u00e9es \u00e0 des grossesses non d\u00e9sir\u00e9es. Cela implique une coop\u00e9ration et des efforts collectifs de la part des autorit\u00e9s gouvernementales, des institutions sociales, et des organisations non-gouvernementales.<\/p>\n\n\n\n<p class=\"wp-block-paragraph\">Pouss\u00e9e par des pr\u00e9jug\u00e9s sexistes profond\u00e9ment enracin\u00e9s, l\u2019<a href=\"https:\/\/www.humanium.org\/fr\/inde\/\">Inde<\/a>, par exemple, d\u00e9ploie des efforts pour lutter contre l\u2019infanticide. Le gouvernement indien fait appliquer les lois, lance des campagnes de sensibilisation, et offre des incitations financi\u00e8res pour lutter contre les technologies d\u00e9terminant le sexe de l\u2019enfant et l\u2019avortement sexo-s\u00e9lectif. Le d\u00e9s\u00e9quilibre flagrant entre les sexes est \u00e9vident. En effet, 90% des enfants abandonn\u00e9s sont des filles, ce qui met en \u00e9vidence les perceptions sociales de leur productivit\u00e9 (Gender in Geopolitics Institute, 2021).<\/p>\n\n\n\n<figure class=\"wp-block-image size-large\"><img loading=\"lazy\" decoding=\"async\" width=\"1024\" height=\"682\" src=\"https:\/\/www.humanium.org\/fr\/wp-content\/uploads\/2024\/07\/shutterstock_2289165515-1024x682.jpg\" alt=\"\" class=\"wp-image-57236\" srcset=\"https:\/\/www.humanium.org\/fr\/wp-content\/uploads\/2024\/07\/shutterstock_2289165515-1024x682.jpg 1024w, https:\/\/www.humanium.org\/fr\/wp-content\/uploads\/2024\/07\/shutterstock_2289165515-300x200.jpg 300w, https:\/\/www.humanium.org\/fr\/wp-content\/uploads\/2024\/07\/shutterstock_2289165515-768x511.jpg 768w, https:\/\/www.humanium.org\/fr\/wp-content\/uploads\/2024\/07\/shutterstock_2289165515-1536x1022.jpg 1536w, https:\/\/www.humanium.org\/fr\/wp-content\/uploads\/2024\/07\/shutterstock_2289165515-2048x1363.jpg 2048w, https:\/\/www.humanium.org\/fr\/wp-content\/uploads\/2024\/07\/shutterstock_2289165515-830x553.jpg 830w, https:\/\/www.humanium.org\/fr\/wp-content\/uploads\/2024\/07\/shutterstock_2289165515-230x153.jpg 230w, https:\/\/www.humanium.org\/fr\/wp-content\/uploads\/2024\/07\/shutterstock_2289165515-350x233.jpg 350w, https:\/\/www.humanium.org\/fr\/wp-content\/uploads\/2024\/07\/shutterstock_2289165515-480x320.jpg 480w, https:\/\/www.humanium.org\/fr\/wp-content\/uploads\/2024\/07\/shutterstock_2289165515-272x182.jpg 272w\" sizes=\"auto, (max-width: 1024px) 100vw, 1024px\" \/><\/figure>\n\n\n\n<p class=\"wp-block-paragraph\">Cependant, malgr\u00e9 ces mesures, la r\u00e9duction de l\u2019infanticide est principalement due \u00e0 des facteurs li\u00e9s \u00e0 la sant\u00e9. Malheureusement, la <a href=\"https:\/\/www.humanium.org\/fr\/discriminations\/\">discrimination<\/a> sexuelle et la <a href=\"https:\/\/www.humanium.org\/fr\/violences\/\">violence<\/a> contre les femmes restent des probl\u00e8mes omnipr\u00e9sents, ce qui souligne la n\u00e9cessit\u00e9 de poursuivre des efforts constants afin de susciter un changement significatif (Gender in Geopolitics Institute, 2021).&nbsp;<\/p>\n\n\n\n<p class=\"wp-block-paragraph\">N\u00e9anmoins, des pays comme l\u2019<a href=\"https:\/\/www.humanium.org\/fr\/inde\/\">Inde<\/a> et le <a href=\"https:\/\/www.humanium.org\/fr\/senegal\/\">S\u00e9n\u00e9gal<\/a>, doivent poursuivre leurs efforts pour lutter contre la&nbsp; <a href=\"https:\/\/www.humanium.org\/fr\/discriminations\/\">discrimination<\/a> sexuelle et la <a href=\"https:\/\/www.humanium.org\/fr\/droits-des-filles\/\">violence contre les femmes<\/a>. Cela implique d\u2019appliquer plus rigoureusement les lois en vigueur et de soutenir les initiatives qui favorisent l\u2019\u00e9galit\u00e9 des sexes et l\u2019autonomie des femmes dans l\u2019ensemble de la soci\u00e9t\u00e9.<\/p>\n\n\n\n<p class=\"wp-block-paragraph\">Pour pr\u00e9venir l\u2019infanticide et le suicide dans les cas de psychose post-partum, chaque pays devrait mettre en place un syst\u00e8me de sant\u00e9 solide qui donne la priorit\u00e9 \u00e0 des soins hospitaliers optimaux, afin de garantir la s\u00e9curit\u00e9, de poser un diagnostic pr\u00e9cis, et d\u2019instaurer rapidement un traitement. Une \u00e9valuation rapide est essentielle pour intervenir \u00e0 temps, ce qui implique d\u2019assurer un repos suffisant apr\u00e8s l\u2019accouchement, la prescription imm\u00e9diate de m\u00e9dicaments et d\u2019aller consulter un psychiatre. (Healio Psychiatry, 2019).<\/p>\n\n\n\n<p class=\"wp-block-paragraph\"><em><strong>\u00c9crit par Lidija Misic<\/strong><\/em><\/p>\n\n\n\n<p class=\"wp-block-paragraph\"><em><strong>Relu en interne par Aditi Partha<\/strong><\/em><\/p>\n\n\n\n<p class=\"wp-block-paragraph\"><em><strong>Traduit par Rafael Tobar<\/strong><\/em><\/p>\n\n\n\n<p class=\"wp-block-paragraph\"><em><strong>Relu en externe par Ania Beznia<\/strong><\/em><\/p>\n\n\n\n<p class=\"wp-block-paragraph\"><em><strong>Derni\u00e8re mise \u00e0 jour le 24 Septembre 2023<\/strong><\/em><\/p>\n\n\n\n<h4 class=\"wp-block-heading\"><strong>Bibliographie:<\/strong><\/h4>\n\n\n\n<p class=\"has-small-font-size wp-block-paragraph\">Almeida Fatima et al. (2017), Chapter 5 &#8211; Profiling in Violent Crimes: The Perpetrator and the Victim in Cases of Filicide. Retrieved from ScienceDirect at&nbsp; <a href=\"https:\/\/www.sciencedirect.com\/science\/article\/abs\/pii\/B9780128092873000055\" target=\"_blank\" rel=\"noreferrer noopener\">https:\/\/www.sciencedirect.com\/science\/article\/abs\/pii\/B9780128092873000055<\/a>. Accessed on 23 September 2023.<\/p>\n\n\n\n<p class=\"has-small-font-size wp-block-paragraph\">Britannica (2023), The Information Architects of Encyclopaedia. \u00ab\u00a0infanticide\u00a0\u00bb. Retrieved from the Encyclopedia Britannica at <a href=\"https:\/\/www.britannica.com\/facts\/infanticide\" target=\"_blank\" rel=\"noreferrer noopener\">https:\/\/www.britannica.com\/facts\/infanticide<\/a>. Accessed on 23 September 2023.<\/p>\n\n\n\n<p class=\"has-small-font-size wp-block-paragraph\">Byard W. Roger (2016) Neonaticide. Retrieved from ScienceDirect at <a href=\"https:\/\/www.sciencedirect.com\/science\/article\/abs\/pii\/B9780128000342003013\" target=\"_blank\" rel=\"noreferrer noopener\">https:\/\/www.sciencedirect.com\/science\/article\/abs\/pii\/B9780128000342003013<\/a>. Accessed on 23 September 2023.<\/p>\n\n\n\n<p class=\"has-small-font-size wp-block-paragraph\">CRIN (2011), Forms of violence: Infanticide. Retrieved from Child Rights International Network at <a href=\"https:\/\/archive.crin.org\/en\/library\/publications\/forms-violence-infanticide.html\" target=\"_blank\" rel=\"noreferrer noopener\">https:\/\/archive.crin.org\/en\/library\/publications\/forms-violence-infanticide.html<\/a>. Accessed on 23 September 2023.<\/p>\n\n\n\n<p class=\"has-small-font-size wp-block-paragraph\">Gaestel Allyn (2018), Why Infanticide Is A Problem In Senegal. Retrieved from NPR at <a href=\"https:\/\/www.npr.org\/sections\/goatsandsoda\/2018\/10\/03\/631892291\/why-infanticide-is-a-problem-in-senegal\" target=\"_blank\" rel=\"noreferrer noopener\">https:\/\/www.npr.org\/sections\/goatsandsoda\/2018\/10\/03\/631892291\/why-infanticide-is-a-problem-in-senegal<\/a>. Accessed on 23 September 2023.<\/p>\n\n\n\n<p class=\"has-small-font-size wp-block-paragraph\">Gender in Geopolitics Institute (2021), To be born a woman in India. Foeticide and infanticide: origins, consequence, and solutions. Retrieved from Gender in Geopolitics Institute at <a href=\"https:\/\/igg-geo.org\/?p=5229&amp;lang=en\" target=\"_blank\" rel=\"noreferrer noopener\">https:\/\/igg-geo.org\/?p=5229&amp;lang=en<\/a>. Accessed on 23 September 2023.<\/p>\n\n\n\n<p class=\"has-small-font-size wp-block-paragraph\">Healio Psychiatry (2019), Strategies to help prevent infanticide, suicide in postpartum psychosis. Retrieved from Healio Psychiatry at <a href=\"https:\/\/www.healio.com\/news\/psychiatry\/20190731\/strategies-to-help-prevent-infanticide-suicide-in-postpartum-psychosis\" target=\"_blank\" rel=\"noreferrer noopener\">https:\/\/www.healio.com\/news\/psychiatry\/20190731\/strategies-to-help-prevent-infanticide-suicide-in-postpartum-psychosis<\/a>. Accessed on 23 September 2023.<\/p>\n\n\n\n<p class=\"has-small-font-size wp-block-paragraph\">Ko\u0142owski Janusz. et al. (2005), [Infanticide in the light of post-mortem findings and court files from the period 1990-2000 (selected problems)]. Retrieved from National Library of Medicine at <a href=\"https:\/\/pubmed.ncbi.nlm.nih.gov\/16080428\/\">https:\/\/pubmed.ncbi.nlm.nih.<\/a><a href=\"https:\/\/pubmed.ncbi.nlm.nih.gov\/16080428\/\" target=\"_blank\" rel=\"noreferrer noopener\">gov<\/a><a href=\"https:\/\/pubmed.ncbi.nlm.nih.gov\/16080428\/\">\/16080428\/<\/a>. Accessed on 23 September 2023.<\/p>\n\n\n\n<p class=\"has-small-font-size wp-block-paragraph\">Newman Sandra (2023), Infanticide. Retrieved from Aeno at <a href=\"https:\/\/aeon.co\/essays\/the-roots-of-infanticide-run-deep-and-begin-with-poverty\" target=\"_blank\" rel=\"noreferrer noopener\">https:\/\/aeon.co\/essays\/the-roots-of-infanticide-run-deep-and-begin-with-poverty<\/a>. Accessed on 23 September 2023.<\/p>\n\n\n\n<p class=\"has-small-font-size wp-block-paragraph\">Ozdemir Foto Dilsad et al. (2021), Killing One\u2019s Own Baby: A Psychodynamic Overview with Clinical: Approach to Filicide Cases. Retrieve from Turkish Journal of Psychiatry at <a href=\"https:\/\/www.turkpsikiyatri.com\/PDF\/C32S3\/en\/TPD_c32(3)_201-210.pdf\" target=\"_blank\" rel=\"noreferrer noopener\">https:\/\/www.turkpsikiyatri.com\/PDF\/C32S3\/en\/TPD_c32(3)_201-210.pdf<\/a>. Accessed on 23 September 2023.<\/p>\n\n\n\n<p class=\"has-small-font-size wp-block-paragraph\">Spinelli G. Margaret (2001), A Systematic Investigation of 16 Cases of Neonaticide. Retrieved from The American Journal of Psychiatry at <a href=\"https:\/\/ajp.psychiatryonline.org\/doi\/10.1176\/appi.ajp.158.5.811\" target=\"_blank\" rel=\"noreferrer noopener\">https:\/\/ajp.psychiatryonline.org\/doi\/10.1176\/appi.ajp.158.5.811<\/a>. Accessed on 24 September 2023.<\/p>\n\n\n\n<p class=\"has-small-font-size wp-block-paragraph\">Tooley Michael (2022), An Irrelevant Consideration: Killing versus Letting Die. Retrieved from <a href=\"https:\/\/www.qcc.cuny.edu\/socialsciences\/ppecorino\/deathanddying_text\/Tooley.htm\" target=\"_blank\" rel=\"noreferrer noopener\">https:\/\/www.qcc.cuny.edu\/socialsciences\/ppecorino\/deathanddying_text\/Tooley.htm<\/a>. Accessed on 23 September 2023.<\/p>\n","protected":false},"excerpt":{"rendered":"<p>L\u2019infanticide, qui d\u00e9signe l\u2019acte d\u00e9lib\u00e9r\u00e9 de mettre fin \u00e0 la vie d\u2019un tr\u00e8s jeune enfant, demeure un probl\u00e8me inqui\u00e9tant et important dans la soci\u00e9t\u00e9 contemporaine. Bien que la persistance de cette pratique ait diminu\u00e9 au fil du temps, elle continue de rappeler avec force qu\u2019il s\u2019agit d\u2019une violation profonde du droit inh\u00e9rent \u00e0 la vie [&hellip;]<\/p>\n","protected":false},"author":65,"featured_media":57238,"parent":0,"menu_order":0,"comment_status":"closed","ping_status":"closed","template":"","meta":{"footnotes":""},"class_list":["post-28010","page","type-page","status-publish","has-post-thumbnail","hentry"],"yoast_head":"<!-- This site is optimized with the Yoast SEO plugin v28.3 - https:\/\/yoast.com\/product\/yoast-seo-wordpress\/ -->\n<title>Infanticide - Humanium<\/title>\n<meta name=\"description\" content=\"L&#039;infanticide, l&#039;acte d\u00e9lib\u00e9r\u00e9 de mettre fin \u00e0 la vie d&#039;un tr\u00e8s jeune enfant, reste un probl\u00e8me douloureux dans la soci\u00e9t\u00e9 contemporaine.\" \/>\n<meta name=\"robots\" content=\"index, follow, max-snippet:-1, max-image-preview:large, max-video-preview:-1\" \/>\n<link rel=\"canonical\" href=\"https:\/\/www.humanium.org\/fr\/infanticide\/\" \/>\n<meta property=\"og:locale\" content=\"fr_FR\" \/>\n<meta property=\"og:type\" content=\"article\" \/>\n<meta property=\"og:title\" content=\"Infanticide - Humanium\" \/>\n<meta property=\"og:description\" content=\"L&#039;infanticide, l&#039;acte d\u00e9lib\u00e9r\u00e9 de mettre fin \u00e0 la vie d&#039;un tr\u00e8s jeune enfant, reste un probl\u00e8me douloureux dans la soci\u00e9t\u00e9 contemporaine.\" \/>\n<meta property=\"og:url\" content=\"https:\/\/www.humanium.org\/fr\/infanticide\/\" \/>\n<meta property=\"og:site_name\" content=\"Humanium\" \/>\n<meta property=\"article:modified_time\" content=\"2025-12-10T02:41:51+00:00\" \/>\n<meta property=\"og:image\" content=\"https:\/\/www.humanium.org\/fr\/wp-content\/uploads\/2024\/07\/shutterstock_1659396958-scaled.jpg\" \/>\n\t<meta property=\"og:image:width\" content=\"2560\" \/>\n\t<meta property=\"og:image:height\" content=\"1707\" \/>\n\t<meta property=\"og:image:type\" content=\"image\/jpeg\" \/>\n<meta name=\"twitter:card\" content=\"summary_large_image\" \/>\n<meta name=\"twitter:label1\" content=\"Dur\u00e9e de lecture estim\u00e9e\" \/>\n\t<meta name=\"twitter:data1\" content=\"11 minutes\" \/>\n<script type=\"application\/ld+json\" class=\"yoast-schema-graph\">{\"@context\":\"https:\\\/\\\/schema.org\",\"@graph\":[{\"@type\":\"WebPage\",\"@id\":\"https:\\\/\\\/www.humanium.org\\\/fr\\\/infanticide\\\/\",\"url\":\"https:\\\/\\\/www.humanium.org\\\/fr\\\/infanticide\\\/\",\"name\":\"Infanticide - Humanium\",\"isPartOf\":{\"@id\":\"https:\\\/\\\/www.humanium.org\\\/fr\\\/#website\"},\"primaryImageOfPage\":{\"@id\":\"https:\\\/\\\/www.humanium.org\\\/fr\\\/infanticide\\\/#primaryimage\"},\"image\":{\"@id\":\"https:\\\/\\\/www.humanium.org\\\/fr\\\/infanticide\\\/#primaryimage\"},\"thumbnailUrl\":\"https:\\\/\\\/www.humanium.org\\\/fr\\\/wp-content\\\/uploads\\\/2024\\\/07\\\/shutterstock_1659396958-scaled.jpg\",\"datePublished\":\"2013-03-19T09:34:42+00:00\",\"dateModified\":\"2025-12-10T02:41:51+00:00\",\"description\":\"L'infanticide, l'acte d\u00e9lib\u00e9r\u00e9 de mettre fin \u00e0 la vie d'un tr\u00e8s jeune enfant, reste un probl\u00e8me douloureux dans la soci\u00e9t\u00e9 contemporaine.\",\"breadcrumb\":{\"@id\":\"https:\\\/\\\/www.humanium.org\\\/fr\\\/infanticide\\\/#breadcrumb\"},\"inLanguage\":\"fr-FR\",\"potentialAction\":[{\"@type\":\"ReadAction\",\"target\":[\"https:\\\/\\\/www.humanium.org\\\/fr\\\/infanticide\\\/\"]}]},{\"@type\":\"ImageObject\",\"inLanguage\":\"fr-FR\",\"@id\":\"https:\\\/\\\/www.humanium.org\\\/fr\\\/infanticide\\\/#primaryimage\",\"url\":\"https:\\\/\\\/www.humanium.org\\\/fr\\\/wp-content\\\/uploads\\\/2024\\\/07\\\/shutterstock_1659396958-scaled.jpg\",\"contentUrl\":\"https:\\\/\\\/www.humanium.org\\\/fr\\\/wp-content\\\/uploads\\\/2024\\\/07\\\/shutterstock_1659396958-scaled.jpg\",\"width\":2560,\"height\":1707},{\"@type\":\"BreadcrumbList\",\"@id\":\"https:\\\/\\\/www.humanium.org\\\/fr\\\/infanticide\\\/#breadcrumb\",\"itemListElement\":[{\"@type\":\"ListItem\",\"position\":1,\"name\":\"Home\",\"item\":\"https:\\\/\\\/www.humanium.org\\\/fr\\\/\"},{\"@type\":\"ListItem\",\"position\":2,\"name\":\"Infanticide\"}]},{\"@type\":\"WebSite\",\"@id\":\"https:\\\/\\\/www.humanium.org\\\/fr\\\/#website\",\"url\":\"https:\\\/\\\/www.humanium.org\\\/fr\\\/\",\"name\":\"Humanium\",\"description\":\"Les enfants d\u2019abord !\",\"potentialAction\":[{\"@type\":\"SearchAction\",\"target\":{\"@type\":\"EntryPoint\",\"urlTemplate\":\"https:\\\/\\\/www.humanium.org\\\/fr\\\/?s={search_term_string}\"},\"query-input\":{\"@type\":\"PropertyValueSpecification\",\"valueRequired\":true,\"valueName\":\"search_term_string\"}}],\"inLanguage\":\"fr-FR\"}]}<\/script>\n<!-- \/ Yoast SEO plugin. -->","yoast_head_json":{"title":"Infanticide - Humanium","description":"L'infanticide, l'acte d\u00e9lib\u00e9r\u00e9 de mettre fin \u00e0 la vie d'un tr\u00e8s jeune enfant, reste un probl\u00e8me douloureux dans la soci\u00e9t\u00e9 contemporaine.","robots":{"index":"index","follow":"follow","max-snippet":"max-snippet:-1","max-image-preview":"max-image-preview:large","max-video-preview":"max-video-preview:-1"},"canonical":"https:\/\/www.humanium.org\/fr\/infanticide\/","og_locale":"fr_FR","og_type":"article","og_title":"Infanticide - Humanium","og_description":"L'infanticide, l'acte d\u00e9lib\u00e9r\u00e9 de mettre fin \u00e0 la vie d'un tr\u00e8s jeune enfant, reste un probl\u00e8me douloureux dans la soci\u00e9t\u00e9 contemporaine.","og_url":"https:\/\/www.humanium.org\/fr\/infanticide\/","og_site_name":"Humanium","article_modified_time":"2025-12-10T02:41:51+00:00","og_image":[{"width":2560,"height":1707,"url":"https:\/\/www.humanium.org\/fr\/wp-content\/uploads\/2024\/07\/shutterstock_1659396958-scaled.jpg","type":"image\/jpeg"}],"twitter_card":"summary_large_image","twitter_misc":{"Dur\u00e9e de lecture estim\u00e9e":"11 minutes"},"schema":{"@context":"https:\/\/schema.org","@graph":[{"@type":"WebPage","@id":"https:\/\/www.humanium.org\/fr\/infanticide\/","url":"https:\/\/www.humanium.org\/fr\/infanticide\/","name":"Infanticide - Humanium","isPartOf":{"@id":"https:\/\/www.humanium.org\/fr\/#website"},"primaryImageOfPage":{"@id":"https:\/\/www.humanium.org\/fr\/infanticide\/#primaryimage"},"image":{"@id":"https:\/\/www.humanium.org\/fr\/infanticide\/#primaryimage"},"thumbnailUrl":"https:\/\/www.humanium.org\/fr\/wp-content\/uploads\/2024\/07\/shutterstock_1659396958-scaled.jpg","datePublished":"2013-03-19T09:34:42+00:00","dateModified":"2025-12-10T02:41:51+00:00","description":"L'infanticide, l'acte d\u00e9lib\u00e9r\u00e9 de mettre fin \u00e0 la vie d'un tr\u00e8s jeune enfant, reste un probl\u00e8me douloureux dans la soci\u00e9t\u00e9 contemporaine.","breadcrumb":{"@id":"https:\/\/www.humanium.org\/fr\/infanticide\/#breadcrumb"},"inLanguage":"fr-FR","potentialAction":[{"@type":"ReadAction","target":["https:\/\/www.humanium.org\/fr\/infanticide\/"]}]},{"@type":"ImageObject","inLanguage":"fr-FR","@id":"https:\/\/www.humanium.org\/fr\/infanticide\/#primaryimage","url":"https:\/\/www.humanium.org\/fr\/wp-content\/uploads\/2024\/07\/shutterstock_1659396958-scaled.jpg","contentUrl":"https:\/\/www.humanium.org\/fr\/wp-content\/uploads\/2024\/07\/shutterstock_1659396958-scaled.jpg","width":2560,"height":1707},{"@type":"BreadcrumbList","@id":"https:\/\/www.humanium.org\/fr\/infanticide\/#breadcrumb","itemListElement":[{"@type":"ListItem","position":1,"name":"Home","item":"https:\/\/www.humanium.org\/fr\/"},{"@type":"ListItem","position":2,"name":"Infanticide"}]},{"@type":"WebSite","@id":"https:\/\/www.humanium.org\/fr\/#website","url":"https:\/\/www.humanium.org\/fr\/","name":"Humanium","description":"Les enfants d\u2019abord !","potentialAction":[{"@type":"SearchAction","target":{"@type":"EntryPoint","urlTemplate":"https:\/\/www.humanium.org\/fr\/?s={search_term_string}"},"query-input":{"@type":"PropertyValueSpecification","valueRequired":true,"valueName":"search_term_string"}}],"inLanguage":"fr-FR"}]}},"_links":{"self":[{"href":"https:\/\/www.humanium.org\/fr\/wp-json\/wp\/v2\/pages\/28010","targetHints":{"allow":["GET"]}}],"collection":[{"href":"https:\/\/www.humanium.org\/fr\/wp-json\/wp\/v2\/pages"}],"about":[{"href":"https:\/\/www.humanium.org\/fr\/wp-json\/wp\/v2\/types\/page"}],"author":[{"embeddable":true,"href":"https:\/\/www.humanium.org\/fr\/wp-json\/wp\/v2\/users\/65"}],"replies":[{"embeddable":true,"href":"https:\/\/www.humanium.org\/fr\/wp-json\/wp\/v2\/comments?post=28010"}],"version-history":[{"count":9,"href":"https:\/\/www.humanium.org\/fr\/wp-json\/wp\/v2\/pages\/28010\/revisions"}],"predecessor-version":[{"id":60780,"href":"https:\/\/www.humanium.org\/fr\/wp-json\/wp\/v2\/pages\/28010\/revisions\/60780"}],"wp:featuredmedia":[{"embeddable":true,"href":"https:\/\/www.humanium.org\/fr\/wp-json\/wp\/v2\/media\/57238"}],"wp:attachment":[{"href":"https:\/\/www.humanium.org\/fr\/wp-json\/wp\/v2\/media?parent=28010"}],"curies":[{"name":"wp","href":"https:\/\/api.w.org\/{rel}","templated":true}]}}