{"id":2990,"date":"2010-08-06T08:34:08","date_gmt":"2010-08-06T08:34:08","guid":{"rendered":"http:\/\/www.humanium.org\/fr\/"},"modified":"2026-08-20T17:23:27","modified_gmt":"2026-08-20T17:23:27","slug":"pactes-internationaux-1966","status":"publish","type":"page","link":"https:\/\/www.humanium.org\/fr\/normes\/pactes-internationaux-1966\/","title":{"rendered":"Les Pactes internationaux, 1966 : Pr\u00e9sentation"},"content":{"rendered":"<h1>Les Pactes internationaux de 1966<\/h1>\n<h2>Pr\u00e9sentation des Pactes<\/h2>\n<p><strong>Le 16 D\u00e9cembre 1966, l\u2019Assembl\u00e9e G\u00e9n\u00e9rale des Nations Unies adopte deux pactes dans sa r\u00e9solution 2200 A (XXI) : le <a href=\"https:\/\/www.humanium.org\/fr\/normes\/pactes-internationaux-1966\/texte-integral-pacte-international-droits-civils-politiques\/\">Pacte international sur les droits civils et politiques<\/a> (PIDCP) et le <a href=\"https:\/\/www.humanium.org\/fr\/normes\/pactes-internationaux-1966\/texte-integral-pacte-international-droits-economiques-sociaux-culturels\/\">Pacte international sur les droits\u00a0 \u00e9conomiques, sociaux et culturels<\/a> (PIDESC). Ces deux pactes viennent compl\u00e9ter et renforcer la D\u00e9claration Universelle des Droits de l\u2019Homme de 1948.<\/strong><\/p>\n<h3>Que sont les Droits Civils et Politiques ?<\/h3>\n<p>Les droits civils et politiques sont des droits de l\u2019homme consid\u00e9r\u00e9s comme les \u00ab droits libert\u00e9s \u00bb. Ces droits impliquent g\u00e9n\u00e9ralement une abstention d\u2019intervention des \u00c9tats dans les libert\u00e9s de chaque pe<!--more--><\/p>\n<p>rsonne.<\/p>\n<p>Historiquement, ces droits ont permis la reconnaissance de l\u2019individu et de ses libert\u00e9s, notamment par l\u2019exercice de sa citoyennet\u00e9 et la protection de son int\u00e9grit\u00e9 physique.<\/p>\n<p>Il s\u2019agit, entre autres, de la libert\u00e9 de pens\u00e9e, la libert\u00e9 d\u2019expression, l\u2019interdiction de la torture et de l\u2019esclavage, le droit de vote, etc.<\/p>\n<h3>Que sont les Droits \u00c9conomiques Sociaux et Culturels ?<\/h3>\n<p>Les droits \u00e9conomiques, sociaux et culturels sont des droits de l\u2019homme consid\u00e9r\u00e9s comme les \u00ab droits cr\u00e9ances \u00bb, c&rsquo;est-\u00e0-dire des droits pour lesquels les \u00c9tats sont tenus d\u2019intervenir pour prendre les mesures appropri\u00e9es garantissant leur r\u00e9alisation (\u00e0 l\u2019inverse des droits civils et politiques).<\/p>\n<p>Ces droits garantissent \u00e0 toute personne un niveau de vie suffisant et favorisent l\u2019am\u00e9lioration constante de ses conditions d\u2019existence.<\/p>\n<p>Il s\u2019agit notamment du droit \u00e0 la sant\u00e9, droit \u00e0 l\u2019\u00e9ducation, droit au travail, droit \u00e0 la s\u00e9curit\u00e9 sociale, etc.<\/p>\n<h3>L\u2019adoption des Pactes<\/h3>\n<p>D\u00e8s l\u2019adoption de la <a href=\"https:\/\/www.humanium.org\/fr\/normes\/declaration-universelle-droits-homme-1948\/\">D\u00e9claration Universelle des Droits de l\u2019Homme<\/a>, le 10 d\u00e9cembre 1948, l\u2019Assembl\u00e9e G\u00e9n\u00e9rale demandait \u00e0 la Commission des Droits de l\u2019Homme (remplac\u00e9e par le Conseil des Droits de l\u2019Homme en 2006) de pr\u00e9parer un projet de pacte.<\/p>\n<p>L\u2019objectif \u00e9tait d\u2019\u00e9laborer un texte juridiquement contraignant venant compl\u00e9ter et renforcer la D\u00e9claration qui n\u2019avait qu\u2019une simple valeur d\u00e9clarative. Ce texte devait consacrer l\u2019ensemble des droits de l\u2019homme (\u00e9conomiques, civils, politiques, sociaux et culturels), ainsi que l\u2019\u00e9galit\u00e9 des femmes et des hommes quant \u00e0 la jouissance de l\u2019ensemble de ces droits.<\/p>\n<p><img loading=\"lazy\" decoding=\"async\" class=\"size-full wp-image-3382 alignleft\" title=\"M. Humberto Calamari, Vice-Pr\u00e9sident de la r\u00e9union de l'Assembl\u00e9e G\u00e9n\u00e9rale sur le projet du Pacte international relatif aux droits civils et politiques, 21 Octobre 1958 - \u00a9 UN\" src=\"https:\/\/www.humanium.org\/fr\/wp-content\/uploads\/unphoto-pidcp.jpg\" alt=\"\" width=\"219\" height=\"167\" \/><\/p>\n<p>L\u2019\u00e9laboration de ce projet sera marqu\u00e9e par de profonds d\u00e9saccords entre les \u00c9tats, refl\u00e9tant les d\u00e9bats id\u00e9ologiques de l\u2019\u00e9poque. Alors que les \u00c9tats capitalistes mettaient en avant les droits libert\u00e9s, les \u00c9tats communistes insistaient sur les droits \u00e9conomiques, sociaux et culturels.<\/p>\n<p>Cette scission entre les \u00c9tats contraint l\u2019Assembl\u00e9e G\u00e9n\u00e9rale \u00e0 demander, en 1951, la r\u00e9daction de deux pactes distincts. La Commission va alors \u00e9laborer un pacte sur les droits civils et politiques, et un second sur les droits \u00e9conomiques, sociaux et culturels.<\/p>\n<p><img loading=\"lazy\" decoding=\"async\" class=\"size-full wp-image-3803 alignright\" title=\"Ratifications des deux pactes internationaux par le repr\u00e9sentant permanent des Pays-Bas, 11 d\u00e9cembre 1978 - \u00a9 UN\" src=\"https:\/\/www.humanium.org\/fr\/wp-content\/uploads\/NU-ratification-pactes-internationaux-1978.jpg\" alt=\"\" width=\"242\" height=\"167\" \/><\/p>\n<p>Malgr\u00e9 la persistance de profonds d\u00e9saccords entre les \u00c9tats, les deux pactes sont adopt\u00e9s le 16 d\u00e9cembre 1966.<\/p>\n<p>Apr\u00e8s plus de 10 ans d\u2019attente, les pactes entrent en vigueur en 1976, le 3 janvier\u00a0 pour le <a href=\"https:\/\/www.humanium.org\/fr\/normes\/pactes-internationaux-1966\/texte-integral-pacte-international-droits-economiques-sociaux-culturels\/\">Pacte international sur les droits \u00e9conomiques, sociaux et culturels<\/a>, et le 23 mars pour le <a href=\"https:\/\/www.humanium.org\/fr\/normes\/pactes-internationaux-1966\/texte-integral-pacte-international-droits-civils-politiques\/\">Pacte international sur les droits civils et politiques<\/a>.<\/p>\n<h3>Le Contenu des Pactes<\/h3>\n<p>Les pactes constituent avec la <a href=\"https:\/\/www.humanium.org\/fr\/normes\/declaration-universelle-droits-homme-1948\/\">D\u00e9claration Universelle des Droits de l\u2019Homme<\/a>, \u00ab la Charte internationale des droits de l\u2019Homme \u00bb : ce sont les 3 textes fondamentaux de protection des droits de l\u2019homme.<\/p>\n<p>Les deux pactes ont des dispositions communes, notamment leur pr\u00e9ambule qui vient rappeler que les deux cat\u00e9gories de droits sont indivisibles.<\/p>\n<p>Ce principe d\u2019indivisibilit\u00e9 et d\u2019interd\u00e9pendance des droits de l\u2019homme sera, d\u2019ailleurs, solennellement consacr\u00e9 dans la D\u00e9claration et le Programme d\u2019action de Vienne adopt\u00e9s le 25 juin 1993 par la Conf\u00e9rence mondiale sur les droits de l&rsquo;homme.<\/p>\n<p>Les deux pactes consacrent \u00e9galement le droit \u00e0 l\u2019autod\u00e9termination des peuples (article 1) ainsi que l\u2019\u00e9galit\u00e9 des sexes pour l\u2019acc\u00e8s \u00e0 l\u2019ensemble des droits fondamentaux (article 3).<\/p>\n<p>Le <a href=\"https:\/\/www.humanium.org\/fr\/normes\/pactes-internationaux-1966\/texte-integral-pacte-international-droits-civils-politiques\/\">Pacte international sur les droits civils et politiques<\/a> prot\u00e8ge notamment :<\/p>\n<ul>\n<li>Le droit \u00e0 la vie (article 6);<\/li>\n<li>L\u2019interdiction de la torture et des peines ou traitements cruels, inhumains ou d\u00e9gradants (article 7);<\/li>\n<li>L\u2019interdiction de l&rsquo;esclavage et des travaux forc\u00e9s (article 8 );<\/li>\n<li>Le droit \u00e0 la libert\u00e9 et \u00e0 la s\u00e9curit\u00e9, et l\u2019interdiction de la d\u00e9tention arbitraire (article 9);<\/li>\n<li>L\u2019\u00e9galit\u00e9 devant les tribunaux et les cours de justice (article 14);<\/li>\n<li>Le droit \u00e0 la libert\u00e9 de pens\u00e9e, de conscience et de religion (article 18);<\/li>\n<li>Le droit de vote et d&rsquo;\u00eatre \u00e9lu au suffrage universel et \u00e9gal (article 25).<\/li>\n<\/ul>\n<p>Le <a href=\"https:\/\/www.humanium.org\/fr\/normes\/pactes-internationaux-1966\/texte-integral-pacte-international-droits-economiques-sociaux-culturels\/\">Pacte international sur les droits \u00e9conomiques, sociaux et culturels<\/a> prot\u00e8ge notamment :<\/p>\n<ul>\n<li>Le droit au travail (article 6);<\/li>\n<li>Le droit \u00e0 un niveau de vie suffisant (article 11);<\/li>\n<li>Le droit de jouir d\u2019un bon \u00e9tat de sant\u00e9 (article 12);<\/li>\n<li>Le droit \u00e0 l\u2019\u00e9ducation (article 13);<\/li>\n<li>La gratuit\u00e9 de l\u2019enseignement primaire (article 14);<\/li>\n<li>Les droits culturels (article 15).<\/li>\n<\/ul>\n<h3>Les enjeux des Pactes pour les Droits de l\u2019Enfant<\/h3>\n<p>Les deux pactes internationaux font \u00e9galement r\u00e9f\u00e9rence aux droits de l\u2019enfant et confirment des droits qui avaient d\u00e9j\u00e0 \u00e9t\u00e9 consacr\u00e9s dans la <a href=\"https:\/\/www.humanium.org\/fr\/normes\/declaration-universelle-droits-homme-1948\/\">D\u00e9claration Universelle des Droits de l\u2019Homme<\/a>, la <a href=\"https:\/\/www.humanium.org\/fr\/declaration-de-geneve-1924\/\">D\u00e9claration de Gen\u00e8ve de 1924<\/a> et la <a href=\"https:\/\/www.humanium.org\/fr\/normes\/declaration-1959\/\">D\u00e9claration des Droits de l\u2019Enfant de 1959<\/a>:<\/p>\n<p>L\u2019article 24 du <a href=\"https:\/\/www.humanium.org\/fr\/normes\/pactes-internationaux-1966\/texte-integral-pacte-international-droits-civils-politiques\/\">Pacte international sur les droits civils et politiques<\/a> r\u00e9affirme le droit des enfants \u00e0 une protection, et le droit \u00e0 un nom et \u00e0 une nationalit\u00e9.<\/p>\n<blockquote><p>\u00ab Tout enfant, sans discrimination aucune fond\u00e9e sur la race, la couleur, le sexe, la langue, la religion, l&rsquo;origine nationale ou sociale, la fortune ou la naissance, a droit, de la part de sa famille, de la soci\u00e9t\u00e9 et de l&rsquo;\u00c9tat, aux mesures de protection qu&rsquo;exige sa condition de mineur. \u00bb<\/p><\/blockquote>\n<p>L\u2019article 10 du <a href=\"https:\/\/www.humanium.org\/fr\/normes\/pactes-internationaux-1966\/texte-integral-pacte-international-droits-economiques-sociaux-culturels\/\">Pacte international sur les droits \u00e9conomiques, sociaux et culturels<\/a> confirme le droit des enfants \u00e0 b\u00e9n\u00e9ficier d\u2019une protection contre l\u2019exploitation infantile et l\u2019obligation des \u00c9tats \u00e0 fixer un \u00e2ge minium au travail.<\/p>\n<p>L\u2019article 12 de ce m\u00eame pacte r\u00e9affirme le droit des enfants de jouir du meilleur \u00e9tat de sant\u00e9 possible.<\/p>\n<p>Enfin l\u2019article 13 confirme le droit \u00e0 l\u2019\u00e9ducation des enfants et le principe de gratuit\u00e9 de l\u2019enseignement primaire pour tous les enfants.<\/p>\n<blockquote><p>\u00ab[&#8230;] l&rsquo;\u00e9ducation doit viser au plein \u00e9panouissement de la personnalit\u00e9 humaine et du sens de sa dignit\u00e9 et renforcer le respect des droits de l&rsquo;homme et des libert\u00e9s fondamentales. \u00bb<\/p><\/blockquote>\n<p>La r\u00e9affirmation de ces droits est une avanc\u00e9e importante dans la protection des droits de l&rsquo;enfant. En effet, le droit \u00e0 une protection et le droit \u00e0 une identit\u00e9, ainsi que le droit \u00e0 l&rsquo;\u00e9ducation et \u00e0 la protection contre l&rsquo;exploitation font partie des droits les plus fondamentaux des enfants.<\/p>\n<p>Avant l&rsquo;adoption des pactes internationaux, ces droits n&rsquo;\u00e9taient reconnus que par des d\u00e9clarations. Les pactes conf\u00e8rent une valeur contraignante \u00e0 ces droits. D\u00e8s lors, tous les \u00c9tats parties sont juridiquement tenus de respecter et de faire respecter ces droits pour tous les enfants relevant de leur juridiction.<\/p>\n<h3>M\u00e9canisme de surveillance<\/h3>\n<p>Les deux pactes instaurent des organes de contr\u00f4le pour surveiller le respect de leur mise en \u0153uvre par les \u00c9tats parties.<\/p>\n<h4>Le Comit\u00e9 des droits de l\u2019homme<\/h4>\n<p><img loading=\"lazy\" decoding=\"async\" class=\"size-full wp-image-3407 alignleft\" title=\"Membres du Comit\u00e9 des Droits de l'Homme lors de la 98\u00e8me session, New York, 23 Mars 2010 - \u00a9 UN\/E.Schneider\" src=\"https:\/\/www.humanium.org\/fr\/wp-content\/uploads\/UNphoto-Evan-Schneider.jpg\" alt=\"\" width=\"264\" height=\"181\" \/>Le Comit\u00e9 des droits de l\u2019homme des Nations Unies a \u00e9t\u00e9 cr\u00e9\u00e9 par l\u2019article 28 du <a href=\"https:\/\/www.humanium.org\/fr\/normes\/pactes-internationaux-1966\/texte-integral-pacte-international-droits-civils-politiques\/\">Pacte international sur les droits civils et politiques<\/a>, et a \u00e9t\u00e9 mis en place en 1976 d\u00e8s l\u2019adoption du pacte.<\/p>\n<p>Compos\u00e9 de 18 experts ind\u00e9pendants, ce Comit\u00e9 est charg\u00e9 de surveiller la mise en \u0153uvre des dispositions du pacte par les \u00c9tats parties.<\/p>\n<p>Le Comit\u00e9 tient 3 sessions par an soit \u00e0 Gen\u00e8ve soit \u00e0 New York, pour contr\u00f4ler les \u00c9tats parties qui sont tenus de lui pr\u00e9senter des rapports p\u00e9riodiques (environ tous les 4 ans) sur leurs efforts de mise \u0153uvre du pacte. Par ailleurs, d\u00e8s son adh\u00e9sion au pacte, un \u00c9tat doit remettre au Comit\u00e9, dans un d\u00e9lai d\u2019un an, un rapport initial sur sa situation nationale.<\/p>\n<p>Le Comit\u00e9 est comp\u00e9tent pour recevoir des communications formul\u00e9es par des \u00c9tats parties sur les violations pr\u00e9sum\u00e9es des dispositions du pacte par d\u2019autres \u00c9tats parties (article 41 du pacte). Le premier protocole facultatif du pacte rend le Comit\u00e9 comp\u00e9tent pour examiner les communications \u00e9manant de particuliers relatives \u00e0 une violation pr\u00e9sum\u00e9e par un \u00c9tat partie au protocole (premier protocole facultatif et article 14 du pacte).<\/p>\n<p>Le deuxi\u00e8me protocole facultatif du pacte pr\u00e9voit l\u2019abolition de la peine de mort pour les \u00c9tats parties \u00e0 ce protocole.<\/p>\n<p>Enfin, le Comit\u00e9 peut \u00e9galement formuler des observations g\u00e9n\u00e9rales qui permettent de clarifier le sens des dispositions, de conseiller les \u00c9tats sur la mise en \u0153uvre du pacte, etc.<\/p>\n<h4>Le Comit\u00e9 des droits \u00e9conomiques, sociaux et culturels<\/h4>\n<p>Le Comit\u00e9 des droits \u00e9conomiques, sociaux et culturels n\u2019a pas \u00e9t\u00e9 cr\u00e9\u00e9 par le <a href=\"https:\/\/www.humanium.org\/fr\/normes\/pactes-internationaux-1966\/texte-integral-pacte-international-droits-economiques-sociaux-culturels\/\">Pacte international sur les droits \u00e9conomiques, sociaux et culturels<\/a>, mais par le Conseil \u00c9conomique et Social des Nations Unies (ECOSOC) dans sa r\u00e9solution 1985\/17 du 28 mai 1985. En effet,\u00a0 selon la partie IV du pacte, c&rsquo;est \u00e0 l\u2019ECOSOC que revient la comp\u00e9tence de contr\u00f4ler sa mise en \u0153uvre. Mais le Conseil, d\u00e9j\u00e0 en charge de nombreuses activit\u00e9s, d\u00e9cide en 1985 de cr\u00e9er le Comit\u00e9 en tant qu\u2019organe de contr\u00f4le de la mise en \u0153uvre du pacte.<\/p>\n<p>Le Comit\u00e9 est compos\u00e9 de 18 experts ind\u00e9pendants et tient \u00e0 Gen\u00e8ve deux sessions par an. Tout comme pour le Comit\u00e9 des droits de l\u2019homme, les \u00c9tats parties sont tenus de lui transmettre des rapports p\u00e9riodiques (environ tous les 5 ans), ainsi qu\u2019un rapport initial dans les deux ans suivant leur adh\u00e9sion au pacte. Il peut \u00e9galement formuler des observations g\u00e9n\u00e9rales.<\/p>\n<p>Par ailleurs, le Comit\u00e9 est aussi comp\u00e9tent pour examiner des communications \u00e9tatiques. Concernant les communications individuelles, l\u2019Assembl\u00e9e G\u00e9n\u00e9rale a adopt\u00e9 un protocole facultatif (r\u00e9solution A\/RES\/63\/117 GA) lui conf\u00e9rant cette comp\u00e9tence. Ce protocole a \u00e9t\u00e9 adopt\u00e9 par le Conseil des droits de l&rsquo;homme en Juin 2008 et ouvert \u00e0 la signature des \u00c9tats en septembre 2009.<\/p>\n<p style=\"text-align: center;\"><strong>Le Pacte international sur les droits civils et politiques<\/strong><\/p>\n<p style=\"text-align: center;\"><a href=\"https:\/\/www.humanium.org\/fr\/normes\/pactes-internationaux-1966\/texte-integral-pacte-international-droits-civils-politiques\/\"><img loading=\"lazy\" decoding=\"async\" class=\"aligncenter size-full wp-image-2641\" title=\"Le Texte\" src=\"https:\/\/www.humanium.org\/fr\/wp-content\/uploads\/le-texte.gif\" alt=\"\" width=\"67\" height=\"30\" \/><\/a><strong>\u00a0<\/strong><\/p>\n<p style=\"text-align: center;\"><strong>Le Pacte international sur les droits \u00e9conomiques, sociaux et culturels<\/strong><\/p>\n<p style=\"text-align: center;\"><a href=\"https:\/\/www.humanium.org\/fr\/normes\/pactes-internationaux-1966\/texte-integral-pacte-international-droits-economiques-sociaux-culturels\/\"><em><em><em><img loading=\"lazy\" decoding=\"async\" class=\"aligncenter size-full wp-image-2641\" title=\"Le Texte\" src=\"https:\/\/www.humanium.org\/fr\/wp-content\/uploads\/le-texte.gif\" alt=\"\" width=\"67\" height=\"30\" \/><\/em><\/em><\/em><\/a><\/p>\n<p>\u00a0<br \/>\n<\/p>\n<div id=\"toggle\"><a onclick=\"show_voir_aussi('voir_aussi_box')\" href=\"javascript:show_voir_aussi(id)\"><\/a><\/div>\n<div id=\"voir_aussi_box\" style=\"display: none;\">\n<ul>\n<li><a href=\"https:\/\/www.humanium.org\/fr\/normes\/pactes-internationaux-1966\/texte-integral-pacte-international-droits-civils-politiques\/\">Pacte international relatif aux droits civils et politiques, 1966<\/a><\/li>\n<li><a href=\"https:\/\/www.humanium.org\/fr\/normes\/pactes-internationaux-1966\/texte-integral-pacte-international-droits-economiques-sociaux-culturels\/\">Pacte international relatif aux droits \u00e9conomiques, sociaux et culturels, 1966<\/a><\/li>\n<li><a href=\"https:\/\/www.humanium.org\/fr\/normes\/\" target=\"_self\">Autres normes de r\u00e9f\u00e9rence relatives aux Droits de l&rsquo;Enfant<\/a><\/li>\n<\/ul>\n<\/div>\n<p><\/p>\n<div>\n<p><strong>Ouvrage<\/strong> :<\/p>\n<ul>\n<li>Marie-Christine Lebreton, L&rsquo;enfant et la responsabilit\u00e9 civile, Publications de l&rsquo;Universit\u00e9 de Rouen, Rouen, 1999.<\/li>\n<\/ul>\n<p><strong>Publications<\/strong> :<\/p>\n<ul>\n<li style=\"text-align: left;\"><a href=\"http:\/\/www.crisp.be\/\" target=\"_blank\">CRIP, Centre de recherche et d\u2019information socio-politique, Vocabulaire politique : droits civils et politiques;<\/a><\/li>\n<li style=\"text-align: left;\"><a href=\"http:\/\/www.crisp.be\/\" target=\"_blank\">CRIP, Centre de recherche et d\u2019information socio-politique, Vocabulaire politique : droits \u00e9conomiques et sociaux <\/a>;<\/li>\n<li style=\"text-align: left;\">France Diplomatie, Droits civils et politiques, Pacte International de 1966 relatif aux droits civils et politiques<\/li>\n<li style=\"text-align: left;\"><a href=\"https:\/\/treaties.un.org\/Pages\/ViewDetails.aspx?src=TREATY&amp;mtdsg_no=IV-4&amp;chapter=4&amp;lang=fr&amp;clang=_fr\" target=\"_blank\">(1) Nations Unies, Collection des Trait\u00e9s, Pacte international relatif aux droits civils et politiques, signatures, ratifications et r\u00e9serves.<\/a><\/li>\n<li><a href=\"https:\/\/www.ritimo.org\/Les-droits-economiques-sociaux-et-culturels-des-droits-a-affirmer-et-a\" target=\"_blank\">Ritimo, Les Droit \u00e9conomiques, sociaux et culturels<\/a><\/li>\n<li>Haut-Commissariat des Nations Unies aux Droits de l\u2019Homme, Comit\u00e9 des droits de l\u2019homme<\/li>\n<li style=\"text-align: left;\"><a href=\" http:\/\/www2.ohchr.org\/english\/bodies\/cescr\/\" target=\"_blank\">Haut-Commissariat des Nations Unies aux Droits de l\u2019Homme, Comit\u00e9 des droits \u00e9conomiques, sociaux et culturels (eng) <\/a>\u00a0\u00a0\u00a0\u00a0\n<\/li>\n<li><a href=\"http:\/\/www.unhchr.ch\/huridocda\/huridoca.nsf\/%28symbol%29\/a.conf.157.23.fr\" target=\"_blank\">Conf\u00e9rence mondiale sur les droits de l&rsquo;homme, D\u00e9claration et du Programme d&rsquo;action de Vienne, 25 juin 1993<\/a><\/li>\n<\/ul>\n<\/div>\n<p><\/p>\n<div id=\"toggle\"><a onclick=\"show_plus_loin('plus_loin_box')\" href=\"javascript:show_plus_loin(id)\"><\/a><\/div>\n<div id=\"plus_loin_box\" style=\"display: none;\">\n<ul>\n<li style=\"text-align: left;\">Comit\u00e9 des Droits de l\u2019Homme, Observation G\u00e9n\u00e9rale 17 relative \u00e0 l\u2019article 24 sur les Droits de l\u2019Enfant, 1989<\/li>\n<li style=\"text-align: left;\"><a href=\"http:\/\/www.ohchr.org\/Documents\/Publications\/FactSheet15rev.1fr.pdf\" target=\"_blank\">Haut-Commissariat des Nations Unies aux Droits de l\u2019Homme, Fiche d\u2019information n\u00b0 15 (r\u00e9v.1) Droits Civils et Politiques : Le Comit\u00e9 des Droits de l\u2019Homme<\/a><\/li>\n<li style=\"text-align: left;\"><a href=\"http:\/\/www2.ohchr.org\/english\/\" target=\"_blank\">(2) Office of the United Nations High Commissioner for Human Rights, Human Rights Committee, Members (eng)<\/a><\/li>\n<p><\/em><\/li>\n<\/ul>\n<\/div>\n","protected":false},"excerpt":{"rendered":"<p>Les Pactes internationaux de 1966 Pr\u00e9sentation des Pactes Le 16 D\u00e9cembre 1966, l\u2019Assembl\u00e9e G\u00e9n\u00e9rale des Nations Unies adopte deux pactes dans sa r\u00e9solution 2200 A (XXI) : le Pacte international sur les droits civils et politiques (PIDCP) et le Pacte international sur les droits\u00a0 \u00e9conomiques, sociaux et culturels (PIDESC). Ces deux pactes viennent compl\u00e9ter et [&hellip;]<\/p>\n","protected":false},"author":65,"featured_media":0,"parent":2266,"menu_order":0,"comment_status":"closed","ping_status":"closed","template":"","meta":{"footnotes":""},"class_list":["post-2990","page","type-page","status-publish","hentry"],"yoast_head":"<!-- This site is optimized with the Yoast SEO plugin v28.3 - https:\/\/yoast.com\/product\/yoast-seo-wordpress\/ -->\n<title>Les Pactes internationaux, 1966 : Pr\u00e9sentation - Humanium<\/title>\n<meta name=\"robots\" content=\"index, follow, max-snippet:-1, max-image-preview:large, max-video-preview:-1\" \/>\n<link rel=\"canonical\" href=\"https:\/\/www.humanium.org\/fr\/normes\/pactes-internationaux-1966\/\" \/>\n<meta property=\"og:locale\" content=\"fr_FR\" \/>\n<meta property=\"og:type\" content=\"article\" \/>\n<meta property=\"og:title\" content=\"Les Pactes internationaux, 1966 : Pr\u00e9sentation - Humanium\" \/>\n<meta property=\"og:description\" content=\"Les Pactes internationaux de 1966 Pr\u00e9sentation des Pactes Le 16 D\u00e9cembre 1966, l\u2019Assembl\u00e9e G\u00e9n\u00e9rale des Nations Unies adopte deux pactes dans sa r\u00e9solution 2200 A (XXI) : le Pacte international sur les droits civils et politiques (PIDCP) et le Pacte international sur les droits\u00a0 \u00e9conomiques, sociaux et culturels (PIDESC). Ces deux pactes viennent compl\u00e9ter et [&hellip;]\" \/>\n<meta property=\"og:url\" content=\"https:\/\/www.humanium.org\/fr\/normes\/pactes-internationaux-1966\/\" \/>\n<meta property=\"og:site_name\" content=\"Humanium\" \/>\n<meta property=\"article:modified_time\" content=\"2026-08-20T17:23:27+00:00\" \/>\n<meta name=\"twitter:card\" content=\"summary_large_image\" \/>\n<meta name=\"twitter:label1\" content=\"Dur\u00e9e de lecture estim\u00e9e\" \/>\n\t<meta name=\"twitter:data1\" content=\"10 minutes\" \/>\n<script type=\"application\/ld+json\" class=\"yoast-schema-graph\">{\"@context\":\"https:\\\/\\\/schema.org\",\"@graph\":[{\"@type\":\"WebPage\",\"@id\":\"https:\\\/\\\/www.humanium.org\\\/fr\\\/normes\\\/pactes-internationaux-1966\\\/\",\"url\":\"https:\\\/\\\/www.humanium.org\\\/fr\\\/normes\\\/pactes-internationaux-1966\\\/\",\"name\":\"Les Pactes internationaux, 1966 : Pr\u00e9sentation - Humanium\",\"isPartOf\":{\"@id\":\"https:\\\/\\\/www.humanium.org\\\/fr\\\/#website\"},\"primaryImageOfPage\":{\"@id\":\"https:\\\/\\\/www.humanium.org\\\/fr\\\/normes\\\/pactes-internationaux-1966\\\/#primaryimage\"},\"image\":{\"@id\":\"https:\\\/\\\/www.humanium.org\\\/fr\\\/normes\\\/pactes-internationaux-1966\\\/#primaryimage\"},\"thumbnailUrl\":\"https:\\\/\\\/www.humanium.org\\\/fr\\\/wp-content\\\/uploads\\\/unphoto-pidcp.jpg\",\"datePublished\":\"2010-08-06T08:34:08+00:00\",\"dateModified\":\"2026-08-20T17:23:27+00:00\",\"breadcrumb\":{\"@id\":\"https:\\\/\\\/www.humanium.org\\\/fr\\\/normes\\\/pactes-internationaux-1966\\\/#breadcrumb\"},\"inLanguage\":\"fr-FR\",\"potentialAction\":[{\"@type\":\"ReadAction\",\"target\":[\"https:\\\/\\\/www.humanium.org\\\/fr\\\/normes\\\/pactes-internationaux-1966\\\/\"]}]},{\"@type\":\"ImageObject\",\"inLanguage\":\"fr-FR\",\"@id\":\"https:\\\/\\\/www.humanium.org\\\/fr\\\/normes\\\/pactes-internationaux-1966\\\/#primaryimage\",\"url\":\"https:\\\/\\\/www.humanium.org\\\/fr\\\/wp-content\\\/uploads\\\/unphoto-pidcp.jpg\",\"contentUrl\":\"https:\\\/\\\/www.humanium.org\\\/fr\\\/wp-content\\\/uploads\\\/unphoto-pidcp.jpg\"},{\"@type\":\"BreadcrumbList\",\"@id\":\"https:\\\/\\\/www.humanium.org\\\/fr\\\/normes\\\/pactes-internationaux-1966\\\/#breadcrumb\",\"itemListElement\":[{\"@type\":\"ListItem\",\"position\":1,\"name\":\"Home\",\"item\":\"https:\\\/\\\/www.humanium.org\\\/fr\\\/\"},{\"@type\":\"ListItem\",\"position\":2,\"name\":\"Normes de r\u00e9f\u00e9rence relatives aux Droits de l&rsquo;Enfant\",\"item\":\"https:\\\/\\\/www.humanium.org\\\/fr\\\/normes\\\/\"},{\"@type\":\"ListItem\",\"position\":3,\"name\":\"Les Pactes internationaux, 1966 : Pr\u00e9sentation\"}]},{\"@type\":\"WebSite\",\"@id\":\"https:\\\/\\\/www.humanium.org\\\/fr\\\/#website\",\"url\":\"https:\\\/\\\/www.humanium.org\\\/fr\\\/\",\"name\":\"Humanium\",\"description\":\"Les enfants d\u2019abord !\",\"potentialAction\":[{\"@type\":\"SearchAction\",\"target\":{\"@type\":\"EntryPoint\",\"urlTemplate\":\"https:\\\/\\\/www.humanium.org\\\/fr\\\/?s={search_term_string}\"},\"query-input\":{\"@type\":\"PropertyValueSpecification\",\"valueRequired\":true,\"valueName\":\"search_term_string\"}}],\"inLanguage\":\"fr-FR\"}]}<\/script>\n<!-- \/ Yoast SEO plugin. -->","yoast_head_json":{"title":"Les Pactes internationaux, 1966 : Pr\u00e9sentation - Humanium","robots":{"index":"index","follow":"follow","max-snippet":"max-snippet:-1","max-image-preview":"max-image-preview:large","max-video-preview":"max-video-preview:-1"},"canonical":"https:\/\/www.humanium.org\/fr\/normes\/pactes-internationaux-1966\/","og_locale":"fr_FR","og_type":"article","og_title":"Les Pactes internationaux, 1966 : Pr\u00e9sentation - Humanium","og_description":"Les Pactes internationaux de 1966 Pr\u00e9sentation des Pactes Le 16 D\u00e9cembre 1966, l\u2019Assembl\u00e9e G\u00e9n\u00e9rale des Nations Unies adopte deux pactes dans sa r\u00e9solution 2200 A (XXI) : le Pacte international sur les droits civils et politiques (PIDCP) et le Pacte international sur les droits\u00a0 \u00e9conomiques, sociaux et culturels (PIDESC). Ces deux pactes viennent compl\u00e9ter et [&hellip;]","og_url":"https:\/\/www.humanium.org\/fr\/normes\/pactes-internationaux-1966\/","og_site_name":"Humanium","article_modified_time":"2026-08-20T17:23:27+00:00","twitter_card":"summary_large_image","twitter_misc":{"Dur\u00e9e de lecture estim\u00e9e":"10 minutes"},"schema":{"@context":"https:\/\/schema.org","@graph":[{"@type":"WebPage","@id":"https:\/\/www.humanium.org\/fr\/normes\/pactes-internationaux-1966\/","url":"https:\/\/www.humanium.org\/fr\/normes\/pactes-internationaux-1966\/","name":"Les Pactes internationaux, 1966 : Pr\u00e9sentation - Humanium","isPartOf":{"@id":"https:\/\/www.humanium.org\/fr\/#website"},"primaryImageOfPage":{"@id":"https:\/\/www.humanium.org\/fr\/normes\/pactes-internationaux-1966\/#primaryimage"},"image":{"@id":"https:\/\/www.humanium.org\/fr\/normes\/pactes-internationaux-1966\/#primaryimage"},"thumbnailUrl":"https:\/\/www.humanium.org\/fr\/wp-content\/uploads\/unphoto-pidcp.jpg","datePublished":"2010-08-06T08:34:08+00:00","dateModified":"2026-08-20T17:23:27+00:00","breadcrumb":{"@id":"https:\/\/www.humanium.org\/fr\/normes\/pactes-internationaux-1966\/#breadcrumb"},"inLanguage":"fr-FR","potentialAction":[{"@type":"ReadAction","target":["https:\/\/www.humanium.org\/fr\/normes\/pactes-internationaux-1966\/"]}]},{"@type":"ImageObject","inLanguage":"fr-FR","@id":"https:\/\/www.humanium.org\/fr\/normes\/pactes-internationaux-1966\/#primaryimage","url":"https:\/\/www.humanium.org\/fr\/wp-content\/uploads\/unphoto-pidcp.jpg","contentUrl":"https:\/\/www.humanium.org\/fr\/wp-content\/uploads\/unphoto-pidcp.jpg"},{"@type":"BreadcrumbList","@id":"https:\/\/www.humanium.org\/fr\/normes\/pactes-internationaux-1966\/#breadcrumb","itemListElement":[{"@type":"ListItem","position":1,"name":"Home","item":"https:\/\/www.humanium.org\/fr\/"},{"@type":"ListItem","position":2,"name":"Normes de r\u00e9f\u00e9rence relatives aux Droits de l&rsquo;Enfant","item":"https:\/\/www.humanium.org\/fr\/normes\/"},{"@type":"ListItem","position":3,"name":"Les Pactes internationaux, 1966 : Pr\u00e9sentation"}]},{"@type":"WebSite","@id":"https:\/\/www.humanium.org\/fr\/#website","url":"https:\/\/www.humanium.org\/fr\/","name":"Humanium","description":"Les enfants d\u2019abord !","potentialAction":[{"@type":"SearchAction","target":{"@type":"EntryPoint","urlTemplate":"https:\/\/www.humanium.org\/fr\/?s={search_term_string}"},"query-input":{"@type":"PropertyValueSpecification","valueRequired":true,"valueName":"search_term_string"}}],"inLanguage":"fr-FR"}]}},"_links":{"self":[{"href":"https:\/\/www.humanium.org\/fr\/wp-json\/wp\/v2\/pages\/2990","targetHints":{"allow":["GET"]}}],"collection":[{"href":"https:\/\/www.humanium.org\/fr\/wp-json\/wp\/v2\/pages"}],"about":[{"href":"https:\/\/www.humanium.org\/fr\/wp-json\/wp\/v2\/types\/page"}],"author":[{"embeddable":true,"href":"https:\/\/www.humanium.org\/fr\/wp-json\/wp\/v2\/users\/65"}],"replies":[{"embeddable":true,"href":"https:\/\/www.humanium.org\/fr\/wp-json\/wp\/v2\/comments?post=2990"}],"version-history":[{"count":12,"href":"https:\/\/www.humanium.org\/fr\/wp-json\/wp\/v2\/pages\/2990\/revisions"}],"predecessor-version":[{"id":62134,"href":"https:\/\/www.humanium.org\/fr\/wp-json\/wp\/v2\/pages\/2990\/revisions\/62134"}],"up":[{"embeddable":true,"href":"https:\/\/www.humanium.org\/fr\/wp-json\/wp\/v2\/pages\/2266"}],"wp:attachment":[{"href":"https:\/\/www.humanium.org\/fr\/wp-json\/wp\/v2\/media?parent=2990"}],"curies":[{"name":"wp","href":"https:\/\/api.w.org\/{rel}","templated":true}]}}